{"id":89251,"date":"2020-04-01T11:44:39","date_gmt":"2020-04-01T11:44:39","guid":{"rendered":"https:\/\/raed.academy\/?page_id=89251"},"modified":"2022-05-02T11:02:15","modified_gmt":"2022-05-02T11:02:15","slug":"coronavirus-questions-and-answers","status":"publish","type":"page","link":"https:\/\/raed.academy\/en\/coronavirus-questions-and-answers\/","title":{"rendered":"Coronavirus from knowledge \u00b7 Questions and answers"},"content":{"rendered":"<p>[et_pb_section fb_built=&#8221;1&#8243; _builder_version=&#8221;4.16&#8243; global_colors_info=&#8221;{}&#8221;][et_pb_row _builder_version=&#8221;4.16&#8243; global_colors_info=&#8221;{}&#8221;][et_pb_column type=&#8221;4_4&#8243; _builder_version=&#8221;4.16&#8243; global_colors_info=&#8221;{}&#8221;][et_pb_post_title _builder_version=&#8221;4.16&#8243; title_font_size=&#8221;40px&#8221; title_font_size_tablet=&#8221;30px&#8221; title_font_size_phone=&#8221;&#8221; title_font_size_last_edited=&#8221;on|desktop&#8221; global_colors_info=&#8221;{}&#8221;][\/et_pb_post_title][et_pb_code admin_label=&#8221;Equipo de expertos&#8221; _builder_version=&#8221;4.16&#8243; global_colors_info=&#8221;{}&#8221;]<\/p>\n<div id=\"equipo\" class=\"fila\" style=\"margin-top: 40px; display: flex; flex-wrap: wrap;\"><!-- [et_pb_line_break_holder] --><!-- [et_pb_line_break_holder] --><\/p>\n<div class=\"caja-circular\"><!-- [et_pb_line_break_holder] --><!-- [et_pb_line_break_holder] --><a href=\"https:\/\/raed.academy\/en\/academicians\/dra-maria-dels-angels-calvo-torras\/\" target=\"_blank\" rel=\"noopener noreferrer\"><img loading=\"lazy\" decoding=\"async\" class=\"circular alignnone wp-image-743 size-full\" src=\"https:\/\/raed.academy\/wp-content\/uploads\/2020\/03\/consolatio-2.Maria-dels-Angels-Calvo-caja-circ-BN.jpg\" alt=\"Maria \u00c0ngels Calvo\" width=\"190\" height=\"190\" \/><\/a><!-- [et_pb_line_break_holder] --><!-- [et_pb_line_break_holder] --><a href=\"https:\/\/raed.academy\/en\/academicians\/dra-maria-dels-angels-calvo-torras\/\" target=\"_blank\" rel=\"noopener noreferrer\"><!-- [et_pb_line_break_holder] --><\/p>\n<div class=\"txt-circular\"><!-- [et_pb_line_break_holder] --><\/p>\n<h3>Dra. Maria \u00c0ngels Calvo<\/h3>\n<p><!-- [et_pb_line_break_holder] -->Dr. In Veterinary and Dra. In Pharmacy, Microbiology and Parasitology Specialist<!-- [et_pb_line_break_holder] --><\/div>\n<p><\/a><\/div>\n<p><!-- [et_pb_line_break_holder] --><!-- [et_pb_line_break_holder] --><!-- [et_pb_line_break_holder] --><\/p>\n<div class=\"caja-circular\"><!-- [et_pb_line_break_holder] --><a href=\"https:\/\/raed.academy\/en\/academicians\/dr-jose-ramon-calvo-fernandez\/\" target=\"_blank\" rel=\"noopener noreferrer\"><img loading=\"lazy\" decoding=\"async\" class=\"circular alignnone wp-image-751 size-full\" src=\"https:\/\/fundacionraed.org\/wp-content\/uploads\/2020\/02\/Jose-Ramon-Calvo-caja-circ.jpg\" alt=\"\" width=\"190\" height=\"190\" \/><\/a><!-- [et_pb_line_break_holder] --><a href=\"https:\/\/raed.academy\/en\/academicians\/dr-jose-ramon-calvo-fernandez\/\" target=\"_blank\" rel=\"noopener noreferrer\"><!-- [et_pb_line_break_holder] --><\/p>\n<div class=\"txt-circular\"><!-- [et_pb_line_break_holder] --><\/p>\n<h3>Dr. Jos\u00e9 Ram\u00f3n Calvo Fern\u00e1ndez<\/h3>\n<p><!-- [et_pb_line_break_holder] -->Doctor of medicine and surgery<\/div>\n<p><\/a><\/div>\n<p><!-- [et_pb_line_break_holder] --><!-- [et_pb_line_break_holder] --><\/p>\n<div class=\"caja-circular\"><!-- [et_pb_line_break_holder] --><a href=\"https:\/\/raed.academy\/en\/academicians\/dr-rafael-i-barraquer-compte\/dr-jose-maria-gay-de-liebana-saludas-2\/\" target=\"_blank\" rel=\"noopener noreferrer\"><img loading=\"lazy\" decoding=\"async\" class=\"circular alignnone wp-image-751 size-full\" src=\"https:\/\/raed.academy\/wp-content\/uploads\/2020\/03\/Jose-Maria-Gay-de-Liebana-caja-circ-BN.jpg\" alt=\"Jos\u00e9 Mar\u00eda Gay de Li\u00e9bana\" width=\"190\" height=\"190\" \/><!-- [et_pb_line_break_holder] --><\/p>\n<div class=\"txt-circular\">\n<h3>Dr. Jos\u00e9 Mar\u00eda Gay de Li\u00e9bana<\/h3>\n<p>Doctor of Economics and Law<\/p><\/div>\n<p><\/a><\/div>\n<p><!-- [et_pb_line_break_holder] --><!-- [et_pb_line_break_holder] --><\/p>\n<div class=\"caja-circular\"><!-- [et_pb_line_break_holder] --><img loading=\"lazy\" decoding=\"async\" class=\"circular alignnone wp-image-751 size-full\" src=\"https:\/\/raed.academy\/wp-content\/uploads\/2020\/04\/Mateo-Valero-caja-circ.jpg\" alt=\"Mateo Valero\" width=\"190\" height=\"190\" \/><!-- [et_pb_line_break_holder] --><\/p>\n<div class=\"txt-circular\">\n<h3>Dr. Mateo Valero<\/h3>\n<p>PhD in Telecommunications Engineering and Director of the Barcelona Supercomputing Center<\/p><\/div>\n<\/div>\n<p><!-- [et_pb_line_break_holder] --><!-- [et_pb_line_break_holder] --><\/div>\n<p><!-- [et_pb_line_break_holder] -->[\/et_pb_code][et_pb_accordion admin_label=&#8221;Acorde\u00f3n preguntas y respuestas&#8221; _builder_version=&#8221;4.16&#8243; enable_grid_motion=&#8221;on&#8221; box_shadow_style=&#8221;preset2&#8243; global_colors_info=&#8221;{}&#8221;][et_pb_accordion_item title=&#8221;Immunological aspects of the coronavirus, %22fake news%22 and use of PPE (Personal Protective Equipment)&#8221; open=&#8221;on&#8221; _builder_version=&#8221;4.16&#8243; global_colors_info=&#8221;{}&#8221;]<\/p>\n<p><a href=\"https:\/\/raed.academy\/en\/academicians\/dr-jose-ramon-calvo-fernandez\/\" target=\"_blank\" rel=\"noopener noreferrer\"><strong>Dr. Jos\u00e9 Ram\u00f3n Calvo<\/strong><\/a> talks to us in this video about the immunological aspects of the coronavirus, he addresses the &#8220;fake news&#8221; and the use of PPE: masks yes or no; What types of masks are suitable ?; Correct donning of gloves; &#8230;<\/p>\n<ul>\n<li><span style=\"width: 50px; display: inline-block;\">0:00<\/span>Masks yes or no. Are they really of any use?<\/li>\n<li><span style=\"width: 50px; display: inline-block;\">4:48<\/span>What type of masks should be used?<\/li>\n<li><span style=\"width: 50px; display: inline-block;\">15:03<\/span>Use of gloves<\/li>\n<li><span style=\"width: 50px; display: inline-block;\">25:04<\/span>How to know what is true and what is not about what comes from social networks about epidemic?<\/li>\n<li><span style=\"width: 50px; display: inline-block;\">31:21<\/span>Is the SARS-COV-2 coronavirus a laboratory virus?<\/li>\n<li><span style=\"width: 50px; display: inline-block;\">35:13<\/span>Can we boost our immune systems with supplements to protect ourselves from covid 19?<\/li>\n<li><span style=\"width: 50px; display: inline-block;\">36:08<\/span>Is there a way to have a more &#8220;beefed up&#8221; immune system?<\/li>\n<li><span style=\"width: 50px; display: inline-block;\">39:24<\/span>In light of nutrition, metabolism and immunity, what happens to diabetics and the virus? SARS-COV-2 (COVID-19 disease)?<\/li>\n<li><span style=\"width: 50px; display: inline-block;\">41:32<\/span>Can the SARS-COV-2 virus (COVID-19 disease) be transmitted through food?<\/li>\n<\/ul>\n<p><iframe loading=\"lazy\" src=\"https:\/\/www.youtube.com\/embed\/aHtMe-nKBPo\" width=\"903\" height=\"508\" frameborder=\"0\" allowfullscreen=\"allowfullscreen\"><\/iframe><\/p>\n<p>[\/et_pb_accordion_item][et_pb_accordion_item title=&#8221;Preventive measures necessary for successful deconfusion&#8221; _builder_version=&#8221;4.16&#8243; global_colors_info=&#8221;{}&#8221; open=&#8221;off&#8221;]<\/p>\n<p><a href=\"https:\/\/raed.academy\/en\/academicians\/dra-maria-dels-angels-calvo-torras\/\" target=\"_blank\" rel=\"noopener noreferrer\"><strong>Maria \u00c0ngels Calvo<\/strong><\/a>, Doctor of Veterinary Medicine and Pharmacy and Numerary Academic of the RAED, informs us of the preventive measures that we must take in our day to day to avoid the contagion and spread of the current coronavirus Sars-COV-2.<\/p>\n<p><iframe loading=\"lazy\" src=\"https:\/\/www.youtube.com\/embed\/4W4wRG5imUs\" width=\"745\" height=\"399\" frameborder=\"0\" allowfullscreen=\"allowfullscreen\"><\/iframe><\/p>\n<p>[\/et_pb_accordion_item][et_pb_accordion_item title=&#8221;How and with what resources will we rebuild Spain after the economic debacle of the coronavirus?&#8221; _builder_version=&#8221;4.16&#8243; global_colors_info=&#8221;{}&#8221; open=&#8221;off&#8221;]<a href=\"https:\/\/raed.academy\/en\/academicians\/dr-rafael-i-barraquer-compte\/dr-jose-maria-gay-de-liebana-saludas-2\/\" target=\"_blank\" rel=\"noopener noreferrer\"><strong>Dr. Jos\u00e9 Mar\u00eda Gay de Li\u00e9bana<\/strong><\/a>, member of the RAED and Doctor in Economics and Law, tells us about the reconstruction of Spain from the point of view of the economy.<\/p>\n<p>&nbsp;<br \/>\n<iframe loading=\"lazy\" width=\"908\" height=\"511\" src=\"https:\/\/www.youtube.com\/embed\/X7lLHSal2U8\" frameborder=\"0\" allow=\"accelerometer; autoplay; encrypted-media; gyroscope; picture-in-picture\" allowfullscreen><\/iframe>[\/et_pb_accordion_item][et_pb_accordion_item title=&#8221;Will big data help stop the current coronavirus pandemic?&#8221; _builder_version=&#8221;4.16&#8243; global_colors_info=&#8221;{}&#8221; open=&#8221;off&#8221;]<\/p>\n<p><strong>Dr. Mateo Valero<\/strong>, Director of the Barcelona Supercomputing Center (BSC-CNS) and honorary academician-elect of the Royal European Academy of Doctors-Barcelona 1914 (RAED).<\/p>\n<p><iframe loading=\"lazy\" src=\"https:\/\/www.youtube.com\/embed\/SThIdaVEW_g\" width=\"811\" height=\"436\" frameborder=\"0\" allowfullscreen=\"allowfullscreen\"><\/iframe><\/p>\n<p>[\/et_pb_accordion_item][et_pb_accordion_item title=&#8221;Coronavirus: Symptoms, diseases and damage caused&#8221; _builder_version=&#8221;4.16&#8243; global_colors_info=&#8221;{}&#8221; open=&#8221;off&#8221;]<\/p>\n<p><strong>Introduction to the current coronavirus by <a href=\"https:\/\/raed.academy\/academicos\/dr-jose-ramon-calvo-fernandez\/\" target=\"_blank\" rel=\"noopener noreferrer\">Dr. Jos\u00e9 Ram\u00f3n Calvo<\/a>. Description of the symptoms, diseases and damage it causes<\/strong><\/p>\n<p><span style=\"width: 50px; display: inline-block;\">0:00<\/span> What are Covid-19 and Sars-COV-2? Is SARS-CoV-2 the first coronavirus to exist?<br \/>\n<span style=\"width: 50px; display: inline-block;\">5:33<\/span> What clinical, radiographic, and laboratory manifestations do those infected by the Sars-COV-2 virus (COVID-19 disease) present?<br \/>\n<span style=\"width: 50px; display: inline-block;\">10:48<\/span> What is Covid19&#8217;s evolutionary course: prognosis, post-infectious evolution, and sequelae?<\/p>\n<p><iframe loading=\"lazy\" src=\"https:\/\/www.youtube.com\/embed\/YRnW0VJMPZw\" width=\"1006\" height=\"566\" frameborder=\"0\" allowfullscreen=\"allowfullscreen\"><\/iframe><\/p>\n<p>[\/et_pb_accordion_item][et_pb_accordion_item title=&#8221;Coronavirus: asymptomatic persons; asymptomatic and pre-symptomatic transmission of SARS-VOC-2; immune system, vaccines&#8221; _builder_version=&#8221;4.16&#8243; global_colors_info=&#8221;{}&#8221; open=&#8221;off&#8221;]Second video in the framework of the &#8220;Coronavirus from knowledge&#8221; initiative, with scientific information of interest in relation to the SARS-CoV-2 pandemic. By Dr. Jos\u00e9 Ram\u00f3n Calvo.<\/p>\n<ul>\n<li><span style=\"width: 50px; display: inline-block;\">0: 00<\/span> What exactly are they and why are there asymptomatic people?<\/li>\n<li><span style=\"width: 50px; display: inline-block;\">2:34<\/span> What do we know about asymptomatic and pre-symptomatic transmission?<\/li>\n<li><span style=\"width: 50px; display: inline-block;\">10:30<\/span> Why are there people with many and varied symptoms and others with few or none?<\/li>\n<li><span style=\"width: 50px; display: inline-block;\">34:18<\/span> Does the virus mutate?<\/li>\n<li><span style=\"width: 50px; display: inline-block;\">35:58<\/span> Is it possible to be reinfected with the SarsCOV-2?<\/li>\n<\/ul>\n<p>&nbsp;<br \/>\n<iframe loading=\"lazy\" src=\"https:\/\/www.youtube.com\/embed\/_DglZXbCLLQ\" width=\"811\" height=\"437\" frameborder=\"0\" allowfullscreen=\"allowfullscreen\"><\/iframe>[\/et_pb_accordion_item][\/et_pb_accordion][\/et_pb_column][\/et_pb_row][\/et_pb_section]<\/p>\n","protected":false},"excerpt":{"rendered":"<p>Dr. Jos\u00e9 Ram\u00f3n Calvo talks to us in this video about the immunological aspects of the coronavirus, he addresses the &#8220;fake news&#8221; and the use of PPE: masks yes or no; What types of masks are suitable ?; Correct donning of gloves; &#8230; 0:00Masks yes or no. Are they really of any use? 4:48What type [&hellip;]<\/p>\n","protected":false},"author":16,"featured_media":89133,"parent":0,"menu_order":0,"comment_status":"closed","ping_status":"closed","template":"","meta":{"_et_pb_use_builder":"on","_et_pb_old_content":"<p>[et_pb_section fb_built=\"1\" _builder_version=\"4.4.1\"][et_pb_row _builder_version=\"4.4.1\"][et_pb_column type=\"4_4\" _builder_version=\"4.4.1\"][et_pb_post_title _builder_version=\"4.4.1\" title_font_size=\"40px\" title_font_size_tablet=\"30px\" title_font_size_phone=\"\" title_font_size_last_edited=\"on|desktop\"][\/et_pb_post_title][et_pb_code admin_label=\"Equipo de expertos\" _builder_version=\"4.4.1\" hover_enabled=\"0\"]<\/p><div id=\"equipo\" class=\"fila\" style=\"margin-top: 40px; display: flex; flex-wrap: wrap;\"><!-- [et_pb_line_break_holder] --><div class=\"caja-circular\"><!-- [et_pb_line_break_holder] --><!-- [et_pb_line_break_holder] --><a href=\"https:\/\/raed.academy\/academicos\/dra-maria-dels-angels-calvo-torras\/\" target=\"_blank\" rel=\"noopener noreferrer\"><img class=\"circular alignnone wp-image-743 size-full\" src=\"https:\/\/raed.academy\/wp-content\/uploads\/2020\/03\/consolatio-2.Maria-dels-Angels-Calvo-caja-circ-BN.jpg\" alt=\"Maria \u00c0ngels Calvo\" width=\"190\" height=\"190\" \/><\/a><!-- [et_pb_line_break_holder] --><div class=\"txt-circular\"><!-- [et_pb_line_break_holder] --><h3>Dra. Maria \u00c0ngels Calvo<\/h3><p>\u00a0<\/p><!-- [et_pb_line_break_holder] -->Doctora en Veterin\u00e0ria y Farmacia, Especialista en Microbiologia i Parasitologia<!-- [et_pb_line_break_holder] --><\/div><p><!-- [et_pb_line_break_holder] --><\/p><\/div><p><!-- [et_pb_line_break_holder] --><\/p><div class=\"caja-circular\"><!-- [et_pb_line_break_holder] --><!-- [et_pb_line_break_holder] --><a href=\"https:\/\/raed.academy\/academicos\/dr-jose-ramon-calvo-fernandez\/\" target=\"_blank\" rel=\"noopener noreferrer\"><img class=\"circular alignnone wp-image-751 size-full\" src=\"https:\/\/fundacionraed.org\/wp-content\/uploads\/2020\/02\/Jose-Ramon-Calvo-caja-circ.jpg\" alt=\"\" width=\"190\" height=\"190\" \/><\/a><!-- [et_pb_line_break_holder] --><div class=\"txt-circular\"><!-- [et_pb_line_break_holder] --><h3>Dr. Jos\u00e9 Ram\u00f3n Calvo Fern\u00e1ndez<\/h3><p>\u00a0<\/p><!-- [et_pb_line_break_holder] -->Doctor en Medicina y Cirug\u00eda<!-- [et_pb_line_break_holder] --><\/div><p><!-- [et_pb_line_break_holder] --><\/p><\/div><p><!-- [et_pb_line_break_holder] --> <!-- [et_pb_line_break_holder] --> <!-- [et_pb_line_break_holder] --><!-- [et_pb_line_break_holder] --><\/p><\/div><p>[\/et_pb_code][et_pb_text admin_label=\"Txt Env\u00edenos sus consultas\" _builder_version=\"4.4.1\"]<\/p><p>Env\u00edenos sus consultas a trav\u00e9s del siguiente formulario, o bien enviando un mensaje a la direcci\u00f3n <strong>preguntas@raed.academy<\/strong>.<\/p><p>[\/et_pb_text][et_pb_contact_form email=\"preguntas@raed.academy\" success_message=\"Su mensaje ha sido enviado con \u00e9xito. Tras la revisi\u00f3n de nuestros expertos, se publicar\u00e1 la respuesta en esta misma p\u00e1gina.\" admin_label=\"Contact Form\" _builder_version=\"4.4.1\"][et_pb_contact_field field_id=\"Nombre\" field_title=\"Nombre\" _builder_version=\"4.4.1\" button_text_size__hover_enabled=\"off\" button_one_text_size__hover_enabled=\"off\" button_two_text_size__hover_enabled=\"off\" button_text_color__hover_enabled=\"off\" button_one_text_color__hover_enabled=\"off\" button_two_text_color__hover_enabled=\"off\" button_border_width__hover_enabled=\"off\" button_one_border_width__hover_enabled=\"off\" button_two_border_width__hover_enabled=\"off\" button_border_color__hover_enabled=\"off\" button_one_border_color__hover_enabled=\"off\" button_two_border_color__hover_enabled=\"off\" button_border_radius__hover_enabled=\"off\" button_one_border_radius__hover_enabled=\"off\" button_two_border_radius__hover_enabled=\"off\" button_letter_spacing__hover_enabled=\"off\" button_one_letter_spacing__hover_enabled=\"off\" button_two_letter_spacing__hover_enabled=\"off\" button_bg_color__hover_enabled=\"off\" button_one_bg_color__hover_enabled=\"off\" button_two_bg_color__hover_enabled=\"off\"][\/et_pb_contact_field][et_pb_contact_field field_id=\"Email\" field_title=\"Direcci\u00f3n email\" field_type=\"email\" _builder_version=\"4.4.1\" button_text_size__hover_enabled=\"off\" button_one_text_size__hover_enabled=\"off\" button_two_text_size__hover_enabled=\"off\" button_text_color__hover_enabled=\"off\" button_one_text_color__hover_enabled=\"off\" button_two_text_color__hover_enabled=\"off\" button_border_width__hover_enabled=\"off\" button_one_border_width__hover_enabled=\"off\" button_two_border_width__hover_enabled=\"off\" button_border_color__hover_enabled=\"off\" button_one_border_color__hover_enabled=\"off\" button_two_border_color__hover_enabled=\"off\" button_border_radius__hover_enabled=\"off\" button_one_border_radius__hover_enabled=\"off\" button_two_border_radius__hover_enabled=\"off\" button_letter_spacing__hover_enabled=\"off\" button_one_letter_spacing__hover_enabled=\"off\" button_two_letter_spacing__hover_enabled=\"off\" button_bg_color__hover_enabled=\"off\" button_one_bg_color__hover_enabled=\"off\" button_two_bg_color__hover_enabled=\"off\"][\/et_pb_contact_field][et_pb_contact_field field_id=\"Mensaje\" field_title=\"Mensaje\" field_type=\"text\" fullwidth_field=\"on\" _builder_version=\"4.4.1\" button_text_size__hover_enabled=\"off\" button_one_text_size__hover_enabled=\"off\" button_two_text_size__hover_enabled=\"off\" button_text_color__hover_enabled=\"off\" button_one_text_color__hover_enabled=\"off\" button_two_text_color__hover_enabled=\"off\" button_border_width__hover_enabled=\"off\" button_one_border_width__hover_enabled=\"off\" button_two_border_width__hover_enabled=\"off\" button_border_color__hover_enabled=\"off\" button_one_border_color__hover_enabled=\"off\" button_two_border_color__hover_enabled=\"off\" button_border_radius__hover_enabled=\"off\" button_one_border_radius__hover_enabled=\"off\" button_two_border_radius__hover_enabled=\"off\" button_letter_spacing__hover_enabled=\"off\" button_one_letter_spacing__hover_enabled=\"off\" button_two_letter_spacing__hover_enabled=\"off\" button_bg_color__hover_enabled=\"off\" button_one_bg_color__hover_enabled=\"off\" button_two_bg_color__hover_enabled=\"off\"][\/et_pb_contact_field][\/et_pb_contact_form][et_pb_accordion admin_label=\"Acorde\u00f3n preguntas y respuestas\" _builder_version=\"4.4.1\" enable_grid_motion=\"on\" box_shadow_style=\"preset2\"][et_pb_accordion_item title=\"\u00bfHasta donde alcanza el impacto econ\u00f3mico que causar\u00e1 el coronavirus?\" open=\"on\" _builder_version=\"4.4.1\"][\/et_pb_accordion_item][et_pb_accordion_item title=\"\u00bfEst\u00e1n en peligro las pensiones con la crisis del coronavirus?\" _builder_version=\"4.4.1\" open=\"off\"][\/et_pb_accordion_item][\/et_pb_accordion][\/et_pb_column][\/et_pb_row][\/et_pb_section]<\/p>","_et_gb_content_width":"","footnotes":""},"class_list":["post-89251","page","type-page","status-publish","has-post-thumbnail","hentry"],"yoast_head":"<!-- This site is optimized with the Yoast SEO plugin v27.4 - https:\/\/yoast.com\/product\/yoast-seo-wordpress\/ -->\n<title>Coronavirus from knowledge \u00b7 Questions and answers - Royal European Academy of Doctors<\/title>\n<meta name=\"description\" content=\"Expert responses to citizen concerns about the COVID-19 pandemic or Coronavirus pandemic\" \/>\n<meta name=\"robots\" content=\"index, follow, max-snippet:-1, max-image-preview:large, max-video-preview:-1\" \/>\n<link rel=\"canonical\" href=\"https:\/\/raed.academy\/en\/coronavirus-questions-and-answers\/\" \/>\n<meta property=\"og:locale\" content=\"en_US\" \/>\n<meta property=\"og:type\" content=\"article\" \/>\n<meta property=\"og:title\" content=\"Coronavirus from knowledge \u00b7 Questions and answers - Royal European Academy of Doctors\" \/>\n<meta property=\"og:description\" content=\"Expert responses to citizen concerns about the COVID-19 pandemic or Coronavirus pandemic\" \/>\n<meta property=\"og:url\" content=\"https:\/\/raed.academy\/en\/coronavirus-questions-and-answers\/\" \/>\n<meta property=\"og:site_name\" content=\"Royal European Academy of Doctors\" \/>\n<meta property=\"article:publisher\" content=\"http:\/\/fb.me\/raed.academy\" \/>\n<meta property=\"article:modified_time\" content=\"2022-05-02T11:02:15+00:00\" \/>\n<meta property=\"og:image\" content=\"https:\/\/raed.academy\/wp-content\/uploads\/2020\/03\/shutt_coronavirus-preguntas-respuestas-1.jpg\" \/>\n\t<meta property=\"og:image:width\" content=\"1000\" \/>\n\t<meta property=\"og:image:height\" content=\"420\" \/>\n\t<meta property=\"og:image:type\" content=\"image\/jpeg\" \/>\n<meta name=\"twitter:card\" content=\"summary_large_image\" \/>\n<meta name=\"twitter:site\" content=\"@raedacademy\" \/>\n<meta name=\"twitter:label1\" content=\"Est. reading time\" \/>\n\t<meta name=\"twitter:data1\" content=\"3 minutes\" \/>\n<script type=\"application\/ld+json\" class=\"yoast-schema-graph\">{\"@context\":\"https:\\\/\\\/schema.org\",\"@graph\":[{\"@type\":\"WebPage\",\"@id\":\"https:\\\/\\\/raed.academy\\\/en\\\/coronavirus-questions-and-answers\\\/\",\"url\":\"https:\\\/\\\/raed.academy\\\/en\\\/coronavirus-questions-and-answers\\\/\",\"name\":\"Coronavirus from knowledge \u00b7 Questions and answers - Royal European Academy of Doctors\",\"isPartOf\":{\"@id\":\"https:\\\/\\\/raed.academy\\\/en\\\/#website\"},\"primaryImageOfPage\":{\"@id\":\"https:\\\/\\\/raed.academy\\\/en\\\/coronavirus-questions-and-answers\\\/#primaryimage\"},\"image\":{\"@id\":\"https:\\\/\\\/raed.academy\\\/en\\\/coronavirus-questions-and-answers\\\/#primaryimage\"},\"thumbnailUrl\":\"https:\\\/\\\/raed.academy\\\/wp-content\\\/uploads\\\/2020\\\/03\\\/shutt_coronavirus-preguntas-respuestas-1.jpg\",\"datePublished\":\"2020-04-01T11:44:39+00:00\",\"dateModified\":\"2022-05-02T11:02:15+00:00\",\"description\":\"Expert responses to citizen concerns about the COVID-19 pandemic or Coronavirus pandemic\",\"breadcrumb\":{\"@id\":\"https:\\\/\\\/raed.academy\\\/en\\\/coronavirus-questions-and-answers\\\/#breadcrumb\"},\"inLanguage\":\"en-US\",\"potentialAction\":[{\"@type\":\"ReadAction\",\"target\":[\"https:\\\/\\\/raed.academy\\\/en\\\/coronavirus-questions-and-answers\\\/\"]}]},{\"@type\":\"ImageObject\",\"inLanguage\":\"en-US\",\"@id\":\"https:\\\/\\\/raed.academy\\\/en\\\/coronavirus-questions-and-answers\\\/#primaryimage\",\"url\":\"https:\\\/\\\/raed.academy\\\/wp-content\\\/uploads\\\/2020\\\/03\\\/shutt_coronavirus-preguntas-respuestas-1.jpg\",\"contentUrl\":\"https:\\\/\\\/raed.academy\\\/wp-content\\\/uploads\\\/2020\\\/03\\\/shutt_coronavirus-preguntas-respuestas-1.jpg\",\"width\":1000,\"height\":420},{\"@type\":\"BreadcrumbList\",\"@id\":\"https:\\\/\\\/raed.academy\\\/en\\\/coronavirus-questions-and-answers\\\/#breadcrumb\",\"itemListElement\":[{\"@type\":\"ListItem\",\"position\":1,\"name\":\"Inicio\",\"item\":\"https:\\\/\\\/raed.academy\\\/en\\\/\"},{\"@type\":\"ListItem\",\"position\":2,\"name\":\"Coronavirus from knowledge \u00b7 Questions and answers\"}]},{\"@type\":\"WebSite\",\"@id\":\"https:\\\/\\\/raed.academy\\\/en\\\/#website\",\"url\":\"https:\\\/\\\/raed.academy\\\/en\\\/\",\"name\":\"Royal European Academy of Doctors\",\"description\":\"Corporaci\u00f3n de derecho p\u00fablico de car\u00e1cter cient\u00edfico, t\u00e9cnico y art\u00edstico, que tiene por objeto la investigaci\u00f3n, el estudio, el fomento y la extensi\u00f3n del conocimiento en su sentido m\u00e1s amplio.\",\"publisher\":{\"@id\":\"https:\\\/\\\/raed.academy\\\/en\\\/#organization\"},\"potentialAction\":[{\"@type\":\"SearchAction\",\"target\":{\"@type\":\"EntryPoint\",\"urlTemplate\":\"https:\\\/\\\/raed.academy\\\/en\\\/?s={search_term_string}\"},\"query-input\":{\"@type\":\"PropertyValueSpecification\",\"valueRequired\":true,\"valueName\":\"search_term_string\"}}],\"inLanguage\":\"en-US\"},{\"@type\":\"Organization\",\"@id\":\"https:\\\/\\\/raed.academy\\\/en\\\/#organization\",\"name\":\"Real Academia Europea de Doctores\",\"url\":\"https:\\\/\\\/raed.academy\\\/en\\\/\",\"logo\":{\"@type\":\"ImageObject\",\"inLanguage\":\"en-US\",\"@id\":\"https:\\\/\\\/raed.academy\\\/en\\\/#\\\/schema\\\/logo\\\/image\\\/\",\"url\":\"https:\\\/\\\/raed.academy\\\/wp-content\\\/uploads\\\/2017\\\/01\\\/cropped-logo_raed.png\",\"contentUrl\":\"https:\\\/\\\/raed.academy\\\/wp-content\\\/uploads\\\/2017\\\/01\\\/cropped-logo_raed.png\",\"width\":512,\"height\":512,\"caption\":\"Real Academia Europea de Doctores\"},\"image\":{\"@id\":\"https:\\\/\\\/raed.academy\\\/en\\\/#\\\/schema\\\/logo\\\/image\\\/\"},\"sameAs\":[\"http:\\\/\\\/fb.me\\\/raed.academy\",\"https:\\\/\\\/x.com\\\/raedacademy\",\"https:\\\/\\\/www.instagram.com\\\/raed.academy\\\/\",\"https:\\\/\\\/www.youtube.com\\\/channel\\\/UCUYQwW2KrdirNWihxMDObwg\"]}]}<\/script>\n<!-- \/ Yoast SEO plugin. -->","yoast_head_json":{"title":"Coronavirus from knowledge \u00b7 Questions and answers - Royal European Academy of Doctors","description":"Expert responses to citizen concerns about the COVID-19 pandemic or Coronavirus pandemic","robots":{"index":"index","follow":"follow","max-snippet":"max-snippet:-1","max-image-preview":"max-image-preview:large","max-video-preview":"max-video-preview:-1"},"canonical":"https:\/\/raed.academy\/en\/coronavirus-questions-and-answers\/","og_locale":"en_US","og_type":"article","og_title":"Coronavirus from knowledge \u00b7 Questions and answers - Royal European Academy of Doctors","og_description":"Expert responses to citizen concerns about the COVID-19 pandemic or Coronavirus pandemic","og_url":"https:\/\/raed.academy\/en\/coronavirus-questions-and-answers\/","og_site_name":"Royal European Academy of Doctors","article_publisher":"http:\/\/fb.me\/raed.academy","article_modified_time":"2022-05-02T11:02:15+00:00","og_image":[{"width":1000,"height":420,"url":"https:\/\/raed.academy\/wp-content\/uploads\/2020\/03\/shutt_coronavirus-preguntas-respuestas-1.jpg","type":"image\/jpeg"}],"twitter_card":"summary_large_image","twitter_site":"@raedacademy","twitter_misc":{"Est. reading time":"3 minutes"},"schema":{"@context":"https:\/\/schema.org","@graph":[{"@type":"WebPage","@id":"https:\/\/raed.academy\/en\/coronavirus-questions-and-answers\/","url":"https:\/\/raed.academy\/en\/coronavirus-questions-and-answers\/","name":"Coronavirus from knowledge \u00b7 Questions and answers - Royal European Academy of Doctors","isPartOf":{"@id":"https:\/\/raed.academy\/en\/#website"},"primaryImageOfPage":{"@id":"https:\/\/raed.academy\/en\/coronavirus-questions-and-answers\/#primaryimage"},"image":{"@id":"https:\/\/raed.academy\/en\/coronavirus-questions-and-answers\/#primaryimage"},"thumbnailUrl":"https:\/\/raed.academy\/wp-content\/uploads\/2020\/03\/shutt_coronavirus-preguntas-respuestas-1.jpg","datePublished":"2020-04-01T11:44:39+00:00","dateModified":"2022-05-02T11:02:15+00:00","description":"Expert responses to citizen concerns about the COVID-19 pandemic or Coronavirus pandemic","breadcrumb":{"@id":"https:\/\/raed.academy\/en\/coronavirus-questions-and-answers\/#breadcrumb"},"inLanguage":"en-US","potentialAction":[{"@type":"ReadAction","target":["https:\/\/raed.academy\/en\/coronavirus-questions-and-answers\/"]}]},{"@type":"ImageObject","inLanguage":"en-US","@id":"https:\/\/raed.academy\/en\/coronavirus-questions-and-answers\/#primaryimage","url":"https:\/\/raed.academy\/wp-content\/uploads\/2020\/03\/shutt_coronavirus-preguntas-respuestas-1.jpg","contentUrl":"https:\/\/raed.academy\/wp-content\/uploads\/2020\/03\/shutt_coronavirus-preguntas-respuestas-1.jpg","width":1000,"height":420},{"@type":"BreadcrumbList","@id":"https:\/\/raed.academy\/en\/coronavirus-questions-and-answers\/#breadcrumb","itemListElement":[{"@type":"ListItem","position":1,"name":"Inicio","item":"https:\/\/raed.academy\/en\/"},{"@type":"ListItem","position":2,"name":"Coronavirus from knowledge \u00b7 Questions and answers"}]},{"@type":"WebSite","@id":"https:\/\/raed.academy\/en\/#website","url":"https:\/\/raed.academy\/en\/","name":"Royal European Academy of Doctors","description":"Corporaci\u00f3n de derecho p\u00fablico de car\u00e1cter cient\u00edfico, t\u00e9cnico y art\u00edstico, que tiene por objeto la investigaci\u00f3n, el estudio, el fomento y la extensi\u00f3n del conocimiento en su sentido m\u00e1s amplio.","publisher":{"@id":"https:\/\/raed.academy\/en\/#organization"},"potentialAction":[{"@type":"SearchAction","target":{"@type":"EntryPoint","urlTemplate":"https:\/\/raed.academy\/en\/?s={search_term_string}"},"query-input":{"@type":"PropertyValueSpecification","valueRequired":true,"valueName":"search_term_string"}}],"inLanguage":"en-US"},{"@type":"Organization","@id":"https:\/\/raed.academy\/en\/#organization","name":"Real Academia Europea de Doctores","url":"https:\/\/raed.academy\/en\/","logo":{"@type":"ImageObject","inLanguage":"en-US","@id":"https:\/\/raed.academy\/en\/#\/schema\/logo\/image\/","url":"https:\/\/raed.academy\/wp-content\/uploads\/2017\/01\/cropped-logo_raed.png","contentUrl":"https:\/\/raed.academy\/wp-content\/uploads\/2017\/01\/cropped-logo_raed.png","width":512,"height":512,"caption":"Real Academia Europea de Doctores"},"image":{"@id":"https:\/\/raed.academy\/en\/#\/schema\/logo\/image\/"},"sameAs":["http:\/\/fb.me\/raed.academy","https:\/\/x.com\/raedacademy","https:\/\/www.instagram.com\/raed.academy\/","https:\/\/www.youtube.com\/channel\/UCUYQwW2KrdirNWihxMDObwg"]}]}},"_links":{"self":[{"href":"https:\/\/raed.academy\/en\/wp-json\/wp\/v2\/pages\/89251","targetHints":{"allow":["GET"]}}],"collection":[{"href":"https:\/\/raed.academy\/en\/wp-json\/wp\/v2\/pages"}],"about":[{"href":"https:\/\/raed.academy\/en\/wp-json\/wp\/v2\/types\/page"}],"author":[{"embeddable":true,"href":"https:\/\/raed.academy\/en\/wp-json\/wp\/v2\/users\/16"}],"replies":[{"embeddable":true,"href":"https:\/\/raed.academy\/en\/wp-json\/wp\/v2\/comments?post=89251"}],"version-history":[{"count":0,"href":"https:\/\/raed.academy\/en\/wp-json\/wp\/v2\/pages\/89251\/revisions"}],"wp:featuredmedia":[{"embeddable":true,"href":"https:\/\/raed.academy\/en\/wp-json\/wp\/v2\/media\/89133"}],"wp:attachment":[{"href":"https:\/\/raed.academy\/en\/wp-json\/wp\/v2\/media?parent=89251"}],"curies":[{"name":"wp","href":"https:\/\/api.w.org\/{rel}","templated":true}]}}