{"id":71447,"date":"2019-05-09T08:26:34","date_gmt":"2019-05-09T08:26:34","guid":{"rendered":"https:\/\/raed.academy\/?page_id=71447"},"modified":"2019-06-03T16:35:04","modified_gmt":"2019-06-03T16:35:04","slug":"history-2018","status":"publish","type":"page","link":"https:\/\/raed.academy\/en\/activities\/history-2018\/","title":{"rendered":"History of activities 2018"},"content":{"rendered":"<p>[et_pb_section fb_built=&#8221;1&#8243; module_id=&#8221;eventos-historial&#8221; _builder_version=&#8221;3.22.7&#8243; z_index_tablet=&#8221;500&#8243;][et_pb_row use_custom_gutter=&#8221;on&#8221; gutter_width=&#8221;1&#8243; make_equal=&#8221;on&#8221; module_class=&#8221; et_pb_row_fullwidth et_pb_row_fullwidth et_pb_row_fullwidth paginacion&#8221; _builder_version=&#8221;3.22.7&#8243; width=&#8221;100%&#8221; width_tablet=&#8221;80%&#8221; width_last_edited=&#8221;on|desktop&#8221; max_width=&#8221;100%&#8221; max_width_tablet=&#8221;80%&#8221; max_width_last_edited=&#8221;on|desktop&#8221; module_alignment=&#8221;center&#8221; z_index_tablet=&#8221;500&#8243; make_fullwidth=&#8221;on&#8221;][et_pb_column type=&#8221;4_4&#8243; _builder_version=&#8221;3.0.47&#8243;][et_pb_text admin_label=&#8221;T\u00edtulo &#8211; History of activities 2018&#8243; _builder_version=&#8221;3.22.7&#8243; z_index_tablet=&#8221;500&#8243;]<\/p>\n<h1>History of activities 2018<\/h1>\n<p>[\/et_pb_text][\/et_pb_column][\/et_pb_row][et_pb_row use_custom_gutter=&#8221;on&#8221; gutter_width=&#8221;1&#8243; make_equal=&#8221;on&#8221; module_class=&#8221; et_pb_row_fullwidth et_pb_row_fullwidth et_pb_row_fullwidth paginacion&#8221; _builder_version=&#8221;3.22.7&#8243; width=&#8221;100%&#8221; width_last_edited=&#8221;on|desktop&#8221; max_width=&#8221;100%&#8221; max_width_last_edited=&#8221;on|desktop&#8221; module_alignment=&#8221;center&#8221; z_index_tablet=&#8221;500&#8243; make_fullwidth=&#8221;on&#8221;][et_pb_column type=&#8221;1_4&#8243; _builder_version=&#8221;3.0.47&#8243;][et_pb_code admin_label=&#8221;Paginaci\u00f3n 2018&#8243; module_id=&#8221;eventos&#8221; module_class=&#8221;pgAnterior&#8221; _builder_version=&#8221;3.22.7&#8243; z_index_tablet=&#8221;500&#8243;]<a href=\"https:\/\/raed.academy\/en\/history-2017\/\"><i class=\"fas fa-chevron-left\"><\/i> 2017 ACTIVITIES<\/a>[\/et_pb_code][\/et_pb_column][et_pb_column type=&#8221;1_4&#8243; _builder_version=&#8221;3.0.47&#8243;][\/et_pb_column][et_pb_column type=&#8221;1_4&#8243; _builder_version=&#8221;3.0.47&#8243;][\/et_pb_column][et_pb_column type=&#8221;1_4&#8243; _builder_version=&#8221;3.0.47&#8243;][et_pb_code admin_label=&#8221;Paginaci\u00f3n Pr\u00f3ximas actividades&#8221; module_class=&#8221;pgSiguiente&#8221; _builder_version=&#8221;3.22.7&#8243; z_index_tablet=&#8221;500&#8243;]<a href=\"https:\/\/raed.academy\/en\/history-2019\/\">2019 ACTIVITIES <i class=\"fas fa-chevron-right\"><\/i><\/a><!-- [et_pb_line_break_holder] -->[\/et_pb_code][\/et_pb_column][\/et_pb_row][et_pb_row use_custom_gutter=&#8221;on&#8221; gutter_width=&#8221;1&#8243; make_equal=&#8221;on&#8221; admin_label=&#8221;Fila&#8221; module_class=&#8221; et_pb_row_fullwidth et_pb_row_fullwidth et_pb_row_fullwidth paginacion&#8221; _builder_version=&#8221;3.22.4&#8243; width=&#8221;100%&#8221; width_tablet=&#8221;80%&#8221; width_last_edited=&#8221;on|desktop&#8221; max_width=&#8221;100%&#8221; max_width_tablet=&#8221;80%&#8221; max_width_last_edited=&#8221;on|desktop&#8221; module_alignment=&#8221;center&#8221; z_index_tablet=&#8221;500&#8243; make_fullwidth=&#8221;on&#8221;][et_pb_column type=&#8221;4_4&#8243; _builder_version=&#8221;3.0.47&#8243;][et_pb_divider color=&#8221;#6b5d38&#8243; divider_weight=&#8221;2&#8243; _builder_version=&#8221;3.22.4&#8243; z_index_tablet=&#8221;500&#8243;][\/et_pb_divider][\/et_pb_column][\/et_pb_row][et_pb_row _builder_version=&#8221;3.22.3&#8243;][et_pb_column type=&#8221;4_4&#8243; _builder_version=&#8221;3.0.47&#8243;][et_pb_text admin_label=&#8221;Texto &#8211; JANUARY 2018&#8243; _builder_version=&#8221;3.22.7&#8243; z_index_tablet=&#8221;500&#8243;]<\/p>\n<h2>JANUARY 2018<\/h2>\n<p>[\/et_pb_text][\/et_pb_column][\/et_pb_row][et_pb_row use_custom_gutter=&#8221;on&#8221; gutter_width=&#8221;1&#8243; custom_padding=&#8221;||35px|&#8221; make_equal=&#8221;on&#8221; custom_padding_last_edited=&#8221;on|desktop&#8221; padding_right_2=&#8221;45px&#8221; padding_right_3=&#8221;20px&#8221; padding_bottom_1=&#8221;25px&#8221; padding_2_tablet=&#8221;|20px||&#8221; padding_1_last_edited=&#8221;off|phone&#8221; padding_2_last_edited=&#8221;on|desktop&#8221; padding_3_last_edited=&#8221;on|phone&#8221; module_id=&#8221;1001&#8243; module_class=&#8221;evento et_pb_row_fullwidth et_pb_row_fullwidth et_pb_row_fullwidth et_pb_row_fullwidth et_pb_row_fullwidth et_pb_row_fullwidth et_pb_row_fullwidth et_pb_row_fullwidth et_pb_row_fullwidth et_pb_row_fullwidth et_pb_row_fullwidth et_pb_row_fullwidth et_pb_row_fullwidth&#8221; _builder_version=&#8221;3.22.3&#8243; box_shadow_style=&#8221;preset3&#8243; box_shadow_horizontal=&#8221;10px&#8221; width=&#8221;100%&#8221; width_tablet=&#8221;100%&#8221; width_last_edited=&#8221;on|desktop&#8221; max_width=&#8221;100%&#8221; max_width_tablet=&#8221;100%&#8221; max_width_last_edited=&#8221;on|desktop&#8221; module_alignment=&#8221;center&#8221; z_index_tablet=&#8221;500&#8243; make_fullwidth=&#8221;on&#8221;][et_pb_column type=&#8221;1_5&#8243; _builder_version=&#8221;3.0.47&#8243;][et_pb_code admin_label=&#8221;fecha 10\/01&#8243; module_class=&#8221;fecha-evento&#8221; _builder_version=&#8221;3.22.7&#8243; z_index_tablet=&#8221;500&#8243;]Jan<!\u2013- [et_pb_br_holder] -\u2013><!-- [et_pb_line_break_holder] -->10[\/et_pb_code][\/et_pb_column][et_pb_column type=&#8221;3_5&#8243; _builder_version=&#8221;3.0.47&#8243;][et_pb_text admin_label=&#8221;Debate laicidad Francia y Espa\u00f1a&#8221; _builder_version=&#8221;3.22.7&#8243; z_index_tablet=&#8221;500&#8243;]<\/p>\n<h4>Presentation of the Book La noria del siglo XXI (\u201cThe Ferris Wheel of the Twenty-first Century\u201d)<\/h4>\n<p>Speakers:<\/p>\n<ul>\n<li><a href=\"https:\/\/raed.academy\/en\/academicians\/dr-xabier-anoveros-trias-de-bes\/\" target=\"_blank\" rel=\"noopener noreferrer\"><strong>Xabier A\u00f1overos Trias de Bes<\/strong><\/a>, author of the work being presented, numerary academician and deputy chairman of the board of governors of the RAED<\/li>\n<li><a href=\"https:\/\/raed.academy\/en\/academicians\/dr-jose-maria-gay-de-liebana-saludas\/\" target=\"_blank\" rel=\"noopener noreferrer\"><strong>Jos\u00e9 Mar\u00eda Gay de Li\u00e9bana Saludas<\/strong><\/a>, numerary acacdemician of the RAED<\/li>\n<\/ul>\n<p>Place: The Main Hall of the Foment del Treball buildingDate: 10.01.2018At 7.30 pm<\/p>\n<h3><strong><a href=\"https:\/\/raed.academy\/en\/the-wheel-of-the-21st-century-arrives-at-the-academy\/\">Further information<\/a><\/strong><\/h3>\n<p>[\/et_pb_text][\/et_pb_column][et_pb_column type=&#8221;1_5&#8243; _builder_version=&#8221;3.0.47&#8243;][et_pb_gallery gallery_ids=&#8221;53332,53330,53328&#8243; posts_number=&#8221;1&#8243; show_title_and_caption=&#8221;off&#8221; show_pagination=&#8221;off&#8221; zoom_icon_color=&#8221;#6b5d38&#8243; _builder_version=&#8221;3.22.7&#8243; border_radii_image=&#8221;on|4px|4px|4px|4px&#8221; box_shadow_style_image=&#8221;preset2&#8243; custom_margin=&#8221;10px|||&#8221; custom_margin_tablet=&#8221;25px|||&#8221; custom_margin_last_edited=&#8221;on|desktop&#8221; z_index_tablet=&#8221;500&#8243;][\/et_pb_gallery][\/et_pb_column][\/et_pb_row][et_pb_row use_custom_gutter=&#8221;on&#8221; gutter_width=&#8221;1&#8243; custom_padding=&#8221;||35px|&#8221; make_equal=&#8221;on&#8221; custom_padding_last_edited=&#8221;on|desktop&#8221; padding_right_2=&#8221;45px&#8221; padding_right_3=&#8221;20px&#8221; padding_bottom_1=&#8221;25px&#8221; padding_2_tablet=&#8221;|20px||&#8221; padding_1_last_edited=&#8221;off|phone&#8221; padding_2_last_edited=&#8221;on|desktop&#8221; padding_3_last_edited=&#8221;on|phone&#8221; module_id=&#8221;1001&#8243; module_class=&#8221;evento et_pb_row_fullwidth et_pb_row_fullwidth et_pb_row_fullwidth et_pb_row_fullwidth et_pb_row_fullwidth et_pb_row_fullwidth et_pb_row_fullwidth et_pb_row_fullwidth et_pb_row_fullwidth et_pb_row_fullwidth et_pb_row_fullwidth et_pb_row_fullwidth et_pb_row_fullwidth&#8221; _builder_version=&#8221;3.22.3&#8243; box_shadow_style=&#8221;preset3&#8243; box_shadow_horizontal=&#8221;10px&#8221; width=&#8221;100%&#8221; width_tablet=&#8221;100%&#8221; width_last_edited=&#8221;on|desktop&#8221; max_width=&#8221;100%&#8221; max_width_tablet=&#8221;100%&#8221; max_width_last_edited=&#8221;on|desktop&#8221; module_alignment=&#8221;center&#8221; z_index_tablet=&#8221;500&#8243; make_fullwidth=&#8221;on&#8221;][et_pb_column type=&#8221;1_5&#8243; _builder_version=&#8221;3.0.47&#8243;][et_pb_code admin_label=&#8221;fecha 18\/01&#8243; module_class=&#8221;fecha-evento&#8221; _builder_version=&#8221;3.22.7&#8243; z_index_tablet=&#8221;500&#8243;]Jan<!\u2013- [et_pb_br_holder] -\u2013><!-- [et_pb_line_break_holder] -->18[\/et_pb_code][\/et_pb_column][et_pb_column type=&#8221;3_5&#8243; _builder_version=&#8221;3.0.47&#8243;][et_pb_text admin_label=&#8221;Social impact of major items of infrastructure&#8221; _builder_version=&#8221;3.22.7&#8243; z_index_tablet=&#8221;500&#8243;]<\/p>\n<h3>Social impact of major items of infrastructure: the case of Barcelonas&#8217;s Sagrada Familia Church<\/h3>\n<p><strong>The debates of the Royal European Academy of Doctors &#8211; Cycle of conferences organised by the Science and Technology Section<\/strong>Speakers:<\/p>\n<ul>\n<li><strong><a href=\"https:\/\/raed.academy\/en\/academicians\/dr-jaume-armengou-orus\/\" target=\"_blank\" rel=\"noopener noreferrer\">Dr. Jaume Armengou<\/a><\/strong>, civil engineer, academic pro-vice-chancellor in charge of international relations at the UIC (International University of Catalonia); numerary member of the Royal European Academy of Doctors.<\/li>\n<li><strong><a href=\"https:\/\/raed.academy\/en\/academicians\/dr-antonio-gens-sole\/\" target=\"_blank\" rel=\"noopener noreferrer\">Dr. Antoni Gens<\/a><\/strong>, civil enginer, professor at the UPC (Polytechnic University of Catalonia), Department of Civil and Environmental Engineering, numerary member of the Royal European Academy of Doctors.<\/li>\n<li><strong>Dr. Antonio Aguado<\/strong>, civil enginer, professor at the UPC (Polytechnic University of Catalonia), Department of Civil and Environmental Engineering.<\/li>\n<li><strong>Dr. Rosa Ribas<\/strong>, PhD in history, archaeology and Christian art; professor at the Antoni Gaud\u00ed Faculty of the Sant Paci\u00e0 University Athenaeum.<\/li>\n<\/ul>\n<p>Chaired by: <a href=\"https:\/\/raed.academy\/en\/academicians\/dr-jaime-rodrigo-de-larrucea\/\" target=\"_blank\" rel=\"noopener noreferrer\"><strong>Dr. Jaime Rodrigo de Larrucea<\/strong><\/a>, PhD in Law and PhD in Naval Engineering, numery academician and Head of the Science and Technology Section of the RAED.Place: Main hall of the Fomento del Trabajo building.Date: 18.01.2018Time:7.30 pm<\/p>\n<h3><a href=\"https:\/\/raed.academy\/en\/the-sagrada-familia-to-debate\/\"><strong>Further information<\/strong><\/a><\/h3>\n<p>[\/et_pb_text][et_pb_video src=&#8221;https:\/\/youtu.be\/5hNYcvNkd-k&#8221; _builder_version=&#8221;3.22.7&#8243; z_index_tablet=&#8221;500&#8243;][\/et_pb_video][\/et_pb_column][et_pb_column type=&#8221;1_5&#8243; _builder_version=&#8221;3.0.47&#8243;][et_pb_gallery gallery_ids=&#8221;53360,53358,53376&#8243; posts_number=&#8221;1&#8243; show_title_and_caption=&#8221;off&#8221; show_pagination=&#8221;off&#8221; zoom_icon_color=&#8221;#6b5d38&#8243; _builder_version=&#8221;3.22.7&#8243; border_radii_image=&#8221;on|4px|4px|4px|4px&#8221; box_shadow_style_image=&#8221;preset2&#8243; custom_margin=&#8221;10px|||&#8221; custom_margin_tablet=&#8221;25px|||&#8221; custom_margin_last_edited=&#8221;on|desktop&#8221; z_index_tablet=&#8221;500&#8243;][\/et_pb_gallery][\/et_pb_column][\/et_pb_row][et_pb_row use_custom_gutter=&#8221;on&#8221; gutter_width=&#8221;1&#8243; custom_padding=&#8221;||35px|&#8221; make_equal=&#8221;on&#8221; custom_padding_last_edited=&#8221;on|desktop&#8221; padding_right_2=&#8221;45px&#8221; padding_right_3=&#8221;20px&#8221; padding_bottom_1=&#8221;25px&#8221; padding_2_tablet=&#8221;|20px||&#8221; padding_1_last_edited=&#8221;off|phone&#8221; padding_2_last_edited=&#8221;on|desktop&#8221; padding_3_last_edited=&#8221;on|phone&#8221; module_id=&#8221;1001&#8243; module_class=&#8221;evento et_pb_row_fullwidth et_pb_row_fullwidth et_pb_row_fullwidth et_pb_row_fullwidth et_pb_row_fullwidth et_pb_row_fullwidth et_pb_row_fullwidth et_pb_row_fullwidth et_pb_row_fullwidth et_pb_row_fullwidth et_pb_row_fullwidth et_pb_row_fullwidth et_pb_row_fullwidth&#8221; _builder_version=&#8221;3.22.3&#8243; box_shadow_style=&#8221;preset3&#8243; box_shadow_horizontal=&#8221;10px&#8221; width=&#8221;100%&#8221; width_tablet=&#8221;100%&#8221; width_last_edited=&#8221;on|desktop&#8221; max_width=&#8221;100%&#8221; max_width_tablet=&#8221;100%&#8221; max_width_last_edited=&#8221;on|desktop&#8221; module_alignment=&#8221;center&#8221; z_index_tablet=&#8221;500&#8243; make_fullwidth=&#8221;on&#8221;][et_pb_column type=&#8221;1_5&#8243; _builder_version=&#8221;3.0.47&#8243;][et_pb_code admin_label=&#8221;fecha 23\/01&#8243; module_class=&#8221;fecha-evento&#8221; _builder_version=&#8221;3.22.7&#8243; z_index_tablet=&#8221;500&#8243;]Jan<!\u2013- [et_pb_br_holder] -\u2013><!-- [et_pb_line_break_holder] -->23[\/et_pb_code][\/et_pb_column][et_pb_column type=&#8221;3_5&#8243; _builder_version=&#8221;3.0.47&#8243;][et_pb_text admin_label=&#8221;Presentation of the book Como investigar&#8221; _builder_version=&#8221;3.22.7&#8243; z_index_tablet=&#8221;500&#8243;]<\/p>\n<h3>Presentation of the book Como investigar (\u201cHow to Conduct Research\u201d)<\/h3>\n<p>Speakers:<\/p>\n<ul>\n<li><strong><a href=\"https:\/\/raed.academy\/en\/academicians\/dr-alfredo-rocafort-nicolau\/\" target=\"_blank\" rel=\"noopener noreferrer\">Alfredo Rocafort<\/a><\/strong>, President of the Royal European Academy of Doctors<\/li>\n<li><strong><a href=\"https:\/\/raed.academy\/en\/academicians\/dr-oriol-amat-salas\/\" target=\"_blank\" rel=\"noopener noreferrer\">Oriol Amat<\/a><\/strong>, President of the Catalan Accountancy Association and numerary academician of the RAED<\/li>\n<li><strong><a href=\"https:\/\/raed.academy\/en\/academicians\/dra-maria-dels-angels-calvo-torras\/\" target=\"_blank\" rel=\"noopener noreferrer\">Maria dels \u00c0ngels Calvo<\/a><\/strong>, head of the Health Sciences Section of the RAED<\/li>\n<li><strong><a href=\"https:\/\/raed.academy\/en\/academicians\/dr-josep-ignasi-saranyana-closa\/\" target=\"_blank\" rel=\"noopener noreferrer\">Josep-Ignasi Saranyana<\/a><\/strong>, head of the Humanities Section of the RAED<\/li>\n<li><strong><a href=\"https:\/\/raed.academy\/en\/academicians\/dr-jaime-rodrigo-de-larrucea\/\" target=\"_blank\" rel=\"noopener noreferrer\">Jaime Rodrigo de Larrucea<\/a><\/strong>, head of the Science and Technology Section of the RAED<\/li>\n<li><strong><a href=\"https:\/\/raed.academy\/en\/academicians\/dr-joan-francesc-pont-clemente\/\" target=\"_blank\" rel=\"noopener noreferrer\">Joan-Francesc Pont Clemente<\/a><\/strong>, head of the Social Sciences Section of the RAED<\/li>\n<li><strong>Dr. Arcadi Navarro<\/strong>, secretary of Universities and Research of the Generalitat de Catalunya.<\/li>\n<\/ul>\n<p>Closing by <strong>Dr. Oriol Amat<\/strong>.Place: Main hall of the Fomento del Trabajo buildingDate: 23.01.2018Time: 7 pm<\/p>\n<h3><a href=\"https:\/\/raed.academy\/en\/raed-and-accid-present-the-work-how-to-research\/\"><strong>Further information<\/strong><\/a><\/h3>\n<p>[\/et_pb_text][\/et_pb_column][et_pb_column type=&#8221;1_5&#8243; _builder_version=&#8221;3.0.47&#8243;][et_pb_gallery gallery_ids=&#8221;53406,53408,52932&#8243; posts_number=&#8221;1&#8243; show_title_and_caption=&#8221;off&#8221; show_pagination=&#8221;off&#8221; zoom_icon_color=&#8221;#6b5d38&#8243; _builder_version=&#8221;3.22.7&#8243; border_radii_image=&#8221;on|4px|4px|4px|4px&#8221; box_shadow_style_image=&#8221;preset2&#8243; custom_margin=&#8221;10px|||&#8221; custom_margin_tablet=&#8221;25px|||&#8221; custom_margin_last_edited=&#8221;on|desktop&#8221; z_index_tablet=&#8221;500&#8243;][\/et_pb_gallery][\/et_pb_column][\/et_pb_row][et_pb_row use_custom_gutter=&#8221;on&#8221; gutter_width=&#8221;1&#8243; custom_padding=&#8221;||35px|&#8221; make_equal=&#8221;on&#8221; custom_padding_last_edited=&#8221;on|desktop&#8221; padding_right_2=&#8221;45px&#8221; padding_right_3=&#8221;20px&#8221; padding_bottom_1=&#8221;25px&#8221; padding_2_tablet=&#8221;|20px||&#8221; padding_1_last_edited=&#8221;off|phone&#8221; padding_2_last_edited=&#8221;on|desktop&#8221; padding_3_last_edited=&#8221;on|phone&#8221; module_id=&#8221;1001&#8243; module_class=&#8221;evento et_pb_row_fullwidth et_pb_row_fullwidth et_pb_row_fullwidth et_pb_row_fullwidth et_pb_row_fullwidth et_pb_row_fullwidth et_pb_row_fullwidth et_pb_row_fullwidth et_pb_row_fullwidth et_pb_row_fullwidth et_pb_row_fullwidth et_pb_row_fullwidth et_pb_row_fullwidth&#8221; _builder_version=&#8221;3.22.3&#8243; box_shadow_style=&#8221;preset3&#8243; box_shadow_horizontal=&#8221;10px&#8221; width=&#8221;100%&#8221; width_tablet=&#8221;100%&#8221; width_last_edited=&#8221;on|desktop&#8221; max_width=&#8221;100%&#8221; max_width_tablet=&#8221;100%&#8221; max_width_last_edited=&#8221;on|desktop&#8221; module_alignment=&#8221;center&#8221; z_index_tablet=&#8221;500&#8243; make_fullwidth=&#8221;on&#8221;][et_pb_column type=&#8221;1_5&#8243; _builder_version=&#8221;3.0.47&#8243;][et_pb_code admin_label=&#8221;fecha 29-30\/01&#8243; module_class=&#8221;fecha-evento&#8221; _builder_version=&#8221;3.22.7&#8243; z_index_tablet=&#8221;500&#8243;]Jan<!\u2013- [et_pb_br_holder] -\u2013><!-- [et_pb_line_break_holder] -->29-30[\/et_pb_code][\/et_pb_column][et_pb_column type=&#8221;3_5&#8243; _builder_version=&#8221;3.0.47&#8243;][et_pb_text admin_label=&#8221;Drug development in the twenty-first century&#8221; _builder_version=&#8221;3.22.7&#8243; z_index_tablet=&#8221;500&#8243;]<\/p>\n<h3>Drug development in the twenty-first century: a cure for all diseases?<\/h3>\n<p><strong>Conference &#8211; scientific sessions with 2004 Nobel Prize-winner <a href=\"https:\/\/raed.academy\/en\/academicians\/dr-aaron-ciechanover\/\" target=\"_blank\" rel=\"noopener noreferrer\">Aaron Ciechanover<\/a><\/strong>29 and 30 January 2018<\/p>\n<h3>First session<\/h3>\n<h4><a href=\"http:\/\/obrasociallacaixa.org\/\" target=\"_blank\" rel=\"noopener noreferrer\">La Caixa Foundation<\/a> \u201cLa Ciencia vista a trav\u00e9s de los ojos de los Premios Nobel\u201d<\/h4>\n<p>Place: <a href=\"http:\/\/obrasociallacaixa.org\/\" target=\"_blank\" rel=\"noopener noreferrer\">CosmoCaixa<\/a>, C\/ Isaac Newton, 26, 08022 BarcelonaDate: 29 January 2018Time: 7 p.m.<\/p>\n<h3>Second session<\/h3>\n<h4><a href=\"http:\/\/fundacioncajasol.com\/\" target=\"_blank\" rel=\"noopener noreferrer\">Cajasol Foundation<\/a> \u201cTalento Nobel\u201d<\/h4>\n<p>Place: Auditorium of the <a href=\"http:\/\/fundacioncajasol.com\/\" target=\"_blank\" rel=\"noopener noreferrer\">Cajasol Foundation<\/a>, Pl. de San Francisco, 1, 41004 SevillaDate: 30 January 2018Time: 7.30 p.m.<\/p>\n<h3><a href=\"https:\/\/raed.academy\/en\/will-we-cure-all-diseases\/\"><strong>Find out more about these conferences<\/strong><\/a><\/h3>\n<p>[\/et_pb_text][\/et_pb_column][et_pb_column type=&#8221;1_5&#8243; _builder_version=&#8221;3.0.47&#8243;][et_pb_gallery gallery_ids=&#8221;47734,47730,47738&#8243; posts_number=&#8221;1&#8243; show_title_and_caption=&#8221;off&#8221; show_pagination=&#8221;off&#8221; zoom_icon_color=&#8221;#6b5d38&#8243; _builder_version=&#8221;3.22.7&#8243; border_radii_image=&#8221;on|4px|4px|4px|4px&#8221; box_shadow_style_image=&#8221;preset2&#8243; custom_margin=&#8221;10px|||&#8221; custom_margin_tablet=&#8221;25px|||&#8221; custom_margin_last_edited=&#8221;on|desktop&#8221; z_index_tablet=&#8221;500&#8243;][\/et_pb_gallery][\/et_pb_column][\/et_pb_row][et_pb_row _builder_version=&#8221;3.22.3&#8243;][et_pb_column type=&#8221;4_4&#8243; _builder_version=&#8221;3.0.47&#8243;][et_pb_text admin_label=&#8221;Texto &#8211; February 2018&#8243; _builder_version=&#8221;3.22.7&#8243; z_index_tablet=&#8221;500&#8243;]<\/p>\n<h2>FEBRUARY 2018<\/h2>\n<p>[\/et_pb_text][\/et_pb_column][\/et_pb_row][et_pb_row use_custom_gutter=&#8221;on&#8221; gutter_width=&#8221;1&#8243; custom_padding=&#8221;||35px|&#8221; make_equal=&#8221;on&#8221; custom_padding_last_edited=&#8221;on|desktop&#8221; padding_right_2=&#8221;45px&#8221; padding_right_3=&#8221;20px&#8221; padding_bottom_1=&#8221;25px&#8221; padding_2_tablet=&#8221;|20px||&#8221; padding_1_last_edited=&#8221;off|phone&#8221; padding_2_last_edited=&#8221;on|desktop&#8221; padding_3_last_edited=&#8221;on|phone&#8221; module_id=&#8221;1001&#8243; module_class=&#8221;evento et_pb_row_fullwidth et_pb_row_fullwidth et_pb_row_fullwidth et_pb_row_fullwidth et_pb_row_fullwidth et_pb_row_fullwidth et_pb_row_fullwidth et_pb_row_fullwidth et_pb_row_fullwidth et_pb_row_fullwidth et_pb_row_fullwidth et_pb_row_fullwidth et_pb_row_fullwidth&#8221; _builder_version=&#8221;3.22.3&#8243; box_shadow_style=&#8221;preset3&#8243; box_shadow_horizontal=&#8221;10px&#8221; width=&#8221;100%&#8221; width_tablet=&#8221;100%&#8221; width_last_edited=&#8221;on|desktop&#8221; max_width=&#8221;100%&#8221; max_width_tablet=&#8221;100%&#8221; max_width_last_edited=&#8221;on|desktop&#8221; module_alignment=&#8221;center&#8221; z_index_tablet=&#8221;500&#8243; make_fullwidth=&#8221;on&#8221;][et_pb_column type=&#8221;1_5&#8243; _builder_version=&#8221;3.0.47&#8243;][et_pb_code admin_label=&#8221;fecha 1\/02&#8243; module_class=&#8221;fecha-evento&#8221; _builder_version=&#8221;3.22.7&#8243; z_index_tablet=&#8221;500&#8243;]Feb<!\u2013- [et_pb_br_holder] -\u2013><!-- [et_pb_line_break_holder] -->1[\/et_pb_code][\/et_pb_column][et_pb_column type=&#8221;3_5&#8243; _builder_version=&#8221;3.0.47&#8243;][et_pb_text admin_label=&#8221;New probiotic and prebiotic foods&#8221; _builder_version=&#8221;3.22.7&#8243; z_index_tablet=&#8221;500&#8243;]<\/p>\n<h3>New probiotic and prebiotic foods<\/h3>\n<p><strong>Academies of Catalonia Foods <\/strong>2017-2018 academic year Round-table discussion<\/p>\n<p>Speakers:<\/p>\n<ul>\n<li><strong>Dr. Javier Aranceta<\/strong>, Doctor in Medicine and Surgery.<\/li>\n<li><strong>Dra. Maria dels \u00c0ngels Calvo<\/strong>, Numerary member of the RAED and Chair of the Health Sciences Section.<\/li>\n<li><strong>Dr. Miquel Moret\u00f3<\/strong>, Professor of Physiology, Department of Physiology at the University of Barcelona<\/li>\n<\/ul>\n<p>Coordinator: <a href=\"https:\/\/raed.academy\/en\/academicians\/dra-maria-dels-angels-calvo-torras\/\" target=\"_blank\" rel=\"noopener noreferrer\"><strong>Dr Maria dels \u00c0ngels Calvo<\/strong><\/a>, numerary member of the RAED and head of its Health Sciences Section.<\/p>\n<p>Place: Main hall of the Fomento del Trabajo building<br \/>Date: 1 February 2018<br \/>Time: 7.30 p.m.<\/p>\n<h3><a href=\"https:\/\/raed.academy\/en\/probiotic-prebiotic-foods\/\"><strong>Further information<\/strong><\/a><\/h3>\n<p>[\/et_pb_text][\/et_pb_column][et_pb_column type=&#8221;1_5&#8243; _builder_version=&#8221;3.0.47&#8243;][et_pb_gallery gallery_ids=&#8221;53470,53464,53460,53466,53468&#8243; posts_number=&#8221;1&#8243; show_title_and_caption=&#8221;off&#8221; show_pagination=&#8221;off&#8221; zoom_icon_color=&#8221;#6b5d38&#8243; _builder_version=&#8221;3.22.7&#8243; border_radii_image=&#8221;on|4px|4px|4px|4px&#8221; box_shadow_style_image=&#8221;preset2&#8243; custom_margin=&#8221;10px|||&#8221; custom_margin_tablet=&#8221;25px|||&#8221; custom_margin_last_edited=&#8221;on|desktop&#8221; z_index_tablet=&#8221;500&#8243;][\/et_pb_gallery][\/et_pb_column][\/et_pb_row][et_pb_row use_custom_gutter=&#8221;on&#8221; gutter_width=&#8221;1&#8243; custom_padding=&#8221;||35px|&#8221; make_equal=&#8221;on&#8221; custom_padding_last_edited=&#8221;on|desktop&#8221; padding_right_2=&#8221;45px&#8221; padding_right_3=&#8221;20px&#8221; padding_bottom_1=&#8221;25px&#8221; padding_2_tablet=&#8221;|20px||&#8221; padding_1_last_edited=&#8221;off|phone&#8221; padding_2_last_edited=&#8221;on|desktop&#8221; padding_3_last_edited=&#8221;on|phone&#8221; module_id=&#8221;1001&#8243; module_class=&#8221;evento et_pb_row_fullwidth et_pb_row_fullwidth et_pb_row_fullwidth et_pb_row_fullwidth et_pb_row_fullwidth et_pb_row_fullwidth et_pb_row_fullwidth et_pb_row_fullwidth et_pb_row_fullwidth et_pb_row_fullwidth et_pb_row_fullwidth et_pb_row_fullwidth et_pb_row_fullwidth&#8221; _builder_version=&#8221;3.22.3&#8243; box_shadow_style=&#8221;preset3&#8243; box_shadow_horizontal=&#8221;10px&#8221; width=&#8221;100%&#8221; width_tablet=&#8221;100%&#8221; width_last_edited=&#8221;on|desktop&#8221; max_width=&#8221;100%&#8221; max_width_tablet=&#8221;100%&#8221; max_width_last_edited=&#8221;on|desktop&#8221; module_alignment=&#8221;center&#8221; z_index_tablet=&#8221;500&#8243; make_fullwidth=&#8221;on&#8221;][et_pb_column type=&#8221;1_5&#8243; _builder_version=&#8221;3.0.47&#8243;][et_pb_code admin_label=&#8221;fecha 6\/02&#8243; module_class=&#8221;fecha-evento&#8221; _builder_version=&#8221;3.22.7&#8243; z_index_tablet=&#8221;500&#8243;]Feb<!\u2013- [et_pb_br_holder] -\u2013><!-- [et_pb_line_break_holder] -->6[\/et_pb_code][\/et_pb_column][et_pb_column type=&#8221;3_5&#8243; _builder_version=&#8221;3.0.47&#8243;][et_pb_text admin_label=&#8221;Entry Javier Gil Mur&#8221; _builder_version=&#8221;3.22.7&#8243; z_index_tablet=&#8221;500&#8243;]<\/p>\n<h3>Admission as Numerary Academician: <a href=\"https:\/\/raed.academy\/en\/academicians\/dr-javier-gil-mur\/\" target=\"_blank\" rel=\"noopener noreferrer\">Javier Gil Mur<\/a><\/h3>\n<p><strong>Acceptance speech: <a href=\"https:\/\/raed.academy\/wp-content\/uploads\/2018\/01\/discurso-ingreso-Dr-Javier-Gil-Mur.pdf\" target=\"_blank\" rel=\"noopener noreferrer\">Technological advances in the field of dentistry: the move towards smart dental implants<\/a><br \/>Answering speech: <a href=\"https:\/\/raed.academy\/en\/academicians\/dr-jaime-rodrigo-de-larrucea\/\" target=\"_blank\" rel=\"noopener noreferrer\">Jaime Rodrigo de Larrucea<\/a><\/strong><\/p>\n<p>Place: Main hall of the Fomento del Trabajo building<br \/>Date: 6 February 2018<br \/>Time: 7.30 p.m.<\/p>\n<p>[\/et_pb_text][\/et_pb_column][et_pb_column type=&#8221;1_5&#8243; _builder_version=&#8221;3.0.47&#8243;][et_pb_gallery gallery_ids=&#8221;53486&#8243; posts_number=&#8221;1&#8243; show_title_and_caption=&#8221;off&#8221; show_pagination=&#8221;off&#8221; zoom_icon_color=&#8221;#6b5d38&#8243; _builder_version=&#8221;3.22.7&#8243; border_radii_image=&#8221;on|4px|4px|4px|4px&#8221; box_shadow_style_image=&#8221;preset2&#8243; custom_margin=&#8221;10px|||&#8221; custom_margin_tablet=&#8221;25px|||&#8221; custom_margin_last_edited=&#8221;on|desktop&#8221; z_index_tablet=&#8221;500&#8243;][\/et_pb_gallery][\/et_pb_column][\/et_pb_row][et_pb_row use_custom_gutter=&#8221;on&#8221; gutter_width=&#8221;1&#8243; custom_padding=&#8221;||35px|&#8221; make_equal=&#8221;on&#8221; custom_padding_last_edited=&#8221;on|desktop&#8221; padding_right_2=&#8221;45px&#8221; padding_right_3=&#8221;20px&#8221; padding_bottom_1=&#8221;25px&#8221; padding_2_tablet=&#8221;|20px||&#8221; padding_1_last_edited=&#8221;off|phone&#8221; padding_2_last_edited=&#8221;on|desktop&#8221; padding_3_last_edited=&#8221;on|phone&#8221; module_id=&#8221;1001&#8243; module_class=&#8221;evento et_pb_row_fullwidth et_pb_row_fullwidth et_pb_row_fullwidth et_pb_row_fullwidth et_pb_row_fullwidth et_pb_row_fullwidth et_pb_row_fullwidth et_pb_row_fullwidth et_pb_row_fullwidth et_pb_row_fullwidth et_pb_row_fullwidth et_pb_row_fullwidth et_pb_row_fullwidth&#8221; _builder_version=&#8221;3.22.3&#8243; box_shadow_style=&#8221;preset3&#8243; box_shadow_horizontal=&#8221;10px&#8221; width=&#8221;100%&#8221; width_tablet=&#8221;100%&#8221; width_last_edited=&#8221;on|desktop&#8221; max_width=&#8221;100%&#8221; max_width_tablet=&#8221;100%&#8221; max_width_last_edited=&#8221;on|desktop&#8221; module_alignment=&#8221;center&#8221; z_index_tablet=&#8221;500&#8243; make_fullwidth=&#8221;on&#8221;][et_pb_column type=&#8221;1_5&#8243; _builder_version=&#8221;3.0.47&#8243;][et_pb_code admin_label=&#8221;fecha 6-7\/02&#8243; module_class=&#8221;fecha-evento&#8221; _builder_version=&#8221;3.22.7&#8243; z_index_tablet=&#8221;500&#8243;]Feb<!\u2013- [et_pb_br_holder] -\u2013><!-- [et_pb_line_break_holder] -->6-7[\/et_pb_code][\/et_pb_column][et_pb_column type=&#8221;3_5&#8243; _builder_version=&#8221;3.0.47&#8243;][et_pb_text admin_label=&#8221;From basic science to antibiotics&#8221; _builder_version=&#8221;3.22.7&#8243; z_index_tablet=&#8221;500&#8243;]<\/p>\n<h3>From basic science to antibiotics<\/h3>\n<p><b>Conference by Dr. Ada Yonath, Nobel Prize in chemistry 2009 &#8211; 6-7 February 2018<\/b><\/p>\n<h3>First appointment<\/h3>\n<h4>\u201cLa Ciencia vista a trav\u00e9s de los ojos de los Premios Nobel\u201d by <a href=\"http:\/\/obrasociallacaixa.org\/\" target=\"_blank\" rel=\"noopener noreferrer\">Obra Social La Caixa<\/a><\/h4>\n<p>Place: CosmoCaixa, C\/ Isaac Newton, 26, 08022 BarcelonaDate: 6 February 2018Hora: 7 pm<\/p>\n<h3>Second appointment<\/h3>\n<h4>\u201cTalento Nobel\u201d by <a href=\"http:\/\/fundacioncajasol.com\/\" target=\"_blank\" rel=\"noopener noreferrer\">Cajasol Foundation<\/a><\/h4>\n<h4>Place: Auditorium of the Cajasol Foundation, Pl. de San Francisco, 1, 41004 Sevilla<\/h4>\n<p>Date: 7 February 2018<br \/>Time: 7.30 pm<\/p>\n<h3><a href=\"https:\/\/raed.academy\/en\/new-generation-of-antibiotics\/\"><strong>Find out more about these conferences<\/strong><\/a><\/h3>\n<p>[\/et_pb_text][\/et_pb_column][et_pb_column type=&#8221;1_5&#8243; _builder_version=&#8221;3.0.47&#8243;][et_pb_gallery gallery_ids=&#8221;53480,53478,53484&#8243; posts_number=&#8221;1&#8243; show_title_and_caption=&#8221;off&#8221; show_pagination=&#8221;off&#8221; zoom_icon_color=&#8221;#6b5d38&#8243; _builder_version=&#8221;3.22.7&#8243; border_radii_image=&#8221;on|4px|4px|4px|4px&#8221; box_shadow_style_image=&#8221;preset2&#8243; custom_margin=&#8221;10px|||&#8221; custom_margin_tablet=&#8221;25px|||&#8221; custom_margin_last_edited=&#8221;on|desktop&#8221; z_index_tablet=&#8221;500&#8243;][\/et_pb_gallery][\/et_pb_column][\/et_pb_row][et_pb_row use_custom_gutter=&#8221;on&#8221; gutter_width=&#8221;1&#8243; custom_padding=&#8221;||35px|&#8221; make_equal=&#8221;on&#8221; custom_padding_last_edited=&#8221;on|desktop&#8221; padding_right_2=&#8221;45px&#8221; padding_right_3=&#8221;20px&#8221; padding_bottom_1=&#8221;25px&#8221; padding_2_tablet=&#8221;|20px||&#8221; padding_1_last_edited=&#8221;off|phone&#8221; padding_2_last_edited=&#8221;on|desktop&#8221; padding_3_last_edited=&#8221;on|phone&#8221; module_id=&#8221;1001&#8243; module_class=&#8221;evento et_pb_row_fullwidth et_pb_row_fullwidth et_pb_row_fullwidth et_pb_row_fullwidth et_pb_row_fullwidth et_pb_row_fullwidth et_pb_row_fullwidth et_pb_row_fullwidth et_pb_row_fullwidth et_pb_row_fullwidth et_pb_row_fullwidth et_pb_row_fullwidth et_pb_row_fullwidth&#8221; _builder_version=&#8221;3.22.3&#8243; box_shadow_style=&#8221;preset3&#8243; box_shadow_horizontal=&#8221;10px&#8221; width=&#8221;100%&#8221; width_tablet=&#8221;100%&#8221; width_last_edited=&#8221;on|desktop&#8221; max_width=&#8221;100%&#8221; max_width_tablet=&#8221;100%&#8221; max_width_last_edited=&#8221;on|desktop&#8221; module_alignment=&#8221;center&#8221; z_index_tablet=&#8221;500&#8243; make_fullwidth=&#8221;on&#8221;][et_pb_column type=&#8221;1_5&#8243; _builder_version=&#8221;3.0.47&#8243;][et_pb_code admin_label=&#8221;fecha 13\/02&#8243; module_class=&#8221;fecha-evento&#8221; _builder_version=&#8221;3.22.7&#8243; z_index_tablet=&#8221;500&#8243;]Feb<!\u2013- [et_pb_br_holder] -\u2013><!-- [et_pb_line_break_holder] -->13[\/et_pb_code][\/et_pb_column][et_pb_column type=&#8221;3_5&#8243; _builder_version=&#8221;3.0.47&#8243;][et_pb_text admin_label=&#8221;Entry Carlo Maria Gallucci&#8221; _builder_version=&#8221;3.22.7&#8243; z_index_tablet=&#8221;500&#8243;]<\/p>\n<h3>Admission as Numerary Academician: <a href=\"https:\/\/raed.academy\/en\/academicians\/dr-carlo-maria-gallucci-calabrese\/\" target=\"_blank\" rel=\"noopener noreferrer\">Carlo Maria Gallucci<\/a><\/h3>\n<p>Acceptance speech: <a href=\"https:\/\/raed.academy\/wp-content\/uploads\/2018\/02\/Discurso-ingreso-Carlo-Maria-Gallucci-Calabrese-La-funci%C3%B3n-del-marketing-en-la-empresa-y-en-la-econom%C3%ADa.pdf\" target=\"_blank\" rel=\"noopener noreferrer\"><strong>The role of marketing in the company and in the economy<\/strong><\/a><br \/>Answering speech: <a href=\"https:\/\/raed.academy\/en\/academicians\/dr-jaime-rodrigo-de-larrucea\/\" target=\"_blank\" rel=\"noopener noreferrer\"><strong>Jaime Rodrido de Larrucea<\/strong><\/a><\/p>\n<p>Place: Main hall of the Fomento del Trabajo building<br \/>Date: 13 February 2018<br \/>Time: 7 p.m.<\/p>\n<p>[\/et_pb_text][\/et_pb_column][et_pb_column type=&#8221;1_5&#8243; _builder_version=&#8221;3.0.47&#8243;][et_pb_gallery gallery_ids=&#8221;53621&#8243; posts_number=&#8221;1&#8243; show_title_and_caption=&#8221;off&#8221; show_pagination=&#8221;off&#8221; zoom_icon_color=&#8221;#6b5d38&#8243; _builder_version=&#8221;3.22.7&#8243; border_radii_image=&#8221;on|4px|4px|4px|4px&#8221; box_shadow_style_image=&#8221;preset2&#8243; custom_margin=&#8221;10px|||&#8221; custom_margin_tablet=&#8221;25px|||&#8221; custom_margin_last_edited=&#8221;on|desktop&#8221; z_index_tablet=&#8221;500&#8243;][\/et_pb_gallery][\/et_pb_column][\/et_pb_row][et_pb_row use_custom_gutter=&#8221;on&#8221; gutter_width=&#8221;1&#8243; custom_padding=&#8221;||35px|&#8221; make_equal=&#8221;on&#8221; custom_padding_last_edited=&#8221;on|desktop&#8221; padding_right_2=&#8221;45px&#8221; padding_right_3=&#8221;20px&#8221; padding_bottom_1=&#8221;25px&#8221; padding_2_tablet=&#8221;|20px||&#8221; padding_1_last_edited=&#8221;off|phone&#8221; padding_2_last_edited=&#8221;on|desktop&#8221; padding_3_last_edited=&#8221;on|phone&#8221; module_id=&#8221;1001&#8243; module_class=&#8221;evento et_pb_row_fullwidth et_pb_row_fullwidth et_pb_row_fullwidth et_pb_row_fullwidth et_pb_row_fullwidth et_pb_row_fullwidth et_pb_row_fullwidth et_pb_row_fullwidth et_pb_row_fullwidth et_pb_row_fullwidth et_pb_row_fullwidth et_pb_row_fullwidth et_pb_row_fullwidth&#8221; _builder_version=&#8221;3.22.3&#8243; box_shadow_style=&#8221;preset3&#8243; box_shadow_horizontal=&#8221;10px&#8221; width=&#8221;100%&#8221; width_tablet=&#8221;100%&#8221; width_last_edited=&#8221;on|desktop&#8221; max_width=&#8221;100%&#8221; max_width_tablet=&#8221;100%&#8221; max_width_last_edited=&#8221;on|desktop&#8221; module_alignment=&#8221;center&#8221; z_index_tablet=&#8221;500&#8243; make_fullwidth=&#8221;on&#8221;][et_pb_column type=&#8221;1_5&#8243; _builder_version=&#8221;3.0.47&#8243;][et_pb_code admin_label=&#8221;fecha 13\/02&#8243; module_class=&#8221;fecha-evento&#8221; _builder_version=&#8221;3.22.7&#8243; z_index_tablet=&#8221;500&#8243;]Feb<!\u2013- [et_pb_br_holder] -\u2013><!-- [et_pb_line_break_holder] -->13[\/et_pb_code][\/et_pb_column][et_pb_column type=&#8221;3_5&#8243; _builder_version=&#8221;3.0.47&#8243;][et_pb_text admin_label=&#8221;Musical cycle: \u201cConcerts with Soul\u201d&#8221; _builder_version=&#8221;3.22.7&#8243; z_index_tablet=&#8221;500&#8243;]<\/p>\n<h3>Musical cycle: \u201cConcerts with Soul\u201d<\/h3>\n<p>Performed by:<\/p>\n<ul>\n<li><strong>Mara Jaubert<\/strong>, piano<\/li>\n<li><strong>Francisco Feria<\/strong>, double bass<\/li>\n<li><strong>Cristina Calvo<\/strong>, soprano<\/li>\n<\/ul>\n<p>Place: Sala de los Atlantes assembly hall of the Royal Artistic Circle of Barcelona, Carrer dels Arcs, 5, 08002 Barcelona<br \/>Date: 13 February 2018<br \/>Time: 9.15 p.m.<\/p>\n<h3><a href=\"https:\/\/raed.academy\/en\/music-and-good-food-at-the-academy\/\"><strong>Further information<\/strong><\/a><\/h3>\n<p>[\/et_pb_text][et_pb_video src=&#8221;https:\/\/youtu.be\/XJydw6wBi60&#8243; _builder_version=&#8221;3.22.7&#8243; z_index_tablet=&#8221;500&#8243;][\/et_pb_video][\/et_pb_column][et_pb_column type=&#8221;1_5&#8243; _builder_version=&#8221;3.0.47&#8243;][et_pb_gallery gallery_ids=&#8221;53611,53609,53615&#8243; posts_number=&#8221;1&#8243; show_title_and_caption=&#8221;off&#8221; show_pagination=&#8221;off&#8221; zoom_icon_color=&#8221;#6b5d38&#8243; _builder_version=&#8221;3.22.7&#8243; border_radii_image=&#8221;on|4px|4px|4px|4px&#8221; box_shadow_style_image=&#8221;preset2&#8243; custom_margin=&#8221;10px|||&#8221; custom_margin_tablet=&#8221;25px|||&#8221; custom_margin_last_edited=&#8221;on|desktop&#8221; z_index_tablet=&#8221;500&#8243;][\/et_pb_gallery][\/et_pb_column][\/et_pb_row][et_pb_row use_custom_gutter=&#8221;on&#8221; gutter_width=&#8221;1&#8243; custom_padding=&#8221;||35px|&#8221; make_equal=&#8221;on&#8221; custom_padding_last_edited=&#8221;on|desktop&#8221; padding_right_2=&#8221;45px&#8221; padding_right_3=&#8221;20px&#8221; padding_bottom_1=&#8221;25px&#8221; padding_2_tablet=&#8221;|20px||&#8221; padding_1_last_edited=&#8221;off|phone&#8221; padding_2_last_edited=&#8221;on|desktop&#8221; padding_3_last_edited=&#8221;on|phone&#8221; module_id=&#8221;1001&#8243; module_class=&#8221;evento et_pb_row_fullwidth et_pb_row_fullwidth et_pb_row_fullwidth et_pb_row_fullwidth et_pb_row_fullwidth et_pb_row_fullwidth et_pb_row_fullwidth et_pb_row_fullwidth et_pb_row_fullwidth et_pb_row_fullwidth et_pb_row_fullwidth et_pb_row_fullwidth et_pb_row_fullwidth&#8221; _builder_version=&#8221;3.22.3&#8243; box_shadow_style=&#8221;preset3&#8243; box_shadow_horizontal=&#8221;10px&#8221; width=&#8221;100%&#8221; width_tablet=&#8221;100%&#8221; width_last_edited=&#8221;on|desktop&#8221; max_width=&#8221;100%&#8221; max_width_tablet=&#8221;100%&#8221; max_width_last_edited=&#8221;on|desktop&#8221; module_alignment=&#8221;center&#8221; z_index_tablet=&#8221;500&#8243; make_fullwidth=&#8221;on&#8221;][et_pb_column type=&#8221;1_5&#8243; _builder_version=&#8221;3.0.47&#8243;][et_pb_code admin_label=&#8221;fecha 20-22\/02&#8243; module_class=&#8221;fecha-evento&#8221; _builder_version=&#8221;3.22.7&#8243; z_index_tablet=&#8221;500&#8243;]Feb<!\u2013- [et_pb_br_holder] -\u2013><!-- [et_pb_line_break_holder] -->20-22[\/et_pb_code][\/et_pb_column][et_pb_column type=&#8221;3_5&#8243; _builder_version=&#8221;3.0.47&#8243;][et_pb_text admin_label=&#8221;Musical cycle: \u201cConcerts with Soul\u201d&#8221; _builder_version=&#8221;3.22.7&#8243; z_index_tablet=&#8221;500&#8243;]<\/p>\n<h3>Ion Channels: functions and role in medicine and pharmacology<\/h3>\n<p><b>Conference by <a href=\"https:\/\/raed.academy\/en\/academicians\/dr-erwin-neher\/\" target=\"_blank\" rel=\"noopener noreferrer\">Dr. Erwin Neher<\/a>, Nobel Prize in Medicine 1991 &#8211; 20 and 22 February 2018<\/b><\/p>\n<h3>First appointment<\/h3>\n<h4>\u201cLa Ciencia vista a trav\u00e9s de los ojos de Premios Nobel\u201d by <a href=\"http:\/\/obrasociallacaixa.org\/\" target=\"_blank\" rel=\"noopener noreferrer\">Obra Social La Caixa<\/a><\/h4>\n<p>Place: CosmoCaixa, C\/ Isaac Newton, 26, 08022 BarcelonaDate: 20 February 2018Time: 7 pm<\/p>\n<h3>Second appointment<\/h3>\n<h4><a href=\"http:\/\/fundacioncajasol.com\/\" target=\"_blank\" rel=\"noopener noreferrer\">Cajasol Foundation<\/a> \u201cTalento Nobel\u201d<\/h4>\n<p>Place: Auditorium of the Cajasol Foundation, Pl. de San Francisco, 1, 41004 Sevilla<br \/>Date: 22 February 2018<br \/>Time: 7.30 pm<\/p>\n<h3><a href=\"https:\/\/raed.academy\/en\/the-ion-channels\/\"><strong>Further information<\/strong><\/a><\/h3>\n<p>[\/et_pb_text][\/et_pb_column][et_pb_column type=&#8221;1_5&#8243; _builder_version=&#8221;3.0.47&#8243;][et_pb_gallery gallery_ids=&#8221;53887,53893,53891&#8243; posts_number=&#8221;1&#8243; show_title_and_caption=&#8221;off&#8221; show_pagination=&#8221;off&#8221; zoom_icon_color=&#8221;#6b5d38&#8243; _builder_version=&#8221;3.22.7&#8243; border_radii_image=&#8221;on|4px|4px|4px|4px&#8221; box_shadow_style_image=&#8221;preset2&#8243; custom_margin=&#8221;10px|||&#8221; custom_margin_tablet=&#8221;25px|||&#8221; custom_margin_last_edited=&#8221;on|desktop&#8221; z_index_tablet=&#8221;500&#8243;][\/et_pb_gallery][\/et_pb_column][\/et_pb_row][et_pb_row use_custom_gutter=&#8221;on&#8221; gutter_width=&#8221;1&#8243; custom_padding=&#8221;||35px|&#8221; make_equal=&#8221;on&#8221; custom_padding_last_edited=&#8221;on|desktop&#8221; padding_right_2=&#8221;45px&#8221; padding_right_3=&#8221;20px&#8221; padding_bottom_1=&#8221;25px&#8221; padding_2_tablet=&#8221;|20px||&#8221; padding_1_last_edited=&#8221;off|phone&#8221; padding_2_last_edited=&#8221;on|desktop&#8221; padding_3_last_edited=&#8221;on|phone&#8221; module_id=&#8221;1001&#8243; module_class=&#8221;evento et_pb_row_fullwidth et_pb_row_fullwidth et_pb_row_fullwidth et_pb_row_fullwidth et_pb_row_fullwidth et_pb_row_fullwidth et_pb_row_fullwidth et_pb_row_fullwidth et_pb_row_fullwidth et_pb_row_fullwidth et_pb_row_fullwidth et_pb_row_fullwidth et_pb_row_fullwidth&#8221; _builder_version=&#8221;3.22.3&#8243; box_shadow_style=&#8221;preset3&#8243; box_shadow_horizontal=&#8221;10px&#8221; width=&#8221;100%&#8221; width_tablet=&#8221;100%&#8221; width_last_edited=&#8221;on|desktop&#8221; max_width=&#8221;100%&#8221; max_width_tablet=&#8221;100%&#8221; max_width_last_edited=&#8221;on|desktop&#8221; module_alignment=&#8221;center&#8221; z_index_tablet=&#8221;500&#8243; make_fullwidth=&#8221;on&#8221;][et_pb_column type=&#8221;1_5&#8243; _builder_version=&#8221;3.0.47&#8243;][et_pb_code admin_label=&#8221;fecha 27\/02&#8243; module_class=&#8221;fecha-evento&#8221; _builder_version=&#8221;3.22.7&#8243; z_index_tablet=&#8221;500&#8243;]Feb<!\u2013- [et_pb_br_holder] -\u2013><!-- [et_pb_line_break_holder] -->27[\/et_pb_code][\/et_pb_column][et_pb_column type=&#8221;3_5&#8243; _builder_version=&#8221;3.0.47&#8243;][et_pb_text admin_label=&#8221;Entry Mar Alonso Almeida&#8221; _builder_version=&#8221;3.22.7&#8243; z_index_tablet=&#8221;500&#8243;]<\/p>\n<h3>Admission as Numerary Academician: <a href=\"https:\/\/raed.academy\/en\/academicians\/dra-maria-del-mar-alonso-almeida\/\" target=\"_blank\" rel=\"noopener noreferrer\"><strong>Mar Alonso Almeida<\/strong><\/a><\/h3>\n<p>Acceptance speech: <a href=\"https:\/\/raed.academy\/wp-content\/uploads\/2018\/02\/discurso-ingreso-Mar-Alonso-Almeida-El-nuevo-materialismo-del-siglo-xxi-Luces-y-sombras.pdf\" target=\"_blank\" rel=\"noopener noreferrer\"><strong><em>The new materialism: light and shade<\/em><\/strong><\/a><\/p>\n<p>Place: Main hall of the Fomento del Trabajo building<br \/>Date: 27 February 2018<br \/>Time: 7.30 p.m.<\/p>\n<p>[\/et_pb_text][\/et_pb_column][et_pb_column type=&#8221;1_5&#8243; _builder_version=&#8221;3.0.47&#8243;][et_pb_gallery gallery_ids=&#8221;54009&#8243; posts_number=&#8221;1&#8243; show_title_and_caption=&#8221;off&#8221; show_pagination=&#8221;off&#8221; zoom_icon_color=&#8221;#6b5d38&#8243; _builder_version=&#8221;3.22.7&#8243; border_radii_image=&#8221;on|4px|4px|4px|4px&#8221; box_shadow_style_image=&#8221;preset2&#8243; custom_margin=&#8221;10px|||&#8221; custom_margin_tablet=&#8221;25px|||&#8221; custom_margin_last_edited=&#8221;on|desktop&#8221; z_index_tablet=&#8221;500&#8243;][\/et_pb_gallery][\/et_pb_column][\/et_pb_row][et_pb_row _builder_version=&#8221;3.22.3&#8243;][et_pb_column type=&#8221;4_4&#8243; _builder_version=&#8221;3.0.47&#8243;][et_pb_text admin_label=&#8221;Texto &#8211; MARCH 2018&#8243; _builder_version=&#8221;3.22.7&#8243; z_index_tablet=&#8221;500&#8243;]<\/p>\n<h2>MARCH 2018<\/h2>\n<p>[\/et_pb_text][\/et_pb_column][\/et_pb_row][et_pb_row use_custom_gutter=&#8221;on&#8221; gutter_width=&#8221;1&#8243; custom_padding=&#8221;||35px|&#8221; make_equal=&#8221;on&#8221; custom_padding_last_edited=&#8221;on|desktop&#8221; padding_right_2=&#8221;45px&#8221; padding_right_3=&#8221;20px&#8221; padding_bottom_1=&#8221;25px&#8221; padding_2_tablet=&#8221;|20px||&#8221; padding_1_last_edited=&#8221;off|phone&#8221; padding_2_last_edited=&#8221;on|desktop&#8221; padding_3_last_edited=&#8221;on|phone&#8221; module_id=&#8221;1001&#8243; module_class=&#8221;evento et_pb_row_fullwidth et_pb_row_fullwidth et_pb_row_fullwidth et_pb_row_fullwidth et_pb_row_fullwidth et_pb_row_fullwidth et_pb_row_fullwidth et_pb_row_fullwidth et_pb_row_fullwidth et_pb_row_fullwidth et_pb_row_fullwidth et_pb_row_fullwidth et_pb_row_fullwidth&#8221; _builder_version=&#8221;3.22.3&#8243; box_shadow_style=&#8221;preset3&#8243; box_shadow_horizontal=&#8221;10px&#8221; width=&#8221;100%&#8221; width_tablet=&#8221;100%&#8221; width_last_edited=&#8221;on|desktop&#8221; max_width=&#8221;100%&#8221; max_width_tablet=&#8221;100%&#8221; max_width_last_edited=&#8221;on|desktop&#8221; module_alignment=&#8221;center&#8221; z_index_tablet=&#8221;500&#8243; make_fullwidth=&#8221;on&#8221;][et_pb_column type=&#8221;1_5&#8243; _builder_version=&#8221;3.0.47&#8243;][et_pb_code admin_label=&#8221;fecha 2-4\/03&#8243; module_class=&#8221;fecha-evento&#8221; _builder_version=&#8221;3.22.7&#8243; z_index_tablet=&#8221;500&#8243;]Mar<!\u2013- [et_pb_br_holder] -\u2013><!-- [et_pb_line_break_holder] -->2-4[\/et_pb_code][\/et_pb_column][et_pb_column type=&#8221;3_5&#8243; _builder_version=&#8221;3.0.47&#8243;][et_pb_text admin_label=&#8221;Academic event at the Vichy Catalan health resort&#8221; _builder_version=&#8221;3.22.7&#8243; z_index_tablet=&#8221;500&#8243;]<\/p>\n<h3>Academic event at the <a href=\"http:\/\/www.hotelbalnearivichycatalan.cat\/\" target=\"_blank\" rel=\"noopener noreferrer\">Vichy Catalan health resort<\/a><\/h3>\n<h4>Saturday March 3, 9.00 &#8211; Multidisciplinary scientific conferences in Vichy Catalan<\/h4>\n<p>Speakers:<\/p>\n<ul>\n<li>Inaugural conference: <strong>Joan B Renart<\/strong> CEO of Vichy Catal\u00e1n &#8211; Un ejemplo de Historia, Innovaci\u00f3n y Desarrollo.<\/li>\n<li><strong>Josep Roca<\/strong>, Sommelier Celler de Can Roca &#8211; Lo que nos cuenta el Vino<\/li>\n<li><a href=\"https:\/\/raed.academy\/academicos\/dr-jose-ramon-calvo-fernandez\/\" target=\"_blank\" rel=\"noopener noreferrer\"><strong>Jos\u00e9 Ram\u00f3n Calvo<\/strong><\/a>, ULPGC &#8211; RAED: \u00bfEcosistema Inviable = Resultados imposibles?<\/li>\n<li><a href=\"https:\/\/raed.academy\/academicos\/dra-maria-dels-angels-calvo-torras\/\" target=\"_blank\" rel=\"noopener noreferrer\"><strong>Maria \u00c0ngels Calvo<\/strong><\/a>, RAED: A la caza de \u201cbichos\u201d insospechados en lugares ni imaginados<\/li>\n<li><a href=\"https:\/\/raed.academy\/academicos\/dr-jordi-marti-pidelaserra\/\" target=\"_blank\" rel=\"noopener noreferrer\"><strong>Jordi Mart\u00ed<\/strong><\/a>, UB &#8211; RAED: Historias de la Tecnolog\u00eda que cambian al mundo y a las empresas<\/li>\n<li><strong>Jos\u00e9 Mar\u00eda Baldasano<\/strong> \u2013 UPB \u2013 RAED &#8211; \u00bfQu\u00e9 implicaciones clim\u00e1ticas se derivan del deshielo del \u00c1rtico?<\/li>\n<li><strong>Cecilia Kindel\u00e1n<\/strong>, RAED: El Clima cambia y no sabemos contarlo<\/li>\n<li><a href=\"https:\/\/raed.academy\/academicos\/dr-carlo-maria-gallucci-calabrese\/\" target=\"_blank\" rel=\"noopener noreferrer\"><strong>Carlo Maria Gallucci<\/strong><\/a>, RAED &#8211; Universidad Ramon Llull &#8211; ESADE: \u00bfCon una buena estrategia de Marketing se puede vender un mal producto?<\/li>\n<li><strong>Jaume Llopis<\/strong>, IESE: \u00bfC\u00f3mo perder la reputaci\u00f3n de una marca?<\/li>\n<li><strong>Pollyana Nethersole<\/strong>, \u00bfQu\u00e9 hemos hecho para merecer un Brexit?<\/li>\n<li><a href=\"https:\/\/raed.academy\/academicos\/dra-rosmarie-cammany-dorr\/\" target=\"_blank\" rel=\"noopener noreferrer\"><strong>Rosmarie Cammany<\/strong><\/a>, La Filantrop\u00eda: Una inversi\u00f3n de alto rendimiento<\/li>\n<li><a href=\"https:\/\/raed.academy\/academicos\/dr-joan-francesc-corona-ramon\/\" target=\"_blank\" rel=\"noopener noreferrer\"><strong>Juan Francisco Corona<\/strong><\/a>, DG Instituto de Empresa Familiar. \u00bfLas Peleas de familia destrozan las empresas familiares?<\/li>\n<li><a href=\"https:\/\/raed.academy\/academicos\/dra-teresa-freixes-sanjuan\/\" target=\"_blank\" rel=\"noopener noreferrer\"><strong>Teresa Freixes<\/strong><\/a>, UAB &#8211; RAED: \u00bfSirve para algo tener una constituci\u00f3n?<\/li>\n<li><strong>Naohito Watanabe<\/strong>, c\u00f3nsul general de Jap\u00f3n en Barcelona: \u201cMusa modernista: La primera actriz japonesa que visit\u00f3 Barcelona\u201d<\/li>\n<li><strong>Manuel Murillo<\/strong>, RAED: \u00bfQui\u00e9n sale ganando con las \u201cFake news\u201d?<\/li>\n<li><a href=\"https:\/\/raed.academy\/academicos\/dr-alfredo-rocafort-nicolau\/\" target=\"_blank\" rel=\"noopener noreferrer\"><strong>Alfredo Rocafort<\/strong><\/a>, RAED: Los contables cuentan lo que es f\u00e1cil de contar, pero no lo que m\u00e1s cuenta.<\/li>\n<li><a href=\"https:\/\/raed.academy\/academicos\/dr-pedro-claros-blanch\/\" target=\"_blank\" rel=\"noopener noreferrer\"><strong>Pedro Clar\u00f3s<\/strong><\/a>, RAED: \u201cEl misterio de la metamorfosis de una voz del Siglo XX-XXI\u201d<\/li>\n<li><a href=\"https:\/\/raed.academy\/academicos\/dr-xabier-anoveros-trias-de-bes\/\" target=\"_blank\" rel=\"noopener noreferrer\"><strong>Xabier A\u00f1overos<\/strong><\/a>, Historias de un navarro en Catalu\u00f1a<\/li>\n<li><strong>Enrique Tom\u00e1s<\/strong>, De Badalona al Mundo: Historias de un charcutero.<\/li>\n<\/ul>\n<h4>Saturday, March 3, 9:00 pm: Cocktail and closing dinner at Celler de Can Roca (Espai Mas Marroch)<\/h4>\n<p>Place: Vichy Catal\u00e1n &gt; Avenue Furest, 32, 17455 Caldes de Malavella, GironaDate: 2 to 4.03.2018<\/p>\n<h3><a href=\"https:\/\/raed.academy\/en\/scientific-conferences-vichy-catalan\/\"><strong>Further information<\/strong><\/a><\/h3>\n<p>[\/et_pb_text][\/et_pb_column][et_pb_column type=&#8221;1_5&#8243; _builder_version=&#8221;3.0.47&#8243;][et_pb_gallery gallery_ids=&#8221;54056,54058,54054,54126&#8243; posts_number=&#8221;2&#8243; show_title_and_caption=&#8221;off&#8221; zoom_icon_color=&#8221;#6b5d38&#8243; _builder_version=&#8221;3.22.7&#8243; border_radii_image=&#8221;on|4px|4px|4px|4px&#8221; box_shadow_style_image=&#8221;preset2&#8243; custom_margin=&#8221;10px|||&#8221; custom_margin_tablet=&#8221;25px|||&#8221; custom_margin_last_edited=&#8221;on|desktop&#8221; z_index_tablet=&#8221;500&#8243; custom_css_gallery_item=&#8221;padding: 3px;&#8221;][\/et_pb_gallery][\/et_pb_column][\/et_pb_row][et_pb_row use_custom_gutter=&#8221;on&#8221; gutter_width=&#8221;1&#8243; custom_padding=&#8221;||35px|&#8221; make_equal=&#8221;on&#8221; custom_padding_last_edited=&#8221;on|desktop&#8221; padding_right_2=&#8221;45px&#8221; padding_right_3=&#8221;20px&#8221; padding_bottom_1=&#8221;25px&#8221; padding_2_tablet=&#8221;|20px||&#8221; padding_1_last_edited=&#8221;off|phone&#8221; padding_2_last_edited=&#8221;on|desktop&#8221; padding_3_last_edited=&#8221;on|phone&#8221; module_id=&#8221;1001&#8243; module_class=&#8221;evento et_pb_row_fullwidth et_pb_row_fullwidth et_pb_row_fullwidth et_pb_row_fullwidth et_pb_row_fullwidth et_pb_row_fullwidth et_pb_row_fullwidth et_pb_row_fullwidth et_pb_row_fullwidth et_pb_row_fullwidth et_pb_row_fullwidth et_pb_row_fullwidth et_pb_row_fullwidth&#8221; _builder_version=&#8221;3.22.3&#8243; box_shadow_style=&#8221;preset3&#8243; box_shadow_horizontal=&#8221;10px&#8221; width=&#8221;100%&#8221; width_tablet=&#8221;100%&#8221; width_last_edited=&#8221;on|desktop&#8221; max_width=&#8221;100%&#8221; max_width_tablet=&#8221;100%&#8221; max_width_last_edited=&#8221;on|desktop&#8221; module_alignment=&#8221;center&#8221; z_index_tablet=&#8221;500&#8243; make_fullwidth=&#8221;on&#8221;][et_pb_column type=&#8221;1_5&#8243; _builder_version=&#8221;3.0.47&#8243;][et_pb_code admin_label=&#8221;fecha 08\/03&#8243; module_class=&#8221;fecha-evento&#8221; _builder_version=&#8221;3.22.7&#8243; z_index_tablet=&#8221;500&#8243;]Mar<!\u2013- [et_pb_br_holder] -\u2013><!-- [et_pb_line_break_holder] -->8[\/et_pb_code][\/et_pb_column][et_pb_column type=&#8221;3_5&#8243; _builder_version=&#8221;3.0.47&#8243;][et_pb_text admin_label=&#8221;Debate: \u201cWomen who are changing the world\u201d&#8221; _builder_version=&#8221;3.22.7&#8243; z_index_tablet=&#8221;500&#8243;]<\/p>\n<h3>Debate: \u201cWomen who are changing the world\u201d<\/h3>\n<p>Speakers:<\/p>\n<ul>\n<li><a href=\"https:\/\/raed.academy\/en\/academicians\/dr-rosmarie-cammany-dorr\/\" target=\"_blank\" rel=\"noopener noreferrer\"><strong>Dr. Rosmarie Cammany<\/strong><\/a>. Academic of Number of the RAED and Dra. In Sociology.<\/li>\n<li><a href=\"https:\/\/raed.academy\/en\/academicians\/dra-maria-dels-angels-calvo-torras\/\" target=\"_blank\" rel=\"noopener noreferrer\"><strong>Dr. Maria \u00c0ngels Calvo<\/strong><\/a>. Academic Number of the RAED and President of the Section of Health Sciences.<\/li>\n<li><strong>Ms. Myrtha Casanovas<\/strong>. Founder and president of the European Institute for the Management of Diversity.<\/li>\n<li><strong>Dr. Sonia Fern\u00e1ndez-Vidal<\/strong>. Dr. in Optics and Quantum Information. Researcher and scientific disseminator.<\/li>\n<li><strong>Mrs. Mari\u00e1n Muro<\/strong>. General Director of Spain Grupo Juli\u00e1.<\/li>\n<\/ul>\n<p>Chaired by: <strong>Dr Cecilia Kindel\u00e1n Amorrich,<\/strong> Dr. in Communication and member of the Institute of Interdisciplinary Research of the RAED.<\/p>\n<p>Place: Main hall of the Fomento del Trabajo building<br \/>Date: 8 March 2018<br \/>Time: 7 p.m.<\/p>\n<h3><a href=\"https:\/\/raed.academy\/en\/women-who-change-the-world\/\"><strong>Further information<\/strong><\/a><\/h3>\n<p>[\/et_pb_text][\/et_pb_column][et_pb_column type=&#8221;1_5&#8243; _builder_version=&#8221;3.0.47&#8243;][et_pb_gallery gallery_ids=&#8221;55106,54144,54150&#8243; posts_number=&#8221;1&#8243; show_title_and_caption=&#8221;off&#8221; show_pagination=&#8221;off&#8221; zoom_icon_color=&#8221;#6b5d38&#8243; _builder_version=&#8221;3.22.7&#8243; border_radii_image=&#8221;on|4px|4px|4px|4px&#8221; box_shadow_style_image=&#8221;preset2&#8243; custom_margin=&#8221;10px|||&#8221; custom_margin_tablet=&#8221;25px|||&#8221; custom_margin_last_edited=&#8221;on|desktop&#8221; z_index_tablet=&#8221;500&#8243;][\/et_pb_gallery][\/et_pb_column][\/et_pb_row][et_pb_row use_custom_gutter=&#8221;on&#8221; gutter_width=&#8221;1&#8243; custom_padding=&#8221;||35px|&#8221; make_equal=&#8221;on&#8221; custom_padding_last_edited=&#8221;on|desktop&#8221; padding_right_2=&#8221;45px&#8221; padding_right_3=&#8221;20px&#8221; padding_bottom_1=&#8221;25px&#8221; padding_2_tablet=&#8221;|20px||&#8221; padding_1_last_edited=&#8221;off|phone&#8221; padding_2_last_edited=&#8221;on|desktop&#8221; padding_3_last_edited=&#8221;on|phone&#8221; module_id=&#8221;1001&#8243; module_class=&#8221;evento et_pb_row_fullwidth et_pb_row_fullwidth et_pb_row_fullwidth et_pb_row_fullwidth et_pb_row_fullwidth et_pb_row_fullwidth et_pb_row_fullwidth et_pb_row_fullwidth et_pb_row_fullwidth et_pb_row_fullwidth et_pb_row_fullwidth et_pb_row_fullwidth et_pb_row_fullwidth&#8221; _builder_version=&#8221;3.22.3&#8243; box_shadow_style=&#8221;preset3&#8243; box_shadow_horizontal=&#8221;10px&#8221; width=&#8221;100%&#8221; width_tablet=&#8221;100%&#8221; width_last_edited=&#8221;on|desktop&#8221; max_width=&#8221;100%&#8221; max_width_tablet=&#8221;100%&#8221; max_width_last_edited=&#8221;on|desktop&#8221; module_alignment=&#8221;center&#8221; z_index_tablet=&#8221;500&#8243; make_fullwidth=&#8221;on&#8221;][et_pb_column type=&#8221;1_5&#8243; _builder_version=&#8221;3.0.47&#8243;][et_pb_code admin_label=&#8221;fecha 15\/03&#8243; module_class=&#8221;fecha-evento&#8221; _builder_version=&#8221;3.22.7&#8243; z_index_tablet=&#8221;500&#8243;]Mar<!\u2013- [et_pb_br_holder] -\u2013><!-- [et_pb_line_break_holder] -->15[\/et_pb_code][\/et_pb_column][et_pb_column type=&#8221;3_5&#8243; _builder_version=&#8221;3.0.47&#8243;][et_pb_text admin_label=&#8221;Entry Rodolfo Fern\u00e1ndez-Cuellas&#8221; _builder_version=&#8221;3.22.7&#8243; z_index_tablet=&#8221;500&#8243;]<\/p>\n<h3>Admittance as corresponding academician: <a href=\"https:\/\/raed.academy\/en\/academicians\/dr-rodolfo-fernandez-cuellas\/\" target=\"_blank\" rel=\"noopener noreferrer\">Rodolfo Fern\u00e1ndez-Cuellas<\/a><\/h3>\n<p>Acceptance speech: <a href=\"https:\/\/raed.academy\/wp-content\/uploads\/2018\/03\/discurso-ingreso-dr-Rodolfo-Fernandez-Cuellas-dinamica-mayoria-minoria.pdf\" target=\"_blank\" rel=\"noopener noreferrer\"><strong>Las din\u00e1micas mayor\u00eda-minor\u00eda y el derecho de separaci\u00f3n del socio<\/strong><\/a><br \/>Answering speech: <a href=\"https:\/\/raed.academy\/en\/academicians\/dr-emili-gironella-masgrau\/\" target=\"_blank\" rel=\"noopener noreferrer\"><strong>Emili Gironella Masgrau<\/strong><\/a><\/p>\n<p>Place: Main hall of the Fomento del Trabajo building<br \/>Date: 15.03.2018<br \/>Time: 7.30 pm<\/p>\n<p>[\/et_pb_text][\/et_pb_column][et_pb_column type=&#8221;1_5&#8243; _builder_version=&#8221;3.0.47&#8243;][et_pb_gallery gallery_ids=&#8221;54194&#8243; posts_number=&#8221;1&#8243; show_title_and_caption=&#8221;off&#8221; show_pagination=&#8221;off&#8221; zoom_icon_color=&#8221;#6b5d38&#8243; _builder_version=&#8221;3.22.7&#8243; border_radii_image=&#8221;on|4px|4px|4px|4px&#8221; box_shadow_style_image=&#8221;preset2&#8243; custom_margin=&#8221;10px|||&#8221; custom_margin_tablet=&#8221;25px|||&#8221; custom_margin_last_edited=&#8221;on|desktop&#8221; z_index_tablet=&#8221;500&#8243;][\/et_pb_gallery][\/et_pb_column][\/et_pb_row][et_pb_row use_custom_gutter=&#8221;on&#8221; gutter_width=&#8221;1&#8243; custom_padding=&#8221;||35px|&#8221; make_equal=&#8221;on&#8221; custom_padding_last_edited=&#8221;on|desktop&#8221; padding_right_2=&#8221;45px&#8221; padding_right_3=&#8221;20px&#8221; padding_bottom_1=&#8221;25px&#8221; padding_2_tablet=&#8221;|20px||&#8221; padding_1_last_edited=&#8221;off|phone&#8221; padding_2_last_edited=&#8221;on|desktop&#8221; padding_3_last_edited=&#8221;on|phone&#8221; module_id=&#8221;1001&#8243; module_class=&#8221;evento et_pb_row_fullwidth et_pb_row_fullwidth et_pb_row_fullwidth et_pb_row_fullwidth et_pb_row_fullwidth et_pb_row_fullwidth et_pb_row_fullwidth et_pb_row_fullwidth et_pb_row_fullwidth et_pb_row_fullwidth et_pb_row_fullwidth et_pb_row_fullwidth et_pb_row_fullwidth&#8221; _builder_version=&#8221;3.22.3&#8243; box_shadow_style=&#8221;preset3&#8243; box_shadow_horizontal=&#8221;10px&#8221; width=&#8221;100%&#8221; width_tablet=&#8221;100%&#8221; width_last_edited=&#8221;on|desktop&#8221; max_width=&#8221;100%&#8221; max_width_tablet=&#8221;100%&#8221; max_width_last_edited=&#8221;on|desktop&#8221; module_alignment=&#8221;center&#8221; z_index_tablet=&#8221;500&#8243; make_fullwidth=&#8221;on&#8221;][et_pb_column type=&#8221;1_5&#8243; _builder_version=&#8221;3.0.47&#8243;][et_pb_code admin_label=&#8221;fecha 20\/03&#8243; module_class=&#8221;fecha-evento&#8221; _builder_version=&#8221;3.22.7&#8243; z_index_tablet=&#8221;500&#8243;]Mar<!\u2013- [et_pb_br_holder] -\u2013><!-- [et_pb_line_break_holder] -->20[\/et_pb_code][\/et_pb_column][et_pb_column type=&#8221;3_5&#8243; _builder_version=&#8221;3.0.47&#8243;][et_pb_text admin_label=&#8221;Consolatio: Homage to the Drs&#8221; _builder_version=&#8221;3.22.7&#8243; z_index_tablet=&#8221;500&#8243;]<\/p>\n<h3>Consolatio<\/h3>\n<h3>Homage to the Drs: <strong>Joaqu\u00edn Barraquer<\/strong>, <strong>Joan Trayter<\/strong>, <strong>Josep Llort<\/strong> and <strong>Joan Oliv\u00e9<\/strong><\/h3>\n<p>Organized by <a href=\"https:\/\/raed.academy\/en\/academicians\/dra-maria-dels-angels-calvo-torras\/\" target=\"_blank\" rel=\"noopener noreferrer\"><strong>Dr. M. \u00c0ngels Calvo<\/strong><\/a> and <a href=\"https:\/\/raed.academy\/en\/academicians\/dr-rosmarie-cammany-dorr\/\" target=\"_blank\" rel=\"noopener noreferrer\"><strong>Dr. Rosmarie Cammany<\/strong><\/a>.<\/p>\n<p>Place: Main hall of the Fomento del Trabajo building<br \/>Date: 20.03.2018<br \/>Time: 7:30 p.m.<\/p>\n<p>[\/et_pb_text][\/et_pb_column][et_pb_column type=&#8221;1_5&#8243; _builder_version=&#8221;3.0.47&#8243;][et_pb_gallery gallery_ids=&#8221;54270&#8243; posts_number=&#8221;1&#8243; show_title_and_caption=&#8221;off&#8221; show_pagination=&#8221;off&#8221; zoom_icon_color=&#8221;#6b5d38&#8243; _builder_version=&#8221;3.22.7&#8243; border_radii_image=&#8221;on|4px|4px|4px|4px&#8221; box_shadow_style_image=&#8221;preset2&#8243; custom_margin=&#8221;10px|||&#8221; custom_margin_tablet=&#8221;25px|||&#8221; custom_margin_last_edited=&#8221;on|desktop&#8221; z_index_tablet=&#8221;500&#8243;][\/et_pb_gallery][\/et_pb_column][\/et_pb_row][et_pb_row use_custom_gutter=&#8221;on&#8221; gutter_width=&#8221;1&#8243; custom_padding=&#8221;||35px|&#8221; make_equal=&#8221;on&#8221; custom_padding_last_edited=&#8221;on|desktop&#8221; padding_right_2=&#8221;45px&#8221; padding_right_3=&#8221;20px&#8221; padding_bottom_1=&#8221;25px&#8221; padding_2_tablet=&#8221;|20px||&#8221; padding_1_last_edited=&#8221;off|phone&#8221; padding_2_last_edited=&#8221;on|desktop&#8221; padding_3_last_edited=&#8221;on|phone&#8221; module_id=&#8221;1001&#8243; module_class=&#8221;evento et_pb_row_fullwidth et_pb_row_fullwidth et_pb_row_fullwidth et_pb_row_fullwidth et_pb_row_fullwidth et_pb_row_fullwidth et_pb_row_fullwidth et_pb_row_fullwidth et_pb_row_fullwidth et_pb_row_fullwidth et_pb_row_fullwidth et_pb_row_fullwidth et_pb_row_fullwidth&#8221; _builder_version=&#8221;3.22.3&#8243; box_shadow_style=&#8221;preset3&#8243; box_shadow_horizontal=&#8221;10px&#8221; width=&#8221;100%&#8221; width_tablet=&#8221;100%&#8221; width_last_edited=&#8221;on|desktop&#8221; max_width=&#8221;100%&#8221; max_width_tablet=&#8221;100%&#8221; max_width_last_edited=&#8221;on|desktop&#8221; module_alignment=&#8221;center&#8221; z_index_tablet=&#8221;500&#8243; make_fullwidth=&#8221;on&#8221;][et_pb_column type=&#8221;1_5&#8243; _builder_version=&#8221;3.0.47&#8243;][et_pb_code admin_label=&#8221;fecha 22\/03&#8243; module_class=&#8221;fecha-evento&#8221; _builder_version=&#8221;3.22.7&#8243; z_index_tablet=&#8221;500&#8243;]Mar<!\u2013- [et_pb_br_holder] -\u2013><!-- [et_pb_line_break_holder] -->22[\/et_pb_code][\/et_pb_column][et_pb_column type=&#8221;3_5&#8243; _builder_version=&#8221;3.0.47&#8243;][et_pb_text admin_label=&#8221;Hydration and Health in Europe in the 21st century&#8221; _builder_version=&#8221;3.22.7&#8243; z_index_tablet=&#8221;500&#8243;]<\/p>\n<h3>Hydration and Health in Europe in the 21st century<\/h3>\n<p><strong>The Debates of the Royal European Academy of Doctors &#8211; Cycle of conferences organised by the Science and Technology Section<br \/><\/strong>Presentation of the International Chair of Advanced Studies in Hydration of the University Institute of Biomedical and Health Research (IUIBS) of the University of Las Palmas de Gran Canaria (ULPGC)<br \/>Speakers:<\/p>\n<ul>\n<li><strong><a href=\"https:\/\/raed.academy\/en\/academicians\/dr-lluis-serra-majem\/\" target=\"_blank\" rel=\"noopener noreferrer\">Dr. Llu\u00eds Serra Majem<\/a>; <br \/><\/strong><\/li>\n<li><strong><a href=\"https:\/\/raed.academy\/en\/academicians\/dr-javier-aranceta-bartrina\/\" target=\"_blank\" rel=\"noopener noreferrer\">Dr. Javier Aranceta Bartrina<\/a>, <br \/><\/strong><\/li>\n<li><strong><a href=\"https:\/\/raed.academy\/en\/academicians\/dr-rafael-urrialde-de-andres\/\" target=\"_blank\" rel=\"noopener noreferrer\">Dr. Rafael Urrialde de Andr\u00e9s\u00a0<\/a><br \/><\/strong><\/li>\n<li><strong>Dr. Faustino Mu\u00f1oz Soria<\/strong>.<\/li>\n<\/ul>\n<p>Chaired by: <a href=\"https:\/\/raed.academy\/en\/academicians\/dra-maria-dels-angels-calvo-torras\/\" target=\"_blank\" rel=\"noopener noreferrer\"><strong>Dr. Maria dels \u00c1ngels Calvo Torras<\/strong><\/a>, President of the Section Health Sciences of the Royal European Academy of Doctors<\/p>\n<p>Place: Main hall of the Fomento del Trabajo building (Room B)<br \/>Date: 22 March 2018<br \/>Time: 6.00 p.m.<\/p>\n<h3><a href=\"http:\/\/cieah.ulpgc.es\/es\/barcelona-2018\" target=\"_blank\" rel=\"noopener noreferrer\"><strong>Further information<\/strong><\/a><\/h3>\n<p>[\/et_pb_text][et_pb_video src=&#8221;https:\/\/youtu.be\/2NN-ZfL-3zU&#8221; _builder_version=&#8221;3.22.7&#8243; z_index_tablet=&#8221;500&#8243;][\/et_pb_video][\/et_pb_column][et_pb_column type=&#8221;1_5&#8243; _builder_version=&#8221;3.0.47&#8243;][et_pb_gallery gallery_ids=&#8221;54308,54312,54310,54314,54316&#8243; posts_number=&#8221;1&#8243; show_title_and_caption=&#8221;off&#8221; show_pagination=&#8221;off&#8221; zoom_icon_color=&#8221;#6b5d38&#8243; _builder_version=&#8221;3.22.7&#8243; border_radii_image=&#8221;on|4px|4px|4px|4px&#8221; box_shadow_style_image=&#8221;preset2&#8243; custom_margin=&#8221;10px|||&#8221; custom_margin_tablet=&#8221;25px|||&#8221; custom_margin_last_edited=&#8221;on|desktop&#8221; z_index_tablet=&#8221;500&#8243;][\/et_pb_gallery][\/et_pb_column][\/et_pb_row][et_pb_row use_custom_gutter=&#8221;on&#8221; gutter_width=&#8221;1&#8243; custom_padding=&#8221;||35px|&#8221; make_equal=&#8221;on&#8221; custom_padding_last_edited=&#8221;on|desktop&#8221; padding_right_2=&#8221;45px&#8221; padding_right_3=&#8221;20px&#8221; padding_bottom_1=&#8221;25px&#8221; padding_2_tablet=&#8221;|20px||&#8221; padding_1_last_edited=&#8221;off|phone&#8221; padding_2_last_edited=&#8221;on|desktop&#8221; padding_3_last_edited=&#8221;on|phone&#8221; module_id=&#8221;1001&#8243; module_class=&#8221;evento et_pb_row_fullwidth et_pb_row_fullwidth et_pb_row_fullwidth et_pb_row_fullwidth et_pb_row_fullwidth et_pb_row_fullwidth et_pb_row_fullwidth et_pb_row_fullwidth et_pb_row_fullwidth et_pb_row_fullwidth et_pb_row_fullwidth et_pb_row_fullwidth et_pb_row_fullwidth&#8221; _builder_version=&#8221;3.22.3&#8243; box_shadow_style=&#8221;preset3&#8243; box_shadow_horizontal=&#8221;10px&#8221; width=&#8221;100%&#8221; width_tablet=&#8221;100%&#8221; width_last_edited=&#8221;on|desktop&#8221; max_width=&#8221;100%&#8221; max_width_tablet=&#8221;100%&#8221; max_width_last_edited=&#8221;on|desktop&#8221; module_alignment=&#8221;center&#8221; z_index_tablet=&#8221;500&#8243; make_fullwidth=&#8221;on&#8221;][et_pb_column type=&#8221;1_5&#8243; _builder_version=&#8221;3.0.47&#8243;][et_pb_code admin_label=&#8221;fecha 22\/03&#8243; module_class=&#8221;fecha-evento&#8221; _builder_version=&#8221;3.22.7&#8243; z_index_tablet=&#8221;500&#8243;]Mar<!\u2013- [et_pb_br_holder] -\u2013><!-- [et_pb_line_break_holder] -->22[\/et_pb_code][\/et_pb_column][et_pb_column type=&#8221;3_5&#8243; _builder_version=&#8221;3.0.47&#8243;][et_pb_text admin_label=&#8221;Conference of Dr&#8221; _builder_version=&#8221;3.22.7&#8243; z_index_tablet=&#8221;500&#8243;]<\/p>\n<h3>Conference of Dr. Richard Roberts, Nobel Prize in Medicine in 1993: Are transgenic crops safe?<\/h3>\n<p>Scientific Cycle &#8220;Science seen through the eyes of the Nobel Prizes&#8221; by Obra Social La CaixaPlace: CosmoCaixa &#8211; C\/ Isaac Newton, 26, 08022 Barcelona<br \/>Date: 22.03.2018<br \/>Time: 7:00 p.m.<\/p>\n<h3><a href=\"https:\/\/raed.academy\/en\/transgenic-crops\/\" target=\"_blank\" rel=\"noopener noreferrer\">Further information<\/a><\/h3>\n<p>[\/et_pb_text][\/et_pb_column][et_pb_column type=&#8221;1_5&#8243; _builder_version=&#8221;3.0.47&#8243;][et_pb_gallery gallery_ids=&#8221;54298,54306&#8243; posts_number=&#8221;1&#8243; show_title_and_caption=&#8221;off&#8221; show_pagination=&#8221;off&#8221; zoom_icon_color=&#8221;#6b5d38&#8243; _builder_version=&#8221;3.22.7&#8243; border_radii_image=&#8221;on|4px|4px|4px|4px&#8221; box_shadow_style_image=&#8221;preset2&#8243; custom_margin=&#8221;10px|||&#8221; custom_margin_tablet=&#8221;25px|||&#8221; custom_margin_last_edited=&#8221;on|desktop&#8221; z_index_tablet=&#8221;500&#8243;][\/et_pb_gallery][\/et_pb_column][\/et_pb_row][et_pb_row _builder_version=&#8221;3.22.3&#8243;][et_pb_column type=&#8221;4_4&#8243; _builder_version=&#8221;3.0.47&#8243;][et_pb_text admin_label=&#8221;Texto &#8211; APRIL 2018&#8243; _builder_version=&#8221;3.22.7&#8243; z_index_tablet=&#8221;500&#8243;]<\/p>\n<h2>APRIL 2018<\/h2>\n<p>[\/et_pb_text][\/et_pb_column][\/et_pb_row][et_pb_row use_custom_gutter=&#8221;on&#8221; gutter_width=&#8221;1&#8243; custom_padding=&#8221;||35px|&#8221; make_equal=&#8221;on&#8221; custom_padding_last_edited=&#8221;on|desktop&#8221; padding_right_2=&#8221;45px&#8221; padding_right_3=&#8221;20px&#8221; padding_bottom_1=&#8221;25px&#8221; padding_2_tablet=&#8221;|20px||&#8221; padding_1_last_edited=&#8221;off|phone&#8221; padding_2_last_edited=&#8221;on|desktop&#8221; padding_3_last_edited=&#8221;on|phone&#8221; module_id=&#8221;1001&#8243; module_class=&#8221;evento et_pb_row_fullwidth et_pb_row_fullwidth et_pb_row_fullwidth et_pb_row_fullwidth et_pb_row_fullwidth et_pb_row_fullwidth et_pb_row_fullwidth et_pb_row_fullwidth et_pb_row_fullwidth et_pb_row_fullwidth et_pb_row_fullwidth et_pb_row_fullwidth et_pb_row_fullwidth&#8221; _builder_version=&#8221;3.22.3&#8243; box_shadow_style=&#8221;preset3&#8243; box_shadow_horizontal=&#8221;10px&#8221; width=&#8221;100%&#8221; width_tablet=&#8221;100%&#8221; width_last_edited=&#8221;on|desktop&#8221; max_width=&#8221;100%&#8221; max_width_tablet=&#8221;100%&#8221; max_width_last_edited=&#8221;on|desktop&#8221; module_alignment=&#8221;center&#8221; z_index_tablet=&#8221;500&#8243; make_fullwidth=&#8221;on&#8221;][et_pb_column type=&#8221;1_5&#8243; _builder_version=&#8221;3.0.47&#8243;][et_pb_code admin_label=&#8221;fecha 12\/04&#8243; module_class=&#8221;fecha-evento&#8221; _builder_version=&#8221;3.22.7&#8243; z_index_tablet=&#8221;500&#8243;]Apr<!\u2013- [et_pb_br_holder] -\u2013><!-- [et_pb_line_break_holder] -->12[\/et_pb_code][\/et_pb_column][et_pb_column type=&#8221;3_5&#8243; _builder_version=&#8221;3.0.47&#8243;][et_pb_text admin_label=&#8221;Debate by the Hon. Ms. Dilma Rousseff&#8221; _builder_version=&#8221;3.22.7&#8243; z_index_tablet=&#8221;500&#8243;]<\/p>\n<h3>Debate by the Hon. Ms. Dilma Rousseff &#8211; President of the Federative Republic of Brazil<\/h3>\n<h4>Within the framework of the <a href=\"http:\/\/ceib.tirant.com\/\" target=\"_blank\" rel=\"noopener noreferrer\"><strong>&#8220;C\u00e1tedra de Estudios Jur\u00eddicos Iberoamericanos&#8221;<\/strong><\/a>, under the title: &#8220;Brazil, my experience as President&#8221;<\/h4>\n<p>Speakers:<\/p>\n<ul>\n<li><a href=\"https:\/\/raed.academy\/en\/academicians\/dr-santiago-jose-castella-surribas\/\" target=\"_blank\" rel=\"noopener noreferrer\"><strong>Dr. Santiago J. Castell\u00e0 Surribas<\/strong><\/a>, Full Member of the Royal European Academy of Doctors and Director of the Smart City Chair of the Rovira i Virgili University<\/li>\n<li><a href=\"https:\/\/raed.academy\/en\/academicians\/dr-joan-francesc-pont-clemente\/\" target=\"_blank\" rel=\"noopener noreferrer\"><strong>Dr. Joan Francesc Pont Clemente<\/strong><\/a>, Full Member of the Royal European Academy of Doctors and President of the Social Sciences Section<\/li>\n<\/ul>\n<p>Chaired by: <a href=\"https:\/\/raed.academy\/en\/academicians\/dr-jose-ramon-calvo-fernandez\/\" target=\"_blank\" rel=\"noopener noreferrer\"><strong>Dr. Jos\u00e9 Ram\u00f3n Calvo Fern\u00e1ndez<\/strong><\/a>, Full Member of the Royal European Academy of Doctors and President of the Institute of Interdisciplinary <br \/>ResearchVenue: Auditorium of the Fomento del Trabajo building &#8211; Via Laietana, 32, Pral, Barcelona<br \/>Date: 12.04.2018 at 7:30 p.m.<\/p>\n<h3><a href=\"https:\/\/raed.academy\/en\/speech-dilma-rousseff-raed\/\" target=\"_blank\" rel=\"noopener noreferrer\">Further information<\/a><\/h3>\n<p>[\/et_pb_text][et_pb_video src=&#8221;https:\/\/youtu.be\/erlGsadgdPQ&#8221; _builder_version=&#8221;3.22.7&#8243; z_index_tablet=&#8221;500&#8243;][\/et_pb_video][\/et_pb_column][et_pb_column type=&#8221;1_5&#8243; _builder_version=&#8221;3.0.47&#8243;][et_pb_gallery gallery_ids=&#8221;54516,54514,54520&#8243; posts_number=&#8221;1&#8243; show_title_and_caption=&#8221;off&#8221; show_pagination=&#8221;off&#8221; zoom_icon_color=&#8221;#6b5d38&#8243; _builder_version=&#8221;3.22.7&#8243; border_radii_image=&#8221;on|4px|4px|4px|4px&#8221; box_shadow_style_image=&#8221;preset2&#8243; custom_margin=&#8221;10px|||&#8221; custom_margin_tablet=&#8221;25px|||&#8221; custom_margin_last_edited=&#8221;on|desktop&#8221; z_index_tablet=&#8221;500&#8243;][\/et_pb_gallery][\/et_pb_column][\/et_pb_row][et_pb_row use_custom_gutter=&#8221;on&#8221; gutter_width=&#8221;1&#8243; custom_padding=&#8221;||35px|&#8221; make_equal=&#8221;on&#8221; custom_padding_last_edited=&#8221;on|desktop&#8221; padding_right_2=&#8221;45px&#8221; padding_right_3=&#8221;20px&#8221; padding_bottom_1=&#8221;25px&#8221; padding_2_tablet=&#8221;|20px||&#8221; padding_1_last_edited=&#8221;off|phone&#8221; padding_2_last_edited=&#8221;on|desktop&#8221; padding_3_last_edited=&#8221;on|phone&#8221; module_id=&#8221;1001&#8243; module_class=&#8221;evento et_pb_row_fullwidth et_pb_row_fullwidth et_pb_row_fullwidth et_pb_row_fullwidth et_pb_row_fullwidth et_pb_row_fullwidth et_pb_row_fullwidth et_pb_row_fullwidth et_pb_row_fullwidth et_pb_row_fullwidth et_pb_row_fullwidth et_pb_row_fullwidth et_pb_row_fullwidth&#8221; _builder_version=&#8221;3.22.3&#8243; box_shadow_style=&#8221;preset3&#8243; box_shadow_horizontal=&#8221;10px&#8221; width=&#8221;100%&#8221; width_tablet=&#8221;100%&#8221; width_last_edited=&#8221;on|desktop&#8221; max_width=&#8221;100%&#8221; max_width_tablet=&#8221;100%&#8221; max_width_last_edited=&#8221;on|desktop&#8221; module_alignment=&#8221;center&#8221; z_index_tablet=&#8221;500&#8243; make_fullwidth=&#8221;on&#8221;][et_pb_column type=&#8221;1_5&#8243; _builder_version=&#8221;3.0.47&#8243;][et_pb_code admin_label=&#8221;fecha 13\/04&#8243; module_class=&#8221;fecha-evento&#8221; _builder_version=&#8221;3.22.7&#8243; z_index_tablet=&#8221;500&#8243;]Apr<!\u2013- [et_pb_br_holder] -\u2013><!-- [et_pb_line_break_holder] -->13[\/et_pb_code][\/et_pb_column][et_pb_column type=&#8221;3_5&#8243; _builder_version=&#8221;3.0.47&#8243;][et_pb_text admin_label=&#8221;Cycle concerts with soul&#8221; _builder_version=&#8221;3.22.7&#8243; z_index_tablet=&#8221;500&#8243;]<\/p>\n<h3>Cycle concerts with soul &#8211; Spanish music concert<\/h3>\n<p>Pianist: <strong>Nauzet Mederos<\/strong><\/p>\n<p>Place: Reial Cercle Art\u00edstic de Barcelona &#8211; Carrer dels Arcs, 5, 08002 Barcelona<br \/>Date: 13.04.2018 at 7:30 p.m.<\/p>\n<p>[\/et_pb_text][\/et_pb_column][et_pb_column type=&#8221;1_5&#8243; _builder_version=&#8221;3.0.47&#8243;][et_pb_gallery gallery_ids=&#8221;54548&#8243; posts_number=&#8221;1&#8243; show_title_and_caption=&#8221;off&#8221; show_pagination=&#8221;off&#8221; zoom_icon_color=&#8221;#6b5d38&#8243; _builder_version=&#8221;3.22.7&#8243; border_radii_image=&#8221;on|4px|4px|4px|4px&#8221; box_shadow_style_image=&#8221;preset2&#8243; custom_margin=&#8221;10px|||&#8221; custom_margin_tablet=&#8221;25px|||&#8221; custom_margin_last_edited=&#8221;on|desktop&#8221; z_index_tablet=&#8221;500&#8243;][\/et_pb_gallery][\/et_pb_column][\/et_pb_row][et_pb_row use_custom_gutter=&#8221;on&#8221; gutter_width=&#8221;1&#8243; custom_padding=&#8221;||35px|&#8221; make_equal=&#8221;on&#8221; custom_padding_last_edited=&#8221;on|desktop&#8221; padding_right_2=&#8221;45px&#8221; padding_right_3=&#8221;20px&#8221; padding_bottom_1=&#8221;25px&#8221; padding_2_tablet=&#8221;|20px||&#8221; padding_1_last_edited=&#8221;off|phone&#8221; padding_2_last_edited=&#8221;on|desktop&#8221; padding_3_last_edited=&#8221;on|phone&#8221; module_id=&#8221;1001&#8243; module_class=&#8221;evento et_pb_row_fullwidth et_pb_row_fullwidth et_pb_row_fullwidth et_pb_row_fullwidth et_pb_row_fullwidth et_pb_row_fullwidth et_pb_row_fullwidth et_pb_row_fullwidth et_pb_row_fullwidth et_pb_row_fullwidth et_pb_row_fullwidth et_pb_row_fullwidth et_pb_row_fullwidth&#8221; _builder_version=&#8221;3.22.3&#8243; box_shadow_style=&#8221;preset3&#8243; box_shadow_horizontal=&#8221;10px&#8221; width=&#8221;100%&#8221; width_tablet=&#8221;100%&#8221; width_last_edited=&#8221;on|desktop&#8221; max_width=&#8221;100%&#8221; max_width_tablet=&#8221;100%&#8221; max_width_last_edited=&#8221;on|desktop&#8221; module_alignment=&#8221;center&#8221; z_index_tablet=&#8221;500&#8243; make_fullwidth=&#8221;on&#8221;][et_pb_column type=&#8221;1_5&#8243; _builder_version=&#8221;3.0.47&#8243;][et_pb_code admin_label=&#8221;fecha 26\/04&#8243; module_class=&#8221;fecha-evento&#8221; _builder_version=&#8221;3.22.7&#8243; z_index_tablet=&#8221;500&#8243;]Apr<!\u2013- [et_pb_br_holder] -\u2013><!-- [et_pb_line_break_holder] -->26[\/et_pb_code][\/et_pb_column][et_pb_column type=&#8221;3_5&#8243; _builder_version=&#8221;3.0.47&#8243;][et_pb_text admin_label=&#8221;Conference %22Are We Really Made of Cuarks?%22&#8243; _builder_version=&#8221;3.22.7&#8243; z_index_tablet=&#8221;500&#8243;]<\/p>\n<h3>Conference &#8220;Are We Really Made of Cuarks?&#8221;<\/h3>\n<h4>Scientific Cycle &#8220;Science seen through the eyes of the Nobel Prizes&#8221; &#8211; Obra Social La Caixa<\/h4>\n<p>Conference by Nobel Prize in Physics, Dr. Jerome Isaac Friedman &#8220;Are We Really Made of Cuarks?&#8221;Place: CosmoCaixa \u2013 Carrer d&#8217;Isaac Newton, 26, 08022 Barcelona<br \/>Date: 26.04.2018 at 7:30 p.m.<\/p>\n<h3><a href=\"https:\/\/raed.academy\/en\/the-last-frontier-of-quantum-physics\/\" target=\"_blank\" rel=\"noopener noreferrer\">Further information<\/a><\/h3>\n<p>[\/et_pb_text][\/et_pb_column][et_pb_column type=&#8221;1_5&#8243; _builder_version=&#8221;3.0.47&#8243;][et_pb_gallery gallery_ids=&#8221;54612&#8243; posts_number=&#8221;1&#8243; show_title_and_caption=&#8221;off&#8221; show_pagination=&#8221;off&#8221; zoom_icon_color=&#8221;#6b5d38&#8243; _builder_version=&#8221;3.22.7&#8243; border_radii_image=&#8221;on|4px|4px|4px|4px&#8221; box_shadow_style_image=&#8221;preset2&#8243; custom_margin=&#8221;10px|||&#8221; custom_margin_tablet=&#8221;25px|||&#8221; custom_margin_last_edited=&#8221;on|desktop&#8221; z_index_tablet=&#8221;500&#8243;][\/et_pb_gallery][\/et_pb_column][\/et_pb_row][et_pb_row _builder_version=&#8221;3.22.3&#8243;][et_pb_column type=&#8221;4_4&#8243; _builder_version=&#8221;3.0.47&#8243;][et_pb_text admin_label=&#8221;Texto &#8211; MAY 2018&#8243; _builder_version=&#8221;3.22.7&#8243; z_index_tablet=&#8221;500&#8243;]<\/p>\n<h2>MAY 2018<\/h2>\n<p>[\/et_pb_text][\/et_pb_column][\/et_pb_row][et_pb_row use_custom_gutter=&#8221;on&#8221; gutter_width=&#8221;1&#8243; custom_padding=&#8221;||35px|&#8221; make_equal=&#8221;on&#8221; custom_padding_last_edited=&#8221;on|desktop&#8221; padding_right_2=&#8221;45px&#8221; padding_right_3=&#8221;20px&#8221; padding_bottom_1=&#8221;25px&#8221; padding_2_tablet=&#8221;|20px||&#8221; padding_1_last_edited=&#8221;off|phone&#8221; padding_2_last_edited=&#8221;on|desktop&#8221; padding_3_last_edited=&#8221;on|phone&#8221; module_id=&#8221;1001&#8243; module_class=&#8221;evento et_pb_row_fullwidth et_pb_row_fullwidth et_pb_row_fullwidth et_pb_row_fullwidth et_pb_row_fullwidth et_pb_row_fullwidth et_pb_row_fullwidth et_pb_row_fullwidth et_pb_row_fullwidth et_pb_row_fullwidth et_pb_row_fullwidth et_pb_row_fullwidth et_pb_row_fullwidth&#8221; _builder_version=&#8221;3.22.3&#8243; box_shadow_style=&#8221;preset3&#8243; box_shadow_horizontal=&#8221;10px&#8221; width=&#8221;100%&#8221; width_tablet=&#8221;100%&#8221; width_last_edited=&#8221;on|desktop&#8221; max_width=&#8221;100%&#8221; max_width_tablet=&#8221;100%&#8221; max_width_last_edited=&#8221;on|desktop&#8221; module_alignment=&#8221;center&#8221; z_index_tablet=&#8221;500&#8243; make_fullwidth=&#8221;on&#8221;][et_pb_column type=&#8221;1_5&#8243; _builder_version=&#8221;3.0.47&#8243;][et_pb_code admin_label=&#8221;fecha 8\/05&#8243; module_class=&#8221;fecha-evento&#8221; _builder_version=&#8221;3.22.7&#8243; z_index_tablet=&#8221;500&#8243;]May<!\u2013- [et_pb_br_holder] -\u2013><!-- [et_pb_line_break_holder] -->8[\/et_pb_code][\/et_pb_column][et_pb_column type=&#8221;3_5&#8243; _builder_version=&#8221;3.0.47&#8243;][et_pb_text admin_label=&#8221;Debate: Mystery in life and death&#8221; _builder_version=&#8221;3.22.7&#8243; z_index_tablet=&#8221;500&#8243;]<\/p>\n<h3>Debate: Mystery in life and death &#8211; Tutankhamun<\/h3>\n<h4>The debates of the Royal European Academy of Doctors<\/h4>\n<p>Speaker: <strong>Mr. Hamdi Zaki<br \/><\/strong>Presentation: <strong>Dr. Josep F\u00e8lix Bentz<br \/><\/strong>Place: Reial Cercle Art\u00edstic de Barcelona &#8211; Carrer dels Arcs, 5, 08002 Barcelona<br \/>Date: 26.04.2018 at 7:30 p.m.<\/p>\n<p>[\/et_pb_text][\/et_pb_column][et_pb_column type=&#8221;1_5&#8243; _builder_version=&#8221;3.0.47&#8243;][et_pb_gallery gallery_ids=&#8221;54660,54662,54666&#8243; posts_number=&#8221;1&#8243; show_title_and_caption=&#8221;off&#8221; show_pagination=&#8221;off&#8221; zoom_icon_color=&#8221;#6b5d38&#8243; _builder_version=&#8221;3.22.7&#8243; border_radii_image=&#8221;on|4px|4px|4px|4px&#8221; box_shadow_style_image=&#8221;preset2&#8243; custom_margin=&#8221;10px|||&#8221; custom_margin_tablet=&#8221;25px|||&#8221; custom_margin_last_edited=&#8221;on|desktop&#8221; z_index_tablet=&#8221;500&#8243;][\/et_pb_gallery][\/et_pb_column][\/et_pb_row][et_pb_row use_custom_gutter=&#8221;on&#8221; gutter_width=&#8221;1&#8243; custom_padding=&#8221;||35px|&#8221; make_equal=&#8221;on&#8221; custom_padding_last_edited=&#8221;on|desktop&#8221; padding_right_2=&#8221;45px&#8221; padding_right_3=&#8221;20px&#8221; padding_bottom_1=&#8221;25px&#8221; padding_2_tablet=&#8221;|20px||&#8221; padding_1_last_edited=&#8221;off|phone&#8221; padding_2_last_edited=&#8221;on|desktop&#8221; padding_3_last_edited=&#8221;on|phone&#8221; module_id=&#8221;1001&#8243; module_class=&#8221;evento et_pb_row_fullwidth et_pb_row_fullwidth et_pb_row_fullwidth et_pb_row_fullwidth et_pb_row_fullwidth et_pb_row_fullwidth et_pb_row_fullwidth et_pb_row_fullwidth et_pb_row_fullwidth et_pb_row_fullwidth et_pb_row_fullwidth et_pb_row_fullwidth et_pb_row_fullwidth&#8221; _builder_version=&#8221;3.22.3&#8243; box_shadow_style=&#8221;preset3&#8243; box_shadow_horizontal=&#8221;10px&#8221; width=&#8221;100%&#8221; width_tablet=&#8221;100%&#8221; width_last_edited=&#8221;on|desktop&#8221; max_width=&#8221;100%&#8221; max_width_tablet=&#8221;100%&#8221; max_width_last_edited=&#8221;on|desktop&#8221; module_alignment=&#8221;center&#8221; z_index_tablet=&#8221;500&#8243; make_fullwidth=&#8221;on&#8221;][et_pb_column type=&#8221;1_5&#8243; _builder_version=&#8221;3.0.47&#8243;][et_pb_code admin_label=&#8221;fecha 15\/05&#8243; module_class=&#8221;fecha-evento&#8221; _builder_version=&#8221;3.22.7&#8243; z_index_tablet=&#8221;500&#8243;]May<!\u2013- [et_pb_br_holder] -\u2013><!-- [et_pb_line_break_holder] -->15[\/et_pb_code][\/et_pb_column][et_pb_column type=&#8221;3_5&#8243; _builder_version=&#8221;3.0.47&#8243;][et_pb_text admin_label=&#8221;Entry Naohito Watanabe&#8221; _builder_version=&#8221;3.22.7&#8243; z_index_tablet=&#8221;500&#8243;]<\/p>\n<h3>Admission as Academician of Honor: Mr. Naohito Watanabe &#8211; Consul General of Japan in Barcelona<\/h3>\n<p>Admission speech: <strong>Rub\u00e9n Dar\u00edo, Japan and Japanism<br \/><\/strong>Answering speech: <a href=\"https:\/\/raed.academy\/en\/academicians\/dr-josep-maria-bove-montero\/\" target=\"_blank\" rel=\"noopener noreferrer\">Dr. Jos\u00e9 Mar\u00eda Bov\u00e9 Montero<\/a><\/p>\n<p>Place: Auditorium of the Fomento del Trabajo building &#8211; Via Laietana, 32, Pral, Barcelona<br \/>Date: 15.05.2018 at 7:30 p.m.<\/p>\n<p>[\/et_pb_text][\/et_pb_column][et_pb_column type=&#8221;1_5&#8243; _builder_version=&#8221;3.0.47&#8243;][et_pb_gallery gallery_ids=&#8221;54718&#8243; posts_number=&#8221;1&#8243; show_title_and_caption=&#8221;off&#8221; show_pagination=&#8221;off&#8221; zoom_icon_color=&#8221;#6b5d38&#8243; _builder_version=&#8221;3.22.7&#8243; border_radii_image=&#8221;on|4px|4px|4px|4px&#8221; box_shadow_style_image=&#8221;preset2&#8243; custom_margin=&#8221;10px|||&#8221; custom_margin_tablet=&#8221;25px|||&#8221; custom_margin_last_edited=&#8221;on|desktop&#8221; z_index_tablet=&#8221;500&#8243;][\/et_pb_gallery][\/et_pb_column][\/et_pb_row][et_pb_row use_custom_gutter=&#8221;on&#8221; gutter_width=&#8221;1&#8243; custom_padding=&#8221;||35px|&#8221; make_equal=&#8221;on&#8221; custom_padding_last_edited=&#8221;on|desktop&#8221; padding_right_2=&#8221;45px&#8221; padding_right_3=&#8221;20px&#8221; padding_bottom_1=&#8221;25px&#8221; padding_2_tablet=&#8221;|20px||&#8221; padding_1_last_edited=&#8221;off|phone&#8221; padding_2_last_edited=&#8221;on|desktop&#8221; padding_3_last_edited=&#8221;on|phone&#8221; module_id=&#8221;1001&#8243; module_class=&#8221;evento et_pb_row_fullwidth et_pb_row_fullwidth et_pb_row_fullwidth et_pb_row_fullwidth et_pb_row_fullwidth et_pb_row_fullwidth et_pb_row_fullwidth et_pb_row_fullwidth et_pb_row_fullwidth et_pb_row_fullwidth et_pb_row_fullwidth et_pb_row_fullwidth et_pb_row_fullwidth&#8221; _builder_version=&#8221;3.22.3&#8243; box_shadow_style=&#8221;preset3&#8243; box_shadow_horizontal=&#8221;10px&#8221; width=&#8221;100%&#8221; width_tablet=&#8221;100%&#8221; width_last_edited=&#8221;on|desktop&#8221; max_width=&#8221;100%&#8221; max_width_tablet=&#8221;100%&#8221; max_width_last_edited=&#8221;on|desktop&#8221; module_alignment=&#8221;center&#8221; z_index_tablet=&#8221;500&#8243; make_fullwidth=&#8221;on&#8221;][et_pb_column type=&#8221;1_5&#8243; _builder_version=&#8221;3.0.47&#8243;][et_pb_code admin_label=&#8221;fecha 18\/05&#8243; module_class=&#8221;fecha-evento&#8221; _builder_version=&#8221;3.22.7&#8243; z_index_tablet=&#8221;500&#8243;]May<!\u2013- [et_pb_br_holder] -\u2013><!-- [et_pb_line_break_holder] -->18[\/et_pb_code][\/et_pb_column][et_pb_column type=&#8221;3_5&#8243; _builder_version=&#8221;3.0.47&#8243;][et_pb_text admin_label=&#8221;Cycle concerts with soul&#8221; _builder_version=&#8221;3.22.7&#8243; z_index_tablet=&#8221;500&#8243;]<\/p>\n<h3>Cycle concerts with soul &#8211; Magic Flute<\/h3>\n<ul>\n<li>Flutist: <strong>Linda Chatterton<\/strong><\/li>\n<li>Pianist: <strong>Nauzet Mederos<\/strong><\/li>\n<\/ul>\n<p>Place: Reial Cercle Art\u00edstic de Barcelona &#8211; Carrer dels Arcs, 5, 08002 Barcelona<br \/>Date: 18.05.2018 at 7.30 p.m.<\/p>\n<p>[\/et_pb_text][\/et_pb_column][et_pb_column type=&#8221;1_5&#8243; _builder_version=&#8221;3.0.47&#8243;][et_pb_gallery gallery_ids=&#8221;54748,54746&#8243; posts_number=&#8221;1&#8243; show_title_and_caption=&#8221;off&#8221; show_pagination=&#8221;off&#8221; zoom_icon_color=&#8221;#6b5d38&#8243; _builder_version=&#8221;3.22.7&#8243; border_radii_image=&#8221;on|4px|4px|4px|4px&#8221; box_shadow_style_image=&#8221;preset2&#8243; custom_margin=&#8221;10px|||&#8221; custom_margin_tablet=&#8221;25px|||&#8221; custom_margin_last_edited=&#8221;on|desktop&#8221; z_index_tablet=&#8221;500&#8243;][\/et_pb_gallery][\/et_pb_column][\/et_pb_row][et_pb_row use_custom_gutter=&#8221;on&#8221; gutter_width=&#8221;1&#8243; custom_padding=&#8221;||35px|&#8221; make_equal=&#8221;on&#8221; custom_padding_last_edited=&#8221;on|desktop&#8221; padding_right_2=&#8221;45px&#8221; padding_right_3=&#8221;20px&#8221; padding_bottom_1=&#8221;25px&#8221; padding_2_tablet=&#8221;|20px||&#8221; padding_1_last_edited=&#8221;off|phone&#8221; padding_2_last_edited=&#8221;on|desktop&#8221; padding_3_last_edited=&#8221;on|phone&#8221; module_id=&#8221;1001&#8243; module_class=&#8221;evento et_pb_row_fullwidth et_pb_row_fullwidth et_pb_row_fullwidth et_pb_row_fullwidth et_pb_row_fullwidth et_pb_row_fullwidth et_pb_row_fullwidth et_pb_row_fullwidth et_pb_row_fullwidth et_pb_row_fullwidth et_pb_row_fullwidth et_pb_row_fullwidth et_pb_row_fullwidth&#8221; _builder_version=&#8221;3.22.3&#8243; box_shadow_style=&#8221;preset3&#8243; box_shadow_horizontal=&#8221;10px&#8221; width=&#8221;100%&#8221; width_tablet=&#8221;100%&#8221; width_last_edited=&#8221;on|desktop&#8221; max_width=&#8221;100%&#8221; max_width_tablet=&#8221;100%&#8221; max_width_last_edited=&#8221;on|desktop&#8221; module_alignment=&#8221;center&#8221; z_index_tablet=&#8221;500&#8243; make_fullwidth=&#8221;on&#8221;][et_pb_column type=&#8221;1_5&#8243; _builder_version=&#8221;3.0.47&#8243;][et_pb_code admin_label=&#8221;fecha 22\/05&#8243; module_class=&#8221;fecha-evento&#8221; _builder_version=&#8221;3.22.7&#8243; z_index_tablet=&#8221;500&#8243;]May<!\u2013- [et_pb_br_holder] -\u2013><!-- [et_pb_line_break_holder] -->22[\/et_pb_code][\/et_pb_column][et_pb_column type=&#8221;3_5&#8243; _builder_version=&#8221;3.0.47&#8243;][et_pb_text admin_label=&#8221;Entry Mar\u00eda Asunci\u00f3n Peir\u00e9&#8221; _builder_version=&#8221;3.22.7&#8243; z_index_tablet=&#8221;500&#8243;]<\/p>\n<h3>Admission as Corresponding Academician: Dr. Mar\u00eda Asunci\u00f3n Peir\u00e9<\/h3>\n<p>Admission speech: <a href=\"https:\/\/raed.academy\/wp-content\/uploads\/2018\/05\/discurso-ingreso-Maria-Asuncion-Peire-Farmacologia-Pediatrica.pdf\" target=\"_blank\" rel=\"noopener noreferrer\"><strong>Pediatric Pharmacology: past, present and future perspectives<\/strong><\/a><br \/>Answering speech: <a href=\"https:\/\/raed.academy\/en\/academicians\/dr-pedro-claros-blanch\/\" target=\"_blank\" rel=\"noopener noreferrer\"><strong>Dr. Pedro Clar\u00f3s<\/strong><\/a><\/p>\n<p>Place: Auditorium of the Fomento del Trabajo building &#8211; Via Laietana, 32, Pral, Barcelona<br \/>Date: 22.05.2018 at 7:30 p.m.<\/p>\n<p>[\/et_pb_text][\/et_pb_column][et_pb_column type=&#8221;1_5&#8243; _builder_version=&#8221;3.0.47&#8243;][et_pb_gallery gallery_ids=&#8221;54752&#8243; posts_number=&#8221;1&#8243; show_title_and_caption=&#8221;off&#8221; show_pagination=&#8221;off&#8221; zoom_icon_color=&#8221;#6b5d38&#8243; _builder_version=&#8221;3.22.7&#8243; border_radii_image=&#8221;on|4px|4px|4px|4px&#8221; box_shadow_style_image=&#8221;preset2&#8243; custom_margin=&#8221;10px|||&#8221; custom_margin_tablet=&#8221;25px|||&#8221; custom_margin_last_edited=&#8221;on|desktop&#8221; z_index_tablet=&#8221;500&#8243;][\/et_pb_gallery][\/et_pb_column][\/et_pb_row][et_pb_row use_custom_gutter=&#8221;on&#8221; gutter_width=&#8221;1&#8243; custom_padding=&#8221;||35px|&#8221; make_equal=&#8221;on&#8221; custom_padding_last_edited=&#8221;on|desktop&#8221; padding_right_2=&#8221;45px&#8221; padding_right_3=&#8221;20px&#8221; padding_bottom_1=&#8221;25px&#8221; padding_2_tablet=&#8221;|20px||&#8221; padding_1_last_edited=&#8221;off|phone&#8221; padding_2_last_edited=&#8221;on|desktop&#8221; padding_3_last_edited=&#8221;on|phone&#8221; module_id=&#8221;1001&#8243; module_class=&#8221;evento et_pb_row_fullwidth et_pb_row_fullwidth et_pb_row_fullwidth et_pb_row_fullwidth et_pb_row_fullwidth et_pb_row_fullwidth et_pb_row_fullwidth et_pb_row_fullwidth et_pb_row_fullwidth et_pb_row_fullwidth et_pb_row_fullwidth et_pb_row_fullwidth et_pb_row_fullwidth&#8221; _builder_version=&#8221;3.22.3&#8243; box_shadow_style=&#8221;preset3&#8243; box_shadow_horizontal=&#8221;10px&#8221; width=&#8221;100%&#8221; width_tablet=&#8221;100%&#8221; width_last_edited=&#8221;on|desktop&#8221; max_width=&#8221;100%&#8221; max_width_tablet=&#8221;100%&#8221; max_width_last_edited=&#8221;on|desktop&#8221; module_alignment=&#8221;center&#8221; z_index_tablet=&#8221;500&#8243; make_fullwidth=&#8221;on&#8221;][et_pb_column type=&#8221;1_5&#8243; _builder_version=&#8221;3.0.47&#8243;][et_pb_code admin_label=&#8221;fecha 31\/05&#8243; module_class=&#8221;fecha-evento&#8221; _builder_version=&#8221;3.22.7&#8243; z_index_tablet=&#8221;500&#8243;]May<!\u2013- [et_pb_br_holder] -\u2013><!-- [et_pb_line_break_holder] -->31[\/et_pb_code][\/et_pb_column][et_pb_column type=&#8221;3_5&#8243; _builder_version=&#8221;3.0.47&#8243;][et_pb_text admin_label=&#8221;Cycle concerts with soul&#8221; _builder_version=&#8221;3.22.7&#8243; z_index_tablet=&#8221;500&#8243;]<\/p>\n<h3>Cycle concerts with soul &#8211; Magic Flute<\/h3>\n<ul>\n<li>Flutist: <strong>Linda Chatterton<\/strong><\/li>\n<li>Pianist: <strong>Nauzet Mederos<\/strong><\/li>\n<\/ul>\n<p>Place: Reial Cercle Art\u00edstic de Barcelona &#8211; Carrer dels Arcs, 5, 08002 Barcelona<br \/>Date: 18.05.2018 at 7.30 p.m.<\/p>\n<p>[\/et_pb_text][\/et_pb_column][et_pb_column type=&#8221;1_5&#8243; _builder_version=&#8221;3.0.47&#8243;][et_pb_gallery gallery_ids=&#8221;54748,54746&#8243; posts_number=&#8221;1&#8243; show_title_and_caption=&#8221;off&#8221; show_pagination=&#8221;off&#8221; zoom_icon_color=&#8221;#6b5d38&#8243; _builder_version=&#8221;3.22.7&#8243; border_radii_image=&#8221;on|4px|4px|4px|4px&#8221; box_shadow_style_image=&#8221;preset2&#8243; custom_margin=&#8221;10px|||&#8221; custom_margin_tablet=&#8221;25px|||&#8221; custom_margin_last_edited=&#8221;on|desktop&#8221; z_index_tablet=&#8221;500&#8243;][\/et_pb_gallery][\/et_pb_column][\/et_pb_row][et_pb_row _builder_version=&#8221;3.22.3&#8243;][et_pb_column type=&#8221;4_4&#8243; _builder_version=&#8221;3.0.47&#8243;][et_pb_text admin_label=&#8221;Texto &#8211; JUNE 2018&#8243; _builder_version=&#8221;3.22.7&#8243; z_index_tablet=&#8221;500&#8243;]<\/p>\n<h2>JUNE 2018<\/h2>\n<p>[\/et_pb_text][\/et_pb_column][\/et_pb_row][et_pb_row use_custom_gutter=&#8221;on&#8221; gutter_width=&#8221;1&#8243; custom_padding=&#8221;||35px|&#8221; make_equal=&#8221;on&#8221; custom_padding_last_edited=&#8221;on|desktop&#8221; padding_right_2=&#8221;45px&#8221; padding_right_3=&#8221;20px&#8221; padding_bottom_1=&#8221;25px&#8221; padding_2_tablet=&#8221;|20px||&#8221; padding_1_last_edited=&#8221;off|phone&#8221; padding_2_last_edited=&#8221;on|desktop&#8221; padding_3_last_edited=&#8221;on|phone&#8221; module_id=&#8221;1001&#8243; module_class=&#8221;evento et_pb_row_fullwidth et_pb_row_fullwidth et_pb_row_fullwidth et_pb_row_fullwidth et_pb_row_fullwidth et_pb_row_fullwidth et_pb_row_fullwidth et_pb_row_fullwidth et_pb_row_fullwidth et_pb_row_fullwidth et_pb_row_fullwidth et_pb_row_fullwidth et_pb_row_fullwidth&#8221; _builder_version=&#8221;3.22.3&#8243; box_shadow_style=&#8221;preset3&#8243; box_shadow_horizontal=&#8221;10px&#8221; width=&#8221;100%&#8221; width_tablet=&#8221;100%&#8221; width_last_edited=&#8221;on|desktop&#8221; max_width=&#8221;100%&#8221; max_width_tablet=&#8221;100%&#8221; max_width_last_edited=&#8221;on|desktop&#8221; module_alignment=&#8221;center&#8221; z_index_tablet=&#8221;500&#8243; make_fullwidth=&#8221;on&#8221;][et_pb_column type=&#8221;1_5&#8243; _builder_version=&#8221;3.0.47&#8243;][et_pb_code admin_label=&#8221;fecha 1\/06&#8243; module_class=&#8221;fecha-evento&#8221; _builder_version=&#8221;3.22.7&#8243; z_index_tablet=&#8221;500&#8243;]Jun<!\u2013- [et_pb_br_holder] -\u2013><!-- [et_pb_line_break_holder] -->1[\/et_pb_code][\/et_pb_column][et_pb_column type=&#8221;3_5&#8243; _builder_version=&#8221;3.0.47&#8243;][et_pb_text admin_label=&#8221;Entry Juan Vicente Sola&#8221; _builder_version=&#8221;3.22.7&#8243; z_index_tablet=&#8221;500&#8243;]<\/p>\n<h3>Act of admission as Numerary Academician: <a href=\"https:\/\/raed.academy\/en\/academicians\/dr-juan-vicente-sola\" target=\"_blank\" rel=\"noopener noreferrer\"><strong>Dr. Juan Vicente Sola<\/strong><\/a>, Doctor in Law and Economics<\/h3>\n<p>Admission speech: <a href=\"https:\/\/raed.academy\/wp-content\/uploads\/2018\/06\/discurso-ingreso-Juan-Vicente-Sola-Pluralismo-y-corporativismo.pdf\" target=\"_blank\" rel=\"noopener noreferrer\"><strong>\u201cPluralismo y Corporativismo. El freno a la Econom\u00eda din\u00e1mica\u201d<\/strong><\/a><br \/>Speech in reply by <strong><a href=\"https:\/\/raed.academy\/academicos\/dr-edmund-phelps\/\" target=\"_blank\" rel=\"noopener noreferrer\">His Excellency Dr. Edmund Phelps<\/a>, Honorary Academician of the RAED and Nobel Prize in Economics 2006<\/strong><\/p>\n<p>Place: Assembly Hall of the Foment del Treball building &#8211; Via Laietana, 32, Pral, Barcelona<br \/>Date: 01.06.2018 at 6 p.m.<\/p>\n<p>[\/et_pb_text][\/et_pb_column][et_pb_column type=&#8221;1_5&#8243; _builder_version=&#8221;3.0.47&#8243;][et_pb_gallery gallery_ids=&#8221;54870,54864,54872&#8243; posts_number=&#8221;1&#8243; show_title_and_caption=&#8221;off&#8221; show_pagination=&#8221;off&#8221; zoom_icon_color=&#8221;#6b5d38&#8243; _builder_version=&#8221;3.22.7&#8243; border_radii_image=&#8221;on|4px|4px|4px|4px&#8221; box_shadow_style_image=&#8221;preset2&#8243; custom_margin=&#8221;10px|||&#8221; custom_margin_tablet=&#8221;25px|||&#8221; custom_margin_last_edited=&#8221;on|desktop&#8221; z_index_tablet=&#8221;500&#8243;][\/et_pb_gallery][\/et_pb_column][\/et_pb_row][et_pb_row use_custom_gutter=&#8221;on&#8221; gutter_width=&#8221;1&#8243; custom_padding=&#8221;||35px|&#8221; make_equal=&#8221;on&#8221; custom_padding_last_edited=&#8221;on|desktop&#8221; padding_right_2=&#8221;45px&#8221; padding_right_3=&#8221;20px&#8221; padding_bottom_1=&#8221;25px&#8221; padding_2_tablet=&#8221;|20px||&#8221; padding_1_last_edited=&#8221;off|phone&#8221; padding_2_last_edited=&#8221;on|desktop&#8221; padding_3_last_edited=&#8221;on|phone&#8221; module_id=&#8221;1001&#8243; module_class=&#8221;evento et_pb_row_fullwidth et_pb_row_fullwidth et_pb_row_fullwidth et_pb_row_fullwidth et_pb_row_fullwidth et_pb_row_fullwidth et_pb_row_fullwidth et_pb_row_fullwidth et_pb_row_fullwidth et_pb_row_fullwidth et_pb_row_fullwidth et_pb_row_fullwidth et_pb_row_fullwidth&#8221; _builder_version=&#8221;3.22.3&#8243; box_shadow_style=&#8221;preset3&#8243; box_shadow_horizontal=&#8221;10px&#8221; width=&#8221;100%&#8221; width_tablet=&#8221;100%&#8221; width_last_edited=&#8221;on|desktop&#8221; max_width=&#8221;100%&#8221; max_width_tablet=&#8221;100%&#8221; max_width_last_edited=&#8221;on|desktop&#8221; module_alignment=&#8221;center&#8221; z_index_tablet=&#8221;500&#8243; make_fullwidth=&#8221;on&#8221;][et_pb_column type=&#8221;1_5&#8243; _builder_version=&#8221;3.0.47&#8243;][et_pb_code admin_label=&#8221;fecha 5\/06&#8243; module_class=&#8221;fecha-evento&#8221; _builder_version=&#8221;3.22.7&#8243; z_index_tablet=&#8221;500&#8243;]Jun<!\u2013- [et_pb_br_holder] -\u2013><!-- [et_pb_line_break_holder] -->5[\/et_pb_code][\/et_pb_column][et_pb_column type=&#8221;3_5&#8243; _builder_version=&#8221;3.0.47&#8243;][et_pb_text admin_label=&#8221;Debate %22Education in technology&#8221; _builder_version=&#8221;3.22.7&#8243; z_index_tablet=&#8221;500&#8243;]<\/p>\n<h3>Debate &#8220;Education in technology. Engineering education: a model under review in Spain&#8221;<\/h3>\n<p>Chaired by: <a href=\"https:\/\/raed.academy\/en\/academicians\/dr-jaime-rodrigo-de-larrucea\/\" target=\"_blank\" rel=\"noopener noreferrer\"><strong>Dr. Jaime Rodrigo de Larrucea<\/strong><\/a>. President of the RAED Technology Section. Professor of Maritime Law (UPC).Speakers:<\/p>\n<ul>\n<li><a href=\"https:\/\/raed.academy\/en\/academicians\/dr-eugenio-onate-de-navarra\/\" target=\"_blank\" rel=\"noopener noreferrer\"><strong>Dr. Eugenio O\u00f1ate<\/strong><\/a>. Professor ETS Caminos Channels and Ports. Director CIMNE and Vice President of the RAED.<\/li>\n<li><a href=\"https:\/\/raed.academy\/en\/academicians\/dr-javier-gil-mur\/\" target=\"_blank\" rel=\"noopener noreferrer\"><strong>Dr. Xaviel Gil<\/strong><\/a>. Professor of Materials Engineering. Rector UIC.<\/li>\n<li><a href=\"https:\/\/raed.academy\/en\/academicians\/dr-lluis-vicent-safont\/\" target=\"_blank\" rel=\"noopener noreferrer\"><strong>Dr. Llu\u00eds Vicent<\/strong><\/a>. Dr. in \u201cICT and ICT Management\u201d and Telecommunications Engineer. Promoter and first rector of the Open University La Salle.<\/li>\n<\/ul>\n<p>Place: Assembly Hall of the Foment del Treball building &#8211; Via Laietana, 32, Pral, Barcelona<br \/>Date: 05.06.2018 at 7 p.m.<\/p>\n<h3><a href=\"https:\/\/raed.academy\/en\/contact\/\" target=\"_blank\" rel=\"noopener noreferrer\">Confirm attendance<\/a><\/h3>\n<p>[\/et_pb_text][\/et_pb_column][et_pb_column type=&#8221;1_5&#8243; _builder_version=&#8221;3.0.47&#8243;][et_pb_gallery gallery_ids=&#8221;54922,54928&#8243; posts_number=&#8221;1&#8243; show_title_and_caption=&#8221;off&#8221; show_pagination=&#8221;off&#8221; zoom_icon_color=&#8221;#6b5d38&#8243; _builder_version=&#8221;3.22.7&#8243; border_radii_image=&#8221;on|4px|4px|4px|4px&#8221; box_shadow_style_image=&#8221;preset2&#8243; custom_margin=&#8221;10px|||&#8221; custom_margin_tablet=&#8221;25px|||&#8221; custom_margin_last_edited=&#8221;on|desktop&#8221; z_index_tablet=&#8221;500&#8243;][\/et_pb_gallery][\/et_pb_column][\/et_pb_row][et_pb_row use_custom_gutter=&#8221;on&#8221; gutter_width=&#8221;1&#8243; custom_padding=&#8221;||35px|&#8221; make_equal=&#8221;on&#8221; custom_padding_last_edited=&#8221;on|desktop&#8221; padding_right_2=&#8221;45px&#8221; padding_right_3=&#8221;20px&#8221; padding_bottom_1=&#8221;25px&#8221; padding_2_tablet=&#8221;|20px||&#8221; padding_1_last_edited=&#8221;off|phone&#8221; padding_2_last_edited=&#8221;on|desktop&#8221; padding_3_last_edited=&#8221;on|phone&#8221; module_id=&#8221;1001&#8243; module_class=&#8221;evento et_pb_row_fullwidth et_pb_row_fullwidth et_pb_row_fullwidth et_pb_row_fullwidth et_pb_row_fullwidth et_pb_row_fullwidth et_pb_row_fullwidth et_pb_row_fullwidth et_pb_row_fullwidth et_pb_row_fullwidth et_pb_row_fullwidth et_pb_row_fullwidth et_pb_row_fullwidth&#8221; _builder_version=&#8221;3.22.3&#8243; box_shadow_style=&#8221;preset3&#8243; box_shadow_horizontal=&#8221;10px&#8221; width=&#8221;100%&#8221; width_tablet=&#8221;100%&#8221; width_last_edited=&#8221;on|desktop&#8221; max_width=&#8221;100%&#8221; max_width_tablet=&#8221;100%&#8221; max_width_last_edited=&#8221;on|desktop&#8221; module_alignment=&#8221;center&#8221; z_index_tablet=&#8221;500&#8243; make_fullwidth=&#8221;on&#8221;][et_pb_column type=&#8221;1_5&#8243; _builder_version=&#8221;3.0.47&#8243;][et_pb_code admin_label=&#8221;fecha 7\/06&#8243; module_class=&#8221;fecha-evento&#8221; _builder_version=&#8221;3.22.7&#8243; z_index_tablet=&#8221;500&#8243;]Jun<!\u2013- [et_pb_br_holder] -\u2013><!-- [et_pb_line_break_holder] -->7[\/et_pb_code][\/et_pb_column][et_pb_column type=&#8221;3_5&#8243; _builder_version=&#8221;3.0.47&#8243;][et_pb_text admin_label=&#8221;Lecture: The great accidental discoveries&#8221; _builder_version=&#8221;3.22.7&#8243; z_index_tablet=&#8221;500&#8243;]<\/p>\n<h3>Lecture: The great accidental discoveries<\/h3>\n<p>Conference by Nobel Prize in Physics Sheldon Lee Glashow, in the cycle &#8220;Science seen through the eyes of Nobel Laureates&#8221; (Obra Social La Caixa)Dr. Glashow will talk about scientifically valuable findings that do not occur as a result of the so-called scientific method (hypothesis formulation, proof and subsequent acceptance or rejection), but accidentally or accidentally as an unexpected accidental discovery.<\/p>\n<p>Place: CosmoCaixa &#8211; C \/ Isaac Newton, 26, 08022 Barcelona<br \/>Date: 07.06.2018 at 7:00 p.m.<\/p>\n<p>[\/et_pb_text][\/et_pb_column][et_pb_column type=&#8221;1_5&#8243; _builder_version=&#8221;3.0.47&#8243;][et_pb_gallery gallery_ids=&#8221;54958,54964&#8243; posts_number=&#8221;1&#8243; show_title_and_caption=&#8221;off&#8221; show_pagination=&#8221;off&#8221; zoom_icon_color=&#8221;#6b5d38&#8243; _builder_version=&#8221;3.22.7&#8243; border_radii_image=&#8221;on|4px|4px|4px|4px&#8221; box_shadow_style_image=&#8221;preset2&#8243; custom_margin=&#8221;10px|||&#8221; custom_margin_tablet=&#8221;25px|||&#8221; custom_margin_last_edited=&#8221;on|desktop&#8221; z_index_tablet=&#8221;500&#8243;][\/et_pb_gallery][\/et_pb_column][\/et_pb_row][et_pb_row use_custom_gutter=&#8221;on&#8221; gutter_width=&#8221;1&#8243; custom_padding=&#8221;||35px|&#8221; make_equal=&#8221;on&#8221; custom_padding_last_edited=&#8221;on|desktop&#8221; padding_right_2=&#8221;45px&#8221; padding_right_3=&#8221;20px&#8221; padding_bottom_1=&#8221;25px&#8221; padding_2_tablet=&#8221;|20px||&#8221; padding_1_last_edited=&#8221;off|phone&#8221; padding_2_last_edited=&#8221;on|desktop&#8221; padding_3_last_edited=&#8221;on|phone&#8221; module_id=&#8221;1001&#8243; module_class=&#8221;evento et_pb_row_fullwidth et_pb_row_fullwidth et_pb_row_fullwidth et_pb_row_fullwidth et_pb_row_fullwidth et_pb_row_fullwidth et_pb_row_fullwidth et_pb_row_fullwidth et_pb_row_fullwidth et_pb_row_fullwidth et_pb_row_fullwidth et_pb_row_fullwidth et_pb_row_fullwidth&#8221; _builder_version=&#8221;3.22.3&#8243; box_shadow_style=&#8221;preset3&#8243; box_shadow_horizontal=&#8221;10px&#8221; width=&#8221;100%&#8221; width_tablet=&#8221;100%&#8221; width_last_edited=&#8221;on|desktop&#8221; max_width=&#8221;100%&#8221; max_width_tablet=&#8221;100%&#8221; max_width_last_edited=&#8221;on|desktop&#8221; module_alignment=&#8221;center&#8221; z_index_tablet=&#8221;500&#8243; make_fullwidth=&#8221;on&#8221;][et_pb_column type=&#8221;1_5&#8243; _builder_version=&#8221;3.0.47&#8243;][et_pb_code admin_label=&#8221;fecha 12\/06&#8243; module_class=&#8221;fecha-evento&#8221; _builder_version=&#8221;3.22.7&#8243; z_index_tablet=&#8221;500&#8243;]Jun<!\u2013- [et_pb_br_holder] -\u2013><!-- [et_pb_line_break_holder] -->12[\/et_pb_code][\/et_pb_column][et_pb_column type=&#8221;3_5&#8243; _builder_version=&#8221;3.0.47&#8243;][et_pb_text admin_label=&#8221;Entry Mireia de las Heras Maestro&#8221; _builder_version=&#8221;3.22.7&#8243; z_index_tablet=&#8221;500&#8243;]<\/p>\n<h3>Act of admission as Numerary Academician: Mireia de las Heras Maestro<\/h3>\n<p>Admission speech: <a href=\"https:\/\/raed.academy\/wp-content\/uploads\/2018\/06\/discurso-ingreso-Mireia-Las-Heras-Maestro-El-Valor-Del-Liderazgo.pdf\" target=\"_blank\" rel=\"noopener noreferrer\"><strong>El valor del Liderazgo<\/strong><\/a><br \/>Speech in reply by <a href=\"https:\/\/raed.academy\/en\/academicians\/dr-jose-antonio-segarra-torres\/\" target=\"_blank\" rel=\"noopener noreferrer\"><strong>Dr. Jos\u00e9 Antonio Segarra<\/strong><\/a><\/p>\n<p>Place: Assembly Hall of the Foment del Treball building &#8211; Via Laietana, 32, Pral, Barcelona<br \/>Date: 12.06.2018 at 7:00 p.m.<\/p>\n<p>[\/et_pb_text][\/et_pb_column][et_pb_column type=&#8221;1_5&#8243; _builder_version=&#8221;3.0.47&#8243;][et_pb_gallery gallery_ids=&#8221;55000&#8243; posts_number=&#8221;1&#8243; show_title_and_caption=&#8221;off&#8221; show_pagination=&#8221;off&#8221; zoom_icon_color=&#8221;#6b5d38&#8243; _builder_version=&#8221;3.22.7&#8243; border_radii_image=&#8221;on|4px|4px|4px|4px&#8221; box_shadow_style_image=&#8221;preset2&#8243; custom_margin=&#8221;10px|||&#8221; custom_margin_tablet=&#8221;25px|||&#8221; custom_margin_last_edited=&#8221;on|desktop&#8221; z_index_tablet=&#8221;500&#8243;][\/et_pb_gallery][\/et_pb_column][\/et_pb_row][et_pb_row use_custom_gutter=&#8221;on&#8221; gutter_width=&#8221;1&#8243; custom_padding=&#8221;||35px|&#8221; make_equal=&#8221;on&#8221; custom_padding_last_edited=&#8221;on|desktop&#8221; padding_right_2=&#8221;45px&#8221; padding_right_3=&#8221;20px&#8221; padding_bottom_1=&#8221;25px&#8221; padding_2_tablet=&#8221;|20px||&#8221; padding_1_last_edited=&#8221;off|phone&#8221; padding_2_last_edited=&#8221;on|desktop&#8221; padding_3_last_edited=&#8221;on|phone&#8221; module_id=&#8221;1001&#8243; module_class=&#8221;evento et_pb_row_fullwidth et_pb_row_fullwidth et_pb_row_fullwidth et_pb_row_fullwidth et_pb_row_fullwidth et_pb_row_fullwidth et_pb_row_fullwidth et_pb_row_fullwidth et_pb_row_fullwidth et_pb_row_fullwidth et_pb_row_fullwidth et_pb_row_fullwidth et_pb_row_fullwidth&#8221; _builder_version=&#8221;3.22.3&#8243; box_shadow_style=&#8221;preset3&#8243; box_shadow_horizontal=&#8221;10px&#8221; width=&#8221;100%&#8221; width_tablet=&#8221;100%&#8221; width_last_edited=&#8221;on|desktop&#8221; max_width=&#8221;100%&#8221; max_width_tablet=&#8221;100%&#8221; max_width_last_edited=&#8221;on|desktop&#8221; module_alignment=&#8221;center&#8221; z_index_tablet=&#8221;500&#8243; make_fullwidth=&#8221;on&#8221;][et_pb_column type=&#8221;1_5&#8243; _builder_version=&#8221;3.0.47&#8243;][et_pb_code admin_label=&#8221;fecha 20\/06&#8243; module_class=&#8221;fecha-evento&#8221; _builder_version=&#8221;3.22.7&#8243; z_index_tablet=&#8221;500&#8243;]Jun<!\u2013- [et_pb_br_holder] -\u2013><!-- [et_pb_line_break_holder] -->20[\/et_pb_code][\/et_pb_column][et_pb_column type=&#8221;3_5&#8243; _builder_version=&#8221;3.0.47&#8243;][et_pb_text admin_label=&#8221;Entry Marta Pulido Mestre&#8221; _builder_version=&#8221;3.22.7&#8243; z_index_tablet=&#8221;500&#8243;]<\/p>\n<h3>Act of admission as Corresponding Academician: <a href=\"https:\/\/raed.academy\/en\/academicians\/dr-marta-pulido-mestre\/\" target=\"_blank\" rel=\"noopener noreferrer\"><strong>Dra. Marta Pulido Mestre<\/strong><\/a>, Doctor of Medicine and Surgery<\/h3>\n<p>Admission speech: <a href=\"https:\/\/raed.academy\/wp-content\/uploads\/2018\/06\/discurso-ingreso-Marta-Pulido-Mestre-Autoria-de-las-Publicaciones-Cientificas.pdf\" target=\"_blank\" rel=\"noopener noreferrer\"><strong>&#8220;Reflexiones sobre la autor\u00eda de las publicaciones cient\u00edficas&#8221;<\/strong><\/a><br \/>Speech in reply by <strong><a href=\"https:\/\/raed.academy\/en\/academicians\/dr-pedro-claros-blanch\/\" target=\"_blank\" rel=\"noopener noreferrer\">Dr. Pedro Clar\u00f3s<\/a><\/strong>.<\/p>\n<p>Place: Real C\u00edrculo Art\u00edstico de Barcelona. C\/ dels Arcs, 5, 08002 Barcelona<br \/>Date: 20.06.2018 at 7:30 p.m.<\/p>\n<p>[\/et_pb_text][\/et_pb_column][et_pb_column type=&#8221;1_5&#8243; _builder_version=&#8221;3.0.47&#8243;][et_pb_gallery gallery_ids=&#8221;55082&#8243; posts_number=&#8221;1&#8243; show_title_and_caption=&#8221;off&#8221; show_pagination=&#8221;off&#8221; zoom_icon_color=&#8221;#6b5d38&#8243; _builder_version=&#8221;3.22.7&#8243; border_radii_image=&#8221;on|4px|4px|4px|4px&#8221; box_shadow_style_image=&#8221;preset2&#8243; custom_margin=&#8221;10px|||&#8221; custom_margin_tablet=&#8221;25px|||&#8221; custom_margin_last_edited=&#8221;on|desktop&#8221; z_index_tablet=&#8221;500&#8243;][\/et_pb_gallery][\/et_pb_column][\/et_pb_row][et_pb_row use_custom_gutter=&#8221;on&#8221; gutter_width=&#8221;1&#8243; custom_padding=&#8221;||35px|&#8221; make_equal=&#8221;on&#8221; custom_padding_last_edited=&#8221;on|desktop&#8221; padding_right_2=&#8221;45px&#8221; padding_right_3=&#8221;20px&#8221; padding_bottom_1=&#8221;25px&#8221; padding_2_tablet=&#8221;|20px||&#8221; padding_1_last_edited=&#8221;off|phone&#8221; padding_2_last_edited=&#8221;on|desktop&#8221; padding_3_last_edited=&#8221;on|phone&#8221; module_id=&#8221;1001&#8243; module_class=&#8221;evento et_pb_row_fullwidth et_pb_row_fullwidth et_pb_row_fullwidth et_pb_row_fullwidth et_pb_row_fullwidth et_pb_row_fullwidth et_pb_row_fullwidth et_pb_row_fullwidth et_pb_row_fullwidth et_pb_row_fullwidth et_pb_row_fullwidth et_pb_row_fullwidth et_pb_row_fullwidth&#8221; _builder_version=&#8221;3.22.3&#8243; box_shadow_style=&#8221;preset3&#8243; box_shadow_horizontal=&#8221;10px&#8221; width=&#8221;100%&#8221; width_tablet=&#8221;100%&#8221; width_last_edited=&#8221;on|desktop&#8221; max_width=&#8221;100%&#8221; max_width_tablet=&#8221;100%&#8221; max_width_last_edited=&#8221;on|desktop&#8221; module_alignment=&#8221;center&#8221; z_index_tablet=&#8221;500&#8243; make_fullwidth=&#8221;on&#8221;][et_pb_column type=&#8221;1_5&#8243; _builder_version=&#8221;3.0.47&#8243;][et_pb_code admin_label=&#8221;fecha 21\/06&#8243; module_class=&#8221;fecha-evento&#8221; _builder_version=&#8221;3.22.7&#8243; z_index_tablet=&#8221;500&#8243;]Jun<!\u2013- [et_pb_br_holder] -\u2013><!-- [et_pb_line_break_holder] -->21[\/et_pb_code][\/et_pb_column][et_pb_column type=&#8221;3_5&#8243; _builder_version=&#8221;3.0.47&#8243;][et_pb_text admin_label=&#8221;Debate %22Women who change the world%22&#8243; _builder_version=&#8221;3.22.7&#8243; z_index_tablet=&#8221;500&#8243;]<\/p>\n<h3>Debate &#8220;Women who change the world&#8221;<\/h3>\n<h4>They will intervene<\/h4>\n<ul>\n<li><strong>Aldo Olcese Santonja<\/strong>, President of the <a href=\"http:\/\/fundacionindependiente.es\/\" target=\"_blank\" rel=\"noopener noreferrer\">Independent Foundation<\/a><\/li>\n<li><a href=\"https:\/\/raed.academy\/en\/academicians\/dr-alfredo-rocafort-nicolau\/\" target=\"_blank\" rel=\"noopener noreferrer\"><strong>Alfredo Rocafort Nicolau<\/strong><\/a>, President of the Royal European Academy of Doctors<\/li>\n<\/ul>\n<h4>Discussion table:<\/h4>\n<ul>\n<li><strong>Ana Bujald\u00f3n<\/strong>, President of the Spanish Federation of Women Directors, Executives, Professionals and Businesswomen<\/li>\n<li><strong>Arantza Mart\u00ednez<\/strong>, hyperrealist painter<\/li>\n<li><strong>Karen Biain<\/strong>, Director of Branded Content of Unidad Editorial<\/li>\n<li><strong>Paloma Domingo<\/strong>, General Director of the Spanish Science and Technology Foundation<\/li>\n<li><strong>Rosa Rubio<\/strong>, Member of the Fiscal Council and Deputy Prosecutor of the Civil Specialty and of Legal Protection of Persons with Disabilities for the Autonomous Community of the Canary Islands<\/li>\n<li><a href=\"https:\/\/raed.academy\/en\/academicians\/dra-teresa-freixes-sanjuan\/\" target=\"_blank\" rel=\"noopener noreferrer\"><strong>Teresa Freixes<\/strong><\/a>, Professor of Constitutional Law<\/li>\n<\/ul>\n<p>The debate will be moderated by <strong>Dr. Cecilia Kindelan<\/strong>, journalist, lawyer and member of the Institute of Interdisciplinary Research of the RAED.<\/p>\n<p>Place: Club Financiero G\u00e9nova \u2013 Minerva Room. C\/ Marqu\u00e9s de la Ensenada, 14, planta 14 \u2013 Madrid (MADRID)<br \/>Date\/time: 21.06.2018 at 6:30 p.m.<\/p>\n<p>[\/et_pb_text][\/et_pb_column][et_pb_column type=&#8221;1_5&#8243; _builder_version=&#8221;3.0.47&#8243;][et_pb_gallery gallery_ids=&#8221;55106,55104,55108&#8243; posts_number=&#8221;1&#8243; show_title_and_caption=&#8221;off&#8221; show_pagination=&#8221;off&#8221; zoom_icon_color=&#8221;#6b5d38&#8243; _builder_version=&#8221;3.22.7&#8243; border_radii_image=&#8221;on|4px|4px|4px|4px&#8221; box_shadow_style_image=&#8221;preset2&#8243; custom_margin=&#8221;10px|||&#8221; custom_margin_tablet=&#8221;25px|||&#8221; custom_margin_last_edited=&#8221;on|desktop&#8221; z_index_tablet=&#8221;500&#8243;][\/et_pb_gallery][\/et_pb_column][\/et_pb_row][et_pb_row use_custom_gutter=&#8221;on&#8221; gutter_width=&#8221;1&#8243; custom_padding=&#8221;||35px|&#8221; make_equal=&#8221;on&#8221; custom_padding_last_edited=&#8221;on|desktop&#8221; padding_right_2=&#8221;45px&#8221; padding_right_3=&#8221;20px&#8221; padding_bottom_1=&#8221;25px&#8221; padding_2_tablet=&#8221;|20px||&#8221; padding_1_last_edited=&#8221;off|phone&#8221; padding_2_last_edited=&#8221;on|desktop&#8221; padding_3_last_edited=&#8221;on|phone&#8221; module_id=&#8221;1001&#8243; module_class=&#8221;evento et_pb_row_fullwidth et_pb_row_fullwidth et_pb_row_fullwidth et_pb_row_fullwidth et_pb_row_fullwidth et_pb_row_fullwidth et_pb_row_fullwidth et_pb_row_fullwidth et_pb_row_fullwidth et_pb_row_fullwidth et_pb_row_fullwidth et_pb_row_fullwidth et_pb_row_fullwidth&#8221; _builder_version=&#8221;3.22.3&#8243; box_shadow_style=&#8221;preset3&#8243; box_shadow_horizontal=&#8221;10px&#8221; width=&#8221;100%&#8221; width_tablet=&#8221;100%&#8221; width_last_edited=&#8221;on|desktop&#8221; max_width=&#8221;100%&#8221; max_width_tablet=&#8221;100%&#8221; max_width_last_edited=&#8221;on|desktop&#8221; module_alignment=&#8221;center&#8221; z_index_tablet=&#8221;500&#8243; make_fullwidth=&#8221;on&#8221;][et_pb_column type=&#8221;1_5&#8243; _builder_version=&#8221;3.0.47&#8243;][et_pb_code admin_label=&#8221;fecha 28\/06&#8243; module_class=&#8221;fecha-evento&#8221; _builder_version=&#8221;3.22.7&#8243; z_index_tablet=&#8221;500&#8243;]Jun<!\u2013- [et_pb_br_holder] -\u2013><!-- [et_pb_line_break_holder] -->28[\/et_pb_code][\/et_pb_column][et_pb_column type=&#8221;3_5&#8243; _builder_version=&#8221;3.0.47&#8243;][et_pb_text admin_label=&#8221;Debate. Sustainability, Challenges of the Pension System&#8221; _builder_version=&#8221;3.22.7&#8243; z_index_tablet=&#8221;500&#8243;]<\/p>\n<h3>Debate. Sustainability, Challenges of the Pension System<\/h3>\n<p>Speakers:<\/p>\n<ul>\n<li><strong>Myrta Casanovas<\/strong>, businesswoman and philanthropist<\/li>\n<li><a href=\"https:\/\/raed.academy\/en\/academicians\/dr-jose-maria-gay-de-liebana-saludas\/\" target=\"_blank\" rel=\"noopener noreferrer\"><strong>Jos\u00e9 Mar\u00eda Gay de Li\u00e9bana<\/strong><\/a>, teacher and academic of the RAED<\/li>\n<li><strong>Jos\u00e9 Lu\u00eds Bonet<\/strong>, President of the Chamber of Spain and academic of the RAED<\/li>\n<li><a href=\"https:\/\/raed.academy\/en\/academicians\/dr-jose-luis-salido-banus\/\" target=\"_blank\" rel=\"noopener noreferrer\"><strong>Jos\u00e9 Lu\u00eds Salido<\/strong><\/a>, professor and academic of the RAED<\/li>\n<li><strong>Pau Miret<\/strong>, UAB professor<\/li>\n<\/ul>\n<p>Chaired by:<\/p>\n<ul>\n<li><strong>Agust\u00ed Salas<\/strong>, journalist from the Economics Section of El Peri\u00f3dico.<\/li>\n<\/ul>\n<p>Place: Assembly Hall of Work Promotion &#8211; Via Laietana, 32, Pral, Barcelona<br \/>Date: 28.06.2018 at 6 p.m.<\/p>\n<p>[\/et_pb_text][et_pb_video src=&#8221;https:\/\/youtu.be\/d5Q6Bpu65UI&#8221; _builder_version=&#8221;3.22.7&#8243; z_index_tablet=&#8221;500&#8243;][\/et_pb_video][\/et_pb_column][et_pb_column type=&#8221;1_5&#8243; _builder_version=&#8221;3.0.47&#8243;][et_pb_gallery gallery_ids=&#8221;63995,64009,63986&#8243; posts_number=&#8221;1&#8243; show_title_and_caption=&#8221;off&#8221; show_pagination=&#8221;off&#8221; zoom_icon_color=&#8221;#6b5d38&#8243; _builder_version=&#8221;3.22.7&#8243; border_radii_image=&#8221;on|4px|4px|4px|4px&#8221; box_shadow_style_image=&#8221;preset2&#8243; custom_margin=&#8221;10px|||&#8221; custom_margin_tablet=&#8221;25px|||&#8221; custom_margin_last_edited=&#8221;on|desktop&#8221; z_index_tablet=&#8221;500&#8243;][\/et_pb_gallery][\/et_pb_column][\/et_pb_row][et_pb_row _builder_version=&#8221;3.22.3&#8243;][et_pb_column type=&#8221;4_4&#8243; _builder_version=&#8221;3.0.47&#8243;][et_pb_text admin_label=&#8221;Texto &#8211; JULY 2018&#8243; _builder_version=&#8221;3.22.7&#8243; z_index_tablet=&#8221;500&#8243;]<\/p>\n<h2>JULY 2018<\/h2>\n<p>[\/et_pb_text][\/et_pb_column][\/et_pb_row][et_pb_row use_custom_gutter=&#8221;on&#8221; gutter_width=&#8221;1&#8243; custom_padding=&#8221;||35px|&#8221; make_equal=&#8221;on&#8221; custom_padding_last_edited=&#8221;on|desktop&#8221; padding_right_2=&#8221;45px&#8221; padding_right_3=&#8221;20px&#8221; padding_bottom_1=&#8221;25px&#8221; padding_2_tablet=&#8221;|20px||&#8221; padding_1_last_edited=&#8221;off|phone&#8221; padding_2_last_edited=&#8221;on|desktop&#8221; padding_3_last_edited=&#8221;on|phone&#8221; module_id=&#8221;1001&#8243; module_class=&#8221;evento et_pb_row_fullwidth et_pb_row_fullwidth et_pb_row_fullwidth et_pb_row_fullwidth et_pb_row_fullwidth et_pb_row_fullwidth et_pb_row_fullwidth et_pb_row_fullwidth et_pb_row_fullwidth et_pb_row_fullwidth et_pb_row_fullwidth et_pb_row_fullwidth et_pb_row_fullwidth&#8221; _builder_version=&#8221;3.22.3&#8243; box_shadow_style=&#8221;preset3&#8243; box_shadow_horizontal=&#8221;10px&#8221; width=&#8221;100%&#8221; width_tablet=&#8221;100%&#8221; width_last_edited=&#8221;on|desktop&#8221; max_width=&#8221;100%&#8221; max_width_tablet=&#8221;100%&#8221; max_width_last_edited=&#8221;on|desktop&#8221; module_alignment=&#8221;center&#8221; z_index_tablet=&#8221;500&#8243; make_fullwidth=&#8221;on&#8221;][et_pb_column type=&#8221;1_5&#8243; _builder_version=&#8221;3.0.47&#8243;][et_pb_code admin_label=&#8221;fecha 2\/07&#8243; module_class=&#8221;fecha-evento&#8221; _builder_version=&#8221;3.22.7&#8243; z_index_tablet=&#8221;500&#8243;]Jul<!\u2013- [et_pb_br_holder] -\u2013><!-- [et_pb_line_break_holder] -->2[\/et_pb_code][\/et_pb_column][et_pb_column type=&#8221;3_5&#8243; _builder_version=&#8221;3.0.47&#8243;][et_pb_text admin_label=&#8221;5th cycle concert %22Conciertos Con Alma%22&#8243; _builder_version=&#8221;3.22.7&#8243; z_index_tablet=&#8221;500&#8243;]<\/p>\n<h3>5th cycle concert &#8220;Conciertos Con Alma&#8221;. Recital of classical music<\/h3>\n<p>Performers:<\/p>\n<ul>\n<li>Ivan Mart\u00edn, pianist<\/li>\n<li>Sheila G\u00f3mez, violinist<\/li>\n<\/ul>\n<h4>Concert program<\/h4>\n<p>Place: Hall of the Atlantes of the Royal Artistic Circle of Barcelona, C\/ dels Arcs, 5, 08002 Barcelona<br \/>Date\/time: 02.07.2018 at 7:30 p.m.<\/p>\n<p>[\/et_pb_text][\/et_pb_column][et_pb_column type=&#8221;1_5&#8243; _builder_version=&#8221;3.0.47&#8243;][et_pb_gallery gallery_ids=&#8221;47611&#8243; posts_number=&#8221;1&#8243; show_title_and_caption=&#8221;off&#8221; show_pagination=&#8221;off&#8221; zoom_icon_color=&#8221;#6b5d38&#8243; _builder_version=&#8221;3.22.7&#8243; border_radii_image=&#8221;on|4px|4px|4px|4px&#8221; box_shadow_style_image=&#8221;preset2&#8243; custom_margin=&#8221;10px|||&#8221; custom_margin_tablet=&#8221;25px|||&#8221; custom_margin_last_edited=&#8221;on|desktop&#8221; z_index_tablet=&#8221;500&#8243;][\/et_pb_gallery][\/et_pb_column][\/et_pb_row][et_pb_row use_custom_gutter=&#8221;on&#8221; gutter_width=&#8221;1&#8243; custom_padding=&#8221;||35px|&#8221; make_equal=&#8221;on&#8221; custom_padding_last_edited=&#8221;on|desktop&#8221; padding_right_2=&#8221;45px&#8221; padding_right_3=&#8221;20px&#8221; padding_bottom_1=&#8221;25px&#8221; padding_2_tablet=&#8221;|20px||&#8221; padding_1_last_edited=&#8221;off|phone&#8221; padding_2_last_edited=&#8221;on|desktop&#8221; padding_3_last_edited=&#8221;on|phone&#8221; module_id=&#8221;1001&#8243; module_class=&#8221;evento et_pb_row_fullwidth et_pb_row_fullwidth et_pb_row_fullwidth et_pb_row_fullwidth et_pb_row_fullwidth et_pb_row_fullwidth et_pb_row_fullwidth et_pb_row_fullwidth et_pb_row_fullwidth et_pb_row_fullwidth et_pb_row_fullwidth et_pb_row_fullwidth et_pb_row_fullwidth&#8221; _builder_version=&#8221;3.22.3&#8243; box_shadow_style=&#8221;preset3&#8243; box_shadow_horizontal=&#8221;10px&#8221; width=&#8221;100%&#8221; width_tablet=&#8221;100%&#8221; width_last_edited=&#8221;on|desktop&#8221; max_width=&#8221;100%&#8221; max_width_tablet=&#8221;100%&#8221; max_width_last_edited=&#8221;on|desktop&#8221; module_alignment=&#8221;center&#8221; z_index_tablet=&#8221;500&#8243; make_fullwidth=&#8221;on&#8221;][et_pb_column type=&#8221;1_5&#8243; _builder_version=&#8221;3.0.47&#8243;][et_pb_code admin_label=&#8221;fecha 11-18\/07&#8243; module_class=&#8221;fecha-evento&#8221; _builder_version=&#8221;3.22.7&#8243; z_index_tablet=&#8221;500&#8243;]Jul<!\u2013- [et_pb_br_holder] -\u2013><!-- [et_pb_line_break_holder] -->11-18[\/et_pb_code][\/et_pb_column][et_pb_column type=&#8221;3_5&#8243; _builder_version=&#8221;3.0.47&#8243;][et_pb_text admin_label=&#8221;IV International Act&#8221; _builder_version=&#8221;3.22.7&#8243; z_index_tablet=&#8221;500&#8243;]<\/p>\n<h3>IV International Act &#8211; European Congress of Interdisciplinary Research&#8221;Science, Ethics and Humanism&#8221;<\/h3>\n<p>Celebration of the IV International Congr\u00e9s of the Reial Acad\u00e8mia in different cities of the Mediterranean. From 11 to 18 July<\/p>\n<ul>\n<li>Session of multidisciplinary papers by Academicians of the RAED<\/li>\n<li>Visit to the Pontifical Academy of Sciences:\n<ul>\n<li>Welcome by the great Chancellor of the Academy, <strong>Monsignor Marcelo S\u00e1nchez Sorondo<\/strong>, and <strong><a href=\"https:\/\/raed.academy\/en\/academicians\/dr-lluis-martinez-sistach\/\" target=\"_blank\" rel=\"noopener noreferrer\"> Cardinal Llu\u00eds Mart\u00ednez Sistach<\/a><\/strong><\/li>\n<li>Academic dialogue: <strong>&#8220;The challenges of current science and humanism seen from the perspective of scientific academies&#8221;<\/strong><\/li>\n<\/ul>\n<\/li>\n<li>Academic Dialogue &#8220;Science and life of a scientist&#8221;.<\/li>\n<li>Visit to Valldemossa, Mallorca:\n<ul>\n<li>Press conference in Valldemossa.<\/li>\n<li>Lecture by <strong>Ms. Rosa Capllong: &#8220;George Sand and Frederic Chopin, a winter in Mallorca&#8221;<\/strong><\/li>\n<li>Piano concert by Iv\u00e1n Mart\u00edn. Interpretation of Chopin&#8217;s themes.<\/li>\n<\/ul>\n<\/li>\n<li>Act of entrance of the Nobel Prizes: <a href=\"https:\/\/raed.academy\/en\/academicians\/dr-barry-clark-barish\/\" target=\"_blank\" rel=\"noopener noreferrer\"> <strong> Barry Clark Barish<\/strong><\/a> i <a href=\"https:\/\/raed.academy\/en\/academicians\/dr-richard-royce-schrock\/\" target=\"_blank\" rel=\"noopener noreferrer\"> <strong> Richard Royce Schrock <\/strong><\/a>.<\/li>\n<\/ul>\n<p>[\/et_pb_text][\/et_pb_column][et_pb_column type=&#8221;1_5&#8243; _builder_version=&#8221;3.0.47&#8243;][et_pb_gallery gallery_ids=&#8221;47686,47968,55313&#8243; posts_number=&#8221;1&#8243; show_title_and_caption=&#8221;off&#8221; show_pagination=&#8221;off&#8221; zoom_icon_color=&#8221;#6b5d38&#8243; _builder_version=&#8221;3.22.7&#8243; border_radii_image=&#8221;on|4px|4px|4px|4px&#8221; box_shadow_style_image=&#8221;preset2&#8243; custom_margin=&#8221;10px|||&#8221; custom_margin_tablet=&#8221;25px|||&#8221; custom_margin_last_edited=&#8221;on|desktop&#8221; z_index_tablet=&#8221;500&#8243;][\/et_pb_gallery][\/et_pb_column][\/et_pb_row][et_pb_row _builder_version=&#8221;3.22.3&#8243;][et_pb_column type=&#8221;4_4&#8243; _builder_version=&#8221;3.0.47&#8243;][et_pb_text admin_label=&#8221;Texto &#8211; SEPTEMBER 2018&#8243; _builder_version=&#8221;3.22.7&#8243; z_index_tablet=&#8221;500&#8243;]<\/p>\n<h2>SEPTEMBER 2018<\/h2>\n<p>[\/et_pb_text][\/et_pb_column][\/et_pb_row][et_pb_row use_custom_gutter=&#8221;on&#8221; gutter_width=&#8221;1&#8243; custom_padding=&#8221;||35px|&#8221; make_equal=&#8221;on&#8221; custom_padding_last_edited=&#8221;on|desktop&#8221; padding_right_2=&#8221;45px&#8221; padding_right_3=&#8221;20px&#8221; padding_bottom_1=&#8221;25px&#8221; padding_2_tablet=&#8221;|20px||&#8221; padding_1_last_edited=&#8221;off|phone&#8221; padding_2_last_edited=&#8221;on|desktop&#8221; padding_3_last_edited=&#8221;on|phone&#8221; module_id=&#8221;1001&#8243; module_class=&#8221;evento et_pb_row_fullwidth et_pb_row_fullwidth et_pb_row_fullwidth et_pb_row_fullwidth et_pb_row_fullwidth et_pb_row_fullwidth et_pb_row_fullwidth et_pb_row_fullwidth et_pb_row_fullwidth et_pb_row_fullwidth et_pb_row_fullwidth et_pb_row_fullwidth et_pb_row_fullwidth&#8221; _builder_version=&#8221;3.22.3&#8243; box_shadow_style=&#8221;preset3&#8243; box_shadow_horizontal=&#8221;10px&#8221; width=&#8221;100%&#8221; width_tablet=&#8221;100%&#8221; width_last_edited=&#8221;on|desktop&#8221; max_width=&#8221;100%&#8221; max_width_tablet=&#8221;100%&#8221; max_width_last_edited=&#8221;on|desktop&#8221; module_alignment=&#8221;center&#8221; z_index_tablet=&#8221;500&#8243; make_fullwidth=&#8221;on&#8221;][et_pb_column type=&#8221;1_5&#8243; _builder_version=&#8221;3.0.47&#8243;][et_pb_code admin_label=&#8221;fecha 13\/09&#8243; module_class=&#8221;fecha-evento&#8221; _builder_version=&#8221;3.22.7&#8243; z_index_tablet=&#8221;500&#8243;]Sep<!\u2013- [et_pb_br_holder] -\u2013><!-- [et_pb_line_break_holder] -->13[\/et_pb_code][\/et_pb_column][et_pb_column type=&#8221;3_5&#8243; _builder_version=&#8221;3.0.47&#8243;][et_pb_text admin_label=&#8221;Entry Josep Maria Ustrell i Torrent&#8221; _builder_version=&#8221;3.22.7&#8243; z_index_tablet=&#8221;500&#8243;]<\/p>\n<h3>Admission as a Full Member: Josep Maria Ustrell i Torrent<\/h3>\n<p>Admission Speech: <a href=\"https:\/\/raed.academy\/wp-content\/uploads\/2018\/09\/discurso-ingreso-Josep-Maria-Ustrell-i-Torrent.pdf\" target=\"_blank\" rel=\"noopener noreferrer\"><strong>Perspectiva Human\u00edstica de la Bio\u00e9tica en Estomatolog\u00eda\/Odontolog\u00eda<\/strong><\/a><br \/>Speech in reply by <strong><a href=\"https:\/\/raed.academy\/en\/academicians\/dr-ferran-guedea-edo\/\" target=\"_blank\" rel=\"noopener noreferrer\">Dr Ferran Guedea Edo<\/a><\/strong><\/p>\n<p>Place: Assembly Hall of Work Promotion \u2013 Via Laietana, 32, Pral, Barcelona<br \/>Date: 13.09.2018 at 7 p.m.<\/p>\n<p>[\/et_pb_text][\/et_pb_column][et_pb_column type=&#8221;1_5&#8243; _builder_version=&#8221;3.0.47&#8243;][et_pb_gallery gallery_ids=&#8221;56121&#8243; posts_number=&#8221;1&#8243; show_title_and_caption=&#8221;off&#8221; show_pagination=&#8221;off&#8221; zoom_icon_color=&#8221;#6b5d38&#8243; _builder_version=&#8221;3.22.7&#8243; border_radii_image=&#8221;on|4px|4px|4px|4px&#8221; box_shadow_style_image=&#8221;preset2&#8243; custom_margin=&#8221;10px|||&#8221; custom_margin_tablet=&#8221;25px|||&#8221; custom_margin_last_edited=&#8221;on|desktop&#8221; z_index_tablet=&#8221;500&#8243;][\/et_pb_gallery][\/et_pb_column][\/et_pb_row][et_pb_row use_custom_gutter=&#8221;on&#8221; gutter_width=&#8221;1&#8243; custom_padding=&#8221;||35px|&#8221; make_equal=&#8221;on&#8221; custom_padding_last_edited=&#8221;on|desktop&#8221; padding_right_2=&#8221;45px&#8221; padding_right_3=&#8221;20px&#8221; padding_bottom_1=&#8221;25px&#8221; padding_2_tablet=&#8221;|20px||&#8221; padding_1_last_edited=&#8221;off|phone&#8221; padding_2_last_edited=&#8221;on|desktop&#8221; padding_3_last_edited=&#8221;on|phone&#8221; module_id=&#8221;1001&#8243; module_class=&#8221;evento et_pb_row_fullwidth et_pb_row_fullwidth et_pb_row_fullwidth et_pb_row_fullwidth et_pb_row_fullwidth et_pb_row_fullwidth et_pb_row_fullwidth et_pb_row_fullwidth et_pb_row_fullwidth et_pb_row_fullwidth et_pb_row_fullwidth et_pb_row_fullwidth et_pb_row_fullwidth&#8221; _builder_version=&#8221;3.22.3&#8243; box_shadow_style=&#8221;preset3&#8243; box_shadow_horizontal=&#8221;10px&#8221; width=&#8221;100%&#8221; width_tablet=&#8221;100%&#8221; width_last_edited=&#8221;on|desktop&#8221; max_width=&#8221;100%&#8221; max_width_tablet=&#8221;100%&#8221; max_width_last_edited=&#8221;on|desktop&#8221; module_alignment=&#8221;center&#8221; z_index_tablet=&#8221;500&#8243; make_fullwidth=&#8221;on&#8221;][et_pb_column type=&#8221;1_5&#8243; _builder_version=&#8221;3.0.47&#8243;][et_pb_code admin_label=&#8221;fecha 20\/09&#8243; module_class=&#8221;fecha-evento&#8221; _builder_version=&#8221;3.22.7&#8243; z_index_tablet=&#8221;500&#8243;]Sep<!\u2013- [et_pb_br_holder] -\u2013><!-- [et_pb_line_break_holder] -->20[\/et_pb_code][\/et_pb_column][et_pb_column type=&#8221;3_5&#8243; _builder_version=&#8221;3.0.47&#8243;][et_pb_text admin_label=&#8221;Entry Rafael Urrialde de Andr\u00e9s&#8221; _builder_version=&#8221;3.22.7&#8243; z_index_tablet=&#8221;500&#8243;]<\/p>\n<h3>Admission as Corresponding Member: <a href=\"https:\/\/raed.academy\/en\/academicians\/dr-rafael-urrialde-de-andres\/\" target=\"_blank\" rel=\"noopener noreferrer\">Rafael Urrialde de Andr\u00e9s<\/a><\/h3>\n<p>Admission Speech: <strong>Evoluci\u00f3n de la Informaci\u00f3n Relacionada con la Alimentaci\u00f3n y la Nutrici\u00f3n: Retos de Adaptaci\u00f3n por el Consumidor<br \/><\/strong>Speech in reply by<strong> <a href=\"https:\/\/raed.academy\/en\/academicians\/dr-lluis-serra-majem\/\" target=\"_blank\" rel=\"noopener noreferrer\">Dr. Llu\u00eds Serra Majem<\/a><\/strong><\/p>\n<p>Place: Assembly Hall of Work Promotion \u2013 Via Laietana, 32, Pral, Barcelona<br \/>Date: 20.09.2018 at 7.30 p.m.<\/p>\n<p>[\/et_pb_text][\/et_pb_column][et_pb_column type=&#8221;1_5&#8243; _builder_version=&#8221;3.0.47&#8243;][et_pb_gallery gallery_ids=&#8221;56600&#8243; posts_number=&#8221;1&#8243; show_title_and_caption=&#8221;off&#8221; show_pagination=&#8221;off&#8221; zoom_icon_color=&#8221;#6b5d38&#8243; _builder_version=&#8221;3.22.7&#8243; border_radii_image=&#8221;on|4px|4px|4px|4px&#8221; box_shadow_style_image=&#8221;preset2&#8243; custom_margin=&#8221;10px|||&#8221; custom_margin_tablet=&#8221;25px|||&#8221; custom_margin_last_edited=&#8221;on|desktop&#8221; z_index_tablet=&#8221;500&#8243;][\/et_pb_gallery][\/et_pb_column][\/et_pb_row][et_pb_row use_custom_gutter=&#8221;on&#8221; gutter_width=&#8221;1&#8243; custom_padding=&#8221;||35px|&#8221; make_equal=&#8221;on&#8221; custom_padding_last_edited=&#8221;on|desktop&#8221; padding_right_2=&#8221;45px&#8221; padding_right_3=&#8221;20px&#8221; padding_bottom_1=&#8221;25px&#8221; padding_2_tablet=&#8221;|20px||&#8221; padding_1_last_edited=&#8221;off|phone&#8221; padding_2_last_edited=&#8221;on|desktop&#8221; padding_3_last_edited=&#8221;on|phone&#8221; module_id=&#8221;1001&#8243; module_class=&#8221;evento et_pb_row_fullwidth et_pb_row_fullwidth et_pb_row_fullwidth et_pb_row_fullwidth et_pb_row_fullwidth et_pb_row_fullwidth et_pb_row_fullwidth et_pb_row_fullwidth et_pb_row_fullwidth et_pb_row_fullwidth et_pb_row_fullwidth et_pb_row_fullwidth et_pb_row_fullwidth&#8221; _builder_version=&#8221;3.22.3&#8243; box_shadow_style=&#8221;preset3&#8243; box_shadow_horizontal=&#8221;10px&#8221; width=&#8221;100%&#8221; width_tablet=&#8221;100%&#8221; width_last_edited=&#8221;on|desktop&#8221; max_width=&#8221;100%&#8221; max_width_tablet=&#8221;100%&#8221; max_width_last_edited=&#8221;on|desktop&#8221; module_alignment=&#8221;center&#8221; z_index_tablet=&#8221;500&#8243; make_fullwidth=&#8221;on&#8221;][et_pb_column type=&#8221;1_5&#8243; _builder_version=&#8221;3.0.47&#8243;][et_pb_code admin_label=&#8221;fecha 21\/09&#8243; module_class=&#8221;fecha-evento&#8221; _builder_version=&#8221;3.22.7&#8243; z_index_tablet=&#8221;500&#8243;]Sep<!\u2013- [et_pb_br_holder] -\u2013><!-- [et_pb_line_break_holder] -->21[\/et_pb_code][\/et_pb_column][et_pb_column type=&#8221;3_5&#8243; _builder_version=&#8221;3.0.47&#8243;][et_pb_text admin_label=&#8221;6th concert of the %22Concerts With Soul%22 series&#8221; _builder_version=&#8221;3.22.7&#8243; z_index_tablet=&#8221;500&#8243;]<\/p>\n<h3>6th concert of the &#8220;Concerts With Soul&#8221; series<\/h3>\n<p>Interpreter: <strong>Edith Pe\u00f1a, pianist<\/strong><\/p>\n<p>Place: Hall of the Atlantes of the Royal Artistic Circle of Barcelona, C\/ Arcs, 5, 08002 Barcelona<br \/>Date: 21.09.2018 at 7.30 p.m.<\/p>\n<p>[\/et_pb_text][\/et_pb_column][et_pb_column type=&#8221;1_5&#8243; _builder_version=&#8221;3.0.47&#8243;][et_pb_gallery gallery_ids=&#8221;56729&#8243; posts_number=&#8221;1&#8243; show_title_and_caption=&#8221;off&#8221; show_pagination=&#8221;off&#8221; zoom_icon_color=&#8221;#6b5d38&#8243; _builder_version=&#8221;3.22.7&#8243; border_radii_image=&#8221;on|4px|4px|4px|4px&#8221; box_shadow_style_image=&#8221;preset2&#8243; custom_margin=&#8221;10px|||&#8221; custom_margin_tablet=&#8221;25px|||&#8221; custom_margin_last_edited=&#8221;on|desktop&#8221; z_index_tablet=&#8221;500&#8243;][\/et_pb_gallery][\/et_pb_column][\/et_pb_row][et_pb_row use_custom_gutter=&#8221;on&#8221; gutter_width=&#8221;1&#8243; custom_padding=&#8221;||35px|&#8221; make_equal=&#8221;on&#8221; custom_padding_last_edited=&#8221;on|desktop&#8221; padding_right_2=&#8221;45px&#8221; padding_right_3=&#8221;20px&#8221; padding_bottom_1=&#8221;25px&#8221; padding_2_tablet=&#8221;|20px||&#8221; padding_1_last_edited=&#8221;off|phone&#8221; padding_2_last_edited=&#8221;on|desktop&#8221; padding_3_last_edited=&#8221;on|phone&#8221; module_id=&#8221;1001&#8243; module_class=&#8221;evento et_pb_row_fullwidth et_pb_row_fullwidth et_pb_row_fullwidth et_pb_row_fullwidth et_pb_row_fullwidth et_pb_row_fullwidth et_pb_row_fullwidth et_pb_row_fullwidth et_pb_row_fullwidth et_pb_row_fullwidth et_pb_row_fullwidth et_pb_row_fullwidth et_pb_row_fullwidth&#8221; _builder_version=&#8221;3.22.3&#8243; box_shadow_style=&#8221;preset3&#8243; box_shadow_horizontal=&#8221;10px&#8221; width=&#8221;100%&#8221; width_tablet=&#8221;100%&#8221; width_last_edited=&#8221;on|desktop&#8221; max_width=&#8221;100%&#8221; max_width_tablet=&#8221;100%&#8221; max_width_last_edited=&#8221;on|desktop&#8221; module_alignment=&#8221;center&#8221; z_index_tablet=&#8221;500&#8243; make_fullwidth=&#8221;on&#8221;][et_pb_column type=&#8221;1_5&#8243; _builder_version=&#8221;3.0.47&#8243;][et_pb_code admin_label=&#8221;fecha 26\/09&#8243; module_class=&#8221;fecha-evento&#8221; _builder_version=&#8221;3.22.7&#8243; z_index_tablet=&#8221;500&#8243;]Sep<!\u2013- [et_pb_br_holder] -\u2013><!-- [et_pb_line_break_holder] -->26[\/et_pb_code][\/et_pb_column][et_pb_column type=&#8221;3_5&#8243; _builder_version=&#8221;3.0.47&#8243;][et_pb_text admin_label=&#8221;Extraordinary concert&#8221; _builder_version=&#8221;3.22.7&#8243; z_index_tablet=&#8221;500&#8243;]<\/p>\n<h3>Extraordinary concert<\/h3>\n<p>Interpreter: <strong>Facundo Gonz\u00e1lez Laborde<\/strong>, pianist<\/p>\n<p>Place: Hall of the Atlantes of the Royal Artistic Circle of Barcelona, C\/ Arcs, 5, 08002 Barcelona<br \/>Date: 26.09.2018 at 7.30 p.m.<\/p>\n<p>[\/et_pb_text][\/et_pb_column][et_pb_column type=&#8221;1_5&#8243; _builder_version=&#8221;3.0.47&#8243;][et_pb_gallery gallery_ids=&#8221;56843&#8243; posts_number=&#8221;1&#8243; show_title_and_caption=&#8221;off&#8221; show_pagination=&#8221;off&#8221; zoom_icon_color=&#8221;#6b5d38&#8243; _builder_version=&#8221;3.22.7&#8243; border_radii_image=&#8221;on|4px|4px|4px|4px&#8221; box_shadow_style_image=&#8221;preset2&#8243; custom_margin=&#8221;10px|||&#8221; custom_margin_tablet=&#8221;25px|||&#8221; custom_margin_last_edited=&#8221;on|desktop&#8221; z_index_tablet=&#8221;500&#8243;][\/et_pb_gallery][\/et_pb_column][\/et_pb_row][et_pb_row _builder_version=&#8221;3.22.3&#8243;][et_pb_column type=&#8221;4_4&#8243; _builder_version=&#8221;3.0.47&#8243;][et_pb_text admin_label=&#8221;Texto &#8211; OCTOBER 2018&#8243; _builder_version=&#8221;3.22.7&#8243; z_index_tablet=&#8221;500&#8243;]<\/p>\n<h2>OCTOBER 2018<\/h2>\n<p>[\/et_pb_text][\/et_pb_column][\/et_pb_row][et_pb_row use_custom_gutter=&#8221;on&#8221; gutter_width=&#8221;1&#8243; custom_padding=&#8221;||35px|&#8221; make_equal=&#8221;on&#8221; custom_padding_last_edited=&#8221;on|desktop&#8221; padding_right_2=&#8221;45px&#8221; padding_right_3=&#8221;20px&#8221; padding_bottom_1=&#8221;25px&#8221; padding_2_tablet=&#8221;|20px||&#8221; padding_1_last_edited=&#8221;off|phone&#8221; padding_2_last_edited=&#8221;on|desktop&#8221; padding_3_last_edited=&#8221;on|phone&#8221; module_id=&#8221;1001&#8243; module_class=&#8221;evento et_pb_row_fullwidth et_pb_row_fullwidth et_pb_row_fullwidth et_pb_row_fullwidth et_pb_row_fullwidth et_pb_row_fullwidth et_pb_row_fullwidth et_pb_row_fullwidth et_pb_row_fullwidth et_pb_row_fullwidth et_pb_row_fullwidth et_pb_row_fullwidth et_pb_row_fullwidth&#8221; _builder_version=&#8221;3.22.3&#8243; box_shadow_style=&#8221;preset3&#8243; box_shadow_horizontal=&#8221;10px&#8221; width=&#8221;100%&#8221; width_tablet=&#8221;100%&#8221; width_last_edited=&#8221;on|desktop&#8221; max_width=&#8221;100%&#8221; max_width_tablet=&#8221;100%&#8221; max_width_last_edited=&#8221;on|desktop&#8221; module_alignment=&#8221;center&#8221; z_index_tablet=&#8221;500&#8243; make_fullwidth=&#8221;on&#8221;][et_pb_column type=&#8221;1_5&#8243; _builder_version=&#8221;3.0.47&#8243;][et_pb_code admin_label=&#8221;fecha 4\/10&#8243; module_class=&#8221;fecha-evento&#8221; _builder_version=&#8221;3.22.7&#8243; z_index_tablet=&#8221;500&#8243;]Oct<!\u2013- [et_pb_br_holder] -\u2013><!-- [et_pb_line_break_holder] -->4[\/et_pb_code][\/et_pb_column][et_pb_column type=&#8221;3_5&#8243; _builder_version=&#8221;3.0.47&#8243;][et_pb_text admin_label=&#8221;Entry Jes\u00fas Lafuente Baraza&#8221; _builder_version=&#8221;3.22.7&#8243; z_index_tablet=&#8221;500&#8243;]<\/p>\n<h3>Admission as Corresponding Member: <a href=\"https:\/\/raed.academy\/en\/academicians\/dr-jesus-lafuente-baraza\/\" target=\"_blank\" rel=\"noopener noreferrer\">Jes\u00fas Lafuente Baraza<\/a><\/h3>\n<p>Admission Speech: <strong>Los retos de la neurocirug\u00eda en el siglo XXI <br \/><\/strong>Speech in reply by <a href=\"https:\/\/raed.academy\/en\/academicians\/dr-luis-carriere-lluch\/\" target=\"_blank\" rel=\"noopener noreferrer\"><strong>Dr. Luis Carriere Lluch<\/strong><\/a><\/p>\n<p>Place: Assembly Hall of Work Promotion \u2013 Via Laietana, 32, Pral, Barcelona<br \/>Date: 04.10.2018 at 19:30 p.m.<\/p>\n<p>[\/et_pb_text][\/et_pb_column][et_pb_column type=&#8221;1_5&#8243; _builder_version=&#8221;3.0.47&#8243;][et_pb_gallery gallery_ids=&#8221;57764&#8243; posts_number=&#8221;1&#8243; show_title_and_caption=&#8221;off&#8221; show_pagination=&#8221;off&#8221; zoom_icon_color=&#8221;#6b5d38&#8243; _builder_version=&#8221;3.22.7&#8243; border_radii_image=&#8221;on|4px|4px|4px|4px&#8221; box_shadow_style_image=&#8221;preset2&#8243; custom_margin=&#8221;10px|||&#8221; custom_margin_tablet=&#8221;25px|||&#8221; custom_margin_last_edited=&#8221;on|desktop&#8221; z_index_tablet=&#8221;500&#8243;][\/et_pb_gallery][\/et_pb_column][\/et_pb_row][et_pb_row use_custom_gutter=&#8221;on&#8221; gutter_width=&#8221;1&#8243; custom_padding=&#8221;||35px|&#8221; make_equal=&#8221;on&#8221; custom_padding_last_edited=&#8221;on|desktop&#8221; padding_right_2=&#8221;45px&#8221; padding_right_3=&#8221;20px&#8221; padding_bottom_1=&#8221;25px&#8221; padding_2_tablet=&#8221;|20px||&#8221; padding_1_last_edited=&#8221;off|phone&#8221; padding_2_last_edited=&#8221;on|desktop&#8221; padding_3_last_edited=&#8221;on|phone&#8221; module_id=&#8221;1001&#8243; module_class=&#8221;evento et_pb_row_fullwidth et_pb_row_fullwidth et_pb_row_fullwidth et_pb_row_fullwidth et_pb_row_fullwidth et_pb_row_fullwidth et_pb_row_fullwidth et_pb_row_fullwidth et_pb_row_fullwidth et_pb_row_fullwidth et_pb_row_fullwidth et_pb_row_fullwidth et_pb_row_fullwidth&#8221; _builder_version=&#8221;3.22.3&#8243; box_shadow_style=&#8221;preset3&#8243; box_shadow_horizontal=&#8221;10px&#8221; width=&#8221;100%&#8221; width_tablet=&#8221;100%&#8221; width_last_edited=&#8221;on|desktop&#8221; max_width=&#8221;100%&#8221; max_width_tablet=&#8221;100%&#8221; max_width_last_edited=&#8221;on|desktop&#8221; module_alignment=&#8221;center&#8221; z_index_tablet=&#8221;500&#8243; make_fullwidth=&#8221;on&#8221;][et_pb_column type=&#8221;1_5&#8243; _builder_version=&#8221;3.0.47&#8243;][et_pb_code admin_label=&#8221;fecha 9-15\/10&#8243; module_class=&#8221;fecha-evento&#8221; _builder_version=&#8221;3.22.7&#8243; z_index_tablet=&#8221;500&#8243;]Oct<!\u2013- [et_pb_br_holder] -\u2013><!-- [et_pb_line_break_holder] -->9-15[\/et_pb_code][\/et_pb_column][et_pb_column type=&#8221;3_5&#8243; _builder_version=&#8221;3.0.47&#8243;][et_pb_text admin_label=&#8221;Congress %22Multidisciplinary research for a sustainable future%22&#8243; _builder_version=&#8221;3.22.7&#8243; z_index_tablet=&#8221;500&#8243;]<\/p>\n<h3>Congress &#8220;Multidisciplinary research for a sustainable future&#8221;<\/h3>\n<h4 style=\"text-align: center;\">Mexico &#8211; From October 9 to 15, 2018<\/h4>\n<p>The Royal European Academy of Doctors will return to Mexico between the next 9 and 15 October to participate in the Research Congress organized by the Community of Higher Education Institutions of La Laguna (Cieslag), and award their second prize to the Best Doctoral Thesis presented in the different centers of the Cieslag, complying with the agreement signed in 2015.The congress will be held together with the 9th Regional Research Meeting and the 8th Meeting of Young Researchers, in which RAED will also actively participate.Constituents of the representative delegation of the RAED:<\/p>\n<ul>\n<li><a href=\"https:\/\/raed.academy\/en\/academicians\/dr-alfredo-rocafort-nicolau\/\" target=\"_blank\" rel=\"noopener noreferrer\"><strong>Alfredo Rocafort<\/strong><\/a>, president<\/li>\n<li><a href=\"https:\/\/raed.academy\/en\/academicians\/dr-xabier-anoveros-trias-de-bes\/\" target=\"_blank\" rel=\"noopener noreferrer\"><strong>Xabier A\u00f1overos<\/strong><\/a>, vice-presidente<\/li>\n<li><a href=\"https:\/\/raed.academy\/en\/academicians\/dr-jose-ramon-calvo-fernandez\/\" target=\"_blank\" rel=\"noopener noreferrer\"><strong>Jos\u00e9 Ram\u00f3n Calvo<\/strong><\/a>, President of the Institute of Interdisciplinary Research<\/li>\n<li><a href=\"https:\/\/raed.academy\/en\/academicians\/dr-jordi-marti-pidelaserra\/\" target=\"_blank\" rel=\"noopener noreferrer\"><strong>Jordi Mart\u00ed<\/strong><\/a>, Member of the Governing Board<\/li>\n<\/ul>\n<h4><a href=\"https:\/\/raed.academy\/en\/academic-bridge-with-mexico\/\">Further information about the event<\/a><\/h4>\n<p>[\/et_pb_text][\/et_pb_column][et_pb_column type=&#8221;1_5&#8243; _builder_version=&#8221;3.0.47&#8243;][et_pb_gallery gallery_ids=&#8221;59449,59431,59455&#8243; posts_number=&#8221;1&#8243; show_title_and_caption=&#8221;off&#8221; show_pagination=&#8221;off&#8221; zoom_icon_color=&#8221;#6b5d38&#8243; _builder_version=&#8221;3.22.7&#8243; border_radii_image=&#8221;on|4px|4px|4px|4px&#8221; box_shadow_style_image=&#8221;preset2&#8243; custom_margin=&#8221;10px|||&#8221; custom_margin_tablet=&#8221;25px|||&#8221; custom_margin_last_edited=&#8221;on|desktop&#8221; z_index_tablet=&#8221;500&#8243;][\/et_pb_gallery][\/et_pb_column][\/et_pb_row][et_pb_row use_custom_gutter=&#8221;on&#8221; gutter_width=&#8221;1&#8243; custom_padding=&#8221;||35px|&#8221; make_equal=&#8221;on&#8221; custom_padding_last_edited=&#8221;on|desktop&#8221; padding_right_2=&#8221;45px&#8221; padding_right_3=&#8221;20px&#8221; padding_bottom_1=&#8221;25px&#8221; padding_2_tablet=&#8221;|20px||&#8221; padding_1_last_edited=&#8221;off|phone&#8221; padding_2_last_edited=&#8221;on|desktop&#8221; padding_3_last_edited=&#8221;on|phone&#8221; module_id=&#8221;1001&#8243; module_class=&#8221;evento et_pb_row_fullwidth et_pb_row_fullwidth et_pb_row_fullwidth et_pb_row_fullwidth et_pb_row_fullwidth et_pb_row_fullwidth et_pb_row_fullwidth et_pb_row_fullwidth et_pb_row_fullwidth et_pb_row_fullwidth et_pb_row_fullwidth et_pb_row_fullwidth et_pb_row_fullwidth&#8221; _builder_version=&#8221;3.22.3&#8243; box_shadow_style=&#8221;preset3&#8243; box_shadow_horizontal=&#8221;10px&#8221; width=&#8221;100%&#8221; width_tablet=&#8221;100%&#8221; width_last_edited=&#8221;on|desktop&#8221; max_width=&#8221;100%&#8221; max_width_tablet=&#8221;100%&#8221; max_width_last_edited=&#8221;on|desktop&#8221; module_alignment=&#8221;center&#8221; z_index_tablet=&#8221;500&#8243; make_fullwidth=&#8221;on&#8221;][et_pb_column type=&#8221;1_5&#8243; _builder_version=&#8221;3.0.47&#8243;][et_pb_code admin_label=&#8221;fecha 23\/10&#8243; module_class=&#8221;fecha-evento&#8221; _builder_version=&#8221;3.22.7&#8243; z_index_tablet=&#8221;500&#8243;]Oct<!\u2013- [et_pb_br_holder] -\u2013><!-- [et_pb_line_break_holder] -->23[\/et_pb_code][\/et_pb_column][et_pb_column type=&#8221;3_5&#8243; _builder_version=&#8221;3.0.47&#8243;][et_pb_text admin_label=&#8221;Entry Pere-Joan Cardona Iglesias&#8221; _builder_version=&#8221;3.22.7&#8243; z_index_tablet=&#8221;500&#8243;]<\/p>\n<h3>Admission as a Full Member: <a href=\"https:\/\/raed.academy\/ca\/academics\/dr-pere-joan-cardona-iglesias\/\" target=\"_blank\" rel=\"noopener noreferrer\">Pere-Joan Cardona Iglesias<\/a><\/h3>\n<p>Admission Speech: <a href=\"https:\/\/raed.academy\/wp-content\/uploads\/2018\/10\/discurso-ingreso-Pere-Joan-Cardona-Iglesias-La-Unitat-de-Tuberculosi-Experimental.pdf\" target=\"_blank\" rel=\"noopener noreferrer\"><strong>La unitat de tuberculosi i experimental. 20 anys d&#8217;hist\u00f2ria<\/strong><\/a><br \/>Speech in reply by <a href=\"https:\/\/raed.academy\/en\/academicians\/dr-emili-gironella-masgrau\/\" target=\"_blank\" rel=\"noopener noreferrer\"><strong>Dr. Emili Gironella<\/strong><\/a><\/p>\n<p>Place: Assembly Hall of Work Promotion \u2013 Via Laietana, 32, Pral, Barcelona<br \/>Date: 23.10.2018 at 19:30 p.m.<\/p>\n<p>[\/et_pb_text][\/et_pb_column][et_pb_column type=&#8221;1_5&#8243; _builder_version=&#8221;3.0.47&#8243;][et_pb_gallery gallery_ids=&#8221;59934&#8243; posts_number=&#8221;1&#8243; show_title_and_caption=&#8221;off&#8221; show_pagination=&#8221;off&#8221; zoom_icon_color=&#8221;#6b5d38&#8243; _builder_version=&#8221;3.22.7&#8243; border_radii_image=&#8221;on|4px|4px|4px|4px&#8221; box_shadow_style_image=&#8221;preset2&#8243; custom_margin=&#8221;10px|||&#8221; custom_margin_tablet=&#8221;25px|||&#8221; custom_margin_last_edited=&#8221;on|desktop&#8221; z_index_tablet=&#8221;500&#8243;][\/et_pb_gallery][\/et_pb_column][\/et_pb_row][et_pb_row use_custom_gutter=&#8221;on&#8221; gutter_width=&#8221;1&#8243; custom_padding=&#8221;||35px|&#8221; make_equal=&#8221;on&#8221; custom_padding_last_edited=&#8221;on|desktop&#8221; padding_right_2=&#8221;45px&#8221; padding_right_3=&#8221;20px&#8221; padding_bottom_1=&#8221;25px&#8221; padding_2_tablet=&#8221;|20px||&#8221; padding_1_last_edited=&#8221;off|phone&#8221; padding_2_last_edited=&#8221;on|desktop&#8221; padding_3_last_edited=&#8221;on|phone&#8221; module_id=&#8221;1001&#8243; module_class=&#8221;evento et_pb_row_fullwidth et_pb_row_fullwidth et_pb_row_fullwidth et_pb_row_fullwidth et_pb_row_fullwidth et_pb_row_fullwidth et_pb_row_fullwidth et_pb_row_fullwidth et_pb_row_fullwidth et_pb_row_fullwidth et_pb_row_fullwidth et_pb_row_fullwidth et_pb_row_fullwidth&#8221; _builder_version=&#8221;3.22.3&#8243; box_shadow_style=&#8221;preset3&#8243; box_shadow_horizontal=&#8221;10px&#8221; width=&#8221;100%&#8221; width_tablet=&#8221;100%&#8221; width_last_edited=&#8221;on|desktop&#8221; max_width=&#8221;100%&#8221; max_width_tablet=&#8221;100%&#8221; max_width_last_edited=&#8221;on|desktop&#8221; module_alignment=&#8221;center&#8221; z_index_tablet=&#8221;500&#8243; make_fullwidth=&#8221;on&#8221;][et_pb_column type=&#8221;1_5&#8243; _builder_version=&#8221;3.0.47&#8243;][et_pb_code admin_label=&#8221;fecha 30\/10&#8243; module_class=&#8221;fecha-evento&#8221; _builder_version=&#8221;3.22.7&#8243; z_index_tablet=&#8221;500&#8243;]Oct<!\u2013- [et_pb_br_holder] -\u2013><!-- [et_pb_line_break_holder] -->30[\/et_pb_code][\/et_pb_column][et_pb_column type=&#8221;3_5&#8243; _builder_version=&#8221;3.0.47&#8243;][et_pb_text admin_label=&#8221;Entry Mari\u00e0ngela Vilallonga&#8221; _builder_version=&#8221;3.22.7&#8243; z_index_tablet=&#8221;500&#8243;]<\/p>\n<h3>Admission as a Full Member: <a href=\"https:\/\/raed.academy\/en\/academicians\/dra-mariangela-vilallonga-vives\/\" target=\"_blank\" rel=\"noopener noreferrer\">Mari\u00e0ngela Vilallonga<\/a><\/h3>\n<p>Admission Speech: <a href=\"https:\/\/raed.academy\/wp-content\/uploads\/2018\/10\/discurso-ingreso-RAED-Mariangela-Vilallonga-Vives.pdf\" target=\"_blank\" rel=\"noopener noreferrer\"><strong>Noucentisme, avantguardisme i model de pa\u00eds: la centralitat de la cultura<\/strong><\/a><br \/>Speech in reply by <a href=\"https:\/\/raed.academy\/en\/academicians\/dra-maria-dels-angels-calvo-torras\/\" target=\"_blank\" rel=\"noopener noreferrer\"><strong>Dr Maria \u00c0ngels Calvo<\/strong><\/a><\/p>\n<p>Date: 30.10.2018 at 19:30 p.m.<\/p>\n<p>[\/et_pb_text][\/et_pb_column][et_pb_column type=&#8221;1_5&#8243; _builder_version=&#8221;3.0.47&#8243;][et_pb_gallery gallery_ids=&#8221;60450&#8243; posts_number=&#8221;1&#8243; show_title_and_caption=&#8221;off&#8221; show_pagination=&#8221;off&#8221; zoom_icon_color=&#8221;#6b5d38&#8243; _builder_version=&#8221;3.22.7&#8243; border_radii_image=&#8221;on|4px|4px|4px|4px&#8221; box_shadow_style_image=&#8221;preset2&#8243; custom_margin=&#8221;10px|||&#8221; custom_margin_tablet=&#8221;25px|||&#8221; custom_margin_last_edited=&#8221;on|desktop&#8221; z_index_tablet=&#8221;500&#8243;][\/et_pb_gallery][\/et_pb_column][\/et_pb_row][et_pb_row _builder_version=&#8221;3.22.3&#8243;][et_pb_column type=&#8221;4_4&#8243; _builder_version=&#8221;3.0.47&#8243;][et_pb_text admin_label=&#8221;Texto &#8211; NOVEMBER 2018&#8243; _builder_version=&#8221;3.22.7&#8243; z_index_tablet=&#8221;500&#8243;]<\/p>\n<h2>NOVEMBER 2018<\/h2>\n<p>[\/et_pb_text][\/et_pb_column][\/et_pb_row][et_pb_row use_custom_gutter=&#8221;on&#8221; gutter_width=&#8221;1&#8243; custom_padding=&#8221;||35px|&#8221; make_equal=&#8221;on&#8221; custom_padding_last_edited=&#8221;on|desktop&#8221; padding_right_2=&#8221;45px&#8221; padding_right_3=&#8221;20px&#8221; padding_bottom_1=&#8221;25px&#8221; padding_2_tablet=&#8221;|20px||&#8221; padding_1_last_edited=&#8221;off|phone&#8221; padding_2_last_edited=&#8221;on|desktop&#8221; padding_3_last_edited=&#8221;on|phone&#8221; module_id=&#8221;1001&#8243; module_class=&#8221;evento et_pb_row_fullwidth et_pb_row_fullwidth et_pb_row_fullwidth et_pb_row_fullwidth et_pb_row_fullwidth et_pb_row_fullwidth et_pb_row_fullwidth et_pb_row_fullwidth et_pb_row_fullwidth et_pb_row_fullwidth et_pb_row_fullwidth et_pb_row_fullwidth et_pb_row_fullwidth&#8221; _builder_version=&#8221;3.22.3&#8243; box_shadow_style=&#8221;preset3&#8243; box_shadow_horizontal=&#8221;10px&#8221; width=&#8221;100%&#8221; width_tablet=&#8221;100%&#8221; width_last_edited=&#8221;on|desktop&#8221; max_width=&#8221;100%&#8221; max_width_tablet=&#8221;100%&#8221; max_width_last_edited=&#8221;on|desktop&#8221; module_alignment=&#8221;center&#8221; z_index_tablet=&#8221;500&#8243; make_fullwidth=&#8221;on&#8221;][et_pb_column type=&#8221;1_5&#8243; _builder_version=&#8221;3.0.47&#8243;][et_pb_code admin_label=&#8221;fecha 8\/11&#8243; module_class=&#8221;fecha-evento&#8221; _builder_version=&#8221;3.22.7&#8243; z_index_tablet=&#8221;500&#8243;]Nov<!\u2013- [et_pb_br_holder] -\u2013><!-- [et_pb_line_break_holder] -->8[\/et_pb_code][\/et_pb_column][et_pb_column type=&#8221;3_5&#8243; _builder_version=&#8221;3.0.47&#8243;][et_pb_text admin_label=&#8221;Entry Sonia Fern\u00e1ndez Vidal&#8221; _builder_version=&#8221;3.22.7&#8243; z_index_tablet=&#8221;500&#8243;]<\/p>\n<h3>Admission as a Full Member: <strong><a href=\"https:\/\/raed.academy\/en\/academicians\/dr-sonia-fernandez-vidal\/\" target=\"_blank\" rel=\"noopener noreferrer\">Sonia Fern\u00e1ndez Vidal<\/a>, PhD in Physics<\/strong><\/h3>\n<p>Admission Speech: <a href=\"https:\/\/raed.academy\/wp-content\/uploads\/2018\/11\/Discurso-ingreso-Sonia-Fernandez-Vidal-abrir-las-puertas-de-la-biblioteca-de-Alejandria.pdf\" target=\"_blank\" rel=\"noopener noreferrer\"><strong>Abrir las puertas de la Biblioteca de Alejandr\u00eda<\/strong><\/a><br \/>Speech in reply by <a href=\"https:\/\/raed.academy\/en\/academicians\/dr-jose-ramon-calvo-fernandez\/\" target=\"_blank\" rel=\"noopener noreferrer\"><strong>Dr. Jos\u00e9 Ram\u00f3n Calvo Fern\u00e1ndez<\/strong><\/a><\/p>\n<p>Place: Assembly Hall of Work Promotion \u2013 Via Laietana, 32, Pral, Barcelona<br \/>Date: 08.11.2018 at 19:00 p.m.<\/p>\n<p>[\/et_pb_text][\/et_pb_column][et_pb_column type=&#8221;1_5&#8243; _builder_version=&#8221;3.0.47&#8243;][et_pb_gallery gallery_ids=&#8221;60968,61001&#8243; posts_number=&#8221;1&#8243; show_title_and_caption=&#8221;off&#8221; show_pagination=&#8221;off&#8221; zoom_icon_color=&#8221;#6b5d38&#8243; _builder_version=&#8221;3.22.7&#8243; border_radii_image=&#8221;on|4px|4px|4px|4px&#8221; box_shadow_style_image=&#8221;preset2&#8243; custom_margin=&#8221;10px|||&#8221; custom_margin_tablet=&#8221;25px|||&#8221; custom_margin_last_edited=&#8221;on|desktop&#8221; z_index_tablet=&#8221;500&#8243;][\/et_pb_gallery][\/et_pb_column][\/et_pb_row][et_pb_row use_custom_gutter=&#8221;on&#8221; gutter_width=&#8221;1&#8243; custom_padding=&#8221;||35px|&#8221; make_equal=&#8221;on&#8221; custom_padding_last_edited=&#8221;on|desktop&#8221; padding_right_2=&#8221;45px&#8221; padding_right_3=&#8221;20px&#8221; padding_bottom_1=&#8221;25px&#8221; padding_2_tablet=&#8221;|20px||&#8221; padding_1_last_edited=&#8221;off|phone&#8221; padding_2_last_edited=&#8221;on|desktop&#8221; padding_3_last_edited=&#8221;on|phone&#8221; module_id=&#8221;1001&#8243; module_class=&#8221;evento et_pb_row_fullwidth et_pb_row_fullwidth et_pb_row_fullwidth et_pb_row_fullwidth et_pb_row_fullwidth et_pb_row_fullwidth et_pb_row_fullwidth et_pb_row_fullwidth et_pb_row_fullwidth et_pb_row_fullwidth et_pb_row_fullwidth et_pb_row_fullwidth et_pb_row_fullwidth&#8221; _builder_version=&#8221;3.22.3&#8243; box_shadow_style=&#8221;preset3&#8243; box_shadow_horizontal=&#8221;10px&#8221; width=&#8221;100%&#8221; width_tablet=&#8221;100%&#8221; width_last_edited=&#8221;on|desktop&#8221; max_width=&#8221;100%&#8221; max_width_tablet=&#8221;100%&#8221; max_width_last_edited=&#8221;on|desktop&#8221; module_alignment=&#8221;center&#8221; z_index_tablet=&#8221;500&#8243; make_fullwidth=&#8221;on&#8221;][et_pb_column type=&#8221;1_5&#8243; _builder_version=&#8221;3.0.47&#8243;][et_pb_code admin_label=&#8221;fecha 14\/11&#8243; module_class=&#8221;fecha-evento&#8221; _builder_version=&#8221;3.22.7&#8243; z_index_tablet=&#8221;500&#8243;]Nov<!\u2013- [et_pb_br_holder] -\u2013><!-- [et_pb_line_break_holder] -->14[\/et_pb_code][\/et_pb_column][et_pb_column type=&#8221;3_5&#8243; _builder_version=&#8221;3.0.47&#8243;][et_pb_text admin_label=&#8221;Discussion-colloquium %22El Cardenal Francesc Vidal i Barraquer%22&#8243; _builder_version=&#8221;3.22.7&#8243; z_index_tablet=&#8221;500&#8243;]<\/p>\n<h3>Discussion-colloquium &#8220;El Cardenal Francesc Vidal i Barraquer&#8221; (1868-1943). His life and his itinerary&#8221;<\/h3>\n<p>Speakers:<\/p>\n<ul>\n<li><strong>Dr. Francesc Vidal Barraquer<\/strong>, Doctor and Vascular Surgeon.<\/li>\n<li><strong>Dr. Josep Maria Soler Sabater<\/strong>, Professor of Contemporary History at the UAB.<\/li>\n<li><strong>Dr. Ram\u00f3n Corts i Blay<\/strong>, Vice-Rector of the Ateneu Universitari Sant Paci\u00e0 de Barcelona.<\/li>\n<li><a href=\"https:\/\/raed.academy\/en\/academicians\/dr-armand-puig-tarrech\/\" target=\"_blank\" rel=\"noopener noreferrer\"><strong>Dr. Armand Puig i T\u00e0rrech<\/strong><\/a>, Rector of the Ateneu Universitari Sant Paci\u00e0. Numerary Academician of the Royal European Academy of Doctors.<\/li>\n<\/ul>\n<p>Chaired by <a href=\"https:\/\/raed.academy\/en\/academicians\/dr-pedro-claros-blanch\/\" target=\"_blank\" rel=\"noopener noreferrer\"><strong>Dr Pedro Clar\u00f3s<\/strong><\/a>, Numerary Academician and vice president of the Royal European Academy of Doctors.Closing by <strong>Monsignor Jaume Pujol i Balcells<\/strong>, Archbishop of Tarragona.<\/p>\n<p>Place: Aula Magna of the Conciliar Seminary of Barcelona. C\/ Diputaci\u00f3, 231 &#8211; 08007 Barcelona<br \/>Date: 14.11.2018 at 7:30 pm<\/p>\n<p>[\/et_pb_text][\/et_pb_column][et_pb_column type=&#8221;1_5&#8243; _builder_version=&#8221;3.0.47&#8243;][et_pb_gallery gallery_ids=&#8221;61211,61199&#8243; posts_number=&#8221;1&#8243; show_title_and_caption=&#8221;off&#8221; show_pagination=&#8221;off&#8221; zoom_icon_color=&#8221;#6b5d38&#8243; _builder_version=&#8221;3.22.7&#8243; border_radii_image=&#8221;on|4px|4px|4px|4px&#8221; box_shadow_style_image=&#8221;preset2&#8243; custom_margin=&#8221;10px|||&#8221; custom_margin_tablet=&#8221;25px|||&#8221; custom_margin_last_edited=&#8221;on|desktop&#8221; z_index_tablet=&#8221;500&#8243;][\/et_pb_gallery][\/et_pb_column][\/et_pb_row][et_pb_row use_custom_gutter=&#8221;on&#8221; gutter_width=&#8221;1&#8243; custom_padding=&#8221;||35px|&#8221; make_equal=&#8221;on&#8221; custom_padding_last_edited=&#8221;on|desktop&#8221; padding_right_2=&#8221;45px&#8221; padding_right_3=&#8221;20px&#8221; padding_bottom_1=&#8221;25px&#8221; padding_2_tablet=&#8221;|20px||&#8221; padding_1_last_edited=&#8221;off|phone&#8221; padding_2_last_edited=&#8221;on|desktop&#8221; padding_3_last_edited=&#8221;on|phone&#8221; module_id=&#8221;1001&#8243; module_class=&#8221;evento et_pb_row_fullwidth et_pb_row_fullwidth et_pb_row_fullwidth et_pb_row_fullwidth et_pb_row_fullwidth et_pb_row_fullwidth et_pb_row_fullwidth et_pb_row_fullwidth et_pb_row_fullwidth et_pb_row_fullwidth et_pb_row_fullwidth et_pb_row_fullwidth et_pb_row_fullwidth&#8221; _builder_version=&#8221;3.22.3&#8243; box_shadow_style=&#8221;preset3&#8243; box_shadow_horizontal=&#8221;10px&#8221; width=&#8221;100%&#8221; width_tablet=&#8221;100%&#8221; width_last_edited=&#8221;on|desktop&#8221; max_width=&#8221;100%&#8221; max_width_tablet=&#8221;100%&#8221; max_width_last_edited=&#8221;on|desktop&#8221; module_alignment=&#8221;center&#8221; z_index_tablet=&#8221;500&#8243; make_fullwidth=&#8221;on&#8221;][et_pb_column type=&#8221;1_5&#8243; _builder_version=&#8221;3.0.47&#8243;][et_pb_code admin_label=&#8221;fecha 15\/11&#8243; module_class=&#8221;fecha-evento&#8221; _builder_version=&#8221;3.22.7&#8243; z_index_tablet=&#8221;500&#8243;]Nov<!\u2013- [et_pb_br_holder] -\u2013><!-- [et_pb_line_break_holder] -->15[\/et_pb_code][\/et_pb_column][et_pb_column type=&#8221;3_5&#8243; _builder_version=&#8221;3.0.47&#8243;][et_pb_text admin_label=&#8221;Concert %22Le Glamor du Piano%22&#8243; _builder_version=&#8221;3.22.7&#8243; z_index_tablet=&#8221;500&#8243;]<\/p>\n<h3>Concert &#8220;Le Glamor du Piano&#8221;, recital of French music<\/h3>\n<p>Performer: <strong>Ernest So, piano<\/strong><\/p>\n<p>Place: Reial Cercle Art\u00edstic de Barcelona &#8211; Carrer dels Arcs, 5, 08002 Barcelona<br \/>Date: 15.11.2018 at 8:00 pm<\/p>\n<h3><a href=\"https:\/\/raed.academy\/wp-content\/uploads\/2018\/11\/programa-concierto-Ernest-So-piano-vdf.jpg\" target=\"_blank\" rel=\"noopener noreferrer\">Concert program<\/a><\/h3>\n<p>[\/et_pb_text][\/et_pb_column][et_pb_column type=&#8221;1_5&#8243; _builder_version=&#8221;3.0.47&#8243;][et_pb_gallery gallery_ids=&#8221;61363&#8243; posts_number=&#8221;1&#8243; show_title_and_caption=&#8221;off&#8221; show_pagination=&#8221;off&#8221; zoom_icon_color=&#8221;#6b5d38&#8243; _builder_version=&#8221;3.22.7&#8243; border_radii_image=&#8221;on|4px|4px|4px|4px&#8221; box_shadow_style_image=&#8221;preset2&#8243; custom_margin=&#8221;10px|||&#8221; custom_margin_tablet=&#8221;25px|||&#8221; custom_margin_last_edited=&#8221;on|desktop&#8221; z_index_tablet=&#8221;500&#8243;][\/et_pb_gallery][\/et_pb_column][\/et_pb_row][et_pb_row use_custom_gutter=&#8221;on&#8221; gutter_width=&#8221;1&#8243; custom_padding=&#8221;||35px|&#8221; make_equal=&#8221;on&#8221; custom_padding_last_edited=&#8221;on|desktop&#8221; padding_right_2=&#8221;45px&#8221; padding_right_3=&#8221;20px&#8221; padding_bottom_1=&#8221;25px&#8221; padding_2_tablet=&#8221;|20px||&#8221; padding_1_last_edited=&#8221;off|phone&#8221; padding_2_last_edited=&#8221;on|desktop&#8221; padding_3_last_edited=&#8221;on|phone&#8221; module_id=&#8221;1001&#8243; module_class=&#8221;evento et_pb_row_fullwidth et_pb_row_fullwidth et_pb_row_fullwidth et_pb_row_fullwidth et_pb_row_fullwidth et_pb_row_fullwidth et_pb_row_fullwidth et_pb_row_fullwidth et_pb_row_fullwidth et_pb_row_fullwidth et_pb_row_fullwidth et_pb_row_fullwidth et_pb_row_fullwidth&#8221; _builder_version=&#8221;3.22.3&#8243; box_shadow_style=&#8221;preset3&#8243; box_shadow_horizontal=&#8221;10px&#8221; width=&#8221;100%&#8221; width_tablet=&#8221;100%&#8221; width_last_edited=&#8221;on|desktop&#8221; max_width=&#8221;100%&#8221; max_width_tablet=&#8221;100%&#8221; max_width_last_edited=&#8221;on|desktop&#8221; module_alignment=&#8221;center&#8221; z_index_tablet=&#8221;500&#8243; make_fullwidth=&#8221;on&#8221;][et_pb_column type=&#8221;1_5&#8243; _builder_version=&#8221;3.0.47&#8243;][et_pb_code admin_label=&#8221;fecha 29\/11&#8243; module_class=&#8221;fecha-evento&#8221; _builder_version=&#8221;3.22.7&#8243; z_index_tablet=&#8221;500&#8243;]Nov<!\u2013- [et_pb_br_holder] -\u2013><!-- [et_pb_line_break_holder] -->29[\/et_pb_code][\/et_pb_column][et_pb_column type=&#8221;3_5&#8243; _builder_version=&#8221;3.0.47&#8243;][et_pb_text admin_label=&#8221;%22An evening with the music of Ant\u00f4nio Carlos Jobim%22&#8243; _builder_version=&#8221;3.22.7&#8243; z_index_tablet=&#8221;500&#8243;]<\/p>\n<h3>Piano listening &#8220;An evening with the music of Ant\u00f4nio Carlos Jobim&#8221;<\/h3>\n<p>Performer: <strong><a href=\"https:\/\/raed.academy\/en\/academicians\/dr-pilar-bayer-isant\/\" target=\"_blank\" rel=\"noopener noreferrer\">Pilar Bayer Isant<\/a><\/strong>Talk to the attendees before to the concert, by <a href=\"https:\/\/raed.academy\/en\/academicians\/dr-josep-pla-carrera\/\" target=\"_blank\" rel=\"noopener noreferrer\"><strong>Dr. Josep Pla Carrera<\/strong><\/a>, Supernumerary Academician of the RAED, entitled <strong>&#8220;Drops of Egyptian and Mesopotamian mathematics, through the texts&#8221;<\/strong>, based on the mathematical content of Egyptian papyri and Mesopotamian tablets.<\/p>\n<p>Place: Room of the Atlantes of the Reial Cercle Art\u00edstic de Barcelona. C\/ dels Arcs, 5, 08002 Barcelona<br \/>Date: 29.11.2018 at 8 p.m.<\/p>\n<h3><a href=\"https:\/\/raed.academy\/wp-content\/uploads\/2018\/11\/programa-invitacion-audicion-piano-Pilar-Bayer-vweb-comp.pdf\" target=\"_blank\" rel=\"noopener noreferrer\">Concert program<\/a><\/h3>\n<p>[\/et_pb_text][\/et_pb_column][et_pb_column type=&#8221;1_5&#8243; _builder_version=&#8221;3.0.47&#8243;][et_pb_gallery gallery_ids=&#8221;62167&#8243; posts_number=&#8221;1&#8243; show_title_and_caption=&#8221;off&#8221; show_pagination=&#8221;off&#8221; zoom_icon_color=&#8221;#6b5d38&#8243; _builder_version=&#8221;3.22.7&#8243; border_radii_image=&#8221;on|4px|4px|4px|4px&#8221; box_shadow_style_image=&#8221;preset2&#8243; custom_margin=&#8221;10px|||&#8221; custom_margin_tablet=&#8221;25px|||&#8221; custom_margin_last_edited=&#8221;on|desktop&#8221; z_index_tablet=&#8221;500&#8243;][\/et_pb_gallery][\/et_pb_column][\/et_pb_row][et_pb_row _builder_version=&#8221;3.22.3&#8243;][et_pb_column type=&#8221;4_4&#8243; _builder_version=&#8221;3.0.47&#8243;][et_pb_text admin_label=&#8221;Texto &#8211; DECEMBER 2018&#8243; _builder_version=&#8221;3.22.7&#8243; z_index_tablet=&#8221;500&#8243;]<\/p>\n<h2>DECEMBER 2018<\/h2>\n<p>[\/et_pb_text][\/et_pb_column][\/et_pb_row][et_pb_row use_custom_gutter=&#8221;on&#8221; gutter_width=&#8221;1&#8243; custom_padding=&#8221;||35px|&#8221; make_equal=&#8221;on&#8221; custom_padding_last_edited=&#8221;on|desktop&#8221; padding_right_2=&#8221;45px&#8221; padding_right_3=&#8221;20px&#8221; padding_bottom_1=&#8221;25px&#8221; padding_2_tablet=&#8221;|20px||&#8221; padding_1_last_edited=&#8221;off|phone&#8221; padding_2_last_edited=&#8221;on|desktop&#8221; padding_3_last_edited=&#8221;on|phone&#8221; module_id=&#8221;1001&#8243; module_class=&#8221;evento et_pb_row_fullwidth et_pb_row_fullwidth et_pb_row_fullwidth et_pb_row_fullwidth et_pb_row_fullwidth et_pb_row_fullwidth et_pb_row_fullwidth et_pb_row_fullwidth et_pb_row_fullwidth et_pb_row_fullwidth et_pb_row_fullwidth et_pb_row_fullwidth et_pb_row_fullwidth&#8221; _builder_version=&#8221;3.22.3&#8243; box_shadow_style=&#8221;preset3&#8243; box_shadow_horizontal=&#8221;10px&#8221; width=&#8221;100%&#8221; width_tablet=&#8221;100%&#8221; width_last_edited=&#8221;on|desktop&#8221; max_width=&#8221;100%&#8221; max_width_tablet=&#8221;100%&#8221; max_width_last_edited=&#8221;on|desktop&#8221; module_alignment=&#8221;center&#8221; z_index_tablet=&#8221;500&#8243; make_fullwidth=&#8221;on&#8221;][et_pb_column type=&#8221;1_5&#8243; _builder_version=&#8221;3.0.47&#8243;][et_pb_code admin_label=&#8221;fecha 13\/12&#8243; module_class=&#8221;fecha-evento&#8221; _builder_version=&#8221;3.22.7&#8243; z_index_tablet=&#8221;500&#8243;]Dec<!\u2013- [et_pb_br_holder] -\u2013><!-- [et_pb_line_break_holder] -->13[\/et_pb_code][\/et_pb_column][et_pb_column type=&#8221;3_5&#8243; _builder_version=&#8221;3.0.47&#8243;][et_pb_text admin_label=&#8221;Presentation of the book &#8216;Camb\u00f3'&#8221; _builder_version=&#8221;3.22.7&#8243; z_index_tablet=&#8221;500&#8243;]<\/p>\n<h3>Presentation of the book &#8216;Camb\u00f3&#8217;<\/h3>\n<p>By <strong>Ignacio Buqueras i Bach<\/strong>, author.<\/p>\n<p>Place: Assembly Hall of Work Promotion \u2013 Via Laietana, 32, Pral, Barcelona<br \/>Date: 13.12.2018 at 7.00 p.m.<\/p>\n<p>[\/et_pb_text][\/et_pb_column][et_pb_column type=&#8221;1_5&#8243; _builder_version=&#8221;3.0.47&#8243;][et_pb_gallery gallery_ids=&#8221;63147&#8243; posts_number=&#8221;1&#8243; show_title_and_caption=&#8221;off&#8221; show_pagination=&#8221;off&#8221; zoom_icon_color=&#8221;#6b5d38&#8243; _builder_version=&#8221;3.22.7&#8243; border_radii_image=&#8221;on|4px|4px|4px|4px&#8221; box_shadow_style_image=&#8221;preset2&#8243; custom_margin=&#8221;10px|||&#8221; custom_margin_tablet=&#8221;25px|||&#8221; custom_margin_last_edited=&#8221;on|desktop&#8221; z_index_tablet=&#8221;500&#8243;][\/et_pb_gallery][\/et_pb_column][\/et_pb_row][et_pb_row use_custom_gutter=&#8221;on&#8221; gutter_width=&#8221;1&#8243; custom_padding=&#8221;||35px|&#8221; make_equal=&#8221;on&#8221; custom_padding_last_edited=&#8221;on|desktop&#8221; padding_right_2=&#8221;45px&#8221; padding_right_3=&#8221;20px&#8221; padding_bottom_1=&#8221;25px&#8221; padding_2_tablet=&#8221;|20px||&#8221; padding_1_last_edited=&#8221;off|phone&#8221; padding_2_last_edited=&#8221;on|desktop&#8221; padding_3_last_edited=&#8221;on|phone&#8221; module_id=&#8221;1001&#8243; module_class=&#8221;evento et_pb_row_fullwidth et_pb_row_fullwidth et_pb_row_fullwidth et_pb_row_fullwidth et_pb_row_fullwidth et_pb_row_fullwidth et_pb_row_fullwidth et_pb_row_fullwidth et_pb_row_fullwidth et_pb_row_fullwidth et_pb_row_fullwidth et_pb_row_fullwidth et_pb_row_fullwidth&#8221; _builder_version=&#8221;3.22.3&#8243; box_shadow_style=&#8221;preset3&#8243; box_shadow_horizontal=&#8221;10px&#8221; width=&#8221;100%&#8221; width_tablet=&#8221;100%&#8221; width_last_edited=&#8221;on|desktop&#8221; max_width=&#8221;100%&#8221; max_width_tablet=&#8221;100%&#8221; max_width_last_edited=&#8221;on|desktop&#8221; module_alignment=&#8221;center&#8221; z_index_tablet=&#8221;500&#8243; make_fullwidth=&#8221;on&#8221;][et_pb_column type=&#8221;1_5&#8243; _builder_version=&#8221;3.0.47&#8243;][et_pb_code admin_label=&#8221;fecha 19\/12&#8243; module_class=&#8221;fecha-evento&#8221; _builder_version=&#8221;3.22.7&#8243; z_index_tablet=&#8221;500&#8243;]Dec<!\u2013- [et_pb_br_holder] -\u2013><!-- [et_pb_line_break_holder] -->19[\/et_pb_code][\/et_pb_column][et_pb_column type=&#8221;3_5&#8243; _builder_version=&#8221;3.0.47&#8243;][et_pb_text admin_label=&#8221;Christmas dinner&#8221; _builder_version=&#8221;3.22.7&#8243; z_index_tablet=&#8221;500&#8243;]<\/p>\n<h3>Christmas dinner of the Royal European Academy of Doctors<\/h3>\n<p>Place: C\u00edrculo Ecuestre: C\/Balmes, 169 Bis, 08006 Barcelona<br \/>Date\/time: 19.12.2018 at 9:00 p.m.<\/p>\n<p>[\/et_pb_text][\/et_pb_column][et_pb_column type=&#8221;1_5&#8243; _builder_version=&#8221;3.0.47&#8243;][et_pb_gallery gallery_ids=&#8221;63326&#8243; posts_number=&#8221;1&#8243; show_title_and_caption=&#8221;off&#8221; show_pagination=&#8221;off&#8221; zoom_icon_color=&#8221;#6b5d38&#8243; _builder_version=&#8221;3.22.7&#8243; border_radii_image=&#8221;on|4px|4px|4px|4px&#8221; box_shadow_style_image=&#8221;preset2&#8243; custom_margin=&#8221;10px|||&#8221; custom_margin_tablet=&#8221;25px|||&#8221; custom_margin_last_edited=&#8221;on|desktop&#8221; z_index_tablet=&#8221;500&#8243;][\/et_pb_gallery][\/et_pb_column][\/et_pb_row][et_pb_row use_custom_gutter=&#8221;on&#8221; gutter_width=&#8221;1&#8243; make_equal=&#8221;on&#8221; module_class=&#8221; et_pb_row_fullwidth et_pb_row_fullwidth et_pb_row_fullwidth paginacion&#8221; _builder_version=&#8221;3.22.4&#8243; width=&#8221;100%&#8221; width_tablet=&#8221;80%&#8221; width_last_edited=&#8221;on|desktop&#8221; max_width=&#8221;100%&#8221; max_width_tablet=&#8221;80%&#8221; max_width_last_edited=&#8221;on|desktop&#8221; module_alignment=&#8221;center&#8221; z_index_tablet=&#8221;500&#8243; make_fullwidth=&#8221;on&#8221;][et_pb_column type=&#8221;1_4&#8243; _builder_version=&#8221;3.0.47&#8243;][et_pb_code admin_label=&#8221;Paginaci\u00f3n 2018&#8243; module_id=&#8221;eventos&#8221; module_class=&#8221;pgAnterior&#8221; _builder_version=&#8221;3.22.7&#8243; z_index_tablet=&#8221;500&#8243;]<a href=\"https:\/\/raed.academy\/en\/history-2017\/\"><i class=\"fas fa-chevron-left\"><\/i> 2017 ACTIVITIES<\/a>[\/et_pb_code][\/et_pb_column][et_pb_column type=&#8221;1_4&#8243; _builder_version=&#8221;3.0.47&#8243;][\/et_pb_column][et_pb_column type=&#8221;1_4&#8243; _builder_version=&#8221;3.0.47&#8243;][\/et_pb_column][et_pb_column type=&#8221;1_4&#8243; _builder_version=&#8221;3.0.47&#8243;][et_pb_code admin_label=&#8221;Paginaci\u00f3n Pr\u00f3ximas actividades&#8221; module_class=&#8221;pgSiguiente&#8221; _builder_version=&#8221;3.22.7&#8243; z_index_tablet=&#8221;500&#8243;]<a href=\"https:\/\/raed.academy\/en\/history-2019\/\">2019 ACTIVITIES <i class=\"fas fa-chevron-right\"><\/i><\/a>[\/et_pb_code][\/et_pb_column][\/et_pb_row][\/et_pb_section]<\/p>\n","protected":false},"excerpt":{"rendered":"<p>History of activities 2018 JANUARY 2018 Presentation of the Book La noria del siglo XXI (\u201cThe Ferris Wheel of the Twenty-first Century\u201d) Speakers: Xabier A\u00f1overos Trias de Bes, author of the work being presented, numerary academician and deputy chairman of the board of governors of the RAED Jos\u00e9 Mar\u00eda Gay de Li\u00e9bana Saludas, numerary acacdemician [&hellip;]<\/p>\n","protected":false},"author":16,"featured_media":0,"parent":34051,"menu_order":0,"comment_status":"closed","ping_status":"closed","template":"page-template-fullwidth.php","meta":{"_et_pb_use_builder":"on","_et_pb_old_content":"<hr \/><div class=\"paginacion\"><a class=\"pgSiguiente\" href=\"https:\/\/raed.academy\/actividades\/historial-2019\/\">ACTIVIDADES 2019 \u276f<\/a><a class=\"pgAnterior\" href=\"http:\/\/raed.academy\/historial-2017\/\">\u276e ACTIVIDADES 2017<\/a><\/div><div id=\"eventos\"><h2>ENERO 2018<\/h2><table class=\"tablaEventos\"><colgroup> <col style=\"text-align: center; font-style: italic; font-size: 18px;\" \/> <col \/> <col style=\"width: 170px;\" \/> <\/colgroup><tbody><!-- enero\/2018 --><tr id=\"evento1001\"><td class=\"fecha-evento\">10 enero<br \/>2018<\/td><td><h3>Presentaci\u00f3n del libro La noria del siglo XXI<\/h3><p>Ponentes:<\/p><ul><li><strong><a href=\"http:\/\/raed.academy\/academicos\/dr-xabier-anoveros-trias-de-bes\/\" target=\"_blank\" rel=\"noopener\">Xabier A\u00f1overos Trias de Bes<\/a><\/strong> de la obra, acad\u00e9mico de n\u00famero y vicepresidente de la Junta de Gobierno de la RAED<\/li><li><strong><a href=\"http:\/\/raed.academy\/academicos\/dr-jose-maria-gay-de-liebana-saludas\/\" target=\"_blank\" rel=\"noopener\">Jos\u00e9 Mar\u00eda Gay de Li\u00e9bana Saludas<\/a><\/strong>, acad\u00e9mico de n\u00famero de la RAED<\/li><\/ul><p>Lugar: Sal\u00f3n de actos de Fomento del Trabajo.<br \/>Fecha: 10.01.2018<br \/>Hora: 19.30h<\/p><h4><a href=\"http:\/\/raed.academy\/presentacion-de-la-noria-del-siglo-xxi\/\"><strong>M\u00e1s informaci\u00f3n<\/strong><\/a><\/h4><\/td><td><p>[gallery columns=\"1\" link=\"file\" ids=\"39743,39744,39745\"]<\/p><\/td><\/tr><tr id=\"evento1801\"><td class=\"fecha-evento\">18 enero<br \/>2018<\/td><td><h3>El impacto social de las grandes infraestructuras: el caso de la Sagrada Familia<\/h3><p><strong>Los debates de la Real Academia Europea de Doctores - Ciclo de conferencias de la Secci\u00f3n de Ciencias Tecnol\u00f3gicas<\/strong><\/p><p>Ponentes:<\/p><ul><li><strong><a href=\"http:\/\/raed.academy\/academicos\/dr-jaume-armengou-orus\/\" target=\"_blank\" rel=\"noopener\">Dr. Jaume Armengou<\/a><\/strong>, Dr. Ingeniero de Caminos, Canales y Puertos. Vicerrector de Ordenaci\u00f3n Acad\u00e9mica y Relaciones Internacionales de la UIC. Acad\u00e9mico Numerario de la RAED<\/li><li><a href=\"http:\/\/raed.academy\/academicos\/dr-antonio-gens-sole\/\" target=\"_blank\" rel=\"noopener\"><strong>Dr. Antoni Gens<\/strong><\/a>, Dr. Ingeniero de Caminos, Canales y Puertos. Catedr\u00e1tico de la UPC. Departamento de Ingenier\u00eda Civil y Ambiental. Acad\u00e9mico Numerario de la RAED<\/li><li><strong>Dr. Antonio Aguado<\/strong>, Dr. Ingeniero de Caminos, Canales y Puertos. Catedr\u00e1tico de la UPC. Departamento de Ingenier\u00eda Civil y Ambiental.<\/li><li><strong>Dra. Rosa Ribas<\/strong>, Dra. en Historia, Arqueolog\u00eda y Artes Cristianas. Profesora de la Facultad Antoni Gaud\u00ed del Ateneo Universitario Sant Paci\u00e0.<\/li><\/ul><p>Moderador: <a href=\"http:\/\/raed.academy\/academicos\/dr-jaime-rodrigo-de-larrucea\/\" target=\"_blank\" rel=\"noopener\"><strong>Dr. Jaime Rodrigo de Larrucea<\/strong><\/a>, Dr. en Derecho y Dr. en Ingenier\u00eda n\u00e1utica, Acad\u00e9mico Numerario y Presidente de la Secci\u00f3n de C. Tecnol\u00f3gicas de la RAED<\/p><p>Lugar: Sal\u00f3n de actos de Fomento del Trabajo.<br \/>Fecha: 18.01.2018<\/p><h4><strong><a href=\"http:\/\/raed.academy\/la-sagrada-familia-debate\/\">M\u00e1s informaci\u00f3n<\/a><\/strong><\/h4><p><iframe src=\"https:\/\/www.youtube.com\/embed\/5hNYcvNkd-k\" width=\"700\" height=\"300\" frameborder=\"0\" allowfullscreen=\"allowfullscreen\"><\/iframe><\/p><\/td><td class=\"imgEvento\"><p>[gallery type=\"divi\" columns=\"1\" link=\"file\" ids=\"40237,40235,40300\"]<\/p><\/td><\/tr><tr id=\"evento2301\"><td class=\"fecha-evento\">23 enero<br \/>2018<\/td><td><h3>Presentaci\u00f3n del libro Como investigar<\/h3><p>Ponentes:<\/p><ul><li><a href=\"http:\/\/raed.academy\/academicos\/dr-alfredo-rocafort-nicolau\/\" target=\"_blank\" rel=\"noopener\"><strong>Dr. Alfredo Rocafort<\/strong><\/a>, presidente de la Real Academia Europea de Doctores<\/li><li><a href=\"http:\/\/raed.academy\/academicos\/dr-oriol-amat-salas\/\" target=\"_blank\" rel=\"noopener\"><strong>Dr. Oriol Amat<\/strong><\/a>, presidente de l\u2019Associaci\u00f3 Catalana de Comptabilitat i Direcci\u00f3 y Acad\u00e9mico de N\u00famero de la RAED<\/li><li><a href=\"http:\/\/raed.academy\/academicos\/dra-maria-dels-angels-calvo-torras\/\" target=\"_blank\" rel=\"noopener\"><strong>Dra. Maria dels \u00c0ngels Calvo<\/strong><\/a>, presidenta de la Secci\u00f3n de Ciencias de la Salud de la RAED<\/li><li><a href=\"http:\/\/raed.academy\/academicos\/dr-josep-ignasi-saranyana-closa\/\" target=\"_blank\" rel=\"noopener\"><strong>Dr. Josep-Ignasi Saranyana<\/strong><\/a>, presidente de la Secci\u00f3n de Ciencias Humanas de la RAED<\/li><li><a href=\"http:\/\/raed.academy\/academicos\/dr-jaime-rodrigo-de-larrucea\/\" target=\"_blank\" rel=\"noopener\"><strong>Dr. Jaime Rodrigo de Larrucea<\/strong><\/a>, presidente de la Secci\u00f3n de Ciencias Tecnol\u00f3gicas de la RAED<\/li><li><a href=\"http:\/\/raed.academy\/academicos\/dr-joan-francesc-pont-clemente\/\" target=\"_blank\" rel=\"noopener\"><strong>Dr. Joan-Francesc Pont Clemente<\/strong><\/a>, presidente de la Secci\u00f3n de Ciencias Sociales de la RAED<\/li><li><strong>Dr. Arcadi Navarro<\/strong>, secretario de Universidades e Investigaci\u00f3n de la Generalitat de Catalunya.<\/li><\/ul><p>Clausura a cargo del <strong>Dr. Oriol Amat<\/strong>.<\/p><p>Lugar: Sal\u00f3n de actos de Fomento del Trabajo.<br \/>Fecha: 23.01.2018<br \/>Hora: 19.00h<\/p><h4><a href=\"http:\/\/raed.academy\/presentacion-libro-como-investigar\/\"><strong>M\u00e1s informaci\u00f3n<\/strong><\/a><\/h4><\/td><td><p>[gallery type=\"divi\" columns=\"1\" link=\"file\" ids=\"40556,40555,37359\"]<\/p><\/td><\/tr><tr id=\"evento2901\"><td class=\"fecha-evento\">29-30 enero<br \/>2018<\/td><td><h3>Desarrollo de medicamentos en el siglo XXI \u00bfCuraremos todas las enfermedades?<\/h3><p><strong>Conferencia - Sesiones cient\u00edficas con el Premio Nobel 2004: <a href=\"http:\/\/raed.academy\/academicos\/dr-aaron-ciechanover\/\" target=\"_blank\" rel=\"noopener\">Aaron Ciechanover<\/a><br \/>29 y 30 de enero de 2018<\/strong><\/p><h3>1\u00aa cita<\/h3><h4>Ciclo Cient\u00edfico \u201cLa Ciencia vista a trav\u00e9s de los ojos de Premios Nobel\u201d de Obra Social La Caixa<\/h4><p>Lugar: <a href=\"http:\/\/obrasociallacaixa.org\/\" target=\"_blank\" rel=\"noopener\">CosmoCaixa<\/a>, C\/ Isaac Newton, 26, 08022 Barcelona<br \/>Fecha: 29.01.18<br \/>Hora: 19.00h<\/p><h3>2\u00aa cita<\/h3><h4>Programa \u201cTalento Nobel\u201d de Fundaci\u00f3n Cajasol\u201d<\/h4><p>Lugar: Auditorio de la <a href=\"http:\/\/fundacioncajasol.com\/\" target=\"_blank\" rel=\"noopener\">Fundaci\u00f3n Cajasol<\/a> Pl. de San Francisco, 1, 41004 Sevilla<br \/>Fecha: 30.01.2018<br \/>Hora: 19.30h<\/p><h4><strong><a href=\"http:\/\/raed.academy\/curaremos-todas-las-enfermedades\/\">M\u00e1s informaci\u00f3n sobre las conferencias<\/a><\/strong><\/h4><\/td><td><p>[gallery link=\"file\" columns=\"1\" ids=\"40699,40701,40697\"]<\/p><\/td><\/tr><\/tbody><\/table><p><!-- febrero\/2018 --><\/p><h2>FEBRERO 2018<\/h2><table class=\"tablaEventos\"><colgroup> <col style=\"text-align: center; font-style: italic; font-size: 18px; font-weight: bold;\" \/> <col \/> <col style=\"width: 170px;\" \/> <\/colgroup><tbody><tr id=\"evento0102\"><td class=\"fecha-evento\">1 Febrero<br \/>2018<\/td><td><h3>Nuevos alimentos, probi\u00f3ticos y prebi\u00f3ticos<\/h3><p><strong>Academias de Catalu\u00f1a. Los alimentos<\/strong><br \/>Curso 2017-2018<br \/>Mesa redonda<\/p><p>Ponentes:<\/p><ul><li><strong><a href=\"http:\/\/raed.academy\/academicos\/dr-javier-aranceta-bartrina\/\" target=\"_blank\" rel=\"noopener\">Dr. Javier Aranceta<\/a><\/strong>, Doctor en Medicina y Cirug\u00eda.<\/li><li><a href=\"http:\/\/raed.academy\/academicos\/dra-maria-dels-angels-calvo-torras\/\" target=\"_blank\" rel=\"noopener\"><strong>Dra. Maria dels \u00c0ngels Calvo<\/strong><\/a>, Acad\u00e9mica de N\u00famero de la RAED y Presidenta de la Secci\u00f3n de Ciencias de la Salud.<\/li><li><strong>Dr. Miquel Moret\u00f3<\/strong>, Catedr\u00e1tico de Fisiolog\u00eda. Departamento de Fisiolog\u00eda de la Universidad de Barcelona.<\/li><\/ul><p>Coordinadora: <a href=\"http:\/\/raed.academy\/academicos\/dra-maria-dels-angels-calvo-torras\/\" target=\"_blank\" rel=\"noopener\"><strong>Dra. Maria dels \u00c0ngels Calvo<\/strong><\/a><\/p><p>Lugar: Sal\u00f3n de actos de Fomento del Trabajo<br \/>Fecha: 01.02.2018<br \/>Hora: 19.30h<\/p><h4><a href=\"http:\/\/raed.academy\/alimentos-probioticos-y-prebioticos\/\" target=\"_blank\" rel=\"noopener\"><strong>M\u00e1s informaci\u00f3n<\/strong><\/a><\/h4><\/td><td><p>[gallery link=\"file\" columns=\"1\" ids=\"40831,40827\"]<\/p><\/td><\/tr><tr id=\"evento0602\"><td class=\"fecha-evento\">6 Febrero<br \/>2018<\/td><td><h3>Ingreso como Acad\u00e9mico de N\u00famero: <a href=\"http:\/\/raed.academy\/academicos\/dr-javier-gil-mur\/\" target=\"_blank\" rel=\"noopener\">Javier Gil Mur<\/a><\/h3><p><strong>Discurso de ingreso: <a href=\"http:\/\/raed.academy\/wp-content\/uploads\/2018\/01\/discurso-ingreso-Dr-Javier-Gil-Mur.pdf\" target=\"_blank\" rel=\"noopener\">Avances tecnol\u00f3gicos en Implantalog\u00eda Oral: hacia los implantes dentales inteligentes<\/a><\/strong><br \/><strong>Discurso de contestaci\u00f3n: <\/strong><a href=\"http:\/\/raed.academy\/academicos\/dr-jaime-rodrigo-de-larrucea\/\" target=\"_blank\" rel=\"noopener\"><strong>Jaime Rodrigo de Larrucea<\/strong><\/a><\/p><p>Lugar: Sal\u00f3n de actos de Fomento del Trabajo<br \/>Fecha: 06.02.2018<br \/>Hora: 19.30h<\/p><\/td><td><p>[gallery columns=\"1\" link=\"file\" ids=\"40926\"]<\/p><\/td><\/tr><tr id=\"evento0602b\"><td class=\"fecha-evento\">6-7 Febrero<br \/>2018<\/td><td><h3>Conferencia \"Desde la Ciencia B\u00e1sica a los antibi\u00f3ticos\"<\/h3><p><strong>Conferencia de la <a href=\"http:\/\/raed.academy\/academicos\/dra-ada-yonath\/\" target=\"_blank\" rel=\"noopener\">Dra. Ada Yonath<\/a>, Premio Nobel de Qu\u00edmica 2009<\/strong><\/p><p><strong>6 y 7 de febrero de 2018<\/strong><\/p><h3>1\u00aa cita<\/h3><h4>Ciclo Cient\u00edfico \u201cLa Ciencia vista a trav\u00e9s de los ojos de Premios Nobel\u201d de Obra Social La Caixa\u201d<\/h4><p>Lugar: <a href=\"http:\/\/obrasociallacaixa.org\/\" target=\"_blank\" rel=\"noopener\">CosmoCaixa<\/a>, C\/ Isaac Newton, 26, 08022 Barcelona<br \/>Fecha: 06.02.18<br \/>Hora: 19.00h<\/p><h3>2\u00aa cita<\/h3><h4>Programa \u201cTalento Nobel\u201d de Fundaci\u00f3n Cajasol\u201d<\/h4><p>Lugar: Auditorio de la <a href=\"http:\/\/fundacioncajasol.com\/\" target=\"_blank\" rel=\"noopener\">Fundaci\u00f3n Cajasol<\/a> Pl. de San Francisco, 1, 41004 Sevilla<br \/>Fecha: 07.02.2018<br \/>Hora: 19.30h<\/p><h4><a href=\"http:\/\/raed.academy\/nueva-generacion-antibioticos\/\"><strong>M\u00e1s informaci\u00f3n<\/strong><\/a><\/h4><\/td><td><p>[gallery columns=\"1\" link=\"file\" ids=\"41019,40916,40917\"]<\/p><\/td><\/tr><tr id=\"evento1302\"><td class=\"fecha-evento\">13 Febrero<br \/>2018<\/td><td><h3>Ingreso como Acad\u00e9mico de N\u00famero: <a href=\"http:\/\/raed.academy\/academicos\/dr-carlo-maria-gallucci-calabrese\/\" target=\"_blank\" rel=\"noopener\">Carlo Maria Gallucci<\/a><\/h3><p>Discurso de ingreso: <strong><a href=\"http:\/\/raed.academy\/wp-content\/uploads\/2018\/02\/Discurso-ingreso-Carlo-Maria-Gallucci-Calabrese-La-funci\u00f3n-del-marketing-en-la-empresa-y-en-la-econom\u00eda.pdf\" target=\"_blank\" rel=\"noopener\">La funci\u00f3n del marketing en la empresa y en la econom\u00eda<\/a><\/strong><br \/>Discurso de contestaci\u00f3n: <a href=\"http:\/\/raed.academy\/academicos\/dr-jaime-rodrigo-de-larrucea\/\" target=\"_blank\" rel=\"noopener\"><strong>Jaime Rodrigo de Larrucea<\/strong><\/a><br \/>Lugar: Sal\u00f3n de actos de Fomento del Trabajo<br \/>Fecha: 13.02.2018<br \/>Hora: 19.00h<\/p><\/td><td><p>[gallery columns=\"1\" link=\"file\" ids=\"41336\"]<\/p><\/td><\/tr><tr id=\"evento1302b\"><td class=\"fecha-evento\">13 Febrero<br \/>2018<\/td><td><h3>2\u00ba concierto del ciclo \"Conciertos Con Alma\" - M\u00fasica l\u00edrica iberoamericana<\/h3><p>Int\u00e9rpretes:<\/p><ul><li><strong>Mara Jaubert<\/strong>, pianista.<\/li><li><strong>Francisco Feria<\/strong>, bajo.<\/li><li><strong>Cristina Calvo<\/strong>, soprano.<\/li><\/ul><p>Lugar: Sala de los Atlantes del <a href=\"http:\/\/www.reialcercleartistic.cat\/\" target=\"_blank\" rel=\"noopener\">Real C\u00edrculo Art\u00edstico de Barcelona<\/a>, Carrer dels Arcs, 5, 08002 Barcelona<br \/>Fecha: 13.02.2018<br \/>Hora: 21.15h<\/p><p><strong><a href=\"http:\/\/raed.academy\/concierto-con-alma-latina\/\">M\u00e1s informaci\u00f3n<\/a><\/strong><\/p><p><iframe src=\"https:\/\/www.youtube.com\/embed\/XJydw6wBi60\" width=\"854\" height=\"480\" frameborder=\"0\" allowfullscreen=\"allowfullscreen\"><\/iframe><\/p><\/td><td><p>[gallery columns=\"1\" link=\"file\" ids=\"41330,41332,41329\"]<\/p><\/td><\/tr><tr id=\"evento2002\"><td class=\"fecha-evento\">20 y 22 Febrero<br \/>2018<\/td><td><h3>Conferencia \u201cCanales I\u00f3nicos: Descubrimiento, funciones y papel en medicina y farmacolog\u00eda\u201d<\/h3><p><strong>Conferencia del Premio Nobel Medicina 1991: Dr. Erwin Neher<br \/>20 y 22 de febrero de 2018<\/strong><\/p><p>\u00a0<\/p><h3>1\u00aa cita<\/h3><h4>Ciclo Cient\u00edfico \u201cLa Ciencia vista a trav\u00e9s de los ojos de Premios Nobel\u201d de Obra Social La Caixa<\/h4><p>Lugar: <a href=\"http:\/\/obrasociallacaixa.org\/\" target=\"_blank\" rel=\"noopener\">CosmoCaixa<\/a>, C\/ Isaac Newton, 26, 08022 Barcelona<\/p><p>Fecha: 20.02.18<br \/>Hora: 19.00h<\/p><h3>2\u00aa cita<\/h3><h4>Programa \u201cTalento Nobel\u201d de Fundaci\u00f3n Cajasol\u201d<\/h4><p>Lugar: Auditorio de la <a href=\"http:\/\/fundacioncajasol.com\/\" target=\"_blank\" rel=\"noopener\">Fundaci\u00f3n Cajasol<\/a> Pl. de San Francisco, 1, 41004 Sevilla<\/p><p>Fecha: 22.02.2018<br \/>Hora: 19.30h<\/p><p><a href=\"http:\/\/raed.academy\/canales-ionicos\/\"><strong>M\u00e1s informaci\u00f3n<\/strong><\/a><\/p><\/td><td><p>[gallery type=\"divi\" link=\"file\" columns=\"1\" ids=\"42032,42053,42056\"]<\/p><\/td><\/tr><tr id=\"evento2702\"><td class=\"fecha-evento\">27 Febrero<br \/>2018<\/td><td><h3>Ingreso como Acad\u00e9mica de Numero: <a href=\"http:\/\/raed.academy\/academicos\/dra-maria-del-mar-alonso-almeida\/\" target=\"_blank\" rel=\"noopener\"><strong>Mar Alonso Almeida<\/strong><\/a><\/h3><p>Discurso de ingreso: <a href=\"http:\/\/raed.academy\/wp-content\/uploads\/2018\/02\/discurso-ingreso-Mar-Alonso-Almeida-El-nuevo-materialismo-del-siglo-xxi-Luces-y-sombras.pdf\" target=\"_blank\" rel=\"noopener\"><strong><em>El nuevo materialismo del siglo XXI: Luces y sombras<\/em><\/strong><\/a><br \/>Discurso de respuesta a cargo del\u00a0 <a href=\"http:\/\/raed.academy\/academicos\/dr-juan-pedro-aznar-alarcon\/\" target=\"_blank\" rel=\"noopener\"><em><strong>Dr. Pedro Aznar Alarc\u00f3n<\/strong><\/em><\/a><\/p><p>Lugar: Sal\u00f3n de actos de Fomento del Trabajo<br \/>Fecha: 27.02.2018<br \/>Hora: 19.30h<\/p><\/td><td><p>[gallery columns=\"1\" link=\"file\" ids=\"42273\"]<\/p><\/td><\/tr><\/tbody><\/table><p><!-- Fin de febrero\/2018 --><\/p><h2>MARZO 2018<\/h2><table class=\"tablaEventos\"><colgroup> <col style=\"text-align: center; font-style: italic; font-size: 18px; font-weight: bold;\" \/> <col \/> <col style=\"width: 170px;\" \/> <\/colgroup><tbody><!-- marzo\/2018 --><tr id=\"evento0203\"><td class=\"fecha-evento\">2 al 4<br \/>Marzo 2018<\/td><td><h3>Acto acad\u00e9mico en <a href=\"http:\/\/www.hotelbalnearivichycatalan.cat\/\" target=\"_blank\" rel=\"noopener\">Vichy Catal\u00e1n<\/a><\/h3><h4>S\u00e1bado d\u00eda 3 de marzo,\u00a09.00 - Conferencias cient\u00edficas multidisciplinarias en Vichy Catal\u00e1n<\/h4><p>Ponentes:<\/p><ul><li>Conferencia Inaugural: <strong>Joan B Renart<\/strong> CEO de Vichy Catal\u00e1n - Un ejemplo de Historia, Innovaci\u00f3n y Desarrollo.<\/li><li><strong>Josep Roca<\/strong>, Sommelier Celler de Can Roca - Lo que nos cuenta el Vino<\/li><li><a href=\"http:\/\/raed.academy\/academicos\/dr-jose-ramon-calvo-fernandez\/\" target=\"_blank\" rel=\"noopener\"><strong>Jos\u00e9 Ram\u00f3n Calvo<\/strong><\/a>, ULPGC - RAED: \u00bfEcosistema Inviable = Resultados imposibles?<\/li><li><a href=\"http:\/\/raed.academy\/academicos\/dra-maria-dels-angels-calvo-torras\/\" target=\"_blank\" rel=\"noopener\"><strong>Maria \u00c0ngels Calvo<\/strong><\/a>, RAED: A la caza de \u201cbichos\u201d insospechados en lugares ni imaginados<\/li><li><a href=\"http:\/\/raed.academy\/academicos\/dr-jordi-marti-pidelaserra\/\" target=\"_blank\" rel=\"noopener\"><strong>Jordi Mart\u00ed<\/strong><\/a>, UB - RAED: Historias de la Tecnolog\u00eda que cambian al mundo y a las empresas<\/li><li><strong>Jos\u00e9 Mar\u00eda Baldasano<\/strong> \u2013 UPB \u2013 RAED - \u00bfQu\u00e9 implicaciones clim\u00e1ticas se derivan del deshielo del \u00c1rtico?<\/li><li><strong>Cecilia Kindel\u00e1n<\/strong>, RAED: El Clima cambia y no sabemos contarlo<\/li><li><a href=\"http:\/\/raed.academy\/academicos\/dr-carlo-maria-gallucci-calabrese\/\" target=\"_blank\" rel=\"noopener\"><strong>Carlo Maria Gallucci<\/strong><\/a>, RAED - Universidad Ramon Llull - ESADE: \u00bfCon una buena estrategia de Marketing se puede vender un mal producto?<\/li><li><strong>Jaume Llopis<\/strong>, IESE: \u00bfC\u00f3mo perder la reputaci\u00f3n de una marca?<\/li><li><strong>Pollyana Nethersole<\/strong>, \u00bfQu\u00e9 hemos hecho para merecer un Brexit?<\/li><li><a href=\"http:\/\/raed.academy\/academicos\/dra-rosmarie-cammany-dorr\/\" target=\"_blank\" rel=\"noopener\"><strong>Rosmarie Cammany<\/strong><\/a>, La Filantrop\u00eda: Una inversi\u00f3n de alto rendimiento<\/li><li><a href=\"http:\/\/raed.academy\/academicos\/dr-joan-francesc-corona-ramon\/\" target=\"_blank\" rel=\"noopener\"><strong>Juan Francisco Corona<\/strong><\/a>, DG Instituto de Empresa Familiar. \u00bfLas Peleas de familia destrozan las empresas familiares?<\/li><li><a href=\"http:\/\/raed.academy\/academicos\/dra-teresa-freixes-sanjuan\/\" target=\"_blank\" rel=\"noopener\"><strong>Teresa Freixes<\/strong><\/a>, UAB - RAED: \u00bfSirve para algo tener una constituci\u00f3n?<\/li><li><strong>Naohito Watanabe<\/strong>, c\u00f3nsul general de Jap\u00f3n en Barcelona: \u201cMusa modernista: La primera actriz japonesa que visit\u00f3 Barcelona\u201d<\/li><li><strong>Manuel Murillo<\/strong>, RAED: \u00bfQui\u00e9n sale ganando con las \u201cFake news\u201d?<\/li><li><a href=\"http:\/\/raed.academy\/academicos\/dr-alfredo-rocafort-nicolau\/\" target=\"_blank\" rel=\"noopener\"><strong>Alfredo Rocafort<\/strong><\/a>, RAED: Los contables cuentan lo que es f\u00e1cil de contar, pero no lo que m\u00e1s cuenta.<\/li><li><a href=\"http:\/\/raed.academy\/academicos\/dr-pedro-claros-blanch\/\" target=\"_blank\" rel=\"noopener\"><strong>Pedro Clar\u00f3s<\/strong><\/a>, RAED: \u201cEl misterio de la metamorfosis de una voz del Siglo XX-XXI\u201d<\/li><li><a href=\"http:\/\/raed.academy\/academicos\/dr-xabier-anoveros-trias-de-bes\/\" target=\"_blank\" rel=\"noopener\"><strong>Xabier A\u00f1overos<\/strong><\/a>, Historias de un navarro en Catalu\u00f1a<\/li><li><strong>Enrique Tom\u00e1s<\/strong>, De Badalona al Mundo: Historias de un charcutero.<\/li><\/ul><h4>S\u00e1bado d\u00eda 3 de marzo,\u00a021.00: Cocktail y cena de clausura en Celler de Can Roca (Espai Mas Marroch)<\/h4><p>Lugar: <a href=\"http:\/\/www.hotelbalnearivichycatalan.cat\/\" target=\"_blank\" rel=\"noopener\">Hotel Balneario Vichy Catal\u00e1n<\/a>, restaurante Mas Marroch<br \/>Fecha: 2 al 4 de marzo de 2018<\/p><h4><a href=\"http:\/\/www.calameo.com\/books\/005473754a41ac9cdd786\" target=\"_blank\" rel=\"noopener\">Programa del acto<\/a><\/h4><h4><a href=\"http:\/\/raed.academy\/conferencias-cientificas-vichy-catalan\/\" target=\"_blank\" rel=\"noopener\">M\u00e1s informaci\u00f3n<\/a><\/h4><\/td><td><p>[gallery columns=\"1\" link=\"file\" ids=\"42554,42555,42529,42649\"]<\/p><\/td><\/tr><tr id=\"evento0803\"><td class=\"fecha-evento\">8 marzo<br \/>2018<\/td><td><h3>Debate \u201cMujeres que cambian el mundo\u201d<\/h3><p>Ponentes:<\/p><ul><li><strong><a href=\"http:\/\/raed.academy\/academicos\/dra-rosmarie-cammany-dorr\/\" target=\"_blank\" rel=\"noopener\">Dra. Rosmarie Cammany<\/a>.<\/strong> Acad\u00e9mica de N\u00famero de la RAED y Dra. En Sociolog\u00eda.<\/li><li><a href=\"http:\/\/raed.academy\/academicos\/dra-maria-dels-angels-calvo-torras\/\" target=\"_blank\" rel=\"noopener\"><strong>Dra. Maria \u00c0ngels Calvo<\/strong><\/a>. Acad\u00e9mica de N\u00famero de la RAED y Presidenta de la Secci\u00f3n de Ciencias de la Salud.<\/li><li><strong>Sra. Myrtha Casanovas.<\/strong> Fundadora y presidente del Instituto Europeo para la Gesti\u00f3n de la Diversidad.<\/li><li><strong>Dra. Sonia Fern\u00e1ndez-Vidal. <\/strong> Dra. en \u00d3ptica e Informaci\u00f3n Cu\u00e1ntica. Investigadora y divulgadora cient\u00edfica.<\/li><li><strong>Sra. Mari\u00e1n Muro<\/strong>. Directora General de Espa\u00f1a Grupo Juli\u00e1.<\/li><\/ul><p>Moderadora: <strong>Dra. Cecilia Kindel\u00e1n Amorrich.<\/strong> Dra. en Comunicaci\u00f3n y miembro del Instituto de Investigaciones Interdisciplinarias de la RAED.<\/p><p>Lugar: Sal\u00f3n de actos de Fomento del Trabajo<br \/>Fecha: 08.03.2018<br \/>Hora: 19.00h<\/p><h3>V\u00eddeo del acto<\/h3><p><iframe src=\"https:\/\/www.youtube.com\/embed\/1WHlfw37T7I\" width=\"854\" height=\"480\" frameborder=\"0\" allowfullscreen=\"allowfullscreen\"><\/iframe><\/p><h3><a href=\"http:\/\/raed.academy\/mujeres-que-cambian-el-mundo\/\">M\u00e1s informaci\u00f3n<\/a><\/h3><\/td><td><p>[gallery type=\"divi\" columns=\"1\" link=\"file\" ids=\"42936,42939,42943\"]<\/p><\/td><\/tr><tr id=\"evento1503\"><td class=\"fecha-evento\">15 marzo<br \/>2018<\/td><td><h3>Ingreso como Acad\u00e9mico Correspondiente: <a href=\"http:\/\/raed.academy\/academicos\/dr-rodolfo-fernandez-cuellas\/\" target=\"_blank\" rel=\"noopener\">Rodolfo Fern\u00e1ndez-Cuellas<\/a><\/h3><p>Discurso de ingreso: <a href=\"http:\/\/raed.academy\/wp-content\/uploads\/2018\/03\/discurso-ingreso-dr-Rodolfo-Fernandez-Cuellas-dinamica-mayoria-minoria.pdf\" target=\"_blank\" rel=\"noopener\"><strong><em>Las din\u00e1micas mayor\u00eda-minor\u00eda y el derecho de separaci\u00f3n del socio<\/em><\/strong><\/a><br \/>Discurso de contestaci\u00f3n: <a href=\"http:\/\/raed.academy\/academicos\/dr-emili-gironella-masgrau\/\" target=\"_blank\" rel=\"noopener\"><strong>Emili Gironella Masgrau<\/strong><\/a><\/p><p>Lugar: Sal\u00f3n de actos de Fomento del Trabajo<br \/>Fecha: 15.03.2018<br \/>Hora: 19.30h<\/p><\/td><td><p>[gallery link=\"file\" columns=\"1\" ids=\"43326\"]<\/p><\/td><\/tr><tr id=\"evento2003\"><td class=\"fecha-evento\">20 marzo<br \/>2018<\/td><td><h3>Consolatio: Homenaje a los Dres: Joaqu\u00edn Barraquer, Joan Trayter, Josep Llort y Joan Oliv\u00e9<\/h3><p>Organizado por la <strong><a href=\"http:\/\/raed.academy\/academicos\/dra-maria-dels-angels-calvo-torras\/\" target=\"_blank\" rel=\"noopener\">Dra. M.\u00c0ngels Calvo<\/a><\/strong> y <a href=\"http:\/\/raed.academy\/academicos\/dra-rosmarie-cammany-dorr\/\" target=\"_blank\" rel=\"noopener\"><strong>Dra. Rosmarie Cammany<\/strong><\/a>.<\/p><p>Lugar: Sala de actos de Fomento del Trabajo<br \/>Fecha: 20.03.2018<br \/>Hora:19:30h<\/p><\/td><td><p>[gallery columns=\"1\" link=\"file\" ids=\"43601\"]<\/p><\/td><\/tr><tr id=\"evento2203\"><td class=\"fecha-evento\">22 marzo<br \/>2018<\/td><td><h3>Hidrataci\u00f3n y salud en la Europa del siglo XXI<\/h3><p><strong>Los debates de la Real Academia Europea de Doctores - Ciclo de conferencias de la Secci\u00f3n de Ciencias de la Salud<\/strong><\/p><p>Presentaci\u00f3n de la C\u00e1tedra Internacional de Estudios Avanzados en Hidrataci\u00f3n del Instituto Universitario de Investigaciones Biom\u00e9dicas y Sanitarias (IUIBS) de la Universidad de Las Palmas de Gran Canaria (ULPGC)<\/p><p>Ponentes:<\/p><ul><li><strong><a href=\"http:\/\/raed.academy\/academicos\/dr-lluis-serra-majem\/\" target=\"_blank\" rel=\"noopener\">Dr. Llu\u00eds Serra Majem<\/a><\/strong><\/li><li><strong> <a href=\"http:\/\/raed.academy\/academicos\/dr-javier-aranceta-bartrina\/\" target=\"_blank\" rel=\"noopener\">Dr. Javier Aranceta Bartrina<\/a><\/strong><\/li><li><strong>Dr. Rafael Urrialde de Andr\u00e9s<\/strong>, director de Nutrici\u00f3n y Salud de Coca-Cola Iberia.<\/li><li><strong>D. Faustino Mu\u00f1oz Soria<\/strong>, sumiller y director del Colmado Qu\u00edlez.<\/li><\/ul><p>Moderadora: <strong><a href=\"http:\/\/raed.academy\/academicos\/dra-maria-dels-angels-calvo-torras\/\" target=\"_blank\" rel=\"noopener\">Dra. Maria dels \u00c1ngels Calvo Torras<\/a><\/strong>, Presidenta de la Secci\u00f3n Ciencias de la Salud de la Real Academia Europea de Doctores<\/p><p>Lugar: Sal\u00f3n de actos de Fomento del Trabajo (Sala B).<br \/>Fecha: 22.03.2018<br \/>Hora: 18.00h<\/p><h3><a href=\"http:\/\/cieah.ulpgc.es\/es\/barcelona-2018\" target=\"_blank\" rel=\"noopener\">M\u00e1s informaci\u00f3n<\/a><\/h3><h3>V\u00eddeo resumen del acto<\/h3><p><iframe src=\"https:\/\/www.youtube.com\/embed\/2NN-ZfL-3zU\" width=\"700\" height=\"300\" frameborder=\"0\" allowfullscreen=\"allowfullscreen\"><\/iframe><\/p><\/td><td><p>[gallery link=\"file\" columns=\"1\" ids=\"43704,43705,43706,43707,43708\"]<\/p><\/td><\/tr><tr id=\"evento2203b\"><td class=\"fecha-evento\">22 marzo<br \/>2018<\/td><td><h3>Conferencia del <a href=\"http:\/\/raed.academy\/academicos\/dr-richard-roberts\/\" target=\"_blank\" rel=\"noopener\">Dr. Richard Roberts<\/a>, Premio Nobel de Medicina en 1993: \u00bfSon seguros los cultivos transg\u00e9nicos?<\/h3><p><strong>Ciclo Cient\u00edfico \u201cLa Ciencia vista a trav\u00e9s de los ojos de los Premios Nobel\u201d de <a href=\"http:\/\/obrasociallacaixa.org\/\" target=\"_blank\" rel=\"noopener\">Obra Social La Caixa<\/a><\/strong><\/p><p>Lugar: CosmoCaixa \u2013 Carrer d'Isaac Newton, 26, 08022 Barcelona<br \/>Fecha: 22.03.2018<br \/>Hora: 19:00h<\/p><h3><a href=\"http:\/\/raed.academy\/cultivos-transgenicos\/\" target=\"_blank\" rel=\"noopener\">M\u00e1s informaci\u00f3n<\/a><\/h3><\/td><td><p>[gallery link=\"file\" columns=\"1\" ids=\"43698\"]<\/p><\/td><\/tr><\/tbody><\/table><p><!-- Fin de marzo\/2018 --><\/p><h2>ABRIL 2018<\/h2><table class=\"tablaEventos\"><colgroup> <col style=\"text-align: center; font-style: italic; font-size: 18px; font-weight: bold;\" \/> <col \/> <col style=\"width: 170px;\" \/> <\/colgroup><tbody><tr id=\"evento1204\"><td class=\"fecha-evento\">12 abril<br \/>2018<\/td><td><h3>Debate a cargo de la Excma. Sra. Dilma Rousseff - Expresidenta de la Rep\u00fablica Federativa de Brasil<\/h3><h4>En el marco de la <a href=\"http:\/\/ceib.tirant.com\/\" target=\"_blank\" rel=\"noopener\">C\u00e1tedra de Estudios Jur\u00eddicos Iberoamericanos<\/a>, bajo el t\u00edtulo: \u201cBrasil, mi experiencia como Presidenta\u201d<\/h4><p>Ponentes:<\/p><ul><li><strong><a href=\"http:\/\/raed.academy\/academicos\/dr-santiago-jose-castella-surribas\/\" target=\"_blank\" rel=\"noopener\">Dr. Santiago J. Castell\u00e0 Surribas<\/a><\/strong>, Acad\u00e9mico Numerario de la Real Academia Europea de Doctores y Director de la C\u00e1tedra Smart City de la Universitat Rovira i Virgili<\/li><li><strong><a href=\"http:\/\/raed.academy\/academicos\/dr-joan-francesc-pont-clemente\/\" target=\"_blank\" rel=\"noopener\">Dr. Joan Francesc Pont Clemente<\/a><\/strong>, Acad\u00e9mico Numerario de la Real Academia Europea de Doctores y Presidente de la secci\u00f3n de Ciencias Sociales<\/li><\/ul><p>Moderador: Dr. <strong><a href=\"http:\/\/raed.academy\/academicos\/dr-jose-ramon-calvo-fernandez\/\" target=\"_blank\" rel=\"noopener\">Jos\u00e9 Ram\u00f3n Calvo Fern\u00e1ndez<\/a><\/strong>, Acad\u00e9mico Numerario de la Real Academia Europea de Doctores y Presidente del Instituto de Investigaciones Interdisciplinarias<\/p><p>Lugar: Sala de actos de Fomento del Trabajo - Via Laietana, 32, Pral, Barcelona<br \/>Fecha: 12.04.2018 a las 19:30h<\/p><h3><a href=\"http:\/\/raed.academy\/discurso-dilma-rousseff-raed\/\" target=\"_blank\" rel=\"noopener\">M\u00e1s informaci\u00f3n<\/a><\/h3><p><iframe src=\"https:\/\/www.youtube.com\/embed\/erlGsadgdPQ\" width=\"854\" height=\"480\" frameborder=\"0\" allowfullscreen=\"allowfullscreen\"><\/iframe><\/p><\/td><td><p>[gallery type=\"divi\" columns=\"1\" link=\"file\" ids=\"44669,44666,44667\"]<\/p><\/td><\/tr><tr id=\"evento1304\"><td class=\"fecha-evento\">13 abril<br \/>2018<\/td><td><h3>3er concierto del ciclo \"Conciertos Con Alma\" - M\u00fasica espa\u00f1ola<\/h3><p>Pianista: <strong>Nauzet Mederos<\/strong><\/p><h3><a href=\"http:\/\/raed.academy\/wp-content\/uploads\/2018\/04\/conciertos-con-alma-III-invitacion.pdf\" target=\"_blank\" rel=\"noopener\">Programa del concierto<\/a><\/h3><p>Lugar: Reial Cercle Art\u00edstic de Barcelona. Carrer dels Arcs, 5, 08002 Barcelona<\/p><p>Fecha: 13.04.2018 a las 19:30h<\/p><\/td><td><p>[gallery type=\"divi\" link=\"file\" columns=\"1\" ids=\"44658\"]<\/p><\/td><\/tr><tr id=\"evento2604\"><td class=\"fecha-evento\">26 abril<br \/>2018<\/td><td><h3>Conferencia \"\u00bfEstamos realmente hechos de cuarks?\"<\/h3><h4>Ciclo Cient\u00edfico \u201cLa Ciencia vista a trav\u00e9s de los ojos de los Premios Nobel\u201d - Obra Social La Caixa<\/h4><p>Conferencia del Premio Nobel de F\u00edsica en 1990 <a href=\"http:\/\/raed.academy\/academicos\/dr-jerome-isaac-friedman\/\" target=\"_blank\" rel=\"noopener\"><strong>Dr. Jerome Isaac Friedman<\/strong><\/a><\/p><p>Lugar: CosmoCaixa \u2013 Carrer d'Isaac Newton, 26, 08022 Barcelona<br \/>Fecha: 26.04.2018 a las 19:00h<\/p><h3><a href=\"http:\/\/raed.academy\/jerome-friedman-conferencia-quarks\/\" target=\"_blank\" rel=\"noopener\">M\u00e1s informaci\u00f3n<\/a><\/h3><\/td><td><p>[gallery type=\"divi\" columns=\"1\" link=\"file\" ids=\"45108\"]<\/p><\/td><\/tr><\/tbody><\/table><p><!-- Fin de abril\/2018 --><\/p><h2>MAYO 2018<\/h2><table class=\"tablaEventos\"><colgroup> <col style=\"text-align: center; font-style: italic; font-size: 18px; font-weight: bold;\" \/> <col \/> <col style=\"width: 170px;\" \/> <\/colgroup><tbody><tr id=\"evento0805\"><td class=\"fecha-evento\">8 mayo<br \/>2018<\/td><td><h3>Debate: Misterio en vida y muerte - Tutankam\u00f3n<\/h3><h4>Los debates de la Real Academia Europea de Doctores<\/h4><p>Ponente: <strong>Sr. Hamdi Zaki<\/strong><br \/>Presentaci\u00f3n: <strong>Dr. Josep F\u00e8lix Bentz<\/strong><\/p><p>Lugar: Reial Cercle Art\u00edstic de Barcelona. Carrer dels Arcs, 5, 08002 Barcelona<br \/>Fecha: 08.05.2018 a las 19:30h<\/p><p><iframe src=\"https:\/\/www.youtube.com\/embed\/2ZePpRTJ-sY\" width=\"700\" height=\"300\" frameborder=\"0\" allowfullscreen=\"allowfullscreen\"><\/iframe><\/p><\/td><td><p>[gallery type=\"divi\" columns=\"1\" link=\"file\" ids=\"45292,45294\"]<\/p><\/td><\/tr><tr id=\"evento1505\"><td class=\"fecha-evento\">15 mayo<br \/>2018<\/td><td><h3>Ingreso como Acad\u00e9mico de Honor: <a href=\"http:\/\/raed.academy\/academicos\/naohito-watanabe\/\" target=\"_blank\" rel=\"noopener\">Naohito Watanabe<\/a> \u2013 C\u00f3nsul General de Jap\u00f3n en Barcelona<\/h3><p>Discurso de ingreso: <a href=\"http:\/\/raed.academy\/wp-content\/uploads\/2018\/05\/discurso-ingreso-Naohito-Watanabe-Ruben-Dario-Japon-y-Japonismo.pdf\" target=\"_blank\" rel=\"noopener\"><strong>Rub\u00e9n Dar\u00edo, Jap\u00f3n y Japonismo<\/strong><\/a><br \/>Discurso de contestaci\u00f3n: <strong><a href=\"http:\/\/raed.academy\/academicos\/dr-josep-maria-bove-montero\/\" target=\"_blank\" rel=\"noopener\">Dr. Jos\u00e9 Mar\u00eda Bov\u00e9 Montero<\/a><\/strong><\/p><p>Lugar: Sal\u00f3n de actos de Fomento del Trabajo - Via Laietana, 32, Pral, Barcelona<br \/>Fecha: 15.05.2018 a las 19:30h<\/p><\/td><td><p>[gallery type=\"divi\" link=\"file\" columns=\"1\" ids=\"45541,45537\"]<\/p><\/td><\/tr><tr id=\"evento1805\"><td class=\"fecha-evento\">18 mayo<br \/>2018<\/td><td><h3>4\u00ba concierto del ciclo \"Conciertos Con Alma\" - La Flauta M\u00e1gica<\/h3><ul><li>Flautista: <strong>Linda Chatterton<\/strong><\/li><li>Pianista: <strong>Nauzet Mederos<\/strong><\/li><\/ul><p>Lugar: Reial Cercle Art\u00edstic de Barcelona. Carrer dels Arcs, 5, 08002 Barcelona<br \/>Fecha: 18.05.2018 a las 19:30h<\/p><h3><a href=\"http:\/\/raed.academy\/wp-content\/uploads\/2018\/05\/presentacion-conciertos-con-alma-IV-Linda-Chatterton-Nauzet-Mederos.pdf\" target=\"_blank\" rel=\"noopener\">Programa del concierto<\/a><\/h3><\/td><td><p>[gallery type=\"divi\" link=\"file\" columns=\"1\" ids=\"45698,45699\"]<\/p><\/td><\/tr><tr id=\"evento2205\"><td class=\"fecha-evento\">22 mayo<br \/>2018<\/td><td><h3>Ingreso como Acad\u00e9mica Correspondiente: <a href=\"http:\/\/raed.academy\/academicos\/dra-maria-asuncion-peire-garcia\/\" target=\"_blank\" rel=\"noopener\">Mar\u00eda Asunci\u00f3n Peir\u00e9<\/a><\/h3><p>Discurso de ingreso: <a href=\"http:\/\/raed.academy\/wp-content\/uploads\/2018\/05\/discurso-ingreso-Maria-Asuncion-Peire-Farmacologia-Pediatrica.pdf\" target=\"_blank\" rel=\"noopener\"><strong>Farmacolog\u00eda Pedi\u00e1trica: pasado, presente y perspectivas de futuro<\/strong><\/a><br \/>Discurso de contestaci\u00f3n: <a href=\"http:\/\/raed.academy\/academicos\/dr-pedro-claros-blanch\/\" target=\"_blank\" rel=\"noopener\"><strong>Dr. Pedro Clar\u00f3s<\/strong><\/a><\/p><p>Lugar: Sal\u00f3n de actos de Fomento del Trabajo<br \/>Fecha: 22.05.2018 a las 19:30h<\/p><\/td><td><p>[gallery type=\"divi\" link=\"file\" columns=\"1\" ids=\"45723\"]<\/p><\/td><\/tr><tr id=\"evento3105\"><td class=\"fecha-evento\">31 mayo<br \/>2018<\/td><td><h3>Debate \u201cTabaquismo presente y futuro\u201d<\/h3><h4>Los debates de la Real Academia Europea de Doctores - D\u00eda Mundial sin tabaco<\/h4><p>Temas a tratar en el debate:<br \/>Impacto en el consumo del tabaco, desde la aprobaci\u00f3n de las leyes sobre el control y regulaci\u00f3n de su uso.<br \/>An\u00e1lisis de las nuevas formas de consumo de tabaco vinculadas a nuevas tecnolog\u00edas, impulsadas por las tabaqueras.<br \/>Estudio del impacto de esas circunstancias sobre el consumo en j\u00f3venes.<\/p><p>Ponentes:<\/p><ul><li><a href=\"http:\/\/raed.academy\/academicos\/dr-jose-ramon-calvo-fernandez\/\" target=\"_blank\" rel=\"noopener\"><strong>Dr. Jos\u00e9 Ram\u00f3n Calvo<\/strong><\/a><\/li><li><strong>Dr. Francesc Abella Pons<\/strong><\/li><li><strong>Sr. Esteve Salt\u00f3<\/strong><\/li><li><strong>Dr. Esteve Fern\u00e1ndez<\/strong><\/li><\/ul><p>Lugar: Sala de actos de Fomento de trabajo - Via Laietana, 32, Pral, Barcelona<br \/>Fecha: 31.05.2018 a las 19:30h<\/p><\/td><td><p>[gallery type=\"divi\" columns=\"1\" link=\"file\" ids=\"46191,46245\"]<\/p><\/td><\/tr><\/tbody><\/table><p><!-- Fin de mayo\/2018 --><\/p><h2>JUNIO 2018<\/h2><table class=\"tablaEventos\"><colgroup> <col style=\"text-align: center; font-style: italic; font-size: 18px; font-weight: bold;\" \/> <col \/> <col style=\"width: 170px;\" \/> <\/colgroup><tbody><tr id=\"evento0106\"><td class=\"fecha-evento\">1 junio<br \/>2018<\/td><td><h3>Ingreso como Acad\u00e9mico de N\u00famero: <a href=\"http:\/\/raed.academy\/academicos\/dr-juan-vicente-sola\" target=\"_blank\" rel=\"noopener\">Dr. Juan Vicente Sola<\/a>, Doctor en Derecho y Econom\u00eda<\/h3><p>Discurso de ingreso: <a href=\"http:\/\/raed.academy\/wp-content\/uploads\/2018\/06\/discurso-ingreso-Juan-Vicente-Sola-Pluralismo-y-corporativismo.pdf\" target=\"_blank\" rel=\"noopener\"><strong>\u201cPluralismo y Corporativismo. El freno a la Econom\u00eda din\u00e1mica\u201d<\/strong><\/a><br \/>Discurso de contestaci\u00f3n a cargo del <strong><a href=\"http:\/\/raed.academy\/academicos\/dr-edmund-phelps\/\" target=\"_blank\" rel=\"noopener\">Excmo. Sr. Dr. Edmund Phelps<\/a>, Acad\u00e9mico de Honor de la RAED y Premio Nobel de Econom\u00eda 2006<\/strong><\/p><p>Lugar: Sala de actos de Fomento de trabajo - Via Laietana, 32, Pral, Barcelona<br \/>Fecha: 01.06.2018 a las 18:00h<\/p><\/td><td><p>[gallery type=\"divi\" columns=\"1\" link=\"file\" ids=\"46208,46211,46217\"]<\/p><\/td><\/tr><tr id=\"evento0506\"><td class=\"fecha-evento\">5 junio<br \/>2018<\/td><td><h3>Debate \"La educaci\u00f3n en Tecnolog\u00eda. La ense\u00f1anza de la ingenier\u00eda: un modelo en revisi\u00f3n en Espa\u00f1a\"<\/h3><p>Moderador: <a href=\"http:\/\/raed.academy\/academicos\/dr-jaime-rodrigo-de-larrucea\/\" target=\"_blank\" rel=\"noopener\"><strong>Dr. Jaime Rodrigo de Larrucea<\/strong><\/a>. Presidente de la Secci\u00f3n Tecnolog\u00eda RAED. Profesor de Derecho Mar\u00edtimo (UPC).<\/p><p>Ponentes:<\/p><ul><li><a href=\"http:\/\/raed.academy\/academicos\/dr-eugenio-onate-ibanez-de-navarra\/\" target=\"_blank\" rel=\"noopener\"><strong>Dr. Eugenio O\u00f1ate<\/strong><\/a>. Catedr\u00e1tico ETS Caminos Canales y Puertos. Director CIMNE y Vicepresidente RAED.<\/li><li><strong><a href=\"http:\/\/raed.academy\/academicos\/dr-javier-gil-mur\/\" target=\"_blank\" rel=\"noopener\">Dr. Xaviel Gil<\/a>.<\/strong> Catedr\u00e1tico Ingenier\u00eda de los Materiales . Rector UIC.<\/li><li><a href=\"http:\/\/raed.academy\/academicos\/dr-lluis-vicent-safont\/\" target=\"_blank\" rel=\"noopener\"><strong>Dr. Llu\u00eds Vicent<\/strong><\/a> . Dr. en \u201cTIC y Gesti\u00f3n de las TIC\u201d e Ingeniero en Telecomunicaciones. Promotor y primer rector de la Universitat Oberta La Salle.<\/li><\/ul><p>Lugar: Sala de actos de Fomento de trabajo - Via Laietana, 32, Pral, Barcelona<br \/>Fecha: 05.06.2018 a las 19:00h<\/p><p><iframe src=\"https:\/\/www.youtube.com\/embed\/wLi7pttmg-E\" width=\"852\" height=\"345\" frameborder=\"0\" allowfullscreen=\"allowfullscreen\"><\/iframe><\/p><\/td><td><p>[gallery type=\"divi\" link=\"file\" columns=\"1\" ids=\"46376,46373\"]<\/p><\/td><\/tr><tr id=\"evento0706\"><td class=\"fecha-evento\">7 junio<br \/>2018<\/td><td><h3>Conferencia: Los grandes descubrimientos accidentales<\/h3><p>Conferencia del Premio Nobel de F\u00edsica <strong><a href=\"http:\/\/raed.academy\/academicos\/dr-sheldon-lee-glashow\/\" target=\"_blank\" rel=\"noopener\">Sheldon Lee Glashow<\/a><\/strong>, dentro del ciclo <strong>\"La ciencia vista a trav\u00e9s de los ojos de Premios Nobel\"<\/strong> (Obra Social La Caixa).<\/p><p>El Dr. Glashow habla sobre los hallazgos cient\u00edficamente valiosos que no se producen como resultado del llamado m\u00e9todo cient\u00edfico (formulaci\u00f3n de hip\u00f3tesis, prueba y posterior aceptaci\u00f3n o rechazo), sino de manera accidental o casual, como un descubrimiento accidental no buscado.<\/p><p>La penicilina se descubri\u00f3 pr\u00e1cticamente por accidente. Alexander Fleming, olvid\u00f3 una serie de placas de petri con cultivos de bacterias que dej\u00f3 al aire libre en el laboratorio, a su vuelta las placas estaban llenas de moho y por curiosidad las mir\u00f3 al microscopio. Entonces descubri\u00f3 que el moho, que eran hongos de Penicillium, hab\u00eda matado a las bacterias. Este descubrimiento accidental ha salvado miles de vidas gracias a la penicilina.<\/p><p>Hay muchos casos como este, tanto la luz infrarroja como la radioactividad fueron descubiertos probando hip\u00f3tesis err\u00f3neas. Otro descubrimiento accidental fue el primer tinte de anilina ya que surgi\u00f3 de un intento fallido de sintetizar quinina . Y tambi\u00e9n hay ejemplos comerciales como Goodyear cuando les cay\u00f3 azufre sobre una cubeta de caucho caliente y gener\u00f3 un proceso qu\u00edmico llamado vulcanizaci\u00f3n. Esta mezcla se endureci\u00f3 y curv\u00f3 y dio pie posteriormente a la aparici\u00f3n de los neum\u00e1ticos.<\/p><p>Lugar: CosmoCaixa - C\/ Isaac Newton, 26, 08022 Barcelona<\/p><\/td><td><p>[gallery columns=\"1\" link=\"file\" ids=\"46500,46497\"]<\/p><\/td><\/tr><tr id=\"evento1206\"><td class=\"fecha-evento\">12 junio<br \/>2018<\/td><td><h3>Ingreso como Acad\u00e9mica Numeraria: <a href=\"http:\/\/raed.academy\/academicos\/dra-mireia-las-heras-maestro\/\" target=\"_blank\" rel=\"noopener\">Mireia Las Heras Maestro<\/a><\/h3><p>Discurso de ingreso: <a href=\"http:\/\/raed.academy\/wp-content\/uploads\/2018\/06\/discurso-ingreso-Mireia-Las-Heras-Maestro-El-Valor-Del-Liderazgo.pdf\" target=\"_blank\" rel=\"noopener\"><strong>El valor del Liderazgo<\/strong><\/a><br \/>Discurso de respuesta a cargo del <a href=\"http:\/\/raed.academy\/academicos\/dr-jose-antonio-segarra-torres\/\" target=\"_blank\" rel=\"noopener\"><strong>Dr. Jos\u00e9 Antonio Segarra<\/strong><\/a><\/p><p>Lugar: Sala de actos de Fomento de trabajo - Via Laietana, 32, Pral, Barcelona<br \/>Fecha: 12.06.2018 a las 19:00h<\/p><\/td><td><p>[gallery type=\"divi\" columns=\"1\" link=\"file\" ids=\"46611,46621\"]<\/p><\/td><\/tr><tr id=\"evento2006\"><td class=\"fecha-evento\">20 junio<br \/>2018<\/td><td><h3>Ingreso como Acad\u00e9mica Correspondiente: <strong>Dra. Marta Pulido Mestre<\/strong>, doctora en medicina y cirug\u00eda<\/h3><p>Discurso de ingreso: <a href=\"http:\/\/raed.academy\/wp-content\/uploads\/2018\/06\/discurso-ingreso-Marta-Pulido-Mestre-Autoria-de-las-Publicaciones-Cientificas.pdf\" target=\"_blank\" rel=\"noopener\"><strong>Reflexiones sobre la autor\u00eda de las publicaciones cient\u00edficas<\/strong><\/a><br \/>Discurso de respuesta a cargo del <strong><a href=\"http:\/\/raed.academy\/academicos\/dr-pedro-claros-blanch\/\" target=\"_blank\" rel=\"noopener\">Dr. Pedro Clar\u00f3s<\/a><\/strong><\/p><p>Lugar: Real C\u00edrculo Art\u00edstico de Barcelona - C\/ dels Arcs, 5, 08002 Barcelona<br \/>Fecha: 20.06.2018 a las 19:30h<\/p><\/td><td><p>[gallery type=\"divi\" columns=\"1\" link=\"file\" ids=\"46934\"]<\/p><\/td><\/tr><tr id=\"evento2106\"><td class=\"fecha-evento\">21 junio<br \/>2018<\/td><td><h3>Debate \"Mujeres que cambian el mundo\"<\/h3><h4>Intervendr\u00e1n:<\/h4><ul><li><strong>Aldo Olcese Santonja<\/strong>, Presidente de la Fundaci\u00f3n Independiente<\/li><li><a href=\"http:\/\/raed.academy\/academicos\/dr-alfredo-rocafort-nicolau\/\" target=\"_blank\" rel=\"noopener\"><strong>Alfredo Rocafort Nicolau<\/strong><\/a>, Presidente de la Real Academia Europea de Doctores<\/li><\/ul><h4>Mesa de debate:<\/h4><ul><li><strong>Ana Bujald\u00f3n<\/strong>, Presidenta de la Federaci\u00f3n Espa\u00f1ola de Mujeres Directivas, Ejecutivas, Profesionales y Empresarias<\/li><li><strong>Arantza Mart\u00ednez<\/strong>, Pintora Hiperrealista<\/li><li><strong>Karen Biain<\/strong>, Directora de Branded Content de Unidad Editorial<\/li><li><strong>Paloma Domingo<\/strong>, Directora General de la Fundaci\u00f3n Espa\u00f1ola de Ciencia y Tecnolog\u00eda<\/li><li><strong>Rosa Rubio<\/strong>, Vocal del Consejo Fiscal y Fiscal Delegada de la Especialidad Civil y de Protecci\u00f3n Jur\u00eddica de las Personas con Discapacidad para la Comunidad Aut\u00f3noma de Canarias.<\/li><li><a href=\"http:\/\/raed.academy\/academicos\/dra-teresa-freixes-sanjuan\/\" target=\"_blank\" rel=\"noopener\"><strong>Teresa Freixes<\/strong><\/a>, Catedr\u00e1tica de Derecho Constitucional<\/li><\/ul><p>Moderadora:<strong> Cecilia Kindelan<\/strong>, periodista, abogada y miembro del Instituto de Investigaciones Interdisciplinarias de la RAED.<br \/>Lugar: Club Financiero G\u00e9nova - Sal\u00f3n Minerva. C\/ Marqu\u00e9s de la Ensenada, 14, planta 14 - Madrid (MADRID)<\/p><\/td><td><p>[gallery type=\"divi\" columns=\"1\" link=\"file\" ids=\"46945,46946,46947\"]<\/p><\/td><\/tr><tr id=\"evento2806\"><td class=\"fecha-evento\">28 junio<br \/>2018<\/td><td><h3>Debate. Sostenibilidad, Retos y Desaf\u00edos del Sistema de Pensiones<\/h3><h4>Ponentes:<\/h4><ul><li><strong>Myrta Casanovas<\/strong>, empresaria y fil\u00e1ntropa<\/li><li><a href=\"http:\/\/raed.academy\/academicos\/dr-jose-maria-gay-de-liebana-saludas\/\" target=\"_blank\" rel=\"noopener\"><strong>Jos\u00e9 Mar\u00eda Gay de Li\u00e9bana<\/strong><\/a>, pofesor y acad\u00e9mico de la RAED<\/li><li><strong>Jos\u00e9 Lu\u00eds Bonet<\/strong>, Presidente de la C\u00e1mara de Espa\u00f1a y acad\u00e9mico de la RAED<\/li><li><a href=\"http:\/\/raed.academy\/academicos\/dr-jose-luis-salido-banus\/\" target=\"_blank\" rel=\"noopener\"><strong>Jos\u00e9 Lu\u00eds Salido<\/strong><\/a>, profesor y acad\u00e9mico de la RAED<\/li><li><strong>Pau Miret<\/strong>, profesor de la UAB<\/li><\/ul><h4>Moderador:<\/h4><ul><li><strong>Agust\u00ed Salas<\/strong>, periodista de la Secci\u00f3n de Econom\u00eda de El Peri\u00f3dico.<\/li><\/ul><p>Lugar: Sala de actos de Fomento de trabajo - Via Laietana, 32, Pral, Barcelona<br \/>Fecha: 28.06.2018 a las 18:00h<br \/><iframe src=\"https:\/\/www.youtube.com\/embed\/d5Q6Bpu65UI\" width=\"700\" height=\"350\" frameborder=\"0\" allowfullscreen=\"allowfullscreen\"><\/iframe><\/p><\/td><td><p>[gallery type=\"divi\" link=\"file\" columns=\"1\" ids=\"64007,63984,63987,63990,63993\"]<\/p><\/td><\/tr><\/tbody><\/table><p><!-- Fin de junio\/2018 --><\/p><h2>JULIO 2018<\/h2><table class=\"tablaEventos\"><colgroup> <col style=\"text-align: center; font-style: italic; font-size: 18px; font-weight: bold; min-width: 100px;\" \/> <col \/> <col style=\"width: 170px;\" \/> <\/colgroup><tbody><tr id=\"evento0207\"><td class=\"fecha-evento\">2 julio<br \/>2018<\/td><td><h3>5\u00ba concierto del ciclo \"Conciertos Con Alma\". Recital de m\u00fasica cl\u00e1sica<\/h3><p>Int\u00e9rpretes:<\/p><ul><li><strong>Ivan Mart\u00edn<\/strong>, Piano<\/li><li><strong>Sheila G\u00f3mez<\/strong>, Viol\u00edn<\/li><\/ul><p>\u00a0<\/p><h4><a href=\"http:\/\/raed.academy\/wp-content\/uploads\/2018\/07\/programa-conciertos-con-alma-V-Ivan-Martin-y-Sheila-Gomez.pdf\" target=\"_blank\" rel=\"noopener\">Programa del concierto<\/a><\/h4><p>\u00a0<\/p><p>Lugar: Sala de los Atlantes del Real C\u00edrculo Art\u00edstico de Barcelona, Carrer dels Arcs, 5, 08002 Barcelona<br \/>Fecha: 02.07.2018 a las 19:30h<\/p><\/td><td><p>[gallery type=\"divi\" link=\"file\" columns=\"1\" ids=\"47610\"]<\/p><\/td><\/tr><tr id=\"evento1107\"><td class=\"fecha-evento\">11 - 18<br \/>julio<br \/>2018<\/td><td><h3>IV Acto Internacional - Congreso Europeo de Investigaciones Interdisciplinarias<br \/>\"Ciencia, \u00c9tica y Humanismo\"<\/h3><p>Celebraci\u00f3n del IV Congreso Internacional de la Real Academia en diversas ciudades del mediterr\u00e1neo. Del 11 al 18 de Julio.<\/p><ul><li>Sesi\u00f3n de ponencias multidisciplinarias de Acad\u00e9micos de la RAED.<\/li><li>Visita a la Pontificia Academia de las Ciencias:<ul><li>Bienvenida a cargo del Gran Canciller de la Academia, <strong>Monse\u00f1or Marcelo S\u00e1nchez Sorondo<\/strong>, y del <a href=\"http:\/\/raed.academy\/academicos\/dr-lluis-martinez-sistach\/\" target=\"_blank\" rel=\"noopener\"><strong>Cardenal Luis Mart\u00ednez Sistach<\/strong><\/a>.<\/li><li>Dialogo acad\u00e9mico: <strong>\"Los retos de la ciencia y el humanismo actual vistos desde la perspectiva de las academias cient\u00edficas\"<\/strong><\/li><\/ul><\/li><li>Di\u00e1logo Acad\u00e9mico <strong>\u201cCiencia y vida de un cient\u00edfico\"<\/strong>.<\/li><li>Visita a Valldemossa, Mallorca:<ul><li>Rueda de prensa en Valldemossa.<\/li><li>Conferencia de la <strong>Sra. Rosa Capllong<\/strong>: <strong>\u201cGeorge Sand y Frederic Chopin, un invierno en Mallorca\u201d<\/strong><\/li><li>Concierto de piano de <strong>Iv\u00e1n Mart\u00edn<\/strong>. Interpretaci\u00f3n de temas de Chopin.<\/li><\/ul><\/li><li>Acto de ingreso de los Premios Nobel: <a href=\"http:\/\/raed.academy\/academicos\/dr-barry-clark-barish\/\" target=\"_blank\" rel=\"noopener\"><strong>Barry Clark Barish<\/strong><\/a> y <a href=\"http:\/\/raed.academy\/academicos\/dr-richard-royce-schrock\/\" target=\"_blank\" rel=\"noopener\"><strong>Richard Royce Schrock<\/strong><\/a>.<\/li><\/ul><h4>Itinerario: Ajaccio \u2013 Civitavecchia \u2013 La Spezia \u2013 Genova \u2013 Cannes \u2013 Palma de Mallorca<br \/>Fecha: Del 11 al 18 de julio de 2018<\/h4><h4><a href=\"http:\/\/raed.academy\/iv-acto-internacional\/\">M\u00e1s informaci\u00f3n sobre el IV Acto Internacional<\/a><\/h4><\/td><td><p>[gallery link=\"file\" columns=\"1\" ids=\"55311,47554,47552,55294\"]<\/p><\/td><\/tr><\/tbody><\/table><h2>SEPTIEBMRE 2018<\/h2><table class=\"tablaEventos\"><colgroup> <col style=\"text-align: center; font-style: italic; font-size: 18px; font-weight: bold; min-width: 100px;\" \/> <col \/> <col style=\"width: 170px;\" \/> <\/colgroup><tbody><tr id=\"evento1309\"><td class=\"fecha-evento\">13 septiembre<br \/>2018<\/td><td><h3>Ingreso como Acad\u00e9mico de N\u00famero: Josep Maria Ustrell i Torrent<\/h3><p>Discurso de ingreso: <a href=\"http:\/\/raed.academy\/wp-content\/uploads\/2018\/09\/discurso-ingreso-Josep-Maria-Ustrell-i-Torrent.pdf\" target=\"_blank\" rel=\"noopener\"><strong>Perspectiva Human\u00edstica de la Bio\u00e9tica en Estomatolog\u00eda\/Odontolog\u00eda<\/strong><\/a><br \/>Discurso de respuesta a cargo del <strong><a href=\"http:\/\/raed.academy\/academicos\/dr-ferran-guedea-edo\/\" target=\"_blank\" rel=\"noopener\">Dr. Ferran Guedea Edo<\/a><\/strong><\/p><p>Lugar: Sala de actos de Fomento de trabajo \u2013 Via Laietana, 32, Pral, Barcelona<br \/>Fecha: 13.09.2018 a las 19:00h<\/p><\/td><td><p>[gallery type=\"divi\" link=\"file\" columns=\"1\" ids=\"56116\"]<\/p><\/td><\/tr><tr id=\"evento2009\"><td class=\"fecha-evento\">20 septiembre<br \/>2018<\/td><td><h3>Ingreso como Acad\u00e9mico Correspondiente: <a href=\"http:\/\/raed.academy\/academicos\/dr-rafael-urrialde-de-andres\/\" target=\"_blank\" rel=\"noopener\">Rafael Urrialde de Andr\u00e9s<\/a><\/h3><p>Discurso de ingreso: <strong>Evoluci\u00f3n de la Informaci\u00f3n Relacionada con la Alimentaci\u00f3n y la Nutrici\u00f3n: Retos de Adaptaci\u00f3n por el Consumidor<\/strong><br \/>Discurso de respuesta a cargo del <a href=\"http:\/\/raed.academy\/academicos\/dr-lluis-serra-majem\/\" target=\"_blank\" rel=\"noopener\"><strong>Dr. Llu\u00eds Serra-Majem<\/strong><\/a><\/p><p>Lugar: Sala de actos de Fomento de trabajo \u2013 Via Laietana, 32, Pral, Barcelona<br \/>Fecha: 20.09.2018 a las 19:30h<\/p><\/td><td><p>[gallery type=\"divi\" link=\"file\" columns=\"1\" ids=\"56637\"]<\/p><\/td><\/tr><tr id=\"evento2109\"><td class=\"fecha-evento\">21 septiembre<br \/>2018<\/td><td><h3>6\u00ba concierto del ciclo \"Conciertos Con Alma\"<\/h3><p>Int\u00e9rprete: <strong>Edith Pe\u00f1a, pianista<\/strong><\/p><p>Lugar: Sala de los Atlantes del Real C\u00edrculo Art\u00edstico de Barcelona, Carrer dels Arcs, 5, 08002 Barcelona<br \/>Fecha: 21.09.2018 a las 19:30h<\/p><\/td><td><p>[gallery type=\"divi\" link=\"file\" columns=\"1\" ids=\"56731\"]<\/p><\/td><\/tr><tr id=\"evento2609\"><td class=\"fecha-evento\">26 septiembre<br \/>2018<\/td><td><h3>Concierto extraordinario<\/h3><p>Int\u00e9rprete: <strong>Facundo Gonz\u00e1lez Laborde<\/strong>, pianista<\/p><p>Lugar: Sala de los Atlantes del Real C\u00edrculo Art\u00edstico de Barcelona, Carrer dels Arcs, 5, 08002 Barcelona<br \/>Fecha: 26.09.2018 a las 19:30h<\/p><\/td><td><p>[gallery type=\"divi\" link=\"file\" columns=\"1\" ids=\"56841\"]<\/p><\/td><\/tr><\/tbody><\/table><h2>OCTUBRE 2018<\/h2><table class=\"tablaEventos\"><colgroup> <col style=\"text-align: center; font-style: italic; font-size: 18px; font-weight: bold; min-width: 100px;\" \/> <col \/> <col style=\"width: 170px;\" \/> <\/colgroup><tbody><tr id=\"evento0410\"><td class=\"fecha-evento\">4 octubre<br \/>2018<\/td><td><h3>Ingreso como Acad\u00e9mico Correspondiente: Jes\u00fas Lafuente Baraza<\/h3><p>Discurso de ingreso: <strong>Los retos de la neurocirug\u00eda en el siglo XXI<\/strong><br \/>Discurso de respuesta a cargo del <a href=\"http:\/\/raed.academy\/academicos\/dr-luis-carriere-lluch\/\" target=\"_blank\" rel=\"noopener\"><strong>Dr. Luis Carriere Lluch<\/strong><\/a><br \/>Lugar: Sala de actos de Fomento de trabajo \u2013 Via Laietana, 32, Pral, Barcelona<br \/>Fecha: 04.10.2018 a las 19:30h<\/p><\/td><td><p>[gallery type=\"divi\" link=\"file\" columns=\"1\" ids=\"57780\"]<\/p><\/td><\/tr><tr id=\"evento0910\"><td class=\"fecha-evento\">9 - 15 octubre<br \/>2018<\/td><td><h3>Congreso \u201cInvestigaci\u00f3n multidisciplinaria para una futuro sustentable\u201d<\/h3><h4 style=\"text-align: center;\">M\u00e9xico - Del 9 al 15 de octubre de 2018<\/h4><p>La Real Academia se desplaza a M\u00e9xico para participar en el Congreso de Investigaci\u00f3n que organiza junto a la Comunidad de Instituciones de Educaci\u00f3n Superior de La Laguna (Cieslag), y otorgar su segundo premio a la Mejor Tesis Doctoral presentada en los distintos centros de la Cieslag, cumpliendo con el convenio suscrito en 2015.<br \/>El congreso se celebrar\u00e1 junto con el <strong>9.\u00ba Encuentro Regional de Investigaciones<\/strong> y el <strong>8.\u00ba Encuentro de J\u00f3venes Investigadores<\/strong>, en los que la RAED tambi\u00e9n participar\u00e1 activamente.<\/p><p>Constituyentes de la delegaci\u00f3n representante de la RAED:<\/p><ul><li><a href=\"http:\/\/raed.academy\/academicos\/dr-alfredo-rocafort-nicolau\/\" target=\"_blank\" rel=\"noopener\"><strong>Alfredo Rocafort<\/strong><\/a>, presidente<\/li><li><a href=\"http:\/\/raed.academy\/academicos\/dr-xabier-anoveros-trias-de-bes\/\" target=\"_blank\" rel=\"noopener\"><strong>Xabier A\u00f1overos<\/strong><\/a>, vicepresidente<\/li><li><a href=\"http:\/\/raed.academy\/academicos\/dr-jose-ramon-calvo-fernandez\/\" target=\"_blank\" rel=\"noopener\"><strong>Jos\u00e9 Ram\u00f3n Calvo<\/strong><\/a>, presidente del Instituto de Investigaciones Interdisciplinarias<\/li><li><a href=\"http:\/\/raed.academy\/academicos\/dr-jordi-marti-pidelaserra\/\" target=\"_blank\" rel=\"noopener\"><strong>Jordi Mart\u00ed<\/strong><\/a>, miembro de la Junta de Gobierno<\/li><\/ul><h4><a href=\"http:\/\/raed.academy\/puente-academico-con-mexico\/\">M\u00e1s informaci\u00f3n sobre el evento<\/a><\/h4><p>Con la colaboraci\u00f3n:<br \/><img class=\"aligncenter wp-image-39435\" src=\"https:\/\/raed.academy\/wp-content\/uploads\/2017\/12\/generalitat-catalunya-logo.jpg\" alt=\"\" width=\"171\" height=\"44\" \/><\/p><\/td><td><p>[gallery type=\"divi\" link=\"file\" columns=\"1\" ids=\"59448,59463,59430\"]<\/p><\/td><\/tr><tr id=\"evento2310\"><td class=\"fecha-evento\">23 octubre<br \/>2018<\/td><td><h3>Ingreso como Acad\u00e9mico Numerario: <a href=\"http:\/\/raed.academy\/academicos\/dr-pere-joan-cardona-iglesias\/\" target=\"_blank\" rel=\"noopener\"><strong>Pere-Joan Cardona Iglesias<\/strong><\/a><\/h3><p>Discurso de ingreso: <a href=\"http:\/\/raed.academy\/wp-content\/uploads\/2018\/10\/discurso-ingreso-Pere-Joan-Cardona-Iglesias-La-Unitat-de-Tuberculosi-Experimental.pdf\" target=\"_blank\" rel=\"noopener\"><strong>La unitat de tuberculosi i experimental. 20 anys d'hist\u00f2ria<\/strong><\/a><br \/>Discurso de respuesta a cargo del <a href=\"http:\/\/raed.academy\/academicos\/dr-emili-gironella-masgrau\/\" target=\"_blank\" rel=\"noopener\"><strong>Dr. Emili Gironella<\/strong><\/a><br \/>Lugar: Sala de actos de Fomento de trabajo \u2013 Via Laietana, 32, Pral, Barcelona<br \/>Fecha: 23.10.2018 a las 19:30h<\/p><\/td><td><p>[gallery type=\"divi\" link=\"file\" columns=\"1\" ids=\"59936\"]<\/p><\/td><\/tr><tr id=\"evento3010\"><td class=\"fecha-evento\">30 octubre<br \/>2018<\/td><td><h3>Ingreso como Acad\u00e9mica Numeraria: <a href=\"http:\/\/raed.academy\/academicos\/dra-mariangela-vilallonga-vives\/\" target=\"_blank\" rel=\"noopener\">Mari\u00e0ngela Vilallonga<\/a><\/h3><p>Discurso de ingreso: <a href=\"http:\/\/raed.academy\/wp-content\/uploads\/2018\/10\/discurso-ingreso-RAED-Mariangela-Vilallonga-Vives.pdf\" target=\"_blank\" rel=\"noopener\"><strong>Noucentisme, avantguardisme i model de pa\u00eds: la centralitat de la cultura<\/strong><\/a><br \/>Discurso de respuesta a cargo de la <a href=\"http:\/\/raed.academy\/academicos\/dra-maria-dels-angels-calvo-torras\/\" target=\"_blank\" rel=\"noopener\"><strong>Dra. Maria \u00c0ngels Calvo<\/strong><\/a><br \/>Fecha: 30.10.2018 a las 19:30h<\/p><\/td><td><p>[gallery type=\"divi\" link=\"file\" columns=\"1\" ids=\"60448\"]<\/p><\/td><\/tr><\/tbody><\/table><h2>NOVIEMBRE 2018<\/h2><table class=\"tablaEventos\"><colgroup> <col style=\"text-align: center; font-style: italic; font-size: 18px; font-weight: bold; min-width: 100px;\" \/> <col \/> <col style=\"width: 170px;\" \/> <\/colgroup><tbody><tr id=\"evento0811\"><td class=\"fecha-evento\">8 noviembre<br \/>2018<\/td><td><h3>Ingreso como Acad\u00e9mica Numeraria: <strong><a href=\"https:\/\/raed.academy\/academicos\/dra-sonia-fernandez-vidal\/\" target=\"_blank\" rel=\"noopener\">Sonia Fern\u00e1ndez Vidal<\/a>, Doctora en F\u00edsica<\/strong><\/h3><p>Discurso de ingreso: <a href=\"https:\/\/raed.academy\/wp-content\/uploads\/2018\/11\/Discurso-ingreso-Sonia-Fernandez-Vidal-abrir-las-puertas-de-la-biblioteca-de-Alejandria.pdf\" target=\"_blank\" rel=\"noopener\"><strong>Abrir las puertas de la Biblioteca de Alejandr\u00eda<\/strong><\/a><br \/>Discurso de respuesta a cargo del <a href=\"http:\/\/raed.academy\/academicos\/dr-jose-ramon-calvo-fernandez\/\" target=\"_blank\" rel=\"noopener\"><strong>Dr. Jos\u00e9 Ram\u00f3n Calvo Fern\u00e1ndez<\/strong><\/a><\/p><p>Lugar: Sala de actos de Fomento de trabajo \u2013 Via Laietana, 32, Pral, Barcelona<br \/>Fecha: 08.11.2018 a las 19:00h<\/p><\/td><td><p>[gallery link=\"file\" columns=\"1\" ids=\"60984,60999\"]<\/p><\/td><\/tr><tr id=\"evento1411\"><td class=\"fecha-evento\">14<br \/>noviembre<br \/>2018<\/td><td><h3>Debate-coloquio \"El Cardenal Francesc Vidal i Barraquer\" (1868-1943)\"<\/h3><p>Su vida y su itinerario.<br \/>Ponentes:<\/p><ul><li><strong>Dr. Francesc Vidal Barraquer<\/strong>, M\u00e9dico y Cirujano Vascular.<\/li><li><strong>Dr. Josep Maria Soler Sabater<\/strong>, Catedr\u00e1tico de Historia Contempor\u00e1nea en la UAB.<\/li><li><strong>Dr. Ram\u00f3n Corts i Blay<\/strong>, Vicerector del Ateneu Universitari Sant Paci\u00e0 de Barcelona.<\/li><li><a href=\"http:\/\/raed.academy\/academicos\/dr-armand-puig-tarrech\/\" target=\"_blank\" rel=\"noopener\"><strong>Dr. Armand Puig i T\u00e0rrech<\/strong><\/a>, Rector del Ateneu Universitari Sant Paci\u00e0. Acad\u00e9mico Numerario de la Real Academia Europea de Doctores.<\/li><\/ul><p>Moderador: <a href=\"http:\/\/raed.academy\/academicos\/dr-pedro-claros-blanch\/\" target=\"_blank\" rel=\"noopener\"><strong>Dr. Pedro Clar\u00f3s<\/strong><\/a>, Acad\u00e9mico Numerario y vice-Presidente de la Real Academia Europea de Doctores.<br \/>Clausura a cargo de <strong>Monse\u00f1or Jaume Pujol i Balcells<\/strong>, Arzobispo de Tarragona.<\/p><p>Lugar: Aula Magna del Seminario Conciliar de Barcelona. C\/ Diputaci\u00f3, 231 - 08007 Barcelona<br \/>Fecha: 14.11.2018 a las 19:30h<\/p><\/td><td><p>[gallery type=\"divi\" columns=\"1\" link=\"file\" ids=\"61209,61197\"]<\/p><\/td><\/tr><tr id=\"evento1511\"><td class=\"fecha-evento\">15<br \/>noviembre<br \/>2018<\/td><td><h3>Concierto \"Le Glamour du Piano\", recital de m\u00fasica francesa<\/h3><p>Int\u00e9rprete: <strong>Ernest So, piano<\/strong><\/p><p>Lugar: Sala de los Atlantes del Real C\u00edrculo Art\u00edstico de Barcelona. C\/ dels Arcs, 5, 08002 Barcelona<br \/>Fecha: 15.11.2018 a las 20:00h<\/p><h3><a href=\"http:\/\/raed.academy\/wp-content\/uploads\/2018\/11\/programa-concierto-Ernest-So-piano-vdf.jpg\" target=\"_blank\" rel=\"noopener\">Programa del concierto<\/a><\/h3><\/td><td><p>[gallery type=\"divi\" columns=\"1\" link=\"file\" ids=\"61361\"]<\/p><\/td><\/tr><tr id=\"evento2911\"><td class=\"fecha-evento\">29<br \/>noviembre<br \/>2018<\/td><td><h3>Audici\u00f3n de piano \"Una velada con la m\u00fasica de Ant\u00f4nio Carlos Jobim\"<\/h3><p>Int\u00e9rprete: <strong><a href=\"http:\/\/raed.academy\/academicos\/dra-pilar-bayer-isant\/\" target=\"_blank\" rel=\"noopener\">Pilar Bayer Isant<\/a><\/strong><\/p><p>Charla previa al concierto por parte del <a href=\"https:\/\/raed.academy\/academicos\/dr-josep-pla-carrera\/\" target=\"_blank\" rel=\"noopener\"><strong>Dr. Josep Pla Carrera<\/strong><\/a>, Acad\u00e9mico Supernumerario de la RAED, titulada <strong>\"Gotas de matem\u00e1tica egipcia y mesopot\u00e1mica, a trav\u00e9s de los textos\"<\/strong>, basada en el contenido matem\u00e1tico de papiros egipcios y de tablillas mesopot\u00e1micas.<\/p><p>Lugar: Sala de los Atlantes del Real C\u00edrculo Art\u00edstico de Barcelona. C\/ dels Arcs, 5, 08002 Barcelona<br \/>Fecha: 29.11.2018. Charla: 19:30h. Audici\u00f3n: 20:00h<\/p><h3><a href=\"https:\/\/raed.academy\/wp-content\/uploads\/2018\/11\/programa-invitacion-audicion-piano-Pilar-Bayer-vweb-comp.pdf\" target=\"_blank\" rel=\"noopener\">Programa del concierto<\/a><\/h3><\/td><td><p>[gallery type=\"divi\" link=\"file\" columns=\"1\" ids=\"62165\"]<\/p><\/td><\/tr><tr id=\"evento1312\"><td class=\"fecha-evento\">13<br \/>diciembre<br \/>2018<\/td><td><h3>Presentaci\u00f3n del libro 'Camb\u00f3'<\/h3><p>Por <strong>Ignacio Buqueras i Bach<\/strong>, autor. Lugar: Sala de actos de Fomento del Trabajo \u2013 Via Laietana, 32, Pral, Barcelona Fecha: 13.12.2018 a las 19:00h<\/p><\/td><td><p>[gallery type=\"divi\" link=\"file\" columns=\"1\" ids=\"63145\"]<\/p><\/td><\/tr><tr id=\"evento1912\"><td class=\"fecha-evento\">19<br \/>diciembre<br \/>2018<\/td><td><h3>Cena de Navidad de la Real Academia Europea de Doctores<\/h3><p>Lugar: C\u00edrculo Ecuestre: C\/ Balmes, 169 Bis, 08006 Barcelona Fecha - hora: 19.12.2018 a las 21.00h<\/p><\/td><td><p>[gallery type=\"divi\" link=\"file\" columns=\"1\" ids=\"63324\"]<\/p><\/td><\/tr><\/tbody><\/table><\/div><hr \/><div class=\"paginacion\"><a class=\"pgSiguiente\" href=\"https:\/\/raed.academy\/actividades\/historial-2019\/\">ACTIVIDADES 2019 \u276f<\/a><a class=\"pgAnterior\" href=\"http:\/\/raed.academy\/historial-2017\/\">\u276e ACTIVIDADES 2017<\/a><\/div>","_et_gb_content_width":"","footnotes":""},"class_list":["post-71447","page","type-page","status-publish","hentry"],"yoast_head":"<!-- This site is optimized with the Yoast SEO plugin v27.5 - https:\/\/yoast.com\/product\/yoast-seo-wordpress\/ -->\n<title>History of activities 2018 - Royal European Academy of Doctors<\/title>\n<meta name=\"robots\" content=\"index, follow, max-snippet:-1, max-image-preview:large, max-video-preview:-1\" \/>\n<link rel=\"canonical\" href=\"https:\/\/raed.academy\/en\/activities\/history-2018\/\" \/>\n<meta property=\"og:locale\" content=\"en_US\" \/>\n<meta property=\"og:type\" content=\"article\" \/>\n<meta property=\"og:title\" content=\"History of activities 2018 - Royal European Academy of Doctors\" \/>\n<meta property=\"og:description\" content=\"La RAED organiza y lleva a cabo una serie de actividades concentradas en mes y medio que contaron con la implicaci\u00f3n activa de numerosos acad\u00e9micos. Recepci\u00f3n de cuatro acad\u00e9micos correspondientes (Stavroula-Ina Piperaki para Grecia, Stephen Zeff y David B. Wilkins para Estados Unidos y Llu\u00eds Vicent Safont para Andorra) Mesa redonda sobre \u00abLa salida de [&hellip;]\" \/>\n<meta property=\"og:url\" content=\"https:\/\/raed.academy\/en\/activities\/history-2018\/\" \/>\n<meta property=\"og:site_name\" content=\"Royal European Academy of Doctors\" \/>\n<meta property=\"article:publisher\" content=\"http:\/\/fb.me\/raed.academy\" \/>\n<meta property=\"article:modified_time\" content=\"2019-06-03T16:35:04+00:00\" \/>\n<meta name=\"twitter:card\" content=\"summary_large_image\" \/>\n<meta name=\"twitter:site\" content=\"@raedacademy\" \/>\n<meta name=\"twitter:label1\" content=\"Est. reading time\" \/>\n\t<meta name=\"twitter:data1\" content=\"85 minutes\" \/>\n<script type=\"application\/ld+json\" class=\"yoast-schema-graph\">{\"@context\":\"https:\\\/\\\/schema.org\",\"@graph\":[{\"@type\":\"WebPage\",\"@id\":\"https:\\\/\\\/raed.academy\\\/en\\\/activities\\\/history-2018\\\/\",\"url\":\"https:\\\/\\\/raed.academy\\\/en\\\/activities\\\/history-2018\\\/\",\"name\":\"History of activities 2018 - Royal European Academy of Doctors\",\"isPartOf\":{\"@id\":\"https:\\\/\\\/raed.academy\\\/en\\\/#website\"},\"datePublished\":\"2019-05-09T08:26:34+00:00\",\"dateModified\":\"2019-06-03T16:35:04+00:00\",\"breadcrumb\":{\"@id\":\"https:\\\/\\\/raed.academy\\\/en\\\/activities\\\/history-2018\\\/#breadcrumb\"},\"inLanguage\":\"en-US\",\"potentialAction\":[{\"@type\":\"ReadAction\",\"target\":[\"https:\\\/\\\/raed.academy\\\/en\\\/activities\\\/history-2018\\\/\"]}]},{\"@type\":\"BreadcrumbList\",\"@id\":\"https:\\\/\\\/raed.academy\\\/en\\\/activities\\\/history-2018\\\/#breadcrumb\",\"itemListElement\":[{\"@type\":\"ListItem\",\"position\":1,\"name\":\"Inicio\",\"item\":\"https:\\\/\\\/raed.academy\\\/en\\\/\"},{\"@type\":\"ListItem\",\"position\":2,\"name\":\"Activities\",\"item\":\"https:\\\/\\\/raed.academy\\\/en\\\/activities\\\/\"},{\"@type\":\"ListItem\",\"position\":3,\"name\":\"History of activities 2018\"}]},{\"@type\":\"WebSite\",\"@id\":\"https:\\\/\\\/raed.academy\\\/en\\\/#website\",\"url\":\"https:\\\/\\\/raed.academy\\\/en\\\/\",\"name\":\"Royal European Academy of Doctors\",\"description\":\"Corporaci\u00f3n de derecho p\u00fablico de car\u00e1cter cient\u00edfico, t\u00e9cnico y art\u00edstico, que tiene por objeto la investigaci\u00f3n, el estudio, el fomento y la extensi\u00f3n del conocimiento en su sentido m\u00e1s amplio.\",\"publisher\":{\"@id\":\"https:\\\/\\\/raed.academy\\\/en\\\/#organization\"},\"potentialAction\":[{\"@type\":\"SearchAction\",\"target\":{\"@type\":\"EntryPoint\",\"urlTemplate\":\"https:\\\/\\\/raed.academy\\\/en\\\/?s={search_term_string}\"},\"query-input\":{\"@type\":\"PropertyValueSpecification\",\"valueRequired\":true,\"valueName\":\"search_term_string\"}}],\"inLanguage\":\"en-US\"},{\"@type\":\"Organization\",\"@id\":\"https:\\\/\\\/raed.academy\\\/en\\\/#organization\",\"name\":\"Real Academia Europea de Doctores\",\"url\":\"https:\\\/\\\/raed.academy\\\/en\\\/\",\"logo\":{\"@type\":\"ImageObject\",\"inLanguage\":\"en-US\",\"@id\":\"https:\\\/\\\/raed.academy\\\/en\\\/#\\\/schema\\\/logo\\\/image\\\/\",\"url\":\"https:\\\/\\\/raed.academy\\\/wp-content\\\/uploads\\\/2017\\\/01\\\/cropped-logo_raed.png\",\"contentUrl\":\"https:\\\/\\\/raed.academy\\\/wp-content\\\/uploads\\\/2017\\\/01\\\/cropped-logo_raed.png\",\"width\":512,\"height\":512,\"caption\":\"Real Academia Europea de Doctores\"},\"image\":{\"@id\":\"https:\\\/\\\/raed.academy\\\/en\\\/#\\\/schema\\\/logo\\\/image\\\/\"},\"sameAs\":[\"http:\\\/\\\/fb.me\\\/raed.academy\",\"https:\\\/\\\/x.com\\\/raedacademy\",\"https:\\\/\\\/www.instagram.com\\\/raed.academy\\\/\",\"https:\\\/\\\/www.youtube.com\\\/channel\\\/UCUYQwW2KrdirNWihxMDObwg\"]}]}<\/script>\n<!-- \/ Yoast SEO plugin. -->","yoast_head_json":{"title":"History of activities 2018 - Royal European Academy of Doctors","robots":{"index":"index","follow":"follow","max-snippet":"max-snippet:-1","max-image-preview":"max-image-preview:large","max-video-preview":"max-video-preview:-1"},"canonical":"https:\/\/raed.academy\/en\/activities\/history-2018\/","og_locale":"en_US","og_type":"article","og_title":"History of activities 2018 - Royal European Academy of Doctors","og_description":"La RAED organiza y lleva a cabo una serie de actividades concentradas en mes y medio que contaron con la implicaci\u00f3n activa de numerosos acad\u00e9micos. Recepci\u00f3n de cuatro acad\u00e9micos correspondientes (Stavroula-Ina Piperaki para Grecia, Stephen Zeff y David B. Wilkins para Estados Unidos y Llu\u00eds Vicent Safont para Andorra) Mesa redonda sobre \u00abLa salida de [&hellip;]","og_url":"https:\/\/raed.academy\/en\/activities\/history-2018\/","og_site_name":"Royal European Academy of Doctors","article_publisher":"http:\/\/fb.me\/raed.academy","article_modified_time":"2019-06-03T16:35:04+00:00","twitter_card":"summary_large_image","twitter_site":"@raedacademy","twitter_misc":{"Est. reading time":"85 minutes"},"schema":{"@context":"https:\/\/schema.org","@graph":[{"@type":"WebPage","@id":"https:\/\/raed.academy\/en\/activities\/history-2018\/","url":"https:\/\/raed.academy\/en\/activities\/history-2018\/","name":"History of activities 2018 - Royal European Academy of Doctors","isPartOf":{"@id":"https:\/\/raed.academy\/en\/#website"},"datePublished":"2019-05-09T08:26:34+00:00","dateModified":"2019-06-03T16:35:04+00:00","breadcrumb":{"@id":"https:\/\/raed.academy\/en\/activities\/history-2018\/#breadcrumb"},"inLanguage":"en-US","potentialAction":[{"@type":"ReadAction","target":["https:\/\/raed.academy\/en\/activities\/history-2018\/"]}]},{"@type":"BreadcrumbList","@id":"https:\/\/raed.academy\/en\/activities\/history-2018\/#breadcrumb","itemListElement":[{"@type":"ListItem","position":1,"name":"Inicio","item":"https:\/\/raed.academy\/en\/"},{"@type":"ListItem","position":2,"name":"Activities","item":"https:\/\/raed.academy\/en\/activities\/"},{"@type":"ListItem","position":3,"name":"History of activities 2018"}]},{"@type":"WebSite","@id":"https:\/\/raed.academy\/en\/#website","url":"https:\/\/raed.academy\/en\/","name":"Royal European Academy of Doctors","description":"Corporaci\u00f3n de derecho p\u00fablico de car\u00e1cter cient\u00edfico, t\u00e9cnico y art\u00edstico, que tiene por objeto la investigaci\u00f3n, el estudio, el fomento y la extensi\u00f3n del conocimiento en su sentido m\u00e1s amplio.","publisher":{"@id":"https:\/\/raed.academy\/en\/#organization"},"potentialAction":[{"@type":"SearchAction","target":{"@type":"EntryPoint","urlTemplate":"https:\/\/raed.academy\/en\/?s={search_term_string}"},"query-input":{"@type":"PropertyValueSpecification","valueRequired":true,"valueName":"search_term_string"}}],"inLanguage":"en-US"},{"@type":"Organization","@id":"https:\/\/raed.academy\/en\/#organization","name":"Real Academia Europea de Doctores","url":"https:\/\/raed.academy\/en\/","logo":{"@type":"ImageObject","inLanguage":"en-US","@id":"https:\/\/raed.academy\/en\/#\/schema\/logo\/image\/","url":"https:\/\/raed.academy\/wp-content\/uploads\/2017\/01\/cropped-logo_raed.png","contentUrl":"https:\/\/raed.academy\/wp-content\/uploads\/2017\/01\/cropped-logo_raed.png","width":512,"height":512,"caption":"Real Academia Europea de Doctores"},"image":{"@id":"https:\/\/raed.academy\/en\/#\/schema\/logo\/image\/"},"sameAs":["http:\/\/fb.me\/raed.academy","https:\/\/x.com\/raedacademy","https:\/\/www.instagram.com\/raed.academy\/","https:\/\/www.youtube.com\/channel\/UCUYQwW2KrdirNWihxMDObwg"]}]}},"_links":{"self":[{"href":"https:\/\/raed.academy\/en\/wp-json\/wp\/v2\/pages\/71447","targetHints":{"allow":["GET"]}}],"collection":[{"href":"https:\/\/raed.academy\/en\/wp-json\/wp\/v2\/pages"}],"about":[{"href":"https:\/\/raed.academy\/en\/wp-json\/wp\/v2\/types\/page"}],"author":[{"embeddable":true,"href":"https:\/\/raed.academy\/en\/wp-json\/wp\/v2\/users\/16"}],"replies":[{"embeddable":true,"href":"https:\/\/raed.academy\/en\/wp-json\/wp\/v2\/comments?post=71447"}],"version-history":[{"count":0,"href":"https:\/\/raed.academy\/en\/wp-json\/wp\/v2\/pages\/71447\/revisions"}],"up":[{"embeddable":true,"href":"https:\/\/raed.academy\/en\/wp-json\/wp\/v2\/pages\/34051"}],"wp:attachment":[{"href":"https:\/\/raed.academy\/en\/wp-json\/wp\/v2\/media?parent=71447"}],"curies":[{"name":"wp","href":"https:\/\/api.w.org\/{rel}","templated":true}]}}