{"id":64414,"date":"2019-01-14T09:36:00","date_gmt":"2019-01-14T09:36:00","guid":{"rendered":"https:\/\/raed.academy\/?page_id=64414"},"modified":"2021-02-17T10:04:22","modified_gmt":"2021-02-17T10:04:22","slug":"history-2019","status":"publish","type":"page","link":"https:\/\/raed.academy\/en\/activities\/history-2019\/","title":{"rendered":"The history of Activities 2019"},"content":{"rendered":"<p>[et_pb_section fb_built=&#8221;1&#8243; module_id=&#8221;eventos-historial&#8221; _builder_version=&#8221;3.22.4&#8243; inner_width_tablet=&#8221;50px&#8221; inner_max_width_tablet=&#8221;50px&#8221; z_index_tablet=&#8221;500&#8243;][et_pb_row use_custom_gutter=&#8221;on&#8221; gutter_width=&#8221;1&#8243; make_equal=&#8221;on&#8221; module_class=&#8221; et_pb_row_fullwidth et_pb_row_fullwidth et_pb_row_fullwidth paginacion&#8221; _builder_version=&#8221;3.25&#8243; width=&#8221;100%&#8221; width_tablet=&#8221;80%&#8221; width_phone=&#8221;&#8221; width_last_edited=&#8221;on|desktop&#8221; max_width=&#8221;100%&#8221; max_width_tablet=&#8221;80%&#8221; max_width_phone=&#8221;&#8221; max_width_last_edited=&#8221;on|desktop&#8221; module_alignment=&#8221;center&#8221; z_index_tablet=&#8221;500&#8243; make_fullwidth=&#8221;on&#8221;][et_pb_column type=&#8221;4_4&#8243; _builder_version=&#8221;3.25&#8243; custom_padding=&#8221;|||&#8221; custom_padding__hover=&#8221;|||&#8221;][et_pb_text admin_label=&#8221;T\u00edtulo &#8211; Historial d&#8217;activitats 2019&#8243; _builder_version=&#8221;4.1&#8243; z_index_tablet=&#8221;500&#8243;]<\/p>\n<h1 style=\"font-size: 45px;\">History of Activities 2019<\/h1>\n<p>[\/et_pb_text][\/et_pb_column][\/et_pb_row][et_pb_row column_structure=&#8221;1_4,1_4,1_4,1_4&#8243; use_custom_gutter=&#8221;on&#8221; gutter_width=&#8221;1&#8243; make_equal=&#8221;on&#8221; module_class=&#8221; et_pb_row_fullwidth et_pb_row_fullwidth et_pb_row_fullwidth paginacion&#8221; _builder_version=&#8221;3.25&#8243; width=&#8221;100%&#8221; width_tablet=&#8221;80%&#8221; width_phone=&#8221;&#8221; width_last_edited=&#8221;on|desktop&#8221; max_width=&#8221;100%&#8221; max_width_tablet=&#8221;80%&#8221; max_width_phone=&#8221;&#8221; max_width_last_edited=&#8221;on|desktop&#8221; module_alignment=&#8221;center&#8221; z_index_tablet=&#8221;500&#8243; make_fullwidth=&#8221;on&#8221;][et_pb_column type=&#8221;1_4&#8243; _builder_version=&#8221;3.25&#8243; custom_padding=&#8221;|||&#8221; custom_padding__hover=&#8221;|||&#8221;][et_pb_code admin_label=&#8221;Paginaci\u00f3n 2018&#8243; module_id=&#8221;eventos&#8221; module_class=&#8221;pgAnterior&#8221; _builder_version=&#8221;3.22.7&#8243; z_index_tablet=&#8221;500&#8243;]<a href=\"https:\/\/raed.academy\/en\/activities\/history-2018\/\">\u276e ACTIVITIES 2018<\/a>[\/et_pb_code][\/et_pb_column][et_pb_column type=&#8221;1_4&#8243; _builder_version=&#8221;3.25&#8243; custom_padding=&#8221;|||&#8221; custom_padding__hover=&#8221;|||&#8221;][\/et_pb_column][et_pb_column type=&#8221;1_4&#8243; _builder_version=&#8221;3.25&#8243; custom_padding=&#8221;|||&#8221; custom_padding__hover=&#8221;|||&#8221;][\/et_pb_column][et_pb_column type=&#8221;1_4&#8243; _builder_version=&#8221;3.25&#8243; custom_padding=&#8221;|||&#8221; custom_padding__hover=&#8221;|||&#8221;][et_pb_code admin_label=&#8221;Paginaci\u00f3n Pr\u00f3ximas actividades&#8221; module_class=&#8221;pgSiguiente&#8221; _builder_version=&#8221;4.8.2&#8243; hover_enabled=&#8221;0&#8243; z_index_tablet=&#8221;500&#8243; sticky_enabled=&#8221;0&#8243;]<a href=\"https:\/\/raed.academy\/en\/activities\/\">LAST ACTIVITIES<i class=\"fas fa-chevron-right\"><\/i><\/a>[\/et_pb_code][\/et_pb_column][\/et_pb_row][et_pb_row use_custom_gutter=&#8221;on&#8221; gutter_width=&#8221;1&#8243; make_equal=&#8221;on&#8221; module_class=&#8221; et_pb_row_fullwidth et_pb_row_fullwidth et_pb_row_fullwidth paginacion&#8221; _builder_version=&#8221;3.25&#8243; width=&#8221;100%&#8221; width_tablet=&#8221;80%&#8221; width_phone=&#8221;&#8221; width_last_edited=&#8221;on|desktop&#8221; max_width=&#8221;100%&#8221; max_width_tablet=&#8221;80%&#8221; max_width_phone=&#8221;&#8221; max_width_last_edited=&#8221;on|desktop&#8221; module_alignment=&#8221;center&#8221; z_index_tablet=&#8221;500&#8243; make_fullwidth=&#8221;on&#8221;][et_pb_column type=&#8221;4_4&#8243; _builder_version=&#8221;3.25&#8243; custom_padding=&#8221;|||&#8221; custom_padding__hover=&#8221;|||&#8221;][et_pb_divider color=&#8221;#6b5d38&#8243; divider_weight=&#8221;2&#8243; _builder_version=&#8221;3.22.4&#8243; z_index_tablet=&#8221;500&#8243;][\/et_pb_divider][\/et_pb_column][\/et_pb_row][et_pb_row _builder_version=&#8221;3.25&#8243;][et_pb_column type=&#8221;4_4&#8243; _builder_version=&#8221;3.25&#8243; custom_padding=&#8221;|||&#8221; custom_padding__hover=&#8221;|||&#8221;][et_pb_text admin_label=&#8221;Texto &#8211; JANUARY 2019&#8243; _builder_version=&#8221;3.27.4&#8243; z_index_tablet=&#8221;500&#8243;]<\/p>\n<h2>JANUARY 2019<\/h2>\n<p>[\/et_pb_text][\/et_pb_column][\/et_pb_row][et_pb_row column_structure=&#8221;1_5,3_5,1_5&#8243; use_custom_gutter=&#8221;on&#8221; gutter_width=&#8221;1&#8243; make_equal=&#8221;on&#8221; custom_padding_last_edited=&#8221;on|desktop&#8221; module_id=&#8221;1001&#8243; module_class=&#8221;evento et_pb_row_fullwidth et_pb_row_fullwidth et_pb_row_fullwidth et_pb_row_fullwidth et_pb_row_fullwidth et_pb_row_fullwidth et_pb_row_fullwidth et_pb_row_fullwidth et_pb_row_fullwidth et_pb_row_fullwidth et_pb_row_fullwidth et_pb_row_fullwidth et_pb_row_fullwidth&#8221; _builder_version=&#8221;3.25&#8243; width=&#8221;100%&#8221; width_tablet=&#8221;100%&#8221; width_phone=&#8221;&#8221; width_last_edited=&#8221;on|desktop&#8221; max_width=&#8221;100%&#8221; max_width_tablet=&#8221;100%&#8221; max_width_phone=&#8221;&#8221; max_width_last_edited=&#8221;on|desktop&#8221; module_alignment=&#8221;center&#8221; custom_padding=&#8221;||35px|&#8221; custom_padding_tablet=&#8221;&#8221; custom_padding_phone=&#8221;&#8221; z_index_tablet=&#8221;500&#8243; box_shadow_style=&#8221;preset3&#8243; box_shadow_horizontal=&#8221;10px&#8221; make_fullwidth=&#8221;on&#8221;][et_pb_column type=&#8221;1_5&#8243; _builder_version=&#8221;3.25&#8243; custom_padding=&#8221;||25px|&#8221; custom_padding_last_edited=&#8221;off|phone&#8221; custom_padding__hover=&#8221;|||&#8221;][et_pb_code admin_label=&#8221;fecha 10\/01&#8243; module_class=&#8221;fecha-evento&#8221; _builder_version=&#8221;3.21.1&#8243; z_index_tablet=&#8221;500&#8243;]Ene<!-- [et_pb_line_break_holder] --><!-- [et_pb_line_break_holder] -->10[\/et_pb_code][\/et_pb_column][et_pb_column type=&#8221;3_5&#8243; _builder_version=&#8221;3.25&#8243; custom_padding=&#8221;|45px||&#8221; custom_padding_tablet=&#8221;|20px||&#8221; custom_padding_phone=&#8221;&#8221; custom_padding_last_edited=&#8221;on|desktop&#8221; custom_padding__hover=&#8221;|||&#8221;][et_pb_text admin_label=&#8221;Debate laicidad Francia y Espa\u00f1a&#8221; _builder_version=&#8221;3.27.4&#8243; z_index_tablet=&#8221;500&#8243;]<\/p>\n<h3>Colloquium-debate &#8220;La\u00efcit\u00e9 &#8211; Laicidad. Two different roads in France and Spain with common values &#8220;<\/h3>\n<p>Speakers:<\/p>\n<ul>\n<li style=\"list-style-type: none;\">\n<ul>\n<li><strong>Manuel Valls Galfetti<\/strong>. Former Prime Minister of France (2014-2016)<\/li>\n<li><a href=\"https:\/\/raed.academy\/en\/academicians\/dr-joan-francesc-pont-clemente\/\" target=\"_blank\" rel=\"noopener noreferrer\"><strong>Joan Francesc Pont<\/strong><\/a>. President of the <strong>Fundaci\u00f3n Ferrer i Guardia<\/strong>, member of the Governing Board of the RAED and Numerary Academician<\/li>\n<li><a href=\"https:\/\/raed.academy\/en\/academicians\/dr-santiago-jose-castella-surribas\/\" target=\"_blank\" rel=\"noopener noreferrer\"><strong>Santiago Castell\u00e0<\/strong><\/a>, Professor of the URV and Numerary Academician of the RAED<\/li>\n<\/ul>\n<\/li>\n<\/ul>\n<p>Chaired by <strong>Richard Onses<\/strong>. Corresponding Academician Elect of the RAED. Event co-organized with <strong>UFE: Union des Fran\u00e7ais de l&#8217;Etranger<\/strong><\/p>\n<p><strong>Place<\/strong>: Assembly Hall of Work Promotion \u2013 Via Laietana, 32, Pral, Barcelona<br \/>\n<strong>Date<\/strong>: 10.01.2019 at 7:00 p.m.<br \/>\n[\/et_pb_text][\/et_pb_column][et_pb_column type=&#8221;1_5&#8243; _builder_version=&#8221;3.25&#8243; custom_padding=&#8221;|20px||&#8221; custom_padding_tablet=&#8221;&#8221; custom_padding_phone=&#8221;&#8221; custom_padding_last_edited=&#8221;on|phone&#8221; custom_padding__hover=&#8221;|||&#8221;][et_pb_gallery gallery_ids=&#8221;64637,64640,64610,64744,68267,68264,64634,64631,64619,64643&#8243; posts_number=&#8221;2&#8243; show_title_and_caption=&#8221;off&#8221; zoom_icon_color=&#8221;#6b5d38&#8243; _builder_version=&#8221;3.22.7&#8243; custom_margin=&#8221;10px|||&#8221; custom_margin_tablet=&#8221;25px|||&#8221; custom_margin_phone=&#8221;&#8221; custom_margin_last_edited=&#8221;on|desktop&#8221; z_index_tablet=&#8221;500&#8243; custom_css_gallery_item=&#8221;padding: 3px;&#8221; border_radii_image=&#8221;on|4px|4px|4px|4px&#8221; box_shadow_style_image=&#8221;preset2&#8243;][\/et_pb_gallery][\/et_pb_column][\/et_pb_row][et_pb_row column_structure=&#8221;1_5,3_5,1_5&#8243; use_custom_gutter=&#8221;on&#8221; gutter_width=&#8221;1&#8243; make_equal=&#8221;on&#8221; custom_padding_last_edited=&#8221;on|desktop&#8221; module_id=&#8221;1601&#8243; module_class=&#8221;evento et_pb_row_fullwidth et_pb_row_fullwidth et_pb_row_fullwidth et_pb_row_fullwidth et_pb_row_fullwidth et_pb_row_fullwidth et_pb_row_fullwidth et_pb_row_fullwidth et_pb_row_fullwidth et_pb_row_fullwidth et_pb_row_fullwidth et_pb_row_fullwidth&#8221; _builder_version=&#8221;3.25&#8243; width=&#8221;100%&#8221; width_tablet=&#8221;100%&#8221; width_phone=&#8221;&#8221; width_last_edited=&#8221;on|desktop&#8221; max_width=&#8221;100%&#8221; max_width_tablet=&#8221;100%&#8221; max_width_phone=&#8221;&#8221; max_width_last_edited=&#8221;on|desktop&#8221; module_alignment=&#8221;center&#8221; custom_padding=&#8221;||35px|&#8221; custom_padding_tablet=&#8221;&#8221; custom_padding_phone=&#8221;&#8221; z_index_tablet=&#8221;500&#8243; box_shadow_style=&#8221;preset3&#8243; box_shadow_horizontal=&#8221;10px&#8221; make_fullwidth=&#8221;on&#8221;][et_pb_column type=&#8221;1_5&#8243; _builder_version=&#8221;3.25&#8243; custom_padding=&#8221;||25px|20px&#8221; custom_padding_tablet=&#8221;&#8221; custom_padding_phone=&#8221;||25px|10px&#8221; custom_padding_last_edited=&#8221;on|phone&#8221; custom_padding__hover=&#8221;|||&#8221;][et_pb_code admin_label=&#8221;fecha 16\/01&#8243; module_class=&#8221;fecha-evento&#8221; _builder_version=&#8221;3.21.1&#8243; z_index_tablet=&#8221;500&#8243;]Ene<!-- [et_pb_line_break_holder] --><!-- [et_pb_line_break_holder] -->16[\/et_pb_code][\/et_pb_column][et_pb_column type=&#8221;3_5&#8243; _builder_version=&#8221;3.25&#8243; custom_padding=&#8221;|45px||&#8221; custom_padding_tablet=&#8221;|20px||&#8221; custom_padding_phone=&#8221;&#8221; custom_padding_last_edited=&#8221;on|phone&#8221; custom_padding__hover=&#8221;|||&#8221;][et_pb_text admin_label=&#8221;Ingreso Joaquin Callabed&#8221; _builder_version=&#8221;3.27.4&#8243; z_index_tablet=&#8221;500&#8243;]<\/p>\n<h3>Admission as Numerary Member : <a href=\"https:\/\/raed.academy\/en\/academicians\/dr-joaquin-callabed-carracedo\/\" target=\"_blank\" rel=\"noopener noreferrer\">Joaqu\u00edn Callabed Carracedo<\/a>, Doctor in Medicine and Surgery and specialist in Paediatrics<\/h3>\n<p>Speech: <a href=\"https:\/\/raed.academy\/wp-content\/uploads\/2019\/01\/discurso-ingreso-Joaquin-Callabed-Una-Mirada-a-Santiago-Ramon-y-Cajal-min.pdf\" target=\"_blank\" rel=\"noopener noreferrer\"><strong>Una mirada a Santiago Ram\u00f3n i Cajal en el seu perfil hum\u00e0 i humanista<\/strong><\/a><br \/>\nAnswering speech: <a href=\"https:\/\/raed.academy\/en\/academicians\/dr-pedro-claros-blanch\/\" target=\"_blank\" rel=\"noopener noreferrer\"><strong>Dr. Pedro Clar\u00f3s Blanch<\/strong><\/a><\/p>\n<p>Place: Assembly Hall of Work Promotion \u2013 Via Laietana, 32, Pral, Barcelona<br \/>\nDate: 16.01.2019 a les 19:30h<br \/>\n[\/et_pb_text][\/et_pb_column][et_pb_column type=&#8221;1_5&#8243; _builder_version=&#8221;3.25&#8243; custom_padding=&#8221;|20px||&#8221; custom_padding_tablet=&#8221;&#8221; custom_padding_phone=&#8221;&#8221; custom_padding_last_edited=&#8221;on|phone&#8221; custom_padding__hover=&#8221;|||&#8221;][et_pb_image src=&#8221;https:\/\/raed.academy\/wp-content\/uploads\/2019\/01\/ingreso-RAED-Joaquin-Callabed-1.jpg&#8221; show_in_lightbox=&#8221;on&#8221; use_overlay=&#8221;on&#8221; overlay_icon_color=&#8221;#6b5d38&#8243; align=&#8221;center&#8221; force_fullwidth=&#8221;on&#8221; align_tablet=&#8221;center&#8221; align_phone=&#8221;&#8221; align_last_edited=&#8221;on|desktop&#8221; _builder_version=&#8221;3.23&#8243; module_alignment=&#8221;center&#8221; custom_margin=&#8221;10px|||&#8221; custom_margin_tablet=&#8221;25px|||&#8221; custom_margin_phone=&#8221;&#8221; custom_margin_last_edited=&#8221;on|desktop&#8221; z_index_tablet=&#8221;500&#8243; border_radii=&#8221;on|4px|4px|4px|4px&#8221; box_shadow_style=&#8221;preset2&#8243; box_shadow_horizontal=&#8221;12px&#8221; box_shadow_vertical=&#8221;12px&#8221;][\/et_pb_image][\/et_pb_column][\/et_pb_row][et_pb_row column_structure=&#8221;1_5,3_5,1_5&#8243; use_custom_gutter=&#8221;on&#8221; gutter_width=&#8221;1&#8243; make_equal=&#8221;on&#8221; custom_padding_last_edited=&#8221;on|desktop&#8221; module_id=&#8221;2901&#8243; module_class=&#8221;evento et_pb_row_fullwidth et_pb_row_fullwidth et_pb_row_fullwidth et_pb_row_fullwidth et_pb_row_fullwidth et_pb_row_fullwidth et_pb_row_fullwidth et_pb_row_fullwidth et_pb_row_fullwidth et_pb_row_fullwidth et_pb_row_fullwidth et_pb_row_fullwidth et_pb_row_fullwidth&#8221; _builder_version=&#8221;3.25&#8243; width=&#8221;100%&#8221; width_tablet=&#8221;100%&#8221; width_phone=&#8221;&#8221; width_last_edited=&#8221;on|desktop&#8221; max_width=&#8221;100%&#8221; max_width_tablet=&#8221;100%&#8221; max_width_phone=&#8221;&#8221; max_width_last_edited=&#8221;on|desktop&#8221; module_alignment=&#8221;center&#8221; custom_padding=&#8221;||35px|&#8221; custom_padding_tablet=&#8221;&#8221; custom_padding_phone=&#8221;&#8221; z_index_tablet=&#8221;500&#8243; box_shadow_style=&#8221;preset3&#8243; box_shadow_horizontal=&#8221;10px&#8221; make_fullwidth=&#8221;on&#8221;][et_pb_column type=&#8221;1_5&#8243; _builder_version=&#8221;3.25&#8243; custom_padding=&#8221;||25px|20px&#8221; custom_padding_tablet=&#8221;&#8221; custom_padding_phone=&#8221;||25px|10px&#8221; custom_padding_last_edited=&#8221;on|phone&#8221; custom_padding__hover=&#8221;|||&#8221;][et_pb_code admin_label=&#8221;fecha 29\/01&#8243; module_class=&#8221;fecha-evento&#8221; _builder_version=&#8221;3.21.1&#8243; z_index_tablet=&#8221;500&#8243;]Ene<!-- [et_pb_line_break_holder] --><!-- [et_pb_line_break_holder] -->29[\/et_pb_code][\/et_pb_column][et_pb_column type=&#8221;3_5&#8243; _builder_version=&#8221;3.25&#8243; custom_padding=&#8221;|45px||&#8221; custom_padding_tablet=&#8221;|20px||&#8221; custom_padding_phone=&#8221;&#8221; custom_padding_last_edited=&#8221;on|phone&#8221; custom_padding__hover=&#8221;|||&#8221;][et_pb_text admin_label=&#8221;Ingreso Joan Massons i Rabassa&#8221; _builder_version=&#8221;3.27.4&#8243; z_index_tablet=&#8221;500&#8243;]<\/p>\n<h3>Admission as a Full Member: <a href=\"https:\/\/raed.academy\/en\/academicians\/dr-joan-massons-rabassa\/\" target=\"_blank\" rel=\"noopener noreferrer\">Joan Massons i Rabassa<\/a>, Doctor of Economic and Business Sciences<\/h3>\n<p>Admission speech: <strong><a href=\"https:\/\/raed.academy\/wp-content\/uploads\/2019\/01\/discurso-ingreso-Joan-Massons-Rabassa-Paradigmas-Financieros-comp.pdf\" target=\"_blank\" rel=\"noopener noreferrer\">Paradigmas financieros en tela de juicio<\/a><\/strong><br \/>\nSpeech in reply by <a href=\"https:\/\/raed.academy\/en\/academicians\/dr-jose-maria-gay-de-liebana-saludas\/\" target=\"_blank\" rel=\"noopener noreferrer\"><strong>Dr. Jos\u00e9 Mar\u00eda Gay de Li\u00e9bana<\/strong> <\/a><\/p>\n<p>Place: Assembly Hall of Work Promotion &#8211; Via Laietana, 32, Pral, Barcelona<br \/>\nDate: 29.01.2019 at 7:00 p.m.<br \/>\n[\/et_pb_text][\/et_pb_column][et_pb_column type=&#8221;1_5&#8243; _builder_version=&#8221;3.25&#8243; custom_padding=&#8221;|20px||&#8221; custom_padding_tablet=&#8221;&#8221; custom_padding_phone=&#8221;&#8221; custom_padding_last_edited=&#8221;on|phone&#8221; custom_padding__hover=&#8221;|||&#8221;][et_pb_image src=&#8221;https:\/\/raed.academy\/wp-content\/uploads\/2019\/01\/ingreso-RAED-Joan-Massons-Rabassa-52.jpg&#8221; show_in_lightbox=&#8221;on&#8221; use_overlay=&#8221;on&#8221; overlay_icon_color=&#8221;#6b5d38&#8243; align=&#8221;center&#8221; force_fullwidth=&#8221;on&#8221; align_tablet=&#8221;center&#8221; align_phone=&#8221;&#8221; align_last_edited=&#8221;on|desktop&#8221; _builder_version=&#8221;3.23&#8243; module_alignment=&#8221;center&#8221; custom_margin=&#8221;10px|||&#8221; custom_margin_tablet=&#8221;25px|||&#8221; custom_margin_phone=&#8221;&#8221; custom_margin_last_edited=&#8221;on|desktop&#8221; z_index_tablet=&#8221;500&#8243; border_radii=&#8221;on|4px|4px|4px|4px&#8221; box_shadow_style=&#8221;preset2&#8243; box_shadow_horizontal=&#8221;12px&#8221; box_shadow_vertical=&#8221;12px&#8221;][\/et_pb_image][\/et_pb_column][\/et_pb_row][et_pb_row _builder_version=&#8221;3.25&#8243;][et_pb_column type=&#8221;4_4&#8243; _builder_version=&#8221;3.25&#8243; custom_padding=&#8221;|||&#8221; custom_padding__hover=&#8221;|||&#8221;][et_pb_text admin_label=&#8221;Texto &#8211; FEBRUARY 2019&#8243; _builder_version=&#8221;3.27.4&#8243; z_index_tablet=&#8221;500&#8243;]<\/p>\n<h2>FEBRUARY 2019<\/h2>\n<p>[\/et_pb_text][\/et_pb_column][\/et_pb_row][et_pb_row column_structure=&#8221;1_5,3_5,1_5&#8243; use_custom_gutter=&#8221;on&#8221; gutter_width=&#8221;1&#8243; make_equal=&#8221;on&#8221; custom_padding_last_edited=&#8221;on|desktop&#8221; module_id=&#8221;0702&#8243; module_class=&#8221;evento et_pb_row_fullwidth et_pb_row_fullwidth et_pb_row_fullwidth et_pb_row_fullwidth et_pb_row_fullwidth et_pb_row_fullwidth et_pb_row_fullwidth et_pb_row_fullwidth et_pb_row_fullwidth et_pb_row_fullwidth et_pb_row_fullwidth et_pb_row_fullwidth et_pb_row_fullwidth et_pb_row_fullwidth&#8221; _builder_version=&#8221;3.25&#8243; width=&#8221;100%&#8221; width_tablet=&#8221;100%&#8221; width_phone=&#8221;&#8221; width_last_edited=&#8221;on|desktop&#8221; max_width=&#8221;100%&#8221; max_width_tablet=&#8221;100%&#8221; max_width_phone=&#8221;&#8221; max_width_last_edited=&#8221;on|desktop&#8221; module_alignment=&#8221;center&#8221; custom_padding=&#8221;||35px|&#8221; custom_padding_tablet=&#8221;&#8221; custom_padding_phone=&#8221;&#8221; z_index_tablet=&#8221;500&#8243; box_shadow_style=&#8221;preset3&#8243; box_shadow_horizontal=&#8221;10px&#8221; make_fullwidth=&#8221;on&#8221;][et_pb_column type=&#8221;1_5&#8243; _builder_version=&#8221;3.25&#8243; custom_padding=&#8221;||25px|20px&#8221; custom_padding_tablet=&#8221;&#8221; custom_padding_phone=&#8221;||25px|10px&#8221; custom_padding_last_edited=&#8221;on|phone&#8221; custom_padding__hover=&#8221;|||&#8221;][et_pb_code admin_label=&#8221;fecha 7\/02&#8243; module_class=&#8221;fecha-evento&#8221; _builder_version=&#8221;3.22.7&#8243; z_index_tablet=&#8221;500&#8243;]Feb<!-- [et_pb_line_break_holder] --><!-- [et_pb_line_break_holder] -->7[\/et_pb_code][\/et_pb_column][et_pb_column type=&#8221;3_5&#8243; _builder_version=&#8221;3.25&#8243; custom_padding=&#8221;|45px||&#8221; custom_padding_tablet=&#8221;|20px||&#8221; custom_padding_phone=&#8221;&#8221; custom_padding_last_edited=&#8221;on|phone&#8221; custom_padding__hover=&#8221;|||&#8221;][et_pb_text admin_label=&#8221;Ingreso Ramon M. Soldevila de Monteys&#8221; _builder_version=&#8221;3.27.4&#8243; z_index_tablet=&#8221;500&#8243;]<\/p>\n<h3>Admission as Corresponding Academician: <a href=\"https:\/\/raed.academy\/en\/academicians\/dr-ramon-maria-soldevila-de-monteys\/\" target=\"_blank\" rel=\"noopener noreferrer\">Ram\u00f3n M. Soldevila de Monteys<\/a><\/h3>\n<p>Admission speech: <strong><a href=\"https:\/\/raed.academy\/wp-content\/uploads\/2019\/01\/discurso-ingreso-Ramon-M-Soldevila-de-Monteys-Contabilidad-y-adaptaciones-comp.pdf\" target=\"_blank\" rel=\"noopener noreferrer\">La contabilidad y sus adaptaciones sectoriales. El caso especial del sector hotelero<\/a><br \/>\n<\/strong><\/p>\n<p>Place: Assembly Hall of Work Promotion \u2013 Via Laietana, 32, Pral, Barcelona<br \/>\nDate: 7.02.2019<br \/>\n[\/et_pb_text][\/et_pb_column][et_pb_column type=&#8221;1_5&#8243; _builder_version=&#8221;3.25&#8243; custom_padding=&#8221;|20px||&#8221; custom_padding_tablet=&#8221;&#8221; custom_padding_phone=&#8221;&#8221; custom_padding_last_edited=&#8221;on|phone&#8221; custom_padding__hover=&#8221;|||&#8221;][et_pb_image src=&#8221;https:\/\/raed.academy\/wp-content\/uploads\/2019\/02\/acto-ingreso-Ramon-Maria-Soldevila-de-Monteys-11.jpg&#8221; show_in_lightbox=&#8221;on&#8221; use_overlay=&#8221;on&#8221; overlay_icon_color=&#8221;#6b5d38&#8243; align=&#8221;center&#8221; force_fullwidth=&#8221;on&#8221; align_tablet=&#8221;center&#8221; align_phone=&#8221;&#8221; align_last_edited=&#8221;on|desktop&#8221; _builder_version=&#8221;3.23&#8243; module_alignment=&#8221;center&#8221; custom_margin=&#8221;10px|||&#8221; custom_margin_tablet=&#8221;25px|||&#8221; custom_margin_phone=&#8221;&#8221; custom_margin_last_edited=&#8221;on|desktop&#8221; z_index_tablet=&#8221;500&#8243; border_radii=&#8221;on|4px|4px|4px|4px&#8221; box_shadow_style=&#8221;preset2&#8243; box_shadow_horizontal=&#8221;12px&#8221; box_shadow_vertical=&#8221;12px&#8221;][\/et_pb_image][\/et_pb_column][\/et_pb_row][et_pb_row column_structure=&#8221;1_5,3_5,1_5&#8243; use_custom_gutter=&#8221;on&#8221; gutter_width=&#8221;1&#8243; make_equal=&#8221;on&#8221; custom_padding_last_edited=&#8221;on|desktop&#8221; module_id=&#8221;1402&#8243; module_class=&#8221;evento et_pb_row_fullwidth et_pb_row_fullwidth et_pb_row_fullwidth et_pb_row_fullwidth et_pb_row_fullwidth et_pb_row_fullwidth et_pb_row_fullwidth et_pb_row_fullwidth et_pb_row_fullwidth et_pb_row_fullwidth et_pb_row_fullwidth et_pb_row_fullwidth et_pb_row_fullwidth et_pb_row_fullwidth et_pb_row_fullwidth&#8221; _builder_version=&#8221;3.25&#8243; width=&#8221;100%&#8221; width_tablet=&#8221;100%&#8221; width_phone=&#8221;&#8221; width_last_edited=&#8221;on|desktop&#8221; max_width=&#8221;100%&#8221; max_width_tablet=&#8221;100%&#8221; max_width_phone=&#8221;&#8221; max_width_last_edited=&#8221;on|desktop&#8221; module_alignment=&#8221;center&#8221; custom_padding=&#8221;||35px|&#8221; custom_padding_tablet=&#8221;&#8221; custom_padding_phone=&#8221;&#8221; z_index_tablet=&#8221;500&#8243; box_shadow_style=&#8221;preset3&#8243; box_shadow_horizontal=&#8221;10px&#8221; make_fullwidth=&#8221;on&#8221;][et_pb_column type=&#8221;1_5&#8243; _builder_version=&#8221;3.25&#8243; custom_padding=&#8221;||25px|20px&#8221; custom_padding_tablet=&#8221;&#8221; custom_padding_phone=&#8221;||25px|10px&#8221; custom_padding_last_edited=&#8221;on|phone&#8221; custom_padding__hover=&#8221;|||&#8221;][et_pb_code admin_label=&#8221;fecha 14\/02&#8243; module_class=&#8221;fecha-evento&#8221; _builder_version=&#8221;3.21.1&#8243; z_index_tablet=&#8221;500&#8243;]Feb<!-- [et_pb_line_break_holder] --><!-- [et_pb_line_break_holder] -->14[\/et_pb_code][\/et_pb_column][et_pb_column type=&#8221;3_5&#8243; _builder_version=&#8221;3.25&#8243; custom_padding=&#8221;|45px||&#8221; custom_padding_tablet=&#8221;|20px||&#8221; custom_padding_phone=&#8221;&#8221; custom_padding_last_edited=&#8221;on|phone&#8221; custom_padding__hover=&#8221;|||&#8221;][et_pb_text admin_label=&#8221;Ingreso Richard Onses&#8221; _builder_version=&#8221;3.27.4&#8243; z_index_tablet=&#8221;500&#8243;]<\/p>\n<h3>Admission as Corresponding Academician: <a href=\"https:\/\/raed.academy\/en\/academicians\/dr-richard-onses\/\" target=\"_blank\" rel=\"noopener noreferrer\">Richard Onses<\/a>, Dr. in Economic and Business Sciences<\/h3>\n<p>Admission speech: <a href=\"https:\/\/raed.academy\/wp-content\/uploads\/2019\/02\/discurso-ingreso-RAED-Richard-Onses-La-logica-difusa-cmp.pdf\" target=\"_blank\" rel=\"noopener noreferrer\"><strong>&#8220;La l\u00f3gica difusa en la decisi\u00f3n de inversi\u00f3n empresarial frente al riesgo: 20 a\u00f1os entre la investigaci\u00f3n pura y la aplicada&#8221;<\/strong><\/a><br \/>\nSpeech in reply by <a href=\"https:\/\/raed.academy\/en\/academicians\/dr-joan-francesc-pont-clemente\/\" target=\"_blank\" rel=\"noopener noreferrer\"><strong>Dr. Joan Francesc Pont<\/strong><\/a>, Dr. in Laws<\/p>\n<p>Place: Assembly Hall of Work Promotion \u2013 Via Laietana, 32, Pral, Barcelona<br \/>\nDate: 14.02.2019 at 7:30 p.m.<br \/>\n[\/et_pb_text][\/et_pb_column][et_pb_column type=&#8221;1_5&#8243; _builder_version=&#8221;3.25&#8243; custom_padding=&#8221;|20px||&#8221; custom_padding_tablet=&#8221;&#8221; custom_padding_phone=&#8221;&#8221; custom_padding_last_edited=&#8221;on|phone&#8221; custom_padding__hover=&#8221;|||&#8221;][et_pb_image src=&#8221;https:\/\/raed.academy\/wp-content\/uploads\/2019\/02\/acto-ingreso-RAED-Dr-Richard-Onses-1.jpg&#8221; show_in_lightbox=&#8221;on&#8221; use_overlay=&#8221;on&#8221; overlay_icon_color=&#8221;#6b5d38&#8243; align=&#8221;center&#8221; force_fullwidth=&#8221;on&#8221; align_tablet=&#8221;center&#8221; align_phone=&#8221;&#8221; align_last_edited=&#8221;on|desktop&#8221; _builder_version=&#8221;3.23&#8243; module_alignment=&#8221;center&#8221; custom_margin=&#8221;10px|||&#8221; custom_margin_tablet=&#8221;25px|||&#8221; custom_margin_phone=&#8221;&#8221; custom_margin_last_edited=&#8221;on|desktop&#8221; z_index_tablet=&#8221;500&#8243; border_radii=&#8221;on|4px|4px|4px|4px&#8221; box_shadow_style=&#8221;preset2&#8243;][\/et_pb_image][\/et_pb_column][\/et_pb_row][et_pb_row column_structure=&#8221;1_5,3_5,1_5&#8243; use_custom_gutter=&#8221;on&#8221; gutter_width=&#8221;1&#8243; make_equal=&#8221;on&#8221; custom_padding_last_edited=&#8221;on|desktop&#8221; module_id=&#8221;1502&#8243; module_class=&#8221;evento et_pb_row_fullwidth et_pb_row_fullwidth et_pb_row_fullwidth et_pb_row_fullwidth et_pb_row_fullwidth et_pb_row_fullwidth et_pb_row_fullwidth et_pb_row_fullwidth et_pb_row_fullwidth et_pb_row_fullwidth et_pb_row_fullwidth et_pb_row_fullwidth et_pb_row_fullwidth et_pb_row_fullwidth et_pb_row_fullwidth&#8221; _builder_version=&#8221;3.25&#8243; width=&#8221;100%&#8221; width_tablet=&#8221;100%&#8221; width_phone=&#8221;&#8221; width_last_edited=&#8221;on|desktop&#8221; max_width=&#8221;100%&#8221; max_width_tablet=&#8221;100%&#8221; max_width_phone=&#8221;&#8221; max_width_last_edited=&#8221;on|desktop&#8221; module_alignment=&#8221;center&#8221; custom_padding=&#8221;||35px|&#8221; custom_padding_tablet=&#8221;&#8221; custom_padding_phone=&#8221;&#8221; z_index_tablet=&#8221;500&#8243; box_shadow_style=&#8221;preset3&#8243; box_shadow_horizontal=&#8221;10px&#8221; make_fullwidth=&#8221;on&#8221;][et_pb_column type=&#8221;1_5&#8243; _builder_version=&#8221;3.25&#8243; custom_padding=&#8221;||25px|&#8221; custom_padding_last_edited=&#8221;off|phone&#8221; custom_padding__hover=&#8221;|||&#8221;][et_pb_code admin_label=&#8221;fecha 15\/02&#8243; module_class=&#8221;fecha-evento&#8221; _builder_version=&#8221;3.21.1&#8243; z_index_tablet=&#8221;500&#8243;]Feb<!-- [et_pb_line_break_holder] --><!-- [et_pb_line_break_holder] -->15[\/et_pb_code][\/et_pb_column][et_pb_column type=&#8221;3_5&#8243; _builder_version=&#8221;3.25&#8243; custom_padding=&#8221;|45px||&#8221; custom_padding_tablet=&#8221;|20px||&#8221; custom_padding_phone=&#8221;&#8221; custom_padding_last_edited=&#8221;on|desktop&#8221; custom_padding__hover=&#8221;|||&#8221;][et_pb_text admin_label=&#8221;Vichy Catalan&#8221; _builder_version=&#8221;4.3.2&#8243; z_index_tablet=&#8221;500&#8243;]<\/p>\n<h3>Academic event in the spa Vichy Catal\u00e1n \u2013 Caldes de Malavella<\/h3>\n<p>Among other activities, the Academic Act has as its main purpose the realization of a series of multidisciplinary scientific conferences, in the spa Vichy Catal\u00e1n, in charge of different Academicians and collaborators of the RAED.<\/p>\n<p>Date: from 15.02.2019 to 17.02.2019<\/p>\n<h3><a href=\"https:\/\/raed.academy\/wp-content\/uploads\/2020\/02\/programa-acto-academico-Vichy-Catalan-2019-compr-v2.pdf\" target=\"_blank\" rel=\"noopener noreferrer\">Download the programme<\/a><\/h3>\n<p>[\/et_pb_text][\/et_pb_column][et_pb_column type=&#8221;1_5&#8243; _builder_version=&#8221;3.25&#8243; custom_padding=&#8221;|20px||&#8221; custom_padding_tablet=&#8221;&#8221; custom_padding_phone=&#8221;&#8221; custom_padding_last_edited=&#8221;on|phone&#8221; custom_padding__hover=&#8221;|||&#8221;][et_pb_gallery gallery_ids=&#8221;63824,67296,67299,67305,67308,67311,67314,67317,67320,67323,67326,67329,67332,67335,67338,67341,67344,67347,67350,67353,67356,67359,67362,67365,67368,67371,67374,67377,67380&#8243; posts_number=&#8221;1&#8243; show_title_and_caption=&#8221;off&#8221; show_pagination=&#8221;off&#8221; zoom_icon_color=&#8221;#6b5d38&#8243; _builder_version=&#8221;3.21.1&#8243; custom_margin=&#8221;10px|||&#8221; custom_margin_tablet=&#8221;25px|||&#8221; custom_margin_phone=&#8221;&#8221; custom_margin_last_edited=&#8221;on|desktop&#8221; z_index_tablet=&#8221;500&#8243; border_radii_image=&#8221;on|4px|4px|4px|4px&#8221; box_shadow_style_image=&#8221;preset2&#8243;][\/et_pb_gallery][\/et_pb_column][\/et_pb_row][et_pb_row _builder_version=&#8221;3.25&#8243;][et_pb_column type=&#8221;4_4&#8243; _builder_version=&#8221;3.25&#8243; custom_padding=&#8221;|||&#8221; custom_padding__hover=&#8221;|||&#8221;][et_pb_text admin_label=&#8221;Texto &#8211; MARCH 2019&#8243; _builder_version=&#8221;3.27.4&#8243; z_index_tablet=&#8221;500&#8243;]<\/p>\n<h2>MARCH 2019<\/h2>\n<p>[\/et_pb_text][\/et_pb_column][\/et_pb_row][et_pb_row column_structure=&#8221;1_5,3_5,1_5&#8243; use_custom_gutter=&#8221;on&#8221; gutter_width=&#8221;1&#8243; make_equal=&#8221;on&#8221; custom_padding_last_edited=&#8221;on|desktop&#8221; module_id=&#8221;0103&#8243; module_class=&#8221;evento et_pb_row_fullwidth et_pb_row_fullwidth et_pb_row_fullwidth et_pb_row_fullwidth et_pb_row_fullwidth et_pb_row_fullwidth et_pb_row_fullwidth et_pb_row_fullwidth et_pb_row_fullwidth et_pb_row_fullwidth et_pb_row_fullwidth et_pb_row_fullwidth et_pb_row_fullwidth et_pb_row_fullwidth et_pb_row_fullwidth et_pb_row_fullwidth&#8221; _builder_version=&#8221;3.25&#8243; width=&#8221;100%&#8221; width_tablet=&#8221;100%&#8221; width_phone=&#8221;&#8221; width_last_edited=&#8221;on|desktop&#8221; max_width=&#8221;100%&#8221; max_width_tablet=&#8221;100%&#8221; max_width_phone=&#8221;&#8221; max_width_last_edited=&#8221;on|desktop&#8221; module_alignment=&#8221;center&#8221; custom_padding=&#8221;||35px|&#8221; custom_padding_tablet=&#8221;&#8221; custom_padding_phone=&#8221;&#8221; z_index_tablet=&#8221;500&#8243; box_shadow_style=&#8221;preset3&#8243; box_shadow_horizontal=&#8221;10px&#8221; make_fullwidth=&#8221;on&#8221;][et_pb_column type=&#8221;1_5&#8243; _builder_version=&#8221;3.25&#8243; custom_padding=&#8221;||25px|20px&#8221; custom_padding_tablet=&#8221;&#8221; custom_padding_phone=&#8221;||25px|10px&#8221; custom_padding_last_edited=&#8221;on|phone&#8221; custom_padding__hover=&#8221;|||&#8221;][et_pb_code admin_label=&#8221;fecha 01\/03&#8243; module_class=&#8221;fecha-evento&#8221; _builder_version=&#8221;3.22.7&#8243; z_index_tablet=&#8221;500&#8243;]Mar<!-- [et_pb_line_break_holder] --><!-- [et_pb_line_break_holder] -->1[\/et_pb_code][\/et_pb_column][et_pb_column type=&#8221;3_5&#8243; _builder_version=&#8221;3.25&#8243; custom_padding=&#8221;|45px||&#8221; custom_padding_tablet=&#8221;|20px||&#8221; custom_padding_phone=&#8221;&#8221; custom_padding_last_edited=&#8221;on|phone&#8221; custom_padding__hover=&#8221;|||&#8221;][et_pb_text admin_label=&#8221;Fiesta Veneciana en el Palacio Pignatelli&#8221; _builder_version=&#8221;3.27.4&#8243; z_index_tablet=&#8221;500&#8243;]<\/p>\n<h3>Venetian Festival at the Pignatelli Palace \u00b7 Dinner, Carnival concert and masked dance<\/h3>\n<p><span style=\"position: absolute;\">Organized by:<\/span><span style=\"margin-left: 105px;\"><a href=\"http:\/\/www.reialcercleartistic.cat\/\" target=\"_blank\" rel=\"noopener noreferrer\">Reial Cercle Art\u00edstic de Barcelona<\/a><\/span><br \/>\n<span style=\"margin-left: 105px;\">Reial Acad\u00e8mia Europea de Doctors<\/span><\/p>\n<p>Price: 40\u20ac<br \/>\nPlace: Real Artistic Circle of Barcelona, Carrer dels Arcs, 5 &#8211; 08002 Barcelona<br \/>\nDate: 01.03.2019 at 8:30 p.m.<br \/>\nInformation and reservations: Real Artistic Circle, orquestarealcirculoartistico@gmail.com \u00b7 tlf. 933 187 866<br \/>\n[\/et_pb_text][\/et_pb_column][et_pb_column type=&#8221;1_5&#8243; _builder_version=&#8221;3.25&#8243; custom_padding=&#8221;|20px||&#8221; custom_padding_tablet=&#8221;&#8221; custom_padding_phone=&#8221;&#8221; custom_padding_last_edited=&#8221;on|phone&#8221; custom_padding__hover=&#8221;|||&#8221;][et_pb_image src=&#8221;https:\/\/raed.academy\/wp-content\/uploads\/2019\/03\/2019-03-01-baile-de-mascaras-Real-Circulo-Artistico-esp-comp.jpg&#8221; show_in_lightbox=&#8221;on&#8221; use_overlay=&#8221;on&#8221; overlay_icon_color=&#8221;#6b5d38&#8243; align=&#8221;center&#8221; force_fullwidth=&#8221;on&#8221; align_tablet=&#8221;center&#8221; align_phone=&#8221;&#8221; align_last_edited=&#8221;on|desktop&#8221; _builder_version=&#8221;3.23&#8243; module_alignment=&#8221;center&#8221; custom_margin=&#8221;10px|||&#8221; custom_margin_tablet=&#8221;25px|||&#8221; custom_margin_phone=&#8221;&#8221; custom_margin_last_edited=&#8221;on|desktop&#8221; z_index_tablet=&#8221;500&#8243; border_radii=&#8221;on|4px|4px|4px|4px&#8221; box_shadow_style=&#8221;preset2&#8243;][\/et_pb_image][\/et_pb_column][\/et_pb_row][et_pb_row column_structure=&#8221;1_5,3_5,1_5&#8243; use_custom_gutter=&#8221;on&#8221; gutter_width=&#8221;1&#8243; make_equal=&#8221;on&#8221; custom_padding_last_edited=&#8221;on|desktop&#8221; module_id=&#8221;1103&#8243; module_class=&#8221;evento et_pb_row_fullwidth et_pb_row_fullwidth et_pb_row_fullwidth et_pb_row_fullwidth et_pb_row_fullwidth et_pb_row_fullwidth et_pb_row_fullwidth et_pb_row_fullwidth et_pb_row_fullwidth et_pb_row_fullwidth et_pb_row_fullwidth et_pb_row_fullwidth et_pb_row_fullwidth et_pb_row_fullwidth et_pb_row_fullwidth et_pb_row_fullwidth et_pb_row_fullwidth&#8221; _builder_version=&#8221;3.25&#8243; width=&#8221;100%&#8221; width_tablet=&#8221;100%&#8221; width_phone=&#8221;&#8221; width_last_edited=&#8221;on|desktop&#8221; max_width=&#8221;100%&#8221; max_width_tablet=&#8221;100%&#8221; max_width_phone=&#8221;&#8221; max_width_last_edited=&#8221;on|desktop&#8221; module_alignment=&#8221;center&#8221; custom_padding=&#8221;||35px|&#8221; custom_padding_tablet=&#8221;&#8221; custom_padding_phone=&#8221;&#8221; z_index_tablet=&#8221;500&#8243; box_shadow_style=&#8221;preset3&#8243; box_shadow_horizontal=&#8221;10px&#8221; make_fullwidth=&#8221;on&#8221;][et_pb_column type=&#8221;1_5&#8243; _builder_version=&#8221;3.25&#8243; custom_padding=&#8221;||25px|&#8221; custom_padding_last_edited=&#8221;off|phone&#8221; custom_padding__hover=&#8221;|||&#8221;][et_pb_code admin_label=&#8221;fecha 11\/03&#8243; module_class=&#8221;fecha-evento&#8221; _builder_version=&#8221;3.21.1&#8243; z_index_tablet=&#8221;500&#8243;]Mar<!-- [et_pb_line_break_holder] --><!-- [et_pb_line_break_holder] -->11[\/et_pb_code][\/et_pb_column][et_pb_column type=&#8221;3_5&#8243; _builder_version=&#8221;3.25&#8243; custom_padding=&#8221;|45px||&#8221; custom_padding_tablet=&#8221;|20px||&#8221; custom_padding_phone=&#8221;&#8221; custom_padding_last_edited=&#8221;on|desktop&#8221; custom_padding__hover=&#8221;|||&#8221;][et_pb_text admin_label=&#8221;Ingreso Hnos. Roca&#8221; _builder_version=&#8221;3.27.4&#8243; z_index_tablet=&#8221;500&#8243;]<\/p>\n<h3>Enter as Honorary Academician: <a href=\"https:\/\/raed.academy\/en\/academicians\/mr-joan-roca-fontane\/\" target=\"_blank\" rel=\"noopener noreferrer\">Joan Roca i Fontan\u00e9<\/a>, <a href=\"https:\/\/raed.academy\/en\/academicians\/mr-josep-roca-fontane\/\" target=\"_blank\" rel=\"noopener noreferrer\">Josep Roca i Fontan\u00e9<\/a> and <a href=\"https:\/\/raed.academy\/en\/academicians\/mr-jordi-roca-fontane\/\" target=\"_blank\" rel=\"noopener noreferrer\">Jordi Roca i Fontan\u00e9<\/a><\/h3>\n<p>Admission speech: <a href=\"https:\/\/raed.academy\/wp-content\/uploads\/2019\/03\/discurso-ingreso-Hermanos-Roca-De-la-Tierra-a-la-Luna-compr.pdf\" target=\"_blank\" rel=\"noopener noreferrer\"><strong>\u201cDe la Tierra a la Luna\u201d<\/strong><\/a><br \/>\nSpeech in reply respectively: <a href=\"https:\/\/raed.academy\/en\/academicians\/dr-jose-ramon-calvo-fernandez\/\" target=\"_blank\" rel=\"noopener noreferrer\"><strong>Dr. Jos\u00e9 Ram\u00f3n Calvo<\/strong><\/a>, <a href=\"https:\/\/raed.academy\/en\/academicians\/dr-joan-francesc-corona-ramon\/\" target=\"_blank\" rel=\"noopener noreferrer\"><strong>Dr. Juan Francisco Corona<\/strong><\/a> y <a href=\"https:\/\/raed.academy\/en\/academicians\/dr-santiago-jose-castella-surribas\/\" target=\"_blank\" rel=\"noopener noreferrer\"><strong>Dr. Santiago Castell\u00e1<\/strong><\/a><br \/>\nDate: 11.03.2019 at 7:00 p.m.<br \/>\nPlace: Assembly Hall of Work Promotion \u2013 Via Laietana, 32, Pral, Barcelona<br \/>\n[\/et_pb_text][\/et_pb_column][et_pb_column type=&#8221;1_5&#8243; _builder_version=&#8221;3.25&#8243; custom_padding=&#8221;|20px||&#8221; custom_padding_tablet=&#8221;&#8221; custom_padding_phone=&#8221;&#8221; custom_padding_last_edited=&#8221;on|phone&#8221; custom_padding__hover=&#8221;|||&#8221;][et_pb_gallery gallery_ids=&#8221;68355,68358,68361,68367,68370,68381,68402,68405,68415&#8243; posts_number=&#8221;1&#8243; show_title_and_caption=&#8221;off&#8221; show_pagination=&#8221;off&#8221; zoom_icon_color=&#8221;#6b5d38&#8243; _builder_version=&#8221;3.21.1&#8243; custom_margin=&#8221;10px|||&#8221; custom_margin_tablet=&#8221;25px|||&#8221; custom_margin_phone=&#8221;&#8221; custom_margin_last_edited=&#8221;on|desktop&#8221; z_index_tablet=&#8221;500&#8243; border_radii_image=&#8221;on|4px|4px|4px|4px&#8221; box_shadow_style_image=&#8221;preset2&#8243;][\/et_pb_gallery][\/et_pb_column][\/et_pb_row][et_pb_row column_structure=&#8221;1_5,3_5,1_5&#8243; use_custom_gutter=&#8221;on&#8221; gutter_width=&#8221;1&#8243; make_equal=&#8221;on&#8221; custom_padding_last_edited=&#8221;on|desktop&#8221; module_id=&#8221;1903&#8243; module_class=&#8221;evento et_pb_row_fullwidth et_pb_row_fullwidth et_pb_row_fullwidth et_pb_row_fullwidth et_pb_row_fullwidth et_pb_row_fullwidth et_pb_row_fullwidth et_pb_row_fullwidth et_pb_row_fullwidth et_pb_row_fullwidth et_pb_row_fullwidth et_pb_row_fullwidth et_pb_row_fullwidth et_pb_row_fullwidth et_pb_row_fullwidth et_pb_row_fullwidth et_pb_row_fullwidth et_pb_row_fullwidth&#8221; _builder_version=&#8221;3.25&#8243; width=&#8221;100%&#8221; width_tablet=&#8221;100%&#8221; width_phone=&#8221;&#8221; width_last_edited=&#8221;on|desktop&#8221; max_width=&#8221;100%&#8221; max_width_tablet=&#8221;100%&#8221; max_width_phone=&#8221;&#8221; max_width_last_edited=&#8221;on|desktop&#8221; module_alignment=&#8221;center&#8221; custom_padding=&#8221;||35px|&#8221; custom_padding_tablet=&#8221;&#8221; custom_padding_phone=&#8221;&#8221; z_index_tablet=&#8221;500&#8243; box_shadow_style=&#8221;preset3&#8243; box_shadow_horizontal=&#8221;10px&#8221; make_fullwidth=&#8221;on&#8221;][et_pb_column type=&#8221;1_5&#8243; _builder_version=&#8221;3.25&#8243; custom_padding=&#8221;||25px|20px&#8221; custom_padding_tablet=&#8221;&#8221; custom_padding_phone=&#8221;||25px|10px&#8221; custom_padding_last_edited=&#8221;on|phone&#8221; custom_padding__hover=&#8221;|||&#8221;][et_pb_code admin_label=&#8221;fecha 19\/03&#8243; module_class=&#8221;fecha-evento&#8221; _builder_version=&#8221;3.21.1&#8243; z_index_tablet=&#8221;500&#8243;]Mar<!-- [et_pb_line_break_holder] --><!-- [et_pb_line_break_holder] -->19[\/et_pb_code][\/et_pb_column][et_pb_column type=&#8221;3_5&#8243; _builder_version=&#8221;3.25&#8243; custom_padding=&#8221;|45px||&#8221; custom_padding_tablet=&#8221;|20px||&#8221; custom_padding_phone=&#8221;&#8221; custom_padding_last_edited=&#8221;on|phone&#8221; custom_padding__hover=&#8221;|||&#8221;][et_pb_text admin_label=&#8221;Ingreso Guilemany&#8221; _builder_version=&#8221;3.27.4&#8243; z_index_tablet=&#8221;500&#8243;]<\/p>\n<h3>Admission as a Numerary Academician: <a href=\"https:\/\/raed.academy\/en\/academicians\/dr-josep-maria-guilemany-casadamon\/\" target=\"_blank\" rel=\"noopener noreferrer\"><strong>Josep Maria Guilemany Casadamon<\/strong><\/a><\/h3>\n<p>Admission speech: <strong><a href=\"https:\/\/raed.academy\/\/wp-content\/uploads\/publicaciones\/discursos-ingreso\/Discurso-ingreso-Josep-Maria-Guilemany-De-la-belleza-de-los-materiales-a-las-artes-compr.pdf\" target=\"_blank\" rel=\"noopener noreferrer\">&#8220;De la belleza de los materiales a las artes y las tecnolog\u00edas avanzadas para la sociedad innovadora del siglo XXI&#8221;<\/a><br \/>\n<\/strong>Speech in reply:<strong> <a href=\"https:\/\/raed.academy\/en\/academicians\/dr-javier-gil-mur\/\">Javier Gil Mur<\/a><br \/>\n<\/strong><\/p>\n<p>Place: Assembly Hall of Work Promotion \u2013 Via Laietana, 32, Pral, Barcelona<br \/>\nDate: 19.03.2019 at 7 p.m.<br \/>\n[\/et_pb_text][\/et_pb_column][et_pb_column type=&#8221;1_5&#8243; _builder_version=&#8221;3.25&#8243; custom_padding=&#8221;|20px||&#8221; custom_padding_tablet=&#8221;&#8221; custom_padding_phone=&#8221;&#8221; custom_padding_last_edited=&#8221;on|phone&#8221; custom_padding__hover=&#8221;|||&#8221;][et_pb_image src=&#8221;https:\/\/raed.academy\/wp-content\/uploads\/2019\/03\/acto-ingreso-RAED-Josep-Maria-Guilemany-2.jpg&#8221; show_in_lightbox=&#8221;on&#8221; use_overlay=&#8221;on&#8221; overlay_icon_color=&#8221;#6b5d38&#8243; align=&#8221;center&#8221; force_fullwidth=&#8221;on&#8221; align_tablet=&#8221;center&#8221; align_phone=&#8221;&#8221; align_last_edited=&#8221;on|desktop&#8221; _builder_version=&#8221;3.23&#8243; module_alignment=&#8221;center&#8221; custom_margin=&#8221;10px|||&#8221; custom_margin_tablet=&#8221;25px|||&#8221; custom_margin_phone=&#8221;&#8221; custom_margin_last_edited=&#8221;on|desktop&#8221; z_index_tablet=&#8221;500&#8243; border_radii=&#8221;on|4px|4px|4px|4px&#8221; box_shadow_style=&#8221;preset2&#8243;][\/et_pb_image][\/et_pb_column][\/et_pb_row][et_pb_row column_structure=&#8221;1_5,3_5,1_5&#8243; use_custom_gutter=&#8221;on&#8221; gutter_width=&#8221;1&#8243; make_equal=&#8221;on&#8221; custom_padding_last_edited=&#8221;on|desktop&#8221; module_id=&#8221;2003&#8243; module_class=&#8221;evento et_pb_row_fullwidth et_pb_row_fullwidth et_pb_row_fullwidth et_pb_row_fullwidth et_pb_row_fullwidth et_pb_row_fullwidth et_pb_row_fullwidth et_pb_row_fullwidth et_pb_row_fullwidth et_pb_row_fullwidth et_pb_row_fullwidth et_pb_row_fullwidth et_pb_row_fullwidth et_pb_row_fullwidth et_pb_row_fullwidth et_pb_row_fullwidth et_pb_row_fullwidth et_pb_row_fullwidth et_pb_row_fullwidth&#8221; _builder_version=&#8221;3.25&#8243; width=&#8221;100%&#8221; width_tablet=&#8221;100%&#8221; width_phone=&#8221;&#8221; width_last_edited=&#8221;on|desktop&#8221; max_width=&#8221;100%&#8221; max_width_tablet=&#8221;100%&#8221; max_width_phone=&#8221;&#8221; max_width_last_edited=&#8221;on|desktop&#8221; module_alignment=&#8221;center&#8221; custom_padding=&#8221;||35px|&#8221; custom_padding_tablet=&#8221;&#8221; custom_padding_phone=&#8221;&#8221; z_index_tablet=&#8221;500&#8243; box_shadow_style=&#8221;preset3&#8243; box_shadow_horizontal=&#8221;10px&#8221; make_fullwidth=&#8221;on&#8221;][et_pb_column type=&#8221;1_5&#8243; _builder_version=&#8221;3.25&#8243; custom_padding=&#8221;||25px|&#8221; custom_padding_last_edited=&#8221;off|phone&#8221; custom_padding__hover=&#8221;|||&#8221;][et_pb_code admin_label=&#8221;fecha 20\/03&#8243; module_class=&#8221;fecha-evento&#8221; _builder_version=&#8221;3.21.1&#8243; z_index_tablet=&#8221;500&#8243;]Mar<!-- [et_pb_line_break_holder] --><!-- [et_pb_line_break_holder] -->20[\/et_pb_code][\/et_pb_column][et_pb_column type=&#8221;3_5&#8243; _builder_version=&#8221;3.25&#8243; custom_padding=&#8221;|45px||&#8221; custom_padding_tablet=&#8221;|20px||&#8221; custom_padding_phone=&#8221;&#8221; custom_padding_last_edited=&#8221;on|desktop&#8221; custom_padding__hover=&#8221;|||&#8221;][et_pb_text admin_label=&#8221;Debate Patrimonio Espa\u00f1a (Madrid)&#8221; _builder_version=&#8221;3.27.4&#8243; z_index_tablet=&#8221;500&#8243;]<\/p>\n<h3>Round table: \u201cPatrimonio Mundial e Inmaterial de Espa\u00f1a&#8221; (World and intangible heritage of Spain)<\/h3>\n<h4>Convened by the Royal Academy of Doctors of Spain<\/h4>\n<p>Speakers:<\/p>\n<ul>\n<li><strong>Dr. Ignacio Buqueras i Bach<\/strong>, Numerary Member for the Humanities Section and President of the Association for the Dissemination and Promotion of the World Heritage of Spain<\/li>\n<li><strong>Dr. Emilio de Diego Mart\u00ednez<\/strong>, President of the Humanities Section<\/li>\n<li><a href=\"https:\/\/raed.academy\/en\/academicians\/dr-santiago-jose-castella-surribas\/\" target=\"_blank\" rel=\"noopener noreferrer\"><strong>Dr. Santiago Castell\u00e0 Surribas<\/strong><\/a>, Numerary Academician of the Royal European Academy of Doctors and Secretary General of its Foundation<\/li>\n<li><a href=\"https:\/\/raed.academy\/en\/academicians\/dr-alfredo-rocafort-nicolau\/\" target=\"_blank\" rel=\"noopener noreferrer\"><strong>Dr. Alfredo Rocafort Nicolau<\/strong><\/a>, Numerary Academician and President of the Royal European Academy of Doctors<\/li>\n<\/ul>\n<p>Chaired by: <strong>Dr. Antonio Bascones Mart\u00ednez<\/strong>, President of the Royal Academy of Doctors of Spain<\/p>\n<p>Place: Assembly Hall of the Library Marqu\u00e9s de Valdecilla, C\/ Noviciado, 3 &#8211; Madrid<br \/>\nDate: 20.03.2019 at 6:30 p.m.<br \/>\n[\/et_pb_text][\/et_pb_column][et_pb_column type=&#8221;1_5&#8243; _builder_version=&#8221;3.25&#8243; custom_padding=&#8221;|20px||&#8221; custom_padding_tablet=&#8221;&#8221; custom_padding_phone=&#8221;&#8221; custom_padding_last_edited=&#8221;on|phone&#8221; custom_padding__hover=&#8221;|||&#8221;][et_pb_gallery gallery_ids=&#8221;69406,69409,69412,69415,69418&#8243; posts_number=&#8221;1&#8243; show_title_and_caption=&#8221;off&#8221; show_pagination=&#8221;off&#8221; zoom_icon_color=&#8221;#6b5d38&#8243; _builder_version=&#8221;3.21.1&#8243; custom_margin=&#8221;10px|||&#8221; custom_margin_tablet=&#8221;25px|||&#8221; custom_margin_phone=&#8221;&#8221; custom_margin_last_edited=&#8221;on|desktop&#8221; z_index_tablet=&#8221;500&#8243; border_radii_image=&#8221;on|4px|4px|4px|4px&#8221; box_shadow_style_image=&#8221;preset2&#8243;][\/et_pb_gallery][\/et_pb_column][\/et_pb_row][et_pb_row column_structure=&#8221;1_5,3_5,1_5&#8243; use_custom_gutter=&#8221;on&#8221; gutter_width=&#8221;1&#8243; make_equal=&#8221;on&#8221; custom_padding_last_edited=&#8221;on|desktop&#8221; module_id=&#8221;2103&#8243; module_class=&#8221;evento et_pb_row_fullwidth et_pb_row_fullwidth et_pb_row_fullwidth et_pb_row_fullwidth et_pb_row_fullwidth et_pb_row_fullwidth et_pb_row_fullwidth et_pb_row_fullwidth et_pb_row_fullwidth et_pb_row_fullwidth et_pb_row_fullwidth et_pb_row_fullwidth et_pb_row_fullwidth et_pb_row_fullwidth et_pb_row_fullwidth et_pb_row_fullwidth et_pb_row_fullwidth et_pb_row_fullwidth et_pb_row_fullwidth et_pb_row_fullwidth&#8221; _builder_version=&#8221;3.25&#8243; width=&#8221;100%&#8221; width_tablet=&#8221;100%&#8221; width_phone=&#8221;&#8221; width_last_edited=&#8221;on|desktop&#8221; max_width=&#8221;100%&#8221; max_width_tablet=&#8221;100%&#8221; max_width_phone=&#8221;&#8221; max_width_last_edited=&#8221;on|desktop&#8221; module_alignment=&#8221;center&#8221; custom_padding=&#8221;||35px|&#8221; custom_padding_tablet=&#8221;&#8221; custom_padding_phone=&#8221;&#8221; z_index_tablet=&#8221;500&#8243; box_shadow_style=&#8221;preset3&#8243; box_shadow_horizontal=&#8221;10px&#8221; make_fullwidth=&#8221;on&#8221;][et_pb_column type=&#8221;1_5&#8243; _builder_version=&#8221;3.25&#8243; custom_padding=&#8221;||25px|20px&#8221; custom_padding_tablet=&#8221;&#8221; custom_padding_phone=&#8221;||25px|10px&#8221; custom_padding_last_edited=&#8221;on|phone&#8221; custom_padding__hover=&#8221;|||&#8221;][et_pb_code admin_label=&#8221;fecha 21\/03&#8243; module_class=&#8221;fecha-evento&#8221; _builder_version=&#8221;3.21.1&#8243; z_index_tablet=&#8221;500&#8243;]Mar<!-- [et_pb_line_break_holder] --><!-- [et_pb_line_break_holder] -->21[\/et_pb_code][\/et_pb_column][et_pb_column type=&#8221;3_5&#8243; _builder_version=&#8221;3.25&#8243; custom_padding=&#8221;|45px||&#8221; custom_padding_tablet=&#8221;|20px||&#8221; custom_padding_phone=&#8221;&#8221; custom_padding_last_edited=&#8221;on|phone&#8221; custom_padding__hover=&#8221;|||&#8221;][et_pb_text admin_label=&#8221;Debate narcolepsia&#8221; _builder_version=&#8221;3.27.4&#8243; z_index_tablet=&#8221;500&#8243;]<\/p>\n<h3>Debate: Viure amb Narcol\u00e8psia (Live with narcolepsy)<\/h3>\n<p>European Day of Narcolepsy<\/p>\n<p>Chaired by:<\/p>\n<ul>\n<li><strong>Dr. Alex Iranzo<\/strong><\/li>\n<li><strong>Dr. Joan Santamaria<\/strong><\/li>\n<\/ul>\n<p>Medical narcolepsy news: <strong>Dr. Carles Gaig<\/strong><br \/>\nDialogue and conclusions: <strong>Dra. Montserrat Pujol<\/strong><\/p>\n<p>Place: Room of the Atlants of the Royal Artistic Circle of Barcelona \u00b7 C\/ dels Arcs, 5, 08002 Barcelona<br \/>\nDate: 21.03.2019 at 6 p.m.<br \/>\n[\/et_pb_text][\/et_pb_column][et_pb_column type=&#8221;1_5&#8243; _builder_version=&#8221;3.25&#8243; custom_padding=&#8221;|20px||&#8221; custom_padding_tablet=&#8221;&#8221; custom_padding_phone=&#8221;&#8221; custom_padding_last_edited=&#8221;on|phone&#8221; custom_padding__hover=&#8221;|||&#8221;][\/et_pb_column][\/et_pb_row][et_pb_row column_structure=&#8221;1_5,3_5,1_5&#8243; use_custom_gutter=&#8221;on&#8221; gutter_width=&#8221;1&#8243; make_equal=&#8221;on&#8221; custom_padding_last_edited=&#8221;on|desktop&#8221; module_id=&#8221;2703&#8243; module_class=&#8221;evento et_pb_row_fullwidth et_pb_row_fullwidth et_pb_row_fullwidth et_pb_row_fullwidth et_pb_row_fullwidth et_pb_row_fullwidth et_pb_row_fullwidth et_pb_row_fullwidth et_pb_row_fullwidth et_pb_row_fullwidth et_pb_row_fullwidth et_pb_row_fullwidth et_pb_row_fullwidth et_pb_row_fullwidth et_pb_row_fullwidth et_pb_row_fullwidth et_pb_row_fullwidth et_pb_row_fullwidth et_pb_row_fullwidth et_pb_row_fullwidth&#8221; _builder_version=&#8221;3.25&#8243; width=&#8221;100%&#8221; width_tablet=&#8221;100%&#8221; width_phone=&#8221;&#8221; width_last_edited=&#8221;on|desktop&#8221; max_width=&#8221;100%&#8221; max_width_tablet=&#8221;100%&#8221; max_width_phone=&#8221;&#8221; max_width_last_edited=&#8221;on|desktop&#8221; module_alignment=&#8221;center&#8221; custom_padding=&#8221;||35px|&#8221; custom_padding_tablet=&#8221;&#8221; custom_padding_phone=&#8221;&#8221; z_index_tablet=&#8221;500&#8243; box_shadow_style=&#8221;preset3&#8243; box_shadow_horizontal=&#8221;10px&#8221; make_fullwidth=&#8221;on&#8221;][et_pb_column type=&#8221;1_5&#8243; _builder_version=&#8221;3.25&#8243; custom_padding=&#8221;||25px|20px&#8221; custom_padding_tablet=&#8221;&#8221; custom_padding_phone=&#8221;||25px|10px&#8221; custom_padding_last_edited=&#8221;on|phone&#8221; custom_padding__hover=&#8221;|||&#8221;][et_pb_code admin_label=&#8221;fecha 27\/03&#8243; module_class=&#8221;fecha-evento&#8221; _builder_version=&#8221;3.21.1&#8243; z_index_tablet=&#8221;500&#8243;]Mar<!-- [et_pb_line_break_holder] --><!-- [et_pb_line_break_holder] -->27[\/et_pb_code][\/et_pb_column][et_pb_column type=&#8221;3_5&#8243; _builder_version=&#8221;3.25&#8243; custom_padding=&#8221;|45px||&#8221; custom_padding_tablet=&#8221;|20px||&#8221; custom_padding_phone=&#8221;&#8221; custom_padding_last_edited=&#8221;on|phone&#8221; custom_padding__hover=&#8221;|||&#8221;][et_pb_text admin_label=&#8221;Ingreso Aldo Olcese&#8221; _builder_version=&#8221;3.27.4&#8243; z_index_tablet=&#8221;500&#8243;]<\/p>\n<h3>Admission as a Numerary Academician: <a href=\"https:\/\/raed.academy\/en\/academicians\/dr-aldo-olcese-santonja\/\" target=\"_blank\" rel=\"noopener noreferrer\"><strong>Aldo Olcese Santonja<\/strong><\/a><\/h3>\n<p>Admission Speech: <a href=\"https:\/\/raed.academy\/wp-content\/uploads\/2019\/03\/discurso-ingreso-RAED-Dr-Aldo-Olcese-Los-Retos-de-la-Sociedad-Civil-comp.pdf\" target=\"_blank\" rel=\"noopener noreferrer\"><strong>Los Retos de la Sociedad Civil en una Democracia Avanzada<\/strong><\/a><br \/>\nSpeech in reply: <a href=\"https:\/\/raed.academy\/en\/academicians\/dr-alfredo-rocafort-nicolau\/\" target=\"_blank\" rel=\"noopener noreferrer\"><strong>Alfredo Rocafort Nicolau<\/strong><\/a><\/p>\n<p>Place: Assembly Hall of Work Promotion \u2013 Via Laietana, 32, Pral, Barcelona<br \/>\nDate: 27.03.2019 at 7 p.m.<br \/>\n[\/et_pb_text][\/et_pb_column][et_pb_column type=&#8221;1_5&#8243; _builder_version=&#8221;3.25&#8243; custom_padding=&#8221;|20px||&#8221; custom_padding_tablet=&#8221;&#8221; custom_padding_phone=&#8221;&#8221; custom_padding_last_edited=&#8221;on|phone&#8221; custom_padding__hover=&#8221;|||&#8221;][et_pb_image src=&#8221;https:\/\/raed.academy\/wp-content\/uploads\/2019\/04\/acto-ingreso-RAED-Aldo-Olcese-Santonja-1.jpg&#8221; show_in_lightbox=&#8221;on&#8221; use_overlay=&#8221;on&#8221; overlay_icon_color=&#8221;#6b5d38&#8243; align=&#8221;center&#8221; force_fullwidth=&#8221;on&#8221; align_tablet=&#8221;center&#8221; align_phone=&#8221;&#8221; align_last_edited=&#8221;on|desktop&#8221; _builder_version=&#8221;3.23&#8243; module_alignment=&#8221;center&#8221; custom_margin=&#8221;10px|||&#8221; custom_margin_tablet=&#8221;25px|||&#8221; custom_margin_phone=&#8221;&#8221; custom_margin_last_edited=&#8221;on|desktop&#8221; z_index_tablet=&#8221;500&#8243; border_radii=&#8221;on|4px|4px|4px|4px&#8221; box_shadow_style=&#8221;preset2&#8243;][\/et_pb_image][\/et_pb_column][\/et_pb_row][et_pb_row column_structure=&#8221;1_5,3_5,1_5&#8243; use_custom_gutter=&#8221;on&#8221; gutter_width=&#8221;1&#8243; make_equal=&#8221;on&#8221; module_id=&#8221;0304&#8243; module_class=&#8221;evento et_pb_row_fullwidth&#8221; _builder_version=&#8221;3.25&#8243; width=&#8221;100%&#8221; width_tablet=&#8221;&#8221; width_phone=&#8221;&#8221; width_last_edited=&#8221;on|desktop&#8221; max_width=&#8221;100%&#8221; max_width_tablet=&#8221;&#8221; max_width_phone=&#8221;&#8221; max_width_last_edited=&#8221;on|desktop&#8221; module_alignment=&#8221;center&#8221; z_index_tablet=&#8221;500&#8243; border_radii=&#8221;on|4px|4px|4px|4px&#8221; box_shadow_style=&#8221;preset3&#8243; box_shadow_horizontal=&#8221;10px&#8221; make_fullwidth=&#8221;on&#8221;][et_pb_column type=&#8221;1_5&#8243; _builder_version=&#8221;3.25&#8243; custom_padding=&#8221;||25px|&#8221; custom_padding_tablet=&#8221;&#8221; custom_padding_phone=&#8221;&#8221; custom_padding_last_edited=&#8221;on|desktop&#8221; custom_padding__hover=&#8221;|||&#8221;][et_pb_code admin_label=&#8221;fecha 28\/03&#8243; module_class=&#8221;fecha-evento&#8221; _builder_version=&#8221;3.21.1&#8243; z_index_tablet=&#8221;500&#8243;]Mar<!-- [et_pb_line_break_holder] --><!-- [et_pb_line_break_holder] -->28[\/et_pb_code][\/et_pb_column][et_pb_column type=&#8221;3_5&#8243; _builder_version=&#8221;3.25&#8243; custom_padding=&#8221;|20px||&#8221; custom_padding__hover=&#8221;|||&#8221;][et_pb_text admin_label=&#8221;Patrimonio Mundial e Inmaterial de Espa\u00f1a (BCN)&#8221; _builder_version=&#8221;3.27.4&#8243; z_index_tablet=&#8221;500&#8243;]<\/p>\n<h3>Round table: \u201cPatrimonio Mundial e Inmaterial de Espa\u00f1a&#8221; (World and intangible heritage of Spain)<\/h3>\n<h4>Convened by the Royal European Academy of Doctors<\/h4>\n<p>Speakers:<\/p>\n<ul>\n<li><strong>Dr. Antonio Bascones Mart\u00ednez<\/strong>, President of the Royal Academy of Doctors of Spain<\/li>\n<li><strong>Dr. Ignacio Buqueras i Bach<\/strong>, Numerary Member for the Humanities Section and President of the Association for the Dissemination and Promotion of the World Heritage of Spain<\/li>\n<li><a href=\"https:\/\/raed.academy\/en\/academicians\/dr-santiago-jose-castella-surribas\/\" target=\"_blank\" rel=\"noopener noreferrer\"><strong>Dr. Santiago Castell\u00e0 Surribas<\/strong><\/a>, Numerary Academician of the Royal European Academy of Doctors and Secretary General of its Foundation<\/li>\n<\/ul>\n<p>Place: Assembly Hall of Work Promotion \u2013 Via Laietana, 32, Pral, Barcelona<br \/>\nDate: 28.03.2019 at 7 p.m.<br \/>\n[\/et_pb_text][\/et_pb_column][et_pb_column type=&#8221;1_5&#8243; _builder_version=&#8221;3.25&#8243; custom_padding=&#8221;|20px||&#8221; custom_padding__hover=&#8221;|||&#8221;][et_pb_gallery gallery_ids=&#8221;69772,69775,69778,69781,69784,69787&#8243; posts_number=&#8221;1&#8243; show_title_and_caption=&#8221;off&#8221; show_pagination=&#8221;off&#8221; zoom_icon_color=&#8221;#6b5d38&#8243; _builder_version=&#8221;3.21.1&#8243; custom_margin=&#8221;10px|||&#8221; custom_margin_tablet=&#8221;25px|||&#8221; custom_margin_phone=&#8221;&#8221; custom_margin_last_edited=&#8221;on|desktop&#8221; z_index_tablet=&#8221;500&#8243; border_radii_image=&#8221;on|4px|4px|4px|4px&#8221; box_shadow_style_image=&#8221;preset2&#8243;][\/et_pb_gallery][\/et_pb_column][\/et_pb_row][et_pb_row _builder_version=&#8221;3.25&#8243;][et_pb_column type=&#8221;4_4&#8243; _builder_version=&#8221;3.25&#8243; custom_padding=&#8221;|||&#8221; custom_padding__hover=&#8221;|||&#8221;][et_pb_text admin_label=&#8221;Texto &#8211; ABRIL 2019&#8243; _builder_version=&#8221;3.27.4&#8243; z_index_tablet=&#8221;500&#8243;]<\/p>\n<h2>APRIL 2019<\/h2>\n<p>[\/et_pb_text][\/et_pb_column][\/et_pb_row][et_pb_row column_structure=&#8221;1_5,3_5,1_5&#8243; use_custom_gutter=&#8221;on&#8221; gutter_width=&#8221;1&#8243; make_equal=&#8221;on&#8221; module_id=&#8221;0304&#8243; module_class=&#8221;evento et_pb_row_fullwidth&#8221; _builder_version=&#8221;3.25&#8243; width=&#8221;100%&#8221; width_tablet=&#8221;&#8221; width_phone=&#8221;&#8221; width_last_edited=&#8221;on|desktop&#8221; max_width=&#8221;100%&#8221; max_width_tablet=&#8221;&#8221; max_width_phone=&#8221;&#8221; max_width_last_edited=&#8221;on|desktop&#8221; module_alignment=&#8221;center&#8221; z_index_tablet=&#8221;500&#8243; border_radii=&#8221;on|4px|4px|4px|4px&#8221; box_shadow_style=&#8221;preset3&#8243; box_shadow_horizontal=&#8221;10px&#8221; make_fullwidth=&#8221;on&#8221;][et_pb_column type=&#8221;1_5&#8243; _builder_version=&#8221;3.25&#8243; custom_padding=&#8221;||25px|&#8221; custom_padding_tablet=&#8221;&#8221; custom_padding_phone=&#8221;&#8221; custom_padding_last_edited=&#8221;on|desktop&#8221; custom_padding__hover=&#8221;|||&#8221;][et_pb_code admin_label=&#8221;fecha 03\/04&#8243; module_class=&#8221;fecha-evento&#8221; _builder_version=&#8221;3.22.7&#8243; z_index_tablet=&#8221;500&#8243;]Apr<!-- [et_pb_line_break_holder] --><!-- [et_pb_line_break_holder] -->3[\/et_pb_code][\/et_pb_column][et_pb_column type=&#8221;3_5&#8243; _builder_version=&#8221;3.25&#8243; custom_padding=&#8221;|20px||&#8221; custom_padding__hover=&#8221;|||&#8221;][et_pb_text admin_label=&#8221;Ingreso Llu\u00eds Giner Tarrida&#8221; _builder_version=&#8221;3.27.4&#8243; z_index_tablet=&#8221;500&#8243;]<\/p>\n<h3>Admission as a Numerary Academician: <a href=\"https:\/\/raed.academy\/en\/academicians\/dr-lluis-giner-tarrida\/\" target=\"_blank\" rel=\"noopener noreferrer\"><strong>Llu\u00eds Giner Tarrida<\/strong><\/a><\/h3>\n<p>Admission speech: <a href=\"https:\/\/raed.academy\/wp-content\/uploads\/2019\/04\/discurso-ingreso-Lluis-Giner-Tarrida-Evolucion-materiales-odontologicos-compr.pdf\" target=\"_blank\" rel=\"noopener noreferrer\"><strong>\u201cLos dientes del comer al lucir: evoluci\u00f3n de los materiales odontol\u00f3gicos y cambios sociales\u201d<\/strong><\/a><br \/>\nSpeech in reply: <a href=\"https:\/\/raed.academy\/en\/academicians\/dr-pedro-claros-blanch\/\" target=\"_blank\" rel=\"noopener noreferrer\"><strong>Dr. Pedro Clar\u00f3s Blanch<\/strong><\/a>, Doctor of Medicine and Surgery, Pharmacy and Neurosciences (Health Sciences)<\/p>\n<p>Place: Assembly Hall of Work Promotion \u2013 Via Laietana, 32, Pral, Barcelona<br \/>\nDate: 03.04.2019 at 7.30 p.m.<br \/>\n[\/et_pb_text][\/et_pb_column][et_pb_column type=&#8221;1_5&#8243; _builder_version=&#8221;3.25&#8243; custom_padding=&#8221;|20px||&#8221; custom_padding__hover=&#8221;|||&#8221;][et_pb_image src=&#8221;https:\/\/raed.academy\/wp-content\/uploads\/2019\/04\/acto-ingreso-RAED-Lluis-Giner-Tarrida-8.jpg&#8221; show_in_lightbox=&#8221;on&#8221; use_overlay=&#8221;on&#8221; overlay_icon_color=&#8221;#6b5d38&#8243; align=&#8221;center&#8221; force_fullwidth=&#8221;on&#8221; align_tablet=&#8221;center&#8221; align_phone=&#8221;&#8221; align_last_edited=&#8221;on|desktop&#8221; _builder_version=&#8221;3.23&#8243; module_alignment=&#8221;center&#8221; custom_margin=&#8221;10px|||&#8221; custom_margin_tablet=&#8221;25px|||&#8221; custom_margin_phone=&#8221;&#8221; custom_margin_last_edited=&#8221;on|desktop&#8221; z_index_tablet=&#8221;500&#8243; border_radii=&#8221;on|4px|4px|4px|4px&#8221; box_shadow_style=&#8221;preset2&#8243;][\/et_pb_image][\/et_pb_column][\/et_pb_row][et_pb_row column_structure=&#8221;1_5,3_5,1_5&#8243; use_custom_gutter=&#8221;on&#8221; gutter_width=&#8221;1&#8243; make_equal=&#8221;on&#8221; module_id=&#8221;1104&#8243; module_class=&#8221;evento&#8221; _builder_version=&#8221;3.25&#8243; width=&#8221;100%&#8221; width_tablet=&#8221;&#8221; width_phone=&#8221;&#8221; width_last_edited=&#8221;on|desktop&#8221; max_width=&#8221;100%&#8221; max_width_tablet=&#8221;&#8221; max_width_phone=&#8221;&#8221; max_width_last_edited=&#8221;on|desktop&#8221; module_alignment=&#8221;center&#8221; custom_padding=&#8221;||25px|&#8221; z_index_tablet=&#8221;500&#8243; border_radii=&#8221;on|3px|3px|3px|3px&#8221; box_shadow_style=&#8221;preset3&#8243; box_shadow_horizontal=&#8221;10px&#8221;][et_pb_column type=&#8221;1_5&#8243; _builder_version=&#8221;3.25&#8243; custom_padding=&#8221;||25px|&#8221; custom_padding_tablet=&#8221;&#8221; custom_padding_phone=&#8221;&#8221; custom_padding_last_edited=&#8221;on|desktop&#8221; custom_padding__hover=&#8221;|||&#8221;][et_pb_code admin_label=&#8221;fecha 11\/04&#8243; module_class=&#8221;fecha-evento&#8221; _builder_version=&#8221;3.22.7&#8243; z_index_tablet=&#8221;500&#8243;]Apr<!-- [et_pb_line_break_holder] --><!-- [et_pb_line_break_holder] -->11[\/et_pb_code][\/et_pb_column][et_pb_column type=&#8221;3_5&#8243; _builder_version=&#8221;3.25&#8243; custom_padding=&#8221;|45px||&#8221; custom_padding_tablet=&#8221;|20px||&#8221; custom_padding_phone=&#8221;&#8221; custom_padding_last_edited=&#8221;on|phone&#8221; custom_padding__hover=&#8221;|||&#8221;][et_pb_text admin_label=&#8221;Ingreso Joan B. Renart Cava&#8221; _builder_version=&#8221;3.27.4&#8243; z_index_tablet=&#8221;500&#8243;]<\/p>\n<h3>Admission as a Honorary Academician: <a href=\"https:\/\/raed.academy\/academicos\/sr-joan-renart-cava\/\" target=\"_blank\" rel=\"noopener noreferrer\">Joan B. Renart Cava<\/a><\/h3>\n<p>Admission speech: <a href=\"https:\/\/raed.academy\/wp-content\/uploads\/publicaciones\/discursos-ingreso\/Discurso-ingreso-RAED-Joan-B-Renart-Cava-Esp-compr.pdf\" target=\"_blank\" rel=\"noopener noreferrer\"><strong>\u201cSujeto de la creatividad para ser m\u00e1s competitivos: El individuo creativo\u201d<\/strong><\/a><br \/>\nSpeech in reply: <a href=\"https:\/\/raed.academy\/en\/academicians\/dr-pedro-claros-blanch\/\" target=\"_blank\" rel=\"noopener noreferrer\"><strong>Dr. Pedro Clar\u00f3s Blanch<\/strong><\/a>, Doctor in Medicine and Surgery, Pharmacy and Neuroscience (Health Sciences)<\/p>\n<p>Place: Assembly Hall of Work Promotion \u2013 Via Laietana, 32, Pral, Barcelona<br \/>\nDate: 11.04.2019 at 7.30 p.m.<br \/>\n[\/et_pb_text][\/et_pb_column][et_pb_column type=&#8221;1_5&#8243; _builder_version=&#8221;3.25&#8243; custom_padding=&#8221;|20px||&#8221; custom_padding__hover=&#8221;|||&#8221;][et_pb_image src=&#8221;https:\/\/raed.academy\/wp-content\/uploads\/2019\/04\/ingreso-RAED-Joan-B-Renart-Cava-1.jpg&#8221; show_in_lightbox=&#8221;on&#8221; use_overlay=&#8221;on&#8221; overlay_icon_color=&#8221;#6b5d38&#8243; align=&#8221;center&#8221; force_fullwidth=&#8221;on&#8221; align_tablet=&#8221;center&#8221; align_phone=&#8221;&#8221; align_last_edited=&#8221;on|desktop&#8221; _builder_version=&#8221;3.23&#8243; module_alignment=&#8221;center&#8221; custom_margin=&#8221;10px|||&#8221; custom_margin_tablet=&#8221;25px|||&#8221; custom_margin_phone=&#8221;&#8221; custom_margin_last_edited=&#8221;on|desktop&#8221; z_index_tablet=&#8221;500&#8243; border_radii=&#8221;on|4px|4px|4px|4px&#8221;][\/et_pb_image][\/et_pb_column][\/et_pb_row][et_pb_row column_structure=&#8221;1_5,3_5,1_5&#8243; use_custom_gutter=&#8221;on&#8221; gutter_width=&#8221;1&#8243; make_equal=&#8221;on&#8221; module_id=&#8221;2504&#8243; _builder_version=&#8221;3.25&#8243; width=&#8221;100%&#8221; width_tablet=&#8221;&#8221; width_phone=&#8221;&#8221; width_last_edited=&#8221;on|desktop&#8221; max_width=&#8221;100%&#8221; max_width_tablet=&#8221;&#8221; max_width_phone=&#8221;&#8221; max_width_last_edited=&#8221;on|desktop&#8221; module_alignment=&#8221;center&#8221; z_index_tablet=&#8221;500&#8243; box_shadow_style=&#8221;preset3&#8243; box_shadow_horizontal=&#8221;10px&#8221;][et_pb_column type=&#8221;1_5&#8243; _builder_version=&#8221;3.25&#8243; custom_padding=&#8221;||25px|&#8221; custom_padding_tablet=&#8221;&#8221; custom_padding_phone=&#8221;&#8221; custom_padding_last_edited=&#8221;on|desktop&#8221; custom_padding__hover=&#8221;|||&#8221;][et_pb_code admin_label=&#8221;fecha 25\/04&#8243; module_class=&#8221;fecha-evento&#8221; _builder_version=&#8221;3.22.4&#8243; z_index_tablet=&#8221;500&#8243;]Abr<!-- [et_pb_line_break_holder] --><!-- [et_pb_line_break_holder] -->25[\/et_pb_code][\/et_pb_column][et_pb_column type=&#8221;3_5&#8243; _builder_version=&#8221;3.25&#8243; custom_padding=&#8221;|20px||&#8221; custom_padding__hover=&#8221;|||&#8221;][et_pb_text admin_label=&#8221;25\/04 &#8211; Ingreso Antoni Matabosch Soler&#8221; _builder_version=&#8221;3.27.4&#8243; z_index_tablet=&#8221;500&#8243;]<\/p>\n<h3>Admission as a Numerary Academician: <a href=\"https:\/\/raed.academy\/en\/academicians\/dr-antoni-matabosch-soler\/\" target=\"_blank\" rel=\"noopener noreferrer\">Antoni Matabosch Soler<\/a>, Doctor in Theology<\/h3>\n<p><strong>Admission speech: <a href=\"https:\/\/raed.academy\/wp-content\/uploads\/2019\/04\/discurso-ingreso-Antoni-Matabosch-Soler-Societat-Plural-i-Religions-compr.pdf\" target=\"_blank\" rel=\"noopener noreferrer\">\u201cSocietat plural i religions\u201d<\/a><br \/>\nSpeech in reply by <a href=\"https:\/\/raed.academy\/en\/academicians\/dr-david-jou-mirabent\/\" target=\"_blank\" rel=\"noopener noreferrer\">David Jou Mirabent<\/a><\/strong>, Doctor in Physics<\/p>\n<p><strong>Venue:<\/strong>\u00a0Assembly Hall of Work Promotion \u2013 Via Laietana, 32, Pral, Barcelona<br \/>\n<strong>Event date:<\/strong> 25.04.2019 at 7:30 p.m.<br \/>\n[\/et_pb_text][\/et_pb_column][et_pb_column type=&#8221;1_5&#8243; _builder_version=&#8221;3.25&#8243; custom_padding=&#8221;|20px||&#8221; custom_padding_tablet=&#8221;&#8221; custom_padding_phone=&#8221;&#8221; custom_padding_last_edited=&#8221;on|phone&#8221; custom_padding__hover=&#8221;|||&#8221;][et_pb_image src=&#8221;https:\/\/raed.academy\/wp-content\/uploads\/2019\/04\/ingreso-RAED-Antoni-Matabosch-Soler-1.jpg&#8221; show_in_lightbox=&#8221;on&#8221; use_overlay=&#8221;on&#8221; overlay_icon_color=&#8221;#6b5d38&#8243; align=&#8221;center&#8221; align_tablet=&#8221;center&#8221; align_phone=&#8221;&#8221; align_last_edited=&#8221;on|desktop&#8221; _builder_version=&#8221;3.23&#8243; width=&#8221;100%&#8221; module_alignment=&#8221;center&#8221; custom_margin=&#8221;10px|||&#8221; custom_margin_tablet=&#8221;25px|||&#8221; custom_margin_phone=&#8221;&#8221; custom_margin_last_edited=&#8221;on|desktop&#8221; z_index_tablet=&#8221;500&#8243; border_radii=&#8221;on|4px|4px|4px|4px&#8221;][\/et_pb_image][\/et_pb_column][\/et_pb_row][et_pb_row _builder_version=&#8221;3.25&#8243; background_size=&#8221;initial&#8221; background_position=&#8221;top_left&#8221; background_repeat=&#8221;repeat&#8221; custom_padding=&#8221;0|0px|0|0px|false|false&#8221;][et_pb_column type=&#8221;4_4&#8243; _builder_version=&#8221;3.25&#8243; custom_padding=&#8221;|||&#8221; custom_padding__hover=&#8221;|||&#8221;][et_pb_text admin_label=&#8221;Texto &#8211; MAYO 2019&#8243; _builder_version=&#8221;3.27.4&#8243; z_index_tablet=&#8221;500&#8243;]<\/p>\n<h2>MAY 2019<\/h2>\n<p>[\/et_pb_text][\/et_pb_column][\/et_pb_row][et_pb_row column_structure=&#8221;1_5,3_5,1_5&#8243; use_custom_gutter=&#8221;on&#8221; gutter_width=&#8221;1&#8243; make_equal=&#8221;on&#8221; module_id=&#8221;2105&#8243; module_class=&#8221;evento et_pb_row_fullwidth et_pb_row_fullwidth et_pb_row_fullwidth et_pb_row_fullwidth et_pb_row_fullwidth et_pb_row_fullwidth et_pb_row_fullwidth et_pb_row_fullwidth et_pb_row_fullwidth et_pb_row_fullwidth et_pb_row_fullwidth et_pb_row_fullwidth et_pb_row_fullwidth et_pb_row_fullwidth et_pb_row_fullwidth et_pb_row_fullwidth et_pb_row_fullwidth et_pb_row_fullwidth et_pb_row_fullwidth et_pb_row_fullwidth et_pb_row_fullwidth et_pb_row_fullwidth et_pb_row_fullwidth et_pb_row_fullwidth et_pb_row_fullwidth et_pb_row_fullwidth et_pb_row_fullwidth et_pb_row_fullwidth et_pb_row_fullwidth&#8221; _builder_version=&#8221;3.25&#8243; width=&#8221;100%&#8221; width_tablet=&#8221;100%&#8221; width_phone=&#8221;&#8221; width_last_edited=&#8221;on|desktop&#8221; max_width=&#8221;100%&#8221; max_width_tablet=&#8221;100%&#8221; max_width_phone=&#8221;&#8221; max_width_last_edited=&#8221;on|desktop&#8221; module_alignment=&#8221;center&#8221; z_index_tablet=&#8221;500&#8243; box_shadow_style=&#8221;preset3&#8243; box_shadow_horizontal=&#8221;10px&#8221; make_fullwidth=&#8221;on&#8221;][et_pb_column type=&#8221;1_5&#8243; _builder_version=&#8221;3.25&#8243; custom_padding=&#8221;||25px|&#8221; custom_padding_tablet=&#8221;&#8221; custom_padding_phone=&#8221;&#8221; custom_padding_last_edited=&#8221;on|phone&#8221; custom_padding__hover=&#8221;|||&#8221;][et_pb_code admin_label=&#8221;fecha 21\/05&#8243; module_class=&#8221;fecha-evento&#8221; _builder_version=&#8221;3.21.1&#8243; z_index_tablet=&#8221;500&#8243;]May<!-- [et_pb_line_break_holder] --><!-- [et_pb_line_break_holder] -->21[\/et_pb_code][\/et_pb_column][et_pb_column type=&#8221;3_5&#8243; _builder_version=&#8221;3.25&#8243; custom_padding=&#8221;|20px||&#8221; custom_padding__hover=&#8221;|||&#8221;][et_pb_text admin_label=&#8221;Ingreso Josep Alet Vilagin\u00e9s&#8221; _builder_version=&#8221;3.27.4&#8243; z_index_tablet=&#8221;500&#8243;]<\/p>\n<h3>Admission as a Corresponding Academician: <a href=\"https:\/\/raed.academy\/ca\/academics\/dr-josep-alet-vilagines\/\" target=\"_blank\" rel=\"noopener noreferrer\">Josep Alet Vilagin\u00e9s<\/a><\/h3>\n<p><strong>Admission speech:<\/strong> <a href=\"https:\/\/raed.academy\/wp-content\/uploads\/2019\/05\/discurso-ingreso-Josep-Alet-Marketing-Cuantico-un-nuevo-paradigma-compr.pdf\" target=\"_blank\" rel=\"noopener noreferrer\">Marketing Cu\u00e1ntico, un nuevo paradigma del marketing para dar\u00a0 un salto en la gesti\u00f3n\u00a0 de los clientes<\/a><strong><br \/>\nSpeech in reply:<\/strong> <a href=\"https:\/\/raed.academy\/en\/academicians\/dr-pedro-claros-blanch\/\" target=\"_blank\" rel=\"noopener noreferrer\"><strong>Dr. Pedro Clar\u00f3s Blanch<\/strong><\/a>, Doctor of Medicine and Surgery, Pharmacy and Neurosciences (Health Sciences)<\/p>\n<p><strong>Venue:<\/strong> Assembly Hall of Work Promotion \u2013 Via Laietana, 32, Pral, Barcelona<br \/>\n<strong>Event date:<\/strong> 21 May 2019<br \/>\n[\/et_pb_text][\/et_pb_column][et_pb_column type=&#8221;1_5&#8243; _builder_version=&#8221;3.25&#8243; custom_padding=&#8221;|||&#8221; custom_padding__hover=&#8221;|||&#8221;][et_pb_image src=&#8221;https:\/\/raed.academy\/wp-content\/uploads\/2019\/05\/acto-ingreso-RAED-Josep-Alet-Vilagines-1.jpg&#8221; show_in_lightbox=&#8221;on&#8221; use_overlay=&#8221;on&#8221; overlay_icon_color=&#8221;#6b5d38&#8243; align=&#8221;center&#8221; align_tablet=&#8221;center&#8221; align_phone=&#8221;&#8221; align_last_edited=&#8221;on|desktop&#8221; _builder_version=&#8221;4.1&#8243; width=&#8221;100%&#8221; module_alignment=&#8221;center&#8221; custom_margin=&#8221;10px|||&#8221; custom_margin_tablet=&#8221;25px|||&#8221; custom_margin_phone=&#8221;&#8221; custom_margin_last_edited=&#8221;on|desktop&#8221; z_index_tablet=&#8221;500&#8243; border_radii=&#8221;on|4px|4px|4px|4px&#8221;][\/et_pb_image][\/et_pb_column][\/et_pb_row][et_pb_row column_structure=&#8221;1_5,3_5,1_5&#8243; use_custom_gutter=&#8221;on&#8221; gutter_width=&#8221;1&#8243; make_equal=&#8221;on&#8221; module_id=&#8221;2405&#8243; module_class=&#8221;evento et_pb_row_fullwidth et_pb_row_fullwidth et_pb_row_fullwidth et_pb_row_fullwidth et_pb_row_fullwidth et_pb_row_fullwidth et_pb_row_fullwidth et_pb_row_fullwidth et_pb_row_fullwidth et_pb_row_fullwidth et_pb_row_fullwidth et_pb_row_fullwidth et_pb_row_fullwidth et_pb_row_fullwidth et_pb_row_fullwidth et_pb_row_fullwidth&#8221; _builder_version=&#8221;3.25&#8243; width=&#8221;100%&#8221; width_tablet=&#8221;100%&#8221; width_phone=&#8221;&#8221; width_last_edited=&#8221;on|desktop&#8221; max_width=&#8221;100%&#8221; max_width_tablet=&#8221;100%&#8221; max_width_phone=&#8221;&#8221; max_width_last_edited=&#8221;on|desktop&#8221; module_alignment=&#8221;center&#8221; custom_padding=&#8221;||25px|&#8221; z_index_tablet=&#8221;500&#8243; border_radii=&#8221;on|3px|3px|3px|3px&#8221; box_shadow_style=&#8221;preset3&#8243; box_shadow_horizontal=&#8221;10px&#8221; make_fullwidth=&#8221;on&#8221;][et_pb_column type=&#8221;1_5&#8243; _builder_version=&#8221;3.25&#8243; custom_padding=&#8221;||25px|&#8221; custom_padding_last_edited=&#8221;off|desktop&#8221; custom_padding__hover=&#8221;|||&#8221;][et_pb_code admin_label=&#8221;fecha 24\/05&#8243; module_class=&#8221;fecha-evento&#8221; _builder_version=&#8221;3.22.4&#8243; z_index_tablet=&#8221;500&#8243;]May<!-- [et_pb_line_break_holder] --><!-- [et_pb_line_break_holder] -->24[\/et_pb_code][\/et_pb_column][et_pb_column type=&#8221;3_5&#8243; _builder_version=&#8221;3.25&#8243; custom_padding=&#8221;|45px||&#8221; custom_padding_tablet=&#8221;|20px||&#8221; custom_padding_phone=&#8221;&#8221; custom_padding_last_edited=&#8221;on|phone&#8221; custom_padding__hover=&#8221;|||&#8221;][et_pb_text admin_label=&#8221;I ENCUENTRO CIENTIFICO- CULTURAL EN LA RIOJA ALAVESA&#8221; _builder_version=&#8221;4.4.6&#8243; z_index_tablet=&#8221;500&#8243;]<\/p>\n<h3>I Scientific-Cultural Meeting in la Rioja Alavesa<\/h3>\n<h4>24-26 MAY 2019<\/h4>\n<p>Royal Academy of Medicine of the Basque Country &#8211; Euskal Herriko Medikuntzaren Errege Akademia (RAMPV-EHMEA)<\/p>\n<p>Royal European Academy of Doctors &#8211; Europar Doktoreen Errege Akademia (RAED).<\/p>\n<p>With the collaboration of: Spanish Academy of Nutrition and Food Sciences (AEN), Section of Food Sciences of the Academy of Medical Sciences of Bilbao (ACMB), Royal Bascongada Society of Friends of the Country and Spanish Society of Community Nutrition (SENC).<\/p>\n<p>Among other activities, Scientific Sessions, guided visits and sessions of TED talks (15 minutes) .<\/p>\n<p>[\/et_pb_text][et_pb_code _builder_version=&#8221;4.4.6&#8243; z_index_tablet=&#8221;500&#8243; locked=&#8221;off&#8221;]<a href=\"https:\/\/raed.academy\/wp-content\/uploads\/2020\/05\/I-encuentro-cientifico-cultural-en-la-rioja-alavesa.24-05-2019.pdf\" target=\"_blank\" class=\"et_pb_button\" rel=\"noopener noreferrer\">PROGRAMA<\/a><!-- [et_pb_line_break_holder] --><!-- [et_pb_line_break_holder] --><a href=\"https:\/\/raed.academy\/wp-content\/uploads\/2020\/05\/I-encuentro-cientifico-cultural-en-la-rioja-alavesa.24-05-2019.pdf\" download=\"\"><span class=\"fas fa-cloud-download-alt\"><\/span> DESCARGAR<\/a>[\/et_pb_code][\/et_pb_column][et_pb_column type=&#8221;1_5&#8243; _builder_version=&#8221;3.25&#8243; custom_padding=&#8221;|20px||&#8221; custom_padding_tablet=&#8221;&#8221; custom_padding_phone=&#8221;&#8221; custom_padding_last_edited=&#8221;on|phone&#8221; custom_padding__hover=&#8221;|||&#8221;][et_pb_image src=&#8221;https:\/\/raed.academy\/wp-content\/uploads\/2019\/05\/La-Rioja-dominio-publico.jpg&#8221; show_in_lightbox=&#8221;on&#8221; use_overlay=&#8221;on&#8221; overlay_icon_color=&#8221;#6b5d38&#8243; align=&#8221;center&#8221; force_fullwidth=&#8221;on&#8221; align_tablet=&#8221;center&#8221; align_phone=&#8221;&#8221; align_last_edited=&#8221;on|desktop&#8221; _builder_version=&#8221;3.23&#8243; module_alignment=&#8221;center&#8221; custom_margin=&#8221;10px|||&#8221; custom_margin_tablet=&#8221;25px|||&#8221; custom_margin_phone=&#8221;&#8221; custom_margin_last_edited=&#8221;on|desktop&#8221; z_index_tablet=&#8221;500&#8243; border_radii=&#8221;on|4px|4px|4px|4px&#8221;][\/et_pb_image][\/et_pb_column][\/et_pb_row][et_pb_row _builder_version=&#8221;3.25&#8243; background_size=&#8221;initial&#8221; background_position=&#8221;top_left&#8221; background_repeat=&#8221;repeat&#8221; custom_padding=&#8221;0|0px|0|0px|false|false&#8221; locked=&#8221;off&#8221;][et_pb_column type=&#8221;4_4&#8243; _builder_version=&#8221;3.25&#8243; custom_padding=&#8221;|||&#8221; custom_padding__hover=&#8221;|||&#8221;][et_pb_text admin_label=&#8221;Texto &#8211; JUNE 2019&#8243; _builder_version=&#8221;3.27.4&#8243; z_index_tablet=&#8221;500&#8243;]<\/p>\n<h2>JUNE 2019<\/h2>\n<p>[\/et_pb_text][\/et_pb_column][\/et_pb_row][et_pb_row column_structure=&#8221;1_5,3_5,1_5&#8243; use_custom_gutter=&#8221;on&#8221; gutter_width=&#8221;1&#8243; make_equal=&#8221;on&#8221; module_id=&#8221;0306&#8243; module_class=&#8221;evento&#8221; _builder_version=&#8221;3.25&#8243; width=&#8221;100%&#8221; width_tablet=&#8221;&#8221; width_phone=&#8221;&#8221; width_last_edited=&#8221;on|desktop&#8221; max_width=&#8221;100%&#8221; max_width_tablet=&#8221;&#8221; max_width_phone=&#8221;&#8221; max_width_last_edited=&#8221;on|desktop&#8221; module_alignment=&#8221;center&#8221; z_index_tablet=&#8221;500&#8243; box_shadow_style=&#8221;preset3&#8243; box_shadow_horizontal=&#8221;10px&#8221; locked=&#8221;off&#8221;][et_pb_column type=&#8221;1_5&#8243; _builder_version=&#8221;3.25&#8243; custom_padding=&#8221;|||&#8221; custom_padding_tablet=&#8221;&#8221; custom_padding_phone=&#8221;&#8221; custom_padding_last_edited=&#8221;on|desktop&#8221; custom_padding__hover=&#8221;|||&#8221;][et_pb_code admin_label=&#8221;fecha 3\/06&#8243; module_class=&#8221;fecha-evento&#8221; _builder_version=&#8221;3.22.7&#8243; z_index_tablet=&#8221;500&#8243;]Jun<!-- [et_pb_line_break_holder] --><!-- [et_pb_line_break_holder] -->3[\/et_pb_code][\/et_pb_column][et_pb_column type=&#8221;3_5&#8243; _builder_version=&#8221;3.25&#8243; custom_padding=&#8221;|||&#8221; custom_padding__hover=&#8221;|||&#8221;][et_pb_text admin_label=&#8221;Debate \u201cPresent and future tobacco addiction\u201d&#8221; _builder_version=&#8221;3.27.4&#8243; z_index_tablet=&#8221;500&#8243;]<\/p>\n<h3>Debate \u201cPresent and future tobacco addiction\u201d<\/h3>\n<h4>The Debates of the Royal European Academy of Doctors &#8211; World Day without tobacco<\/h4>\n<p>Topics to be discussed in the debate: Impact on the consumption of tobacco, since the approval of the laws on the control and regulation of its use. Analysis of new forms of tobacco consumption linked to new technologies, driven by tobacco companies. Study of the impact of these circumstances on youth consumption.<\/p>\n<p>Speakers:<\/p>\n<ul>\n<li><a href=\"https:\/\/raed.academy\/en\/academicians\/dr-jose-ramon-calvo-fernandez\/\" target=\"_blank\" rel=\"noopener noreferrer\"><strong>Dr. Jos\u00e9 Ram\u00f3n Calvo<\/strong><\/a><\/li>\n<li><strong>Dr. Francesc Abella Pons<\/strong><\/li>\n<li><strong>Mr. Esteve Salt\u00f3<\/strong><\/li>\n<li><strong>Dr. Esteve Fern\u00e1ndez<\/strong><\/li>\n<li><a href=\"https:\/\/raed.academy\/en\/academicians\/dr-lluis-giner-tarrida\/\" target=\"_blank\" rel=\"noopener noreferrer\"><strong>Dr. Llu\u00eds Giner Tarrida<\/strong><\/a><\/li>\n<\/ul>\n<p><strong>Venue<\/strong>: Auditorium of the Fomento del Trabajo building \u2013 Via Laietana, 32, Pral, Barcelona<br \/>\n<strong>Event date:<\/strong> 03.06.2019 at 7:00 p.m.<br \/>\n[\/et_pb_text][et_pb_code _builder_version=&#8221;3.29.1&#8243; z_index_tablet=&#8221;500&#8243; locked=&#8221;off&#8221;]<a href=\"https:\/\/raed.academy\/wp-content\/uploads\/2019\/05\/tabaquismo-programa.jpg\" target=\"_blank\" class=\"et_pb_button\" rel=\"noopener noreferrer\">PROGRAMA<\/a><!-- [et_pb_line_break_holder] --><!-- [et_pb_line_break_holder] --><a href=\"https:\/\/raed.academy\/wp-content\/uploads\/2019\/05\/tabaquismo-programa.jpg\" download=\"\"><span class=\"fas fa-cloud-download-alt\"><\/span> DESCARGAR<\/a>[\/et_pb_code][\/et_pb_column][et_pb_column type=&#8221;1_5&#8243; _builder_version=&#8221;3.25&#8243; custom_padding=&#8221;|||&#8221; custom_padding__hover=&#8221;|||&#8221;][et_pb_gallery gallery_ids=&#8221;73172,73099,73096&#8243; posts_number=&#8221;3&#8243; show_title_and_caption=&#8221;off&#8221; show_pagination=&#8221;off&#8221; zoom_icon_color=&#8221;#6b5d38&#8243; _builder_version=&#8221;3.22.7&#8243; custom_margin=&#8221;10px|||&#8221; custom_margin_tablet=&#8221;25px|||&#8221; custom_margin_phone=&#8221;&#8221; custom_margin_last_edited=&#8221;on|desktop&#8221; z_index_tablet=&#8221;500&#8243; border_radii_image=&#8221;on|4px|4px|4px|4px&#8221; box_shadow_style_image=&#8221;preset2&#8243; locked=&#8221;off&#8221;][\/et_pb_gallery][\/et_pb_column][\/et_pb_row][et_pb_row column_structure=&#8221;1_5,3_5,1_5&#8243; use_custom_gutter=&#8221;on&#8221; gutter_width=&#8221;1&#8243; make_equal=&#8221;on&#8221; module_id=&#8221;0606&#8243; module_class=&#8221;evento&#8221; _builder_version=&#8221;3.25&#8243; width=&#8221;100%&#8221; width_tablet=&#8221;&#8221; width_phone=&#8221;&#8221; width_last_edited=&#8221;on|desktop&#8221; max_width=&#8221;100%&#8221; max_width_tablet=&#8221;&#8221; max_width_phone=&#8221;&#8221; max_width_last_edited=&#8221;on|desktop&#8221; module_alignment=&#8221;center&#8221; z_index_tablet=&#8221;500&#8243; box_shadow_style=&#8221;preset3&#8243; box_shadow_horizontal=&#8221;10px&#8221; locked=&#8221;off&#8221;][et_pb_column type=&#8221;1_5&#8243; _builder_version=&#8221;3.25&#8243; custom_padding=&#8221;|||&#8221; custom_padding_tablet=&#8221;&#8221; custom_padding_phone=&#8221;&#8221; custom_padding_last_edited=&#8221;on|desktop&#8221; custom_padding__hover=&#8221;|||&#8221;][et_pb_code admin_label=&#8221;fecha 6\/06&#8243; module_class=&#8221;fecha-evento&#8221; _builder_version=&#8221;3.22.7&#8243; z_index_tablet=&#8221;500&#8243;]Jun<!-- [et_pb_line_break_holder] --><!-- [et_pb_line_break_holder] -->6[\/et_pb_code][\/et_pb_column][et_pb_column type=&#8221;3_5&#8243; _builder_version=&#8221;3.25&#8243; custom_padding=&#8221;|||&#8221; custom_padding__hover=&#8221;|||&#8221;][et_pb_text admin_label=&#8221;Ingreso Jos\u00e9 \u00c1ngel Brand\u00edn Lorenzo&#8221; _builder_version=&#8221;3.27.4&#8243; z_index_tablet=&#8221;500&#8243;]<\/p>\n<h3>Admission as a Corresponding Academician: Jos\u00e9 \u00c1ngel Brand\u00edn Lorenzo, Doctor in Government and Culture of Organizations<\/h3>\n<p><strong>Admission speech: <\/strong><a href=\"https:\/\/raed.academy\/wp-content\/uploads\/2019\/06\/discurso-ingreso-Jose-Angel-Brandin-Lorenzo-La-confianza-razonada-compr.pdf\" target=\"_blank\" rel=\"noopener noreferrer\">La confianza razonada: un medio para la gesti\u00f3n de la incertidumbre en los procesos de las organizaciones<\/a><strong><br \/>\nSpeech in reply:<\/strong> <a href=\"https:\/\/raed.academy\/en\/academicians\/dr-jose-daniel-barquero-cabrero\/\" target=\"_blank\" rel=\"noopener noreferrer\"><strong>Dr. Jos\u00e9 Daniel Barquero Cabrero<\/strong><\/a>, Doctor in Economics<\/p>\n<p><strong>Venue:<\/strong> Assembly Hall of Work Promotion \u2013 Via Laietana, 32, Pral, Barcelona<br \/>\n<strong>Event date:<\/strong> 06 June 2019 at 7:00 p.m.<br \/>\n[\/et_pb_text][\/et_pb_column][et_pb_column type=&#8221;1_5&#8243; _builder_version=&#8221;3.25&#8243; custom_padding=&#8221;|||&#8221; custom_padding__hover=&#8221;|||&#8221;][et_pb_image src=&#8221;https:\/\/raed.academy\/wp-content\/uploads\/2019\/06\/ingreso-RAED-Jose-Angel-Brandin-Lorenzo-1.jpg&#8221; show_in_lightbox=&#8221;on&#8221; use_overlay=&#8221;on&#8221; overlay_icon_color=&#8221;#6b5d38&#8243; align=&#8221;center&#8221; force_fullwidth=&#8221;on&#8221; align_tablet=&#8221;center&#8221; align_phone=&#8221;&#8221; align_last_edited=&#8221;on|desktop&#8221; _builder_version=&#8221;3.23&#8243; module_alignment=&#8221;center&#8221; custom_margin=&#8221;10px|||&#8221; custom_margin_tablet=&#8221;25px|||&#8221; custom_margin_phone=&#8221;&#8221; custom_margin_last_edited=&#8221;on|desktop&#8221; z_index_tablet=&#8221;500&#8243; border_radii=&#8221;on|4px|4px|4px|4px&#8221; box_shadow_style=&#8221;preset2&#8243; box_shadow_horizontal=&#8221;12px&#8221; box_shadow_vertical=&#8221;12px&#8221;][\/et_pb_image][\/et_pb_column][\/et_pb_row][et_pb_row column_structure=&#8221;1_5,3_5,1_5&#8243; use_custom_gutter=&#8221;on&#8221; gutter_width=&#8221;1&#8243; make_equal=&#8221;on&#8221; module_id=&#8221;1906&#8243; module_class=&#8221;evento&#8221; _builder_version=&#8221;3.25&#8243; width=&#8221;100%&#8221; width_tablet=&#8221;&#8221; width_phone=&#8221;&#8221; width_last_edited=&#8221;on|desktop&#8221; max_width=&#8221;100%&#8221; max_width_tablet=&#8221;&#8221; max_width_phone=&#8221;&#8221; max_width_last_edited=&#8221;on|desktop&#8221; module_alignment=&#8221;center&#8221; z_index_tablet=&#8221;500&#8243; box_shadow_style=&#8221;preset3&#8243; box_shadow_horizontal=&#8221;10px&#8221; locked=&#8221;off&#8221;][et_pb_column type=&#8221;1_5&#8243; _builder_version=&#8221;3.25&#8243; custom_padding=&#8221;|||&#8221; custom_padding_tablet=&#8221;&#8221; custom_padding_phone=&#8221;&#8221; custom_padding_last_edited=&#8221;on|desktop&#8221; custom_padding__hover=&#8221;|||&#8221;][et_pb_code admin_label=&#8221;fecha 19\/06&#8243; module_class=&#8221;fecha-evento&#8221; _builder_version=&#8221;3.22.7&#8243; z_index_tablet=&#8221;500&#8243;]Jun<!-- [et_pb_line_break_holder] --><!-- [et_pb_line_break_holder] -->19[\/et_pb_code][\/et_pb_column][et_pb_column type=&#8221;3_5&#8243; _builder_version=&#8221;3.25&#8243; custom_padding=&#8221;|||&#8221; custom_padding__hover=&#8221;|||&#8221;][et_pb_text admin_label=&#8221;Ingreso Frederic Borr\u00e0s P\u00e0mies&#8221; _builder_version=&#8221;3.27.4&#8243; z_index_tablet=&#8221;500&#8243;]<\/p>\n<h3>Admission as a Numerary Academician: <a href=\"https:\/\/raed.academy\/en\/academicians\/dr-frederic-borras-pamies\/\" target=\"_blank\" rel=\"noopener noreferrer\">Frederic Borr\u00e0s P\u00e0mies<\/a>, Dr in Business and Economics<\/h3>\n<p><strong>Admission speech:<\/strong> \u201c\u00bfEstamos preparados para la pr\u00f3xima crisis?\u201d<br \/>\n<strong>Speech in reply:<\/strong> <a href=\"https:\/\/raed.academy\/en\/academicians\/dr-jose-maria-gay-de-liebana-saludas\/\" target=\"_blank\" rel=\"noopener noreferrer\"><strong>Dr. Jos\u00e9 Mar\u00eda Gay de Li\u00e9bana Saludas<\/strong><\/a>, Doctor in Economics and Laws<\/p>\n<p><strong>Venue:<\/strong> Assembly Hall of Work Promotion \u2013 Via Laietana, 32, Pral, Barcelona<br \/>\n<strong>Event date:<\/strong> 19 Jun 2019 at 7.30 p.m.<br \/>\n[\/et_pb_text][\/et_pb_column][et_pb_column type=&#8221;1_5&#8243; _builder_version=&#8221;3.25&#8243; custom_padding=&#8221;|||&#8221; custom_padding__hover=&#8221;|||&#8221;][et_pb_image src=&#8221;https:\/\/raed.academy\/wp-content\/uploads\/2019\/06\/ingreso-RAED-Frederic-Borras-Pamies-Academico-Numerario-2.jpg&#8221; show_in_lightbox=&#8221;on&#8221; use_overlay=&#8221;on&#8221; overlay_icon_color=&#8221;#6b5d38&#8243; align=&#8221;center&#8221; force_fullwidth=&#8221;on&#8221; align_tablet=&#8221;center&#8221; align_phone=&#8221;&#8221; align_last_edited=&#8221;on|desktop&#8221; admin_label=&#8221;Imagen&#8221; _builder_version=&#8221;3.23&#8243; module_alignment=&#8221;center&#8221; custom_margin=&#8221;10px|||&#8221; custom_margin_tablet=&#8221;25px|||&#8221; custom_margin_phone=&#8221;&#8221; custom_margin_last_edited=&#8221;on|desktop&#8221; z_index_tablet=&#8221;500&#8243; border_radii=&#8221;on|4px|4px|4px|4px&#8221; box_shadow_style=&#8221;preset2&#8243; box_shadow_horizontal=&#8221;12px&#8221; box_shadow_vertical=&#8221;12px&#8221; locked=&#8221;off&#8221;][\/et_pb_image][\/et_pb_column][\/et_pb_row][et_pb_row column_structure=&#8221;1_5,3_5,1_5&#8243; use_custom_gutter=&#8221;on&#8221; gutter_width=&#8221;1&#8243; make_equal=&#8221;on&#8221; module_id=&#8221;2006&#8243; module_class=&#8221;evento&#8221; _builder_version=&#8221;3.25&#8243; width=&#8221;100%&#8221; width_tablet=&#8221;&#8221; width_phone=&#8221;&#8221; width_last_edited=&#8221;on|desktop&#8221; max_width=&#8221;100%&#8221; max_width_tablet=&#8221;&#8221; max_width_phone=&#8221;&#8221; max_width_last_edited=&#8221;on|desktop&#8221; module_alignment=&#8221;center&#8221; z_index_tablet=&#8221;500&#8243; box_shadow_style=&#8221;preset3&#8243; box_shadow_horizontal=&#8221;10px&#8221; locked=&#8221;off&#8221;][et_pb_column type=&#8221;1_5&#8243; _builder_version=&#8221;3.25&#8243; custom_padding=&#8221;|||&#8221; custom_padding_tablet=&#8221;&#8221; custom_padding_phone=&#8221;&#8221; custom_padding_last_edited=&#8221;on|desktop&#8221; custom_padding__hover=&#8221;|||&#8221;][et_pb_code admin_label=&#8221;fecha 20\/06&#8243; module_id=&#8221;20\/06&#8243; module_class=&#8221;fecha-evento&#8221; _builder_version=&#8221;3.22.7&#8243; z_index_tablet=&#8221;500&#8243;]Jun<!-- [et_pb_line_break_holder] --><!-- [et_pb_line_break_holder] -->20[\/et_pb_code][\/et_pb_column][et_pb_column type=&#8221;3_5&#8243; _builder_version=&#8221;3.25&#8243; custom_padding=&#8221;|||&#8221; custom_padding__hover=&#8221;|||&#8221;][et_pb_text admin_label=&#8221;Sesi\u00f3n Cient\u00edfica Especial&#8221; _builder_version=&#8221;3.27.4&#8243; z_index_tablet=&#8221;500&#8243;]<\/p>\n<h3>Special Scientific Session: Presentation of the Healthy Eating Guide for Primary Care and Citizen Groups<\/h3>\n<p>Organized by the Royal European Academy of Doctors-Barcelona 1914 (RAED) together with other institutions<\/p>\n<p><strong>They will intervene in the act:<\/strong><\/p>\n<ul>\n<li><strong><a href=\"https:\/\/raed.academy\/en\/academicians\/dr-lluis-serra-majem\/\" target=\"_blank\" rel=\"noopener noreferrer\">Dr. Llu\u00eds Serra-Majem<\/a><\/strong>: Food, sustainability and food guides.<\/li>\n<li><strong><a href=\"https:\/\/raed.academy\/en\/academicians\/dr-javier-aranceta-bartrina\/\" target=\"_blank\" rel=\"noopener noreferrer\">Dr. Javier Aranceta<\/a><\/strong>: Presentation of the new Healthy Eating Guide.<\/li>\n<li><strong><a href=\"https:\/\/raed.academy\/en\/academicians\/dr-jose-ramon-calvo-fernandez\/\" target=\"_blank\" rel=\"noopener noreferrer\">Dr. Jos\u00e9 Ram\u00f3n Calvo<\/a><\/strong>: Food education as a tool for health promotion.<\/li>\n<\/ul>\n<p><strong>Moderated by<\/strong>: <strong><a href=\"https:\/\/raed.academy\/en\/academicians\/dr-maria-dels-angels-calvo-torras\/\" target=\"_blank\" rel=\"noopener noreferrer\">Dr. Maria \u00c0ngels Calvo<\/a><\/strong>.<\/p>\n<p>At the end a complimentary appetizer will be served.<\/p>\n<p><strong>Venue<\/strong>: Assembly Hall of Work Promotion &#8211; Via Laietana, 32, pral. Barcelona<br \/>\n<strong>Date<\/strong>: Thursday, June 20, 2019 at 7:00 p.m.,<br \/>\n[\/et_pb_text][et_pb_code _builder_version=&#8221;3.29.1&#8243; z_index_tablet=&#8221;500&#8243; locked=&#8221;off&#8221;]<a href=\"https:\/\/raed.academy\/wp-content\/uploads\/2019\/06\/Presentacion-Guia-Alimentacion-Saludable-para-Atencion-Primaria-y-colectivos-ciudadanos-v2.pdf\" target=\"_blank\" class=\"et_pb_button\" rel=\"noopener noreferrer\">PROGRAMA<\/a><!-- [et_pb_line_break_holder] --><!-- [et_pb_line_break_holder] --><a href=\"https:\/\/raed.academy\/wp-content\/uploads\/2019\/06\/Presentacion-Guia-Alimentacion-Saludable-para-Atencion-Primaria-y-colectivos-ciudadanos-v2.pdf\" download=\"\"><span class=\"fas fa-cloud-download-alt\"><\/span> DESCARGAR<\/a>[\/et_pb_code][\/et_pb_column][et_pb_column type=&#8221;1_5&#8243; _builder_version=&#8221;3.25&#8243; custom_padding=&#8221;|||&#8221; custom_padding__hover=&#8221;|||&#8221;][et_pb_gallery gallery_ids=&#8221;74374,74377,74380,74383,74386,74389,74392,74395,74398&#8243; posts_number=&#8221;2&#8243; show_title_and_caption=&#8221;off&#8221; show_pagination=&#8221;off&#8221; zoom_icon_color=&#8221;#6b5d38&#8243; _builder_version=&#8221;3.22.7&#8243; custom_margin=&#8221;10px|||&#8221; custom_margin_tablet=&#8221;25px|||&#8221; custom_margin_phone=&#8221;&#8221; custom_margin_last_edited=&#8221;on|desktop&#8221; z_index_tablet=&#8221;500&#8243; border_radii_image=&#8221;on|4px|4px|4px|4px&#8221; box_shadow_style_image=&#8221;preset2&#8243; locked=&#8221;off&#8221;][\/et_pb_gallery][\/et_pb_column][\/et_pb_row][et_pb_row column_structure=&#8221;1_5,3_5,1_5&#8243; use_custom_gutter=&#8221;on&#8221; gutter_width=&#8221;1&#8243; make_equal=&#8221;on&#8221; module_id=&#8221;2706&#8243; module_class=&#8221;evento&#8221; _builder_version=&#8221;3.25&#8243; width=&#8221;100%&#8221; width_tablet=&#8221;&#8221; width_phone=&#8221;&#8221; width_last_edited=&#8221;on|desktop&#8221; max_width=&#8221;100%&#8221; max_width_tablet=&#8221;&#8221; max_width_phone=&#8221;&#8221; max_width_last_edited=&#8221;on|desktop&#8221; module_alignment=&#8221;center&#8221; z_index_tablet=&#8221;500&#8243; box_shadow_style=&#8221;preset3&#8243; box_shadow_horizontal=&#8221;10px&#8221; locked=&#8221;off&#8221;][et_pb_column type=&#8221;1_5&#8243; _builder_version=&#8221;3.25&#8243; custom_padding=&#8221;|||&#8221; custom_padding_tablet=&#8221;&#8221; custom_padding_phone=&#8221;&#8221; custom_padding_last_edited=&#8221;on|desktop&#8221; custom_padding__hover=&#8221;|||&#8221;][et_pb_code admin_label=&#8221;fecha 27\/06&#8243; module_class=&#8221;fecha-evento&#8221; _builder_version=&#8221;3.22.7&#8243; z_index_tablet=&#8221;500&#8243;]Jun<!-- [et_pb_line_break_holder] --><!-- [et_pb_line_break_holder] -->27[\/et_pb_code][\/et_pb_column][et_pb_column type=&#8221;3_5&#8243; _builder_version=&#8221;3.25&#8243; custom_padding=&#8221;|||&#8221; custom_padding__hover=&#8221;|||&#8221;][et_pb_text admin_label=&#8221;Summer dinner and concert&#8221; _builder_version=&#8221;3.27.4&#8243; z_index_tablet=&#8221;500&#8243;]<\/p>\n<h3>Concert of the Orchestra of the Reial Cercle Artistic of Barcelona and summer dinner of the Royal Academy<\/h3>\n<p>The concert will take place on <strong>Thursday, June 27, 2019, at 7:00 pm<\/strong> at the <strong>Reial Cercle Artistic of Barcelona, C \/ dels Arcs, n\u00ba 5 &#8211; BCN<\/strong>, institutional collaborator of the event (<a href=\"https:\/\/raed.academy\/wp-content\/uploads\/2019\/06\/programa-concierto-esp-orquesta-RCA-80s-Symphonic.jpg\" target=\"_blank\" rel=\"noopener noreferrer\"><strong>link to the program<\/strong><\/a>).<\/p>\n<p>After the concert will take place the traditional summer dinner of the Academy (<a href=\"https:\/\/raed.academy\/wp-content\/uploads\/2019\/06\/menu-cena-verano-Academia-2019.pdf\" target=\"_blank\" rel=\"noopener noreferrer\"><strong>link to the menu<\/strong><\/a>), in the same precinct of the Royal Artistic Circle, for those who wish it.<br \/>\n[\/et_pb_text][\/et_pb_column][et_pb_column type=&#8221;1_5&#8243; _builder_version=&#8221;3.25&#8243; custom_padding=&#8221;|||&#8221; custom_padding__hover=&#8221;|||&#8221;][et_pb_image src=&#8221;https:\/\/raed.academy\/wp-content\/uploads\/2019\/06\/programa-concert-cat-orquesta-RCA-80s-Symphonic-v2.jpg&#8221; show_in_lightbox=&#8221;on&#8221; use_overlay=&#8221;on&#8221; overlay_icon_color=&#8221;#6b5d38&#8243; align=&#8221;center&#8221; force_fullwidth=&#8221;on&#8221; align_tablet=&#8221;center&#8221; align_phone=&#8221;&#8221; align_last_edited=&#8221;on|desktop&#8221; _builder_version=&#8221;3.29.1&#8243; module_alignment=&#8221;center&#8221; custom_margin=&#8221;10px|||&#8221; custom_margin_tablet=&#8221;25px|||&#8221; custom_margin_phone=&#8221;&#8221; custom_margin_last_edited=&#8221;on|desktop&#8221; z_index_tablet=&#8221;500&#8243; border_radii=&#8221;on|4px|4px|4px|4px&#8221; locked=&#8221;off&#8221;]<br \/>\n[\/et_pb_image][\/et_pb_column][\/et_pb_row][et_pb_row _builder_version=&#8221;3.25&#8243; background_size=&#8221;initial&#8221; background_position=&#8221;top_left&#8221; background_repeat=&#8221;repeat&#8221; custom_padding=&#8221;0|0px|0|0px|false|false&#8221; locked=&#8221;off&#8221;][et_pb_column type=&#8221;4_4&#8243; _builder_version=&#8221;3.25&#8243; custom_padding=&#8221;|||&#8221; custom_padding__hover=&#8221;|||&#8221;][et_pb_text admin_label=&#8221;Texto &#8211; JULY 2019&#8243; _builder_version=&#8221;3.27.4&#8243; z_index_tablet=&#8221;500&#8243;]<\/p>\n<h2>JULY 2019<\/h2>\n<p>[\/et_pb_text][\/et_pb_column][\/et_pb_row][et_pb_row column_structure=&#8221;1_5,3_5,1_5&#8243; use_custom_gutter=&#8221;on&#8221; gutter_width=&#8221;1&#8243; make_equal=&#8221;on&#8221; module_id=&#8221;0107&#8243; module_class=&#8221;evento&#8221; _builder_version=&#8221;3.25&#8243; width=&#8221;100%&#8221; width_tablet=&#8221;&#8221; width_phone=&#8221;&#8221; width_last_edited=&#8221;on|desktop&#8221; max_width=&#8221;100%&#8221; max_width_tablet=&#8221;&#8221; max_width_phone=&#8221;&#8221; max_width_last_edited=&#8221;on|desktop&#8221; module_alignment=&#8221;center&#8221; z_index_tablet=&#8221;500&#8243; box_shadow_style=&#8221;preset3&#8243; box_shadow_horizontal=&#8221;10px&#8221; locked=&#8221;off&#8221;][et_pb_column type=&#8221;1_5&#8243; _builder_version=&#8221;3.25&#8243; custom_padding=&#8221;|||&#8221; custom_padding_tablet=&#8221;&#8221; custom_padding_phone=&#8221;&#8221; custom_padding_last_edited=&#8221;on|desktop&#8221; custom_padding__hover=&#8221;|||&#8221;][et_pb_code admin_label=&#8221;fecha 1\/07&#8243; module_class=&#8221;fecha-evento&#8221; _builder_version=&#8221;3.22.7&#8243; z_index_tablet=&#8221;500&#8243;]Jul<!-- [et_pb_line_break_holder] --><!-- [et_pb_line_break_holder] -->1[\/et_pb_code][\/et_pb_column][et_pb_column type=&#8221;3_5&#8243; _builder_version=&#8221;3.25&#8243; custom_padding=&#8221;|||&#8221; custom_padding__hover=&#8221;|||&#8221;][et_pb_text admin_label=&#8221;Ingreso Ignacio Buqueras y Bach&#8221; _builder_version=&#8221;4.0.6&#8243; z_index_tablet=&#8221;500&#8243;]<\/p>\n<h3>Admission as a Numerary Academician: <a href=\"https:\/\/raed.academy\/en\/academicians\/dr-ignacio-buqueras-bach\/\" target=\"_blank\" rel=\"noopener noreferrer\">Ignacio Buqueras y Bach<\/a><\/h3>\n<p><strong>Admission speech:<\/strong> <a href=\"https:\/\/raed.academy\/wp-content\/uploads\/2019\/07\/discurso-ingreso-RAED-Ignacio-Buqueras-Bach-compr.pdf\" target=\"_blank\" rel=\"noopener noreferrer\">El Patrimonio Mundial Cultural, Natural e Inmaterial de Espa\u00f1a<\/a><br \/><strong>Speech in reply:<\/strong> <a href=\"https:\/\/raed.academy\/en\/academicians\/dr-aldo-olcese-santonja\/\" target=\"_blank\" rel=\"noopener noreferrer\"><strong>Dr. Aldo Olcese Santonja<\/strong><\/a>, Doctor in Financial Economics<\/p>\n<p><strong>Venue:<\/strong> Assembly Hall of Work Promotion \u2013 Via Laietana, 32, Pral, Barcelona<br \/><strong>Event date:<\/strong> 01 Jul 2019 at 7:00 PM<\/p>\n<p>[\/et_pb_text][\/et_pb_column][et_pb_column type=&#8221;1_5&#8243; _builder_version=&#8221;3.25&#8243; custom_padding=&#8221;|||&#8221; custom_padding__hover=&#8221;|||&#8221;][et_pb_image src=&#8221;https:\/\/raed.academy\/wp-content\/uploads\/2019\/04\/Ignacio-Buqueras-1.jpg&#8221; show_in_lightbox=&#8221;on&#8221; use_overlay=&#8221;on&#8221; overlay_icon_color=&#8221;#6b5d38&#8243; align=&#8221;center&#8221; force_fullwidth=&#8221;on&#8221; align_tablet=&#8221;center&#8221; align_phone=&#8221;&#8221; align_last_edited=&#8221;on|desktop&#8221; admin_label=&#8221;Imagen&#8221; _builder_version=&#8221;3.23&#8243; module_alignment=&#8221;center&#8221; custom_margin=&#8221;10px|||&#8221; custom_margin_tablet=&#8221;25px|||&#8221; custom_margin_phone=&#8221;&#8221; custom_margin_last_edited=&#8221;on|desktop&#8221; z_index_tablet=&#8221;500&#8243; border_radii=&#8221;on|4px|4px|4px|4px&#8221; box_shadow_style=&#8221;preset2&#8243; box_shadow_horizontal=&#8221;12px&#8221; box_shadow_vertical=&#8221;12px&#8221; locked=&#8221;off&#8221;][\/et_pb_image][\/et_pb_column][\/et_pb_row][et_pb_row column_structure=&#8221;1_5,3_5,1_5&#8243; use_custom_gutter=&#8221;on&#8221; gutter_width=&#8221;1&#8243; make_equal=&#8221;on&#8221; module_id=&#8221;0807&#8243; module_class=&#8221;evento&#8221; _builder_version=&#8221;3.25&#8243; width=&#8221;100%&#8221; width_tablet=&#8221;&#8221; width_phone=&#8221;&#8221; width_last_edited=&#8221;on|desktop&#8221; max_width=&#8221;100%&#8221; max_width_tablet=&#8221;&#8221; max_width_phone=&#8221;&#8221; max_width_last_edited=&#8221;on|desktop&#8221; module_alignment=&#8221;center&#8221; z_index_tablet=&#8221;500&#8243; box_shadow_style=&#8221;preset3&#8243; box_shadow_horizontal=&#8221;10px&#8221; locked=&#8221;off&#8221;][et_pb_column type=&#8221;1_5&#8243; _builder_version=&#8221;3.25&#8243; custom_padding=&#8221;|||&#8221; custom_padding_tablet=&#8221;&#8221; custom_padding_phone=&#8221;&#8221; custom_padding_last_edited=&#8221;on|desktop&#8221; custom_padding__hover=&#8221;|||&#8221;][et_pb_code admin_label=&#8221;fecha 8\/07&#8243; module_class=&#8221;fecha-evento&#8221; _builder_version=&#8221;3.22.7&#8243; z_index_tablet=&#8221;500&#8243;]Jul<!-- [et_pb_line_break_holder] --><!-- [et_pb_line_break_holder] -->8[\/et_pb_code][\/et_pb_column][et_pb_column type=&#8221;3_5&#8243; _builder_version=&#8221;3.25&#8243; custom_padding=&#8221;|||&#8221; custom_padding_tablet=&#8221;&#8221; custom_padding_phone=&#8221;&#8221; custom_padding_last_edited=&#8221;on|phone&#8221; custom_padding__hover=&#8221;|||&#8221;][et_pb_text admin_label=&#8221;debate \u00abSostenibilidad, Transici\u00f3n Ecol\u00f3gica y el papel de las Empresas\u00bb&#8221; _builder_version=&#8221;3.27.4&#8243; z_index_tablet=&#8221;500&#8243;]<\/p>\n<h3>Debate \u00abSostenibilidad, Transici\u00f3n Ecol\u00f3gica y el papel de las Empresas\u00bb<\/h3>\n<p>They organize:<\/p>\n<ul>\n<li><strong>Royal European Academy of Doctors<\/strong><\/li>\n<li><strong>Royal Academy of Doctors of Spain<\/strong><\/li>\n<li><strong>Independent Foundation<\/strong><\/li>\n<\/ul>\n<h4>5:45 p.m. Opening<\/h4>\n<p><strong>Dr. Antonio Bascones<\/strong>. President of the Royal Academy of Doctors of Spain<br \/>\n<a href=\"https:\/\/raed.academy\/ca\/academics\/dr-alfredo-rocafort-nicolau\/\" target=\"_blank\" rel=\"noopener noreferrer\"><strong>Dr. Alfredo Rocafort<\/strong><\/a>. President of the Royal European Academy of Doctors<\/p>\n<h4>6:00 p.m. Table 1: \u00abTransici\u00f3n Ecol\u00f3gica y Empresas &#8211; Problemas y Retos\u00bb<\/h4>\n<p><strong>Mr. Javier L\u00f3pez Galiacho<\/strong>. Professor of Civil Law at the URJC. Director of Corporate Social Responsibility of FCC<br \/>\n<strong>Mr. Jaime de Jara\u00edz Lozano<\/strong>. President and CEO of LG Iberia<br \/>\n<strong>Mr. Pablo Bascones Ilunda\u00edn<\/strong>. Sustainability and Climate Change Partner of PwC<\/p>\n<p>Moderator: <strong>Dr. Cecilia Kindel\u00e1n<\/strong>. PhD in Communication and Member of the ICI of the RAED<\/p>\n<h4><strong>7:00 pm Table 2: <\/strong>\u00abSostenibilidad y RSC. El Caso de Gal\u00e1pagos\u00bb<\/h4>\n<p><strong>Dr. Carlos Montufar<\/strong>. Rector of the University of San Francisco de Quito<br \/>\n<strong>D. Crist\u00f3bal Roldan<\/strong>. Ambassador of Ecuador in Spain<br \/>\n<strong>Ms. Clara Nav\u00edo<\/strong>. Journalist Specializing in Sustainability<\/p>\n<p>Moderator: <a href=\"https:\/\/raed.academy\/ca\/academics\/dr-jose-ramon-calvo-fernandez\/\" target=\"_blank\" rel=\"noopener noreferrer\"><strong>Dr. Jos\u00e9 R. Calvo<\/strong><\/a>. Royal European Academy of Doctors<\/p>\n<h4>20: 00h Closing Paper \u00abPol\u00edtica Econ\u00f3mica y Transici\u00f3n Ecologica\u00bb<\/h4>\n<p><a href=\"https:\/\/raed.academy\/ca\/academics\/dr-aldo-olcese-santonja\/\" target=\"_blank\" rel=\"noopener noreferrer\"><strong>Dr. Aldo Olcese<\/strong><\/a>. Vice-president of the Royal European Academy of Doctors. Vice President of the Senate of the European Economy Spanish Chapter. Independent Foundation President<\/p>\n<p><strong>Place<\/strong>: Royal Academy of Doctors of Spain. Calle de San Bernardo, 49, Madrid<br \/>\n<strong>Date<\/strong>: Monday, July 8, 2019, at 5:45 p.m.<br \/>\n[\/et_pb_text][\/et_pb_column][et_pb_column type=&#8221;1_5&#8243; _builder_version=&#8221;3.25&#8243; custom_padding=&#8221;|||&#8221; custom_padding__hover=&#8221;|||&#8221;][et_pb_gallery gallery_ids=&#8221;75267,75270,75273,75276,75106,75109&#8243; posts_number=&#8221;1&#8243; show_title_and_caption=&#8221;off&#8221; show_pagination=&#8221;off&#8221; zoom_icon_color=&#8221;#6b5d38&#8243; _builder_version=&#8221;3.22.7&#8243; custom_margin=&#8221;10px|||&#8221; custom_margin_tablet=&#8221;25px|||&#8221; custom_margin_phone=&#8221;&#8221; custom_margin_last_edited=&#8221;on|desktop&#8221; z_index_tablet=&#8221;500&#8243; border_radii_image=&#8221;on|4px|4px|4px|4px&#8221; box_shadow_style_image=&#8221;preset2&#8243; locked=&#8221;off&#8221;][\/et_pb_gallery][\/et_pb_column][\/et_pb_row][et_pb_row column_structure=&#8221;1_5,3_5,1_5&#8243; use_custom_gutter=&#8221;on&#8221; gutter_width=&#8221;1&#8243; make_equal=&#8221;on&#8221; module_id=&#8221;1107&#8243; module_class=&#8221;evento&#8221; _builder_version=&#8221;3.25&#8243; width=&#8221;100%&#8221; width_tablet=&#8221;&#8221; width_phone=&#8221;&#8221; width_last_edited=&#8221;on|desktop&#8221; max_width=&#8221;100%&#8221; max_width_tablet=&#8221;&#8221; max_width_phone=&#8221;&#8221; max_width_last_edited=&#8221;on|desktop&#8221; module_alignment=&#8221;center&#8221; z_index_tablet=&#8221;500&#8243; box_shadow_style=&#8221;preset3&#8243; box_shadow_horizontal=&#8221;10px&#8221; locked=&#8221;off&#8221;][et_pb_column type=&#8221;1_5&#8243; _builder_version=&#8221;3.25&#8243; custom_padding=&#8221;|||&#8221; custom_padding_tablet=&#8221;&#8221; custom_padding_phone=&#8221;&#8221; custom_padding_last_edited=&#8221;on|desktop&#8221; custom_padding__hover=&#8221;|||&#8221;][et_pb_code admin_label=&#8221;fecha 11\/07&#8243; module_class=&#8221;fecha-evento&#8221; _builder_version=&#8221;3.22.7&#8243; z_index_tablet=&#8221;500&#8243;]Jul<!-- [et_pb_line_break_holder] --><!-- [et_pb_line_break_holder] -->11[\/et_pb_code][\/et_pb_column][et_pb_column type=&#8221;3_5&#8243; _builder_version=&#8221;3.25&#8243; custom_padding=&#8221;|||&#8221; custom_padding__hover=&#8221;|||&#8221;][et_pb_text admin_label=&#8221;Ingreso Alberto Antol\u00ed i M\u00e9ndez&#8221; _builder_version=&#8221;3.27.4&#8243; z_index_tablet=&#8221;500&#8243;]<\/p>\n<h3>Admission as a Corresponding Academician: <a href=\"https:\/\/raed.academy\/en\/academicians\/dr-alberto-antoli-mendez\/\" target=\"_blank\" rel=\"noopener noreferrer\">Alberto Antol\u00ed i M\u00e9ndez<\/a><\/h3>\n<p><strong>Admission speech: <\/strong><a href=\"https:\/\/raed.academy\/wp-content\/uploads\/2019\/07\/discurso-ingreso-RAED-Alberto-Antoli-Mendez-Del-milagro-de-Israel-compr.pdf\" target=\"_blank\" rel=\"noopener noreferrer\">Del Milagro De Israel a la Inversi\u00f3n Inmobiliaria en Espa\u00f1a<\/a><strong><br \/>\nSpeech in reply:<\/strong>\u00a0<a href=\"https:\/\/raed.academy\/en\/academicians\/dr-jose-daniel-barquero-cabrero\/\" target=\"_blank\" rel=\"noopener noreferrer\"><strong>Dr. Jos\u00e9 Daniel Barquero Cabrero<\/strong><\/a>, Doctor in Economic Sciences<\/p>\n<p><strong>Venue:<\/strong> Assembly Hall of Work Promotion \u2013 Via Laietana, 32, Pral, Barcelona<br \/>\n<strong>Event date:<\/strong> 11 Jul 2019 at 7:00 p.m.<br \/>\n[\/et_pb_text][\/et_pb_column][et_pb_column type=&#8221;1_5&#8243; _builder_version=&#8221;3.25&#8243; custom_padding=&#8221;|||&#8221; custom_padding__hover=&#8221;|||&#8221;][et_pb_image src=&#8221;https:\/\/raed.academy\/wp-content\/uploads\/2019\/07\/ingreso-RAED-Alberto-Antoli-Mendez-2.jpg&#8221; show_in_lightbox=&#8221;on&#8221; use_overlay=&#8221;on&#8221; overlay_icon_color=&#8221;#6b5d38&#8243; align=&#8221;center&#8221; force_fullwidth=&#8221;on&#8221; align_tablet=&#8221;center&#8221; align_phone=&#8221;&#8221; align_last_edited=&#8221;on|desktop&#8221; admin_label=&#8221;Imagen&#8221; _builder_version=&#8221;3.23&#8243; module_alignment=&#8221;center&#8221; custom_margin=&#8221;10px|||&#8221; custom_margin_tablet=&#8221;25px|||&#8221; custom_margin_phone=&#8221;&#8221; custom_margin_last_edited=&#8221;on|desktop&#8221; z_index_tablet=&#8221;500&#8243; border_radii=&#8221;on|4px|4px|4px|4px&#8221; box_shadow_style=&#8221;preset2&#8243; box_shadow_horizontal=&#8221;12px&#8221; box_shadow_vertical=&#8221;12px&#8221; locked=&#8221;off&#8221;][\/et_pb_image][\/et_pb_column][\/et_pb_row][et_pb_row column_structure=&#8221;1_5,3_5,1_5&#8243; use_custom_gutter=&#8221;on&#8221; gutter_width=&#8221;1&#8243; make_equal=&#8221;on&#8221; module_id=&#8221;1107&#8243; module_class=&#8221;evento&#8221; _builder_version=&#8221;3.25&#8243; width=&#8221;100%&#8221; width_tablet=&#8221;&#8221; width_phone=&#8221;&#8221; width_last_edited=&#8221;on|desktop&#8221; max_width=&#8221;100%&#8221; max_width_tablet=&#8221;&#8221; max_width_phone=&#8221;&#8221; max_width_last_edited=&#8221;on|desktop&#8221; module_alignment=&#8221;center&#8221; z_index_tablet=&#8221;500&#8243; box_shadow_style=&#8221;preset3&#8243; box_shadow_horizontal=&#8221;10px&#8221; locked=&#8221;off&#8221;][et_pb_column type=&#8221;1_5&#8243; _builder_version=&#8221;3.25&#8243; custom_padding=&#8221;|||&#8221; custom_padding_tablet=&#8221;&#8221; custom_padding_phone=&#8221;&#8221; custom_padding_last_edited=&#8221;on|desktop&#8221; custom_padding__hover=&#8221;|||&#8221;][et_pb_code admin_label=&#8221;fecha 16\/07&#8243; module_class=&#8221;fecha-evento&#8221; _builder_version=&#8221;3.22.7&#8243; z_index_tablet=&#8221;500&#8243;]Jul<!-- [et_pb_line_break_holder] --><!-- [et_pb_line_break_holder] -->16[\/et_pb_code][\/et_pb_column][et_pb_column type=&#8221;3_5&#8243; _builder_version=&#8221;3.25&#8243; custom_padding=&#8221;|||&#8221; custom_padding__hover=&#8221;|||&#8221;][et_pb_text admin_label=&#8221;Ingreso Jos\u00e9 Mar\u00eda Baldasano&#8221; _builder_version=&#8221;4.0.6&#8243; z_index_tablet=&#8221;500&#8243;]<\/p>\n<h3>Admission as a Numerary Academician: <a href=\"https:\/\/raed.academy\/en\/academicians\/dr-jose-maria-baldasano-recio\/\" target=\"_blank\" rel=\"noopener noreferrer\">Jos\u00e9 Mar\u00eda Baldasano Recio<\/a>, Dr in Chemistry<\/h3>\n<p><strong>Admission speech:<\/strong><a href=\"https:\/\/raed.academy\/wp-content\/uploads\/2019\/07\/discurso-ingreso-Jose-Maria-Baldasano-Actual-cambio-climatico-compr.pdf\" target=\"_blank\" rel=\"noopener noreferrer\"> El actual cambio clim\u00e1tico: una Visi\u00f3n Hol\u00edstica de la Crisis Clim\u00e1tica<\/a><strong><br \/>Speech in reply:<\/strong>\u00a0<a href=\"https:\/\/raed.academy\/en\/academicians\/dr-pedro-claros-blanch\/\" target=\"_blank\" rel=\"noopener noreferrer\"><strong>Dr. Jos\u00e9 Mar\u00eda De Gay Li\u00e9bana Saludas<\/strong><\/a>, Doctor in Economics and Law<\/p>\n<p><strong>Venue:<\/strong> Assembly Hall of Work Promotion \u2013 Via Laietana, 32, Pral, Barcelona<br \/><strong>Event date:<\/strong> 16 Jul 2019 at 7:00 PM<\/p>\n<p>&nbsp;<\/p>\n<p>[\/et_pb_text][\/et_pb_column][et_pb_column type=&#8221;1_5&#8243; _builder_version=&#8221;3.25&#8243; custom_padding=&#8221;|||&#8221; custom_padding__hover=&#8221;|||&#8221;][et_pb_image src=&#8221;https:\/\/raed.academy\/wp-content\/uploads\/2019\/07\/acto-ingreso-RAED-Jose-Maria-Baldasano-Recio-2.jpg&#8221; show_in_lightbox=&#8221;on&#8221; use_overlay=&#8221;on&#8221; overlay_icon_color=&#8221;#6b5d38&#8243; align=&#8221;center&#8221; force_fullwidth=&#8221;on&#8221; align_tablet=&#8221;center&#8221; align_phone=&#8221;&#8221; align_last_edited=&#8221;on|desktop&#8221; admin_label=&#8221;Imagen&#8221; _builder_version=&#8221;3.23&#8243; module_alignment=&#8221;center&#8221; custom_margin=&#8221;10px|||&#8221; custom_margin_tablet=&#8221;25px|||&#8221; custom_margin_phone=&#8221;&#8221; custom_margin_last_edited=&#8221;on|desktop&#8221; z_index_tablet=&#8221;500&#8243; border_radii=&#8221;on|4px|4px|4px|4px&#8221; box_shadow_style=&#8221;preset2&#8243; box_shadow_horizontal=&#8221;12px&#8221; box_shadow_vertical=&#8221;12px&#8221; locked=&#8221;off&#8221;][\/et_pb_image][\/et_pb_column][\/et_pb_row][et_pb_row column_structure=&#8221;1_5,3_5,1_5&#8243; use_custom_gutter=&#8221;on&#8221; gutter_width=&#8221;1&#8243; make_equal=&#8221;on&#8221; module_id=&#8221;1107&#8243; module_class=&#8221;evento&#8221; _builder_version=&#8221;3.25&#8243; width=&#8221;100%&#8221; width_tablet=&#8221;&#8221; width_phone=&#8221;&#8221; width_last_edited=&#8221;on|desktop&#8221; max_width=&#8221;100%&#8221; max_width_tablet=&#8221;&#8221; max_width_phone=&#8221;&#8221; max_width_last_edited=&#8221;on|desktop&#8221; module_alignment=&#8221;center&#8221; z_index_tablet=&#8221;500&#8243; box_shadow_style=&#8221;preset3&#8243; box_shadow_horizontal=&#8221;10px&#8221; locked=&#8221;off&#8221;][et_pb_column type=&#8221;1_5&#8243; _builder_version=&#8221;3.25&#8243; custom_padding=&#8221;|||&#8221; custom_padding_tablet=&#8221;&#8221; custom_padding_phone=&#8221;&#8221; custom_padding_last_edited=&#8221;on|desktop&#8221; custom_padding__hover=&#8221;|||&#8221;][et_pb_code admin_label=&#8221;fecha 22\/07&#8243; module_class=&#8221;fecha-evento&#8221; _builder_version=&#8221;3.22.7&#8243; z_index_tablet=&#8221;500&#8243;]Jul<!\u2013- [et_pb_br_holder] -\u2013><!-- [et_pb_line_break_holder] -->22[\/et_pb_code][\/et_pb_column][et_pb_column type=&#8221;3_5&#8243; _builder_version=&#8221;3.25&#8243; custom_padding=&#8221;|||&#8221; custom_padding__hover=&#8221;|||&#8221;][et_pb_text admin_label=&#8221;Consolatio in homage: Dr. Antonio Concell\u00f3n Mart\u00ednez&#8221; _builder_version=&#8221;3.27.4&#8243; z_index_tablet=&#8221;500&#8243;]<\/p>\n<h3>Consolatio in homage: Dr. Antonio Concell\u00f3n Mart\u00ednez<\/h3>\n<p><strong>Presentation of the Act<\/strong>: <a href=\"https:\/\/raed.academy\/en\/academicians\/dr-maria-dels-angels-calvo-torras\/\" target=\"_blank\" rel=\"noopener noreferrer\">Dr. Mar\u00eda de los \u00c1ngeles Calvo Torras<\/a><br \/><strong>Intervention<\/strong>: <a href=\"https:\/\/raed.academy\/en\/academicians\/dr-pere-costa-batllori\/\" target=\"_blank\" rel=\"noopener noreferrer\">Dr. Pere Costa Batllori<\/a><\/p>\n<p><strong>Place<\/strong>: Hall of acts of the Official College of Veterinarians of Barcelona- Av. Rep\u00fablica Argentina, 25, Barcelona<br \/><strong>Date<\/strong>: 22.07.2019 at 7 p.m.<\/p>\n<p>[\/et_pb_text][\/et_pb_column][et_pb_column type=&#8221;1_5&#8243; _builder_version=&#8221;3.25&#8243; custom_padding=&#8221;|||&#8221; custom_padding__hover=&#8221;|||&#8221;][\/et_pb_column][\/et_pb_row][et_pb_row _builder_version=&#8221;3.25&#8243; background_size=&#8221;initial&#8221; background_position=&#8221;top_left&#8221; background_repeat=&#8221;repeat&#8221; custom_padding=&#8221;0|0px|0|0px|false|false&#8221; locked=&#8221;off&#8221;][et_pb_column type=&#8221;4_4&#8243; _builder_version=&#8221;3.25&#8243; custom_padding=&#8221;|||&#8221; custom_padding__hover=&#8221;|||&#8221;][et_pb_text admin_label=&#8221;Texto &#8211; SEPTEMBER 2019&#8243; _builder_version=&#8221;3.29.1&#8243; z_index_tablet=&#8221;500&#8243;]<\/p>\n<h2>SEPTEMBER 2019<\/h2>\n<p>[\/et_pb_text][\/et_pb_column][\/et_pb_row][et_pb_row column_structure=&#8221;1_5,3_5,1_5&#8243; use_custom_gutter=&#8221;on&#8221; gutter_width=&#8221;1&#8243; make_equal=&#8221;on&#8221; module_id=&#8221;1809&#8243; module_class=&#8221;evento&#8221; _builder_version=&#8221;3.27.4&#8243; width=&#8221;100%&#8221; width_tablet=&#8221;&#8221; width_phone=&#8221;&#8221; width_last_edited=&#8221;on|desktop&#8221; max_width=&#8221;100%&#8221; max_width_tablet=&#8221;&#8221; max_width_phone=&#8221;&#8221; max_width_last_edited=&#8221;on|desktop&#8221; module_alignment=&#8221;center&#8221; z_index_tablet=&#8221;500&#8243; box_shadow_style=&#8221;preset3&#8243; box_shadow_horizontal=&#8221;10px&#8221; locked=&#8221;off&#8221;][et_pb_column type=&#8221;1_5&#8243; _builder_version=&#8221;3.25&#8243; custom_padding=&#8221;|||&#8221; custom_padding_tablet=&#8221;&#8221; custom_padding_phone=&#8221;&#8221; custom_padding_last_edited=&#8221;on|desktop&#8221; custom_padding__hover=&#8221;|||&#8221;][et_pb_code admin_label=&#8221;fecha 18\/09&#8243; module_class=&#8221;fecha-evento&#8221; _builder_version=&#8221;3.22.7&#8243; z_index_tablet=&#8221;500&#8243;]Sep<!\u2013- [et_pb_br_holder] -\u2013><!-- [et_pb_line_break_holder] -->18[\/et_pb_code][\/et_pb_column][et_pb_column type=&#8221;3_5&#8243; _builder_version=&#8221;3.25&#8243; custom_padding=&#8221;|||&#8221; custom_padding_tablet=&#8221;&#8221; custom_padding_phone=&#8221;&#8221; custom_padding_last_edited=&#8221;on|desktop&#8221; custom_padding__hover=&#8221;|||&#8221;][et_pb_text admin_label=&#8221;Ingreso como Acad\u00e9mico Numerario: August Corominas&#8221; _builder_version=&#8221;4.0.6&#8243; z_index_tablet=&#8221;500&#8243;]<\/p>\n<h3>Admission as a Numerary Academician: <a href=\"https:\/\/raed.academy\/en\/academicians\/dr-august-corominas-vilardell\/\" target=\"_blank\" rel=\"noopener noreferrer\">August Corominas<\/a>, Doctor of Medicine and Surgery, Professor of Human Physiology of the Universities of Murcia and UAB<\/h3>\n<p><strong>Admission speech<\/strong>: <a href=\"https:\/\/raed.academy\/en\/looking-for-the-elixir-of-eternal-youth\/\" target=\"_blank\" rel=\"noopener noreferrer\">\u201cGen\u00e9tica Molecular y Biocronogerontolog\u00eda en la era Postgen\u00f3mica. Sirtuinas. Anti-Aging. Klotho \u00bfSon las Sirtuinas el buscado \u00abElixir de Juventud\u00bb? El Filum Gal\u00e9nico de la Familia Corominas (200 a\u00f1os)&#8221;<\/a><br \/><strong>Speech in reply<\/strong>: <strong><a href=\"https:\/\/raed.academy\/en\/academicians\/dr-pedro-claros-blanch\/\" target=\"_blank\" rel=\"noopener noreferrer\">Dr. Pedro Clar\u00f3s Blanch<\/a><\/strong>, Doctor in Medicine and Surgery, Doctor in Pharmacy, Doctor in Basic and Applied Neuroscience<\/p>\n<p><strong>Venue<\/strong>: Fomento del Trabajo Conference Room &#8211; Via Laietana, 32, Pral, Barcelona<br \/><strong>Date<\/strong>: 18.09.2019 at 7:30 p.m.<\/p>\n<p>[\/et_pb_text][\/et_pb_column][et_pb_column type=&#8221;1_5&#8243; _builder_version=&#8221;3.25&#8243; custom_padding=&#8221;|||&#8221; custom_padding__hover=&#8221;|||&#8221;][et_pb_image src=&#8221;https:\/\/raed.academy\/wp-content\/uploads\/2019\/09\/ingreso-RAED-August-Corominas-Vilardell-1.jpg&#8221; show_in_lightbox=&#8221;on&#8221; use_overlay=&#8221;on&#8221; overlay_icon_color=&#8221;#6b5d38&#8243; align=&#8221;center&#8221; force_fullwidth=&#8221;on&#8221; align_tablet=&#8221;center&#8221; align_phone=&#8221;&#8221; align_last_edited=&#8221;on|desktop&#8221; admin_label=&#8221;Imagen&#8221; _builder_version=&#8221;3.29.1&#8243; module_alignment=&#8221;center&#8221; custom_margin=&#8221;10px|||&#8221; custom_margin_tablet=&#8221;25px|||&#8221; custom_margin_phone=&#8221;&#8221; custom_margin_last_edited=&#8221;on|desktop&#8221; z_index_tablet=&#8221;500&#8243; border_radii=&#8221;on|4px|4px|4px|4px&#8221; box_shadow_style=&#8221;preset2&#8243; box_shadow_horizontal=&#8221;12px&#8221; box_shadow_vertical=&#8221;12px&#8221; locked=&#8221;off&#8221;][\/et_pb_image][\/et_pb_column][\/et_pb_row][et_pb_row column_structure=&#8221;1_5,3_5,1_5&#8243; use_custom_gutter=&#8221;on&#8221; gutter_width=&#8221;1&#8243; make_equal=&#8221;on&#8221; module_id=&#8221;2209&#8243; module_class=&#8221;evento&#8221; _builder_version=&#8221;3.27.4&#8243; width=&#8221;100%&#8221; width_tablet=&#8221;&#8221; width_phone=&#8221;&#8221; width_last_edited=&#8221;on|desktop&#8221; max_width=&#8221;100%&#8221; max_width_tablet=&#8221;&#8221; max_width_phone=&#8221;&#8221; max_width_last_edited=&#8221;on|desktop&#8221; module_alignment=&#8221;center&#8221; z_index_tablet=&#8221;500&#8243; box_shadow_style=&#8221;preset3&#8243; box_shadow_horizontal=&#8221;10px&#8221; locked=&#8221;off&#8221;][et_pb_column type=&#8221;1_5&#8243; _builder_version=&#8221;3.25&#8243; custom_padding=&#8221;|||&#8221; custom_padding_tablet=&#8221;&#8221; custom_padding_phone=&#8221;&#8221; custom_padding_last_edited=&#8221;on|desktop&#8221; custom_padding__hover=&#8221;|||&#8221;][et_pb_code admin_label=&#8221;fecha 22-25\/09&#8243; module_class=&#8221;fecha-evento&#8221; _builder_version=&#8221;3.22.7&#8243; z_index_tablet=&#8221;500&#8243;]Sep<!\u2013- [et_pb_br_holder] -\u2013><!-- [et_pb_line_break_holder] -->22[\/et_pb_code][\/et_pb_column][et_pb_column type=&#8221;3_5&#8243; _builder_version=&#8221;3.25&#8243; custom_padding=&#8221;|||&#8221; custom_padding__hover=&#8221;|||&#8221;][et_pb_text admin_label=&#8221;V International Act The Europe of citizens versus the Europe of states&#8221; _builder_version=&#8221;3.27.4&#8243; z_index_tablet=&#8221;500&#8243;]<\/p>\n<h3><strong>V International Act &#8220;The Europe of citizens versus the Europe of states&#8221;<\/strong><\/h3>\n<p>This international congress will be held from September 22 to 25 in Budapest, in collaboration with the SECHENY University of GYOR and the Central Bank of Hungary. In addition to the main theme, other multidisciplinary aspects will be tackled with the participation of national and international academics from Hungary. maximum relief.<\/p>\n<p><strong>Place<\/strong>: Budapest<br \/><strong>Date<\/strong>: 22 to 25.09.2019<\/p>\n<p>[\/et_pb_text][et_pb_code _builder_version=&#8221;4.8.2&#8243; z_index_tablet=&#8221;500&#8243; locked=&#8221;off&#8221;]<a href=\"https:\/\/raed.academy\/wp-content\/uploads\/2021\/02\/programa-del-V-Congreso-Internacional-RAED-en-Budapest-Hungria.26.09.19.pdf\" target=\"_blank\" class=\"et_pb_button\" rel=\"noopener noreferrer\">Program<\/a><!-- [et_pb_line_break_holder] --><!-- [et_pb_line_break_holder] --><a href=\"https:\/\/raed.academy\/wp-content\/uploads\/2021\/02\/programa-del-V-Congreso-Internacional-RAED-en-Budapest-Hungria.26.09.19.pdf\" download=\"\"><span class=\"fas fa-cloud-download-alt\"><\/span> DOWNLOAD<\/a>[\/et_pb_code][\/et_pb_column][et_pb_column type=&#8221;1_5&#8243; _builder_version=&#8221;3.25&#8243; custom_padding=&#8221;|||&#8221; custom_padding__hover=&#8221;|||&#8221;][et_pb_gallery gallery_ids=&#8221;79609,79663,79627&#8243; posts_number=&#8221;2&#8243; show_title_and_caption=&#8221;off&#8221; show_pagination=&#8221;off&#8221; zoom_icon_color=&#8221;#6b5d38&#8243; _builder_version=&#8221;3.29.1&#8243; custom_margin=&#8221;10px|||&#8221; custom_margin_tablet=&#8221;25px|||&#8221; custom_margin_phone=&#8221;&#8221; custom_margin_last_edited=&#8221;on|desktop&#8221; z_index_tablet=&#8221;500&#8243; border_radii_image=&#8221;on|4px|4px|4px|4px&#8221; box_shadow_style_image=&#8221;preset2&#8243; locked=&#8221;off&#8221;][\/et_pb_gallery][\/et_pb_column][\/et_pb_row][et_pb_row column_structure=&#8221;1_5,3_5,1_5&#8243; use_custom_gutter=&#8221;on&#8221; gutter_width=&#8221;1&#8243; make_equal=&#8221;on&#8221; module_id=&#8221;0310&#8243; module_class=&#8221;evento&#8221; _builder_version=&#8221;3.29.1&#8243; width=&#8221;100%&#8221; width_tablet=&#8221;&#8221; width_phone=&#8221;&#8221; width_last_edited=&#8221;on|desktop&#8221; max_width=&#8221;100%&#8221; max_width_tablet=&#8221;&#8221; max_width_phone=&#8221;&#8221; max_width_last_edited=&#8221;on|desktop&#8221; module_alignment=&#8221;center&#8221; z_index_tablet=&#8221;500&#8243; box_shadow_style=&#8221;preset3&#8243; box_shadow_horizontal=&#8221;10px&#8221; locked=&#8221;off&#8221;][et_pb_column type=&#8221;1_5&#8243; _builder_version=&#8221;3.25&#8243; custom_padding=&#8221;|||&#8221; custom_padding_tablet=&#8221;&#8221; custom_padding_phone=&#8221;&#8221; custom_padding_last_edited=&#8221;on|desktop&#8221; custom_padding__hover=&#8221;|||&#8221;][et_pb_code admin_label=&#8221;fecha 3\/10&#8243; module_class=&#8221;fecha-evento&#8221; _builder_version=&#8221;3.27.4&#8243; z_index_tablet=&#8221;500&#8243;]Oct<!\u2013- [et_pb_br_holder] -\u2013><!-- [et_pb_line_break_holder] -->3[\/et_pb_code][\/et_pb_column][et_pb_column type=&#8221;3_5&#8243; _builder_version=&#8221;3.25&#8243; custom_padding=&#8221;|||&#8221; custom_padding_tablet=&#8221;&#8221; custom_padding_phone=&#8221;&#8221; custom_padding_last_edited=&#8221;on|desktop&#8221; custom_padding__hover=&#8221;|||&#8221;][et_pb_text admin_label=&#8221;Ingreso Pedro Nueno Iniesta&#8221; _builder_version=&#8221;4.0.6&#8243; z_index_tablet=&#8221;500&#8243;]<\/p>\n<h3>Admission as a Numerary Academician: <a href=\"https:\/\/raed.academy\/en\/academicians\/dr-pedro-nueno-iniesta\/\" target=\"_blank\" rel=\"noopener noreferrer\">Pedro Nueno Iniesta<\/a>, Doctor in Business Management by Harvard University<\/h3>\n<p><strong>Admission speech:<\/strong> \u00a0\u201cIntraemprendiendo. Emprender dentro de la empresa\u201d<br \/><strong>Speech in reply:<\/strong> <strong><a href=\"https:\/\/raed.academy\/en\/academicians\/dr-jose-ramon-calvo-fernandez\/\" target=\"_blank\" rel=\"noopener noreferrer\">Jos\u00e9 Ram\u00f3n Calvo Fern\u00e1ndez<\/a><\/strong>, Doctor in Medicine and Surgery<\/p>\n<p><strong>Venue:<\/strong> Assembly Hall of Catalan Labour National Work Development \u2013 Via Laietana, 32, Pral, Barcelona<br \/><strong>Event date: <\/strong>3 Oct 2019<br \/><strong>Event time: <\/strong>7:30 p.m.<\/p>\n<p>[\/et_pb_text][\/et_pb_column][et_pb_column type=&#8221;1_5&#8243; _builder_version=&#8221;3.25&#8243; custom_padding=&#8221;|||&#8221; custom_padding__hover=&#8221;|||&#8221;][et_pb_image src=&#8221;https:\/\/raed.academy\/wp-content\/uploads\/2019\/10\/acto-ingreso-RAED-Pedro-Nueno-Iniesta-1.jpg&#8221; show_in_lightbox=&#8221;on&#8221; use_overlay=&#8221;on&#8221; overlay_icon_color=&#8221;#6b5d38&#8243; align=&#8221;center&#8221; force_fullwidth=&#8221;on&#8221; align_tablet=&#8221;center&#8221; align_phone=&#8221;&#8221; align_last_edited=&#8221;on|desktop&#8221; admin_label=&#8221;Imagen&#8221; _builder_version=&#8221;3.29.1&#8243; module_alignment=&#8221;center&#8221; custom_margin=&#8221;10px|||&#8221; custom_margin_tablet=&#8221;25px|||&#8221; custom_margin_phone=&#8221;&#8221; custom_margin_last_edited=&#8221;on|desktop&#8221; z_index_tablet=&#8221;500&#8243; border_radii=&#8221;on|4px|4px|4px|4px&#8221; box_shadow_style=&#8221;preset2&#8243; box_shadow_horizontal=&#8221;12px&#8221; box_shadow_vertical=&#8221;12px&#8221; locked=&#8221;off&#8221;][\/et_pb_image][\/et_pb_column][\/et_pb_row][et_pb_row column_structure=&#8221;1_5,3_5,1_5&#8243; use_custom_gutter=&#8221;on&#8221; gutter_width=&#8221;1&#8243; make_equal=&#8221;on&#8221; module_id=&#8221;1510&#8243; module_class=&#8221;evento&#8221; _builder_version=&#8221;3.29.1&#8243; width=&#8221;100%&#8221; width_tablet=&#8221;&#8221; width_phone=&#8221;&#8221; width_last_edited=&#8221;on|desktop&#8221; max_width=&#8221;100%&#8221; max_width_tablet=&#8221;&#8221; max_width_phone=&#8221;&#8221; max_width_last_edited=&#8221;on|desktop&#8221; module_alignment=&#8221;center&#8221; z_index_tablet=&#8221;500&#8243; box_shadow_style=&#8221;preset3&#8243; box_shadow_horizontal=&#8221;10px&#8221; locked=&#8221;off&#8221;][et_pb_column type=&#8221;1_5&#8243; _builder_version=&#8221;3.25&#8243; custom_padding=&#8221;|||&#8221; custom_padding_tablet=&#8221;&#8221; custom_padding_phone=&#8221;&#8221; custom_padding_last_edited=&#8221;on|desktop&#8221; custom_padding__hover=&#8221;|||&#8221;][et_pb_code admin_label=&#8221;fecha 15\/10&#8243; module_id=&#8221;1510&#8243; module_class=&#8221;fecha-evento&#8221; _builder_version=&#8221;3.29.1&#8243; z_index_tablet=&#8221;500&#8243;]Oct<!\u2013- [et_pb_br_holder] -\u2013><!-- [et_pb_line_break_holder] -->15[\/et_pb_code][\/et_pb_column][et_pb_column type=&#8221;3_5&#8243; _builder_version=&#8221;3.25&#8243; custom_padding=&#8221;|||&#8221; custom_padding_tablet=&#8221;&#8221; custom_padding_phone=&#8221;&#8221; custom_padding_last_edited=&#8221;on|desktop&#8221; custom_padding__hover=&#8221;|||&#8221;][et_pb_text admin_label=&#8221;Presentaci\u00f3n libro %22Catalu\u00f1a en Madrid%22&#8243; _builder_version=&#8221;4.0.2&#8243; z_index_tablet=&#8221;500&#8243;]<\/p>\n<h3>Presentation of the book <em><u>&#8220;Catalu\u00f1a en Madrid. Una visi\u00f3n de Catalu\u00f1a desde Madrid&#8221;<\/u><\/em> by <a href=\"https:\/\/raed.academy\/academicos\/dr-ignacio-buqueras-bach\/\" target=\"_blank\" rel=\"noopener noreferrer\">Dr. Ignacio Buqueras y Bach<\/a><\/h3>\n<p>A vision of Catalonia from Madrid, Ignacio Buqueras and Bach, his author, contributes his experiences, experiences and reflections for 40 years. In these eight years he has exercised, during four years, the presidency of the Cercle Catal\u00e0 de Madrid -1980 \/ 1984-; publishes a widely read Sunday column for ABC -1983 \/ 1988- on the presence of Catalonia in Madrid; with the aforementioned title he published a book on the history of the &#8220;ancestral home&#8221; of the Catalans in Madrid; His admiration for Josep Pla, the great Catalan writer, caused him to publish an interesting biography in 1985; and the very serious and difficult political situation that Spain lives, especially Catalonia, made the excellent Camb\u00f3 who wrote and published in 1987, with the desire that the Spaniards knew one of the most attractive personalities of the 20th century and extraordinary referent, was republished again last year, in 2018.<\/p>\n<p><strong>They will intervene:<\/strong><\/p>\n<ul>\n<li><strong>Dr. Jos\u00e9 Manuel Almuzara<\/strong>, Architect. President of the Pro Beatification Association of Antonio Gaud\u00ed.<\/li>\n<li><a href=\"https:\/\/raed.academy\/en\/academicians\/dr-xabier-anoveros-trias-de-bes\/\" target=\"_blank\" rel=\"noopener noreferrer\"><strong>Dr. Xavier A\u00f1overos<\/strong><\/a>, Vice President of the Royal European Academy of Doctors and the Equestrian Circle.<\/li>\n<li><a href=\"https:\/\/raed.academy\/en\/academicians\/dr-ignacio-buqueras-bach\/\" target=\"_blank\" rel=\"noopener noreferrer\"><strong>Dr. Ignacio Buqueras and Bach<\/strong><\/a>. Academic of the Royal European Academy of Doctors and President of the Association for the Diffusion and Promotion of World Heritage of Spain.<\/li>\n<\/ul>\n<p><strong>Venue:<\/strong> Assembly Hall of Catalan Labour National Work Development \u2013 Via Laietana, 32, Pral, Barcelona<br \/><strong>Event date<\/strong>: 15 oct 2019<br \/><strong>Event\u00a0time<\/strong>: 7:00 p.m.<\/p>\n<p>[\/et_pb_text][\/et_pb_column][et_pb_column type=&#8221;1_5&#8243; _builder_version=&#8221;3.25&#8243; custom_padding=&#8221;|||&#8221; custom_padding__hover=&#8221;|||&#8221;][et_pb_image src=&#8221;https:\/\/raed.academy\/wp-content\/uploads\/2019\/09\/Catalu\u00f1a-en-Madrid-portada-libro-Ignacio-Buqueras.jpg&#8221; _builder_version=&#8221;4.3.4&#8243; locked=&#8221;off&#8221;][\/et_pb_image][\/et_pb_column][\/et_pb_row][et_pb_row column_structure=&#8221;1_5,3_5,1_5&#8243; use_custom_gutter=&#8221;on&#8221; gutter_width=&#8221;1&#8243; make_equal=&#8221;on&#8221; admin_label=&#8221;Row&#8221; module_id=&#8221;2410&#8243; module_class=&#8221;evento&#8221; _builder_version=&#8221;3.29.1&#8243; width=&#8221;100%&#8221; width_tablet=&#8221;&#8221; width_phone=&#8221;&#8221; width_last_edited=&#8221;on|desktop&#8221; max_width=&#8221;100%&#8221; max_width_tablet=&#8221;&#8221; max_width_phone=&#8221;&#8221; max_width_last_edited=&#8221;on|desktop&#8221; module_alignment=&#8221;center&#8221; z_index_tablet=&#8221;500&#8243; box_shadow_style=&#8221;preset3&#8243; box_shadow_horizontal=&#8221;10px&#8221; locked=&#8221;off&#8221;][et_pb_column type=&#8221;1_5&#8243; _builder_version=&#8221;3.25&#8243; custom_padding=&#8221;|||&#8221; custom_padding_tablet=&#8221;&#8221; custom_padding_phone=&#8221;&#8221; custom_padding_last_edited=&#8221;on|desktop&#8221; custom_padding__hover=&#8221;|||&#8221;][et_pb_code admin_label=&#8221;fecha 24\/10&#8243; module_class=&#8221;fecha-evento&#8221; _builder_version=&#8221;3.29.1&#8243; z_index_tablet=&#8221;500&#8243;]Oct<!\u2013- [et_pb_br_holder] -\u2013><!-- [et_pb_line_break_holder] -->24[\/et_pb_code][\/et_pb_column][et_pb_column type=&#8221;3_5&#8243; _builder_version=&#8221;3.25&#8243; custom_padding=&#8221;|||&#8221; custom_padding_tablet=&#8221;&#8221; custom_padding_phone=&#8221;&#8221; custom_padding_last_edited=&#8221;on|desktop&#8221; custom_padding__hover=&#8221;|||&#8221;][et_pb_text admin_label=&#8221;Ingreso Gregorio Varela-Moreiras&#8221; _builder_version=&#8221;4.0.6&#8243; z_index_tablet=&#8221;500&#8243;]<\/p>\n<h3>Admission as a Numerary Academician: <a href=\"https:\/\/raed.academy\/en\/academicians\/dr-gregorio-varela-moreiras\/\" target=\"_blank\" rel=\"noopener noreferrer\">Gregorio Varela-Moreiras<\/a>, Doctor in Pharmacy<\/h3>\n<p><strong>Entry speech: <\/strong><a href=\"https:\/\/raed.academy\/en\/dietary-evolution-and-revolution\/\" target=\"_blank\" rel=\"noopener noreferrer\">&#8220;Evolution and revolution in scientific knowledge of dietary intake in Spain&#8221;<\/a><strong><br \/>Speech in reply: <a href=\"https:\/\/raed.academy\/academicos\/dr-javier-aranceta-bartrina\/\" target=\"_blank\" rel=\"noopener noreferrer\">Javier Arranceta Bartrina<\/a><\/strong><br \/><strong>Venue:<\/strong> Assembly Hall of Catalan Labour National Work Development \u2013 Via Laietana, 32, Pral, Barcelona<br \/><strong>Event date:<\/strong> 24.10.2019<br \/><strong>Event Time:<\/strong> 7:00 p.m<\/p>\n<p>[\/et_pb_text][\/et_pb_column][et_pb_column type=&#8221;1_5&#8243; _builder_version=&#8221;3.25&#8243; custom_padding=&#8221;|||&#8221; custom_padding__hover=&#8221;|||&#8221;][et_pb_image src=&#8221;https:\/\/raed.academy\/wp-content\/uploads\/2019\/10\/acto-ingreso-RAED-Gregorio-Varela-Moreiras-1.jpg&#8221; _builder_version=&#8221;4.3.4&#8243; locked=&#8221;off&#8221;][\/et_pb_image][\/et_pb_column][\/et_pb_row][et_pb_row column_structure=&#8221;1_5,3_5,1_5&#8243; use_custom_gutter=&#8221;on&#8221; gutter_width=&#8221;1&#8243; make_equal=&#8221;on&#8221; module_id=&#8221;2810&#8243; module_class=&#8221;evento&#8221; _builder_version=&#8221;3.29.1&#8243; width=&#8221;100%&#8221; width_tablet=&#8221;&#8221; width_phone=&#8221;&#8221; width_last_edited=&#8221;on|desktop&#8221; max_width=&#8221;100%&#8221; max_width_tablet=&#8221;&#8221; max_width_phone=&#8221;&#8221; max_width_last_edited=&#8221;on|desktop&#8221; module_alignment=&#8221;center&#8221; z_index_tablet=&#8221;500&#8243; box_shadow_style=&#8221;preset3&#8243; box_shadow_horizontal=&#8221;10px&#8221; locked=&#8221;off&#8221;][et_pb_column type=&#8221;1_5&#8243; _builder_version=&#8221;3.25&#8243; custom_padding=&#8221;|||&#8221; custom_padding_tablet=&#8221;&#8221; custom_padding_phone=&#8221;&#8221; custom_padding_last_edited=&#8221;on|desktop&#8221; custom_padding__hover=&#8221;|||&#8221;][et_pb_code admin_label=&#8221;fecha 28\/10&#8243; module_class=&#8221;fecha-evento&#8221; _builder_version=&#8221;3.29.1&#8243; z_index_tablet=&#8221;500&#8243;]Oct<!\u2013- [et_pb_br_holder] -\u2013><!-- [et_pb_line_break_holder] -->28[\/et_pb_code][\/et_pb_column][et_pb_column type=&#8221;3_5&#8243; _builder_version=&#8221;3.25&#8243; custom_padding=&#8221;|||&#8221; custom_padding_tablet=&#8221;&#8221; custom_padding_phone=&#8221;&#8221; custom_padding_last_edited=&#8221;on|desktop&#8221; custom_padding__hover=&#8221;|||&#8221;][et_pb_text admin_label=&#8221;Ingreso Emilio Gil Moya&#8221; _builder_version=&#8221;4.0.6&#8243; z_index_tablet=&#8221;500&#8243;]<\/p>\n<h3>Admission as a Numerary Academician: <a href=\"https:\/\/raed.academy\/en\/academicians\/dr-emilio-gil-moya\/\" target=\"_blank\" rel=\"noopener noreferrer\">Emilio Gil Moya<\/a>, Doctor of Agronomic Engineering.<\/h3>\n<p><strong>Entry Speech: <\/strong>&#8220;D\u00edas de campo&#8221;<strong><br \/>Speech in reply: <a href=\"https:\/\/raed.academy\/en\/academicians\/dr-javier-gil-mur\/\" target=\"_blank\" rel=\"noopener noreferrer\">Dr. Javier Gil Mur<\/a><br \/>Venue:<\/strong> Assembly Hall of Catalan Labour National Work Development \u2013 Via Laietana, 32, Pral, Barcelona<br \/><strong>Event date:<\/strong> 28.10.2019<br \/><strong>Event time: <\/strong>7:30 p.m<\/p>\n<p>[\/et_pb_text][\/et_pb_column][et_pb_column type=&#8221;1_5&#8243; _builder_version=&#8221;3.25&#8243; custom_padding=&#8221;|||&#8221; custom_padding__hover=&#8221;|||&#8221;][et_pb_image src=&#8221;https:\/\/raed.academy\/wp-content\/uploads\/2019\/10\/acto-ingreso-RAED-Emilio-Gil-Moya-2.jpg&#8221; _builder_version=&#8221;4.3.4&#8243; locked=&#8221;off&#8221;][\/et_pb_image][\/et_pb_column][\/et_pb_row][et_pb_row _builder_version=&#8221;3.29.1&#8243; background_size=&#8221;initial&#8221; background_position=&#8221;top_left&#8221; background_repeat=&#8221;repeat&#8221; custom_padding=&#8221;0|0px|0|0px|false|false&#8221; locked=&#8221;off&#8221;][et_pb_column type=&#8221;4_4&#8243; _builder_version=&#8221;3.25&#8243; custom_padding=&#8221;|||&#8221; custom_padding__hover=&#8221;|||&#8221;][et_pb_text admin_label=&#8221;Texto &#8211; NOVEMBRE 2019&#8243; _builder_version=&#8221;3.29.1&#8243; z_index_tablet=&#8221;500&#8243;]<\/p>\n<h2>NOVEMBER 2019<\/h2>\n<p>[\/et_pb_text][\/et_pb_column][\/et_pb_row][et_pb_row column_structure=&#8221;1_5,3_5,1_5&#8243; use_custom_gutter=&#8221;on&#8221; gutter_width=&#8221;1&#8243; make_equal=&#8221;on&#8221; module_id=&#8221;1510&#8243; module_class=&#8221;evento&#8221; _builder_version=&#8221;3.29.1&#8243; width=&#8221;100%&#8221; width_tablet=&#8221;&#8221; width_phone=&#8221;&#8221; width_last_edited=&#8221;on|desktop&#8221; max_width=&#8221;100%&#8221; max_width_tablet=&#8221;&#8221; max_width_phone=&#8221;&#8221; max_width_last_edited=&#8221;on|desktop&#8221; module_alignment=&#8221;center&#8221; z_index_tablet=&#8221;500&#8243; box_shadow_style=&#8221;preset3&#8243; box_shadow_horizontal=&#8221;10px&#8221; locked=&#8221;off&#8221;][et_pb_column type=&#8221;1_5&#8243; _builder_version=&#8221;3.25&#8243; custom_padding=&#8221;|||&#8221; custom_padding_tablet=&#8221;&#8221; custom_padding_phone=&#8221;&#8221; custom_padding_last_edited=&#8221;on|desktop&#8221; custom_padding__hover=&#8221;|||&#8221;][et_pb_code admin_label=&#8221;fecha 7\/11&#8243; module_class=&#8221;fecha-evento&#8221; _builder_version=&#8221;3.29.1&#8243; z_index_tablet=&#8221;500&#8243; locked=&#8221;off&#8221;]Nov<!\u2013- [et_pb_br_holder] -\u2013><!-- [et_pb_line_break_holder] -->7[\/et_pb_code][\/et_pb_column][et_pb_column type=&#8221;3_5&#8243; _builder_version=&#8221;3.25&#8243; custom_padding=&#8221;|||&#8221; custom_padding_tablet=&#8221;&#8221; custom_padding_phone=&#8221;&#8221; custom_padding_last_edited=&#8221;on|desktop&#8221; custom_padding__hover=&#8221;|||&#8221;][et_pb_text admin_label=&#8221;Ingreso Ram\u00f3n Vidal y Plana&#8221; _builder_version=&#8221;4.0.6&#8243; z_index_tablet=&#8221;500&#8243; locked=&#8221;off&#8221;]<\/p>\n<h3>Admission as a Corresponding Academician: <a href=\"https:\/\/raed.academy\/en\/academicians\/dr-ramon-ricardo-vidal-plana\/\" target=\"_blank\" rel=\"noopener noreferrer\">Ram\u00f3n-Ricardo Vidal y Plana<\/a>, Doctor in Life Sciences and Pharmacology<\/h3>\n<p><strong>Entry speech: <\/strong>Triangulaciones post-impresionistas<br \/><b>Speech in reply: <\/b><strong><a href=\"https:\/\/raed.academy\/en\/academicians\/dr-richard-onses\/\" target=\"_blank\" rel=\"noopener noreferrer\">Dr. Richard Onses<\/a><br \/>Venue: <\/strong>Assembly Hall of Fomento del Trabajo Nacional building \u2013 Via Laietana, 32, Pral, Barcelona<br \/><strong>Event date:<\/strong> 07.11.19<br \/><strong>Event time:\u00a0<\/strong>7pm<\/p>\n<p>[\/et_pb_text][\/et_pb_column][et_pb_column type=&#8221;1_5&#8243; _builder_version=&#8221;3.25&#8243; custom_padding=&#8221;|||&#8221; custom_padding__hover=&#8221;|||&#8221;][et_pb_image src=&#8221;https:\/\/raed.academy\/wp-content\/uploads\/2019\/11\/ingreso-RAED-Ramon-Ricardo-Vidal-y-Plana-1.1.jpg&#8221; _builder_version=&#8221;4.3.4&#8243; locked=&#8221;off&#8221;][\/et_pb_image][\/et_pb_column][\/et_pb_row][et_pb_row column_structure=&#8221;1_5,3_5,1_5&#8243; use_custom_gutter=&#8221;on&#8221; gutter_width=&#8221;1&#8243; make_equal=&#8221;on&#8221; admin_label=&#8221;Row&#8221; module_id=&#8221;1510&#8243; module_class=&#8221;evento&#8221; _builder_version=&#8221;3.29.1&#8243; width=&#8221;100%&#8221; width_tablet=&#8221;&#8221; width_phone=&#8221;&#8221; width_last_edited=&#8221;on|desktop&#8221; max_width=&#8221;100%&#8221; max_width_tablet=&#8221;&#8221; max_width_phone=&#8221;&#8221; max_width_last_edited=&#8221;on|desktop&#8221; module_alignment=&#8221;center&#8221; z_index_tablet=&#8221;500&#8243; box_shadow_style=&#8221;preset3&#8243; box_shadow_horizontal=&#8221;10px&#8221; locked=&#8221;off&#8221;][et_pb_column type=&#8221;1_5&#8243; _builder_version=&#8221;3.25&#8243; custom_padding=&#8221;|||&#8221; custom_padding_tablet=&#8221;&#8221; custom_padding_phone=&#8221;&#8221; custom_padding_last_edited=&#8221;on|desktop&#8221; custom_padding__hover=&#8221;|||&#8221;][et_pb_code admin_label=&#8221;fecha 14\/11&#8243; module_class=&#8221;fecha-evento&#8221; _builder_version=&#8221;3.29.1&#8243; z_index_tablet=&#8221;500&#8243; locked=&#8221;off&#8221;]Nov<!\u2013- [et_pb_br_holder] -\u2013><!-- [et_pb_line_break_holder] -->14[\/et_pb_code][\/et_pb_column][et_pb_column type=&#8221;3_5&#8243; _builder_version=&#8221;3.25&#8243; custom_padding=&#8221;|||&#8221; custom_padding_tablet=&#8221;&#8221; custom_padding_phone=&#8221;&#8221; custom_padding_last_edited=&#8221;on|desktop&#8221; custom_padding__hover=&#8221;|||&#8221;][et_pb_text admin_label=&#8221;Global Alumni Reunion 2019 IESE&#8221; _builder_version=&#8221;4.0.2&#8243; z_index_tablet=&#8221;500&#8243; locked=&#8221;off&#8221;]<\/p>\n<h3>Global Alumni Reunion-2019 de l&#8217;IESE<\/h3>\n<p>3-day event in Barcelona (Palau de Congressos) that will explore a new vision of the future of business, with a powerful academic program, accompanied by visits to companies, learning with high-level speakers and a solidarity event to benefit the Scholarship Program from IESE.<\/p>\n<p>In addition to the free sessions, and optionally, the following services can also be purchased during the registration process:<\/p>\n<ul>\n<li><strong>Dinner. Price: 100\u20ac<\/strong>. Friday, November 15th<\/li>\n<li><strong>Lunch. Price: 45\u20ac<\/strong>. Friday, November 15th<\/li>\n<li><strong>Solidary Run. Price: 25\u20ac<\/strong>. Saturday, November 16th<\/li>\n<\/ul>\n<p>Some links of interest:<\/p>\n<ul>\n<li>The <a href=\"https:\/\/academy.us15.list-manage.com\/track\/click?u=ed59b9c968db429ae73aa6b23&amp;id=b4d00de67e&amp;e=c5077aceb0\" target=\"_blank\" rel=\"noopener noreferrer\" data-saferedirecturl=\"https:\/\/www.google.com\/url?q=https:\/\/academy.us15.list-manage.com\/track\/click?u%3Ded59b9c968db429ae73aa6b23%26id%3Db4d00de67e%26e%3Dc5077aceb0&amp;source=gmail&amp;ust=1571241496036000&amp;usg=AFQjCNHkErIov4LYiS_WeRSpsyrA2dInnw\"><strong>web of the GAR<\/strong><\/a>, where all the available information appears: a brief abstract, schedule, speakers, sponsors and, of course, the registration button.<\/li>\n<li>The <a href=\"https:\/\/academy.us15.list-manage.com\/track\/click?u=ed59b9c968db429ae73aa6b23&amp;id=548ca2bd91&amp;e=c5077aceb0\" target=\"_blank\" rel=\"noopener noreferrer\" data-saferedirecturl=\"https:\/\/www.google.com\/url?q=https:\/\/academy.us15.list-manage.com\/track\/click?u%3Ded59b9c968db429ae73aa6b23%26id%3D548ca2bd91%26e%3Dc5077aceb0&amp;source=gmail&amp;ust=1571241496036000&amp;usg=AFQjCNF-p_xu_1D6jeGPVi_RCybBUtj2vw\"><strong>registration link<\/strong><\/a>.<\/li>\n<li><a href=\"https:\/\/academy.us15.list-manage.com\/track\/click?u=ed59b9c968db429ae73aa6b23&amp;id=8cf84c2b7b&amp;e=c5077aceb0\" target=\"_blank\" rel=\"noopener noreferrer\" data-saferedirecturl=\"https:\/\/www.google.com\/url?q=https:\/\/academy.us15.list-manage.com\/track\/click?u%3Ded59b9c968db429ae73aa6b23%26id%3D8cf84c2b7b%26e%3Dc5077aceb0&amp;source=gmail&amp;ust=1571241496036000&amp;usg=AFQjCNG6SoyKdW4HzsMmZvSXlMYUyupdfw\"><strong>3-days Programme of the GAR<\/strong><\/a>, in pdf format.<\/li>\n<li>The information of the academic sessions in a more detailed form, in the <a href=\"https:\/\/academy.us15.list-manage.com\/track\/click?u=ed59b9c968db429ae73aa6b23&amp;id=03bfbce83b&amp;e=c5077aceb0\" target=\"_blank\" rel=\"noopener noreferrer\" data-saferedirecturl=\"https:\/\/www.google.com\/url?q=https:\/\/academy.us15.list-manage.com\/track\/click?u%3Ded59b9c968db429ae73aa6b23%26id%3D03bfbce83b%26e%3Dc5077aceb0&amp;source=gmail&amp;ust=1571241496036000&amp;usg=AFQjCNG2ktsP5cskIExqKED8XyHl72Rcpg\"><strong>details for the Academic Programme<\/strong><\/a>.<\/li>\n<\/ul>\n<p><strong>Venue: <\/strong>Palacio de Congresos de Catalu\u00f1a, Av. Diagonal, 661-671, Barcelona<br \/><strong>Event date: <\/strong>From 14.11.19 to 16.11.19<\/p>\n<p>[\/et_pb_text][\/et_pb_column][et_pb_column type=&#8221;1_5&#8243; _builder_version=&#8221;3.25&#8243; custom_padding=&#8221;|||&#8221; custom_padding__hover=&#8221;|||&#8221;][et_pb_image src=&#8221;https:\/\/raed.academy\/wp-content\/uploads\/2019\/11\/Dean-del-IESE-Franz-Heukamp-en-la-apertura-de-la-Global-Alumni-Reunion-2019.jpg&#8221; _builder_version=&#8221;4.3.4&#8243; locked=&#8221;off&#8221;][\/et_pb_image][\/et_pb_column][\/et_pb_row][et_pb_row column_structure=&#8221;1_5,3_5,1_5&#8243; use_custom_gutter=&#8221;on&#8221; gutter_width=&#8221;1&#8243; make_equal=&#8221;on&#8221; module_id=&#8221;1510&#8243; module_class=&#8221;evento&#8221; _builder_version=&#8221;3.29.1&#8243; width=&#8221;100%&#8221; width_tablet=&#8221;&#8221; width_phone=&#8221;&#8221; width_last_edited=&#8221;on|desktop&#8221; max_width=&#8221;100%&#8221; max_width_tablet=&#8221;&#8221; max_width_phone=&#8221;&#8221; max_width_last_edited=&#8221;on|desktop&#8221; module_alignment=&#8221;center&#8221; z_index_tablet=&#8221;500&#8243; box_shadow_style=&#8221;preset3&#8243; box_shadow_horizontal=&#8221;10px&#8221; locked=&#8221;off&#8221;][et_pb_column type=&#8221;1_5&#8243; _builder_version=&#8221;3.25&#8243; custom_padding=&#8221;|||&#8221; custom_padding_tablet=&#8221;&#8221; custom_padding_phone=&#8221;&#8221; custom_padding_last_edited=&#8221;on|desktop&#8221; custom_padding__hover=&#8221;|||&#8221;][et_pb_code admin_label=&#8221;fecha 20\/11&#8243; module_class=&#8221;fecha-evento&#8221; _builder_version=&#8221;4.0.2&#8243; z_index_tablet=&#8221;500&#8243; locked=&#8221;off&#8221;]Nov<!\u2013- [et_pb_br_holder] -\u2013><!-- [et_pb_line_break_holder] -->21[\/et_pb_code][\/et_pb_column][et_pb_column type=&#8221;3_5&#8243; _builder_version=&#8221;3.25&#8243; custom_padding=&#8221;|||&#8221; custom_padding_tablet=&#8221;&#8221; custom_padding_phone=&#8221;&#8221; custom_padding_last_edited=&#8221;on|desktop&#8221; custom_padding__hover=&#8221;|||&#8221;][et_pb_text admin_label=&#8221;Conferencia Cambio Clim\u00e1tico&#8221; _builder_version=&#8221;4.0.6&#8243; z_index_tablet=&#8221;500&#8243; locked=&#8221;off&#8221;]<\/p>\n<h3>Climate change conference &#8220;24 Hours of reality. The truth in progress&#8221;<\/h3>\n<p>The conference entitled \u201c24 Hours of Reality will be held next November 21 at the <a href=\"http:\/\/www.reialcercleartistic.cat\/\" target=\"_blank\" rel=\"noopener noreferrer\"><strong>Reial Cercle Artistic de Barcelona<\/strong><\/a>. The truth in March \u201d, an initiative promoted by the foundation<a href=\"https:\/\/www.climaterealityproject.org\/\" target=\"_blank\" rel=\"noopener noreferrer\"><strong>&#8220;The Climate Reality Project&#8221;<\/strong><\/a> chaired by the former Vice President of the US and Nobel Prize,<strong> Al Gore<\/strong>.<\/p>\n<p>This presentation is part of a group of 1500 conferences with the same content and simultaneous to be held in more than 70 countries of the world on November 20 and 21 and have been prepared by <strong>Al Gore<\/strong> and distributed to the speakers chosen for presentation that they have been those who have received a training directly done by himself.<\/p>\n<p>Each attendee who wishes may send a message through a bidi code to the international organization who has committed to plant a tree in various countries of the world for each message they receive.<\/p>\n<p>The Barcelona event is organized by the <strong><a href=\"https:\/\/fundacionraed.org\/\" target=\"_blank\" rel=\"noopener noreferrer\">Foundation of the Royal European Academy of Doctors<\/a><\/strong>, with the collaboration of the <a href=\"http:\/\/www.reialcercleartistic.cat\/\" target=\"_blank\" rel=\"noopener noreferrer\"><strong>Reial Cercle Artistic de Barcelona<\/strong><\/a>, \u200b\u200bthe <a href=\"http:\/\/aefe.es\/\" target=\"_blank\" rel=\"noopener noreferrer\"><strong>European Development Foundation<\/strong><\/a> and the <a href=\"https:\/\/quoartis.org\" target=\"_blank\" rel=\"noopener noreferrer\"><strong>Quo Artis Foundation<\/strong><\/a> and will consist of two parts:<\/p>\n<p>The conference will be offered by Professor <strong><a href=\"https:\/\/raed.academy\/en\/academicians\/dr-jose-ramon-calvo-fernandez\/\" target=\"_blank\" rel=\"noopener noreferrer\">Dr. Jos\u00e9 Ram\u00f3n Calvo<\/a><\/strong>, President of the International Cooperation Institute of the <strong>Royal European Academy of Doctors<\/strong>, and strategic advisor of the <a href=\"https:\/\/www.bsc.es\/\" target=\"_blank\" rel=\"noopener noreferrer\"><strong>Barcelona Supercomputing Center<\/strong><\/a> who is one of the climate leaders who has participated in this project since its inception in 2012.<\/p>\n<p>The second part of the session will be a discussion table on <strong>\u201cHow climate change affects health, business or the world\u201d<\/strong> and will include:<\/p>\n<ul>\n<li><strong><a href=\"https:\/\/raed.academy\/en\/academicians\/dr-jose-ramon-calvo-fernandez\/\" target=\"_blank\" rel=\"noopener noreferrer\">Dr. Jos\u00e9 Ram\u00f3n Calvo<\/a><\/strong>, speaker and moderator of the debate,<\/li>\n<li><a href=\"https:\/\/raed.academy\/en\/academicians\/dr-jordi-marti-pidelaserra\/\" target=\"_blank\" rel=\"noopener noreferrer\"><strong>Dr. Jordi Mart\u00ed<\/strong><\/a>, Professor of the Department of Economics from the University of Barcelona and Academician of the <strong>Royal European Academy of Doctors<\/strong>,\u00a0<\/li>\n<li><strong>Dr. Francisco J. Doblas-Reyes<\/strong>, ICREA Professor, and director of the Department of Earth Sciences of the Barcelona Supercomputing Center.<\/li>\n<li><strong>Tatiana Kourochkina<\/strong>, General Director of <strong><a href=\"https:\/\/quoartis.org\" target=\"_blank\" rel=\"noopener noreferrer\">Quo Artis<\/a><\/strong>.<\/li>\n<\/ul>\n<p>This initiative of the Royal Academy, together with the other collaborating institutions, is part of a set of activities grouped under the heading \u201csustainability campus\u201d that will be developed in the next 24 months and whose highlights, in addition to these actions of dissemination and awareness, will be a scientific expedition to the Galapagos Islands in September 2020 by National Geographic naturalists aboard the National Geographic ship Endeavor II, in which among other personalities, 5 Nobel Prize winners, the former president of Ecuador, or world-renowned plastic artists with special interest in disseminating and raising awareness about biodiversity, the sustainability of natural resources and climate change through their works and artistic creations.<\/p>\n<p>At the end of this expedition a manifesto will be published by the national and international participating organizations that will be signed by the participants, by Nobel prize winners, former heads of state, scientists and civil society leaders from all over the world in which they will highlight the risks facing the fragile ecosystem of the islands that are a reflection of what can happen, and in fact it is already happening, in less protected environments such as Alaska, the Mediterranean or Pacific Ocean areas that run the risk of disappearing due to global warming.<\/p>\n<p>A documentary will also be filmed under the direction of one of the great film directors, specialized in nature documentaries, Denis Delestrac, which will be presented at various international festivals and offered to the general public through audiovisual platforms worldwide.<\/p>\n<p>The second major event will be the organization in Barcelona in June 2021 of a Climate Campus, in which 300 young people from all over the world will receive training in climate leadership techniques by personalities of the highest international level to get along successive editions, a group of future leaders who not only have a high level of social and environmental awareness but also have the knowledge, tools and strategies to be able to lead real changes in their spheres of influence.<\/p>\n<p><strong>Event cost:<\/strong> Free upon registration<br \/><strong>Venue:<\/strong> Reial Cercle Art\u00edstic de Barcelona \u2013 Carrer dels Arcs, 5, Barcelona<br \/><strong>Date:<\/strong> 21.11.19<br \/><strong>Time:<\/strong> 7:00 p.m.<\/p>\n<p>[\/et_pb_text][\/et_pb_column][et_pb_column type=&#8221;1_5&#8243; _builder_version=&#8221;3.25&#8243; custom_padding=&#8221;|||&#8221; custom_padding__hover=&#8221;|||&#8221;][et_pb_image src=&#8221;https:\/\/raed.academy\/wp-content\/uploads\/2019\/11\/sesion-sobre-cambio-climatico-Al-Gore-Jose-Ramon-Calvo-5.jpg&#8221; _builder_version=&#8221;4.3.4&#8243;][\/et_pb_image][\/et_pb_column][\/et_pb_row][et_pb_row column_structure=&#8221;1_5,3_5,1_5&#8243; use_custom_gutter=&#8221;on&#8221; gutter_width=&#8221;1&#8243; make_equal=&#8221;on&#8221; module_id=&#8221;2011&#8243; module_class=&#8221;evento&#8221; _builder_version=&#8221;4.0.2&#8243; width=&#8221;100%&#8221; width_tablet=&#8221;&#8221; width_phone=&#8221;&#8221; width_last_edited=&#8221;on|desktop&#8221; max_width=&#8221;100%&#8221; max_width_tablet=&#8221;&#8221; max_width_phone=&#8221;&#8221; max_width_last_edited=&#8221;on|desktop&#8221; module_alignment=&#8221;center&#8221; z_index_tablet=&#8221;500&#8243; box_shadow_style=&#8221;preset3&#8243; box_shadow_horizontal=&#8221;10px&#8221; locked=&#8221;off&#8221;][et_pb_column type=&#8221;1_5&#8243; _builder_version=&#8221;3.25&#8243; custom_padding=&#8221;|||&#8221; custom_padding_tablet=&#8221;&#8221; custom_padding_phone=&#8221;&#8221; custom_padding_last_edited=&#8221;on|desktop&#8221; custom_padding__hover=&#8221;|||&#8221;][et_pb_code admin_label=&#8221;fecha 26\/11&#8243; module_class=&#8221;fecha-evento&#8221; _builder_version=&#8221;4.0.2&#8243; z_index_tablet=&#8221;500&#8243; locked=&#8221;off&#8221;]Nov<!\u2013- [et_pb_br_holder] -\u2013><!-- [et_pb_line_break_holder] -->26[\/et_pb_code][\/et_pb_column][et_pb_column type=&#8221;3_5&#8243; _builder_version=&#8221;3.25&#8243; custom_padding=&#8221;|||&#8221; custom_padding_tablet=&#8221;&#8221; custom_padding_phone=&#8221;&#8221; custom_padding_last_edited=&#8221;on|desktop&#8221; custom_padding__hover=&#8221;|||&#8221;][et_pb_text admin_label=&#8221;Vacunas&#8221; _builder_version=&#8221;4.0.6&#8243; z_index_tablet=&#8221;500&#8243; locked=&#8221;off&#8221;]<\/p>\n<h3><strong>Round table \u00abVaccines in the 21st Century: Scientific and Social Aspects\u00bb<\/strong><\/h3>\n<p>The session will be presented by <a href=\"https:\/\/raed.academy\/en\/academicians\/dr-maria-dels-angels-calvo-torras\/\" target=\"_blank\" rel=\"noopener noreferrer\"><strong>Dr. Maria \u00c0ngels Calvo<\/strong><\/a>, Vice President and Academic of the Royal European Academy of Doctors.<\/p>\n<p>The coordination is in charge of <a href=\"https:\/\/raed.academy\/en\/academicians\/dr-joaquin-callabed-carracedo\/\" target=\"_blank\" rel=\"noopener noreferrer\"><strong>Dr. Joaquin Callabed<\/strong><\/a>, Pediatrician and Academic of the Royal European Academy of Doctors.<\/p>\n<h4><strong>Speakers:<\/strong><\/h4>\n<ul>\n<li><strong>Dr. Fernando Moraga.<\/strong> Pediatrician. Vice President of the Spanish Association of Vaccination, will speak about the updates in the childhood and youth vaccination calendar. <strong>New vaccines in the children&#8217;s calendar.<\/strong><\/li>\n<li><strong>Dr. Magda Campins<\/strong>, Head of the Preventive Medicine service at the Vall d\u2019Hebron Hospital in Barcelona, will present updates on adult vaccines and the need for tighter control.<strong> A vaccine calendar for adults.<\/strong><\/li>\n<li><strong>Dr. Joaquin Callabed<\/strong> will analyze, from a bioethical point of view, the various family options, movements that reject and medical opinions on the vaccine issue. It will analyze the principles of autonomy, beneficence, non-maleficence, and justice that affect those involved. <strong>Social movements anti-vaccines. Bioethical aspects to consider.<\/strong><\/li>\n<\/ul>\n<h4><strong>Description of the event<\/strong><\/h4>\n<p>The immunization of humanity through vaccines has been one of the great achievements in Public Health of the last century.<\/p>\n<p>The UN through UNICEF and WHO introduced vaccines as one of the eight health goals for disadvantaged children.<\/p>\n<p>In our environment there have been infant deaths in unvaccinated children and diseases such as measles that seemed banished have appeared.<\/p>\n<p>At the present time there is a dilemma: On the one hand there is the right of the child to the protection of his health through vaccines. On the other hand, the right of parents to have their children receive the care they deem most convenient for their health.<\/p>\n<p>Another topical issue is adult vaccines, a scattered issue that deserves a tune-up of the vaccination calendar.<\/p>\n<p>Thus, in some studies and surveys conducted, total or partial rejection of vaccines by some families has been detected. There are also associations and social movements that reject vaccination frontally.<\/p>\n<p>The RAED, aware of the health and social importance of vaccines organizes this event with highly qualified professionals in the field of vaccines.<\/p>\n<p>The event will have a space for dialogue and deliberation on the topics presented.<\/p>\n<p>After the event, <strong>a guided tour of 10 min.<\/strong> where attendees can see the works exhibited in the <strong>Circle of Liceo<\/strong>.<br \/>Free entrance. The RAED opens its doors and would be very happy with your assistance and contributions.<\/p>\n<p>Those interested in the round table session are kindly requested to confirm their attendance for reasons of limited capacity.<\/p>\n<p>At the end of the event, an optional dinner will be held at the <strong>C\u00edrculo del Liceo<\/strong> at a price of <strong>43\u20ac<\/strong> (IVA included) that will be satisfied at the same time as dinner (reservation required in the following registration form).<\/p>\n<p><strong>Event cost:<\/strong> Free upon <a href=\"https:\/\/forms.gle\/1j62TsdGTCPKYEuk8\" target=\"_blank\" rel=\"noopener noreferrer\">registration here<\/a><br \/><strong>Venue: <\/strong>Assembly Hall of Fomento del Trabajo Nacional building \u2013 Via Laietana, 32, Pral, Barcelona<br \/><strong>Event date:<\/strong> 26.11.2019<br \/><strong>Event time:<\/strong> 7:30 p.m.<\/p>\n<p>[\/et_pb_text][\/et_pb_column][et_pb_column type=&#8221;1_5&#8243; _builder_version=&#8221;3.25&#8243; custom_padding=&#8221;|||&#8221; custom_padding__hover=&#8221;|||&#8221;][et_pb_image src=&#8221;https:\/\/raed.academy\/wp-content\/uploads\/2019\/11\/sesion-vacunas-en-el-siglo-XXI-aspectos-cientificos-y-sociales-6.jpg&#8221; _builder_version=&#8221;4.3.4&#8243; locked=&#8221;off&#8221;][\/et_pb_image][\/et_pb_column][\/et_pb_row][et_pb_row column_structure=&#8221;1_5,3_5,1_5&#8243; use_custom_gutter=&#8221;on&#8221; gutter_width=&#8221;1&#8243; make_equal=&#8221;on&#8221; module_id=&#8221;0312&#8243; module_class=&#8221;evento&#8221; _builder_version=&#8221;4.0.6&#8243; width=&#8221;100%&#8221; width_tablet=&#8221;&#8221; width_phone=&#8221;&#8221; width_last_edited=&#8221;on|desktop&#8221; max_width=&#8221;100%&#8221; max_width_tablet=&#8221;&#8221; max_width_phone=&#8221;&#8221; max_width_last_edited=&#8221;on|desktop&#8221; module_alignment=&#8221;center&#8221; z_index_tablet=&#8221;500&#8243; border_radii=&#8221;on|3px|3px|3px|3px&#8221; box_shadow_style=&#8221;preset3&#8243; box_shadow_horizontal=&#8221;10px&#8221; locked=&#8221;off&#8221;][et_pb_column type=&#8221;1_5&#8243; _builder_version=&#8221;3.25&#8243; custom_padding=&#8221;|||&#8221; custom_padding_tablet=&#8221;&#8221; custom_padding_phone=&#8221;&#8221; custom_padding_last_edited=&#8221;on|desktop&#8221; custom_padding__hover=&#8221;|||&#8221;][et_pb_code admin_label=&#8221;fecha 30\/11&#8243; module_class=&#8221;fecha-evento&#8221; _builder_version=&#8221;4.0.6&#8243; z_index_tablet=&#8221;500&#8243; locked=&#8221;off&#8221;]Nov <!\u2013- [et_pb_br_holder] -\u2013><!-- [et_pb_line_break_holder] -->30[\/et_pb_code][\/et_pb_column][et_pb_column type=&#8221;3_5&#8243; _builder_version=&#8221;3.25&#8243; custom_padding=&#8221;|||&#8221; custom_padding_tablet=&#8221;&#8221; custom_padding_phone=&#8221;&#8221; custom_padding_last_edited=&#8221;on|desktop&#8221; custom_padding__hover=&#8221;|||&#8221;][et_pb_text admin_label=&#8221;Gala benefica pedro claros&#8221; _builder_version=&#8221;4.0.6&#8243; z_index_tablet=&#8221;500&#8243; locked=&#8221;off&#8221;]<\/p>\n<h3>Annual charity gala of the Clar\u00f3s Foundation and the European Development Foundation<\/h3>\n<p>Appetizer, later dinner, and a raffle of 4 superlots, 4 works of art from renowned artists and gifts generously given by partners, supporters and benefactor entities, with high social awareness. In the end of the night a glamorous gift provided by a prestigious firm will be auctioned.<\/p>\n<p><strong>Contribution<\/strong>: \u20ac 90 per guest (includes 1 ticket for the raffle)<br \/><strong>Place<\/strong>: Avenida Palace Hotel, in Gran V\u00eda 605-607<br \/><strong>Date<\/strong>: 30.11.2019<br \/><strong>Time<\/strong>: 8:30 p.m.<\/p>\n<p>&nbsp;<\/p>\n<p>[\/et_pb_text][\/et_pb_column][et_pb_column type=&#8221;1_5&#8243; _builder_version=&#8221;3.25&#8243; custom_padding=&#8221;|||&#8221; custom_padding__hover=&#8221;|||&#8221;][\/et_pb_column][\/et_pb_row][et_pb_row _builder_version=&#8221;3.29.1&#8243; background_size=&#8221;initial&#8221; background_position=&#8221;top_left&#8221; background_repeat=&#8221;repeat&#8221; custom_padding=&#8221;0|0px|0|0px|false|false&#8221; locked=&#8221;off&#8221;][et_pb_column type=&#8221;4_4&#8243; _builder_version=&#8221;3.25&#8243; custom_padding=&#8221;|||&#8221; custom_padding__hover=&#8221;|||&#8221;][et_pb_text admin_label=&#8221;Texto &#8211; DECEMBER 2019&#8243; _builder_version=&#8221;4.0.6&#8243; z_index_tablet=&#8221;500&#8243;]<\/p>\n<h2>DECEMBER 2019<\/h2>\n<p>[\/et_pb_text][\/et_pb_column][\/et_pb_row][et_pb_row column_structure=&#8221;1_5,3_5,1_5&#8243; use_custom_gutter=&#8221;on&#8221; gutter_width=&#8221;1&#8243; make_equal=&#8221;on&#8221; module_id=&#8221;0312&#8243; module_class=&#8221;evento&#8221; _builder_version=&#8221;4.0.6&#8243; width=&#8221;100%&#8221; width_tablet=&#8221;&#8221; width_phone=&#8221;&#8221; width_last_edited=&#8221;on|desktop&#8221; max_width=&#8221;100%&#8221; max_width_tablet=&#8221;&#8221; max_width_phone=&#8221;&#8221; max_width_last_edited=&#8221;on|desktop&#8221; module_alignment=&#8221;center&#8221; z_index_tablet=&#8221;500&#8243; border_radii=&#8221;on|3px|3px|3px|3px&#8221; box_shadow_style=&#8221;preset3&#8243; box_shadow_horizontal=&#8221;10px&#8221; locked=&#8221;off&#8221;][et_pb_column type=&#8221;1_5&#8243; _builder_version=&#8221;3.25&#8243; custom_padding=&#8221;|||&#8221; custom_padding_tablet=&#8221;&#8221; custom_padding_phone=&#8221;&#8221; custom_padding_last_edited=&#8221;on|desktop&#8221; custom_padding__hover=&#8221;|||&#8221;][et_pb_code admin_label=&#8221;fecha 3\/12&#8243; module_class=&#8221;fecha-evento&#8221; _builder_version=&#8221;4.0.6&#8243; z_index_tablet=&#8221;500&#8243; locked=&#8221;off&#8221;]Dec<!\u2013- [et_pb_br_holder] -\u2013><!-- [et_pb_line_break_holder] -->3[\/et_pb_code][\/et_pb_column][et_pb_column type=&#8221;3_5&#8243; _builder_version=&#8221;3.25&#8243; custom_padding=&#8221;|||&#8221; custom_padding_tablet=&#8221;&#8221; custom_padding_phone=&#8221;&#8221; custom_padding_last_edited=&#8221;on|desktop&#8221; custom_padding__hover=&#8221;|||&#8221;][et_pb_text admin_label=&#8221;30\u00e9 aniversari de la Lliga Reumatol\u00f2gica Catalana&#8221; _builder_version=&#8221;4.0.6&#8243; z_index_tablet=&#8221;500&#8243; locked=&#8221;off&#8221;]<\/p>\n<h3>30th aniversary of the Lliga Reumatol\u00f2gica Catalana<\/h3>\n<p>The <strong>Royal European Academy of Doctors<\/strong> welcomes the commemoration of the XXX anniversary of the <strong>Catalan Rheumatology League<\/strong>, an institution that, on the initiative of doctors, welcomes patients from a global and human dimension. <strong>We encourage our members and friends to join the event and dinner, of a charitable nature.<\/strong><\/p>\n<p>The commemoration of the 30th anniversary revolves around the gratitude to the people and institutions that have made it possible for the League to get here by being a reference in the Catalan associative field. Likewise, the entity&#8217;s vision for the future will be presented.<\/p>\n<p>The celebration day will have two main activities.<\/p>\n<h3>Presentation-colloquium of the multi-variant study of quality of life in rheumatic diseases<\/h3>\n<p>Between<strong> 7:00 p.m. and 8:30 p.m<\/strong>., with the usual format of this Academy activity, in which agility prevails, the colloquium with the title <strong>&#8220;Les malalties reum\u00e0tiques: evid\u00e8ncies, coneixement i autoconeixement&#8221;<\/strong>, co- organized between the <strong>&#8220;Catalan Rheumatology Association&#8221;<\/strong> and the <strong>Royal European Academy of Doctors<\/strong>, on the presentation of the results of the multivariate study between quality of life and unmet needs, adherence to treatment, doctor-patient communication, participation in clinical trials and literacy in Health.<\/p>\n<p>The event will be chaired by <a href=\"https:\/\/raed.academy\/en\/academicians\/dr-maria-dels-angels-calvo-torras\/\" target=\"_blank\" rel=\"noopener noreferrer\"><strong>Dr. M\u00aa dels \u00c0ngels Calvo Torras<\/strong><\/a>, Academic Numerary and Vice President of the Government Board of the <strong>Royal European Academy of Doctors<\/strong>, and moderated by the <strong>Hble. Mr. Dr. Joaqu\u00edm Llena Cortina.<\/strong><\/p>\n<h3>Speakers:<\/h3>\n<ul>\n<li><strong>Enrique Garrido<\/strong> (director of INVESFARM)<\/li>\n<li><strong>Dr. Miquel Nolla<\/strong> (president of the Catalan Society of Rheumatology)<\/li>\n<li><strong>Patricia Planas Rufino<\/strong> (technical director of the Catalan Rheumatology Association)<\/li>\n<li><strong>Carolina Navalon<\/strong>, patient advocacy.<\/li>\n<\/ul>\n<p>&nbsp;<\/p>\n<h3>Charity dinner and Recognition of the 30th Anniversary of the Rheumatology League<\/h3>\n<p id=\"tw-target-text\" class=\"tw-data-text tw-text-large tw-ta\" dir=\"ltr\" data-placeholder=\"Traducci\u00f3n\"><span lang=\"en\" tabindex=\"0\">The dinner planned for about 150 people, will take place as follows:<\/span><\/p>\n<p><strong>8:45 p.m<\/strong>. Beginning of the Act. Master of Ceremonies: <strong>Patricia Planas.<\/strong><\/p>\n<p><strong>8:46 p.m<\/strong>. Welcome by <strong>Josep S\u00e1nchez Llibre.<\/strong><\/p>\n<p><strong>8:50 p.m<\/strong>. Welcome and institutional speech by <strong>Elisenda de la Torre,<\/strong> President of the League.<\/p>\n<p><strong>8:55 p.m.<\/strong> Presentation of the League&#8217;s awareness campaign on rheumatic diseases. New image of the League and new services and activities for members. Presents the League Manager, <strong>Xavier Bretones.<\/strong><\/p>\n<p><strong>9:00 p.m.<\/strong> Award Awards: <strong>Mr. Jordi Ortiz<\/strong> and <strong>Mrs. Roser Tarrida<\/strong> historical partners of the League; <strong>Lab. PFIZER; Lab. ABBVIE; Mr. Jordi Jarque,<\/strong> journalist of LA VANGUARDIA; <strong>Mr. Josep Rocafort<\/strong>, director of art and programs at Beteve;<strong> Dr. Joan Miquel Nolla and Dr. Sergi Ord\u00f3\u00f1ez<\/strong>, President of the Catalan Society of Rheumatology and Deputy Doctor in Rheumatology at the Arnau de Vilanova Hospital; <strong>Ms. Alba Verg\u00e9s<\/strong>, Minister of Health of the Generalitat of Catalonia.<\/p>\n<p><strong>9:15 p.m<\/strong>. Speech by <strong>Ms. Alba Verg\u00e9s<\/strong>, Minister of Health of the Generalitat of Catalonia<\/p>\n<p><strong>9:25 p.m<\/strong>. End of the event and start of dinner.<\/p>\n<p><strong>11:20 p.m<\/strong>. End of the day<\/p>\n<p><strong>Cost of the presentation \/ colloquium:<\/strong> Free prior confirmation at <strong>lalliga@lligareumatologica.org<\/strong> (limited capacity).<br \/><strong>Cost of dinner:<\/strong> purchase of \u20ac 45 ticket, which must be transferred to account number ES14 0081 1618 2300 01012603<br \/><strong>Place of the colloquium:\u00a0<\/strong>Assembly hall for the Promotion of Work &#8211; Via Laietana, 32, Pral, Barcelona<br \/><strong>Dinner place:<\/strong> Hotel Col\u00f3n, Av. De la Catedral, 7, 08002 Barcelona<br \/><strong>Date:<\/strong> 3.12.2019<\/p>\n<p>&nbsp;<\/p>\n<p>&nbsp;<\/p>\n<p>[\/et_pb_text][\/et_pb_column][et_pb_column type=&#8221;1_5&#8243; _builder_version=&#8221;3.25&#8243; custom_padding=&#8221;|||&#8221; custom_padding__hover=&#8221;|||&#8221;][et_pb_image src=&#8221;https:\/\/raed.academy\/wp-content\/uploads\/2019\/12\/3-30-aniversario-Lliga-reumatologica-catalana.jpg&#8221; _builder_version=&#8221;4.3.4&#8243;][\/et_pb_image][\/et_pb_column][\/et_pb_row][et_pb_row column_structure=&#8221;1_5,3_5,1_5&#8243; use_custom_gutter=&#8221;on&#8221; gutter_width=&#8221;1&#8243; make_equal=&#8221;on&#8221; admin_label=&#8221;Row&#8221; module_id=&#8221;1212&#8243; module_class=&#8221;evento&#8221; _builder_version=&#8221;4.0.6&#8243; width=&#8221;100%&#8221; width_tablet=&#8221;&#8221; width_phone=&#8221;&#8221; width_last_edited=&#8221;on|desktop&#8221; max_width=&#8221;100%&#8221; max_width_tablet=&#8221;&#8221; max_width_phone=&#8221;&#8221; max_width_last_edited=&#8221;on|desktop&#8221; module_alignment=&#8221;center&#8221; z_index_tablet=&#8221;500&#8243; box_shadow_style=&#8221;preset3&#8243; box_shadow_horizontal=&#8221;10px&#8221; locked=&#8221;off&#8221;][et_pb_column type=&#8221;1_5&#8243; _builder_version=&#8221;3.25&#8243; custom_padding=&#8221;|||&#8221; custom_padding_tablet=&#8221;&#8221; custom_padding_phone=&#8221;&#8221; custom_padding_last_edited=&#8221;on|desktop&#8221; custom_padding__hover=&#8221;|||&#8221;][et_pb_code admin_label=&#8221;fecha 12\/12&#8243; module_class=&#8221;fecha-evento&#8221; _builder_version=&#8221;4.0.6&#8243; z_index_tablet=&#8221;500&#8243; locked=&#8221;off&#8221;]Dec<!\u2013- [et_pb_br_holder] -\u2013><!-- [et_pb_line_break_holder] -->12[\/et_pb_code][\/et_pb_column][et_pb_column type=&#8221;3_5&#8243; _builder_version=&#8221;3.25&#8243; custom_padding=&#8221;|||&#8221; custom_padding_tablet=&#8221;&#8221; custom_padding_phone=&#8221;&#8221; custom_padding_last_edited=&#8221;on|desktop&#8221; custom_padding__hover=&#8221;|||&#8221;][et_pb_text admin_label=&#8221;Cena de Navidad&#8221; _builder_version=&#8221;4.0.6&#8243; z_index_tablet=&#8221;500&#8243; locked=&#8221;off&#8221;]<\/p>\n<h3>Academy Christmas dinner<\/h3>\n<p>The traditional Christmas Dinner of the <strong>Royal European Academy of Doctors<\/strong> will be held on <strong>December 12 (Thursday) at 9:00 p.m. in the &#8216;Espuela&#8217; Hall of the Equestrian Circle (Balmes, 169 bis &#8211; Barcelona)<\/strong>, reserved for the exclusive use of the Academy.<\/p>\n<p>In case you could attend, we would be delighted to have your presence. In this case you should enter the amount of the dinner (the menu has a price of <strong>\u20ac60 per person &#8211; IVA included-<\/strong> with a previous snack) in the account number of the Royal European Academy of Doctors: <strong>La Caixa IBAN ES15 2100 0468 0102 0041 6300<\/strong><\/p>\n<p>For a better organization we would ask you to make a bank transfer from this moment and when you wish indicating the name of the people who will attend.<\/p>\n<p>[\/et_pb_text][et_pb_code admin_label=&#8221;C\u00f3digo &#8211; descarga el men\u00fa de la cena&#8221; _builder_version=&#8221;4.0.6&#8243; z_index_tablet=&#8221;500&#8243; locked=&#8221;off&#8221;]<a href=\"https:\/\/raed.academy\/wp-content\/uploads\/2019\/12\/menu-cena-de-navidad-RAED-2019-compr.pdf\" target=\"_blank\" class=\"et_pb_button\" rel=\"noopener noreferrer\">Dinner menu<\/a>[\/et_pb_code][\/et_pb_column][et_pb_column type=&#8221;1_5&#8243; _builder_version=&#8221;3.25&#8243; custom_padding=&#8221;|||&#8221; custom_padding__hover=&#8221;|||&#8221;][et_pb_gallery gallery_ids=&#8221;85130,85121,85088&#8243; fullwidth=&#8221;on&#8221; _builder_version=&#8221;4.3.4&#8243; locked=&#8221;off&#8221;][\/et_pb_gallery][\/et_pb_column][\/et_pb_row][et_pb_row column_structure=&#8221;1_5,3_5,1_5&#8243; use_custom_gutter=&#8221;on&#8221; gutter_width=&#8221;1&#8243; make_equal=&#8221;on&#8221; admin_label=&#8221;Row&#8221; module_id=&#8221;1212&#8243; module_class=&#8221;evento&#8221; _builder_version=&#8221;4.0.6&#8243; width=&#8221;100%&#8221; width_tablet=&#8221;&#8221; width_phone=&#8221;&#8221; width_last_edited=&#8221;on|desktop&#8221; max_width=&#8221;100%&#8221; max_width_tablet=&#8221;&#8221; max_width_phone=&#8221;&#8221; max_width_last_edited=&#8221;on|desktop&#8221; module_alignment=&#8221;center&#8221; z_index_tablet=&#8221;500&#8243; box_shadow_style=&#8221;preset3&#8243; box_shadow_horizontal=&#8221;10px&#8221; locked=&#8221;off&#8221;][et_pb_column type=&#8221;1_5&#8243; _builder_version=&#8221;3.25&#8243; custom_padding=&#8221;|||&#8221; custom_padding_tablet=&#8221;&#8221; custom_padding_phone=&#8221;&#8221; custom_padding_last_edited=&#8221;on|desktop&#8221; custom_padding__hover=&#8221;|||&#8221;][et_pb_code admin_label=&#8221;fecha 12\/12&#8243; module_class=&#8221;fecha-evento&#8221; _builder_version=&#8221;4.0.6&#8243; z_index_tablet=&#8221;500&#8243; locked=&#8221;off&#8221;]Dec<!\u2013- [et_pb_br_holder] -\u2013><!-- [et_pb_line_break_holder] -->12[\/et_pb_code][\/et_pb_column][et_pb_column type=&#8221;3_5&#8243; _builder_version=&#8221;3.25&#8243; custom_padding=&#8221;|||&#8221; custom_padding_tablet=&#8221;&#8221; custom_padding_phone=&#8221;&#8221; custom_padding_last_edited=&#8221;on|desktop&#8221; custom_padding__hover=&#8221;|||&#8221;][et_pb_text admin_label=&#8221;Maltrato a ancianos&#8221; _builder_version=&#8221;4.0.6&#8243; z_index_tablet=&#8221;500&#8243; locked=&#8221;off&#8221;]<\/p>\n<h3>The risks of aging here and now. A critical dialogue on bad treatments for older persons.<\/h3>\n<p>In recent years a new and serious social problem has emerged: the mistreatment of the elderly. However, it is necessary to warn that it is not so much a new phenomenon but the way out of its invisibility. Indeed, more and more cases of ill-treatment of long-term or elderly people emerge to the surface and this happens in a wide range of modalities, from neglect and abandonment to physical violence or economic plunder.<\/p>\n<p>This is how, from the basic social services, the mental health and health devices or the state security forces and the prosecutor&#8217;s office, situations in which the elderly are subject to theft, fraud, beatings, threats or insults are detected. And all this happens without, so far, public administrations have taken action on the matter in a determined way through the implementation of legal, social or health measures.<\/p>\n<p>Within this framework, an initiative has emerged from professionals linked to the <a href=\"https:\/\/www.elbaixllobregat.cat\/\" target=\"_blank\" rel=\"noopener noreferrer\"><strong>Regional Council of Baix Llobregat<\/strong><\/a>. This initiative is the <a href=\"https:\/\/www.elbaixllobregat.cat\/seap\" target=\"_blank\" rel=\"noopener noreferrer\"><strong>SEAP, Servei Especialitzat d\u2019Atenci\u00f3 les les Persones Grans<\/strong><\/a>. This service is interdisciplinary in nature (social, legal and health) and has managed to build a discourse and a methodology that is facilitating the actions of the Prosecutor and the world of the judiciary.<\/p>\n<p>This day will focus on the presentation of the SEAP, its methodology and a brief memory of the cases in which it has intervened. There will also be the participation of professionals from other disciplines to debate and critically reflect on this social scourge that is the mistreatment of the elderly.<\/p>\n<h4>Program<\/h4>\n<p>From 17.30 to 17.45 h. Presentation of the Conference:<\/p>\n<ul>\n<li><strong><a href=\"https:\/\/raed.academy\/ca\/academics\/dr-jose-ramon-calvo-fernandez\/\">Dr. Jos\u00e9 Ram\u00f3n Calvo Fern\u00e1ndez<\/a>, <\/strong>President of the Institute for International Cooperation of the <strong>Royal European Academy of Doctors<\/strong><\/li>\n<li><strong>Eva M. Mart\u00ednez Morales,<\/strong>President of the Regional Council of Baix Llobregat<\/li>\n<\/ul>\n<p>17.45 &#8211; 18.30 h. Experience of good treatment for the elderly and people in situations of fragility.<\/p>\n<p>Moderator:<a href=\"https:\/\/raed.academy\/ca\/academics\/dr-jose-ramon-calvo-fernandez\/\"> <strong>Dr. Jos\u00e9 Ram\u00f3n Calvo Fern\u00e1ndez<\/strong><\/a><\/p>\n<ul>\n<li><strong>Dr. Josep Moya Oll\u00e9. <\/strong>Psychiatrist and psychogeriatra of the Servei Especialitzat d\u2019Atenci\u00f3 a les Persones (SEAP) of the Baix Llobregat. Contributor of the Centre d\u2019Estudis Jur\u00eddics and Formaci\u00f3 Especialitzada of the\u00a0Departament de Just\u00edcia de la Generalitat de Catalunya.<\/li>\n<li><strong>Ester Fornells Admella. <\/strong>Coordinator of <em>Servei Especialitzat d\u2019Atenci\u00f3 a les Persones<\/em> (SEAP). Coordinator of <em>Servei Especialitzat d\u2019Atenci\u00f3 a la Inf\u00e0ncia i Adolesc\u00e8ncia<\/em> (SEAIA) of the Baix Llobregat.<\/li>\n<\/ul>\n<p>18.30 &#8211; 19.15 h. Dialogue Table-1<\/p>\n<ul>\n<li><strong>Maria Rosa Rubio Ramos. <\/strong>Prosecutor Devolved of the Civil Speciality and of Juridical Protection of the Persons with Disability for the Freelance Community of Canaries. Vowel of the Fiscal Council.<\/li>\n<li><strong>M\u00f2nica Rinc\u00f3n Acereda.<\/strong> Forensic psychologist of the Institute of Legal Medicine and Forensic Sciences of\u00a0Las\u00a0Palmas.<\/li>\n<li><strong>Manuel Murillo Rosado.\u00a0<\/strong>Director of Communication of the Real European Academy of Doctors (RAED).<\/li>\n<\/ul>\n<p>19.15 &#8211; 20 h. Dialogue table-2<\/p>\n<ul>\n<li><strong>Almudena Castro-Girona Mart\u00ednez. <\/strong>Notary director of the Aequitas Foundation of the CGN and president of the Human Rights Commission of the UINL<\/li>\n<li><strong>Dr. Xavier Altarriba Mercader. <\/strong>PhD in Neurosciences and Phd in Sociology. Analyst Programmer.<\/li>\n<li><strong>Dr. Ant\u00f3n Costas\u00a0Comesa\u00f1a.<\/strong> Professor of Economics. President of the Foundation <em>Cercle d&#8217;Economia<\/em>.<\/li>\n<\/ul>\n<p><strong>Cost of the event:<\/strong> Free previous inscription (capacity limited)<br \/><strong>Place<\/strong>: <a href=\"http:\/\/www.reialcercleartistic.cat\">Reial Cercle Art\u00edstic de Barcelona<\/a>, Carrer dels Arcs, 5, 08002 Barcelona<br \/><strong>Date:<\/strong> 12.12.2019<br \/><strong>Hour of onset:<\/strong> 17:30h<\/p>\n<p>[\/et_pb_text][\/et_pb_column][et_pb_column type=&#8221;1_5&#8243; _builder_version=&#8221;3.25&#8243; custom_padding=&#8221;|||&#8221; custom_padding__hover=&#8221;|||&#8221;][et_pb_image _builder_version=&#8221;4.3.4&#8243;][\/et_pb_image][\/et_pb_column][\/et_pb_row][et_pb_row column_structure=&#8221;1_5,3_5,1_5&#8243; use_custom_gutter=&#8221;on&#8221; gutter_width=&#8221;1&#8243; make_equal=&#8221;on&#8221; module_id=&#8221;1612&#8243; module_class=&#8221;evento&#8221; _builder_version=&#8221;4.0.6&#8243; width=&#8221;100%&#8221; width_tablet=&#8221;&#8221; width_phone=&#8221;&#8221; width_last_edited=&#8221;on|desktop&#8221; max_width=&#8221;100%&#8221; max_width_tablet=&#8221;&#8221; max_width_phone=&#8221;&#8221; max_width_last_edited=&#8221;on|desktop&#8221; module_alignment=&#8221;center&#8221; z_index_tablet=&#8221;500&#8243; box_shadow_style=&#8221;preset3&#8243; box_shadow_horizontal=&#8221;10px&#8221; locked=&#8221;off&#8221;][et_pb_column type=&#8221;1_5&#8243; _builder_version=&#8221;3.25&#8243; custom_padding=&#8221;|||&#8221; custom_padding_tablet=&#8221;&#8221; custom_padding_phone=&#8221;&#8221; custom_padding_last_edited=&#8221;on|desktop&#8221; custom_padding__hover=&#8221;|||&#8221;][et_pb_code admin_label=&#8221;fecha 16\/12&#8243; module_class=&#8221;fecha-evento&#8221; _builder_version=&#8221;4.0.6&#8243; z_index_tablet=&#8221;500&#8243;]Dec<!\u2013- [et_pb_br_holder] -\u2013><!-- [et_pb_line_break_holder] -->16[\/et_pb_code][\/et_pb_column][et_pb_column type=&#8221;3_5&#8243; _builder_version=&#8221;3.25&#8243; custom_padding=&#8221;|||&#8221; custom_padding_tablet=&#8221;&#8221; custom_padding_phone=&#8221;&#8221; custom_padding_last_edited=&#8221;on|phone&#8221; custom_padding__hover=&#8221;|||&#8221;][et_pb_text admin_label=&#8221;iese-alumni-learning-program&#8221; _builder_version=&#8221;4.0.6&#8243; z_index_tablet=&#8221;500&#8243; locked=&#8221;off&#8221;]<\/p>\n<h3>IESE Alumni Learning Program \u00b7 Ciclo Econom\u00eda &#8211; Extraordinary Session<\/h3>\n<p><strong>The world in a changing environment: from digital transformation to climate emergency or commercial warfare<\/strong><\/p>\n<p><strong>Speaker: Jos\u00e9 Manuel Gonz\u00e1lez-P\u00e1ramo<\/strong>, Executive Director, BBVA<strong><br \/>Moderator:\u00a0 Prof. Pedro Videla<\/strong>, Economy, IESE<strong><br \/><\/strong><\/p>\n<p>The world is constantly evolving and changes are happening at a dizzying pace. We are in the fourth industrial revolution, the digital transformation, which is modifying the way in which we relate to people, business models, and ultimately the way in which value is created. Additionally, citizens face challenges such as environmental degradation and climate change, demographic transition, migration and inequalities.<\/p>\n<p>Together with these structural changes, the commercial war, Brexit and the increasingly limited capacity of central banks to relaunch the economy raise doubts about the ability of European governments to ensure inclusive and sustainable growth over the time.<\/p>\n<p>Given this situation it is necessary to make a calm reflection on the current situation and the different future scenarios that we will face in the coming months and years.<\/p>\n<p><strong><br \/><a href=\"https:\/\/alumni.iese.edu\/es\/web\/guest\/evento\/el-mundo-en-un-entorno-de-variacion-\" target=\"_blank\" rel=\"noopener noreferrer\">Enroll here<\/a><br \/><\/strong><strong>Place: <\/strong>Barcelona, Barcelona North Campus &#8211; Aula Magna (Arn\u00fas i Gar\u00ed, 5)<br \/><strong>Date:<\/strong> 16.12.2019<br \/><strong>Time:<\/strong> From 12:00 to 13:30<\/p>\n<p>[\/et_pb_text][et_pb_code admin_label=&#8221;logos RAED &#8211; IESE&#8221; _builder_version=&#8221;4.0.6&#8243; locked=&#8221;off&#8221;]<\/p>\n<div class=\"fila\" style=\"margin-top: 30px; display: flex;align-items: center;\"><!-- [et_pb_line_break_holder] -->  <\/p>\n<div class=\"col-6\"><!-- [et_pb_line_break_holder] -->    <img decoding=\"async\" src=\"https:\/\/raed.academy\/wp-content\/uploads\/2018\/10\/logo-raed.png\" height=\"141.533\" width=\"220\"><!-- [et_pb_line_break_holder] -->  <\/div>\n<p><!-- [et_pb_line_break_holder] -->  <\/p>\n<div class=\"col-6\"><!-- [et_pb_line_break_holder] -->    <img decoding=\"async\" src=\"https:\/\/raed.academy\/wp-content\/uploads\/2019\/12\/IESE-logo.png\" height=\"46.9333\" width=\"220\"><!-- [et_pb_line_break_holder] -->  <\/div>\n<p><!-- [et_pb_line_break_holder] --><\/div>\n<p>[\/et_pb_code][\/et_pb_column][et_pb_column type=&#8221;1_5&#8243; _builder_version=&#8221;3.25&#8243; custom_padding=&#8221;|||&#8221; custom_padding__hover=&#8221;|||&#8221;][et_pb_image src=&#8221;https:\/\/raed.academy\/wp-content\/uploads\/2019\/12\/sesion-IESE-el-mundo-en-un-entorno-de-cambio.jpeg&#8221; _builder_version=&#8221;4.3.4&#8243; locked=&#8221;off&#8221;][\/et_pb_image][\/et_pb_column][\/et_pb_row][et_pb_row column_structure=&#8221;1_5,3_5,1_5&#8243; use_custom_gutter=&#8221;on&#8221; gutter_width=&#8221;1&#8243; make_equal=&#8221;on&#8221; module_id=&#8221;1812&#8243; module_class=&#8221;evento&#8221; _builder_version=&#8221;4.0.6&#8243; width=&#8221;100%&#8221; width_tablet=&#8221;&#8221; width_phone=&#8221;&#8221; width_last_edited=&#8221;on|desktop&#8221; max_width=&#8221;100%&#8221; max_width_tablet=&#8221;&#8221; max_width_phone=&#8221;&#8221; max_width_last_edited=&#8221;on|desktop&#8221; module_alignment=&#8221;center&#8221; z_index_tablet=&#8221;500&#8243; box_shadow_style=&#8221;preset3&#8243; box_shadow_horizontal=&#8221;10px&#8221; locked=&#8221;off&#8221;][et_pb_column type=&#8221;1_5&#8243; _builder_version=&#8221;3.25&#8243; custom_padding=&#8221;|||&#8221; custom_padding_tablet=&#8221;&#8221; custom_padding_phone=&#8221;&#8221; custom_padding_last_edited=&#8221;on|desktop&#8221; custom_padding__hover=&#8221;|||&#8221;][et_pb_code admin_label=&#8221;fecha 18\/12&#8243; module_class=&#8221;fecha-evento&#8221; _builder_version=&#8221;4.0.6&#8243; z_index_tablet=&#8221;500&#8243;]Dec<!\u2013- [et_pb_br_holder] -\u2013><!-- [et_pb_line_break_holder] -->18[\/et_pb_code][\/et_pb_column][et_pb_column type=&#8221;3_5&#8243; _builder_version=&#8221;3.25&#8243; custom_padding=&#8221;|||&#8221; custom_padding_tablet=&#8221;&#8221; custom_padding_phone=&#8221;&#8221; custom_padding_last_edited=&#8221;on|phone&#8221; custom_padding__hover=&#8221;|||&#8221;][et_pb_text admin_label=&#8221;Ingreso Dr. Alejandro Pursals Puig &#8221; _builder_version=&#8221;4.0.6&#8243; z_index_tablet=&#8221;500&#8243; locked=&#8221;off&#8221;]<\/p>\n<h3>Admission as a Corresponding Academician: Alejandro Pursals Puig, Doctor of Economic Sciences<\/h3>\n<p><strong>Admission speech:<\/strong> &#8220;Panam\u00e1, puente entre continentes&#8221;.<br \/><strong>Speech in reply:\u00a0 <\/strong><a href=\"https:\/\/raed.academy\/academicos\/dr-jose-maria-gay-de-liebana-saludas\/\" target=\"_blank\" rel=\"noopener noreferrer\">Excmo. Sr. Dr. Jos\u00e9 M\u00aa Gay de Li\u00e9bana Saludas<\/a><br \/><strong>Venue:<\/strong>\u00a0Assembly Hall of Work Promotion \u2013 Via Laietana, 32, Pral, Barcelona<br \/><strong>Event Date:<\/strong> 18 Dec 2019<br \/><strong>Event time:<\/strong> 7.30 p.m.<\/p>\n<p>[\/et_pb_text][\/et_pb_column][et_pb_column type=&#8221;1_5&#8243; _builder_version=&#8221;3.25&#8243; custom_padding=&#8221;|||&#8221; custom_padding__hover=&#8221;|||&#8221;][et_pb_image src=&#8221;https:\/\/raed.academy\/wp-content\/uploads\/2019\/12\/ingreso-RAED-Alejandro-Pursals-Puig-3.jpg&#8221; _builder_version=&#8221;4.3.4&#8243;][\/et_pb_image][\/et_pb_column][\/et_pb_row][et_pb_row column_structure=&#8221;1_4,1_4,1_4,1_4&#8243; use_custom_gutter=&#8221;on&#8221; gutter_width=&#8221;1&#8243; make_equal=&#8221;on&#8221; module_class=&#8221; et_pb_row_fullwidth et_pb_row_fullwidth et_pb_row_fullwidth paginacion&#8221; _builder_version=&#8221;3.25&#8243; width=&#8221;100%&#8221; width_tablet=&#8221;80%&#8221; width_phone=&#8221;&#8221; width_last_edited=&#8221;on|desktop&#8221; max_width=&#8221;100%&#8221; max_width_tablet=&#8221;80%&#8221; max_width_phone=&#8221;&#8221; max_width_last_edited=&#8221;on|desktop&#8221; module_alignment=&#8221;center&#8221; z_index_tablet=&#8221;500&#8243; make_fullwidth=&#8221;on&#8221; locked=&#8221;off&#8221;][et_pb_column type=&#8221;1_4&#8243; _builder_version=&#8221;3.25&#8243; custom_padding=&#8221;|||&#8221; custom_padding__hover=&#8221;|||&#8221;][et_pb_code admin_label=&#8221;Paginaci\u00f3n 2018&#8243; module_id=&#8221;eventos&#8221; module_class=&#8221;pgAnterior&#8221; _builder_version=&#8221;3.22.7&#8243; z_index_tablet=&#8221;500&#8243;]<a href=\"https:\/\/raed.academy\/en\/activities\/history-2018\/\">\u276e ACTIVITIES 2018<\/a>[\/et_pb_code][\/et_pb_column][et_pb_column type=&#8221;1_4&#8243; _builder_version=&#8221;3.25&#8243; custom_padding=&#8221;|||&#8221; custom_padding__hover=&#8221;|||&#8221;][\/et_pb_column][et_pb_column type=&#8221;1_4&#8243; _builder_version=&#8221;3.25&#8243; custom_padding=&#8221;|||&#8221; custom_padding__hover=&#8221;|||&#8221;][\/et_pb_column][et_pb_column type=&#8221;1_4&#8243; _builder_version=&#8221;3.25&#8243; custom_padding=&#8221;|||&#8221; custom_padding__hover=&#8221;|||&#8221;][et_pb_code admin_label=&#8221;Paginaci\u00f3n Pr\u00f3ximas actividades&#8221; module_class=&#8221;pgSiguiente&#8221; _builder_version=&#8221;4.8.2&#8243; hover_enabled=&#8221;0&#8243; z_index_tablet=&#8221;500&#8243; sticky_enabled=&#8221;0&#8243;]<a href=\"https:\/\/raed.academy\/en\/activities\/\">LAST ACTIVITIES<i class=\"fas fa-chevron-right\"><\/i><\/a><!-- [et_pb_line_break_holder] -->[\/et_pb_code][\/et_pb_column][\/et_pb_row][\/et_pb_section]<\/p>\n","protected":false},"excerpt":{"rendered":"<p>History of Activities 2019JANUARY 2019 Colloquium-debate &#8220;La\u00efcit\u00e9 &#8211; Laicidad. Two different roads in France and Spain with common values &#8221; Speakers: Manuel Valls Galfetti. Former Prime Minister of France (2014-2016) Joan Francesc Pont. President of the Fundaci\u00f3n Ferrer i Guardia, member of the Governing Board of the RAED and Numerary Academician Santiago Castell\u00e0, Professor of [&hellip;]<\/p>\n","protected":false},"author":16,"featured_media":0,"parent":34051,"menu_order":0,"comment_status":"closed","ping_status":"closed","template":"page-template-fullwidth.php","meta":{"_et_pb_use_builder":"on","_et_pb_old_content":"<hr \/>\r\n\r\n<div class=\"paginacion\"><a class=\"pgAnterior\" href=\"http:\/\/raed.academy\/actividades\/historial-2018\/\">\u276e ACTIVIDADES 2018<\/a><\/div>\r\n<div id=\"eventos\">\r\n<h2>ENERO 2019<\/h2>\r\n<table class=\"tablaEventos\"><colgroup> <col style=\"text-align: center; font-style: italic; font-size: 18px;\" \/> <col \/> <col style=\"width: 170px;\" \/> <\/colgroup>\r\n<tbody><!-- enero\/2019 -->\r\n<tr id=\"evento1001\">\r\n<td class=\"fechaEvento\">10 enero\r\n2019<\/td>\r\n<td>\r\n<h3>Coloquio-debate \"La\u00efcit\u00e9 - Laicidad. Dos caminos diferentes en Francia y en Espa\u00f1a con valores comunes\"<\/h3>\r\nIntervienen:\r\n<ul>\r\n \t<li><strong>Manuel Valls Galfetti<\/strong>. Ex Primer Ministro de la Rep\u00fablica Francesa (2014-2016)<\/li>\r\n \t<li><a href=\"https:\/\/raed.academy\/academicos\/dr-joan-francesc-pont-clemente\/\" target=\"_blank\" rel=\"noopener\"><strong>Joan Francesc Pont<\/strong><\/a>. Presidente de la <strong>Fundaci\u00f3n Ferrer y Guardia<\/strong>, Acad\u00e9mico de N\u00famero y miembro de la Junta de Gobierno de la RAED<\/li>\r\n \t<li><a href=\"https:\/\/raed.academy\/academicos\/dr-santiago-jose-castella-surribas\/\" target=\"_blank\" rel=\"noopener\"><strong>Santiago J. Castell\u00e0<\/strong><\/a>, Profesor de la URV y Acad\u00e9mico de Numero de la RAED.<\/li>\r\n<\/ul>\r\nModerador: <strong>Richard Onses<\/strong>. Acad\u00e9mico Correspondiente Electo de la RAED. Evento co-organizado con <strong>UFE: Union des Fran\u00e7ais de l'Etranger<\/strong>\r\n\r\nLugar: Sala de actos de Fomento del Trabajo \u2013 Via Laietana, 32, Pral, Barcelona\r\nFecha: 10.01.2019 a las 19:00h\r\n\r\n<img class=\"alignnone size-full wp-image-62966\" src=\"https:\/\/raed.academy\/wp-content\/uploads\/2018\/12\/invitacion-V6-es-web.jpg\" alt=\"Invitaci\u00f3n al debate sobre Laicismo en espa\u00f1a y Francia\" width=\"970\" height=\"597\" \/><\/td>\r\n<td>[gallery type=\"divi\" link=\"file\" columns=\"1\" ids=\"64604,64607,64744,64610,64637\"]<\/td>\r\n<\/tr>\r\n<tr id=\"1601\">\r\n<td class=\"fechaEvento\">16 enero\r\n2019<\/td>\r\n<td>\r\n<h3>Ingreso como Acad\u00e9mico Numerario: <a href=\"https:\/\/raed.academy\/academicos\/dr-joaquin-callabed-carracedo\/\" target=\"_blank\" rel=\"noopener\">Joaqu\u00edn Callabed Carracedo<\/a>, Doctor en Medicina y Cirug\u00eda y especialista en Pediatr\u00eda<\/h3>\r\nDiscurso de ingreso: <a href=\"https:\/\/raed.academy\/wp-content\/uploads\/2019\/01\/discurso-ingreso-Joaquin-Callabed-Una-Mirada-a-Santiago-Ramon-y-Cajal-min.pdf\" target=\"_blank\" rel=\"noopener\"><strong>Una mirada a Santiago Ram\u00f3n i Cajal en su perfil humano y humanista<\/strong><\/a>\r\nResponde: <a href=\"http:\/\/raed.academy\/academicos\/dr-pedro-claros-blanch\/\" target=\"_blank\" rel=\"noopener\"><strong>Dr. Pedro Clar\u00f3s Blanch<\/strong><\/a>\r\n\r\nLugar: Sala de actos de Fomento del Trabajo \u2013 Via Laietana, 32, Pral, Barcelona\r\nFecha: 16.01.2019 a las 19:30h<\/td>\r\n<td>[gallery type=\"divi\" columns=\"1\" link=\"file\" ids=\"64752,64758\"]<\/td>\r\n<\/tr>\r\n<\/tbody>\r\n<\/table>\r\n<div>\r\n\r\n<hr \/>\r\n\r\n<div class=\"paginacion\"><a class=\"pgAnterior\" href=\"http:\/\/raed.academy\/actividades\/historial-2018\/\">\u276e ACTIVIDADES 2018<\/a><\/div>\r\n<div id=\"eventos\"><\/div>\r\n<\/div>\r\n<\/div>","_et_gb_content_width":"","footnotes":""},"class_list":["post-64414","page","type-page","status-publish","hentry"],"yoast_head":"<!-- This site is optimized with the Yoast SEO plugin v27.5 - https:\/\/yoast.com\/product\/yoast-seo-wordpress\/ -->\n<title>The history of Activities 2019 - Royal European Academy of Doctors<\/title>\n<meta name=\"robots\" content=\"index, follow, max-snippet:-1, max-image-preview:large, max-video-preview:-1\" \/>\n<link rel=\"canonical\" href=\"https:\/\/raed.academy\/en\/activities\/history-2019\/\" \/>\n<meta property=\"og:locale\" content=\"en_US\" \/>\n<meta property=\"og:type\" content=\"article\" \/>\n<meta property=\"og:title\" content=\"The history of Activities 2019 - Royal European Academy of Doctors\" \/>\n<meta property=\"og:description\" content=\"La RAED organiza y lleva a cabo una serie de actividades concentradas en mes y medio que contaron con la implicaci\u00f3n activa de numerosos acad\u00e9micos. Recepci\u00f3n de cuatro acad\u00e9micos correspondientes (Stavroula-Ina Piperaki para Grecia, Stephen Zeff y David B. Wilkins para Estados Unidos y Llu\u00eds Vicent Safont para Andorra) Mesa redonda sobre \u00abLa salida de [&hellip;]\" \/>\n<meta property=\"og:url\" content=\"https:\/\/raed.academy\/en\/activities\/history-2019\/\" \/>\n<meta property=\"og:site_name\" content=\"Royal European Academy of Doctors\" \/>\n<meta property=\"article:publisher\" content=\"http:\/\/fb.me\/raed.academy\" \/>\n<meta property=\"article:modified_time\" content=\"2021-02-17T10:04:22+00:00\" \/>\n<meta property=\"og:image\" content=\"https:\/\/raed.academy\/wp-content\/uploads\/2018\/10\/logo-raed.png\" \/>\n<meta name=\"twitter:card\" content=\"summary_large_image\" \/>\n<meta name=\"twitter:site\" content=\"@raedacademy\" \/>\n<meta name=\"twitter:label1\" content=\"Est. reading time\" \/>\n\t<meta name=\"twitter:data1\" content=\"87 minutes\" \/>\n<script type=\"application\/ld+json\" class=\"yoast-schema-graph\">{\"@context\":\"https:\\\/\\\/schema.org\",\"@graph\":[{\"@type\":\"WebPage\",\"@id\":\"https:\\\/\\\/raed.academy\\\/en\\\/activities\\\/history-2019\\\/\",\"url\":\"https:\\\/\\\/raed.academy\\\/en\\\/activities\\\/history-2019\\\/\",\"name\":\"The history of Activities 2019 - Royal European Academy of Doctors\",\"isPartOf\":{\"@id\":\"https:\\\/\\\/raed.academy\\\/en\\\/#website\"},\"primaryImageOfPage\":{\"@id\":\"https:\\\/\\\/raed.academy\\\/en\\\/activities\\\/history-2019\\\/#primaryimage\"},\"image\":{\"@id\":\"https:\\\/\\\/raed.academy\\\/en\\\/activities\\\/history-2019\\\/#primaryimage\"},\"thumbnailUrl\":\"https:\\\/\\\/raed.academy\\\/wp-content\\\/uploads\\\/2018\\\/10\\\/logo-raed.png\",\"datePublished\":\"2019-01-14T09:36:00+00:00\",\"dateModified\":\"2021-02-17T10:04:22+00:00\",\"breadcrumb\":{\"@id\":\"https:\\\/\\\/raed.academy\\\/en\\\/activities\\\/history-2019\\\/#breadcrumb\"},\"inLanguage\":\"en-US\",\"potentialAction\":[{\"@type\":\"ReadAction\",\"target\":[\"https:\\\/\\\/raed.academy\\\/en\\\/activities\\\/history-2019\\\/\"]}]},{\"@type\":\"ImageObject\",\"inLanguage\":\"en-US\",\"@id\":\"https:\\\/\\\/raed.academy\\\/en\\\/activities\\\/history-2019\\\/#primaryimage\",\"url\":\"https:\\\/\\\/raed.academy\\\/wp-content\\\/uploads\\\/2018\\\/10\\\/logo-raed.png\",\"contentUrl\":\"https:\\\/\\\/raed.academy\\\/wp-content\\\/uploads\\\/2018\\\/10\\\/logo-raed.png\"},{\"@type\":\"BreadcrumbList\",\"@id\":\"https:\\\/\\\/raed.academy\\\/en\\\/activities\\\/history-2019\\\/#breadcrumb\",\"itemListElement\":[{\"@type\":\"ListItem\",\"position\":1,\"name\":\"Inicio\",\"item\":\"https:\\\/\\\/raed.academy\\\/en\\\/\"},{\"@type\":\"ListItem\",\"position\":2,\"name\":\"Activities\",\"item\":\"https:\\\/\\\/raed.academy\\\/en\\\/activities\\\/\"},{\"@type\":\"ListItem\",\"position\":3,\"name\":\"The history of Activities 2019\"}]},{\"@type\":\"WebSite\",\"@id\":\"https:\\\/\\\/raed.academy\\\/en\\\/#website\",\"url\":\"https:\\\/\\\/raed.academy\\\/en\\\/\",\"name\":\"Royal European Academy of Doctors\",\"description\":\"Corporaci\u00f3n de derecho p\u00fablico de car\u00e1cter cient\u00edfico, t\u00e9cnico y art\u00edstico, que tiene por objeto la investigaci\u00f3n, el estudio, el fomento y la extensi\u00f3n del conocimiento en su sentido m\u00e1s amplio.\",\"publisher\":{\"@id\":\"https:\\\/\\\/raed.academy\\\/en\\\/#organization\"},\"potentialAction\":[{\"@type\":\"SearchAction\",\"target\":{\"@type\":\"EntryPoint\",\"urlTemplate\":\"https:\\\/\\\/raed.academy\\\/en\\\/?s={search_term_string}\"},\"query-input\":{\"@type\":\"PropertyValueSpecification\",\"valueRequired\":true,\"valueName\":\"search_term_string\"}}],\"inLanguage\":\"en-US\"},{\"@type\":\"Organization\",\"@id\":\"https:\\\/\\\/raed.academy\\\/en\\\/#organization\",\"name\":\"Real Academia Europea de Doctores\",\"url\":\"https:\\\/\\\/raed.academy\\\/en\\\/\",\"logo\":{\"@type\":\"ImageObject\",\"inLanguage\":\"en-US\",\"@id\":\"https:\\\/\\\/raed.academy\\\/en\\\/#\\\/schema\\\/logo\\\/image\\\/\",\"url\":\"https:\\\/\\\/raed.academy\\\/wp-content\\\/uploads\\\/2017\\\/01\\\/cropped-logo_raed.png\",\"contentUrl\":\"https:\\\/\\\/raed.academy\\\/wp-content\\\/uploads\\\/2017\\\/01\\\/cropped-logo_raed.png\",\"width\":512,\"height\":512,\"caption\":\"Real Academia Europea de Doctores\"},\"image\":{\"@id\":\"https:\\\/\\\/raed.academy\\\/en\\\/#\\\/schema\\\/logo\\\/image\\\/\"},\"sameAs\":[\"http:\\\/\\\/fb.me\\\/raed.academy\",\"https:\\\/\\\/x.com\\\/raedacademy\",\"https:\\\/\\\/www.instagram.com\\\/raed.academy\\\/\",\"https:\\\/\\\/www.youtube.com\\\/channel\\\/UCUYQwW2KrdirNWihxMDObwg\"]}]}<\/script>\n<!-- \/ Yoast SEO plugin. -->","yoast_head_json":{"title":"The history of Activities 2019 - Royal European Academy of Doctors","robots":{"index":"index","follow":"follow","max-snippet":"max-snippet:-1","max-image-preview":"max-image-preview:large","max-video-preview":"max-video-preview:-1"},"canonical":"https:\/\/raed.academy\/en\/activities\/history-2019\/","og_locale":"en_US","og_type":"article","og_title":"The history of Activities 2019 - Royal European Academy of Doctors","og_description":"La RAED organiza y lleva a cabo una serie de actividades concentradas en mes y medio que contaron con la implicaci\u00f3n activa de numerosos acad\u00e9micos. Recepci\u00f3n de cuatro acad\u00e9micos correspondientes (Stavroula-Ina Piperaki para Grecia, Stephen Zeff y David B. Wilkins para Estados Unidos y Llu\u00eds Vicent Safont para Andorra) Mesa redonda sobre \u00abLa salida de [&hellip;]","og_url":"https:\/\/raed.academy\/en\/activities\/history-2019\/","og_site_name":"Royal European Academy of Doctors","article_publisher":"http:\/\/fb.me\/raed.academy","article_modified_time":"2021-02-17T10:04:22+00:00","og_image":[{"url":"https:\/\/raed.academy\/wp-content\/uploads\/2018\/10\/logo-raed.png","type":"","width":"","height":""}],"twitter_card":"summary_large_image","twitter_site":"@raedacademy","twitter_misc":{"Est. reading time":"87 minutes"},"schema":{"@context":"https:\/\/schema.org","@graph":[{"@type":"WebPage","@id":"https:\/\/raed.academy\/en\/activities\/history-2019\/","url":"https:\/\/raed.academy\/en\/activities\/history-2019\/","name":"The history of Activities 2019 - Royal European Academy of Doctors","isPartOf":{"@id":"https:\/\/raed.academy\/en\/#website"},"primaryImageOfPage":{"@id":"https:\/\/raed.academy\/en\/activities\/history-2019\/#primaryimage"},"image":{"@id":"https:\/\/raed.academy\/en\/activities\/history-2019\/#primaryimage"},"thumbnailUrl":"https:\/\/raed.academy\/wp-content\/uploads\/2018\/10\/logo-raed.png","datePublished":"2019-01-14T09:36:00+00:00","dateModified":"2021-02-17T10:04:22+00:00","breadcrumb":{"@id":"https:\/\/raed.academy\/en\/activities\/history-2019\/#breadcrumb"},"inLanguage":"en-US","potentialAction":[{"@type":"ReadAction","target":["https:\/\/raed.academy\/en\/activities\/history-2019\/"]}]},{"@type":"ImageObject","inLanguage":"en-US","@id":"https:\/\/raed.academy\/en\/activities\/history-2019\/#primaryimage","url":"https:\/\/raed.academy\/wp-content\/uploads\/2018\/10\/logo-raed.png","contentUrl":"https:\/\/raed.academy\/wp-content\/uploads\/2018\/10\/logo-raed.png"},{"@type":"BreadcrumbList","@id":"https:\/\/raed.academy\/en\/activities\/history-2019\/#breadcrumb","itemListElement":[{"@type":"ListItem","position":1,"name":"Inicio","item":"https:\/\/raed.academy\/en\/"},{"@type":"ListItem","position":2,"name":"Activities","item":"https:\/\/raed.academy\/en\/activities\/"},{"@type":"ListItem","position":3,"name":"The history of Activities 2019"}]},{"@type":"WebSite","@id":"https:\/\/raed.academy\/en\/#website","url":"https:\/\/raed.academy\/en\/","name":"Royal European Academy of Doctors","description":"Corporaci\u00f3n de derecho p\u00fablico de car\u00e1cter cient\u00edfico, t\u00e9cnico y art\u00edstico, que tiene por objeto la investigaci\u00f3n, el estudio, el fomento y la extensi\u00f3n del conocimiento en su sentido m\u00e1s amplio.","publisher":{"@id":"https:\/\/raed.academy\/en\/#organization"},"potentialAction":[{"@type":"SearchAction","target":{"@type":"EntryPoint","urlTemplate":"https:\/\/raed.academy\/en\/?s={search_term_string}"},"query-input":{"@type":"PropertyValueSpecification","valueRequired":true,"valueName":"search_term_string"}}],"inLanguage":"en-US"},{"@type":"Organization","@id":"https:\/\/raed.academy\/en\/#organization","name":"Real Academia Europea de Doctores","url":"https:\/\/raed.academy\/en\/","logo":{"@type":"ImageObject","inLanguage":"en-US","@id":"https:\/\/raed.academy\/en\/#\/schema\/logo\/image\/","url":"https:\/\/raed.academy\/wp-content\/uploads\/2017\/01\/cropped-logo_raed.png","contentUrl":"https:\/\/raed.academy\/wp-content\/uploads\/2017\/01\/cropped-logo_raed.png","width":512,"height":512,"caption":"Real Academia Europea de Doctores"},"image":{"@id":"https:\/\/raed.academy\/en\/#\/schema\/logo\/image\/"},"sameAs":["http:\/\/fb.me\/raed.academy","https:\/\/x.com\/raedacademy","https:\/\/www.instagram.com\/raed.academy\/","https:\/\/www.youtube.com\/channel\/UCUYQwW2KrdirNWihxMDObwg"]}]}},"_links":{"self":[{"href":"https:\/\/raed.academy\/en\/wp-json\/wp\/v2\/pages\/64414","targetHints":{"allow":["GET"]}}],"collection":[{"href":"https:\/\/raed.academy\/en\/wp-json\/wp\/v2\/pages"}],"about":[{"href":"https:\/\/raed.academy\/en\/wp-json\/wp\/v2\/types\/page"}],"author":[{"embeddable":true,"href":"https:\/\/raed.academy\/en\/wp-json\/wp\/v2\/users\/16"}],"replies":[{"embeddable":true,"href":"https:\/\/raed.academy\/en\/wp-json\/wp\/v2\/comments?post=64414"}],"version-history":[{"count":0,"href":"https:\/\/raed.academy\/en\/wp-json\/wp\/v2\/pages\/64414\/revisions"}],"up":[{"embeddable":true,"href":"https:\/\/raed.academy\/en\/wp-json\/wp\/v2\/pages\/34051"}],"wp:attachment":[{"href":"https:\/\/raed.academy\/en\/wp-json\/wp\/v2\/media?parent=64414"}],"curies":[{"name":"wp","href":"https:\/\/api.w.org\/{rel}","templated":true}]}}