{"id":63475,"date":"2018-12-24T11:57:42","date_gmt":"2018-12-24T11:57:42","guid":{"rendered":"https:\/\/raed.academy\/?page_id=63475"},"modified":"2020-05-15T10:14:53","modified_gmt":"2020-05-15T10:14:53","slug":"history-2015","status":"publish","type":"page","link":"https:\/\/raed.academy\/en\/activities\/history-2015\/","title":{"rendered":"History of activities 2015"},"content":{"rendered":"<p>[et_pb_section fb_built=&#8221;1&#8243; module_id=&#8221;eventos-historial&#8221; _builder_version=&#8221;3.22.7&#8243; inner_width_tablet=&#8221;50px&#8221; inner_max_width_tablet=&#8221;50px&#8221; z_index_tablet=&#8221;500&#8243; locked=&#8221;off&#8221;][et_pb_row _builder_version=&#8221;3.25&#8243; background_size=&#8221;initial&#8221; background_position=&#8221;top_left&#8221; background_repeat=&#8221;repeat&#8221;][et_pb_column type=&#8221;4_4&#8243; _builder_version=&#8221;3.25&#8243; custom_padding=&#8221;|||&#8221; custom_padding__hover=&#8221;|||&#8221;][et_pb_text admin_label=&#8221;Texto &#8211; T\u00edtulo&#8221; _builder_version=&#8221;3.27.4&#8243; z_index_tablet=&#8221;500&#8243;]<\/p>\n<h1>History of activities 2015<\/h1>\n<p>[\/et_pb_text][\/et_pb_column][\/et_pb_row][et_pb_row use_custom_gutter=&#8221;on&#8221; gutter_width=&#8221;1&#8243; make_equal=&#8221;on&#8221; module_class=&#8221; et_pb_row_fullwidth et_pb_row_fullwidth et_pb_row_fullwidth paginacion&#8221; _builder_version=&#8221;3.25&#8243; width=&#8221;100%&#8221; width_tablet=&#8221;&#8221; width_phone=&#8221;&#8221; width_last_edited=&#8221;on|phone&#8221; max_width=&#8221;100%&#8221; max_width_tablet=&#8221;80%&#8221; max_width_phone=&#8221;&#8221; max_width_last_edited=&#8221;on|desktop&#8221; module_alignment=&#8221;center&#8221; z_index_tablet=&#8221;500&#8243; make_fullwidth=&#8221;on&#8221; column_structure=&#8221;1_4,1_4,1_4,1_4&#8243;][et_pb_column type=&#8221;1_4&#8243; _builder_version=&#8221;3.25&#8243; custom_padding=&#8221;|||&#8221; custom_padding__hover=&#8221;|||&#8221;][\/et_pb_column][et_pb_column type=&#8221;1_4&#8243; _builder_version=&#8221;3.25&#8243; custom_padding=&#8221;|||&#8221; custom_padding__hover=&#8221;|||&#8221;][\/et_pb_column][et_pb_column type=&#8221;1_4&#8243; _builder_version=&#8221;3.25&#8243; custom_padding=&#8221;|||&#8221; custom_padding__hover=&#8221;|||&#8221;][\/et_pb_column][et_pb_column type=&#8221;1_4&#8243; _builder_version=&#8221;3.25&#8243; custom_padding=&#8221;|||&#8221; custom_padding__hover=&#8221;|||&#8221;][et_pb_code admin_label=&#8221;Paginaci\u00f3n 2016&#8243; module_class=&#8221;pgSiguiente&#8221; _builder_version=&#8221;3.22.7&#8243; text_orientation=&#8221;center&#8221; z_index_tablet=&#8221;500&#8243;]<a href=\"https:\/\/raed.academy\/en\/activities\/history-2016\/\"> ACTIVITIES 2016 <i class=\"fas fa-chevron-right\"><\/i><\/a>[\/et_pb_code][\/et_pb_column][\/et_pb_row][et_pb_row use_custom_gutter=&#8221;on&#8221; gutter_width=&#8221;1&#8243; make_equal=&#8221;on&#8221; module_class=&#8221; et_pb_row_fullwidth et_pb_row_fullwidth et_pb_row_fullwidth paginacion&#8221; _builder_version=&#8221;3.25&#8243; width=&#8221;100%&#8221; width_tablet=&#8221;80%&#8221; width_phone=&#8221;&#8221; width_last_edited=&#8221;on|desktop&#8221; max_width=&#8221;100%&#8221; max_width_tablet=&#8221;80%&#8221; max_width_phone=&#8221;&#8221; max_width_last_edited=&#8221;on|desktop&#8221; module_alignment=&#8221;center&#8221; z_index_tablet=&#8221;500&#8243; make_fullwidth=&#8221;on&#8221;][et_pb_column type=&#8221;4_4&#8243; _builder_version=&#8221;3.25&#8243; custom_padding=&#8221;|||&#8221; custom_padding__hover=&#8221;|||&#8221;][et_pb_divider color=&#8221;#6b5d38&#8243; divider_weight=&#8221;2&#8243; _builder_version=&#8221;3.22.4&#8243; z_index_tablet=&#8221;500&#8243;][\/et_pb_divider][\/et_pb_column][\/et_pb_row][et_pb_row _builder_version=&#8221;3.25&#8243;][et_pb_column type=&#8221;4_4&#8243; _builder_version=&#8221;3.25&#8243; custom_padding=&#8221;|||&#8221; custom_padding__hover=&#8221;|||&#8221;][et_pb_text admin_label=&#8221;JANUARY\/2015&#8243; _builder_version=&#8221;3.27.4&#8243; z_index_tablet=&#8221;500&#8243;]<\/p>\n<h2>JANUARY 2015<\/h2>\n<p>[\/et_pb_text][\/et_pb_column][\/et_pb_row][et_pb_row use_custom_gutter=&#8221;on&#8221; gutter_width=&#8221;1&#8243; make_equal=&#8221;on&#8221; custom_padding_last_edited=&#8221;on|desktop&#8221; module_id=&#8221;1001&#8243; module_class=&#8221;evento et_pb_row_fullwidth et_pb_row_fullwidth et_pb_row_fullwidth&#8221; _builder_version=&#8221;3.25&#8243; width=&#8221;100%&#8221; width_tablet=&#8221;100%&#8221; width_phone=&#8221;&#8221; width_last_edited=&#8221;on|desktop&#8221; max_width=&#8221;100%&#8221; max_width_tablet=&#8221;100%&#8221; max_width_phone=&#8221;&#8221; max_width_last_edited=&#8221;on|desktop&#8221; module_alignment=&#8221;center&#8221; custom_padding=&#8221;||35px|&#8221; custom_padding_tablet=&#8221;&#8221; custom_padding_phone=&#8221;&#8221; z_index_tablet=&#8221;500&#8243; box_shadow_style=&#8221;preset3&#8243; box_shadow_horizontal=&#8221;10px&#8221; make_fullwidth=&#8221;on&#8221; column_structure=&#8221;1_5,3_5,1_5&#8243;][et_pb_column type=&#8221;1_5&#8243; _builder_version=&#8221;3.25&#8243; custom_padding=&#8221;||25px|&#8221; custom_padding_last_edited=&#8221;off|phone&#8221; custom_padding__hover=&#8221;|||&#8221;][et_pb_code admin_label=&#8221;fecha 15\/01&#8243; module_class=&#8221;fecha-evento&#8221; _builder_version=&#8221;3.22.7&#8243; z_index_tablet=&#8221;500&#8243;]Jan<!\u2013- [et_pb_br_holder] -\u2013><!-- [et_pb_line_break_holder] -->15[\/et_pb_code][\/et_pb_column][et_pb_column type=&#8221;3_5&#8243; _builder_version=&#8221;3.25&#8243; custom_padding=&#8221;|45px||&#8221; custom_padding_tablet=&#8221;|20px||&#8221; custom_padding_last_edited=&#8221;on|desktop&#8221; custom_padding__hover=&#8221;|||&#8221;][et_pb_text admin_label=&#8221;Sesi\u00f3n Acad\u00e9mica de la Secci\u00f3n de Ciencias de la Salud&#8221; _builder_version=&#8221;3.27.4&#8243; z_index_tablet=&#8221;500&#8243;]<\/p>\n<h3>Academic Session of the Section of Health Sciences<\/h3>\n<p>Presentation: <a href=\"https:\/\/raed.academy\/en\/academicians\/dr-maria-dels-angels-calvo-torras\/\" target=\"_blank\" rel=\"noopener noreferrer\">Dra. M. \u00c0ngels Calvo Torras<\/a><\/p>\n<p>Speakers:<\/p>\n<p>\u2022 Description and evaluation of the different systems sanitaris europeus: <a href=\"https:\/\/raed.academy\/en\/academicians\/dr-joaquim-gironella-coll\/\" target=\"_blank\" rel=\"noopener noreferrer\">Dr. Joaquim Gironella Coll.<\/a><br \/>\u2022 Economic effects on the public health system by early diagnosis of diseases: <a href=\"https:\/\/raed.academy\/en\/academicians\/dr-ana-maria-gil-lafuente\/\" target=\"_blank\" rel=\"noopener noreferrer\">Dra. Anna Maria Gil Lafuente<\/a>.<br \/>\u2022 Be sa trobar-se b\u00e9: El repte del futur: <a href=\"https:\/\/raed.academy\/en\/academicians\/dr-rosmarie-cammany-dorr\/\" target=\"_blank\" rel=\"noopener noreferrer\">Dr. Rosmarie Cammany Dorr<\/a>.<\/p>\n<p>Date: 15.01.2015<\/p>\n<p>[\/et_pb_text][\/et_pb_column][et_pb_column type=&#8221;1_5&#8243; _builder_version=&#8221;3.25&#8243; custom_padding=&#8221;|20px||&#8221; custom_padding_last_edited=&#8221;on|phone&#8221; custom_padding__hover=&#8221;|||&#8221;][et_pb_image show_in_lightbox=&#8221;on&#8221; use_overlay=&#8221;on&#8221; overlay_icon_color=&#8221;#6b5d38&#8243; align=&#8221;center&#8221; force_fullwidth=&#8221;on&#8221; align_tablet=&#8221;center&#8221; align_last_edited=&#8221;on|desktop&#8221; _builder_version=&#8221;3.23&#8243; module_alignment=&#8221;center&#8221; custom_margin=&#8221;10px|||&#8221; custom_margin_tablet=&#8221;25px|||&#8221; custom_margin_phone=&#8221;&#8221; custom_margin_last_edited=&#8221;on|desktop&#8221; z_index_tablet=&#8221;500&#8243; border_radii=&#8221;on|4px|4px|4px|4px&#8221; box_shadow_style=&#8221;preset2&#8243; box_shadow_horizontal=&#8221;12px&#8221; box_shadow_vertical=&#8221;12px&#8221;][\/et_pb_image][\/et_pb_column][\/et_pb_row][et_pb_row use_custom_gutter=&#8221;on&#8221; make_equal=&#8221;on&#8221; custom_padding_last_edited=&#8221;on|desktop&#8221; module_id=&#8221;0602&#8243; _builder_version=&#8221;3.25&#8243; width=&#8221;100%&#8221; width_tablet=&#8221;&#8221; width_phone=&#8221;&#8221; width_last_edited=&#8221;on|desktop&#8221; max_width=&#8221;100%&#8221; max_width_tablet=&#8221;&#8221; max_width_phone=&#8221;&#8221; max_width_last_edited=&#8221;on|desktop&#8221; module_alignment=&#8221;center&#8221; custom_padding=&#8221;||35px|&#8221; custom_padding_tablet=&#8221;&#8221; custom_padding_phone=&#8221;&#8221; z_index_tablet=&#8221;500&#8243; box_shadow_style=&#8221;preset3&#8243; box_shadow_horizontal=&#8221;10px&#8221; column_structure=&#8221;1_5,3_5,1_5&#8243;][et_pb_column type=&#8221;1_5&#8243; _builder_version=&#8221;3.25&#8243; custom_padding=&#8221;||25px|20px&#8221; custom_padding_phone=&#8221;||25px|10px&#8221; custom_padding_last_edited=&#8221;on|phone&#8221; custom_padding__hover=&#8221;|||&#8221;][et_pb_code admin_label=&#8221;fecha 22\/01&#8243; module_class=&#8221;fecha-evento&#8221; _builder_version=&#8221;3.22.7&#8243; z_index_tablet=&#8221;500&#8243;]Jan<!\u2013- [et_pb_br_holder] -\u2013><!-- [et_pb_line_break_holder] -->22[\/et_pb_code][\/et_pb_column][et_pb_column type=&#8221;3_5&#8243; _builder_version=&#8221;3.25&#8243; custom_padding=&#8221;|45px||&#8221; custom_padding_tablet=&#8221;|20px||&#8221; custom_padding_last_edited=&#8221;on|phone&#8221; custom_padding__hover=&#8221;|||&#8221;][et_pb_text admin_label=&#8221;Ingreso Jaime Rodrigo de Larrucea&#8221; _builder_version=&#8221;3.27.4&#8243; z_index_tablet=&#8221;500&#8243;]<\/p>\n<h3>Entry as Academic Number: <a href=\"https:\/\/raed.academy\/en\/academicians\/dr-jaime-rodrigo-de-larrucea\/\" target=\"_blank\" rel=\"noopener noreferrer\">Jaime Rodrigo de Larrucea<\/a><\/h3>\n<p>Admission speech: <a href=\"https:\/\/raed.academy\/wp-content\/uploads\/2015\/02\/Discurso-Dr.-Rodrigo.pdf\" target=\"_blank\" rel=\"noopener noreferrer\">Hacia una teor\u00eda general de la Seguridad Mar\u00edtima<\/a><br \/>Answering speech: <a href=\"https:\/\/raed.academy\/en\/academicians\/dr-joan-francesc-corona-ramon\/\" target=\"_blank\" rel=\"noopener noreferrer\">Dr. Joan Francesc Corona Ram\u00f3n<\/a><\/p>\n<p>Date: 22.01.2015<\/p>\n<p>[\/et_pb_text][\/et_pb_column][et_pb_column type=&#8221;1_5&#8243; _builder_version=&#8221;3.25&#8243; custom_padding=&#8221;|20px||&#8221; custom_padding_last_edited=&#8221;on|phone&#8221; custom_padding__hover=&#8221;|||&#8221;][et_pb_image src=&#8221;https:\/\/raed.academy\/wp-content\/uploads\/2017\/03\/Dr.-Jaime-Rodrigo-de-Larrucea-04.jpg&#8221; show_in_lightbox=&#8221;on&#8221; use_overlay=&#8221;on&#8221; overlay_icon_color=&#8221;#6b5d38&#8243; align=&#8221;center&#8221; force_fullwidth=&#8221;on&#8221; align_tablet=&#8221;center&#8221; align_last_edited=&#8221;on|desktop&#8221; _builder_version=&#8221;3.23&#8243; module_alignment=&#8221;center&#8221; custom_margin=&#8221;10px|||&#8221; custom_margin_tablet=&#8221;25px|||&#8221; custom_margin_phone=&#8221;&#8221; custom_margin_last_edited=&#8221;on|desktop&#8221; z_index_tablet=&#8221;500&#8243; border_radii=&#8221;on|4px|4px|4px|4px&#8221; box_shadow_style=&#8221;preset2&#8243; box_shadow_horizontal=&#8221;12px&#8221; box_shadow_vertical=&#8221;12px&#8221;][\/et_pb_image][\/et_pb_column][\/et_pb_row][et_pb_row _builder_version=&#8221;3.25&#8243; background_size=&#8221;initial&#8221; background_position=&#8221;top_left&#8221; background_repeat=&#8221;repeat&#8221;][et_pb_column type=&#8221;4_4&#8243; _builder_version=&#8221;3.25&#8243; custom_padding=&#8221;|||&#8221; custom_padding__hover=&#8221;|||&#8221;][et_pb_text admin_label=&#8221;FEBRUARY\/2015&#8243; _builder_version=&#8221;3.27.4&#8243; z_index_tablet=&#8221;500&#8243;]<\/p>\n<h2>FEBRUARY 2015<\/h2>\n<p>[\/et_pb_text][\/et_pb_column][\/et_pb_row][et_pb_row use_custom_gutter=&#8221;on&#8221; make_equal=&#8221;on&#8221; custom_padding_last_edited=&#8221;on|desktop&#8221; module_id=&#8221;0602&#8243; _builder_version=&#8221;3.25&#8243; width=&#8221;100%&#8221; width_tablet=&#8221;&#8221; width_phone=&#8221;&#8221; width_last_edited=&#8221;on|desktop&#8221; max_width=&#8221;100%&#8221; max_width_tablet=&#8221;&#8221; max_width_phone=&#8221;&#8221; max_width_last_edited=&#8221;on|desktop&#8221; module_alignment=&#8221;center&#8221; custom_padding=&#8221;||35px|&#8221; custom_padding_tablet=&#8221;&#8221; custom_padding_phone=&#8221;&#8221; z_index_tablet=&#8221;500&#8243; box_shadow_style=&#8221;preset3&#8243; box_shadow_horizontal=&#8221;10px&#8221; column_structure=&#8221;1_5,3_5,1_5&#8243;][et_pb_column type=&#8221;1_5&#8243; _builder_version=&#8221;3.25&#8243; custom_padding=&#8221;||25px|20px&#8221; custom_padding_phone=&#8221;||25px|10px&#8221; custom_padding_last_edited=&#8221;on|phone&#8221; custom_padding__hover=&#8221;|||&#8221;][et_pb_code admin_label=&#8221;fecha 19\/02&#8243; module_class=&#8221;fecha-evento&#8221; _builder_version=&#8221;3.22.7&#8243; z_index_tablet=&#8221;500&#8243;]Feb<!\u2013- [et_pb_br_holder] -\u2013><!-- [et_pb_line_break_holder] -->19[\/et_pb_code][\/et_pb_column][et_pb_column type=&#8221;3_5&#8243; _builder_version=&#8221;3.25&#8243; custom_padding=&#8221;|45px||&#8221; custom_padding_tablet=&#8221;|20px||&#8221; custom_padding_last_edited=&#8221;on|phone&#8221; custom_padding__hover=&#8221;|||&#8221;][et_pb_text admin_label=&#8221;Ingreso Luis Carri\u00e8re Lluch&#8221; _builder_version=&#8221;3.27.4&#8243; z_index_tablet=&#8221;500&#8243;]<\/p>\n<h3>Entry as Academician Number: Luis Carri\u00e8re Lluch<\/h3>\n<p>Admission speech: <a href=\"https:\/\/raed.academy\/wp-content\/uploads\/2015\/06\/Discurso-Dr.-Carriere.pdf\" target=\"_blank\" rel=\"noopener noreferrer\">Hipocr\u00e1tico, Biominimalismo y Nuevas Tecnolog\u00edas. La innovaci\u00f3n en nuevas Formas de tratamiento ortod\u00f3nico y Optimizaci\u00f3n del Icono Facial<\/a><br \/>Answering speech: <a href=\"https:\/\/raed.academy\/en\/academicians\/dr-antoni-terceno-gomez\/\" target=\"_blank\" rel=\"noopener noreferrer\">Dr. Antonio Terce\u00f1o G\u00f3mez<\/a><\/p>\n<p>Date: 02\/19\/2015<\/p>\n<p>[\/et_pb_text][\/et_pb_column][et_pb_column type=&#8221;1_5&#8243; _builder_version=&#8221;3.25&#8243; custom_padding=&#8221;|20px||&#8221; custom_padding_last_edited=&#8221;on|phone&#8221; custom_padding__hover=&#8221;|||&#8221;][et_pb_image src=&#8221;https:\/\/raed.academy\/wp-content\/uploads\/2017\/11\/Luis-Carriere-Lluc.jpg&#8221; show_in_lightbox=&#8221;on&#8221; use_overlay=&#8221;on&#8221; overlay_icon_color=&#8221;#6b5d38&#8243; align=&#8221;center&#8221; force_fullwidth=&#8221;on&#8221; align_tablet=&#8221;center&#8221; align_last_edited=&#8221;on|desktop&#8221; _builder_version=&#8221;3.23&#8243; module_alignment=&#8221;center&#8221; custom_margin=&#8221;10px|||&#8221; custom_margin_tablet=&#8221;25px|||&#8221; custom_margin_phone=&#8221;&#8221; custom_margin_last_edited=&#8221;on|desktop&#8221; z_index_tablet=&#8221;500&#8243; border_radii=&#8221;on|4px|4px|4px|4px&#8221; box_shadow_style=&#8221;preset2&#8243; box_shadow_horizontal=&#8221;12px&#8221; box_shadow_vertical=&#8221;12px&#8221;][\/et_pb_image][\/et_pb_column][\/et_pb_row][et_pb_row _builder_version=&#8221;3.25&#8243; background_size=&#8221;initial&#8221; background_position=&#8221;top_left&#8221; background_repeat=&#8221;repeat&#8221;][et_pb_column type=&#8221;4_4&#8243; _builder_version=&#8221;3.25&#8243; custom_padding=&#8221;|||&#8221; custom_padding__hover=&#8221;|||&#8221;][et_pb_text admin_label=&#8221;March\/2015&#8243; _builder_version=&#8221;3.27.4&#8243; hover_enabled=&#8221;0&#8243; z_index_tablet=&#8221;500&#8243;]<\/p>\n<h2>MARCH 2015<\/h2>\n<p>[\/et_pb_text][\/et_pb_column][\/et_pb_row][et_pb_row use_custom_gutter=&#8221;on&#8221; make_equal=&#8221;on&#8221; custom_padding_last_edited=&#8221;on|desktop&#8221; module_id=&#8221;0602&#8243; _builder_version=&#8221;3.25&#8243; width=&#8221;100%&#8221; width_tablet=&#8221;&#8221; width_phone=&#8221;&#8221; width_last_edited=&#8221;on|desktop&#8221; max_width=&#8221;100%&#8221; max_width_tablet=&#8221;&#8221; max_width_phone=&#8221;&#8221; max_width_last_edited=&#8221;on|desktop&#8221; module_alignment=&#8221;center&#8221; custom_padding=&#8221;||35px|&#8221; custom_padding_tablet=&#8221;&#8221; custom_padding_phone=&#8221;&#8221; z_index_tablet=&#8221;500&#8243; box_shadow_style=&#8221;preset3&#8243; box_shadow_horizontal=&#8221;10px&#8221; column_structure=&#8221;1_5,3_5,1_5&#8243;][et_pb_column type=&#8221;1_5&#8243; _builder_version=&#8221;3.25&#8243; custom_padding=&#8221;||25px|20px&#8221; custom_padding_phone=&#8221;||25px|10px&#8221; custom_padding_last_edited=&#8221;on|phone&#8221; custom_padding__hover=&#8221;|||&#8221;][et_pb_code admin_label=&#8221;fecha 05\/03&#8243; module_class=&#8221;fecha-evento&#8221; _builder_version=&#8221;3.22.7&#8243; z_index_tablet=&#8221;500&#8243;]Mar<!\u2013- [et_pb_br_holder] -\u2013><!-- [et_pb_line_break_holder] -->5[\/et_pb_code][\/et_pb_column][et_pb_column type=&#8221;3_5&#8243; _builder_version=&#8221;3.25&#8243; custom_padding=&#8221;|45px||&#8221; custom_padding_tablet=&#8221;|20px||&#8221; custom_padding_last_edited=&#8221;on|phone&#8221; custom_padding__hover=&#8221;|||&#8221;][et_pb_text admin_label=&#8221;Ingreso Francisco Javier Garrido&#8221; _builder_version=&#8221;3.27.4&#8243; z_index_tablet=&#8221;500&#8243;]<\/p>\n<h3>Entry as Corresponding Academician for Chile: <a href=\"https:\/\/raed.academy\/en\/academicians\/dr-francisco-javier-garrido\/\" target=\"_blank\" rel=\"noopener noreferrer\">Francisco Javier Garrido<\/a><\/h3>\n<p>Admission speech: <a href=\"https:\/\/raed.academy\/wp-content\/uploads\/2017\/01\/Strategy_building_a_practical_bridge-Francisco-Javier-Garrido-Morales.pdf\" target=\"_blank\" rel=\"noopener noreferrer\">Strategy: Building a Practical Bridge Between East and West<\/a><br \/>Answering speech: <a href=\"https:\/\/raed.academy\/en\/academicians\/dr-jose-daniel-barquero-cabrero\/\" target=\"_blank\" rel=\"noopener noreferrer\">Dr. Jos\u00e9 Daniel Barquero Cabrero<\/a><\/p>\n<p>Date: 05.03.2015<\/p>\n<p>[\/et_pb_text][\/et_pb_column][et_pb_column type=&#8221;1_5&#8243; _builder_version=&#8221;3.25&#8243; custom_padding=&#8221;|20px||&#8221; custom_padding_last_edited=&#8221;on|phone&#8221; custom_padding__hover=&#8221;|||&#8221;][et_pb_image src=&#8221;https:\/\/raed.academy\/wp-content\/uploads\/2018\/04\/Francisco-Javier-Garrido-Morales-1.jpg&#8221; show_in_lightbox=&#8221;on&#8221; use_overlay=&#8221;on&#8221; overlay_icon_color=&#8221;#6b5d38&#8243; align=&#8221;center&#8221; force_fullwidth=&#8221;on&#8221; align_tablet=&#8221;center&#8221; align_last_edited=&#8221;on|desktop&#8221; _builder_version=&#8221;3.23&#8243; module_alignment=&#8221;center&#8221; custom_margin=&#8221;10px|||&#8221; custom_margin_tablet=&#8221;25px|||&#8221; custom_margin_phone=&#8221;&#8221; custom_margin_last_edited=&#8221;on|desktop&#8221; z_index_tablet=&#8221;500&#8243; border_radii=&#8221;on|4px|4px|4px|4px&#8221; box_shadow_style=&#8221;preset2&#8243; box_shadow_horizontal=&#8221;12px&#8221; box_shadow_vertical=&#8221;12px&#8221;][\/et_pb_image][\/et_pb_column][\/et_pb_row][et_pb_row use_custom_gutter=&#8221;on&#8221; make_equal=&#8221;on&#8221; custom_padding_last_edited=&#8221;on|desktop&#8221; module_id=&#8221;0602&#8243; _builder_version=&#8221;3.25&#8243; width=&#8221;100%&#8221; width_tablet=&#8221;&#8221; width_phone=&#8221;&#8221; width_last_edited=&#8221;on|desktop&#8221; max_width=&#8221;100%&#8221; max_width_tablet=&#8221;&#8221; max_width_phone=&#8221;&#8221; max_width_last_edited=&#8221;on|desktop&#8221; module_alignment=&#8221;center&#8221; custom_padding=&#8221;||35px|&#8221; custom_padding_tablet=&#8221;&#8221; custom_padding_phone=&#8221;&#8221; z_index_tablet=&#8221;500&#8243; box_shadow_style=&#8221;preset3&#8243; box_shadow_horizontal=&#8221;10px&#8221; column_structure=&#8221;1_5,3_5,1_5&#8243;][et_pb_column type=&#8221;1_5&#8243; _builder_version=&#8221;3.25&#8243; custom_padding=&#8221;||25px|20px&#8221; custom_padding_phone=&#8221;||25px|10px&#8221; custom_padding_last_edited=&#8221;on|phone&#8221; custom_padding__hover=&#8221;|||&#8221;][et_pb_code admin_label=&#8221;fecha 10\/03&#8243; module_class=&#8221;fecha-evento&#8221; _builder_version=&#8221;3.22.7&#8243; z_index_tablet=&#8221;500&#8243;]Mar<!\u2013- [et_pb_br_holder] -\u2013><!-- [et_pb_line_break_holder] -->10[\/et_pb_code][\/et_pb_column][et_pb_column type=&#8221;3_5&#8243; _builder_version=&#8221;3.25&#8243; custom_padding=&#8221;|45px||&#8221; custom_padding_tablet=&#8221;|20px||&#8221; custom_padding_last_edited=&#8221;on|phone&#8221; custom_padding__hover=&#8221;|||&#8221;][et_pb_text admin_label=&#8221;Ingreso Manuel Medina Elizondo&#8221; _builder_version=&#8221;3.27.4&#8243; z_index_tablet=&#8221;500&#8243;]<\/p>\n<h3>Entry as Corresponding Academician for Mexico: <a href=\"https:\/\/raed.academy\/en\/dr-manuel-medina-elizondo\/\" target=\"_blank\" rel=\"noopener noreferrer\">Manuel Medina Elizondo<\/a><\/h3>\n<p>Admission speech: <a href=\"https:\/\/raed.academy\/wp-content\/uploads\/2016\/10\/Discurso-de-ingreso-Dr.-Medina-Elizondo.pdf\" target=\"_blank\" rel=\"noopener noreferrer\">Nuevos tiempos, Nuevos vientos: la identidad mexicana, cultura y \u00e9tica en los tiempos de la globalizaci\u00f3n<\/a><br \/>Answering speech: <a href=\"https:\/\/raed.academy\/en\/academicians\/dr-jose-daniel-barquero-cabrero\/\" target=\"_blank\" rel=\"noopener noreferrer\">Dr. Jos\u00e9 Daniel Barquero Cabrero<\/a><\/p>\n<p>Date: 10.03.2015<\/p>\n<p>[\/et_pb_text][\/et_pb_column][et_pb_column type=&#8221;1_5&#8243; _builder_version=&#8221;3.25&#8243; custom_padding=&#8221;|20px||&#8221; custom_padding_last_edited=&#8221;on|phone&#8221; custom_padding__hover=&#8221;|||&#8221;][et_pb_image src=&#8221;https:\/\/raed.academy\/wp-content\/uploads\/2018\/04\/acto-ingreso-Manuel-Medina-Elizondo-2.jpg&#8221; show_in_lightbox=&#8221;on&#8221; use_overlay=&#8221;on&#8221; overlay_icon_color=&#8221;#6b5d38&#8243; align=&#8221;center&#8221; force_fullwidth=&#8221;on&#8221; align_tablet=&#8221;center&#8221; align_last_edited=&#8221;on|desktop&#8221; _builder_version=&#8221;3.23&#8243; module_alignment=&#8221;center&#8221; custom_margin=&#8221;10px|||&#8221; custom_margin_tablet=&#8221;25px|||&#8221; custom_margin_phone=&#8221;&#8221; custom_margin_last_edited=&#8221;on|desktop&#8221; z_index_tablet=&#8221;500&#8243; border_radii=&#8221;on|4px|4px|4px|4px&#8221; box_shadow_style=&#8221;preset2&#8243; box_shadow_horizontal=&#8221;12px&#8221; box_shadow_vertical=&#8221;12px&#8221;][\/et_pb_image][\/et_pb_column][\/et_pb_row][et_pb_row use_custom_gutter=&#8221;on&#8221; make_equal=&#8221;on&#8221; custom_padding_last_edited=&#8221;on|desktop&#8221; module_id=&#8221;0602&#8243; _builder_version=&#8221;3.25&#8243; width=&#8221;100%&#8221; width_tablet=&#8221;&#8221; width_phone=&#8221;&#8221; width_last_edited=&#8221;on|desktop&#8221; max_width=&#8221;100%&#8221; max_width_tablet=&#8221;&#8221; max_width_phone=&#8221;&#8221; max_width_last_edited=&#8221;on|desktop&#8221; module_alignment=&#8221;center&#8221; custom_padding=&#8221;||35px|&#8221; custom_padding_tablet=&#8221;&#8221; custom_padding_phone=&#8221;&#8221; z_index_tablet=&#8221;500&#8243; box_shadow_style=&#8221;preset3&#8243; box_shadow_horizontal=&#8221;10px&#8221; column_structure=&#8221;1_5,3_5,1_5&#8243;][et_pb_column type=&#8221;1_5&#8243; _builder_version=&#8221;3.25&#8243; custom_padding=&#8221;||25px|20px&#8221; custom_padding_phone=&#8221;||25px|10px&#8221; custom_padding_last_edited=&#8221;on|phone&#8221; custom_padding__hover=&#8221;|||&#8221;][et_pb_code admin_label=&#8221;fecha 17\/03&#8243; module_class=&#8221;fecha-evento&#8221; _builder_version=&#8221;3.22.7&#8243; z_index_tablet=&#8221;500&#8243;]Mar<!\u2013- [et_pb_br_holder] -\u2013><!-- [et_pb_line_break_holder] -->17[\/et_pb_code][\/et_pb_column][et_pb_column type=&#8221;3_5&#8243; _builder_version=&#8221;3.25&#8243; custom_padding=&#8221;|45px||&#8221; custom_padding_tablet=&#8221;|20px||&#8221; custom_padding_last_edited=&#8221;on|phone&#8221; custom_padding__hover=&#8221;|||&#8221;][et_pb_text admin_label=&#8221;Ingreso Pedro Clar\u00f3s Blanch&#8221; _builder_version=&#8221;3.27.4&#8243; z_index_tablet=&#8221;500&#8243;]<\/p>\n<h3>Academic Entry Number: <a href=\"https:\/\/raed.academy\/en\/academicians\/dr-pedro-claros-blanch\/\" target=\"_blank\" rel=\"noopener noreferrer\">Pedro Clar\u00f3s Blanch<\/a><\/h3>\n<p>Admission speech: <a href=\"https:\/\/raed.academy\/wp-content\/uploads\/2015\/06\/Discurso-Dr.-Clar\u00f3s.pdf\" target=\"_blank\" rel=\"noopener noreferrer\">Implante coclear: \u201cEl o\u00eddo bi\u00f3nico\u201d<\/a><br \/>Answering speech: Dr. Joaquin Barraquer Moner<\/p>\n<p>Date: 17.03.2015<\/p>\n<p>[\/et_pb_text][\/et_pb_column][et_pb_column type=&#8221;1_5&#8243; _builder_version=&#8221;3.25&#8243; custom_padding=&#8221;|20px||&#8221; custom_padding_last_edited=&#8221;on|phone&#8221; custom_padding__hover=&#8221;|||&#8221;][et_pb_image src=&#8221;https:\/\/raed.academy\/wp-content\/uploads\/2018\/11\/Dr-Pedro-Claros-Blanch.jpg&#8221; show_in_lightbox=&#8221;on&#8221; use_overlay=&#8221;on&#8221; overlay_icon_color=&#8221;#6b5d38&#8243; align=&#8221;center&#8221; force_fullwidth=&#8221;on&#8221; align_tablet=&#8221;center&#8221; align_last_edited=&#8221;on|desktop&#8221; _builder_version=&#8221;3.23&#8243; module_alignment=&#8221;center&#8221; custom_margin=&#8221;10px|||&#8221; custom_margin_tablet=&#8221;25px|||&#8221; custom_margin_phone=&#8221;&#8221; custom_margin_last_edited=&#8221;on|desktop&#8221; z_index_tablet=&#8221;500&#8243; border_radii=&#8221;on|4px|4px|4px|4px&#8221; box_shadow_style=&#8221;preset2&#8243; box_shadow_horizontal=&#8221;12px&#8221; box_shadow_vertical=&#8221;12px&#8221;][\/et_pb_image][\/et_pb_column][\/et_pb_row][et_pb_row use_custom_gutter=&#8221;on&#8221; make_equal=&#8221;on&#8221; custom_padding_last_edited=&#8221;on|desktop&#8221; module_id=&#8221;0602&#8243; _builder_version=&#8221;3.25&#8243; width=&#8221;100%&#8221; width_tablet=&#8221;&#8221; width_phone=&#8221;&#8221; width_last_edited=&#8221;on|desktop&#8221; max_width=&#8221;100%&#8221; max_width_tablet=&#8221;&#8221; max_width_phone=&#8221;&#8221; max_width_last_edited=&#8221;on|desktop&#8221; module_alignment=&#8221;center&#8221; custom_padding=&#8221;||35px|&#8221; custom_padding_tablet=&#8221;&#8221; custom_padding_phone=&#8221;&#8221; z_index_tablet=&#8221;500&#8243; box_shadow_style=&#8221;preset3&#8243; box_shadow_horizontal=&#8221;10px&#8221; column_structure=&#8221;1_5,3_5,1_5&#8243;][et_pb_column type=&#8221;1_5&#8243; _builder_version=&#8221;3.25&#8243; custom_padding=&#8221;||25px|20px&#8221; custom_padding_phone=&#8221;||25px|10px&#8221; custom_padding_last_edited=&#8221;on|phone&#8221; custom_padding__hover=&#8221;|||&#8221;][et_pb_code admin_label=&#8221;fecha 19\/03&#8243; module_class=&#8221;fecha-evento&#8221; _builder_version=&#8221;3.22.7&#8243; z_index_tablet=&#8221;500&#8243;]Mar<!\u2013- [et_pb_br_holder] -\u2013><!-- [et_pb_line_break_holder] -->19[\/et_pb_code][\/et_pb_column][et_pb_column type=&#8221;3_5&#8243; _builder_version=&#8221;3.25&#8243; custom_padding=&#8221;|45px||&#8221; custom_padding_tablet=&#8221;|20px||&#8221; custom_padding_last_edited=&#8221;on|phone&#8221; custom_padding__hover=&#8221;|||&#8221;][et_pb_text admin_label=&#8221;Ingreso Carlos Mallo Rodr\u00edguez&#8221; _builder_version=&#8221;3.27.4&#8243; z_index_tablet=&#8221;500&#8243;]<\/p>\n<h3>Academic Entry Number: <a href=\"https:\/\/raed.academy\/en\/academicians\/dr-carlos-mallo-rodriguez\/\" target=\"_blank\" rel=\"noopener noreferrer\">Carlos Mallo Rodr\u00edguez<\/a><\/h3>\n<p>Admission speech: <a href=\"https:\/\/raed.academy\/wp-content\/uploads\/2015\/04\/Discurso-Dr.-Mallo.pdf\" target=\"_blank\" rel=\"noopener noreferrer\">La innovaci\u00f3n y el tama\u00f1o de la empresa<\/a><br \/>Answering speech: <a href=\"https:\/\/raed.academy\/en\/academicians\/dr-jose-maria-gay-de-liebana-saludas\/\" target=\"_blank\" rel=\"noopener noreferrer\">Dr. Jos\u00e9 Mar\u00eda Gay de Li\u00e9bana Saludas<\/a><\/p>\n<p>Date: 19.03.2015<\/p>\n<p>[\/et_pb_text][\/et_pb_column][et_pb_column type=&#8221;1_5&#8243; _builder_version=&#8221;3.25&#8243; custom_padding=&#8221;|20px||&#8221; custom_padding_last_edited=&#8221;on|phone&#8221; custom_padding__hover=&#8221;|||&#8221;][et_pb_image src=&#8221;https:\/\/raed.academy\/wp-content\/uploads\/2018\/10\/Dr.-Carlos-Mallo-Rodr\u00edguez.jpg&#8221; show_in_lightbox=&#8221;on&#8221; use_overlay=&#8221;on&#8221; overlay_icon_color=&#8221;#6b5d38&#8243; align=&#8221;center&#8221; force_fullwidth=&#8221;on&#8221; align_tablet=&#8221;center&#8221; align_last_edited=&#8221;on|desktop&#8221; _builder_version=&#8221;3.23&#8243; module_alignment=&#8221;center&#8221; custom_margin=&#8221;10px|||&#8221; custom_margin_tablet=&#8221;25px|||&#8221; custom_margin_phone=&#8221;&#8221; custom_margin_last_edited=&#8221;on|desktop&#8221; z_index_tablet=&#8221;500&#8243; border_radii=&#8221;on|4px|4px|4px|4px&#8221; box_shadow_style=&#8221;preset2&#8243; box_shadow_horizontal=&#8221;12px&#8221; box_shadow_vertical=&#8221;12px&#8221;][\/et_pb_image][\/et_pb_column][\/et_pb_row][et_pb_row use_custom_gutter=&#8221;on&#8221; make_equal=&#8221;on&#8221; custom_padding_last_edited=&#8221;on|desktop&#8221; module_id=&#8221;0602&#8243; _builder_version=&#8221;3.25&#8243; width=&#8221;100%&#8221; width_tablet=&#8221;&#8221; width_phone=&#8221;&#8221; width_last_edited=&#8221;on|desktop&#8221; max_width=&#8221;100%&#8221; max_width_tablet=&#8221;&#8221; max_width_phone=&#8221;&#8221; max_width_last_edited=&#8221;on|desktop&#8221; module_alignment=&#8221;center&#8221; custom_padding=&#8221;||35px|&#8221; custom_padding_tablet=&#8221;&#8221; custom_padding_phone=&#8221;&#8221; z_index_tablet=&#8221;500&#8243; box_shadow_style=&#8221;preset3&#8243; box_shadow_horizontal=&#8221;10px&#8221; column_structure=&#8221;1_5,3_5,1_5&#8243;][et_pb_column type=&#8221;1_5&#8243; _builder_version=&#8221;3.25&#8243; custom_padding=&#8221;||25px|20px&#8221; custom_padding_phone=&#8221;||25px|10px&#8221; custom_padding_last_edited=&#8221;on|phone&#8221; custom_padding__hover=&#8221;|||&#8221;][et_pb_code admin_label=&#8221;fecha 26\/03&#8243; module_class=&#8221;fecha-evento&#8221; _builder_version=&#8221;3.22.7&#8243; z_index_tablet=&#8221;500&#8243;]Mar<!\u2013- [et_pb_br_holder] -\u2013><!-- [et_pb_line_break_holder] -->26[\/et_pb_code][\/et_pb_column][et_pb_column type=&#8221;3_5&#8243; _builder_version=&#8221;3.25&#8243; custom_padding=&#8221;|45px||&#8221; custom_padding_tablet=&#8221;|20px||&#8221; custom_padding_last_edited=&#8221;on|phone&#8221; custom_padding__hover=&#8221;|||&#8221;][et_pb_text admin_label=&#8221;Ingreso Ram\u00f3n Salas Roig&#8221; _builder_version=&#8221;3.27.4&#8243; z_index_tablet=&#8221;500&#8243;]<\/p>\n<h3>Academic Entry Number: <a href=\"https:\/\/raed.academy\/en\/academicians\/dr-ramon-salas-roig\/\" target=\"_blank\" rel=\"noopener noreferrer\">Ram\u00f3n Salas Roig<\/a><\/h3>\n<p>Admission speech: <a href=\"https:\/\/raed.academy\/wp-content\/uploads\/2015\/06\/Discurso-Dr.-Salas.pdf\" target=\"_blank\" rel=\"noopener noreferrer\">Geologia i clima: Una aproximaci\u00f3 a la interpretaci\u00f3 del climes antics<\/a><br \/>Answering speech: <a href=\"https:\/\/raed.academy\/en\/academicians\/dr-enrique-tierno-perez-relano\/\" target=\"_blank\" rel=\"noopener noreferrer\">Dr. Enrique Tierno P\u00e9rez-Rela\u00f1o<\/a><\/p>\n<p>Date: 26.03.2015<\/p>\n<p>[\/et_pb_text][\/et_pb_column][et_pb_column type=&#8221;1_5&#8243; _builder_version=&#8221;3.25&#8243; custom_padding=&#8221;|20px||&#8221; custom_padding_last_edited=&#8221;on|phone&#8221; custom_padding__hover=&#8221;|||&#8221;][et_pb_image src=&#8221;https:\/\/raed.academy\/wp-content\/uploads\/2018\/10\/Dr.-Ramon-Salas-Roig.jpg&#8221; show_in_lightbox=&#8221;on&#8221; use_overlay=&#8221;on&#8221; overlay_icon_color=&#8221;#6b5d38&#8243; align=&#8221;center&#8221; force_fullwidth=&#8221;on&#8221; align_tablet=&#8221;center&#8221; align_last_edited=&#8221;on|desktop&#8221; _builder_version=&#8221;3.23&#8243; module_alignment=&#8221;center&#8221; custom_margin=&#8221;10px|||&#8221; custom_margin_tablet=&#8221;25px|||&#8221; custom_margin_phone=&#8221;&#8221; custom_margin_last_edited=&#8221;on|desktop&#8221; z_index_tablet=&#8221;500&#8243; border_radii=&#8221;on|4px|4px|4px|4px&#8221; box_shadow_style=&#8221;preset2&#8243; box_shadow_horizontal=&#8221;12px&#8221; box_shadow_vertical=&#8221;12px&#8221;][\/et_pb_image][\/et_pb_column][\/et_pb_row][et_pb_row _builder_version=&#8221;3.25&#8243;][et_pb_column type=&#8221;4_4&#8243; _builder_version=&#8221;3.25&#8243; custom_padding=&#8221;|||&#8221; custom_padding__hover=&#8221;|||&#8221;][et_pb_text admin_label=&#8221;Texto &#8211; APRIL 2015&#8243; _builder_version=&#8221;4.4.6&#8243; hover_enabled=&#8221;0&#8243; z_index_tablet=&#8221;500&#8243;]<\/p>\n<h2>APRIL 2015<\/h2>\n<p>[\/et_pb_text][\/et_pb_column][\/et_pb_row][et_pb_row use_custom_gutter=&#8221;on&#8221; gutter_width=&#8221;1&#8243; make_equal=&#8221;on&#8221; custom_padding_last_edited=&#8221;on|desktop&#8221; module_id=&#8221;1001&#8243; module_class=&#8221;evento et_pb_row_fullwidth et_pb_row_fullwidth et_pb_row_fullwidth&#8221; _builder_version=&#8221;3.25&#8243; width=&#8221;100%&#8221; width_tablet=&#8221;100%&#8221; width_phone=&#8221;&#8221; width_last_edited=&#8221;on|desktop&#8221; max_width=&#8221;100%&#8221; max_width_tablet=&#8221;100%&#8221; max_width_phone=&#8221;&#8221; max_width_last_edited=&#8221;on|desktop&#8221; module_alignment=&#8221;center&#8221; custom_padding=&#8221;||35px|&#8221; custom_padding_tablet=&#8221;&#8221; custom_padding_phone=&#8221;&#8221; z_index_tablet=&#8221;500&#8243; box_shadow_style=&#8221;preset3&#8243; box_shadow_horizontal=&#8221;10px&#8221; make_fullwidth=&#8221;on&#8221; column_structure=&#8221;1_5,3_5,1_5&#8243;][et_pb_column type=&#8221;1_5&#8243; _builder_version=&#8221;3.25&#8243; custom_padding=&#8221;||25px|&#8221; custom_padding_last_edited=&#8221;off|phone&#8221; custom_padding__hover=&#8221;|||&#8221;][et_pb_code admin_label=&#8221;fecha 09\/04&#8243; module_class=&#8221;fecha-evento&#8221; _builder_version=&#8221;3.22.7&#8243; z_index_tablet=&#8221;500&#8243;]Apr<!\u2013- [et_pb_br_holder] -\u2013><!-- [et_pb_line_break_holder] -->9[\/et_pb_code][\/et_pb_column][et_pb_column type=&#8221;3_5&#8243; _builder_version=&#8221;3.25&#8243; custom_padding=&#8221;|45px||&#8221; custom_padding_tablet=&#8221;|20px||&#8221; custom_padding_last_edited=&#8221;on|desktop&#8221; custom_padding__hover=&#8221;|||&#8221;][et_pb_text admin_label=&#8221;Sesi\u00f3n Acad\u00e9mica de la Secci\u00f3n de Ciencias Sociales&#8221; _builder_version=&#8221;3.27.4&#8243; z_index_tablet=&#8221;500&#8243;]<\/p>\n<h3>Academic Session of the Social Sciences Section<\/h3>\n<p>Presentation:<a href=\"https:\/\/raed.academy\/en\/academicians\/dr-josep-joan-pinto-ruiz\/\" target=\"_blank\" rel=\"noopener noreferrer\"> Dr. Josep Joan Pint\u00f3 Ruiz<\/a><\/p>\n<p><strong>Speakers<\/strong>:<\/p>\n<p><a href=\"https:\/\/raed.academy\/en\/academicians\/dr-alfonso-hernandez-moreno-ing\/\" target=\"_blank\" rel=\"noopener noreferrer\">Dr. Alfonso Hern\u00e1ndez Moreno<\/a>: La subrogaci\u00f3n forzosa del acreedor: Concepto, naturaleza, finalidad y efectos.<br \/><strong>Dr. Francisco Echevarr\u00eda Summers<\/strong>: La utilizaci\u00f3n de la subrogaci\u00f3n forzosa en la pr\u00e1ctica. Visi\u00f3n pr\u00e1ctica a la luz de su utilizaci\u00f3n.<\/p>\n<p>Date: 09.04.2015<\/p>\n<p>[\/et_pb_text][\/et_pb_column][et_pb_column type=&#8221;1_5&#8243; _builder_version=&#8221;3.25&#8243; custom_padding=&#8221;|20px||&#8221; custom_padding_last_edited=&#8221;on|phone&#8221; custom_padding__hover=&#8221;|||&#8221;][et_pb_image show_in_lightbox=&#8221;on&#8221; use_overlay=&#8221;on&#8221; overlay_icon_color=&#8221;#6b5d38&#8243; align=&#8221;center&#8221; force_fullwidth=&#8221;on&#8221; align_tablet=&#8221;center&#8221; align_last_edited=&#8221;on|desktop&#8221; _builder_version=&#8221;3.23&#8243; module_alignment=&#8221;center&#8221; custom_margin=&#8221;10px|||&#8221; custom_margin_tablet=&#8221;25px|||&#8221; custom_margin_phone=&#8221;&#8221; custom_margin_last_edited=&#8221;on|desktop&#8221; z_index_tablet=&#8221;500&#8243; border_radii=&#8221;on|4px|4px|4px|4px&#8221; box_shadow_style=&#8221;preset2&#8243; box_shadow_horizontal=&#8221;12px&#8221; box_shadow_vertical=&#8221;12px&#8221;][\/et_pb_image][\/et_pb_column][\/et_pb_row][et_pb_row use_custom_gutter=&#8221;on&#8221; gutter_width=&#8221;1&#8243; make_equal=&#8221;on&#8221; custom_padding_last_edited=&#8221;on|desktop&#8221; module_id=&#8221;1001&#8243; module_class=&#8221;evento et_pb_row_fullwidth et_pb_row_fullwidth et_pb_row_fullwidth&#8221; _builder_version=&#8221;3.25&#8243; width=&#8221;100%&#8221; width_tablet=&#8221;100%&#8221; width_phone=&#8221;&#8221; width_last_edited=&#8221;on|desktop&#8221; max_width=&#8221;100%&#8221; max_width_tablet=&#8221;100%&#8221; max_width_phone=&#8221;&#8221; max_width_last_edited=&#8221;on|desktop&#8221; module_alignment=&#8221;center&#8221; custom_padding=&#8221;||35px|&#8221; custom_padding_tablet=&#8221;&#8221; custom_padding_phone=&#8221;&#8221; z_index_tablet=&#8221;500&#8243; box_shadow_style=&#8221;preset3&#8243; box_shadow_horizontal=&#8221;10px&#8221; make_fullwidth=&#8221;on&#8221; column_structure=&#8221;1_5,3_5,1_5&#8243;][et_pb_column type=&#8221;1_5&#8243; _builder_version=&#8221;3.25&#8243; custom_padding=&#8221;||25px|&#8221; custom_padding_last_edited=&#8221;off|phone&#8221; custom_padding__hover=&#8221;|||&#8221;][et_pb_code admin_label=&#8221;fecha 15\/04&#8243; module_class=&#8221;fecha-evento&#8221; _builder_version=&#8221;3.22.7&#8243; z_index_tablet=&#8221;500&#8243;]Apr<!\u2013- [et_pb_br_holder] -\u2013><!-- [et_pb_line_break_holder] -->15[\/et_pb_code][\/et_pb_column][et_pb_column type=&#8221;3_5&#8243; _builder_version=&#8221;3.25&#8243; custom_padding=&#8221;|45px||&#8221; custom_padding_tablet=&#8221;|20px||&#8221; custom_padding_last_edited=&#8221;on|desktop&#8221; custom_padding__hover=&#8221;|||&#8221;][et_pb_text admin_label=&#8221;Sesi\u00f3n Acad\u00e9mica: \u201cCambio Social y reforma Constitucional\u201d&#8221; _builder_version=&#8221;3.27.4&#8243; z_index_tablet=&#8221;500&#8243;]<\/p>\n<h3>Academic Session: &#8220;Social Change and Constitutional Reform&#8221;<\/h3>\n<p>Presentation: <a href=\"https:\/\/raed.academy\/en\/academicians\/dr-josep-joan-pinto-ruiz\/\" target=\"_blank\" rel=\"noopener noreferrer\">Dr. Josep Joan Pint\u00f3 Ruiz<\/a><\/p>\n<p>Speakers:<\/p>\n<p><strong><a href=\"https:\/\/raed.academy\/en\/academicians\/dr-teresa-freixes-sanjuan\/\" target=\"_blank\" rel=\"noopener noreferrer\">Dr. Teresa Freixes<\/a><\/strong><br \/><strong><a href=\"https:\/\/raed.academy\/en\/academicians\/dr-alfredo-rocafort-nicolau\/\" target=\"_blank\" rel=\"noopener noreferrer\">Dr. Alfredo Rocafort<\/a><\/strong><br \/><strong>Dr. Benigno Pend\u00e1s<\/strong><br \/><strong>Dr. Eugeni Gay<\/strong><br \/><strong>Dr. Marco Olivetti<\/strong><br \/><strong>Dr. Eva M\u00aa Poptcheva<\/strong><br \/><strong>Dr. Josep M\u00aa Castell\u00e0<\/strong><br \/><strong>Dr. \u00c1ngel S\u00e1nchez<\/strong><br \/><strong><a href=\"https:\/\/raed.academy\/en\/academicians\/dr-josep-joan-pinto-ruiz\/\" target=\"_blank\" rel=\"noopener noreferrer\">Dr. Josep Joan Pint\u00f3<\/a><\/strong><\/p>\n<p>Note: In this session the Study Group on Democracy and Constitutionalism and the Jean Monnet Chair ad personam collaborated.<\/p>\n<p>Date: 15. 04.2015<\/p>\n<p>[\/et_pb_text][\/et_pb_column][et_pb_column type=&#8221;1_5&#8243; _builder_version=&#8221;3.25&#8243; custom_padding=&#8221;|20px||&#8221; custom_padding_last_edited=&#8221;on|phone&#8221; custom_padding__hover=&#8221;|||&#8221;][et_pb_image show_in_lightbox=&#8221;on&#8221; use_overlay=&#8221;on&#8221; overlay_icon_color=&#8221;#6b5d38&#8243; align=&#8221;center&#8221; force_fullwidth=&#8221;on&#8221; align_tablet=&#8221;center&#8221; align_last_edited=&#8221;on|desktop&#8221; _builder_version=&#8221;3.23&#8243; module_alignment=&#8221;center&#8221; custom_margin=&#8221;10px|||&#8221; custom_margin_tablet=&#8221;25px|||&#8221; custom_margin_phone=&#8221;&#8221; custom_margin_last_edited=&#8221;on|desktop&#8221; z_index_tablet=&#8221;500&#8243; border_radii=&#8221;on|4px|4px|4px|4px&#8221; box_shadow_style=&#8221;preset2&#8243; box_shadow_horizontal=&#8221;12px&#8221; box_shadow_vertical=&#8221;12px&#8221;][\/et_pb_image][\/et_pb_column][\/et_pb_row][et_pb_row use_custom_gutter=&#8221;on&#8221; make_equal=&#8221;on&#8221; custom_padding_last_edited=&#8221;on|desktop&#8221; module_id=&#8221;0602&#8243; _builder_version=&#8221;3.25&#8243; width=&#8221;100%&#8221; width_tablet=&#8221;&#8221; width_phone=&#8221;&#8221; width_last_edited=&#8221;on|desktop&#8221; max_width=&#8221;100%&#8221; max_width_tablet=&#8221;&#8221; max_width_phone=&#8221;&#8221; max_width_last_edited=&#8221;on|desktop&#8221; module_alignment=&#8221;center&#8221; custom_padding=&#8221;||35px|&#8221; custom_padding_tablet=&#8221;&#8221; custom_padding_phone=&#8221;&#8221; z_index_tablet=&#8221;500&#8243; box_shadow_style=&#8221;preset3&#8243; box_shadow_horizontal=&#8221;10px&#8221; column_structure=&#8221;1_5,3_5,1_5&#8243;][et_pb_column type=&#8221;1_5&#8243; _builder_version=&#8221;3.25&#8243; custom_padding=&#8221;||25px|20px&#8221; custom_padding_phone=&#8221;||25px|10px&#8221; custom_padding_last_edited=&#8221;on|phone&#8221; custom_padding__hover=&#8221;|||&#8221;][et_pb_code admin_label=&#8221;fecha 23\/04&#8243; module_class=&#8221;fecha-evento&#8221; _builder_version=&#8221;3.22.7&#8243; z_index_tablet=&#8221;500&#8243;]Apr<!\u2013- [et_pb_br_holder] -\u2013><!-- [et_pb_line_break_holder] -->23[\/et_pb_code][\/et_pb_column][et_pb_column type=&#8221;3_5&#8243; _builder_version=&#8221;3.25&#8243; custom_padding=&#8221;|45px||&#8221; custom_padding_tablet=&#8221;|20px||&#8221; custom_padding_last_edited=&#8221;on|phone&#8221; custom_padding__hover=&#8221;|||&#8221;][et_pb_text admin_label=&#8221;Ingreso Josep Maria Serra Renom&#8221; _builder_version=&#8221;3.27.4&#8243; z_index_tablet=&#8221;500&#8243;]<\/p>\n<h3>Entry as Academician Number: <a href=\"https:\/\/raed.academy\/en\/academicians\/dr-josep-maria-serra-renom\/\" target=\"_blank\" rel=\"noopener noreferrer\">Josep Maria Serra Renom<\/a><\/h3>\n<p>Admission speech: Belleza, imagen corporal y cirug\u00eda est\u00e9tica<br \/>Answering speech: <a href=\"https:\/\/raed.academy\/en\/academicians\/dr-jose-maria-gay-de-liebana-saludas\/\" target=\"_blank\" rel=\"noopener noreferrer\">Dr. Jos\u00e9 Mar\u00eda Gay de Li\u00e9bana Saludas<\/a><\/p>\n<p>Date: 23.04.2015<\/p>\n<p>[\/et_pb_text][\/et_pb_column][et_pb_column type=&#8221;1_5&#8243; _builder_version=&#8221;3.25&#8243; custom_padding=&#8221;|20px||&#8221; custom_padding_last_edited=&#8221;on|phone&#8221; custom_padding__hover=&#8221;|||&#8221;][et_pb_image src=&#8221;https:\/\/raed.academy\/wp-content\/uploads\/2015\/06\/9663-032.jpg&#8221; show_in_lightbox=&#8221;on&#8221; use_overlay=&#8221;on&#8221; overlay_icon_color=&#8221;#6b5d38&#8243; align=&#8221;center&#8221; force_fullwidth=&#8221;on&#8221; align_tablet=&#8221;center&#8221; align_last_edited=&#8221;on|desktop&#8221; _builder_version=&#8221;3.23&#8243; module_alignment=&#8221;center&#8221; custom_margin=&#8221;10px|||&#8221; custom_margin_tablet=&#8221;25px|||&#8221; custom_margin_phone=&#8221;&#8221; custom_margin_last_edited=&#8221;on|desktop&#8221; z_index_tablet=&#8221;500&#8243; border_radii=&#8221;on|4px|4px|4px|4px&#8221; box_shadow_style=&#8221;preset2&#8243; box_shadow_horizontal=&#8221;12px&#8221; box_shadow_vertical=&#8221;12px&#8221;][\/et_pb_image][\/et_pb_column][\/et_pb_row][et_pb_row use_custom_gutter=&#8221;on&#8221; gutter_width=&#8221;1&#8243; make_equal=&#8221;on&#8221; custom_padding_last_edited=&#8221;on|desktop&#8221; module_id=&#8221;1001&#8243; module_class=&#8221;evento et_pb_row_fullwidth et_pb_row_fullwidth et_pb_row_fullwidth&#8221; _builder_version=&#8221;3.25&#8243; width=&#8221;100%&#8221; width_tablet=&#8221;100%&#8221; width_phone=&#8221;&#8221; width_last_edited=&#8221;on|desktop&#8221; max_width=&#8221;100%&#8221; max_width_tablet=&#8221;100%&#8221; max_width_phone=&#8221;&#8221; max_width_last_edited=&#8221;on|desktop&#8221; module_alignment=&#8221;center&#8221; custom_padding=&#8221;||35px|&#8221; custom_padding_tablet=&#8221;&#8221; custom_padding_phone=&#8221;&#8221; z_index_tablet=&#8221;500&#8243; box_shadow_style=&#8221;preset3&#8243; box_shadow_horizontal=&#8221;10px&#8221; make_fullwidth=&#8221;on&#8221; column_structure=&#8221;1_5,3_5,1_5&#8243;][et_pb_column type=&#8221;1_5&#8243; _builder_version=&#8221;3.25&#8243; custom_padding=&#8221;||25px|&#8221; custom_padding_last_edited=&#8221;off|phone&#8221; custom_padding__hover=&#8221;|||&#8221;][et_pb_code admin_label=&#8221;fecha 28\/04&#8243; module_class=&#8221;fecha-evento&#8221; _builder_version=&#8221;3.22.7&#8243; z_index_tablet=&#8221;500&#8243;]Apr<!\u2013- [et_pb_br_holder] -\u2013><!-- [et_pb_line_break_holder] -->28[\/et_pb_code][\/et_pb_column][et_pb_column type=&#8221;3_5&#8243; _builder_version=&#8221;3.25&#8243; custom_padding=&#8221;|45px||&#8221; custom_padding_tablet=&#8221;|20px||&#8221; custom_padding_last_edited=&#8221;on|desktop&#8221; custom_padding__hover=&#8221;|||&#8221;][et_pb_text admin_label=&#8221;Sesi\u00f3n Acad\u00e9mica: \u201cCiclo de Academia y Sociedad\u201d&#8221; _builder_version=&#8221;3.27.4&#8243; z_index_tablet=&#8221;500&#8243;]<\/p>\n<h3>Academic Session: &#8220;Cycle of Academy and Society&#8221;<\/h3>\n<p>Presentation: <strong><a href=\"https:\/\/raed.academy\/en\/academicians\/dr-rosmarie-cammany-dorr\/\" target=\"_blank\" rel=\"noopener noreferrer\">Dr. Rosmarie Cammany Dorr<\/a><\/strong><br \/>Speaker: <strong>Mr. Jes\u00fas Alberto Garc\u00eda Riesco<\/strong>, &#8220;Yihadismo: su g\u00e9nesis y expresi\u00f3n&#8221;<\/p>\n<p>Date: 04.04.2015<\/p>\n<p>[\/et_pb_text][\/et_pb_column][et_pb_column type=&#8221;1_5&#8243; _builder_version=&#8221;3.25&#8243; custom_padding=&#8221;|20px||&#8221; custom_padding_last_edited=&#8221;on|phone&#8221; custom_padding__hover=&#8221;|||&#8221;][et_pb_image show_in_lightbox=&#8221;on&#8221; use_overlay=&#8221;on&#8221; overlay_icon_color=&#8221;#6b5d38&#8243; align=&#8221;center&#8221; force_fullwidth=&#8221;on&#8221; align_tablet=&#8221;center&#8221; align_last_edited=&#8221;on|desktop&#8221; _builder_version=&#8221;3.23&#8243; module_alignment=&#8221;center&#8221; custom_margin=&#8221;10px|||&#8221; custom_margin_tablet=&#8221;25px|||&#8221; custom_margin_phone=&#8221;&#8221; custom_margin_last_edited=&#8221;on|desktop&#8221; z_index_tablet=&#8221;500&#8243; border_radii=&#8221;on|4px|4px|4px|4px&#8221; box_shadow_style=&#8221;preset2&#8243; box_shadow_horizontal=&#8221;12px&#8221; box_shadow_vertical=&#8221;12px&#8221;][\/et_pb_image][\/et_pb_column][\/et_pb_row][et_pb_row _builder_version=&#8221;3.25&#8243;][et_pb_column type=&#8221;4_4&#8243; _builder_version=&#8221;3.25&#8243; custom_padding=&#8221;|||&#8221; custom_padding__hover=&#8221;|||&#8221;][et_pb_text admin_label=&#8221;Texto &#8211; MAY 2015&#8243; _builder_version=&#8221;3.27.4&#8243; hover_enabled=&#8221;0&#8243; z_index_tablet=&#8221;500&#8243;]<\/p>\n<h2>MAY 2015<\/h2>\n<p>[\/et_pb_text][\/et_pb_column][\/et_pb_row][et_pb_row use_custom_gutter=&#8221;on&#8221; gutter_width=&#8221;1&#8243; make_equal=&#8221;on&#8221; custom_padding_last_edited=&#8221;on|desktop&#8221; module_id=&#8221;1001&#8243; module_class=&#8221;evento et_pb_row_fullwidth et_pb_row_fullwidth et_pb_row_fullwidth&#8221; _builder_version=&#8221;3.25&#8243; width=&#8221;100%&#8221; width_tablet=&#8221;100%&#8221; width_phone=&#8221;&#8221; width_last_edited=&#8221;on|desktop&#8221; max_width=&#8221;100%&#8221; max_width_tablet=&#8221;100%&#8221; max_width_phone=&#8221;&#8221; max_width_last_edited=&#8221;on|desktop&#8221; module_alignment=&#8221;center&#8221; custom_padding=&#8221;||35px|&#8221; custom_padding_tablet=&#8221;&#8221; custom_padding_phone=&#8221;&#8221; z_index_tablet=&#8221;500&#8243; box_shadow_style=&#8221;preset3&#8243; box_shadow_horizontal=&#8221;10px&#8221; make_fullwidth=&#8221;on&#8221; column_structure=&#8221;1_5,3_5,1_5&#8243;][et_pb_column type=&#8221;1_5&#8243; _builder_version=&#8221;3.25&#8243; custom_padding=&#8221;||25px|&#8221; custom_padding_last_edited=&#8221;off|phone&#8221; custom_padding__hover=&#8221;|||&#8221;][et_pb_code admin_label=&#8221;fecha 07\/05&#8243; module_class=&#8221;fecha-evento&#8221; _builder_version=&#8221;3.22.7&#8243; z_index_tablet=&#8221;500&#8243;]May<!\u2013- [et_pb_br_holder] -\u2013><!-- [et_pb_line_break_holder] -->7[\/et_pb_code][\/et_pb_column][et_pb_column type=&#8221;3_5&#8243; _builder_version=&#8221;3.25&#8243; custom_padding=&#8221;|45px||&#8221; custom_padding_tablet=&#8221;|20px||&#8221; custom_padding_last_edited=&#8221;on|desktop&#8221; custom_padding__hover=&#8221;|||&#8221;][et_pb_text admin_label=&#8221;Presentaci\u00f3n libro del Dr. Santiago Dexeus Trias de Bes i Dra. Lola Ojeda&#8221; _builder_version=&#8221;3.27.4&#8243; z_index_tablet=&#8221;500&#8243;]<\/p>\n<h3>Presentation of the book by <a href=\"https:\/\/raed.academy\/en\/academicians\/dr-santiago-dexeus-trias-de-bes\/\" target=\"_blank\" rel=\"noopener noreferrer\">Dr. Santiago Dexeus Trias of Bes<\/a> i Dra. Lola Ojeda<\/h3>\n<p>Presentation: <strong><a href=\"https:\/\/raed.academy\/en\/academicians\/dr-alfredo-rocafort-nicolau\/\" target=\"_blank\" rel=\"noopener noreferrer\">Dr. Alfredo Rocafort Nicolau.<\/a><\/strong><br \/>Paper: &#8220;Eva in the garden of science&#8221;.<\/p>\n<p>Speakers:<\/p>\n<p><a href=\"https:\/\/raed.academy\/en\/academicians\/dr-santiago-dexeus-trias-de-bes\/\" target=\"_blank\" rel=\"noopener noreferrer\"><strong>Dr. Santiago Dexeus Trias de Bes<\/strong><\/a><br \/><strong>Dr. Lola Ojeda, Mrs. Rosa Reg\u00e0s<\/strong><br \/><strong>Mr. Gabriel Masfurroll<\/strong><br \/><strong>Ms. Trinidad Cases<\/strong><br \/><strong>Mr. Jordi Castell\u00f3<\/strong><\/p>\n<p>Date: 7.05.2015<\/p>\n<p>[\/et_pb_text][\/et_pb_column][et_pb_column type=&#8221;1_5&#8243; _builder_version=&#8221;3.25&#8243; custom_padding=&#8221;|20px||&#8221; custom_padding_last_edited=&#8221;on|phone&#8221; custom_padding__hover=&#8221;|||&#8221;][et_pb_image show_in_lightbox=&#8221;on&#8221; use_overlay=&#8221;on&#8221; overlay_icon_color=&#8221;#6b5d38&#8243; align=&#8221;center&#8221; force_fullwidth=&#8221;on&#8221; align_tablet=&#8221;center&#8221; align_last_edited=&#8221;on|desktop&#8221; _builder_version=&#8221;3.23&#8243; module_alignment=&#8221;center&#8221; custom_margin=&#8221;10px|||&#8221; custom_margin_tablet=&#8221;25px|||&#8221; custom_margin_phone=&#8221;&#8221; custom_margin_last_edited=&#8221;on|desktop&#8221; z_index_tablet=&#8221;500&#8243; border_radii=&#8221;on|4px|4px|4px|4px&#8221; box_shadow_style=&#8221;preset2&#8243; box_shadow_horizontal=&#8221;12px&#8221; box_shadow_vertical=&#8221;12px&#8221;][\/et_pb_image][\/et_pb_column][\/et_pb_row][et_pb_row use_custom_gutter=&#8221;on&#8221; gutter_width=&#8221;1&#8243; make_equal=&#8221;on&#8221; custom_padding_last_edited=&#8221;on|desktop&#8221; module_id=&#8221;1001&#8243; module_class=&#8221;evento et_pb_row_fullwidth et_pb_row_fullwidth et_pb_row_fullwidth&#8221; _builder_version=&#8221;3.25&#8243; width=&#8221;100%&#8221; width_tablet=&#8221;100%&#8221; width_phone=&#8221;&#8221; width_last_edited=&#8221;on|desktop&#8221; max_width=&#8221;100%&#8221; max_width_tablet=&#8221;100%&#8221; max_width_phone=&#8221;&#8221; max_width_last_edited=&#8221;on|desktop&#8221; module_alignment=&#8221;center&#8221; custom_padding=&#8221;||35px|&#8221; custom_padding_tablet=&#8221;&#8221; custom_padding_phone=&#8221;&#8221; z_index_tablet=&#8221;500&#8243; box_shadow_style=&#8221;preset3&#8243; box_shadow_horizontal=&#8221;10px&#8221; make_fullwidth=&#8221;on&#8221; column_structure=&#8221;1_5,3_5,1_5&#8243;][et_pb_column type=&#8221;1_5&#8243; _builder_version=&#8221;3.25&#8243; custom_padding=&#8221;||25px|&#8221; custom_padding_last_edited=&#8221;off|phone&#8221; custom_padding__hover=&#8221;|||&#8221;][et_pb_code admin_label=&#8221;fecha 13\/05&#8243; module_class=&#8221;fecha-evento&#8221; _builder_version=&#8221;3.22.7&#8243; z_index_tablet=&#8221;500&#8243;]May<!\u2013- [et_pb_br_holder] -\u2013><!-- [et_pb_line_break_holder] -->13[\/et_pb_code][\/et_pb_column][et_pb_column type=&#8221;3_5&#8243; _builder_version=&#8221;3.25&#8243; custom_padding=&#8221;|45px||&#8221; custom_padding_tablet=&#8221;|20px||&#8221; custom_padding_last_edited=&#8221;on|desktop&#8221; custom_padding__hover=&#8221;|||&#8221;][et_pb_text admin_label=&#8221;Sesi\u00f3n Acad\u00e9mica: \u201cConsolatio por el Dr. Jaume Vallcorba Plana\u201d&#8221; _builder_version=&#8221;3.27.4&#8243; z_index_tablet=&#8221;500&#8243;]<\/p>\n<h3>Sesi\u00f3n Acad\u00e9mica: \u201cConsolatio por el Dr. Jaume Vallcorba Plana\u201d<\/h3>\n<p>Presentaci\u00f3n: <a href=\"https:\/\/raed.academy\/academicos\/dr-alfredo-rocafort-nicolau\/\" target=\"_blank\" rel=\"noopener noreferrer\"><strong>Dr. Alfredo Rocafort Nicolau<\/strong><\/a> <br \/>Ponentes:<\/p>\n<ul>\n<li><a href=\"https:\/\/raed.academy\/academicos\/dr-xabier-anoveros-trias-de-bes\/\" target=\"_blank\" rel=\"noopener noreferrer\"><strong>Dr. Xabier A\u00f1overos Trias de Bes<\/strong><\/a>: Dr. Vallcorba como editora<\/li>\n<li><strong>Dr. Ignasi Moreta<\/strong>: Dr. Vallcorba como profesora<\/li>\n<li><strong>Dr. Armand Puig<\/strong>: La dimensi\u00f3n Humana del Dr. Vallcorba<\/li>\n<\/ul>\n<p>Fecha: 13.05.2015<\/p>\n<p>[\/et_pb_text][\/et_pb_column][et_pb_column type=&#8221;1_5&#8243; _builder_version=&#8221;3.25&#8243; custom_padding=&#8221;|20px||&#8221; custom_padding_last_edited=&#8221;on|phone&#8221; custom_padding__hover=&#8221;|||&#8221;][et_pb_image show_in_lightbox=&#8221;on&#8221; use_overlay=&#8221;on&#8221; overlay_icon_color=&#8221;#6b5d38&#8243; align=&#8221;center&#8221; force_fullwidth=&#8221;on&#8221; align_tablet=&#8221;center&#8221; align_last_edited=&#8221;on|desktop&#8221; _builder_version=&#8221;3.23&#8243; module_alignment=&#8221;center&#8221; custom_margin=&#8221;10px|||&#8221; custom_margin_tablet=&#8221;25px|||&#8221; custom_margin_phone=&#8221;&#8221; custom_margin_last_edited=&#8221;on|desktop&#8221; z_index_tablet=&#8221;500&#8243; border_radii=&#8221;on|4px|4px|4px|4px&#8221; box_shadow_style=&#8221;preset2&#8243; box_shadow_horizontal=&#8221;12px&#8221; box_shadow_vertical=&#8221;12px&#8221;][\/et_pb_image][\/et_pb_column][\/et_pb_row][et_pb_row use_custom_gutter=&#8221;on&#8221; make_equal=&#8221;on&#8221; custom_padding_last_edited=&#8221;on|desktop&#8221; module_id=&#8221;0602&#8243; _builder_version=&#8221;3.25&#8243; width=&#8221;100%&#8221; width_tablet=&#8221;&#8221; width_phone=&#8221;&#8221; width_last_edited=&#8221;on|desktop&#8221; max_width=&#8221;100%&#8221; max_width_tablet=&#8221;&#8221; max_width_phone=&#8221;&#8221; max_width_last_edited=&#8221;on|desktop&#8221; module_alignment=&#8221;center&#8221; custom_padding=&#8221;||35px|&#8221; custom_padding_tablet=&#8221;&#8221; custom_padding_phone=&#8221;&#8221; z_index_tablet=&#8221;500&#8243; box_shadow_style=&#8221;preset3&#8243; box_shadow_horizontal=&#8221;10px&#8221; column_structure=&#8221;1_5,3_5,1_5&#8243;][et_pb_column type=&#8221;1_5&#8243; _builder_version=&#8221;3.25&#8243; custom_padding=&#8221;||25px|20px&#8221; custom_padding_phone=&#8221;||25px|10px&#8221; custom_padding_last_edited=&#8221;on|phone&#8221; custom_padding__hover=&#8221;|||&#8221;][et_pb_code admin_label=&#8221;fecha 28\/05&#8243; module_class=&#8221;fecha-evento&#8221; _builder_version=&#8221;3.22.7&#8243; z_index_tablet=&#8221;500&#8243;]May<!\u2013- [et_pb_br_holder] -\u2013><!-- [et_pb_line_break_holder] -->28[\/et_pb_code][\/et_pb_column][et_pb_column type=&#8221;3_5&#8243; _builder_version=&#8221;3.25&#8243; custom_padding=&#8221;|45px||&#8221; custom_padding_tablet=&#8221;|20px||&#8221; custom_padding_last_edited=&#8221;on|phone&#8221; custom_padding__hover=&#8221;|||&#8221;][et_pb_text admin_label=&#8221;Ingreso Michael Metzeltin&#8221; _builder_version=&#8221;3.27.4&#8243; z_index_tablet=&#8221;500&#8243;]<\/p>\n<h3>Entry as Number Academician: <a href=\"https:\/\/raed.academy\/en\/academicians\/dr-michael-metzeltin\/\" target=\"_blank\" rel=\"noopener noreferrer\">Michael Metzeltin<\/a><\/h3>\n<p>Admission speech: <a href=\"https:\/\/raed.academy\/wp-content\/uploads\/2015\/06\/Discurso-Dr.-Metzeltin.pdf\" target=\"_blank\" rel=\"noopener noreferrer\">El poder y su semiolog\u00eda<\/a><br \/>Answering speech: <a href=\"https:\/\/raed.academy\/en\/academicians\/dr-joaquim-gironella-coll\/\" target=\"_blank\" rel=\"noopener noreferrer\">Dr. Joaquim Gironella Coll<\/a><\/p>\n<p>Date: 28.05.2015<\/p>\n<p>[\/et_pb_text][\/et_pb_column][et_pb_column type=&#8221;1_5&#8243; _builder_version=&#8221;3.25&#8243; custom_padding=&#8221;|20px||&#8221; custom_padding_last_edited=&#8221;on|phone&#8221; custom_padding__hover=&#8221;|||&#8221;][et_pb_image src=&#8221;https:\/\/raed.academy\/wp-content\/uploads\/2018\/02\/Michael-Metzeltin-14.jpg&#8221; show_in_lightbox=&#8221;on&#8221; use_overlay=&#8221;on&#8221; overlay_icon_color=&#8221;#6b5d38&#8243; align=&#8221;center&#8221; force_fullwidth=&#8221;on&#8221; align_tablet=&#8221;center&#8221; align_last_edited=&#8221;on|desktop&#8221; _builder_version=&#8221;3.23&#8243; module_alignment=&#8221;center&#8221; custom_margin=&#8221;10px|||&#8221; custom_margin_tablet=&#8221;25px|||&#8221; custom_margin_phone=&#8221;&#8221; custom_margin_last_edited=&#8221;on|desktop&#8221; z_index_tablet=&#8221;500&#8243; border_radii=&#8221;on|4px|4px|4px|4px&#8221; box_shadow_style=&#8221;preset2&#8243; box_shadow_horizontal=&#8221;12px&#8221; box_shadow_vertical=&#8221;12px&#8221;][\/et_pb_image][\/et_pb_column][\/et_pb_row][et_pb_row _builder_version=&#8221;3.25&#8243;][et_pb_column type=&#8221;4_4&#8243; _builder_version=&#8221;3.25&#8243; custom_padding=&#8221;|||&#8221; custom_padding__hover=&#8221;|||&#8221;][et_pb_text admin_label=&#8221;Texto &#8211; JULY 2015&#8243; _builder_version=&#8221;3.27.4&#8243; hover_enabled=&#8221;0&#8243; z_index_tablet=&#8221;500&#8243;]<\/p>\n<h2>JULY 2015<\/h2>\n<p>[\/et_pb_text][\/et_pb_column][\/et_pb_row][et_pb_row use_custom_gutter=&#8221;on&#8221; make_equal=&#8221;on&#8221; custom_padding_last_edited=&#8221;on|desktop&#8221; module_id=&#8221;0602&#8243; _builder_version=&#8221;3.25&#8243; width=&#8221;100%&#8221; width_tablet=&#8221;&#8221; width_phone=&#8221;&#8221; width_last_edited=&#8221;on|desktop&#8221; max_width=&#8221;100%&#8221; max_width_tablet=&#8221;&#8221; max_width_phone=&#8221;&#8221; max_width_last_edited=&#8221;on|desktop&#8221; module_alignment=&#8221;center&#8221; custom_padding=&#8221;||35px|&#8221; custom_padding_tablet=&#8221;&#8221; custom_padding_phone=&#8221;&#8221; z_index_tablet=&#8221;500&#8243; box_shadow_style=&#8221;preset3&#8243; box_shadow_horizontal=&#8221;10px&#8221; column_structure=&#8221;1_5,3_5,1_5&#8243;][et_pb_column type=&#8221;1_5&#8243; _builder_version=&#8221;3.25&#8243; custom_padding=&#8221;||25px|20px&#8221; custom_padding_phone=&#8221;||25px|10px&#8221; custom_padding_last_edited=&#8221;on|phone&#8221; custom_padding__hover=&#8221;|||&#8221;][et_pb_code admin_label=&#8221;fecha 16\/07&#8243; module_class=&#8221;fecha-evento&#8221; _builder_version=&#8221;3.22.7&#8243; z_index_tablet=&#8221;500&#8243;]Jul<!\u2013- [et_pb_br_holder] -\u2013><!-- [et_pb_line_break_holder] -->16[\/et_pb_code][\/et_pb_column][et_pb_column type=&#8221;3_5&#8243; _builder_version=&#8221;3.25&#8243; custom_padding=&#8221;|45px||&#8221; custom_padding_tablet=&#8221;|20px||&#8221; custom_padding_last_edited=&#8221;on|phone&#8221; custom_padding__hover=&#8221;|||&#8221;][et_pb_text admin_label=&#8221;Ingreso Enrique Lecumberri Mart\u00ed&#8221; _builder_version=&#8221;3.27.4&#8243; z_index_tablet=&#8221;500&#8243;]<\/p>\n<h3>Admission as Academician of Honor: <a href=\"https:\/\/raed.academy\/en\/academicians\/dr-enrique-lecumberri-marti\/\" target=\"_blank\" rel=\"noopener noreferrer\">Enrique Lecumberri Mart\u00ed<\/a><\/h3>\n<p>Admission speech: <a href=\"https:\/\/raed.academy\/wp-content\/uploads\/2016\/11\/WEB_Lecumberri_27-1.pdf\" target=\"_blank\" rel=\"noopener noreferrer\">Atentados a la privacidad de las persones<\/a><br \/>Answering speech: <a href=\"https:\/\/raed.academy\/en\/academicians\/dr-joan-francesc-pont-clemente\/\" target=\"_blank\" rel=\"noopener noreferrer\">Dr. Joan Francesc Pont Clemente<\/a><\/p>\n<p>Date: 16.07.2015<\/p>\n<p>[\/et_pb_text][\/et_pb_column][et_pb_column type=&#8221;1_5&#8243; _builder_version=&#8221;3.25&#8243; custom_padding=&#8221;|20px||&#8221; custom_padding_last_edited=&#8221;on|phone&#8221; custom_padding__hover=&#8221;|||&#8221;][et_pb_image src=&#8221;https:\/\/raed.academy\/wp-content\/uploads\/2018\/10\/Dr-Enrique-Lecumberri-Marti-1.jpg&#8221; show_in_lightbox=&#8221;on&#8221; use_overlay=&#8221;on&#8221; overlay_icon_color=&#8221;#6b5d38&#8243; align=&#8221;center&#8221; force_fullwidth=&#8221;on&#8221; align_tablet=&#8221;center&#8221; align_last_edited=&#8221;on|desktop&#8221; _builder_version=&#8221;3.23&#8243; module_alignment=&#8221;center&#8221; custom_margin=&#8221;10px|||&#8221; custom_margin_tablet=&#8221;25px|||&#8221; custom_margin_phone=&#8221;&#8221; custom_margin_last_edited=&#8221;on|desktop&#8221; z_index_tablet=&#8221;500&#8243; border_radii=&#8221;on|4px|4px|4px|4px&#8221; box_shadow_style=&#8221;preset2&#8243; box_shadow_horizontal=&#8221;12px&#8221; box_shadow_vertical=&#8221;12px&#8221;][\/et_pb_image][\/et_pb_column][\/et_pb_row][et_pb_row use_custom_gutter=&#8221;on&#8221; make_equal=&#8221;on&#8221; custom_padding_last_edited=&#8221;on|desktop&#8221; module_id=&#8221;0602&#8243; _builder_version=&#8221;3.25&#8243; width=&#8221;100%&#8221; width_tablet=&#8221;&#8221; width_phone=&#8221;&#8221; width_last_edited=&#8221;on|desktop&#8221; max_width=&#8221;100%&#8221; max_width_tablet=&#8221;&#8221; max_width_phone=&#8221;&#8221; max_width_last_edited=&#8221;on|desktop&#8221; module_alignment=&#8221;center&#8221; custom_padding=&#8221;||35px|&#8221; custom_padding_tablet=&#8221;&#8221; custom_padding_phone=&#8221;&#8221; z_index_tablet=&#8221;500&#8243; box_shadow_style=&#8221;preset3&#8243; box_shadow_horizontal=&#8221;10px&#8221; column_structure=&#8221;1_5,3_5,1_5&#8243;][et_pb_column type=&#8221;1_5&#8243; _builder_version=&#8221;3.25&#8243; custom_padding=&#8221;||25px|20px&#8221; custom_padding_phone=&#8221;||25px|10px&#8221; custom_padding_last_edited=&#8221;on|phone&#8221; custom_padding__hover=&#8221;|||&#8221;][et_pb_code admin_label=&#8221;fecha 23\/07&#8243; module_class=&#8221;fecha-evento&#8221; _builder_version=&#8221;3.22.7&#8243; z_index_tablet=&#8221;500&#8243;]Jul<!\u2013- [et_pb_br_holder] -\u2013><!-- [et_pb_line_break_holder] -->23[\/et_pb_code][\/et_pb_column][et_pb_column type=&#8221;3_5&#8243; _builder_version=&#8221;3.25&#8243; custom_padding=&#8221;|45px||&#8221; custom_padding_tablet=&#8221;|20px||&#8221; custom_padding_last_edited=&#8221;on|phone&#8221; custom_padding__hover=&#8221;|||&#8221;][et_pb_text admin_label=&#8221;Ingreso Francisco L\u00f3pez Mu\u00f1oz&#8221; _builder_version=&#8221;3.27.4&#8243; z_index_tablet=&#8221;500&#8243;]<\/p>\n<h3>Academic Entry Number: <a href=\"https:\/\/raed.academy\/en\/academicians\/dr-francisco-lopez-munoz\/\" target=\"_blank\" rel=\"noopener noreferrer\">Francisco L\u00f3pez Mu\u00f1oz<\/a><\/h3>\n<p>Admission speech: <a href=\"https:\/\/raed.academy\/wp-content\/uploads\/2015\/11\/Discurso-Dr.-L%C3%B3pez.pdf\" target=\"_blank\" rel=\"noopener noreferrer\">Panacea encadenada: La farmacolog\u00eda alemana bajo el yugo de la esv\u00e1stica<\/a><br \/>Answering speech: <a href=\"https:\/\/raed.academy\/en\/academicians\/dr-joan-francesc-pont-clemente\/\" target=\"_blank\" rel=\"noopener noreferrer\">Dr. Francesc Pont Clemente<\/a><\/p>\n<p>Date: 23\/07\/2015<\/p>\n<p>[\/et_pb_text][\/et_pb_column][et_pb_column type=&#8221;1_5&#8243; _builder_version=&#8221;3.25&#8243; custom_padding=&#8221;|20px||&#8221; custom_padding_last_edited=&#8221;on|phone&#8221; custom_padding__hover=&#8221;|||&#8221;][et_pb_image src=&#8221;https:\/\/raed.academy\/wp-content\/uploads\/2018\/02\/acto-ingreso-Francisco-Lopez-Mu\u00f1oz-4.jpg&#8221; show_in_lightbox=&#8221;on&#8221; use_overlay=&#8221;on&#8221; overlay_icon_color=&#8221;#6b5d38&#8243; align=&#8221;center&#8221; force_fullwidth=&#8221;on&#8221; align_tablet=&#8221;center&#8221; align_last_edited=&#8221;on|desktop&#8221; _builder_version=&#8221;3.23&#8243; module_alignment=&#8221;center&#8221; custom_margin=&#8221;10px|||&#8221; custom_margin_tablet=&#8221;25px|||&#8221; custom_margin_phone=&#8221;&#8221; custom_margin_last_edited=&#8221;on|desktop&#8221; z_index_tablet=&#8221;500&#8243; border_radii=&#8221;on|4px|4px|4px|4px&#8221; box_shadow_style=&#8221;preset2&#8243; box_shadow_horizontal=&#8221;12px&#8221; box_shadow_vertical=&#8221;12px&#8221;][\/et_pb_image][\/et_pb_column][\/et_pb_row][et_pb_row _builder_version=&#8221;3.25&#8243;][et_pb_column type=&#8221;4_4&#8243; _builder_version=&#8221;3.25&#8243; custom_padding=&#8221;|||&#8221; custom_padding__hover=&#8221;|||&#8221;][et_pb_text admin_label=&#8221;Texto &#8211; OCTUBRE 2015&#8243; _builder_version=&#8221;4.4.6&#8243; hover_enabled=&#8221;0&#8243; z_index_tablet=&#8221;500&#8243;]<\/p>\n<h2>OCTOBER 2015<\/h2>\n<p>[\/et_pb_text][\/et_pb_column][\/et_pb_row][et_pb_row use_custom_gutter=&#8221;on&#8221; gutter_width=&#8221;1&#8243; make_equal=&#8221;on&#8221; custom_padding_last_edited=&#8221;on|desktop&#8221; module_id=&#8221;1001&#8243; module_class=&#8221;evento et_pb_row_fullwidth et_pb_row_fullwidth et_pb_row_fullwidth&#8221; _builder_version=&#8221;3.25&#8243; width=&#8221;100%&#8221; width_tablet=&#8221;100%&#8221; width_phone=&#8221;&#8221; width_last_edited=&#8221;on|desktop&#8221; max_width=&#8221;100%&#8221; max_width_tablet=&#8221;100%&#8221; max_width_phone=&#8221;&#8221; max_width_last_edited=&#8221;on|desktop&#8221; module_alignment=&#8221;center&#8221; custom_padding=&#8221;||35px|&#8221; custom_padding_tablet=&#8221;&#8221; custom_padding_phone=&#8221;&#8221; z_index_tablet=&#8221;500&#8243; box_shadow_style=&#8221;preset3&#8243; box_shadow_horizontal=&#8221;10px&#8221; make_fullwidth=&#8221;on&#8221; column_structure=&#8221;1_5,3_5,1_5&#8243;][et_pb_column type=&#8221;1_5&#8243; _builder_version=&#8221;3.25&#8243; custom_padding=&#8221;||25px|&#8221; custom_padding_last_edited=&#8221;off|phone&#8221; custom_padding__hover=&#8221;|||&#8221;][et_pb_code admin_label=&#8221;fecha 14-15-16\/10&#8243; module_class=&#8221;fecha-evento&#8221; _builder_version=&#8221;3.22.7&#8243; z_index_tablet=&#8221;500&#8243;]Oct<!\u2013- [et_pb_br_holder] -\u2013><!-- [et_pb_line_break_holder] -->14-15-16[\/et_pb_code][\/et_pb_column][et_pb_column type=&#8221;3_5&#8243; _builder_version=&#8221;3.25&#8243; custom_padding=&#8221;|45px||&#8221; custom_padding_tablet=&#8221;|20px||&#8221; custom_padding_last_edited=&#8221;on|desktop&#8221; custom_padding__hover=&#8221;|||&#8221;][et_pb_text admin_label=&#8221;Sesi\u00f3n Acad\u00e9mica: \u201cConsolatio por el Dr. Jaume Vallcorba Plana\u201d&#8221; _builder_version=&#8221;3.27.4&#8243; z_index_tablet=&#8221;500&#8243;]<\/p>\n<h3>Innovation and Regional Development<\/h3>\n<p>II International Act of the Royal Academy of Doctors of Mexico (in collaboration with the Community of Higher Education Institutions of La Laguna (CIESLAG), Mexico<\/p>\n<p>Dates: 14, 15 and 16.10.2015<\/p>\n<p>[\/et_pb_text][\/et_pb_column][et_pb_column type=&#8221;1_5&#8243; _builder_version=&#8221;3.25&#8243; custom_padding=&#8221;|20px||&#8221; custom_padding_last_edited=&#8221;on|phone&#8221; custom_padding__hover=&#8221;|||&#8221;][et_pb_image show_in_lightbox=&#8221;on&#8221; use_overlay=&#8221;on&#8221; overlay_icon_color=&#8221;#6b5d38&#8243; align=&#8221;center&#8221; force_fullwidth=&#8221;on&#8221; align_tablet=&#8221;center&#8221; align_last_edited=&#8221;on|desktop&#8221; _builder_version=&#8221;3.23&#8243; module_alignment=&#8221;center&#8221; custom_margin=&#8221;10px|||&#8221; custom_margin_tablet=&#8221;25px|||&#8221; custom_margin_phone=&#8221;&#8221; custom_margin_last_edited=&#8221;on|desktop&#8221; z_index_tablet=&#8221;500&#8243; border_radii=&#8221;on|4px|4px|4px|4px&#8221; box_shadow_style=&#8221;preset2&#8243; box_shadow_horizontal=&#8221;12px&#8221; box_shadow_vertical=&#8221;12px&#8221;][\/et_pb_image][\/et_pb_column][\/et_pb_row][et_pb_row use_custom_gutter=&#8221;on&#8221; make_equal=&#8221;on&#8221; custom_padding_last_edited=&#8221;on|desktop&#8221; module_id=&#8221;0602&#8243; _builder_version=&#8221;3.25&#8243; width=&#8221;100%&#8221; width_tablet=&#8221;&#8221; width_phone=&#8221;&#8221; width_last_edited=&#8221;on|desktop&#8221; max_width=&#8221;100%&#8221; max_width_tablet=&#8221;&#8221; max_width_phone=&#8221;&#8221; max_width_last_edited=&#8221;on|desktop&#8221; module_alignment=&#8221;center&#8221; custom_padding=&#8221;||35px|&#8221; custom_padding_tablet=&#8221;&#8221; custom_padding_phone=&#8221;&#8221; z_index_tablet=&#8221;500&#8243; box_shadow_style=&#8221;preset3&#8243; box_shadow_horizontal=&#8221;10px&#8221; column_structure=&#8221;1_5,3_5,1_5&#8243;][et_pb_column type=&#8221;1_5&#8243; _builder_version=&#8221;3.25&#8243; custom_padding=&#8221;||25px|20px&#8221; custom_padding_phone=&#8221;||25px|10px&#8221; custom_padding_last_edited=&#8221;on|phone&#8221; custom_padding__hover=&#8221;|||&#8221;][et_pb_code admin_label=&#8221;fecha 22\/10&#8243; module_class=&#8221;fecha-evento&#8221; _builder_version=&#8221;3.22.7&#8243; z_index_tablet=&#8221;500&#8243;]Oct<!\u2013- [et_pb_br_holder] -\u2013><!-- [et_pb_line_break_holder] -->22[\/et_pb_code][\/et_pb_column][et_pb_column type=&#8221;3_5&#8243; _builder_version=&#8221;3.25&#8243; custom_padding=&#8221;|45px||&#8221; custom_padding_tablet=&#8221;|20px||&#8221; custom_padding_last_edited=&#8221;on|phone&#8221; custom_padding__hover=&#8221;|||&#8221;][et_pb_text admin_label=&#8221;Ingreso Pedro Aznar Alarc\u00f3n&#8221; _builder_version=&#8221;3.27.4&#8243; z_index_tablet=&#8221;500&#8243;]<\/p>\n<h3>Academic Entry Number: <a href=\"https:\/\/raed.academy\/en\/academicians\/dr-juan-pedro-aznar-alarcon\/\" target=\"_blank\" rel=\"noopener noreferrer\">Pedro Aznar Alarc\u00f3n<\/a><\/h3>\n<p>Admission speech: <a href=\"https:\/\/raed.academy\/wp-content\/uploads\/2015\/12\/Discurso-Dr.-Aznar.pdf\" target=\"_blank\" rel=\"noopener noreferrer\"> Las pol\u00edticas monetarias no convencionales y sus efectos en la crisis financiera de 2008<\/a><br \/>Answering speech: <a href=\"https:\/\/raed.academy\/en\/academicians\/dr-jose-luis-salido-banus\/\" target=\"_blank\" rel=\"noopener noreferrer\">Dr. Jos\u00e9 Luis Salido Ban\u00fas<\/a><\/p>\n<p>Date: 22.10.2015<\/p>\n<p>[\/et_pb_text][\/et_pb_column][et_pb_column type=&#8221;1_5&#8243; _builder_version=&#8221;3.25&#8243; custom_padding=&#8221;|20px||&#8221; custom_padding_last_edited=&#8221;on|phone&#8221; custom_padding__hover=&#8221;|||&#8221;][et_pb_image src=&#8221;https:\/\/raed.academy\/wp-content\/uploads\/2015\/12\/9697-090-1.jpg&#8221; show_in_lightbox=&#8221;on&#8221; use_overlay=&#8221;on&#8221; overlay_icon_color=&#8221;#6b5d38&#8243; align=&#8221;center&#8221; force_fullwidth=&#8221;on&#8221; align_tablet=&#8221;center&#8221; align_last_edited=&#8221;on|desktop&#8221; _builder_version=&#8221;3.23&#8243; module_alignment=&#8221;center&#8221; custom_margin=&#8221;10px|||&#8221; custom_margin_tablet=&#8221;25px|||&#8221; custom_margin_phone=&#8221;&#8221; custom_margin_last_edited=&#8221;on|desktop&#8221; z_index_tablet=&#8221;500&#8243; border_radii=&#8221;on|4px|4px|4px|4px&#8221; box_shadow_style=&#8221;preset2&#8243; box_shadow_horizontal=&#8221;12px&#8221; box_shadow_vertical=&#8221;12px&#8221;][\/et_pb_image][\/et_pb_column][\/et_pb_row][et_pb_row use_custom_gutter=&#8221;on&#8221; gutter_width=&#8221;1&#8243; make_equal=&#8221;on&#8221; custom_padding_last_edited=&#8221;on|desktop&#8221; module_id=&#8221;1001&#8243; module_class=&#8221;evento et_pb_row_fullwidth et_pb_row_fullwidth et_pb_row_fullwidth&#8221; _builder_version=&#8221;3.25&#8243; width=&#8221;100%&#8221; width_tablet=&#8221;100%&#8221; width_phone=&#8221;&#8221; width_last_edited=&#8221;on|desktop&#8221; max_width=&#8221;100%&#8221; max_width_tablet=&#8221;100%&#8221; max_width_phone=&#8221;&#8221; max_width_last_edited=&#8221;on|desktop&#8221; module_alignment=&#8221;center&#8221; custom_padding=&#8221;||35px|&#8221; custom_padding_tablet=&#8221;&#8221; custom_padding_phone=&#8221;&#8221; z_index_tablet=&#8221;500&#8243; box_shadow_style=&#8221;preset3&#8243; box_shadow_horizontal=&#8221;10px&#8221; make_fullwidth=&#8221;on&#8221; column_structure=&#8221;1_5,3_5,1_5&#8243;][et_pb_column type=&#8221;1_5&#8243; _builder_version=&#8221;3.25&#8243; custom_padding=&#8221;||25px|&#8221; custom_padding_last_edited=&#8221;off|phone&#8221; custom_padding__hover=&#8221;|||&#8221;][et_pb_code admin_label=&#8221;fecha 28\/10&#8243; module_class=&#8221;fecha-evento&#8221; _builder_version=&#8221;3.22.7&#8243; z_index_tablet=&#8221;500&#8243;]Oct<!\u2013- [et_pb_br_holder] -\u2013><!-- [et_pb_line_break_holder] -->28[\/et_pb_code][\/et_pb_column][et_pb_column type=&#8221;3_5&#8243; _builder_version=&#8221;3.25&#8243; custom_padding=&#8221;|45px||&#8221; custom_padding_tablet=&#8221;|20px||&#8221; custom_padding_last_edited=&#8221;on|desktop&#8221; custom_padding__hover=&#8221;|||&#8221;][et_pb_text admin_label=&#8221;Sesi\u00f3n Acad\u00e9mica: \u201cEl agua, una visi\u00f3n interdisciplinaria\u201d&#8221; _builder_version=&#8221;3.27.4&#8243; z_index_tablet=&#8221;500&#8243;]<\/p>\n<h3>Academic Session: &#8220;Water, an interdisciplinary vision&#8221;<\/h3>\n<p>Coordination and Presentation: <a href=\"https:\/\/raed.academy\/en\/academicians\/dr-maria-dels-angels-calvo-torras\/\" target=\"_blank\" rel=\"noopener noreferrer\">Dr. M. dels \u00c0ngels Calvo<\/a><br \/>Speakers:<\/p>\n<ul>\n<li>L\u2019Aigua en l\u2019origen i en el manteniment de la vida: <a href=\"https:\/\/raed.academy\/en\/academicians\/dr-pere-costa-batllori\/\" target=\"_blank\" rel=\"noopener noreferrer\"><strong>Dr. Pere Costa Batllori<\/strong>.<\/a><\/li>\n<li>Planeta oce\u00e0, passat, present i futur des d\u2019una visi\u00f3 particular. Projecte AQUAM I Mediterr\u00e0nia: <strong>Miquel Ventura<\/strong>, director of the MAR Foundation.<\/li>\n<\/ul>\n<p>Date: 28.10.2015<\/p>\n<p>[\/et_pb_text][\/et_pb_column][et_pb_column type=&#8221;1_5&#8243; _builder_version=&#8221;3.25&#8243; custom_padding=&#8221;|20px||&#8221; custom_padding_last_edited=&#8221;on|phone&#8221; custom_padding__hover=&#8221;|||&#8221;][et_pb_image show_in_lightbox=&#8221;on&#8221; use_overlay=&#8221;on&#8221; overlay_icon_color=&#8221;#6b5d38&#8243; align=&#8221;center&#8221; force_fullwidth=&#8221;on&#8221; align_tablet=&#8221;center&#8221; align_last_edited=&#8221;on|desktop&#8221; _builder_version=&#8221;3.23&#8243; module_alignment=&#8221;center&#8221; custom_margin=&#8221;10px|||&#8221; custom_margin_tablet=&#8221;25px|||&#8221; custom_margin_phone=&#8221;&#8221; custom_margin_last_edited=&#8221;on|desktop&#8221; z_index_tablet=&#8221;500&#8243; border_radii=&#8221;on|4px|4px|4px|4px&#8221; box_shadow_style=&#8221;preset2&#8243; box_shadow_horizontal=&#8221;12px&#8221; box_shadow_vertical=&#8221;12px&#8221;][\/et_pb_image][\/et_pb_column][\/et_pb_row][et_pb_row _builder_version=&#8221;3.25&#8243;][et_pb_column type=&#8221;4_4&#8243; _builder_version=&#8221;3.25&#8243; custom_padding=&#8221;|||&#8221; custom_padding__hover=&#8221;|||&#8221;][et_pb_text admin_label=&#8221;Texto &#8211; NOVEMBER 2015&#8243; _builder_version=&#8221;4.4.6&#8243; hover_enabled=&#8221;0&#8243; z_index_tablet=&#8221;500&#8243;]<\/p>\n<h2>NOVEMBER 2015<\/h2>\n<p>[\/et_pb_text][\/et_pb_column][\/et_pb_row][et_pb_row use_custom_gutter=&#8221;on&#8221; make_equal=&#8221;on&#8221; custom_padding_last_edited=&#8221;on|desktop&#8221; module_id=&#8221;0602&#8243; _builder_version=&#8221;3.25&#8243; width=&#8221;100%&#8221; width_tablet=&#8221;&#8221; width_phone=&#8221;&#8221; width_last_edited=&#8221;on|desktop&#8221; max_width=&#8221;100%&#8221; max_width_tablet=&#8221;&#8221; max_width_phone=&#8221;&#8221; max_width_last_edited=&#8221;on|desktop&#8221; module_alignment=&#8221;center&#8221; custom_padding=&#8221;||35px|&#8221; custom_padding_tablet=&#8221;&#8221; custom_padding_phone=&#8221;&#8221; z_index_tablet=&#8221;500&#8243; box_shadow_style=&#8221;preset3&#8243; box_shadow_horizontal=&#8221;10px&#8221; column_structure=&#8221;1_5,3_5,1_5&#8243;][et_pb_column type=&#8221;1_5&#8243; _builder_version=&#8221;3.25&#8243; custom_padding=&#8221;||25px|20px&#8221; custom_padding_phone=&#8221;||25px|10px&#8221; custom_padding_last_edited=&#8221;on|phone&#8221; custom_padding__hover=&#8221;|||&#8221;][et_pb_code admin_label=&#8221;fecha 05\/11&#8243; module_class=&#8221;fecha-evento&#8221; _builder_version=&#8221;3.22.7&#8243; z_index_tablet=&#8221;500&#8243;]Nov<!\u2013- [et_pb_br_holder] -\u2013><!-- [et_pb_line_break_holder] -->5[\/et_pb_code][\/et_pb_column][et_pb_column type=&#8221;3_5&#8243; _builder_version=&#8221;3.25&#8243; custom_padding=&#8221;|45px||&#8221; custom_padding_tablet=&#8221;|20px||&#8221; custom_padding_last_edited=&#8221;on|phone&#8221; custom_padding__hover=&#8221;|||&#8221;][et_pb_text admin_label=&#8221;Ingreso Ferm\u00edn Morales Prats&#8221; _builder_version=&#8221;3.27.4&#8243; z_index_tablet=&#8221;500&#8243;]<\/p>\n<h3>Academic Entry Number: <a href=\"https:\/\/raed.academy\/en\/dr-fermin-morales-prats\/\" target=\"_blank\" rel=\"noopener noreferrer\">Ferm\u00edn Morales Prats<\/a><\/h3>\n<p>Admission speech: <a href=\"https:\/\/raed.academy\/wp-content\/uploads\/2015\/10\/Discurso-Dr.-Morales.pdf\" target=\"_blank\" rel=\"noopener noreferrer\">La utop\u00eda garantista del Derecho Penal en la nueva \u201cEdad Media\u201d<\/a><br \/>Answering speech: <a href=\"https:\/\/raed.academy\/en\/academicians\/dr-jose-maria-gay-de-liebana-saludas\/\" target=\"_blank\" rel=\"noopener noreferrer\">Dr. Jos\u00e9 Mar\u00eda Gay de Li\u00e9bana Saludas<\/a><\/p>\n<p>Date: 11.05.2015<\/p>\n<p>[\/et_pb_text][\/et_pb_column][et_pb_column type=&#8221;1_5&#8243; _builder_version=&#8221;3.25&#8243; custom_padding=&#8221;|20px||&#8221; custom_padding_last_edited=&#8221;on|phone&#8221; custom_padding__hover=&#8221;|||&#8221;][et_pb_image src=&#8221;https:\/\/raed.academy\/wp-content\/uploads\/2018\/02\/Fermin-Morales-Prats-7.jpg&#8221; show_in_lightbox=&#8221;on&#8221; use_overlay=&#8221;on&#8221; overlay_icon_color=&#8221;#6b5d38&#8243; align=&#8221;center&#8221; force_fullwidth=&#8221;on&#8221; align_tablet=&#8221;center&#8221; align_last_edited=&#8221;on|desktop&#8221; _builder_version=&#8221;3.23&#8243; module_alignment=&#8221;center&#8221; custom_margin=&#8221;10px|||&#8221; custom_margin_tablet=&#8221;25px|||&#8221; custom_margin_phone=&#8221;&#8221; custom_margin_last_edited=&#8221;on|desktop&#8221; z_index_tablet=&#8221;500&#8243; border_radii=&#8221;on|4px|4px|4px|4px&#8221; box_shadow_style=&#8221;preset2&#8243; box_shadow_horizontal=&#8221;12px&#8221; box_shadow_vertical=&#8221;12px&#8221;][\/et_pb_image][\/et_pb_column][\/et_pb_row][et_pb_row use_custom_gutter=&#8221;on&#8221; gutter_width=&#8221;1&#8243; make_equal=&#8221;on&#8221; custom_padding_last_edited=&#8221;on|desktop&#8221; module_id=&#8221;1001&#8243; module_class=&#8221;evento et_pb_row_fullwidth et_pb_row_fullwidth et_pb_row_fullwidth&#8221; _builder_version=&#8221;3.25&#8243; width=&#8221;100%&#8221; width_tablet=&#8221;100%&#8221; width_phone=&#8221;&#8221; width_last_edited=&#8221;on|desktop&#8221; max_width=&#8221;100%&#8221; max_width_tablet=&#8221;100%&#8221; max_width_phone=&#8221;&#8221; max_width_last_edited=&#8221;on|desktop&#8221; module_alignment=&#8221;center&#8221; custom_padding=&#8221;||35px|&#8221; custom_padding_tablet=&#8221;&#8221; custom_padding_phone=&#8221;&#8221; z_index_tablet=&#8221;500&#8243; box_shadow_style=&#8221;preset3&#8243; box_shadow_horizontal=&#8221;10px&#8221; make_fullwidth=&#8221;on&#8221; column_structure=&#8221;1_5,3_5,1_5&#8243;][et_pb_column type=&#8221;1_5&#8243; _builder_version=&#8221;3.25&#8243; custom_padding=&#8221;||25px|&#8221; custom_padding_last_edited=&#8221;off|phone&#8221; custom_padding__hover=&#8221;|||&#8221;][et_pb_code admin_label=&#8221;fecha 11\/11&#8243; module_class=&#8221;fecha-evento&#8221; _builder_version=&#8221;3.22.7&#8243; z_index_tablet=&#8221;500&#8243;]Nov<!\u2013- [et_pb_br_holder] -\u2013><!-- [et_pb_line_break_holder] -->11[\/et_pb_code][\/et_pb_column][et_pb_column type=&#8221;3_5&#8243; _builder_version=&#8221;3.25&#8243; custom_padding=&#8221;|45px||&#8221; custom_padding_tablet=&#8221;|20px||&#8221; custom_padding_last_edited=&#8221;on|desktop&#8221; custom_padding__hover=&#8221;|||&#8221;][et_pb_text admin_label=&#8221;Sesi\u00f3n Acad\u00e9mica: Ciclo Sesiones Tem\u00e1ticas&#8221; _builder_version=&#8221;3.27.4&#8243; z_index_tablet=&#8221;500&#8243;]<\/p>\n<h3>Academic Session: Cycle Thematic Sessions &#8220;Engineering and Music&#8221; &#8211; &#8220;Architecture and Music&#8221;<\/h3>\n<p>Organization and coordination: <a href=\"https:\/\/raed.academy\/en\/academicians\/dr-eugenio-onate-de-navarra\/\" target=\"_blank\" rel=\"noopener noreferrer\">Dr. Eugenio O\u00f1ate Ib\u00e1\u00f1ez de Navarra<\/a><br \/>Speaker: <strong>Prof. Ramon Agust\u00ed<\/strong>, Professor at the UPC and member of the Royal Academy of Engineering; &#8220;Les telecommunicacions M\u00f2bils. Present i futur&#8221;<\/p>\n<p>Date: 11.11.2015<\/p>\n<p>[\/et_pb_text][\/et_pb_column][et_pb_column type=&#8221;1_5&#8243; _builder_version=&#8221;3.25&#8243; custom_padding=&#8221;|20px||&#8221; custom_padding_last_edited=&#8221;on|phone&#8221; custom_padding__hover=&#8221;|||&#8221;][et_pb_image show_in_lightbox=&#8221;on&#8221; use_overlay=&#8221;on&#8221; overlay_icon_color=&#8221;#6b5d38&#8243; align=&#8221;center&#8221; force_fullwidth=&#8221;on&#8221; align_tablet=&#8221;center&#8221; align_last_edited=&#8221;on|desktop&#8221; _builder_version=&#8221;3.23&#8243; module_alignment=&#8221;center&#8221; custom_margin=&#8221;10px|||&#8221; custom_margin_tablet=&#8221;25px|||&#8221; custom_margin_phone=&#8221;&#8221; custom_margin_last_edited=&#8221;on|desktop&#8221; z_index_tablet=&#8221;500&#8243; border_radii=&#8221;on|4px|4px|4px|4px&#8221; box_shadow_style=&#8221;preset2&#8243; box_shadow_horizontal=&#8221;12px&#8221; box_shadow_vertical=&#8221;12px&#8221;][\/et_pb_image][\/et_pb_column][\/et_pb_row][et_pb_row use_custom_gutter=&#8221;on&#8221; gutter_width=&#8221;1&#8243; make_equal=&#8221;on&#8221; custom_padding_last_edited=&#8221;on|desktop&#8221; module_id=&#8221;1001&#8243; module_class=&#8221;evento et_pb_row_fullwidth et_pb_row_fullwidth et_pb_row_fullwidth&#8221; _builder_version=&#8221;3.25&#8243; width=&#8221;100%&#8221; width_tablet=&#8221;100%&#8221; width_phone=&#8221;&#8221; width_last_edited=&#8221;on|desktop&#8221; max_width=&#8221;100%&#8221; max_width_tablet=&#8221;100%&#8221; max_width_phone=&#8221;&#8221; max_width_last_edited=&#8221;on|desktop&#8221; module_alignment=&#8221;center&#8221; custom_padding=&#8221;||35px|&#8221; custom_padding_tablet=&#8221;&#8221; custom_padding_phone=&#8221;&#8221; z_index_tablet=&#8221;500&#8243; box_shadow_style=&#8221;preset3&#8243; box_shadow_horizontal=&#8221;10px&#8221; make_fullwidth=&#8221;on&#8221; column_structure=&#8221;1_5,3_5,1_5&#8243;][et_pb_column type=&#8221;1_5&#8243; _builder_version=&#8221;3.25&#8243; custom_padding=&#8221;||25px|&#8221; custom_padding_last_edited=&#8221;off|phone&#8221; custom_padding__hover=&#8221;|||&#8221;][et_pb_code admin_label=&#8221;fecha 30\/11&#8243; module_class=&#8221;fecha-evento&#8221; _builder_version=&#8221;3.22.7&#8243; z_index_tablet=&#8221;500&#8243;]Nov<!\u2013- [et_pb_br_holder] -\u2013><!-- [et_pb_line_break_holder] -->30[\/et_pb_code][\/et_pb_column][et_pb_column type=&#8221;3_5&#8243; _builder_version=&#8221;3.25&#8243; custom_padding=&#8221;|45px||&#8221; custom_padding_tablet=&#8221;|20px||&#8221; custom_padding_last_edited=&#8221;on|desktop&#8221; custom_padding__hover=&#8221;|||&#8221;][et_pb_text admin_label=&#8221;Conference: %22The Armed Forces and the Army today%22&#8243; _builder_version=&#8221;3.27.4&#8243; z_index_tablet=&#8221;500&#8243;]<\/p>\n<h3>Conference: &#8220;The Armed Forces and the Army today&#8221;<\/h3>\n<p>Moderator: Vice President Dr. Josep Llort Brull<br \/>Speaker: <strong>Lieutenant General Mr. Ricardo \u00c1lvarez- Espejo Garc\u00eda<\/strong>. General Inspector of the Army.<\/p>\n<p>Date: 30.11.2015<\/p>\n<p>[\/et_pb_text][\/et_pb_column][et_pb_column type=&#8221;1_5&#8243; _builder_version=&#8221;3.25&#8243; custom_padding=&#8221;|20px||&#8221; custom_padding_last_edited=&#8221;on|phone&#8221; custom_padding__hover=&#8221;|||&#8221;][et_pb_image show_in_lightbox=&#8221;on&#8221; use_overlay=&#8221;on&#8221; overlay_icon_color=&#8221;#6b5d38&#8243; align=&#8221;center&#8221; force_fullwidth=&#8221;on&#8221; align_tablet=&#8221;center&#8221; align_last_edited=&#8221;on|desktop&#8221; _builder_version=&#8221;3.23&#8243; module_alignment=&#8221;center&#8221; custom_margin=&#8221;10px|||&#8221; custom_margin_tablet=&#8221;25px|||&#8221; custom_margin_phone=&#8221;&#8221; custom_margin_last_edited=&#8221;on|desktop&#8221; z_index_tablet=&#8221;500&#8243; border_radii=&#8221;on|4px|4px|4px|4px&#8221; box_shadow_style=&#8221;preset2&#8243; box_shadow_horizontal=&#8221;12px&#8221; box_shadow_vertical=&#8221;12px&#8221;][\/et_pb_image][\/et_pb_column][\/et_pb_row][et_pb_row _builder_version=&#8221;3.25&#8243;][et_pb_column type=&#8221;4_4&#8243; _builder_version=&#8221;3.25&#8243; custom_padding=&#8221;|||&#8221; custom_padding__hover=&#8221;|||&#8221;][et_pb_text admin_label=&#8221;Texto &#8211; DECEMBER 2015&#8243; _builder_version=&#8221;4.4.6&#8243; hover_enabled=&#8221;0&#8243; z_index_tablet=&#8221;500&#8243;]<\/p>\n<h2>DECEMBER 2015<\/h2>\n<p>[\/et_pb_text][\/et_pb_column][\/et_pb_row][et_pb_row use_custom_gutter=&#8221;on&#8221; gutter_width=&#8221;1&#8243; make_equal=&#8221;on&#8221; custom_padding_last_edited=&#8221;on|desktop&#8221; module_id=&#8221;1001&#8243; module_class=&#8221;evento et_pb_row_fullwidth et_pb_row_fullwidth et_pb_row_fullwidth&#8221; _builder_version=&#8221;3.25&#8243; width=&#8221;100%&#8221; width_tablet=&#8221;100%&#8221; width_phone=&#8221;&#8221; width_last_edited=&#8221;on|desktop&#8221; max_width=&#8221;100%&#8221; max_width_tablet=&#8221;100%&#8221; max_width_phone=&#8221;&#8221; max_width_last_edited=&#8221;on|desktop&#8221; module_alignment=&#8221;center&#8221; custom_padding=&#8221;||35px|&#8221; custom_padding_tablet=&#8221;&#8221; custom_padding_phone=&#8221;&#8221; z_index_tablet=&#8221;500&#8243; box_shadow_style=&#8221;preset3&#8243; box_shadow_horizontal=&#8221;10px&#8221; make_fullwidth=&#8221;on&#8221; locked=&#8221;off&#8221; column_structure=&#8221;1_5,3_5,1_5&#8243;][et_pb_column type=&#8221;1_5&#8243; _builder_version=&#8221;3.25&#8243; custom_padding=&#8221;||25px|&#8221; custom_padding_last_edited=&#8221;off|phone&#8221; custom_padding__hover=&#8221;|||&#8221;][et_pb_code admin_label=&#8221;fecha 22\/12&#8243; module_class=&#8221;fecha-evento&#8221; _builder_version=&#8221;3.22.7&#8243; z_index_tablet=&#8221;500&#8243;]Dic<!\u2013- [et_pb_br_holder] -\u2013><!-- [et_pb_line_break_holder] -->22[\/et_pb_code][\/et_pb_column][et_pb_column type=&#8221;3_5&#8243; _builder_version=&#8221;3.25&#8243; custom_padding=&#8221;|45px||&#8221; custom_padding_tablet=&#8221;|20px||&#8221; custom_padding_last_edited=&#8221;on|desktop&#8221; custom_padding__hover=&#8221;|||&#8221;][et_pb_text admin_label=&#8221;Academic Session: Debate on religions: %22Religion and the question of meaning%22&#8243; _builder_version=&#8221;3.27.4&#8243; z_index_tablet=&#8221;500&#8243;]<\/p>\n<h3>Academic Session: Debate on religions: &#8220;Religion and the question of meaning&#8221;<\/h3>\n<p>Speakers:<\/p>\n<ul>\n<li>Les tradicons religioses com a dip\u00f2sit de sentit: <a href=\"https:\/\/raed.academy\/academicos\/dr-francesc-torralba-rosello\/\" target=\"_blank\" rel=\"noopener noreferrer\"><strong>Dr. Francesc Torralba Rosell\u00f3<\/strong><\/a>.<\/li>\n<li>La religi\u00f3n civil: <a href=\"https:\/\/raed.academy\/academicos\/dr-angel-aguirre-baztan\/\" target=\"_blank\" rel=\"noopener noreferrer\"><strong>Dr. \u00c1ngel Aguirre Bazt\u00e1n<\/strong><\/a>.<\/li>\n<li>La religi\u00f3n en que todos los hombres est\u00e1n de acuerdo: <a href=\"https:\/\/raed.academy\/academicos\/dr-joan-francesc-pont-clemente\/\" target=\"_blank\" rel=\"noopener noreferrer\"><strong>Dr. Joan-Francesc Pont Clemente<\/strong><\/a>.<\/li>\n<li>La religi\u00f3n verdadera: <a href=\"https:\/\/raed.academy\/academicos\/dr-josep-gil-ribas\/\" target=\"_blank\" rel=\"noopener noreferrer\"><strong>Dr. Josep Gil Ribas<\/strong><\/a>.<\/li>\n<\/ul>\n<p>Date: 22.12.2015<\/p>\n<p>[\/et_pb_text][\/et_pb_column][et_pb_column type=&#8221;1_5&#8243; _builder_version=&#8221;3.25&#8243; custom_padding=&#8221;|20px||&#8221; custom_padding_last_edited=&#8221;on|phone&#8221; custom_padding__hover=&#8221;|||&#8221;][et_pb_image show_in_lightbox=&#8221;on&#8221; use_overlay=&#8221;on&#8221; overlay_icon_color=&#8221;#6b5d38&#8243; align=&#8221;center&#8221; force_fullwidth=&#8221;on&#8221; align_tablet=&#8221;center&#8221; align_last_edited=&#8221;on|desktop&#8221; _builder_version=&#8221;3.23&#8243; module_alignment=&#8221;center&#8221; custom_margin=&#8221;10px|||&#8221; custom_margin_tablet=&#8221;25px|||&#8221; custom_margin_phone=&#8221;&#8221; custom_margin_last_edited=&#8221;on|desktop&#8221; z_index_tablet=&#8221;500&#8243; border_radii=&#8221;on|4px|4px|4px|4px&#8221; box_shadow_style=&#8221;preset2&#8243; box_shadow_horizontal=&#8221;12px&#8221; box_shadow_vertical=&#8221;12px&#8221;][\/et_pb_image][\/et_pb_column][\/et_pb_row][et_pb_row use_custom_gutter=&#8221;on&#8221; gutter_width=&#8221;1&#8243; make_equal=&#8221;on&#8221; module_class=&#8221; et_pb_row_fullwidth et_pb_row_fullwidth et_pb_row_fullwidth paginacion&#8221; _builder_version=&#8221;3.25&#8243; width=&#8221;100%&#8221; width_tablet=&#8221;&#8221; width_phone=&#8221;&#8221; width_last_edited=&#8221;on|phone&#8221; max_width=&#8221;100%&#8221; max_width_tablet=&#8221;80%&#8221; max_width_phone=&#8221;&#8221; max_width_last_edited=&#8221;on|desktop&#8221; module_alignment=&#8221;center&#8221; z_index_tablet=&#8221;500&#8243; make_fullwidth=&#8221;on&#8221; locked=&#8221;off&#8221; column_structure=&#8221;1_4,1_4,1_4,1_4&#8243;][et_pb_column type=&#8221;1_4&#8243; _builder_version=&#8221;3.25&#8243; custom_padding=&#8221;|||&#8221; custom_padding__hover=&#8221;|||&#8221;][\/et_pb_column][et_pb_column type=&#8221;1_4&#8243; _builder_version=&#8221;3.25&#8243; custom_padding=&#8221;|||&#8221; custom_padding__hover=&#8221;|||&#8221;][\/et_pb_column][et_pb_column type=&#8221;1_4&#8243; _builder_version=&#8221;3.25&#8243; custom_padding=&#8221;|||&#8221; custom_padding__hover=&#8221;|||&#8221;][\/et_pb_column][et_pb_column type=&#8221;1_4&#8243; _builder_version=&#8221;3.25&#8243; custom_padding=&#8221;|||&#8221; custom_padding__hover=&#8221;|||&#8221;][et_pb_code admin_label=&#8221;Paginaci\u00f3n 2016&#8243; module_class=&#8221;pgSiguiente&#8221; _builder_version=&#8221;3.22.7&#8243; text_orientation=&#8221;center&#8221; z_index_tablet=&#8221;500&#8243;]<a href=\"https:\/\/raed.academy\/en\/activities\/history-2016\/\"> ACTIVITIES 2016 <i class=\"fas fa-chevron-right\"><\/i><\/a>[\/et_pb_code][\/et_pb_column][\/et_pb_row][\/et_pb_section]<\/p>\n","protected":false},"excerpt":{"rendered":"<p>History of activities 2015JANUARY 2015Academic Session of the Section of Health Sciences Presentation: Dra. M. \u00c0ngels Calvo Torras Speakers: \u2022 Description and evaluation of the different systems sanitaris europeus: Dr. Joaquim Gironella Coll.\u2022 Economic effects on the public health system by early diagnosis of diseases: Dra. Anna Maria Gil Lafuente.\u2022 Be sa trobar-se b\u00e9: El [&hellip;]<\/p>\n","protected":false},"author":16,"featured_media":0,"parent":34051,"menu_order":0,"comment_status":"closed","ping_status":"closed","template":"page-template-fullwidth.php","meta":{"_et_pb_use_builder":"on","_et_pb_old_content":"<hr \/><div class=\"paginacion\"><a class=\"pgSiguiente\" href=\"http:\/\/raed.academy\/historial-2016\/\">ACTIVIDADES 2016 \u276f<\/a><\/div><h2>ENERO 2015<\/h2><h3>Salud, econom\u00eda y sociedad<\/h3><p><strong>Sesi\u00f3n Acad\u00e9mica de la Secci\u00f3n de Ciencias de la Salud<\/strong><br \/>Presentaci\u00f3n: Dra. M. \u00c0ngels Calvo Torras<br \/>Ponentes:<br \/>\u2022 Descripci\u00f3 i valoraci\u00f3 dels diferents sistemes sanitaris europeus: Dr. Joaquim Gironella Coll.<br \/>\u2022 Efectos econ\u00f3micos en el sistema p\u00fablico de salud por diagn\u00f3stico precoz de las enfermedades: Dra. Anna Maria Gil Lafuente.<br \/>\u2022 Estar sa i trobar-se b\u00e9: El repte del futur: Dra. Rosmarie Cammany Dorr.<\/p><p>Fecha: 15.01.2015<\/p><h3>Ingreso como Acad\u00e9mico de N\u00famero: Jaime Rodrigo de Larrucea<\/h3><p>Discurso de ingreso: Hacia una teor\u00eda general de la Seguridad Mar\u00edtima<br \/>Discurso\u00a0 de contestaci\u00f3n: <a href=\"http:\/\/raed.academy\/academicos\/dr-joan-francesc-corona-ramon\/\" target=\"_blank\" rel=\"noopener\"><strong>Dr. Joan Francesc Corona Ram\u00f3n<\/strong><\/a><\/p><p>Fecha: 22.01.2015<\/p><p>\u00a0<\/p><h2>FEBRERO 2015<\/h2><h3>Ingreso como Acad\u00e9mico de N\u00famero: <a href=\"http:\/\/raed.academy\/academicos\/dr-luis-carriere-lluch\/\" target=\"_blank\" rel=\"noopener\">Luis Carri\u00e8re Lluch<\/a><\/h3><p>Discurso de ingreso: Pensamiento Hipocr\u00e1tico, Biominimalismo y Nuevas Tecnolog\u00edas. La innovaci\u00f3n en nuevas Formas de tratamiento ortod\u00f3nico y Optimizaci\u00f3n del Icono Facial<br \/>Discurso de contestaci\u00f3n: <a href=\"http:\/\/raed.academy\/academicos\/dr-antoni-terceno-gomez\/\" target=\"_blank\" rel=\"noopener\"><strong>Dr. Antonio Terce\u00f1o G\u00f3mez<\/strong><\/a><\/p><p>Fecha: 19.02.2015<\/p><h2>MARZO 2015<\/h2><h3>Ingreso como Acad\u00e9mico Correspondiente para Chile: <a href=\"http:\/\/raed.academy\/academicos\/francisco-javier-garrido\/\" target=\"_blank\" rel=\"noopener\">Francisco Javier Garrido<\/a><\/h3><p>Discurso de ingreso: Determinantes de las escuelas de pensamiento estrat\u00e9gico de Oriente y Occidente y su contribuci\u00f3n para el management en las organizaciones del siglo XXI<br \/>Discurso contestaci\u00f3n: Dr. Jos\u00e9 Daniel Barquero Cabrero<\/p><p>Fecha: 05.03.2015<\/p><h3>Ingreso como Acad\u00e9mico Correspondiente para M\u00e9xico: <a href=\"http:\/\/raed.academy\/academicos\/dr-manuel-medina-elizondo\/\" target=\"_blank\" rel=\"noopener\">Manuel Medina Elizondo<\/a><\/h3><p>Discurso de ingreso: Nuevos tiempos, Nuevos vientos: la identidad mexicana, cultura y \u00e9tica en los tiempos de la globalizaci\u00f3n<br \/>Discurso contestaci\u00f3n: <a href=\"http:\/\/raed.academy\/academicos\/dr-jose-daniel-barquero-cabrero\/\" target=\"_blank\" rel=\"noopener\"><strong>Dr. Jos\u00e9 Daniel Barquero Cabrero<\/strong><\/a><\/p><p>Fecha: 10.03.2015<\/p><h3>Ingreso como Acad\u00e9mico de N\u00famero: <a href=\"http:\/\/raed.academy\/academicos\/dr-pedro-claros-blanch\/\" target=\"_blank\" rel=\"noopener\">Pedro Clar\u00f3s Blanch<\/a><\/h3><p>Discurso de ingreso: Implante coclear: \u201cEl o\u00eddo bi\u00f3nico\u201d<br \/>Discurso contestaci\u00f3n: <strong>Dr. Joaquin Barraquer Moner<\/strong><\/p><p>Fecha: 17.03.2015<\/p><h3>Ingreso como Acad\u00e9mico de N\u00famero: <a href=\"http:\/\/raed.academy\/academicos\/dr-carlos-mallo-rodriguez\/\" target=\"_blank\" rel=\"noopener\">Carlos Mallo Rodr\u00edguez<\/a><\/h3><p>Discurso de ingreso: La innovaci\u00f3n y el tama\u00f1o de la empresa<br \/>Discurso contestaci\u00f3n: <a href=\"http:\/\/raed.academy\/academicos\/dr-jose-maria-gay-de-liebana-saludas\/\" target=\"_blank\" rel=\"noopener\"><strong>Dr. Jos\u00e9 Mar\u00eda Gay de Li\u00e9bana Saludas<\/strong><\/a><\/p><p>Fecha: 19.03.2015<\/p><h3>Ingreso como Acad\u00e9mico de N\u00famero: <a href=\"http:\/\/raed.academy\/academicos\/dr-ramon-salas-roig\/\" target=\"_blank\" rel=\"noopener\">Ram\u00f3n Salas Roig<\/a><\/h3><p>Discurso de ingreso: Geologia i clima: Una aproximaci\u00f3 a la interpretaci\u00f3 del climes antics<br \/>Discurso contestaci\u00f3n: <a href=\"http:\/\/raed.academy\/academicos\/dr-enrique-tierno-perez-relano\/\" target=\"_blank\" rel=\"noopener\"><strong>Dr. Enrique Tierno P\u00e9rez-Rela\u00f1o<\/strong><\/a><\/p><p>Fecha: 26.03.2015<\/p><h2>ABRIL 2015<\/h2><h3>Subrogaci\u00f3n forzosa del acreedor<\/h3><p><strong>Sesi\u00f3n Acad\u00e9mica de la Secci\u00f3n de Ciencias Sociales<\/strong><\/p><p>Presentaci\u00f3n: <a href=\"http:\/\/raed.academy\/academicos\/dr-josep-joan-pinto-ruiz\/\" target=\"_blank\" rel=\"noopener\"><strong>Dr. Josep Joan Pint\u00f3 Ruiz<\/strong><\/a><br \/>Ponentes:<\/p><ul><li><a href=\"http:\/\/raed.academy\/academicos\/dr-alfonso-hernandez-moreno\/\" target=\"_blank\" rel=\"noopener\"><strong>Dr. Alfonso Hern\u00e1ndez Moreno<\/strong><\/a>: La subrogaci\u00f3n forzosa del acreedor: Concepto, naturaleza, finalidad y efectos.<\/li><li><strong>Dr. Francisco Echevarr\u00eda Summers<\/strong>: La utilizaci\u00f3n de la subrogaci\u00f3n forzosa en la pr\u00e1ctica. Visi\u00f3n pr\u00e1ctica a la luz de su utilizaci\u00f3n.<\/li><\/ul><p>Fecha: 09.04.2015<\/p><h3>Sesi\u00f3n Acad\u00e9mica: \u201cCambio Social y reforma Constitucional\u201d<\/h3><p>Presentaci\u00f3n: <a href=\"http:\/\/raed.academy\/academicos\/dr-josep-joan-pinto-ruiz\/\" target=\"_blank\" rel=\"noopener\"><strong>Dr. Josep Joan Pint\u00f3 Ruiz<\/strong><\/a><br \/>Ponentes:<\/p><ul><li><a href=\"http:\/\/raed.academy\/academicos\/dra-teresa-freixes-sanjuan\/\" target=\"_blank\" rel=\"noopener\"><strong>Dra. Teresa Freixes<\/strong><\/a><\/li><li><a href=\"http:\/\/raed.academy\/academicos\/dr-alfredo-rocafort-nicolau\/\" target=\"_blank\" rel=\"noopener\"><strong>Dr. Alfredo Rocafort<\/strong><\/a><\/li><li><strong>Dr. Benigno Pend\u00e1s<\/strong><\/li><li><strong>Dr. Eugeni Gay<\/strong><\/li><li><strong>Dr. Marco Olivetti<\/strong><\/li><li><strong>Dra. Eva M\u00aa Poptcheva<\/strong><\/li><li><strong>Dr. Josep M\u00aa Castell\u00e0<\/strong><\/li><li><strong>Dr. \u00c1ngel S\u00e1nchez<\/strong><\/li><li><a href=\"http:\/\/raed.academy\/academicos\/dr-josep-joan-pinto-ruiz\/\" target=\"_blank\" rel=\"noopener\"><strong>Dr. Josep Joan Pint\u00f3<\/strong><\/a><\/li><\/ul><p>Nota: En esta sesi\u00f3n colabor\u00f3 el Grupo de estudios sobre Democracia y Constitucionalismo y la C\u00e1tedra Jean Monnet ad personam.<\/p><p>Fecha: 15. 04.2015<\/p><h3>Ingreso como Acad\u00e9mico de N\u00famero: <a href=\"http:\/\/raed.academy\/academicos\/dr-josep-maria-serra-renom\/\" target=\"_blank\" rel=\"noopener\">Josep Maria Serra Renom<\/a><\/h3><p>Discurso de ingreso: Belleza, imagen corporal y cirug\u00eda est\u00e9tica<br \/>Discurso de contestaci\u00f3n: <a href=\"http:\/\/raed.academy\/academicos\/dr-jose-maria-gay-de-liebana-saludas\/\" target=\"_blank\" rel=\"noopener\"><strong>Dr. Jos\u00e9 Mar\u00eda Gay de Li\u00e9bana Saludas<\/strong><\/a><\/p><p>Fecha: 23.04.2015<\/p><h3>Sesi\u00f3n Acad\u00e9mica: \u201cCiclo de Academia y Sociedad\u201d<\/h3><p>Presentaci\u00f3n: <a href=\"http:\/\/raed.academy\/academicos\/dra-rosmarie-cammany-dorr\/\" target=\"_blank\" rel=\"noopener\"><strong>Dra. Rosmarie Cammany Dorr<\/strong><\/a><br \/>Ponente: <strong>Sr. Jes\u00fas Alberto Garc\u00eda Riesco<\/strong>, \"Yihadismo: su g\u00e9nesis y expresi\u00f3n\"<\/p><p>Fecha: 28.04.2015<\/p><h2>MAYO 2015<\/h2><h3>Presentaci\u00f3n libro del <a href=\"http:\/\/raed.academy\/academicos\/dr-santiago-dexeus-trias-de-bes\/\" target=\"_blank\" rel=\"noopener\">Dr. Santiago Dexeus Trias de Bes<\/a> i Dra. Lola Ojeda<\/h3><p>Presentaci\u00f3n: Dr. Alfredo Rocafort Nicolau.<br \/>Ponencia: \u201cEva en el jard\u00edn de la ciencia\u201d.<br \/>Ponentes:<\/p><ul><li><a href=\"http:\/\/raed.academy\/academicos\/dr-santiago-dexeus-trias-de-bes\/\" target=\"_blank\" rel=\"noopener\"><strong>Dr. Santiago Dexeus Trias de Bes<\/strong><\/a><\/li><li><strong>Dra. Lola Ojeda, Sra. Rosa Reg\u00e0s<\/strong><\/li><li><strong>Sr. Gabriel Masfurroll<\/strong><\/li><li><strong>Sra. Trinidad Cases<\/strong><\/li><li><strong>Sr. Jordi Castell\u00f3<\/strong><\/li><\/ul><p>Fecha: 7.05.2015<\/p><h3>Sesi\u00f3n Acad\u00e9mica: \u201cConsolatio por el Dr. Jaume Vallcorba Plana\u201d<\/h3><p>Presentaci\u00f3n: <a href=\"http:\/\/raed.academy\/academicos\/dr-alfredo-rocafort-nicolau\/\" target=\"_blank\" rel=\"noopener\"><strong>Dr. Alfredo Rocafort Nicolau<\/strong><\/a><br \/>Ponentes:<\/p><ul><li><a href=\"http:\/\/raed.academy\/academicos\/dr-xabier-anoveros-trias-de-bes\/\" target=\"_blank\" rel=\"noopener\"><strong>Dr. Xabier A\u00f1overos Trias de Bes<\/strong><\/a>: Dr. Vallcorba como editora<\/li><li><strong>Dr. Ignasi Moreta<\/strong>: Dr. Vallcorba como profesora<\/li><li><strong>Dr. Armand Puig<\/strong>: La dimensi\u00f3n Humana del Dr. Vallcorba<\/li><\/ul><p>Fecha: 13.05.2015<\/p><h3>Ingreso como Acad\u00e9mico de N\u00famero: <a href=\"http:\/\/raed.academy\/academicos\/dr-michael-metzeltin\/\" target=\"_blank\" rel=\"noopener\">Michael Metzeltin<\/a><\/h3><p>Discurso de ingreso: El poder y su semiolog\u00eda<br \/>Discurso de contestaci\u00f3n: Dr. Joaquim Gironella Coll<\/p><p>Fecha: 28.05.2015<\/p><h2>JULIO 2015<\/h2><h3>Ingreso como Acad\u00e9mico de Honor: <a href=\"http:\/\/raed.academy\/academicos\/dr-enrique-lecumberri-marti\/\" target=\"_blank\" rel=\"noopener\">Enrique Lecumberri Mart\u00ed<\/a><\/h3><p>Discurso de ingreso: Atentados a la privacidad de las persones<br \/>Discurso contestaci\u00f3n: <a href=\"http:\/\/raed.academy\/academicos\/dr-joan-francesc-pont-clemente\/\" target=\"_blank\" rel=\"noopener\"><strong>Dr. Joan Francesc Pont Clemente<\/strong><\/a><\/p><p>Fecha: 16.07.2015<\/p><h3>Ingreso como Acad\u00e9mico de N\u00famero: <a href=\"http:\/\/raed.academy\/academicos\/dr-francisco-lopez-munoz\/\" target=\"_blank\" rel=\"noopener\">Francisco L\u00f3pez Mu\u00f1oz<\/a><\/h3><p>Discurso de ingreso: Panacea encadenada: La farmacolog\u00eda alemana bajo el yugo de la esv\u00e1stica<br \/>Discurso contestaci\u00f3n: <strong>Dr. Francesc Pont Clemente<\/strong><\/p><p>Fecha: 23.07.2015<\/p><h2>OCTUBRE 2015<\/h2><h3>Innovaci\u00f3n y Desarrollo Regional<\/h3><p>II Acto Internacional de la Real Academia de Doctores de M\u00e9xico (en colaboraci\u00f3n con la Comunidad de Instituciones de Educaci\u00f3n Superior de la Laguna (CIESLAG), M\u00e9xico<\/p><p>Fechas: 14, 15 i 16.10.2015<\/p><h3>Ingreso como Acad\u00e9mico de N\u00famero: Pedro Aznar Alarc\u00f3n<\/h3><p>Discurso de ingreso: Las pol\u00edticas monetarias no convencionales y sus efectos en la crisis financiera de 2008<br \/>Discurso contestaci\u00f3n: <a href=\"http:\/\/raed.academy\/academicos\/dr-jose-luis-salido-banus\/\" target=\"_blank\" rel=\"noopener\"><strong>Dr. Jos\u00e9 Luis Salido Ban\u00fas<\/strong><\/a><\/p><p>Fecha: 22.10.2015<\/p><h3>Sesi\u00f3n Acad\u00e9mica: \u201cEl agua, una visi\u00f3n interdisciplinaria\u201d<\/h3><p>Coordinaci\u00f3n y Presentaci\u00f3n: <a href=\"http:\/\/raed.academy\/academicos\/dra-maria-dels-angels-calvo-torras\/\" target=\"_blank\" rel=\"noopener\"><strong>Dra. M. dels \u00c0ngels Calvo<\/strong><\/a><\/p><p>Ponentes:<\/p><ul><li>L\u2019Aigua en l\u2019origen i en el manteniment de la vida: Dr. Pere Costa Batllori.<\/li><li>Planeta oce\u00e0, passat, present i futur des d\u2019una visi\u00f3 particular. Projecte AQUAM I Mediterr\u00e0nia: Miquel Ventura, director de la Fundaci\u00f3 MAR.<\/li><\/ul><p>Fecha: 28.10.2015<\/p><h2>NOVIEMBRE 2015<\/h2><h3>Ingreso como Acad\u00e9mico de N\u00famero: <a href=\"http:\/\/raed.academy\/academicos\/dr-fermin-morales-prats\/\" target=\"_blank\" rel=\"noopener\">Ferm\u00edn Morales Prats<\/a><\/h3><p>Discurso de ingreso: La utop\u00eda garantista del Derecho Penal en la nueva \u201cEdad Media\u201d<br \/>Discurso contestaci\u00f3n: <a href=\"http:\/\/raed.academy\/academicos\/dr-jose-maria-gay-de-liebana-saludas\/\" target=\"_blank\" rel=\"noopener\"><strong>Dr. Jos\u00e9 Mar\u00eda Gay de Li\u00e9bana Saludas<\/strong><\/a><\/p><p>Fecha: 5.11.2015<\/p><h3>Sesi\u00f3n Acad\u00e9mica: Ciclo Sesiones Tem\u00e1ticas \" Ingenier\u00eda y M\u00fasica \" - \u201cArquitectura y M\u00fasica\u201d<\/h3><p>Organizaci\u00f3n i coordinaci\u00f3n: <a href=\"http:\/\/raed.academy\/academicos\/dr-eugenio-onate-ibanez-de-navarra\/\" target=\"_blank\" rel=\"noopener\"><strong>Dr. Eugenio O\u00f1ate Ib\u00e1\u00f1ez de Navarra<\/strong><\/a><\/p><p>Ponente: <strong>Prof. Ramon Agust\u00ed<\/strong>, Catedr\u00e1tico de la UPC i miembro de la Real Academia de Ingenier\u00eda; \"Les telecomunicacions M\u00f2bils. Present i futur\"<\/p><p>Fecha: 11.11.2015<\/p><h3>Conferencia: \u201cLas Fuerzas Armadas y el Ej\u00e9rcito de Tierra en la actualidad\u201d<\/h3><p>Moderador: vicepresidente <strong>Dr. Josep Llort Brull<\/strong><br \/>Ponente: <strong>Teniente General D. Ricardo \u00c1lvarez- Espejo Garc\u00eda<\/strong>. Inspector General del Ej\u00e9rcito.<\/p><p>Fecha: 30.11.2015<\/p><h2>DICIEMBRE 2015<\/h2><h3>Sesi\u00f3n Acad\u00e9mica: Debate sobre las religiones: \u201cLa religi\u00f3n y la cuesti\u00f3n del sentido\u201d<\/h3><p>Ponentes:<\/p><ul><li>Les tradicons religioses com a dip\u00f2sit de sentit: <a href=\"http:\/\/raed.academy\/academicos\/dr-francesc-torralba-rosello\/\" target=\"_blank\" rel=\"noopener\"><strong>Dr. Francesc Torralba Rosell\u00f3<\/strong><\/a>.<\/li><li>La religi\u00f3n civil: <a href=\"http:\/\/raed.academy\/academicos\/dr-angel-aguirre-baztan\/\" target=\"_blank\" rel=\"noopener\"><strong>Dr. \u00c1ngel Aguirre Bazt\u00e1n<\/strong><\/a>.<\/li><li>La religi\u00f3n en que todos los hombres est\u00e1n de acuerdo: <a href=\"http:\/\/raed.academy\/academicos\/dr-joan-francesc-pont-clemente\/\" target=\"_blank\" rel=\"noopener\"><strong>Dr. Joan-Francesc Pont Clemente<\/strong><\/a>.<\/li><li>La religi\u00f3n verdadera: <a href=\"http:\/\/raed.academy\/academicos\/dr-josep-gil-ribas\/\" target=\"_blank\" rel=\"noopener\"><strong>Dr. Josep Gil Ribas<\/strong><\/a>.<\/li><\/ul><p>Fecha: 22.12.2015<\/p><p>\u00a0<\/p><hr \/><div class=\"paginacion\"><a class=\"pgSiguiente\" href=\"http:\/\/raed.academy\/historial-2016\/\">ACTIVIDADES 2016 \u276f<\/a><\/div>","_et_gb_content_width":"","footnotes":""},"class_list":["post-63475","page","type-page","status-publish","hentry"],"yoast_head":"<!-- This site is optimized with the Yoast SEO plugin v27.5 - https:\/\/yoast.com\/product\/yoast-seo-wordpress\/ -->\n<title>History of activities 2015 - Royal European Academy of Doctors<\/title>\n<meta name=\"robots\" content=\"index, follow, max-snippet:-1, max-image-preview:large, max-video-preview:-1\" \/>\n<link rel=\"canonical\" href=\"https:\/\/raed.academy\/en\/activities\/history-2015\/\" \/>\n<meta property=\"og:locale\" content=\"en_US\" \/>\n<meta property=\"og:type\" content=\"article\" \/>\n<meta property=\"og:title\" content=\"History of activities 2015 - Royal European Academy of Doctors\" \/>\n<meta property=\"og:description\" content=\"La RAED organiza y lleva a cabo una serie de actividades concentradas en mes y medio que contaron con la implicaci\u00f3n activa de numerosos acad\u00e9micos. Recepci\u00f3n de cuatro acad\u00e9micos correspondientes (Stavroula-Ina Piperaki para Grecia, Stephen Zeff y David B. Wilkins para Estados Unidos y Llu\u00eds Vicent Safont para Andorra) Mesa redonda sobre \u00abLa salida de [&hellip;]\" \/>\n<meta property=\"og:url\" content=\"https:\/\/raed.academy\/en\/activities\/history-2015\/\" \/>\n<meta property=\"og:site_name\" content=\"Royal European Academy of Doctors\" \/>\n<meta property=\"article:publisher\" content=\"http:\/\/fb.me\/raed.academy\" \/>\n<meta property=\"article:modified_time\" content=\"2020-05-15T10:14:53+00:00\" \/>\n<meta name=\"twitter:card\" content=\"summary_large_image\" \/>\n<meta name=\"twitter:site\" content=\"@raedacademy\" \/>\n<meta name=\"twitter:label1\" content=\"Est. reading time\" \/>\n\t<meta name=\"twitter:data1\" content=\"41 minutes\" \/>\n<script type=\"application\/ld+json\" class=\"yoast-schema-graph\">{\"@context\":\"https:\\\/\\\/schema.org\",\"@graph\":[{\"@type\":\"WebPage\",\"@id\":\"https:\\\/\\\/raed.academy\\\/en\\\/activities\\\/history-2015\\\/\",\"url\":\"https:\\\/\\\/raed.academy\\\/en\\\/activities\\\/history-2015\\\/\",\"name\":\"History of activities 2015 - Royal European Academy of Doctors\",\"isPartOf\":{\"@id\":\"https:\\\/\\\/raed.academy\\\/en\\\/#website\"},\"datePublished\":\"2018-12-24T11:57:42+00:00\",\"dateModified\":\"2020-05-15T10:14:53+00:00\",\"breadcrumb\":{\"@id\":\"https:\\\/\\\/raed.academy\\\/en\\\/activities\\\/history-2015\\\/#breadcrumb\"},\"inLanguage\":\"en-US\",\"potentialAction\":[{\"@type\":\"ReadAction\",\"target\":[\"https:\\\/\\\/raed.academy\\\/en\\\/activities\\\/history-2015\\\/\"]}]},{\"@type\":\"BreadcrumbList\",\"@id\":\"https:\\\/\\\/raed.academy\\\/en\\\/activities\\\/history-2015\\\/#breadcrumb\",\"itemListElement\":[{\"@type\":\"ListItem\",\"position\":1,\"name\":\"Inicio\",\"item\":\"https:\\\/\\\/raed.academy\\\/en\\\/\"},{\"@type\":\"ListItem\",\"position\":2,\"name\":\"Activities\",\"item\":\"https:\\\/\\\/raed.academy\\\/en\\\/activities\\\/\"},{\"@type\":\"ListItem\",\"position\":3,\"name\":\"History of activities 2015\"}]},{\"@type\":\"WebSite\",\"@id\":\"https:\\\/\\\/raed.academy\\\/en\\\/#website\",\"url\":\"https:\\\/\\\/raed.academy\\\/en\\\/\",\"name\":\"Royal European Academy of Doctors\",\"description\":\"Corporaci\u00f3n de derecho p\u00fablico de car\u00e1cter cient\u00edfico, t\u00e9cnico y art\u00edstico, que tiene por objeto la investigaci\u00f3n, el estudio, el fomento y la extensi\u00f3n del conocimiento en su sentido m\u00e1s amplio.\",\"publisher\":{\"@id\":\"https:\\\/\\\/raed.academy\\\/en\\\/#organization\"},\"potentialAction\":[{\"@type\":\"SearchAction\",\"target\":{\"@type\":\"EntryPoint\",\"urlTemplate\":\"https:\\\/\\\/raed.academy\\\/en\\\/?s={search_term_string}\"},\"query-input\":{\"@type\":\"PropertyValueSpecification\",\"valueRequired\":true,\"valueName\":\"search_term_string\"}}],\"inLanguage\":\"en-US\"},{\"@type\":\"Organization\",\"@id\":\"https:\\\/\\\/raed.academy\\\/en\\\/#organization\",\"name\":\"Real Academia Europea de Doctores\",\"url\":\"https:\\\/\\\/raed.academy\\\/en\\\/\",\"logo\":{\"@type\":\"ImageObject\",\"inLanguage\":\"en-US\",\"@id\":\"https:\\\/\\\/raed.academy\\\/en\\\/#\\\/schema\\\/logo\\\/image\\\/\",\"url\":\"https:\\\/\\\/raed.academy\\\/wp-content\\\/uploads\\\/2017\\\/01\\\/cropped-logo_raed.png\",\"contentUrl\":\"https:\\\/\\\/raed.academy\\\/wp-content\\\/uploads\\\/2017\\\/01\\\/cropped-logo_raed.png\",\"width\":512,\"height\":512,\"caption\":\"Real Academia Europea de Doctores\"},\"image\":{\"@id\":\"https:\\\/\\\/raed.academy\\\/en\\\/#\\\/schema\\\/logo\\\/image\\\/\"},\"sameAs\":[\"http:\\\/\\\/fb.me\\\/raed.academy\",\"https:\\\/\\\/x.com\\\/raedacademy\",\"https:\\\/\\\/www.instagram.com\\\/raed.academy\\\/\",\"https:\\\/\\\/www.youtube.com\\\/channel\\\/UCUYQwW2KrdirNWihxMDObwg\"]}]}<\/script>\n<!-- \/ Yoast SEO plugin. -->","yoast_head_json":{"title":"History of activities 2015 - Royal European Academy of Doctors","robots":{"index":"index","follow":"follow","max-snippet":"max-snippet:-1","max-image-preview":"max-image-preview:large","max-video-preview":"max-video-preview:-1"},"canonical":"https:\/\/raed.academy\/en\/activities\/history-2015\/","og_locale":"en_US","og_type":"article","og_title":"History of activities 2015 - Royal European Academy of Doctors","og_description":"La RAED organiza y lleva a cabo una serie de actividades concentradas en mes y medio que contaron con la implicaci\u00f3n activa de numerosos acad\u00e9micos. Recepci\u00f3n de cuatro acad\u00e9micos correspondientes (Stavroula-Ina Piperaki para Grecia, Stephen Zeff y David B. Wilkins para Estados Unidos y Llu\u00eds Vicent Safont para Andorra) Mesa redonda sobre \u00abLa salida de [&hellip;]","og_url":"https:\/\/raed.academy\/en\/activities\/history-2015\/","og_site_name":"Royal European Academy of Doctors","article_publisher":"http:\/\/fb.me\/raed.academy","article_modified_time":"2020-05-15T10:14:53+00:00","twitter_card":"summary_large_image","twitter_site":"@raedacademy","twitter_misc":{"Est. reading time":"41 minutes"},"schema":{"@context":"https:\/\/schema.org","@graph":[{"@type":"WebPage","@id":"https:\/\/raed.academy\/en\/activities\/history-2015\/","url":"https:\/\/raed.academy\/en\/activities\/history-2015\/","name":"History of activities 2015 - Royal European Academy of Doctors","isPartOf":{"@id":"https:\/\/raed.academy\/en\/#website"},"datePublished":"2018-12-24T11:57:42+00:00","dateModified":"2020-05-15T10:14:53+00:00","breadcrumb":{"@id":"https:\/\/raed.academy\/en\/activities\/history-2015\/#breadcrumb"},"inLanguage":"en-US","potentialAction":[{"@type":"ReadAction","target":["https:\/\/raed.academy\/en\/activities\/history-2015\/"]}]},{"@type":"BreadcrumbList","@id":"https:\/\/raed.academy\/en\/activities\/history-2015\/#breadcrumb","itemListElement":[{"@type":"ListItem","position":1,"name":"Inicio","item":"https:\/\/raed.academy\/en\/"},{"@type":"ListItem","position":2,"name":"Activities","item":"https:\/\/raed.academy\/en\/activities\/"},{"@type":"ListItem","position":3,"name":"History of activities 2015"}]},{"@type":"WebSite","@id":"https:\/\/raed.academy\/en\/#website","url":"https:\/\/raed.academy\/en\/","name":"Royal European Academy of Doctors","description":"Corporaci\u00f3n de derecho p\u00fablico de car\u00e1cter cient\u00edfico, t\u00e9cnico y art\u00edstico, que tiene por objeto la investigaci\u00f3n, el estudio, el fomento y la extensi\u00f3n del conocimiento en su sentido m\u00e1s amplio.","publisher":{"@id":"https:\/\/raed.academy\/en\/#organization"},"potentialAction":[{"@type":"SearchAction","target":{"@type":"EntryPoint","urlTemplate":"https:\/\/raed.academy\/en\/?s={search_term_string}"},"query-input":{"@type":"PropertyValueSpecification","valueRequired":true,"valueName":"search_term_string"}}],"inLanguage":"en-US"},{"@type":"Organization","@id":"https:\/\/raed.academy\/en\/#organization","name":"Real Academia Europea de Doctores","url":"https:\/\/raed.academy\/en\/","logo":{"@type":"ImageObject","inLanguage":"en-US","@id":"https:\/\/raed.academy\/en\/#\/schema\/logo\/image\/","url":"https:\/\/raed.academy\/wp-content\/uploads\/2017\/01\/cropped-logo_raed.png","contentUrl":"https:\/\/raed.academy\/wp-content\/uploads\/2017\/01\/cropped-logo_raed.png","width":512,"height":512,"caption":"Real Academia Europea de Doctores"},"image":{"@id":"https:\/\/raed.academy\/en\/#\/schema\/logo\/image\/"},"sameAs":["http:\/\/fb.me\/raed.academy","https:\/\/x.com\/raedacademy","https:\/\/www.instagram.com\/raed.academy\/","https:\/\/www.youtube.com\/channel\/UCUYQwW2KrdirNWihxMDObwg"]}]}},"_links":{"self":[{"href":"https:\/\/raed.academy\/en\/wp-json\/wp\/v2\/pages\/63475","targetHints":{"allow":["GET"]}}],"collection":[{"href":"https:\/\/raed.academy\/en\/wp-json\/wp\/v2\/pages"}],"about":[{"href":"https:\/\/raed.academy\/en\/wp-json\/wp\/v2\/types\/page"}],"author":[{"embeddable":true,"href":"https:\/\/raed.academy\/en\/wp-json\/wp\/v2\/users\/16"}],"replies":[{"embeddable":true,"href":"https:\/\/raed.academy\/en\/wp-json\/wp\/v2\/comments?post=63475"}],"version-history":[{"count":0,"href":"https:\/\/raed.academy\/en\/wp-json\/wp\/v2\/pages\/63475\/revisions"}],"up":[{"embeddable":true,"href":"https:\/\/raed.academy\/en\/wp-json\/wp\/v2\/pages\/34051"}],"wp:attachment":[{"href":"https:\/\/raed.academy\/en\/wp-json\/wp\/v2\/media?parent=63475"}],"curies":[{"name":"wp","href":"https:\/\/api.w.org\/{rel}","templated":true}]}}