{"id":39760,"date":"2018-01-11T18:11:49","date_gmt":"2018-01-11T18:11:49","guid":{"rendered":"http:\/\/raed.academy\/?page_id=39760"},"modified":"2019-06-03T16:52:08","modified_gmt":"2019-06-03T16:52:08","slug":"history-2017","status":"publish","type":"page","link":"https:\/\/raed.academy\/en\/activities\/history-2017\/","title":{"rendered":"History of activities 2017"},"content":{"rendered":"<p>[et_pb_section fb_built=&#8221;1&#8243; module_id=&#8221;eventos-historial&#8221; _builder_version=&#8221;3.22.7&#8243; inner_width_tablet=&#8221;50px&#8221; inner_max_width_tablet=&#8221;50px&#8221; z_index_tablet=&#8221;500&#8243;][et_pb_row _builder_version=&#8221;3.22.3&#8243; background_size=&#8221;initial&#8221; background_position=&#8221;top_left&#8221; background_repeat=&#8221;repeat&#8221;][et_pb_column type=&#8221;4_4&#8243; _builder_version=&#8221;3.0.47&#8243;][et_pb_text admin_label=&#8221;Texto &#8211; T\u00edtulo&#8221; _builder_version=&#8221;3.22.7&#8243; z_index_tablet=&#8221;500&#8243;]<\/p>\n<h1>HISTORY OF ACTIVITIES 2017<\/h1>\n<p>[\/et_pb_text][\/et_pb_column][\/et_pb_row][et_pb_row use_custom_gutter=&#8221;on&#8221; gutter_width=&#8221;1&#8243; make_equal=&#8221;on&#8221; module_class=&#8221; et_pb_row_fullwidth et_pb_row_fullwidth et_pb_row_fullwidth paginacion&#8221; _builder_version=&#8221;3.22.7&#8243; width=&#8221;100%&#8221; width_last_edited=&#8221;on|phone&#8221; max_width=&#8221;100%&#8221; max_width_tablet=&#8221;80%&#8221; max_width_last_edited=&#8221;on|desktop&#8221; module_alignment=&#8221;center&#8221; z_index_tablet=&#8221;500&#8243; make_fullwidth=&#8221;on&#8221;][et_pb_column type=&#8221;1_4&#8243; _builder_version=&#8221;3.0.47&#8243;][et_pb_code admin_label=&#8221;Paginaci\u00f3n 2016&#8243; module_id=&#8221;eventos&#8221; module_class=&#8221;pgAnterior&#8221; _builder_version=&#8221;3.22.7&#8243; text_orientation=&#8221;center&#8221; z_index_tablet=&#8221;500&#8243;]<a href=\"https:\/\/raed.academy\/en\/history-2016\/\">\u276e ACTIVIDADES 2016<\/a><!-- [et_pb_line_break_holder] -->[\/et_pb_code][\/et_pb_column][et_pb_column type=&#8221;1_4&#8243; _builder_version=&#8221;3.0.47&#8243;][\/et_pb_column][et_pb_column type=&#8221;1_4&#8243; _builder_version=&#8221;3.0.47&#8243;][\/et_pb_column][et_pb_column type=&#8221;1_4&#8243; _builder_version=&#8221;3.0.47&#8243;][et_pb_code admin_label=&#8221;Paginaci\u00f3n 2018&#8243; module_class=&#8221;pgSiguiente&#8221; _builder_version=&#8221;3.22.7&#8243; text_orientation=&#8221;center&#8221; z_index_tablet=&#8221;500&#8243;]<a href=\"https:\/\/raed.academy\/en\/history-2018\/\"> ACTIVIDADES 2018\u276f<\/a><!-- [et_pb_line_break_holder] -->[\/et_pb_code][\/et_pb_column][\/et_pb_row][et_pb_row use_custom_gutter=&#8221;on&#8221; gutter_width=&#8221;1&#8243; make_equal=&#8221;on&#8221; module_class=&#8221; et_pb_row_fullwidth et_pb_row_fullwidth et_pb_row_fullwidth paginacion&#8221; _builder_version=&#8221;3.22.4&#8243; width=&#8221;100%&#8221; width_tablet=&#8221;80%&#8221; width_last_edited=&#8221;on|desktop&#8221; max_width=&#8221;100%&#8221; max_width_tablet=&#8221;80%&#8221; max_width_last_edited=&#8221;on|desktop&#8221; module_alignment=&#8221;center&#8221; z_index_tablet=&#8221;500&#8243; make_fullwidth=&#8221;on&#8221;][et_pb_column type=&#8221;4_4&#8243; _builder_version=&#8221;3.0.47&#8243;][et_pb_divider color=&#8221;#6b5d38&#8243; divider_weight=&#8221;2&#8243; _builder_version=&#8221;3.22.4&#8243; z_index_tablet=&#8221;500&#8243;][\/et_pb_divider][\/et_pb_column][\/et_pb_row][et_pb_row _builder_version=&#8221;3.22.4&#8243;][et_pb_column type=&#8221;4_4&#8243; _builder_version=&#8221;3.0.47&#8243;][et_pb_text admin_label=&#8221;JANUARY\/2017&#8243; _builder_version=&#8221;3.22.7&#8243; z_index_tablet=&#8221;500&#8243;]<\/p>\n<h2>JANUARY 2017<\/h2>\n<p>[\/et_pb_text][\/et_pb_column][\/et_pb_row][et_pb_row use_custom_gutter=&#8221;on&#8221; gutter_width=&#8221;1&#8243; custom_padding=&#8221;||35px|&#8221; make_equal=&#8221;on&#8221; custom_padding_last_edited=&#8221;on|desktop&#8221; padding_right_2=&#8221;45px&#8221; padding_right_3=&#8221;20px&#8221; padding_bottom_1=&#8221;25px&#8221; padding_left_1=&#8221;20px&#8221; padding_2_tablet=&#8221;|20px||&#8221; padding_1_phone=&#8221;||25px|10px&#8221; padding_1_last_edited=&#8221;on|phone&#8221; padding_2_last_edited=&#8221;on|phone&#8221; padding_3_last_edited=&#8221;on|phone&#8221; module_id=&#8221;1601&#8243; module_class=&#8221;evento et_pb_row_fullwidth et_pb_row_fullwidth et_pb_row_fullwidth et_pb_row_fullwidth et_pb_row_fullwidth et_pb_row_fullwidth et_pb_row_fullwidth et_pb_row_fullwidth et_pb_row_fullwidth et_pb_row_fullwidth et_pb_row_fullwidth et_pb_row_fullwidth et_pb_row_fullwidth et_pb_row_fullwidth et_pb_row_fullwidth et_pb_row_fullwidth et_pb_row_fullwidth et_pb_row_fullwidth et_pb_row_fullwidth et_pb_row_fullwidth et_pb_row_fullwidth&#8221; _builder_version=&#8221;3.22.3&#8243; box_shadow_style=&#8221;preset3&#8243; box_shadow_horizontal=&#8221;10px&#8221; width=&#8221;100%&#8221; width_tablet=&#8221;100%&#8221; width_last_edited=&#8221;on|desktop&#8221; max_width=&#8221;100%&#8221; max_width_tablet=&#8221;100%&#8221; max_width_last_edited=&#8221;on|desktop&#8221; module_alignment=&#8221;center&#8221; z_index_tablet=&#8221;500&#8243; make_fullwidth=&#8221;on&#8221;][et_pb_column type=&#8221;1_5&#8243; _builder_version=&#8221;3.0.47&#8243;][et_pb_code admin_label=&#8221;fecha 17\/01&#8243; module_class=&#8221;fecha-evento&#8221; _builder_version=&#8221;3.22.7&#8243; z_index_tablet=&#8221;500&#8243;]Jan<!\u2013- [et_pb_br_holder] -\u2013><!-- [et_pb_line_break_holder] -->17[\/et_pb_code][\/et_pb_column][et_pb_column type=&#8221;3_5&#8243; _builder_version=&#8221;3.0.47&#8243;][et_pb_text admin_label=&#8221;Ingreso  Salvatore Tomaselli&#8221; _builder_version=&#8221;3.22.7&#8243; z_index_tablet=&#8221;500&#8243;]<\/p>\n<h4>Admittance as a European numerary academician: <a href=\"https:\/\/raed.academy\/en\/academicians\/dr-salvatore-tomaselli\/\" target=\"_blank\" rel=\"noopener noreferrer\">Salvatore Tomaselli<\/a><\/h4>\n<p><em><a href=\"https:\/\/raed.academy\/wp-content\/uploads\/2017\/02\/Web_RAED_Tomaselli_50Sencer.pdf\" target=\"_blank\" rel=\"noopener noreferrer\">Relazioni conflittuali nelle aziende familiari: determinanti, tipologie, evoluzione, esiti<\/a> (\u201cConflicting relationships in family businesses: determinants, types, evolution and outcomes\u201d)<\/em><br \/>Answering speech: <a href=\"https:\/\/raed.academy\/en\/academicians\/dr-miguel-a-gallo-laguna-de-rins\/\" target=\"_blank\" rel=\"noopener noreferrer\"><strong>Miguel \u00c1ngel Gallo Laguna de Rins<\/strong><br \/><\/a><\/p>\n<p>Place: The Main Hall of the Foment del Treball building<\/p>\n<p>[\/et_pb_text][\/et_pb_column][et_pb_column type=&#8221;1_5&#8243; _builder_version=&#8221;3.0.47&#8243;][et_pb_image src=&#8221;https:\/\/raed.academy\/wp-content\/uploads\/2017\/02\/Dr-Salvatores-Tomaselli-4-1.jpg&#8221; show_in_lightbox=&#8221;on&#8221; use_overlay=&#8221;on&#8221; overlay_icon_color=&#8221;#6b5d38&#8243; align=&#8221;center&#8221; force_fullwidth=&#8221;on&#8221; _builder_version=&#8221;3.22.7&#8243; border_radii=&#8221;on|4px|4px|4px|4px&#8221; box_shadow_style=&#8221;preset2&#8243; box_shadow_horizontal=&#8221;12px&#8221; box_shadow_vertical=&#8221;12px&#8221; module_alignment=&#8221;center&#8221; custom_margin=&#8221;10px|||&#8221; custom_margin_tablet=&#8221;25px|||&#8221; custom_margin_last_edited=&#8221;on|desktop&#8221; z_index_tablet=&#8221;500&#8243;][\/et_pb_image][\/et_pb_column][\/et_pb_row][et_pb_row use_custom_gutter=&#8221;on&#8221; gutter_width=&#8221;1&#8243; custom_padding=&#8221;||35px|&#8221; make_equal=&#8221;on&#8221; custom_padding_last_edited=&#8221;on|desktop&#8221; padding_right_2=&#8221;45px&#8221; padding_right_3=&#8221;20px&#8221; padding_bottom_1=&#8221;25px&#8221; padding_left_1=&#8221;20px&#8221; padding_2_tablet=&#8221;|20px||&#8221; padding_1_phone=&#8221;||25px|10px&#8221; padding_1_last_edited=&#8221;on|phone&#8221; padding_2_last_edited=&#8221;on|phone&#8221; padding_3_last_edited=&#8221;on|phone&#8221; module_id=&#8221;1601&#8243; module_class=&#8221;evento et_pb_row_fullwidth et_pb_row_fullwidth et_pb_row_fullwidth et_pb_row_fullwidth et_pb_row_fullwidth et_pb_row_fullwidth et_pb_row_fullwidth et_pb_row_fullwidth et_pb_row_fullwidth et_pb_row_fullwidth et_pb_row_fullwidth et_pb_row_fullwidth et_pb_row_fullwidth et_pb_row_fullwidth et_pb_row_fullwidth et_pb_row_fullwidth et_pb_row_fullwidth et_pb_row_fullwidth et_pb_row_fullwidth et_pb_row_fullwidth et_pb_row_fullwidth&#8221; _builder_version=&#8221;3.22.3&#8243; box_shadow_style=&#8221;preset3&#8243; box_shadow_horizontal=&#8221;10px&#8221; width=&#8221;100%&#8221; width_tablet=&#8221;100%&#8221; width_last_edited=&#8221;on|desktop&#8221; max_width=&#8221;100%&#8221; max_width_tablet=&#8221;100%&#8221; max_width_last_edited=&#8221;on|desktop&#8221; module_alignment=&#8221;center&#8221; z_index_tablet=&#8221;500&#8243; make_fullwidth=&#8221;on&#8221;][et_pb_column type=&#8221;1_5&#8243; _builder_version=&#8221;3.0.47&#8243;][et_pb_code admin_label=&#8221;fecha 24\/01&#8243; module_class=&#8221;fecha-evento&#8221; _builder_version=&#8221;3.22.7&#8243; z_index_tablet=&#8221;500&#8243;]Jan<!\u2013- [et_pb_br_holder] -\u2013><!-- [et_pb_line_break_holder] -->24[\/et_pb_code][\/et_pb_column][et_pb_column type=&#8221;3_5&#8243; _builder_version=&#8221;3.0.47&#8243;][et_pb_text admin_label=&#8221;Ingreso  Manuel Puig Costa&#8221; _builder_version=&#8221;3.22.7&#8243; z_index_tablet=&#8221;500&#8243;]<\/p>\n<h4>Admittance as a corresponding academician: <a href=\"https:\/\/raed.academy\/en\/academicians\/dr-manuel-puig-costa\/\" target=\"_blank\" rel=\"noopener noreferrer\">Manuel Puig Costa<\/a><\/h4>\n<p><a href=\"https:\/\/raed.academy\/wp-content\/uploads\/2017\/02\/WEB_RAED_Puig_51.pdf\" target=\"_blank\" rel=\"noopener noreferrer\">Sobre el coleccionismo. Introducci\u00f3n a la historia<\/a> (\u201cAbout collecting: an historical introduction\u201d) <br \/>Answering speech: <a href=\"https:\/\/raed.academy\/en\/academicians\/dr-pedro-claros-blanch\/\" target=\"_blank\" rel=\"noopener noreferrer\">Pedro Clar\u00f3s Blanch<\/a><\/p>\n<p>Place: The Main Hall of the Foment del Treball building<\/p>\n<p>[\/et_pb_text][\/et_pb_column][et_pb_column type=&#8221;1_5&#8243; _builder_version=&#8221;3.0.47&#8243;][et_pb_image src=&#8221;https:\/\/raed.academy\/wp-content\/uploads\/2017\/02\/Dr-Manuel-Puig-Costa-4.jpg&#8221; show_in_lightbox=&#8221;on&#8221; use_overlay=&#8221;on&#8221; overlay_icon_color=&#8221;#6b5d38&#8243; align=&#8221;center&#8221; force_fullwidth=&#8221;on&#8221; _builder_version=&#8221;3.22.7&#8243; border_radii=&#8221;on|4px|4px|4px|4px&#8221; box_shadow_style=&#8221;preset2&#8243; box_shadow_horizontal=&#8221;12px&#8221; box_shadow_vertical=&#8221;12px&#8221; module_alignment=&#8221;center&#8221; custom_margin=&#8221;10px|||&#8221; custom_margin_tablet=&#8221;25px|||&#8221; custom_margin_last_edited=&#8221;on|desktop&#8221; z_index_tablet=&#8221;500&#8243;][\/et_pb_image][\/et_pb_column][\/et_pb_row][et_pb_row _builder_version=&#8221;3.22.3&#8243; background_size=&#8221;initial&#8221; background_position=&#8221;top_left&#8221; background_repeat=&#8221;repeat&#8221;][et_pb_column type=&#8221;4_4&#8243; _builder_version=&#8221;3.0.47&#8243;][et_pb_text admin_label=&#8221;FEBRUARY\/2017&#8243; _builder_version=&#8221;3.22.7&#8243; z_index_tablet=&#8221;500&#8243;]<\/p>\n<h2>FEBRUARY 2017<\/h2>\n<p>[\/et_pb_text][\/et_pb_column][\/et_pb_row][et_pb_row use_custom_gutter=&#8221;on&#8221; gutter_width=&#8221;1&#8243; custom_padding=&#8221;||35px|&#8221; make_equal=&#8221;on&#8221; custom_padding_last_edited=&#8221;on|desktop&#8221; padding_right_2=&#8221;45px&#8221; padding_right_3=&#8221;20px&#8221; padding_bottom_1=&#8221;25px&#8221; padding_left_1=&#8221;20px&#8221; padding_2_tablet=&#8221;|20px||&#8221; padding_1_phone=&#8221;||25px|10px&#8221; padding_1_last_edited=&#8221;on|phone&#8221; padding_2_last_edited=&#8221;on|phone&#8221; padding_3_last_edited=&#8221;on|phone&#8221; module_id=&#8221;1601&#8243; module_class=&#8221;evento et_pb_row_fullwidth et_pb_row_fullwidth et_pb_row_fullwidth et_pb_row_fullwidth et_pb_row_fullwidth et_pb_row_fullwidth et_pb_row_fullwidth et_pb_row_fullwidth et_pb_row_fullwidth et_pb_row_fullwidth et_pb_row_fullwidth et_pb_row_fullwidth et_pb_row_fullwidth et_pb_row_fullwidth et_pb_row_fullwidth et_pb_row_fullwidth et_pb_row_fullwidth et_pb_row_fullwidth et_pb_row_fullwidth et_pb_row_fullwidth et_pb_row_fullwidth&#8221; _builder_version=&#8221;3.22.3&#8243; box_shadow_style=&#8221;preset3&#8243; box_shadow_horizontal=&#8221;10px&#8221; width=&#8221;100%&#8221; width_tablet=&#8221;100%&#8221; width_last_edited=&#8221;on|desktop&#8221; max_width=&#8221;100%&#8221; max_width_tablet=&#8221;100%&#8221; max_width_last_edited=&#8221;on|desktop&#8221; module_alignment=&#8221;center&#8221; z_index_tablet=&#8221;500&#8243; make_fullwidth=&#8221;on&#8221;][et_pb_column type=&#8221;1_5&#8243; _builder_version=&#8221;3.0.47&#8243;][et_pb_code admin_label=&#8221;fecha 2\/02&#8243; module_class=&#8221;fecha-evento&#8221; _builder_version=&#8221;3.22.7&#8243; z_index_tablet=&#8221;500&#8243;]Feb<!\u2013- [et_pb_br_holder] -\u2013><!-- [et_pb_line_break_holder] -->2[\/et_pb_code][\/et_pb_column][et_pb_column type=&#8221;3_5&#8243; _builder_version=&#8221;3.0.47&#8243;][et_pb_text admin_label=&#8221;Ingreso  Jaume Armengou Or\u00fas&#8221; _builder_version=&#8221;3.22.7&#8243; z_index_tablet=&#8221;500&#8243;]<\/p>\n<h4>Admittance as a numerary academician: <a href=\"https:\/\/raed.academy\/en\/academicians\/dr-jaume-armengou-orus\/\" target=\"_blank\" rel=\"noopener noreferrer\">Jaume Armengou Or\u00fas<\/a><\/h4>\n<p><em><a href=\"https:\/\/raed.academy\/wp-content\/uploads\/2017\/02\/Discurso-de-ingreso-Dr.-Armengou.pdf\" target=\"_blank\" rel=\"noopener noreferrer\">Teoria de la semblan\u00e7a i govern universitari<\/a> (\u201cTheory of similarity and university governance\u201d)<\/em> <br \/>Answering speech: <a href=\"https:\/\/raed.academy\/en\/academicians\/dr-eugenio-onate-de-navarra\" target=\"_blank\" rel=\"noopener noreferrer\">Eugenio O\u00f1ate Ib\u00e1\u00f1ez de Navarra <\/a><\/p>\n<p>Place: The Main Hall of the Foment del Treball building<\/p>\n<p>[\/et_pb_text][\/et_pb_column][et_pb_column type=&#8221;1_5&#8243; _builder_version=&#8221;3.0.47&#8243;][et_pb_image src=&#8221;https:\/\/raed.academy\/wp-content\/uploads\/2017\/02\/Dr-Jaume-Armengou-5.jpg&#8221; show_in_lightbox=&#8221;on&#8221; use_overlay=&#8221;on&#8221; overlay_icon_color=&#8221;#6b5d38&#8243; align=&#8221;center&#8221; force_fullwidth=&#8221;on&#8221; _builder_version=&#8221;3.22.7&#8243; border_radii=&#8221;on|4px|4px|4px|4px&#8221; box_shadow_style=&#8221;preset2&#8243; box_shadow_horizontal=&#8221;12px&#8221; box_shadow_vertical=&#8221;12px&#8221; module_alignment=&#8221;center&#8221; custom_margin=&#8221;10px|||&#8221; custom_margin_tablet=&#8221;25px|||&#8221; custom_margin_last_edited=&#8221;on|desktop&#8221; z_index_tablet=&#8221;500&#8243;][\/et_pb_image][\/et_pb_column][\/et_pb_row][et_pb_row use_custom_gutter=&#8221;on&#8221; gutter_width=&#8221;1&#8243; custom_padding=&#8221;||35px|&#8221; make_equal=&#8221;on&#8221; custom_padding_last_edited=&#8221;on|desktop&#8221; padding_right_2=&#8221;45px&#8221; padding_right_3=&#8221;20px&#8221; padding_bottom_1=&#8221;25px&#8221; padding_2_tablet=&#8221;|20px||&#8221; padding_1_last_edited=&#8221;off|phone&#8221; padding_2_last_edited=&#8221;on|desktop&#8221; padding_3_last_edited=&#8221;on|phone&#8221; module_id=&#8221;1001&#8243; module_class=&#8221;evento et_pb_row_fullwidth et_pb_row_fullwidth et_pb_row_fullwidth&#8221; _builder_version=&#8221;3.22.4&#8243; box_shadow_style=&#8221;preset3&#8243; box_shadow_horizontal=&#8221;10px&#8221; width=&#8221;100%&#8221; width_tablet=&#8221;100%&#8221; width_last_edited=&#8221;on|desktop&#8221; max_width=&#8221;100%&#8221; max_width_tablet=&#8221;100%&#8221; max_width_last_edited=&#8221;on|desktop&#8221; module_alignment=&#8221;center&#8221; z_index_tablet=&#8221;500&#8243; make_fullwidth=&#8221;on&#8221;][et_pb_column type=&#8221;1_5&#8243; _builder_version=&#8221;3.0.47&#8243;][et_pb_code admin_label=&#8221;fecha 6\/02&#8243; module_class=&#8221;fecha-evento&#8221; _builder_version=&#8221;3.22.7&#8243; z_index_tablet=&#8221;500&#8243;]Feb<!\u2013- [et_pb_br_holder] -\u2013><!-- [et_pb_line_break_holder] -->6[\/et_pb_code][\/et_pb_column][et_pb_column type=&#8221;3_5&#8243; _builder_version=&#8221;3.0.47&#8243;][et_pb_text admin_label=&#8221;Conferencia: La amenaza interna de la Uni\u00f3n Europea&#8221; _builder_version=&#8221;3.22.7&#8243; z_index_tablet=&#8221;500&#8243;]<\/p>\n<h4>The debates of the Royal European Academy of Doctors Series of conferences: \u201cThe Future of the European Union\u201d<\/h4>\n<h3><em>Second conference: The Internal Threat to the European Union<\/em> Speakers:<\/h3>\n<ul>\n<li>Benita Ferrero-Waldner, former Federal Foreign Minister of the Republic of Austria \u2013 former European Commissioner for External Relations and European Neighbourhood Policy<\/li>\n<li><a href=\"https:\/\/raed.academy\/en\/academicians\/dr-santiago-jose-castella-surribas\/\" target=\"_blank\" rel=\"noopener noreferrer\">Santiago Jos\u00e9 Castell\u00e0 Surribas<\/a>, numerary academician, RAED<\/li>\n<li><a href=\"https:\/\/raed.academy\/en\/academicians\/dr-jose-maria-gay-de-liebana-saludas\/\" target=\"_blank\" rel=\"noopener noreferrer\">Jos\u00e9 M. Gay de Li\u00e9bana<\/a>, numerary academician, RAED \u2013 professor of the University of Barcelona<\/li>\n<\/ul>\n<h3>Discussions chaired by: Lluis Ur\u00eda<\/h3>\n<p>[\/et_pb_text][\/et_pb_column][et_pb_column type=&#8221;1_5&#8243; _builder_version=&#8221;3.0.47&#8243;][et_pb_image src=&#8221;https:\/\/raed.academy\/wp-content\/uploads\/2017\/02\/AmenazasEuropa01-1.jpg&#8221; show_in_lightbox=&#8221;on&#8221; use_overlay=&#8221;on&#8221; overlay_icon_color=&#8221;#6b5d38&#8243; align=&#8221;center&#8221; force_fullwidth=&#8221;on&#8221; _builder_version=&#8221;3.22.7&#8243; border_radii=&#8221;on|4px|4px|4px|4px&#8221; box_shadow_style=&#8221;preset2&#8243; box_shadow_horizontal=&#8221;12px&#8221; box_shadow_vertical=&#8221;12px&#8221; module_alignment=&#8221;center&#8221; custom_margin=&#8221;10px|||&#8221; custom_margin_tablet=&#8221;25px|||&#8221; custom_margin_last_edited=&#8221;on|desktop&#8221; z_index_tablet=&#8221;500&#8243;][\/et_pb_image][\/et_pb_column][\/et_pb_row][et_pb_row use_custom_gutter=&#8221;on&#8221; gutter_width=&#8221;1&#8243; custom_padding=&#8221;||35px|&#8221; make_equal=&#8221;on&#8221; custom_padding_last_edited=&#8221;on|desktop&#8221; padding_right_2=&#8221;45px&#8221; padding_right_3=&#8221;20px&#8221; padding_bottom_1=&#8221;25px&#8221; padding_left_1=&#8221;20px&#8221; padding_2_tablet=&#8221;|20px||&#8221; padding_1_phone=&#8221;||25px|10px&#8221; padding_1_last_edited=&#8221;on|phone&#8221; padding_2_last_edited=&#8221;on|phone&#8221; padding_3_last_edited=&#8221;on|phone&#8221; module_id=&#8221;1601&#8243; module_class=&#8221;evento et_pb_row_fullwidth et_pb_row_fullwidth et_pb_row_fullwidth et_pb_row_fullwidth et_pb_row_fullwidth et_pb_row_fullwidth et_pb_row_fullwidth et_pb_row_fullwidth et_pb_row_fullwidth et_pb_row_fullwidth et_pb_row_fullwidth et_pb_row_fullwidth et_pb_row_fullwidth et_pb_row_fullwidth et_pb_row_fullwidth et_pb_row_fullwidth et_pb_row_fullwidth et_pb_row_fullwidth et_pb_row_fullwidth et_pb_row_fullwidth et_pb_row_fullwidth&#8221; _builder_version=&#8221;3.22.3&#8243; box_shadow_style=&#8221;preset3&#8243; box_shadow_horizontal=&#8221;10px&#8221; width=&#8221;100%&#8221; width_tablet=&#8221;100%&#8221; width_last_edited=&#8221;on|desktop&#8221; max_width=&#8221;100%&#8221; max_width_tablet=&#8221;100%&#8221; max_width_last_edited=&#8221;on|desktop&#8221; module_alignment=&#8221;center&#8221; z_index_tablet=&#8221;500&#8243; make_fullwidth=&#8221;on&#8221;][et_pb_column type=&#8221;1_5&#8243; _builder_version=&#8221;3.0.47&#8243;][et_pb_code admin_label=&#8221;fecha 9\/02&#8243; module_class=&#8221;fecha-evento&#8221; _builder_version=&#8221;3.22.7&#8243; z_index_tablet=&#8221;500&#8243;]Feb<!\u2013- [et_pb_br_holder] -\u2013><!-- [et_pb_line_break_holder] -->9[\/et_pb_code][\/et_pb_column][et_pb_column type=&#8221;3_5&#8243; _builder_version=&#8221;3.0.47&#8243;][et_pb_text admin_label=&#8221;Ingreso  Mariano Monz\u00f3 Planella&#8221; _builder_version=&#8221;3.22.7&#8243; z_index_tablet=&#8221;500&#8243;]<\/p>\n<h4>Admittance as a numerary academician: <a href=\"https:\/\/raed.academy\/en\/academicians\/dr-mariano-monzo-planella\/\" target=\"_blank\" rel=\"noopener noreferrer\">Mariano Monz\u00f3 Planella<\/a><\/h4>\n<p><a href=\"https:\/\/raed.academy\/wp-content\/uploads\/2017\/02\/Web_Libro_Raed_MONZO_53.pdf\" target=\"_blank\" rel=\"noopener noreferrer\">Hist\u00f2ria de la investigaci\u00f3 oncol\u00f2gica. Retorn als or\u00edgens<\/a> (\u201cHistory of oncological research. return to its origins\u201d) <br \/>Answering speech: <a href=\"https:\/\/raed.academy\/en\/academicians\/dr-joaquim-gironella-coll\/\" target=\"_blank\" rel=\"noopener noreferrer\">Joaquim Gironella Coll<\/a><\/p>\n<p>Place: The Main Hall of the Foment del Treball building<\/p>\n<p>[\/et_pb_text][\/et_pb_column][et_pb_column type=&#8221;1_5&#8243; _builder_version=&#8221;3.0.47&#8243;][et_pb_image src=&#8221;https:\/\/raed.academy\/wp-content\/uploads\/2017\/02\/dr-mariano-monzo-9-1.jpg&#8221; show_in_lightbox=&#8221;on&#8221; use_overlay=&#8221;on&#8221; overlay_icon_color=&#8221;#6b5d38&#8243; align=&#8221;center&#8221; force_fullwidth=&#8221;on&#8221; _builder_version=&#8221;3.22.7&#8243; border_radii=&#8221;on|4px|4px|4px|4px&#8221; box_shadow_style=&#8221;preset2&#8243; box_shadow_horizontal=&#8221;12px&#8221; box_shadow_vertical=&#8221;12px&#8221; module_alignment=&#8221;center&#8221; custom_margin=&#8221;10px|||&#8221; custom_margin_tablet=&#8221;25px|||&#8221; custom_margin_last_edited=&#8221;on|desktop&#8221; z_index_tablet=&#8221;500&#8243;][\/et_pb_image][\/et_pb_column][\/et_pb_row][et_pb_row use_custom_gutter=&#8221;on&#8221; gutter_width=&#8221;1&#8243; custom_padding=&#8221;||35px|&#8221; make_equal=&#8221;on&#8221; custom_padding_last_edited=&#8221;on|desktop&#8221; padding_right_2=&#8221;45px&#8221; padding_right_3=&#8221;20px&#8221; padding_bottom_1=&#8221;25px&#8221; padding_2_tablet=&#8221;|20px||&#8221; padding_1_last_edited=&#8221;off|phone&#8221; padding_2_last_edited=&#8221;on|desktop&#8221; padding_3_last_edited=&#8221;on|phone&#8221; module_id=&#8221;1001&#8243; module_class=&#8221;evento et_pb_row_fullwidth et_pb_row_fullwidth et_pb_row_fullwidth&#8221; _builder_version=&#8221;3.22.4&#8243; box_shadow_style=&#8221;preset3&#8243; box_shadow_horizontal=&#8221;10px&#8221; width=&#8221;100%&#8221; width_tablet=&#8221;100%&#8221; width_last_edited=&#8221;on|desktop&#8221; max_width=&#8221;100%&#8221; max_width_tablet=&#8221;100%&#8221; max_width_last_edited=&#8221;on|desktop&#8221; module_alignment=&#8221;center&#8221; z_index_tablet=&#8221;500&#8243; make_fullwidth=&#8221;on&#8221;][et_pb_column type=&#8221;1_5&#8243; _builder_version=&#8221;3.0.47&#8243;][et_pb_code admin_label=&#8221;fecha 14\/02&#8243; module_class=&#8221;fecha-evento&#8221; _builder_version=&#8221;3.22.7&#8243; z_index_tablet=&#8221;500&#8243;]Feb<!\u2013- [et_pb_br_holder] -\u2013><!-- [et_pb_line_break_holder] -->14[\/et_pb_code][\/et_pb_column][et_pb_column type=&#8221;3_5&#8243; _builder_version=&#8221;3.0.47&#8243;][et_pb_text admin_label=&#8221;Conferencia: Joan Clar\u00f3s va canviar la hist\u00f2ria&#8221; _builder_version=&#8221;3.22.7&#8243; z_index_tablet=&#8221;500&#8243;]<\/p>\n<h4>The debates of the Royal European Academy of Doctors Series of conferences: \u201cPersonalities from History\u201d<\/h4>\n<p>Second conference: Joan Clar\u00f3s va canviar la hist\u00f2ria de Catalunya a la Guerra del Franc\u00e8s 1808-1814. (How Joan Clar\u00f3s changed the course of Catalan history during the war with France, 1808-1814\u201d). <\/p>\n<p>Speakers:<\/p>\n<ul>\n<li>Leticia Darna, Doctor of History. Corresponding academician of the Royal Matritense Academy of Heraldry and Genealogy.<\/li>\n<li>Domingo Neuenschwander, Baron of Prado Hermoso<\/li>\n<li>Oscar Uceda, Degree in History<\/li>\n<\/ul>\n<p>Discussions chaired by: <a href=\"https:\/\/raed.academy\/en\/academicians\/dr-pedro-claros-blanch\/\" target=\"_blank\" rel=\"noopener noreferrer\">Pedro Clar\u00f3s Blanch<\/a>, numerary academician of the RAED.<\/p>\n<p>Place: The Main Hall of the Foment del Treball building<\/p>\n<p>[\/et_pb_text][\/et_pb_column][et_pb_column type=&#8221;1_5&#8243; _builder_version=&#8221;3.0.47&#8243;][et_pb_image src=&#8221;https:\/\/raed.academy\/wp-content\/uploads\/2017\/02\/ClarosIndependencia01.jpg&#8221; show_in_lightbox=&#8221;on&#8221; use_overlay=&#8221;on&#8221; overlay_icon_color=&#8221;#6b5d38&#8243; align=&#8221;center&#8221; force_fullwidth=&#8221;on&#8221; _builder_version=&#8221;3.22.7&#8243; border_radii=&#8221;on|4px|4px|4px|4px&#8221; box_shadow_style=&#8221;preset2&#8243; box_shadow_horizontal=&#8221;12px&#8221; box_shadow_vertical=&#8221;12px&#8221; module_alignment=&#8221;center&#8221; custom_margin=&#8221;10px|||&#8221; custom_margin_tablet=&#8221;25px|||&#8221; custom_margin_last_edited=&#8221;on|desktop&#8221; z_index_tablet=&#8221;500&#8243;][\/et_pb_image][\/et_pb_column][\/et_pb_row][et_pb_row use_custom_gutter=&#8221;on&#8221; gutter_width=&#8221;1&#8243; custom_padding=&#8221;||35px|&#8221; make_equal=&#8221;on&#8221; custom_padding_last_edited=&#8221;on|desktop&#8221; padding_right_2=&#8221;45px&#8221; padding_right_3=&#8221;20px&#8221; padding_bottom_1=&#8221;25px&#8221; padding_left_1=&#8221;20px&#8221; padding_2_tablet=&#8221;|20px||&#8221; padding_1_phone=&#8221;||25px|10px&#8221; padding_1_last_edited=&#8221;on|phone&#8221; padding_2_last_edited=&#8221;on|phone&#8221; padding_3_last_edited=&#8221;on|phone&#8221; module_id=&#8221;1601&#8243; module_class=&#8221;evento et_pb_row_fullwidth et_pb_row_fullwidth et_pb_row_fullwidth et_pb_row_fullwidth et_pb_row_fullwidth et_pb_row_fullwidth et_pb_row_fullwidth et_pb_row_fullwidth et_pb_row_fullwidth et_pb_row_fullwidth et_pb_row_fullwidth et_pb_row_fullwidth et_pb_row_fullwidth et_pb_row_fullwidth et_pb_row_fullwidth et_pb_row_fullwidth et_pb_row_fullwidth et_pb_row_fullwidth et_pb_row_fullwidth et_pb_row_fullwidth et_pb_row_fullwidth&#8221; _builder_version=&#8221;3.22.3&#8243; box_shadow_style=&#8221;preset3&#8243; box_shadow_horizontal=&#8221;10px&#8221; width=&#8221;100%&#8221; width_tablet=&#8221;100%&#8221; width_last_edited=&#8221;on|desktop&#8221; max_width=&#8221;100%&#8221; max_width_tablet=&#8221;100%&#8221; max_width_last_edited=&#8221;on|desktop&#8221; module_alignment=&#8221;center&#8221; z_index_tablet=&#8221;500&#8243; make_fullwidth=&#8221;on&#8221;][et_pb_column type=&#8221;1_5&#8243; _builder_version=&#8221;3.0.47&#8243;][et_pb_code admin_label=&#8221;fecha 23\/02&#8243; module_class=&#8221;fecha-evento&#8221; _builder_version=&#8221;3.22.7&#8243; z_index_tablet=&#8221;500&#8243;]Feb<!\u2013- [et_pb_br_holder] -\u2013><!-- [et_pb_line_break_holder] -->23[\/et_pb_code][\/et_pb_column][et_pb_column type=&#8221;3_5&#8243; _builder_version=&#8221;3.0.47&#8243;][et_pb_text admin_label=&#8221;Ingreso  Laureano Molins L\u00f3pez-Rod\u00f3&#8221; _builder_version=&#8221;3.22.7&#8243; z_index_tablet=&#8221;500&#8243;]<\/p>\n<h4>Admittance as a numerary academician: <a href=\"https:\/\/raed.academy\/en\/academicians\/dr-laureano-molins-lopez-rodo\/\" target=\"_blank\" rel=\"noopener noreferrer\">Laureano Molins L\u00f3pez-Rod\u00f3<\/a><\/h4>\n<p><em><a href=\"https:\/\/raed.academy\/wp-content\/uploads\/2017\/02\/Diagn%C3%B3stico-precoz-del-C%C3%A1ncer-de-Pulm%C3%B3n-El-Cribado-una-herramienta-para-avanzar-en-su-curaci%C3%B3n.pdf\" target=\"_blank\" rel=\"noopener noreferrer\">Diagn\u00f3stico precoz del C\u00e1ncer de Pulm\u00f3n: El Cribado, una herramienta para avanzar en su curaci\u00f3n<\/a>. (\u201cEarly diagnosis of lung cancer: screening, a tool for advancing its treatment\u201d)<\/em> <br \/>Answering speech: <a href=\"https:\/\/raed.academy\/en\/academicians\/dr-pedro-claros-blanch\/\" target=\"_blank\" rel=\"noopener noreferrer\">Pedro Clar\u00f3s Blanch<\/a><\/p>\n<p>Place: The Main Hall of the Foment del Treball building<\/p>\n<p>[\/et_pb_text][\/et_pb_column][et_pb_column type=&#8221;1_5&#8243; _builder_version=&#8221;3.0.47&#8243;][et_pb_image src=&#8221;https:\/\/raed.academy\/wp-content\/uploads\/2016\/11\/dr-laureano-molins-l\u00f3pez-rod\u00f3-foto1.jpg&#8221; show_in_lightbox=&#8221;on&#8221; use_overlay=&#8221;on&#8221; overlay_icon_color=&#8221;#6b5d38&#8243; align=&#8221;center&#8221; force_fullwidth=&#8221;on&#8221; _builder_version=&#8221;3.22.7&#8243; border_radii=&#8221;on|4px|4px|4px|4px&#8221; box_shadow_style=&#8221;preset2&#8243; box_shadow_horizontal=&#8221;12px&#8221; box_shadow_vertical=&#8221;12px&#8221; module_alignment=&#8221;center&#8221; custom_margin=&#8221;10px|||&#8221; custom_margin_tablet=&#8221;25px|||&#8221; custom_margin_last_edited=&#8221;on|desktop&#8221; z_index_tablet=&#8221;500&#8243;][\/et_pb_image][\/et_pb_column][\/et_pb_row][et_pb_row _builder_version=&#8221;3.22.3&#8243; background_size=&#8221;initial&#8221; background_position=&#8221;top_left&#8221; background_repeat=&#8221;repeat&#8221;][et_pb_column type=&#8221;4_4&#8243; _builder_version=&#8221;3.0.47&#8243;][et_pb_text admin_label=&#8221;Marzo\/2017&#8243; _builder_version=&#8221;3.22.7&#8243; z_index_tablet=&#8221;500&#8243;]<\/p>\n<h2>MARCH 2017<\/h2>\n<p>[\/et_pb_text][\/et_pb_column][\/et_pb_row][et_pb_row use_custom_gutter=&#8221;on&#8221; gutter_width=&#8221;1&#8243; custom_padding=&#8221;||35px|&#8221; make_equal=&#8221;on&#8221; custom_padding_last_edited=&#8221;on|desktop&#8221; padding_right_2=&#8221;45px&#8221; padding_right_3=&#8221;20px&#8221; padding_bottom_1=&#8221;25px&#8221; padding_left_1=&#8221;20px&#8221; padding_2_tablet=&#8221;|20px||&#8221; padding_1_phone=&#8221;||25px|10px&#8221; padding_1_last_edited=&#8221;on|phone&#8221; padding_2_last_edited=&#8221;on|phone&#8221; padding_3_last_edited=&#8221;on|phone&#8221; module_id=&#8221;1601&#8243; module_class=&#8221;evento et_pb_row_fullwidth et_pb_row_fullwidth et_pb_row_fullwidth et_pb_row_fullwidth et_pb_row_fullwidth et_pb_row_fullwidth et_pb_row_fullwidth et_pb_row_fullwidth et_pb_row_fullwidth et_pb_row_fullwidth et_pb_row_fullwidth et_pb_row_fullwidth et_pb_row_fullwidth et_pb_row_fullwidth et_pb_row_fullwidth et_pb_row_fullwidth et_pb_row_fullwidth et_pb_row_fullwidth et_pb_row_fullwidth et_pb_row_fullwidth et_pb_row_fullwidth&#8221; _builder_version=&#8221;3.22.3&#8243; box_shadow_style=&#8221;preset3&#8243; box_shadow_horizontal=&#8221;10px&#8221; width=&#8221;100%&#8221; width_tablet=&#8221;100%&#8221; width_last_edited=&#8221;on|desktop&#8221; max_width=&#8221;100%&#8221; max_width_tablet=&#8221;100%&#8221; max_width_last_edited=&#8221;on|desktop&#8221; module_alignment=&#8221;center&#8221; z_index_tablet=&#8221;500&#8243; make_fullwidth=&#8221;on&#8221;][et_pb_column type=&#8221;1_5&#8243; _builder_version=&#8221;3.0.47&#8243;][et_pb_code admin_label=&#8221;fecha 9\/03&#8243; module_class=&#8221;fecha-evento&#8221; _builder_version=&#8221;3.22.7&#8243; z_index_tablet=&#8221;500&#8243;]Mar<!\u2013- [et_pb_br_holder] -\u2013><!-- [et_pb_line_break_holder] -->9[\/et_pb_code][\/et_pb_column][et_pb_column type=&#8221;3_5&#8243; _builder_version=&#8221;3.0.47&#8243;][et_pb_text admin_label=&#8221;Ingreso  Felio Vilarrubias Guillamet&#8221; _builder_version=&#8221;3.22.7&#8243; z_index_tablet=&#8221;500&#8243;]<\/p>\n<h4>Admittance as a numerary academician: <a href=\"https:\/\/raed.academy\/en\/academicians\/dr-felio-vilarrubias-guillamet\/\" target=\"_blank\" rel=\"noopener noreferrer\">Felio Vilarrubias Guillamet<\/a><\/h4>\n<p><em><a href=\"https:\/\/raed.academy\/wp-content\/uploads\/2016\/12\/Web_RAED_Vilarrubias_55.pdf\" target=\"_blank\" rel=\"noopener noreferrer\">Honor cr\u00e9dito comercial y la exceptio veritatis<\/a> (\u201cHonesty, commercial credit and the test of truth\u201d)<\/em> <br \/>Answering speech: <a href=\"https:\/\/raed.academy\/en\/academicians\/dr-pedro-claros-blanch\/\" target=\"_blank\" rel=\"noopener noreferrer\">Pedro Clar\u00f3s Blanch<\/a><\/p>\n<p>Place: The Main Hall of the Foment del Treball building<\/p>\n<p>[\/et_pb_text][\/et_pb_column][et_pb_column type=&#8221;1_5&#8243; _builder_version=&#8221;3.0.47&#8243;][et_pb_image src=&#8221;https:\/\/raed.academy\/wp-content\/uploads\/2017\/03\/dr-felio-vilarrubias-guillamet-foto8.jpg&#8221; show_in_lightbox=&#8221;on&#8221; use_overlay=&#8221;on&#8221; overlay_icon_color=&#8221;#6b5d38&#8243; align=&#8221;center&#8221; force_fullwidth=&#8221;on&#8221; _builder_version=&#8221;3.22.7&#8243; border_radii=&#8221;on|4px|4px|4px|4px&#8221; box_shadow_style=&#8221;preset2&#8243; box_shadow_horizontal=&#8221;12px&#8221; box_shadow_vertical=&#8221;12px&#8221; module_alignment=&#8221;center&#8221; custom_margin=&#8221;10px|||&#8221; custom_margin_tablet=&#8221;25px|||&#8221; custom_margin_last_edited=&#8221;on|desktop&#8221; z_index_tablet=&#8221;500&#8243;][\/et_pb_image][\/et_pb_column][\/et_pb_row][et_pb_row use_custom_gutter=&#8221;on&#8221; gutter_width=&#8221;1&#8243; custom_padding=&#8221;||35px|&#8221; make_equal=&#8221;on&#8221; custom_padding_last_edited=&#8221;on|desktop&#8221; padding_right_2=&#8221;45px&#8221; padding_right_3=&#8221;20px&#8221; padding_bottom_1=&#8221;25px&#8221; padding_left_1=&#8221;20px&#8221; padding_2_tablet=&#8221;|20px||&#8221; padding_1_phone=&#8221;||25px|10px&#8221; padding_1_last_edited=&#8221;on|phone&#8221; padding_2_last_edited=&#8221;on|phone&#8221; padding_3_last_edited=&#8221;on|phone&#8221; module_id=&#8221;1601&#8243; module_class=&#8221;evento et_pb_row_fullwidth et_pb_row_fullwidth et_pb_row_fullwidth et_pb_row_fullwidth et_pb_row_fullwidth et_pb_row_fullwidth et_pb_row_fullwidth et_pb_row_fullwidth et_pb_row_fullwidth et_pb_row_fullwidth et_pb_row_fullwidth et_pb_row_fullwidth et_pb_row_fullwidth et_pb_row_fullwidth et_pb_row_fullwidth et_pb_row_fullwidth et_pb_row_fullwidth et_pb_row_fullwidth et_pb_row_fullwidth et_pb_row_fullwidth et_pb_row_fullwidth&#8221; _builder_version=&#8221;3.22.3&#8243; box_shadow_style=&#8221;preset3&#8243; box_shadow_horizontal=&#8221;10px&#8221; width=&#8221;100%&#8221; width_tablet=&#8221;100%&#8221; width_last_edited=&#8221;on|desktop&#8221; max_width=&#8221;100%&#8221; max_width_tablet=&#8221;100%&#8221; max_width_last_edited=&#8221;on|desktop&#8221; module_alignment=&#8221;center&#8221; z_index_tablet=&#8221;500&#8243; make_fullwidth=&#8221;on&#8221;][et_pb_column type=&#8221;1_5&#8243; _builder_version=&#8221;3.0.47&#8243;][et_pb_code admin_label=&#8221;fecha 16\/03&#8243; module_class=&#8221;fecha-evento&#8221; _builder_version=&#8221;3.22.7&#8243; z_index_tablet=&#8221;500&#8243;]Mar<!\u2013- [et_pb_br_holder] -\u2013><!-- [et_pb_line_break_holder] -->16[\/et_pb_code][\/et_pb_column][et_pb_column type=&#8221;3_5&#8243; _builder_version=&#8221;3.0.47&#8243;][et_pb_text admin_label=&#8221;Ingreso  Nicole Mahy Gehenne&#8221; _builder_version=&#8221;3.22.7&#8243; z_index_tablet=&#8221;500&#8243;]<\/p>\n<h4>Admittance as a numerary academician: <a href=\"https:\/\/raed.academy\/en\/academicians\/dra-nicole-mahy-gehenne\/\" target=\"_blank\" rel=\"noopener noreferrer\">Nicole Mahy Gehenne<\/a><\/h4>\n<p><em><a href=\"https:\/\/raed.academy\/wp-content\/uploads\/2017\/03\/La-vida-%C3%A9s-una-llarga-oxidaci%C3%B3.pdf\" target=\"_blank\" rel=\"noopener noreferrer\">La vida \u00e9s una llarga oxidaci\u00f3<\/a> (\u201cLife is a long process of oxidation\u201d)<\/em> <br \/>Answering speech: <a href=\"https:\/\/raed.academy\/en\/academicians\/dr-rafael-blesa-gonzalez\/\" target=\"_blank\" rel=\"noopener noreferrer\">Rafael Blesa Gonz\u00e1lez<\/a><\/p>\n<p>Place: The Main Hall of the Foment del Treball building<\/p>\n<p>[\/et_pb_text][\/et_pb_column][et_pb_column type=&#8221;1_5&#8243; _builder_version=&#8221;3.0.47&#8243;][et_pb_image src=&#8221;https:\/\/raed.academy\/wp-content\/uploads\/2017\/03\/Dra-Nicole-Mahy-G\u00e9henne-3.jpg&#8221; show_in_lightbox=&#8221;on&#8221; use_overlay=&#8221;on&#8221; overlay_icon_color=&#8221;#6b5d38&#8243; align=&#8221;center&#8221; force_fullwidth=&#8221;on&#8221; _builder_version=&#8221;3.22.7&#8243; border_radii=&#8221;on|4px|4px|4px|4px&#8221; box_shadow_style=&#8221;preset2&#8243; box_shadow_horizontal=&#8221;12px&#8221; box_shadow_vertical=&#8221;12px&#8221; module_alignment=&#8221;center&#8221; custom_margin=&#8221;10px|||&#8221; custom_margin_tablet=&#8221;25px|||&#8221; custom_margin_last_edited=&#8221;on|desktop&#8221; z_index_tablet=&#8221;500&#8243;][\/et_pb_image][\/et_pb_column][\/et_pb_row][et_pb_row use_custom_gutter=&#8221;on&#8221; gutter_width=&#8221;1&#8243; custom_padding=&#8221;||35px|&#8221; make_equal=&#8221;on&#8221; custom_padding_last_edited=&#8221;on|desktop&#8221; padding_right_2=&#8221;45px&#8221; padding_right_3=&#8221;20px&#8221; padding_bottom_1=&#8221;25px&#8221; padding_2_tablet=&#8221;|20px||&#8221; padding_1_last_edited=&#8221;off|phone&#8221; padding_2_last_edited=&#8221;on|desktop&#8221; padding_3_last_edited=&#8221;on|phone&#8221; module_id=&#8221;1001&#8243; module_class=&#8221;evento et_pb_row_fullwidth et_pb_row_fullwidth et_pb_row_fullwidth&#8221; _builder_version=&#8221;3.22.4&#8243; box_shadow_style=&#8221;preset3&#8243; box_shadow_horizontal=&#8221;10px&#8221; width=&#8221;100%&#8221; width_tablet=&#8221;100%&#8221; width_last_edited=&#8221;on|desktop&#8221; max_width=&#8221;100%&#8221; max_width_tablet=&#8221;100%&#8221; max_width_last_edited=&#8221;on|desktop&#8221; module_alignment=&#8221;center&#8221; z_index_tablet=&#8221;500&#8243; make_fullwidth=&#8221;on&#8221;][et_pb_column type=&#8221;1_5&#8243; _builder_version=&#8221;3.0.47&#8243;][et_pb_code admin_label=&#8221;fecha 20\/03&#8243; module_class=&#8221;fecha-evento&#8221; _builder_version=&#8221;3.22.7&#8243; z_index_tablet=&#8221;500&#8243;]Mar<!\u2013- [et_pb_br_holder] -\u2013><!-- [et_pb_line_break_holder] -->20[\/et_pb_code][\/et_pb_column][et_pb_column type=&#8221;3_5&#8243; _builder_version=&#8221;3.0.47&#8243;][et_pb_text admin_label=&#8221;Sistemas Federales. Una comparaci\u00f3n Internacional&#8221; _builder_version=&#8221;3.22.7&#8243; z_index_tablet=&#8221;500&#8243;]<\/p>\n<h4>The debates of the Royal European Academy of Doctors Book presentation: Federal Systems. An international comparison<\/h4>\n<p>Speakers:<\/p>\n<ul>\n<li>Celina de Souza, researcher at the Federal University of Bahia, Brazil.<\/li>\n<li>Roland Sturm, Professor of Political Science at the University of Erlangen-Nuremberg, Germany.<\/li>\n<li><a href=\"https:\/\/raed.academy\/en\/academicians\/dr-santiago-jose-castella-surribas\/\" target=\"_blank\" rel=\"noopener noreferrer\">Santiago Jos\u00e9 Castell\u00e0<\/a>, numerary member of the Royal European Academy of Doctors. Professor of International. Law and International Relations, Academic Director of the Tarragona Smart Mediterranean City university chair.<\/li>\n<\/ul>\n<p>Moderator: <a href=\"https:\/\/raed.academy\/en\/academicians\/dra-teresa-freixes-sanjuan\/\" target=\"_blank\" rel=\"noopener noreferrer\">Teresa Freixes<\/a>, numerary member of the Royal European Academy of Doctors, Professor of Constitutional Law at the Autonomous University of Barcelona.<\/p>\n<p>[\/et_pb_text][\/et_pb_column][et_pb_column type=&#8221;1_5&#8243; _builder_version=&#8221;3.0.47&#8243;][et_pb_image src=&#8221;https:\/\/raed.academy\/wp-content\/uploads\/2017\/03\/3federalisme-1.jpg&#8221; show_in_lightbox=&#8221;on&#8221; use_overlay=&#8221;on&#8221; overlay_icon_color=&#8221;#6b5d38&#8243; align=&#8221;center&#8221; force_fullwidth=&#8221;on&#8221; _builder_version=&#8221;3.22.7&#8243; border_radii=&#8221;on|4px|4px|4px|4px&#8221; box_shadow_style=&#8221;preset2&#8243; box_shadow_horizontal=&#8221;12px&#8221; box_shadow_vertical=&#8221;12px&#8221; module_alignment=&#8221;center&#8221; custom_margin=&#8221;10px|||&#8221; custom_margin_tablet=&#8221;25px|||&#8221; custom_margin_last_edited=&#8221;on|desktop&#8221; z_index_tablet=&#8221;500&#8243;][\/et_pb_image][\/et_pb_column][\/et_pb_row][et_pb_row use_custom_gutter=&#8221;on&#8221; gutter_width=&#8221;1&#8243; custom_padding=&#8221;||35px|&#8221; make_equal=&#8221;on&#8221; custom_padding_last_edited=&#8221;on|desktop&#8221; padding_right_2=&#8221;45px&#8221; padding_right_3=&#8221;20px&#8221; padding_bottom_1=&#8221;25px&#8221; padding_2_tablet=&#8221;|20px||&#8221; padding_1_last_edited=&#8221;off|phone&#8221; padding_2_last_edited=&#8221;on|desktop&#8221; padding_3_last_edited=&#8221;on|phone&#8221; module_id=&#8221;1001&#8243; module_class=&#8221;evento et_pb_row_fullwidth et_pb_row_fullwidth et_pb_row_fullwidth&#8221; _builder_version=&#8221;3.22.4&#8243; box_shadow_style=&#8221;preset3&#8243; box_shadow_horizontal=&#8221;10px&#8221; width=&#8221;100%&#8221; width_tablet=&#8221;100%&#8221; width_last_edited=&#8221;on|desktop&#8221; max_width=&#8221;100%&#8221; max_width_tablet=&#8221;100%&#8221; max_width_last_edited=&#8221;on|desktop&#8221; module_alignment=&#8221;center&#8221; z_index_tablet=&#8221;500&#8243; make_fullwidth=&#8221;on&#8221;][et_pb_column type=&#8221;1_5&#8243; _builder_version=&#8221;3.0.47&#8243;][et_pb_code admin_label=&#8221;fecha 23\/03&#8243; module_class=&#8221;fecha-evento&#8221; _builder_version=&#8221;3.22.7&#8243; z_index_tablet=&#8221;500&#8243;]Mar<!\u2013- [et_pb_br_holder] -\u2013><!-- [et_pb_line_break_holder] -->23[\/et_pb_code][\/et_pb_column][et_pb_column type=&#8221;3_5&#8243; _builder_version=&#8221;3.0.47&#8243;][et_pb_text admin_label=&#8221;Conferencia: Joan Clar\u00f3s va canviar la hist\u00f2ria&#8221; _builder_version=&#8221;3.22.7&#8243; z_index_tablet=&#8221;500&#8243;]<\/p>\n<h4>The debates of the Royal European Academy of Doctors Series of conferences: \u201cDiscussing the family firm\u201d<\/h4>\n<p><em>First conference: The family firm: beyond the third generation<\/em> Organised by: National Employment Promotion (Fomento del Trabajo Nacional), IESE, the Family Business Institute (Instituto de la Empresa Familiar) and the Royal European Academy of Doctors. Speakers:<\/p>\n<ul>\n<li><a href=\"https:\/\/raed.academy\/en\/academicians\/dr-joan-francesc-corona-ramon\/\" target=\"_blank\" rel=\"noopener noreferrer\">Juan Francisco Corona<\/a>, numerary academician of the RAED, director general of the Family Business Institute.<\/li>\n<li>Josep T\u00e0pies, doctor of industrial engineering, IESE professor of family business entrepreneurship.<\/li>\n<li><a href=\"https:\/\/raed.academy\/en\/academicians\/dr-jose-manuel-calavia-molinero\/\" target=\"_blank\" rel=\"noopener noreferrer\">Jos\u00e9 Manuel Calavia<\/a>, numerary academician of the RAED, professor of mercantile law at the University of Barcelona.<\/li>\n<\/ul>\n<p>Discussions chaired by: Joaqu\u00edn Tornos, chairman of the National Employment Promotion legal committee, professor of administrative law at the University of Barcelona.<\/p>\n<p>[\/et_pb_text][\/et_pb_column][et_pb_column type=&#8221;1_5&#8243; _builder_version=&#8221;3.0.47&#8243;][et_pb_image src=&#8221;https:\/\/raed.academy\/wp-content\/uploads\/2017\/03\/EmpresaFamiliar3.jpg&#8221; show_in_lightbox=&#8221;on&#8221; use_overlay=&#8221;on&#8221; overlay_icon_color=&#8221;#6b5d38&#8243; align=&#8221;center&#8221; force_fullwidth=&#8221;on&#8221; _builder_version=&#8221;3.22.7&#8243; border_radii=&#8221;on|4px|4px|4px|4px&#8221; box_shadow_style=&#8221;preset2&#8243; box_shadow_horizontal=&#8221;12px&#8221; box_shadow_vertical=&#8221;12px&#8221; module_alignment=&#8221;center&#8221; custom_margin=&#8221;10px|||&#8221; custom_margin_tablet=&#8221;25px|||&#8221; custom_margin_last_edited=&#8221;on|desktop&#8221; z_index_tablet=&#8221;500&#8243;][\/et_pb_image][\/et_pb_column][\/et_pb_row][et_pb_row _builder_version=&#8221;3.22.3&#8243;][et_pb_column type=&#8221;4_4&#8243; _builder_version=&#8221;3.0.47&#8243;][et_pb_text admin_label=&#8221;Texto &#8211; APRIL 2017&#8243; _builder_version=&#8221;3.22.7&#8243; z_index_tablet=&#8221;500&#8243;]<\/p>\n<h2>APRIL 2017<\/h2>\n<p>[\/et_pb_text][\/et_pb_column][\/et_pb_row][et_pb_row use_custom_gutter=&#8221;on&#8221; gutter_width=&#8221;1&#8243; custom_padding=&#8221;||35px|&#8221; make_equal=&#8221;on&#8221; custom_padding_last_edited=&#8221;on|desktop&#8221; padding_right_2=&#8221;45px&#8221; padding_right_3=&#8221;20px&#8221; padding_bottom_1=&#8221;25px&#8221; padding_2_tablet=&#8221;|20px||&#8221; padding_1_last_edited=&#8221;off|phone&#8221; padding_2_last_edited=&#8221;on|desktop&#8221; padding_3_last_edited=&#8221;on|phone&#8221; module_id=&#8221;1001&#8243; module_class=&#8221;evento et_pb_row_fullwidth et_pb_row_fullwidth et_pb_row_fullwidth&#8221; _builder_version=&#8221;3.22.4&#8243; box_shadow_style=&#8221;preset3&#8243; box_shadow_horizontal=&#8221;10px&#8221; width=&#8221;100%&#8221; width_tablet=&#8221;100%&#8221; width_last_edited=&#8221;on|desktop&#8221; max_width=&#8221;100%&#8221; max_width_tablet=&#8221;100%&#8221; max_width_last_edited=&#8221;on|desktop&#8221; module_alignment=&#8221;center&#8221; z_index_tablet=&#8221;500&#8243; make_fullwidth=&#8221;on&#8221;][et_pb_column type=&#8221;1_5&#8243; _builder_version=&#8221;3.0.47&#8243;][et_pb_code admin_label=&#8221;fecha 3\/04&#8243; module_class=&#8221;fecha-evento&#8221; _builder_version=&#8221;3.22.7&#8243; z_index_tablet=&#8221;500&#8243;]Apr<!\u2013- [et_pb_br_holder] -\u2013><!-- [et_pb_line_break_holder] -->3[\/et_pb_code][\/et_pb_column][et_pb_column type=&#8221;3_5&#8243; _builder_version=&#8221;3.0.47&#8243;][et_pb_text admin_label=&#8221;La situaci\u00f3n hipotecaria en Espa\u00f1a&#8221; _builder_version=&#8221;3.22.7&#8243; z_index_tablet=&#8221;500&#8243;]<\/p>\n<h4>The debates of the Royal European Academy of Doctors<\/h4>\n<p>The mortgage situation in Spain after the judgements of the Court of Justice of the European Union and the Spanish Supreme Court Organised by the Centre for Research into and Development of Property-Register and Commercial Law (known by its Spanish initials CIDDRIM) and the Royal European Academy of Doctors. Speakers:<\/p>\n<ul>\n<li>Fernando P. M\u00e9ndez Gonz\u00e1lez, Director of Spanish International Relations in the Fields of Property and Commerce<\/li>\n<li>Rafael Arn\u00e1iz Ramos, Director of the Property-Register Study Service of Catalonia<\/li>\n<li>Manuel \u00c1ngel Mart\u00ednez Garc\u00eda, notary public<\/li>\n<li>Antonio Recio C\u00f3rdova, President of the Provincial High Court of Barcelona<\/li>\n<\/ul>\n<p>Moderator: Alfonso Hern\u00e1ndez-Moreno, numerary member of the Royal European Academy of Doctors, Director of the CIDDRIM.<\/p>\n<p>[\/et_pb_text][\/et_pb_column][et_pb_column type=&#8221;1_5&#8243; _builder_version=&#8221;3.0.47&#8243;][et_pb_image src=&#8221;https:\/\/raed.academy\/wp-content\/uploads\/2017\/04\/foto-2-registradores.jpg&#8221; show_in_lightbox=&#8221;on&#8221; use_overlay=&#8221;on&#8221; overlay_icon_color=&#8221;#6b5d38&#8243; align=&#8221;center&#8221; force_fullwidth=&#8221;on&#8221; _builder_version=&#8221;3.22.7&#8243; border_radii=&#8221;on|4px|4px|4px|4px&#8221; box_shadow_style=&#8221;preset2&#8243; box_shadow_horizontal=&#8221;12px&#8221; box_shadow_vertical=&#8221;12px&#8221; module_alignment=&#8221;center&#8221; custom_margin=&#8221;10px|||&#8221; custom_margin_tablet=&#8221;25px|||&#8221; custom_margin_last_edited=&#8221;on|desktop&#8221; z_index_tablet=&#8221;500&#8243;][\/et_pb_image][\/et_pb_column][\/et_pb_row][et_pb_row use_custom_gutter=&#8221;on&#8221; gutter_width=&#8221;1&#8243; custom_padding=&#8221;||35px|&#8221; make_equal=&#8221;on&#8221; custom_padding_last_edited=&#8221;on|desktop&#8221; padding_right_2=&#8221;45px&#8221; padding_right_3=&#8221;20px&#8221; padding_bottom_1=&#8221;25px&#8221; padding_left_1=&#8221;20px&#8221; padding_2_tablet=&#8221;|20px||&#8221; padding_1_phone=&#8221;||25px|10px&#8221; padding_1_last_edited=&#8221;on|phone&#8221; padding_2_last_edited=&#8221;on|phone&#8221; padding_3_last_edited=&#8221;on|phone&#8221; module_id=&#8221;1601&#8243; module_class=&#8221;evento et_pb_row_fullwidth et_pb_row_fullwidth et_pb_row_fullwidth et_pb_row_fullwidth et_pb_row_fullwidth et_pb_row_fullwidth et_pb_row_fullwidth et_pb_row_fullwidth et_pb_row_fullwidth et_pb_row_fullwidth et_pb_row_fullwidth et_pb_row_fullwidth et_pb_row_fullwidth et_pb_row_fullwidth et_pb_row_fullwidth et_pb_row_fullwidth et_pb_row_fullwidth et_pb_row_fullwidth et_pb_row_fullwidth et_pb_row_fullwidth et_pb_row_fullwidth&#8221; _builder_version=&#8221;3.22.3&#8243; box_shadow_style=&#8221;preset3&#8243; box_shadow_horizontal=&#8221;10px&#8221; width=&#8221;100%&#8221; width_tablet=&#8221;100%&#8221; width_last_edited=&#8221;on|desktop&#8221; max_width=&#8221;100%&#8221; max_width_tablet=&#8221;100%&#8221; max_width_last_edited=&#8221;on|desktop&#8221; module_alignment=&#8221;center&#8221; z_index_tablet=&#8221;500&#8243; make_fullwidth=&#8221;on&#8221;][et_pb_column type=&#8221;1_5&#8243; _builder_version=&#8221;3.0.47&#8243;][et_pb_code admin_label=&#8221;fecha 4\/04&#8243; module_class=&#8221;fecha-evento&#8221; _builder_version=&#8221;3.22.7&#8243; z_index_tablet=&#8221;500&#8243;]Apr<!\u2013- [et_pb_br_holder] -\u2013><!-- [et_pb_line_break_holder] -->4[\/et_pb_code][\/et_pb_column][et_pb_column type=&#8221;3_5&#8243; _builder_version=&#8221;3.0.47&#8243;][et_pb_text admin_label=&#8221;Ingreso  Nuria Vallcorba Plana&#8221; _builder_version=&#8221;3.22.7&#8243; z_index_tablet=&#8221;500&#8243;]<\/p>\n<h4>Admittance as a numerary academician: <a href=\"https:\/\/raed.academy\/en\/academicians\/dra-nuria-vallcorba-plana\/\" target=\"_blank\" rel=\"noopener noreferrer\">Dra. Nuria Vallcorba Plana<\/a><\/h4>\n<p><a href=\"https:\/\/raed.academy\/wp-content\/uploads\/2017\/04\/Web_RAED_VAllcorba_57.pdf\" target=\"_blank\" rel=\"noopener noreferrer\">Salud periodontal y salud general: la alianza necesaria <\/a><br \/>Answering speech: <a href=\"https:\/\/raed.academy\/en\/academicians\/dr-jaime-rodrigo-de-larrucea\/\" target=\"_blank\" rel=\"noopener noreferrer\">Dr. Jaime Rodrigo de Larrucea<\/a><\/p>\n<p>[\/et_pb_text][\/et_pb_column][et_pb_column type=&#8221;1_5&#8243; _builder_version=&#8221;3.0.47&#8243;][et_pb_image src=&#8221;https:\/\/raed.academy\/wp-content\/uploads\/2017\/04\/Dra-Nuria-Vallcorba-Plana-6.jpg&#8221; show_in_lightbox=&#8221;on&#8221; use_overlay=&#8221;on&#8221; overlay_icon_color=&#8221;#6b5d38&#8243; align=&#8221;center&#8221; force_fullwidth=&#8221;on&#8221; _builder_version=&#8221;3.22.7&#8243; border_radii=&#8221;on|4px|4px|4px|4px&#8221; box_shadow_style=&#8221;preset2&#8243; box_shadow_horizontal=&#8221;12px&#8221; box_shadow_vertical=&#8221;12px&#8221; module_alignment=&#8221;center&#8221; custom_margin=&#8221;10px|||&#8221; custom_margin_tablet=&#8221;25px|||&#8221; custom_margin_last_edited=&#8221;on|desktop&#8221; z_index_tablet=&#8221;500&#8243;][\/et_pb_image][\/et_pb_column][\/et_pb_row][et_pb_row use_custom_gutter=&#8221;on&#8221; gutter_width=&#8221;1&#8243; custom_padding=&#8221;||35px|&#8221; make_equal=&#8221;on&#8221; custom_padding_last_edited=&#8221;on|desktop&#8221; padding_right_2=&#8221;45px&#8221; padding_right_3=&#8221;20px&#8221; padding_bottom_1=&#8221;25px&#8221; padding_left_1=&#8221;20px&#8221; padding_2_tablet=&#8221;|20px||&#8221; padding_1_phone=&#8221;||25px|10px&#8221; padding_1_last_edited=&#8221;on|phone&#8221; padding_2_last_edited=&#8221;on|phone&#8221; padding_3_last_edited=&#8221;on|phone&#8221; module_id=&#8221;1601&#8243; module_class=&#8221;evento et_pb_row_fullwidth et_pb_row_fullwidth et_pb_row_fullwidth et_pb_row_fullwidth et_pb_row_fullwidth et_pb_row_fullwidth et_pb_row_fullwidth et_pb_row_fullwidth et_pb_row_fullwidth et_pb_row_fullwidth et_pb_row_fullwidth et_pb_row_fullwidth et_pb_row_fullwidth et_pb_row_fullwidth et_pb_row_fullwidth et_pb_row_fullwidth et_pb_row_fullwidth et_pb_row_fullwidth et_pb_row_fullwidth et_pb_row_fullwidth et_pb_row_fullwidth&#8221; _builder_version=&#8221;3.22.3&#8243; box_shadow_style=&#8221;preset3&#8243; box_shadow_horizontal=&#8221;10px&#8221; width=&#8221;100%&#8221; width_tablet=&#8221;100%&#8221; width_last_edited=&#8221;on|desktop&#8221; max_width=&#8221;100%&#8221; max_width_tablet=&#8221;100%&#8221; max_width_last_edited=&#8221;on|desktop&#8221; module_alignment=&#8221;center&#8221; z_index_tablet=&#8221;500&#8243; make_fullwidth=&#8221;on&#8221;][et_pb_column type=&#8221;1_5&#8243; _builder_version=&#8221;3.0.47&#8243;][et_pb_code admin_label=&#8221;fecha 25\/04&#8243; module_class=&#8221;fecha-evento&#8221; _builder_version=&#8221;3.22.7&#8243; z_index_tablet=&#8221;500&#8243;]Apr<!\u2013- [et_pb_br_holder] -\u2013><!-- [et_pb_line_break_holder] -->25[\/et_pb_code][\/et_pb_column][et_pb_column type=&#8221;3_5&#8243; _builder_version=&#8221;3.0.47&#8243;][et_pb_text admin_label=&#8221;Ingreso  Jos\u00e9 Manuel Calavia Molinero&#8221; _builder_version=&#8221;3.22.7&#8243; z_index_tablet=&#8221;500&#8243;]<\/p>\n<h4>Admittance as a numerary academician: <a href=\"https:\/\/raed.academy\/en\/academicians\/dr-jose-manuel-calavia-molinero\/\" target=\"_blank\" rel=\"noopener noreferrer\">Jos\u00e9 Manuel Calavia Molinero<\/a><\/h4>\n<p><a href=\"https:\/\/raed.academy\/wp-content\/uploads\/2017\/05\/Web_LibroCalavia58.pdf\" target=\"_blank\" rel=\"noopener noreferrer\">Gobierno y gesti\u00f3n en la empresa familiar<\/a>\u00a0<br \/>Answering speech: <a href=\"https:\/\/raed.academy\/en\/academicians\/dr-joan-francesc-pont-clemente\/\" target=\"_blank\" rel=\"noopener noreferrer\">Joan-Francesc Pont Clemente<\/a><\/p>\n<p>[\/et_pb_text][\/et_pb_column][et_pb_column type=&#8221;1_5&#8243; _builder_version=&#8221;3.0.47&#8243;][et_pb_image src=&#8221;https:\/\/raed.academy\/wp-content\/uploads\/2017\/05\/Dr-jose-manuel-calavia-molinero-5.jpg&#8221; show_in_lightbox=&#8221;on&#8221; use_overlay=&#8221;on&#8221; overlay_icon_color=&#8221;#6b5d38&#8243; align=&#8221;center&#8221; force_fullwidth=&#8221;on&#8221; _builder_version=&#8221;3.22.7&#8243; border_radii=&#8221;on|4px|4px|4px|4px&#8221; box_shadow_style=&#8221;preset2&#8243; box_shadow_horizontal=&#8221;12px&#8221; box_shadow_vertical=&#8221;12px&#8221; module_alignment=&#8221;center&#8221; custom_margin=&#8221;10px|||&#8221; custom_margin_tablet=&#8221;25px|||&#8221; custom_margin_last_edited=&#8221;on|desktop&#8221; z_index_tablet=&#8221;500&#8243;][\/et_pb_image][\/et_pb_column][\/et_pb_row][et_pb_row use_custom_gutter=&#8221;on&#8221; gutter_width=&#8221;1&#8243; custom_padding=&#8221;||35px|&#8221; make_equal=&#8221;on&#8221; custom_padding_last_edited=&#8221;on|desktop&#8221; padding_right_2=&#8221;45px&#8221; padding_right_3=&#8221;20px&#8221; padding_bottom_1=&#8221;25px&#8221; padding_2_tablet=&#8221;|20px||&#8221; padding_1_last_edited=&#8221;off|phone&#8221; padding_2_last_edited=&#8221;on|desktop&#8221; padding_3_last_edited=&#8221;on|phone&#8221; module_id=&#8221;1001&#8243; module_class=&#8221;evento et_pb_row_fullwidth et_pb_row_fullwidth et_pb_row_fullwidth&#8221; _builder_version=&#8221;3.22.4&#8243; box_shadow_style=&#8221;preset3&#8243; box_shadow_horizontal=&#8221;10px&#8221; width=&#8221;100%&#8221; width_tablet=&#8221;100%&#8221; width_last_edited=&#8221;on|desktop&#8221; max_width=&#8221;100%&#8221; max_width_tablet=&#8221;100%&#8221; max_width_last_edited=&#8221;on|desktop&#8221; module_alignment=&#8221;center&#8221; z_index_tablet=&#8221;500&#8243; make_fullwidth=&#8221;on&#8221;][et_pb_column type=&#8221;1_5&#8243; _builder_version=&#8221;3.0.47&#8243;][et_pb_code admin_label=&#8221;fecha 27\/04&#8243; module_class=&#8221;fecha-evento&#8221; _builder_version=&#8221;3.22.7&#8243; z_index_tablet=&#8221;500&#8243;]Apr<!\u2013- [et_pb_br_holder] -\u2013><!-- [et_pb_line_break_holder] -->27[\/et_pb_code][\/et_pb_column][et_pb_column type=&#8221;3_5&#8243; _builder_version=&#8221;3.0.47&#8243;][et_pb_text admin_label=&#8221;Conferencia: Lutero quinientos a\u00f1os despu\u00e9s&#8221; _builder_version=&#8221;3.22.7&#8243; z_index_tablet=&#8221;500&#8243;]<\/p>\n<h4>The debates of the Royal European Academy of Doctors Series of conferences: \u201cPersonalities from History\u201d<\/h4>\n<p><em>Third conference: Five hundred years since Luther (1517 -2017)<\/em> Speakers:<\/p>\n<ul>\n<li><strong>Josep Castany\u00e9<\/strong>, professor emeritus of the Ateneu Universitari Sant Paci\u00e0 (AUSP), a Catholic theologian specialising in German Protestant theology and a translator into Catalan of German Protestant theologians.<\/li>\n<li><strong><a href=\"https:\/\/raed.academy\/en\/academicians\/dr-salvador-de-broca-tella\/\" target=\"_blank\" rel=\"noopener noreferrer\">Salvador de Broc\u00e0<\/a><\/strong>, numerary academician of the RAED, doctor in philosophy.<\/li>\n<li><strong>Maci\u00e0 Riutort<\/strong>, full professor of the department of English and German studies at Rovira i Virgili University, a philologist and historian specialising in the evolution of the modern German language and Luther\u2019s German translation of the Bible.<\/li>\n<li><strong>Rev. Holger Luebs<\/strong>, rector of the Church of the German-speaking Protestant Community of Barcelona, a specialist in Lutheran theology.<\/li>\n<\/ul>\n<p>Discussions chaired by: <a href=\"https:\/\/raed.academy\/en\/academicians\/dr-josep-ignasi-saranyana-closa\/\" target=\"_blank\" rel=\"noopener noreferrer\">Josep-Ignasi Saranyana<\/a>, numerary academician and chairman of the Human Sciences Section of the RAED.<\/p>\n<p>[\/et_pb_text][et_pb_video src=&#8221;https:\/\/youtu.be\/pgHhkwKOjeE&#8221; _builder_version=&#8221;3.22.7&#8243; z_index_tablet=&#8221;500&#8243;][\/et_pb_video][\/et_pb_column][et_pb_column type=&#8221;1_5&#8243; _builder_version=&#8221;3.0.47&#8243;][et_pb_gallery gallery_ids=&#8221;29249,39433&#8243; posts_number=&#8221;1&#8243; show_title_and_caption=&#8221;off&#8221; show_pagination=&#8221;off&#8221; zoom_icon_color=&#8221;#6b5d38&#8243; _builder_version=&#8221;3.22.7&#8243; border_radii_image=&#8221;on|4px|4px|4px|4px&#8221; box_shadow_style_image=&#8221;preset2&#8243; custom_margin=&#8221;10px|||&#8221; custom_margin_tablet=&#8221;25px|||&#8221; custom_margin_last_edited=&#8221;on|desktop&#8221; z_index_tablet=&#8221;500&#8243;][\/et_pb_gallery][\/et_pb_column][\/et_pb_row][et_pb_row _builder_version=&#8221;3.22.3&#8243;][et_pb_column type=&#8221;4_4&#8243; _builder_version=&#8221;3.0.47&#8243;][et_pb_text admin_label=&#8221;Texto &#8211; MAYO 2017&#8243; _builder_version=&#8221;3.22.7&#8243; z_index_tablet=&#8221;500&#8243;]<\/p>\n<h2>MAY 2017<\/h2>\n<p>[\/et_pb_text][\/et_pb_column][\/et_pb_row][et_pb_row use_custom_gutter=&#8221;on&#8221; gutter_width=&#8221;1&#8243; custom_padding=&#8221;||35px|&#8221; make_equal=&#8221;on&#8221; custom_padding_last_edited=&#8221;on|desktop&#8221; padding_right_2=&#8221;45px&#8221; padding_right_3=&#8221;20px&#8221; padding_bottom_1=&#8221;25px&#8221; padding_left_1=&#8221;20px&#8221; padding_2_tablet=&#8221;|20px||&#8221; padding_1_phone=&#8221;||25px|10px&#8221; padding_1_last_edited=&#8221;on|phone&#8221; padding_2_last_edited=&#8221;on|phone&#8221; padding_3_last_edited=&#8221;on|phone&#8221; module_id=&#8221;1601&#8243; module_class=&#8221;evento et_pb_row_fullwidth et_pb_row_fullwidth et_pb_row_fullwidth et_pb_row_fullwidth et_pb_row_fullwidth et_pb_row_fullwidth et_pb_row_fullwidth et_pb_row_fullwidth et_pb_row_fullwidth et_pb_row_fullwidth et_pb_row_fullwidth et_pb_row_fullwidth et_pb_row_fullwidth et_pb_row_fullwidth et_pb_row_fullwidth et_pb_row_fullwidth et_pb_row_fullwidth et_pb_row_fullwidth et_pb_row_fullwidth et_pb_row_fullwidth et_pb_row_fullwidth&#8221; _builder_version=&#8221;3.22.3&#8243; box_shadow_style=&#8221;preset3&#8243; box_shadow_horizontal=&#8221;10px&#8221; width=&#8221;100%&#8221; width_tablet=&#8221;100%&#8221; width_last_edited=&#8221;on|desktop&#8221; max_width=&#8221;100%&#8221; max_width_tablet=&#8221;100%&#8221; max_width_last_edited=&#8221;on|desktop&#8221; module_alignment=&#8221;center&#8221; z_index_tablet=&#8221;500&#8243; make_fullwidth=&#8221;on&#8221;][et_pb_column type=&#8221;1_5&#8243; _builder_version=&#8221;3.0.47&#8243;][et_pb_code admin_label=&#8221;fecha 2\/05&#8243; module_class=&#8221;fecha-evento&#8221; _builder_version=&#8221;3.22.7&#8243; z_index_tablet=&#8221;500&#8243;]May<!\u2013- [et_pb_br_holder] -\u2013><!-- [et_pb_line_break_holder] -->2[\/et_pb_code][\/et_pb_column][et_pb_column type=&#8221;3_5&#8243; _builder_version=&#8221;3.0.47&#8243;][et_pb_text admin_label=&#8221;Ingreso  Daniel Turb\u00f3n Borrega&#8221; _builder_version=&#8221;3.22.7&#8243; z_index_tablet=&#8221;500&#8243;]<\/p>\n<h4>Admittance as a numerary academician: <a href=\"https:\/\/raed.academy\/en\/academicians\/dr-daniel-turbon-borrega\/\" target=\"_blank\" rel=\"noopener noreferrer\">Daniel Turb\u00f3n Borrega<\/a><\/h4>\n<p><a href=\"https:\/\/raed.academy\/wp-content\/uploads\/2017\/05\/Web_LibroRAed_Turbon59.pdf\" target=\"_blank\" rel=\"noopener noreferrer\">Darwin, Wallace y la Biolog\u00eda del Desarrollo Evolutiva<\/a> ( Darwin, Wallace and the biology of evolutionary development) <br \/>Answering speech: <a href=\"https:\/\/raed.academy\/en\/academicians\/dr-felio-vilarrubias-guillamet\/\" target=\"_blank\" rel=\"noopener noreferrer\"><strong>Felio Vilarrubias Guillamet<\/strong> <\/a><\/p>\n<p>Place: The Main Hall of the Foment del Treball building<\/p>\n<p>[\/et_pb_text][\/et_pb_column][et_pb_column type=&#8221;1_5&#8243; _builder_version=&#8221;3.0.47&#8243;][et_pb_image src=&#8221;https:\/\/raed.academy\/wp-content\/uploads\/2017\/09\/Acto-de-ingreso-Daniel-Turbon-Borrega-12.jpg&#8221; show_in_lightbox=&#8221;on&#8221; use_overlay=&#8221;on&#8221; overlay_icon_color=&#8221;#6b5d38&#8243; align=&#8221;center&#8221; force_fullwidth=&#8221;on&#8221; _builder_version=&#8221;3.22.7&#8243; border_radii=&#8221;on|4px|4px|4px|4px&#8221; box_shadow_style=&#8221;preset2&#8243; box_shadow_horizontal=&#8221;12px&#8221; box_shadow_vertical=&#8221;12px&#8221; module_alignment=&#8221;center&#8221; custom_margin=&#8221;10px|||&#8221; custom_margin_tablet=&#8221;25px|||&#8221; custom_margin_last_edited=&#8221;on|desktop&#8221; z_index_tablet=&#8221;500&#8243;][\/et_pb_image][\/et_pb_column][\/et_pb_row][et_pb_row use_custom_gutter=&#8221;on&#8221; gutter_width=&#8221;1&#8243; custom_padding=&#8221;||35px|&#8221; make_equal=&#8221;on&#8221; custom_padding_last_edited=&#8221;on|desktop&#8221; padding_right_2=&#8221;45px&#8221; padding_right_3=&#8221;20px&#8221; padding_bottom_1=&#8221;25px&#8221; padding_2_tablet=&#8221;|20px||&#8221; padding_1_last_edited=&#8221;off|phone&#8221; padding_2_last_edited=&#8221;on|desktop&#8221; padding_3_last_edited=&#8221;on|phone&#8221; module_id=&#8221;1001&#8243; module_class=&#8221;evento et_pb_row_fullwidth et_pb_row_fullwidth et_pb_row_fullwidth&#8221; _builder_version=&#8221;3.22.4&#8243; box_shadow_style=&#8221;preset3&#8243; box_shadow_horizontal=&#8221;10px&#8221; width=&#8221;100%&#8221; width_tablet=&#8221;100%&#8221; width_last_edited=&#8221;on|desktop&#8221; max_width=&#8221;100%&#8221; max_width_tablet=&#8221;100%&#8221; max_width_last_edited=&#8221;on|desktop&#8221; module_alignment=&#8221;center&#8221; z_index_tablet=&#8221;500&#8243; make_fullwidth=&#8221;on&#8221;][et_pb_column type=&#8221;1_5&#8243; _builder_version=&#8221;3.0.47&#8243;][et_pb_code admin_label=&#8221;fecha 11\/05&#8243; module_class=&#8221;fecha-evento&#8221; _builder_version=&#8221;3.22.7&#8243; z_index_tablet=&#8221;500&#8243;]May<!\u2013- [et_pb_br_holder] -\u2013><!-- [et_pb_line_break_holder] -->11[\/et_pb_code][\/et_pb_column][et_pb_column type=&#8221;3_5&#8243; _builder_version=&#8221;3.0.47&#8243;][et_pb_text admin_label=&#8221;Ciclo de conferencias: \u201cJornadas sobre la Empresa Familiar\u201d&#8221; _builder_version=&#8221;3.22.7&#8243; z_index_tablet=&#8221;500&#8243;]<\/p>\n<h4>The debates of the Royal European Academy of Doctors Series of conferences: \u201cDiscussing the family firm\u201d<\/h4>\n<p><em>Second conference: The family firm: encouraging its survival (research project)<\/em> Organised by: IESE and the Royal European Academy of Doctors Speakers:<\/p>\n<ul>\n<li><strong>Ricardo Aparicio<\/strong>, IPADE, Pan-American University, Mexico.<\/li>\n<li><strong>Gonzalo G\u00f3mez<\/strong>, INALDE, University of la Sabana, Colombia.<\/li>\n<li><strong>Guillermo Perkins<\/strong>, IAE, Austral University, Argentina.<\/li>\n<li><strong><a href=\"https:\/\/raed.academy\/en\/academicians\/dr-salvatore-tomaselli\/\" target=\"_blank\" rel=\"noopener noreferrer\">Salvatore Tomaselli<\/a><\/strong>, University of Palermo, numerary academician of the RAED.<\/li>\n<li><strong>Arlette Urrea<\/strong>, University of Costa Rica.<\/li>\n<\/ul>\n<p>Discussions chaired by: <strong><a href=\"https:\/\/raed.academy\/en\/academicians\/dr-miguel-a-gallo-laguna-de-rins\/\" target=\"_blank\" rel=\"noopener noreferrer\">Miguel \u00c1ngel Gallo<\/a><\/strong>, numerary academician and chairman of the Senate of the Royal European Academy of Doctors. IESE.<\/p>\n<p>[\/et_pb_text][\/et_pb_column][et_pb_column type=&#8221;1_5&#8243; _builder_version=&#8221;3.0.47&#8243;][et_pb_image src=&#8221;https:\/\/raed.academy\/wp-content\/uploads\/2017\/05\/debate-empresa-familiar.2017-05-11_2.jpg&#8221; show_in_lightbox=&#8221;on&#8221; use_overlay=&#8221;on&#8221; overlay_icon_color=&#8221;#6b5d38&#8243; align=&#8221;center&#8221; force_fullwidth=&#8221;on&#8221; _builder_version=&#8221;3.22.7&#8243; border_radii=&#8221;on|4px|4px|4px|4px&#8221; box_shadow_style=&#8221;preset2&#8243; box_shadow_horizontal=&#8221;12px&#8221; box_shadow_vertical=&#8221;12px&#8221; module_alignment=&#8221;center&#8221; custom_margin=&#8221;10px|||&#8221; custom_margin_tablet=&#8221;25px|||&#8221; custom_margin_last_edited=&#8221;on|desktop&#8221; z_index_tablet=&#8221;500&#8243;][\/et_pb_image][\/et_pb_column][\/et_pb_row][et_pb_row use_custom_gutter=&#8221;on&#8221; gutter_width=&#8221;1&#8243; custom_padding=&#8221;||35px|&#8221; make_equal=&#8221;on&#8221; custom_padding_last_edited=&#8221;on|desktop&#8221; padding_right_2=&#8221;45px&#8221; padding_right_3=&#8221;20px&#8221; padding_bottom_1=&#8221;25px&#8221; padding_left_1=&#8221;20px&#8221; padding_2_tablet=&#8221;|20px||&#8221; padding_1_phone=&#8221;||25px|10px&#8221; padding_1_last_edited=&#8221;on|phone&#8221; padding_2_last_edited=&#8221;on|phone&#8221; padding_3_last_edited=&#8221;on|phone&#8221; module_id=&#8221;1601&#8243; module_class=&#8221;evento et_pb_row_fullwidth et_pb_row_fullwidth et_pb_row_fullwidth et_pb_row_fullwidth et_pb_row_fullwidth et_pb_row_fullwidth et_pb_row_fullwidth et_pb_row_fullwidth et_pb_row_fullwidth et_pb_row_fullwidth et_pb_row_fullwidth et_pb_row_fullwidth et_pb_row_fullwidth et_pb_row_fullwidth et_pb_row_fullwidth et_pb_row_fullwidth et_pb_row_fullwidth et_pb_row_fullwidth et_pb_row_fullwidth et_pb_row_fullwidth et_pb_row_fullwidth&#8221; _builder_version=&#8221;3.22.3&#8243; box_shadow_style=&#8221;preset3&#8243; box_shadow_horizontal=&#8221;10px&#8221; width=&#8221;100%&#8221; width_tablet=&#8221;100%&#8221; width_last_edited=&#8221;on|desktop&#8221; max_width=&#8221;100%&#8221; max_width_tablet=&#8221;100%&#8221; max_width_last_edited=&#8221;on|desktop&#8221; module_alignment=&#8221;center&#8221; z_index_tablet=&#8221;500&#8243; make_fullwidth=&#8221;on&#8221;][et_pb_column type=&#8221;1_5&#8243; _builder_version=&#8221;3.0.47&#8243;][et_pb_code admin_label=&#8221;fecha 19\/05&#8243; module_class=&#8221;fecha-evento&#8221; _builder_version=&#8221;3.22.7&#8243; z_index_tablet=&#8221;500&#8243;]May<!\u2013- [et_pb_br_holder] -\u2013><!-- [et_pb_line_break_holder] -->19[\/et_pb_code][\/et_pb_column][et_pb_column type=&#8221;3_5&#8243; _builder_version=&#8221;3.0.47&#8243;][et_pb_text admin_label=&#8221;Ingreso  Edmund Phelps&#8221; _builder_version=&#8221;3.22.7&#8243; z_index_tablet=&#8221;500&#8243;]<\/p>\n<h4>Admittance as honorary academician: <a href=\"\/en\/academicians\/dr-edmund-phelps\">Edmund Phelps<\/a>, Nobel Prize in Economics<\/h4>\n<p>Answering speech: <a href=\"https:\/\/raed.academy\/en\/academicians\/dr-maria-jose-esteban-ferrer\/\" target=\"_blank\" rel=\"noopener noreferrer\"><strong>Maria Jos\u00e9 Esteban Ferrer<\/strong><\/a><\/p>\n<p>[\/et_pb_text][\/et_pb_column][et_pb_column type=&#8221;1_5&#8243; _builder_version=&#8221;3.0.47&#8243;][et_pb_image src=&#8221;https:\/\/raed.academy\/wp-content\/uploads\/2017\/09\/Edmund_Phelps_una-economia-verde-2.jpg&#8221; show_in_lightbox=&#8221;on&#8221; use_overlay=&#8221;on&#8221; overlay_icon_color=&#8221;#6b5d38&#8243; align=&#8221;center&#8221; force_fullwidth=&#8221;on&#8221; _builder_version=&#8221;3.22.7&#8243; border_radii=&#8221;on|4px|4px|4px|4px&#8221; box_shadow_style=&#8221;preset2&#8243; box_shadow_horizontal=&#8221;12px&#8221; box_shadow_vertical=&#8221;12px&#8221; module_alignment=&#8221;center&#8221; custom_margin=&#8221;10px|||&#8221; custom_margin_tablet=&#8221;25px|||&#8221; custom_margin_last_edited=&#8221;on|desktop&#8221; z_index_tablet=&#8221;500&#8243;][\/et_pb_image][\/et_pb_column][\/et_pb_row][et_pb_row _builder_version=&#8221;3.22.3&#8243;][et_pb_column type=&#8221;4_4&#8243; _builder_version=&#8221;3.0.47&#8243;][et_pb_text admin_label=&#8221;Texto &#8211; JUNE 2017&#8243; _builder_version=&#8221;3.22.7&#8243; z_index_tablet=&#8221;500&#8243;]<\/p>\n<h2>JUNE 2017<\/h2>\n<p>[\/et_pb_text][\/et_pb_column][\/et_pb_row][et_pb_row use_custom_gutter=&#8221;on&#8221; gutter_width=&#8221;1&#8243; custom_padding=&#8221;||35px|&#8221; make_equal=&#8221;on&#8221; custom_padding_last_edited=&#8221;on|desktop&#8221; padding_right_2=&#8221;45px&#8221; padding_right_3=&#8221;20px&#8221; padding_bottom_1=&#8221;25px&#8221; padding_2_tablet=&#8221;|20px||&#8221; padding_1_last_edited=&#8221;off|phone&#8221; padding_2_last_edited=&#8221;on|desktop&#8221; padding_3_last_edited=&#8221;on|phone&#8221; module_id=&#8221;1001&#8243; module_class=&#8221;evento et_pb_row_fullwidth et_pb_row_fullwidth et_pb_row_fullwidth&#8221; _builder_version=&#8221;3.22.4&#8243; box_shadow_style=&#8221;preset3&#8243; box_shadow_horizontal=&#8221;10px&#8221; width=&#8221;100%&#8221; width_tablet=&#8221;100%&#8221; width_last_edited=&#8221;on|desktop&#8221; max_width=&#8221;100%&#8221; max_width_tablet=&#8221;100%&#8221; max_width_last_edited=&#8221;on|desktop&#8221; module_alignment=&#8221;center&#8221; z_index_tablet=&#8221;500&#8243; make_fullwidth=&#8221;on&#8221;][et_pb_column type=&#8221;1_5&#8243; _builder_version=&#8221;3.0.47&#8243;][et_pb_code admin_label=&#8221;fecha 8-11\/06&#8243; module_class=&#8221;fecha-evento&#8221; _builder_version=&#8221;3.22.7&#8243; z_index_tablet=&#8221;500&#8243;]Jun<!\u2013- [et_pb_br_holder] -\u2013><!-- [et_pb_line_break_holder] -->8-11[\/et_pb_code][\/et_pb_column][et_pb_column type=&#8221;3_5&#8243; _builder_version=&#8221;3.0.47&#8243;][et_pb_text admin_label=&#8221;Ir Encuentro Cient\u00edfico&#8221; _builder_version=&#8221;3.22.7&#8243; z_index_tablet=&#8221;500&#8243;]<\/p>\n<h3>First Scientific Meeting: A convergence of the ways: Science and Business. RAED \u2013 IESE -ULPGC<\/h3>\n<p>Date: from 8 to 11 June 2017 Place: Fuerteventura, Las Palmas de Gran Canaria<\/p>\n<h4><strong>Scientific programme:<\/strong><\/h4>\n<p><strong>Inaugural speech: Serendipity in Science,<\/strong> <strong>Sheldom L. Glashow<\/strong>, Nobel Prize in Physics Introduced by <strong>Catalina<\/strong> <strong> Ruiz<\/strong>, Professor of Physics at the University of La Laguna and winner of the Canary Islands Award for Research. <\/p>\n<p><strong>Round-table discussion: <br \/>Economics, politics and business: uncertainties, risks and opportunities;<\/strong> <strong>Hisham El Sherif<\/strong>, chairman of Nile Capital Investment; <a href=\"https:\/\/raed.academy\/en\/academicians\/dr-jose-maria-gay-de-liebana-saludas\/\" target=\"_blank\" rel=\"noopener noreferrer\"><strong>Jos\u00e9 Mar\u00eda Gay<\/strong><\/a>, academician of the RAED; <a href=\"https:\/\/raed.academy\/en\/academicians\/dr-jose-manuel-calavia-molinero\/\" target=\"_blank\" rel=\"noopener noreferrer\"><strong>Jose Manuel<\/strong><\/a> <strong> Calavia<\/strong>, academician of the RAED; <strong>Nilo Garc\u00eda Manchado<\/strong>, entrepreneur; <a href=\"https:\/\/raed.academy\/en\/academicians\/dr-lorenzo-gascon-fernandez\/\" target=\"_blank\" rel=\"noopener noreferrer\"><strong>Lorenzo Gasc\u00f3n<\/strong><\/a>, economist and academic of the RAED; <a href=\"https:\/\/raed.academy\/en\/academicians\/dr-frederic-borras-pamies\/\" target=\"_blank\" rel=\"noopener noreferrer\"><strong>Fr\u00e9d\u00e9ric Borr\u00e0s<\/strong><\/a>, academician of the RAED. Chaired by <strong>Claudia Arteaga<\/strong>, journalist and lecturer in the politics of communication. <\/p>\n<p><strong>Speech: <br \/>The impact of GM food on the alleviating of world hunger <\/strong> <strong>Richard Roberts<\/strong>, Nobel Prize in Medicine Introduced by <a href=\"https:\/\/raed.academy\/en\/academicians\/dr-lluis-serra-majem\/\" target=\"_blank\" rel=\"noopener noreferrer\"><strong>Lluis Serra<\/strong><\/a>, Professor of Public Health at ULPGC <\/p>\n<p><strong>Speech: <br \/>International cooperation applied to specific, measurable objectives<\/strong> <strong>Luis L\u00f3pez<\/strong>, thoracic surgeon at SCS, professor at ULPGC and winner of the Canary Islands Award for International Cooperation <br \/><strong>Corner of excellence:<\/strong> An excellent opportunity to chat in a relaxed and friendly with some of the guests present at different places around the hotel.<\/p>\n<p><strong>Debate: What use is science to business? Pure vs applied science<\/strong> <\/p>\n<p>Participants: <br \/><strong>Sheldom L. Glashow<\/strong>, Nobel Prize in Physics; <br \/>Richard Roberts, Nobel Prize in Medicine; <br \/><strong>Jos\u00e9 Mar\u00eda<\/strong> <strong> Baldasano<\/strong>, King Jaume I Environmental Award; <br \/><strong>Sonia Fern\u00e1ndez-Vidal<\/strong>, lecturer at UAB and educator; <br \/><strong>Juan Ruiz Alzola<\/strong>, professor at ULPGC; <br \/><a href=\"https:\/\/raed.academy\/en\/academicians\/dr-jaume-armengou-orus\/\" target=\"_blank\" rel=\"noopener noreferrer\"><strong>Jaume Armengou<\/strong><\/a>, academician of the RAED.<\/p>\n<p>Chaired by: <a href=\"https:\/\/raed.academy\/en\/academicians\/dr-jordi-marti-pidelaserra\/\" target=\"_blank\" rel=\"noopener noreferrer\"><strong>Jordi Marti<\/strong><\/a>, academician of the RAED.<\/p>\n<p><strong>Speech: <br \/>A history of tenacity: the discovery of the structure of the ribosomes<\/strong><\/p>\n<p>Speaker: <br \/><strong>Ada Yonath<\/strong>, Nobel Prize in Chemistry; <br \/>introduced by <strong>Cecilia Kindelan<\/strong>, Associate Director of the MBA Programme and Director of the International Exchange Programme of IESE.<\/p>\n<p><strong>Round-table discussion: <br \/>Technology and sustainable development<\/strong><\/p>\n<p>Participants: <br \/><strong>Juan Ruiz<\/strong>, professor at ULPGC; <br \/><strong>Luis L\u00f3pez<\/strong>, Director of International Cooperation at SCS; <br \/><strong>Catalina<\/strong> <strong> Ruiz<\/strong>, professor at ULL; <br \/><strong>Llu\u00eds Serra<\/strong>, professor at ULPGC; <br \/><strong>Josefa de la Rosa<\/strong>, Director of CUCID ULPGC.<\/p>\n<p>Chaired by: <a href=\"https:\/\/raed.academy\/en\/academicians\/dra-maria-dels-angels-calvo-torras\/\" target=\"_blank\" rel=\"noopener noreferrer\"><strong>Mari \u00c0ngels Calvo<\/strong><\/a>, academician of the RAED<\/p>\n<h4>Round-table discussion: The world\u2019s new political scene: threats and forecasts<\/h4>\n<p>Participants: <br \/><strong>Walter Lichem<\/strong>, former ambassador of Austria; Rosal\u00eda Arteaga, former president of Ecuador; <br \/><strong>Inocencio Arias<\/strong>, former ambassador of Spain; <br \/><strong>Ernst Iten<\/strong>, former ambassador Switzerland; <br \/><strong>Joaqu\u00edn Almunia<\/strong>, former European Commissioner. <br \/><a href=\"https:\/\/raed.academy\/en\/academicians\/dr-luis-alberto-lacalle-herrera\/\" target=\"_blank\" rel=\"noopener noreferrer\"><strong>Dr. Luis Alberto Lacalle<\/strong><\/a>, former president of Uruguay.<\/p>\n<p>Chaired by: <strong>Claudia Arteaga<\/strong>, journalist and lecturer in the politics of communication<\/p>\n<h4>Admission as Numerary Academician: <a href=\"https:\/\/raed.academy\/en\/academicians\/dr-jose-ramon-calvo-fernandez\/\" target=\"_blank\" rel=\"noopener noreferrer\">Jos\u00e9 Ram\u00f3n Calvo Fern\u00e1ndez<\/a><\/h4>\n<p><a href=\"https:\/\/raed.academy\/wp-content\/uploads\/2017\/10\/discurso-de-ingreso-Jose-Ramon-Calvo-Fernandez.pdf\" target=\"_blank\" rel=\"noopener noreferrer\"><em>Tobacco or health: children do not choose<\/em><\/a> Answering speech: <a href=\"https:\/\/raed.academy\/en\/academicians\/dr-jordi-marti-pidelaserra\/\" target=\"_blank\" rel=\"noopener noreferrer\"><strong>Jordi Mart\u00ed Pidelaserra<\/strong><\/a><\/p>\n<h4>Admission as Honorary Academicians<\/h4>\n<ul>\n<li><strong>Sheldon L. Glashow<\/strong>, Nobel Prize in Physics Introduced by <a href=\"https:\/\/raed.academy\/en\/academicians\/dr-jose-maria-gay-de-liebana-saludas\/\" target=\"_blank\" rel=\"noopener noreferrer\"><strong>Dr. Jos\u00e9 Maria Gay<\/strong><\/a><\/li>\n<li><strong>Richard Roberts<\/strong>, Nobel Prize in Medicine Introduced by <a href=\"https:\/\/raed.academy\/en\/academicians\/dr-jose-manuel-calavia-molinero\/\" target=\"_blank\" rel=\"noopener noreferrer\"><strong>Dr. Jos\u00e9 Manuel Calavia<\/strong><\/a><\/li>\n<li><strong>Ada Yonath<\/strong>, Nobel Prize in Chemistry Introduced by <a href=\"https:\/\/raed.academy\/en\/academicians\/dr-jose-luis-salido-banus\/\" target=\"_blank\" rel=\"noopener noreferrer\"><strong>Dr. Jos\u00e9 Luis Salido<\/strong><\/a><\/li>\n<li><a href=\"https:\/\/raed.academy\/en\/academicians\/dr-luis-alberto-lacalle-herrera\/\" target=\"_blank\" rel=\"noopener noreferrer\"><strong>Luis Alberto Lacalle<\/strong><\/a>, former president of Uruguay. Introduced by <a href=\"https:\/\/raed.academy\/en\/academicians\/dr-xabier-anoveros-trias-de-bes\/\" target=\"_blank\" rel=\"noopener noreferrer\"><strong>Dr. Xabier A\u00f1overos<\/strong><\/a><\/li>\n<\/ul>\n<h4>Debate: Public economy vs market economy<\/h4>\n<p>Participants: <br \/><strong>Ahmad Ranema<\/strong>, lecturer at IESE; <br \/><strong>Jaime Llopis<\/strong>, lecturer at IESE; <br \/><strong>Joaquim Vila<\/strong>, lecturer at IESE; <br \/><strong>Miguel \u00c1ngel Gallo<\/strong>, academician of the RAED and lecturer at IESE; <br \/><strong>Gin\u00e9s de Rus<\/strong>, professor at ULPGC; <br \/><a href=\"https:\/\/raed.academy\/en\/academicians\/dr-francisco-javier-llovera-saez\/\" target=\"_blank\" rel=\"noopener noreferrer\"><strong>Francisco Javier Llovera<\/strong><\/a>, professor at UPC.<\/p>\n<p>Chaired by: Juan Francisco Corona, Director General of the Family Business Institute and academician of the RAED.<\/p>\n<p>[\/et_pb_text][\/et_pb_column][et_pb_column type=&#8221;1_5&#8243; _builder_version=&#8221;3.0.47&#8243;][et_pb_gallery gallery_ids=&#8221;33455,33972,29415,29413,35287&#8243; posts_number=&#8221;2&#8243; show_title_and_caption=&#8221;off&#8221; zoom_icon_color=&#8221;#6b5d38&#8243; _builder_version=&#8221;3.22.7&#8243; border_radii_image=&#8221;on|4px|4px|4px|4px&#8221; box_shadow_style_image=&#8221;preset2&#8243; custom_margin=&#8221;10px|||&#8221; custom_margin_tablet=&#8221;25px|||&#8221; custom_margin_last_edited=&#8221;on|desktop&#8221; z_index_tablet=&#8221;500&#8243; custom_css_gallery_item=&#8221;padding: 3px;&#8221;][\/et_pb_gallery][\/et_pb_column][\/et_pb_row][et_pb_row use_custom_gutter=&#8221;on&#8221; gutter_width=&#8221;1&#8243; custom_padding=&#8221;||35px|&#8221; make_equal=&#8221;on&#8221; custom_padding_last_edited=&#8221;on|desktop&#8221; padding_right_2=&#8221;45px&#8221; padding_right_3=&#8221;20px&#8221; padding_bottom_1=&#8221;25px&#8221; padding_left_1=&#8221;20px&#8221; padding_2_tablet=&#8221;|20px||&#8221; padding_1_phone=&#8221;||25px|10px&#8221; padding_1_last_edited=&#8221;on|phone&#8221; padding_2_last_edited=&#8221;on|phone&#8221; padding_3_last_edited=&#8221;on|phone&#8221; module_id=&#8221;1601&#8243; module_class=&#8221;evento et_pb_row_fullwidth et_pb_row_fullwidth et_pb_row_fullwidth et_pb_row_fullwidth et_pb_row_fullwidth et_pb_row_fullwidth et_pb_row_fullwidth et_pb_row_fullwidth et_pb_row_fullwidth et_pb_row_fullwidth et_pb_row_fullwidth et_pb_row_fullwidth et_pb_row_fullwidth et_pb_row_fullwidth et_pb_row_fullwidth et_pb_row_fullwidth et_pb_row_fullwidth et_pb_row_fullwidth et_pb_row_fullwidth et_pb_row_fullwidth et_pb_row_fullwidth&#8221; _builder_version=&#8221;3.22.3&#8243; box_shadow_style=&#8221;preset3&#8243; box_shadow_horizontal=&#8221;10px&#8221; width=&#8221;100%&#8221; width_tablet=&#8221;100%&#8221; width_last_edited=&#8221;on|desktop&#8221; max_width=&#8221;100%&#8221; max_width_tablet=&#8221;100%&#8221; max_width_last_edited=&#8221;on|desktop&#8221; module_alignment=&#8221;center&#8221; z_index_tablet=&#8221;500&#8243; make_fullwidth=&#8221;on&#8221;][et_pb_column type=&#8221;1_5&#8243; _builder_version=&#8221;3.0.47&#8243;][et_pb_code admin_label=&#8221;fecha 12\/06&#8243; module_class=&#8221;fecha-evento&#8221; _builder_version=&#8221;3.22.7&#8243; z_index_tablet=&#8221;500&#8243;]Jun<!\u2013- [et_pb_br_holder] -\u2013><!-- [et_pb_line_break_holder] -->12[\/et_pb_code][\/et_pb_column][et_pb_column type=&#8221;3_5&#8243; _builder_version=&#8221;3.0.47&#8243;][et_pb_text admin_label=&#8221;Ingreso  Finn Kydland&#8221; _builder_version=&#8221;3.22.7&#8243; z_index_tablet=&#8221;500&#8243;]<\/p>\n<h4>Admission as Honorary Academician: <a href=\"https:\/\/raed.academy\/en\/academicians\/dr-finn-kydland\/\">Finn Kydland<\/a>, Nobel Prize in Economics<\/h4>\n<p>Keynote address: <a href=\"\/en\/academicians\/jose-ramon-calvo-fernandez\/\" target=\"_blank\" rel=\"noopener noreferrer\"><strong>Jos\u00e9 Ram\u00f3n Calvo Fern\u00e1ndez<\/strong><\/a><\/p>\n<p>Place: Main hall of the Fomento del Trabajo building<\/p>\n<p>[\/et_pb_text][\/et_pb_column][et_pb_column type=&#8221;1_5&#8243; _builder_version=&#8221;3.0.47&#8243;][et_pb_image src=&#8221;https:\/\/raed.academy\/wp-content\/uploads\/2018\/03\/acto-ingreso-Finn-Kydland-1.jpg&#8221; show_in_lightbox=&#8221;on&#8221; use_overlay=&#8221;on&#8221; overlay_icon_color=&#8221;#6b5d38&#8243; align=&#8221;center&#8221; force_fullwidth=&#8221;on&#8221; _builder_version=&#8221;3.22.7&#8243; border_radii=&#8221;on|4px|4px|4px|4px&#8221; box_shadow_style=&#8221;preset2&#8243; box_shadow_horizontal=&#8221;12px&#8221; box_shadow_vertical=&#8221;12px&#8221; module_alignment=&#8221;center&#8221; custom_margin=&#8221;10px|||&#8221; custom_margin_tablet=&#8221;25px|||&#8221; custom_margin_last_edited=&#8221;on|desktop&#8221; z_index_tablet=&#8221;500&#8243;][\/et_pb_image][\/et_pb_column][\/et_pb_row][et_pb_row use_custom_gutter=&#8221;on&#8221; gutter_width=&#8221;1&#8243; custom_padding=&#8221;||35px|&#8221; make_equal=&#8221;on&#8221; custom_padding_last_edited=&#8221;on|desktop&#8221; padding_right_2=&#8221;45px&#8221; padding_right_3=&#8221;20px&#8221; padding_bottom_1=&#8221;25px&#8221; padding_left_1=&#8221;20px&#8221; padding_2_tablet=&#8221;|20px||&#8221; padding_1_phone=&#8221;||25px|10px&#8221; padding_1_last_edited=&#8221;on|phone&#8221; padding_2_last_edited=&#8221;on|phone&#8221; padding_3_last_edited=&#8221;on|phone&#8221; module_id=&#8221;1601&#8243; module_class=&#8221;evento et_pb_row_fullwidth et_pb_row_fullwidth et_pb_row_fullwidth et_pb_row_fullwidth et_pb_row_fullwidth et_pb_row_fullwidth et_pb_row_fullwidth et_pb_row_fullwidth et_pb_row_fullwidth et_pb_row_fullwidth et_pb_row_fullwidth et_pb_row_fullwidth et_pb_row_fullwidth et_pb_row_fullwidth et_pb_row_fullwidth et_pb_row_fullwidth et_pb_row_fullwidth et_pb_row_fullwidth et_pb_row_fullwidth et_pb_row_fullwidth et_pb_row_fullwidth&#8221; _builder_version=&#8221;3.22.3&#8243; box_shadow_style=&#8221;preset3&#8243; box_shadow_horizontal=&#8221;10px&#8221; width=&#8221;100%&#8221; width_tablet=&#8221;100%&#8221; width_last_edited=&#8221;on|desktop&#8221; max_width=&#8221;100%&#8221; max_width_tablet=&#8221;100%&#8221; max_width_last_edited=&#8221;on|desktop&#8221; module_alignment=&#8221;center&#8221; z_index_tablet=&#8221;500&#8243; make_fullwidth=&#8221;on&#8221;][et_pb_column type=&#8221;1_5&#8243; _builder_version=&#8221;3.0.47&#8243;][et_pb_code admin_label=&#8221;fecha 20\/06&#8243; module_class=&#8221;fecha-evento&#8221; _builder_version=&#8221;3.22.7&#8243; z_index_tablet=&#8221;500&#8243;]Jun<!\u2013- [et_pb_br_holder] -\u2013><!-- [et_pb_line_break_holder] -->20[\/et_pb_code][\/et_pb_column][et_pb_column type=&#8221;3_5&#8243; _builder_version=&#8221;3.0.47&#8243;][et_pb_text admin_label=&#8221;Ingreso  Montserrat Casanovas Ramon&#8221; _builder_version=&#8221;3.22.7&#8243; z_index_tablet=&#8221;500&#8243;]<\/p>\n<h4>Admittance as a numerary academician: <a href=\"https:\/\/raed.academy\/en\/academicians\/dra-montserrat-casanovas-ramon\/\" target=\"_blank\" rel=\"noopener noreferrer\">Montserrat Casanovas Ramon<\/a><\/h4>\n<p><a href=\"https:\/\/raed.academy\/wp-content\/uploads\/2017\/08\/discurso-Montserrat-Casanovas-El-asesoramiento-financiero-la-figura-del-Asesor-Financiero-y-de-las-E.A.F.I.s.pdf\" target=\"_blank\" rel=\"noopener noreferrer\">El asesoramiento financiero, la figura del del Asesor Financiero y de las E.A.F.I.s<\/a> <br \/>Answering speech: <strong><a href=\"https:\/\/raed.academy\/en\/academicians\/dr-jose-maria-gay-de-liebana-saludas\/\" target=\"_blank\" rel=\"noopener noreferrer\">Jos\u00e9 Maria Gay de Li\u00e9bana Saludas<\/a><\/strong><\/p>\n<p>[\/et_pb_text][\/et_pb_column][et_pb_column type=&#8221;1_5&#8243; _builder_version=&#8221;3.0.47&#8243;][et_pb_image src=&#8221;https:\/\/raed.academy\/wp-content\/uploads\/2017\/09\/acto-ingreso-Montserrat-Casanovas-7.jpg&#8221; show_in_lightbox=&#8221;on&#8221; use_overlay=&#8221;on&#8221; overlay_icon_color=&#8221;#6b5d38&#8243; align=&#8221;center&#8221; force_fullwidth=&#8221;on&#8221; _builder_version=&#8221;3.22.7&#8243; border_radii=&#8221;on|4px|4px|4px|4px&#8221; box_shadow_style=&#8221;preset2&#8243; box_shadow_horizontal=&#8221;12px&#8221; box_shadow_vertical=&#8221;12px&#8221; module_alignment=&#8221;center&#8221; custom_margin=&#8221;10px|||&#8221; custom_margin_tablet=&#8221;25px|||&#8221; custom_margin_last_edited=&#8221;on|desktop&#8221; z_index_tablet=&#8221;500&#8243;][\/et_pb_image][\/et_pb_column][\/et_pb_row][et_pb_row use_custom_gutter=&#8221;on&#8221; gutter_width=&#8221;1&#8243; custom_padding=&#8221;||35px|&#8221; make_equal=&#8221;on&#8221; custom_padding_last_edited=&#8221;on|desktop&#8221; padding_right_2=&#8221;45px&#8221; padding_right_3=&#8221;20px&#8221; padding_bottom_1=&#8221;25px&#8221; padding_left_1=&#8221;20px&#8221; padding_2_tablet=&#8221;|20px||&#8221; padding_1_phone=&#8221;||25px|10px&#8221; padding_1_last_edited=&#8221;on|phone&#8221; padding_2_last_edited=&#8221;on|phone&#8221; padding_3_last_edited=&#8221;on|phone&#8221; module_id=&#8221;1601&#8243; module_class=&#8221;evento et_pb_row_fullwidth et_pb_row_fullwidth et_pb_row_fullwidth et_pb_row_fullwidth et_pb_row_fullwidth et_pb_row_fullwidth et_pb_row_fullwidth et_pb_row_fullwidth et_pb_row_fullwidth et_pb_row_fullwidth et_pb_row_fullwidth et_pb_row_fullwidth et_pb_row_fullwidth et_pb_row_fullwidth et_pb_row_fullwidth et_pb_row_fullwidth et_pb_row_fullwidth et_pb_row_fullwidth et_pb_row_fullwidth et_pb_row_fullwidth et_pb_row_fullwidth&#8221; _builder_version=&#8221;3.22.3&#8243; box_shadow_style=&#8221;preset3&#8243; box_shadow_horizontal=&#8221;10px&#8221; width=&#8221;100%&#8221; width_tablet=&#8221;100%&#8221; width_last_edited=&#8221;on|desktop&#8221; max_width=&#8221;100%&#8221; max_width_tablet=&#8221;100%&#8221; max_width_last_edited=&#8221;on|desktop&#8221; module_alignment=&#8221;center&#8221; z_index_tablet=&#8221;500&#8243; make_fullwidth=&#8221;on&#8221;][et_pb_column type=&#8221;1_5&#8243; _builder_version=&#8221;3.0.47&#8243;][et_pb_code admin_label=&#8221;fecha 28\/06&#8243; module_class=&#8221;fecha-evento&#8221; _builder_version=&#8221;3.22.7&#8243; z_index_tablet=&#8221;500&#8243;]Jun<!\u2013- [et_pb_br_holder] -\u2013><!-- [et_pb_line_break_holder] -->28[\/et_pb_code][\/et_pb_column][et_pb_column type=&#8221;3_5&#8243; _builder_version=&#8221;3.0.47&#8243;][et_pb_text admin_label=&#8221;Concierto de Piano&#8221; _builder_version=&#8221;3.22.7&#8243; z_index_tablet=&#8221;500&#8243;]<\/p>\n<h4>Concert by pianist Samira Tabraue<\/h4>\n<p>Place: Main hall of the Fomento del Trabajo building <strong>The Academy\u2019s summer dinner<\/strong><\/p>\n<p>[\/et_pb_text][\/et_pb_column][et_pb_column type=&#8221;1_5&#8243; _builder_version=&#8221;3.0.47&#8243;][et_pb_image src=&#8221;https:\/\/raed.academy\/wp-content\/uploads\/2017\/07\/concierto-piano-Samira-Tabraue-5.jpg&#8221; show_in_lightbox=&#8221;on&#8221; use_overlay=&#8221;on&#8221; overlay_icon_color=&#8221;#6b5d38&#8243; align=&#8221;center&#8221; force_fullwidth=&#8221;on&#8221; _builder_version=&#8221;3.22.7&#8243; border_radii=&#8221;on|4px|4px|4px|4px&#8221; box_shadow_style=&#8221;preset2&#8243; box_shadow_horizontal=&#8221;12px&#8221; box_shadow_vertical=&#8221;12px&#8221; module_alignment=&#8221;center&#8221; custom_margin=&#8221;10px|||&#8221; custom_margin_tablet=&#8221;25px|||&#8221; custom_margin_last_edited=&#8221;on|desktop&#8221; z_index_tablet=&#8221;500&#8243;][\/et_pb_image][\/et_pb_column][\/et_pb_row][et_pb_row _builder_version=&#8221;3.22.3&#8243;][et_pb_column type=&#8221;4_4&#8243; _builder_version=&#8221;3.0.47&#8243;][et_pb_text admin_label=&#8221;Texto &#8211; JULIO 2017&#8243; _builder_version=&#8221;3.22.7&#8243; z_index_tablet=&#8221;500&#8243;]<\/p>\n<h2>JULY 2017<\/h2>\n<p>[\/et_pb_text][\/et_pb_column][\/et_pb_row][et_pb_row use_custom_gutter=&#8221;on&#8221; gutter_width=&#8221;1&#8243; custom_padding=&#8221;||35px|&#8221; make_equal=&#8221;on&#8221; custom_padding_last_edited=&#8221;on|desktop&#8221; padding_right_2=&#8221;45px&#8221; padding_right_3=&#8221;20px&#8221; padding_bottom_1=&#8221;25px&#8221; padding_left_1=&#8221;20px&#8221; padding_2_tablet=&#8221;|20px||&#8221; padding_1_phone=&#8221;||25px|10px&#8221; padding_1_last_edited=&#8221;on|phone&#8221; padding_2_last_edited=&#8221;on|phone&#8221; padding_3_last_edited=&#8221;on|phone&#8221; module_id=&#8221;1601&#8243; module_class=&#8221;evento et_pb_row_fullwidth et_pb_row_fullwidth et_pb_row_fullwidth et_pb_row_fullwidth et_pb_row_fullwidth et_pb_row_fullwidth et_pb_row_fullwidth et_pb_row_fullwidth et_pb_row_fullwidth et_pb_row_fullwidth et_pb_row_fullwidth et_pb_row_fullwidth et_pb_row_fullwidth et_pb_row_fullwidth et_pb_row_fullwidth et_pb_row_fullwidth et_pb_row_fullwidth et_pb_row_fullwidth et_pb_row_fullwidth et_pb_row_fullwidth et_pb_row_fullwidth&#8221; _builder_version=&#8221;3.22.3&#8243; box_shadow_style=&#8221;preset3&#8243; box_shadow_horizontal=&#8221;10px&#8221; width=&#8221;100%&#8221; width_tablet=&#8221;100%&#8221; width_last_edited=&#8221;on|desktop&#8221; max_width=&#8221;100%&#8221; max_width_tablet=&#8221;100%&#8221; max_width_last_edited=&#8221;on|desktop&#8221; module_alignment=&#8221;center&#8221; z_index_tablet=&#8221;500&#8243; make_fullwidth=&#8221;on&#8221;][et_pb_column type=&#8221;1_5&#8243; _builder_version=&#8221;3.0.47&#8243;][et_pb_code admin_label=&#8221;fecha 12\/07&#8243; module_class=&#8221;fecha-evento&#8221; _builder_version=&#8221;3.22.7&#8243; z_index_tablet=&#8221;500&#8243;]Jul<!\u2013- [et_pb_br_holder] -\u2013><!-- [et_pb_line_break_holder] -->12[\/et_pb_code][\/et_pb_column][et_pb_column type=&#8221;3_5&#8243; _builder_version=&#8221;3.0.47&#8243;][et_pb_text admin_label=&#8221;Ingreso  Llu\u00eds Serra Majem y Javier Aranceta Bartrina&#8221; _builder_version=&#8221;3.22.7&#8243; z_index_tablet=&#8221;500&#8243;]<\/p>\n<h4>Admittance as numerary academicians: <a href=\"https:\/\/raed.academy\/en\/academicians\/dr-lluis-serra-majem\/\" target=\"_blank\" rel=\"noopener noreferrer\">Llu\u00eds Serra Majem<\/a> and <a href=\"https:\/\/raed.academy\/en\/academicians\/dr-javier-aranceta-bartrina\/\" target=\"_blank\" rel=\"noopener noreferrer\">Javier Aranceta Bartrina<\/a><\/h4>\n<p><a href=\"https:\/\/raed.academy\/wp-content\/uploads\/2017\/08\/discursos-Lluis-Serra-Majem-y-Javier-Aranceta-Bartrina-La-nutrici%C3%B3n-comunitaria-en-el-siglo-XXI.pdf\" target=\"_blank\" rel=\"noopener noreferrer\">Dieta mediterr\u00e1nea: una visi\u00f3n global<\/a> (The Mediterranean diet: a global view) <br \/><a href=\"https:\/\/raed.academy\/wp-content\/uploads\/2017\/08\/discursos-Lluis-Serra-Majem-y-Javier-Aranceta-Bartrina-La-nutrici%C3%B3n-comunitaria-en-el-siglo-XXI.pdf\" target=\"_blank\" rel=\"noopener noreferrer\">La nutrici\u00f3n comunitaria en el siglo XXI<\/a> (Community nutrition in the 21 century)<\/p>\n<p>Answering speech: <strong><a href=\"\/en\/academicians\/jose-ramon-calvo-fernandez\/\" target=\"_blank\" rel=\"noopener noreferrer\">Jos\u00e9 Ram\u00f3n Calvo Fern\u00e1ndez<\/a><\/strong> and <strong><a href=\"https:\/\/raed.academy\/en\/academicians\/dra-maria-dels-angels-calvo-torras\/\" target=\"_blank\" rel=\"noopener noreferrer\">Maria \u00c0ngels Calvo Torras<\/a><\/strong><\/p>\n<p>Place: The Main Hall of the Foment del Treball building<\/p>\n<p>[\/et_pb_text][\/et_pb_column][et_pb_column type=&#8221;1_5&#8243; _builder_version=&#8221;3.0.47&#8243;][et_pb_gallery gallery_ids=&#8221;34641,34839&#8243; posts_number=&#8221;1&#8243; show_title_and_caption=&#8221;off&#8221; show_pagination=&#8221;off&#8221; zoom_icon_color=&#8221;#6b5d38&#8243; _builder_version=&#8221;3.22.7&#8243; border_radii_image=&#8221;on|4px|4px|4px|4px&#8221; box_shadow_style_image=&#8221;preset2&#8243; custom_margin=&#8221;10px|||&#8221; custom_margin_tablet=&#8221;25px|||&#8221; custom_margin_last_edited=&#8221;on|desktop&#8221; z_index_tablet=&#8221;500&#8243;][\/et_pb_gallery][\/et_pb_column][\/et_pb_row][et_pb_row use_custom_gutter=&#8221;on&#8221; gutter_width=&#8221;1&#8243; custom_padding=&#8221;||35px|&#8221; make_equal=&#8221;on&#8221; custom_padding_last_edited=&#8221;on|desktop&#8221; padding_right_2=&#8221;45px&#8221; padding_right_3=&#8221;20px&#8221; padding_bottom_1=&#8221;25px&#8221; padding_2_tablet=&#8221;|20px||&#8221; padding_1_last_edited=&#8221;off|phone&#8221; padding_2_last_edited=&#8221;on|desktop&#8221; padding_3_last_edited=&#8221;on|phone&#8221; module_id=&#8221;1001&#8243; module_class=&#8221;evento et_pb_row_fullwidth et_pb_row_fullwidth et_pb_row_fullwidth&#8221; _builder_version=&#8221;3.22.4&#8243; box_shadow_style=&#8221;preset3&#8243; box_shadow_horizontal=&#8221;10px&#8221; width=&#8221;100%&#8221; width_tablet=&#8221;100%&#8221; width_last_edited=&#8221;on|desktop&#8221; max_width=&#8221;100%&#8221; max_width_tablet=&#8221;100%&#8221; max_width_last_edited=&#8221;on|desktop&#8221; module_alignment=&#8221;center&#8221; z_index_tablet=&#8221;500&#8243; make_fullwidth=&#8221;on&#8221;][et_pb_column type=&#8221;1_5&#8243; _builder_version=&#8221;3.0.47&#8243;][et_pb_code admin_label=&#8221;fecha 15-22\/07&#8243; module_class=&#8221;fecha-evento&#8221; _builder_version=&#8221;3.22.7&#8243; z_index_tablet=&#8221;500&#8243;]Jul<!\u2013- [et_pb_br_holder] -\u2013><!-- [et_pb_line_break_holder] -->15-22[\/et_pb_code][\/et_pb_column][et_pb_column type=&#8221;3_5&#8243; _builder_version=&#8221;3.0.47&#8243;][et_pb_text admin_label=&#8221;III Acto Internacional&#8221; _builder_version=&#8221;3.22.7&#8243; z_index_tablet=&#8221;500&#8243;]<\/p>\n<h3>Third International Event. European Conference on Interdisciplinary Research: the evolution of science in the twenty-first century<\/h3>\n<ul>\n<li>Admittance as honorary academicians of three Nobel laureates:\n<ul>\n<li><strong>Erwin Neher<\/strong>, Nobel Prize in Medicine<\/li>\n<li><a href=\"https:\/\/raed.academy\/en\/academicians\/dr-christopher-antoniou-pissarides\/\" target=\"_blank\" rel=\"noopener noreferrer\"><strong>Crist\u00f3bal Pissarides<\/strong><\/a>, Nobel Prize in Economics<\/li>\n<li><strong>Jerome Isaac Friedman<\/strong>, Nobel Prize in Physics<\/li>\n<\/ul>\n<\/li>\n<li>The RAED and the Royal Swedish Academy of Engineering Sciences.<\/li>\n<li>Presentation of papers by the academicians present:\n<ul>\n<li>Subject area 1: Social Sciences and Human sciences.<\/li>\n<li>Subject area 2: Health sciences and Biomedicine.<\/li>\n<\/ul>\n<\/li>\n<li>Publication of a monograph edition of the RAED journal containing the conference speeches.<\/li>\n<li>Publication of an edition of the RAED journal containing a collection of \u201chomages\u201d.<\/li>\n<\/ul>\n<p>Place: Baltic region: Copenhagen, Stockholm, St Petersburg.<\/p>\n<p>[\/et_pb_text][\/et_pb_column][et_pb_column type=&#8221;1_5&#8243; _builder_version=&#8221;3.0.47&#8243;][et_pb_gallery gallery_ids=&#8221;30899,30891,30906&#8243; posts_number=&#8221;1&#8243; show_title_and_caption=&#8221;off&#8221; show_pagination=&#8221;off&#8221; zoom_icon_color=&#8221;#6b5d38&#8243; _builder_version=&#8221;3.22.7&#8243; border_radii_image=&#8221;on|4px|4px|4px|4px&#8221; box_shadow_style_image=&#8221;preset2&#8243; custom_margin=&#8221;10px|||&#8221; custom_margin_tablet=&#8221;25px|||&#8221; custom_margin_last_edited=&#8221;on|desktop&#8221; z_index_tablet=&#8221;500&#8243;][\/et_pb_gallery][\/et_pb_column][\/et_pb_row][et_pb_row _builder_version=&#8221;3.22.3&#8243;][et_pb_column type=&#8221;4_4&#8243; _builder_version=&#8221;3.0.47&#8243;][et_pb_text admin_label=&#8221;Texto &#8211; SEPTIEMBRE 2017&#8243; _builder_version=&#8221;3.22.7&#8243; z_index_tablet=&#8221;500&#8243;]<\/p>\n<h2>SEPTEMBER 2017<\/h2>\n<p>[\/et_pb_text][\/et_pb_column][\/et_pb_row][et_pb_row use_custom_gutter=&#8221;on&#8221; gutter_width=&#8221;1&#8243; custom_padding=&#8221;||35px|&#8221; make_equal=&#8221;on&#8221; custom_padding_last_edited=&#8221;on|desktop&#8221; padding_right_2=&#8221;45px&#8221; padding_right_3=&#8221;20px&#8221; padding_bottom_1=&#8221;25px&#8221; padding_left_1=&#8221;20px&#8221; padding_2_tablet=&#8221;|20px||&#8221; padding_1_phone=&#8221;||25px|10px&#8221; padding_1_last_edited=&#8221;on|phone&#8221; padding_2_last_edited=&#8221;on|phone&#8221; padding_3_last_edited=&#8221;on|phone&#8221; module_id=&#8221;1601&#8243; module_class=&#8221;evento et_pb_row_fullwidth et_pb_row_fullwidth et_pb_row_fullwidth et_pb_row_fullwidth et_pb_row_fullwidth et_pb_row_fullwidth et_pb_row_fullwidth et_pb_row_fullwidth et_pb_row_fullwidth et_pb_row_fullwidth et_pb_row_fullwidth et_pb_row_fullwidth et_pb_row_fullwidth et_pb_row_fullwidth et_pb_row_fullwidth et_pb_row_fullwidth et_pb_row_fullwidth et_pb_row_fullwidth et_pb_row_fullwidth et_pb_row_fullwidth et_pb_row_fullwidth&#8221; _builder_version=&#8221;3.22.3&#8243; box_shadow_style=&#8221;preset3&#8243; box_shadow_horizontal=&#8221;10px&#8221; width=&#8221;100%&#8221; width_tablet=&#8221;100%&#8221; width_last_edited=&#8221;on|desktop&#8221; max_width=&#8221;100%&#8221; max_width_tablet=&#8221;100%&#8221; max_width_last_edited=&#8221;on|desktop&#8221; module_alignment=&#8221;center&#8221; z_index_tablet=&#8221;500&#8243; make_fullwidth=&#8221;on&#8221;][et_pb_column type=&#8221;1_5&#8243; _builder_version=&#8221;3.0.47&#8243;][et_pb_code admin_label=&#8221;fecha 14\/09&#8243; module_class=&#8221;fecha-evento&#8221; _builder_version=&#8221;3.22.7&#8243; z_index_tablet=&#8221;500&#8243;]Sep<!\u2013- [et_pb_br_holder] -\u2013><!-- [et_pb_line_break_holder] -->14[\/et_pb_code][\/et_pb_column][et_pb_column type=&#8221;3_5&#8243; _builder_version=&#8221;3.0.47&#8243;][et_pb_text admin_label=&#8221;Ingreso  Borja Corc\u00f3stegui&#8221; _builder_version=&#8221;3.22.7&#8243; z_index_tablet=&#8221;500&#8243;]<\/p>\n<h4>Admittance as a numerary academician: <a href=\"https:\/\/raed.academy\/en\/academicians\/dr-borja-corcostegui-guraya\/\" target=\"_blank\" rel=\"noopener noreferrer\">Borja Corc\u00f3stegui<\/a><\/h4>\n<p><a href=\"https:\/\/raed.academy\/wp-content\/uploads\/2017\/09\/Discurso-ingreso-Borja-Corcostegui.pdf\" target=\"_blank\" rel=\"noopener noreferrer\"><em>&#8220;La Conquista Del Fondo Del Ojo&#8221;<\/em><\/a> <br \/>Answering speech: <strong><a href=\"https:\/\/raed.academy\/en\/academicians\/dr-pedro-claros-blanch\/\" target=\"_blank\" rel=\"noopener noreferrer\">Pedro Clar\u00f3s Blanch<\/a><\/strong><\/p>\n<p>[\/et_pb_text][\/et_pb_column][et_pb_column type=&#8221;1_5&#8243; _builder_version=&#8221;3.0.47&#8243;][et_pb_gallery gallery_ids=&#8221;34690&#8243; posts_number=&#8221;1&#8243; show_title_and_caption=&#8221;off&#8221; show_pagination=&#8221;off&#8221; zoom_icon_color=&#8221;#6b5d38&#8243; _builder_version=&#8221;3.22.7&#8243; border_radii_image=&#8221;on|4px|4px|4px|4px&#8221; box_shadow_style_image=&#8221;preset2&#8243; custom_margin=&#8221;10px|||&#8221; custom_margin_tablet=&#8221;25px|||&#8221; custom_margin_last_edited=&#8221;on|desktop&#8221; z_index_tablet=&#8221;500&#8243;][\/et_pb_gallery][\/et_pb_column][\/et_pb_row][et_pb_row _builder_version=&#8221;3.22.3&#8243;][et_pb_column type=&#8221;4_4&#8243; _builder_version=&#8221;3.0.47&#8243;][et_pb_text admin_label=&#8221;Texto &#8211; OCTUBRE 2017&#8243; _builder_version=&#8221;3.22.7&#8243; z_index_tablet=&#8221;500&#8243;]<\/p>\n<h2>OCTOBER 2017<\/h2>\n<p>[\/et_pb_text][\/et_pb_column][\/et_pb_row][et_pb_row use_custom_gutter=&#8221;on&#8221; gutter_width=&#8221;1&#8243; custom_padding=&#8221;||35px|&#8221; make_equal=&#8221;on&#8221; custom_padding_last_edited=&#8221;on|desktop&#8221; padding_right_2=&#8221;45px&#8221; padding_right_3=&#8221;20px&#8221; padding_bottom_1=&#8221;25px&#8221; padding_left_1=&#8221;20px&#8221; padding_2_tablet=&#8221;|20px||&#8221; padding_1_phone=&#8221;||25px|10px&#8221; padding_1_last_edited=&#8221;on|phone&#8221; padding_2_last_edited=&#8221;on|phone&#8221; padding_3_last_edited=&#8221;on|phone&#8221; module_id=&#8221;1601&#8243; module_class=&#8221;evento et_pb_row_fullwidth et_pb_row_fullwidth et_pb_row_fullwidth et_pb_row_fullwidth et_pb_row_fullwidth et_pb_row_fullwidth et_pb_row_fullwidth et_pb_row_fullwidth et_pb_row_fullwidth et_pb_row_fullwidth et_pb_row_fullwidth et_pb_row_fullwidth et_pb_row_fullwidth et_pb_row_fullwidth et_pb_row_fullwidth et_pb_row_fullwidth et_pb_row_fullwidth et_pb_row_fullwidth et_pb_row_fullwidth et_pb_row_fullwidth et_pb_row_fullwidth&#8221; _builder_version=&#8221;3.22.3&#8243; box_shadow_style=&#8221;preset3&#8243; box_shadow_horizontal=&#8221;10px&#8221; width=&#8221;100%&#8221; width_tablet=&#8221;100%&#8221; width_last_edited=&#8221;on|desktop&#8221; max_width=&#8221;100%&#8221; max_width_tablet=&#8221;100%&#8221; max_width_last_edited=&#8221;on|desktop&#8221; module_alignment=&#8221;center&#8221; z_index_tablet=&#8221;500&#8243; make_fullwidth=&#8221;on&#8221;][et_pb_column type=&#8221;1_5&#8243; _builder_version=&#8221;3.0.47&#8243;][et_pb_code admin_label=&#8221;fecha 26\/10&#8243; module_class=&#8221;fecha-evento&#8221; _builder_version=&#8221;3.22.7&#8243; z_index_tablet=&#8221;500&#8243;]Oct<!\u2013- [et_pb_br_holder] -\u2013><!-- [et_pb_line_break_holder] -->26[\/et_pb_code][\/et_pb_column][et_pb_column type=&#8221;3_5&#8243; _builder_version=&#8221;3.0.47&#8243;][et_pb_text admin_label=&#8221;Ingreso  Juan Trias de Bes&#8221; _builder_version=&#8221;3.22.7&#8243; z_index_tablet=&#8221;500&#8243;]<\/p>\n<h4>Admission as Numerary Academician: <a href=\"https:\/\/raed.academy\/en\/academicians\/dr-juan-trias-de-bes\/\" target=\"_blank\" rel=\"noopener noreferrer\">Juan Trias de Bes<\/a><\/h4>\n<p><a href=\"https:\/\/raed.academy\/wp-content\/uploads\/2017\/11\/discurso-ingreso-Juan-Trias-De-Bes.pdf\" target=\"_blank\" rel=\"noopener noreferrer\"><em>Barcelona, urban gallery<\/em><\/a> <br \/>Answering speech: <strong><a href=\"https:\/\/raed.academy\/en\/academicians\/dr-jaime-rodrigo-de-larrucea\/\" target=\"_blank\" rel=\"noopener noreferrer\">Jaime Rodrigo de Larrucea<\/a><\/strong><\/p>\n<p>Place: Main hall of the Fomento del Trabajo building<\/p>\n<p>[\/et_pb_text][\/et_pb_column][et_pb_column type=&#8221;1_5&#8243; _builder_version=&#8221;3.0.47&#8243;][et_pb_gallery gallery_ids=&#8221;36912&#8243; posts_number=&#8221;1&#8243; show_title_and_caption=&#8221;off&#8221; show_pagination=&#8221;off&#8221; zoom_icon_color=&#8221;#6b5d38&#8243; _builder_version=&#8221;3.22.7&#8243; border_radii_image=&#8221;on|4px|4px|4px|4px&#8221; box_shadow_style_image=&#8221;preset2&#8243; custom_margin=&#8221;10px|||&#8221; custom_margin_tablet=&#8221;25px|||&#8221; custom_margin_last_edited=&#8221;on|desktop&#8221; z_index_tablet=&#8221;500&#8243;][\/et_pb_gallery][\/et_pb_column][\/et_pb_row][et_pb_row use_custom_gutter=&#8221;on&#8221; gutter_width=&#8221;1&#8243; custom_padding=&#8221;||35px|&#8221; make_equal=&#8221;on&#8221; custom_padding_last_edited=&#8221;on|desktop&#8221; padding_right_2=&#8221;45px&#8221; padding_right_3=&#8221;20px&#8221; padding_bottom_1=&#8221;25px&#8221; padding_left_1=&#8221;20px&#8221; padding_2_tablet=&#8221;|20px||&#8221; padding_1_phone=&#8221;||25px|10px&#8221; padding_1_last_edited=&#8221;on|phone&#8221; padding_2_last_edited=&#8221;on|phone&#8221; padding_3_last_edited=&#8221;on|phone&#8221; module_id=&#8221;1601&#8243; module_class=&#8221;evento et_pb_row_fullwidth et_pb_row_fullwidth et_pb_row_fullwidth et_pb_row_fullwidth et_pb_row_fullwidth et_pb_row_fullwidth et_pb_row_fullwidth et_pb_row_fullwidth et_pb_row_fullwidth et_pb_row_fullwidth et_pb_row_fullwidth et_pb_row_fullwidth et_pb_row_fullwidth et_pb_row_fullwidth et_pb_row_fullwidth et_pb_row_fullwidth et_pb_row_fullwidth et_pb_row_fullwidth et_pb_row_fullwidth et_pb_row_fullwidth et_pb_row_fullwidth&#8221; _builder_version=&#8221;3.22.3&#8243; box_shadow_style=&#8221;preset3&#8243; box_shadow_horizontal=&#8221;10px&#8221; width=&#8221;100%&#8221; width_tablet=&#8221;100%&#8221; width_last_edited=&#8221;on|desktop&#8221; max_width=&#8221;100%&#8221; max_width_tablet=&#8221;100%&#8221; max_width_last_edited=&#8221;on|desktop&#8221; module_alignment=&#8221;center&#8221; z_index_tablet=&#8221;500&#8243; make_fullwidth=&#8221;on&#8221;][et_pb_column type=&#8221;1_5&#8243; _builder_version=&#8221;3.0.47&#8243;][et_pb_code admin_label=&#8221;fecha 30\/10&#8243; module_class=&#8221;fecha-evento&#8221; _builder_version=&#8221;3.22.7&#8243; z_index_tablet=&#8221;500&#8243;]Oct<!\u2013- [et_pb_br_holder] -\u2013><!-- [et_pb_line_break_holder] -->30[\/et_pb_code][\/et_pb_column][et_pb_column type=&#8221;3_5&#8243; _builder_version=&#8221;3.0.47&#8243;][et_pb_text admin_label=&#8221;Ingreso  Jes\u00fas Gerardo Sotomayor Garza&#8221; _builder_version=&#8221;3.22.7&#8243; z_index_tablet=&#8221;500&#8243;]<\/p>\n<h4>Admission as Corresponding Academician: <a href=\"https:\/\/raed.academy\/en\/academicians\/dr-jesus-gerardo-sotomayor-garza\/\" target=\"_blank\" rel=\"noopener noreferrer\">Jes\u00fas Gerardo Sotomayor Garza<\/a><\/h4>\n<p>Speech: <a href=\"https:\/\/raed.academy\/wp-content\/uploads\/2017\/11\/discurso-ingreso-Jesus-Gerardo-Sotomayor-Garza.pdf\" target=\"_blank\" rel=\"noopener noreferrer\"><em>The influence of Spanish law in Mexico<\/em><\/a> <br \/>Answering speech: <strong><a href=\"https:\/\/raed.academy\/en\/academicians\/dr-jordi-marti-pidelaserra\/\" target=\"_blank\" rel=\"noopener noreferrer\">Jordi Mart\u00ed Pidelaserra<\/a><\/strong><\/p>\n<p>Place: Hall C of the Fomento del Trabajo building<\/p>\n<p>[\/et_pb_text][\/et_pb_column][et_pb_column type=&#8221;1_5&#8243; _builder_version=&#8221;3.0.47&#8243;][et_pb_gallery gallery_ids=&#8221;36626&#8243; posts_number=&#8221;1&#8243; show_title_and_caption=&#8221;off&#8221; show_pagination=&#8221;off&#8221; zoom_icon_color=&#8221;#6b5d38&#8243; _builder_version=&#8221;3.22.7&#8243; border_radii_image=&#8221;on|4px|4px|4px|4px&#8221; box_shadow_style_image=&#8221;preset2&#8243; custom_margin=&#8221;10px|||&#8221; custom_margin_tablet=&#8221;25px|||&#8221; custom_margin_last_edited=&#8221;on|desktop&#8221; z_index_tablet=&#8221;500&#8243;][\/et_pb_gallery][\/et_pb_column][\/et_pb_row][et_pb_row _builder_version=&#8221;3.22.3&#8243;][et_pb_column type=&#8221;4_4&#8243; _builder_version=&#8221;3.0.47&#8243;][et_pb_text admin_label=&#8221;Texto &#8211; NOVIEMBRE 2017&#8243; _builder_version=&#8221;3.22.7&#8243; z_index_tablet=&#8221;500&#8243;]<\/p>\n<h2>NOVEMBER 2017<\/h2>\n<p>[\/et_pb_text][\/et_pb_column][\/et_pb_row][et_pb_row use_custom_gutter=&#8221;on&#8221; gutter_width=&#8221;1&#8243; custom_padding=&#8221;||35px|&#8221; make_equal=&#8221;on&#8221; custom_padding_last_edited=&#8221;on|desktop&#8221; padding_right_2=&#8221;45px&#8221; padding_right_3=&#8221;20px&#8221; padding_bottom_1=&#8221;25px&#8221; padding_left_1=&#8221;20px&#8221; padding_2_tablet=&#8221;|20px||&#8221; padding_1_phone=&#8221;||25px|10px&#8221; padding_1_last_edited=&#8221;on|phone&#8221; padding_2_last_edited=&#8221;on|phone&#8221; padding_3_last_edited=&#8221;on|phone&#8221; module_id=&#8221;1601&#8243; module_class=&#8221;evento et_pb_row_fullwidth et_pb_row_fullwidth et_pb_row_fullwidth et_pb_row_fullwidth et_pb_row_fullwidth et_pb_row_fullwidth et_pb_row_fullwidth et_pb_row_fullwidth et_pb_row_fullwidth et_pb_row_fullwidth et_pb_row_fullwidth et_pb_row_fullwidth et_pb_row_fullwidth et_pb_row_fullwidth et_pb_row_fullwidth et_pb_row_fullwidth et_pb_row_fullwidth et_pb_row_fullwidth et_pb_row_fullwidth et_pb_row_fullwidth et_pb_row_fullwidth&#8221; _builder_version=&#8221;3.22.3&#8243; box_shadow_style=&#8221;preset3&#8243; box_shadow_horizontal=&#8221;10px&#8221; width=&#8221;100%&#8221; width_tablet=&#8221;100%&#8221; width_last_edited=&#8221;on|desktop&#8221; max_width=&#8221;100%&#8221; max_width_tablet=&#8221;100%&#8221; max_width_last_edited=&#8221;on|desktop&#8221; module_alignment=&#8221;center&#8221; z_index_tablet=&#8221;500&#8243; make_fullwidth=&#8221;on&#8221;][et_pb_column type=&#8221;1_5&#8243; _builder_version=&#8221;3.0.47&#8243;][et_pb_code admin_label=&#8221;fecha 9\/11&#8243; module_class=&#8221;fecha-evento&#8221; _builder_version=&#8221;3.22.7&#8243; z_index_tablet=&#8221;500&#8243;]Nov<!\u2013- [et_pb_br_holder] -\u2013><!-- [et_pb_line_break_holder] -->9[\/et_pb_code][\/et_pb_column][et_pb_column type=&#8221;3_5&#8243; _builder_version=&#8221;3.0.47&#8243;][et_pb_text admin_label=&#8221;Ingreso  Joan Iglesias Capellas&#8221; _builder_version=&#8221;3.22.7&#8243; z_index_tablet=&#8221;500&#8243;]<\/p>\n<h4>Admission as Corresponding Academician: <a href=\"https:\/\/raed.academy\/en\/academicians\/dr-joan-iglesias-capellas\/\" target=\"_blank\" rel=\"noopener noreferrer\">Joan Iglesias Capellas<\/a><\/h4>\n<p><a href=\"https:\/\/raed.academy\/wp-content\/uploads\/2017\/11\/discurso-ingreso-Joan-Iglesias-Capellas-Delito-Fiscal-y-Proceso-Penal.pdf\" target=\"_blank\" rel=\"noopener noreferrer\"><em>Tax crime and the penal process: a timeline of misunderstandings<\/em><\/a> <br \/>Answering speech: <strong><a href=\"https:\/\/raed.academy\/en\/academicians\/dr-emili-gironella-masgrau\/\" target=\"_blank\" rel=\"noopener noreferrer\">Emili Gironella Masgrau<\/a><\/strong><\/p>\n<p>Place: Main hall of the Fomento del Trabajo building<\/p>\n<p>[\/et_pb_text][\/et_pb_column][et_pb_column type=&#8221;1_5&#8243; _builder_version=&#8221;3.0.47&#8243;][et_pb_gallery gallery_ids=&#8221;37287&#8243; posts_number=&#8221;1&#8243; show_title_and_caption=&#8221;off&#8221; show_pagination=&#8221;off&#8221; zoom_icon_color=&#8221;#6b5d38&#8243; _builder_version=&#8221;3.22.7&#8243; border_radii_image=&#8221;on|4px|4px|4px|4px&#8221; box_shadow_style_image=&#8221;preset2&#8243; custom_margin=&#8221;10px|||&#8221; custom_margin_tablet=&#8221;25px|||&#8221; custom_margin_last_edited=&#8221;on|desktop&#8221; z_index_tablet=&#8221;500&#8243;][\/et_pb_gallery][\/et_pb_column][\/et_pb_row][et_pb_row use_custom_gutter=&#8221;on&#8221; gutter_width=&#8221;1&#8243; custom_padding=&#8221;||35px|&#8221; make_equal=&#8221;on&#8221; custom_padding_last_edited=&#8221;on|desktop&#8221; padding_right_2=&#8221;45px&#8221; padding_right_3=&#8221;20px&#8221; padding_bottom_1=&#8221;25px&#8221; padding_2_tablet=&#8221;|20px||&#8221; padding_1_last_edited=&#8221;off|phone&#8221; padding_2_last_edited=&#8221;on|desktop&#8221; padding_3_last_edited=&#8221;on|phone&#8221; module_id=&#8221;1001&#8243; module_class=&#8221;evento et_pb_row_fullwidth et_pb_row_fullwidth et_pb_row_fullwidth&#8221; _builder_version=&#8221;3.22.4&#8243; box_shadow_style=&#8221;preset3&#8243; box_shadow_horizontal=&#8221;10px&#8221; width=&#8221;100%&#8221; width_tablet=&#8221;100%&#8221; width_last_edited=&#8221;on|desktop&#8221; max_width=&#8221;100%&#8221; max_width_tablet=&#8221;100%&#8221; max_width_last_edited=&#8221;on|desktop&#8221; module_alignment=&#8221;center&#8221; z_index_tablet=&#8221;500&#8243; make_fullwidth=&#8221;on&#8221;][et_pb_column type=&#8221;1_5&#8243; _builder_version=&#8221;3.0.47&#8243;][et_pb_code admin_label=&#8221;fecha 27\/11&#8243; module_class=&#8221;fecha-evento&#8221; _builder_version=&#8221;3.22.7&#8243; z_index_tablet=&#8221;500&#8243;]Nov<!\u2013- [et_pb_br_holder] -\u2013><!-- [et_pb_line_break_holder] -->27[\/et_pb_code][\/et_pb_column][et_pb_column type=&#8221;3_5&#8243; _builder_version=&#8221;3.0.47&#8243;][et_pb_text admin_label=&#8221;\u201cPersonajes de la historia\u201d&#8221; _builder_version=&#8221;3.22.7&#8243; z_index_tablet=&#8221;500&#8243;]<\/p>\n<h4>The debates of the Royal European Academy of Doctors Series of conferences: \u201cPersonalities from History\u201d<\/h4>\n<p>Fourth Conference: Centenary of the Nobel Prize: Camilo Jos\u00e9 Cela Speakers:<\/p>\n<ul>\n<li><strong>Julio P\u00e9rez Cela<\/strong>, Family (nephew) of the Camilo Jos\u00e9 Cela<\/li>\n<li><strong>Adolfo Sotelo V\u00e1zquez<\/strong>, Professor of History of Spanish Literature at the University of Barcelona. Specialist in Camilo Jos\u00e9 Cela work.<\/li>\n<li><strong>Marta Cristina Carbonell<\/strong>, Senior Professor of the History of Modern and Contemporary Spanish Literature at the University of Barcelona. PhD in Hispanic Philology<\/li>\n<\/ul>\n<p>Discussions chaired by : <strong><a href=\"https:\/\/raed.academy\/en\/academicians\/dr-xabier-anoveros-trias-de-bes\/\" target=\"_blank\" rel=\"noopener noreferrer\">Xabier A\u00f1overos Trias de Bes<\/a><\/strong>, numerary academician of the Royal European Academy of Doctors<\/p>\n<p>Place: The Main Hall of the Foment del Treball building<\/p>\n<p>[\/et_pb_text][et_pb_video src=&#8221;https:\/\/youtu.be\/YgvrVxjbVC0&#8243; _builder_version=&#8221;3.22.7&#8243; z_index_tablet=&#8221;500&#8243;][\/et_pb_video][\/et_pb_column][et_pb_column type=&#8221;1_5&#8243; _builder_version=&#8221;3.0.47&#8243;][et_pb_gallery gallery_ids=&#8221;38071,38070&#8243; posts_number=&#8221;1&#8243; show_title_and_caption=&#8221;off&#8221; show_pagination=&#8221;off&#8221; zoom_icon_color=&#8221;#6b5d38&#8243; _builder_version=&#8221;3.22.7&#8243; border_radii_image=&#8221;on|4px|4px|4px|4px&#8221; box_shadow_style_image=&#8221;preset2&#8243; custom_margin=&#8221;10px|||&#8221; custom_margin_tablet=&#8221;25px|||&#8221; custom_margin_last_edited=&#8221;on|desktop&#8221; z_index_tablet=&#8221;500&#8243;][\/et_pb_gallery][\/et_pb_column][\/et_pb_row][et_pb_row use_custom_gutter=&#8221;on&#8221; gutter_width=&#8221;1&#8243; custom_padding=&#8221;||35px|&#8221; make_equal=&#8221;on&#8221; custom_padding_last_edited=&#8221;on|desktop&#8221; padding_right_2=&#8221;45px&#8221; padding_right_3=&#8221;20px&#8221; padding_bottom_1=&#8221;25px&#8221; padding_2_tablet=&#8221;|20px||&#8221; padding_1_last_edited=&#8221;off|phone&#8221; padding_2_last_edited=&#8221;on|desktop&#8221; padding_3_last_edited=&#8221;on|phone&#8221; module_id=&#8221;1001&#8243; module_class=&#8221;evento et_pb_row_fullwidth et_pb_row_fullwidth et_pb_row_fullwidth&#8221; _builder_version=&#8221;3.22.4&#8243; box_shadow_style=&#8221;preset3&#8243; box_shadow_horizontal=&#8221;10px&#8221; width=&#8221;100%&#8221; width_tablet=&#8221;100%&#8221; width_last_edited=&#8221;on|desktop&#8221; max_width=&#8221;100%&#8221; max_width_tablet=&#8221;100%&#8221; max_width_last_edited=&#8221;on|desktop&#8221; module_alignment=&#8221;center&#8221; z_index_tablet=&#8221;500&#8243; make_fullwidth=&#8221;on&#8221;][et_pb_column type=&#8221;1_5&#8243; _builder_version=&#8221;3.0.47&#8243;][et_pb_code admin_label=&#8221;fecha 30\/11&#8243; module_class=&#8221;fecha-evento&#8221; _builder_version=&#8221;3.22.7&#8243; z_index_tablet=&#8221;500&#8243;]Nov<!\u2013- [et_pb_br_holder] -\u2013><!-- [et_pb_line_break_holder] -->30[\/et_pb_code][\/et_pb_column][et_pb_column type=&#8221;3_5&#8243; _builder_version=&#8221;3.0.47&#8243;][et_pb_text admin_label=&#8221;Ciclo de conferencias de la Secci\u00f3n de C. Humanas&#8221; _builder_version=&#8221;3.22.7&#8243; z_index_tablet=&#8221;500&#8243;]<\/p>\n<h4>The debates of the Royal European Academy of Doctors Series of conferences. Human Sciences Section<\/h4>\n<p><em>First Conference: Un apropament als conceptes d\u2019infinit (\u201cApproach of concept of infinite\u201d)<\/em><\/p>\n<p>Speakers:<\/p>\n<ul>\n<li><strong><a href=\"https:\/\/raed.academy\/en\/academicians\/dr-david-jou-mirabent\/\" target=\"_blank\" rel=\"noopener noreferrer\">David Jou Mirabent,<\/a><\/strong> Numerary academician of RAED and Professor of Physics of the UAB.<\/li>\n<li><strong><a href=\"https:\/\/raed.academy\/en\/academicians\/dr-pilar-bayer-isant\/\" target=\"_blank\" rel=\"noopener noreferrer\">Pilar Bayer Isant<\/a><\/strong>, Numerary academician of RAED y Professor of Algebra of the University of Barcelona.<\/li>\n<li><strong>Antoni Prevosti Moncl\u00fas<\/strong>, Doctor in Philosophy and teacher of the University of Barcelona.<\/li>\n<li><strong><a href=\"https:\/\/raed.academy\/en\/academicians\/dr-josep-ignasi-saranyana-closa\/\" target=\"_blank\" rel=\"noopener noreferrer\">Josep-Ignasi Saranyana Closa<\/a><\/strong>, numerary academician and chairman of the Human Sciences Section of the RAED.<\/li>\n<\/ul>\n<p>Discussions chaired by: <strong><a href=\"https:\/\/raed.academy\/en\/academicians\/dr-daniel-turbon-borrega\/\" target=\"_blank\" rel=\"noopener noreferrer\">Daniel Turb\u00f3n Borrega<\/a><\/strong>, Numeray academician of RAED and P<span id=\"result_box\" class=\"short_text\" lang=\"en\"><span class=\"\">rofessor of Physical Anthropology<\/span><\/span>.<\/p>\n<p>Place: Main hall of the Fomento del Trabajo building<\/p>\n<p>[\/et_pb_text][et_pb_video src=&#8221;https:\/\/youtu.be\/zUSuQUr5kvI&#8221; _builder_version=&#8221;3.22.7&#8243; z_index_tablet=&#8221;500&#8243;][\/et_pb_video][\/et_pb_column][et_pb_column type=&#8221;1_5&#8243; _builder_version=&#8221;3.0.47&#8243;][et_pb_gallery gallery_ids=&#8221;38415,38414&#8243; posts_number=&#8221;1&#8243; show_title_and_caption=&#8221;off&#8221; show_pagination=&#8221;off&#8221; zoom_icon_color=&#8221;#6b5d38&#8243; _builder_version=&#8221;3.22.7&#8243; border_radii_image=&#8221;on|4px|4px|4px|4px&#8221; box_shadow_style_image=&#8221;preset2&#8243; custom_margin=&#8221;10px|||&#8221; custom_margin_tablet=&#8221;25px|||&#8221; custom_margin_last_edited=&#8221;on|desktop&#8221; z_index_tablet=&#8221;500&#8243;][\/et_pb_gallery][\/et_pb_column][\/et_pb_row][et_pb_row _builder_version=&#8221;3.22.3&#8243;][et_pb_column type=&#8221;4_4&#8243; _builder_version=&#8221;3.0.47&#8243;][et_pb_text admin_label=&#8221;Texto &#8211; DESEMBER 2018&#8243; _builder_version=&#8221;3.22.7&#8243; z_index_tablet=&#8221;500&#8243;]<\/p>\n<h2>DESEMBER 2018<\/h2>\n<p>[\/et_pb_text][\/et_pb_column][\/et_pb_row][et_pb_row use_custom_gutter=&#8221;on&#8221; gutter_width=&#8221;1&#8243; custom_padding=&#8221;||35px|&#8221; make_equal=&#8221;on&#8221; custom_padding_last_edited=&#8221;on|desktop&#8221; padding_right_2=&#8221;45px&#8221; padding_right_3=&#8221;20px&#8221; padding_bottom_1=&#8221;25px&#8221; padding_left_1=&#8221;20px&#8221; padding_2_tablet=&#8221;|20px||&#8221; padding_1_phone=&#8221;||25px|10px&#8221; padding_1_last_edited=&#8221;on|phone&#8221; padding_2_last_edited=&#8221;on|phone&#8221; padding_3_last_edited=&#8221;on|phone&#8221; module_id=&#8221;1601&#8243; module_class=&#8221;evento et_pb_row_fullwidth et_pb_row_fullwidth et_pb_row_fullwidth et_pb_row_fullwidth et_pb_row_fullwidth et_pb_row_fullwidth et_pb_row_fullwidth et_pb_row_fullwidth et_pb_row_fullwidth et_pb_row_fullwidth et_pb_row_fullwidth et_pb_row_fullwidth et_pb_row_fullwidth et_pb_row_fullwidth et_pb_row_fullwidth et_pb_row_fullwidth et_pb_row_fullwidth et_pb_row_fullwidth et_pb_row_fullwidth et_pb_row_fullwidth et_pb_row_fullwidth&#8221; _builder_version=&#8221;3.22.3&#8243; box_shadow_style=&#8221;preset3&#8243; box_shadow_horizontal=&#8221;10px&#8221; width=&#8221;100%&#8221; width_tablet=&#8221;100%&#8221; width_last_edited=&#8221;on|desktop&#8221; max_width=&#8221;100%&#8221; max_width_tablet=&#8221;100%&#8221; max_width_last_edited=&#8221;on|desktop&#8221; module_alignment=&#8221;center&#8221; z_index_tablet=&#8221;500&#8243; make_fullwidth=&#8221;on&#8221;][et_pb_column type=&#8221;1_5&#8243; _builder_version=&#8221;3.0.47&#8243;][et_pb_code admin_label=&#8221;fecha 12\/12&#8243; module_class=&#8221;fecha-evento&#8221; _builder_version=&#8221;3.22.7&#8243; z_index_tablet=&#8221;500&#8243;]Des<!\u2013- [et_pb_br_holder] -\u2013><!-- [et_pb_line_break_holder] -->12[\/et_pb_code][\/et_pb_column][et_pb_column type=&#8221;3_5&#8243; _builder_version=&#8221;3.0.47&#8243;][et_pb_text admin_label=&#8221;Ingreso  Llu\u00eds Cardenal Mart\u00ednez Sistach&#8221; _builder_version=&#8221;3.22.7&#8243; z_index_tablet=&#8221;500&#8243;]<\/p>\n<h4>Admission as Honorary Academician: <a href=\"https:\/\/raed.academy\/en\/academicians\/dr-lluis-martinez-sistach\/\" target=\"_blank\" rel=\"noopener noreferrer\">Lluis Mart\u00ednez Sistach<\/a>, Cardinal of Barcelona<\/h4>\n<p><a href=\"https:\/\/raed.academy\/wp-content\/uploads\/2017\/12\/Discurso-ingreso-Cardenal-Lluis-Mart\u00ednez-Sistach.pdf\" target=\"_blank\" rel=\"noopener noreferrer\"><em>La\u00efcitat i la\u00efcisme en l\u2019occident europeu<\/em><\/a> <br \/>Answering speech: <a href=\"https:\/\/raed.academy\/en\/academicians\/dr-francesc-torralba-rossello\/\" target=\"_blank\" rel=\"noopener noreferrer\"><strong>Francesc Torralba Rosell\u00f3<\/strong><\/a><\/p>\n<p>Place: Main hall of the Fomento del Trabajo building<\/p>\n<p>[\/et_pb_text][\/et_pb_column][et_pb_column type=&#8221;1_5&#8243; _builder_version=&#8221;3.0.47&#8243;][et_pb_gallery gallery_ids=&#8221;38781&#8243; posts_number=&#8221;1&#8243; show_title_and_caption=&#8221;off&#8221; show_pagination=&#8221;off&#8221; zoom_icon_color=&#8221;#6b5d38&#8243; _builder_version=&#8221;3.22.7&#8243; border_radii_image=&#8221;on|4px|4px|4px|4px&#8221; box_shadow_style_image=&#8221;preset2&#8243; custom_margin=&#8221;10px|||&#8221; custom_margin_tablet=&#8221;25px|||&#8221; custom_margin_last_edited=&#8221;on|desktop&#8221; z_index_tablet=&#8221;500&#8243;][\/et_pb_gallery][\/et_pb_column][\/et_pb_row][et_pb_row use_custom_gutter=&#8221;on&#8221; gutter_width=&#8221;1&#8243; custom_padding=&#8221;||35px|&#8221; make_equal=&#8221;on&#8221; custom_padding_last_edited=&#8221;on|desktop&#8221; padding_right_2=&#8221;45px&#8221; padding_right_3=&#8221;20px&#8221; padding_bottom_1=&#8221;25px&#8221; padding_left_1=&#8221;20px&#8221; padding_2_tablet=&#8221;|20px||&#8221; padding_1_phone=&#8221;||25px|10px&#8221; padding_1_last_edited=&#8221;on|phone&#8221; padding_2_last_edited=&#8221;on|phone&#8221; padding_3_last_edited=&#8221;on|phone&#8221; module_id=&#8221;1601&#8243; module_class=&#8221;evento et_pb_row_fullwidth et_pb_row_fullwidth et_pb_row_fullwidth et_pb_row_fullwidth et_pb_row_fullwidth et_pb_row_fullwidth et_pb_row_fullwidth et_pb_row_fullwidth et_pb_row_fullwidth et_pb_row_fullwidth et_pb_row_fullwidth et_pb_row_fullwidth et_pb_row_fullwidth et_pb_row_fullwidth et_pb_row_fullwidth et_pb_row_fullwidth et_pb_row_fullwidth et_pb_row_fullwidth et_pb_row_fullwidth et_pb_row_fullwidth et_pb_row_fullwidth&#8221; _builder_version=&#8221;3.22.3&#8243; box_shadow_style=&#8221;preset3&#8243; box_shadow_horizontal=&#8221;10px&#8221; width=&#8221;100%&#8221; width_tablet=&#8221;100%&#8221; width_last_edited=&#8221;on|desktop&#8221; max_width=&#8221;100%&#8221; max_width_tablet=&#8221;100%&#8221; max_width_last_edited=&#8221;on|desktop&#8221; module_alignment=&#8221;center&#8221; z_index_tablet=&#8221;500&#8243; make_fullwidth=&#8221;on&#8221;][et_pb_column type=&#8221;1_5&#8243; _builder_version=&#8221;3.0.47&#8243;][et_pb_code admin_label=&#8221;fecha 18\/12&#8243; module_class=&#8221;fecha-evento&#8221; _builder_version=&#8221;3.22.7&#8243; z_index_tablet=&#8221;500&#8243;]Des<!\u2013- [et_pb_br_holder] -\u2013><!-- [et_pb_line_break_holder] -->18[\/et_pb_code][\/et_pb_column][et_pb_column type=&#8221;3_5&#8243; _builder_version=&#8221;3.0.47&#8243;][et_pb_text admin_label=&#8221;Concierto de piano por Cristina Casale&#8221; _builder_version=&#8221;3.22.7&#8243; z_index_tablet=&#8221;500&#8243;]<\/p>\n<h4><a href=\"https:\/\/raed.academy\/en\/piano-concert-by-cristina-casale\/\">Piano Concert by Cristina Casale<\/a><\/h4>\n<p>Place: Palau de la M\u00fasica Catalana (Petit Palau). C\/ Palau de la M\u00fasica, 4-6 \u2013 Barcelona <br \/>Time: 20:00h<\/p>\n<p>[\/et_pb_text][\/et_pb_column][et_pb_column type=&#8221;1_5&#8243; _builder_version=&#8221;3.0.47&#8243;][et_pb_gallery gallery_ids=&#8221;39015&#8243; posts_number=&#8221;1&#8243; show_title_and_caption=&#8221;off&#8221; show_pagination=&#8221;off&#8221; zoom_icon_color=&#8221;#6b5d38&#8243; _builder_version=&#8221;3.22.7&#8243; border_radii_image=&#8221;on|4px|4px|4px|4px&#8221; box_shadow_style_image=&#8221;preset2&#8243; custom_margin=&#8221;10px|||&#8221; custom_margin_tablet=&#8221;25px|||&#8221; custom_margin_last_edited=&#8221;on|desktop&#8221; z_index_tablet=&#8221;500&#8243;][\/et_pb_gallery][\/et_pb_column][\/et_pb_row][et_pb_row use_custom_gutter=&#8221;on&#8221; gutter_width=&#8221;1&#8243; custom_padding=&#8221;||35px|&#8221; make_equal=&#8221;on&#8221; custom_padding_last_edited=&#8221;on|desktop&#8221; padding_right_2=&#8221;45px&#8221; padding_right_3=&#8221;20px&#8221; padding_bottom_1=&#8221;25px&#8221; padding_left_1=&#8221;20px&#8221; padding_2_tablet=&#8221;|20px||&#8221; padding_1_phone=&#8221;||25px|10px&#8221; padding_1_last_edited=&#8221;on|phone&#8221; padding_2_last_edited=&#8221;on|phone&#8221; padding_3_last_edited=&#8221;on|phone&#8221; module_id=&#8221;1601&#8243; module_class=&#8221;evento et_pb_row_fullwidth et_pb_row_fullwidth et_pb_row_fullwidth et_pb_row_fullwidth et_pb_row_fullwidth et_pb_row_fullwidth et_pb_row_fullwidth et_pb_row_fullwidth et_pb_row_fullwidth et_pb_row_fullwidth et_pb_row_fullwidth et_pb_row_fullwidth et_pb_row_fullwidth et_pb_row_fullwidth et_pb_row_fullwidth et_pb_row_fullwidth et_pb_row_fullwidth et_pb_row_fullwidth et_pb_row_fullwidth et_pb_row_fullwidth et_pb_row_fullwidth&#8221; _builder_version=&#8221;3.22.3&#8243; box_shadow_style=&#8221;preset3&#8243; box_shadow_horizontal=&#8221;10px&#8221; width=&#8221;100%&#8221; width_tablet=&#8221;100%&#8221; width_last_edited=&#8221;on|desktop&#8221; max_width=&#8221;100%&#8221; max_width_tablet=&#8221;100%&#8221; max_width_last_edited=&#8221;on|desktop&#8221; module_alignment=&#8221;center&#8221; z_index_tablet=&#8221;500&#8243; make_fullwidth=&#8221;on&#8221;][et_pb_column type=&#8221;1_5&#8243; _builder_version=&#8221;3.0.47&#8243;][et_pb_code admin_label=&#8221;fecha 19\/12&#8243; module_class=&#8221;fecha-evento&#8221; _builder_version=&#8221;3.22.7&#8243; z_index_tablet=&#8221;500&#8243;]Des<!\u2013- [et_pb_br_holder] -\u2013><!-- [et_pb_line_break_holder] -->19[\/et_pb_code][\/et_pb_column][et_pb_column type=&#8221;3_5&#8243; _builder_version=&#8221;3.0.47&#8243;][et_pb_text admin_label=&#8221;Ingreso  Llu\u00eds Pons Puiggr\u00f2s&#8221; _builder_version=&#8221;3.22.7&#8243; z_index_tablet=&#8221;500&#8243;]<\/p>\n<h4>Admission as Corresponding Academician: <a href=\"https:\/\/raed.academy\/en\/academicians\/dr-luis-pons-puiggros\/\" target=\"_blank\" rel=\"noopener noreferrer\">Lluis Pons Puiggr\u00f2s<\/a><\/h4>\n<p><a href=\"https:\/\/raed.academy\/wp-content\/uploads\/2017\/12\/discurso-de-ingreso-Luis-Pons-Puiggros-Lo-Disruptivo-y-el-Futuro-Tecnologia-y-sociedad-en-el-siglo-XXI.pdf\" target=\"_blank\" rel=\"noopener noreferrer\"><em>Lo disruptivo y el futuro: tecnolog\u00eda y sociedad en el siglo XXI<\/em><\/a> <br \/>Answering speech: <a href=\"https:\/\/raed.academy\/en\/academicians\/dr-jose-ramon-calvo-fernandez\/\" target=\"_blank\" rel=\"noopener noreferrer\"><strong>Jos\u00e9 Ram\u00f3n Calvo Fern\u00e1ndez<\/strong><\/a><\/p>\n<p>Place: Main hall of the Fomento del Trabajo building<\/p>\n<p>[\/et_pb_text][\/et_pb_column][et_pb_column type=&#8221;1_5&#8243; _builder_version=&#8221;3.0.47&#8243;][et_pb_gallery gallery_ids=&#8221;39058&#8243; posts_number=&#8221;1&#8243; show_title_and_caption=&#8221;off&#8221; show_pagination=&#8221;off&#8221; zoom_icon_color=&#8221;#6b5d38&#8243; _builder_version=&#8221;3.22.7&#8243; border_radii_image=&#8221;on|4px|4px|4px|4px&#8221; box_shadow_style_image=&#8221;preset2&#8243; custom_margin=&#8221;10px|||&#8221; custom_margin_tablet=&#8221;25px|||&#8221; custom_margin_last_edited=&#8221;on|desktop&#8221; z_index_tablet=&#8221;500&#8243;][\/et_pb_gallery][\/et_pb_column][\/et_pb_row][et_pb_row use_custom_gutter=&#8221;on&#8221; gutter_width=&#8221;1&#8243; custom_padding=&#8221;||35px|&#8221; make_equal=&#8221;on&#8221; custom_padding_last_edited=&#8221;on|desktop&#8221; padding_right_2=&#8221;45px&#8221; padding_right_3=&#8221;20px&#8221; padding_bottom_1=&#8221;25px&#8221; padding_left_1=&#8221;20px&#8221; padding_2_tablet=&#8221;|20px||&#8221; padding_1_phone=&#8221;||25px|10px&#8221; padding_1_last_edited=&#8221;on|phone&#8221; padding_2_last_edited=&#8221;on|phone&#8221; padding_3_last_edited=&#8221;on|phone&#8221; module_id=&#8221;1601&#8243; module_class=&#8221;evento et_pb_row_fullwidth et_pb_row_fullwidth et_pb_row_fullwidth et_pb_row_fullwidth et_pb_row_fullwidth et_pb_row_fullwidth et_pb_row_fullwidth et_pb_row_fullwidth et_pb_row_fullwidth et_pb_row_fullwidth et_pb_row_fullwidth et_pb_row_fullwidth et_pb_row_fullwidth et_pb_row_fullwidth et_pb_row_fullwidth et_pb_row_fullwidth et_pb_row_fullwidth et_pb_row_fullwidth et_pb_row_fullwidth et_pb_row_fullwidth et_pb_row_fullwidth&#8221; _builder_version=&#8221;3.22.3&#8243; box_shadow_style=&#8221;preset3&#8243; box_shadow_horizontal=&#8221;10px&#8221; width=&#8221;100%&#8221; width_tablet=&#8221;100%&#8221; width_last_edited=&#8221;on|desktop&#8221; max_width=&#8221;100%&#8221; max_width_tablet=&#8221;100%&#8221; max_width_last_edited=&#8221;on|desktop&#8221; module_alignment=&#8221;center&#8221; z_index_tablet=&#8221;500&#8243; make_fullwidth=&#8221;on&#8221;][et_pb_column type=&#8221;1_5&#8243; _builder_version=&#8221;3.0.47&#8243;][et_pb_code admin_label=&#8221;fecha 19\/12&#8243; module_class=&#8221;fecha-evento&#8221; _builder_version=&#8221;3.22.7&#8243; z_index_tablet=&#8221;500&#8243;]Des<!\u2013- [et_pb_br_holder] -\u2013><!-- [et_pb_line_break_holder] -->19[\/et_pb_code][\/et_pb_column][et_pb_column type=&#8221;3_5&#8243; _builder_version=&#8221;3.0.47&#8243;][et_pb_text admin_label=&#8221;Cena de Navidad&#8221; _builder_version=&#8221;3.22.7&#8243; z_index_tablet=&#8221;500&#8243;]<\/p>\n<h4><a href=\"https:\/\/raed.academy\/en\/table-and-friendship\/\">Christmas dinner of the Royal European Academy of Doctors<\/a><\/h4>\n<p><em>Place: C\u00edrculo Ecuestre. C \/ Balmes, 169 Bis, 08006 Barcelona<\/em> <br \/>Time: 20.00h<\/p>\n<p>[\/et_pb_text][\/et_pb_column][et_pb_column type=&#8221;1_5&#8243; _builder_version=&#8221;3.0.47&#8243;][et_pb_gallery gallery_ids=&#8221;39136&#8243; posts_number=&#8221;1&#8243; show_title_and_caption=&#8221;off&#8221; show_pagination=&#8221;off&#8221; zoom_icon_color=&#8221;#6b5d38&#8243; _builder_version=&#8221;3.22.7&#8243; border_radii_image=&#8221;on|4px|4px|4px|4px&#8221; box_shadow_style_image=&#8221;preset2&#8243; custom_margin=&#8221;10px|||&#8221; custom_margin_tablet=&#8221;25px|||&#8221; custom_margin_last_edited=&#8221;on|desktop&#8221; z_index_tablet=&#8221;500&#8243;][\/et_pb_gallery][\/et_pb_column][\/et_pb_row][et_pb_row use_custom_gutter=&#8221;on&#8221; gutter_width=&#8221;1&#8243; make_equal=&#8221;on&#8221; module_class=&#8221; et_pb_row_fullwidth et_pb_row_fullwidth et_pb_row_fullwidth paginacion&#8221; _builder_version=&#8221;3.22.7&#8243; width=&#8221;100%&#8221; width_last_edited=&#8221;on|phone&#8221; max_width=&#8221;100%&#8221; max_width_tablet=&#8221;80%&#8221; max_width_last_edited=&#8221;on|desktop&#8221; module_alignment=&#8221;center&#8221; z_index_tablet=&#8221;500&#8243; make_fullwidth=&#8221;on&#8221;][et_pb_column type=&#8221;1_4&#8243; _builder_version=&#8221;3.0.47&#8243;][et_pb_code admin_label=&#8221;Paginaci\u00f3n 2016&#8243; module_id=&#8221;eventos&#8221; module_class=&#8221;pgAnterior&#8221; _builder_version=&#8221;3.22.7&#8243; text_orientation=&#8221;center&#8221; z_index_tablet=&#8221;500&#8243;]<a href=\"https:\/\/raed.academy\/historial-2016\/\">\u276e ACTIVIDADES 2016<\/a><!-- [et_pb_line_break_holder] -->[\/et_pb_code][\/et_pb_column][et_pb_column type=&#8221;1_4&#8243; _builder_version=&#8221;3.0.47&#8243;][\/et_pb_column][et_pb_column type=&#8221;1_4&#8243; _builder_version=&#8221;3.0.47&#8243;][\/et_pb_column][et_pb_column type=&#8221;1_4&#8243; _builder_version=&#8221;3.0.47&#8243;][et_pb_code admin_label=&#8221;Paginaci\u00f3n 2018&#8243; module_class=&#8221;pgSiguiente&#8221; _builder_version=&#8221;3.22.7&#8243; text_orientation=&#8221;center&#8221; z_index_tablet=&#8221;500&#8243;]<a href=\"https:\/\/raed.academy\/actividades\/historial-2018\/\"> ACTIVIDADES 2018 \u276f<\/a>[\/et_pb_code][\/et_pb_column][\/et_pb_row][\/et_pb_section]<\/p>\n","protected":false},"excerpt":{"rendered":"<p>HISTORY OF ACTIVITIES 2017 JANUARY 2017 Admittance as a European numerary academician: Salvatore Tomaselli Relazioni conflittuali nelle aziende familiari: determinanti, tipologie, evoluzione, esiti (\u201cConflicting relationships in family businesses: determinants, types, evolution and outcomes\u201d)Answering speech: Miguel \u00c1ngel Gallo Laguna de Rins Place: The Main Hall of the Foment del Treball building Admittance as a corresponding academician: [&hellip;]<\/p>\n","protected":false},"author":16,"featured_media":0,"parent":34051,"menu_order":0,"comment_status":"closed","ping_status":"closed","template":"page-template-fullwidth.php","meta":{"_et_pb_use_builder":"on","_et_pb_old_content":"<hr \/><div class=\"paginacion\"><a class=\"pgSiguiente\" href=\"https:\/\/raed.academy\/actividades\/historial-2018\/\">ACTIVIDADES 2018 \u276f<\/a><a class=\"pgAnterior\" href=\"http:\/\/raed.academy\/historial-2016\/\">\u276e ACTIVIDADES 2016<\/a><\/div><div id=\"actividades2017\"><table class=\"tablaEventos\"><colgroup> <col style=\"text-align: center; font-style: italic; font-size: 18px; font-weight: bold;\" \/> <col style=\"text-align: center; font-style: italic; font-size: 18px;\" \/> <col \/> <col style=\"width: 170px;\" \/> <\/colgroup><tbody><!-- enero\/2017 --><tr><td class=\"fecha-evento\" rowspan=\"2\">Enero<br \/>2017<\/td><td class=\"fecha-evento\">17<br \/>martes<\/td><td><h3>Ingreso como Acad\u00e9mico de N\u00famero Europeo: <a href=\"http:\/\/raed.academy\/academicos\/dr-salvatore-tomaselli\/\" target=\"_blank\" rel=\"noopener\">Salvatore Tomaselli<\/a><\/h3><p><a href=\"http:\/\/raed.academy\/wp-content\/uploads\/2017\/02\/Web_RAED_Tomaselli_50Sencer.pdf\" target=\"_blank\" rel=\"noopener\">Relazioni conflittuali nelle aziende familiari: determinanti, tipologie, evoluzione, esiti<\/a><br \/>Discurso de contestaci\u00f3n: <a href=\"http:\/\/raed.academy\/academicos\/miguel-a-gallo-laguna-de-rins\/\" target=\"_blank\" rel=\"noopener\">Miguel \u00c1ngel Gallo Laguna de Rins<\/a><br \/>Lugar: Sal\u00f3n de actos de Fomento del Trabajo<\/p><\/td><td class=\"imgEvento\"><a href=\"http:\/\/raed.academy\/wp-content\/uploads\/2017\/01\/Dr-Salvatore-Tomaselli-e1485255421448.jpg\"><img class=\"alignnone wp-image-21179 size-thumbnail\" src=\"http:\/\/raed.academy\/wp-content\/uploads\/2017\/01\/Dr-Salvatore-Tomaselli-e1485255421448-150x150.jpg\" alt=\"Dr Salvatore Tomaselli\" width=\"150\" height=\"150\" \/><\/a><\/td><\/tr><tr><td class=\"fecha-evento\">24<br \/>martes<\/td><td><h3>Ingreso como Acad\u00e9mico Correspondiente: <a href=\"http:\/\/raed.academy\/academicos\/dr-manuel-puig-costa\/\" target=\"_blank\" rel=\"noopener\">Manuel Puig Costa<\/a><\/h3><p><a href=\"http:\/\/raed.academy\/wp-content\/uploads\/2017\/02\/WEB_RAED_Puig_51.pdf\" target=\"_blank\" rel=\"noopener noreferrer\">Sobre el coleccionismo. Introducci\u00f3n a la historia<\/a><br \/>Discurso de contestaci\u00f3n: <a href=\"http:\/\/raed.academy\/academicos\/dr-pedro-claros-blanch\/\" target=\"_blank\" rel=\"noopener\">Pedro Clar\u00f3s Blanch<\/a><br \/>Lugar: Sal\u00f3n de actos de Fomento del Trabajo<\/p><\/td><td class=\"imgEvento\"><a href=\"http:\/\/raed.academy\/wp-content\/uploads\/2017\/02\/Dr-Manuel-Puig-Costa-4-1.jpg\"><img class=\"alignnone size-thumbnail wp-image-22200\" src=\"http:\/\/raed.academy\/wp-content\/uploads\/2017\/02\/Dr-Manuel-Puig-Costa-4-1-150x150.jpg\" alt=\"Dr. Manuel Puig Costa\" width=\"150\" height=\"150\" \/><\/a><\/td><\/tr><!-- febrero\/2017 --><tr><td class=\"fecha-evento\" rowspan=\"5\">Febrero<br \/>2017<\/td><td class=\"fecha-evento\">2<br \/>jueves<\/td><td><h3>Ingreso como Acad\u00e9mico de N\u00famero: <a href=\"http:\/\/raed.academy\/academicos\/dr-jaume-armengou-orus\/\" target=\"_blank\" rel=\"noopener\">Jaume Armengou Or\u00fas<\/a><\/h3><p><a href=\"http:\/\/raed.academy\/wp-content\/uploads\/2017\/02\/Discurso-de-ingreso-Dr.-Armengou.pdf\" target=\"_blank\" rel=\"noopener\">Teoria de la semblan\u00e7a i govern universitari<\/a><br \/>Discurso de contestaci\u00f3n: <a href=\"http:\/\/raed.academy\/academicos\/dr-eugenio-onate-ibanez-de-navarra\/\" target=\"_blank\" rel=\"noopener\">Eugenio O\u00f1ate Ib\u00e1\u00f1ez de Navarra<\/a><br \/>Lugar: Sal\u00f3n de actos de Fomento del Trabajo<\/p><\/td><td class=\"imgEvento\"><a href=\"http:\/\/raed.academy\/wp-content\/uploads\/2017\/02\/Dr-Jaume-Armengou-5.jpg\"><img class=\"alignnone size-thumbnail wp-image-22133\" src=\"http:\/\/raed.academy\/wp-content\/uploads\/2017\/02\/Dr-Jaume-Armengou-5-150x150.jpg\" alt=\"Dr. Jaume Armengou Or\u00fas\" width=\"150\" height=\"150\" \/><\/a><\/td><\/tr><tr><td class=\"fecha-evento\">6<br \/>lunes<\/td><td><h3>Conferencia: La amenaza interna de la Uni\u00f3n Europea<\/h3><p><strong>Los debates de la Real Academia Europea de Doctores<\/strong><br \/><strong> Ciclo de conferencias \u201cEl futuro de la Uni\u00f3n Europea\u201d. 2\u00aa Conferencia<\/strong><\/p><p>Ponentes:<\/p><ul><li><strong>Benita Ferrero-Waldner<\/strong>, Ex Ministra Federal de Asuntos Exteriores de la Rep\u00fablica de Austria \u2013 Ex Comisaria Europea de Relaciones Exteriores y Pol\u00edtica Europea de Vecindad<\/li><li><strong><a href=\"http:\/\/raed.academy\/en\/en\/academicians\/dr-santiago-jose-castella-surribas\/\" target=\"_blank\" rel=\"noopener\">Santiago Jos\u00e9 Castell\u00e0 Surribas<\/a><\/strong>, Acad\u00e9mico de N\u00famero de la Real Academia Europea de Doctores. Director de la C\u00e1tedra Tarragona Smart Mediterranean City.<\/li><li><strong><a href=\"http:\/\/raed.academy\/academicos\/dr-jose-maria-gay-de-liebana-saludas\/\" target=\"_blank\" rel=\"noopener\">Jos\u00e9 M. Gay de Li\u00e9bana<\/a><\/strong>, Acad\u00e9mico Numerario RAED \u2013 Profesor de la Universidad de Barcelona<\/li><\/ul><p>Moderador: <strong>Luis Ur\u00eda<\/strong>, Redactor Jefe de Internacional de \u201cLa Vanguardia\u201d<\/p><\/td><td class=\"imgEvento\"><a href=\"http:\/\/raed.academy\/wp-content\/uploads\/2017\/02\/AmenazasEuropa01-1.jpg\"><img class=\"alignnone size-thumbnail wp-image-22642\" src=\"http:\/\/raed.academy\/wp-content\/uploads\/2017\/02\/AmenazasEuropa01-1-150x150.jpg\" alt=\"Debate \"La amenaza interna de la Uni\u00f3n Europea\"\" width=\"150\" height=\"150\" \/><\/a><\/td><\/tr><tr><td class=\"fecha-evento\">9<br \/>jueves<\/td><td><h3>Ingreso como Acad\u00e9mico de N\u00famero: <a href=\"http:\/\/raed.academy\/academicos\/dr-mariano-monzo-planella\/\" target=\"_blank\" rel=\"noopener\">Mariano Monz\u00f3 Planella<\/a><\/h3><p><a href=\"http:\/\/raed.academy\/wp-content\/uploads\/2017\/02\/Web_Libro_Raed_MONZO_53.pdf\" target=\"_blank\" rel=\"noopener\">Hist\u00f2ria de la investigaci\u00f3 oncol\u00f2gica. Retorn als or\u00edgens<\/a><br \/>Discurso de contestaci\u00f3n: <strong><a href=\"http:\/\/raed.academy\/academicos\/dr-joaquim-gironella-coll\/\" target=\"_blank\" rel=\"noopener\">Joaquim Gironella Coll<\/a><\/strong><br \/>Lugar: Sal\u00f3n de actos de Fomento del Trabajo<\/p><\/td><td class=\"imgEvento\"><a href=\"http:\/\/raed.academy\/wp-content\/uploads\/2017\/02\/Dr-Mariano-Monz\u00f3-Planella-lightbox.jpg\"><img class=\"alignnone size-thumbnail wp-image-22378\" src=\"http:\/\/raed.academy\/wp-content\/uploads\/2017\/02\/Dr-Mariano-Monz\u00f3-Planella-lightbox-150x150.jpg\" alt=\"Dr. Mariano Monz\u00f3 Planella\" width=\"150\" height=\"150\" \/><\/a><\/td><\/tr><tr><td class=\"fecha-evento\">14<br \/>martes<\/td><td><h3><em>Conferencia: Joan Clar\u00f3s va canviar la hist\u00f2ria de Catalunya a la Guerra del Franc\u00e8s 1808-1814<\/em><\/h3><p><strong>Los debates de la Real Academia Europea de Doctores<\/strong><br \/><strong> Ciclo de conferencias: \u201cPersonajes de la historia\u201d.<\/strong> <em><strong>2\u00aa Conferencia<\/strong><br \/><\/em><\/p><p>Ponentes:<\/p><ul><li><strong>Leticia Darna<\/strong>, Dra. en Historia. Acad\u00e9mica Correspondiente de la Real Academia Matritense de Her\u00e1ldica y Genealog\u00eda.<\/li><li><strong>Domingo Neuenschwander<\/strong>, Actual Bar\u00f3n de Prado Hermoso<\/li><li>Oscar Uceda, Licenciado en Historia<\/li><\/ul><p>Moderador: <strong><a href=\"http:\/\/raed.academy\/academicos\/dr-pedro-claros-blanch\/\" target=\"_blank\" rel=\"noopener\">Pedro Clar\u00f3s Blanch<\/a><\/strong>, Acad\u00e9mico Numerario de la RAED.<br \/>Lugar: Sal\u00f3n de actos del Fomento del Trabajo<\/p><\/td><td class=\"imgEvento\"><a href=\"http:\/\/raed.academy\/wp-content\/uploads\/2017\/02\/ClarosIndependencia01.jpg\"><img class=\"alignnone size-thumbnail wp-image-22644\" src=\"http:\/\/raed.academy\/wp-content\/uploads\/2017\/02\/ClarosIndependencia01-150x150.jpg\" alt=\"\" width=\"150\" height=\"150\" \/><\/a><\/td><\/tr><tr><td class=\"fecha-evento\">23<br \/>jueves<\/td><td><h3>Ingreso como Acad\u00e9mico Numerario: <a href=\"http:\/\/raed.academy\/academicos\/dr-laureano-molins-lopez-rodo\/\" target=\"_blank\" rel=\"noopener\">Laureano Molins L\u00f3pez-Rod\u00f3<\/a><\/h3><p><a href=\"http:\/\/raed.academy\/wp-content\/uploads\/2017\/02\/Diagn%C3%B3stico-precoz-del-C%C3%A1ncer-de-Pulm%C3%B3n-El-Cribado-una-herramienta-para-avanzar-en-su-curaci%C3%B3n.pdf\" target=\"_blank\" rel=\"noopener\">Diagn\u00f3stico precoz del C\u00e1ncer de Pulm\u00f3n: El Cribado, una herramienta para avanzar en su curaci\u00f3n.<\/a><br \/>Discurso de contestaci\u00f3n: <a href=\"http:\/\/raed.academy\/academicos\/dr-pedro-claros-blanch\/\" target=\"_blank\" rel=\"noopener\"><strong>Pedro Clar\u00f3s Blanch<\/strong><\/a><br \/>Lugar: Sala de actos de Fomento del Trabajo<\/p><\/td><td class=\"imgEvento\"><a href=\"http:\/\/raed.academy\/wp-content\/uploads\/2017\/02\/LaureanoMolins02.jpg\"><img class=\"alignnone size-thumbnail wp-image-23098\" src=\"http:\/\/raed.academy\/wp-content\/uploads\/2017\/02\/LaureanoMolins02-150x150.jpg\" alt=\"Dr. Laureano Molins L\u00f3pez-Rod\u00f3\" width=\"150\" height=\"150\" \/><\/a><\/td><\/tr><!-- marzo\/2017 --><tr><td class=\"fecha-evento\" rowspan=\"4\">Marzo<br \/>2017<\/td><td class=\"fecha-evento\">9<br \/>jueves<\/td><td><h3>Ingreso como Acad\u00e9mico de N\u00famero: <a href=\"http:\/\/raed.academy\/academicos\/dr-felio-vilarrubias-guillamet\/\" target=\"_blank\" rel=\"noopener\">Felio Vilarrubias Guillamet<\/a><\/h3><p><a href=\"http:\/\/raed.academy\/wp-content\/uploads\/2016\/12\/Web_RAED_Vilarrubias_55.pdf\" target=\"_blank\" rel=\"noopener\">Honor, cr\u00e9dito en el mercado y la exceptio veritatis<\/a><br \/>Discurso de contestaci\u00f3n: <strong><a href=\"http:\/\/raed.academy\/academicos\/dr-pedro-claros-blanch\/\" target=\"_blank\" rel=\"noopener\">Pedro Clar\u00f3s Blanch<\/a><\/strong><br \/>Lugar: Sal\u00f3n de actos de Fomento del Trabajo<\/p><\/td><td class=\"imgEvento\"><a href=\"http:\/\/raed.academy\/wp-content\/uploads\/2017\/03\/Dr-Felio-Vilarrubias-Guillamet.jpg\"><img class=\"alignnone wp-image-23369 size-thumbnail\" src=\"http:\/\/raed.academy\/wp-content\/uploads\/2017\/03\/Dr-Felio-Vilarrubias-Guillamet-150x150.jpg\" alt=\"Dr. Felio Vilarrubias Guillamet\" width=\"150\" height=\"150\" \/><\/a><\/td><\/tr><tr><td class=\"fecha-evento\">16<br \/>jueves<\/td><td><h3>Ingreso como Acad\u00e9mica de N\u00famero: <a href=\"http:\/\/raed.academy\/academicos\/dra-nicole-mahy-gehenne\/\" target=\"_blank\" rel=\"noopener\">Nicole Mahy Gehenne<\/a><\/h3><p><a href=\"http:\/\/raed.academy\/wp-content\/uploads\/2017\/03\/La-vida-%C3%A9s-una-llarga-oxidaci%C3%B3.pdf\" target=\"_blank\" rel=\"noopener\">La vida \u00e9s una llarga oxidaci\u00f3<\/a><br \/>Discurso de contestaci\u00f3n: <a href=\"http:\/\/raed.academy\/academicos\/dr-rafael-blesa-gonzalez\/\" target=\"_blank\" rel=\"noopener\">Rafael Blesa Gonz\u00e1lez<\/a><br \/>Lugar: Sal\u00f3n de actos de Fomento del Trabajo<\/p><\/td><td class=\"imgEvento\"><a href=\"http:\/\/raed.academy\/wp-content\/uploads\/2017\/03\/Dra-Nicole-Mahy-G\u00e9henne.jpg\"><img class=\"alignnone size-thumbnail wp-image-23620\" src=\"http:\/\/raed.academy\/wp-content\/uploads\/2017\/03\/Dra-Nicole-Mahy-G\u00e9henne-150x150.jpg\" alt=\"Dra. Nicole Mahy G\u00e9henne\" width=\"150\" height=\"150\" \/><\/a><\/td><\/tr><tr><td class=\"fecha-evento\">20<br \/>lunes<\/td><td><h3>Sistemas Federales. Una comparaci\u00f3n Internacional<\/h3><p><strong>Los debates de la Real Academia Europea de Doctores<\/strong><\/p><p>Ponentes:<\/p><ul><li><strong>Celina de Souza<\/strong>, Investigadora, Universidad Federal del Bah\u00eda, Brasil<\/li><li><strong>Roland Sturm<\/strong>, Catedr\u00e1tico de Ciencias Pol\u00edticas, Universidad de Erlangen-N\u00fcrnberg<\/li><li><strong><a href=\"http:\/\/raed.academy\/en\/en\/academicians\/dr-santiago-jose-castella-surribas\/\" target=\"_blank\" rel=\"noopener\">Santiago Jos\u00e9 Castell\u00e0<\/a><\/strong>, Acad\u00e9mico de N\u00famero de la Real Academia Europea de Doctores. Profesor Titular<br \/>de Derecho Internacional y Relaciones Internacionales y Director de la C\u00e1tedra Tarragona Smart Mediterranean City.<\/li><\/ul><p>Moderadora: <strong><a href=\"http:\/\/raed.academy\/academicos\/dra-teresa-freixes-sanjuan\/\" target=\"_blank\" rel=\"noopener\">Teresa Freixes<\/a><\/strong>, Acad\u00e9mica de N\u00famero de la Real Academia Europea de Doctores, Catedr\u00e1tica de Derecho Constitucional de la Universidad Aut\u00f3noma de Barcelona.<\/p><\/td><td class=\"imgEvento\"><a href=\"http:\/\/raed.academy\/wp-content\/uploads\/2017\/03\/3federalisme-1.jpg\"><img class=\"alignnone size-thumbnail wp-image-23745\" src=\"http:\/\/raed.academy\/wp-content\/uploads\/2017\/03\/3federalisme-1-150x150.jpg\" alt=\"Presentaci\u00f3n del libro \u201cSistemas Federales. Una comparaci\u00f3n internacional\u201d\" width=\"150\" height=\"150\" \/><\/a><\/td><\/tr><tr><td class=\"fecha-evento\">23<br \/>jueves<\/td><td><h3>Los debates de la Real Academia Europea de Doctores<br \/>Ciclo de conferencias: \u201cJornadas sobre la Empresa Familiar\u201d<\/h3><p>1\u00aa Conferencia: Empresa familiar: m\u00e1s all\u00e1 de la tercera generaci\u00f3n<br \/>Organizado por: Fomento del Trabajo Nacional, IESE, Instituto de la Empresa Familiar y Real Academia Europea de Doctores.Ponentes:<\/p><ul><li><strong><a href=\"http:\/\/raed.academy\/academicos\/dr-joan-francesc-corona-ramon\/\" target=\"_blank\" rel=\"noopener\">Juan Francisco Corona<\/a><\/strong>, Acad\u00e9mico de N\u00famero RAED, Director General del Instituto de la Empresa Familiar<\/li><li><strong>Josep T\u00e0pies<\/strong>, Doctor en Ingenier\u00eda Industrial, Titular de la C\u00e1tedra de Empresa Familiar del IESE.<\/li><li><strong><a href=\"http:\/\/raed.academy\/academicos\/dr-jose-manuel-calavia-molinero\/\" target=\"_blank\" rel=\"noopener\">Jos\u00e9 Manuel Calavia<\/a><\/strong>, Acad\u00e9mico de N\u00famero RAED, Catedr\u00e1tico de Derecho Mercantil de la Universidad de Barcelona.<\/li><\/ul><p>Moderador: <strong>Joaqu\u00edn Tornos<\/strong>, Presidente de la Comisi\u00f3n Jur\u00eddica de Fomento del Trabajo Nacional, Catedr\u00e1tico de Derecho Administrativo de la Universidad de Barcelona.<\/p><\/td><td class=\"imgEvento\"><a href=\"http:\/\/raed.academy\/wp-content\/uploads\/2017\/03\/EmpresaFamiliar3.jpg\"><img class=\"alignnone size-thumbnail wp-image-24281\" src=\"http:\/\/raed.academy\/wp-content\/uploads\/2017\/03\/EmpresaFamiliar3-150x150.jpg\" alt=\"Debate \u201cEmpresa Familiar: m\u00e1s all\u00e1 de la tercera generaci\u00f3n\u201d\" width=\"150\" height=\"150\" \/><\/a><\/td><\/tr><!-- abril\/2017 --><tr><td class=\"fecha-evento\" rowspan=\"4\">Abril<br \/>2017<\/td><td class=\"fecha-evento\">3<br \/>lunes<\/td><td><h3><strong>La situaci\u00f3n hipotecaria en Espa\u00f1a tras las sentencias del tribunal de justicia de la Uni\u00f3n Europea y del Tribunal Supremo<\/strong><\/h3><p><strong>Los debates de la Real Academia Europea de Doctores<\/strong><\/p><p>Organizado por el Centro para la Investigaci\u00f3n y Desarrollo del Derecho Registral Inmobiliario y Mercantil (CIDDRIM) y la Real Academia Europea de Doctores.<\/p><p>Ponentes:<\/p><ul><li><strong>Fernando P. M\u00e9ndez Gonz\u00e1lez<\/strong>, Director de Relaciones Internacionales de la Propiedad y Mercantiles de Espa\u00f1a<\/li><li><strong>Rafael Arn\u00e1iz Ramos<\/strong>, Director del Servicio de Estudios Registrales de Catalunya<\/li><li><strong>Manuel \u00c1ngel Mart\u00ednez Garc\u00eda<\/strong>, Notario<\/li><li><strong>Antonio Recio C\u00f3rdova<\/strong>, Presidente de la Audiencia Provincial de Barcelona<\/li><\/ul><p>Moderador: <strong><a href=\"http:\/\/raed.academy\/academicos\/dr-alfonso-hernandez-moreno\/\" target=\"_blank\" rel=\"noopener\">Alfonso Hern\u00e1ndez-Moreno<\/a><\/strong>, Acad\u00e9mico de N\u00famero de la Real Academia Europea de Doctores y Director de CIDDRIM.<\/p><\/td><td class=\"imgEvento\"><a href=\"http:\/\/raed.academy\/wp-content\/uploads\/2017\/04\/foto-2-registradores.jpg\"><img class=\"alignnone size-thumbnail wp-image-25062\" src=\"http:\/\/raed.academy\/wp-content\/uploads\/2017\/04\/foto-2-registradores-150x150.jpg\" alt=\"Debate: La situaci\u00f3n hipotecaria en Espa\u00f1a...\" width=\"150\" height=\"150\" \/><\/a><\/td><\/tr><tr><td class=\"fecha-evento\">4<br \/>martes<\/td><td><h3>Ingreso como Acad\u00e9mica de Numero: <a href=\"http:\/\/raed.academy\/academicos\/dra-nuria-vallcorba-plana\/\" target=\"_blank\" rel=\"noopener\">Nuria Vallcorba Plana<\/a><\/h3><p><a href=\"http:\/\/raed.academy\/wp-content\/uploads\/2017\/04\/Web_RAED_VAllcorba_57.pdf\" target=\"_blank\" rel=\"noopener\">Relaci\u00f3n entre salud general y periodontal<\/a><br \/>Discurso de contestaci\u00f3n: <strong><a href=\"http:\/\/raed.academy\/academicos\/dr-jaime-rodrigo-de-larrucea\/\" target=\"_blank\" rel=\"noopener\">Jaime Rodrigo de Larrucea<\/a><\/strong><br \/>Lugar: Sal\u00f3n de actos de Fomento del Trabajo<\/p><\/td><td class=\"imgEvento\"><a href=\"http:\/\/raed.academy\/wp-content\/uploads\/2017\/04\/Dra-Nuria-Vallcorba-Plana-6.jpg\"><img class=\"alignnone size-thumbnail wp-image-26352\" src=\"http:\/\/raed.academy\/wp-content\/uploads\/2017\/04\/Dra-Nuria-Vallcorba-Plana-6-150x150.jpg\" alt=\"Dra Nuria Vallcorba Plana\" width=\"150\" height=\"150\" \/><\/a><\/td><\/tr><tr><td class=\"fecha-evento\">25<br \/>martes<\/td><td><h3>Ingreso como Acad\u00e9mico de N\u00famero: <a href=\"http:\/\/raed.academy\/academicos\/dr-jose-manuel-calavia-molinero\/\" target=\"_blank\" rel=\"noopener\">Jos\u00e9 Manuel Calavia Molinero<\/a><\/h3><p><a href=\"http:\/\/raed.academy\/wp-content\/uploads\/2017\/05\/Web_LibroCalavia58.pdf\" target=\"_blank\" rel=\"noopener\">Gobierno y gesti\u00f3n en la empresa familiar<\/a><br \/>Discurso de contestaci\u00f3n: <a href=\"http:\/\/raed.academy\/academicos\/dr-joan-francesc-pont-clemente\/\" target=\"_blank\" rel=\"noopener\">Joan-Francesc Pont Clemente<\/a><br \/>Lugar: Sal\u00f3n de actos de Fomento del Trabajo<\/p><\/td><td class=\"imgEvento\"><a href=\"http:\/\/raed.academy\/wp-content\/uploads\/2017\/05\/Dr-jose-manuel-calavia-molinero-14.jpg\"><img class=\"alignnone size-thumbnail wp-image-26558\" src=\"http:\/\/raed.academy\/wp-content\/uploads\/2017\/05\/Dr-jose-manuel-calavia-molinero-14-150x150.jpg\" alt=\"Dr Jos\u00e9 Manuel Calavia Molinero\" width=\"150\" height=\"150\" \/><\/a><\/td><\/tr><tr><td class=\"fecha-evento\">27<br \/>jueves<\/td><td><h3>Conferencia: Lutero quinientos a\u00f1os despu\u00e9s (1517 -2017)<\/h3><p><strong>Los debates de la Real Academia Europea de Doctores<br \/>Ciclo de conferencias: \u201cPersonajes de la historia\u201d. 3\u00aa Conferencia<\/strong><\/p><p>Ponentes:<\/p><ul><li><strong>Josep Castany\u00e9<\/strong>, Profesor em\u00e9rito de l\u2019Ateneu Universitari Sant Paci\u00e0, Te\u00f3logo cat\u00f3lico especialista en la teolog\u00eda protestante alemana y traductor al catal\u00e1n de te\u00f3logos protestantes alemanes.<\/li><li><strong><a href=\"http:\/\/raed.academy\/academicos\/dr-salvador-de-broca\/\" target=\"_blank\" rel=\"noopener\">Salvador de Broc\u00e0<\/a><\/strong>, Acad\u00e9mico Numerario de la RAED, Doctor en Filosof\u00eda.<\/li><li><strong>Maci\u00e0 Riutort<\/strong>, Profesor titular de la Universidad Rovira i Virgili, Departamento de Estudios ingleses i alemanes,<br \/>fil\u00f3logo-historiador especializado en la evoluci\u00f3n de la lengua alemana moderna y en la traducci\u00f3n que Lutero hizo de la Biblia en alem\u00e1n.<\/li><li><strong>Pfarrer Holger Luebs<\/strong>, Rector de la iglesia de la Deutschsprachliche Evangelische Gemeinde Barcelona, Especialista en la teolog\u00eda luterana.<\/li><\/ul><p>Moderador: <strong><a href=\"http:\/\/raed.academy\/academicos\/dr-josep-ignasi-saranyana-closa\/\" target=\"_blank\" rel=\"noopener\">Josep-Ignasi Saranyana<\/a><\/strong>, Acad\u00e9mico de N\u00famero y Presidente de la Secci\u00f3n de Ciencias Humanas de la RAED.<\/p><p><strong>V\u00eddeo del acto<\/strong><\/p><p><iframe src=\"https:\/\/www.youtube.com\/embed\/pgHhkwKOjeE\" width=\"700\" height=\"300\" frameborder=\"0\" allowfullscreen=\"allowfullscreen\"><\/iframe><\/p><\/td><td class=\"imgEvento\"><p>[gallery columns=\"1\" link=\"file\" ids=\"29249,25932\"]<\/p><\/td><\/tr><!-- mayo\/2017 --><tr><td class=\"fecha-evento\" rowspan=\"3\">Mayo<br \/>2017<\/td><td class=\"fecha-evento\">2<br \/>martes<\/td><td><h3><strong>Ingreso como Acad\u00e9mico de N\u00famero: Daniel Turb\u00f3n Borrega<\/strong><\/h3><p><a href=\"http:\/\/raed.academy\/wp-content\/uploads\/2017\/05\/Web_LibroRAed_Turbon59.pdf\" target=\"_blank\" rel=\"noopener\">Darwin, Wallace y la Biolog\u00eda del Desarrollo Evolutiva<\/a><br \/>Discurso de contestaci\u00f3n: <strong><a href=\"http:\/\/raed.academy\/academicos\/dr-pedro-claros-blanch\/\" target=\"_blank\" rel=\"noopener\">Pedro Clar\u00f3s Blanch<\/a><\/strong><br \/>Lugar: Sal\u00f3n de actos de Fomento del Trabajo<\/p><\/td><td class=\"imgEvento\"><a href=\"http:\/\/raed.academy\/wp-content\/uploads\/2017\/05\/Dr-Daniel-Turbon-Borrega_4_rd.jpg\"><img class=\"alignnone size-thumbnail wp-image-26605\" src=\"http:\/\/raed.academy\/wp-content\/uploads\/2017\/05\/Dr-Daniel-Turbon-Borrega_4_rd-150x150.jpg\" alt=\"Dr. Daniel Turbon Borrega\" width=\"150\" height=\"150\" \/><\/a><\/td><\/tr><tr><td class=\"fecha-evento\">11<br \/>jueves<\/td><td><h4><strong>Los debates de la Real Academia Europea de Doctores<br \/>Ciclo de conferencias: \u201cJornadas sobre la Empresa Familiar\u201d<\/strong><\/h4><p>2\u00aa Conferencia: Empresa Familiar: Incrementar su supervivencia (proyecto de investigaci\u00f3n)<br \/>Organizado por: IESE y la Real Academia Europea de Doctores<\/p><p>Ponentes:<\/p><ul><li><strong>Ricardo Aparicio<\/strong>, IPADE, Universidad Panamericana, M\u00e9xico.<\/li><li><strong>Gonzalo G\u00f3mez<\/strong>, INALDE, Universidad de la Sabana, Colombia.<\/li><li><strong>Guillermo Perkins<\/strong>, IAE, Universidad Austral, Argentina.<\/li><li><strong>Arlette Urrea<\/strong>, Universidad de Costa Rica.<\/li><\/ul><p>Moderador: <a href=\"http:\/\/raed.academy\/academicos\/miguel-a-gallo-laguna-de-rins\/\" target=\"_blank\" rel=\"noopener\">Miguel \u00c1ngel Gallo<\/a>, Acad\u00e9mico de N\u00famero y Presidente del Senado de la Real Academia Europea de Doctores. IESE.<\/p><\/td><td class=\"imgEvento\"><a href=\"http:\/\/raed.academy\/wp-content\/uploads\/2017\/05\/debate-empresa-familiar.2017-05-11_2.jpg\"><img class=\"alignnone size-thumbnail wp-image-27912\" src=\"http:\/\/raed.academy\/wp-content\/uploads\/2017\/05\/debate-empresa-familiar.2017-05-11_2-150x150.jpg\" alt=\"\" width=\"150\" height=\"150\" \/><\/a><\/td><\/tr><tr id=\"1905\"><td class=\"fecha-evento\">19<br \/>viernes<\/td><td><h3><strong>Ingreso como Acad\u00e9mico de Honor: Edmund Phelps, Premio Nobel de Econom\u00eda<\/strong><\/h3><p>Discurso de presentaci\u00f3n: <strong><a href=\"http:\/\/raed.academy\/academicos\/dra-maria-jose-esteban-ferrer\/\" target=\"_blank\" rel=\"noopener\">Maria Jos\u00e9 Esteban Ferrer<\/a><\/strong><br \/>Lugar: Sal\u00f3n de actos de Fomento del Trabajo<\/p><h4><a href=\"http:\/\/raed.academy\/el-nobel-edmund-phelps-diagnostica-una-europa-envejecida-y-enferma-y-la-urge-a-volver-a-arriesgar-e-innovar\/\">Mas informaci\u00f3n<\/a><\/h4><\/td><td class=\"imgEvento\"><p>[gallery type=\"divi\" columns=\"1\" link=\"file\" ids=\"28851\"]<\/p><\/td><\/tr><!-- junio\/2017 --><tr><td class=\"fecha-evento\" rowspan=\"6\">Junio<br \/>2017<\/td><td class=\"fecha-evento\" rowspan=\"2\">9<br \/>viernes<\/td><td colspan=\"2\"><h3>Ir Encuentro Cient\u00edfico: Convergencia de caminos: Ciencia y Empresa. RAED-IESE-ULPGC<\/h3><p>Fecha: del 8 al 11 de junio de 2017<br \/>Lugar: Fuerteventura, Las Palmas de Gran Canaria<\/p><\/td><\/tr><tr><td><p><strong>Programa cient\u00edfico: Conferencia inaugural: Serendipias en la Ciencia<\/strong>, Sheldom L. Glashow, Premio Nobel de F\u00edsica. Presenta Catalina Ruiz, Catedr\u00e1tica de F\u00edsica de la Universidad de La Laguna y Premio Canarias de Investigaci\u00f3n.<\/p><p><strong>Mesa redonda sobre Econom\u00eda, Pol\u00edtica y Empresas: incertidumbres, riesgos y oportunidades<\/strong>; Hisham El Sherif, Presidente de Nile Capital Investment; <a href=\"http:\/\/raed.academy\/academicos\/dr-jose-maria-gay-de-liebana-saludas\/\" target=\"_blank\" rel=\"noopener\">Jose Mar\u00eda Gay<\/a>, Acad\u00e9mico de la RAED; <a href=\"http:\/\/raed.academy\/academicos\/dr-jose-manuel-calavia-molinero\/\" target=\"_blank\" rel=\"noopener\">Jos\u00e9 Manuel Calavia<\/a>, Acad\u00e9mico de la RAED, Nilo Garc\u00eda Manchado, Empresario, Lorenzo Gasc\u00f3n, Economista y Acad\u00e9mico de la RAED, <a href=\"http:\/\/raed.academy\/academicos\/dr-frederic-borras-pamies\/\" target=\"_blank\" rel=\"noopener\">Frederic Borr\u00e0s<\/a>, Acad\u00e9mico de la RAED. Modera Claudia Arteaga, Periodista y profesora de la comunicaci\u00f3n pol\u00edtica<\/p><p><strong>Conferencia: El impacto de los alimentos transg\u00e9nicos para paliar el hambre en el mundo<\/strong>. Richard Roberts, Premio Nobel de Medicina. Presenta. <a href=\"http:\/\/raed.academy\/academicos\/dr-lluis-serra-majem\/\" target=\"_blank\" rel=\"noopener\">Lluis Serra<\/a>- Catedr\u00e1tico de Salud P\u00fablica de la ULPGC.<\/p><p><strong>Conferencia: La cooperaci\u00f3n Internacional aplicada a objetivos concretos y medibles.<br \/><\/strong>Luis L\u00f3pez, Cirujano Tor\u00e1cico del SCS, Profesor de la ULPGC y Premio Canarias de Cooperaci\u00f3n Internacional.<\/p><p><strong>Rinc\u00f3n de Excelencia<\/strong>: Una excelente oportunidad para poder charlar de manera distendida y amigable con algunos de los invitados, en diversos lugares del hotel.<\/p><p><strong>Debate: \u00bfPara qu\u00e9 le sirve la Ciencia a la Empresa?: Ciencia B\u00e1sica vs Ciencia aplicada<\/strong>. Participan: Sheldom L. Glashow, Premio Nobel F\u00edsica; Richard Roberts, Premio Nobel Medicina; Jos\u00e9 Mar\u00eda Baldasano, Premio Rey Jaume I de Medio Ambiente, Sonia Fern\u00e1ndez-Vidal, Profesora de la UAB y divulgadora, Juan Ruiz Alzola, Catedr\u00e1tico de la ULPGC, Jaume Armengou, Acad\u00e9mico de la RAED. Modera: Jordi Mart\u00ed, Acad\u00e9mico de la RAED.<\/p><p><strong>Conferencia: Historia de la Tenacidad. El descubrimiento de la estructura de los ribosomas<\/strong>. Ponente: Ada Yonath, Premio Nobel de Qu\u00edmica, Presenta: Cecilia Kindelan, Directora Asociada del MBA y Directora del Programa de Intercambio Internacional de IESE.<\/p><p><strong>Mesa Redonda: La tecnolog\u00eda y el Desarrollo Sostenible<\/strong>. Participan: Juan Ruiz, catedr\u00e1tico de la ULPGC; Luis L\u00f3pez, Director Cooperaci\u00f3n Internacional SCS; Catalina Ruiz, catedr\u00e1tica ULL; <a href=\"http:\/\/raed.academy\/academicos\/dr-lluis-serra-majem\/\" target=\"_blank\" rel=\"noopener\">Llu\u00eds Serra<\/a>, catedr\u00e1tico ULPGC; Josefa de la Rosa, Directora del CUCID ULPGC. Modera: M\u00aa \u00c0ngels Calvo, Acad\u00e9mica de la RAED.<\/p><\/td><td class=\"imgEvento\" rowspan=\"2\"><p>[gallery columns=\"1\" link=\"file\" ids=\"30354,30355,29414,29413,29503\"]<\/p><\/td><\/tr><tr><td class=\"fecha-evento\">10<br \/>s\u00e1bado<\/td><td><h3><strong>Mesa Redonda: El nuevo escenario pol\u00edtico mundial. Amenazas y Previsiones. <\/strong><\/h3><p>Participan: Walter Lichem, Ex Embajador de Austria; Rosal\u00eda Arteaga, Ex Presidenta de Ecuador; Inocencio Arias, Ex embajador de Espa\u00f1a; Ernst Iten, Ex Embajador de Suiza; Joaqu\u00edn Almunia, Ex Comisario Europeo. Dr Luis Alberto Lacalle, Ex Presidente de Uruguay.<br \/>Modera: Claudia Arteaga, periodista y profesora de Comunicaci\u00f3n Pol\u00edtica.<\/p><h4>Ingreso como Acad\u00e9mico de N\u00famero: <a href=\"http:\/\/raed.academy\/academicos\/dr-jose-ramon-calvo-fernandez\/\" target=\"_blank\" rel=\"noopener\">Jos\u00e9 Ram\u00f3n Calvo Fern\u00e1ndez<\/a><\/h4><p><em>Discurso: Tabaco o salud: los ni\u00f1os no eligen<\/em><br \/>Discurso de contestaci\u00f3n: <a href=\"http:\/\/raed.academy\/academicos\/dr-jordi-marti-pidelaserra\/\" target=\"_blank\" rel=\"noopener\">Jordi Mart\u00ed Pidelaserra<\/a><\/p><h3><strong>Acto de ingreso como Acad\u00e9micos de Honor<\/strong><\/h3><ul><li>Sheldon L. Glashow, Premio Nobel de F\u00edsica. Presenta el Dr. <a href=\"http:\/\/raed.academy\/academicos\/dr-jose-maria-gay-de-liebana-saludas\/\" target=\"_blank\" rel=\"noopener\">Jos\u00e9 Maria Gay<\/a>.<\/li><li>Richard Roberts, Premio Nobel de Medicina. Presenta el Dr. <a href=\"http:\/\/raed.academy\/academicos\/dr-jose-manuel-calavia-molinero\/\" target=\"_blank\" rel=\"noopener\">Jos\u00e9 Manuel Calavia<\/a><\/li><li>Ada Yonath, Premio Nobel Qu\u00edmica. Presenta el Dr. <a href=\"http:\/\/raed.academy\/academicos\/dr-jose-luis-salido-banus\/\" target=\"_blank\" rel=\"noopener\">Jos\u00e9 Luis Salido<\/a><\/li><li>Luis Alberto Lacalle, Expresidente de Uruguay. Presenta el Dr. <a href=\"http:\/\/raed.academy\/academicos\/dr-xabier-anoveros-trias-de-bes\/\" target=\"_blank\" rel=\"noopener\">Xabier A\u00f1overos<\/a>.<\/li><\/ul><p><strong>Debate: Econom\u00eda Publica Vs Econom\u00eda de Mercado<\/strong><br \/>Participan: Ahmad Ranema, Profesor de IESE; Jaime Llopis, Profesor de IESE; Joaquim Vila, Profesor de IESE; <a href=\"http:\/\/raed.academy\/academicos\/dr-carlos-aparicio-magallon\/\" target=\"_blank\" rel=\"noopener\">Miguel \u00c1ngel Gallo<\/a>, Acad\u00e9mico de la RAED y Profesor de IESE; Gin\u00e9s de Rus, Catedr\u00e1tico de la ULPGC; <a href=\"http:\/\/raed.academy\/academicos\/dr-francisco-javier-llovera-saez\/\" target=\"_blank\" rel=\"noopener\">Francisco Javier Llovera,<\/a> Catedr\u00e1tico UPC. Modera: <a href=\"http:\/\/raed.academy\/academicos\/dr-joan-francesc-corona-ramon\/\" target=\"_blank\" rel=\"noopener\">Juan Francisco Corona<\/a>, Director General del Instituto de Empresa Familiar y Acad\u00e9mico de la RAED<\/p><\/td><\/tr><tr id=\"1206\"><td class=\"fecha-evento\">12<br \/>lunes<\/td><td><h4><strong>Ingreso como Acad\u00e9mico de Hono<\/strong>r: Finn Kydland, Premio Nobel de Econom\u00eda<\/h4><p>Discurso de presentaci\u00f3n: <a href=\"http:\/\/raed.academy\/academicos\/dr-jose-ramon-calvo-fernandez\/\" target=\"_blank\" rel=\"noopener\">Jos\u00e9 Ram\u00f3n Calvo Fern\u00e1ndez<\/a><br \/>Lugar: Sal\u00f3n de actos de Fomento del Trabajo<\/p><\/td><td class=\"imgEvento\"><a href=\"http:\/\/raed.academy\/wp-content\/uploads\/2017\/06\/Finn-Kydland-acto-ingreso-w.jpg\"><img class=\"alignnone size-thumbnail wp-image-29389\" src=\"http:\/\/raed.academy\/wp-content\/uploads\/2017\/06\/Finn-Kydland-acto-ingreso-w-150x150.jpg\" alt=\"Acto de ingreso del Premio Nobel Finn Kydland\" width=\"150\" height=\"150\" \/><\/a><\/td><\/tr><tr><td class=\"fecha-evento\">20<br \/>martes<\/td><td><h4><strong>Ingreso como Acad\u00e9mica de N\u00famero: <\/strong><a href=\"http:\/\/raed.academy\/academicos\/dra-montserrat-casanovas-ramon\/\" target=\"_blank\" rel=\"noopener\">Montserrat Casanovas Ramon<\/a><\/h4><p><a href=\"http:\/\/raed.academy\/wp-content\/uploads\/2017\/08\/discurso-Montserrat-Casanovas-El-asesoramiento-financiero-la-figura-del-Asesor-Financiero-y-de-las-E.A.F.I.s.pdf\" target=\"_blank\" rel=\"noopener\">El asesoramiento financiero, la figura del del Asesor Financiero y de las E.A.F.I.s<\/a><br \/>Discurso de contestaci\u00f3n: <a href=\"http:\/\/raed.academy\/academicos\/dr-jose-maria-gay-de-liebana-saludas\/\" target=\"_blank\" rel=\"noopener\">Jos\u00e9 Maria Gay de Li\u00e9bana Saludas<\/a><br \/>Lugar: Sala de actos de Fomento del Trabajo<\/p><\/td><td class=\"imgEvento\"><a href=\"http:\/\/raed.academy\/wp-content\/uploads\/2017\/06\/Dra-Montserrat-Casanovas-2.jpg\"><img class=\"alignnone wp-image-29778 size-thumbnail\" src=\"http:\/\/raed.academy\/wp-content\/uploads\/2017\/06\/Dra-Montserrat-Casanovas-2-150x150.jpg\" alt=\"Ingreso de Montserrat Casanovas Ramon\" width=\"150\" height=\"150\" \/><\/a><\/td><\/tr><tr><td class=\"fecha-evento\">28<br \/>mi\u00e9rcoles<\/td><td><h4><strong>Concierto de Piano por la pianista Samira Tabraue<\/strong><\/h4><p>Lugar: Sal\u00f3n de actos de Fomento del Trabajo<br \/>Cena de verano de la Academia<\/p><\/td><td class=\"imgEvento\"><a href=\"http:\/\/raed.academy\/wp-content\/uploads\/2017\/07\/concierto-piano-Samira-Tabraue-5.jpg\"><img class=\"alignnone size-thumbnail wp-image-30227\" src=\"http:\/\/raed.academy\/wp-content\/uploads\/2017\/07\/concierto-piano-Samira-Tabraue-5-150x150.jpg\" alt=\"concierto piano Samira Tabraue\" width=\"150\" height=\"150\" \/><\/a><\/td><\/tr><\/tbody><\/table><h2 style=\"text-align: center;\">Julio 2017<\/h2><table class=\"tablaEventos\"><tbody><tr><td class=\"fecha-evento\">12 julio<br \/>2017<\/td><td><h4><strong>Ingresos como Acad\u00e9micos de N\u00famero: <a href=\"http:\/\/raed.academy\/academicos\/dr-lluis-serra-majem\/\" target=\"_blank\" rel=\"noopener\">Llu\u00eds Serra Majem<\/a> y <a href=\"http:\/\/raed.academy\/academicos\/dr-javier-aranceta-bartrina\/\" target=\"_blank\" rel=\"noopener\">Javier Aranceta Bartrina<\/a><\/strong><\/h4><p><em><a href=\"http:\/\/raed.academy\/wp-content\/uploads\/2017\/08\/discursos-Lluis-Serra-Majem-y-Javier-Aranceta-Bartrina-La-nutrici%C3%B3n-comunitaria-en-el-siglo-XXI.pdf\" target=\"_blank\" rel=\"noopener\">Dieta mediterr\u00e1nea: una visi\u00f3n global<\/a><\/em><br \/><a href=\"http:\/\/raed.academy\/wp-content\/uploads\/2017\/08\/discursos-Lluis-Serra-Majem-y-Javier-Aranceta-Bartrina-La-nutrici%C3%B3n-comunitaria-en-el-siglo-XXI.pdf\" target=\"_blank\" rel=\"noopener\"><em>La nutrici\u00f3n comunitaria en el siglo XXI<\/em><\/a><\/p><p>Discursos de contestaci\u00f3n: <a href=\"http:\/\/raed.academy\/academicos\/dr-jose-ramon-calvo-fernandez\/\" target=\"_blank\" rel=\"noopener\">Jos\u00e9 Ram\u00f3n Calvo Fern\u00e1ndez<\/a> y <a href=\"http:\/\/raed.academy\/academicos\/dra-m-dels-angels-calvo-torras\/\" target=\"_blank\" rel=\"noopener\">Maria \u00c0ngels Calvo Torras<\/a><br \/>Lugar: Sal\u00f3n de actos de Fomento del Trabajo<\/p><\/td><td class=\"imgEvento\"><p>[gallery link=\"file\" columns=\"1\" ids=\"32421,32420\"]<\/p><\/td><\/tr><tr><td class=\"fecha-evento\" rowspan=\"2\">17 julio<br \/>2017<\/td><td><p><a name=\"congresoBaltico\"><\/a><\/p><h3>III Acto Internacional. Congreso Europeo de Investigaciones Interdisciplinarias: La Evoluci\u00f3n de la Ciencia en el Siglo XXI<\/h3><p style=\"text-align: center;\"><strong>Pa\u00edses B\u00e1lticos \u2013 Copenhague, Estocolmo, San Petersburgo<\/strong><\/p><\/td><td class=\"imgEvento\">\u00a0<\/td><\/tr><tr><td><h4>Recepci\u00f3n como Acad\u00e9micos de Honor:<\/h4><ul><li><a href=\"http:\/\/raed.academy\/academicos\/dr-erwin-neher\" target=\"_blank\" rel=\"noopener\"><strong>Dr. Erwin Neher<\/strong><\/a>, Premio Nobel de Medicina<br \/><em>Neuronal signalling and brain research<br \/><strong><a href=\"http:\/\/raed.academy\/academicos\/ramon-cugat-bertomeu\/\" target=\"_blank\" rel=\"noopener\">Dr. Ram\u00f3n Cugat<\/a><\/strong><\/em><\/li><li><a href=\"http:\/\/raed.academy\/academicos\/dr-cristobal-pissarides\/\" target=\"_blank\" rel=\"noopener\"><strong>Dr. Crist\u00f3bal Pissarides<\/strong><\/a>, Premio Nobel de Econom\u00eda<br \/><em>Robots, artificial intelligence and the future of work<\/em><br \/><strong><a href=\"http:\/\/raed.academy\/academicos\/dr-jordi-marti-pidelaserra\/\" target=\"_blank\" rel=\"noopener\">Dr. Jordi Mart\u00ed<\/a><\/strong><\/li><li><a href=\"http:\/\/raed.academy\/academicos\/dr-jerome-isaac-friedman\/\" target=\"_blank\" rel=\"noopener\"><strong>Jerome Isaac Friedman<\/strong><\/a>, Premio Nobel de F\u00edsica<br \/><em>Are we really made of quarks?<\/em><br \/><a href=\"http:\/\/raed.academy\/academicos\/dra-m-dels-angels-calvo-torras\/\" target=\"_blank\" rel=\"noopener\"><strong>Dra. Mar\u00eda \u00c0ngels Calvo<\/strong><\/a><\/li><\/ul><\/td><td class=\"imgEvento\"><p>[gallery columns=\"1\" link=\"file\" ids=\"30906,30899,30891\"]<\/p><\/td><\/tr><tr><td class=\"fecha-evento\">18 julio<br \/>2017<\/td><td><strong>Visita de la RAED a la Real Academia Sueca de Ciencias de la Ingenier\u00eda<\/strong><\/td><td class=\"imgEvento\">\u00a0<\/td><\/tr><tr><td class=\"fecha-evento\">19 julio<br \/>2017<\/td><td><p><strong>Conferencia Especial<\/strong><\/p><p>Agust\u00edn de Betancourt. Un ingeniero genial de los siglos XVIII Y XIX entre Espa\u00f1a y Rusia: <a href=\"http:\/\/raed.academy\/academicos\/dr-xabier-anoveros-trias-de-bes\/\" target=\"_blank\" rel=\"noopener\"><strong>Dr. Xabier A\u00f1overos<\/strong><\/a><\/p><\/td><td class=\"imgEvento\">\u00a0<\/td><\/tr><tr><td class=\"fecha-evento\">21 julio<br \/>2017<\/td><td><h3>PRESENTACI\u00d3N DE PONENCIAS<\/h3><p><strong>Conferencia Inaugural<\/strong>: Limits to taxation: <a href=\"http:\/\/raed.academy\/academicos\/dr-joan-francesc-corona-ramon\/\" target=\"_blank\" rel=\"noopener\"><strong>Dr. Juan Francisco Corona<\/strong><\/a><\/p><h4>Eje tem\u00e1cico 1: Ciencias Sociales y Ciencias Humanas.<\/h4><ul><li>Europa en la encrucijada: <strong><a href=\"http:\/\/raed.academy\/academicos\/dra-teresa-freixes-sanjuan\/\" target=\"_blank\" rel=\"noopener\">Dra.Teresa Freixes<\/a><\/strong><\/li><li>\"Presente futuro de la Uni\u00f3n Europea: El papel de la educaci\u00f3n y la universidad\": Dr. Jos\u00e9 Regidor<\/li><li>La emergencia de las ciudades en la nueva sociedad internacional: \u00bfHacia la ciudad estado?: <a href=\"http:\/\/raed.academy\/en\/en\/academicians\/dr-santiago-jose-castella-surribas\/\" target=\"_blank\" rel=\"noopener\"><strong>Dr. Santiago Jos\u00e9 Castell\u00e0<\/strong><\/a><\/li><li>La crisi della democrazia rappresentativa: <strong>Dra. Paola Bilancia<\/strong><\/li><li>La toma de decisiones empresariales inciertas mediante el uso de t\u00e9cnicas cualitativas: <strong>Dr. Alejandro Pursals<\/strong><\/li><li>El retracto de cr\u00e9ditos litigiosos y el derecho a la vivienda: <strong><a href=\"http:\/\/raed.academy\/academicos\/dr-alfonso-hernandez-moreno\/\" target=\"_blank\" rel=\"noopener\">Dr. Alfonso Hern\u00e1ndez- Moreno<\/a><\/strong><\/li><\/ul><p><strong>Moderador<\/strong>: <a href=\"http:\/\/raed.academy\/academicos\/dr-jose-luis-salido-banus\/\" target=\"_blank\" rel=\"noopener\"><strong>Dr. Jos\u00e9 Luis Salido<\/strong><\/a><\/p><ul><li>El derecho y la legislaci\u00f3n proactiva: nuevas perspectivas en la ciencia jur\u00eddica: <a href=\"http:\/\/raed.academy\/academicos\/dr-jaime-rodrigo-de-larrucea\/\" target=\"_blank\" rel=\"noopener\"><strong>Dr. Jaime Rodrigo<\/strong><\/a><\/li><li>Financial reporting and auditing in a global environment: <a href=\"http:\/\/raed.academy\/academicos\/dr-josep-maria-bove-montero\/\" target=\"_blank\" rel=\"noopener\"><strong>Dr. Jos\u00e9 Maria Bov\u00e9<\/strong><\/a><\/li><li>D\u00e9ficit, deuda e ilusi\u00f3n finaciera: <strong><a href=\"http:\/\/raed.academy\/academicos\/dr-joan-francesc-corona-ramon\/\" target=\"_blank\" rel=\"noopener\">Dr. Juan Francisco Corona<\/a><\/strong><\/li><li>Empresa familiar: Incrementar su supervivencia: <strong><a href=\"http:\/\/raed.academy\/academicos\/miguel-a-gallo-laguna-de-rins\/\" target=\"_blank\" rel=\"noopener\">Dr. Miguel Angel Gallo<\/a><\/strong><\/li><li>Instrumentos para la creaci\u00f3n de empleo: Las cooperativas de trabajo: <strong><a href=\"http:\/\/raed.academy\/academicos\/dr-jose-luis-salido-banus\/\" target=\"_blank\" rel=\"noopener\">Dr. Jos\u00e9 Luis Salido<\/a><\/strong><\/li><\/ul><p><strong>Moderador<\/strong>: <a href=\"http:\/\/raed.academy\/academicos\/dr-xabier-anoveros-trias-de-bes\/\" target=\"_blank\" rel=\"noopener\"><strong>Dr. Xabier A\u00f1overos<\/strong><\/a><\/p><ul><li>El Fondo de Comercio Interno registrado como una innovaci\u00f3n en la contabilidad<strong>: <\/strong>Dr. Agust\u00edn Moreno<\/li><li>Laicidad y tolerancia: vigencia de Voltaire en la Europa de 2017: <strong><a href=\"http:\/\/raed.academy\/academicos\/dr-joan-francesc-pont-clemente\/\" target=\"_blank\" rel=\"noopener\">Dr. Joan-Francesc Pont<\/a><\/strong><\/li><li>Acotaciones a la cultura de la edad moderna occidental: <strong><a href=\"http:\/\/raed.academy\/academicos\/dr-enrique-tierno-perez-relano\/\" target=\"_blank\" rel=\"noopener\">Dr. Enrique Tierno<\/a><\/strong><\/li><li>A qu\u00e9 responden las consultas contables del ICAC: <a href=\"http:\/\/raed.academy\/academicos\/dr-frederic-borras-pamies\/\" target=\"_blank\" rel=\"noopener\"><strong>Dr. Frederic Borr\u00e0s<\/strong><\/a><\/li><\/ul><p><strong>Moderador:<\/strong> <a href=\"http:\/\/raed.academy\/academicos\/dr-joan-francesc-corona-ramon\/\" target=\"_blank\" rel=\"noopener\"><strong>Dr. Joan Francesc Corona<\/strong><\/a><\/p><h4><strong>Eje tem\u00e1cico 2: Ciencias de la Salud y Biomedicina<\/strong><\/h4><ul><li>Alzheimer, s\u00edndrome de Down e inflamaci\u00f3n: <a href=\"http:\/\/raed.academy\/academicos\/dr-rafael-blesa-gonzalez\/\" target=\"_blank\" rel=\"noopener\"><strong>Dr. Rafael Blesa<\/strong><\/a><\/li><li>La organizaci\u00f3n hospitalaria, factor de eficiencia: <strong><a href=\"http:\/\/raed.academy\/academicos\/dr-francisco-javier-llovera-saez\/\" target=\"_blank\" rel=\"noopener\">Dr. Francisco J. Llovera<\/a><\/strong><\/li><li>Esperanza de vida, longevidad y funci\u00f3n cerebral: Dr. Jos\u00e9 Regidor<\/li><li>Nueva metodolog\u00eda para el tratamiento del TDAH mediante el ejercicio f\u00edsico: Dra. Zaira Santana<\/li><li>Virus transmitidos por alimentos: <a href=\"http:\/\/raed.academy\/academicos\/dr-albert-bosch-navarro\/\" target=\"_blank\" rel=\"noopener\"><strong>Dr. Albert Bosch<\/strong><\/a><\/li><\/ul><p><strong>Moderador<\/strong>: <a href=\"http:\/\/raed.academy\/academicos\/dra-m-dels-angels-calvo-torras\/\" target=\"_blank\" rel=\"noopener\"><strong>Dra. M. \u00c0ngels Calvo<\/strong><\/a><\/p><ul><li>Resistencias a los antimicrobianos y alimentaci\u00f3n animal: <a href=\"http:\/\/raed.academy\/academicos\/dra-m-dels-angels-calvo-torras\/\" target=\"_blank\" rel=\"noopener\"><strong>Dra. M. \u00c0ngels Calvo<\/strong><\/a><\/li><li>El tabaco, de producto deseado a producto maldito: <strong><a href=\"http:\/\/raed.academy\/academicos\/dr-jose-ramon-calvo-fernandez\/\" target=\"_blank\" rel=\"noopener\">Dr. Jos\u00e9 R. Calvo<\/a><\/strong><\/li><li>Avances en el conocimiento de la relaci\u00f3n entre el c\u00e1ncer y los estilos de vida: <strong><a href=\"http:\/\/raed.academy\/academicos\/dr-albert-biete-sola\/\" target=\"_blank\" rel=\"noopener\">Dr. Albert Biete<\/a><\/strong><\/li><li>La enfermedad calculosa urinaria: situaci\u00f3n actual de los nuevos paradigmas terap\u00e9uticos: <a href=\"http:\/\/raed.academy\/academicos\/dr-joaquim-gironella-coll\/\" target=\"_blank\" rel=\"noopener\"><strong>Dr. Joaquim Gironella<\/strong><\/a><\/li><li>\u00bfC\u00f3mo debemos enfocar el tratamiento mediante implantes dentales?: <a href=\"http:\/\/raed.academy\/academicos\/dr-carlos-aparicio-magallon\/\" target=\"_blank\" rel=\"noopener\"><strong>Dr. Carlos Aparicio<\/strong><\/a><\/li><\/ul><p><strong>Moderador<\/strong>: <a href=\"http:\/\/raed.academy\/academicos\/dr-albert-bosch-navarro\/\" target=\"_blank\" rel=\"noopener\"><strong>Dr. Albert Bosch<\/strong><\/a><\/p><h4>Otras ponencias<strong><br \/><\/strong><\/h4><ul><li>El cambio clim\u00e1tico y su comunicaci\u00f3n: factores determinantes: <strong>Dra. Cecilia Kindelan<\/strong><\/li><li>El concepto de productividad versus el de rentabilidad: una aproximaci\u00f3n a su cuantificaci\u00f3n: <a href=\"http:\/\/raed.academy\/academicos\/dr-jordi-marti-pidelaserra\/\" target=\"_blank\" rel=\"noopener\"><strong>Dr. Jordi Mart\u00ed<\/strong><\/a><\/li><li>Academic contributions in Asian tourism research: A bibliometric analysis: <a href=\"http:\/\/raed.academy\/academicos\/dr-onofre-martorell-cunill\/\" target=\"_blank\" rel=\"noopener\"><strong>Dr. Onofre Martorell<\/strong><\/a><\/li><li>Assess the relative advantages and disadvantages of absorption costing and activity based costing as alternative costing methods used to assess product costs. MSc Candidate LSE <strong>Alba Rocafort<\/strong><\/li><\/ul><p><strong>Conferencia de Clausura<\/strong>: La Bioingenier\u00eda en el tratamiento de la sordera profunda: <a href=\"http:\/\/raed.academy\/academicos\/dr-pedro-claros-blanch\/\" target=\"_blank\" rel=\"noopener\"><strong>Dr. Pedro Clar\u00f3s<\/strong><\/a><\/p><\/td><td class=\"imgEvento\">\u00a0<\/td><\/tr><\/tbody><\/table><h2 style=\"text-align: center;\">Septiembre 2017<\/h2><table class=\"tablaEventos\"><tbody><tr id=\"evento1409\"><td class=\"fecha-evento\">14 Septiembre<br \/>2017<\/td><td><h4>Ingreso como Acad\u00e9mico de N\u00famero: <a href=\"http:\/\/raed.academy\/academicos\/dr-borja-corcostegui-guraya\/\" target=\"_blank\" rel=\"noopener\">Borja Corc\u00f3stegui<\/a><\/h4><p><a href=\"http:\/\/raed.academy\/wp-content\/uploads\/2017\/09\/Discurso-ingreso-Borja-Corcostegui.pdf\" target=\"_blank\" rel=\"noopener\"><em>La Conquista Del Fondo Del Ojo<\/em><\/a><br \/>Discurso de contestaci\u00f3n: <a href=\"http:\/\/raed.academy\/academicos\/dr-pedro-claros-blanch\/\" target=\"_blank\" rel=\"noopener\"><strong>Pedro Clar\u00f3s Blanch<\/strong><\/a><\/p><\/td><td class=\"imgEvento\"><p>[gallery columns=\"1\" link=\"file\" ids=\"34548\"]<\/p><\/td><\/tr><\/tbody><\/table><h2 style=\"text-align: center;\">Octubre 2017<\/h2><table class=\"tablaEventos\"><tbody><tr><td class=\"fecha-evento\">26 Octubre<br \/>2017<\/td><td id=\"evento2610\"><h4>Ingreso como Acad\u00e9mico de N\u00famero: <a href=\"http:\/\/raed.academy\/academicos\/dr-juan-trias-de-bes\/\" target=\"_blank\" rel=\"noopener\">Juan Trias de Bes<\/a><\/h4><p>Discurso de ingreso: <a href=\"http:\/\/raed.academy\/wp-content\/uploads\/2017\/11\/discurso-ingreso-Juan-Trias-De-Bes.pdf\" target=\"_blank\" rel=\"noopener\"><em>Barcelona, galer\u00eda urbana<\/em><\/a><br \/>Discurso de contestaci\u00f3n: <a href=\"http:\/\/raed.academy\/academicos\/dr-jaime-rodrigo-de-larrucea\/\" target=\"_blank\" rel=\"noopener\"><strong>Jaime Rodrigo de Larrucea<\/strong><\/a><br \/>Lugar: Sal\u00f3n de actos de Fomento del Trabajo<\/p><\/td><td class=\"imgEvento\"><a href=\"http:\/\/raed.academy\/wp-content\/uploads\/2017\/10\/Juan-Trias-de-Bes-glEsp.jpg\"><img class=\"alignnone wp-image-36591 size-thumbnail\" src=\"http:\/\/raed.academy\/wp-content\/uploads\/2017\/10\/Juan-Trias-de-Bes-glEsp-150x150.jpg\" alt=\"Dr. Juan Trias de Bes, Acad\u00e9mico Numerario de la RAED\" width=\"150\" height=\"150\" \/><\/a><\/td><\/tr><tr><td class=\"fecha-evento\">30 Octubre<br \/>2017<\/td><td id=\"evento3010\"><h4>Ingreso como Acad\u00e9mico Correpondiente para M\u00e9xico: <a href=\"http:\/\/raed.academy\/academicos\/dr-jesus-gerardo-sotomayor-garza\/\" target=\"_blank\" rel=\"noopener\">Jes\u00fas Gerardo Sotomayor Garza<\/a><\/h4><p>Discurso de ingreso:<strong> <a href=\"http:\/\/raed.academy\/wp-content\/uploads\/2017\/11\/discurso-ingreso-Jesus-Gerardo-Sotomayor-Garza.pdf\" target=\"_blank\" rel=\"noopener\"><em>La influencia del derecho espa\u00f1ol en M\u00e9xico<\/em><\/a><\/strong><br \/>Discurso de contestaci\u00f3n: <a href=\"http:\/\/raed.academy\/academicos\/dr-jordi-marti-pidelaserra\/\" target=\"_blank\" rel=\"noopener\"><strong>Jordi Mart\u00ed Pidelaserra<\/strong><\/a><br \/>Lugar: Sala C de Fomento del Trabajo<\/p><\/td><td class=\"imgEvento\"><a href=\"http:\/\/raed.academy\/wp-content\/uploads\/2017\/10\/Jes\u00fas-Gerardo-Sotomayor-Garza.jpg\"><img class=\"aligncenter wp-image-36626 size-thumbnail\" src=\"http:\/\/raed.academy\/wp-content\/uploads\/2017\/10\/Jes\u00fas-Gerardo-Sotomayor-Garza-150x150.jpg\" alt=\"Dr. Jes\u00fas Gerardo Sotomayor Garza\" width=\"150\" height=\"150\" \/><\/a><\/td><\/tr><\/tbody><\/table><h2 style=\"text-align: center;\">Noviembre 2017<\/h2><table class=\"tablaEventos\"><tbody><tr id=\"evento0911\"><td class=\"fecha-evento\">9 Noviembre<br \/>2017<\/td><td><h4>Ingreso como Acad\u00e9mico Correspondiente: <a href=\"http:\/\/raed.academy\/academicos\/dr-joan-iglesias-capellas\/\" target=\"_blank\" rel=\"noopener\">Joan Iglesias Capellas<\/a><\/h4><p><a href=\"\/wp-content\/uploads\/2017\/11\/discurso-ingreso-Joan-Iglesias-Capellas-Delito-Fiscal-y-Proceso-Penal.pdf\" target=\"_blank\" rel=\"noopener\"><em>Delito fiscal y proceso penal: cr\u00f3nica de un desencuentro<\/em><\/a><br \/>Discurso de contestaci\u00f3n: <strong><a href=\"http:\/\/raed.academy\/academicos\/dr-emili-gironella-masgrau\/\" target=\"_blank\" rel=\"noopener\">Emili Gironella Masgrau<\/a><\/strong><br \/>Lugar: Sal\u00f3n de actos de Fomento del Trabajo<\/p><\/td><td class=\"imgEvento\"><a href=\"http:\/\/raed.academy\/wp-content\/uploads\/2017\/11\/Joan-Iglesias-Capellas-500px.jpg\"><img class=\"aligncenter size-thumbnail wp-image-37259\" src=\"http:\/\/raed.academy\/wp-content\/uploads\/2017\/11\/Joan-Iglesias-Capellas-500px-150x150.jpg\" alt=\"Acto de ingreso del Dr. Joan Iglesias Capellas\" width=\"150\" height=\"150\" \/><\/a><\/td><\/tr><tr id=\"evento2711\"><td class=\"fecha-evento\">27 Noviembre<br \/>2017<\/td><td><h3>Los debates de la Real Academia Europea de Doctores<br \/>Ciclo de Conferencias: \u201cPersonajes de la historia\u201d<\/h3><p>4\u00aa Conferencia: Centenario de un Premio Nobel: Camilo Jos\u00e9 Cela<\/p><p>Ponentes:<\/p><ul><li><strong>Julio P\u00e9rez Cela<\/strong>, Familiar (sobrino) de Camilo Jos\u00e9 Cela<\/li><li><strong>Adolfo Sotelo V\u00e1zquez<\/strong>, Catedr\u00e1tico de Historia de Literatura Espa\u00f1ola de la Universidad de Barcelona. Especialista en la obra de Camilo Jos\u00e9 Cela<\/li><li><strong>Marta Cristina Carbonell<\/strong>, Profesora Titular de Historia de la Literatura Espa\u00f1ola Moderna y Contempor\u00e1nea de la Universidad de Barcelona. Doctora en Filolog\u00eda Hisp\u00e1nica<\/li><\/ul><p>Moderador: <a href=\"http:\/\/raed.academy\/academicos\/dr-xabier-anoveros-trias-de-bes\/\" target=\"_blank\" rel=\"noopener\"><strong>Xabier A\u00f1overos Trias de Bes<\/strong><\/a>, Acad\u00e9mico de N\u00famero y Vicepresidente de la Real Academia Europea de Doctores<\/p><p>Lugar: Sal\u00f3n de actos de Fomento del Trabajo<\/p><h4>V\u00eddeo del debate<\/h4><p><iframe src=\"https:\/\/www.youtube.com\/embed\/YgvrVxjbVC0\" width=\"700\" height=\"300\" frameborder=\"0\" allowfullscreen=\"allowfullscreen\"><\/iframe><\/p><\/td><td class=\"imgEvento\"><p>[gallery link=\"file\" columns=\"1\" ids=\"38071,38070\"]<\/p><\/td><\/tr><tr id=\"evento3011\"><td class=\"fecha-evento\">30 Noviembre<br \/>2017<\/td><td><h3>Los debates de la Real Academia Europea de Doctores<br \/>Ciclo de conferencias de la Secci\u00f3n de C. Humanas<\/h3><p><em>1\u00aa Conferencia: Un apropament als conceptes d\u2019infinit<\/em><br \/>Ponentes:<\/p><ul><li><strong><a href=\"http:\/\/raed.academy\/academicos\/dr-david-jou-mirabent\/\" target=\"_blank\" rel=\"noopener\">David Jou Mirabent<\/a><\/strong>, Acad\u00e9mico de N\u00famero de la RAED y Catedr\u00e1tico de F\u00edsica de la UAB.<\/li><li><a href=\"http:\/\/raed.academy\/academicos\/excma-sra-dra-pilar-bayer-isant\/\" target=\"_blank\" rel=\"noopener\"><strong>Pilar Bayer Isant<\/strong><\/a>, Acad\u00e9mica de N\u00famero de la RAED y Catedr\u00e1tica de \u00c1lgebra de la UB.<\/li><li><strong>Antoni Prevosti Moncl\u00fas<\/strong>, Doctor en Filosof\u00eda y Profesor de la UB.<\/li><li><strong><a href=\"http:\/\/raed.academy\/academicos\/dr-josep-ignasi-saranyana-closa\/\" target=\"_blank\" rel=\"noopener\">Josep-Ignasi Saranyana Closa<\/a><\/strong>, Presidente de la Secci\u00f3n de Ciencias Humanas de la RAED y Doctor en Teolog\u00eda.<\/li><\/ul><p>Moderador: <strong><a href=\"http:\/\/raed.academy\/academicos\/dr-daniel-turbon-borrega\/\" target=\"_blank\" rel=\"noopener\">Daniel Turb\u00f3n Borrega<\/a><\/strong>, Acad\u00e9mico de N\u00famero de la RAED y Catedr\u00e1tico de Antropolog\u00eda F\u00edsica.<br \/>Lugar: Sal\u00f3n de actos de Fomento del Trabajo<\/p><h4>V\u00eddeo del debate<\/h4><p><iframe src=\"https:\/\/www.youtube.com\/embed\/zUSuQUr5kvI\" width=\"700\" height=\"300\" frameborder=\"0\" allowfullscreen=\"allowfullscreen\"><\/iframe><\/p><\/td><td class=\"imgEvento\"><p>[gallery link=\"file\" columns=\"1\" ids=\"38415,38414\"]<\/p><\/td><\/tr><\/tbody><\/table><h2 style=\"text-align: center;\">Diciembre 2017<\/h2><table class=\"tablaEventos\"><tbody><tr id=\"evento1212\"><td class=\"fecha-evento\">12 diciembre<br \/>2017<\/td><td><h4>Ingreso como Acad\u00e9mico de Honor: Llu\u00eds Cardenal Mart\u00ednez Sistach, Arzobispo Em\u00e9rito de Barcelona<\/h4><p><a href=\"http:\/\/raed.academy\/wp-content\/uploads\/2017\/12\/Discurso-ingreso-Cardenal-Lluis-Mart\u00ednez-Sistach.pdf\" target=\"_blank\" rel=\"noopener\"><em>La\u00efcitat i la\u00efcisme en l\u2019occident europeu<\/em><\/a><br \/>Discurso de contestaci\u00f3n: <a href=\"http:\/\/raed.academy\/academicos\/dr-francesc-torralba-rosello\/\" target=\"_blank\" rel=\"noopener\"><strong>Francesc Torralba Rosell\u00f3<\/strong><\/a><br \/>Lugar: Sal\u00f3n de actos de Fomento del Trabajo<\/p><\/td><td class=\"imgEvento\"><p>[gallery columns=\"1\" link=\"file\" ids=\"38779,38776\"]<\/p><\/td><\/tr><tr id=\"evento1812\"><td class=\"fecha-evento\">18 diciembre<br \/>2017<\/td><td><h4><a href=\"http:\/\/raed.academy\/concierto-de-piano-cristina-casale\/\">Concierto de piano por Cristina Casale<\/a><\/h4><p>Lugar: Palau de la M\u00fasica Catalana (Petit Palau). C\/ Palau de la M\u00fasica , 4-6 - Barcelona<br \/>Hora: 20.00h<\/p><\/td><td><p>[gallery columns=\"1\" link=\"file\" ids=\"39015\"]<\/p><\/td><\/tr><tr id=\"evento1912\"><td class=\"fecha-evento\">19 diciembre<br \/>2017<\/td><td><h4>Ingreso como Acad\u00e9mico Correspondiente: <a href=\"http:\/\/raed.academy\/academicos\/dr-luis-pons-puiggros\/\" target=\"_blank\" rel=\"noopener\">Llu\u00eds Pons Puiggr\u00f2s<\/a><\/h4><p><a href=\"http:\/\/raed.academy\/wp-content\/uploads\/2017\/12\/discurso-de-ingreso-Luis-Pons-Puiggros-Lo-Disruptivo-y-el-Futuro-Tecnologia-y-sociedad-en-el-siglo-XXI.pdf\" target=\"_blank\" rel=\"noopener\"><em>Lo disruptivo y el futuro: tecnolog\u00eda y sociedad en el siglo XXI<\/em><\/a><br \/>Discurso de contestaci\u00f3n: <a href=\"http:\/\/raed.academy\/academicos\/dr-jose-ramon-calvo-fernandez\/\" target=\"_blank\" rel=\"noopener\">Jos\u00e9 Ram\u00f3n Calvo Fern\u00e1ndez<\/a><br \/>Lugar: Sal\u00f3n de actos de Fomento del Trabajo<\/p><\/td><td><p>[gallery columns=\"1\" link=\"file\" ids=\"39182\"]<\/p><\/td><\/tr><tr id=\"evento1912b\"><td class=\"fecha-evento\">19 diciembre<br \/>2017<\/td><td><h4><a href=\"http:\/\/raed.academy\/mesa-mantel-amistad\/\">Cena de Navidad de la Real Academia Europea de Doctores<\/a><\/h4><p><em>Lugar: C\u00edrculo Ecuestre: C\/ Balmes, 169 Bis, 08006 Barcelona<br \/>Hora: 21.45h<\/em><\/p><\/td><td><p>[gallery columns=\"1\" link=\"file\" ids=\"39136\"]<\/p><\/td><\/tr><\/tbody><\/table><p><!-- Final de actividades2017 --><\/p><\/div><hr \/><div class=\"paginacion\"><a class=\"pgSiguiente\" href=\"https:\/\/raed.academy\/actividades\/historial-2018\/\">ACTIVIDADES 2018 \u276f<\/a><a class=\"pgAnterior\" href=\"http:\/\/raed.academy\/historial-2016\/\">\u276e ACTIVIDADES 2016<\/a><\/div>","_et_gb_content_width":"","footnotes":""},"class_list":["post-39760","page","type-page","status-publish","hentry"],"yoast_head":"<!-- This site is optimized with the Yoast SEO plugin v27.5 - https:\/\/yoast.com\/product\/yoast-seo-wordpress\/ -->\n<title>History of activities 2017 - Royal European Academy of Doctors<\/title>\n<meta name=\"robots\" content=\"index, follow, max-snippet:-1, max-image-preview:large, max-video-preview:-1\" \/>\n<link rel=\"canonical\" href=\"https:\/\/raed.academy\/en\/activities\/history-2017\/\" \/>\n<meta property=\"og:locale\" content=\"en_US\" \/>\n<meta property=\"og:type\" content=\"article\" \/>\n<meta property=\"og:title\" content=\"History of activities 2017 - Royal European Academy of Doctors\" \/>\n<meta property=\"og:description\" content=\"La RAED organiza y lleva a cabo una serie de actividades concentradas en mes y medio que contaron con la implicaci\u00f3n activa de numerosos acad\u00e9micos. Recepci\u00f3n de cuatro acad\u00e9micos correspondientes (Stavroula-Ina Piperaki para Grecia, Stephen Zeff y David B. Wilkins para Estados Unidos y Llu\u00eds Vicent Safont para Andorra) Mesa redonda sobre \u00abLa salida de [&hellip;]\" \/>\n<meta property=\"og:url\" content=\"https:\/\/raed.academy\/en\/activities\/history-2017\/\" \/>\n<meta property=\"og:site_name\" content=\"Royal European Academy of Doctors\" \/>\n<meta property=\"article:publisher\" content=\"http:\/\/fb.me\/raed.academy\" \/>\n<meta property=\"article:modified_time\" content=\"2019-06-03T16:52:08+00:00\" \/>\n<meta name=\"twitter:card\" content=\"summary_large_image\" \/>\n<meta name=\"twitter:site\" content=\"@raedacademy\" \/>\n<meta name=\"twitter:label1\" content=\"Est. reading time\" \/>\n\t<meta name=\"twitter:data1\" content=\"65 minutes\" \/>\n<script type=\"application\/ld+json\" class=\"yoast-schema-graph\">{\"@context\":\"https:\\\/\\\/schema.org\",\"@graph\":[{\"@type\":\"WebPage\",\"@id\":\"https:\\\/\\\/raed.academy\\\/en\\\/activities\\\/history-2017\\\/\",\"url\":\"https:\\\/\\\/raed.academy\\\/en\\\/activities\\\/history-2017\\\/\",\"name\":\"History of activities 2017 - Royal European Academy of Doctors\",\"isPartOf\":{\"@id\":\"https:\\\/\\\/raed.academy\\\/en\\\/#website\"},\"datePublished\":\"2018-01-11T18:11:49+00:00\",\"dateModified\":\"2019-06-03T16:52:08+00:00\",\"breadcrumb\":{\"@id\":\"https:\\\/\\\/raed.academy\\\/en\\\/activities\\\/history-2017\\\/#breadcrumb\"},\"inLanguage\":\"en-US\",\"potentialAction\":[{\"@type\":\"ReadAction\",\"target\":[\"https:\\\/\\\/raed.academy\\\/en\\\/activities\\\/history-2017\\\/\"]}]},{\"@type\":\"BreadcrumbList\",\"@id\":\"https:\\\/\\\/raed.academy\\\/en\\\/activities\\\/history-2017\\\/#breadcrumb\",\"itemListElement\":[{\"@type\":\"ListItem\",\"position\":1,\"name\":\"Inicio\",\"item\":\"https:\\\/\\\/raed.academy\\\/en\\\/\"},{\"@type\":\"ListItem\",\"position\":2,\"name\":\"Activities\",\"item\":\"https:\\\/\\\/raed.academy\\\/en\\\/activities\\\/\"},{\"@type\":\"ListItem\",\"position\":3,\"name\":\"History of activities 2017\"}]},{\"@type\":\"WebSite\",\"@id\":\"https:\\\/\\\/raed.academy\\\/en\\\/#website\",\"url\":\"https:\\\/\\\/raed.academy\\\/en\\\/\",\"name\":\"Royal European Academy of Doctors\",\"description\":\"Corporaci\u00f3n de derecho p\u00fablico de car\u00e1cter cient\u00edfico, t\u00e9cnico y art\u00edstico, que tiene por objeto la investigaci\u00f3n, el estudio, el fomento y la extensi\u00f3n del conocimiento en su sentido m\u00e1s amplio.\",\"publisher\":{\"@id\":\"https:\\\/\\\/raed.academy\\\/en\\\/#organization\"},\"potentialAction\":[{\"@type\":\"SearchAction\",\"target\":{\"@type\":\"EntryPoint\",\"urlTemplate\":\"https:\\\/\\\/raed.academy\\\/en\\\/?s={search_term_string}\"},\"query-input\":{\"@type\":\"PropertyValueSpecification\",\"valueRequired\":true,\"valueName\":\"search_term_string\"}}],\"inLanguage\":\"en-US\"},{\"@type\":\"Organization\",\"@id\":\"https:\\\/\\\/raed.academy\\\/en\\\/#organization\",\"name\":\"Real Academia Europea de Doctores\",\"url\":\"https:\\\/\\\/raed.academy\\\/en\\\/\",\"logo\":{\"@type\":\"ImageObject\",\"inLanguage\":\"en-US\",\"@id\":\"https:\\\/\\\/raed.academy\\\/en\\\/#\\\/schema\\\/logo\\\/image\\\/\",\"url\":\"https:\\\/\\\/raed.academy\\\/wp-content\\\/uploads\\\/2017\\\/01\\\/cropped-logo_raed.png\",\"contentUrl\":\"https:\\\/\\\/raed.academy\\\/wp-content\\\/uploads\\\/2017\\\/01\\\/cropped-logo_raed.png\",\"width\":512,\"height\":512,\"caption\":\"Real Academia Europea de Doctores\"},\"image\":{\"@id\":\"https:\\\/\\\/raed.academy\\\/en\\\/#\\\/schema\\\/logo\\\/image\\\/\"},\"sameAs\":[\"http:\\\/\\\/fb.me\\\/raed.academy\",\"https:\\\/\\\/x.com\\\/raedacademy\",\"https:\\\/\\\/www.instagram.com\\\/raed.academy\\\/\",\"https:\\\/\\\/www.youtube.com\\\/channel\\\/UCUYQwW2KrdirNWihxMDObwg\"]}]}<\/script>\n<!-- \/ Yoast SEO plugin. -->","yoast_head_json":{"title":"History of activities 2017 - Royal European Academy of Doctors","robots":{"index":"index","follow":"follow","max-snippet":"max-snippet:-1","max-image-preview":"max-image-preview:large","max-video-preview":"max-video-preview:-1"},"canonical":"https:\/\/raed.academy\/en\/activities\/history-2017\/","og_locale":"en_US","og_type":"article","og_title":"History of activities 2017 - Royal European Academy of Doctors","og_description":"La RAED organiza y lleva a cabo una serie de actividades concentradas en mes y medio que contaron con la implicaci\u00f3n activa de numerosos acad\u00e9micos. Recepci\u00f3n de cuatro acad\u00e9micos correspondientes (Stavroula-Ina Piperaki para Grecia, Stephen Zeff y David B. Wilkins para Estados Unidos y Llu\u00eds Vicent Safont para Andorra) Mesa redonda sobre \u00abLa salida de [&hellip;]","og_url":"https:\/\/raed.academy\/en\/activities\/history-2017\/","og_site_name":"Royal European Academy of Doctors","article_publisher":"http:\/\/fb.me\/raed.academy","article_modified_time":"2019-06-03T16:52:08+00:00","twitter_card":"summary_large_image","twitter_site":"@raedacademy","twitter_misc":{"Est. reading time":"65 minutes"},"schema":{"@context":"https:\/\/schema.org","@graph":[{"@type":"WebPage","@id":"https:\/\/raed.academy\/en\/activities\/history-2017\/","url":"https:\/\/raed.academy\/en\/activities\/history-2017\/","name":"History of activities 2017 - Royal European Academy of Doctors","isPartOf":{"@id":"https:\/\/raed.academy\/en\/#website"},"datePublished":"2018-01-11T18:11:49+00:00","dateModified":"2019-06-03T16:52:08+00:00","breadcrumb":{"@id":"https:\/\/raed.academy\/en\/activities\/history-2017\/#breadcrumb"},"inLanguage":"en-US","potentialAction":[{"@type":"ReadAction","target":["https:\/\/raed.academy\/en\/activities\/history-2017\/"]}]},{"@type":"BreadcrumbList","@id":"https:\/\/raed.academy\/en\/activities\/history-2017\/#breadcrumb","itemListElement":[{"@type":"ListItem","position":1,"name":"Inicio","item":"https:\/\/raed.academy\/en\/"},{"@type":"ListItem","position":2,"name":"Activities","item":"https:\/\/raed.academy\/en\/activities\/"},{"@type":"ListItem","position":3,"name":"History of activities 2017"}]},{"@type":"WebSite","@id":"https:\/\/raed.academy\/en\/#website","url":"https:\/\/raed.academy\/en\/","name":"Royal European Academy of Doctors","description":"Corporaci\u00f3n de derecho p\u00fablico de car\u00e1cter cient\u00edfico, t\u00e9cnico y art\u00edstico, que tiene por objeto la investigaci\u00f3n, el estudio, el fomento y la extensi\u00f3n del conocimiento en su sentido m\u00e1s amplio.","publisher":{"@id":"https:\/\/raed.academy\/en\/#organization"},"potentialAction":[{"@type":"SearchAction","target":{"@type":"EntryPoint","urlTemplate":"https:\/\/raed.academy\/en\/?s={search_term_string}"},"query-input":{"@type":"PropertyValueSpecification","valueRequired":true,"valueName":"search_term_string"}}],"inLanguage":"en-US"},{"@type":"Organization","@id":"https:\/\/raed.academy\/en\/#organization","name":"Real Academia Europea de Doctores","url":"https:\/\/raed.academy\/en\/","logo":{"@type":"ImageObject","inLanguage":"en-US","@id":"https:\/\/raed.academy\/en\/#\/schema\/logo\/image\/","url":"https:\/\/raed.academy\/wp-content\/uploads\/2017\/01\/cropped-logo_raed.png","contentUrl":"https:\/\/raed.academy\/wp-content\/uploads\/2017\/01\/cropped-logo_raed.png","width":512,"height":512,"caption":"Real Academia Europea de Doctores"},"image":{"@id":"https:\/\/raed.academy\/en\/#\/schema\/logo\/image\/"},"sameAs":["http:\/\/fb.me\/raed.academy","https:\/\/x.com\/raedacademy","https:\/\/www.instagram.com\/raed.academy\/","https:\/\/www.youtube.com\/channel\/UCUYQwW2KrdirNWihxMDObwg"]}]}},"_links":{"self":[{"href":"https:\/\/raed.academy\/en\/wp-json\/wp\/v2\/pages\/39760","targetHints":{"allow":["GET"]}}],"collection":[{"href":"https:\/\/raed.academy\/en\/wp-json\/wp\/v2\/pages"}],"about":[{"href":"https:\/\/raed.academy\/en\/wp-json\/wp\/v2\/types\/page"}],"author":[{"embeddable":true,"href":"https:\/\/raed.academy\/en\/wp-json\/wp\/v2\/users\/16"}],"replies":[{"embeddable":true,"href":"https:\/\/raed.academy\/en\/wp-json\/wp\/v2\/comments?post=39760"}],"version-history":[{"count":0,"href":"https:\/\/raed.academy\/en\/wp-json\/wp\/v2\/pages\/39760\/revisions"}],"up":[{"embeddable":true,"href":"https:\/\/raed.academy\/en\/wp-json\/wp\/v2\/pages\/34051"}],"wp:attachment":[{"href":"https:\/\/raed.academy\/en\/wp-json\/wp\/v2\/media?parent=39760"}],"curies":[{"name":"wp","href":"https:\/\/api.w.org\/{rel}","templated":true}]}}