{"id":135065,"date":"2023-07-04T10:18:10","date_gmt":"2023-07-04T10:18:10","guid":{"rendered":"https:\/\/raed.academy\/?page_id=135065"},"modified":"2025-10-15T11:39:04","modified_gmt":"2025-10-15T11:39:04","slug":"extraordinary-ambassador","status":"publish","type":"page","link":"https:\/\/raed.academy\/en\/extraordinary-ambassador\/","title":{"rendered":"Extraordinary Ambassador of the Royal European Academy of Doctors"},"content":{"rendered":"<p>[et_pb_section fb_built=&#8221;1&#8243; admin_label=&#8221;Nueva secci\u00f3n con Paralax&#8221; _builder_version=&#8221;4.27.4&#8243; _module_preset=&#8221;default&#8221; background_image=&#8221;https:\/\/raed.academy\/wp-content\/uploads\/2025\/10\/fondo-Inauguracion-sede-academia-RAD-RAED-birrete-baston-guantes-1.5.webp&#8221; parallax=&#8221;on&#8221; parallax_method=&#8221;off&#8221; locked=&#8221;off&#8221; global_colors_info=&#8221;{}&#8221;][et_pb_row custom_padding_last_edited=&#8221;on|desktop&#8221; _builder_version=&#8221;4.27.4&#8243; _module_preset=&#8221;default&#8221; background_color=&#8221;rgba(255,255,255,0.85)&#8221; width=&#8221;95%&#8221; max_width=&#8221;650px&#8221; custom_margin=&#8221;|25px|||false|false&#8221; custom_margin_tablet=&#8221;|auto||auto|false|false&#8221; custom_margin_phone=&#8221;|auto||auto|false|false&#8221; custom_margin_last_edited=&#8221;on|tablet&#8221; custom_padding=&#8221;30px|30px|30px|30px|false|false&#8221; custom_padding_tablet=&#8221;||||false|false&#8221; custom_padding_phone=&#8221;||||false|false&#8221; animation_style=&#8221;flip&#8221; global_colors_info=&#8221;{}&#8221;][et_pb_column type=&#8221;4_4&#8243; _builder_version=&#8221;4.17.0&#8243; _module_preset=&#8221;default&#8221; global_colors_info=&#8221;{}&#8221;][et_pb_post_title meta=&#8221;off&#8221; featured_image=&#8221;off&#8221; admin_label=&#8221;T\u00edtulo de publicaci\u00f3n&#8221; _builder_version=&#8221;4.27.4&#8243; _module_preset=&#8221;default&#8221; title_font_size=&#8221;37px&#8221; background_enable_color=&#8221;off&#8221; title_font_size_tablet=&#8221;37px&#8221; title_font_size_phone=&#8221;26px&#8221; title_font_size_last_edited=&#8221;on|phone&#8221; locked=&#8221;off&#8221; global_colors_info=&#8221;{}&#8221;][\/et_pb_post_title][et_pb_text admin_label=&#8221;Detalles evento&#8221; _builder_version=&#8221;4.27.4&#8243; _module_preset=&#8221;default&#8221; text_font_size=&#8221;19px&#8221; background_enable_color=&#8221;off&#8221; locked=&#8221;off&#8221; global_colors_info=&#8221;{}&#8221;]<\/p>\n<p>Individuals and organizations committed to working toward the RAED&#8217;s mission through actions and collaborations that allow us to create synergies, grow, and expand.<\/p>\n<p>[\/et_pb_text][\/et_pb_column][\/et_pb_row][et_pb_row _builder_version=&#8221;4.27.4&#8243; _module_preset=&#8221;default&#8221; background_color=&#8221;rgba(255,255,255,0.85)&#8221; custom_margin=&#8221;100px||||false|false&#8221; custom_padding=&#8221;30px|30px|30px|30px|false|false&#8221; global_colors_info=&#8221;{}&#8221;][et_pb_column type=&#8221;4_4&#8243; _builder_version=&#8221;4.27.4&#8243; _module_preset=&#8221;default&#8221; global_colors_info=&#8221;{}&#8221;][et_pb_text admin_label=&#8221;Descripci\u00f3n de la figura de Embajador Extraordinario&#8221; _builder_version=&#8221;4.27.4&#8243; _module_preset=&#8221;default&#8221; global_colors_info=&#8221;{}&#8221;]<\/p>\n<p>In an increasingly interconnected and globalized world, the importance of academic diplomacy cannot be underestimated. Country ambassadors play a crucial role in fostering international relations and strengthening collaboration between nations. Likewise, in the academic field, our extraordinary ambassadors stand as representatives of intellectual excellence, the pursuit of knowledge and the promotion of fundamental academic values.<\/p>\n<p>The figure of an Extraordinary Ambassador of the Royal European Academy of Doctors merges these two worlds uniquely. Like an ambassador for a country, this title carries significant responsibility. Our Extraordinary Ambassadors are not only professionals, academics and experts in their fields, but they also act as a bridge between our institution and the outside world. They are ambassadors of innovative research, critical thinking and respect for knowledge.<\/p>\n<p>By awarding this degree, we are not only honoring an exceptional individual, but we are also reaffirming our commitment to promoting scholarship and international collaboration. Our Extraordinary Ambassadors represent the diversity of disciplines, cultures and perspectives that enrich our Academy, and are ambassadors of unity in diversity.<\/p>\n<p>In this new chapter of our history, I urge the academic community to support and collaborate closely with our Extraordinary Ambassadors, who will carry our banner of academic excellence around the world. Together, we can promote a global dialogue in search of knowledge and contribute to the progress of society through research and education.<\/p>\n<p>The Royal European Academy of Doctors (RAED) stands as a beacon of wisdom and excellence on the international intellectual scene. Founded in the distant year of 1914, this venerable public law institution has woven a rich and centuries-old history.<\/p>\n<p>Its members, a unique amalgam of distinguished academics and professors, embrace a kaleidoscope of disciplines, encompassing the most diverse branches of human knowledge.<\/p>\n<p>At the dawn of the 21st century, the RAED embarked on an exciting journey towards modernity. In a world that is evolving by leaps and bounds towards the digital, the technological and the global, this institution was not left behind. It underwent a complete metamorphosis, adapting to rapidly changing times. It has incorporated bold strategic communication and development tools, skillfully navigating the waters of the technological revolution.<\/p>\n<p>But the transformation of the RAED was not limited to the superficial. Its ranks have been enriched by the addition of brilliant minds from around the world, including nineteen Nobel Prize-winning academics. This range of talent and experience has brought new life and vigor to the institution, taking it to even higher horizons.<\/p>\n<p>In 2018, the RAED took a momentous step by creating its Foundation. This entity, imbued with the mission of bringing the vast treasure of knowledge guarded by the Academy to society as a whole, has become a beacon of intellectual illumination. Its purpose is to empower society, offering solid support to the various activities and projects carried out by the Academy.<\/p>\n<p>The Royal European Academy of Doctors stands as an outstanding &#8220;think tank&#8221;, a kind of renowned intellectual crucible that manages academic knowledge with a constant search for excellence. Its influence is felt positively in society, as well as in business and political spheres, both at national, European and international levels.<\/p>\n<p>The appointment of an Extraordinary Ambassador is a testament to the importance we place on the power of education, research and global collaboration.<\/p>\n<p>I ask the entire Academy to join us in this historic moment and look forward to the positive impact our Extraordinary Ambassadors will have in promoting our mission and values.<\/p>\n<p>[\/et_pb_text][\/et_pb_column][\/et_pb_row][et_pb_row _builder_version=&#8221;4.27.4&#8243; _module_preset=&#8221;default&#8221; max_width=&#8221;1400px&#8221; global_colors_info=&#8221;{}&#8221;][et_pb_column type=&#8221;4_4&#8243; _builder_version=&#8221;4.27.4&#8243; _module_preset=&#8221;default&#8221; global_colors_info=&#8221;{}&#8221;][et_pb_heading title=&#8221;Extraordinary Ambassadors Forum&#8221; admin_label=&#8221;ttl Extraordinary Ambassadors Forum&#8221; _builder_version=&#8221;4.27.4&#8243; _module_preset=&#8221;default&#8221; title_level=&#8221;h2&#8243; title_font=&#8221;||on||||||&#8221; title_font_size=&#8221;40px&#8221; background_color=&#8221;rgba(255,255,255,0.85)&#8221; custom_margin=&#8221;80px||30px||false|false&#8221; custom_padding=&#8221;12px|12px|12px|12px|false|false&#8221; title_font_size_tablet=&#8221;40px&#8221; title_font_size_phone=&#8221;30px&#8221; title_font_size_last_edited=&#8221;on|desktop&#8221; custom_css_main_element=&#8221;display: inline-block;&#8221; custom_css_free_form=&#8221;h2 {margin-top:10px;}&#8221; global_colors_info=&#8221;{}&#8221;][\/et_pb_heading][et_pb_code admin_label=&#8221;C\u00f3digo cajas circulares&#8221; _builder_version=&#8221;4.27.4&#8243; _module_preset=&#8221;default&#8221; hover_enabled=&#8221;0&#8243; locked=&#8221;off&#8221; global_colors_info=&#8221;{}&#8221; sticky_enabled=&#8221;0&#8243;]<\/p>\n<div id=\"embajadores-cj-circular\" style=\"margin-top: 40px; display: grid; gap: 40px 20px; justify-content: center; grid-template-columns: repeat(auto-fit, minmax(240px, 1fr)); max-width: 1200px; margin: 40px auto; padding: 0 10px;\"><!-- [et_pb_line_break_holder] --><!-- [et_pb_line_break_holder] --><\/p>\n<div class=\"caja-circular\"><!-- [et_pb_line_break_holder] --><a href=\"#\" target=\"_blank\" rel=\"noopener noreferrer\"><img loading=\"lazy\" decoding=\"async\" class=\"circular\" src=\"https:\/\/raed.academy\/wp-content\/uploads\/2025\/10\/Mustapha-Achoubane-dic_2023-200px-1.00.jpg\" alt=\"Mustapha Achoubane\" width=\"190\" height=\"190\" \/><!-- [et_pb_line_break_holder] --><\/p>\n<div class=\"txt-circular\">\n<h3>Mustapha Achoubane<\/h3>\n<p>Senior Advisor to the President. Florida Polytechnic University<\/p><\/div>\n<p><\/a><\/div>\n<p><!-- [et_pb_line_break_holder] -->  <!-- [et_pb_line_break_holder] --><\/p>\n<div class=\"caja-circular\"><!-- [et_pb_line_break_holder] --><a href=\"https:\/\/raed.academy\/en\/academicians\/sr-ildefonso-garcia-serena\/\" target=\"_blank\" rel=\"noopener noreferrer\"><img loading=\"lazy\" decoding=\"async\" class=\"circular alignnone wp-image-743 size-full\" src=\"https:\/\/raed.academy\/wp-content\/uploads\/2025\/10\/Ildefonso-Garcia-Serena-12_2023-200px-1.00.jpg\" sizes=\"(max-width: 200px) 100vw, 200px\" srcset=\"https:\/\/raed.academy\/wp-content\/uploads\/2025\/10\/Ildefonso-Garcia-Serena-12_2023-200px-1.00.jpg 150w\" alt=\"Ildefonso Garc\u00eda Serena\" width=\"190\" height=\"190\" \/><!-- [et_pb_line_break_holder] --><\/p>\n<div class=\"txt-circular\">\n<h3>Ildefonso Garc\u00eda Serena<\/h3>\n<p>Dean em. from the College of Marketing and Communication of Catalonia<\/p><\/div>\n<p><\/a><\/div>\n<p><!-- [et_pb_line_break_holder] -->  <!-- [et_pb_line_break_holder] --><\/p>\n<div class=\"caja-circular\"><!-- [et_pb_line_break_holder] --><a href=\"#\" target=\"_blank\" rel=\"noopener noreferrer\"><img loading=\"lazy\" decoding=\"async\" class=\"circular\" src=\"https:\/\/raed.academy\/wp-content\/uploads\/2025\/10\/Carmen-Fabeka-Lebron-Pereyra-12_2023-200px-1.00.jpg\" alt=\"Carmen Fabeka Lebron Pereyra\" width=\"190\" height=\"190\" \/><!-- [et_pb_line_break_holder] --><\/p>\n<div class=\"txt-circular\">\n<h3>Carmen Fabeka Lebron Pereyra<\/h3>\n<p>Founder of the first university specializing in business and economics and of Barna Business School (Dominican Republic)<\/p><\/div>\n<p><\/a><\/div>\n<p><!-- [et_pb_line_break_holder] -->  <!-- [et_pb_line_break_holder] --><\/p>\n<div class=\"caja-circular\"><!-- [et_pb_line_break_holder] --><a href=\"https:\/\/raed.academy\/en\/academicians\/sr-didac-lee\/\" target=\"_blank\" rel=\"noopener noreferrer\"><img loading=\"lazy\" decoding=\"async\" class=\"circular\" src=\"https:\/\/raed.academy\/wp-content\/uploads\/2025\/10\/Didac-Lee-200px-1.00.jpg\" alt=\"D\u00eddac Lee\" width=\"190\" height=\"190\" \/><!-- [et_pb_line_break_holder] --><\/p>\n<div class=\"txt-circular\">\n<h3>D\u00eddac Lee<\/h3>\n<p>Entrepreneur and Technological Investor from Figueres, Divemaster and Doctor Honoris Causa from the Siglo 21 University<\/p><\/div>\n<p><\/a><\/div>\n<p><!-- [et_pb_line_break_holder] --><!-- [et_pb_line_break_holder] --><\/p>\n<div class=\"caja-circular\"><!-- [et_pb_line_break_holder] --><a href=\"#\" target=\"_blank\" rel=\"noopener noreferrer\"><img loading=\"lazy\" decoding=\"async\" class=\"\" src=\"https:\/\/raed.academy\/wp-content\/uploads\/2025\/10\/Salimata-NDia-acto-de-recepcion-de-Embajadores-RAED-12_2023-200px-1.00.jpg\" alt=\"Salimata N'Dia\" width=\"190\" height=\"190\" \/><!-- [et_pb_line_break_holder] --><\/p>\n<div class=\"txt-circular\">\n<h3>Salimata N\u2019Dia<\/h3>\n<p>Entrepreneur, patron, Graduate in Law, Senior Business Management Program, MDE Business School and IESE Barcelona<\/p><\/div>\n<p><\/a><\/div>\n<p><!-- [et_pb_line_break_holder] -->  <!-- [et_pb_line_break_holder] --><\/p>\n<div class=\"caja-circular\"><!-- [et_pb_line_break_holder] --><a href=\"#\" target=\"_blank\" rel=\"noopener noreferrer\"><img loading=\"lazy\" decoding=\"async\" class=\"circular\" src=\"https:\/\/raed.academy\/wp-content\/uploads\/2025\/10\/Liling-Qi-Zhou-200px-1.00.jpg\" alt=\"Liling Qi Zhou\" width=\"190\" height=\"190\" \/><!-- [et_pb_line_break_holder] --><\/p>\n<div class=\"txt-circular\">\n<h3>Liling Qi Zhou<\/h3>\n<p>President of Puentechina Espa\u00f1a Comercio<\/p><\/div>\n<p><\/a><\/div>\n<p><!-- [et_pb_line_break_holder] -->  <!-- [et_pb_line_break_holder] --><\/p>\n<div class=\"caja-circular\"><!-- [et_pb_line_break_holder] --><a href=\"https:\/\/raed.academy\/en\/academicians\/sr-gabriel-masfurroll-lacambra\/\" target=\"_blank\" rel=\"noopener noreferrer\"><img loading=\"lazy\" decoding=\"async\" class=\"circular\" src=\"https:\/\/raed.academy\/wp-content\/uploads\/2025\/10\/Gabriel-Masfurroll-Lacambra-200px-1.00.jpg\" alt=\"Gabriel Masfurroll Lacambra\" width=\"190\" height=\"190\" \/><!-- [et_pb_line_break_holder] --><\/p>\n<div class=\"txt-circular\">\n<h3>Gabriel Masfurroll Lacambra<\/h3>\n<p>President of the Mi Clinics Group and founder of the Mi Alex Foundation<\/p><\/div>\n<p><\/a><\/div>\n<p><!-- [et_pb_line_break_holder] -->  <!-- [et_pb_line_break_holder] --><\/p>\n<div class=\"caja-circular\"><a href=\"https:\/\/www.graficasrey.com\/\" target=\"_blank\" rel=\"noopener noreferrer\"><img loading=\"lazy\" decoding=\"async\" class=\"circular\" src=\"https:\/\/raed.academy\/wp-content\/uploads\/2025\/10\/Eugenio-Rey-Lopez-12_2023-200px-1.00.jpg\" alt=\"Eugenio Rey Lopez\" width=\"190\" height=\"190\" \/><!-- [et_pb_line_break_holder] --><\/p>\n<div class=\"txt-circular\">\n<h3>Ediciones Gr\u00e1ficas Rey (Eugenio Rey L\u00f3pez)<\/h3>\n<p>Graphic Communication Company. President: Eugenio Rey L\u00f3pez<\/p><\/div>\n<p><\/a><\/div>\n<p><!-- [et_pb_line_break_holder] --><!-- [et_pb_line_break_holder] --><\/div>\n<p><!-- #equipo -->[\/et_pb_code][\/et_pb_column][\/et_pb_row][\/et_pb_section]<\/p>\n","protected":false},"excerpt":{"rendered":"<p>Individuals and organizations committed to working toward the RAED&#8217;s mission through actions and collaborations that allow us to create synergies, grow, and expand.In an increasingly interconnected and globalized world, the importance of academic diplomacy cannot be underestimated. Country ambassadors play a crucial role in fostering international relations and strengthening collaboration between nations. Likewise, in the [&hellip;]<\/p>\n","protected":false},"author":16,"featured_media":106239,"parent":0,"menu_order":0,"comment_status":"closed","ping_status":"closed","template":"page-template-fullwidth.php","meta":{"_et_pb_use_builder":"on","_et_pb_old_content":"<h2>Presentation<\/h2>\r\nThe Royal European Academy of Doctors (RAED) has been active for more than a century as a body governed by public law. Founded in 1914, its membership includes a uniquely diverse and prestigious group of university professors and other academics from a wide range of fields. The recent history of this illustrious organization has seen comprehensive reforms designed to adapt it to a new, digital, technological and globalized society. It has incorporated new strategic tools for communication and development, and admitted European and American academics and scientists, including nineteen Nobel laureates. The Foundation was created in 2018, with a mission to disseminate the knowledge of which we are custodians among society at large, and foster its support of the RAED\u2019s activities.\r\n\r\nThe RAED is also a prestigious think tank, which manages academic knowledge on a basis of excellence and positive impact on society, including the business community and the world of national, European and international politics. As part of the organization\u2019s efforts to prosper, both globally and in terms of its structure and international representation, it has created the post of Extraordinary Ambassador of the RAED.\r\n<h3>The Extraordinary Ambassador\u2019s Forum<\/h3>\r\nThe Extraordinary Ambassador\u2019s Forum is a new body falling under the auspices of the RAED\u2019s Institute of Cooperation and International Relations (ICI). It includes national and international figures and organizations that take on a commitment to work for the mission of the Academy and its Foundation; with actions, projects and collaboration initiatives that allow us to create synergies, grow and expand.\r\n<h3>The Extraordinary Ambassador<\/h3>\r\nThe person or body appointed Extraordinary Ambassador of the RAED is to be proposed by the ICI (Institute of Cooperation and International Relations of the RAED) and approved by its governing board. Those wishing to be considered as candidates should submit a letter of application and detailed academic and personal curriculum vitae. If the aspirant is a company or organization, the application should include a copy of its statutes or articles of association, details of its organizational or commercial history, and a covering letter from its highest representative.\r\n\r\nThe Extraordinary Ambassador shall be familiar with the functions, rights and limitations that the post entails, and commit to uphold them honestly and unequivocally, in accordance with the joining agreement forming an integral part of this document, hereinafter referred to collectively as \u201cthe agreement\u201d.\r\n<h3>Mission of the Extraordinary Ambassador<\/h3>\r\nThe Extraordinary Ambassador shall promote the interests of the RAED, while establishing relationships with governments, influential persons and other bodies and organizations, with a view to disseminating knowledge of the activities of the RAED and its Foundation regarding all aspects of advances in the arts and sciences, health and technology.\r\n\r\nThe mission shall include submission to the chair of the RAED\u2019s Institute of International Cooperation (ICI), by the Extraordinary Ambassador, of an annual written report detailing the activities proposed as part of the Ambassador\u2019s assigned functions and the needs and interests of the Royal European Academy of Doctors and its Foundation.\r\n<h3>Rights of the Extraordinary Ambassador<\/h3>\r\n<ul>\r\n \t<li>The Ambassador shall be publicly recognized every year at an event held at the headquarters of the RAED, which shall include the award of a medal and of a diploma bestowing accreditation as Extraordinary Ambassador of the RAED.<\/li>\r\n \t<li>The Ambassador shall have priority access to the activities of the RAED and its Foundation, and shall occupy a reserved seat of honour at the institution\u2019s events. The Ambassador shall also receive a copy of all publications released, and shall be assigned a special chapter in the RAED\u2019s annual report.<\/li>\r\n \t<li>The Ambassador shall be entitled to propose new members of the Academy and submit proposals to the governing board regarding those activities that the Ambassador deems appropriate for fulfilment of the institution\u2019s purposes, referring where necessary to the membership of the Ambassador\u2019s Forum.<\/li>\r\n \t<li>The Ambassador shall be interviewed personally for publication in the Newsletter, and shall be assigned a new \u201cExtraordinary Ambassadors\u201d page on the RAED website.<\/li>\r\n \t<li>The Ambassador shall produce articles on particular areas of knowledge and on activities relating to this professional appointment, and also regarding the Ambassador\u2019s own company or organization, which are to appear on the RAED website and in its printed publications.<\/li>\r\n \t<li>The Ambassador shall be invited to exercise lectureships organized by the RAED and its Foundation, and may participate in the writing of unpublished articles and in the development of initiatives falling within the framework of outreach projects carried out by the RAED and its Foundation.<\/li>\r\n \t<li>The RAED and its Foundation shall invite the Ambassador to public and private events designed to establish new relationships and promote networking.<\/li>\r\n \t<li>The Ambassador shall encourage scientific collaboration and may invite members of the RAED and its Foundation to participate in projects and initiatives that the Ambassador promotes as part of the assigned functions.<\/li>\r\n<\/ul>\r\n<h3>Governance<\/h3>\r\nThe presidency of the Forum of the Extraordinary Ambassador shall be held by the chair of the RAED\u2019s Institute for International Cooperation, while the general secretary shall be the Ambassador holding most seniority by date of appointment. The mandate of the chair of the forum shall be ex officio, and that of the general secretary two years; renewable for a further two.\r\n<h2>Joining agreement of the Extraordinary Ambassador of the RAED and its Foundation<\/h2>\r\n<h3>Objectives<\/h3>\r\nThe main purpose of this agreement is to establish the requirements for forming part of the Forum of the Extraordinary Ambassador of the RAED and of its Foundation.\r\n\r\nUpon signing the agreement, the Ambassador affirms having read it and understood it, and undertakes to fulfil it.\r\n<h3>Economic contribution<\/h3>\r\nOnce the appointment of the candidate as Ambassador of the RAED has been ratified by the governing board, and after formal communication of acceptance, the individual named as Ambassador shall deposit a donation, in the account of the RAED Foundation, of six thousand euros (\u20ac6,000), or of ten thousand euros (\u20ac10,000) if the Ambassador is a company or organization, and shall then receive the corresponding certificate for tax purposes.\r\n\r\nFrom the second year onwards, the annual donation shall total 50% of the amount donated in the first year.\r\n<h3>Code of ethics<\/h3>\r\nThe code of ethics of the Extraordinary Ambassador of the RAED and its Foundation shall include the following undertakings:\r\n<ol>\r\n \t<li>To act in accordance with the founding mission of the RAED.<\/li>\r\n \t<li>To support and promote the initiatives of the RAED and the projects of its Foundation.<\/li>\r\n \t<li>To act honestly and in accordance with the RAED\u2019s guidelines.<\/li>\r\n \t<li>Not to make misleading or inaccurate statements or representations regarding the RAED and its Foundation.<\/li>\r\n \t<li>To prioritise attendance at RAED events.<\/li>\r\n \t<li>To identify and promote the RAED in the course of its relations and cooperation.<\/li>\r\n \t<li>To make proper use the name of the RAED and its Foundation.<\/li>\r\n \t<li>To create links and establish relationships with other organizations and individuals with a view to recruiting further Extraordinary Ambassadors.<\/li>\r\n \t<li>To generate content and valuable ideas for publication and dissemination via the RAED.<\/li>\r\n \t<li>To participate in the group of Extraordinary Ambassadors promoting progress of the RAED.<\/li>\r\n \t<li>Not to assign rights or obligations as Ambassador under the terms of this agreement without first obtaining written consent from the RAED to do so.<\/li>\r\n<\/ol>\r\nAll and any violation of the above code of ethics may result in corresponding measures, including but not limited to termination as Extraordinary Ambassador.\r\n<h3>Use of the brand<\/h3>\r\nThe RAED must previously approve, in writing and as applicable, all and any use of its corporate image and distinctive branding, as well as the scope of possible participation by the Extraordinary Ambassador in events or activities of a public nature.\r\n<h3>Privacy<\/h3>\r\nThe Extraordinary Ambassador authorizes the RAED to disclose the Ambassador\u2019s contact details to other members of the Forum and of the RAED, with a view to establishing new relationships and promoting networking.\r\n\r\nThe Extraordinary Ambassador of the RAED shall be identified as such whenever possible.\r\n<h3>Termination<\/h3>\r\nThe Extraordinary Ambassador may resign from the post by corresponding written submission to the chair of the RAED\u2019s Institute of International Cooperation.\r\n\r\nThe RAED shall terminate the agreement if it is not renewed, or if the Ambassador fails to abide by its terms and conditions.\r\n<h3>Applicable law<\/h3>\r\nThis agreement shall be subject to the laws of the Kingdom of Spain.\r\n<h3>Entry into effect<\/h3>\r\nThis agreement shall enter into effect upon being signed.","_et_gb_content_width":"","footnotes":""},"class_list":["post-135065","page","type-page","status-publish","has-post-thumbnail","hentry"],"yoast_head":"<!-- This site is optimized with the Yoast SEO plugin v27.4 - https:\/\/yoast.com\/product\/yoast-seo-wordpress\/ -->\n<title>Extraordinary Ambassador of the Royal European Academy of Doctors - Royal European Academy of Doctors<\/title>\n<meta name=\"robots\" content=\"index, follow, max-snippet:-1, max-image-preview:large, max-video-preview:-1\" \/>\n<link rel=\"canonical\" href=\"https:\/\/raed.academy\/en\/extraordinary-ambassador\/\" \/>\n<meta property=\"og:locale\" content=\"en_US\" \/>\n<meta property=\"og:type\" content=\"article\" \/>\n<meta property=\"og:title\" content=\"Extraordinary Ambassador of the Royal European Academy of Doctors - Royal European Academy of Doctors\" \/>\n<meta property=\"og:description\" content=\"La RAED organiza y lleva a cabo una serie de actividades concentradas en mes y medio que contaron con la implicaci\u00f3n activa de numerosos acad\u00e9micos. Recepci\u00f3n de cuatro acad\u00e9micos correspondientes (Stavroula-Ina Piperaki para Grecia, Stephen Zeff y David B. Wilkins para Estados Unidos y Llu\u00eds Vicent Safont para Andorra) Mesa redonda sobre \u00abLa salida de [&hellip;]\" \/>\n<meta property=\"og:url\" content=\"https:\/\/raed.academy\/en\/extraordinary-ambassador\/\" \/>\n<meta property=\"og:site_name\" content=\"Royal European Academy of Doctors\" \/>\n<meta property=\"article:publisher\" content=\"http:\/\/fb.me\/raed.academy\" \/>\n<meta property=\"article:modified_time\" content=\"2025-10-15T11:39:04+00:00\" \/>\n<meta property=\"og:image\" content=\"https:\/\/raed.academy\/wp-content\/uploads\/2021\/09\/medalla-RAED-inauguracion-Centenario.webp\" \/>\n\t<meta property=\"og:image:width\" content=\"500\" \/>\n\t<meta property=\"og:image:height\" content=\"300\" \/>\n\t<meta property=\"og:image:type\" content=\"image\/webp\" \/>\n<meta name=\"twitter:card\" content=\"summary_large_image\" \/>\n<meta name=\"twitter:site\" content=\"@raedacademy\" \/>\n<meta name=\"twitter:label1\" content=\"Est. reading time\" \/>\n\t<meta name=\"twitter:data1\" content=\"6 minutes\" \/>\n<script type=\"application\/ld+json\" class=\"yoast-schema-graph\">{\"@context\":\"https:\\\/\\\/schema.org\",\"@graph\":[{\"@type\":\"WebPage\",\"@id\":\"https:\\\/\\\/raed.academy\\\/en\\\/extraordinary-ambassador\\\/\",\"url\":\"https:\\\/\\\/raed.academy\\\/en\\\/extraordinary-ambassador\\\/\",\"name\":\"Extraordinary Ambassador of the Royal European Academy of Doctors - Royal European Academy of Doctors\",\"isPartOf\":{\"@id\":\"https:\\\/\\\/raed.academy\\\/en\\\/#website\"},\"primaryImageOfPage\":{\"@id\":\"https:\\\/\\\/raed.academy\\\/en\\\/extraordinary-ambassador\\\/#primaryimage\"},\"image\":{\"@id\":\"https:\\\/\\\/raed.academy\\\/en\\\/extraordinary-ambassador\\\/#primaryimage\"},\"thumbnailUrl\":\"https:\\\/\\\/raed.academy\\\/wp-content\\\/uploads\\\/2021\\\/09\\\/medalla-RAED-inauguracion-Centenario.webp\",\"datePublished\":\"2023-07-04T10:18:10+00:00\",\"dateModified\":\"2025-10-15T11:39:04+00:00\",\"breadcrumb\":{\"@id\":\"https:\\\/\\\/raed.academy\\\/en\\\/extraordinary-ambassador\\\/#breadcrumb\"},\"inLanguage\":\"en-US\",\"potentialAction\":[{\"@type\":\"ReadAction\",\"target\":[\"https:\\\/\\\/raed.academy\\\/en\\\/extraordinary-ambassador\\\/\"]}]},{\"@type\":\"ImageObject\",\"inLanguage\":\"en-US\",\"@id\":\"https:\\\/\\\/raed.academy\\\/en\\\/extraordinary-ambassador\\\/#primaryimage\",\"url\":\"https:\\\/\\\/raed.academy\\\/wp-content\\\/uploads\\\/2021\\\/09\\\/medalla-RAED-inauguracion-Centenario.webp\",\"contentUrl\":\"https:\\\/\\\/raed.academy\\\/wp-content\\\/uploads\\\/2021\\\/09\\\/medalla-RAED-inauguracion-Centenario.webp\",\"width\":500,\"height\":300},{\"@type\":\"BreadcrumbList\",\"@id\":\"https:\\\/\\\/raed.academy\\\/en\\\/extraordinary-ambassador\\\/#breadcrumb\",\"itemListElement\":[{\"@type\":\"ListItem\",\"position\":1,\"name\":\"Inicio\",\"item\":\"https:\\\/\\\/raed.academy\\\/en\\\/\"},{\"@type\":\"ListItem\",\"position\":2,\"name\":\"Extraordinary Ambassador of the Royal European Academy of Doctors\"}]},{\"@type\":\"WebSite\",\"@id\":\"https:\\\/\\\/raed.academy\\\/en\\\/#website\",\"url\":\"https:\\\/\\\/raed.academy\\\/en\\\/\",\"name\":\"Royal European Academy of Doctors\",\"description\":\"Corporaci\u00f3n de derecho p\u00fablico de car\u00e1cter cient\u00edfico, t\u00e9cnico y art\u00edstico, que tiene por objeto la investigaci\u00f3n, el estudio, el fomento y la extensi\u00f3n del conocimiento en su sentido m\u00e1s amplio.\",\"publisher\":{\"@id\":\"https:\\\/\\\/raed.academy\\\/en\\\/#organization\"},\"potentialAction\":[{\"@type\":\"SearchAction\",\"target\":{\"@type\":\"EntryPoint\",\"urlTemplate\":\"https:\\\/\\\/raed.academy\\\/en\\\/?s={search_term_string}\"},\"query-input\":{\"@type\":\"PropertyValueSpecification\",\"valueRequired\":true,\"valueName\":\"search_term_string\"}}],\"inLanguage\":\"en-US\"},{\"@type\":\"Organization\",\"@id\":\"https:\\\/\\\/raed.academy\\\/en\\\/#organization\",\"name\":\"Real Academia Europea de Doctores\",\"url\":\"https:\\\/\\\/raed.academy\\\/en\\\/\",\"logo\":{\"@type\":\"ImageObject\",\"inLanguage\":\"en-US\",\"@id\":\"https:\\\/\\\/raed.academy\\\/en\\\/#\\\/schema\\\/logo\\\/image\\\/\",\"url\":\"https:\\\/\\\/raed.academy\\\/wp-content\\\/uploads\\\/2017\\\/01\\\/cropped-logo_raed.png\",\"contentUrl\":\"https:\\\/\\\/raed.academy\\\/wp-content\\\/uploads\\\/2017\\\/01\\\/cropped-logo_raed.png\",\"width\":512,\"height\":512,\"caption\":\"Real Academia Europea de Doctores\"},\"image\":{\"@id\":\"https:\\\/\\\/raed.academy\\\/en\\\/#\\\/schema\\\/logo\\\/image\\\/\"},\"sameAs\":[\"http:\\\/\\\/fb.me\\\/raed.academy\",\"https:\\\/\\\/x.com\\\/raedacademy\",\"https:\\\/\\\/www.instagram.com\\\/raed.academy\\\/\",\"https:\\\/\\\/www.youtube.com\\\/channel\\\/UCUYQwW2KrdirNWihxMDObwg\"]}]}<\/script>\n<!-- \/ Yoast SEO plugin. -->","yoast_head_json":{"title":"Extraordinary Ambassador of the Royal European Academy of Doctors - Royal European Academy of Doctors","robots":{"index":"index","follow":"follow","max-snippet":"max-snippet:-1","max-image-preview":"max-image-preview:large","max-video-preview":"max-video-preview:-1"},"canonical":"https:\/\/raed.academy\/en\/extraordinary-ambassador\/","og_locale":"en_US","og_type":"article","og_title":"Extraordinary Ambassador of the Royal European Academy of Doctors - Royal European Academy of Doctors","og_description":"La RAED organiza y lleva a cabo una serie de actividades concentradas en mes y medio que contaron con la implicaci\u00f3n activa de numerosos acad\u00e9micos. Recepci\u00f3n de cuatro acad\u00e9micos correspondientes (Stavroula-Ina Piperaki para Grecia, Stephen Zeff y David B. Wilkins para Estados Unidos y Llu\u00eds Vicent Safont para Andorra) Mesa redonda sobre \u00abLa salida de [&hellip;]","og_url":"https:\/\/raed.academy\/en\/extraordinary-ambassador\/","og_site_name":"Royal European Academy of Doctors","article_publisher":"http:\/\/fb.me\/raed.academy","article_modified_time":"2025-10-15T11:39:04+00:00","og_image":[{"width":500,"height":300,"url":"https:\/\/raed.academy\/wp-content\/uploads\/2021\/09\/medalla-RAED-inauguracion-Centenario.webp","type":"image\/webp"}],"twitter_card":"summary_large_image","twitter_site":"@raedacademy","twitter_misc":{"Est. reading time":"6 minutes"},"schema":{"@context":"https:\/\/schema.org","@graph":[{"@type":"WebPage","@id":"https:\/\/raed.academy\/en\/extraordinary-ambassador\/","url":"https:\/\/raed.academy\/en\/extraordinary-ambassador\/","name":"Extraordinary Ambassador of the Royal European Academy of Doctors - Royal European Academy of Doctors","isPartOf":{"@id":"https:\/\/raed.academy\/en\/#website"},"primaryImageOfPage":{"@id":"https:\/\/raed.academy\/en\/extraordinary-ambassador\/#primaryimage"},"image":{"@id":"https:\/\/raed.academy\/en\/extraordinary-ambassador\/#primaryimage"},"thumbnailUrl":"https:\/\/raed.academy\/wp-content\/uploads\/2021\/09\/medalla-RAED-inauguracion-Centenario.webp","datePublished":"2023-07-04T10:18:10+00:00","dateModified":"2025-10-15T11:39:04+00:00","breadcrumb":{"@id":"https:\/\/raed.academy\/en\/extraordinary-ambassador\/#breadcrumb"},"inLanguage":"en-US","potentialAction":[{"@type":"ReadAction","target":["https:\/\/raed.academy\/en\/extraordinary-ambassador\/"]}]},{"@type":"ImageObject","inLanguage":"en-US","@id":"https:\/\/raed.academy\/en\/extraordinary-ambassador\/#primaryimage","url":"https:\/\/raed.academy\/wp-content\/uploads\/2021\/09\/medalla-RAED-inauguracion-Centenario.webp","contentUrl":"https:\/\/raed.academy\/wp-content\/uploads\/2021\/09\/medalla-RAED-inauguracion-Centenario.webp","width":500,"height":300},{"@type":"BreadcrumbList","@id":"https:\/\/raed.academy\/en\/extraordinary-ambassador\/#breadcrumb","itemListElement":[{"@type":"ListItem","position":1,"name":"Inicio","item":"https:\/\/raed.academy\/en\/"},{"@type":"ListItem","position":2,"name":"Extraordinary Ambassador of the Royal European Academy of Doctors"}]},{"@type":"WebSite","@id":"https:\/\/raed.academy\/en\/#website","url":"https:\/\/raed.academy\/en\/","name":"Royal European Academy of Doctors","description":"Corporaci\u00f3n de derecho p\u00fablico de car\u00e1cter cient\u00edfico, t\u00e9cnico y art\u00edstico, que tiene por objeto la investigaci\u00f3n, el estudio, el fomento y la extensi\u00f3n del conocimiento en su sentido m\u00e1s amplio.","publisher":{"@id":"https:\/\/raed.academy\/en\/#organization"},"potentialAction":[{"@type":"SearchAction","target":{"@type":"EntryPoint","urlTemplate":"https:\/\/raed.academy\/en\/?s={search_term_string}"},"query-input":{"@type":"PropertyValueSpecification","valueRequired":true,"valueName":"search_term_string"}}],"inLanguage":"en-US"},{"@type":"Organization","@id":"https:\/\/raed.academy\/en\/#organization","name":"Real Academia Europea de Doctores","url":"https:\/\/raed.academy\/en\/","logo":{"@type":"ImageObject","inLanguage":"en-US","@id":"https:\/\/raed.academy\/en\/#\/schema\/logo\/image\/","url":"https:\/\/raed.academy\/wp-content\/uploads\/2017\/01\/cropped-logo_raed.png","contentUrl":"https:\/\/raed.academy\/wp-content\/uploads\/2017\/01\/cropped-logo_raed.png","width":512,"height":512,"caption":"Real Academia Europea de Doctores"},"image":{"@id":"https:\/\/raed.academy\/en\/#\/schema\/logo\/image\/"},"sameAs":["http:\/\/fb.me\/raed.academy","https:\/\/x.com\/raedacademy","https:\/\/www.instagram.com\/raed.academy\/","https:\/\/www.youtube.com\/channel\/UCUYQwW2KrdirNWihxMDObwg"]}]}},"_links":{"self":[{"href":"https:\/\/raed.academy\/en\/wp-json\/wp\/v2\/pages\/135065","targetHints":{"allow":["GET"]}}],"collection":[{"href":"https:\/\/raed.academy\/en\/wp-json\/wp\/v2\/pages"}],"about":[{"href":"https:\/\/raed.academy\/en\/wp-json\/wp\/v2\/types\/page"}],"author":[{"embeddable":true,"href":"https:\/\/raed.academy\/en\/wp-json\/wp\/v2\/users\/16"}],"replies":[{"embeddable":true,"href":"https:\/\/raed.academy\/en\/wp-json\/wp\/v2\/comments?post=135065"}],"version-history":[{"count":2,"href":"https:\/\/raed.academy\/en\/wp-json\/wp\/v2\/pages\/135065\/revisions"}],"predecessor-version":[{"id":172863,"href":"https:\/\/raed.academy\/en\/wp-json\/wp\/v2\/pages\/135065\/revisions\/172863"}],"wp:featuredmedia":[{"embeddable":true,"href":"https:\/\/raed.academy\/en\/wp-json\/wp\/v2\/media\/106239"}],"wp:attachment":[{"href":"https:\/\/raed.academy\/en\/wp-json\/wp\/v2\/media?parent=135065"}],"curies":[{"name":"wp","href":"https:\/\/api.w.org\/{rel}","templated":true}]}}