{"id":179870,"date":"2026-02-03T11:45:51","date_gmt":"2026-02-03T11:45:51","guid":{"rendered":"https:\/\/raed.academy\/?post_type=evento&#038;p=179870"},"modified":"2026-03-09T16:07:42","modified_gmt":"2026-03-09T16:07:42","slug":"francesc-miralles-torner-is-admitted-as-a-numerary-member-of-the-raed","status":"publish","type":"evento","link":"https:\/\/raed.academy\/en\/raed-eventos-temp\/francesc-miralles-torner-is-admitted-as-a-numerary-member-of-the-raed\/","title":{"rendered":"Francesc Miralles Torner is admitted as a Numerary Member of the RAED"},"content":{"rendered":"<p>[et_pb_section fb_built=&#8221;1&#8243; fullwidth=&#8221;on&#8221; admin_label=&#8221;Secci\u00f3n&#8221; _builder_version=&#8221;4.27.4&#8243; _module_preset=&#8221;default&#8221; locked=&#8221;off&#8221; global_colors_info=&#8221;{}&#8221;][et_pb_fullwidth_image src=&#8221;https:\/\/raed.academy\/wp-content\/uploads\/2026\/02\/desafios-globales-retos-sociales-actuales-ods-cGPT-no-atrib-2.91.webp&#8221; title_text=&#8221;desafios-globales-retos-sociales-actuales-ods-cGPT-no-atrib-2.91&#8243; _builder_version=&#8221;4.27.5&#8243; _module_preset=&#8221;default&#8221; global_colors_info=&#8221;{}&#8221;][\/et_pb_fullwidth_image][\/et_pb_section][et_pb_section fb_built=&#8221;1&#8243; admin_label=&#8221;Secci\u00f3n&#8221; _builder_version=&#8221;4.27.4&#8243; _module_preset=&#8221;default&#8221; custom_padding=&#8221;0px|||||&#8221; locked=&#8221;off&#8221; global_colors_info=&#8221;{}&#8221;][et_pb_row admin_label=&#8221;Fila&#8221; _builder_version=&#8221;4.24.3&#8243; _module_preset=&#8221;default&#8221; max_width=&#8221;1400px&#8221; global_colors_info=&#8221;{}&#8221;][et_pb_column type=&#8221;4_4&#8243; _builder_version=&#8221;4.16&#8243; _module_preset=&#8221;default&#8221; global_colors_info=&#8221;{}&#8221;][et_pb_code admin_label=&#8221;Breadcrumb Yoast&#8221; _builder_version=&#8221;4.27.4&#8243; _module_preset=&#8221;default&#8221; locked=&#8221;off&#8221; global_colors_info=&#8221;{}&#8221;]<span><span><a href=\"https:\/\/raed.academy\/en\/\">Inicio<\/a><\/span><\/span>[\/et_pb_code][et_pb_post_title meta=&#8221;off&#8221; featured_image=&#8221;off&#8221; admin_label=&#8221;t\u00edtulo publicacion&#8221; _builder_version=&#8221;4.27.5&#8243; _module_preset=&#8221;default&#8221; title_font_size=&#8221;40px&#8221; title_font_size_tablet=&#8221;&#8221; title_font_size_phone=&#8221;28px&#8221; title_font_size_last_edited=&#8221;on|phone&#8221; locked=&#8221;off&#8221; global_colors_info=&#8221;{}&#8221;][\/et_pb_post_title][et_pb_text admin_label=&#8221;Detalles evento&#8221; _builder_version=&#8221;4.27.5&#8243; _module_preset=&#8221;default&#8221; global_colors_info=&#8221;{}&#8221;]<div id=\"attachment_181461\" style=\"width: 510px\" class=\"wp-caption alignright\"><img loading=\"lazy\" decoding=\"async\" aria-describedby=\"caption-attachment-181461\" class=\"wp-image-181461\" src=\"https:\/\/raed.academy\/wp-content\/uploads\/2026\/03\/Dr-Francesc-Miralles-Torner-imgcp-1.67.webp\" sizes=\"(max-width: 500px) 100vw, 500px\" srcset=\"https:\/\/raed.academy\/wp-content\/uploads\/2026\/03\/Dr-Francesc-Miralles-Torner-imgcp-1.67.webp 600w, https:\/\/raed.academy\/wp-content\/uploads\/2026\/03\/Dr-Francesc-Miralles-Torner-imgcp-1.67-440x264.webp 440w\" alt=\"Dr. Francesc Miralles Torner\" width=\"500\" height=\"300\" aria-describedby=\"caption-attachment-181461\" \/><p id=\"caption-attachment-181461\" class=\"wp-caption-text\">Dr Francesc Miralles<\/p><\/div><\/p>\n<p style=\"text-align: left;\"><strong>His Excellency Dr Francesc Miralles Torner<\/strong>, Doctor of Telecommunications Engineering, is inducted as a Numerary Member of the <strong>Royal European Academy of Doctors<\/strong>, with the address <strong>\u201cAvanzar en la comprensi\u00f3n de los Grandes desaf\u00edos y los ODS. Una perspectiva para las ciencias sociales con B\u00f6hm, Chalmers y Lakatos\u201d<\/strong> (Advancing the understanding of the Great Challenges and the SDGs. A perspective for the social sciences with B\u00f6hm, Chalmers and Lakatos).<\/p>\n<p><strong>Response by:<\/strong> <a href=\"https:\/\/raed.academy\/academicos\/dr-jose-daniel-barquero-cabrero\/\"><strong>His Excellency Dr Jos\u00e9 Daniel Barquero Cabrero<\/strong><\/a>, Doctor in Social and Human Sciences; Legal and Economic Sciences; and Business Administration and Senior Management. Numerary Member<\/p>\n<p class=\"ubicacion-evento\">Room A at the headquarters of <em>Foment del Treball<\/em>. Via Laietana, 32, Barcelona<\/p>\n<p class=\"fecha-evento\">Wednesday, 11 March 2026<\/p>\n<p class=\"hora-evento\">18:30 h<\/p>\n<p><strong>Format:<\/strong> On-site and streaming<\/p>\n<p><strong>Registration: <\/strong>Please confirm attendance with the Secretariat: <a href=\"mailto:secretaria@raed.academy\"><strong>secretaria@raed.academy<\/strong><\/a> or by phone at <strong>+34 93 667 40 54<\/strong><\/p>\n<p>[\/et_pb_text][et_pb_text admin_label=&#8221;abstract discurso&#8221; _builder_version=&#8221;4.27.5&#8243; _module_preset=&#8221;default&#8221; custom_padding=&#8221;40px||40px||false|false&#8221; global_colors_info=&#8221;{}&#8221;]<\/p>\n<h2>Advancing the understanding of the Great Challenges and the SDGs. A perspective for the social sciences with B\u00f6hm, Chalmers and Lakatos<\/h2>\n<p>The Sustainable Development Goals (SDGs) identify the Great Social Challenges that humanity must face in the coming decades. Issues such as climate change, poverty eradication, migratory flows, hunger, water scarcity, gender issues, among others, achieved the unanimous support of the United Nations General Assembly in 2015. In addressing the Great Challenges, information and communication technologies (ICTs)\u2014such as the Internet, smartphones, robotics and artificial intelligence\u2014play a central role.<\/p>\n<p>The World Bank, the OECD, the United Nations and other institutions emphasize the need for a better understanding of the digital divide affecting vulnerable groups. Advancing this understanding requires a renewed practice in the social sciences that incorporates perceptions, emotions and values, and goes beyond current scientific practice.<\/p>\n<p>Quantum theory and studies on consciousness are proposed to meet this objective. Quantum theory contributes through the work of <strong>B\u00f6hm<\/strong> and <strong>Penrose<\/strong>. Studies on consciousness by <strong>Chalmers<\/strong> and <strong>No\u00eb<\/strong> broaden perception within the social sciences.<\/p>\n<p>This research on the Great Challenges proposes, following <strong>Imre Lakatos<\/strong>, a scientific programme rooted in quantum theory and operationalized through theories of consciousness.<br \/>\n[\/et_pb_text][et_pb_text admin_label=&#8221;Txt &#8211; Seguir el evento en directo&#8221; _builder_version=&#8221;4.27.4&#8243; _module_preset=&#8221;default&#8221; global_colors_info=&#8221;{}&#8221;]<\/p>\n<h2>Follow the event live<\/h2>\n<p>You will be able to follow the event live from this same page.<br \/>\n[\/et_pb_text][et_pb_code admin_label=&#8221;C\u00f3digo v\u00eddeo&#8221; _builder_version=&#8221;4.27.5&#8243; _module_preset=&#8221;default&#8221; custom_margin=&#8221;||75px|||&#8221; hover_enabled=&#8221;0&#8243; global_colors_info=&#8221;{}&#8221; sticky_enabled=&#8221;0&#8243;]<iframe loading=\"lazy\" width=\"1151\" height=\"647\" src=\"https:\/\/www.youtube.com\/embed\/BjRSIQEfhwU\" title=\"Sesi\u00f3n de recepci\u00f3n como Acad\u00e9mico de N\u00famero del Sr. Dr. Francesc Miralles Torner\" frameborder=\"0\" allow=\"accelerometer; autoplay; clipboard-write; encrypted-media; gyroscope; picture-in-picture; web-share\" referrerpolicy=\"strict-origin-when-cross-origin\" allowfullscreen><\/iframe>[\/et_pb_code][\/et_pb_column][\/et_pb_row][et_pb_row column_structure=&#8221;1_2,1_2&#8243; admin_label=&#8221;Fila&#8221; _builder_version=&#8221;4.24.3&#8243; _module_preset=&#8221;default&#8221; max_width=&#8221;1400px&#8221; locked=&#8221;off&#8221; global_colors_info=&#8221;{}&#8221;][et_pb_column type=&#8221;1_2&#8243; _builder_version=&#8221;4.16&#8243; _module_preset=&#8221;default&#8221; global_colors_info=&#8221;{}&#8221;][et_pb_code admin_label=&#8221;C\u00f3digo &#8211; organizadores&#8221; _builder_version=&#8221;4.27.4&#8243; _module_preset=&#8221;default&#8221; global_colors_info=&#8221;{}&#8221;]<pee class=\"ttl-colaboradores\">Organised by:<\/pee><!-- [et_pb_line_break_holder] --><!-- [et_pb_line_break_holder] --><!-- [et_pb_line_break_holder] --><\/p>\n<div id=\"organizadores\"><!-- [et_pb_line_break_holder] --><!-- [et_pb_line_break_holder] --><!-- [et_pb_line_break_holder] --><!-- [et_pb_line_break_holder] --><\/p>\n<div class=\"logo-colaborador\"><!-- [et_pb_line_break_holder] --><!-- [et_pb_line_break_holder] --><a href=\"https:\/\/raed.academy\/en\/\" target=\"_blank\" rel=\"noopener noreferrer\"><img decoding=\"async\" src=\"https:\/\/raed.academy\/wp-content\/uploads\/2021\/10\/Logo-RAED-160px.jpg\" alt=\"Real Academia Europea de Doctores RAED\" \/><\/a><!-- [et_pb_line_break_holder] --><\/p>\n<div class=\"txt\"><\/div>\n<p><!-- [et_pb_line_break_holder] -->\u00a0<!-- [et_pb_line_break_holder] --><!-- [et_pb_line_break_holder] --><\/div>\n<p><!-- [et_pb_line_break_holder] --><!-- [et_pb_line_break_holder] --><!-- [et_pb_line_break_holder] --><\/p>\n<div class=\"logo-colaborador\"><!-- [et_pb_line_break_holder] --><!-- [et_pb_line_break_holder] --><a href=\"https:\/\/fundacionraed.org\/\" target=\"_blank\" rel=\"noopener noreferrer\"><img decoding=\"async\" src=\"https:\/\/raed.academy\/wp-content\/uploads\/2021\/10\/Logo-Fundacion-RAED-160px.jpg\" alt=\"Fundaci\u00f3n RAED\" \/><\/a><!-- [et_pb_line_break_holder] --><\/p>\n<div class=\"txt\"><\/div>\n<p><!-- [et_pb_line_break_holder] -->\u00a0<!-- [et_pb_line_break_holder] --><!-- [et_pb_line_break_holder] --><\/div>\n<p><!-- [et_pb_line_break_holder] --><!-- [et_pb_line_break_holder] --><!-- [et_pb_line_break_holder] --><!-- [et_pb_line_break_holder] --><\/div>\n<p><!-- [et_pb_line_break_holder] -->[\/et_pb_code][\/et_pb_column][et_pb_column type=&#8221;1_2&#8243; _builder_version=&#8221;4.16&#8243; _module_preset=&#8221;default&#8221; global_colors_info=&#8221;{}&#8221;][et_pb_code admin_label=&#8221;C\u00f3digo &#8211; colaboradores&#8221; _builder_version=&#8221;4.27.4&#8243; _module_preset=&#8221;default&#8221; global_colors_info=&#8221;{}&#8221;]<pee class=\"ttl-colaboradores\">With the collaboration of:<\/pee><!-- [et_pb_line_break_holder] --><!-- [et_pb_line_break_holder] --><!-- [et_pb_line_break_holder] --><\/p>\n<div id=\"colaboradores\"><!-- [et_pb_line_break_holder] --><!-- [et_pb_line_break_holder] --><!-- [et_pb_line_break_holder] --> <!-- [et_pb_line_break_holder] --><!-- [et_pb_line_break_holder] --><\/p>\n<div class=\"logo-colaborador\"><!-- [et_pb_line_break_holder] --><!-- [et_pb_line_break_holder] --><!-- [et_pb_line_break_holder] --><!-- [et_pb_line_break_holder] --><\/p>\n<div class=\"txt-circular\"><\/div>\n<p><!-- [et_pb_line_break_holder] --><!-- [et_pb_line_break_holder] --> <a href=\"https:\/\/justicia.gencat.cat\/ca\/inici\" target=\"_blank\" rel=\"noopener noreferrer\"><img decoding=\"async\" src=\"https:\/\/raed.academy\/wp-content\/uploads\/2024\/11\/Generalitat-de-Catalunya-dept-Justicia-i-Qualitat-Democratica-240px.jpg\" alt=\"Generalitat de catalunya\" width=\"210\" \/><\/a><!-- [et_pb_line_break_holder] --><!-- [et_pb_line_break_holder] --><\/div>\n<p><!-- [et_pb_line_break_holder] --><!-- [et_pb_line_break_holder] --><!-- [et_pb_line_break_holder] --><\/p>\n<div class=\"logo-colaborador\"><!-- [et_pb_line_break_holder] --><!-- [et_pb_line_break_holder] --><!-- [et_pb_line_break_holder] --><!-- [et_pb_line_break_holder] --><\/p>\n<div class=\"txt-circular\"><\/div>\n<p><!-- [et_pb_line_break_holder] --><!-- [et_pb_line_break_holder] --> <a href=\"https:\/\/www.aecoc.es\/\" target=\"_blank\" rel=\"noopener noreferrer\"><img decoding=\"async\" src=\"https:\/\/raed.academy\/wp-content\/uploads\/2025\/05\/logo-AECOC-negro-200px.png\" alt=\"AECOC\" width=\"150\" \/><\/a><!-- [et_pb_line_break_holder] --><!-- [et_pb_line_break_holder] --><\/div>\n<p><!-- [et_pb_line_break_holder] --><!-- [et_pb_line_break_holder] --><!-- [et_pb_line_break_holder] --><!-- [et_pb_line_break_holder] --><\/div>\n<p><!-- [et_pb_line_break_holder] -->[\/et_pb_code][\/et_pb_column][\/et_pb_row][\/et_pb_section]<\/p>\n","protected":false},"excerpt":{"rendered":"<p><span><span><a href=\"https:\/\/raed.academy\/en\/\">Inicio<\/a><\/span><\/span> His Excellency Dr Francesc Miralles Torner, Doctor of Telecommunications Engineering, is inducted as a Numerary Member of the Royal European Academy of Doctors, with the address \u201cAvanzar en la comprensi\u00f3n de los Grandes desaf\u00edos y los ODS. Una perspectiva para las ciencias sociales con B\u00f6hm, Chalmers y Lakatos\u201d (Advancing the understanding of the Great [&hellip;]<\/p>\n","protected":false},"featured_media":179869,"menu_order":0,"template":"","meta":{"_et_pb_use_builder":"on","_et_pb_old_content":"","_et_gb_content_width":"","footnotes":""},"ubicacion_evento":[852,848],"tipo_evento":[871],"formato_evento":[895,897],"class_list":["post-179870","evento","type-evento","status-publish","has-post-thumbnail","hentry","ubicacion_evento-auditorium-a","ubicacion_evento-foment-del-treball-headquarters","tipo_evento-academic-admission","formato_evento-in-person","formato_evento-live"],"yoast_head":"<!-- This site is optimized with the Yoast SEO plugin v27.5 - https:\/\/yoast.com\/product\/yoast-seo-wordpress\/ -->\n<title>Francesc Miralles Torner is admitted as a Numerary Member of the RAED - Royal European Academy of Doctors<\/title>\n<meta name=\"robots\" content=\"index, follow, max-snippet:-1, max-image-preview:large, max-video-preview:-1\" \/>\n<link rel=\"canonical\" href=\"https:\/\/raed.academy\/en\/raed-eventos-temp\/francesc-miralles-torner-is-admitted-as-a-numerary-member-of-the-raed\/\" \/>\n<meta property=\"og:locale\" content=\"en_US\" \/>\n<meta property=\"og:type\" content=\"article\" \/>\n<meta property=\"og:title\" content=\"Francesc Miralles Torner is admitted as a Numerary Member of the RAED - Royal European Academy of Doctors\" \/>\n<meta property=\"og:description\" content=\"La RAED organiza y lleva a cabo una serie de actividades concentradas en mes y medio que contaron con la implicaci\u00f3n activa de numerosos acad\u00e9micos. Recepci\u00f3n de cuatro acad\u00e9micos correspondientes (Stavroula-Ina Piperaki para Grecia, Stephen Zeff y David B. Wilkins para Estados Unidos y Llu\u00eds Vicent Safont para Andorra) Mesa redonda sobre \u00abLa salida de [&hellip;]\" \/>\n<meta property=\"og:url\" content=\"https:\/\/raed.academy\/en\/raed-eventos-temp\/francesc-miralles-torner-is-admitted-as-a-numerary-member-of-the-raed\/\" \/>\n<meta property=\"og:site_name\" content=\"Royal European Academy of Doctors\" \/>\n<meta property=\"article:publisher\" content=\"http:\/\/fb.me\/raed.academy\" \/>\n<meta property=\"article:modified_time\" content=\"2026-03-09T16:07:42+00:00\" \/>\n<meta property=\"og:image\" content=\"https:\/\/raed.academy\/wp-content\/uploads\/2026\/02\/desafios-globales-retos-sociales-actuales-ods-cGPT-no-atrib-1.17.webp\" \/>\n\t<meta property=\"og:image:width\" content=\"350\" \/>\n\t<meta property=\"og:image:height\" content=\"300\" \/>\n\t<meta property=\"og:image:type\" content=\"image\/webp\" \/>\n<meta name=\"twitter:card\" content=\"summary_large_image\" \/>\n<meta name=\"twitter:site\" content=\"@raedacademy\" \/>\n<meta name=\"twitter:label1\" content=\"Est. reading time\" \/>\n\t<meta name=\"twitter:data1\" content=\"4 minutes\" \/>\n<script type=\"application\/ld+json\" class=\"yoast-schema-graph\">{\"@context\":\"https:\\\/\\\/schema.org\",\"@graph\":[{\"@type\":\"WebPage\",\"@id\":\"https:\\\/\\\/raed.academy\\\/en\\\/raed-eventos-temp\\\/francesc-miralles-torner-is-admitted-as-a-numerary-member-of-the-raed\\\/\",\"url\":\"https:\\\/\\\/raed.academy\\\/en\\\/raed-eventos-temp\\\/francesc-miralles-torner-is-admitted-as-a-numerary-member-of-the-raed\\\/\",\"name\":\"Francesc Miralles Torner is admitted as a Numerary Member of the RAED - Royal European Academy of Doctors\",\"isPartOf\":{\"@id\":\"https:\\\/\\\/raed.academy\\\/en\\\/#website\"},\"primaryImageOfPage\":{\"@id\":\"https:\\\/\\\/raed.academy\\\/en\\\/raed-eventos-temp\\\/francesc-miralles-torner-is-admitted-as-a-numerary-member-of-the-raed\\\/#primaryimage\"},\"image\":{\"@id\":\"https:\\\/\\\/raed.academy\\\/en\\\/raed-eventos-temp\\\/francesc-miralles-torner-is-admitted-as-a-numerary-member-of-the-raed\\\/#primaryimage\"},\"thumbnailUrl\":\"https:\\\/\\\/raed.academy\\\/wp-content\\\/uploads\\\/2026\\\/02\\\/desafios-globales-retos-sociales-actuales-ods-cGPT-no-atrib-1.17.webp\",\"datePublished\":\"2026-02-03T11:45:51+00:00\",\"dateModified\":\"2026-03-09T16:07:42+00:00\",\"breadcrumb\":{\"@id\":\"https:\\\/\\\/raed.academy\\\/en\\\/raed-eventos-temp\\\/francesc-miralles-torner-is-admitted-as-a-numerary-member-of-the-raed\\\/#breadcrumb\"},\"inLanguage\":\"en-US\",\"potentialAction\":[{\"@type\":\"ReadAction\",\"target\":[\"https:\\\/\\\/raed.academy\\\/en\\\/raed-eventos-temp\\\/francesc-miralles-torner-is-admitted-as-a-numerary-member-of-the-raed\\\/\"]}]},{\"@type\":\"ImageObject\",\"inLanguage\":\"en-US\",\"@id\":\"https:\\\/\\\/raed.academy\\\/en\\\/raed-eventos-temp\\\/francesc-miralles-torner-is-admitted-as-a-numerary-member-of-the-raed\\\/#primaryimage\",\"url\":\"https:\\\/\\\/raed.academy\\\/wp-content\\\/uploads\\\/2026\\\/02\\\/desafios-globales-retos-sociales-actuales-ods-cGPT-no-atrib-1.17.webp\",\"contentUrl\":\"https:\\\/\\\/raed.academy\\\/wp-content\\\/uploads\\\/2026\\\/02\\\/desafios-globales-retos-sociales-actuales-ods-cGPT-no-atrib-1.17.webp\",\"width\":350,\"height\":300},{\"@type\":\"BreadcrumbList\",\"@id\":\"https:\\\/\\\/raed.academy\\\/en\\\/raed-eventos-temp\\\/francesc-miralles-torner-is-admitted-as-a-numerary-member-of-the-raed\\\/#breadcrumb\",\"itemListElement\":[{\"@type\":\"ListItem\",\"position\":1,\"name\":\"Inicio\",\"item\":\"https:\\\/\\\/raed.academy\\\/en\\\/\"},{\"@type\":\"ListItem\",\"position\":2,\"name\":\"Eventos\",\"item\":\"https:\\\/\\\/raed.academy\\\/en\\\/raed-eventos-temp\\\/\"},{\"@type\":\"ListItem\",\"position\":3,\"name\":\"Francesc Miralles Torner is admitted as a Numerary Member of the RAED\"}]},{\"@type\":\"WebSite\",\"@id\":\"https:\\\/\\\/raed.academy\\\/en\\\/#website\",\"url\":\"https:\\\/\\\/raed.academy\\\/en\\\/\",\"name\":\"Royal European Academy of Doctors\",\"description\":\"Corporaci\u00f3n de derecho p\u00fablico de car\u00e1cter cient\u00edfico, t\u00e9cnico y art\u00edstico, que tiene por objeto la investigaci\u00f3n, el estudio, el fomento y la extensi\u00f3n del conocimiento en su sentido m\u00e1s amplio.\",\"publisher\":{\"@id\":\"https:\\\/\\\/raed.academy\\\/en\\\/#organization\"},\"potentialAction\":[{\"@type\":\"SearchAction\",\"target\":{\"@type\":\"EntryPoint\",\"urlTemplate\":\"https:\\\/\\\/raed.academy\\\/en\\\/?s={search_term_string}\"},\"query-input\":{\"@type\":\"PropertyValueSpecification\",\"valueRequired\":true,\"valueName\":\"search_term_string\"}}],\"inLanguage\":\"en-US\"},{\"@type\":\"Organization\",\"@id\":\"https:\\\/\\\/raed.academy\\\/en\\\/#organization\",\"name\":\"Real Academia Europea de Doctores\",\"url\":\"https:\\\/\\\/raed.academy\\\/en\\\/\",\"logo\":{\"@type\":\"ImageObject\",\"inLanguage\":\"en-US\",\"@id\":\"https:\\\/\\\/raed.academy\\\/en\\\/#\\\/schema\\\/logo\\\/image\\\/\",\"url\":\"https:\\\/\\\/raed.academy\\\/wp-content\\\/uploads\\\/2017\\\/01\\\/cropped-logo_raed.png\",\"contentUrl\":\"https:\\\/\\\/raed.academy\\\/wp-content\\\/uploads\\\/2017\\\/01\\\/cropped-logo_raed.png\",\"width\":512,\"height\":512,\"caption\":\"Real Academia Europea de Doctores\"},\"image\":{\"@id\":\"https:\\\/\\\/raed.academy\\\/en\\\/#\\\/schema\\\/logo\\\/image\\\/\"},\"sameAs\":[\"http:\\\/\\\/fb.me\\\/raed.academy\",\"https:\\\/\\\/x.com\\\/raedacademy\",\"https:\\\/\\\/www.instagram.com\\\/raed.academy\\\/\",\"https:\\\/\\\/www.youtube.com\\\/channel\\\/UCUYQwW2KrdirNWihxMDObwg\"]}]}<\/script>\n<!-- \/ Yoast SEO plugin. -->","yoast_head_json":{"title":"Francesc Miralles Torner is admitted as a Numerary Member of the RAED - Royal European Academy of Doctors","robots":{"index":"index","follow":"follow","max-snippet":"max-snippet:-1","max-image-preview":"max-image-preview:large","max-video-preview":"max-video-preview:-1"},"canonical":"https:\/\/raed.academy\/en\/raed-eventos-temp\/francesc-miralles-torner-is-admitted-as-a-numerary-member-of-the-raed\/","og_locale":"en_US","og_type":"article","og_title":"Francesc Miralles Torner is admitted as a Numerary Member of the RAED - Royal European Academy of Doctors","og_description":"La RAED organiza y lleva a cabo una serie de actividades concentradas en mes y medio que contaron con la implicaci\u00f3n activa de numerosos acad\u00e9micos. Recepci\u00f3n de cuatro acad\u00e9micos correspondientes (Stavroula-Ina Piperaki para Grecia, Stephen Zeff y David B. Wilkins para Estados Unidos y Llu\u00eds Vicent Safont para Andorra) Mesa redonda sobre \u00abLa salida de [&hellip;]","og_url":"https:\/\/raed.academy\/en\/raed-eventos-temp\/francesc-miralles-torner-is-admitted-as-a-numerary-member-of-the-raed\/","og_site_name":"Royal European Academy of Doctors","article_publisher":"http:\/\/fb.me\/raed.academy","article_modified_time":"2026-03-09T16:07:42+00:00","og_image":[{"width":350,"height":300,"url":"https:\/\/raed.academy\/wp-content\/uploads\/2026\/02\/desafios-globales-retos-sociales-actuales-ods-cGPT-no-atrib-1.17.webp","type":"image\/webp"}],"twitter_card":"summary_large_image","twitter_site":"@raedacademy","twitter_misc":{"Est. reading time":"4 minutes"},"schema":{"@context":"https:\/\/schema.org","@graph":[{"@type":"WebPage","@id":"https:\/\/raed.academy\/en\/raed-eventos-temp\/francesc-miralles-torner-is-admitted-as-a-numerary-member-of-the-raed\/","url":"https:\/\/raed.academy\/en\/raed-eventos-temp\/francesc-miralles-torner-is-admitted-as-a-numerary-member-of-the-raed\/","name":"Francesc Miralles Torner is admitted as a Numerary Member of the RAED - Royal European Academy of Doctors","isPartOf":{"@id":"https:\/\/raed.academy\/en\/#website"},"primaryImageOfPage":{"@id":"https:\/\/raed.academy\/en\/raed-eventos-temp\/francesc-miralles-torner-is-admitted-as-a-numerary-member-of-the-raed\/#primaryimage"},"image":{"@id":"https:\/\/raed.academy\/en\/raed-eventos-temp\/francesc-miralles-torner-is-admitted-as-a-numerary-member-of-the-raed\/#primaryimage"},"thumbnailUrl":"https:\/\/raed.academy\/wp-content\/uploads\/2026\/02\/desafios-globales-retos-sociales-actuales-ods-cGPT-no-atrib-1.17.webp","datePublished":"2026-02-03T11:45:51+00:00","dateModified":"2026-03-09T16:07:42+00:00","breadcrumb":{"@id":"https:\/\/raed.academy\/en\/raed-eventos-temp\/francesc-miralles-torner-is-admitted-as-a-numerary-member-of-the-raed\/#breadcrumb"},"inLanguage":"en-US","potentialAction":[{"@type":"ReadAction","target":["https:\/\/raed.academy\/en\/raed-eventos-temp\/francesc-miralles-torner-is-admitted-as-a-numerary-member-of-the-raed\/"]}]},{"@type":"ImageObject","inLanguage":"en-US","@id":"https:\/\/raed.academy\/en\/raed-eventos-temp\/francesc-miralles-torner-is-admitted-as-a-numerary-member-of-the-raed\/#primaryimage","url":"https:\/\/raed.academy\/wp-content\/uploads\/2026\/02\/desafios-globales-retos-sociales-actuales-ods-cGPT-no-atrib-1.17.webp","contentUrl":"https:\/\/raed.academy\/wp-content\/uploads\/2026\/02\/desafios-globales-retos-sociales-actuales-ods-cGPT-no-atrib-1.17.webp","width":350,"height":300},{"@type":"BreadcrumbList","@id":"https:\/\/raed.academy\/en\/raed-eventos-temp\/francesc-miralles-torner-is-admitted-as-a-numerary-member-of-the-raed\/#breadcrumb","itemListElement":[{"@type":"ListItem","position":1,"name":"Inicio","item":"https:\/\/raed.academy\/en\/"},{"@type":"ListItem","position":2,"name":"Eventos","item":"https:\/\/raed.academy\/en\/raed-eventos-temp\/"},{"@type":"ListItem","position":3,"name":"Francesc Miralles Torner is admitted as a Numerary Member of the RAED"}]},{"@type":"WebSite","@id":"https:\/\/raed.academy\/en\/#website","url":"https:\/\/raed.academy\/en\/","name":"Royal European Academy of Doctors","description":"Corporaci\u00f3n de derecho p\u00fablico de car\u00e1cter cient\u00edfico, t\u00e9cnico y art\u00edstico, que tiene por objeto la investigaci\u00f3n, el estudio, el fomento y la extensi\u00f3n del conocimiento en su sentido m\u00e1s amplio.","publisher":{"@id":"https:\/\/raed.academy\/en\/#organization"},"potentialAction":[{"@type":"SearchAction","target":{"@type":"EntryPoint","urlTemplate":"https:\/\/raed.academy\/en\/?s={search_term_string}"},"query-input":{"@type":"PropertyValueSpecification","valueRequired":true,"valueName":"search_term_string"}}],"inLanguage":"en-US"},{"@type":"Organization","@id":"https:\/\/raed.academy\/en\/#organization","name":"Real Academia Europea de Doctores","url":"https:\/\/raed.academy\/en\/","logo":{"@type":"ImageObject","inLanguage":"en-US","@id":"https:\/\/raed.academy\/en\/#\/schema\/logo\/image\/","url":"https:\/\/raed.academy\/wp-content\/uploads\/2017\/01\/cropped-logo_raed.png","contentUrl":"https:\/\/raed.academy\/wp-content\/uploads\/2017\/01\/cropped-logo_raed.png","width":512,"height":512,"caption":"Real Academia Europea de Doctores"},"image":{"@id":"https:\/\/raed.academy\/en\/#\/schema\/logo\/image\/"},"sameAs":["http:\/\/fb.me\/raed.academy","https:\/\/x.com\/raedacademy","https:\/\/www.instagram.com\/raed.academy\/","https:\/\/www.youtube.com\/channel\/UCUYQwW2KrdirNWihxMDObwg"]}]}},"_links":{"self":[{"href":"https:\/\/raed.academy\/en\/wp-json\/wp\/v2\/evento\/179870","targetHints":{"allow":["GET"]}}],"collection":[{"href":"https:\/\/raed.academy\/en\/wp-json\/wp\/v2\/evento"}],"about":[{"href":"https:\/\/raed.academy\/en\/wp-json\/wp\/v2\/types\/evento"}],"version-history":[{"count":5,"href":"https:\/\/raed.academy\/en\/wp-json\/wp\/v2\/evento\/179870\/revisions"}],"predecessor-version":[{"id":181778,"href":"https:\/\/raed.academy\/en\/wp-json\/wp\/v2\/evento\/179870\/revisions\/181778"}],"wp:featuredmedia":[{"embeddable":true,"href":"https:\/\/raed.academy\/en\/wp-json\/wp\/v2\/media\/179869"}],"wp:attachment":[{"href":"https:\/\/raed.academy\/en\/wp-json\/wp\/v2\/media?parent=179870"}],"wp:term":[{"taxonomy":"ubicacion_evento","embeddable":true,"href":"https:\/\/raed.academy\/en\/wp-json\/wp\/v2\/ubicacion_evento?post=179870"},{"taxonomy":"tipo_evento","embeddable":true,"href":"https:\/\/raed.academy\/en\/wp-json\/wp\/v2\/tipo_evento?post=179870"},{"taxonomy":"formato_evento","embeddable":true,"href":"https:\/\/raed.academy\/en\/wp-json\/wp\/v2\/formato_evento?post=179870"}],"curies":[{"name":"wp","href":"https:\/\/api.w.org\/{rel}","templated":true}]}}