{"id":177405,"date":"2025-12-23T10:06:27","date_gmt":"2025-12-23T10:06:27","guid":{"rendered":"https:\/\/raed.academy\/?post_type=evento&#038;p=177405"},"modified":"2025-12-24T11:46:13","modified_gmt":"2025-12-24T11:46:13","slug":"book-presentation-dos-grados-mas-no-son-para-tanto-una-historia-del-negacionismo-climatico-by-jose-maria-baldasano","status":"publish","type":"evento","link":"https:\/\/raed.academy\/en\/raed-eventos-temp\/book-presentation-dos-grados-mas-no-son-para-tanto-una-historia-del-negacionismo-climatico-by-jose-maria-baldasano\/","title":{"rendered":"Book presentation: &#8220;Dos grados m\u00e1s no son para tanto. Una historia del negacionismo clim\u00e1tico&#8221; by Jos\u00e9 Mar\u00eda Baldasano"},"content":{"rendered":"<p>[et_pb_section fb_built=&#8221;1&#8243; admin_label=&#8221;section&#8221; _builder_version=&#8221;4.27.4&#8243; custom_padding=&#8221;0px||||false|false&#8221; locked=&#8221;off&#8221; global_colors_info=&#8221;{}&#8221;][et_pb_row use_custom_gutter=&#8221;on&#8221; gutter_width=&#8221;2&#8243; admin_label=&#8221;row&#8221; _builder_version=&#8221;4.27.4&#8243; background_size=&#8221;initial&#8221; background_position=&#8221;top_left&#8221; background_repeat=&#8221;repeat&#8221; max_width=&#8221;1400px&#8221; custom_margin=&#8221;|||auto|false|false&#8221; custom_padding=&#8221;||||false|false&#8221; global_colors_info=&#8221;{}&#8221;][et_pb_column type=&#8221;4_4&#8243; _builder_version=&#8221;4.16&#8243; custom_padding=&#8221;|||&#8221; global_colors_info=&#8221;{}&#8221; custom_padding__hover=&#8221;|||&#8221;][et_pb_text admin_label=&#8221;intervinientes y abstract conferencia&#8221; _builder_version=&#8221;4.27.5&#8243; _module_preset=&#8221;default&#8221; custom_padding=&#8221;40px||40px||false|false&#8221; global_colors_info=&#8221;{}&#8221;]<\/p>\n<h2>Speakers<\/h2>\n<ul>\n<li><a href=\"https:\/\/raed.academy\/academicos\/dr-jose-maria-baldasano-recio\/\"><strong>Jos\u00e9 Mar\u00eda Baldasano Recio<\/strong><\/a>. PhD in Chemical Sciences, Numerary Member of the RAED, author of the book.<\/li>\n<li><a href=\"https:\/\/raed.academy\/academicos\/dr-jordi-marti-pidelaserra\/\"><strong>Jordi Marti Pidelaserra<\/strong><\/a> (presentation). PhD in Economics and Business Administration, Numerary Member of the RAED<\/li>\n<\/ul>\n<h2>Two Degrees More Are Not Such a Big Deal. A History of Climate Change Denial<\/h2>\n<p><img loading=\"lazy\" decoding=\"async\" class=\"wp-image-177313 alignleft \" src=\"https:\/\/raed.academy\/wp-content\/uploads\/2025\/12\/portada-libro-Dos-grados-mas-no-son-para-tanto-por-Jose-Maria-Baldasano.webp\" alt=\"\" width=\"176\" height=\"274\" \/>This book offers a historical analysis of climate change denial, from its earliest stage rooted in scientific denialism in the final decade of the nineteenth century; subsequently evolving into active denialism, promoted and largely funded by fossil fuel companies from the 1950s to the present day, framing global warming as a theory rather than as an established fact.<\/p>\n<p>Finally, after 1990, it also became a political ideology, in which climate change denial is positioned as a core element of neoliberal ideological thinking.<\/p>\n<p>The book addresses developments following the 2015 Paris Agreement, such as \u201cdelayism\u201d and \u201ctechnological neutrality\u201d, in decision-making processes related to actions aimed at mitigating and adapting to the effects and impacts of current climate change.<\/p>\n<p>It highlights the crucial difference between legitimate scientific debate, which seeks to investigate and understand the dynamics and evolution of climate systems, and climate change denial, which aims to deny or undermine the reality of the phenomenon itself and the climate science that supports it.<\/p>\n<p><div id=\"attachment_84766\" style=\"width: 560px\" class=\"wp-caption aligncenter\"><img loading=\"lazy\" decoding=\"async\" aria-describedby=\"caption-attachment-84766\" class=\"wp-image-84766 size-full\" src=\"https:\/\/raed.academy\/wp-content\/uploads\/2019\/12\/Jose-Maria-Baldasano.jpg\" alt=\"Jos\u00e9 Mar\u00eda Baldasano\" width=\"550\" height=\"309\" \/><p id=\"caption-attachment-84766\" class=\"wp-caption-text\">Dr. Jos\u00e9 Mar\u00eda Baldasano<\/p><\/div><br \/>\n[\/et_pb_text][\/et_pb_column][\/et_pb_row][et_pb_row column_structure=&#8221;1_2,1_2&#8243; admin_label=&#8221;Fila&#8221; _builder_version=&#8221;4.24.3&#8243; _module_preset=&#8221;default&#8221; max_width=&#8221;1400px&#8221; locked=&#8221;off&#8221; global_colors_info=&#8221;{}&#8221;][et_pb_column type=&#8221;1_2&#8243; _builder_version=&#8221;4.16&#8243; _module_preset=&#8221;default&#8221; global_colors_info=&#8221;{}&#8221;][et_pb_code admin_label=&#8221;C\u00f3digo &#8211; organizadores&#8221; _builder_version=&#8221;4.27.4&#8243; _module_preset=&#8221;default&#8221; global_colors_info=&#8221;{}&#8221;]<pee class=\"ttl-colaboradores\">Organised by:<\/pee><!-- [et_pb_line_break_holder] --><!-- [et_pb_line_break_holder] --><!-- [et_pb_line_break_holder] --><\/p>\n<div id=\"organizadores\"><!-- [et_pb_line_break_holder] --><!-- [et_pb_line_break_holder] --><\/p>\n<div class=\"logo-colaborador\"><a href=\"https:\/\/raed.academy\/en\/\" target=\"_blank\" rel=\"noopener noreferrer\"><img decoding=\"async\" src=\"https:\/\/raed.academy\/wp-content\/uploads\/2021\/10\/Logo-RAED-160px.jpg\" alt=\"Real Academia Europea de Doctores RAED\" \/><\/a><!-- [et_pb_line_break_holder] --><\/p>\n<div class=\"txt\"><\/div>\n<p><!-- [et_pb_line_break_holder] -->\u00a0<!-- [et_pb_line_break_holder] --><!-- [et_pb_line_break_holder] --><\/div>\n<p><!-- [et_pb_line_break_holder] --><!-- [et_pb_line_break_holder] --><!-- [et_pb_line_break_holder] --><\/p>\n<div class=\"logo-colaborador\"><a href=\"https:\/\/fundacionraed.org\/\" target=\"_blank\" rel=\"noopener noreferrer\"><img decoding=\"async\" src=\"https:\/\/raed.academy\/wp-content\/uploads\/2021\/10\/Logo-Fundacion-RAED-160px.jpg\" alt=\"Fundaci\u00f3n RAED\" \/><\/a><!-- [et_pb_line_break_holder] --><\/p>\n<div class=\"txt\"><\/div>\n<p><!-- [et_pb_line_break_holder] -->\u00a0<!-- [et_pb_line_break_holder] --><!-- [et_pb_line_break_holder] --><\/div>\n<p><!-- [et_pb_line_break_holder] --><!-- [et_pb_line_break_holder] --><!-- [et_pb_line_break_holder] --><!-- [et_pb_line_break_holder] --><\/div>\n<p><!-- [et_pb_line_break_holder] -->[\/et_pb_code][\/et_pb_column][et_pb_column type=&#8221;1_2&#8243; _builder_version=&#8221;4.16&#8243; _module_preset=&#8221;default&#8221; global_colors_info=&#8221;{}&#8221;][et_pb_code admin_label=&#8221;C\u00f3digo &#8211; colaboradores&#8221; _builder_version=&#8221;4.27.4&#8243; _module_preset=&#8221;default&#8221; global_colors_info=&#8221;{}&#8221;]<pee class=\"ttl-colaboradores\">With the collaboration of:<\/pee><!-- [et_pb_line_break_holder] --><!-- [et_pb_line_break_holder] --><!-- [et_pb_line_break_holder] --><\/p>\n<div id=\"colaboradores\"><!-- [et_pb_line_break_holder] --> <!-- [et_pb_line_break_holder] --><!-- [et_pb_line_break_holder] --><\/p>\n<div class=\"logo-colaborador\"><!-- [et_pb_line_break_holder] --><!-- [et_pb_line_break_holder] --><\/p>\n<div class=\"txt-circular\"><\/div>\n<p><!-- [et_pb_line_break_holder] --><!-- [et_pb_line_break_holder] --> <a href=\"https:\/\/justicia.gencat.cat\/ca\/inici\" target=\"_blank\" rel=\"noopener noreferrer\"><img decoding=\"async\" src=\"https:\/\/raed.academy\/wp-content\/uploads\/2024\/11\/Generalitat-de-Catalunya-dept-Justicia-i-Qualitat-Democratica-240px.jpg\" alt=\"Generalitat de catalunya\" width=\"210\" \/><\/a><!-- [et_pb_line_break_holder] --><!-- [et_pb_line_break_holder] --><\/div>\n<p><!-- [et_pb_line_break_holder] --><!-- [et_pb_line_break_holder] --><!-- [et_pb_line_break_holder] --><\/p>\n<div class=\"logo-colaborador\"><!-- [et_pb_line_break_holder] --><!-- [et_pb_line_break_holder] --><\/p>\n<div class=\"txt-circular\"><\/div>\n<p><!-- [et_pb_line_break_holder] --><!-- [et_pb_line_break_holder] --> <a href=\"https:\/\/www.aecoc.es\/\" target=\"_blank\" rel=\"noopener noreferrer\"><img decoding=\"async\" src=\"https:\/\/raed.academy\/wp-content\/uploads\/2025\/05\/logo-AECOC-negro-200px.png\" alt=\"AECOC\" width=\"150\" \/><\/a><!-- [et_pb_line_break_holder] --><!-- [et_pb_line_break_holder] --><\/div>\n<p><!-- [et_pb_line_break_holder] --><!-- [et_pb_line_break_holder] --><!-- [et_pb_line_break_holder] --><!-- [et_pb_line_break_holder] --><\/div>\n<p><!-- [et_pb_line_break_holder] -->[\/et_pb_code][\/et_pb_column][\/et_pb_row][\/et_pb_section]<\/p>\n","protected":false},"excerpt":{"rendered":"<p>Jos\u00e9 Mar\u00eda Baldasano presents his book &#8220;Dos grados m\u00e1s no son para tanto. Una historia del negacionismo clim\u00e1tico&#8221;<\/p>\n","protected":false},"featured_media":177370,"menu_order":0,"template":"template-evento-estandar.php","meta":{"_et_pb_use_builder":"on","_et_pb_old_content":"","_et_gb_content_width":"","footnotes":""},"ubicacion_evento":[862,840],"tipo_evento":[880],"formato_evento":[895],"class_list":["post-177405","evento","type-evento","status-publish","has-post-thumbnail","hentry","ubicacion_evento-boardroom","ubicacion_evento-raed-headquarters","tipo_evento-book-presentation","formato_evento-in-person"],"yoast_head":"<!-- This site is optimized with the Yoast SEO plugin v27.5 - https:\/\/yoast.com\/product\/yoast-seo-wordpress\/ -->\n<title>Book presentation: &quot;Dos grados m\u00e1s no son para tanto. Una historia del negacionismo clim\u00e1tico&quot; by Jos\u00e9 Mar\u00eda Baldasano - Royal European Academy of Doctors<\/title>\n<meta name=\"description\" content=\"Jos\u00e9 Mar\u00eda Baldasano presents his book &quot;Dos grados m\u00e1s no son para tanto. Una historia del negacionismo clim\u00e1tico&quot;\" \/>\n<meta name=\"robots\" content=\"index, follow, max-snippet:-1, max-image-preview:large, max-video-preview:-1\" \/>\n<link rel=\"canonical\" href=\"https:\/\/raed.academy\/en\/raed-eventos-temp\/book-presentation-dos-grados-mas-no-son-para-tanto-una-historia-del-negacionismo-climatico-by-jose-maria-baldasano\/\" \/>\n<meta property=\"og:locale\" content=\"en_US\" \/>\n<meta property=\"og:type\" content=\"article\" \/>\n<meta property=\"og:title\" content=\"Book presentation: &quot;Dos grados m\u00e1s no son para tanto. Una historia del negacionismo clim\u00e1tico&quot; by Jos\u00e9 Mar\u00eda Baldasano - Royal European Academy of Doctors\" \/>\n<meta property=\"og:description\" content=\"Jos\u00e9 Mar\u00eda Baldasano presents his book &quot;Dos grados m\u00e1s no son para tanto. Una historia del negacionismo clim\u00e1tico&quot;\" \/>\n<meta property=\"og:url\" content=\"https:\/\/raed.academy\/en\/raed-eventos-temp\/book-presentation-dos-grados-mas-no-son-para-tanto-una-historia-del-negacionismo-climatico-by-jose-maria-baldasano\/\" \/>\n<meta property=\"og:site_name\" content=\"Royal European Academy of Doctors\" \/>\n<meta property=\"article:publisher\" content=\"http:\/\/fb.me\/raed.academy\" \/>\n<meta property=\"article:modified_time\" content=\"2025-12-24T11:46:13+00:00\" \/>\n<meta property=\"og:image\" content=\"https:\/\/raed.academy\/wp-content\/uploads\/2025\/12\/banner-libro-Dos-grados-mas-no-son-para-tanto-de-JM-Baldasano1.17.webp\" \/>\n\t<meta property=\"og:image:width\" content=\"350\" \/>\n\t<meta property=\"og:image:height\" content=\"300\" \/>\n\t<meta property=\"og:image:type\" content=\"image\/webp\" \/>\n<meta name=\"twitter:card\" content=\"summary_large_image\" \/>\n<meta name=\"twitter:site\" content=\"@raedacademy\" \/>\n<meta name=\"twitter:label1\" content=\"Est. reading time\" \/>\n\t<meta name=\"twitter:data1\" content=\"3 minutes\" \/>\n<script type=\"application\/ld+json\" class=\"yoast-schema-graph\">{\"@context\":\"https:\\\/\\\/schema.org\",\"@graph\":[{\"@type\":\"WebPage\",\"@id\":\"https:\\\/\\\/raed.academy\\\/en\\\/raed-eventos-temp\\\/book-presentation-dos-grados-mas-no-son-para-tanto-una-historia-del-negacionismo-climatico-by-jose-maria-baldasano\\\/\",\"url\":\"https:\\\/\\\/raed.academy\\\/en\\\/raed-eventos-temp\\\/book-presentation-dos-grados-mas-no-son-para-tanto-una-historia-del-negacionismo-climatico-by-jose-maria-baldasano\\\/\",\"name\":\"Book presentation: \\\"Dos grados m\u00e1s no son para tanto. Una historia del negacionismo clim\u00e1tico\\\" by Jos\u00e9 Mar\u00eda Baldasano - Royal European Academy of Doctors\",\"isPartOf\":{\"@id\":\"https:\\\/\\\/raed.academy\\\/en\\\/#website\"},\"primaryImageOfPage\":{\"@id\":\"https:\\\/\\\/raed.academy\\\/en\\\/raed-eventos-temp\\\/book-presentation-dos-grados-mas-no-son-para-tanto-una-historia-del-negacionismo-climatico-by-jose-maria-baldasano\\\/#primaryimage\"},\"image\":{\"@id\":\"https:\\\/\\\/raed.academy\\\/en\\\/raed-eventos-temp\\\/book-presentation-dos-grados-mas-no-son-para-tanto-una-historia-del-negacionismo-climatico-by-jose-maria-baldasano\\\/#primaryimage\"},\"thumbnailUrl\":\"https:\\\/\\\/raed.academy\\\/wp-content\\\/uploads\\\/2025\\\/12\\\/banner-libro-Dos-grados-mas-no-son-para-tanto-de-JM-Baldasano1.17.webp\",\"datePublished\":\"2025-12-23T10:06:27+00:00\",\"dateModified\":\"2025-12-24T11:46:13+00:00\",\"description\":\"Jos\u00e9 Mar\u00eda Baldasano presents his book \\\"Dos grados m\u00e1s no son para tanto. Una historia del negacionismo clim\u00e1tico\\\"\",\"breadcrumb\":{\"@id\":\"https:\\\/\\\/raed.academy\\\/en\\\/raed-eventos-temp\\\/book-presentation-dos-grados-mas-no-son-para-tanto-una-historia-del-negacionismo-climatico-by-jose-maria-baldasano\\\/#breadcrumb\"},\"inLanguage\":\"en-US\",\"potentialAction\":[{\"@type\":\"ReadAction\",\"target\":[\"https:\\\/\\\/raed.academy\\\/en\\\/raed-eventos-temp\\\/book-presentation-dos-grados-mas-no-son-para-tanto-una-historia-del-negacionismo-climatico-by-jose-maria-baldasano\\\/\"]}]},{\"@type\":\"ImageObject\",\"inLanguage\":\"en-US\",\"@id\":\"https:\\\/\\\/raed.academy\\\/en\\\/raed-eventos-temp\\\/book-presentation-dos-grados-mas-no-son-para-tanto-una-historia-del-negacionismo-climatico-by-jose-maria-baldasano\\\/#primaryimage\",\"url\":\"https:\\\/\\\/raed.academy\\\/wp-content\\\/uploads\\\/2025\\\/12\\\/banner-libro-Dos-grados-mas-no-son-para-tanto-de-JM-Baldasano1.17.webp\",\"contentUrl\":\"https:\\\/\\\/raed.academy\\\/wp-content\\\/uploads\\\/2025\\\/12\\\/banner-libro-Dos-grados-mas-no-son-para-tanto-de-JM-Baldasano1.17.webp\",\"width\":350,\"height\":300},{\"@type\":\"BreadcrumbList\",\"@id\":\"https:\\\/\\\/raed.academy\\\/en\\\/raed-eventos-temp\\\/book-presentation-dos-grados-mas-no-son-para-tanto-una-historia-del-negacionismo-climatico-by-jose-maria-baldasano\\\/#breadcrumb\",\"itemListElement\":[{\"@type\":\"ListItem\",\"position\":1,\"name\":\"Inicio\",\"item\":\"https:\\\/\\\/raed.academy\\\/en\\\/\"},{\"@type\":\"ListItem\",\"position\":2,\"name\":\"Eventos\",\"item\":\"https:\\\/\\\/raed.academy\\\/en\\\/raed-eventos-temp\\\/\"},{\"@type\":\"ListItem\",\"position\":3,\"name\":\"Book presentation: \u00abDos grados m\u00e1s no son para tanto. Una historia del negacionismo clim\u00e1tico\u00bb by Jos\u00e9 Mar\u00eda Baldasano\"}]},{\"@type\":\"WebSite\",\"@id\":\"https:\\\/\\\/raed.academy\\\/en\\\/#website\",\"url\":\"https:\\\/\\\/raed.academy\\\/en\\\/\",\"name\":\"Royal European Academy of Doctors\",\"description\":\"Corporaci\u00f3n de derecho p\u00fablico de car\u00e1cter cient\u00edfico, t\u00e9cnico y art\u00edstico, que tiene por objeto la investigaci\u00f3n, el estudio, el fomento y la extensi\u00f3n del conocimiento en su sentido m\u00e1s amplio.\",\"publisher\":{\"@id\":\"https:\\\/\\\/raed.academy\\\/en\\\/#organization\"},\"potentialAction\":[{\"@type\":\"SearchAction\",\"target\":{\"@type\":\"EntryPoint\",\"urlTemplate\":\"https:\\\/\\\/raed.academy\\\/en\\\/?s={search_term_string}\"},\"query-input\":{\"@type\":\"PropertyValueSpecification\",\"valueRequired\":true,\"valueName\":\"search_term_string\"}}],\"inLanguage\":\"en-US\"},{\"@type\":\"Organization\",\"@id\":\"https:\\\/\\\/raed.academy\\\/en\\\/#organization\",\"name\":\"Real Academia Europea de Doctores\",\"url\":\"https:\\\/\\\/raed.academy\\\/en\\\/\",\"logo\":{\"@type\":\"ImageObject\",\"inLanguage\":\"en-US\",\"@id\":\"https:\\\/\\\/raed.academy\\\/en\\\/#\\\/schema\\\/logo\\\/image\\\/\",\"url\":\"https:\\\/\\\/raed.academy\\\/wp-content\\\/uploads\\\/2017\\\/01\\\/cropped-logo_raed.png\",\"contentUrl\":\"https:\\\/\\\/raed.academy\\\/wp-content\\\/uploads\\\/2017\\\/01\\\/cropped-logo_raed.png\",\"width\":512,\"height\":512,\"caption\":\"Real Academia Europea de Doctores\"},\"image\":{\"@id\":\"https:\\\/\\\/raed.academy\\\/en\\\/#\\\/schema\\\/logo\\\/image\\\/\"},\"sameAs\":[\"http:\\\/\\\/fb.me\\\/raed.academy\",\"https:\\\/\\\/x.com\\\/raedacademy\",\"https:\\\/\\\/www.instagram.com\\\/raed.academy\\\/\",\"https:\\\/\\\/www.youtube.com\\\/channel\\\/UCUYQwW2KrdirNWihxMDObwg\"]}]}<\/script>\n<!-- \/ Yoast SEO plugin. -->","yoast_head_json":{"title":"Book presentation: \"Dos grados m\u00e1s no son para tanto. Una historia del negacionismo clim\u00e1tico\" by Jos\u00e9 Mar\u00eda Baldasano - Royal European Academy of Doctors","description":"Jos\u00e9 Mar\u00eda Baldasano presents his book \"Dos grados m\u00e1s no son para tanto. Una historia del negacionismo clim\u00e1tico\"","robots":{"index":"index","follow":"follow","max-snippet":"max-snippet:-1","max-image-preview":"max-image-preview:large","max-video-preview":"max-video-preview:-1"},"canonical":"https:\/\/raed.academy\/en\/raed-eventos-temp\/book-presentation-dos-grados-mas-no-son-para-tanto-una-historia-del-negacionismo-climatico-by-jose-maria-baldasano\/","og_locale":"en_US","og_type":"article","og_title":"Book presentation: \"Dos grados m\u00e1s no son para tanto. Una historia del negacionismo clim\u00e1tico\" by Jos\u00e9 Mar\u00eda Baldasano - Royal European Academy of Doctors","og_description":"Jos\u00e9 Mar\u00eda Baldasano presents his book \"Dos grados m\u00e1s no son para tanto. Una historia del negacionismo clim\u00e1tico\"","og_url":"https:\/\/raed.academy\/en\/raed-eventos-temp\/book-presentation-dos-grados-mas-no-son-para-tanto-una-historia-del-negacionismo-climatico-by-jose-maria-baldasano\/","og_site_name":"Royal European Academy of Doctors","article_publisher":"http:\/\/fb.me\/raed.academy","article_modified_time":"2025-12-24T11:46:13+00:00","og_image":[{"width":350,"height":300,"url":"https:\/\/raed.academy\/wp-content\/uploads\/2025\/12\/banner-libro-Dos-grados-mas-no-son-para-tanto-de-JM-Baldasano1.17.webp","type":"image\/webp"}],"twitter_card":"summary_large_image","twitter_site":"@raedacademy","twitter_misc":{"Est. reading time":"3 minutes"},"schema":{"@context":"https:\/\/schema.org","@graph":[{"@type":"WebPage","@id":"https:\/\/raed.academy\/en\/raed-eventos-temp\/book-presentation-dos-grados-mas-no-son-para-tanto-una-historia-del-negacionismo-climatico-by-jose-maria-baldasano\/","url":"https:\/\/raed.academy\/en\/raed-eventos-temp\/book-presentation-dos-grados-mas-no-son-para-tanto-una-historia-del-negacionismo-climatico-by-jose-maria-baldasano\/","name":"Book presentation: \"Dos grados m\u00e1s no son para tanto. Una historia del negacionismo clim\u00e1tico\" by Jos\u00e9 Mar\u00eda Baldasano - Royal European Academy of Doctors","isPartOf":{"@id":"https:\/\/raed.academy\/en\/#website"},"primaryImageOfPage":{"@id":"https:\/\/raed.academy\/en\/raed-eventos-temp\/book-presentation-dos-grados-mas-no-son-para-tanto-una-historia-del-negacionismo-climatico-by-jose-maria-baldasano\/#primaryimage"},"image":{"@id":"https:\/\/raed.academy\/en\/raed-eventos-temp\/book-presentation-dos-grados-mas-no-son-para-tanto-una-historia-del-negacionismo-climatico-by-jose-maria-baldasano\/#primaryimage"},"thumbnailUrl":"https:\/\/raed.academy\/wp-content\/uploads\/2025\/12\/banner-libro-Dos-grados-mas-no-son-para-tanto-de-JM-Baldasano1.17.webp","datePublished":"2025-12-23T10:06:27+00:00","dateModified":"2025-12-24T11:46:13+00:00","description":"Jos\u00e9 Mar\u00eda Baldasano presents his book \"Dos grados m\u00e1s no son para tanto. Una historia del negacionismo clim\u00e1tico\"","breadcrumb":{"@id":"https:\/\/raed.academy\/en\/raed-eventos-temp\/book-presentation-dos-grados-mas-no-son-para-tanto-una-historia-del-negacionismo-climatico-by-jose-maria-baldasano\/#breadcrumb"},"inLanguage":"en-US","potentialAction":[{"@type":"ReadAction","target":["https:\/\/raed.academy\/en\/raed-eventos-temp\/book-presentation-dos-grados-mas-no-son-para-tanto-una-historia-del-negacionismo-climatico-by-jose-maria-baldasano\/"]}]},{"@type":"ImageObject","inLanguage":"en-US","@id":"https:\/\/raed.academy\/en\/raed-eventos-temp\/book-presentation-dos-grados-mas-no-son-para-tanto-una-historia-del-negacionismo-climatico-by-jose-maria-baldasano\/#primaryimage","url":"https:\/\/raed.academy\/wp-content\/uploads\/2025\/12\/banner-libro-Dos-grados-mas-no-son-para-tanto-de-JM-Baldasano1.17.webp","contentUrl":"https:\/\/raed.academy\/wp-content\/uploads\/2025\/12\/banner-libro-Dos-grados-mas-no-son-para-tanto-de-JM-Baldasano1.17.webp","width":350,"height":300},{"@type":"BreadcrumbList","@id":"https:\/\/raed.academy\/en\/raed-eventos-temp\/book-presentation-dos-grados-mas-no-son-para-tanto-una-historia-del-negacionismo-climatico-by-jose-maria-baldasano\/#breadcrumb","itemListElement":[{"@type":"ListItem","position":1,"name":"Inicio","item":"https:\/\/raed.academy\/en\/"},{"@type":"ListItem","position":2,"name":"Eventos","item":"https:\/\/raed.academy\/en\/raed-eventos-temp\/"},{"@type":"ListItem","position":3,"name":"Book presentation: \u00abDos grados m\u00e1s no son para tanto. Una historia del negacionismo clim\u00e1tico\u00bb by Jos\u00e9 Mar\u00eda Baldasano"}]},{"@type":"WebSite","@id":"https:\/\/raed.academy\/en\/#website","url":"https:\/\/raed.academy\/en\/","name":"Royal European Academy of Doctors","description":"Corporaci\u00f3n de derecho p\u00fablico de car\u00e1cter cient\u00edfico, t\u00e9cnico y art\u00edstico, que tiene por objeto la investigaci\u00f3n, el estudio, el fomento y la extensi\u00f3n del conocimiento en su sentido m\u00e1s amplio.","publisher":{"@id":"https:\/\/raed.academy\/en\/#organization"},"potentialAction":[{"@type":"SearchAction","target":{"@type":"EntryPoint","urlTemplate":"https:\/\/raed.academy\/en\/?s={search_term_string}"},"query-input":{"@type":"PropertyValueSpecification","valueRequired":true,"valueName":"search_term_string"}}],"inLanguage":"en-US"},{"@type":"Organization","@id":"https:\/\/raed.academy\/en\/#organization","name":"Real Academia Europea de Doctores","url":"https:\/\/raed.academy\/en\/","logo":{"@type":"ImageObject","inLanguage":"en-US","@id":"https:\/\/raed.academy\/en\/#\/schema\/logo\/image\/","url":"https:\/\/raed.academy\/wp-content\/uploads\/2017\/01\/cropped-logo_raed.png","contentUrl":"https:\/\/raed.academy\/wp-content\/uploads\/2017\/01\/cropped-logo_raed.png","width":512,"height":512,"caption":"Real Academia Europea de Doctores"},"image":{"@id":"https:\/\/raed.academy\/en\/#\/schema\/logo\/image\/"},"sameAs":["http:\/\/fb.me\/raed.academy","https:\/\/x.com\/raedacademy","https:\/\/www.instagram.com\/raed.academy\/","https:\/\/www.youtube.com\/channel\/UCUYQwW2KrdirNWihxMDObwg"]}]}},"_links":{"self":[{"href":"https:\/\/raed.academy\/en\/wp-json\/wp\/v2\/evento\/177405","targetHints":{"allow":["GET"]}}],"collection":[{"href":"https:\/\/raed.academy\/en\/wp-json\/wp\/v2\/evento"}],"about":[{"href":"https:\/\/raed.academy\/en\/wp-json\/wp\/v2\/types\/evento"}],"version-history":[{"count":3,"href":"https:\/\/raed.academy\/en\/wp-json\/wp\/v2\/evento\/177405\/revisions"}],"predecessor-version":[{"id":177507,"href":"https:\/\/raed.academy\/en\/wp-json\/wp\/v2\/evento\/177405\/revisions\/177507"}],"wp:featuredmedia":[{"embeddable":true,"href":"https:\/\/raed.academy\/en\/wp-json\/wp\/v2\/media\/177370"}],"wp:attachment":[{"href":"https:\/\/raed.academy\/en\/wp-json\/wp\/v2\/media?parent=177405"}],"wp:term":[{"taxonomy":"ubicacion_evento","embeddable":true,"href":"https:\/\/raed.academy\/en\/wp-json\/wp\/v2\/ubicacion_evento?post=177405"},{"taxonomy":"tipo_evento","embeddable":true,"href":"https:\/\/raed.academy\/en\/wp-json\/wp\/v2\/tipo_evento?post=177405"},{"taxonomy":"formato_evento","embeddable":true,"href":"https:\/\/raed.academy\/en\/wp-json\/wp\/v2\/formato_evento?post=177405"}],"curies":[{"name":"wp","href":"https:\/\/api.w.org\/{rel}","templated":true}]}}