{"id":177372,"date":"2025-12-22T17:54:47","date_gmt":"2025-12-22T17:54:47","guid":{"rendered":"https:\/\/raed.academy\/?post_type=evento&#038;p=177372"},"modified":"2026-02-19T16:25:55","modified_gmt":"2026-02-19T16:25:55","slug":"juan-pablo-ventosa-joins-the-raed-as-a-numerary-member","status":"publish","type":"evento","link":"https:\/\/raed.academy\/en\/raed-eventos-temp\/juan-pablo-ventosa-joins-the-raed-as-a-numerary-member\/","title":{"rendered":"Juan Pablo Ventosa Joins the RAED as a Numerary Member"},"content":{"rendered":"<p>[et_pb_section fb_built=&#8221;1&#8243; fullwidth=&#8221;on&#8221; admin_label=&#8221;Secci\u00f3n&#8221; _builder_version=&#8221;4.27.4&#8243; _module_preset=&#8221;default&#8221; locked=&#8221;off&#8221; global_colors_info=&#8221;{}&#8221;][et_pb_fullwidth_image src=&#8221;https:\/\/raed.academy\/wp-content\/uploads\/2024\/06\/shutt-geoestrategia-ajedrez-juego-liderazgo-negocios-2.91.webp&#8221; title_text=&#8221;shutt-geoestrategia-ajedrez-juego-liderazgo-negocios-2.91&#8243; _builder_version=&#8221;4.27.5&#8243; _module_preset=&#8221;default&#8221; global_colors_info=&#8221;{}&#8221;][\/et_pb_fullwidth_image][\/et_pb_section][et_pb_section fb_built=&#8221;1&#8243; admin_label=&#8221;Secci\u00f3n&#8221; _builder_version=&#8221;4.27.4&#8243; _module_preset=&#8221;default&#8221; custom_padding=&#8221;0px|||||&#8221; locked=&#8221;off&#8221; global_colors_info=&#8221;{}&#8221;][et_pb_row admin_label=&#8221;Fila&#8221; _builder_version=&#8221;4.27.5&#8243; _module_preset=&#8221;default&#8221; max_width=&#8221;1400px&#8221; hover_enabled=&#8221;0&#8243; global_colors_info=&#8221;{}&#8221; use_custom_gutter=&#8221;on&#8221; gutter_width=&#8221;1&#8243; sticky_enabled=&#8221;0&#8243;][et_pb_column type=&#8221;4_4&#8243; _builder_version=&#8221;4.16&#8243; _module_preset=&#8221;default&#8221; global_colors_info=&#8221;{}&#8221;][et_pb_code admin_label=&#8221;Breadcrumb Yoast&#8221; _builder_version=&#8221;4.27.4&#8243; _module_preset=&#8221;default&#8221; locked=&#8221;off&#8221; global_colors_info=&#8221;{}&#8221;]<span><span><a href=\"https:\/\/raed.academy\/en\/\">Inicio<\/a><\/span><\/span>[\/et_pb_code][et_pb_post_title meta=&#8221;off&#8221; featured_image=&#8221;off&#8221; admin_label=&#8221;t\u00edtulo publicacion&#8221; _builder_version=&#8221;4.27.4&#8243; _module_preset=&#8221;default&#8221; title_font_size=&#8221;40px&#8221; title_font_size_tablet=&#8221;&#8221; title_font_size_phone=&#8221;28px&#8221; title_font_size_last_edited=&#8221;on|phone&#8221; locked=&#8221;off&#8221; global_colors_info=&#8221;{}&#8221;][\/et_pb_post_title][et_pb_text admin_label=&#8221;Detalles evento&#8221; _builder_version=&#8221;4.27.5&#8243; _module_preset=&#8221;default&#8221; global_colors_info=&#8221;{}&#8221;]<\/p>\n<p style=\"text-align: left;\"><strong><img loading=\"lazy\" decoding=\"async\" class=\"wp-image-177359 alignright size-full\" src=\"https:\/\/raed.academy\/wp-content\/uploads\/2025\/12\/Dr-Juan-Pablo-Ventosa-Franques-230x317px.jpg\" alt=\"\" width=\"230\" height=\"317\" \/><a href=\"https:\/\/raed.academy\/en\/academicians\/dr-juan-pablo-ventosa-franques\/\">His Excellency Dr Juan Pablo Ventosa Franqu\u00e9s<\/a><\/strong>, Doctor of Economics and Business Administration and founding partner of Human Performance, is admitted as a <strong>Numerary Member<\/strong> of the <strong>Royal European Academy of Doctors<\/strong>, with the address <a href=\"https:\/\/raed.academy\/wp-content\/uploads\/2026\/02\/Leadership-analytics-hacia-un-liderazgo-verificable-y-consciente-Juan-Pablo-Ventosa-Franques.pdf\" target=\"_blank\" rel=\"noopener\"><strong>\u201cLeadership Analytics: Hacia un liderazgo verificable y consciente\u201d<\/strong><\/a> (Leadership Analytics: Towards Verifiable and Conscious Leadership).<\/p>\n<p><strong>Reply:<\/strong> <a href=\"https:\/\/raed.academy\/en\/academicians\/dr-david-lopez-lopez\/\"><strong>His Excellency Dr David L\u00f3pez L\u00f3pez<\/strong><\/a>, Doctor of Economic, Social and Legal Sciences, Numerary Member of the RAED<\/p>\n<p class=\"ubicacion-evento\">Hall B at the headquarters of <em>Foment del Treball<\/em>. Via Laietana, 32, Barcelona<\/p>\n<p class=\"fecha-evento\">Wednesday, 18 February 2026<\/p>\n<p class=\"hora-evento\">18:30 h.<\/p>\n<p><strong>Format:<\/strong> On-site and streaming<\/p>\n<p><strong>Registration: <\/strong>Please confirm attendance with the Secretariat: <a href=\"mailto:secretaria@raed.academy\"><strong>secretaria@raed.academy<\/strong><\/a> or by phone at <strong>+34 93 667 40 54<\/strong><\/p>\n<p>[\/et_pb_text][et_pb_text admin_label=&#8221;abstract discurso&#8221; _builder_version=&#8221;4.27.5&#8243; _module_preset=&#8221;default&#8221; custom_padding=&#8221;40px||40px||false|false&#8221; global_colors_info=&#8221;{}&#8221;]<\/p>\n<h2>Leadership Analytics: Towards Verifiable and Conscious Leadership<\/h2>\n<p>Dr. <strong>Juan Pablo Ventosa\u2019s<\/strong> reflection addresses the transformation of leadership in the age of complexity, framing it as a phenomenon where science, consciousness and purpose converge. He proposes a theoretical framework for understanding conscious leadership as an evolution of managerial thinking, integrating ethical, cognitive and cultural dimensions. Through the Leadership Analytics approach, he introduces a methodology that makes it possible to observe, measure and develop leadership effectiveness based on evidence, while preserving the humanistic essence of managerial action.<br \/>\n[\/et_pb_text][et_pb_text admin_label=&#8221;Txt &#8211; Seguir el evento en directo&#8221; _builder_version=&#8221;4.27.4&#8243; _module_preset=&#8221;default&#8221; global_colors_info=&#8221;{}&#8221;]<\/p>\n<h2>Follow the event live<\/h2>\n<p>You will be able to follow the event live from this same page.<br \/>\n[\/et_pb_text][et_pb_code admin_label=&#8221;C\u00f3digo v\u00eddeo&#8221; _builder_version=&#8221;4.27.5&#8243; _module_preset=&#8221;default&#8221; custom_margin=&#8221;||75px|||&#8221; global_colors_info=&#8221;{}&#8221;]<iframe loading=\"lazy\" width=\"1349\" height=\"759\" src=\"https:\/\/www.youtube.com\/embed\/PL527XFDl9w\" title=\"Sesi\u00f3n de recepci\u00f3n como Acad\u00e9mico Correspondiente del Dr. Juan Pablo Ventosa Franqu\u00e9s\" frameborder=\"0\" allow=\"accelerometer; autoplay; clipboard-write; encrypted-media; gyroscope; picture-in-picture; web-share\" referrerpolicy=\"strict-origin-when-cross-origin\" allowfullscreen><\/iframe>[\/et_pb_code][et_pb_gallery gallery_ids=&#8221;180874,180877,180880,180883,180886,180889,180892,180895,180898,180901,180904,180907&#8243; posts_number=&#8221;16&#8243; show_title_and_caption=&#8221;off&#8221; show_pagination=&#8221;off&#8221; module_class=&#8221;galeria-pad-1&#8243; _builder_version=&#8221;4.27.5&#8243; _module_preset=&#8221;default&#8221; locked=&#8221;off&#8221; global_colors_info=&#8221;{}&#8221;][\/et_pb_gallery][\/et_pb_column][\/et_pb_row][et_pb_row column_structure=&#8221;1_2,1_2&#8243; admin_label=&#8221;Fila&#8221; _builder_version=&#8221;4.24.3&#8243; _module_preset=&#8221;default&#8221; max_width=&#8221;1400px&#8221; locked=&#8221;off&#8221; global_colors_info=&#8221;{}&#8221;][et_pb_column type=&#8221;1_2&#8243; _builder_version=&#8221;4.16&#8243; _module_preset=&#8221;default&#8221; global_colors_info=&#8221;{}&#8221;][et_pb_code admin_label=&#8221;C\u00f3digo &#8211; organizadores&#8221; _builder_version=&#8221;4.27.4&#8243; _module_preset=&#8221;default&#8221; global_colors_info=&#8221;{}&#8221;]<pee class=\"ttl-colaboradores\">Organised by:<\/pee><!-- [et_pb_line_break_holder] --><!-- [et_pb_line_break_holder] --><!-- [et_pb_line_break_holder] --><\/p>\n<div id=\"organizadores\"><!-- [et_pb_line_break_holder] --><!-- [et_pb_line_break_holder] --><\/p>\n<div class=\"logo-colaborador\"><a href=\"https:\/\/raed.academy\/en\/\" target=\"_blank\" rel=\"noopener noreferrer\"><img decoding=\"async\" src=\"https:\/\/raed.academy\/wp-content\/uploads\/2021\/10\/Logo-RAED-160px.jpg\" alt=\"Real Academia Europea de Doctores RAED\" \/><\/a><!-- [et_pb_line_break_holder] --><\/p>\n<div class=\"txt\"><\/div>\n<p><!-- [et_pb_line_break_holder] -->\u00a0<!-- [et_pb_line_break_holder] --><!-- [et_pb_line_break_holder] --><\/div>\n<p><!-- [et_pb_line_break_holder] --><!-- [et_pb_line_break_holder] --><!-- [et_pb_line_break_holder] --><\/p>\n<div class=\"logo-colaborador\"><a href=\"https:\/\/fundacionraed.org\/\" target=\"_blank\" rel=\"noopener noreferrer\"><img decoding=\"async\" src=\"https:\/\/raed.academy\/wp-content\/uploads\/2021\/10\/Logo-Fundacion-RAED-160px.jpg\" alt=\"Fundaci\u00f3n RAED\" \/><\/a><!-- [et_pb_line_break_holder] --><\/p>\n<div class=\"txt\"><\/div>\n<p><!-- [et_pb_line_break_holder] -->\u00a0<!-- [et_pb_line_break_holder] --><!-- [et_pb_line_break_holder] --><\/div>\n<p><!-- [et_pb_line_break_holder] --><!-- [et_pb_line_break_holder] --><!-- [et_pb_line_break_holder] --><!-- [et_pb_line_break_holder] --><\/div>\n<p><!-- [et_pb_line_break_holder] -->[\/et_pb_code][\/et_pb_column][et_pb_column type=&#8221;1_2&#8243; _builder_version=&#8221;4.16&#8243; _module_preset=&#8221;default&#8221; global_colors_info=&#8221;{}&#8221;][et_pb_code admin_label=&#8221;C\u00f3digo &#8211; colaboradores&#8221; _builder_version=&#8221;4.27.4&#8243; _module_preset=&#8221;default&#8221; global_colors_info=&#8221;{}&#8221;]<pee class=\"ttl-colaboradores\">With the collaboration of:<\/pee><!-- [et_pb_line_break_holder] --><!-- [et_pb_line_break_holder] --><!-- [et_pb_line_break_holder] --><\/p>\n<div id=\"colaboradores\"><!-- [et_pb_line_break_holder] --> <!-- [et_pb_line_break_holder] --><!-- [et_pb_line_break_holder] --><\/p>\n<div class=\"logo-colaborador\"><!-- [et_pb_line_break_holder] --><!-- [et_pb_line_break_holder] --><\/p>\n<div class=\"txt-circular\"><\/div>\n<p><!-- [et_pb_line_break_holder] --><!-- [et_pb_line_break_holder] --> <a href=\"https:\/\/justicia.gencat.cat\/ca\/inici\" target=\"_blank\" rel=\"noopener noreferrer\"><img decoding=\"async\" src=\"https:\/\/raed.academy\/wp-content\/uploads\/2024\/11\/Generalitat-de-Catalunya-dept-Justicia-i-Qualitat-Democratica-240px.jpg\" alt=\"Generalitat de catalunya\" width=\"210\" \/><\/a><!-- [et_pb_line_break_holder] --><!-- [et_pb_line_break_holder] --><\/div>\n<p><!-- [et_pb_line_break_holder] --><!-- [et_pb_line_break_holder] --><!-- [et_pb_line_break_holder] --><\/p>\n<div class=\"logo-colaborador\"><!-- [et_pb_line_break_holder] --><!-- [et_pb_line_break_holder] --><\/p>\n<div class=\"txt-circular\"><\/div>\n<p><!-- [et_pb_line_break_holder] --><!-- [et_pb_line_break_holder] --> <a href=\"https:\/\/www.aecoc.es\/\" target=\"_blank\" rel=\"noopener noreferrer\"><img decoding=\"async\" src=\"https:\/\/raed.academy\/wp-content\/uploads\/2025\/05\/logo-AECOC-negro-200px.png\" alt=\"AECOC\" width=\"150\" \/><\/a><!-- [et_pb_line_break_holder] --><!-- [et_pb_line_break_holder] --><\/div>\n<p><!-- [et_pb_line_break_holder] --><!-- [et_pb_line_break_holder] --><!-- [et_pb_line_break_holder] --><!-- [et_pb_line_break_holder] --><\/div>\n<p><!-- [et_pb_line_break_holder] -->[\/et_pb_code][\/et_pb_column][\/et_pb_row][\/et_pb_section]<\/p>\n","protected":false},"excerpt":{"rendered":"<p>Juan Pablo Ventosa, PhD in Economics and Business and founding partner of Human Performance, enters the RAED with the speech \u201cLeadership Analytics: Hacia un liderazgo verificable y consciente\u201d (Leadership Analytics: Towards a verifiable and conscious leadership)<\/p>\n","protected":false},"featured_media":177353,"menu_order":0,"template":"","meta":{"_et_pb_use_builder":"on","_et_pb_old_content":"","_et_gb_content_width":"","footnotes":""},"ubicacion_evento":[848,903],"tipo_evento":[871],"formato_evento":[895,897],"class_list":["post-177372","evento","type-evento","status-publish","has-post-thumbnail","hentry","ubicacion_evento-foment-del-treball-headquarters","ubicacion_evento-room-b","tipo_evento-academic-admission","formato_evento-in-person","formato_evento-live"],"yoast_head":"<!-- This site is optimized with the Yoast SEO plugin v27.5 - https:\/\/yoast.com\/product\/yoast-seo-wordpress\/ -->\n<title>Juan Pablo Ventosa Joins the RAED as a Numerary Member - Royal European Academy of Doctors<\/title>\n<meta name=\"description\" content=\"Juan Pablo Ventosa, founding partner of Human Performance, enters the RAED with the speech \u201cLeadership Analytics: Hacia un liderazgo verificable y consciente\u201d\" \/>\n<meta name=\"robots\" content=\"index, follow, max-snippet:-1, max-image-preview:large, max-video-preview:-1\" \/>\n<link rel=\"canonical\" href=\"https:\/\/raed.academy\/en\/raed-eventos-temp\/juan-pablo-ventosa-joins-the-raed-as-a-numerary-member\/\" \/>\n<meta property=\"og:locale\" content=\"en_US\" \/>\n<meta property=\"og:type\" content=\"article\" \/>\n<meta property=\"og:title\" content=\"Juan Pablo Ventosa Joins the RAED as a Numerary Member - Royal European Academy of Doctors\" \/>\n<meta property=\"og:description\" content=\"Juan Pablo Ventosa, founding partner of Human Performance, enters the RAED with the speech \u201cLeadership Analytics: Hacia un liderazgo verificable y consciente\u201d\" \/>\n<meta property=\"og:url\" content=\"https:\/\/raed.academy\/en\/raed-eventos-temp\/juan-pablo-ventosa-joins-the-raed-as-a-numerary-member\/\" \/>\n<meta property=\"og:site_name\" content=\"Royal European Academy of Doctors\" \/>\n<meta property=\"article:publisher\" content=\"http:\/\/fb.me\/raed.academy\" \/>\n<meta property=\"article:modified_time\" content=\"2026-02-19T16:25:55+00:00\" \/>\n<meta property=\"og:image\" content=\"https:\/\/raed.academy\/wp-content\/uploads\/2025\/12\/shutterstock-geoestrategia-ajedrez-juego-liderazgo-negocios-1.17.webp\" \/>\n\t<meta property=\"og:image:width\" content=\"350\" \/>\n\t<meta property=\"og:image:height\" content=\"300\" \/>\n\t<meta property=\"og:image:type\" content=\"image\/webp\" \/>\n<meta name=\"twitter:card\" content=\"summary_large_image\" \/>\n<meta name=\"twitter:site\" content=\"@raedacademy\" \/>\n<meta name=\"twitter:label1\" content=\"Est. reading time\" \/>\n\t<meta name=\"twitter:data1\" content=\"5 minutes\" \/>\n<script type=\"application\/ld+json\" class=\"yoast-schema-graph\">{\"@context\":\"https:\\\/\\\/schema.org\",\"@graph\":[{\"@type\":\"WebPage\",\"@id\":\"https:\\\/\\\/raed.academy\\\/en\\\/raed-eventos-temp\\\/juan-pablo-ventosa-joins-the-raed-as-a-numerary-member\\\/\",\"url\":\"https:\\\/\\\/raed.academy\\\/en\\\/raed-eventos-temp\\\/juan-pablo-ventosa-joins-the-raed-as-a-numerary-member\\\/\",\"name\":\"Juan Pablo Ventosa Joins the RAED as a Numerary Member - Royal European Academy of Doctors\",\"isPartOf\":{\"@id\":\"https:\\\/\\\/raed.academy\\\/en\\\/#website\"},\"primaryImageOfPage\":{\"@id\":\"https:\\\/\\\/raed.academy\\\/en\\\/raed-eventos-temp\\\/juan-pablo-ventosa-joins-the-raed-as-a-numerary-member\\\/#primaryimage\"},\"image\":{\"@id\":\"https:\\\/\\\/raed.academy\\\/en\\\/raed-eventos-temp\\\/juan-pablo-ventosa-joins-the-raed-as-a-numerary-member\\\/#primaryimage\"},\"thumbnailUrl\":\"https:\\\/\\\/raed.academy\\\/wp-content\\\/uploads\\\/2025\\\/12\\\/shutterstock-geoestrategia-ajedrez-juego-liderazgo-negocios-1.17.webp\",\"datePublished\":\"2025-12-22T17:54:47+00:00\",\"dateModified\":\"2026-02-19T16:25:55+00:00\",\"description\":\"Juan Pablo Ventosa, founding partner of Human Performance, enters the RAED with the speech \u201cLeadership Analytics: Hacia un liderazgo verificable y consciente\u201d\",\"breadcrumb\":{\"@id\":\"https:\\\/\\\/raed.academy\\\/en\\\/raed-eventos-temp\\\/juan-pablo-ventosa-joins-the-raed-as-a-numerary-member\\\/#breadcrumb\"},\"inLanguage\":\"en-US\",\"potentialAction\":[{\"@type\":\"ReadAction\",\"target\":[\"https:\\\/\\\/raed.academy\\\/en\\\/raed-eventos-temp\\\/juan-pablo-ventosa-joins-the-raed-as-a-numerary-member\\\/\"]}]},{\"@type\":\"ImageObject\",\"inLanguage\":\"en-US\",\"@id\":\"https:\\\/\\\/raed.academy\\\/en\\\/raed-eventos-temp\\\/juan-pablo-ventosa-joins-the-raed-as-a-numerary-member\\\/#primaryimage\",\"url\":\"https:\\\/\\\/raed.academy\\\/wp-content\\\/uploads\\\/2025\\\/12\\\/shutterstock-geoestrategia-ajedrez-juego-liderazgo-negocios-1.17.webp\",\"contentUrl\":\"https:\\\/\\\/raed.academy\\\/wp-content\\\/uploads\\\/2025\\\/12\\\/shutterstock-geoestrategia-ajedrez-juego-liderazgo-negocios-1.17.webp\",\"width\":350,\"height\":300},{\"@type\":\"BreadcrumbList\",\"@id\":\"https:\\\/\\\/raed.academy\\\/en\\\/raed-eventos-temp\\\/juan-pablo-ventosa-joins-the-raed-as-a-numerary-member\\\/#breadcrumb\",\"itemListElement\":[{\"@type\":\"ListItem\",\"position\":1,\"name\":\"Inicio\",\"item\":\"https:\\\/\\\/raed.academy\\\/en\\\/\"},{\"@type\":\"ListItem\",\"position\":2,\"name\":\"Eventos\",\"item\":\"https:\\\/\\\/raed.academy\\\/en\\\/raed-eventos-temp\\\/\"},{\"@type\":\"ListItem\",\"position\":3,\"name\":\"Juan Pablo Ventosa Joins the RAED as a Numerary Member\"}]},{\"@type\":\"WebSite\",\"@id\":\"https:\\\/\\\/raed.academy\\\/en\\\/#website\",\"url\":\"https:\\\/\\\/raed.academy\\\/en\\\/\",\"name\":\"Royal European Academy of Doctors\",\"description\":\"Corporaci\u00f3n de derecho p\u00fablico de car\u00e1cter cient\u00edfico, t\u00e9cnico y art\u00edstico, que tiene por objeto la investigaci\u00f3n, el estudio, el fomento y la extensi\u00f3n del conocimiento en su sentido m\u00e1s amplio.\",\"publisher\":{\"@id\":\"https:\\\/\\\/raed.academy\\\/en\\\/#organization\"},\"potentialAction\":[{\"@type\":\"SearchAction\",\"target\":{\"@type\":\"EntryPoint\",\"urlTemplate\":\"https:\\\/\\\/raed.academy\\\/en\\\/?s={search_term_string}\"},\"query-input\":{\"@type\":\"PropertyValueSpecification\",\"valueRequired\":true,\"valueName\":\"search_term_string\"}}],\"inLanguage\":\"en-US\"},{\"@type\":\"Organization\",\"@id\":\"https:\\\/\\\/raed.academy\\\/en\\\/#organization\",\"name\":\"Real Academia Europea de Doctores\",\"url\":\"https:\\\/\\\/raed.academy\\\/en\\\/\",\"logo\":{\"@type\":\"ImageObject\",\"inLanguage\":\"en-US\",\"@id\":\"https:\\\/\\\/raed.academy\\\/en\\\/#\\\/schema\\\/logo\\\/image\\\/\",\"url\":\"https:\\\/\\\/raed.academy\\\/wp-content\\\/uploads\\\/2017\\\/01\\\/cropped-logo_raed.png\",\"contentUrl\":\"https:\\\/\\\/raed.academy\\\/wp-content\\\/uploads\\\/2017\\\/01\\\/cropped-logo_raed.png\",\"width\":512,\"height\":512,\"caption\":\"Real Academia Europea de Doctores\"},\"image\":{\"@id\":\"https:\\\/\\\/raed.academy\\\/en\\\/#\\\/schema\\\/logo\\\/image\\\/\"},\"sameAs\":[\"http:\\\/\\\/fb.me\\\/raed.academy\",\"https:\\\/\\\/x.com\\\/raedacademy\",\"https:\\\/\\\/www.instagram.com\\\/raed.academy\\\/\",\"https:\\\/\\\/www.youtube.com\\\/channel\\\/UCUYQwW2KrdirNWihxMDObwg\"]}]}<\/script>\n<!-- \/ Yoast SEO plugin. -->","yoast_head_json":{"title":"Juan Pablo Ventosa Joins the RAED as a Numerary Member - Royal European Academy of Doctors","description":"Juan Pablo Ventosa, founding partner of Human Performance, enters the RAED with the speech \u201cLeadership Analytics: Hacia un liderazgo verificable y consciente\u201d","robots":{"index":"index","follow":"follow","max-snippet":"max-snippet:-1","max-image-preview":"max-image-preview:large","max-video-preview":"max-video-preview:-1"},"canonical":"https:\/\/raed.academy\/en\/raed-eventos-temp\/juan-pablo-ventosa-joins-the-raed-as-a-numerary-member\/","og_locale":"en_US","og_type":"article","og_title":"Juan Pablo Ventosa Joins the RAED as a Numerary Member - Royal European Academy of Doctors","og_description":"Juan Pablo Ventosa, founding partner of Human Performance, enters the RAED with the speech \u201cLeadership Analytics: Hacia un liderazgo verificable y consciente\u201d","og_url":"https:\/\/raed.academy\/en\/raed-eventos-temp\/juan-pablo-ventosa-joins-the-raed-as-a-numerary-member\/","og_site_name":"Royal European Academy of Doctors","article_publisher":"http:\/\/fb.me\/raed.academy","article_modified_time":"2026-02-19T16:25:55+00:00","og_image":[{"width":350,"height":300,"url":"https:\/\/raed.academy\/wp-content\/uploads\/2025\/12\/shutterstock-geoestrategia-ajedrez-juego-liderazgo-negocios-1.17.webp","type":"image\/webp"}],"twitter_card":"summary_large_image","twitter_site":"@raedacademy","twitter_misc":{"Est. reading time":"5 minutes"},"schema":{"@context":"https:\/\/schema.org","@graph":[{"@type":"WebPage","@id":"https:\/\/raed.academy\/en\/raed-eventos-temp\/juan-pablo-ventosa-joins-the-raed-as-a-numerary-member\/","url":"https:\/\/raed.academy\/en\/raed-eventos-temp\/juan-pablo-ventosa-joins-the-raed-as-a-numerary-member\/","name":"Juan Pablo Ventosa Joins the RAED as a Numerary Member - Royal European Academy of Doctors","isPartOf":{"@id":"https:\/\/raed.academy\/en\/#website"},"primaryImageOfPage":{"@id":"https:\/\/raed.academy\/en\/raed-eventos-temp\/juan-pablo-ventosa-joins-the-raed-as-a-numerary-member\/#primaryimage"},"image":{"@id":"https:\/\/raed.academy\/en\/raed-eventos-temp\/juan-pablo-ventosa-joins-the-raed-as-a-numerary-member\/#primaryimage"},"thumbnailUrl":"https:\/\/raed.academy\/wp-content\/uploads\/2025\/12\/shutterstock-geoestrategia-ajedrez-juego-liderazgo-negocios-1.17.webp","datePublished":"2025-12-22T17:54:47+00:00","dateModified":"2026-02-19T16:25:55+00:00","description":"Juan Pablo Ventosa, founding partner of Human Performance, enters the RAED with the speech \u201cLeadership Analytics: Hacia un liderazgo verificable y consciente\u201d","breadcrumb":{"@id":"https:\/\/raed.academy\/en\/raed-eventos-temp\/juan-pablo-ventosa-joins-the-raed-as-a-numerary-member\/#breadcrumb"},"inLanguage":"en-US","potentialAction":[{"@type":"ReadAction","target":["https:\/\/raed.academy\/en\/raed-eventos-temp\/juan-pablo-ventosa-joins-the-raed-as-a-numerary-member\/"]}]},{"@type":"ImageObject","inLanguage":"en-US","@id":"https:\/\/raed.academy\/en\/raed-eventos-temp\/juan-pablo-ventosa-joins-the-raed-as-a-numerary-member\/#primaryimage","url":"https:\/\/raed.academy\/wp-content\/uploads\/2025\/12\/shutterstock-geoestrategia-ajedrez-juego-liderazgo-negocios-1.17.webp","contentUrl":"https:\/\/raed.academy\/wp-content\/uploads\/2025\/12\/shutterstock-geoestrategia-ajedrez-juego-liderazgo-negocios-1.17.webp","width":350,"height":300},{"@type":"BreadcrumbList","@id":"https:\/\/raed.academy\/en\/raed-eventos-temp\/juan-pablo-ventosa-joins-the-raed-as-a-numerary-member\/#breadcrumb","itemListElement":[{"@type":"ListItem","position":1,"name":"Inicio","item":"https:\/\/raed.academy\/en\/"},{"@type":"ListItem","position":2,"name":"Eventos","item":"https:\/\/raed.academy\/en\/raed-eventos-temp\/"},{"@type":"ListItem","position":3,"name":"Juan Pablo Ventosa Joins the RAED as a Numerary Member"}]},{"@type":"WebSite","@id":"https:\/\/raed.academy\/en\/#website","url":"https:\/\/raed.academy\/en\/","name":"Royal European Academy of Doctors","description":"Corporaci\u00f3n de derecho p\u00fablico de car\u00e1cter cient\u00edfico, t\u00e9cnico y art\u00edstico, que tiene por objeto la investigaci\u00f3n, el estudio, el fomento y la extensi\u00f3n del conocimiento en su sentido m\u00e1s amplio.","publisher":{"@id":"https:\/\/raed.academy\/en\/#organization"},"potentialAction":[{"@type":"SearchAction","target":{"@type":"EntryPoint","urlTemplate":"https:\/\/raed.academy\/en\/?s={search_term_string}"},"query-input":{"@type":"PropertyValueSpecification","valueRequired":true,"valueName":"search_term_string"}}],"inLanguage":"en-US"},{"@type":"Organization","@id":"https:\/\/raed.academy\/en\/#organization","name":"Real Academia Europea de Doctores","url":"https:\/\/raed.academy\/en\/","logo":{"@type":"ImageObject","inLanguage":"en-US","@id":"https:\/\/raed.academy\/en\/#\/schema\/logo\/image\/","url":"https:\/\/raed.academy\/wp-content\/uploads\/2017\/01\/cropped-logo_raed.png","contentUrl":"https:\/\/raed.academy\/wp-content\/uploads\/2017\/01\/cropped-logo_raed.png","width":512,"height":512,"caption":"Real Academia Europea de Doctores"},"image":{"@id":"https:\/\/raed.academy\/en\/#\/schema\/logo\/image\/"},"sameAs":["http:\/\/fb.me\/raed.academy","https:\/\/x.com\/raedacademy","https:\/\/www.instagram.com\/raed.academy\/","https:\/\/www.youtube.com\/channel\/UCUYQwW2KrdirNWihxMDObwg"]}]}},"_links":{"self":[{"href":"https:\/\/raed.academy\/en\/wp-json\/wp\/v2\/evento\/177372","targetHints":{"allow":["GET"]}}],"collection":[{"href":"https:\/\/raed.academy\/en\/wp-json\/wp\/v2\/evento"}],"about":[{"href":"https:\/\/raed.academy\/en\/wp-json\/wp\/v2\/types\/evento"}],"version-history":[{"count":11,"href":"https:\/\/raed.academy\/en\/wp-json\/wp\/v2\/evento\/177372\/revisions"}],"predecessor-version":[{"id":180965,"href":"https:\/\/raed.academy\/en\/wp-json\/wp\/v2\/evento\/177372\/revisions\/180965"}],"wp:featuredmedia":[{"embeddable":true,"href":"https:\/\/raed.academy\/en\/wp-json\/wp\/v2\/media\/177353"}],"wp:attachment":[{"href":"https:\/\/raed.academy\/en\/wp-json\/wp\/v2\/media?parent=177372"}],"wp:term":[{"taxonomy":"ubicacion_evento","embeddable":true,"href":"https:\/\/raed.academy\/en\/wp-json\/wp\/v2\/ubicacion_evento?post=177372"},{"taxonomy":"tipo_evento","embeddable":true,"href":"https:\/\/raed.academy\/en\/wp-json\/wp\/v2\/tipo_evento?post=177372"},{"taxonomy":"formato_evento","embeddable":true,"href":"https:\/\/raed.academy\/en\/wp-json\/wp\/v2\/formato_evento?post=177372"}],"curies":[{"name":"wp","href":"https:\/\/api.w.org\/{rel}","templated":true}]}}