{"id":175901,"date":"2025-11-19T12:27:41","date_gmt":"2025-11-19T12:27:41","guid":{"rendered":"https:\/\/raed.academy\/?post_type=evento&#038;p=175901"},"modified":"2025-11-20T10:26:55","modified_gmt":"2025-11-20T10:26:55","slug":"antoni-garrell-i-guiu-is-admitted-as-honorary-academician-of-the-raed","status":"publish","type":"evento","link":"https:\/\/raed.academy\/en\/raed-eventos-temp\/antoni-garrell-i-guiu-is-admitted-as-honorary-academician-of-the-raed\/","title":{"rendered":"Antoni Garrell i Guiu is Admitted as Honorary Academician of the RAED"},"content":{"rendered":"<p>[et_pb_section fb_built=&#8221;1&#8243; fullwidth=&#8221;on&#8221; _builder_version=&#8221;4.27.4&#8243; _module_preset=&#8221;default&#8221; locked=&#8221;off&#8221; global_colors_info=&#8221;{}&#8221;][et_pb_fullwidth_image src=&#8221;https:\/\/raed.academy\/wp-content\/uploads\/2024\/06\/inteligencia-artificial-era-digital-shutt-2.91.webp&#8221; title_text=&#8221;inteligencia-artificial-era-digital-shutt-2.91&#8243; _builder_version=&#8221;4.27.4&#8243; _module_preset=&#8221;default&#8221; global_colors_info=&#8221;{}&#8221;][\/et_pb_fullwidth_image][\/et_pb_section][et_pb_section fb_built=&#8221;1&#8243; admin_label=&#8221;Secci\u00f3n&#8221; _builder_version=&#8221;4.27.4&#8243; _module_preset=&#8221;default&#8221; custom_padding=&#8221;0px|||||&#8221; locked=&#8221;off&#8221; global_colors_info=&#8221;{}&#8221;][et_pb_row admin_label=&#8221;Fila&#8221; _builder_version=&#8221;4.24.3&#8243; _module_preset=&#8221;default&#8221; max_width=&#8221;1400px&#8221; global_colors_info=&#8221;{}&#8221;][et_pb_column type=&#8221;4_4&#8243; _builder_version=&#8221;4.16&#8243; _module_preset=&#8221;default&#8221; global_colors_info=&#8221;{}&#8221;][et_pb_code admin_label=&#8221;Breadcrumb Yoast&#8221; _builder_version=&#8221;4.27.4&#8243; _module_preset=&#8221;default&#8221; locked=&#8221;off&#8221; global_colors_info=&#8221;{}&#8221;]<span><span><a href=\"https:\/\/raed.academy\/en\/\">Inicio<\/a><\/span><\/span>[\/et_pb_code][et_pb_post_title meta=&#8221;off&#8221; featured_image=&#8221;off&#8221; admin_label=&#8221;t\u00edtulo publicacion&#8221; module_class=&#8221;ttl-evento&#8221; _builder_version=&#8221;4.27.4&#8243; _module_preset=&#8221;default&#8221; title_font_size=&#8221;40px&#8221; title_font_size_tablet=&#8221;&#8221; title_font_size_phone=&#8221;28px&#8221; title_font_size_last_edited=&#8221;on|phone&#8221; locked=&#8221;off&#8221; global_colors_info=&#8221;{}&#8221;][\/et_pb_post_title][et_pb_text admin_label=&#8221;Detalles evento&#8221; _builder_version=&#8221;4.27.4&#8243; _module_preset=&#8221;default&#8221; global_colors_info=&#8221;{}&#8221;]<div id=\"attachment_175555\" style=\"width: 194px\" class=\"wp-caption alignright\"><img loading=\"lazy\" decoding=\"async\" aria-describedby=\"caption-attachment-175555\" class=\"wp-image-175555\" src=\"https:\/\/raed.academy\/wp-content\/uploads\/2025\/11\/Antoni-Garrell-Guiu-0.73.webp\" alt=\"Antoni Garrell i Guiu\" width=\"184\" height=\"252\" aria-describedby=\"caption-attachment-175555\" \/><p id=\"caption-attachment-175555\" class=\"wp-caption-text\">Mr. Antoni Garrell<\/p><\/div><\/p>\n<p>The <strong>Hon. Mr. Antoni Garrell i Guiu<\/strong>, Industrial Engineer with Doctoral Studies in Decision-Support Systems, is admitted as a Honorary Academician of the <strong>Royal European Academy of Doctors<\/strong>, delivering the address <b>\u201cLa segona revoluci\u00f3 digital: L\u2019economia digital i la Intel\u00b7lig\u00e8ncia Artificial ens estan conduint a una nova era de la humanitat?\u201d<\/b> (The Second Digital Revolution: Are the Digital Economy and Artificial Intelligence Leading Us to a New Era of Humanity?).<\/p>\n<p>Reply: <a href=\"https:\/\/raed.academy\/en\/academicians\/dr-rodolfo-fernandez-cuellas-fernandez\/\"><strong>Hon. Dr. Rodolfo Fern\u00e1ndez-Cuellas<\/strong><\/a>, Doctor of Law<\/p>\n<p class=\"ubicacion-evento\">Assembly Hall of the Headquarters of Foment del Treball. Via Laietana, 32, Barcelona<\/p>\n<p class=\"fecha-evento\">Thursday, 20 November 2025<\/p>\n<p class=\"hora-evento\">19.00 h<\/p>\n<p><strong>Format:<\/strong> On-site<\/p>\n<p><strong>Registration:<\/strong> Please confirm attendance with the Secretariat: secretaria@raed.academy or Tel. +34 93 667 40 54<\/p>\n<h2>The Second Digital Revolution: Are the Digital Economy and Artificial Intelligence Leading Us to a New Era of Humanity?<\/h2>\n<p>The digital revolution is transforming our environment. Artificial intelligence already exceeds human capability in many tasks, yet it still cannot apply empathy, intuition, or ethical judgment. The challenge is not solely technological: it is educational, social, and cultural.<\/p>\n<p>It invites us to reflect on how we want to coexist with intelligent machines and what role knowledge should play in that scenario. Digitalisation and AI are transversal across many spheres of daily life\u2014such as the economy, work, education, politics, health, and social relations. Therefore, transparency, responsibility, and critical thinking are key to ensuring that digital progress becomes a shared advancement rather than a source of exclusion.<\/p>\n<p>The future brings decisive questions: what does it mean to be human in a world where technology may become part of our identity? Will we be able to preserve freedom and creativity within an ecosystem of diverse intelligences? The success of this coexistence will depend on the ability of organisations and society to create inclusive and sustainable strategies.<\/p>\n<p>The author, Antoni Garrell, offers a critical and committed perspective on the great challenge of our time: to think for ourselves in the age of artificial intelligence\u2014the age of the second digital revolution.<\/p>\n<p>[\/et_pb_text][et_pb_text _builder_version=&#8221;4.27.4&#8243; _module_preset=&#8221;default&#8221; global_colors_info=&#8221;{}&#8221;][\/et_pb_text][\/et_pb_column][\/et_pb_row][et_pb_row column_structure=&#8221;1_2,1_2&#8243; admin_label=&#8221;Fila&#8221; _builder_version=&#8221;4.24.3&#8243; _module_preset=&#8221;default&#8221; max_width=&#8221;1400px&#8221; locked=&#8221;off&#8221; global_colors_info=&#8221;{}&#8221;][et_pb_column type=&#8221;1_2&#8243; _builder_version=&#8221;4.16&#8243; _module_preset=&#8221;default&#8221; global_colors_info=&#8221;{}&#8221;][et_pb_code admin_label=&#8221;C\u00f3digo &#8211; Organizes&#8221; _builder_version=&#8221;4.27.4&#8243; _module_preset=&#8221;default&#8221; global_colors_info=&#8221;{}&#8221;]<pee class=\"ttl-colaboradores\">Organizes:<\/pee><!-- [et_pb_line_break_holder] --><!-- [et_pb_line_break_holder] --><\/p>\n<div id=\"organizadores\"><!-- [et_pb_line_break_holder] --><\/p>\n<div class=\"logo-colaborador\"><a href=\"https:\/\/raed.academy\/ca\/\" target=\"_blank\" rel=\"noopener noreferrer\"><img decoding=\"async\" src=\"https:\/\/raed.academy\/wp-content\/uploads\/2021\/10\/Logo-RAED-160px.jpg\" alt=\"Real Academia Europea de Doctores RAED\" \/><\/a><!-- [et_pb_line_break_holder] --><\/p>\n<div class=\"txt\"><\/div>\n<p><!-- [et_pb_line_break_holder] --><\/div>\n<p><!-- [et_pb_line_break_holder] --><\/p>\n<div class=\"logo-colaborador\"><a href=\"https:\/\/fundacionraed.org\/\" target=\"_blank\" rel=\"noopener noreferrer\"><img decoding=\"async\" src=\"https:\/\/raed.academy\/wp-content\/uploads\/2021\/10\/Logo-Fundacion-RAED-160px.jpg\" alt=\"Fundaci\u00f3n RAED\" \/><\/a><!-- [et_pb_line_break_holder] --><\/p>\n<div class=\"txt\"><\/div>\n<p><!-- [et_pb_line_break_holder] --><\/div>\n<p><!-- [et_pb_line_break_holder] --><\/div>\n<p><!-- [et_pb_line_break_holder] -->[\/et_pb_code][\/et_pb_column][et_pb_column type=&#8221;1_2&#8243; _builder_version=&#8221;4.16&#8243; _module_preset=&#8221;default&#8221; global_colors_info=&#8221;{}&#8221;][et_pb_code admin_label=&#8221;C\u00f3digo &#8211; In collaboration with&#8221; _builder_version=&#8221;4.27.4&#8243; _module_preset=&#8221;default&#8221; global_colors_info=&#8221;{}&#8221;]<pee class=\"ttl-colaboradores\">In collaboration with:<\/pee><!-- [et_pb_line_break_holder] --><!-- [et_pb_line_break_holder] --><\/p>\n<div id=\"colaboradores\"><!-- [et_pb_line_break_holder] --><\/p>\n<div class=\"logo-colaborador\"><!-- [et_pb_line_break_holder] --><\/p>\n<div class=\"txt-circular\"><\/div>\n<p><!-- [et_pb_line_break_holder] --> <a href=\"https:\/\/justicia.gencat.cat\/ca\/inici\" target=\"_blank\" rel=\"noopener noreferrer\"><img decoding=\"async\" src=\"https:\/\/raed.academy\/wp-content\/uploads\/2024\/11\/Generalitat-de-Catalunya-dept-Justicia-i-Qualitat-Democratica-240px.jpg\" alt=\"Generalitat de catalunya\" width=\"210\" \/><\/a><\/div>\n<p><!-- [et_pb_line_break_holder] --><\/p>\n<div class=\"logo-colaborador\"><!-- [et_pb_line_break_holder] --><\/p>\n<div class=\"txt-circular\"><\/div>\n<p><!-- [et_pb_line_break_holder] -->  <a href=\"https:\/\/www.aecoc.es\/\" target=\"_blank\" rel=\"noopener noreferrer\"><img decoding=\"async\" src=\"https:\/\/raed.academy\/wp-content\/uploads\/2025\/05\/logo-AECOC-negro-200px.png\" alt=\"AECOC\" width=\"150\" ><\/a><\/div>\n<p><!-- [et_pb_line_break_holder] --><\/div>\n<p><!-- [et_pb_line_break_holder] -->[\/et_pb_code][\/et_pb_column][\/et_pb_row][\/et_pb_section]<\/p>\n","protected":false},"excerpt":{"rendered":"<p>Antoni Garrell Guiu, Industrial Engineer and Doctoral Studies in Decision-Making Support Systems, enters the RAED with a speech on AI as a driver of the second digital revolution and a new era for humanity<\/p>\n","protected":false},"featured_media":150012,"menu_order":0,"template":"","meta":{"_et_pb_use_builder":"on","_et_pb_old_content":"","_et_gb_content_width":"","footnotes":""},"ubicacion_evento":[852,848,840,847],"tipo_evento":[871],"formato_evento":[895],"class_list":["post-175901","evento","type-evento","status-publish","has-post-thumbnail","hentry","ubicacion_evento-auditorium-a","ubicacion_evento-foment-del-treball-headquarters","ubicacion_evento-raed-headquarters","ubicacion_evento-foment-del-treball-cat","tipo_evento-academic-admission","formato_evento-in-person"],"yoast_head":"<!-- This site is optimized with the Yoast SEO plugin v27.5 - https:\/\/yoast.com\/product\/yoast-seo-wordpress\/ -->\n<title>Antoni Garrell i Guiu is Admitted as Honorary Academician of the RAED - Royal European Academy of Doctors<\/title>\n<meta name=\"description\" content=\"Antoni Garrell Guiu enters the RAED with a speech on AI as a driver of the second digital revolution and a new era for humanity\" \/>\n<meta name=\"robots\" content=\"index, follow, max-snippet:-1, max-image-preview:large, max-video-preview:-1\" \/>\n<link rel=\"canonical\" href=\"https:\/\/raed.academy\/en\/raed-eventos-temp\/antoni-garrell-i-guiu-is-admitted-as-honorary-academician-of-the-raed\/\" \/>\n<meta property=\"og:locale\" content=\"en_US\" \/>\n<meta property=\"og:type\" content=\"article\" \/>\n<meta property=\"og:title\" content=\"Antoni Garrell i Guiu is Admitted as Honorary Academician of the RAED - Royal European Academy of Doctors\" \/>\n<meta property=\"og:description\" content=\"Antoni Garrell Guiu enters the RAED with a speech on AI as a driver of the second digital revolution and a new era for humanity\" \/>\n<meta property=\"og:url\" content=\"https:\/\/raed.academy\/en\/raed-eventos-temp\/antoni-garrell-i-guiu-is-admitted-as-honorary-academician-of-the-raed\/\" \/>\n<meta property=\"og:site_name\" content=\"Royal European Academy of Doctors\" \/>\n<meta property=\"article:publisher\" content=\"http:\/\/fb.me\/raed.academy\" \/>\n<meta property=\"article:modified_time\" content=\"2025-11-20T10:26:55+00:00\" \/>\n<meta property=\"og:image\" content=\"https:\/\/raed.academy\/wp-content\/uploads\/2024\/06\/inteligencia-artificial-era-digital-shutt-1.17.webp\" \/>\n\t<meta property=\"og:image:width\" content=\"350\" \/>\n\t<meta property=\"og:image:height\" content=\"300\" \/>\n\t<meta property=\"og:image:type\" content=\"image\/webp\" \/>\n<meta name=\"twitter:card\" content=\"summary_large_image\" \/>\n<meta name=\"twitter:site\" content=\"@raedacademy\" \/>\n<meta name=\"twitter:label1\" content=\"Est. reading time\" \/>\n\t<meta name=\"twitter:data1\" content=\"3 minutes\" \/>\n<script type=\"application\/ld+json\" class=\"yoast-schema-graph\">{\"@context\":\"https:\\\/\\\/schema.org\",\"@graph\":[{\"@type\":\"WebPage\",\"@id\":\"https:\\\/\\\/raed.academy\\\/en\\\/raed-eventos-temp\\\/antoni-garrell-i-guiu-is-admitted-as-honorary-academician-of-the-raed\\\/\",\"url\":\"https:\\\/\\\/raed.academy\\\/en\\\/raed-eventos-temp\\\/antoni-garrell-i-guiu-is-admitted-as-honorary-academician-of-the-raed\\\/\",\"name\":\"Antoni Garrell i Guiu is Admitted as Honorary Academician of the RAED - Royal European Academy of Doctors\",\"isPartOf\":{\"@id\":\"https:\\\/\\\/raed.academy\\\/en\\\/#website\"},\"primaryImageOfPage\":{\"@id\":\"https:\\\/\\\/raed.academy\\\/en\\\/raed-eventos-temp\\\/antoni-garrell-i-guiu-is-admitted-as-honorary-academician-of-the-raed\\\/#primaryimage\"},\"image\":{\"@id\":\"https:\\\/\\\/raed.academy\\\/en\\\/raed-eventos-temp\\\/antoni-garrell-i-guiu-is-admitted-as-honorary-academician-of-the-raed\\\/#primaryimage\"},\"thumbnailUrl\":\"https:\\\/\\\/raed.academy\\\/wp-content\\\/uploads\\\/2024\\\/06\\\/inteligencia-artificial-era-digital-shutt-1.17.webp\",\"datePublished\":\"2025-11-19T12:27:41+00:00\",\"dateModified\":\"2025-11-20T10:26:55+00:00\",\"description\":\"Antoni Garrell Guiu enters the RAED with a speech on AI as a driver of the second digital revolution and a new era for humanity\",\"breadcrumb\":{\"@id\":\"https:\\\/\\\/raed.academy\\\/en\\\/raed-eventos-temp\\\/antoni-garrell-i-guiu-is-admitted-as-honorary-academician-of-the-raed\\\/#breadcrumb\"},\"inLanguage\":\"en-US\",\"potentialAction\":[{\"@type\":\"ReadAction\",\"target\":[\"https:\\\/\\\/raed.academy\\\/en\\\/raed-eventos-temp\\\/antoni-garrell-i-guiu-is-admitted-as-honorary-academician-of-the-raed\\\/\"]}]},{\"@type\":\"ImageObject\",\"inLanguage\":\"en-US\",\"@id\":\"https:\\\/\\\/raed.academy\\\/en\\\/raed-eventos-temp\\\/antoni-garrell-i-guiu-is-admitted-as-honorary-academician-of-the-raed\\\/#primaryimage\",\"url\":\"https:\\\/\\\/raed.academy\\\/wp-content\\\/uploads\\\/2024\\\/06\\\/inteligencia-artificial-era-digital-shutt-1.17.webp\",\"contentUrl\":\"https:\\\/\\\/raed.academy\\\/wp-content\\\/uploads\\\/2024\\\/06\\\/inteligencia-artificial-era-digital-shutt-1.17.webp\",\"width\":350,\"height\":300},{\"@type\":\"BreadcrumbList\",\"@id\":\"https:\\\/\\\/raed.academy\\\/en\\\/raed-eventos-temp\\\/antoni-garrell-i-guiu-is-admitted-as-honorary-academician-of-the-raed\\\/#breadcrumb\",\"itemListElement\":[{\"@type\":\"ListItem\",\"position\":1,\"name\":\"Inicio\",\"item\":\"https:\\\/\\\/raed.academy\\\/en\\\/\"},{\"@type\":\"ListItem\",\"position\":2,\"name\":\"Eventos\",\"item\":\"https:\\\/\\\/raed.academy\\\/en\\\/raed-eventos-temp\\\/\"},{\"@type\":\"ListItem\",\"position\":3,\"name\":\"Antoni Garrell i Guiu is Admitted as Honorary Academician of the RAED\"}]},{\"@type\":\"WebSite\",\"@id\":\"https:\\\/\\\/raed.academy\\\/en\\\/#website\",\"url\":\"https:\\\/\\\/raed.academy\\\/en\\\/\",\"name\":\"Royal European Academy of Doctors\",\"description\":\"Corporaci\u00f3n de derecho p\u00fablico de car\u00e1cter cient\u00edfico, t\u00e9cnico y art\u00edstico, que tiene por objeto la investigaci\u00f3n, el estudio, el fomento y la extensi\u00f3n del conocimiento en su sentido m\u00e1s amplio.\",\"publisher\":{\"@id\":\"https:\\\/\\\/raed.academy\\\/en\\\/#organization\"},\"potentialAction\":[{\"@type\":\"SearchAction\",\"target\":{\"@type\":\"EntryPoint\",\"urlTemplate\":\"https:\\\/\\\/raed.academy\\\/en\\\/?s={search_term_string}\"},\"query-input\":{\"@type\":\"PropertyValueSpecification\",\"valueRequired\":true,\"valueName\":\"search_term_string\"}}],\"inLanguage\":\"en-US\"},{\"@type\":\"Organization\",\"@id\":\"https:\\\/\\\/raed.academy\\\/en\\\/#organization\",\"name\":\"Real Academia Europea de Doctores\",\"url\":\"https:\\\/\\\/raed.academy\\\/en\\\/\",\"logo\":{\"@type\":\"ImageObject\",\"inLanguage\":\"en-US\",\"@id\":\"https:\\\/\\\/raed.academy\\\/en\\\/#\\\/schema\\\/logo\\\/image\\\/\",\"url\":\"https:\\\/\\\/raed.academy\\\/wp-content\\\/uploads\\\/2017\\\/01\\\/cropped-logo_raed.png\",\"contentUrl\":\"https:\\\/\\\/raed.academy\\\/wp-content\\\/uploads\\\/2017\\\/01\\\/cropped-logo_raed.png\",\"width\":512,\"height\":512,\"caption\":\"Real Academia Europea de Doctores\"},\"image\":{\"@id\":\"https:\\\/\\\/raed.academy\\\/en\\\/#\\\/schema\\\/logo\\\/image\\\/\"},\"sameAs\":[\"http:\\\/\\\/fb.me\\\/raed.academy\",\"https:\\\/\\\/x.com\\\/raedacademy\",\"https:\\\/\\\/www.instagram.com\\\/raed.academy\\\/\",\"https:\\\/\\\/www.youtube.com\\\/channel\\\/UCUYQwW2KrdirNWihxMDObwg\"]}]}<\/script>\n<!-- \/ Yoast SEO plugin. -->","yoast_head_json":{"title":"Antoni Garrell i Guiu is Admitted as Honorary Academician of the RAED - Royal European Academy of Doctors","description":"Antoni Garrell Guiu enters the RAED with a speech on AI as a driver of the second digital revolution and a new era for humanity","robots":{"index":"index","follow":"follow","max-snippet":"max-snippet:-1","max-image-preview":"max-image-preview:large","max-video-preview":"max-video-preview:-1"},"canonical":"https:\/\/raed.academy\/en\/raed-eventos-temp\/antoni-garrell-i-guiu-is-admitted-as-honorary-academician-of-the-raed\/","og_locale":"en_US","og_type":"article","og_title":"Antoni Garrell i Guiu is Admitted as Honorary Academician of the RAED - Royal European Academy of Doctors","og_description":"Antoni Garrell Guiu enters the RAED with a speech on AI as a driver of the second digital revolution and a new era for humanity","og_url":"https:\/\/raed.academy\/en\/raed-eventos-temp\/antoni-garrell-i-guiu-is-admitted-as-honorary-academician-of-the-raed\/","og_site_name":"Royal European Academy of Doctors","article_publisher":"http:\/\/fb.me\/raed.academy","article_modified_time":"2025-11-20T10:26:55+00:00","og_image":[{"width":350,"height":300,"url":"https:\/\/raed.academy\/wp-content\/uploads\/2024\/06\/inteligencia-artificial-era-digital-shutt-1.17.webp","type":"image\/webp"}],"twitter_card":"summary_large_image","twitter_site":"@raedacademy","twitter_misc":{"Est. reading time":"3 minutes"},"schema":{"@context":"https:\/\/schema.org","@graph":[{"@type":"WebPage","@id":"https:\/\/raed.academy\/en\/raed-eventos-temp\/antoni-garrell-i-guiu-is-admitted-as-honorary-academician-of-the-raed\/","url":"https:\/\/raed.academy\/en\/raed-eventos-temp\/antoni-garrell-i-guiu-is-admitted-as-honorary-academician-of-the-raed\/","name":"Antoni Garrell i Guiu is Admitted as Honorary Academician of the RAED - Royal European Academy of Doctors","isPartOf":{"@id":"https:\/\/raed.academy\/en\/#website"},"primaryImageOfPage":{"@id":"https:\/\/raed.academy\/en\/raed-eventos-temp\/antoni-garrell-i-guiu-is-admitted-as-honorary-academician-of-the-raed\/#primaryimage"},"image":{"@id":"https:\/\/raed.academy\/en\/raed-eventos-temp\/antoni-garrell-i-guiu-is-admitted-as-honorary-academician-of-the-raed\/#primaryimage"},"thumbnailUrl":"https:\/\/raed.academy\/wp-content\/uploads\/2024\/06\/inteligencia-artificial-era-digital-shutt-1.17.webp","datePublished":"2025-11-19T12:27:41+00:00","dateModified":"2025-11-20T10:26:55+00:00","description":"Antoni Garrell Guiu enters the RAED with a speech on AI as a driver of the second digital revolution and a new era for humanity","breadcrumb":{"@id":"https:\/\/raed.academy\/en\/raed-eventos-temp\/antoni-garrell-i-guiu-is-admitted-as-honorary-academician-of-the-raed\/#breadcrumb"},"inLanguage":"en-US","potentialAction":[{"@type":"ReadAction","target":["https:\/\/raed.academy\/en\/raed-eventos-temp\/antoni-garrell-i-guiu-is-admitted-as-honorary-academician-of-the-raed\/"]}]},{"@type":"ImageObject","inLanguage":"en-US","@id":"https:\/\/raed.academy\/en\/raed-eventos-temp\/antoni-garrell-i-guiu-is-admitted-as-honorary-academician-of-the-raed\/#primaryimage","url":"https:\/\/raed.academy\/wp-content\/uploads\/2024\/06\/inteligencia-artificial-era-digital-shutt-1.17.webp","contentUrl":"https:\/\/raed.academy\/wp-content\/uploads\/2024\/06\/inteligencia-artificial-era-digital-shutt-1.17.webp","width":350,"height":300},{"@type":"BreadcrumbList","@id":"https:\/\/raed.academy\/en\/raed-eventos-temp\/antoni-garrell-i-guiu-is-admitted-as-honorary-academician-of-the-raed\/#breadcrumb","itemListElement":[{"@type":"ListItem","position":1,"name":"Inicio","item":"https:\/\/raed.academy\/en\/"},{"@type":"ListItem","position":2,"name":"Eventos","item":"https:\/\/raed.academy\/en\/raed-eventos-temp\/"},{"@type":"ListItem","position":3,"name":"Antoni Garrell i Guiu is Admitted as Honorary Academician of the RAED"}]},{"@type":"WebSite","@id":"https:\/\/raed.academy\/en\/#website","url":"https:\/\/raed.academy\/en\/","name":"Royal European Academy of Doctors","description":"Corporaci\u00f3n de derecho p\u00fablico de car\u00e1cter cient\u00edfico, t\u00e9cnico y art\u00edstico, que tiene por objeto la investigaci\u00f3n, el estudio, el fomento y la extensi\u00f3n del conocimiento en su sentido m\u00e1s amplio.","publisher":{"@id":"https:\/\/raed.academy\/en\/#organization"},"potentialAction":[{"@type":"SearchAction","target":{"@type":"EntryPoint","urlTemplate":"https:\/\/raed.academy\/en\/?s={search_term_string}"},"query-input":{"@type":"PropertyValueSpecification","valueRequired":true,"valueName":"search_term_string"}}],"inLanguage":"en-US"},{"@type":"Organization","@id":"https:\/\/raed.academy\/en\/#organization","name":"Real Academia Europea de Doctores","url":"https:\/\/raed.academy\/en\/","logo":{"@type":"ImageObject","inLanguage":"en-US","@id":"https:\/\/raed.academy\/en\/#\/schema\/logo\/image\/","url":"https:\/\/raed.academy\/wp-content\/uploads\/2017\/01\/cropped-logo_raed.png","contentUrl":"https:\/\/raed.academy\/wp-content\/uploads\/2017\/01\/cropped-logo_raed.png","width":512,"height":512,"caption":"Real Academia Europea de Doctores"},"image":{"@id":"https:\/\/raed.academy\/en\/#\/schema\/logo\/image\/"},"sameAs":["http:\/\/fb.me\/raed.academy","https:\/\/x.com\/raedacademy","https:\/\/www.instagram.com\/raed.academy\/","https:\/\/www.youtube.com\/channel\/UCUYQwW2KrdirNWihxMDObwg"]}]}},"_links":{"self":[{"href":"https:\/\/raed.academy\/en\/wp-json\/wp\/v2\/evento\/175901","targetHints":{"allow":["GET"]}}],"collection":[{"href":"https:\/\/raed.academy\/en\/wp-json\/wp\/v2\/evento"}],"about":[{"href":"https:\/\/raed.academy\/en\/wp-json\/wp\/v2\/types\/evento"}],"version-history":[{"count":5,"href":"https:\/\/raed.academy\/en\/wp-json\/wp\/v2\/evento\/175901\/revisions"}],"predecessor-version":[{"id":176010,"href":"https:\/\/raed.academy\/en\/wp-json\/wp\/v2\/evento\/175901\/revisions\/176010"}],"wp:featuredmedia":[{"embeddable":true,"href":"https:\/\/raed.academy\/en\/wp-json\/wp\/v2\/media\/150012"}],"wp:attachment":[{"href":"https:\/\/raed.academy\/en\/wp-json\/wp\/v2\/media?parent=175901"}],"wp:term":[{"taxonomy":"ubicacion_evento","embeddable":true,"href":"https:\/\/raed.academy\/en\/wp-json\/wp\/v2\/ubicacion_evento?post=175901"},{"taxonomy":"tipo_evento","embeddable":true,"href":"https:\/\/raed.academy\/en\/wp-json\/wp\/v2\/tipo_evento?post=175901"},{"taxonomy":"formato_evento","embeddable":true,"href":"https:\/\/raed.academy\/en\/wp-json\/wp\/v2\/formato_evento?post=175901"}],"curies":[{"name":"wp","href":"https:\/\/api.w.org\/{rel}","templated":true}]}}