{"id":171568,"date":"2025-09-02T08:17:01","date_gmt":"2025-09-02T08:17:01","guid":{"rendered":"https:\/\/raed.academy\/?post_type=dp_events&#038;p=171568"},"modified":"2025-11-12T17:27:54","modified_gmt":"2025-11-12T17:27:54","slug":"elisabeth-arrojo-alvarez-joins-the-raed-as-a-numerary-member","status":"publish","type":"dp_events","link":"https:\/\/raed.academy\/en\/events\/elisabeth-arrojo-alvarez-joins-the-raed-as-a-numerary-member\/","title":{"rendered":"Elisabeth Arrojo \u00c1lvarez joins the RAED as a Numerary Member"},"content":{"rendered":"<p>[et_pb_section fb_built=&#8221;1&#8243; fullwidth=&#8221;on&#8221; _builder_version=&#8221;4.27.4&#8243; _module_preset=&#8221;default&#8221; locked=&#8221;off&#8221; global_colors_info=&#8221;{}&#8221;][et_pb_fullwidth_image src=&#8221;https:\/\/raed.academy\/wp-content\/uploads\/2025\/10\/bioetica-en-la-relacion-medico-paciente-humanidad-y-alma-en-la-medicina-shutt-2.91.webp&#8221; title_text=&#8221;bioetica-en-la-relacion-medico-paciente-humanidad-y-alma-en-la-medicina-shutt-2.91&#8243; _builder_version=&#8221;4.27.4&#8243; _module_preset=&#8221;default&#8221; global_colors_info=&#8221;{}&#8221;][\/et_pb_fullwidth_image][\/et_pb_section][et_pb_section fb_built=&#8221;1&#8243; admin_label=&#8221;Secci\u00f3n&#8221; _builder_version=&#8221;4.27.4&#8243; _module_preset=&#8221;default&#8221; custom_padding=&#8221;0px|||||&#8221; locked=&#8221;off&#8221; global_colors_info=&#8221;{}&#8221;][et_pb_row admin_label=&#8221;Fila&#8221; _builder_version=&#8221;4.24.3&#8243; _module_preset=&#8221;default&#8221; max_width=&#8221;1400px&#8221; global_colors_info=&#8221;{}&#8221;][et_pb_column type=&#8221;4_4&#8243; _builder_version=&#8221;4.16&#8243; _module_preset=&#8221;default&#8221; global_colors_info=&#8221;{}&#8221;][et_pb_code admin_label=&#8221;Breadcrumb Yoast&#8221; _builder_version=&#8221;4.27.4&#8243; _module_preset=&#8221;default&#8221; locked=&#8221;off&#8221; global_colors_info=&#8221;{}&#8221;]<span><span><a href=\"https:\/\/raed.academy\/en\/\">Inicio<\/a><\/span><\/span>[\/et_pb_code][et_pb_post_title meta=&#8221;off&#8221; featured_image=&#8221;off&#8221; admin_label=&#8221;T\u00edtulo de publicaci\u00f3n&#8221; _builder_version=&#8221;4.27.4&#8243; _module_preset=&#8221;default&#8221; title_font_size=&#8221;40px&#8221; title_font_size_tablet=&#8221;28px&#8221; title_font_size_phone=&#8221;28px&#8221; title_font_size_last_edited=&#8221;on|desktop&#8221; global_colors_info=&#8221;{}&#8221;][\/et_pb_post_title][et_pb_text admin_label=&#8221;Detalles evento&#8221; _builder_version=&#8221;4.27.4&#8243; _module_preset=&#8221;default&#8221; global_colors_info=&#8221;{}&#8221;]<\/p>\n<p><a href=\"https:\/\/raed.academy\/en\/academicians\/dra-elisabeth-arrojo-alvarez\/\"><strong>Dr. Elisabeth Arrojo \u00c1lvarez<\/strong><\/a>, Doctor of Medicine, joins the RAED as a Numerary Member with the Royal European Academy of Doctors, with the speech <strong>&#8220;La salud compartida: del m\u00e9dico que siembra ciencia y humanidad, al paciente que cultiva y cosecha vida&#8221;<\/strong> (Shared health: from the doctor who sows science and humanity to the patient who cultivates and harvests life).<\/p>\n<p><strong>Reply by:<\/strong> <a href=\"https:\/\/raed.academy\/en\/academicians\/dr-jose-ramon-calvo-fernandez\/\"><strong>Dr. Jos\u00e9 Ram\u00f3n Calvo Fern\u00e1ndez<\/strong><\/a>, Numerary Member and President of the RAED Institute for International Cooperation<\/p>\n<p class=\"ubicacion-evento\">Grand Amphitheater of the College of Physicians of Madrid, at C. de Sta. Isabel, 51, Madrid, 28012, Madrid<\/p>\n<p class=\"fecha-evento\">Wednesday, 22 October 2025<\/p>\n<p class=\"hora-evento\">18:00 h<\/p>\n<p><strong>Format:<\/strong> In person<\/p>\n<p><strong>Inscription:<\/strong>\u00a0Please confirm attendance at the Secretariat:\u00a0<a href=\"mailto:secretaria@raed.academy\"><strong>secretaria@raed.academy<\/strong><\/a>\u00a0or\u00a0<strong>tel. 93 667 40 54<\/strong><\/p>\n<p>&nbsp;<\/p>\n<p>[\/et_pb_text][et_pb_text admin_label=&#8221;Abstract&#8221; _builder_version=&#8221;4.27.4&#8243; _module_preset=&#8221;default&#8221; global_colors_info=&#8221;{}&#8221;]<\/p>\n<h2>Shared Health: From the doctor who sows science and humanity, to the patient who cultivates and harvests life<\/h2>\n<p><img loading=\"lazy\" decoding=\"async\" class=\"wp-image-171547 aligncenter size-full\" src=\"https:\/\/raed.academy\/wp-content\/uploads\/2025\/10\/Dra-Elisabeth-Arrojo-Alvarez-1.67.webp\" alt=\"\" width=\"1200\" height=\"720\" srcset=\"https:\/\/raed.academy\/wp-content\/uploads\/2025\/10\/Dra-Elisabeth-Arrojo-Alvarez-1.67.webp 1200w, https:\/\/raed.academy\/wp-content\/uploads\/2025\/10\/Dra-Elisabeth-Arrojo-Alvarez-1.67-768x461.webp 768w, https:\/\/raed.academy\/wp-content\/uploads\/2025\/10\/Dra-Elisabeth-Arrojo-Alvarez-1.67-1080x648.webp 1080w, https:\/\/raed.academy\/wp-content\/uploads\/2025\/10\/Dra-Elisabeth-Arrojo-Alvarez-1.67-627x376.webp 627w, https:\/\/raed.academy\/wp-content\/uploads\/2025\/10\/Dra-Elisabeth-Arrojo-Alvarez-1.67-440x264.webp 440w\" sizes=\"(max-width: 1200px) 100vw, 1200px\" \/><\/p>\n<p>Dr. Elisabeth Arrojo, internationally leading oncologist in cancer treatment and founder of the <a href=\"https:\/\/inmoa.es\/\" target=\"_blank\" rel=\"noopener\"><strong>Medical Institute of Advanced Oncology (INMOA)<\/strong><\/a> and the <a href=\"https:\/\/prevenirelcancer.com\/\" target=\"_blank\" rel=\"noopener\"><strong>National Center for Cancer Prevention in Spain<\/strong><\/a>, will give an inspiring speech on the need to give back soul and humanity to medicine, as well as knowledge and responsibility in preserving health, involving not only the sick, but also the healthy population.<\/p>\n<p>He will provide revealing data such as the fact that 40% of cancer cases could be prevented by adopting healthy lifestyle habits. His presentation will explore the history and future of science, philosophy, and compassion, showing how 21st-century scientific advancement only reaches its full potential when combined with humanistic wisdom and emotional care. Drawing on his pioneering experience in oncology, with a comprehensive approach focused on the person and not solely on the disease, he will advocate for a medicine that combines innovation and evidence with empathy, awareness, responsibility, and ethical principles. Throughout his speech, he will share keys so that each individual\u2014patient, professional, or citizen\u2014can discover how they can contribute, based on their own life and experience, to the prevention and cure of cancer. Because, as you will recall, the true medical revolution is not only about curing, but about caring for, supporting, and transforming health into an act of love, responsibility, and awareness.<\/p>\n<p>[\/et_pb_text][et_pb_text admin_label=&#8221;Txt &#8211; Follow the event live&#8221; _builder_version=&#8221;4.22.1&#8243; _module_preset=&#8221;default&#8221; locked=&#8221;off&#8221; global_colors_info=&#8221;{}&#8221;]<\/p>\n<h2>Follow the event live<\/h2>\n<p>You can follow the event live from this page.<\/p>\n<p>[\/et_pb_text][et_pb_code admin_label=&#8221;C\u00f3digo v\u00eddeo&#8221; _builder_version=&#8221;4.27.4&#8243; _module_preset=&#8221;default&#8221; custom_margin=&#8221;||75px|||&#8221; hover_enabled=&#8221;0&#8243; global_colors_info=&#8221;{}&#8221; sticky_enabled=&#8221;0&#8243;]<iframe loading=\"lazy\" width=\"1275\" height=\"717\" src=\"https:\/\/www.youtube.com\/embed\/UncCqUJAWUM\" title=\"Ceremonia de ingreso en la RAED de la Dra. Elisabeth Arrojo \u00c1lvarez\" frameborder=\"0\" allow=\"accelerometer; autoplay; clipboard-write; encrypted-media; gyroscope; picture-in-picture; web-share\" referrerpolicy=\"strict-origin-when-cross-origin\" allowfullscreen><\/iframe>[\/et_pb_code][et_pb_text admin_label=&#8221;hashtags y shortcode mapa&#8221; module_class=&#8221;hashtag&#8221; _builder_version=&#8221;4.24.2&#8243; _module_preset=&#8221;default&#8221; locked=&#8221;off&#8221; global_colors_info=&#8221;{}&#8221;]<iframe id=\"map_iframe\"  frameborder=\"0\" scrolling=\"no\" marginheight=\"0\" marginwidth=\"0\" src=\"https:\/\/maps.google.it\/maps?q=Grand Amphitheater of the College of Physicians of Madrid, at C. de Sta. Isabel, 51, Madrid, 28012, Madrid&output=embed\"><\/iframe><\/p>\n<p>#AcademicosRAED<br \/>\n#inspirandoElConocimiento<br \/>\n[\/et_pb_text][\/et_pb_column][\/et_pb_row][et_pb_row column_structure=&#8221;1_2,1_2&#8243; admin_label=&#8221;Fila&#8221; _builder_version=&#8221;4.24.3&#8243; _module_preset=&#8221;default&#8221; max_width=&#8221;1400px&#8221; locked=&#8221;off&#8221; global_colors_info=&#8221;{}&#8221;][et_pb_column type=&#8221;1_2&#8243; _builder_version=&#8221;4.16&#8243; _module_preset=&#8221;default&#8221; global_colors_info=&#8221;{}&#8221;][et_pb_code admin_label=&#8221;C\u00f3digo &#8211; Organizes&#8221; _builder_version=&#8221;4.27.4&#8243; _module_preset=&#8221;default&#8221; global_colors_info=&#8221;{}&#8221;]<pee class=\"ttl-colaboradores\">Organizes:<\/pee><!-- [et_pb_line_break_holder] --><!-- [et_pb_line_break_holder] --><\/p>\n<div id=\"organizadores\"><!-- [et_pb_line_break_holder] --><\/p>\n<div class=\"logo-colaborador\"><a href=\"https:\/\/raed.academy\/ca\/\" target=\"_blank\" rel=\"noopener noreferrer\"><img decoding=\"async\" src=\"https:\/\/raed.academy\/wp-content\/uploads\/2021\/10\/Logo-RAED-160px.jpg\" alt=\"Real Academia Europea de Doctores RAED\" \/><\/a><!-- [et_pb_line_break_holder] --><\/p>\n<div class=\"txt\"><\/div>\n<p><!-- [et_pb_line_break_holder] --><\/div>\n<p><!-- [et_pb_line_break_holder] --><\/p>\n<div class=\"logo-colaborador\"><a href=\"https:\/\/fundacionraed.org\/\" target=\"_blank\" rel=\"noopener noreferrer\"><img decoding=\"async\" src=\"https:\/\/raed.academy\/wp-content\/uploads\/2021\/10\/Logo-Fundacion-RAED-160px.jpg\" alt=\"Fundaci\u00f3n RAED\" \/><\/a><!-- [et_pb_line_break_holder] --><\/p>\n<div class=\"txt\"><\/div>\n<p><!-- [et_pb_line_break_holder] --><\/div>\n<p><!-- [et_pb_line_break_holder] --><\/div>\n<p><!-- [et_pb_line_break_holder] -->[\/et_pb_code][\/et_pb_column][et_pb_column type=&#8221;1_2&#8243; _builder_version=&#8221;4.16&#8243; _module_preset=&#8221;default&#8221; global_colors_info=&#8221;{}&#8221;][et_pb_code admin_label=&#8221;C\u00f3digo &#8211; In collaboration with&#8221; _builder_version=&#8221;4.27.4&#8243; _module_preset=&#8221;default&#8221; global_colors_info=&#8221;{}&#8221;]<pee class=\"ttl-colaboradores\">In collaboration with:<\/pee><!-- [et_pb_line_break_holder] --><!-- [et_pb_line_break_holder] --><\/p>\n<div id=\"colaboradores\"><!-- [et_pb_line_break_holder] --><\/p>\n<div class=\"logo-colaborador\"><!-- [et_pb_line_break_holder] --><\/p>\n<div class=\"txt-circular\"><\/div>\n<p><!-- [et_pb_line_break_holder] --> <a href=\"https:\/\/justicia.gencat.cat\/ca\/inici\" target=\"_blank\" rel=\"noopener noreferrer\"><img decoding=\"async\" src=\"https:\/\/raed.academy\/wp-content\/uploads\/2024\/11\/Generalitat-de-Catalunya-dept-Justicia-i-Qualitat-Democratica-240px.jpg\" alt=\"Generalitat de catalunya\" width=\"210\" \/><\/a><\/div>\n<p><!-- [et_pb_line_break_holder] --><\/p>\n<div class=\"logo-colaborador\"><!-- [et_pb_line_break_holder] --><\/p>\n<div class=\"txt-circular\"><\/div>\n<p><!-- [et_pb_line_break_holder] -->  <a href=\"https:\/\/www.aecoc.es\/\" target=\"_blank\" rel=\"noopener noreferrer\"><img decoding=\"async\" src=\"https:\/\/raed.academy\/wp-content\/uploads\/2025\/05\/logo-AECOC-negro-200px.png\" alt=\"AECOC\" width=\"150\" ><\/a><\/div>\n<p><!-- [et_pb_line_break_holder] --><\/div>\n<p><!-- [et_pb_line_break_holder] -->[\/et_pb_code][\/et_pb_column][\/et_pb_row][\/et_pb_section]<\/p>\n","protected":false},"excerpt":{"rendered":"<p>Elisabeth Arrojo, internationally leading oncologist in cancer treatment, joins the RAED as a full member, with the speech \u201cLa salud compartida: del m\u00e9dico que siembra ciencia y humanidad, al paciente que cultiva y cosecha vida\u201d<\/p>\n","protected":false},"featured_media":148257,"template":"","meta":{"_et_pb_use_builder":"on","_et_pb_old_content":"","_et_gb_content_width":""},"class_list":["post-171568","dp_events","type-dp_events","status-publish","has-post-thumbnail","hentry"],"yoast_head":"<!-- This site is optimized with the Yoast SEO plugin v27.5 - https:\/\/yoast.com\/product\/yoast-seo-wordpress\/ -->\n<title>Elisabeth Arrojo \u00c1lvarez joins the RAED as a Numerary Member - Royal European Academy of Doctors<\/title>\n<meta name=\"description\" content=\"Elisabeth Arrojo, internationally leading oncologist in cancer treatment, joins the RAED as a full member\" \/>\n<meta name=\"robots\" content=\"index, follow, max-snippet:-1, max-image-preview:large, max-video-preview:-1\" \/>\n<link rel=\"canonical\" href=\"https:\/\/raed.academy\/en\/events\/elisabeth-arrojo-alvarez-joins-the-raed-as-a-numerary-member\/\" \/>\n<meta property=\"og:locale\" content=\"en_US\" \/>\n<meta property=\"og:type\" content=\"article\" \/>\n<meta property=\"og:title\" content=\"Elisabeth Arrojo \u00c1lvarez joins the RAED as a Numerary Member - Royal European Academy of Doctors\" \/>\n<meta property=\"og:description\" content=\"Elisabeth Arrojo, internationally leading oncologist in cancer treatment, joins the RAED as a full member\" \/>\n<meta property=\"og:url\" content=\"https:\/\/raed.academy\/en\/events\/elisabeth-arrojo-alvarez-joins-the-raed-as-a-numerary-member\/\" \/>\n<meta property=\"og:site_name\" content=\"Royal European Academy of Doctors\" \/>\n<meta property=\"article:publisher\" content=\"http:\/\/fb.me\/raed.academy\" \/>\n<meta property=\"article:modified_time\" content=\"2025-11-12T17:27:54+00:00\" \/>\n<meta property=\"og:image\" content=\"https:\/\/raed.academy\/wp-content\/uploads\/2024\/04\/bioetica-en-la-relacion-medico-paciente-shutt-dst.webp\" \/>\n\t<meta property=\"og:image:width\" content=\"600\" \/>\n\t<meta property=\"og:image:height\" content=\"360\" \/>\n\t<meta property=\"og:image:type\" content=\"image\/webp\" \/>\n<meta name=\"twitter:card\" content=\"summary_large_image\" \/>\n<meta name=\"twitter:site\" content=\"@raedacademy\" \/>\n<meta name=\"twitter:label1\" content=\"Est. reading time\" \/>\n\t<meta name=\"twitter:data1\" content=\"4 minutes\" \/>\n<script type=\"application\/ld+json\" class=\"yoast-schema-graph\">{\"@context\":\"https:\\\/\\\/schema.org\",\"@graph\":[{\"@type\":\"WebPage\",\"@id\":\"https:\\\/\\\/raed.academy\\\/en\\\/events\\\/elisabeth-arrojo-alvarez-joins-the-raed-as-a-numerary-member\\\/\",\"url\":\"https:\\\/\\\/raed.academy\\\/en\\\/events\\\/elisabeth-arrojo-alvarez-joins-the-raed-as-a-numerary-member\\\/\",\"name\":\"Elisabeth Arrojo \u00c1lvarez joins the RAED as a Numerary Member - Royal European Academy of Doctors\",\"isPartOf\":{\"@id\":\"https:\\\/\\\/raed.academy\\\/en\\\/#website\"},\"primaryImageOfPage\":{\"@id\":\"https:\\\/\\\/raed.academy\\\/en\\\/events\\\/elisabeth-arrojo-alvarez-joins-the-raed-as-a-numerary-member\\\/#primaryimage\"},\"image\":{\"@id\":\"https:\\\/\\\/raed.academy\\\/en\\\/events\\\/elisabeth-arrojo-alvarez-joins-the-raed-as-a-numerary-member\\\/#primaryimage\"},\"thumbnailUrl\":\"https:\\\/\\\/raed.academy\\\/wp-content\\\/uploads\\\/2024\\\/04\\\/bioetica-en-la-relacion-medico-paciente-shutt-dst.webp\",\"datePublished\":\"2025-09-02T08:17:01+00:00\",\"dateModified\":\"2025-11-12T17:27:54+00:00\",\"description\":\"Elisabeth Arrojo, internationally leading oncologist in cancer treatment, joins the RAED as a full member\",\"breadcrumb\":{\"@id\":\"https:\\\/\\\/raed.academy\\\/en\\\/events\\\/elisabeth-arrojo-alvarez-joins-the-raed-as-a-numerary-member\\\/#breadcrumb\"},\"inLanguage\":\"en-US\",\"potentialAction\":[{\"@type\":\"ReadAction\",\"target\":[\"https:\\\/\\\/raed.academy\\\/en\\\/events\\\/elisabeth-arrojo-alvarez-joins-the-raed-as-a-numerary-member\\\/\"]}]},{\"@type\":\"ImageObject\",\"inLanguage\":\"en-US\",\"@id\":\"https:\\\/\\\/raed.academy\\\/en\\\/events\\\/elisabeth-arrojo-alvarez-joins-the-raed-as-a-numerary-member\\\/#primaryimage\",\"url\":\"https:\\\/\\\/raed.academy\\\/wp-content\\\/uploads\\\/2024\\\/04\\\/bioetica-en-la-relacion-medico-paciente-shutt-dst.webp\",\"contentUrl\":\"https:\\\/\\\/raed.academy\\\/wp-content\\\/uploads\\\/2024\\\/04\\\/bioetica-en-la-relacion-medico-paciente-shutt-dst.webp\",\"width\":600,\"height\":360},{\"@type\":\"BreadcrumbList\",\"@id\":\"https:\\\/\\\/raed.academy\\\/en\\\/events\\\/elisabeth-arrojo-alvarez-joins-the-raed-as-a-numerary-member\\\/#breadcrumb\",\"itemListElement\":[{\"@type\":\"ListItem\",\"position\":1,\"name\":\"Inicio\",\"item\":\"https:\\\/\\\/raed.academy\\\/en\\\/\"},{\"@type\":\"ListItem\",\"position\":2,\"name\":\"Events\",\"item\":\"https:\\\/\\\/raed.academy\\\/en\\\/events\\\/\"},{\"@type\":\"ListItem\",\"position\":3,\"name\":\"Elisabeth Arrojo \u00c1lvarez joins the RAED as a Numerary Member\"}]},{\"@type\":\"WebSite\",\"@id\":\"https:\\\/\\\/raed.academy\\\/en\\\/#website\",\"url\":\"https:\\\/\\\/raed.academy\\\/en\\\/\",\"name\":\"Royal European Academy of Doctors\",\"description\":\"Corporaci\u00f3n de derecho p\u00fablico de car\u00e1cter cient\u00edfico, t\u00e9cnico y art\u00edstico, que tiene por objeto la investigaci\u00f3n, el estudio, el fomento y la extensi\u00f3n del conocimiento en su sentido m\u00e1s amplio.\",\"publisher\":{\"@id\":\"https:\\\/\\\/raed.academy\\\/en\\\/#organization\"},\"potentialAction\":[{\"@type\":\"SearchAction\",\"target\":{\"@type\":\"EntryPoint\",\"urlTemplate\":\"https:\\\/\\\/raed.academy\\\/en\\\/?s={search_term_string}\"},\"query-input\":{\"@type\":\"PropertyValueSpecification\",\"valueRequired\":true,\"valueName\":\"search_term_string\"}}],\"inLanguage\":\"en-US\"},{\"@type\":\"Organization\",\"@id\":\"https:\\\/\\\/raed.academy\\\/en\\\/#organization\",\"name\":\"Real Academia Europea de Doctores\",\"url\":\"https:\\\/\\\/raed.academy\\\/en\\\/\",\"logo\":{\"@type\":\"ImageObject\",\"inLanguage\":\"en-US\",\"@id\":\"https:\\\/\\\/raed.academy\\\/en\\\/#\\\/schema\\\/logo\\\/image\\\/\",\"url\":\"https:\\\/\\\/raed.academy\\\/wp-content\\\/uploads\\\/2017\\\/01\\\/cropped-logo_raed.png\",\"contentUrl\":\"https:\\\/\\\/raed.academy\\\/wp-content\\\/uploads\\\/2017\\\/01\\\/cropped-logo_raed.png\",\"width\":512,\"height\":512,\"caption\":\"Real Academia Europea de Doctores\"},\"image\":{\"@id\":\"https:\\\/\\\/raed.academy\\\/en\\\/#\\\/schema\\\/logo\\\/image\\\/\"},\"sameAs\":[\"http:\\\/\\\/fb.me\\\/raed.academy\",\"https:\\\/\\\/x.com\\\/raedacademy\",\"https:\\\/\\\/www.instagram.com\\\/raed.academy\\\/\",\"https:\\\/\\\/www.youtube.com\\\/channel\\\/UCUYQwW2KrdirNWihxMDObwg\"]}]}<\/script>\n<!-- \/ Yoast SEO plugin. -->","yoast_head_json":{"title":"Elisabeth Arrojo \u00c1lvarez joins the RAED as a Numerary Member - Royal European Academy of Doctors","description":"Elisabeth Arrojo, internationally leading oncologist in cancer treatment, joins the RAED as a full member","robots":{"index":"index","follow":"follow","max-snippet":"max-snippet:-1","max-image-preview":"max-image-preview:large","max-video-preview":"max-video-preview:-1"},"canonical":"https:\/\/raed.academy\/en\/events\/elisabeth-arrojo-alvarez-joins-the-raed-as-a-numerary-member\/","og_locale":"en_US","og_type":"article","og_title":"Elisabeth Arrojo \u00c1lvarez joins the RAED as a Numerary Member - Royal European Academy of Doctors","og_description":"Elisabeth Arrojo, internationally leading oncologist in cancer treatment, joins the RAED as a full member","og_url":"https:\/\/raed.academy\/en\/events\/elisabeth-arrojo-alvarez-joins-the-raed-as-a-numerary-member\/","og_site_name":"Royal European Academy of Doctors","article_publisher":"http:\/\/fb.me\/raed.academy","article_modified_time":"2025-11-12T17:27:54+00:00","og_image":[{"width":600,"height":360,"url":"https:\/\/raed.academy\/wp-content\/uploads\/2024\/04\/bioetica-en-la-relacion-medico-paciente-shutt-dst.webp","type":"image\/webp"}],"twitter_card":"summary_large_image","twitter_site":"@raedacademy","twitter_misc":{"Est. reading time":"4 minutes"},"schema":{"@context":"https:\/\/schema.org","@graph":[{"@type":"WebPage","@id":"https:\/\/raed.academy\/en\/events\/elisabeth-arrojo-alvarez-joins-the-raed-as-a-numerary-member\/","url":"https:\/\/raed.academy\/en\/events\/elisabeth-arrojo-alvarez-joins-the-raed-as-a-numerary-member\/","name":"Elisabeth Arrojo \u00c1lvarez joins the RAED as a Numerary Member - Royal European Academy of Doctors","isPartOf":{"@id":"https:\/\/raed.academy\/en\/#website"},"primaryImageOfPage":{"@id":"https:\/\/raed.academy\/en\/events\/elisabeth-arrojo-alvarez-joins-the-raed-as-a-numerary-member\/#primaryimage"},"image":{"@id":"https:\/\/raed.academy\/en\/events\/elisabeth-arrojo-alvarez-joins-the-raed-as-a-numerary-member\/#primaryimage"},"thumbnailUrl":"https:\/\/raed.academy\/wp-content\/uploads\/2024\/04\/bioetica-en-la-relacion-medico-paciente-shutt-dst.webp","datePublished":"2025-09-02T08:17:01+00:00","dateModified":"2025-11-12T17:27:54+00:00","description":"Elisabeth Arrojo, internationally leading oncologist in cancer treatment, joins the RAED as a full member","breadcrumb":{"@id":"https:\/\/raed.academy\/en\/events\/elisabeth-arrojo-alvarez-joins-the-raed-as-a-numerary-member\/#breadcrumb"},"inLanguage":"en-US","potentialAction":[{"@type":"ReadAction","target":["https:\/\/raed.academy\/en\/events\/elisabeth-arrojo-alvarez-joins-the-raed-as-a-numerary-member\/"]}]},{"@type":"ImageObject","inLanguage":"en-US","@id":"https:\/\/raed.academy\/en\/events\/elisabeth-arrojo-alvarez-joins-the-raed-as-a-numerary-member\/#primaryimage","url":"https:\/\/raed.academy\/wp-content\/uploads\/2024\/04\/bioetica-en-la-relacion-medico-paciente-shutt-dst.webp","contentUrl":"https:\/\/raed.academy\/wp-content\/uploads\/2024\/04\/bioetica-en-la-relacion-medico-paciente-shutt-dst.webp","width":600,"height":360},{"@type":"BreadcrumbList","@id":"https:\/\/raed.academy\/en\/events\/elisabeth-arrojo-alvarez-joins-the-raed-as-a-numerary-member\/#breadcrumb","itemListElement":[{"@type":"ListItem","position":1,"name":"Inicio","item":"https:\/\/raed.academy\/en\/"},{"@type":"ListItem","position":2,"name":"Events","item":"https:\/\/raed.academy\/en\/events\/"},{"@type":"ListItem","position":3,"name":"Elisabeth Arrojo \u00c1lvarez joins the RAED as a Numerary Member"}]},{"@type":"WebSite","@id":"https:\/\/raed.academy\/en\/#website","url":"https:\/\/raed.academy\/en\/","name":"Royal European Academy of Doctors","description":"Corporaci\u00f3n de derecho p\u00fablico de car\u00e1cter cient\u00edfico, t\u00e9cnico y art\u00edstico, que tiene por objeto la investigaci\u00f3n, el estudio, el fomento y la extensi\u00f3n del conocimiento en su sentido m\u00e1s amplio.","publisher":{"@id":"https:\/\/raed.academy\/en\/#organization"},"potentialAction":[{"@type":"SearchAction","target":{"@type":"EntryPoint","urlTemplate":"https:\/\/raed.academy\/en\/?s={search_term_string}"},"query-input":{"@type":"PropertyValueSpecification","valueRequired":true,"valueName":"search_term_string"}}],"inLanguage":"en-US"},{"@type":"Organization","@id":"https:\/\/raed.academy\/en\/#organization","name":"Real Academia Europea de Doctores","url":"https:\/\/raed.academy\/en\/","logo":{"@type":"ImageObject","inLanguage":"en-US","@id":"https:\/\/raed.academy\/en\/#\/schema\/logo\/image\/","url":"https:\/\/raed.academy\/wp-content\/uploads\/2017\/01\/cropped-logo_raed.png","contentUrl":"https:\/\/raed.academy\/wp-content\/uploads\/2017\/01\/cropped-logo_raed.png","width":512,"height":512,"caption":"Real Academia Europea de Doctores"},"image":{"@id":"https:\/\/raed.academy\/en\/#\/schema\/logo\/image\/"},"sameAs":["http:\/\/fb.me\/raed.academy","https:\/\/x.com\/raedacademy","https:\/\/www.instagram.com\/raed.academy\/","https:\/\/www.youtube.com\/channel\/UCUYQwW2KrdirNWihxMDObwg"]}]}},"_links":{"self":[{"href":"https:\/\/raed.academy\/en\/wp-json\/wp\/v2\/dp_events\/171568","targetHints":{"allow":["GET"]}}],"collection":[{"href":"https:\/\/raed.academy\/en\/wp-json\/wp\/v2\/dp_events"}],"about":[{"href":"https:\/\/raed.academy\/en\/wp-json\/wp\/v2\/types\/dp_events"}],"wp:featuredmedia":[{"embeddable":true,"href":"https:\/\/raed.academy\/en\/wp-json\/wp\/v2\/media\/148257"}],"wp:attachment":[{"href":"https:\/\/raed.academy\/en\/wp-json\/wp\/v2\/media?parent=171568"}],"curies":[{"name":"wp","href":"https:\/\/api.w.org\/{rel}","templated":true}]}}