{"id":167733,"date":"2025-07-24T17:00:50","date_gmt":"2025-07-24T17:00:50","guid":{"rendered":"https:\/\/raed.academy\/?post_type=dp_events&#038;p=167733"},"modified":"2025-10-06T14:57:01","modified_gmt":"2025-10-06T14:57:01","slug":"jaime-jaume-sureda-joins-the-royal-european-academy-of-doctors-as-a-numerary-member","status":"publish","type":"dp_events","link":"https:\/\/raed.academy\/en\/events\/jaime-jaume-sureda-joins-the-royal-european-academy-of-doctors-as-a-numerary-member\/","title":{"rendered":"Jaime Jaume Sureda joins the Royal European Academy of Doctors as a Numerary Member"},"content":{"rendered":"<p>[et_pb_section fb_built=&#8221;1&#8243; fullwidth=&#8221;on&#8221; _builder_version=&#8221;4.27.4&#8243; _module_preset=&#8221;default&#8221; locked=&#8221;off&#8221; global_colors_info=&#8221;{}&#8221;][et_pb_fullwidth_image src=&#8221;https:\/\/raed.academy\/wp-content\/uploads\/2025\/09\/Mallorca-Islas-Baleares-mar-costa-CC0-pxhere.com-2.91.webp&#8221; title_text=&#8221;Mallorca-Islas-Baleares-mar-costa-CC0-pxhere.com-2.91&#8243; _builder_version=&#8221;4.27.4&#8243; _module_preset=&#8221;default&#8221; global_colors_info=&#8221;{}&#8221;][\/et_pb_fullwidth_image][\/et_pb_section][et_pb_section fb_built=&#8221;1&#8243; admin_label=&#8221;Secci\u00f3n&#8221; _builder_version=&#8221;4.16&#8243; _module_preset=&#8221;default&#8221; locked=&#8221;off&#8221; global_colors_info=&#8221;{}&#8221;][et_pb_row admin_label=&#8221;Fila&#8221; _builder_version=&#8221;4.24.3&#8243; _module_preset=&#8221;default&#8221; max_width=&#8221;1400px&#8221; global_colors_info=&#8221;{}&#8221;][et_pb_column type=&#8221;4_4&#8243; _builder_version=&#8221;4.16&#8243; _module_preset=&#8221;default&#8221; global_colors_info=&#8221;{}&#8221;][et_pb_post_title meta=&#8221;off&#8221; featured_image=&#8221;off&#8221; admin_label=&#8221;T\u00edtulo de publicaci\u00f3n&#8221; _builder_version=&#8221;4.27.4&#8243; _module_preset=&#8221;default&#8221; title_font_size=&#8221;40px&#8221; title_font_size_tablet=&#8221;28px&#8221; title_font_size_phone=&#8221;28px&#8221; title_font_size_last_edited=&#8221;on|desktop&#8221; global_colors_info=&#8221;{}&#8221;][\/et_pb_post_title][et_pb_text admin_label=&#8221;Detalles evento&#8221; _builder_version=&#8221;4.27.4&#8243; _module_preset=&#8221;default&#8221; hover_enabled=&#8221;0&#8243; global_colors_info=&#8221;{}&#8221; sticky_enabled=&#8221;0&#8243;]<div id=\"attachment_168083\" style=\"width: 240px\" class=\"wp-caption alignright\"><img loading=\"lazy\" decoding=\"async\" aria-describedby=\"caption-attachment-168083\" class=\"wp-image-168083 size-full\" src=\"https:\/\/raed.academy\/wp-content\/uploads\/2025\/07\/Jaime-Jaume-Sureda-230x317px.jpg\" alt=\"Dr. Jaime Jaume Sureda\" width=\"230\" height=\"317\" aria-describedby=\"caption-attachment-168083\" \/><p id=\"caption-attachment-168083\" class=\"wp-caption-text\">Dr. Jaime Jaume<\/p><\/div><\/p>\n<p style=\"text-align: left;\"><strong>Dr. Jaime Jaume Sureda<\/strong>, Doctor of Biology, has been admitted as a Numerary Member of the <strong>Royal European Academy of Doctors<\/strong>, presenting his inaugural address entitled <strong>&#8220;Insularidad y sostenibilidad en el sector agrario de las Illes Balears&#8221;<\/strong> (Islandness and Sustainability in the Agricultural Sector of the Balearic Islands).<\/p>\n<p><strong>Respondent: <a href=\"https:\/\/raed.academy\/en\/academicians\/mr-ildefonso-garcia-serena\/\">Mr. Ildefonso Garc\u00eda Serena<\/a><\/strong>, Honorary Member of the RAED, Dean Emeritus of the College of Marketing and Communication of Catalonia.<\/p>\n<p class=\"ubicacion-evento\">Fomento del Trabajo Nacional, Via Laietana, 32, main floor, Room A, Barcelona, 08003<\/p>\n<p class=\"fecha-evento\">Tuesday, 07 October 2025<\/p>\n<p class=\"hora-evento\">18:30 h<\/p>\n<p><strong>Format:<\/strong> In person and live stream<\/p>\n<p><strong>Inscription:<\/strong>\u00a0Please confirm attendance at the Secretariat:\u00a0<a href=\"mailto:secretaria@raed.academy\"><strong>secretaria@raed.academy<\/strong><\/a>\u00a0or\u00a0<strong>tel. 93 667 40 54<\/strong><\/p>\n<p>[\/et_pb_text][et_pb_text admin_label=&#8221;Abstract&#8221; _builder_version=&#8221;4.27.4&#8243; _module_preset=&#8221;default&#8221; global_colors_info=&#8221;{}&#8221;]<\/p>\n<h2>Islandness and Sustainability in the Agricultural Sector of the Balearic Islands<\/h2>\n<p>The Balearic Islands&#8217; economy is completely tertiary, with a Gross Domestic Product (GDP) of over \u20ac42 billion, 84% of which depends on construction and services, including tourism.<\/p>\n<p>Since the signing of Spain&#8217;s Act of Accession to the European Communities on June 12, 1985, the various measures of the Common Agricultural Policy, Spanish agricultural policies, and regional policies have been unable to halt the decline in the profitability of farms in the Balearic Islands.<\/p>\n<p>The inertial trend toward the disappearance of the agricultural sector as an economic sector is very pronounced, yet Balearic society cannot afford this luxury, either socially or environmentally. The solution lies in finding allies within and outside the agricultural sector, whether public or private.<\/p>\n<p>This alliance should help reduce the negative effects of the factors that determine the insularity of the Balearic Islands and enhance the social and environmental aspects that agricultural activity in the Balearic Islands guarantees. Recognizing the environmental and social values \u200b\u200bof agricultural activity is the responsibility of society, giving these values \u200b\u200ban economic value, a price, either in daily purchases or through taxes or public policies. This recognition, along with the recognition of the effects of insularity, will be essential in the negotiation of the new Common Agricultural Policy, which is proving difficult.<\/p>\n<p>Improved quality of reclaimed water for irrigation, adaptation to climate change, the digital transition, artificial intelligence, robotics, and automation applied to the agricultural sector, increased production efficiency, conservation of agricultural biodiversity, market adaptation, and the provision of infrastructure to improve agricultural knowledge, which has been almost nonexistent until now, are challenges that must be addressed to ensure the maintenance of agricultural activity in the Balearic Islands.<\/p>\n<p>[\/et_pb_text][et_pb_text admin_label=&#8221;Txt &#8211; Follow the event live&#8221; _builder_version=&#8221;4.22.1&#8243; _module_preset=&#8221;default&#8221; locked=&#8221;off&#8221; global_colors_info=&#8221;{}&#8221;]<\/p>\n<h2>Follow the event live<\/h2>\n<p>You can follow the event live from this page.<\/p>\n<p>[\/et_pb_text][et_pb_code admin_label=&#8221;C\u00f3digo v\u00eddeo&#8221; _builder_version=&#8221;4.27.4&#8243; _module_preset=&#8221;default&#8221; custom_margin=&#8221;||75px|||&#8221; global_colors_info=&#8221;{}&#8221;]<iframe loading=\"lazy\" width=\"1332\" height=\"749\" src=\"https:\/\/www.youtube.com\/embed\/YRFeCV0N7Ag\" title=\"Solemne Sesi\u00f3n Oficial de recepci\u00f3n como Acad\u00e9mico de N\u00famero del Excmo. Sr. Dr. Jaime Jaume Sureda\" frameborder=\"0\" allow=\"accelerometer; autoplay; clipboard-write; encrypted-media; gyroscope; picture-in-picture; web-share\" referrerpolicy=\"strict-origin-when-cross-origin\" allowfullscreen><\/iframe>[\/et_pb_code][et_pb_text admin_label=&#8221;hashtags y shortcode mapa&#8221; module_class=&#8221;hashtag&#8221; _builder_version=&#8221;4.24.2&#8243; _module_preset=&#8221;default&#8221; locked=&#8221;off&#8221; global_colors_info=&#8221;{}&#8221;]<iframe id=\"map_iframe\"  frameborder=\"0\" scrolling=\"no\" marginheight=\"0\" marginwidth=\"0\" src=\"https:\/\/maps.google.it\/maps?q=Fomento del Trabajo Nacional, Via Laietana, 32, main floor, Room A, Barcelona, 08003&output=embed\"><\/iframe><\/p>\n<p>#AcademicosRAED<br \/>\n#inspirandoElConocimiento<br \/>\n[\/et_pb_text][\/et_pb_column][\/et_pb_row][et_pb_row column_structure=&#8221;1_2,1_2&#8243; admin_label=&#8221;Fila&#8221; _builder_version=&#8221;4.24.3&#8243; _module_preset=&#8221;default&#8221; max_width=&#8221;1400px&#8221; locked=&#8221;off&#8221; global_colors_info=&#8221;{}&#8221;][et_pb_column type=&#8221;1_2&#8243; _builder_version=&#8221;4.16&#8243; _module_preset=&#8221;default&#8221; global_colors_info=&#8221;{}&#8221;][et_pb_code admin_label=&#8221;C\u00f3digo &#8211; Organizes&#8221; _builder_version=&#8221;4.27.4&#8243; _module_preset=&#8221;default&#8221; global_colors_info=&#8221;{}&#8221;]<pee class=\"ttl-colaboradores\">Organizes:<\/pee><!-- [et_pb_line_break_holder] --><!-- [et_pb_line_break_holder] --><\/p>\n<div id=\"organizadores\"><!-- [et_pb_line_break_holder] --><\/p>\n<div class=\"logo-colaborador\"><a href=\"https:\/\/raed.academy\/ca\/\" target=\"_blank\" rel=\"noopener noreferrer\"><img decoding=\"async\" src=\"https:\/\/raed.academy\/wp-content\/uploads\/2021\/10\/Logo-RAED-160px.jpg\" alt=\"Real Academia Europea de Doctores RAED\" \/><\/a><!-- [et_pb_line_break_holder] --><\/p>\n<div class=\"txt\"><\/div>\n<p><!-- [et_pb_line_break_holder] --><\/div>\n<p><!-- [et_pb_line_break_holder] --><\/p>\n<div class=\"logo-colaborador\"><a href=\"https:\/\/fundacionraed.org\/\" target=\"_blank\" rel=\"noopener noreferrer\"><img decoding=\"async\" src=\"https:\/\/raed.academy\/wp-content\/uploads\/2021\/10\/Logo-Fundacion-RAED-160px.jpg\" alt=\"Fundaci\u00f3n RAED\" \/><\/a><!-- [et_pb_line_break_holder] --><\/p>\n<div class=\"txt\"><\/div>\n<p><!-- [et_pb_line_break_holder] --><\/div>\n<p><!-- [et_pb_line_break_holder] --><\/div>\n<p><!-- [et_pb_line_break_holder] -->[\/et_pb_code][\/et_pb_column][et_pb_column type=&#8221;1_2&#8243; _builder_version=&#8221;4.16&#8243; _module_preset=&#8221;default&#8221; global_colors_info=&#8221;{}&#8221;][et_pb_code admin_label=&#8221;C\u00f3digo &#8211; In collaboration with&#8221; _builder_version=&#8221;4.27.4&#8243; _module_preset=&#8221;default&#8221; global_colors_info=&#8221;{}&#8221;]<pee class=\"ttl-colaboradores\">In collaboration with:<\/pee><!-- [et_pb_line_break_holder] --><!-- [et_pb_line_break_holder] --><\/p>\n<div id=\"colaboradores\"><!-- [et_pb_line_break_holder] --><\/p>\n<div class=\"logo-colaborador\"><!-- [et_pb_line_break_holder] --><\/p>\n<div class=\"txt-circular\"><\/div>\n<p><!-- [et_pb_line_break_holder] --> <a href=\"https:\/\/justicia.gencat.cat\/ca\/inici\" target=\"_blank\" rel=\"noopener noreferrer\"><img decoding=\"async\" src=\"https:\/\/raed.academy\/wp-content\/uploads\/2024\/11\/Generalitat-de-Catalunya-dept-Justicia-i-Qualitat-Democratica-240px.jpg\" alt=\"Generalitat de catalunya\" width=\"210\" \/><\/a><\/div>\n<p><!-- [et_pb_line_break_holder] --><\/p>\n<div class=\"logo-colaborador\"><!-- [et_pb_line_break_holder] --><\/p>\n<div class=\"txt-circular\"><\/div>\n<p><!-- [et_pb_line_break_holder] -->  <a href=\"https:\/\/www.aecoc.es\/\" target=\"_blank\" rel=\"noopener noreferrer\"><img decoding=\"async\" src=\"https:\/\/raed.academy\/wp-content\/uploads\/2025\/05\/logo-AECOC-negro-200px.png\" alt=\"AECOC\" width=\"150\" ><\/a><\/div>\n<p><!-- [et_pb_line_break_holder] --><\/div>\n<p><!-- [et_pb_line_break_holder] -->[\/et_pb_code][\/et_pb_column][\/et_pb_row][\/et_pb_section]<\/p>\n","protected":false},"excerpt":{"rendered":"<p>Dr. Jaime Jaume Sureda, Doctor of Biology, joins the RAED as a Numerary Member with the speech &#8220;Insularidad y\u00a0sostenibilidad en el sector agrario de las Illes Balears&#8221;<\/p>\n","protected":false},"featured_media":167720,"template":"","meta":{"_et_pb_use_builder":"on","_et_pb_old_content":"","_et_gb_content_width":""},"class_list":["post-167733","dp_events","type-dp_events","status-publish","has-post-thumbnail","hentry"],"yoast_head":"<!-- This site is optimized with the Yoast SEO plugin v27.5 - https:\/\/yoast.com\/product\/yoast-seo-wordpress\/ -->\n<title>Jaime Jaume Sureda joins the Royal European Academy of Doctors as a Numerary Member - Royal European Academy of Doctors<\/title>\n<meta name=\"description\" content=\"Jaime Jaume Sureda joins the RAED with the speech &quot;Insularidad y\u00a0sostenibilidad en el sector agrario de las Illes Balears&quot;\" \/>\n<meta name=\"robots\" content=\"index, follow, max-snippet:-1, max-image-preview:large, max-video-preview:-1\" \/>\n<link rel=\"canonical\" href=\"https:\/\/raed.academy\/en\/events\/jaime-jaume-sureda-joins-the-royal-european-academy-of-doctors-as-a-numerary-member\/\" \/>\n<meta property=\"og:locale\" content=\"en_US\" \/>\n<meta property=\"og:type\" content=\"article\" \/>\n<meta property=\"og:title\" content=\"Jaime Jaume Sureda joins the Royal European Academy of Doctors as a Numerary Member - Royal European Academy of Doctors\" \/>\n<meta property=\"og:description\" content=\"Jaime Jaume Sureda joins the RAED with the speech &quot;Insularidad y\u00a0sostenibilidad en el sector agrario de las Illes Balears&quot;\" \/>\n<meta property=\"og:url\" content=\"https:\/\/raed.academy\/en\/events\/jaime-jaume-sureda-joins-the-royal-european-academy-of-doctors-as-a-numerary-member\/\" \/>\n<meta property=\"og:site_name\" content=\"Royal European Academy of Doctors\" \/>\n<meta property=\"article:publisher\" content=\"http:\/\/fb.me\/raed.academy\" \/>\n<meta property=\"article:modified_time\" content=\"2025-10-06T14:57:01+00:00\" \/>\n<meta property=\"og:image\" content=\"https:\/\/raed.academy\/wp-content\/uploads\/2025\/09\/Mallorca-Islas-Baleares-mar-costa-CC0-pxhere.com-dst.webp\" \/>\n\t<meta property=\"og:image:width\" content=\"600\" \/>\n\t<meta property=\"og:image:height\" content=\"360\" \/>\n\t<meta property=\"og:image:type\" content=\"image\/webp\" \/>\n<meta name=\"twitter:card\" content=\"summary_large_image\" \/>\n<meta name=\"twitter:site\" content=\"@raedacademy\" \/>\n<meta name=\"twitter:label1\" content=\"Est. reading time\" \/>\n\t<meta name=\"twitter:data1\" content=\"4 minutes\" \/>\n<script type=\"application\/ld+json\" class=\"yoast-schema-graph\">{\"@context\":\"https:\\\/\\\/schema.org\",\"@graph\":[{\"@type\":\"WebPage\",\"@id\":\"https:\\\/\\\/raed.academy\\\/en\\\/events\\\/jaime-jaume-sureda-joins-the-royal-european-academy-of-doctors-as-a-numerary-member\\\/\",\"url\":\"https:\\\/\\\/raed.academy\\\/en\\\/events\\\/jaime-jaume-sureda-joins-the-royal-european-academy-of-doctors-as-a-numerary-member\\\/\",\"name\":\"Jaime Jaume Sureda joins the Royal European Academy of Doctors as a Numerary Member - Royal European Academy of Doctors\",\"isPartOf\":{\"@id\":\"https:\\\/\\\/raed.academy\\\/en\\\/#website\"},\"primaryImageOfPage\":{\"@id\":\"https:\\\/\\\/raed.academy\\\/en\\\/events\\\/jaime-jaume-sureda-joins-the-royal-european-academy-of-doctors-as-a-numerary-member\\\/#primaryimage\"},\"image\":{\"@id\":\"https:\\\/\\\/raed.academy\\\/en\\\/events\\\/jaime-jaume-sureda-joins-the-royal-european-academy-of-doctors-as-a-numerary-member\\\/#primaryimage\"},\"thumbnailUrl\":\"https:\\\/\\\/raed.academy\\\/wp-content\\\/uploads\\\/2025\\\/09\\\/Mallorca-Islas-Baleares-mar-costa-CC0-pxhere.com-dst.webp\",\"datePublished\":\"2025-07-24T17:00:50+00:00\",\"dateModified\":\"2025-10-06T14:57:01+00:00\",\"description\":\"Jaime Jaume Sureda joins the RAED with the speech \\\"Insularidad y\u00a0sostenibilidad en el sector agrario de las Illes Balears\\\"\",\"breadcrumb\":{\"@id\":\"https:\\\/\\\/raed.academy\\\/en\\\/events\\\/jaime-jaume-sureda-joins-the-royal-european-academy-of-doctors-as-a-numerary-member\\\/#breadcrumb\"},\"inLanguage\":\"en-US\",\"potentialAction\":[{\"@type\":\"ReadAction\",\"target\":[\"https:\\\/\\\/raed.academy\\\/en\\\/events\\\/jaime-jaume-sureda-joins-the-royal-european-academy-of-doctors-as-a-numerary-member\\\/\"]}]},{\"@type\":\"ImageObject\",\"inLanguage\":\"en-US\",\"@id\":\"https:\\\/\\\/raed.academy\\\/en\\\/events\\\/jaime-jaume-sureda-joins-the-royal-european-academy-of-doctors-as-a-numerary-member\\\/#primaryimage\",\"url\":\"https:\\\/\\\/raed.academy\\\/wp-content\\\/uploads\\\/2025\\\/09\\\/Mallorca-Islas-Baleares-mar-costa-CC0-pxhere.com-dst.webp\",\"contentUrl\":\"https:\\\/\\\/raed.academy\\\/wp-content\\\/uploads\\\/2025\\\/09\\\/Mallorca-Islas-Baleares-mar-costa-CC0-pxhere.com-dst.webp\",\"width\":600,\"height\":360},{\"@type\":\"BreadcrumbList\",\"@id\":\"https:\\\/\\\/raed.academy\\\/en\\\/events\\\/jaime-jaume-sureda-joins-the-royal-european-academy-of-doctors-as-a-numerary-member\\\/#breadcrumb\",\"itemListElement\":[{\"@type\":\"ListItem\",\"position\":1,\"name\":\"Inicio\",\"item\":\"https:\\\/\\\/raed.academy\\\/en\\\/\"},{\"@type\":\"ListItem\",\"position\":2,\"name\":\"Events\",\"item\":\"https:\\\/\\\/raed.academy\\\/en\\\/events\\\/\"},{\"@type\":\"ListItem\",\"position\":3,\"name\":\"Jaime Jaume Sureda joins the Royal European Academy of Doctors as a Numerary Member\"}]},{\"@type\":\"WebSite\",\"@id\":\"https:\\\/\\\/raed.academy\\\/en\\\/#website\",\"url\":\"https:\\\/\\\/raed.academy\\\/en\\\/\",\"name\":\"Royal European Academy of Doctors\",\"description\":\"Corporaci\u00f3n de derecho p\u00fablico de car\u00e1cter cient\u00edfico, t\u00e9cnico y art\u00edstico, que tiene por objeto la investigaci\u00f3n, el estudio, el fomento y la extensi\u00f3n del conocimiento en su sentido m\u00e1s amplio.\",\"publisher\":{\"@id\":\"https:\\\/\\\/raed.academy\\\/en\\\/#organization\"},\"potentialAction\":[{\"@type\":\"SearchAction\",\"target\":{\"@type\":\"EntryPoint\",\"urlTemplate\":\"https:\\\/\\\/raed.academy\\\/en\\\/?s={search_term_string}\"},\"query-input\":{\"@type\":\"PropertyValueSpecification\",\"valueRequired\":true,\"valueName\":\"search_term_string\"}}],\"inLanguage\":\"en-US\"},{\"@type\":\"Organization\",\"@id\":\"https:\\\/\\\/raed.academy\\\/en\\\/#organization\",\"name\":\"Real Academia Europea de Doctores\",\"url\":\"https:\\\/\\\/raed.academy\\\/en\\\/\",\"logo\":{\"@type\":\"ImageObject\",\"inLanguage\":\"en-US\",\"@id\":\"https:\\\/\\\/raed.academy\\\/en\\\/#\\\/schema\\\/logo\\\/image\\\/\",\"url\":\"https:\\\/\\\/raed.academy\\\/wp-content\\\/uploads\\\/2017\\\/01\\\/cropped-logo_raed.png\",\"contentUrl\":\"https:\\\/\\\/raed.academy\\\/wp-content\\\/uploads\\\/2017\\\/01\\\/cropped-logo_raed.png\",\"width\":512,\"height\":512,\"caption\":\"Real Academia Europea de Doctores\"},\"image\":{\"@id\":\"https:\\\/\\\/raed.academy\\\/en\\\/#\\\/schema\\\/logo\\\/image\\\/\"},\"sameAs\":[\"http:\\\/\\\/fb.me\\\/raed.academy\",\"https:\\\/\\\/x.com\\\/raedacademy\",\"https:\\\/\\\/www.instagram.com\\\/raed.academy\\\/\",\"https:\\\/\\\/www.youtube.com\\\/channel\\\/UCUYQwW2KrdirNWihxMDObwg\"]}]}<\/script>\n<!-- \/ Yoast SEO plugin. -->","yoast_head_json":{"title":"Jaime Jaume Sureda joins the Royal European Academy of Doctors as a Numerary Member - Royal European Academy of Doctors","description":"Jaime Jaume Sureda joins the RAED with the speech \"Insularidad y\u00a0sostenibilidad en el sector agrario de las Illes Balears\"","robots":{"index":"index","follow":"follow","max-snippet":"max-snippet:-1","max-image-preview":"max-image-preview:large","max-video-preview":"max-video-preview:-1"},"canonical":"https:\/\/raed.academy\/en\/events\/jaime-jaume-sureda-joins-the-royal-european-academy-of-doctors-as-a-numerary-member\/","og_locale":"en_US","og_type":"article","og_title":"Jaime Jaume Sureda joins the Royal European Academy of Doctors as a Numerary Member - Royal European Academy of Doctors","og_description":"Jaime Jaume Sureda joins the RAED with the speech \"Insularidad y\u00a0sostenibilidad en el sector agrario de las Illes Balears\"","og_url":"https:\/\/raed.academy\/en\/events\/jaime-jaume-sureda-joins-the-royal-european-academy-of-doctors-as-a-numerary-member\/","og_site_name":"Royal European Academy of Doctors","article_publisher":"http:\/\/fb.me\/raed.academy","article_modified_time":"2025-10-06T14:57:01+00:00","og_image":[{"width":600,"height":360,"url":"https:\/\/raed.academy\/wp-content\/uploads\/2025\/09\/Mallorca-Islas-Baleares-mar-costa-CC0-pxhere.com-dst.webp","type":"image\/webp"}],"twitter_card":"summary_large_image","twitter_site":"@raedacademy","twitter_misc":{"Est. reading time":"4 minutes"},"schema":{"@context":"https:\/\/schema.org","@graph":[{"@type":"WebPage","@id":"https:\/\/raed.academy\/en\/events\/jaime-jaume-sureda-joins-the-royal-european-academy-of-doctors-as-a-numerary-member\/","url":"https:\/\/raed.academy\/en\/events\/jaime-jaume-sureda-joins-the-royal-european-academy-of-doctors-as-a-numerary-member\/","name":"Jaime Jaume Sureda joins the Royal European Academy of Doctors as a Numerary Member - Royal European Academy of Doctors","isPartOf":{"@id":"https:\/\/raed.academy\/en\/#website"},"primaryImageOfPage":{"@id":"https:\/\/raed.academy\/en\/events\/jaime-jaume-sureda-joins-the-royal-european-academy-of-doctors-as-a-numerary-member\/#primaryimage"},"image":{"@id":"https:\/\/raed.academy\/en\/events\/jaime-jaume-sureda-joins-the-royal-european-academy-of-doctors-as-a-numerary-member\/#primaryimage"},"thumbnailUrl":"https:\/\/raed.academy\/wp-content\/uploads\/2025\/09\/Mallorca-Islas-Baleares-mar-costa-CC0-pxhere.com-dst.webp","datePublished":"2025-07-24T17:00:50+00:00","dateModified":"2025-10-06T14:57:01+00:00","description":"Jaime Jaume Sureda joins the RAED with the speech \"Insularidad y\u00a0sostenibilidad en el sector agrario de las Illes Balears\"","breadcrumb":{"@id":"https:\/\/raed.academy\/en\/events\/jaime-jaume-sureda-joins-the-royal-european-academy-of-doctors-as-a-numerary-member\/#breadcrumb"},"inLanguage":"en-US","potentialAction":[{"@type":"ReadAction","target":["https:\/\/raed.academy\/en\/events\/jaime-jaume-sureda-joins-the-royal-european-academy-of-doctors-as-a-numerary-member\/"]}]},{"@type":"ImageObject","inLanguage":"en-US","@id":"https:\/\/raed.academy\/en\/events\/jaime-jaume-sureda-joins-the-royal-european-academy-of-doctors-as-a-numerary-member\/#primaryimage","url":"https:\/\/raed.academy\/wp-content\/uploads\/2025\/09\/Mallorca-Islas-Baleares-mar-costa-CC0-pxhere.com-dst.webp","contentUrl":"https:\/\/raed.academy\/wp-content\/uploads\/2025\/09\/Mallorca-Islas-Baleares-mar-costa-CC0-pxhere.com-dst.webp","width":600,"height":360},{"@type":"BreadcrumbList","@id":"https:\/\/raed.academy\/en\/events\/jaime-jaume-sureda-joins-the-royal-european-academy-of-doctors-as-a-numerary-member\/#breadcrumb","itemListElement":[{"@type":"ListItem","position":1,"name":"Inicio","item":"https:\/\/raed.academy\/en\/"},{"@type":"ListItem","position":2,"name":"Events","item":"https:\/\/raed.academy\/en\/events\/"},{"@type":"ListItem","position":3,"name":"Jaime Jaume Sureda joins the Royal European Academy of Doctors as a Numerary Member"}]},{"@type":"WebSite","@id":"https:\/\/raed.academy\/en\/#website","url":"https:\/\/raed.academy\/en\/","name":"Royal European Academy of Doctors","description":"Corporaci\u00f3n de derecho p\u00fablico de car\u00e1cter cient\u00edfico, t\u00e9cnico y art\u00edstico, que tiene por objeto la investigaci\u00f3n, el estudio, el fomento y la extensi\u00f3n del conocimiento en su sentido m\u00e1s amplio.","publisher":{"@id":"https:\/\/raed.academy\/en\/#organization"},"potentialAction":[{"@type":"SearchAction","target":{"@type":"EntryPoint","urlTemplate":"https:\/\/raed.academy\/en\/?s={search_term_string}"},"query-input":{"@type":"PropertyValueSpecification","valueRequired":true,"valueName":"search_term_string"}}],"inLanguage":"en-US"},{"@type":"Organization","@id":"https:\/\/raed.academy\/en\/#organization","name":"Real Academia Europea de Doctores","url":"https:\/\/raed.academy\/en\/","logo":{"@type":"ImageObject","inLanguage":"en-US","@id":"https:\/\/raed.academy\/en\/#\/schema\/logo\/image\/","url":"https:\/\/raed.academy\/wp-content\/uploads\/2017\/01\/cropped-logo_raed.png","contentUrl":"https:\/\/raed.academy\/wp-content\/uploads\/2017\/01\/cropped-logo_raed.png","width":512,"height":512,"caption":"Real Academia Europea de Doctores"},"image":{"@id":"https:\/\/raed.academy\/en\/#\/schema\/logo\/image\/"},"sameAs":["http:\/\/fb.me\/raed.academy","https:\/\/x.com\/raedacademy","https:\/\/www.instagram.com\/raed.academy\/","https:\/\/www.youtube.com\/channel\/UCUYQwW2KrdirNWihxMDObwg"]}]}},"_links":{"self":[{"href":"https:\/\/raed.academy\/en\/wp-json\/wp\/v2\/dp_events\/167733","targetHints":{"allow":["GET"]}}],"collection":[{"href":"https:\/\/raed.academy\/en\/wp-json\/wp\/v2\/dp_events"}],"about":[{"href":"https:\/\/raed.academy\/en\/wp-json\/wp\/v2\/types\/dp_events"}],"wp:featuredmedia":[{"embeddable":true,"href":"https:\/\/raed.academy\/en\/wp-json\/wp\/v2\/media\/167720"}],"wp:attachment":[{"href":"https:\/\/raed.academy\/en\/wp-json\/wp\/v2\/media?parent=167733"}],"curies":[{"name":"wp","href":"https:\/\/api.w.org\/{rel}","templated":true}]}}