{"id":164109,"date":"2025-05-14T10:09:03","date_gmt":"2025-05-14T10:09:03","guid":{"rendered":"https:\/\/raed.academy\/?post_type=dp_events&#038;p=164109"},"modified":"2025-06-17T15:17:32","modified_gmt":"2025-06-17T15:17:32","slug":"la-dra-maria-angela-jimenez-montanes-ingresa-como-academica-numeraria-de-la-raed","status":"publish","type":"dp_events","link":"https:\/\/raed.academy\/en\/events\/la-dra-maria-angela-jimenez-montanes-ingresa-como-academica-numeraria-de-la-raed\/","title":{"rendered":"The Hon. Dr. Mar\u00eda \u00c1ngela Jim\u00e9nez Monta\u00f1\u00e9s enters as Numerary Member of the RAED"},"content":{"rendered":"<p>[et_pb_section fb_built=&#8221;1&#8243; fullwidth=&#8221;on&#8221; _builder_version=&#8221;4.27.4&#8243; _module_preset=&#8221;default&#8221; locked=&#8221;off&#8221; global_colors_info=&#8221;{}&#8221;][et_pb_fullwidth_image src=&#8221;https:\/\/raed.academy\/wp-content\/uploads\/2025\/05\/shutt-bombilla-naturaleza-energia-desarrollo-renovable-y-sostenible-2.91.webp&#8221; title_text=&#8221;shutt-bombilla-naturaleza-energia-desarrollo-renovable-y-sostenible-2.91&#8243; _builder_version=&#8221;4.27.4&#8243; _module_preset=&#8221;default&#8221; global_colors_info=&#8221;{}&#8221;][\/et_pb_fullwidth_image][\/et_pb_section][et_pb_section fb_built=&#8221;1&#8243; admin_label=&#8221;Secci\u00f3n&#8221; _builder_version=&#8221;4.16&#8243; _module_preset=&#8221;default&#8221; locked=&#8221;off&#8221; global_colors_info=&#8221;{}&#8221;][et_pb_row admin_label=&#8221;Fila&#8221; _builder_version=&#8221;4.24.3&#8243; _module_preset=&#8221;default&#8221; max_width=&#8221;1400px&#8221; global_colors_info=&#8221;{}&#8221;][et_pb_column type=&#8221;4_4&#8243; _builder_version=&#8221;4.16&#8243; _module_preset=&#8221;default&#8221; global_colors_info=&#8221;{}&#8221;][et_pb_post_title meta=&#8221;off&#8221; featured_image=&#8221;off&#8221; admin_label=&#8221;T\u00edtulo de publicaci\u00f3n&#8221; _builder_version=&#8221;4.20.0&#8243; _module_preset=&#8221;default&#8221; global_colors_info=&#8221;{}&#8221;][\/et_pb_post_title][et_pb_text admin_label=&#8221;Detalles evento&#8221; _builder_version=&#8221;4.27.4&#8243; _module_preset=&#8221;default&#8221; global_colors_info=&#8221;{}&#8221;]<div id=\"attachment_164166\" style=\"width: 210px\" class=\"wp-caption alignright\"><img loading=\"lazy\" decoding=\"async\" aria-describedby=\"caption-attachment-164166\" class=\"wp-image-164166 \" src=\"https:\/\/raed.academy\/wp-content\/uploads\/2025\/05\/Maria-Angela-Jimenez-Montanes-230x317px.jpg\" alt=\"\" width=\"200\" height=\"276\" \/><p id=\"caption-attachment-164166\" class=\"wp-caption-text\">Dra. Mar\u00eda \u00c1ngela Jim\u00e9nez<\/p><\/div><\/p>\n<p style=\"text-align: left;\">The<strong> Hon. Dr. Mar\u00eda \u00c1ngela Jim\u00e9nez Monta\u00f1\u00e9s<\/strong>, Doctor of Philosophy in Economics and Business, enters as Numeraria Member of the<strong>\u00a0Royal European Academy of Doctors,\u00a0<\/strong>with the speech\u00a0<b>&#8220;La sostenibilidad y su implicaci\u00f3n en la gesti\u00f3n de lasorganizaciones&#8221;<\/b>.<\/p>\n<p><strong>Reply:<\/strong>\u00a0<a href=\"https:\/\/raed.academy\/academicos\/dr-carlos-mallo-rodriguez\/\"><strong>The. Hon. Dr. Carlos Mallo Rodr\u00edguez<\/strong><\/a>, Doctor of Economic Sciences<\/p>\n<p class=\"ubicacion-evento\">Church of Sant Pere M\u00e1rtir of the Faculty of Legal and Social Sciences UCLM (Cobert de Sant Pere M\u00e1rtir, s\/n), Toledo, 45002<\/p>\n<p class=\"fecha-evento\">Thursday, 05 June 2025<\/p>\n<p class=\"hora-evento\">12:00 h<\/p>\n<p><strong>Format:<\/strong>\u00a0Face-to-face and streaming<\/p>\n<p><strong>Inscription:<\/strong>\u00a0Please confirm attendance at the Secretariat:\u00a0<a href=\"mailto:secretaria@raed.academy\"><strong>secretaria@raed.academy<\/strong><\/a>\u00a0or\u00a0<strong>tel. 93 667 40 54<\/strong><\/p>\n<h2>Sustainability and its implications for the management of organizations<\/h2>\n<p>Sustainability can be understood as those actions that aim to favor social and environmental activities at the same time, and that in turn help to improve the financial situation of the company. From the environmental perspective, it is the balance generated by the harmonious relationship between the human being and the nature that surrounds him and of which he is a part, and that this relationship remains over time, that is to say, is sustainable. From the social perspective, it is the voluntary help expressed in economic resources granted by companies to external projects of socioeconomic development.<\/p>\n<p>Companies that adopt responsible and sustainable practices and invest in strategic projects within the scenario of sustainability can reduce their general costs, as a consequence of aspects, among which we can highlight, the improvement of the image before clients which will increase their sales, the improvement of the work environment, the attraction of investments at lower costs, the development of relations with the community and the relationship with national regulators.<\/p>\n<p>The concept of sustainability has been considered from three important perspectives, the economic, social and environmental perspective, but although, given the repercussion of sustainability in business activity we must add the dimension of sustainable information. The starting point of the analysis of the European Directive 2014\/95\/EU of the European Parliament and of the Council of October 22, 2014, recommends the disclosure of non-financial information and information on diversity by certain large companies and certain groups.<\/p>\n<p>Sustainability is and will be a new challenge for companies and entrepreneurs.<\/p>\n<p>&nbsp;<\/p>\n<p>&nbsp;<\/p>\n<p>[\/et_pb_text][et_pb_text admin_label=&#8221;Txt &#8211; Seguir el evento en directo&#8221; _builder_version=&#8221;4.27.4&#8243; _module_preset=&#8221;default&#8221; global_colors_info=&#8221;{}&#8221;]<\/p>\n<h2>Follow the event live<\/h2>\n<p>You can follow the event live from this same page.<\/p>\n<p>[\/et_pb_text][et_pb_code admin_label=&#8221;C\u00f3digo v\u00eddeo&#8221; _builder_version=&#8221;4.27.4&#8243; _module_preset=&#8221;default&#8221; custom_margin=&#8221;||75px|||&#8221; global_colors_info=&#8221;{}&#8221;]<iframe loading=\"lazy\" width=\"1156\" height=\"650\" src=\"https:\/\/www.youtube.com\/embed\/gDn0sx9CI2A\" title=\"La sostenibilidad y su implicaci\u00f3n en la gesti\u00f3n de las organizaciones, por Mar\u00eda \u00c1ngela Jim\u00e9nez\" frameborder=\"0\" allow=\"accelerometer; autoplay; clipboard-write; encrypted-media; gyroscope; picture-in-picture; web-share\" referrerpolicy=\"strict-origin-when-cross-origin\" allowfullscreen><\/iframe>[\/et_pb_code][et_pb_text admin_label=&#8221;hashtags y shortcode mapa&#8221; module_class=&#8221;hashtag&#8221; _builder_version=&#8221;4.24.2&#8243; _module_preset=&#8221;default&#8221; locked=&#8221;off&#8221; global_colors_info=&#8221;{}&#8221;]<iframe id=\"map_iframe\"  frameborder=\"0\" scrolling=\"no\" marginheight=\"0\" marginwidth=\"0\" src=\"https:\/\/maps.google.it\/maps?q=Church of Sant Pere M\u00e1rtir of the Faculty of Legal and Social Sciences UCLM (Cobert de Sant Pere M\u00e1rtir, s\/n), Toledo, 45002&output=embed\"><\/iframe><\/p>\n<p>#AcademicosRAED<br \/>\n#inspirandoElConocimiento<br \/>\n[\/et_pb_text][\/et_pb_column][\/et_pb_row][et_pb_row column_structure=&#8221;1_2,1_2&#8243; admin_label=&#8221;Fila&#8221; _builder_version=&#8221;4.24.3&#8243; _module_preset=&#8221;default&#8221; max_width=&#8221;1400px&#8221; locked=&#8221;off&#8221; global_colors_info=&#8221;{}&#8221;][et_pb_column type=&#8221;1_2&#8243; _builder_version=&#8221;4.16&#8243; _module_preset=&#8221;default&#8221; global_colors_info=&#8221;{}&#8221;][et_pb_code admin_label=&#8221;C\u00f3digo &#8211; Organizes&#8221; _builder_version=&#8221;4.27.4&#8243; _module_preset=&#8221;default&#8221; hover_enabled=&#8221;0&#8243; global_colors_info=&#8221;{}&#8221; sticky_enabled=&#8221;0&#8243;]<pee class=\"ttl-colaboradores\">Organizes:<\/pee><!-- [et_pb_line_break_holder] --><!-- [et_pb_line_break_holder] --><\/p>\n<div id=\"organizadores\"><!-- [et_pb_line_break_holder] --><\/p>\n<div class=\"logo-colaborador\"><a href=\"https:\/\/raed.academy\/ca\/\" target=\"_blank\" rel=\"noopener noreferrer\"><img decoding=\"async\" src=\"https:\/\/raed.academy\/wp-content\/uploads\/2021\/10\/Logo-RAED-160px.jpg\" alt=\"Real Academia Europea de Doctores RAED\" \/><\/a><!-- [et_pb_line_break_holder] --><\/p>\n<div class=\"txt\"><\/div>\n<p><!-- [et_pb_line_break_holder] --><\/div>\n<p><!-- [et_pb_line_break_holder] --><\/p>\n<div class=\"logo-colaborador\"><a href=\"https:\/\/fundacionraed.org\/\" target=\"_blank\" rel=\"noopener noreferrer\"><img decoding=\"async\" src=\"https:\/\/raed.academy\/wp-content\/uploads\/2021\/10\/Logo-Fundacion-RAED-160px.jpg\" alt=\"Fundaci\u00f3n RAED\" \/><\/a><!-- [et_pb_line_break_holder] --><\/p>\n<div class=\"txt\"><\/div>\n<p><!-- [et_pb_line_break_holder] --><\/div>\n<p><!-- [et_pb_line_break_holder] --><\/div>\n<p><!-- [et_pb_line_break_holder] -->[\/et_pb_code][\/et_pb_column][et_pb_column type=&#8221;1_2&#8243; _builder_version=&#8221;4.16&#8243; _module_preset=&#8221;default&#8221; global_colors_info=&#8221;{}&#8221;][et_pb_code admin_label=&#8221;C\u00f3digo &#8211; In collaboration with&#8221; _builder_version=&#8221;4.27.4&#8243; _module_preset=&#8221;default&#8221; hover_enabled=&#8221;0&#8243; global_colors_info=&#8221;{}&#8221; sticky_enabled=&#8221;0&#8243;]<pee class=\"ttl-colaboradores\">In collaboration with:<\/pee><!-- [et_pb_line_break_holder] --><!-- [et_pb_line_break_holder] --><\/p>\n<div id=\"colaboradores\"><!-- [et_pb_line_break_holder] --><\/p>\n<div class=\"logo-colaborador\"><!-- [et_pb_line_break_holder] --><\/p>\n<div class=\"txt-circular\"><\/div>\n<p><!-- [et_pb_line_break_holder] --> <a href=\"https:\/\/justicia.gencat.cat\/ca\/inici\" target=\"_blank\" rel=\"noopener noreferrer\"><img decoding=\"async\" src=\"https:\/\/raed.academy\/wp-content\/uploads\/2024\/11\/Generalitat-de-Catalunya-dept-Justicia-i-Qualitat-Democratica-240px.jpg\" alt=\"Generalitat de catalunya\" width=\"210\" \/><\/a><\/div>\n<p><!-- [et_pb_line_break_holder] --><\/p>\n<div class=\"logo-colaborador\"><!-- [et_pb_line_break_holder] --><\/p>\n<div class=\"txt-circular\"><\/div>\n<p><!-- [et_pb_line_break_holder] -->  <a href=\"https:\/\/www.aecoc.es\/\" target=\"_blank\" rel=\"noopener noreferrer\"><img decoding=\"async\" src=\"https:\/\/raed.academy\/wp-content\/uploads\/2025\/05\/logo-AECOC-negro-200px.png\" alt=\"AECOC\" width=\"150\" ><\/a><\/div>\n<p><!-- [et_pb_line_break_holder] --><\/div>\n<p><!-- [et_pb_line_break_holder] -->[\/et_pb_code][\/et_pb_column][\/et_pb_row][\/et_pb_section]<\/p>\n","protected":false},"excerpt":{"rendered":"<p>The Hon. Dr. Mar\u00eda \u00c1ngela Jim\u00e9nez Monta\u00f1\u00e9s, enters as Numeraria Member of the\u00a0Royal European Academy of Doctors,\u00a0with the speech\u00a0&#8220;La sostenibilidad y su implicaci\u00f3n en la gesti\u00f3n de las organizaciones&#8221;.<\/p>\n","protected":false},"featured_media":164044,"template":"","meta":{"_et_pb_use_builder":"on","_et_pb_old_content":"<p>[et_pb_section fb_built=\"1\" fullwidth=\"on\" _builder_version=\"4.27.4\" _module_preset=\"default\" locked=\"off\" global_colors_info=\"{}\"][et_pb_fullwidth_image src=\"https:\/\/raed.academy\/wp-content\/uploads\/2025\/05\/shutt-bombilla-naturaleza-energia-desarrollo-renovable-y-sostenible-2.91.webp\" title_text=\"shutt-bombilla-naturaleza-energia-desarrollo-renovable-y-sostenible-2.91\" _builder_version=\"4.27.4\" _module_preset=\"default\" global_colors_info=\"{}\"][\/et_pb_fullwidth_image][\/et_pb_section][et_pb_section fb_built=\"1\" admin_label=\"Secci\u00f3n\" _builder_version=\"4.16\" _module_preset=\"default\" locked=\"off\" global_colors_info=\"{}\"][et_pb_row admin_label=\"Fila\" _builder_version=\"4.24.3\" _module_preset=\"default\" max_width=\"1400px\" global_colors_info=\"{}\"][et_pb_column type=\"4_4\" _builder_version=\"4.16\" _module_preset=\"default\" global_colors_info=\"{}\"][et_pb_post_title meta=\"off\" featured_image=\"off\" admin_label=\"T\u00edtulo de publicaci\u00f3n\" _builder_version=\"4.20.0\" _module_preset=\"default\" global_colors_info=\"{}\"][\/et_pb_post_title][et_pb_text admin_label=\"Detalles evento\" _builder_version=\"4.27.4\" _module_preset=\"default\" hover_enabled=\"0\" global_colors_info=\"{}\" sticky_enabled=\"0\"]<\/p><p style=\"text-align: left;\">El <strong>Excma. Sr. Dra. Mar\u00eda \u00c1ngela Jim\u00e9nez Monta\u00f1\u00e9s <\/strong>, ingresa como Acad\u00e9mica de Numeraria de la <strong>Real Academia Europea de Doctores<\/strong>, con el discurso<b> \"La sostenibilidad y su implicaci\u00f3n en la gesti\u00f3n de lasorganizaciones\"<\/b>.<\/p><p><strong>Responde<\/strong>: <a href=\"https:\/\/raed.academy\/academicos\/dr-carlos-mallo-rodriguez\/\"><strong>Excmo. Sr. Dr. Carlos Mallo Rodr\u00edguez<\/strong><\/a>,\u00a0 Doctor en Ciencias Econ\u00f3micas<\/p><h2><b>La sostenibilidad y su implicaci\u00f3n en la gesti\u00f3n de lasorganizaciones<\/b><\/h2><p>La sostenibilidad se puede entender como aquellas acciones que tienen como objetivo favorecer a las actividades sociales y ambientales al mismo tiempo, y que a su vez ayuden a mejorar la situaci\u00f3n financiera de la empresa. Desde la \u00f3ptica medioambiental, es el equilibrio generado por la relaci\u00f3n arm\u00f3nica entre el ser humano y la naturaleza que lo rodea y de la cual forma parte, y que esta relaci\u00f3n permanezca a lo largo del tiempo, es decir, sea sustentable. Desde la \u00f3ptica social, es la ayuda voluntaria expresada en recursos econ\u00f3micos otorgada por las empresas a proyectos externos de desarrollo socioecon\u00f3mico.<\/p><p>Las empresas que adoptan pr\u00e1cticas responsables y sostenibles e invierten en proyectos estrat\u00e9gicos dentro del escenario de la sostenibilidad pueden llegar a reducir sus costes generales, como consecuencia de aspectos, entre los que se pueden destacar, la mejorade la imagen ante los clientes lo que incrementar\u00e1 sus ventas, la mejora del ambiente laborar, la atracci\u00f3n de inversiones a menores costes, el desarrollo de las relaciones conla comunidad y la relaci\u00f3n con los reguladores nacionales.<\/p><p>El concepto de sostenibilidad ha sido considerado desde tres \u00f3pticas importantes, lav\u00f3ptica econ\u00f3mica, social y medioambiental, pero si bien, dada la repercusi\u00f3n de la sostenibilidad en la actividad empresarial debemos a\u00f1adir ladimensi\u00f3n de lainformaci\u00f3n sostenible. El punto de partida del an\u00e1lisis de la Directiva Europea2014\/95\/UE del Parlamento Europeo y del Consejo de 22 de octubre de 2014, recomienda la divulgaci\u00f3n de informaci\u00f3n no financiera e informaci\u00f3n sobre diversidad por parte de determinadas grandes empresas y determinados grupos.<\/p><p>La sostenibilidad es y ser\u00e1 un nuevo reto para las empresas y los empresarios<\/p><p class=\"ubicacion-evento\">[DP_Single_Event_Venue_Address]<\/p><p class=\"fecha-evento\">Jueves, [DP_Single_Event_Start_Date dem_start_date_format=\"d F Y\"]<\/p><p class=\"hora-evento\">[DP_Single_Event_Start_Time] h<\/p><p><strong>Formato:<\/strong> Presencial y streaming<\/p><p><strong>Inscripci\u00f3n: <\/strong>Se ruega confirmaci\u00f3n de asistencia en Secretar\u00eda: <a href=\"mailto:secretaria@raed.academy\"><strong>secretaria@raed.academy<\/strong><\/a> o al <strong>tel. 93 667 40 54<\/strong><\/p><p>\u00a0<\/p><p>[\/et_pb_text][et_pb_text admin_label=\"Txt - Seguir el evento en directo\" _builder_version=\"4.27.4\" _module_preset=\"default\" global_colors_info=\"{}\"]<\/p><h2>Seguir el evento en directo<\/h2><p>Podr\u00e1 seguir el evento en directo desde esta misma p\u00e1gina.<\/p><p>[\/et_pb_text][et_pb_code admin_label=\"C\u00f3digo v\u00eddeo\" _builder_version=\"4.27.4\" _module_preset=\"default\" custom_margin=\"||75px|||\" global_colors_info=\"{}\"][\/et_pb_code][et_pb_text admin_label=\"hashtags y shortcode mapa\" module_class=\"hashtag\" _builder_version=\"4.24.2\" _module_preset=\"default\" locked=\"off\" global_colors_info=\"{}\"]<\/p><p>[DP_Single_Event_Map_Address]<\/p><p>#AcademicosRAED<br \/>#inspirandoElConocimiento<\/p><p>[\/et_pb_text][\/et_pb_column][\/et_pb_row][et_pb_row column_structure=\"2_3,1_3\" admin_label=\"Fila\" _builder_version=\"4.24.3\" _module_preset=\"default\" max_width=\"1400px\" locked=\"off\" global_colors_info=\"{}\"][et_pb_column type=\"2_3\" _builder_version=\"4.16\" _module_preset=\"default\" global_colors_info=\"{}\"][et_pb_code admin_label=\"C\u00f3digo - organizadores\" _builder_version=\"4.27.2\" _module_preset=\"default\" global_colors_info=\"{}\"]<\/p><p class=\"ttl-colaboradores\">Organiza:<\/p><p><!-- [et_pb_line_break_holder] --><\/p><div id=\"organizadores\"><!-- [et_pb_line_break_holder] --><div class=\"logo-colaborador\"><a href=\"https:\/\/raed.academy\/\" target=\"_blank\" rel=\"noopener noreferrer\"><img src=\"https:\/\/raed.academy\/wp-content\/uploads\/2021\/10\/Logo-RAED-160px.jpg\" alt=\"Real Academia Europea de Doctores RAED\" \/><\/a><div class=\"txt\">\u00a0<\/div><p>\u00a0<\/p><\/div><p><!-- [et_pb_line_break_holder] --><\/p><div class=\"logo-colaborador\"><a href=\"https:\/\/fundacionraed.org\/\" target=\"_blank\" rel=\"noopener noreferrer\"><img src=\"https:\/\/raed.academy\/wp-content\/uploads\/2021\/10\/Logo-Fundacion-RAED-160px.jpg\" alt=\"Fundaci\u00f3n RAED\" \/><\/a><div class=\"txt\">\u00a0<\/div><p>\u00a0<\/p><\/div><p><!-- [et_pb_line_break_holder] --><\/p><\/div><p>[\/et_pb_code][\/et_pb_column][et_pb_column type=\"1_3\" _builder_version=\"4.16\" _module_preset=\"default\" global_colors_info=\"{}\"][et_pb_code admin_label=\"C\u00f3digo - colaboradores\" _builder_version=\"4.27.2\" _module_preset=\"default\" global_colors_info=\"{}\"]<\/p><p class=\"ttl-colaboradores\">Con la colaboraci\u00f3n de:<\/p><p><!-- [et_pb_line_break_holder] --><\/p><div id=\"colaboradores\"><!-- [et_pb_line_break_holder] --> <!-- [et_pb_line_break_holder] --><div class=\"logo-colaborador\"><!-- [et_pb_line_break_holder] --><div class=\"txt-circular\">\u00a0<\/div><p><!-- [et_pb_line_break_holder] --> <a href=\"https:\/\/justicia.gencat.cat\/ca\/inici\" target=\"_blank\" rel=\"noopener noreferrer\"><img src=\"https:\/\/raed.academy\/wp-content\/uploads\/2024\/11\/Generalitat-de-Catalunya-dept-Justicia-i-Qualitat-Democratica-240px.jpg\" alt=\"Generalitat de catalunya\" \/><\/a><\/p><\/div><p><!-- [et_pb_line_break_holder] --><\/p><\/div><p>[\/et_pb_code][\/et_pb_column][\/et_pb_row][\/et_pb_section]<\/p>","_et_gb_content_width":""},"class_list":["post-164109","dp_events","type-dp_events","status-publish","has-post-thumbnail","hentry"],"yoast_head":"<!-- This site is optimized with the Yoast SEO plugin v27.5 - https:\/\/yoast.com\/product\/yoast-seo-wordpress\/ -->\n<title>The Hon. Dr. Mar\u00eda \u00c1ngela Jim\u00e9nez Monta\u00f1\u00e9s enters as Numerary Member of the RAED - Royal European Academy of Doctors<\/title>\n<meta name=\"description\" content=\"Mar\u00eda \u00c1ngela Jim\u00e9nez, enters at the Royal Academy,\u00a0with the speech\u00a0&quot;La sostenibilidad y su implicaci\u00f3n en la gesti\u00f3n de las organizaciones&quot;\" \/>\n<meta name=\"robots\" content=\"index, follow, max-snippet:-1, max-image-preview:large, max-video-preview:-1\" \/>\n<link rel=\"canonical\" href=\"https:\/\/raed.academy\/en\/events\/la-dra-maria-angela-jimenez-montanes-ingresa-como-academica-numeraria-de-la-raed\/\" \/>\n<meta property=\"og:locale\" content=\"en_US\" \/>\n<meta property=\"og:type\" content=\"article\" \/>\n<meta property=\"og:title\" content=\"The Hon. Dr. Mar\u00eda \u00c1ngela Jim\u00e9nez Monta\u00f1\u00e9s enters as Numerary Member of the RAED - Royal European Academy of Doctors\" \/>\n<meta property=\"og:description\" content=\"Mar\u00eda \u00c1ngela Jim\u00e9nez, enters at the Royal Academy,\u00a0with the speech\u00a0&quot;La sostenibilidad y su implicaci\u00f3n en la gesti\u00f3n de las organizaciones&quot;\" \/>\n<meta property=\"og:url\" content=\"https:\/\/raed.academy\/en\/events\/la-dra-maria-angela-jimenez-montanes-ingresa-como-academica-numeraria-de-la-raed\/\" \/>\n<meta property=\"og:site_name\" content=\"Royal European Academy of Doctors\" \/>\n<meta property=\"article:publisher\" content=\"http:\/\/fb.me\/raed.academy\" \/>\n<meta property=\"article:modified_time\" content=\"2025-06-17T15:17:32+00:00\" \/>\n<meta property=\"og:image\" content=\"https:\/\/raed.academy\/wp-content\/uploads\/2025\/05\/shutt-bombilla-naturaleza-energia-desarrollo-renovable-y-sostenible-1.17.webp\" \/>\n\t<meta property=\"og:image:width\" content=\"350\" \/>\n\t<meta property=\"og:image:height\" content=\"300\" \/>\n\t<meta property=\"og:image:type\" content=\"image\/webp\" \/>\n<meta name=\"twitter:card\" content=\"summary_large_image\" \/>\n<meta name=\"twitter:site\" content=\"@raedacademy\" \/>\n<meta name=\"twitter:label1\" content=\"Est. reading time\" \/>\n\t<meta name=\"twitter:data1\" content=\"4 minutes\" \/>\n<script type=\"application\/ld+json\" class=\"yoast-schema-graph\">{\"@context\":\"https:\\\/\\\/schema.org\",\"@graph\":[{\"@type\":\"WebPage\",\"@id\":\"https:\\\/\\\/raed.academy\\\/en\\\/events\\\/la-dra-maria-angela-jimenez-montanes-ingresa-como-academica-numeraria-de-la-raed\\\/\",\"url\":\"https:\\\/\\\/raed.academy\\\/en\\\/events\\\/la-dra-maria-angela-jimenez-montanes-ingresa-como-academica-numeraria-de-la-raed\\\/\",\"name\":\"The Hon. Dr. Mar\u00eda \u00c1ngela Jim\u00e9nez Monta\u00f1\u00e9s enters as Numerary Member of the RAED - Royal European Academy of Doctors\",\"isPartOf\":{\"@id\":\"https:\\\/\\\/raed.academy\\\/en\\\/#website\"},\"primaryImageOfPage\":{\"@id\":\"https:\\\/\\\/raed.academy\\\/en\\\/events\\\/la-dra-maria-angela-jimenez-montanes-ingresa-como-academica-numeraria-de-la-raed\\\/#primaryimage\"},\"image\":{\"@id\":\"https:\\\/\\\/raed.academy\\\/en\\\/events\\\/la-dra-maria-angela-jimenez-montanes-ingresa-como-academica-numeraria-de-la-raed\\\/#primaryimage\"},\"thumbnailUrl\":\"https:\\\/\\\/raed.academy\\\/wp-content\\\/uploads\\\/2025\\\/05\\\/shutt-bombilla-naturaleza-energia-desarrollo-renovable-y-sostenible-1.17.webp\",\"datePublished\":\"2025-05-14T10:09:03+00:00\",\"dateModified\":\"2025-06-17T15:17:32+00:00\",\"description\":\"Mar\u00eda \u00c1ngela Jim\u00e9nez, enters at the Royal Academy,\u00a0with the speech\u00a0\\\"La sostenibilidad y su implicaci\u00f3n en la gesti\u00f3n de las organizaciones\\\"\",\"breadcrumb\":{\"@id\":\"https:\\\/\\\/raed.academy\\\/en\\\/events\\\/la-dra-maria-angela-jimenez-montanes-ingresa-como-academica-numeraria-de-la-raed\\\/#breadcrumb\"},\"inLanguage\":\"en-US\",\"potentialAction\":[{\"@type\":\"ReadAction\",\"target\":[\"https:\\\/\\\/raed.academy\\\/en\\\/events\\\/la-dra-maria-angela-jimenez-montanes-ingresa-como-academica-numeraria-de-la-raed\\\/\"]}]},{\"@type\":\"ImageObject\",\"inLanguage\":\"en-US\",\"@id\":\"https:\\\/\\\/raed.academy\\\/en\\\/events\\\/la-dra-maria-angela-jimenez-montanes-ingresa-como-academica-numeraria-de-la-raed\\\/#primaryimage\",\"url\":\"https:\\\/\\\/raed.academy\\\/wp-content\\\/uploads\\\/2025\\\/05\\\/shutt-bombilla-naturaleza-energia-desarrollo-renovable-y-sostenible-1.17.webp\",\"contentUrl\":\"https:\\\/\\\/raed.academy\\\/wp-content\\\/uploads\\\/2025\\\/05\\\/shutt-bombilla-naturaleza-energia-desarrollo-renovable-y-sostenible-1.17.webp\",\"width\":350,\"height\":300},{\"@type\":\"BreadcrumbList\",\"@id\":\"https:\\\/\\\/raed.academy\\\/en\\\/events\\\/la-dra-maria-angela-jimenez-montanes-ingresa-como-academica-numeraria-de-la-raed\\\/#breadcrumb\",\"itemListElement\":[{\"@type\":\"ListItem\",\"position\":1,\"name\":\"Inicio\",\"item\":\"https:\\\/\\\/raed.academy\\\/en\\\/\"},{\"@type\":\"ListItem\",\"position\":2,\"name\":\"Events\",\"item\":\"https:\\\/\\\/raed.academy\\\/en\\\/events\\\/\"},{\"@type\":\"ListItem\",\"position\":3,\"name\":\"The Hon. Dr. Mar\u00eda \u00c1ngela Jim\u00e9nez Monta\u00f1\u00e9s enters as Numerary Member of the RAED\"}]},{\"@type\":\"WebSite\",\"@id\":\"https:\\\/\\\/raed.academy\\\/en\\\/#website\",\"url\":\"https:\\\/\\\/raed.academy\\\/en\\\/\",\"name\":\"Royal European Academy of Doctors\",\"description\":\"Corporaci\u00f3n de derecho p\u00fablico de car\u00e1cter cient\u00edfico, t\u00e9cnico y art\u00edstico, que tiene por objeto la investigaci\u00f3n, el estudio, el fomento y la extensi\u00f3n del conocimiento en su sentido m\u00e1s amplio.\",\"publisher\":{\"@id\":\"https:\\\/\\\/raed.academy\\\/en\\\/#organization\"},\"potentialAction\":[{\"@type\":\"SearchAction\",\"target\":{\"@type\":\"EntryPoint\",\"urlTemplate\":\"https:\\\/\\\/raed.academy\\\/en\\\/?s={search_term_string}\"},\"query-input\":{\"@type\":\"PropertyValueSpecification\",\"valueRequired\":true,\"valueName\":\"search_term_string\"}}],\"inLanguage\":\"en-US\"},{\"@type\":\"Organization\",\"@id\":\"https:\\\/\\\/raed.academy\\\/en\\\/#organization\",\"name\":\"Real Academia Europea de Doctores\",\"url\":\"https:\\\/\\\/raed.academy\\\/en\\\/\",\"logo\":{\"@type\":\"ImageObject\",\"inLanguage\":\"en-US\",\"@id\":\"https:\\\/\\\/raed.academy\\\/en\\\/#\\\/schema\\\/logo\\\/image\\\/\",\"url\":\"https:\\\/\\\/raed.academy\\\/wp-content\\\/uploads\\\/2017\\\/01\\\/cropped-logo_raed.png\",\"contentUrl\":\"https:\\\/\\\/raed.academy\\\/wp-content\\\/uploads\\\/2017\\\/01\\\/cropped-logo_raed.png\",\"width\":512,\"height\":512,\"caption\":\"Real Academia Europea de Doctores\"},\"image\":{\"@id\":\"https:\\\/\\\/raed.academy\\\/en\\\/#\\\/schema\\\/logo\\\/image\\\/\"},\"sameAs\":[\"http:\\\/\\\/fb.me\\\/raed.academy\",\"https:\\\/\\\/x.com\\\/raedacademy\",\"https:\\\/\\\/www.instagram.com\\\/raed.academy\\\/\",\"https:\\\/\\\/www.youtube.com\\\/channel\\\/UCUYQwW2KrdirNWihxMDObwg\"]}]}<\/script>\n<!-- \/ Yoast SEO plugin. -->","yoast_head_json":{"title":"The Hon. Dr. Mar\u00eda \u00c1ngela Jim\u00e9nez Monta\u00f1\u00e9s enters as Numerary Member of the RAED - Royal European Academy of Doctors","description":"Mar\u00eda \u00c1ngela Jim\u00e9nez, enters at the Royal Academy,\u00a0with the speech\u00a0\"La sostenibilidad y su implicaci\u00f3n en la gesti\u00f3n de las organizaciones\"","robots":{"index":"index","follow":"follow","max-snippet":"max-snippet:-1","max-image-preview":"max-image-preview:large","max-video-preview":"max-video-preview:-1"},"canonical":"https:\/\/raed.academy\/en\/events\/la-dra-maria-angela-jimenez-montanes-ingresa-como-academica-numeraria-de-la-raed\/","og_locale":"en_US","og_type":"article","og_title":"The Hon. Dr. Mar\u00eda \u00c1ngela Jim\u00e9nez Monta\u00f1\u00e9s enters as Numerary Member of the RAED - Royal European Academy of Doctors","og_description":"Mar\u00eda \u00c1ngela Jim\u00e9nez, enters at the Royal Academy,\u00a0with the speech\u00a0\"La sostenibilidad y su implicaci\u00f3n en la gesti\u00f3n de las organizaciones\"","og_url":"https:\/\/raed.academy\/en\/events\/la-dra-maria-angela-jimenez-montanes-ingresa-como-academica-numeraria-de-la-raed\/","og_site_name":"Royal European Academy of Doctors","article_publisher":"http:\/\/fb.me\/raed.academy","article_modified_time":"2025-06-17T15:17:32+00:00","og_image":[{"width":350,"height":300,"url":"https:\/\/raed.academy\/wp-content\/uploads\/2025\/05\/shutt-bombilla-naturaleza-energia-desarrollo-renovable-y-sostenible-1.17.webp","type":"image\/webp"}],"twitter_card":"summary_large_image","twitter_site":"@raedacademy","twitter_misc":{"Est. reading time":"4 minutes"},"schema":{"@context":"https:\/\/schema.org","@graph":[{"@type":"WebPage","@id":"https:\/\/raed.academy\/en\/events\/la-dra-maria-angela-jimenez-montanes-ingresa-como-academica-numeraria-de-la-raed\/","url":"https:\/\/raed.academy\/en\/events\/la-dra-maria-angela-jimenez-montanes-ingresa-como-academica-numeraria-de-la-raed\/","name":"The Hon. Dr. Mar\u00eda \u00c1ngela Jim\u00e9nez Monta\u00f1\u00e9s enters as Numerary Member of the RAED - Royal European Academy of Doctors","isPartOf":{"@id":"https:\/\/raed.academy\/en\/#website"},"primaryImageOfPage":{"@id":"https:\/\/raed.academy\/en\/events\/la-dra-maria-angela-jimenez-montanes-ingresa-como-academica-numeraria-de-la-raed\/#primaryimage"},"image":{"@id":"https:\/\/raed.academy\/en\/events\/la-dra-maria-angela-jimenez-montanes-ingresa-como-academica-numeraria-de-la-raed\/#primaryimage"},"thumbnailUrl":"https:\/\/raed.academy\/wp-content\/uploads\/2025\/05\/shutt-bombilla-naturaleza-energia-desarrollo-renovable-y-sostenible-1.17.webp","datePublished":"2025-05-14T10:09:03+00:00","dateModified":"2025-06-17T15:17:32+00:00","description":"Mar\u00eda \u00c1ngela Jim\u00e9nez, enters at the Royal Academy,\u00a0with the speech\u00a0\"La sostenibilidad y su implicaci\u00f3n en la gesti\u00f3n de las organizaciones\"","breadcrumb":{"@id":"https:\/\/raed.academy\/en\/events\/la-dra-maria-angela-jimenez-montanes-ingresa-como-academica-numeraria-de-la-raed\/#breadcrumb"},"inLanguage":"en-US","potentialAction":[{"@type":"ReadAction","target":["https:\/\/raed.academy\/en\/events\/la-dra-maria-angela-jimenez-montanes-ingresa-como-academica-numeraria-de-la-raed\/"]}]},{"@type":"ImageObject","inLanguage":"en-US","@id":"https:\/\/raed.academy\/en\/events\/la-dra-maria-angela-jimenez-montanes-ingresa-como-academica-numeraria-de-la-raed\/#primaryimage","url":"https:\/\/raed.academy\/wp-content\/uploads\/2025\/05\/shutt-bombilla-naturaleza-energia-desarrollo-renovable-y-sostenible-1.17.webp","contentUrl":"https:\/\/raed.academy\/wp-content\/uploads\/2025\/05\/shutt-bombilla-naturaleza-energia-desarrollo-renovable-y-sostenible-1.17.webp","width":350,"height":300},{"@type":"BreadcrumbList","@id":"https:\/\/raed.academy\/en\/events\/la-dra-maria-angela-jimenez-montanes-ingresa-como-academica-numeraria-de-la-raed\/#breadcrumb","itemListElement":[{"@type":"ListItem","position":1,"name":"Inicio","item":"https:\/\/raed.academy\/en\/"},{"@type":"ListItem","position":2,"name":"Events","item":"https:\/\/raed.academy\/en\/events\/"},{"@type":"ListItem","position":3,"name":"The Hon. Dr. Mar\u00eda \u00c1ngela Jim\u00e9nez Monta\u00f1\u00e9s enters as Numerary Member of the RAED"}]},{"@type":"WebSite","@id":"https:\/\/raed.academy\/en\/#website","url":"https:\/\/raed.academy\/en\/","name":"Royal European Academy of Doctors","description":"Corporaci\u00f3n de derecho p\u00fablico de car\u00e1cter cient\u00edfico, t\u00e9cnico y art\u00edstico, que tiene por objeto la investigaci\u00f3n, el estudio, el fomento y la extensi\u00f3n del conocimiento en su sentido m\u00e1s amplio.","publisher":{"@id":"https:\/\/raed.academy\/en\/#organization"},"potentialAction":[{"@type":"SearchAction","target":{"@type":"EntryPoint","urlTemplate":"https:\/\/raed.academy\/en\/?s={search_term_string}"},"query-input":{"@type":"PropertyValueSpecification","valueRequired":true,"valueName":"search_term_string"}}],"inLanguage":"en-US"},{"@type":"Organization","@id":"https:\/\/raed.academy\/en\/#organization","name":"Real Academia Europea de Doctores","url":"https:\/\/raed.academy\/en\/","logo":{"@type":"ImageObject","inLanguage":"en-US","@id":"https:\/\/raed.academy\/en\/#\/schema\/logo\/image\/","url":"https:\/\/raed.academy\/wp-content\/uploads\/2017\/01\/cropped-logo_raed.png","contentUrl":"https:\/\/raed.academy\/wp-content\/uploads\/2017\/01\/cropped-logo_raed.png","width":512,"height":512,"caption":"Real Academia Europea de Doctores"},"image":{"@id":"https:\/\/raed.academy\/en\/#\/schema\/logo\/image\/"},"sameAs":["http:\/\/fb.me\/raed.academy","https:\/\/x.com\/raedacademy","https:\/\/www.instagram.com\/raed.academy\/","https:\/\/www.youtube.com\/channel\/UCUYQwW2KrdirNWihxMDObwg"]}]}},"_links":{"self":[{"href":"https:\/\/raed.academy\/en\/wp-json\/wp\/v2\/dp_events\/164109","targetHints":{"allow":["GET"]}}],"collection":[{"href":"https:\/\/raed.academy\/en\/wp-json\/wp\/v2\/dp_events"}],"about":[{"href":"https:\/\/raed.academy\/en\/wp-json\/wp\/v2\/types\/dp_events"}],"wp:featuredmedia":[{"embeddable":true,"href":"https:\/\/raed.academy\/en\/wp-json\/wp\/v2\/media\/164044"}],"wp:attachment":[{"href":"https:\/\/raed.academy\/en\/wp-json\/wp\/v2\/media?parent=164109"}],"curies":[{"name":"wp","href":"https:\/\/api.w.org\/{rel}","templated":true}]}}