{"id":160134,"date":"2025-01-28T12:16:48","date_gmt":"2025-01-28T12:16:48","guid":{"rendered":"https:\/\/raed.academy\/?post_type=dp_events&#038;p=160134"},"modified":"2025-04-10T10:29:12","modified_gmt":"2025-04-10T10:29:12","slug":"obstetrics-and-gynecology-in-the-holocaust","status":"publish","type":"dp_events","link":"https:\/\/raed.academy\/en\/events\/obstetrics-and-gynecology-in-the-holocaust\/","title":{"rendered":"Obstetrics and Gynecology in the Holocaust"},"content":{"rendered":"<p>[et_pb_section fb_built=&#8221;1&#8243; admin_label=&#8221;Secci\u00f3n&#8221; _builder_version=&#8221;4.27.4&#8243; _module_preset=&#8221;default&#8221; background_image=&#8221;https:\/\/raed.academy\/wp-content\/uploads\/2025\/03\/Hitler-holocausto-alemania-nazi-carrusel.webp&#8221; locked=&#8221;off&#8221; global_colors_info=&#8221;{}&#8221;][et_pb_row _builder_version=&#8221;4.27.4&#8243; _module_preset=&#8221;default&#8221; background_color=&#8221;rgba(255,255,255,0.8)&#8221; width=&#8221;95%&#8221; max_width=&#8221;650px&#8221; custom_margin=&#8221;|||25px|false|false&#8221; custom_margin_tablet=&#8221;|auto||auto|false|false&#8221; custom_margin_phone=&#8221;|auto||auto|false|false&#8221; custom_margin_last_edited=&#8221;on|tablet&#8221; custom_padding=&#8221;30px|30px|30px|30px|false|false&#8221; animation_style=&#8221;flip&#8221; custom_css_free_form=&#8221;selector p {text-align: left;}&#8221; global_colors_info=&#8221;{}&#8221;][et_pb_column type=&#8221;4_4&#8243; _builder_version=&#8221;4.27.4&#8243; _module_preset=&#8221;default&#8221; global_colors_info=&#8221;{}&#8221;][et_pb_post_title meta=&#8221;off&#8221; featured_image=&#8221;off&#8221; admin_label=&#8221;T\u00edtulo de publicaci\u00f3n&#8221; module_class=&#8221;h1-30px&#8221; _builder_version=&#8221;4.27.4&#8243; _module_preset=&#8221;default&#8221; background_enable_color=&#8221;off&#8221; title_font_size_tablet=&#8221;25px&#8221; title_font_size_phone=&#8221;&#8221; title_font_size_last_edited=&#8221;on|phone&#8221; locked=&#8221;off&#8221; global_colors_info=&#8221;{}&#8221;][\/et_pb_post_title][et_pb_text admin_label=&#8221;Detalles evento&#8221; _builder_version=&#8221;4.27.4&#8243; _module_preset=&#8221;default&#8221; background_enable_color=&#8221;off&#8221; locked=&#8221;off&#8221; global_colors_info=&#8221;{}&#8221;]<\/p>\n<p class=\"ubicacion-evento\">RAED headquarters meeting room - Via Laietana, 32 (Fomento del Trabajo Building), 3rd floor, Barcelona, 08003<\/p>\n<p class=\"fecha-evento\">Thursday, 20 March 2025<\/p>\n<p class=\"hora-evento\">18:30 h<\/p>\n<p><strong>Format:<\/strong>\u00a0Face-to-face<\/p>\n<p><strong>Inscription:<\/strong>\u00a0Please confirm attendance at the Secretariat:\u00a0<a href=\"mailto:secretaria@raed.academy\"><strong>secretaria@raed.academy<\/strong><\/a>\u00a0or\u00a0<strong>tel. 93 667 40 54<\/strong><\/p>\n<p>[\/et_pb_text][\/et_pb_column][\/et_pb_row][\/et_pb_section][et_pb_section fb_built=&#8221;1&#8243; admin_label=&#8221;section&#8221; _builder_version=&#8221;4.16&#8243; locked=&#8221;off&#8221; global_colors_info=&#8221;{}&#8221;][et_pb_row admin_label=&#8221;row&#8221; _builder_version=&#8221;4.27.4&#8243; background_size=&#8221;initial&#8221; background_position=&#8221;top_left&#8221; background_repeat=&#8221;repeat&#8221; max_width=&#8221;1400px&#8221; global_colors_info=&#8221;{}&#8221;][et_pb_column type=&#8221;4_4&#8243; _builder_version=&#8221;4.16&#8243; custom_padding=&#8221;|||&#8221; global_colors_info=&#8221;{}&#8221; custom_padding__hover=&#8221;|||&#8221;][et_pb_text _builder_version=&#8221;4.27.4&#8243; _module_preset=&#8221;default&#8221; global_colors_info=&#8221;{}&#8221;]<\/p>\n<p>Under the direction of <a href=\"https:\/\/raed.academy\/ca\/academics\/dr-jose-antonio-lejarcegui-fort\/\"><strong>Dr. Jos\u00e9 Antonio Lej\u00e1rcegui Fort<\/strong><\/a>, Full Member of the RAED, Doctor in Medicine and Surgery.<\/p>\n<h2 data-start=\"114\" data-end=\"128\">Event Summary:<\/h2>\n<p>During the Nazism, a relationship was established between antisemitism, racism, and sexism. The doctors affiliated with the regime, in accordance with the ideology of racial purity preservation, used abortions and sterilization as a means to follow the official directive of a genocidal program. In the field of gynecology, studies were sponsored by the regime for ideological or military reasons; others were driven by the scientific interest of some doctors.<\/p>\n<p>[\/et_pb_text][et_pb_text admin_label=&#8221;atribuci\u00f3n&#8221; module_class=&#8221;atribucion&#8221; _builder_version=&#8221;4.27.4&#8243; _module_preset=&#8221;default&#8221; locked=&#8221;off&#8221; global_colors_info=&#8221;{}&#8221;][\/et_pb_text][\/et_pb_column][\/et_pb_row][et_pb_row column_structure=&#8221;2_3,1_3&#8243; admin_label=&#8221;Fila&#8221; _builder_version=&#8221;4.24.3&#8243; _module_preset=&#8221;default&#8221; max_width=&#8221;1400px&#8221; locked=&#8221;off&#8221; global_colors_info=&#8221;{}&#8221;][et_pb_column type=&#8221;2_3&#8243; _builder_version=&#8221;4.16&#8243; _module_preset=&#8221;default&#8221; global_colors_info=&#8221;{}&#8221;][et_pb_code admin_label=&#8221;C\u00f3digo &#8211; organizadores&#8221; _builder_version=&#8221;4.27.2&#8243; _module_preset=&#8221;default&#8221; global_colors_info=&#8221;{}&#8221;]<pee class=\"ttl-colaboradores\">Organiza:<\/pee><!-- [et_pb_line_break_holder] --><!-- [et_pb_line_break_holder] --><!-- [et_pb_line_break_holder] --><\/p>\n<div id=\"organizadores\"><!-- [et_pb_line_break_holder] --><!-- [et_pb_line_break_holder] --><!-- [et_pb_line_break_holder] --><!-- [et_pb_line_break_holder] --><\/p>\n<div class=\"logo-colaborador\"><!-- [et_pb_line_break_holder] --><!-- [et_pb_line_break_holder] --><a href=\"https:\/\/raed.academy\/en\/\" target=\"_blank\" rel=\"noopener noreferrer\"><img decoding=\"async\" src=\"https:\/\/raed.academy\/wp-content\/uploads\/2021\/10\/Logo-RAED-160px.jpg\" alt=\"Real Academia Europea de Doctores RAED\" \/><\/a><!-- [et_pb_line_break_holder] --><\/p>\n<div class=\"txt\"><\/div>\n<p><!-- [et_pb_line_break_holder] -->\u00a0<!-- [et_pb_line_break_holder] --><!-- [et_pb_line_break_holder] --><\/div>\n<p><!-- [et_pb_line_break_holder] --><!-- [et_pb_line_break_holder] --><!-- [et_pb_line_break_holder] --><\/p>\n<div class=\"logo-colaborador\"><!-- [et_pb_line_break_holder] --><!-- [et_pb_line_break_holder] --><a href=\"https:\/\/fundacionraed.org\/\" target=\"_blank\" rel=\"noopener noreferrer\"><img decoding=\"async\" src=\"https:\/\/raed.academy\/wp-content\/uploads\/2021\/10\/Logo-Fundacion-RAED-160px.jpg\" alt=\"Fundaci\u00f3n RAED\" \/><\/a><!-- [et_pb_line_break_holder] --><\/p>\n<div class=\"txt\"><\/div>\n<p><!-- [et_pb_line_break_holder] -->\u00a0<!-- [et_pb_line_break_holder] --><!-- [et_pb_line_break_holder] --><\/div>\n<p><!-- [et_pb_line_break_holder] --><!-- [et_pb_line_break_holder] --><!-- [et_pb_line_break_holder] --><!-- [et_pb_line_break_holder] --><\/div>\n<p><!-- [et_pb_line_break_holder] -->[\/et_pb_code][\/et_pb_column][et_pb_column type=&#8221;1_3&#8243; _builder_version=&#8221;4.16&#8243; _module_preset=&#8221;default&#8221; global_colors_info=&#8221;{}&#8221;][et_pb_code admin_label=&#8221;C\u00f3digo &#8211; colaboradores&#8221; _builder_version=&#8221;4.27.2&#8243; _module_preset=&#8221;default&#8221; global_colors_info=&#8221;{}&#8221;]<pee class=\"ttl-colaboradores\">Con la colaboraci\u00f3n de:<\/pee><!-- [et_pb_line_break_holder] --><!-- [et_pb_line_break_holder] --><!-- [et_pb_line_break_holder] --><\/p>\n<div id=\"colaboradores\"><!-- [et_pb_line_break_holder] --><!-- [et_pb_line_break_holder] --><!-- [et_pb_line_break_holder] --> <!-- [et_pb_line_break_holder] --><!-- [et_pb_line_break_holder] --><\/p>\n<div class=\"logo-colaborador\"><!-- [et_pb_line_break_holder] --><!-- [et_pb_line_break_holder] --><!-- [et_pb_line_break_holder] --><!-- [et_pb_line_break_holder] --><\/p>\n<div class=\"txt-circular\"><\/div>\n<p><!-- [et_pb_line_break_holder] --><!-- [et_pb_line_break_holder] --> <a href=\"https:\/\/justicia.gencat.cat\/ca\/inici\" target=\"_blank\" rel=\"noopener noreferrer\"><img decoding=\"async\" src=\"https:\/\/raed.academy\/wp-content\/uploads\/2024\/11\/Generalitat-de-Catalunya-dept-Justicia-i-Qualitat-Democratica-240px.jpg\" alt=\"Generalitat de catalunya\" \/><\/a><!-- [et_pb_line_break_holder] --><!-- [et_pb_line_break_holder] --><\/div>\n<p><!-- [et_pb_line_break_holder] --><!-- [et_pb_line_break_holder] --><!-- [et_pb_line_break_holder] --><!-- [et_pb_line_break_holder] --><\/div>\n<p><!-- [et_pb_line_break_holder] -->[\/et_pb_code][\/et_pb_column][\/et_pb_row][\/et_pb_section]<\/p>\n","protected":false},"excerpt":{"rendered":"<p>Obstetrics and Gynecology in the Holocaust: During Nazism, gynecology was used for genocidal, ideological, and military purposes.<\/p>\n","protected":false},"featured_media":160077,"template":"","meta":{"_et_pb_use_builder":"on","_et_pb_old_content":"<p>[et_pb_section fb_built=\"1\" admin_label=\"Secci\u00f3n\" _builder_version=\"4.27.4\" _module_preset=\"default\" background_image=\"https:\/\/raed.academy\/wp-content\/uploads\/2025\/03\/Hitler-holocausto-alemania-nazi-carrusel.webp\" locked=\"off\" global_colors_info=\"{}\"][et_pb_row _builder_version=\"4.27.4\" _module_preset=\"default\" background_color=\"rgba(255,255,255,0.9)\" width=\"95%\" max_width=\"650px\" custom_margin=\"|25px|||false|false\" custom_margin_tablet=\"|auto||auto|false|false\" custom_margin_phone=\"|auto||auto|false|false\" custom_margin_last_edited=\"on|tablet\" custom_padding=\"30px|30px|30px|30px|false|false\" animation_style=\"flip\" global_colors_info=\"{}\"][et_pb_column type=\"4_4\" _builder_version=\"4.27.4\" _module_preset=\"default\" global_colors_info=\"{}\"][et_pb_post_title meta=\"off\" featured_image=\"off\" admin_label=\"T\u00edtulo de publicaci\u00f3n\" module_class=\"h1-30px\" _builder_version=\"4.27.4\" _module_preset=\"default\" background_enable_color=\"off\" title_font_size_tablet=\"25px\" title_font_size_phone=\"\" title_font_size_last_edited=\"on|phone\" locked=\"off\" global_colors_info=\"{}\"][\/et_pb_post_title][et_pb_text admin_label=\"Detalles evento\" _builder_version=\"4.27.4\" _module_preset=\"default\" background_enable_color=\"off\" locked=\"off\" global_colors_info=\"{}\"]<\/p><p class=\"ubicacion-evento\">[DP_Single_Event_Venue_Address]<\/p><p class=\"fecha-evento\">Jueves, [DP_Single_Event_Start_Date dem_start_date_format=\"d F Y\"]<\/p><p class=\"hora-evento\">[DP_Single_Event_Start_Time] h<\/p><p><strong>Formato:<\/strong> Presencial<\/p><p><strong>Inscripci\u00f3n:<\/strong> Contactar con Secretar\u00eda de la RAED: <strong><a href=\"mailto:secretaria@raed.academy\">secretaria@raed.academy<\/a>\u00a0o\u00a0tel. 93 667 40 54<\/strong><\/p><p>[\/et_pb_text][\/et_pb_column][\/et_pb_row][\/et_pb_section][et_pb_section fb_built=\"1\" admin_label=\"section\" _builder_version=\"4.16\" locked=\"off\" global_colors_info=\"{}\"][et_pb_row admin_label=\"row\" _builder_version=\"4.16\" background_size=\"initial\" background_position=\"top_left\" background_repeat=\"repeat\" global_colors_info=\"{}\"][et_pb_column type=\"4_4\" _builder_version=\"4.16\" custom_padding=\"|||\" global_colors_info=\"{}\" custom_padding__hover=\"|||\"][et_pb_text _builder_version=\"4.27.4\" _module_preset=\"default\" global_colors_info=\"{}\"]<\/p><p>A cargo del <a href=\"https:\/\/raed.academy\/academicos\/dr-jose-antonio-lejarcegui-fort\/\"><strong>Dr. Jos\u00e9 Antonio Lej\u00e1rcegui Fort<\/strong><\/a>, Acad\u00e9mico Numerario de la RAED, Doctor en Medicina y Cirug\u00eda<\/p><h2><strong>Resumen del evento:<\/strong><\/h2><p>Durante el nazismo se estableci\u00f3 una relaci\u00f3n entre antisemitismo, racismo y sexismo. Los m\u00e9dicos adscritos al r\u00e9gimen, de acuerdo con el ideario de preservaci\u00f3n de la pureza racial, utilizaron los abortos y la esterilizaci\u00f3n como un medio para seguir la directriz oficial de un programa genocida. En el campo de la ginecolog\u00eda los estudios eran patrocinados por el r\u00e9gimen por motivos ideol\u00f3gicos o militares; otros por el inter\u00e9s cient\u00edfico de algunos m\u00e9dicos.<\/p><p>[\/et_pb_text][et_pb_text admin_label=\"atribuci\u00f3n\" module_class=\"atribucion\" _builder_version=\"4.27.4\" _module_preset=\"default\" locked=\"off\" global_colors_info=\"{}\"][\/et_pb_text][\/et_pb_column][\/et_pb_row][\/et_pb_section]<\/p>","_et_gb_content_width":""},"class_list":["post-160134","dp_events","type-dp_events","status-publish","has-post-thumbnail","hentry"],"yoast_head":"<!-- This site is optimized with the Yoast SEO plugin v27.5 - https:\/\/yoast.com\/product\/yoast-seo-wordpress\/ -->\n<title>Obstetrics and Gynecology in the Holocaust - Royal European Academy of Doctors<\/title>\n<meta name=\"description\" content=\"Obstetrics and Gynecology in the Holocaust: During Nazism, gynecology was used for genocidal, ideological, and military purposes.\" \/>\n<meta name=\"robots\" content=\"index, follow, max-snippet:-1, max-image-preview:large, max-video-preview:-1\" \/>\n<link rel=\"canonical\" href=\"https:\/\/raed.academy\/en\/events\/obstetrics-and-gynecology-in-the-holocaust\/\" \/>\n<meta property=\"og:locale\" content=\"en_US\" \/>\n<meta property=\"og:type\" content=\"article\" \/>\n<meta property=\"og:title\" content=\"Obstetrics and Gynecology in the Holocaust - Royal European Academy of Doctors\" \/>\n<meta property=\"og:description\" content=\"Obstetrics and Gynecology in the Holocaust: During Nazism, gynecology was used for genocidal, ideological, and military purposes.\" \/>\n<meta property=\"og:url\" content=\"https:\/\/raed.academy\/en\/events\/obstetrics-and-gynecology-in-the-holocaust\/\" \/>\n<meta property=\"og:site_name\" content=\"Royal European Academy of Doctors\" \/>\n<meta property=\"article:publisher\" content=\"http:\/\/fb.me\/raed.academy\" \/>\n<meta property=\"article:modified_time\" content=\"2025-04-10T10:29:12+00:00\" \/>\n<meta property=\"og:image\" content=\"https:\/\/raed.academy\/wp-content\/uploads\/2025\/03\/mujeres-judias-hungaras-embarazadas-tras-la-liberacion-Holocausto-Nazi-domn-publico-wikimedia.org-1.17.webp\" \/>\n\t<meta property=\"og:image:width\" content=\"350\" \/>\n\t<meta property=\"og:image:height\" content=\"300\" \/>\n\t<meta property=\"og:image:type\" content=\"image\/webp\" \/>\n<meta name=\"twitter:card\" content=\"summary_large_image\" \/>\n<meta name=\"twitter:site\" content=\"@raedacademy\" \/>\n<meta name=\"twitter:label1\" content=\"Est. reading time\" \/>\n\t<meta name=\"twitter:data1\" content=\"2 minutes\" \/>\n<script type=\"application\/ld+json\" class=\"yoast-schema-graph\">{\"@context\":\"https:\\\/\\\/schema.org\",\"@graph\":[{\"@type\":\"WebPage\",\"@id\":\"https:\\\/\\\/raed.academy\\\/en\\\/events\\\/obstetrics-and-gynecology-in-the-holocaust\\\/\",\"url\":\"https:\\\/\\\/raed.academy\\\/en\\\/events\\\/obstetrics-and-gynecology-in-the-holocaust\\\/\",\"name\":\"Obstetrics and Gynecology in the Holocaust - Royal European Academy of Doctors\",\"isPartOf\":{\"@id\":\"https:\\\/\\\/raed.academy\\\/en\\\/#website\"},\"primaryImageOfPage\":{\"@id\":\"https:\\\/\\\/raed.academy\\\/en\\\/events\\\/obstetrics-and-gynecology-in-the-holocaust\\\/#primaryimage\"},\"image\":{\"@id\":\"https:\\\/\\\/raed.academy\\\/en\\\/events\\\/obstetrics-and-gynecology-in-the-holocaust\\\/#primaryimage\"},\"thumbnailUrl\":\"https:\\\/\\\/raed.academy\\\/wp-content\\\/uploads\\\/2025\\\/03\\\/mujeres-judias-hungaras-embarazadas-tras-la-liberacion-Holocausto-Nazi-domn-publico-wikimedia.org-1.17.webp\",\"datePublished\":\"2025-01-28T12:16:48+00:00\",\"dateModified\":\"2025-04-10T10:29:12+00:00\",\"description\":\"Obstetrics and Gynecology in the Holocaust: During Nazism, gynecology was used for genocidal, ideological, and military purposes.\",\"breadcrumb\":{\"@id\":\"https:\\\/\\\/raed.academy\\\/en\\\/events\\\/obstetrics-and-gynecology-in-the-holocaust\\\/#breadcrumb\"},\"inLanguage\":\"en-US\",\"potentialAction\":[{\"@type\":\"ReadAction\",\"target\":[\"https:\\\/\\\/raed.academy\\\/en\\\/events\\\/obstetrics-and-gynecology-in-the-holocaust\\\/\"]}]},{\"@type\":\"ImageObject\",\"inLanguage\":\"en-US\",\"@id\":\"https:\\\/\\\/raed.academy\\\/en\\\/events\\\/obstetrics-and-gynecology-in-the-holocaust\\\/#primaryimage\",\"url\":\"https:\\\/\\\/raed.academy\\\/wp-content\\\/uploads\\\/2025\\\/03\\\/mujeres-judias-hungaras-embarazadas-tras-la-liberacion-Holocausto-Nazi-domn-publico-wikimedia.org-1.17.webp\",\"contentUrl\":\"https:\\\/\\\/raed.academy\\\/wp-content\\\/uploads\\\/2025\\\/03\\\/mujeres-judias-hungaras-embarazadas-tras-la-liberacion-Holocausto-Nazi-domn-publico-wikimedia.org-1.17.webp\",\"width\":350,\"height\":300},{\"@type\":\"BreadcrumbList\",\"@id\":\"https:\\\/\\\/raed.academy\\\/en\\\/events\\\/obstetrics-and-gynecology-in-the-holocaust\\\/#breadcrumb\",\"itemListElement\":[{\"@type\":\"ListItem\",\"position\":1,\"name\":\"Inicio\",\"item\":\"https:\\\/\\\/raed.academy\\\/en\\\/\"},{\"@type\":\"ListItem\",\"position\":2,\"name\":\"Events\",\"item\":\"https:\\\/\\\/raed.academy\\\/en\\\/events\\\/\"},{\"@type\":\"ListItem\",\"position\":3,\"name\":\"Obstetrics and Gynecology in the Holocaust\"}]},{\"@type\":\"WebSite\",\"@id\":\"https:\\\/\\\/raed.academy\\\/en\\\/#website\",\"url\":\"https:\\\/\\\/raed.academy\\\/en\\\/\",\"name\":\"Royal European Academy of Doctors\",\"description\":\"Corporaci\u00f3n de derecho p\u00fablico de car\u00e1cter cient\u00edfico, t\u00e9cnico y art\u00edstico, que tiene por objeto la investigaci\u00f3n, el estudio, el fomento y la extensi\u00f3n del conocimiento en su sentido m\u00e1s amplio.\",\"publisher\":{\"@id\":\"https:\\\/\\\/raed.academy\\\/en\\\/#organization\"},\"potentialAction\":[{\"@type\":\"SearchAction\",\"target\":{\"@type\":\"EntryPoint\",\"urlTemplate\":\"https:\\\/\\\/raed.academy\\\/en\\\/?s={search_term_string}\"},\"query-input\":{\"@type\":\"PropertyValueSpecification\",\"valueRequired\":true,\"valueName\":\"search_term_string\"}}],\"inLanguage\":\"en-US\"},{\"@type\":\"Organization\",\"@id\":\"https:\\\/\\\/raed.academy\\\/en\\\/#organization\",\"name\":\"Real Academia Europea de Doctores\",\"url\":\"https:\\\/\\\/raed.academy\\\/en\\\/\",\"logo\":{\"@type\":\"ImageObject\",\"inLanguage\":\"en-US\",\"@id\":\"https:\\\/\\\/raed.academy\\\/en\\\/#\\\/schema\\\/logo\\\/image\\\/\",\"url\":\"https:\\\/\\\/raed.academy\\\/wp-content\\\/uploads\\\/2017\\\/01\\\/cropped-logo_raed.png\",\"contentUrl\":\"https:\\\/\\\/raed.academy\\\/wp-content\\\/uploads\\\/2017\\\/01\\\/cropped-logo_raed.png\",\"width\":512,\"height\":512,\"caption\":\"Real Academia Europea de Doctores\"},\"image\":{\"@id\":\"https:\\\/\\\/raed.academy\\\/en\\\/#\\\/schema\\\/logo\\\/image\\\/\"},\"sameAs\":[\"http:\\\/\\\/fb.me\\\/raed.academy\",\"https:\\\/\\\/x.com\\\/raedacademy\",\"https:\\\/\\\/www.instagram.com\\\/raed.academy\\\/\",\"https:\\\/\\\/www.youtube.com\\\/channel\\\/UCUYQwW2KrdirNWihxMDObwg\"]}]}<\/script>\n<!-- \/ Yoast SEO plugin. -->","yoast_head_json":{"title":"Obstetrics and Gynecology in the Holocaust - Royal European Academy of Doctors","description":"Obstetrics and Gynecology in the Holocaust: During Nazism, gynecology was used for genocidal, ideological, and military purposes.","robots":{"index":"index","follow":"follow","max-snippet":"max-snippet:-1","max-image-preview":"max-image-preview:large","max-video-preview":"max-video-preview:-1"},"canonical":"https:\/\/raed.academy\/en\/events\/obstetrics-and-gynecology-in-the-holocaust\/","og_locale":"en_US","og_type":"article","og_title":"Obstetrics and Gynecology in the Holocaust - Royal European Academy of Doctors","og_description":"Obstetrics and Gynecology in the Holocaust: During Nazism, gynecology was used for genocidal, ideological, and military purposes.","og_url":"https:\/\/raed.academy\/en\/events\/obstetrics-and-gynecology-in-the-holocaust\/","og_site_name":"Royal European Academy of Doctors","article_publisher":"http:\/\/fb.me\/raed.academy","article_modified_time":"2025-04-10T10:29:12+00:00","og_image":[{"width":350,"height":300,"url":"https:\/\/raed.academy\/wp-content\/uploads\/2025\/03\/mujeres-judias-hungaras-embarazadas-tras-la-liberacion-Holocausto-Nazi-domn-publico-wikimedia.org-1.17.webp","type":"image\/webp"}],"twitter_card":"summary_large_image","twitter_site":"@raedacademy","twitter_misc":{"Est. reading time":"2 minutes"},"schema":{"@context":"https:\/\/schema.org","@graph":[{"@type":"WebPage","@id":"https:\/\/raed.academy\/en\/events\/obstetrics-and-gynecology-in-the-holocaust\/","url":"https:\/\/raed.academy\/en\/events\/obstetrics-and-gynecology-in-the-holocaust\/","name":"Obstetrics and Gynecology in the Holocaust - Royal European Academy of Doctors","isPartOf":{"@id":"https:\/\/raed.academy\/en\/#website"},"primaryImageOfPage":{"@id":"https:\/\/raed.academy\/en\/events\/obstetrics-and-gynecology-in-the-holocaust\/#primaryimage"},"image":{"@id":"https:\/\/raed.academy\/en\/events\/obstetrics-and-gynecology-in-the-holocaust\/#primaryimage"},"thumbnailUrl":"https:\/\/raed.academy\/wp-content\/uploads\/2025\/03\/mujeres-judias-hungaras-embarazadas-tras-la-liberacion-Holocausto-Nazi-domn-publico-wikimedia.org-1.17.webp","datePublished":"2025-01-28T12:16:48+00:00","dateModified":"2025-04-10T10:29:12+00:00","description":"Obstetrics and Gynecology in the Holocaust: During Nazism, gynecology was used for genocidal, ideological, and military purposes.","breadcrumb":{"@id":"https:\/\/raed.academy\/en\/events\/obstetrics-and-gynecology-in-the-holocaust\/#breadcrumb"},"inLanguage":"en-US","potentialAction":[{"@type":"ReadAction","target":["https:\/\/raed.academy\/en\/events\/obstetrics-and-gynecology-in-the-holocaust\/"]}]},{"@type":"ImageObject","inLanguage":"en-US","@id":"https:\/\/raed.academy\/en\/events\/obstetrics-and-gynecology-in-the-holocaust\/#primaryimage","url":"https:\/\/raed.academy\/wp-content\/uploads\/2025\/03\/mujeres-judias-hungaras-embarazadas-tras-la-liberacion-Holocausto-Nazi-domn-publico-wikimedia.org-1.17.webp","contentUrl":"https:\/\/raed.academy\/wp-content\/uploads\/2025\/03\/mujeres-judias-hungaras-embarazadas-tras-la-liberacion-Holocausto-Nazi-domn-publico-wikimedia.org-1.17.webp","width":350,"height":300},{"@type":"BreadcrumbList","@id":"https:\/\/raed.academy\/en\/events\/obstetrics-and-gynecology-in-the-holocaust\/#breadcrumb","itemListElement":[{"@type":"ListItem","position":1,"name":"Inicio","item":"https:\/\/raed.academy\/en\/"},{"@type":"ListItem","position":2,"name":"Events","item":"https:\/\/raed.academy\/en\/events\/"},{"@type":"ListItem","position":3,"name":"Obstetrics and Gynecology in the Holocaust"}]},{"@type":"WebSite","@id":"https:\/\/raed.academy\/en\/#website","url":"https:\/\/raed.academy\/en\/","name":"Royal European Academy of Doctors","description":"Corporaci\u00f3n de derecho p\u00fablico de car\u00e1cter cient\u00edfico, t\u00e9cnico y art\u00edstico, que tiene por objeto la investigaci\u00f3n, el estudio, el fomento y la extensi\u00f3n del conocimiento en su sentido m\u00e1s amplio.","publisher":{"@id":"https:\/\/raed.academy\/en\/#organization"},"potentialAction":[{"@type":"SearchAction","target":{"@type":"EntryPoint","urlTemplate":"https:\/\/raed.academy\/en\/?s={search_term_string}"},"query-input":{"@type":"PropertyValueSpecification","valueRequired":true,"valueName":"search_term_string"}}],"inLanguage":"en-US"},{"@type":"Organization","@id":"https:\/\/raed.academy\/en\/#organization","name":"Real Academia Europea de Doctores","url":"https:\/\/raed.academy\/en\/","logo":{"@type":"ImageObject","inLanguage":"en-US","@id":"https:\/\/raed.academy\/en\/#\/schema\/logo\/image\/","url":"https:\/\/raed.academy\/wp-content\/uploads\/2017\/01\/cropped-logo_raed.png","contentUrl":"https:\/\/raed.academy\/wp-content\/uploads\/2017\/01\/cropped-logo_raed.png","width":512,"height":512,"caption":"Real Academia Europea de Doctores"},"image":{"@id":"https:\/\/raed.academy\/en\/#\/schema\/logo\/image\/"},"sameAs":["http:\/\/fb.me\/raed.academy","https:\/\/x.com\/raedacademy","https:\/\/www.instagram.com\/raed.academy\/","https:\/\/www.youtube.com\/channel\/UCUYQwW2KrdirNWihxMDObwg"]}]}},"_links":{"self":[{"href":"https:\/\/raed.academy\/en\/wp-json\/wp\/v2\/dp_events\/160134","targetHints":{"allow":["GET"]}}],"collection":[{"href":"https:\/\/raed.academy\/en\/wp-json\/wp\/v2\/dp_events"}],"about":[{"href":"https:\/\/raed.academy\/en\/wp-json\/wp\/v2\/types\/dp_events"}],"wp:featuredmedia":[{"embeddable":true,"href":"https:\/\/raed.academy\/en\/wp-json\/wp\/v2\/media\/160077"}],"wp:attachment":[{"href":"https:\/\/raed.academy\/en\/wp-json\/wp\/v2\/media?parent=160134"}],"curies":[{"name":"wp","href":"https:\/\/api.w.org\/{rel}","templated":true}]}}