{"id":156823,"date":"2025-01-28T14:25:42","date_gmt":"2025-01-28T14:25:42","guid":{"rendered":"https:\/\/raed.academy\/?post_type=dp_events&#038;p=156823"},"modified":"2025-04-22T10:12:25","modified_gmt":"2025-04-22T10:12:25","slug":"josep-lluis-i-ginovart-enters-as-a-numerary-member-of-the-raed","status":"publish","type":"dp_events","link":"https:\/\/raed.academy\/en\/events\/josep-lluis-i-ginovart-enters-as-a-numerary-member-of-the-raed\/","title":{"rendered":"Josep Lluis i Ginovart enters as a Numerary Member of the RAED"},"content":{"rendered":"<p>[et_pb_section fb_built=&#8221;1&#8243; fullwidth=&#8221;on&#8221; _builder_version=&#8221;4.25.0&#8243; _module_preset=&#8221;default&#8221; locked=&#8221;off&#8221; global_colors_info=&#8221;{}&#8221;][et_pb_fullwidth_image src=&#8221;https:\/\/raed.academy\/wp-content\/uploads\/2025\/01\/arquitectura-sacra-religiosa-iglesia-catedral-carrusel.webp&#8221; title_text=&#8221;arquitectura-sacra-religiosa-iglesia-catedral-carrusel&#8221; _builder_version=&#8221;4.27.4&#8243; _module_preset=&#8221;default&#8221; global_colors_info=&#8221;{}&#8221;][\/et_pb_fullwidth_image][\/et_pb_section][et_pb_section fb_built=&#8221;1&#8243; admin_label=&#8221;Secci\u00f3n&#8221; _builder_version=&#8221;4.16&#8243; _module_preset=&#8221;default&#8221; locked=&#8221;off&#8221; global_colors_info=&#8221;{}&#8221;][et_pb_row admin_label=&#8221;Fila&#8221; _builder_version=&#8221;4.24.3&#8243; _module_preset=&#8221;default&#8221; max_width=&#8221;1400px&#8221; global_colors_info=&#8221;{}&#8221;][et_pb_column type=&#8221;4_4&#8243; _builder_version=&#8221;4.16&#8243; _module_preset=&#8221;default&#8221; global_colors_info=&#8221;{}&#8221;][et_pb_post_title meta=&#8221;off&#8221; featured_image=&#8221;off&#8221; admin_label=&#8221;T\u00edtulo de publicaci\u00f3n&#8221; _builder_version=&#8221;4.27.4&#8243; _module_preset=&#8221;default&#8221; hover_enabled=&#8221;0&#8243; global_colors_info=&#8221;{}&#8221; title_font_size=&#8221;50px&#8221; sticky_enabled=&#8221;0&#8243;][\/et_pb_post_title][et_pb_text admin_label=&#8221;Detalles evento&#8221; _builder_version=&#8221;4.27.4&#8243; _module_preset=&#8221;default&#8221; global_colors_info=&#8221;{}&#8221;]<\/p>\n<p style=\"text-align: left;\">The<strong> Hon. Mr. Dr. Josep Lluis i Ginovart, <\/strong>Doctor of Architecture, enters as a Numerary Member of the <strong>Royal European Academy of Doctors, <\/strong>with the speech <strong>&#8220;La <em>practica<\/em> <em>geometriae<\/em> de la arquitectura sacra&#8221;<\/strong> (The &#8220;practica geometriae&#8221; of sacred architecture).<\/p>\n<p><strong>Answer<\/strong>: <a href=\"https:\/\/raed.academy\/en\/academicians\/dr-juan-trias-de-bes\/\"><strong>Hon. Mr. Dr. Juan Trias de Bes<\/strong><\/a>, Doctor of Architecture<\/p>\n<p class=\"ubicacion-evento\">Foment del Treball Building, Via Laietana, 32, main, Room A, Barcelona, 08003<\/p>\n<p class=\"fecha-evento\">Wednesday, 23 April 2025<\/p>\n<p class=\"hora-evento\">18:30 h<\/p>\n<p><strong>Format:<\/strong>\u00a0Face-to-face and streaming<\/p>\n<p><strong>Inscription:<\/strong>\u00a0Please confirm attendance at the Secretariat:\u00a0<a href=\"mailto:secretaria@raed.academy\"><strong>secretaria@raed.academy<\/strong><\/a>\u00a0or\u00a0<strong>tel. 93 667 40 54<\/strong><\/p>\n<h2>Description<\/h2>\n<div id=\"attachment_162050\" style=\"width: 210px\" class=\"wp-caption alignright\"><img loading=\"lazy\" decoding=\"async\" aria-describedby=\"caption-attachment-162050\" class=\"wp-image-162050\" src=\"https:\/\/raed.academy\/wp-content\/uploads\/2025\/04\/Dr-Josep-Lluis-i-Ginovart-230x317px.jpg\" alt=\"\" width=\"200\" height=\"276\" \/><p id=\"caption-attachment-162050\" class=\"wp-caption-text\">Dr. Josep Lluis i Ginovart<\/p><\/div>\n<p>The classical historiography of Gothic architecture argued that the construction of cathedrals stemmed from Neoplatonic knowledge and that their geometric definition and proportions reflected the knowledge of the bishops and their canons. Traditional topographic instruments made data collection in these structures very limited, and therefore their theories, under these premises, remained hypotheses. With the new Terrestrial Laser Scanner (TLS) techniques and their application, we can now precisely understand the built form, and these theses can be verified.<\/p>\n<p>The discourse focuses on geometric aspects in the construction of the Gothic cathedral of Tortosa through the analysis of the design found in the Antoni Guarc parchment (c. 1345\u20131380) and the knowledge of the Chapter as seen in its library, with the study of codices ACTo 20, 80, and 236. These revealed the intellectual lineage of the main transmitters of the Timaeus: Calcidius, Macrobius, and Martianus Capella, as well as medieval authors like Gerbert of Aurillac, linked to Adelard of Bath (1090\u20131160), and a gloss on Euclid\u2019s Elementa (c. 325\u2013c. 265 BC) by Al-\u1e24ajj\u0101j ibn Y\u016bsuf ibn Ma\u1e6dar.<\/p>\n<p>The comparative and transversal reading of the cathedral of Tortosa through the knowledge of its promoters and their library; that of the medieval master through the analysis of the auxiliary drawings in Guarc\u2019s parchment; and the statistical treatment of geometry based on the results from the Terrestrial Laser Scanner (TLS), have made it possible to prove the thesis: Worringer, Erwin Panofsky, and Otto von Simson were right.<\/p>\n<p>With this methodology, we understand why the heptagonal apse of the cathedral of Tortosa is 150 palms wide, even though the heptagon does not appear in Euclid\u2019s Elementa or Ptolemy\u2019s Syntaxis Mathematica. Or the reason for the exaltation of the cathedral\u2019s keystone, representing the Coronation of the Virgin, which measures ten palms in diameter, is surrounded by ten angels, is placed one hundred palms high, and weighs ten tons.<\/p>\n<p>[\/et_pb_text][et_pb_divider show_divider=&#8221;off&#8221; _builder_version=&#8221;4.22.1&#8243; _module_preset=&#8221;default&#8221; global_colors_info=&#8221;{}&#8221;][\/et_pb_divider][et_pb_text admin_label=&#8221;Txt &#8211; Seguir el evento en directo&#8221; _builder_version=&#8221;4.27.4&#8243; _module_preset=&#8221;default&#8221; global_colors_info=&#8221;{}&#8221;]<\/p>\n<h2>Follow the event live<\/h2>\n<p>You can follow the event live from this page.<\/p>\n<p>[\/et_pb_text][et_pb_video src=&#8221;https:\/\/youtu.be\/SOhsnPrQvz8&#8243; _builder_version=&#8221;4.27.4&#8243; _module_preset=&#8221;default&#8221; animation_style=&#8221;flip&#8221; global_colors_info=&#8221;{}&#8221;][\/et_pb_video][et_pb_text admin_label=&#8221;hashtags y shortcode mapa&#8221; module_class=&#8221;hashtag&#8221; _builder_version=&#8221;4.24.2&#8243; _module_preset=&#8221;default&#8221; locked=&#8221;off&#8221; global_colors_info=&#8221;{}&#8221;]<iframe id=\"map_iframe\"  frameborder=\"0\" scrolling=\"no\" marginheight=\"0\" marginwidth=\"0\" src=\"https:\/\/maps.google.it\/maps?q=Foment del Treball Building, Via Laietana, 32, main, Room A, Barcelona, 08003&output=embed\"><\/iframe><\/p>\n<p>#AcademicosRAED<br \/>\n#inspirandoElConocimiento<br \/>\n[\/et_pb_text][\/et_pb_column][\/et_pb_row][et_pb_row column_structure=&#8221;2_3,1_3&#8243; admin_label=&#8221;Fila&#8221; _builder_version=&#8221;4.24.3&#8243; _module_preset=&#8221;default&#8221; max_width=&#8221;1400px&#8221; locked=&#8221;off&#8221; global_colors_info=&#8221;{}&#8221;][et_pb_column type=&#8221;2_3&#8243; _builder_version=&#8221;4.16&#8243; _module_preset=&#8221;default&#8221; global_colors_info=&#8221;{}&#8221;][et_pb_code admin_label=&#8221;C\u00f3digo &#8211; organizadores&#8221; _builder_version=&#8221;4.27.2&#8243; _module_preset=&#8221;default&#8221; global_colors_info=&#8221;{}&#8221;]<pee class=\"ttl-colaboradores\">Organiza:<\/pee><!-- [et_pb_line_break_holder] --><!-- [et_pb_line_break_holder] --><!-- [et_pb_line_break_holder] --><\/p>\n<div id=\"organizadores\"><!-- [et_pb_line_break_holder] --><!-- [et_pb_line_break_holder] --><!-- [et_pb_line_break_holder] --><!-- [et_pb_line_break_holder] --><\/p>\n<div class=\"logo-colaborador\"><!-- [et_pb_line_break_holder] --><!-- [et_pb_line_break_holder] --><a href=\"https:\/\/raed.academy\/en\/\" target=\"_blank\" rel=\"noopener noreferrer\"><img decoding=\"async\" src=\"https:\/\/raed.academy\/wp-content\/uploads\/2021\/10\/Logo-RAED-160px.jpg\" alt=\"Real Academia Europea de Doctores RAED\" \/><\/a><!-- [et_pb_line_break_holder] --><\/p>\n<div class=\"txt\"><\/div>\n<p><!-- [et_pb_line_break_holder] -->\u00a0<!-- [et_pb_line_break_holder] --><!-- [et_pb_line_break_holder] --><\/div>\n<p><!-- [et_pb_line_break_holder] --><!-- [et_pb_line_break_holder] --><!-- [et_pb_line_break_holder] --><\/p>\n<div class=\"logo-colaborador\"><!-- [et_pb_line_break_holder] --><!-- [et_pb_line_break_holder] --><a href=\"https:\/\/fundacionraed.org\/\" target=\"_blank\" rel=\"noopener noreferrer\"><img decoding=\"async\" src=\"https:\/\/raed.academy\/wp-content\/uploads\/2021\/10\/Logo-Fundacion-RAED-160px.jpg\" alt=\"Fundaci\u00f3n RAED\" \/><\/a><!-- [et_pb_line_break_holder] --><\/p>\n<div class=\"txt\"><\/div>\n<p><!-- [et_pb_line_break_holder] -->\u00a0<!-- [et_pb_line_break_holder] --><!-- [et_pb_line_break_holder] --><\/div>\n<p><!-- [et_pb_line_break_holder] --><!-- [et_pb_line_break_holder] --><!-- [et_pb_line_break_holder] --><!-- [et_pb_line_break_holder] --><\/div>\n<p><!-- [et_pb_line_break_holder] -->[\/et_pb_code][\/et_pb_column][et_pb_column type=&#8221;1_3&#8243; _builder_version=&#8221;4.16&#8243; _module_preset=&#8221;default&#8221; global_colors_info=&#8221;{}&#8221;][et_pb_code admin_label=&#8221;C\u00f3digo &#8211; colaboradores&#8221; _builder_version=&#8221;4.27.2&#8243; _module_preset=&#8221;default&#8221; global_colors_info=&#8221;{}&#8221;]<pee class=\"ttl-colaboradores\">Con la colaboraci\u00f3n de:<\/pee><!-- [et_pb_line_break_holder] --><!-- [et_pb_line_break_holder] --><!-- [et_pb_line_break_holder] --><\/p>\n<div id=\"colaboradores\"><!-- [et_pb_line_break_holder] --><!-- [et_pb_line_break_holder] --><!-- [et_pb_line_break_holder] --> <!-- [et_pb_line_break_holder] --><!-- [et_pb_line_break_holder] --><\/p>\n<div class=\"logo-colaborador\"><!-- [et_pb_line_break_holder] --><!-- [et_pb_line_break_holder] --><!-- [et_pb_line_break_holder] --><!-- [et_pb_line_break_holder] --><\/p>\n<div class=\"txt-circular\"><\/div>\n<p><!-- [et_pb_line_break_holder] --><!-- [et_pb_line_break_holder] --> <a href=\"https:\/\/justicia.gencat.cat\/ca\/inici\" target=\"_blank\" rel=\"noopener noreferrer\"><img decoding=\"async\" src=\"https:\/\/raed.academy\/wp-content\/uploads\/2024\/11\/Generalitat-de-Catalunya-dept-Justicia-i-Qualitat-Democratica-240px.jpg\" alt=\"Generalitat de catalunya\" \/><\/a><!-- [et_pb_line_break_holder] --><!-- [et_pb_line_break_holder] --><\/div>\n<p><!-- [et_pb_line_break_holder] --><!-- [et_pb_line_break_holder] --><!-- [et_pb_line_break_holder] --><!-- [et_pb_line_break_holder] --><\/div>\n<p><!-- [et_pb_line_break_holder] -->[\/et_pb_code][\/et_pb_column][\/et_pb_row][\/et_pb_section]<\/p>\n","protected":false},"excerpt":{"rendered":"<p>The Hon. Mr. Dr. Josep Lluis i Ginovart, enters as a Numerary Member of the Royal European Academy of Doctors, with the speech&#8221;La pr\u00e1ctica geometriae de la arquitectura sacra&#8221;<\/p>\n","protected":false},"featured_media":162901,"template":"","meta":{"_et_pb_use_builder":"on","_et_pb_old_content":"<p>[et_pb_section fb_built=\"1\" fullwidth=\"on\" _builder_version=\"4.25.0\" _module_preset=\"default\" locked=\"off\" global_colors_info=\"{}\" theme_builder_area=\"post_content\"][et_pb_fullwidth_image src=\"https:\/\/raed.academy\/wp-content\/uploads\/2024\/11\/ingenieria-arquitectura-planos-construccion-no-atrib-Pixabay-2.91.webp\" title_text=\"ingenieria-arquitectura-planos-construccion-no-atrib-Pixabay-2.91\" _builder_version=\"4.27.4\" _module_preset=\"default\" hover_enabled=\"0\" global_colors_info=\"{}\" theme_builder_area=\"post_content\" sticky_enabled=\"0\"][\/et_pb_fullwidth_image][\/et_pb_section][et_pb_section fb_built=\"1\" admin_label=\"Secci\u00f3n\" _builder_version=\"4.16\" _module_preset=\"default\" locked=\"off\" global_colors_info=\"{}\" theme_builder_area=\"post_content\"][et_pb_row admin_label=\"Fila\" _builder_version=\"4.24.3\" _module_preset=\"default\" max_width=\"1400px\" global_colors_info=\"{}\" theme_builder_area=\"post_content\"][et_pb_column type=\"4_4\" _builder_version=\"4.16\" _module_preset=\"default\" global_colors_info=\"{}\" theme_builder_area=\"post_content\"][et_pb_post_title meta=\"off\" featured_image=\"off\" admin_label=\"T\u00edtulo de publicaci\u00f3n\" _builder_version=\"4.20.0\" _module_preset=\"default\" global_colors_info=\"{}\" theme_builder_area=\"post_content\"][\/et_pb_post_title][et_pb_text admin_label=\"Detalles evento\" _builder_version=\"4.27.4\" _module_preset=\"default\" hover_enabled=\"0\" global_colors_info=\"{}\" theme_builder_area=\"post_content\" sticky_enabled=\"0\"]<\/p><p style=\"text-align: left;\">El <strong>Excmo. Sr. Dr. Josep Lluis i Guinovart<\/strong>, ingresa como Acad\u00e9mico Numerario de la <strong>Real Academia Europea de Doctores<\/strong>, con el discurso<strong> \"La pr\u00e1ctica geometriae de la arquitectura sacra\"<\/strong>.<\/p><p><strong>Responde<\/strong>: <a href=\"https:\/\/raed.academy\/academicos\/dr-juan-trias-de-bes\/\"><strong>Excmo. Sr. Dr. Juan Tr\u00edas de Bes<\/strong><\/a>, Doctor en Arquitectura<\/p><p class=\"ubicacion-evento\">[DP_Single_Event_Venue_Address]<\/p><p class=\"fecha-evento\">Miercoles, [DP_Single_Event_Start_Date dem_start_date_format=\"d F Y\"]<\/p><p class=\"hora-evento\">[DP_Single_Event_Start_Time] h<\/p><p><strong>Formato:<\/strong> Presencial y streaming<\/p><p><strong>Inscripci\u00f3n: <\/strong>Se ruega confirmaci\u00f3n de asistencia en Secretar\u00eda: <a href=\"mailto:secretaria@raed.academy\"><strong>secretaria@raed.academy<\/strong><\/a> o al <strong>tel. 93 667 40 54<\/strong><\/p><p>[\/et_pb_text][et_pb_divider show_divider=\"off\" _builder_version=\"4.22.1\" _module_preset=\"default\" global_colors_info=\"{}\" theme_builder_area=\"post_content\"][\/et_pb_divider][et_pb_text admin_label=\"Txt - Seguir el evento en directo\" _builder_version=\"4.25.0\" _module_preset=\"default\" global_colors_info=\"{}\" theme_builder_area=\"post_content\"]<\/p><h2>Seguir el evento en directo<\/h2><p>Podr\u00e1 seguir el evento en directo desde esta misma p\u00e1gina.<\/p><p>[\/et_pb_text][et_pb_video _builder_version=\"4.27.3\" _module_preset=\"default\" animation_style=\"flip\" global_colors_info=\"{}\" theme_builder_area=\"post_content\"][\/et_pb_video][et_pb_text admin_label=\"hashtags y shortcode mapa\" module_class=\"hashtag\" _builder_version=\"4.24.2\" _module_preset=\"default\" locked=\"off\" global_colors_info=\"{}\" theme_builder_area=\"post_content\"]<\/p><p>[DP_Single_Event_Map_Address]<\/p><p>#AcademicosRAED<br \/>#inspirandoElConocimiento<\/p><p>[\/et_pb_text][\/et_pb_column][\/et_pb_row][et_pb_row column_structure=\"2_3,1_3\" admin_label=\"Fila\" _builder_version=\"4.24.3\" _module_preset=\"default\" max_width=\"1400px\" locked=\"off\" global_colors_info=\"{}\" theme_builder_area=\"post_content\"][et_pb_column type=\"2_3\" _builder_version=\"4.16\" _module_preset=\"default\" global_colors_info=\"{}\" theme_builder_area=\"post_content\"][et_pb_code admin_label=\"C\u00f3digo - organizadores\" _builder_version=\"4.27.2\" _module_preset=\"default\" global_colors_info=\"{}\" theme_builder_area=\"post_content\"]<\/p><p class=\"ttl-colaboradores\">Organiza:<\/p><p><!-- [et_pb_line_break_holder] --><\/p><div id=\"organizadores\"><!-- [et_pb_line_break_holder] --><div class=\"logo-colaborador\"><a href=\"https:\/\/raed.academy\/\" target=\"_blank\" rel=\"noopener noreferrer\"><img src=\"https:\/\/raed.academy\/wp-content\/uploads\/2021\/10\/Logo-RAED-160px.jpg\" alt=\"Real Academia Europea de Doctores RAED\" \/><\/a><div class=\"txt\">\u00a0<\/div><p>\u00a0<\/p><\/div><p><!-- [et_pb_line_break_holder] --><\/p><div class=\"logo-colaborador\"><a href=\"https:\/\/fundacionraed.org\/\" target=\"_blank\" rel=\"noopener noreferrer\"><img src=\"https:\/\/raed.academy\/wp-content\/uploads\/2021\/10\/Logo-Fundacion-RAED-160px.jpg\" alt=\"Fundaci\u00f3n RAED\" \/><\/a><div class=\"txt\">\u00a0<\/div><p>\u00a0<\/p><\/div><p><!-- [et_pb_line_break_holder] --><\/p><\/div><p>[\/et_pb_code][\/et_pb_column][et_pb_column type=\"1_3\" _builder_version=\"4.16\" _module_preset=\"default\" global_colors_info=\"{}\" theme_builder_area=\"post_content\"][et_pb_code admin_label=\"C\u00f3digo - colaboradores\" _builder_version=\"4.27.2\" _module_preset=\"default\" global_colors_info=\"{}\" theme_builder_area=\"post_content\"]<\/p><p class=\"ttl-colaboradores\">Con la colaboraci\u00f3n de:<\/p><p><!-- [et_pb_line_break_holder] --><\/p><div id=\"colaboradores\"><!-- [et_pb_line_break_holder] --> <!-- [et_pb_line_break_holder] --><div class=\"logo-colaborador\"><!-- [et_pb_line_break_holder] --><div class=\"txt-circular\">\u00a0<\/div><p><!-- [et_pb_line_break_holder] --> <a href=\"https:\/\/justicia.gencat.cat\/ca\/inici\" target=\"_blank\" rel=\"noopener noreferrer\"><img src=\"https:\/\/raed.academy\/wp-content\/uploads\/2024\/11\/Generalitat-de-Catalunya-dept-Justicia-i-Qualitat-Democratica-240px.jpg\" alt=\"Generalitat de catalunya\" \/><\/a><\/p><\/div><p><!-- [et_pb_line_break_holder] --><\/p><\/div><p>[\/et_pb_code][\/et_pb_column][\/et_pb_row][\/et_pb_section]<\/p>","_et_gb_content_width":""},"class_list":["post-156823","dp_events","type-dp_events","status-publish","has-post-thumbnail","hentry"],"yoast_head":"<!-- This site is optimized with the Yoast SEO plugin v27.5 - https:\/\/yoast.com\/product\/yoast-seo-wordpress\/ -->\n<title>Josep Lluis i Ginovart enters as a Numerary Member of the RAED - Royal European Academy of Doctors<\/title>\n<meta name=\"description\" content=\"Josep Lluis i Ginovart, enters at Royal European Academy of Doctors, with the speech&quot;La pr\u00e1ctica geometriae de la arquitectura sacra&quot;\" \/>\n<meta name=\"robots\" content=\"index, follow, max-snippet:-1, max-image-preview:large, max-video-preview:-1\" \/>\n<link rel=\"canonical\" href=\"https:\/\/raed.academy\/en\/events\/josep-lluis-i-ginovart-enters-as-a-numerary-member-of-the-raed\/\" \/>\n<meta property=\"og:locale\" content=\"en_US\" \/>\n<meta property=\"og:type\" content=\"article\" \/>\n<meta property=\"og:title\" content=\"Josep Lluis i Ginovart enters as a Numerary Member of the RAED - Royal European Academy of Doctors\" \/>\n<meta property=\"og:description\" content=\"Josep Lluis i Ginovart, enters at Royal European Academy of Doctors, with the speech&quot;La pr\u00e1ctica geometriae de la arquitectura sacra&quot;\" \/>\n<meta property=\"og:url\" content=\"https:\/\/raed.academy\/en\/events\/josep-lluis-i-ginovart-enters-as-a-numerary-member-of-the-raed\/\" \/>\n<meta property=\"og:site_name\" content=\"Royal European Academy of Doctors\" \/>\n<meta property=\"article:publisher\" content=\"http:\/\/fb.me\/raed.academy\" \/>\n<meta property=\"article:modified_time\" content=\"2025-04-22T10:12:25+00:00\" \/>\n<meta property=\"og:image\" content=\"https:\/\/raed.academy\/wp-content\/uploads\/2025\/04\/arquitectura-sacra-religiosa-iglesia-catedral-1.17.webp\" \/>\n\t<meta property=\"og:image:width\" content=\"350\" \/>\n\t<meta property=\"og:image:height\" content=\"300\" \/>\n\t<meta property=\"og:image:type\" content=\"image\/webp\" \/>\n<meta name=\"twitter:card\" content=\"summary_large_image\" \/>\n<meta name=\"twitter:site\" content=\"@raedacademy\" \/>\n<meta name=\"twitter:label1\" content=\"Est. reading time\" \/>\n\t<meta name=\"twitter:data1\" content=\"4 minutes\" \/>\n<script type=\"application\/ld+json\" class=\"yoast-schema-graph\">{\"@context\":\"https:\\\/\\\/schema.org\",\"@graph\":[{\"@type\":\"WebPage\",\"@id\":\"https:\\\/\\\/raed.academy\\\/en\\\/events\\\/josep-lluis-i-ginovart-enters-as-a-numerary-member-of-the-raed\\\/\",\"url\":\"https:\\\/\\\/raed.academy\\\/en\\\/events\\\/josep-lluis-i-ginovart-enters-as-a-numerary-member-of-the-raed\\\/\",\"name\":\"Josep Lluis i Ginovart enters as a Numerary Member of the RAED - Royal European Academy of Doctors\",\"isPartOf\":{\"@id\":\"https:\\\/\\\/raed.academy\\\/en\\\/#website\"},\"primaryImageOfPage\":{\"@id\":\"https:\\\/\\\/raed.academy\\\/en\\\/events\\\/josep-lluis-i-ginovart-enters-as-a-numerary-member-of-the-raed\\\/#primaryimage\"},\"image\":{\"@id\":\"https:\\\/\\\/raed.academy\\\/en\\\/events\\\/josep-lluis-i-ginovart-enters-as-a-numerary-member-of-the-raed\\\/#primaryimage\"},\"thumbnailUrl\":\"https:\\\/\\\/raed.academy\\\/wp-content\\\/uploads\\\/2025\\\/04\\\/arquitectura-sacra-religiosa-iglesia-catedral-1.17.webp\",\"datePublished\":\"2025-01-28T14:25:42+00:00\",\"dateModified\":\"2025-04-22T10:12:25+00:00\",\"description\":\"Josep Lluis i Ginovart, enters at Royal European Academy of Doctors, with the speech\\\"La pr\u00e1ctica geometriae de la arquitectura sacra\\\"\",\"breadcrumb\":{\"@id\":\"https:\\\/\\\/raed.academy\\\/en\\\/events\\\/josep-lluis-i-ginovart-enters-as-a-numerary-member-of-the-raed\\\/#breadcrumb\"},\"inLanguage\":\"en-US\",\"potentialAction\":[{\"@type\":\"ReadAction\",\"target\":[\"https:\\\/\\\/raed.academy\\\/en\\\/events\\\/josep-lluis-i-ginovart-enters-as-a-numerary-member-of-the-raed\\\/\"]}]},{\"@type\":\"ImageObject\",\"inLanguage\":\"en-US\",\"@id\":\"https:\\\/\\\/raed.academy\\\/en\\\/events\\\/josep-lluis-i-ginovart-enters-as-a-numerary-member-of-the-raed\\\/#primaryimage\",\"url\":\"https:\\\/\\\/raed.academy\\\/wp-content\\\/uploads\\\/2025\\\/04\\\/arquitectura-sacra-religiosa-iglesia-catedral-1.17.webp\",\"contentUrl\":\"https:\\\/\\\/raed.academy\\\/wp-content\\\/uploads\\\/2025\\\/04\\\/arquitectura-sacra-religiosa-iglesia-catedral-1.17.webp\",\"width\":350,\"height\":300},{\"@type\":\"BreadcrumbList\",\"@id\":\"https:\\\/\\\/raed.academy\\\/en\\\/events\\\/josep-lluis-i-ginovart-enters-as-a-numerary-member-of-the-raed\\\/#breadcrumb\",\"itemListElement\":[{\"@type\":\"ListItem\",\"position\":1,\"name\":\"Inicio\",\"item\":\"https:\\\/\\\/raed.academy\\\/en\\\/\"},{\"@type\":\"ListItem\",\"position\":2,\"name\":\"Events\",\"item\":\"https:\\\/\\\/raed.academy\\\/en\\\/events\\\/\"},{\"@type\":\"ListItem\",\"position\":3,\"name\":\"Josep Lluis i Ginovart enters as a Numerary Member of the RAED\"}]},{\"@type\":\"WebSite\",\"@id\":\"https:\\\/\\\/raed.academy\\\/en\\\/#website\",\"url\":\"https:\\\/\\\/raed.academy\\\/en\\\/\",\"name\":\"Royal European Academy of Doctors\",\"description\":\"Corporaci\u00f3n de derecho p\u00fablico de car\u00e1cter cient\u00edfico, t\u00e9cnico y art\u00edstico, que tiene por objeto la investigaci\u00f3n, el estudio, el fomento y la extensi\u00f3n del conocimiento en su sentido m\u00e1s amplio.\",\"publisher\":{\"@id\":\"https:\\\/\\\/raed.academy\\\/en\\\/#organization\"},\"potentialAction\":[{\"@type\":\"SearchAction\",\"target\":{\"@type\":\"EntryPoint\",\"urlTemplate\":\"https:\\\/\\\/raed.academy\\\/en\\\/?s={search_term_string}\"},\"query-input\":{\"@type\":\"PropertyValueSpecification\",\"valueRequired\":true,\"valueName\":\"search_term_string\"}}],\"inLanguage\":\"en-US\"},{\"@type\":\"Organization\",\"@id\":\"https:\\\/\\\/raed.academy\\\/en\\\/#organization\",\"name\":\"Real Academia Europea de Doctores\",\"url\":\"https:\\\/\\\/raed.academy\\\/en\\\/\",\"logo\":{\"@type\":\"ImageObject\",\"inLanguage\":\"en-US\",\"@id\":\"https:\\\/\\\/raed.academy\\\/en\\\/#\\\/schema\\\/logo\\\/image\\\/\",\"url\":\"https:\\\/\\\/raed.academy\\\/wp-content\\\/uploads\\\/2017\\\/01\\\/cropped-logo_raed.png\",\"contentUrl\":\"https:\\\/\\\/raed.academy\\\/wp-content\\\/uploads\\\/2017\\\/01\\\/cropped-logo_raed.png\",\"width\":512,\"height\":512,\"caption\":\"Real Academia Europea de Doctores\"},\"image\":{\"@id\":\"https:\\\/\\\/raed.academy\\\/en\\\/#\\\/schema\\\/logo\\\/image\\\/\"},\"sameAs\":[\"http:\\\/\\\/fb.me\\\/raed.academy\",\"https:\\\/\\\/x.com\\\/raedacademy\",\"https:\\\/\\\/www.instagram.com\\\/raed.academy\\\/\",\"https:\\\/\\\/www.youtube.com\\\/channel\\\/UCUYQwW2KrdirNWihxMDObwg\"]}]}<\/script>\n<!-- \/ Yoast SEO plugin. -->","yoast_head_json":{"title":"Josep Lluis i Ginovart enters as a Numerary Member of the RAED - Royal European Academy of Doctors","description":"Josep Lluis i Ginovart, enters at Royal European Academy of Doctors, with the speech\"La pr\u00e1ctica geometriae de la arquitectura sacra\"","robots":{"index":"index","follow":"follow","max-snippet":"max-snippet:-1","max-image-preview":"max-image-preview:large","max-video-preview":"max-video-preview:-1"},"canonical":"https:\/\/raed.academy\/en\/events\/josep-lluis-i-ginovart-enters-as-a-numerary-member-of-the-raed\/","og_locale":"en_US","og_type":"article","og_title":"Josep Lluis i Ginovart enters as a Numerary Member of the RAED - Royal European Academy of Doctors","og_description":"Josep Lluis i Ginovart, enters at Royal European Academy of Doctors, with the speech\"La pr\u00e1ctica geometriae de la arquitectura sacra\"","og_url":"https:\/\/raed.academy\/en\/events\/josep-lluis-i-ginovart-enters-as-a-numerary-member-of-the-raed\/","og_site_name":"Royal European Academy of Doctors","article_publisher":"http:\/\/fb.me\/raed.academy","article_modified_time":"2025-04-22T10:12:25+00:00","og_image":[{"width":350,"height":300,"url":"https:\/\/raed.academy\/wp-content\/uploads\/2025\/04\/arquitectura-sacra-religiosa-iglesia-catedral-1.17.webp","type":"image\/webp"}],"twitter_card":"summary_large_image","twitter_site":"@raedacademy","twitter_misc":{"Est. reading time":"4 minutes"},"schema":{"@context":"https:\/\/schema.org","@graph":[{"@type":"WebPage","@id":"https:\/\/raed.academy\/en\/events\/josep-lluis-i-ginovart-enters-as-a-numerary-member-of-the-raed\/","url":"https:\/\/raed.academy\/en\/events\/josep-lluis-i-ginovart-enters-as-a-numerary-member-of-the-raed\/","name":"Josep Lluis i Ginovart enters as a Numerary Member of the RAED - Royal European Academy of Doctors","isPartOf":{"@id":"https:\/\/raed.academy\/en\/#website"},"primaryImageOfPage":{"@id":"https:\/\/raed.academy\/en\/events\/josep-lluis-i-ginovart-enters-as-a-numerary-member-of-the-raed\/#primaryimage"},"image":{"@id":"https:\/\/raed.academy\/en\/events\/josep-lluis-i-ginovart-enters-as-a-numerary-member-of-the-raed\/#primaryimage"},"thumbnailUrl":"https:\/\/raed.academy\/wp-content\/uploads\/2025\/04\/arquitectura-sacra-religiosa-iglesia-catedral-1.17.webp","datePublished":"2025-01-28T14:25:42+00:00","dateModified":"2025-04-22T10:12:25+00:00","description":"Josep Lluis i Ginovart, enters at Royal European Academy of Doctors, with the speech\"La pr\u00e1ctica geometriae de la arquitectura sacra\"","breadcrumb":{"@id":"https:\/\/raed.academy\/en\/events\/josep-lluis-i-ginovart-enters-as-a-numerary-member-of-the-raed\/#breadcrumb"},"inLanguage":"en-US","potentialAction":[{"@type":"ReadAction","target":["https:\/\/raed.academy\/en\/events\/josep-lluis-i-ginovart-enters-as-a-numerary-member-of-the-raed\/"]}]},{"@type":"ImageObject","inLanguage":"en-US","@id":"https:\/\/raed.academy\/en\/events\/josep-lluis-i-ginovart-enters-as-a-numerary-member-of-the-raed\/#primaryimage","url":"https:\/\/raed.academy\/wp-content\/uploads\/2025\/04\/arquitectura-sacra-religiosa-iglesia-catedral-1.17.webp","contentUrl":"https:\/\/raed.academy\/wp-content\/uploads\/2025\/04\/arquitectura-sacra-religiosa-iglesia-catedral-1.17.webp","width":350,"height":300},{"@type":"BreadcrumbList","@id":"https:\/\/raed.academy\/en\/events\/josep-lluis-i-ginovart-enters-as-a-numerary-member-of-the-raed\/#breadcrumb","itemListElement":[{"@type":"ListItem","position":1,"name":"Inicio","item":"https:\/\/raed.academy\/en\/"},{"@type":"ListItem","position":2,"name":"Events","item":"https:\/\/raed.academy\/en\/events\/"},{"@type":"ListItem","position":3,"name":"Josep Lluis i Ginovart enters as a Numerary Member of the RAED"}]},{"@type":"WebSite","@id":"https:\/\/raed.academy\/en\/#website","url":"https:\/\/raed.academy\/en\/","name":"Royal European Academy of Doctors","description":"Corporaci\u00f3n de derecho p\u00fablico de car\u00e1cter cient\u00edfico, t\u00e9cnico y art\u00edstico, que tiene por objeto la investigaci\u00f3n, el estudio, el fomento y la extensi\u00f3n del conocimiento en su sentido m\u00e1s amplio.","publisher":{"@id":"https:\/\/raed.academy\/en\/#organization"},"potentialAction":[{"@type":"SearchAction","target":{"@type":"EntryPoint","urlTemplate":"https:\/\/raed.academy\/en\/?s={search_term_string}"},"query-input":{"@type":"PropertyValueSpecification","valueRequired":true,"valueName":"search_term_string"}}],"inLanguage":"en-US"},{"@type":"Organization","@id":"https:\/\/raed.academy\/en\/#organization","name":"Real Academia Europea de Doctores","url":"https:\/\/raed.academy\/en\/","logo":{"@type":"ImageObject","inLanguage":"en-US","@id":"https:\/\/raed.academy\/en\/#\/schema\/logo\/image\/","url":"https:\/\/raed.academy\/wp-content\/uploads\/2017\/01\/cropped-logo_raed.png","contentUrl":"https:\/\/raed.academy\/wp-content\/uploads\/2017\/01\/cropped-logo_raed.png","width":512,"height":512,"caption":"Real Academia Europea de Doctores"},"image":{"@id":"https:\/\/raed.academy\/en\/#\/schema\/logo\/image\/"},"sameAs":["http:\/\/fb.me\/raed.academy","https:\/\/x.com\/raedacademy","https:\/\/www.instagram.com\/raed.academy\/","https:\/\/www.youtube.com\/channel\/UCUYQwW2KrdirNWihxMDObwg"]}]}},"_links":{"self":[{"href":"https:\/\/raed.academy\/en\/wp-json\/wp\/v2\/dp_events\/156823","targetHints":{"allow":["GET"]}}],"collection":[{"href":"https:\/\/raed.academy\/en\/wp-json\/wp\/v2\/dp_events"}],"about":[{"href":"https:\/\/raed.academy\/en\/wp-json\/wp\/v2\/types\/dp_events"}],"wp:featuredmedia":[{"embeddable":true,"href":"https:\/\/raed.academy\/en\/wp-json\/wp\/v2\/media\/162901"}],"wp:attachment":[{"href":"https:\/\/raed.academy\/en\/wp-json\/wp\/v2\/media?parent=156823"}],"curies":[{"name":"wp","href":"https:\/\/api.w.org\/{rel}","templated":true}]}}