{"id":152388,"date":"2024-06-30T11:33:08","date_gmt":"2024-06-30T11:33:08","guid":{"rendered":"https:\/\/raed.academy\/?post_type=dp_events&#038;p=152388"},"modified":"2024-11-06T16:20:20","modified_gmt":"2024-11-06T16:20:20","slug":"presentation-of-the-book-ii-jornadas-nacionales-gaudi-en-madrid-by-ignacio-buqueras","status":"publish","type":"dp_events","link":"https:\/\/raed.academy\/en\/events\/presentation-of-the-book-ii-jornadas-nacionales-gaudi-en-madrid-by-ignacio-buqueras\/","title":{"rendered":"Presentation of the book &#8220;II Jornadas Nacionales Gaud\u00ed en Madrid&#8221;, by Ignacio Buqueras"},"content":{"rendered":"<p>[et_pb_section fb_built=&#8221;1&#8243; admin_label=&#8221;Secci\u00f3n&#8221; _builder_version=&#8221;4.27.0&#8243; _module_preset=&#8221;default&#8221; background_image=&#8221;https:\/\/raed.academy\/wp-content\/uploads\/2024\/07\/Parc-Guell-Antoni-Gaudi-no-atrib-pixabay.com-2.91.webp&#8221; parallax=&#8221;on&#8221; parallax_method=&#8221;off&#8221; locked=&#8221;off&#8221; global_colors_info=&#8221;{}&#8221;][et_pb_row _builder_version=&#8221;4.25.0&#8243; _module_preset=&#8221;default&#8221; background_color=&#8221;rgba(255,255,255,0.9)&#8221; width=&#8221;95%&#8221; max_width=&#8221;650px&#8221; custom_margin=&#8221;|25px|||false|false&#8221; custom_margin_tablet=&#8221;|auto||auto|false|false&#8221; custom_margin_phone=&#8221;|auto||auto|false|false&#8221; custom_margin_last_edited=&#8221;on|tablet&#8221; custom_padding=&#8221;30px|30px|30px|30px|false|false&#8221; animation_style=&#8221;flip&#8221; global_colors_info=&#8221;{}&#8221;][et_pb_column type=&#8221;4_4&#8243; _builder_version=&#8221;4.17.0&#8243; _module_preset=&#8221;default&#8221; global_colors_info=&#8221;{}&#8221;][et_pb_post_title meta=&#8221;off&#8221; featured_image=&#8221;off&#8221; admin_label=&#8221;T\u00edtulo de publicaci\u00f3n&#8221; module_class=&#8221;h1-30px&#8221; _builder_version=&#8221;4.25.0&#8243; _module_preset=&#8221;default&#8221; background_enable_color=&#8221;off&#8221; title_font_size_tablet=&#8221;25px&#8221; title_font_size_phone=&#8221;&#8221; title_font_size_last_edited=&#8221;on|phone&#8221; locked=&#8221;off&#8221; global_colors_info=&#8221;{}&#8221;][\/et_pb_post_title][et_pb_text admin_label=&#8221;Detalles evento&#8221; _builder_version=&#8221;4.27.0&#8243; _module_preset=&#8221;default&#8221; background_enable_color=&#8221;off&#8221; locked=&#8221;off&#8221; global_colors_info=&#8221;{}&#8221;]<\/p>\n<p><i class=\"fa-solid fa-location-dot\"><\/i> Foment del Treball Building, Via Laietana, 32 (main floor, Room B), Barcelona, 08003<\/p>\n<p><i class=\"fa-solid fa-calendar-days\"><\/i> Tuesday, 17 September 2024<\/p>\n<p><i class=\"fa-solid fa-clock\"><\/i> 18:30 h<\/p>\n<p>Presentation by the Honorable <a href=\"https:\/\/raed.academy\/en\/academicians\/dr-ignacio-buqueras-bach\/\"><strong>Dr. Ignacio Buqueras y Bach<\/strong><\/a>, Emeritus Member of the RAED, Doctor of Information Sciences.<\/p>\n<p><strong>Format:<\/strong> Face-to-face and streaming<\/p>\n<p><strong>Inscription:<\/strong> Please confirm attendance at the Secretariat: <a href=\"mailto:secretaria@raed.academy\"><strong>secretaria@raed.academy<\/strong><\/a> or <strong>tel. 93 667 40 54<\/strong><\/p>\n<p>[\/et_pb_text][\/et_pb_column][\/et_pb_row][\/et_pb_section][et_pb_section fb_built=&#8221;1&#8243; admin_label=&#8221;section&#8221; _builder_version=&#8221;4.17.0&#8243; custom_padding=&#8221;0px||||false|false&#8221; locked=&#8221;off&#8221; global_colors_info=&#8221;{}&#8221;][et_pb_row use_custom_gutter=&#8221;on&#8221; gutter_width=&#8221;1&#8243; admin_label=&#8221;row&#8221; _builder_version=&#8221;4.25.0&#8243; background_size=&#8221;initial&#8221; background_position=&#8221;top_left&#8221; background_repeat=&#8221;repeat&#8221; max_width=&#8221;1400px&#8221; global_colors_info=&#8221;{}&#8221;][et_pb_column type=&#8221;4_4&#8243; _builder_version=&#8221;4.16&#8243; custom_padding=&#8221;|||&#8221; global_colors_info=&#8221;{}&#8221; custom_padding__hover=&#8221;|||&#8221;][et_pb_text admin_label=&#8221;Itinerario, objetivos y empresas organizadoras&#8221; _builder_version=&#8221;4.27.0&#8243; background_size=&#8221;initial&#8221; background_position=&#8221;top_left&#8221; background_repeat=&#8221;repeat&#8221; locked=&#8221;off&#8221; global_colors_info=&#8221;{}&#8221;]<\/p>\n<h2>Descripci\u00f3n<\/h2>\n<p><img loading=\"lazy\" decoding=\"async\" class=\"wp-image-152357  alignleft\" src=\"https:\/\/raed.academy\/wp-content\/uploads\/2024\/07\/portada-II-Jornadas-Nacionales-Gaudi-en-Madrid-por-Ignacio-Buqueras.webp\" alt=\"\" width=\"346\" height=\"486\" \/>Los pasados d\u00edas 6 y 7 de octubre de 2023 se celebraron las <strong>II Jornadas Nacionales Gaud\u00ed en Madrid<\/strong>, promovidas y organizadas por el Centro Gaud\u00ed en<br \/>Madrid y la Fundaci\u00f3n ADIPROPE. Estas Jornadas contaron con el patrocinio de la Fundaci\u00f3n para el Fomento de la Innovaci\u00f3n Industrial y se desarrollaron en tres espacios emblem\u00e1ticos: Real Academia de Bellas Artes de San Fernando, C\u00edrculo Catal\u00e1n de Madrid y Real Iglesia Parroquial de San Gin\u00e9s.<\/p>\n<p>El importante evento tuvo como objetivo estudiar, analizar y debatir la obra del reconocido y genial arquitecto Antonio Gaud\u00ed, como se hizo el a\u00f1o pasado en una primera edici\u00f3n, poniendo foco en su visi\u00f3n \u00fanica e indispensable de la arquitectura, que sigue teniendo mucho que decirnos a d\u00eda de hoy.<\/p>\n<p>El acto de inauguraci\u00f3n tuvo lugar el d\u00eda viernes d\u00eda 6 de octubre en la Real Academia de Bellas Artes de San Fernando. Intervinieron: D. Federico Mayor Zaragoza, presidente del Consejo Asesor de ADIPROPE director general de la UNESCO durante m\u00e1s de diez a\u00f1os (1987-1999); D. Tom\u00e1s Marco, director de la Real Academia de Bellas Artes de San Fernando; y yo en mi condici\u00f3n de presidente de las dos entidades promotoras y organizadoras de las Jornadas.<\/p>\n<div id=\"attachment_126196\" style=\"width: 363px\" class=\"wp-caption alignright\"><img loading=\"lazy\" decoding=\"async\" aria-describedby=\"caption-attachment-126196\" class=\"wp-image-126196 \" src=\"https:\/\/raed.academy\/wp-content\/uploads\/2022\/12\/presentacion-reedicion-libro-Gaudi-en-Madrid-13-Ignacio-Buqueras.webp\" alt=\"Ignacio Buqueras\" width=\"353\" height=\"235\" srcset=\"https:\/\/raed.academy\/wp-content\/uploads\/2022\/12\/presentacion-reedicion-libro-Gaudi-en-Madrid-13-Ignacio-Buqueras.webp 900w, https:\/\/raed.academy\/wp-content\/uploads\/2022\/12\/presentacion-reedicion-libro-Gaudi-en-Madrid-13-Ignacio-Buqueras-768x512.webp 768w\" sizes=\"(max-width: 353px) 100vw, 353px\" \/><p id=\"caption-attachment-126196\" class=\"wp-caption-text\">Dr. Ignacio Buqueras<\/p><\/div>\n<p>A continuaci\u00f3n, se inici\u00f3 la intervenci\u00f3n de los ponentes: D. Jos\u00e9 Fern\u00e1ndez Chimeno, que habl\u00f3 de la \u00abRuta Gaud\u00ed, por el noroeste de Espa\u00f1a\u00bb; D. \u00d3scar Bur\u00f3n Rodrigo, con una ponencia titulada \u00abLa iconograf\u00eda del drag\u00f3n en gaudiniana\u00bb; y D. Pere Jordi Figuerola, que profundiz\u00f3 sobre uno de los complejos arquitect\u00f3nicos m\u00e1s significativos de Gaud\u00ed con su ponencia \u00abLa C\u00edrinvestigaci\u00f3n en la Colonial Guell\u00bb. La Jornada continu\u00f3 por tarde culo Catal\u00e1n de Madrid, en donde se continu\u00f3 hablando y exponiendo acerca del Gaud\u00ed, correspondiendo la inauguraron en este acto a D.? Sandra Ramos, Tercera Teniente de Alcalde y Consejera de Cultura y Fiestas del Ayuntamiento de Tarragona, y yo mismo, acad\u00e9mico y presidente de las dos entidades.<\/p>\n<p>Seguidamente, se llev\u00f3 a cabo la presentaci\u00f3n del libro de D. Carlos Salas: Gaud\u00ed, un genio precursor de sostenibilidad y biomim\u00e9tica arquitect\u00f3nica con un siglo de antelaci\u00f3n, y despu\u00e9s tuvo lugar una mesa redonda, donde intervinieron con sus aportaciones D.* Constanza Carmona Soriano, profesora de la Universidad de Salamanca; D.\u00aa Chiara Curti, profesora de la Facultad Antonio Gaud\u00ed de Historia y autora del libro La Sagrada Familia, catedral de la luz; y el que firma este escrito.<\/p>\n<p>[\/et_pb_text][et_pb_text admin_label=&#8221;Intervienen&#8221; _builder_version=&#8221;4.27.0&#8243; _module_preset=&#8221;default&#8221; global_colors_info=&#8221;{}&#8221;]<\/p>\n<h2>Intervienen<\/h2>\n<ul>\n<li>Presentaci\u00f3n a cargo del <a href=\"https:\/\/raed.academy\/academicos\/dr-ignacio-buqueras-bach\/\"><strong>Ignacio Buqueras y Bach<\/strong><\/a>. Presidente de la Fundaci\u00f3n ADIPROPE. Acad\u00e9mico Em\u00e9rito de la Real Academia Europea de Doctores.<\/li>\n<li><strong>Jos\u00e9 Manuel Almuzara<\/strong>. Gaudin\u00f3logo, arquitecto urbanista y ex-presidente de la Asociaci\u00f3n Pro Beatificaci\u00f3n de Gaud\u00ed.<\/li>\n<li><strong>Chiara Curti<\/strong>. Autora del libro <em>La Sagrada Familia, Catedral de la Luz<\/em>, arquitecta y doctora en Humanidades.<\/li>\n<li><strong>Pere Jordi Figuerola Rotger<\/strong>. Historiador y muse\u00f3logo del Arzobispado de Barcelona.<\/li>\n<li><a href=\"https:\/\/raed.academy\/academicos\/dr-juan-trias-de-bes\/\"><strong>Juan Trias de Bes<\/strong><\/a>. Doctor en Arquitectura. Acad\u00e9mico Numerario de la Real Academia Europea de Doctores.<\/li>\n<\/ul>\n<p>[\/et_pb_text][\/et_pb_column][\/et_pb_row][et_pb_row column_structure=&#8221;3_5,2_5&#8243; use_custom_gutter=&#8221;on&#8221; gutter_width=&#8221;1&#8243; admin_label=&#8221;Fila&#8221; _builder_version=&#8221;4.27.0&#8243; _module_preset=&#8221;default&#8221; max_width=&#8221;1400px&#8221; locked=&#8221;off&#8221; global_colors_info=&#8221;{}&#8221;][et_pb_column type=&#8221;3_5&#8243; _builder_version=&#8221;4.16&#8243; _module_preset=&#8221;default&#8221; global_colors_info=&#8221;{}&#8221;][et_pb_code admin_label=&#8221;C\u00f3digo &#8211; Organizes&#8221; _builder_version=&#8221;4.27.0&#8243; _module_preset=&#8221;default&#8221; global_colors_info=&#8221;{}&#8221;]<pee class=\"ttl-colaboradores\">Organizes:<\/pee><!-- [et_pb_line_break_holder] -->\t<\/p>\n<div id=\"organizadores\"><!-- [et_pb_line_break_holder] --><\/p>\n<div class=\"logo-colaborador\" style=\"padding: 0 30px 30px 0;\"><a href=\"https:\/\/fundacionraed.org\/\" target=\"_blank\" rel=\"noopener noreferrer\"><img decoding=\"async\" src=\"https:\/\/raed.academy\/wp-content\/uploads\/2021\/10\/Logo-Fundacion-RAED-160px.jpg\" width=\"150px\" alt=\"Fundaci\u00f3n RAED\" \/><\/a><!-- [et_pb_line_break_holder] --><\/p>\n<div class=\"txt\"><\/div>\n<p><!-- [et_pb_line_break_holder] --><\/div>\n<p><!-- [et_pb_line_break_holder] -->\t<\/p>\n<div class=\"logo-colaborador\" style=\"padding: 0 30px 30px 0;\" ><a href=\"https:\/\/raed.academy\/en\/\" target=\"_blank\" rel=\"noopener noreferrer\"><img decoding=\"async\" src=\"https:\/\/raed.academy\/wp-content\/uploads\/2021\/10\/Logo-RAED-160px.jpg\" width=\"150px\" alt=\"Real Academia Europea de Doctores RAED\" \/><\/a><!-- [et_pb_line_break_holder] --><\/p>\n<div class=\"txt\"><\/div>\n<p><!-- [et_pb_line_break_holder] --><\/div>\n<p><!-- [et_pb_line_break_holder] -->  <\/p>\n<div class=\"logo-colaborador\" style=\"padding: 0 30px 30px 0;\">\n<div class=\"txt-circular\"><\/div>\n<p><!-- [et_pb_line_break_holder] --> <a href=\"https:\/\/adiprope.org\/\" target=\"_blank\" rel=\"noopener noreferrer\"><img decoding=\"async\" src=\"https:\/\/raed.academy\/wp-content\/uploads\/2024\/04\/ADIPROPE-logo-dst.webp\" width=\"180\" alt=\"ADIPROPE\" \/><\/a><\/div>\n<p><!-- [et_pb_line_break_holder] --><\/div>\n<p><!-- [et_pb_line_break_holder] --> [\/et_pb_code][\/et_pb_column][et_pb_column type=&#8221;2_5&#8243; _builder_version=&#8221;4.16&#8243; _module_preset=&#8221;default&#8221; global_colors_info=&#8221;{}&#8221;][et_pb_code admin_label=&#8221;C\u00f3digo &#8211; In collaboration with&#8221; _builder_version=&#8221;4.27.2&#8243; _module_preset=&#8221;default&#8221; hover_enabled=&#8221;0&#8243; global_colors_info=&#8221;{}&#8221; sticky_enabled=&#8221;0&#8243;]<pee class=\"ttl-colaboradores\">In collaboration with:<\/pee><!-- [et_pb_line_break_holder] --><!-- [et_pb_line_break_holder] --><\/p>\n<div id=\"colaboradores\"><!-- [et_pb_line_break_holder] --><\/p>\n<div class=\"logo-colaborador\" style=\"padding: 0 30px 30px 0;\">\n<div class=\"txt-circular\"><\/div>\n<p><!-- [et_pb_line_break_holder] --><a href=\"https:\/\/justicia.gencat.cat\/ca\/inici\" target=\"_blank\" rel=\"noopener noreferrer\"><img decoding=\"async\" src=\"https:\/\/raed.academy\/wp-content\/uploads\/2024\/11\/Generalitat-de-Catalunya-dept-Justicia-i-Qualitat-Democratica-240px.jpg\" alt=\"Generalitat de catalunya\"><\/a><\/div>\n<p><!-- [et_pb_line_break_holder] --><\/p>\n<div class=\"logo-colaborador\" style=\"padding: 0 30px 30px 0;\">\n<div class=\"txt-circular\"><\/div>\n<p><!-- [et_pb_line_break_holder] -->  <a href=\"http:\/\/centrogaudimadrid.blogspot.com\/\" target=\"_blank\" rel=\"noopener noreferrer\"><img decoding=\"async\" src=\"https:\/\/raed.academy\/wp-content\/uploads\/2024\/09\/logo-Centro-Gaudi-Madrid.webp\" width=\"150\" alt=\"Centro Gaud\u00ed en Madrid\" \/><\/a><\/div>\n<p><!-- [et_pb_line_break_holder] --><\/div>\n<p>[\/et_pb_code][\/et_pb_column][\/et_pb_row][\/et_pb_section]<\/p>\n","protected":false},"excerpt":{"rendered":"<p>- Tuesday, 08 July 2014 - h Presentation by the Honorable Dr. Ignacio Buqueras y Bach, Emeritus Member of the RAED, Doctor of Information Sciences. Format: Face-to-face and streaming Inscription: Please confirm attendance at the Secretariat: secretaria@raed.academy or tel. 93 667 40 54Descripci\u00f3n Los pasados d\u00edas 6 y 7 de octubre de 2023 se [&hellip;]<\/p>\n","protected":false},"featured_media":0,"template":"","meta":{"_et_pb_use_builder":"on","_et_pb_old_content":"","_et_gb_content_width":""},"class_list":["post-152388","dp_events","type-dp_events","status-publish","hentry"],"yoast_head":"<!-- This site is optimized with the Yoast SEO plugin v27.5 - https:\/\/yoast.com\/product\/yoast-seo-wordpress\/ -->\n<title>Presentation of the book &quot;II Jornadas Nacionales Gaud\u00ed en Madrid&quot;, by Ignacio Buqueras - Royal European Academy of Doctors<\/title>\n<meta name=\"robots\" content=\"index, follow, max-snippet:-1, max-image-preview:large, max-video-preview:-1\" \/>\n<link rel=\"canonical\" href=\"https:\/\/raed.academy\/en\/events\/presentation-of-the-book-ii-jornadas-nacionales-gaudi-en-madrid-by-ignacio-buqueras\/\" \/>\n<meta property=\"og:locale\" content=\"en_US\" \/>\n<meta property=\"og:type\" content=\"article\" \/>\n<meta property=\"og:title\" content=\"Presentation of the book &quot;II Jornadas Nacionales Gaud\u00ed en Madrid&quot;, by Ignacio Buqueras - Royal European Academy of Doctors\" \/>\n<meta property=\"og:description\" content=\"La RAED organiza y lleva a cabo una serie de actividades concentradas en mes y medio que contaron con la implicaci\u00f3n activa de numerosos acad\u00e9micos. Recepci\u00f3n de cuatro acad\u00e9micos correspondientes (Stavroula-Ina Piperaki para Grecia, Stephen Zeff y David B. Wilkins para Estados Unidos y Llu\u00eds Vicent Safont para Andorra) Mesa redonda sobre \u00abLa salida de [&hellip;]\" \/>\n<meta property=\"og:url\" content=\"https:\/\/raed.academy\/en\/events\/presentation-of-the-book-ii-jornadas-nacionales-gaudi-en-madrid-by-ignacio-buqueras\/\" \/>\n<meta property=\"og:site_name\" content=\"Royal European Academy of Doctors\" \/>\n<meta property=\"article:publisher\" content=\"http:\/\/fb.me\/raed.academy\" \/>\n<meta property=\"article:modified_time\" content=\"2024-11-06T16:20:20+00:00\" \/>\n<meta property=\"og:image\" content=\"https:\/\/raed.academy\/wp-content\/uploads\/2024\/07\/portada-II-Jornadas-Nacionales-Gaudi-en-Madrid-por-Ignacio-Buqueras.webp\" \/>\n\t<meta property=\"og:image:width\" content=\"470\" \/>\n\t<meta property=\"og:image:height\" content=\"661\" \/>\n\t<meta property=\"og:image:type\" content=\"image\/webp\" \/>\n<meta name=\"twitter:card\" content=\"summary_large_image\" \/>\n<meta name=\"twitter:site\" content=\"@raedacademy\" \/>\n<meta name=\"twitter:label1\" content=\"Est. reading time\" \/>\n\t<meta name=\"twitter:data1\" content=\"5 minutes\" \/>\n<script type=\"application\/ld+json\" class=\"yoast-schema-graph\">{\"@context\":\"https:\\\/\\\/schema.org\",\"@graph\":[{\"@type\":\"WebPage\",\"@id\":\"https:\\\/\\\/raed.academy\\\/en\\\/events\\\/presentation-of-the-book-ii-jornadas-nacionales-gaudi-en-madrid-by-ignacio-buqueras\\\/\",\"url\":\"https:\\\/\\\/raed.academy\\\/en\\\/events\\\/presentation-of-the-book-ii-jornadas-nacionales-gaudi-en-madrid-by-ignacio-buqueras\\\/\",\"name\":\"Presentation of the book \\\"II Jornadas Nacionales Gaud\u00ed en Madrid\\\", by Ignacio Buqueras - Royal European Academy of Doctors\",\"isPartOf\":{\"@id\":\"https:\\\/\\\/raed.academy\\\/en\\\/#website\"},\"primaryImageOfPage\":{\"@id\":\"https:\\\/\\\/raed.academy\\\/en\\\/events\\\/presentation-of-the-book-ii-jornadas-nacionales-gaudi-en-madrid-by-ignacio-buqueras\\\/#primaryimage\"},\"image\":{\"@id\":\"https:\\\/\\\/raed.academy\\\/en\\\/events\\\/presentation-of-the-book-ii-jornadas-nacionales-gaudi-en-madrid-by-ignacio-buqueras\\\/#primaryimage\"},\"thumbnailUrl\":\"https:\\\/\\\/raed.academy\\\/wp-content\\\/uploads\\\/2024\\\/07\\\/portada-II-Jornadas-Nacionales-Gaudi-en-Madrid-por-Ignacio-Buqueras.webp\",\"datePublished\":\"2024-06-30T11:33:08+00:00\",\"dateModified\":\"2024-11-06T16:20:20+00:00\",\"breadcrumb\":{\"@id\":\"https:\\\/\\\/raed.academy\\\/en\\\/events\\\/presentation-of-the-book-ii-jornadas-nacionales-gaudi-en-madrid-by-ignacio-buqueras\\\/#breadcrumb\"},\"inLanguage\":\"en-US\",\"potentialAction\":[{\"@type\":\"ReadAction\",\"target\":[\"https:\\\/\\\/raed.academy\\\/en\\\/events\\\/presentation-of-the-book-ii-jornadas-nacionales-gaudi-en-madrid-by-ignacio-buqueras\\\/\"]}]},{\"@type\":\"ImageObject\",\"inLanguage\":\"en-US\",\"@id\":\"https:\\\/\\\/raed.academy\\\/en\\\/events\\\/presentation-of-the-book-ii-jornadas-nacionales-gaudi-en-madrid-by-ignacio-buqueras\\\/#primaryimage\",\"url\":\"https:\\\/\\\/raed.academy\\\/wp-content\\\/uploads\\\/2024\\\/07\\\/portada-II-Jornadas-Nacionales-Gaudi-en-Madrid-por-Ignacio-Buqueras.webp\",\"contentUrl\":\"https:\\\/\\\/raed.academy\\\/wp-content\\\/uploads\\\/2024\\\/07\\\/portada-II-Jornadas-Nacionales-Gaudi-en-Madrid-por-Ignacio-Buqueras.webp\"},{\"@type\":\"BreadcrumbList\",\"@id\":\"https:\\\/\\\/raed.academy\\\/en\\\/events\\\/presentation-of-the-book-ii-jornadas-nacionales-gaudi-en-madrid-by-ignacio-buqueras\\\/#breadcrumb\",\"itemListElement\":[{\"@type\":\"ListItem\",\"position\":1,\"name\":\"Inicio\",\"item\":\"https:\\\/\\\/raed.academy\\\/en\\\/\"},{\"@type\":\"ListItem\",\"position\":2,\"name\":\"Events\",\"item\":\"https:\\\/\\\/raed.academy\\\/en\\\/events\\\/\"},{\"@type\":\"ListItem\",\"position\":3,\"name\":\"Presentation of the book \u00abII Jornadas Nacionales Gaud\u00ed en Madrid\u00bb, by Ignacio Buqueras\"}]},{\"@type\":\"WebSite\",\"@id\":\"https:\\\/\\\/raed.academy\\\/en\\\/#website\",\"url\":\"https:\\\/\\\/raed.academy\\\/en\\\/\",\"name\":\"Royal European Academy of Doctors\",\"description\":\"Corporaci\u00f3n de derecho p\u00fablico de car\u00e1cter cient\u00edfico, t\u00e9cnico y art\u00edstico, que tiene por objeto la investigaci\u00f3n, el estudio, el fomento y la extensi\u00f3n del conocimiento en su sentido m\u00e1s amplio.\",\"publisher\":{\"@id\":\"https:\\\/\\\/raed.academy\\\/en\\\/#organization\"},\"potentialAction\":[{\"@type\":\"SearchAction\",\"target\":{\"@type\":\"EntryPoint\",\"urlTemplate\":\"https:\\\/\\\/raed.academy\\\/en\\\/?s={search_term_string}\"},\"query-input\":{\"@type\":\"PropertyValueSpecification\",\"valueRequired\":true,\"valueName\":\"search_term_string\"}}],\"inLanguage\":\"en-US\"},{\"@type\":\"Organization\",\"@id\":\"https:\\\/\\\/raed.academy\\\/en\\\/#organization\",\"name\":\"Real Academia Europea de Doctores\",\"url\":\"https:\\\/\\\/raed.academy\\\/en\\\/\",\"logo\":{\"@type\":\"ImageObject\",\"inLanguage\":\"en-US\",\"@id\":\"https:\\\/\\\/raed.academy\\\/en\\\/#\\\/schema\\\/logo\\\/image\\\/\",\"url\":\"https:\\\/\\\/raed.academy\\\/wp-content\\\/uploads\\\/2017\\\/01\\\/cropped-logo_raed.png\",\"contentUrl\":\"https:\\\/\\\/raed.academy\\\/wp-content\\\/uploads\\\/2017\\\/01\\\/cropped-logo_raed.png\",\"width\":512,\"height\":512,\"caption\":\"Real Academia Europea de Doctores\"},\"image\":{\"@id\":\"https:\\\/\\\/raed.academy\\\/en\\\/#\\\/schema\\\/logo\\\/image\\\/\"},\"sameAs\":[\"http:\\\/\\\/fb.me\\\/raed.academy\",\"https:\\\/\\\/x.com\\\/raedacademy\",\"https:\\\/\\\/www.instagram.com\\\/raed.academy\\\/\",\"https:\\\/\\\/www.youtube.com\\\/channel\\\/UCUYQwW2KrdirNWihxMDObwg\"]}]}<\/script>\n<!-- \/ Yoast SEO plugin. -->","yoast_head_json":{"title":"Presentation of the book \"II Jornadas Nacionales Gaud\u00ed en Madrid\", by Ignacio Buqueras - Royal European Academy of Doctors","robots":{"index":"index","follow":"follow","max-snippet":"max-snippet:-1","max-image-preview":"max-image-preview:large","max-video-preview":"max-video-preview:-1"},"canonical":"https:\/\/raed.academy\/en\/events\/presentation-of-the-book-ii-jornadas-nacionales-gaudi-en-madrid-by-ignacio-buqueras\/","og_locale":"en_US","og_type":"article","og_title":"Presentation of the book \"II Jornadas Nacionales Gaud\u00ed en Madrid\", by Ignacio Buqueras - Royal European Academy of Doctors","og_description":"La RAED organiza y lleva a cabo una serie de actividades concentradas en mes y medio que contaron con la implicaci\u00f3n activa de numerosos acad\u00e9micos. Recepci\u00f3n de cuatro acad\u00e9micos correspondientes (Stavroula-Ina Piperaki para Grecia, Stephen Zeff y David B. Wilkins para Estados Unidos y Llu\u00eds Vicent Safont para Andorra) Mesa redonda sobre \u00abLa salida de [&hellip;]","og_url":"https:\/\/raed.academy\/en\/events\/presentation-of-the-book-ii-jornadas-nacionales-gaudi-en-madrid-by-ignacio-buqueras\/","og_site_name":"Royal European Academy of Doctors","article_publisher":"http:\/\/fb.me\/raed.academy","article_modified_time":"2024-11-06T16:20:20+00:00","og_image":[{"width":470,"height":661,"url":"https:\/\/raed.academy\/wp-content\/uploads\/2024\/07\/portada-II-Jornadas-Nacionales-Gaudi-en-Madrid-por-Ignacio-Buqueras.webp","type":"image\/webp"}],"twitter_card":"summary_large_image","twitter_site":"@raedacademy","twitter_misc":{"Est. reading time":"5 minutes"},"schema":{"@context":"https:\/\/schema.org","@graph":[{"@type":"WebPage","@id":"https:\/\/raed.academy\/en\/events\/presentation-of-the-book-ii-jornadas-nacionales-gaudi-en-madrid-by-ignacio-buqueras\/","url":"https:\/\/raed.academy\/en\/events\/presentation-of-the-book-ii-jornadas-nacionales-gaudi-en-madrid-by-ignacio-buqueras\/","name":"Presentation of the book \"II Jornadas Nacionales Gaud\u00ed en Madrid\", by Ignacio Buqueras - Royal European Academy of Doctors","isPartOf":{"@id":"https:\/\/raed.academy\/en\/#website"},"primaryImageOfPage":{"@id":"https:\/\/raed.academy\/en\/events\/presentation-of-the-book-ii-jornadas-nacionales-gaudi-en-madrid-by-ignacio-buqueras\/#primaryimage"},"image":{"@id":"https:\/\/raed.academy\/en\/events\/presentation-of-the-book-ii-jornadas-nacionales-gaudi-en-madrid-by-ignacio-buqueras\/#primaryimage"},"thumbnailUrl":"https:\/\/raed.academy\/wp-content\/uploads\/2024\/07\/portada-II-Jornadas-Nacionales-Gaudi-en-Madrid-por-Ignacio-Buqueras.webp","datePublished":"2024-06-30T11:33:08+00:00","dateModified":"2024-11-06T16:20:20+00:00","breadcrumb":{"@id":"https:\/\/raed.academy\/en\/events\/presentation-of-the-book-ii-jornadas-nacionales-gaudi-en-madrid-by-ignacio-buqueras\/#breadcrumb"},"inLanguage":"en-US","potentialAction":[{"@type":"ReadAction","target":["https:\/\/raed.academy\/en\/events\/presentation-of-the-book-ii-jornadas-nacionales-gaudi-en-madrid-by-ignacio-buqueras\/"]}]},{"@type":"ImageObject","inLanguage":"en-US","@id":"https:\/\/raed.academy\/en\/events\/presentation-of-the-book-ii-jornadas-nacionales-gaudi-en-madrid-by-ignacio-buqueras\/#primaryimage","url":"https:\/\/raed.academy\/wp-content\/uploads\/2024\/07\/portada-II-Jornadas-Nacionales-Gaudi-en-Madrid-por-Ignacio-Buqueras.webp","contentUrl":"https:\/\/raed.academy\/wp-content\/uploads\/2024\/07\/portada-II-Jornadas-Nacionales-Gaudi-en-Madrid-por-Ignacio-Buqueras.webp"},{"@type":"BreadcrumbList","@id":"https:\/\/raed.academy\/en\/events\/presentation-of-the-book-ii-jornadas-nacionales-gaudi-en-madrid-by-ignacio-buqueras\/#breadcrumb","itemListElement":[{"@type":"ListItem","position":1,"name":"Inicio","item":"https:\/\/raed.academy\/en\/"},{"@type":"ListItem","position":2,"name":"Events","item":"https:\/\/raed.academy\/en\/events\/"},{"@type":"ListItem","position":3,"name":"Presentation of the book \u00abII Jornadas Nacionales Gaud\u00ed en Madrid\u00bb, by Ignacio Buqueras"}]},{"@type":"WebSite","@id":"https:\/\/raed.academy\/en\/#website","url":"https:\/\/raed.academy\/en\/","name":"Royal European Academy of Doctors","description":"Corporaci\u00f3n de derecho p\u00fablico de car\u00e1cter cient\u00edfico, t\u00e9cnico y art\u00edstico, que tiene por objeto la investigaci\u00f3n, el estudio, el fomento y la extensi\u00f3n del conocimiento en su sentido m\u00e1s amplio.","publisher":{"@id":"https:\/\/raed.academy\/en\/#organization"},"potentialAction":[{"@type":"SearchAction","target":{"@type":"EntryPoint","urlTemplate":"https:\/\/raed.academy\/en\/?s={search_term_string}"},"query-input":{"@type":"PropertyValueSpecification","valueRequired":true,"valueName":"search_term_string"}}],"inLanguage":"en-US"},{"@type":"Organization","@id":"https:\/\/raed.academy\/en\/#organization","name":"Real Academia Europea de Doctores","url":"https:\/\/raed.academy\/en\/","logo":{"@type":"ImageObject","inLanguage":"en-US","@id":"https:\/\/raed.academy\/en\/#\/schema\/logo\/image\/","url":"https:\/\/raed.academy\/wp-content\/uploads\/2017\/01\/cropped-logo_raed.png","contentUrl":"https:\/\/raed.academy\/wp-content\/uploads\/2017\/01\/cropped-logo_raed.png","width":512,"height":512,"caption":"Real Academia Europea de Doctores"},"image":{"@id":"https:\/\/raed.academy\/en\/#\/schema\/logo\/image\/"},"sameAs":["http:\/\/fb.me\/raed.academy","https:\/\/x.com\/raedacademy","https:\/\/www.instagram.com\/raed.academy\/","https:\/\/www.youtube.com\/channel\/UCUYQwW2KrdirNWihxMDObwg"]}]}},"_links":{"self":[{"href":"https:\/\/raed.academy\/en\/wp-json\/wp\/v2\/dp_events\/152388","targetHints":{"allow":["GET"]}}],"collection":[{"href":"https:\/\/raed.academy\/en\/wp-json\/wp\/v2\/dp_events"}],"about":[{"href":"https:\/\/raed.academy\/en\/wp-json\/wp\/v2\/types\/dp_events"}],"wp:attachment":[{"href":"https:\/\/raed.academy\/en\/wp-json\/wp\/v2\/media?parent=152388"}],"curies":[{"name":"wp","href":"https:\/\/api.w.org\/{rel}","templated":true}]}}