{"id":151215,"date":"2024-06-02T16:48:54","date_gmt":"2024-06-02T16:48:54","guid":{"rendered":"https:\/\/raed.academy\/?post_type=dp_events&#038;p=151215"},"modified":"2024-07-09T12:15:58","modified_gmt":"2024-07-09T12:15:58","slug":"presentation-of-the-project-vital-challenges-for-a-new-era-2024","status":"publish","type":"dp_events","link":"https:\/\/raed.academy\/en\/events\/presentation-of-the-project-vital-challenges-for-a-new-era-2024\/","title":{"rendered":"Presentation of the Project Vital Challenges for a New Era 2024"},"content":{"rendered":"<p>[et_pb_section fb_built=&#8221;1&#8243; _builder_version=&#8221;4.25.0&#8243; _module_preset=&#8221;default&#8221; background_image=&#8221;https:\/\/raed.academy\/wp-content\/uploads\/2024\/07\/shutt-justicia-derecho-penal-constitucion-ley-2.91.webp&#8221; custom_padding=&#8221;|||25px|false|false&#8221; locked=&#8221;off&#8221; global_colors_info=&#8221;{}&#8221;][et_pb_row _builder_version=&#8221;4.25.0&#8243; _module_preset=&#8221;default&#8221; background_color=&#8221;#FFFFFF&#8221; width=&#8221;95%&#8221; max_width=&#8221;650px&#8221; module_alignment=&#8221;left&#8221; custom_margin=&#8221;|||25px|false|false&#8221; custom_margin_tablet=&#8221;|auto||auto|false|false&#8221; custom_margin_phone=&#8221;|auto||auto|false|false&#8221; custom_margin_last_edited=&#8221;on|tablet&#8221; custom_padding=&#8221;30px|30px|30px|30px|false|false&#8221; animation_style=&#8221;flip&#8221; module_alignment_tablet=&#8221;center&#8221; module_alignment_phone=&#8221;center&#8221; module_alignment_last_edited=&#8221;on|tablet&#8221; global_colors_info=&#8221;{}&#8221;][et_pb_column type=&#8221;4_4&#8243; _builder_version=&#8221;4.17.0&#8243; _module_preset=&#8221;default&#8221; global_colors_info=&#8221;{}&#8221;][et_pb_image _builder_version=&#8221;4.25.0&#8243; _module_preset=&#8221;default&#8221; title_text=&#8221;logo-Retos-Vitales-2024-txt-negro-sobre-blanco&#8221; src=&#8221;https:\/\/raed.academy\/wp-content\/uploads\/2024\/06\/logo-Retos-Vitales-2024-txt-negro-sobre-blanco.webp&#8221; hover_enabled=&#8221;0&#8243; sticky_enabled=&#8221;0&#8243; max_width=&#8221;600px&#8221; module_alignment=&#8221;right&#8221; custom_margin=&#8221;||40px||false|false&#8221; admin_label=&#8221;imagen logo RT2024&#8243; locked=&#8221;off&#8221;][\/et_pb_image][et_pb_post_title meta=&#8221;off&#8221; featured_image=&#8221;off&#8221; admin_label=&#8221;T\u00edtulo de publicaci\u00f3n&#8221; _builder_version=&#8221;4.17.0&#8243; _module_preset=&#8221;default&#8221; background_enable_color=&#8221;off&#8221; locked=&#8221;off&#8221; global_colors_info=&#8221;{}&#8221;][\/et_pb_post_title][et_pb_text admin_label=&#8221;Detalles evento&#8221; _builder_version=&#8221;4.25.0&#8243; _module_preset=&#8221;default&#8221; background_enable_color=&#8221;off&#8221; locked=&#8221;off&#8221; global_colors_info=&#8221;{}&#8221;]<\/p>\n<p><i class=\"fa-solid fa-location-dot\"><\/i> European Parliament Office, Paseo de la Castellana, 46, Salamanca, Madrid, 28046<\/p>\n<p><i class=\"fa-solid fa-calendar-days\"><\/i> Wednesday, 10 July 2024<\/p>\n<p><i class=\"fa-solid fa-clock\"><\/i> 11:00 h<\/p>\n<p><strong>Format:<\/strong> Face-to-face and streaming<\/p>\n<p><strong>Inscription:<\/strong> Please confirm attendance at the Secretariat: <a href=\"mailto:secretaria@raed.academy\"><strong>secretaria@raed.academy<\/strong><\/a> or <strong>tel. 93 667 40 54<\/strong><\/p>\n<p>&nbsp;<\/p>\n<p>[\/et_pb_text][\/et_pb_column][\/et_pb_row][\/et_pb_section][et_pb_section fb_built=&#8221;1&#8243; admin_label=&#8221;section&#8221; _builder_version=&#8221;4.17.0&#8243; custom_padding=&#8221;0px||||false|false&#8221; locked=&#8221;off&#8221; global_colors_info=&#8221;{}&#8221;][et_pb_row admin_label=&#8221;row&#8221; _builder_version=&#8221;4.25.0&#8243; background_size=&#8221;initial&#8221; background_position=&#8221;top_left&#8221; background_repeat=&#8221;repeat&#8221; max_width=&#8221;1400px&#8221; global_colors_info=&#8221;{}&#8221;][et_pb_column type=&#8221;4_4&#8243; _builder_version=&#8221;4.16&#8243; custom_padding=&#8221;|||&#8221; global_colors_info=&#8221;{}&#8221; custom_padding__hover=&#8221;|||&#8221;][et_pb_text admin_label=&#8221;Txt &#8211; Follow the event live&#8221; _builder_version=&#8221;4.22.1&#8243; _module_preset=&#8221;default&#8221; locked=&#8221;off&#8221; global_colors_info=&#8221;{}&#8221;]<\/p>\n<h2>Follow the event live<\/h2>\n<p>You can follow the event live from this page.<\/p>\n<p>[\/et_pb_text][et_pb_code admin_label=&#8221;codigo de inserci\u00f3n v\u00eddeo&#8221; _builder_version=&#8221;4.25.0&#8243; _module_preset=&#8221;default&#8221; animation_style=&#8221;flip&#8221; global_colors_info=&#8221;{}&#8221;]<iframe loading=\"lazy\" width=\"1280\" height=\"720\" src=\"https:\/\/www.youtube.com\/embed\/gP8gk0GVcyY\" title=\"Presentaci\u00f3n del Proyecto Retos Vitales 2024\" frameborder=\"0\" allow=\"accelerometer; autoplay; clipboard-write; encrypted-media; gyroscope; picture-in-picture; web-share\" referrerpolicy=\"strict-origin-when-cross-origin\" allowfullscreen><\/iframe>[\/et_pb_code][et_pb_text admin_label=&#8221;txt &#8211; Temas a abordar durante la sesi\u00f3n&#8221; _builder_version=&#8221;4.25.0&#8243; background_size=&#8221;initial&#8221; background_position=&#8221;top_left&#8221; background_repeat=&#8221;repeat&#8221; global_colors_info=&#8221;{}&#8221;]<\/p>\n<h2>Topics to be addressed during the session<\/h2>\n<ul>\n<li>Global challenges and geostrategy<\/li>\n<li>Democratic and legal strengthening in Europe<\/li>\n<li>New frontiers in science and business<\/li>\n<li>Innovation and health in the digital age<\/li>\n<li>Comprehensive health and veterinary future<\/li>\n<li>Challenges and future of safe food<\/li>\n<li>Sustainability and geo-biodiversity<\/li>\n<li>Challenges and realities in modern research<\/li>\n<li>Impact of AI on society<\/li>\n<li>Quality and future of education<\/li>\n<li>Religion and peace in the 21st century<\/li>\n<\/ul>\n<p>[\/et_pb_text][et_pb_text admin_label=&#8221;Enlaces a RV2023 &#8211; oculto&#8221; module_class=&#8221;oculto&#8221; _builder_version=&#8221;4.25.0&#8243; _module_preset=&#8221;default&#8221; global_colors_info=&#8221;{}&#8221;]<\/p>\n<h2>P\u00e1gina de Retos Vitales 2024<\/h2>\n<p><strong>Consulta la web del documento Retos Vitales 2024<\/strong><\/p>\n<p>[\/et_pb_text][et_pb_text admin_label=&#8221;texto &#8211; Programa y participantes&#8221; _builder_version=&#8221;4.25.0&#8243; _module_preset=&#8221;default&#8221; global_colors_info=&#8221;{}&#8221;]<\/p>\n<h2>Program and participants<\/h2>\n<h3>Presentation of the day (11:00 to 11:10)<\/h3>\n<ul>\n<li><strong>Alfredo Rocafort<\/strong>. President of the Royal European Academy of Doctors (RAED).<\/li>\n<li><strong>Eva Poptcheva<\/strong>. MEP. Vice-president of the Committee on Economic and Monetary Affairs and member of the Budget Committee of the European Parliament.<\/li>\n<\/ul>\n<h3>First Debate Table (11:10 to 12:25)<\/h3>\n<p>Moderator: <strong>Jos\u00e9 Ram\u00f3n Calvo<\/strong>. President of the Institute of International Cooperation of the RAED.<\/p>\n<p>Speakers:<\/p>\n<ul>\n<li><strong>Daniel Berzosa<\/strong>. Full Academician and member of the RAED Governing Board.<\/li>\n<li><strong>Ignacio Buqueras<\/strong>. Emeritus Academician of the RAED.<\/li>\n<li><strong>Teresa Freixes<\/strong>. Vice President of the RAED.<\/li>\n<li><strong>Francisco Gonz\u00e1lez de Posada<\/strong>. Honorary Academician of the RAED.<\/li>\n<li><strong>Jaume Llopis<\/strong>. Vice President of the RAED.<\/li>\n<li><strong>\u00c1ngel Mazo da Pena<\/strong>. Lieutenant General (retired) of the Air Force.<\/li>\n<\/ul>\n<p style=\"text-align: center;\">Coffee break (12:25 to 12:45)<\/p>\n<h3>Second Debate Table (12:45 to 14:00)<\/h3>\n<p>Moderator: <strong>Cecilia Kindel\u00e1n<\/strong>. Numerary Member of the RAED.<\/p>\n<p>Speakers:<\/p>\n<ul>\n<li><strong>Jos\u00e9 Mar\u00eda Baldasano<\/strong>. Numerary Member of the RAED.<\/li>\n<li><strong>Ma. dels \u00c0ngels Calvo<\/strong>. Vice President of the RAED.<\/li>\n<li><strong>Joaqu\u00edn Gironella<\/strong>. Numerary Member and member of the RAED Governing Board.<\/li>\n<li><strong>Francisco Lopez<\/strong>. Numerary Member of the RAED.<\/li>\n<li><strong>Esther Subir\u00e1<\/strong>. Numerary Member of the RAED.<\/li>\n<li><strong>Rafael Urrialde<\/strong>. Numerary Member and member of the RAED Governing Board.<\/li>\n<\/ul>\n<h2>Programa y participantes<\/h2>\n<h3>Presentaci\u00f3n de la jornada (11:00 h a 11:10 h)<\/h3>\n<ul>\n<li><a href=\"https:\/\/raed.academy\/academicos\/dr-alfredo-rocafort-nicolau\/\"><strong>Alfredo Rocafort<\/strong><\/a>. Presidente de la Real Academia Europea de Doctores (RAED).<\/li>\n<li><strong>Eva Poptcheva<\/strong>. Eurodiputada. Vicepresidenta de la Comisi\u00f3n de Asuntos Econ\u00f3micos y Monetarios y miembro de la Comisi\u00f3n de Presupuestos del Parlamento Europeo.<\/li>\n<\/ul>\n<h3>Primera Mesa de Debate (11:10 a 12:25)<\/h3>\n<p>Moderador: <a href=\"https:\/\/raed.academy\/academicos\/dr-jose-ramon-calvo-fernandez\/\"><strong>Jos\u00e9 Ram\u00f3n Calvo<\/strong><\/a>. Presidente del Instituto de Cooperaci\u00f3n Internacional de la RAED.<\/p>\n<p>Ponentes:<\/p>\n<ul>\n<li><a href=\"https:\/\/raed.academy\/academicos\/dr-daniel-berzosa-lopez\/\"><strong>Daniel Berzosa<\/strong><\/a>. Acad\u00e9mico de N\u00famero y miembro de la Junta de Gobierno de la RAED.<\/li>\n<li><a href=\"https:\/\/raed.academy\/academicos\/dr-ignacio-buqueras-bach\/\"><strong>Ignacio Buqueras<\/strong><\/a>. Acad\u00e9mico Em\u00e9rito de la RAED.<\/li>\n<li><a href=\"https:\/\/raed.academy\/academicos\/dra-teresa-freixes-sanjuan\/\"><strong>Teresa Freixes<\/strong><\/a>. Vicepresidenta de la RAED.<\/li>\n<li><a href=\"https:\/\/raed.academy\/academicos\/dr-francisco-gonzalez-de-posada\/\"><strong>Francisco Gonz\u00e1lez de Posada<\/strong><\/a>. Acad\u00e9mico de Honor de la RAED.<\/li>\n<li><a href=\"https:\/\/raed.academy\/academicos\/dr-jaume-llopis-casellas\/\"><strong>Jaume Llopis<\/strong><\/a>. Vicepresidente de la RAED.<\/li>\n<li><strong>\u00c1ngel Mazo da Pena<\/strong>. Teniente General (retirado) del Ej\u00e9rcito del Aire.<\/li>\n<\/ul>\n<p style=\"text-align: center;\">Coffee break (12:25 a 12:45)<\/p>\n<h3>Segunda Mesa de Debate (12:45 a 14:00)<\/h3>\n<p>Moderadora: <strong>Cecilia Kindel\u00e1n<\/strong>. Acad\u00e9mica de N\u00famero de la RAED.<\/p>\n<p>Ponentes:<\/p>\n<ul>\n<li><a href=\"https:\/\/raed.academy\/academicos\/dr-jose-maria-baldasano-recio\/\"><strong>Jos\u00e9 Mar\u00eda Baldasano<\/strong><\/a>. Acad\u00e9mico de N\u00famero de la RAED.<\/li>\n<li><a href=\"https:\/\/raed.academy\/academicos\/dra-maria-dels-angels-calvo-torras\/\"><strong>Ma. dels \u00c0ngels Calvo<\/strong><\/a>. Vicepresidenta de la RAED.<\/li>\n<li><a href=\"https:\/\/raed.academy\/academicos\/dr-joaquim-gironella-coll\/\"><strong>Joaqu\u00edn Gironella<\/strong><\/a>. Acad\u00e9mico de N\u00famero y miembro de la Junta de Gobierno de la RAED.<\/li>\n<li><a href=\"https:\/\/raed.academy\/academicos\/dr-francisco-lopez-munoz\/\"><strong>Francisco L\u00f3pez<\/strong><\/a>. Acad\u00e9mico de N\u00famero de la RAED.<\/li>\n<li><a href=\"https:\/\/raed.academy\/academicos\/dra-maria-esther-subira-lobera\/\"><strong>Esther Subir\u00e1<\/strong><\/a>. Acad\u00e9mica de N\u00famero de la RAED.<\/li>\n<li><a href=\"https:\/\/raed.academy\/academicos\/dr-rafael-urrialde-de-andres\/\"><strong>Rafael Urrialde<\/strong><\/a>. Acad\u00e9mico de N\u00famero y miembro de la Junta de Gobierno de la RAED.<\/li>\n<\/ul>\n<p>[\/et_pb_text][et_pb_text admin_label=&#8221;texto &#8211; nota sobre adquirir un ejemplar &#8211; oculto&#8221; module_class=&#8221;oculto&#8221; _builder_version=&#8221;4.25.0&#8243; _module_preset=&#8221;default&#8221; global_colors_info=&#8221;{}&#8221;]<\/p>\n<h2>Nota<\/h2>\n<p>En el acto de presentaci\u00f3n se podr\u00e1 adquirir un ejemplar del libro mediante un donativo de 30 \u20ac a la Fundaci\u00f3n Pro Real Academia Europea de Doctores.<\/p>\n<p>Si se realiza un pedido en fecha posterior, podr\u00e1 adquirirse mediante un donativo de 40 \u20ac (gastos de env\u00edo incluidos) a la Fundaci\u00f3n Pro Real Academia Europea de Doctores, solicit\u00e1ndolo a la direcci\u00f3n email <strong>secretaria@raed.academy<\/strong>, o bien al <strong>tel. 93 667 40 54<\/strong>.<\/p>\n<p>[\/et_pb_text][et_pb_text admin_label=&#8221;hashtags y shortcode mapa&#8221; module_class=&#8221;hashtag&#8221; _builder_version=&#8221;4.25.0&#8243; _module_preset=&#8221;default&#8221; locked=&#8221;off&#8221; global_colors_info=&#8221;{}&#8221;]<\/p>\n<iframe id=\"map_iframe\"  frameborder=\"0\" scrolling=\"no\" marginheight=\"0\" marginwidth=\"0\" src=\"https:\/\/maps.google.it\/maps?q=European Parliament Office, Paseo de la Castellana, 46, Salamanca, Madrid, 28046&output=embed\"><\/iframe>\n<p>#inspirandoElConocimiento<\/p>\n<p>[\/et_pb_text][\/et_pb_column][\/et_pb_row][\/et_pb_section][et_pb_section fb_built=&#8221;1&#8243; _builder_version=&#8221;4.18.0&#8243; _module_preset=&#8221;default&#8221; locked=&#8221;off&#8221; global_colors_info=&#8221;{}&#8221;][et_pb_row column_structure=&#8221;1_2,1_2&#8243; use_custom_gutter=&#8221;on&#8221; gutter_width=&#8221;1&#8243; admin_label=&#8221;Fila&#8221; _builder_version=&#8221;4.25.0&#8243; _module_preset=&#8221;default&#8221; max_width=&#8221;1400px&#8221; locked=&#8221;off&#8221; global_colors_info=&#8221;{}&#8221;][et_pb_column type=&#8221;1_2&#8243; _builder_version=&#8221;4.16&#8243; _module_preset=&#8221;default&#8221; global_colors_info=&#8221;{}&#8221;][et_pb_code admin_label=&#8221;C\u00f3digo &#8211; Organizes&#8221; _builder_version=&#8221;4.21.0&#8243; _module_preset=&#8221;default&#8221; global_colors_info=&#8221;{}&#8221;]<pee class=\"ttl-colaboradores\">Organizes:<\/pee><!-- [et_pb_line_break_holder] --><\/p>\n<div id=\"organizadores\"><!-- [et_pb_line_break_holder] --><\/p>\n<div class=\"logo-colaborador\"><a href=\"https:\/\/fundacionraed.org\/\" target=\"_blank\" rel=\"noopener noreferrer\"><img decoding=\"async\" src=\"https:\/\/raed.academy\/wp-content\/uploads\/2021\/10\/Logo-Fundacion-RAED-160px.jpg\" alt=\"Fundaci\u00f3n RAED\"><\/p>\n<div class=\"txt\"><\/div>\n<p><\/a><\/div>\n<p><!-- [et_pb_line_break_holder] --><!-- [et_pb_line_break_holder] --><\/p>\n<div class=\"logo-colaborador\"><a href=\"https:\/\/raed.academy\/en\/\" target=\"_blank\" rel=\"noopener noreferrer\"><img decoding=\"async\" src=\"https:\/\/raed.academy\/wp-content\/uploads\/2021\/10\/Logo-RAED-160px.jpg\" alt=\"Real Academia Europea de Doctores RAED\"><\/p>\n<div class=\"txt\"><\/div>\n<p><\/a><\/div>\n<p><!-- [et_pb_line_break_holder] --><\/div>\n<p>[\/et_pb_code][\/et_pb_column][et_pb_column type=&#8221;1_2&#8243; _builder_version=&#8221;4.16&#8243; _module_preset=&#8221;default&#8221; global_colors_info=&#8221;{}&#8221;][et_pb_code admin_label=&#8221;C\u00f3digo &#8211; In collaboration with&#8221; _builder_version=&#8221;4.25.0&#8243; _module_preset=&#8221;default&#8221; global_colors_info=&#8221;{}&#8221;]<pee class=\"ttl-colaboradores\">In collaboration with:<\/pee> <!-- [et_pb_line_break_holder] --><\/p>\n<div id=\"colaboradores\"><!-- [et_pb_line_break_holder] -->  <!-- [et_pb_line_break_holder] --><\/p>\n<div class=\"logo-colaborador\"><!-- [et_pb_line_break_holder] --><\/p>\n<div class=\"txt-circular\"><\/div>\n<p><!-- [et_pb_line_break_holder] -->  <a href=\"https:\/\/fundacioncajasol.com\/\" target=\"_blank\" rel=\"noopener noreferrer\"><img decoding=\"async\" src=\"https:\/\/raed.academy\/wp-content\/uploads\/2022\/06\/Fundacion-Cajasol.png\" alt=\"Fundaci\u00f3n Cajasol\"><\/a><\/div>\n<p><!-- [et_pb_line_break_holder] --><\/p>\n<div class=\"logo-colaborador\"><!-- [et_pb_line_break_holder] --><\/p>\n<div class=\"txt-circular\"><\/div>\n<p><!-- [et_pb_line_break_holder] -->  <a href=\"http:\/\/justicia.gencat.cat\/ca\/inici\" target=\"_blank\" rel=\"noopener noreferrer\"><img decoding=\"async\" src=\"https:\/\/raed.academy\/wp-content\/uploads\/2021\/10\/Generalitat-de-Catalunya-dept-Justicia-215px.jpg\" alt=\"Generalitat de catalunya\"><\/a><\/div>\n<p><!-- [et_pb_line_break_holder] --><\/div>\n<p>[\/et_pb_code][\/et_pb_column][\/et_pb_row][\/et_pb_section]<\/p>\n","protected":false},"excerpt":{"rendered":"<p>Presentation of the Vital Challenges 2024 Project, an initiative that addresses the most significant challenges of our society through knowledge and interdisciplinary research<\/p>\n","protected":false},"featured_media":151204,"template":"","meta":{"_et_pb_use_builder":"on","_et_pb_old_content":"","_et_gb_content_width":""},"class_list":["post-151215","dp_events","type-dp_events","status-publish","has-post-thumbnail","hentry"],"yoast_head":"<!-- This site is optimized with the Yoast SEO plugin v27.5 - https:\/\/yoast.com\/product\/yoast-seo-wordpress\/ -->\n<title>Presentation of the Project Vital Challenges for a New Era 2024 - Royal European Academy of Doctors<\/title>\n<meta name=\"description\" content=\"Presentation of the Vital Challenges 2024 Project, an initiative that addresses the most significant challenges of our society\" \/>\n<meta name=\"robots\" content=\"index, follow, max-snippet:-1, max-image-preview:large, max-video-preview:-1\" \/>\n<link rel=\"canonical\" href=\"https:\/\/raed.academy\/en\/events\/presentation-of-the-project-vital-challenges-for-a-new-era-2024\/\" \/>\n<meta property=\"og:locale\" content=\"en_US\" \/>\n<meta property=\"og:type\" content=\"article\" \/>\n<meta property=\"og:title\" content=\"Presentation of the Project Vital Challenges for a New Era 2024 - Royal European Academy of Doctors\" \/>\n<meta property=\"og:description\" content=\"Presentation of the Vital Challenges 2024 Project, an initiative that addresses the most significant challenges of our society\" \/>\n<meta property=\"og:url\" content=\"https:\/\/raed.academy\/en\/events\/presentation-of-the-project-vital-challenges-for-a-new-era-2024\/\" \/>\n<meta property=\"og:site_name\" content=\"Royal European Academy of Doctors\" \/>\n<meta property=\"article:publisher\" content=\"http:\/\/fb.me\/raed.academy\" \/>\n<meta property=\"article:modified_time\" content=\"2024-07-09T12:15:58+00:00\" \/>\n<meta property=\"og:image\" content=\"https:\/\/raed.academy\/wp-content\/uploads\/2024\/07\/shutt-justicia-derecho-penal-constitucion-ley-1.17.webp\" \/>\n\t<meta property=\"og:image:width\" content=\"350\" \/>\n\t<meta property=\"og:image:height\" content=\"300\" \/>\n\t<meta property=\"og:image:type\" content=\"image\/webp\" \/>\n<meta name=\"twitter:card\" content=\"summary_large_image\" \/>\n<meta name=\"twitter:site\" content=\"@raedacademy\" \/>\n<meta name=\"twitter:label1\" content=\"Est. reading time\" \/>\n\t<meta name=\"twitter:data1\" content=\"4 minutes\" \/>\n<script type=\"application\/ld+json\" class=\"yoast-schema-graph\">{\"@context\":\"https:\\\/\\\/schema.org\",\"@graph\":[{\"@type\":\"WebPage\",\"@id\":\"https:\\\/\\\/raed.academy\\\/en\\\/events\\\/presentation-of-the-project-vital-challenges-for-a-new-era-2024\\\/\",\"url\":\"https:\\\/\\\/raed.academy\\\/en\\\/events\\\/presentation-of-the-project-vital-challenges-for-a-new-era-2024\\\/\",\"name\":\"Presentation of the Project Vital Challenges for a New Era 2024 - Royal European Academy of Doctors\",\"isPartOf\":{\"@id\":\"https:\\\/\\\/raed.academy\\\/en\\\/#website\"},\"primaryImageOfPage\":{\"@id\":\"https:\\\/\\\/raed.academy\\\/en\\\/events\\\/presentation-of-the-project-vital-challenges-for-a-new-era-2024\\\/#primaryimage\"},\"image\":{\"@id\":\"https:\\\/\\\/raed.academy\\\/en\\\/events\\\/presentation-of-the-project-vital-challenges-for-a-new-era-2024\\\/#primaryimage\"},\"thumbnailUrl\":\"https:\\\/\\\/raed.academy\\\/wp-content\\\/uploads\\\/2024\\\/07\\\/shutt-justicia-derecho-penal-constitucion-ley-1.17.webp\",\"datePublished\":\"2024-06-02T16:48:54+00:00\",\"dateModified\":\"2024-07-09T12:15:58+00:00\",\"description\":\"Presentation of the Vital Challenges 2024 Project, an initiative that addresses the most significant challenges of our society\",\"breadcrumb\":{\"@id\":\"https:\\\/\\\/raed.academy\\\/en\\\/events\\\/presentation-of-the-project-vital-challenges-for-a-new-era-2024\\\/#breadcrumb\"},\"inLanguage\":\"en-US\",\"potentialAction\":[{\"@type\":\"ReadAction\",\"target\":[\"https:\\\/\\\/raed.academy\\\/en\\\/events\\\/presentation-of-the-project-vital-challenges-for-a-new-era-2024\\\/\"]}]},{\"@type\":\"ImageObject\",\"inLanguage\":\"en-US\",\"@id\":\"https:\\\/\\\/raed.academy\\\/en\\\/events\\\/presentation-of-the-project-vital-challenges-for-a-new-era-2024\\\/#primaryimage\",\"url\":\"https:\\\/\\\/raed.academy\\\/wp-content\\\/uploads\\\/2024\\\/07\\\/shutt-justicia-derecho-penal-constitucion-ley-1.17.webp\",\"contentUrl\":\"https:\\\/\\\/raed.academy\\\/wp-content\\\/uploads\\\/2024\\\/07\\\/shutt-justicia-derecho-penal-constitucion-ley-1.17.webp\",\"width\":350,\"height\":300},{\"@type\":\"BreadcrumbList\",\"@id\":\"https:\\\/\\\/raed.academy\\\/en\\\/events\\\/presentation-of-the-project-vital-challenges-for-a-new-era-2024\\\/#breadcrumb\",\"itemListElement\":[{\"@type\":\"ListItem\",\"position\":1,\"name\":\"Inicio\",\"item\":\"https:\\\/\\\/raed.academy\\\/en\\\/\"},{\"@type\":\"ListItem\",\"position\":2,\"name\":\"Events\",\"item\":\"https:\\\/\\\/raed.academy\\\/en\\\/events\\\/\"},{\"@type\":\"ListItem\",\"position\":3,\"name\":\"Presentation of the Project Vital Challenges for a New Era 2024\"}]},{\"@type\":\"WebSite\",\"@id\":\"https:\\\/\\\/raed.academy\\\/en\\\/#website\",\"url\":\"https:\\\/\\\/raed.academy\\\/en\\\/\",\"name\":\"Royal European Academy of Doctors\",\"description\":\"Corporaci\u00f3n de derecho p\u00fablico de car\u00e1cter cient\u00edfico, t\u00e9cnico y art\u00edstico, que tiene por objeto la investigaci\u00f3n, el estudio, el fomento y la extensi\u00f3n del conocimiento en su sentido m\u00e1s amplio.\",\"publisher\":{\"@id\":\"https:\\\/\\\/raed.academy\\\/en\\\/#organization\"},\"potentialAction\":[{\"@type\":\"SearchAction\",\"target\":{\"@type\":\"EntryPoint\",\"urlTemplate\":\"https:\\\/\\\/raed.academy\\\/en\\\/?s={search_term_string}\"},\"query-input\":{\"@type\":\"PropertyValueSpecification\",\"valueRequired\":true,\"valueName\":\"search_term_string\"}}],\"inLanguage\":\"en-US\"},{\"@type\":\"Organization\",\"@id\":\"https:\\\/\\\/raed.academy\\\/en\\\/#organization\",\"name\":\"Real Academia Europea de Doctores\",\"url\":\"https:\\\/\\\/raed.academy\\\/en\\\/\",\"logo\":{\"@type\":\"ImageObject\",\"inLanguage\":\"en-US\",\"@id\":\"https:\\\/\\\/raed.academy\\\/en\\\/#\\\/schema\\\/logo\\\/image\\\/\",\"url\":\"https:\\\/\\\/raed.academy\\\/wp-content\\\/uploads\\\/2017\\\/01\\\/cropped-logo_raed.png\",\"contentUrl\":\"https:\\\/\\\/raed.academy\\\/wp-content\\\/uploads\\\/2017\\\/01\\\/cropped-logo_raed.png\",\"width\":512,\"height\":512,\"caption\":\"Real Academia Europea de Doctores\"},\"image\":{\"@id\":\"https:\\\/\\\/raed.academy\\\/en\\\/#\\\/schema\\\/logo\\\/image\\\/\"},\"sameAs\":[\"http:\\\/\\\/fb.me\\\/raed.academy\",\"https:\\\/\\\/x.com\\\/raedacademy\",\"https:\\\/\\\/www.instagram.com\\\/raed.academy\\\/\",\"https:\\\/\\\/www.youtube.com\\\/channel\\\/UCUYQwW2KrdirNWihxMDObwg\"]}]}<\/script>\n<!-- \/ Yoast SEO plugin. -->","yoast_head_json":{"title":"Presentation of the Project Vital Challenges for a New Era 2024 - Royal European Academy of Doctors","description":"Presentation of the Vital Challenges 2024 Project, an initiative that addresses the most significant challenges of our society","robots":{"index":"index","follow":"follow","max-snippet":"max-snippet:-1","max-image-preview":"max-image-preview:large","max-video-preview":"max-video-preview:-1"},"canonical":"https:\/\/raed.academy\/en\/events\/presentation-of-the-project-vital-challenges-for-a-new-era-2024\/","og_locale":"en_US","og_type":"article","og_title":"Presentation of the Project Vital Challenges for a New Era 2024 - Royal European Academy of Doctors","og_description":"Presentation of the Vital Challenges 2024 Project, an initiative that addresses the most significant challenges of our society","og_url":"https:\/\/raed.academy\/en\/events\/presentation-of-the-project-vital-challenges-for-a-new-era-2024\/","og_site_name":"Royal European Academy of Doctors","article_publisher":"http:\/\/fb.me\/raed.academy","article_modified_time":"2024-07-09T12:15:58+00:00","og_image":[{"width":350,"height":300,"url":"https:\/\/raed.academy\/wp-content\/uploads\/2024\/07\/shutt-justicia-derecho-penal-constitucion-ley-1.17.webp","type":"image\/webp"}],"twitter_card":"summary_large_image","twitter_site":"@raedacademy","twitter_misc":{"Est. reading time":"4 minutes"},"schema":{"@context":"https:\/\/schema.org","@graph":[{"@type":"WebPage","@id":"https:\/\/raed.academy\/en\/events\/presentation-of-the-project-vital-challenges-for-a-new-era-2024\/","url":"https:\/\/raed.academy\/en\/events\/presentation-of-the-project-vital-challenges-for-a-new-era-2024\/","name":"Presentation of the Project Vital Challenges for a New Era 2024 - Royal European Academy of Doctors","isPartOf":{"@id":"https:\/\/raed.academy\/en\/#website"},"primaryImageOfPage":{"@id":"https:\/\/raed.academy\/en\/events\/presentation-of-the-project-vital-challenges-for-a-new-era-2024\/#primaryimage"},"image":{"@id":"https:\/\/raed.academy\/en\/events\/presentation-of-the-project-vital-challenges-for-a-new-era-2024\/#primaryimage"},"thumbnailUrl":"https:\/\/raed.academy\/wp-content\/uploads\/2024\/07\/shutt-justicia-derecho-penal-constitucion-ley-1.17.webp","datePublished":"2024-06-02T16:48:54+00:00","dateModified":"2024-07-09T12:15:58+00:00","description":"Presentation of the Vital Challenges 2024 Project, an initiative that addresses the most significant challenges of our society","breadcrumb":{"@id":"https:\/\/raed.academy\/en\/events\/presentation-of-the-project-vital-challenges-for-a-new-era-2024\/#breadcrumb"},"inLanguage":"en-US","potentialAction":[{"@type":"ReadAction","target":["https:\/\/raed.academy\/en\/events\/presentation-of-the-project-vital-challenges-for-a-new-era-2024\/"]}]},{"@type":"ImageObject","inLanguage":"en-US","@id":"https:\/\/raed.academy\/en\/events\/presentation-of-the-project-vital-challenges-for-a-new-era-2024\/#primaryimage","url":"https:\/\/raed.academy\/wp-content\/uploads\/2024\/07\/shutt-justicia-derecho-penal-constitucion-ley-1.17.webp","contentUrl":"https:\/\/raed.academy\/wp-content\/uploads\/2024\/07\/shutt-justicia-derecho-penal-constitucion-ley-1.17.webp","width":350,"height":300},{"@type":"BreadcrumbList","@id":"https:\/\/raed.academy\/en\/events\/presentation-of-the-project-vital-challenges-for-a-new-era-2024\/#breadcrumb","itemListElement":[{"@type":"ListItem","position":1,"name":"Inicio","item":"https:\/\/raed.academy\/en\/"},{"@type":"ListItem","position":2,"name":"Events","item":"https:\/\/raed.academy\/en\/events\/"},{"@type":"ListItem","position":3,"name":"Presentation of the Project Vital Challenges for a New Era 2024"}]},{"@type":"WebSite","@id":"https:\/\/raed.academy\/en\/#website","url":"https:\/\/raed.academy\/en\/","name":"Royal European Academy of Doctors","description":"Corporaci\u00f3n de derecho p\u00fablico de car\u00e1cter cient\u00edfico, t\u00e9cnico y art\u00edstico, que tiene por objeto la investigaci\u00f3n, el estudio, el fomento y la extensi\u00f3n del conocimiento en su sentido m\u00e1s amplio.","publisher":{"@id":"https:\/\/raed.academy\/en\/#organization"},"potentialAction":[{"@type":"SearchAction","target":{"@type":"EntryPoint","urlTemplate":"https:\/\/raed.academy\/en\/?s={search_term_string}"},"query-input":{"@type":"PropertyValueSpecification","valueRequired":true,"valueName":"search_term_string"}}],"inLanguage":"en-US"},{"@type":"Organization","@id":"https:\/\/raed.academy\/en\/#organization","name":"Real Academia Europea de Doctores","url":"https:\/\/raed.academy\/en\/","logo":{"@type":"ImageObject","inLanguage":"en-US","@id":"https:\/\/raed.academy\/en\/#\/schema\/logo\/image\/","url":"https:\/\/raed.academy\/wp-content\/uploads\/2017\/01\/cropped-logo_raed.png","contentUrl":"https:\/\/raed.academy\/wp-content\/uploads\/2017\/01\/cropped-logo_raed.png","width":512,"height":512,"caption":"Real Academia Europea de Doctores"},"image":{"@id":"https:\/\/raed.academy\/en\/#\/schema\/logo\/image\/"},"sameAs":["http:\/\/fb.me\/raed.academy","https:\/\/x.com\/raedacademy","https:\/\/www.instagram.com\/raed.academy\/","https:\/\/www.youtube.com\/channel\/UCUYQwW2KrdirNWihxMDObwg"]}]}},"_links":{"self":[{"href":"https:\/\/raed.academy\/en\/wp-json\/wp\/v2\/dp_events\/151215","targetHints":{"allow":["GET"]}}],"collection":[{"href":"https:\/\/raed.academy\/en\/wp-json\/wp\/v2\/dp_events"}],"about":[{"href":"https:\/\/raed.academy\/en\/wp-json\/wp\/v2\/types\/dp_events"}],"wp:featuredmedia":[{"embeddable":true,"href":"https:\/\/raed.academy\/en\/wp-json\/wp\/v2\/media\/151204"}],"wp:attachment":[{"href":"https:\/\/raed.academy\/en\/wp-json\/wp\/v2\/media?parent=151215"}],"curies":[{"name":"wp","href":"https:\/\/api.w.org\/{rel}","templated":true}]}}