{"id":147680,"date":"2024-04-17T12:03:22","date_gmt":"2024-04-17T12:03:22","guid":{"rendered":"https:\/\/raed.academy\/?post_type=dp_events&#038;p=147680"},"modified":"2024-05-09T16:13:07","modified_gmt":"2024-05-09T16:13:07","slug":"conference-el-necesario-abordaje-de-la-patologia-psico-social-en-la-consulta-al-adolescente-11-19-anos","status":"publish","type":"dp_events","link":"https:\/\/raed.academy\/en\/events\/conference-el-necesario-abordaje-de-la-patologia-psico-social-en-la-consulta-al-adolescente-11-19-anos\/","title":{"rendered":"Conference: &#8220;El necesario abordaje de la patolog\u00eda psico-social en la consulta al adolescente (11-19 a\u00f1os)&#8221;"},"content":{"rendered":"<p>[et_pb_section fb_built=&#8221;1&#8243; _builder_version=&#8221;4.24.3&#8243; _module_preset=&#8221;default&#8221; background_image=&#8221;https:\/\/raed.academy\/wp-content\/uploads\/2024\/04\/shutt-patologia-psico-social-depresion-y-trastornos-mentales-en-adolescentes-2.91.webp&#8221; parallax=&#8221;on&#8221; parallax_method=&#8221;off&#8221; locked=&#8221;off&#8221; global_colors_info=&#8221;{}&#8221;][et_pb_row _builder_version=&#8221;4.17.0&#8243; _module_preset=&#8221;default&#8221; background_color=&#8221;#FFFFFF&#8221; width=&#8221;95%&#8221; max_width=&#8221;650px&#8221; custom_margin=&#8221;|25px|||false|false&#8221; custom_padding=&#8221;30px|30px|30px|30px|false|false&#8221; animation_style=&#8221;flip&#8221; global_colors_info=&#8221;{}&#8221;][et_pb_column type=&#8221;4_4&#8243; _builder_version=&#8221;4.17.0&#8243; _module_preset=&#8221;default&#8221; global_colors_info=&#8221;{}&#8221;][et_pb_text admin_label=&#8221;Texto &#8211; ttl Mesa Redonda&#8221; _builder_version=&#8221;4.24.3&#8243; _module_preset=&#8221;default&#8221; global_colors_info=&#8221;{}&#8221;]<\/p>\n<h3 style=\"text-align: center;\">Conference<\/h3>\n<p>[\/et_pb_text][et_pb_post_title meta=&#8221;off&#8221; featured_image=&#8221;off&#8221; admin_label=&#8221;T\u00edtulo de publicaci\u00f3n&#8221; _builder_version=&#8221;4.24.3&#8243; _module_preset=&#8221;default&#8221; background_enable_color=&#8221;off&#8221; locked=&#8221;off&#8221; global_colors_info=&#8221;{}&#8221;][\/et_pb_post_title][et_pb_text admin_label=&#8221;Detalles evento&#8221; _builder_version=&#8221;4.24.3&#8243; _module_preset=&#8221;default&#8221; background_enable_color=&#8221;off&#8221; locked=&#8221;off&#8221; global_colors_info=&#8221;{}&#8221;]<\/p>\n<p><i class=\"fa-solid fa-location-dot\"><\/i> Foment del Treball Building, Via Laietana, 32, third floor, office 311, meeting room of the RAED, Barcelona, 08003<\/p>\n<p><i class=\"fa-solid fa-calendar-days\"><\/i> Thursday, 16 May 2024<\/p>\n<p><i class=\"fa-solid fa-clock\"><\/i> 18:30 h<\/p>\n<p>Conference by the <a href=\"https:\/\/raed.academy\/en\/academicians\/dr-joaquin-callabed-carracedo\/\"><strong>Hon. Mr. Dr. Joaqu\u00edn Callabed<\/strong><\/a>, Doctor of Medicine and Surgery<\/p>\n<p><strong>Event cost:<\/strong> Free<\/p>\n<p><strong>Format:<\/strong> Face-to-face<\/p>\n<p><strong>Inscription:<\/strong> Please confirm attendance at the Secretariat: <a href=\"mailto:secretaria@raed.academy\"><strong>secretaria@raed.academy<\/strong><\/a> or <strong>tel. 93 667 40 54<\/strong><\/p>\n<p><strong>\u00a0<\/strong><\/p>\n<p>[\/et_pb_text][\/et_pb_column][\/et_pb_row][\/et_pb_section][et_pb_section fb_built=&#8221;1&#8243; admin_label=&#8221;section&#8221; _builder_version=&#8221;4.17.0&#8243; custom_padding=&#8221;0px||||false|false&#8221; locked=&#8221;off&#8221; global_colors_info=&#8221;{}&#8221;][et_pb_row admin_label=&#8221;row&#8221; _builder_version=&#8221;4.24.3&#8243; background_size=&#8221;initial&#8221; background_position=&#8221;top_left&#8221; background_repeat=&#8221;repeat&#8221; max_width=&#8221;1400px&#8221; global_colors_info=&#8221;{}&#8221;][et_pb_column type=&#8221;4_4&#8243; _builder_version=&#8221;4.16&#8243; custom_padding=&#8221;|||&#8221; global_colors_info=&#8221;{}&#8221; custom_padding__hover=&#8221;|||&#8221;][et_pb_text admin_label=&#8221;Itinerario, objetivos y empresas organizadoras&#8221; _builder_version=&#8221;4.25.0&#8243; background_size=&#8221;initial&#8221; background_position=&#8221;top_left&#8221; background_repeat=&#8221;repeat&#8221; hover_enabled=&#8221;0&#8243; global_colors_info=&#8221;{}&#8221; sticky_enabled=&#8221;0&#8243;]<div id=\"attachment_79648\" style=\"width: 366px\" class=\"wp-caption aligncenter\"><img loading=\"lazy\" decoding=\"async\" aria-describedby=\"caption-attachment-79648\" class=\"wp-image-79648\" src=\"https:\/\/raed.academy\/wp-content\/uploads\/2019\/09\/V-Acto-Internacional-RAED-Budapest-Hungria-13-Joaquin-Callabed.jpg\" sizes=\"(max-width: 356px) 100vw, 356px\" srcset=\"https:\/\/raed.academy\/wp-content\/uploads\/2019\/09\/V-Acto-Internacional-RAED-Budapest-Hungria-13-Joaquin-Callabed.jpg 800w, https:\/\/raed.academy\/wp-content\/uploads\/2019\/09\/V-Acto-Internacional-RAED-Budapest-Hungria-13-Joaquin-Callabed-768x512.jpg 768w\" alt=\"Joaqu\u00edn Callabed - V Acto Internacional RAED en Budapest (Hungr\u00eda)\" width=\"356\" height=\"237\" aria-describedby=\"caption-attachment-79648\" \/><p id=\"caption-attachment-79648\" class=\"wp-caption-text\">Dr. Joaqu\u00edn Callabed<\/p><\/div><\/p>\n<h2>State of the matter<\/h2>\n<p>The health problems prevalent in adolescence, which are psychosocial, are poorly viewed and little action is taken on them, such as anorexia and bulimia, the increasingly early onset of tobacco, alcohol and drug consumption, and school bullying. and cyberbullying, school failure, where we are at the forefront; And the emerging pathology: related to mental health: obsessive-compulsive disorders, psychosis, depression and attempts at self-lysis.<\/p>\n<h2>The ideal specialist pediatrician<\/h2>\n<p>to visit adolescents coordinating an interdisciplinary team. The American Academy of Pediatrics says this:<\/p>\n<p>&#8220;The field of Pediatrics includes the growth, development and health of the child and therefore begins in the period prior to birth when conception becomes apparent. \/\/ It continues through childhood and adolescence, when they are generally completed. the processes of growth and development\/.\/ The responsibility of Pediatrics can, therefore, begin during pregnancy, and usually ends at age 21&#8221;.<\/p>\n<p>The adolescent centers at Stanford and Boston universities are world leaders in Adolescent Medicine.<\/p>\n<p>SOCIAL PEDIATRICS, founded in France by Robert Debr\u00e9, is a state of mind that develops a global vision of children and young people, including the social environment and the influences of family and school.<\/p>\n<p>We must assess these essential points during the visit:<\/p>\n<ul>\n<li>Value the family environment<\/li>\n<li>Assess the school or work environment<\/li>\n<li>See how he acts in his social circle and leisure spaces<\/li>\n<li>Investigate the consumption of toxic substances, without forgetting tobacco and alcohol<\/li>\n<li>Understand how young people experience their sexuality<\/li>\n<li>If there are marked symptoms of depression and suicidal ideation<\/li>\n<\/ul>\n<h2>Health guidelines for the family<\/h2>\n<p>After visiting the adolescent, we can exchange impressions and reinforce some points where family collaboration can be useful.<\/p>\n<ul>\n<li>Accident prevention: motorcycles, cars, weapons, risky sports<\/li>\n<li>Group of friends.<\/li>\n<li>Alcohol and other drug use<\/li>\n<li>Internet addiction? Gambling disorders?<\/li>\n<li>Signs of Anorexia and bulimia?<\/li>\n<li>Depression, self-harm?<\/li>\n<li>Gynaecology. Gender clinic? Gender violence?<\/li>\n<li>In relation to school\n<ul>\n<li>Motivation and future projects?<\/li>\n<li>Bullying and cyberbullying?<\/li>\n<li>School difficulties? Dropping out of studies?<\/li>\n<\/ul>\n<\/li>\n<li>Bibliographic guidelines<\/li>\n<\/ul>\n<p><strong>Pediatrician-family and adolescent must be three wheels that rotate synchronously<\/strong><\/p>\n<h2>Prevalent psycho-social pathologies<\/h2>\n<h3>Anorexia and bulimia nervosa<\/h3>\n<p>In a review that includes 3,147 subjects, it was found that \/\/ between 4 and 10 years of evolution, 47% have recovered, 32.4% show improvement, 19.7% remain anorexic and 4.9% have died (Steinhausen , 2002).<\/p>\n<h3>Drugs abuse<\/h3>\n<p>\u201cSocial permissiveness regarding drugs is very negative because the possibility of solving adolescents&#8217; problems through other alternative means is lost.\u201d<\/p>\n<p>22% of schoolchildren aged 14 to 18 use cannabis in our environment.<\/p>\n<p>The absence of cannabis consumption reduces mental disorders and schizophrenia by 9%. Let us remember that a psychotic condition statistically represents the loss of 14-15 years of life.<\/p>\n<h3>School bullying and cyberbullying<\/h3>\n<p><strong>Olweus<\/strong> defines bullying like this:<\/p>\n<p>\u00abA student is bullied when a student or a group of students say unpleasant words to him, laugh at him, insult him, ignore him completely or exclude him from his group of friends or expressly discard him; they hit you, kick you, push you or threaten you; &#8220;They spread false rumors or lies about him\/her, send perverse notes and do everything possible to exclude him\/her from her group.&#8221;<\/p>\n<h3>School failure. Prevention of dropping out of studies<\/h3>\n<p>Goals:<\/p>\n<ul>\n<li>Achieve good communication between the adolescent and her parents.<\/li>\n<li>Achieve good communication between parents and school.<\/li>\n<li>Promote extracurricular school activities.<\/li>\n<li>School sports, they are anxiolytics and antidepressants<\/li>\n<\/ul>\n<p>School:<\/p>\n<ul>\n<li>Mental health teams attentive to warning signs<\/li>\n<li>Every community must have a Dropout Prevention Program.<\/li>\n<li>The figure of the Mentor or defender of the student<\/li>\n<\/ul>\n<h3>Major depressive episode<\/h3>\n<p>As PATRICK ALVIN says: Director of the Adolescent Unit of Kremlim Bic\u00eatre in Paris<br \/>\u201cAdolescent depression needs an early diagnosis and can present as fatigue in thinking, fatigue in going out, a rejection of pleasure, a crumbling image of herself.<\/p>\n<p>It can also manifest itself in risky driving behavior or playing risky sports.\u201d<\/p>\n<h3>Depression<\/h3>\n<p>The core symptoms of depression are pathological sadness, loss of interest and the ability to enjoy, and a decrease in vitality that limits the level of activity and produces exaggerated fatigue, which appears even after making small efforts.<\/p>\n<h3>Suicide prevention<\/h3>\n<p>The WHO said the best approach to suicide prevention is at school with a team that includes teachers, doctors, nurses, psychologists and social workers. It is a multidimensional and multicausal phenomenon that requires family and school support and legal measures.<\/p>\n<h3>Prevention<\/h3>\n<p>Primary: reduce the incidence, with adequate information<br \/>Secondary: locate the disease at its beginning and stop its development with multidisciplinary treatments.<br \/>Tertiary: monitoring of affected people. Rehabilitation and life project, overcoming consequences, support.<\/p>\n<h3>The school as a space of protection<\/h3>\n<p>Of 25 students in each class:<\/p>\n<ul>\n<li>2-3 have suicidal ideation<\/li>\n<li>1 plans<\/li>\n<li>1 self-harms<\/li>\n<li>1 makes an attempt<\/li>\n<\/ul>\n<h2>Final considerations<\/h2>\n<ul>\n<li>During adolescence, from 11 to 20, a medical visit should be carried out once a year, including a specific medical history questionnaire for adolescents (Patrick Alvin Model, Director of the Kremlim Bic\u00eatre Hospital for adolescents). It should also be included in visits to schools, vocational training and universities.<\/li>\n<li>It is necessary not to interrupt the adolescent&#8217;s care by the paediatrician at the age of 14, the peak moment of mental pathologies (Celso Arango 2024) and not limit the amount of time in consultation. It must have its own consultation and hospitalization spaces.<\/li>\n<li>Adolescence deserves the creation of university chairs, services dedicated to this group, with care, teaching and research activity. In this way Pediatrics was separated from Gynecology at the end of the 19th century. A world reference is Stanford University in San Francisco.<\/li>\n<li>The school must be equipped with medical-psycho-pedagogical services for early detection and monitoring of adolescents with eating disorders, bullying, ADHD, anorexia, school failure, depression and suicide attempts, in collaboration with health services.<\/li>\n<\/ul>\n<p>&nbsp;<\/p>\n<p><strong>Joaquin Callabed<\/strong><\/p>\n<p>Doctor of Medicine from the UAB<br \/>Specialist in Pediatrics from the UAB<\/p>\n<p>[\/et_pb_text][\/et_pb_column][\/et_pb_row][\/et_pb_section][et_pb_section fb_built=&#8221;1&#8243; _builder_version=&#8221;4.18.0&#8243; _module_preset=&#8221;default&#8221; locked=&#8221;off&#8221; global_colors_info=&#8221;{}&#8221;][et_pb_row column_structure=&#8221;2_3,1_3&#8243; admin_label=&#8221;Fila&#8221; _builder_version=&#8221;4.24.3&#8243; _module_preset=&#8221;default&#8221; max_width=&#8221;1400px&#8221; locked=&#8221;off&#8221; global_colors_info=&#8221;{}&#8221;][et_pb_column type=&#8221;2_3&#8243; _builder_version=&#8221;4.16&#8243; _module_preset=&#8221;default&#8221; global_colors_info=&#8221;{}&#8221;][et_pb_code admin_label=&#8221;C\u00f3digo &#8211; Organizes&#8221; _builder_version=&#8221;4.21.0&#8243; _module_preset=&#8221;default&#8221; global_colors_info=&#8221;{}&#8221;]<pee class=\"ttl-colaboradores\">Organizes:<\/pee><!-- [et_pb_line_break_holder] --><\/p>\n<div id=\"organizadores\"><!-- [et_pb_line_break_holder] --><\/p>\n<div class=\"logo-colaborador\"><a href=\"https:\/\/fundacionraed.org\/\" target=\"_blank\" rel=\"noopener noreferrer\"><img decoding=\"async\" src=\"https:\/\/raed.academy\/wp-content\/uploads\/2021\/10\/Logo-Fundacion-RAED-160px.jpg\" alt=\"Fundaci\u00f3n RAED\"><\/p>\n<div class=\"txt\"><\/div>\n<p><\/a><\/div>\n<p><!-- [et_pb_line_break_holder] --><!-- [et_pb_line_break_holder] --><\/p>\n<div class=\"logo-colaborador\"><a href=\"https:\/\/raed.academy\/en\/\" target=\"_blank\" rel=\"noopener noreferrer\"><img decoding=\"async\" src=\"https:\/\/raed.academy\/wp-content\/uploads\/2021\/10\/Logo-RAED-160px.jpg\" alt=\"Real Academia Europea de Doctores RAED\"><\/p>\n<div class=\"txt\"><\/div>\n<p><\/a><\/div>\n<p><!-- [et_pb_line_break_holder] --><\/div>\n<p>[\/et_pb_code][\/et_pb_column][et_pb_column type=&#8221;1_3&#8243; _builder_version=&#8221;4.16&#8243; _module_preset=&#8221;default&#8221; global_colors_info=&#8221;{}&#8221;][et_pb_code admin_label=&#8221;C\u00f3digo &#8211; In collaboration with&#8221; _builder_version=&#8221;4.21.0&#8243; _module_preset=&#8221;default&#8221; global_colors_info=&#8221;{}&#8221;]<pee class=\"ttl-colaboradores\">In collaboration with:<\/pee> <!-- [et_pb_line_break_holder] --><\/p>\n<div id=\"colaboradores\"><!-- [et_pb_line_break_holder] -->  <!-- [et_pb_line_break_holder] --><\/p>\n<div class=\"logo-colaborador\"><!-- [et_pb_line_break_holder] --><\/p>\n<div class=\"txt-circular\"><\/div>\n<p><!-- [et_pb_line_break_holder] -->  <a href=\"http:\/\/justicia.gencat.cat\/ca\/inici\" target=\"_blank\" rel=\"noopener noreferrer\"><img decoding=\"async\" src=\"https:\/\/raed.academy\/wp-content\/uploads\/2021\/10\/Generalitat-de-Catalunya-dept-Justicia-215px.jpg\" alt=\"Generalitat de catalunya\"><\/a><\/div>\n<p><!-- [et_pb_line_break_holder] --><\/div>\n<p>[\/et_pb_code][\/et_pb_column][\/et_pb_row][\/et_pb_section]<\/p>\n","protected":false},"excerpt":{"rendered":"<p>The problems of anorexia, bulimia, school bullying and cyberbullying, drug addictions, school failure, depression, and suicide attempts are exposed. The objective is early diagnosis and primary prevention of these pathologies<\/p>\n","protected":false},"featured_media":147491,"template":"","meta":{"_et_pb_use_builder":"on","_et_pb_old_content":"","_et_gb_content_width":""},"class_list":["post-147680","dp_events","type-dp_events","status-publish","has-post-thumbnail","hentry","event_category-diseases-and-pandemics","event_tag-conferences"],"yoast_head":"<!-- This site is optimized with the Yoast SEO plugin v27.5 - https:\/\/yoast.com\/product\/yoast-seo-wordpress\/ -->\n<title>Conference: &quot;El necesario abordaje de la patolog\u00eda psico-social en la consulta al adolescente (11-19 a\u00f1os)&quot; - Royal European Academy of Doctors<\/title>\n<meta name=\"description\" content=\"Early diagnosis and prevention of pathologies such as anorexia, bulimia, drug addictions, school failure, depression, suicide attempts,...\" \/>\n<meta name=\"robots\" content=\"index, follow, max-snippet:-1, max-image-preview:large, max-video-preview:-1\" \/>\n<link rel=\"canonical\" href=\"https:\/\/raed.academy\/en\/events\/conference-el-necesario-abordaje-de-la-patologia-psico-social-en-la-consulta-al-adolescente-11-19-anos\/\" \/>\n<meta property=\"og:locale\" content=\"en_US\" \/>\n<meta property=\"og:type\" content=\"article\" \/>\n<meta property=\"og:title\" content=\"Conference: &quot;El necesario abordaje de la patolog\u00eda psico-social en la consulta al adolescente (11-19 a\u00f1os)&quot; - Royal European Academy of Doctors\" \/>\n<meta property=\"og:description\" content=\"Early diagnosis and prevention of pathologies such as anorexia, bulimia, drug addictions, school failure, depression, suicide attempts,...\" \/>\n<meta property=\"og:url\" content=\"https:\/\/raed.academy\/en\/events\/conference-el-necesario-abordaje-de-la-patologia-psico-social-en-la-consulta-al-adolescente-11-19-anos\/\" \/>\n<meta property=\"og:site_name\" content=\"Royal European Academy of Doctors\" \/>\n<meta property=\"article:publisher\" content=\"http:\/\/fb.me\/raed.academy\" \/>\n<meta property=\"article:modified_time\" content=\"2024-05-09T16:13:07+00:00\" \/>\n<meta property=\"og:image\" content=\"https:\/\/raed.academy\/wp-content\/uploads\/2024\/04\/shutterstock-patologia-psico-social-depresiony-trastornos-mentales-en-adolescentes-1.17.webp\" \/>\n\t<meta property=\"og:image:width\" content=\"350\" \/>\n\t<meta property=\"og:image:height\" content=\"300\" \/>\n\t<meta property=\"og:image:type\" content=\"image\/webp\" \/>\n<meta name=\"twitter:card\" content=\"summary_large_image\" \/>\n<meta name=\"twitter:site\" content=\"@raedacademy\" \/>\n<meta name=\"twitter:label1\" content=\"Est. reading time\" \/>\n\t<meta name=\"twitter:data1\" content=\"6 minutes\" \/>\n<script type=\"application\/ld+json\" class=\"yoast-schema-graph\">{\"@context\":\"https:\\\/\\\/schema.org\",\"@graph\":[{\"@type\":\"WebPage\",\"@id\":\"https:\\\/\\\/raed.academy\\\/en\\\/events\\\/conference-el-necesario-abordaje-de-la-patologia-psico-social-en-la-consulta-al-adolescente-11-19-anos\\\/\",\"url\":\"https:\\\/\\\/raed.academy\\\/en\\\/events\\\/conference-el-necesario-abordaje-de-la-patologia-psico-social-en-la-consulta-al-adolescente-11-19-anos\\\/\",\"name\":\"Conference: \\\"El necesario abordaje de la patolog\u00eda psico-social en la consulta al adolescente (11-19 a\u00f1os)\\\" - Royal European Academy of Doctors\",\"isPartOf\":{\"@id\":\"https:\\\/\\\/raed.academy\\\/en\\\/#website\"},\"primaryImageOfPage\":{\"@id\":\"https:\\\/\\\/raed.academy\\\/en\\\/events\\\/conference-el-necesario-abordaje-de-la-patologia-psico-social-en-la-consulta-al-adolescente-11-19-anos\\\/#primaryimage\"},\"image\":{\"@id\":\"https:\\\/\\\/raed.academy\\\/en\\\/events\\\/conference-el-necesario-abordaje-de-la-patologia-psico-social-en-la-consulta-al-adolescente-11-19-anos\\\/#primaryimage\"},\"thumbnailUrl\":\"https:\\\/\\\/raed.academy\\\/wp-content\\\/uploads\\\/2024\\\/04\\\/shutterstock-patologia-psico-social-depresiony-trastornos-mentales-en-adolescentes-1.17.webp\",\"datePublished\":\"2024-04-17T12:03:22+00:00\",\"dateModified\":\"2024-05-09T16:13:07+00:00\",\"description\":\"Early diagnosis and prevention of pathologies such as anorexia, bulimia, drug addictions, school failure, depression, suicide attempts,...\",\"breadcrumb\":{\"@id\":\"https:\\\/\\\/raed.academy\\\/en\\\/events\\\/conference-el-necesario-abordaje-de-la-patologia-psico-social-en-la-consulta-al-adolescente-11-19-anos\\\/#breadcrumb\"},\"inLanguage\":\"en-US\",\"potentialAction\":[{\"@type\":\"ReadAction\",\"target\":[\"https:\\\/\\\/raed.academy\\\/en\\\/events\\\/conference-el-necesario-abordaje-de-la-patologia-psico-social-en-la-consulta-al-adolescente-11-19-anos\\\/\"]}]},{\"@type\":\"ImageObject\",\"inLanguage\":\"en-US\",\"@id\":\"https:\\\/\\\/raed.academy\\\/en\\\/events\\\/conference-el-necesario-abordaje-de-la-patologia-psico-social-en-la-consulta-al-adolescente-11-19-anos\\\/#primaryimage\",\"url\":\"https:\\\/\\\/raed.academy\\\/wp-content\\\/uploads\\\/2024\\\/04\\\/shutterstock-patologia-psico-social-depresiony-trastornos-mentales-en-adolescentes-1.17.webp\",\"contentUrl\":\"https:\\\/\\\/raed.academy\\\/wp-content\\\/uploads\\\/2024\\\/04\\\/shutterstock-patologia-psico-social-depresiony-trastornos-mentales-en-adolescentes-1.17.webp\",\"width\":350,\"height\":300},{\"@type\":\"BreadcrumbList\",\"@id\":\"https:\\\/\\\/raed.academy\\\/en\\\/events\\\/conference-el-necesario-abordaje-de-la-patologia-psico-social-en-la-consulta-al-adolescente-11-19-anos\\\/#breadcrumb\",\"itemListElement\":[{\"@type\":\"ListItem\",\"position\":1,\"name\":\"Inicio\",\"item\":\"https:\\\/\\\/raed.academy\\\/en\\\/\"},{\"@type\":\"ListItem\",\"position\":2,\"name\":\"Events\",\"item\":\"https:\\\/\\\/raed.academy\\\/en\\\/events\\\/\"},{\"@type\":\"ListItem\",\"position\":3,\"name\":\"Conference: \u00abEl necesario abordaje de la patolog\u00eda psico-social en la consulta al adolescente (11-19 a\u00f1os)\u00bb\"}]},{\"@type\":\"WebSite\",\"@id\":\"https:\\\/\\\/raed.academy\\\/en\\\/#website\",\"url\":\"https:\\\/\\\/raed.academy\\\/en\\\/\",\"name\":\"Royal European Academy of Doctors\",\"description\":\"Corporaci\u00f3n de derecho p\u00fablico de car\u00e1cter cient\u00edfico, t\u00e9cnico y art\u00edstico, que tiene por objeto la investigaci\u00f3n, el estudio, el fomento y la extensi\u00f3n del conocimiento en su sentido m\u00e1s amplio.\",\"publisher\":{\"@id\":\"https:\\\/\\\/raed.academy\\\/en\\\/#organization\"},\"potentialAction\":[{\"@type\":\"SearchAction\",\"target\":{\"@type\":\"EntryPoint\",\"urlTemplate\":\"https:\\\/\\\/raed.academy\\\/en\\\/?s={search_term_string}\"},\"query-input\":{\"@type\":\"PropertyValueSpecification\",\"valueRequired\":true,\"valueName\":\"search_term_string\"}}],\"inLanguage\":\"en-US\"},{\"@type\":\"Organization\",\"@id\":\"https:\\\/\\\/raed.academy\\\/en\\\/#organization\",\"name\":\"Real Academia Europea de Doctores\",\"url\":\"https:\\\/\\\/raed.academy\\\/en\\\/\",\"logo\":{\"@type\":\"ImageObject\",\"inLanguage\":\"en-US\",\"@id\":\"https:\\\/\\\/raed.academy\\\/en\\\/#\\\/schema\\\/logo\\\/image\\\/\",\"url\":\"https:\\\/\\\/raed.academy\\\/wp-content\\\/uploads\\\/2017\\\/01\\\/cropped-logo_raed.png\",\"contentUrl\":\"https:\\\/\\\/raed.academy\\\/wp-content\\\/uploads\\\/2017\\\/01\\\/cropped-logo_raed.png\",\"width\":512,\"height\":512,\"caption\":\"Real Academia Europea de Doctores\"},\"image\":{\"@id\":\"https:\\\/\\\/raed.academy\\\/en\\\/#\\\/schema\\\/logo\\\/image\\\/\"},\"sameAs\":[\"http:\\\/\\\/fb.me\\\/raed.academy\",\"https:\\\/\\\/x.com\\\/raedacademy\",\"https:\\\/\\\/www.instagram.com\\\/raed.academy\\\/\",\"https:\\\/\\\/www.youtube.com\\\/channel\\\/UCUYQwW2KrdirNWihxMDObwg\"]}]}<\/script>\n<!-- \/ Yoast SEO plugin. -->","yoast_head_json":{"title":"Conference: \"El necesario abordaje de la patolog\u00eda psico-social en la consulta al adolescente (11-19 a\u00f1os)\" - Royal European Academy of Doctors","description":"Early diagnosis and prevention of pathologies such as anorexia, bulimia, drug addictions, school failure, depression, suicide attempts,...","robots":{"index":"index","follow":"follow","max-snippet":"max-snippet:-1","max-image-preview":"max-image-preview:large","max-video-preview":"max-video-preview:-1"},"canonical":"https:\/\/raed.academy\/en\/events\/conference-el-necesario-abordaje-de-la-patologia-psico-social-en-la-consulta-al-adolescente-11-19-anos\/","og_locale":"en_US","og_type":"article","og_title":"Conference: \"El necesario abordaje de la patolog\u00eda psico-social en la consulta al adolescente (11-19 a\u00f1os)\" - Royal European Academy of Doctors","og_description":"Early diagnosis and prevention of pathologies such as anorexia, bulimia, drug addictions, school failure, depression, suicide attempts,...","og_url":"https:\/\/raed.academy\/en\/events\/conference-el-necesario-abordaje-de-la-patologia-psico-social-en-la-consulta-al-adolescente-11-19-anos\/","og_site_name":"Royal European Academy of Doctors","article_publisher":"http:\/\/fb.me\/raed.academy","article_modified_time":"2024-05-09T16:13:07+00:00","og_image":[{"width":350,"height":300,"url":"https:\/\/raed.academy\/wp-content\/uploads\/2024\/04\/shutterstock-patologia-psico-social-depresiony-trastornos-mentales-en-adolescentes-1.17.webp","type":"image\/webp"}],"twitter_card":"summary_large_image","twitter_site":"@raedacademy","twitter_misc":{"Est. reading time":"6 minutes"},"schema":{"@context":"https:\/\/schema.org","@graph":[{"@type":"WebPage","@id":"https:\/\/raed.academy\/en\/events\/conference-el-necesario-abordaje-de-la-patologia-psico-social-en-la-consulta-al-adolescente-11-19-anos\/","url":"https:\/\/raed.academy\/en\/events\/conference-el-necesario-abordaje-de-la-patologia-psico-social-en-la-consulta-al-adolescente-11-19-anos\/","name":"Conference: \"El necesario abordaje de la patolog\u00eda psico-social en la consulta al adolescente (11-19 a\u00f1os)\" - Royal European Academy of Doctors","isPartOf":{"@id":"https:\/\/raed.academy\/en\/#website"},"primaryImageOfPage":{"@id":"https:\/\/raed.academy\/en\/events\/conference-el-necesario-abordaje-de-la-patologia-psico-social-en-la-consulta-al-adolescente-11-19-anos\/#primaryimage"},"image":{"@id":"https:\/\/raed.academy\/en\/events\/conference-el-necesario-abordaje-de-la-patologia-psico-social-en-la-consulta-al-adolescente-11-19-anos\/#primaryimage"},"thumbnailUrl":"https:\/\/raed.academy\/wp-content\/uploads\/2024\/04\/shutterstock-patologia-psico-social-depresiony-trastornos-mentales-en-adolescentes-1.17.webp","datePublished":"2024-04-17T12:03:22+00:00","dateModified":"2024-05-09T16:13:07+00:00","description":"Early diagnosis and prevention of pathologies such as anorexia, bulimia, drug addictions, school failure, depression, suicide attempts,...","breadcrumb":{"@id":"https:\/\/raed.academy\/en\/events\/conference-el-necesario-abordaje-de-la-patologia-psico-social-en-la-consulta-al-adolescente-11-19-anos\/#breadcrumb"},"inLanguage":"en-US","potentialAction":[{"@type":"ReadAction","target":["https:\/\/raed.academy\/en\/events\/conference-el-necesario-abordaje-de-la-patologia-psico-social-en-la-consulta-al-adolescente-11-19-anos\/"]}]},{"@type":"ImageObject","inLanguage":"en-US","@id":"https:\/\/raed.academy\/en\/events\/conference-el-necesario-abordaje-de-la-patologia-psico-social-en-la-consulta-al-adolescente-11-19-anos\/#primaryimage","url":"https:\/\/raed.academy\/wp-content\/uploads\/2024\/04\/shutterstock-patologia-psico-social-depresiony-trastornos-mentales-en-adolescentes-1.17.webp","contentUrl":"https:\/\/raed.academy\/wp-content\/uploads\/2024\/04\/shutterstock-patologia-psico-social-depresiony-trastornos-mentales-en-adolescentes-1.17.webp","width":350,"height":300},{"@type":"BreadcrumbList","@id":"https:\/\/raed.academy\/en\/events\/conference-el-necesario-abordaje-de-la-patologia-psico-social-en-la-consulta-al-adolescente-11-19-anos\/#breadcrumb","itemListElement":[{"@type":"ListItem","position":1,"name":"Inicio","item":"https:\/\/raed.academy\/en\/"},{"@type":"ListItem","position":2,"name":"Events","item":"https:\/\/raed.academy\/en\/events\/"},{"@type":"ListItem","position":3,"name":"Conference: \u00abEl necesario abordaje de la patolog\u00eda psico-social en la consulta al adolescente (11-19 a\u00f1os)\u00bb"}]},{"@type":"WebSite","@id":"https:\/\/raed.academy\/en\/#website","url":"https:\/\/raed.academy\/en\/","name":"Royal European Academy of Doctors","description":"Corporaci\u00f3n de derecho p\u00fablico de car\u00e1cter cient\u00edfico, t\u00e9cnico y art\u00edstico, que tiene por objeto la investigaci\u00f3n, el estudio, el fomento y la extensi\u00f3n del conocimiento en su sentido m\u00e1s amplio.","publisher":{"@id":"https:\/\/raed.academy\/en\/#organization"},"potentialAction":[{"@type":"SearchAction","target":{"@type":"EntryPoint","urlTemplate":"https:\/\/raed.academy\/en\/?s={search_term_string}"},"query-input":{"@type":"PropertyValueSpecification","valueRequired":true,"valueName":"search_term_string"}}],"inLanguage":"en-US"},{"@type":"Organization","@id":"https:\/\/raed.academy\/en\/#organization","name":"Real Academia Europea de Doctores","url":"https:\/\/raed.academy\/en\/","logo":{"@type":"ImageObject","inLanguage":"en-US","@id":"https:\/\/raed.academy\/en\/#\/schema\/logo\/image\/","url":"https:\/\/raed.academy\/wp-content\/uploads\/2017\/01\/cropped-logo_raed.png","contentUrl":"https:\/\/raed.academy\/wp-content\/uploads\/2017\/01\/cropped-logo_raed.png","width":512,"height":512,"caption":"Real Academia Europea de Doctores"},"image":{"@id":"https:\/\/raed.academy\/en\/#\/schema\/logo\/image\/"},"sameAs":["http:\/\/fb.me\/raed.academy","https:\/\/x.com\/raedacademy","https:\/\/www.instagram.com\/raed.academy\/","https:\/\/www.youtube.com\/channel\/UCUYQwW2KrdirNWihxMDObwg"]}]}},"_links":{"self":[{"href":"https:\/\/raed.academy\/en\/wp-json\/wp\/v2\/dp_events\/147680","targetHints":{"allow":["GET"]}}],"collection":[{"href":"https:\/\/raed.academy\/en\/wp-json\/wp\/v2\/dp_events"}],"about":[{"href":"https:\/\/raed.academy\/en\/wp-json\/wp\/v2\/types\/dp_events"}],"wp:featuredmedia":[{"embeddable":true,"href":"https:\/\/raed.academy\/en\/wp-json\/wp\/v2\/media\/147491"}],"wp:attachment":[{"href":"https:\/\/raed.academy\/en\/wp-json\/wp\/v2\/media?parent=147680"}],"curies":[{"name":"wp","href":"https:\/\/api.w.org\/{rel}","templated":true}]}}