{"id":145908,"date":"2024-02-29T16:21:59","date_gmt":"2024-02-29T16:21:59","guid":{"rendered":"https:\/\/raed.academy\/?post_type=dp_events&#038;p=145908"},"modified":"2024-07-08T11:39:23","modified_gmt":"2024-07-08T11:39:23","slug":"conference-the-history-of-the-feminist-movement","status":"publish","type":"dp_events","link":"https:\/\/raed.academy\/en\/events\/conference-the-history-of-the-feminist-movement\/","title":{"rendered":"Conference: The History of the Feminist Movement"},"content":{"rendered":"<p>[et_pb_section fb_built=&#8221;1&#8243; admin_label=&#8221;Secci\u00f3n&#8221; _builder_version=&#8221;4.24.2&#8243; _module_preset=&#8221;default&#8221; background_image=&#8221;https:\/\/raed.academy\/wp-content\/uploads\/2024\/02\/shutt-mujeres-feminismo-bandera-2.91.webp&#8221; parallax=&#8221;on&#8221; parallax_method=&#8221;off&#8221; locked=&#8221;off&#8221; global_colors_info=&#8221;{}&#8221;][et_pb_row _builder_version=&#8221;4.23&#8243; _module_preset=&#8221;default&#8221; background_color=&#8221;rgba(255,255,255,0.8)&#8221; width=&#8221;95%&#8221; max_width=&#8221;650px&#8221; custom_margin=&#8221;|25px|||false|false&#8221; custom_padding=&#8221;30px|30px|30px|30px|false|false&#8221; animation_style=&#8221;flip&#8221; global_colors_info=&#8221;{}&#8221;][et_pb_column type=&#8221;4_4&#8243; _builder_version=&#8221;4.17.0&#8243; _module_preset=&#8221;default&#8221; global_colors_info=&#8221;{}&#8221;][et_pb_post_title meta=&#8221;off&#8221; featured_image=&#8221;off&#8221; admin_label=&#8221;T\u00edtulo de publicaci\u00f3n&#8221; module_class=&#8221;h1-30px&#8221; _builder_version=&#8221;4.23.4&#8243; _module_preset=&#8221;default&#8221; background_enable_color=&#8221;off&#8221; locked=&#8221;off&#8221; global_colors_info=&#8221;{}&#8221;][\/et_pb_post_title][et_pb_text admin_label=&#8221;Detalles evento&#8221; _builder_version=&#8221;4.24.2&#8243; _module_preset=&#8221;default&#8221; background_enable_color=&#8221;off&#8221; locked=&#8221;off&#8221; global_colors_info=&#8221;{}&#8221;]<\/p>\n<p><i class=\"fa-solid fa-location-dot\"><\/i> Board room of the RAED headquarters, in Via Laietana, 32, 3rd floor, office 311, Fomento del Trabajo building, Barcelona<\/p>\n<p><i class=\"fa-solid fa-calendar-days\"><\/i> Thursday, 14 March 2024<\/p>\n<p><i class=\"fa-solid fa-clock\"><\/i> 18:30 h<\/p>\n<p><strong>In charge of: <a href=\"https:\/\/raed.academy\/en\/academicians\/dr-jose-antonio-lejarcegui-fort\/\">Hon. Mr. Dr. Jos\u00e9 Antonio Lej\u00e1rcegui Fort<\/a><\/strong>, Doctor of Medicine and Surgery<\/p>\n<p><strong>Format:<\/strong> Face-to-face<\/p>\n<p><strong>Inscription: <\/strong>Please confirm attendance at the Secretariat: <a href=\"mailto:secretaria@raed.academy\"><strong>secretaria@raed.academy<\/strong><\/a> or <strong>tel. 93 667 40 54<\/strong><\/p>\n<p>&nbsp;<\/p>\n<p>[\/et_pb_text][\/et_pb_column][\/et_pb_row][\/et_pb_section][et_pb_section fb_built=&#8221;1&#8243; admin_label=&#8221;section&#8221; _builder_version=&#8221;4.17.0&#8243; custom_padding=&#8221;0px||||false|false&#8221; locked=&#8221;off&#8221; global_colors_info=&#8221;{}&#8221;][et_pb_row admin_label=&#8221;row&#8221; _builder_version=&#8221;4.25.0&#8243; background_size=&#8221;initial&#8221; background_position=&#8221;top_left&#8221; background_repeat=&#8221;repeat&#8221; max_width=&#8221;1400px&#8221; hover_enabled=&#8221;0&#8243; global_colors_info=&#8221;{}&#8221; sticky_enabled=&#8221;0&#8243;][et_pb_column type=&#8221;4_4&#8243; _builder_version=&#8221;4.16&#8243; custom_padding=&#8221;|||&#8221; global_colors_info=&#8221;{}&#8221; custom_padding__hover=&#8221;|||&#8221;][et_pb_text admin_label=&#8221;Itinerario, objetivos y empresas organizadoras&#8221; _builder_version=&#8221;4.24.2&#8243; background_size=&#8221;initial&#8221; background_position=&#8221;top_left&#8221; background_repeat=&#8221;repeat&#8221; locked=&#8221;off&#8221; global_colors_info=&#8221;{}&#8221;]<\/p>\n<h2>Description of the act<\/h2>\n<div id=\"attachment_136058\" style=\"width: 200px\" class=\"wp-caption alignleft\"><img loading=\"lazy\" decoding=\"async\" aria-describedby=\"caption-attachment-136058\" class=\"wp-image-136058 \" src=\"https:\/\/raed.academy\/wp-content\/uploads\/2023\/07\/Dr-Jose-Antonio-Lejarcegui-Fort-230x317px.jpg\" alt=\"Dr. Jos\u00e9 Antonio Lej\u00e1rcegui Fort\" width=\"190\" height=\"262\" \/><p id=\"caption-attachment-136058\" class=\"wp-caption-text\">Dr. Jos\u00e9 Antonio Lej\u00e1rcegui<\/p><\/div>\n<p>In commemoration of March 8, <strong>International Women&#8217;s Day<\/strong>, <strong>Dr. Jos\u00e9 Antonio Lej\u00e1rcegui Fort<\/strong>, Numerary Member of the RAED and in tribute to the Academic women of the Institution, will give the conference <strong>&#8220;La Historia del Movimiento Feminista&#8221; (The History of the Feminist Movement)<\/strong>.<\/p>\n<p>The content of the parliament will deal with the events that caused the need to remember forever one of the most relevant historical events in the experience of women, which were key to developing the principle of equal rights for women and men. Likewise, the most relevant facets that have taken place throughout history of women&#8217;s struggle to achieve this goal from ancient times to the present day will be discussed. The panoramic vision runs from the so-called proto-feminism or pre-modern feminism called &#8220;the Women&#8217;s Complaint&#8221; to the first feminist wave on the occasion of the French Revolution and the Enlightenment. From this moment on, the objectives to be achieved are to obtain equal rights for women with respect to men in aspects such as equal opportunities in education, suffrage, working life, in politics, in arts and literature, etc. Ultimately, reference is made to the contribution of relevant figures in the evolution of feminism in Catalonia.<\/p>\n<p>[\/et_pb_text][et_pb_video src=&#8221;https:\/\/youtu.be\/Yg-AcpiXpCc&#8221; _builder_version=&#8221;4.25.0&#8243; _module_preset=&#8221;default&#8221; animation_style=&#8221;flip&#8221; locked=&#8221;off&#8221; global_colors_info=&#8221;{}&#8221;][\/et_pb_video][\/et_pb_column][\/et_pb_row][et_pb_row column_structure=&#8221;1_2,1_2&#8243; use_custom_gutter=&#8221;on&#8221; gutter_width=&#8221;1&#8243; admin_label=&#8221;Fila&#8221; _builder_version=&#8221;4.25.0&#8243; _module_preset=&#8221;default&#8221; max_width=&#8221;1400px&#8221; locked=&#8221;off&#8221; global_colors_info=&#8221;{}&#8221;][et_pb_column type=&#8221;1_2&#8243; _builder_version=&#8221;4.16&#8243; _module_preset=&#8221;default&#8221; global_colors_info=&#8221;{}&#8221;][et_pb_code admin_label=&#8221;C\u00f3digo &#8211; Organizes&#8221; _builder_version=&#8221;4.21.0&#8243; _module_preset=&#8221;default&#8221; global_colors_info=&#8221;{}&#8221;]<pee class=\"ttl-colaboradores\">Organizes:<\/pee><!-- [et_pb_line_break_holder] --><\/p>\n<div id=\"organizadores\"><!-- [et_pb_line_break_holder] --><\/p>\n<div class=\"logo-colaborador\"><a href=\"https:\/\/fundacionraed.org\/\" target=\"_blank\" rel=\"noopener noreferrer\"><img decoding=\"async\" src=\"https:\/\/raed.academy\/wp-content\/uploads\/2021\/10\/Logo-Fundacion-RAED-160px.jpg\" alt=\"Fundaci\u00f3n RAED\"><\/p>\n<div class=\"txt\"><\/div>\n<p><\/a><\/div>\n<p><!-- [et_pb_line_break_holder] --><!-- [et_pb_line_break_holder] --><\/p>\n<div class=\"logo-colaborador\"><a href=\"https:\/\/raed.academy\/en\/\" target=\"_blank\" rel=\"noopener noreferrer\"><img decoding=\"async\" src=\"https:\/\/raed.academy\/wp-content\/uploads\/2021\/10\/Logo-RAED-160px.jpg\" alt=\"Real Academia Europea de Doctores RAED\"><\/p>\n<div class=\"txt\"><\/div>\n<p><\/a><\/div>\n<p><!-- [et_pb_line_break_holder] --><\/div>\n<p>[\/et_pb_code][\/et_pb_column][et_pb_column type=&#8221;1_2&#8243; _builder_version=&#8221;4.16&#8243; _module_preset=&#8221;default&#8221; global_colors_info=&#8221;{}&#8221;][et_pb_code admin_label=&#8221;C\u00f3digo &#8211; In collaboration with&#8221; _builder_version=&#8221;4.25.0&#8243; _module_preset=&#8221;default&#8221; hover_enabled=&#8221;0&#8243; global_colors_info=&#8221;{}&#8221; sticky_enabled=&#8221;0&#8243;]<pee class=\"ttl-colaboradores\">In collaboration with:<\/pee> <!-- [et_pb_line_break_holder] --><\/p>\n<div id=\"colaboradores\"><!-- [et_pb_line_break_holder] -->  <!-- [et_pb_line_break_holder] --><\/p>\n<div class=\"logo-colaborador\"><!-- [et_pb_line_break_holder] --><\/p>\n<div class=\"txt-circular\"><\/div>\n<p><!-- [et_pb_line_break_holder] -->  <a href=\"https:\/\/fundacioncajasol.com\/\" target=\"_blank\" rel=\"noopener noreferrer\"><img decoding=\"async\" src=\"https:\/\/raed.academy\/wp-content\/uploads\/2022\/06\/Fundacion-Cajasol.png\" alt=\"Fundaci\u00f3n Cajasol\"><\/a><\/div>\n<p><!-- [et_pb_line_break_holder] --><\/p>\n<div class=\"logo-colaborador\"><!-- [et_pb_line_break_holder] --><\/p>\n<div class=\"txt-circular\"><\/div>\n<p><!-- [et_pb_line_break_holder] -->  <a href=\"http:\/\/justicia.gencat.cat\/ca\/inici\" target=\"_blank\" rel=\"noopener noreferrer\"><img decoding=\"async\" src=\"https:\/\/raed.academy\/wp-content\/uploads\/2021\/10\/Generalitat-de-Catalunya-dept-Justicia-215px.jpg\" alt=\"Generalitat de catalunya\"><\/a><\/div>\n<p><!-- [et_pb_line_break_holder] --><\/div>\n<p>[\/et_pb_code][\/et_pb_column][\/et_pb_row][\/et_pb_section]<\/p>\n","protected":false},"excerpt":{"rendered":"<p>The most relevant events and facets that have taken place throughout history in the struggle of women to achieve the goal of equality<\/p>\n","protected":false},"featured_media":96475,"template":"","meta":{"_et_pb_use_builder":"on","_et_pb_old_content":"","_et_gb_content_width":""},"class_list":["post-145908","dp_events","type-dp_events","status-publish","has-post-thumbnail","hentry"],"yoast_head":"<!-- This site is optimized with the Yoast SEO plugin v27.5 - https:\/\/yoast.com\/product\/yoast-seo-wordpress\/ -->\n<title>Conference: The History of the Feminist Movement - Royal European Academy of Doctors<\/title>\n<meta name=\"description\" content=\"The most relevant events and facets that have taken place throughout history in the struggle of women to achieve the goal of equality\" \/>\n<meta name=\"robots\" content=\"index, follow, max-snippet:-1, max-image-preview:large, max-video-preview:-1\" \/>\n<link rel=\"canonical\" href=\"https:\/\/raed.academy\/en\/events\/conference-the-history-of-the-feminist-movement\/\" \/>\n<meta property=\"og:locale\" content=\"en_US\" \/>\n<meta property=\"og:type\" content=\"article\" \/>\n<meta property=\"og:title\" content=\"Conference: The History of the Feminist Movement - Royal European Academy of Doctors\" \/>\n<meta property=\"og:description\" content=\"The most relevant events and facets that have taken place throughout history in the struggle of women to achieve the goal of equality\" \/>\n<meta property=\"og:url\" content=\"https:\/\/raed.academy\/en\/events\/conference-the-history-of-the-feminist-movement\/\" \/>\n<meta property=\"og:site_name\" content=\"Royal European Academy of Doctors\" \/>\n<meta property=\"article:publisher\" content=\"http:\/\/fb.me\/raed.academy\" \/>\n<meta property=\"article:modified_time\" content=\"2024-07-08T11:39:23+00:00\" \/>\n<meta property=\"og:image\" content=\"https:\/\/raed.academy\/wp-content\/uploads\/2020\/11\/un-simbolo-de-feminismo-dstNtc.jpg\" \/>\n\t<meta property=\"og:image:width\" content=\"400\" \/>\n\t<meta property=\"og:image:height\" content=\"240\" \/>\n\t<meta property=\"og:image:type\" content=\"image\/jpeg\" \/>\n<meta name=\"twitter:card\" content=\"summary_large_image\" \/>\n<meta name=\"twitter:site\" content=\"@raedacademy\" \/>\n<meta name=\"twitter:label1\" content=\"Est. reading time\" \/>\n\t<meta name=\"twitter:data1\" content=\"3 minutes\" \/>\n<script type=\"application\/ld+json\" class=\"yoast-schema-graph\">{\"@context\":\"https:\\\/\\\/schema.org\",\"@graph\":[{\"@type\":\"WebPage\",\"@id\":\"https:\\\/\\\/raed.academy\\\/en\\\/events\\\/conference-the-history-of-the-feminist-movement\\\/\",\"url\":\"https:\\\/\\\/raed.academy\\\/en\\\/events\\\/conference-the-history-of-the-feminist-movement\\\/\",\"name\":\"Conference: The History of the Feminist Movement - Royal European Academy of Doctors\",\"isPartOf\":{\"@id\":\"https:\\\/\\\/raed.academy\\\/en\\\/#website\"},\"primaryImageOfPage\":{\"@id\":\"https:\\\/\\\/raed.academy\\\/en\\\/events\\\/conference-the-history-of-the-feminist-movement\\\/#primaryimage\"},\"image\":{\"@id\":\"https:\\\/\\\/raed.academy\\\/en\\\/events\\\/conference-the-history-of-the-feminist-movement\\\/#primaryimage\"},\"thumbnailUrl\":\"https:\\\/\\\/raed.academy\\\/wp-content\\\/uploads\\\/2020\\\/11\\\/un-simbolo-de-feminismo-dstNtc.jpg\",\"datePublished\":\"2024-02-29T16:21:59+00:00\",\"dateModified\":\"2024-07-08T11:39:23+00:00\",\"description\":\"The most relevant events and facets that have taken place throughout history in the struggle of women to achieve the goal of equality\",\"breadcrumb\":{\"@id\":\"https:\\\/\\\/raed.academy\\\/en\\\/events\\\/conference-the-history-of-the-feminist-movement\\\/#breadcrumb\"},\"inLanguage\":\"en-US\",\"potentialAction\":[{\"@type\":\"ReadAction\",\"target\":[\"https:\\\/\\\/raed.academy\\\/en\\\/events\\\/conference-the-history-of-the-feminist-movement\\\/\"]}]},{\"@type\":\"ImageObject\",\"inLanguage\":\"en-US\",\"@id\":\"https:\\\/\\\/raed.academy\\\/en\\\/events\\\/conference-the-history-of-the-feminist-movement\\\/#primaryimage\",\"url\":\"https:\\\/\\\/raed.academy\\\/wp-content\\\/uploads\\\/2020\\\/11\\\/un-simbolo-de-feminismo-dstNtc.jpg\",\"contentUrl\":\"https:\\\/\\\/raed.academy\\\/wp-content\\\/uploads\\\/2020\\\/11\\\/un-simbolo-de-feminismo-dstNtc.jpg\",\"width\":400,\"height\":240},{\"@type\":\"BreadcrumbList\",\"@id\":\"https:\\\/\\\/raed.academy\\\/en\\\/events\\\/conference-the-history-of-the-feminist-movement\\\/#breadcrumb\",\"itemListElement\":[{\"@type\":\"ListItem\",\"position\":1,\"name\":\"Inicio\",\"item\":\"https:\\\/\\\/raed.academy\\\/en\\\/\"},{\"@type\":\"ListItem\",\"position\":2,\"name\":\"Events\",\"item\":\"https:\\\/\\\/raed.academy\\\/en\\\/events\\\/\"},{\"@type\":\"ListItem\",\"position\":3,\"name\":\"Conference: The History of the Feminist Movement\"}]},{\"@type\":\"WebSite\",\"@id\":\"https:\\\/\\\/raed.academy\\\/en\\\/#website\",\"url\":\"https:\\\/\\\/raed.academy\\\/en\\\/\",\"name\":\"Royal European Academy of Doctors\",\"description\":\"Corporaci\u00f3n de derecho p\u00fablico de car\u00e1cter cient\u00edfico, t\u00e9cnico y art\u00edstico, que tiene por objeto la investigaci\u00f3n, el estudio, el fomento y la extensi\u00f3n del conocimiento en su sentido m\u00e1s amplio.\",\"publisher\":{\"@id\":\"https:\\\/\\\/raed.academy\\\/en\\\/#organization\"},\"potentialAction\":[{\"@type\":\"SearchAction\",\"target\":{\"@type\":\"EntryPoint\",\"urlTemplate\":\"https:\\\/\\\/raed.academy\\\/en\\\/?s={search_term_string}\"},\"query-input\":{\"@type\":\"PropertyValueSpecification\",\"valueRequired\":true,\"valueName\":\"search_term_string\"}}],\"inLanguage\":\"en-US\"},{\"@type\":\"Organization\",\"@id\":\"https:\\\/\\\/raed.academy\\\/en\\\/#organization\",\"name\":\"Real Academia Europea de Doctores\",\"url\":\"https:\\\/\\\/raed.academy\\\/en\\\/\",\"logo\":{\"@type\":\"ImageObject\",\"inLanguage\":\"en-US\",\"@id\":\"https:\\\/\\\/raed.academy\\\/en\\\/#\\\/schema\\\/logo\\\/image\\\/\",\"url\":\"https:\\\/\\\/raed.academy\\\/wp-content\\\/uploads\\\/2017\\\/01\\\/cropped-logo_raed.png\",\"contentUrl\":\"https:\\\/\\\/raed.academy\\\/wp-content\\\/uploads\\\/2017\\\/01\\\/cropped-logo_raed.png\",\"width\":512,\"height\":512,\"caption\":\"Real Academia Europea de Doctores\"},\"image\":{\"@id\":\"https:\\\/\\\/raed.academy\\\/en\\\/#\\\/schema\\\/logo\\\/image\\\/\"},\"sameAs\":[\"http:\\\/\\\/fb.me\\\/raed.academy\",\"https:\\\/\\\/x.com\\\/raedacademy\",\"https:\\\/\\\/www.instagram.com\\\/raed.academy\\\/\",\"https:\\\/\\\/www.youtube.com\\\/channel\\\/UCUYQwW2KrdirNWihxMDObwg\"]}]}<\/script>\n<!-- \/ Yoast SEO plugin. -->","yoast_head_json":{"title":"Conference: The History of the Feminist Movement - Royal European Academy of Doctors","description":"The most relevant events and facets that have taken place throughout history in the struggle of women to achieve the goal of equality","robots":{"index":"index","follow":"follow","max-snippet":"max-snippet:-1","max-image-preview":"max-image-preview:large","max-video-preview":"max-video-preview:-1"},"canonical":"https:\/\/raed.academy\/en\/events\/conference-the-history-of-the-feminist-movement\/","og_locale":"en_US","og_type":"article","og_title":"Conference: The History of the Feminist Movement - Royal European Academy of Doctors","og_description":"The most relevant events and facets that have taken place throughout history in the struggle of women to achieve the goal of equality","og_url":"https:\/\/raed.academy\/en\/events\/conference-the-history-of-the-feminist-movement\/","og_site_name":"Royal European Academy of Doctors","article_publisher":"http:\/\/fb.me\/raed.academy","article_modified_time":"2024-07-08T11:39:23+00:00","og_image":[{"width":400,"height":240,"url":"https:\/\/raed.academy\/wp-content\/uploads\/2020\/11\/un-simbolo-de-feminismo-dstNtc.jpg","type":"image\/jpeg"}],"twitter_card":"summary_large_image","twitter_site":"@raedacademy","twitter_misc":{"Est. reading time":"3 minutes"},"schema":{"@context":"https:\/\/schema.org","@graph":[{"@type":"WebPage","@id":"https:\/\/raed.academy\/en\/events\/conference-the-history-of-the-feminist-movement\/","url":"https:\/\/raed.academy\/en\/events\/conference-the-history-of-the-feminist-movement\/","name":"Conference: The History of the Feminist Movement - Royal European Academy of Doctors","isPartOf":{"@id":"https:\/\/raed.academy\/en\/#website"},"primaryImageOfPage":{"@id":"https:\/\/raed.academy\/en\/events\/conference-the-history-of-the-feminist-movement\/#primaryimage"},"image":{"@id":"https:\/\/raed.academy\/en\/events\/conference-the-history-of-the-feminist-movement\/#primaryimage"},"thumbnailUrl":"https:\/\/raed.academy\/wp-content\/uploads\/2020\/11\/un-simbolo-de-feminismo-dstNtc.jpg","datePublished":"2024-02-29T16:21:59+00:00","dateModified":"2024-07-08T11:39:23+00:00","description":"The most relevant events and facets that have taken place throughout history in the struggle of women to achieve the goal of equality","breadcrumb":{"@id":"https:\/\/raed.academy\/en\/events\/conference-the-history-of-the-feminist-movement\/#breadcrumb"},"inLanguage":"en-US","potentialAction":[{"@type":"ReadAction","target":["https:\/\/raed.academy\/en\/events\/conference-the-history-of-the-feminist-movement\/"]}]},{"@type":"ImageObject","inLanguage":"en-US","@id":"https:\/\/raed.academy\/en\/events\/conference-the-history-of-the-feminist-movement\/#primaryimage","url":"https:\/\/raed.academy\/wp-content\/uploads\/2020\/11\/un-simbolo-de-feminismo-dstNtc.jpg","contentUrl":"https:\/\/raed.academy\/wp-content\/uploads\/2020\/11\/un-simbolo-de-feminismo-dstNtc.jpg","width":400,"height":240},{"@type":"BreadcrumbList","@id":"https:\/\/raed.academy\/en\/events\/conference-the-history-of-the-feminist-movement\/#breadcrumb","itemListElement":[{"@type":"ListItem","position":1,"name":"Inicio","item":"https:\/\/raed.academy\/en\/"},{"@type":"ListItem","position":2,"name":"Events","item":"https:\/\/raed.academy\/en\/events\/"},{"@type":"ListItem","position":3,"name":"Conference: The History of the Feminist Movement"}]},{"@type":"WebSite","@id":"https:\/\/raed.academy\/en\/#website","url":"https:\/\/raed.academy\/en\/","name":"Royal European Academy of Doctors","description":"Corporaci\u00f3n de derecho p\u00fablico de car\u00e1cter cient\u00edfico, t\u00e9cnico y art\u00edstico, que tiene por objeto la investigaci\u00f3n, el estudio, el fomento y la extensi\u00f3n del conocimiento en su sentido m\u00e1s amplio.","publisher":{"@id":"https:\/\/raed.academy\/en\/#organization"},"potentialAction":[{"@type":"SearchAction","target":{"@type":"EntryPoint","urlTemplate":"https:\/\/raed.academy\/en\/?s={search_term_string}"},"query-input":{"@type":"PropertyValueSpecification","valueRequired":true,"valueName":"search_term_string"}}],"inLanguage":"en-US"},{"@type":"Organization","@id":"https:\/\/raed.academy\/en\/#organization","name":"Real Academia Europea de Doctores","url":"https:\/\/raed.academy\/en\/","logo":{"@type":"ImageObject","inLanguage":"en-US","@id":"https:\/\/raed.academy\/en\/#\/schema\/logo\/image\/","url":"https:\/\/raed.academy\/wp-content\/uploads\/2017\/01\/cropped-logo_raed.png","contentUrl":"https:\/\/raed.academy\/wp-content\/uploads\/2017\/01\/cropped-logo_raed.png","width":512,"height":512,"caption":"Real Academia Europea de Doctores"},"image":{"@id":"https:\/\/raed.academy\/en\/#\/schema\/logo\/image\/"},"sameAs":["http:\/\/fb.me\/raed.academy","https:\/\/x.com\/raedacademy","https:\/\/www.instagram.com\/raed.academy\/","https:\/\/www.youtube.com\/channel\/UCUYQwW2KrdirNWihxMDObwg"]}]}},"_links":{"self":[{"href":"https:\/\/raed.academy\/en\/wp-json\/wp\/v2\/dp_events\/145908","targetHints":{"allow":["GET"]}}],"collection":[{"href":"https:\/\/raed.academy\/en\/wp-json\/wp\/v2\/dp_events"}],"about":[{"href":"https:\/\/raed.academy\/en\/wp-json\/wp\/v2\/types\/dp_events"}],"wp:featuredmedia":[{"embeddable":true,"href":"https:\/\/raed.academy\/en\/wp-json\/wp\/v2\/media\/96475"}],"wp:attachment":[{"href":"https:\/\/raed.academy\/en\/wp-json\/wp\/v2\/media?parent=145908"}],"curies":[{"name":"wp","href":"https:\/\/api.w.org\/{rel}","templated":true}]}}