{"id":142196,"date":"2023-12-13T10:24:27","date_gmt":"2023-12-13T10:24:27","guid":{"rendered":"https:\/\/raed.academy\/?post_type=dp_events&#038;p=142196"},"modified":"2024-07-08T09:30:05","modified_gmt":"2024-07-08T09:30:05","slug":"julia-prats-joins-as-a-numerary-member-of-the-raed","status":"publish","type":"dp_events","link":"https:\/\/raed.academy\/en\/events\/julia-prats-joins-as-a-numerary-member-of-the-raed\/","title":{"rendered":"M\u00aa Julia Prats joins as a Numerary Member of the RAED"},"content":{"rendered":"<p>[et_pb_section fb_built=&#8221;1&#8243; admin_label=&#8221;Secci\u00f3n&#8221; _builder_version=&#8221;4.16&#8243; _module_preset=&#8221;default&#8221; locked=&#8221;off&#8221; global_colors_info=&#8221;{}&#8221;][et_pb_row admin_label=&#8221;Fila&#8221; _builder_version=&#8221;4.25.0&#8243; _module_preset=&#8221;default&#8221; hover_enabled=&#8221;0&#8243; global_colors_info=&#8221;{}&#8221; max_width=&#8221;1400px&#8221; sticky_enabled=&#8221;0&#8243;][et_pb_column type=&#8221;4_4&#8243; _builder_version=&#8221;4.16&#8243; _module_preset=&#8221;default&#8221; global_colors_info=&#8221;{}&#8221;][et_pb_post_title meta=&#8221;off&#8221; featured_image=&#8221;off&#8221; admin_label=&#8221;T\u00edtulo de publicaci\u00f3n&#8221; _builder_version=&#8221;4.20.0&#8243; _module_preset=&#8221;default&#8221; global_colors_info=&#8221;{}&#8221;][\/et_pb_post_title][et_pb_text admin_label=&#8221;Detalles evento&#8221; _builder_version=&#8221;4.23.4&#8243; _module_preset=&#8221;default&#8221; global_colors_info=&#8221;{}&#8221;]<div id=\"attachment_142162\" style=\"width: 197px\" class=\"wp-caption alignright\"><img loading=\"lazy\" decoding=\"async\" aria-describedby=\"caption-attachment-142162\" class=\"wp-image-142162\" src=\"https:\/\/raed.academy\/wp-content\/uploads\/2023\/12\/Dra-Julia-Prats-230x317px.webp\" alt=\"Dra. Julia Prats\" width=\"187\" height=\"258\" \/><p id=\"caption-attachment-142162\" class=\"wp-caption-text\">Dr. Julia Prats<\/p><\/div><\/p>\n<p style=\"text-align: left;\">The <strong>Hon Dr. M\u00aa Julia Prats Moreno<\/strong>, Doctor in Business Administration, joins as a Numerary Member of the Royal European Academy of Doctors, with the speech <strong>La innovaci\u00f3n abierta como (potencial) motor de crecimiento de las personas y de la empresa<\/strong> (Open innovation as a (potential) engine of growth for people and companies).<\/p>\n<p><strong>Reply<\/strong>: <a href=\"_wp_link_placeholder\" data-wplink-edit=\"true\"><strong>Hon. Mr. Dr. Pedro Nueno Iniesta<\/strong><\/a>, Doctor in Business Administration and Management<strong><br \/><\/strong><\/p>\n<p><i class=\"fa-solid fa-location-dot\"><\/i> Assembly hall of the Fomento del Trabajo building, Via Laietana, 32 principal, Barcelona<\/p>\n<p><i class=\"fa-solid fa-calendar-days\"><\/i> Monday, 15 January 2024<\/p>\n<p><i class=\"fa-solid fa-clock\"><\/i> 18:30 h<\/p>\n<p><strong>Format:<\/strong> Face-to-face and streaming<\/p>\n<p><strong>Inscription: <\/strong>Please confirm attendance at the Secretariat: <a href=\"mailto:secretaria@raed.academy\"><strong>secretaria@raed.academy<\/strong><\/a> or <strong>tel. 93 667 40 54<\/strong><\/p>\n<p>&nbsp;<\/p>\n<p>[\/et_pb_text][et_pb_divider show_divider=&#8221;off&#8221; _builder_version=&#8221;4.22.1&#8243; _module_preset=&#8221;default&#8221; global_colors_info=&#8221;{}&#8221;][\/et_pb_divider][et_pb_text admin_label=&#8221;Txt &#8211; Follow the event live&#8221; _builder_version=&#8221;4.22.1&#8243; _module_preset=&#8221;default&#8221; locked=&#8221;off&#8221; global_colors_info=&#8221;{}&#8221;]<\/p>\n<h2>Follow the event live<\/h2>\n<p>You can follow the event live from this page.<\/p>\n<p>[\/et_pb_text][et_pb_video src=&#8221;https:\/\/youtu.be\/8ve02Oykg-w&#8221; _builder_version=&#8221;4.23.4&#8243; _module_preset=&#8221;default&#8221; animation_style=&#8221;flip&#8221; global_colors_info=&#8221;{}&#8221;][\/et_pb_video][et_pb_text admin_label=&#8221;hashtags&#8221; module_class=&#8221;hashtag&#8221; _builder_version=&#8221;4.20.0&#8243; _module_preset=&#8221;default&#8221; global_colors_info=&#8221;{}&#8221;]#AcademicosRAED<br \/>\n#inspirandoElConocimiento<br \/>\n[\/et_pb_text][et_pb_text admin_label=&#8221;Brief CV of Dr. Julia Prats&#8221; _builder_version=&#8221;4.23.1&#8243; _module_preset=&#8221;default&#8221; global_colors_info=&#8221;{}&#8221;]<\/p>\n<h2>Brief CV of Dr. Julia Prats<\/h2>\n<p>M\u00aa Julia Prats has a Doctor in Business Administration from the Graduate School of Business Administration of Harvard University, since June 2004. She obtained an MBA from the IESE Business School of the University of Navarra in June 1992. She has a degree in Industrial Engineering from the Polytechnic University of Catalonia, with a mention in Industrial Organization, obtained in June 1989.<\/p>\n<p>Her focus as an academic and researcher is on entrepreneurship, innovation and professional services companies. She has received several awards for her research, including the Kauffman Emerging Scholar and the McKinsey\/SMS Best Conference Paper award. Recently, she has focused on corporate entrepreneurship and has published several articles in Harvard Business Review and MIT Sloan Management Review. Her background includes projects that study the challenges of large corporations, exploring the influence of organization and governance on economic results. She has published books and articles on topics related to entrepreneurship, leadership and management, more than sixty business cases, and reports focused on open innovation and corporate entrepreneurship.<\/p>\n<p>She teaches courses on Entrepreneurship and innovation and growth strategies in various programs, including MBAs and International Executive Education. She has been a Visiting Professor at the Wharton Business School, IPADE (Mexico), INALDE (Colombia) and the University Asia Pacific (Philippines) among others.<\/p>\n<p>Professor Prats regularly participates in consulting activities and is an advisor to several international firms. She holds several Advisory Board positions at technology-enabled professional services firms.<\/p>\n<p>[\/et_pb_text][et_pb_text admin_label=&#8221;txt &#8211; atribucion img&#8221; module_class=&#8221;atribucion&#8221; _builder_version=&#8221;4.23.1&#8243; _module_preset=&#8221;default&#8221; global_colors_info=&#8221;{}&#8221;]<div id=\"attachment_142186\" style=\"width: 360px\" class=\"wp-caption aligncenter\"><img loading=\"lazy\" decoding=\"async\" aria-describedby=\"caption-attachment-142186\" class=\"wp-image-142186 size-full\" src=\"https:\/\/raed.academy\/wp-content\/uploads\/2023\/12\/bombilla-innovacion-licencia-pixabay.com_.webp\" alt=\"\" width=\"350\" height=\"300\" \/><p id=\"caption-attachment-142186\" class=\"wp-caption-text\">Featured image by <a href=\"https:\/\/pixabay.com\/es\/users\/theocrazzolara-10197635\/?utm_source=link-attribution&amp;utm_medium=referral&amp;utm_campaign=image&amp;utm_content=5038501\">Theo Crazzolara<\/a> on <a href=\"https:\/\/pixabay.com\/es\/\/?utm_source=link-attribution&amp;utm_medium=referral&amp;utm_campaign=image&amp;utm_content=5038501\">Pixabay<\/a><\/p><\/div>[\/et_pb_text][\/et_pb_column][\/et_pb_row][et_pb_row column_structure=&#8221;1_2,1_2&#8243; use_custom_gutter=&#8221;on&#8221; gutter_width=&#8221;1&#8243; admin_label=&#8221;Fila&#8221; _builder_version=&#8221;4.25.0&#8243; _module_preset=&#8221;default&#8221; max_width=&#8221;1400px&#8221; locked=&#8221;off&#8221; global_colors_info=&#8221;{}&#8221;][et_pb_column type=&#8221;1_2&#8243; _builder_version=&#8221;4.16&#8243; _module_preset=&#8221;default&#8221; global_colors_info=&#8221;{}&#8221;][et_pb_code admin_label=&#8221;C\u00f3digo &#8211; Organizes&#8221; _builder_version=&#8221;4.21.0&#8243; _module_preset=&#8221;default&#8221; global_colors_info=&#8221;{}&#8221;]<pee class=\"ttl-colaboradores\">Organizes:<\/pee><!-- [et_pb_line_break_holder] --><\/p>\n<div id=\"organizadores\"><!-- [et_pb_line_break_holder] --><\/p>\n<div class=\"logo-colaborador\"><a href=\"https:\/\/fundacionraed.org\/\" target=\"_blank\" rel=\"noopener noreferrer\"><img decoding=\"async\" src=\"https:\/\/raed.academy\/wp-content\/uploads\/2021\/10\/Logo-Fundacion-RAED-160px.jpg\" alt=\"Fundaci\u00f3n RAED\"><\/p>\n<div class=\"txt\"><\/div>\n<p><\/a><\/div>\n<p><!-- [et_pb_line_break_holder] --><!-- [et_pb_line_break_holder] --><\/p>\n<div class=\"logo-colaborador\"><a href=\"https:\/\/raed.academy\/en\/\" target=\"_blank\" rel=\"noopener noreferrer\"><img decoding=\"async\" src=\"https:\/\/raed.academy\/wp-content\/uploads\/2021\/10\/Logo-RAED-160px.jpg\" alt=\"Real Academia Europea de Doctores RAED\"><\/p>\n<div class=\"txt\"><\/div>\n<p><\/a><\/div>\n<p><!-- [et_pb_line_break_holder] --><\/div>\n<p>[\/et_pb_code][\/et_pb_column][et_pb_column type=&#8221;1_2&#8243; _builder_version=&#8221;4.16&#8243; _module_preset=&#8221;default&#8221; global_colors_info=&#8221;{}&#8221;][et_pb_code admin_label=&#8221;C\u00f3digo &#8211; In collaboration with&#8221; _builder_version=&#8221;4.25.0&#8243; _module_preset=&#8221;default&#8221; global_colors_info=&#8221;{}&#8221;]<pee class=\"ttl-colaboradores\">In collaboration with:<\/pee> <!-- [et_pb_line_break_holder] --><\/p>\n<div id=\"colaboradores\"><!-- [et_pb_line_break_holder] -->  <!-- [et_pb_line_break_holder] --><\/p>\n<div class=\"logo-colaborador\"><!-- [et_pb_line_break_holder] --><\/p>\n<div class=\"txt-circular\"><\/div>\n<p><!-- [et_pb_line_break_holder] -->  <a href=\"https:\/\/fundacioncajasol.com\/\" target=\"_blank\" rel=\"noopener noreferrer\"><img decoding=\"async\" src=\"https:\/\/raed.academy\/wp-content\/uploads\/2022\/06\/Fundacion-Cajasol.png\" alt=\"Fundaci\u00f3n Cajasol\"><\/a><\/div>\n<p><!-- [et_pb_line_break_holder] --><\/p>\n<div class=\"logo-colaborador\"><!-- [et_pb_line_break_holder] --><\/p>\n<div class=\"txt-circular\"><\/div>\n<p><!-- [et_pb_line_break_holder] -->  <a href=\"http:\/\/justicia.gencat.cat\/ca\/inici\" target=\"_blank\" rel=\"noopener noreferrer\"><img decoding=\"async\" src=\"https:\/\/raed.academy\/wp-content\/uploads\/2021\/10\/Generalitat-de-Catalunya-dept-Justicia-215px.jpg\" alt=\"Generalitat de catalunya\"><\/a><\/div>\n<p><!-- [et_pb_line_break_holder] --><\/div>\n<p>[\/et_pb_code][\/et_pb_column][\/et_pb_row][\/et_pb_section]<\/p>\n","protected":false},"excerpt":{"rendered":"<p>Doctor in Business Administration, she joins as a Full Academician of the RAED, with the speech &#8220;La innovaci\u00f3n abierta como (potencial) motor de crecimiento de las personas y de la empresa&#8221;<\/p>\n","protected":false},"featured_media":142186,"template":"","meta":{"_et_pb_use_builder":"on","_et_pb_old_content":"","_et_gb_content_width":""},"class_list":["post-142196","dp_events","type-dp_events","status-publish","has-post-thumbnail","hentry"],"yoast_head":"<!-- This site is optimized with the Yoast SEO plugin v27.5 - https:\/\/yoast.com\/product\/yoast-seo-wordpress\/ -->\n<title>M\u00aa Julia Prats joins as a Numerary Member of the RAED - Royal European Academy of Doctors<\/title>\n<meta name=\"description\" content=\"Doctor in Business Administration, enters the RAED with a speech on open innovation as an engine of growth for people and companies\" \/>\n<meta name=\"robots\" content=\"index, follow, max-snippet:-1, max-image-preview:large, max-video-preview:-1\" \/>\n<link rel=\"canonical\" href=\"https:\/\/raed.academy\/en\/events\/julia-prats-joins-as-a-numerary-member-of-the-raed\/\" \/>\n<meta property=\"og:locale\" content=\"en_US\" \/>\n<meta property=\"og:type\" content=\"article\" \/>\n<meta property=\"og:title\" content=\"M\u00aa Julia Prats joins as a Numerary Member of the RAED - Royal European Academy of Doctors\" \/>\n<meta property=\"og:description\" content=\"Doctor in Business Administration, enters the RAED with a speech on open innovation as an engine of growth for people and companies\" \/>\n<meta property=\"og:url\" content=\"https:\/\/raed.academy\/en\/events\/julia-prats-joins-as-a-numerary-member-of-the-raed\/\" \/>\n<meta property=\"og:site_name\" content=\"Royal European Academy of Doctors\" \/>\n<meta property=\"article:publisher\" content=\"http:\/\/fb.me\/raed.academy\" \/>\n<meta property=\"article:modified_time\" content=\"2024-07-08T09:30:05+00:00\" \/>\n<meta property=\"og:image\" content=\"https:\/\/raed.academy\/wp-content\/uploads\/2023\/12\/bombilla-innovacion-licencia-pixabay.com_.webp\" \/>\n\t<meta property=\"og:image:width\" content=\"350\" \/>\n\t<meta property=\"og:image:height\" content=\"300\" \/>\n\t<meta property=\"og:image:type\" content=\"image\/webp\" \/>\n<meta name=\"twitter:card\" content=\"summary_large_image\" \/>\n<meta name=\"twitter:site\" content=\"@raedacademy\" \/>\n<meta name=\"twitter:label1\" content=\"Est. reading time\" \/>\n\t<meta name=\"twitter:data1\" content=\"4 minutes\" \/>\n<script type=\"application\/ld+json\" class=\"yoast-schema-graph\">{\"@context\":\"https:\\\/\\\/schema.org\",\"@graph\":[{\"@type\":\"WebPage\",\"@id\":\"https:\\\/\\\/raed.academy\\\/en\\\/events\\\/julia-prats-joins-as-a-numerary-member-of-the-raed\\\/\",\"url\":\"https:\\\/\\\/raed.academy\\\/en\\\/events\\\/julia-prats-joins-as-a-numerary-member-of-the-raed\\\/\",\"name\":\"M\u00aa Julia Prats joins as a Numerary Member of the RAED - Royal European Academy of Doctors\",\"isPartOf\":{\"@id\":\"https:\\\/\\\/raed.academy\\\/en\\\/#website\"},\"primaryImageOfPage\":{\"@id\":\"https:\\\/\\\/raed.academy\\\/en\\\/events\\\/julia-prats-joins-as-a-numerary-member-of-the-raed\\\/#primaryimage\"},\"image\":{\"@id\":\"https:\\\/\\\/raed.academy\\\/en\\\/events\\\/julia-prats-joins-as-a-numerary-member-of-the-raed\\\/#primaryimage\"},\"thumbnailUrl\":\"https:\\\/\\\/raed.academy\\\/wp-content\\\/uploads\\\/2023\\\/12\\\/bombilla-innovacion-licencia-pixabay.com_.webp\",\"datePublished\":\"2023-12-13T10:24:27+00:00\",\"dateModified\":\"2024-07-08T09:30:05+00:00\",\"description\":\"Doctor in Business Administration, enters the RAED with a speech on open innovation as an engine of growth for people and companies\",\"breadcrumb\":{\"@id\":\"https:\\\/\\\/raed.academy\\\/en\\\/events\\\/julia-prats-joins-as-a-numerary-member-of-the-raed\\\/#breadcrumb\"},\"inLanguage\":\"en-US\",\"potentialAction\":[{\"@type\":\"ReadAction\",\"target\":[\"https:\\\/\\\/raed.academy\\\/en\\\/events\\\/julia-prats-joins-as-a-numerary-member-of-the-raed\\\/\"]}]},{\"@type\":\"ImageObject\",\"inLanguage\":\"en-US\",\"@id\":\"https:\\\/\\\/raed.academy\\\/en\\\/events\\\/julia-prats-joins-as-a-numerary-member-of-the-raed\\\/#primaryimage\",\"url\":\"https:\\\/\\\/raed.academy\\\/wp-content\\\/uploads\\\/2023\\\/12\\\/bombilla-innovacion-licencia-pixabay.com_.webp\",\"contentUrl\":\"https:\\\/\\\/raed.academy\\\/wp-content\\\/uploads\\\/2023\\\/12\\\/bombilla-innovacion-licencia-pixabay.com_.webp\",\"width\":350,\"height\":300},{\"@type\":\"BreadcrumbList\",\"@id\":\"https:\\\/\\\/raed.academy\\\/en\\\/events\\\/julia-prats-joins-as-a-numerary-member-of-the-raed\\\/#breadcrumb\",\"itemListElement\":[{\"@type\":\"ListItem\",\"position\":1,\"name\":\"Inicio\",\"item\":\"https:\\\/\\\/raed.academy\\\/en\\\/\"},{\"@type\":\"ListItem\",\"position\":2,\"name\":\"Events\",\"item\":\"https:\\\/\\\/raed.academy\\\/en\\\/events\\\/\"},{\"@type\":\"ListItem\",\"position\":3,\"name\":\"M\u00aa Julia Prats joins as a Numerary Member of the RAED\"}]},{\"@type\":\"WebSite\",\"@id\":\"https:\\\/\\\/raed.academy\\\/en\\\/#website\",\"url\":\"https:\\\/\\\/raed.academy\\\/en\\\/\",\"name\":\"Royal European Academy of Doctors\",\"description\":\"Corporaci\u00f3n de derecho p\u00fablico de car\u00e1cter cient\u00edfico, t\u00e9cnico y art\u00edstico, que tiene por objeto la investigaci\u00f3n, el estudio, el fomento y la extensi\u00f3n del conocimiento en su sentido m\u00e1s amplio.\",\"publisher\":{\"@id\":\"https:\\\/\\\/raed.academy\\\/en\\\/#organization\"},\"potentialAction\":[{\"@type\":\"SearchAction\",\"target\":{\"@type\":\"EntryPoint\",\"urlTemplate\":\"https:\\\/\\\/raed.academy\\\/en\\\/?s={search_term_string}\"},\"query-input\":{\"@type\":\"PropertyValueSpecification\",\"valueRequired\":true,\"valueName\":\"search_term_string\"}}],\"inLanguage\":\"en-US\"},{\"@type\":\"Organization\",\"@id\":\"https:\\\/\\\/raed.academy\\\/en\\\/#organization\",\"name\":\"Real Academia Europea de Doctores\",\"url\":\"https:\\\/\\\/raed.academy\\\/en\\\/\",\"logo\":{\"@type\":\"ImageObject\",\"inLanguage\":\"en-US\",\"@id\":\"https:\\\/\\\/raed.academy\\\/en\\\/#\\\/schema\\\/logo\\\/image\\\/\",\"url\":\"https:\\\/\\\/raed.academy\\\/wp-content\\\/uploads\\\/2017\\\/01\\\/cropped-logo_raed.png\",\"contentUrl\":\"https:\\\/\\\/raed.academy\\\/wp-content\\\/uploads\\\/2017\\\/01\\\/cropped-logo_raed.png\",\"width\":512,\"height\":512,\"caption\":\"Real Academia Europea de Doctores\"},\"image\":{\"@id\":\"https:\\\/\\\/raed.academy\\\/en\\\/#\\\/schema\\\/logo\\\/image\\\/\"},\"sameAs\":[\"http:\\\/\\\/fb.me\\\/raed.academy\",\"https:\\\/\\\/x.com\\\/raedacademy\",\"https:\\\/\\\/www.instagram.com\\\/raed.academy\\\/\",\"https:\\\/\\\/www.youtube.com\\\/channel\\\/UCUYQwW2KrdirNWihxMDObwg\"]}]}<\/script>\n<!-- \/ Yoast SEO plugin. -->","yoast_head_json":{"title":"M\u00aa Julia Prats joins as a Numerary Member of the RAED - Royal European Academy of Doctors","description":"Doctor in Business Administration, enters the RAED with a speech on open innovation as an engine of growth for people and companies","robots":{"index":"index","follow":"follow","max-snippet":"max-snippet:-1","max-image-preview":"max-image-preview:large","max-video-preview":"max-video-preview:-1"},"canonical":"https:\/\/raed.academy\/en\/events\/julia-prats-joins-as-a-numerary-member-of-the-raed\/","og_locale":"en_US","og_type":"article","og_title":"M\u00aa Julia Prats joins as a Numerary Member of the RAED - Royal European Academy of Doctors","og_description":"Doctor in Business Administration, enters the RAED with a speech on open innovation as an engine of growth for people and companies","og_url":"https:\/\/raed.academy\/en\/events\/julia-prats-joins-as-a-numerary-member-of-the-raed\/","og_site_name":"Royal European Academy of Doctors","article_publisher":"http:\/\/fb.me\/raed.academy","article_modified_time":"2024-07-08T09:30:05+00:00","og_image":[{"width":350,"height":300,"url":"https:\/\/raed.academy\/wp-content\/uploads\/2023\/12\/bombilla-innovacion-licencia-pixabay.com_.webp","type":"image\/webp"}],"twitter_card":"summary_large_image","twitter_site":"@raedacademy","twitter_misc":{"Est. reading time":"4 minutes"},"schema":{"@context":"https:\/\/schema.org","@graph":[{"@type":"WebPage","@id":"https:\/\/raed.academy\/en\/events\/julia-prats-joins-as-a-numerary-member-of-the-raed\/","url":"https:\/\/raed.academy\/en\/events\/julia-prats-joins-as-a-numerary-member-of-the-raed\/","name":"M\u00aa Julia Prats joins as a Numerary Member of the RAED - Royal European Academy of Doctors","isPartOf":{"@id":"https:\/\/raed.academy\/en\/#website"},"primaryImageOfPage":{"@id":"https:\/\/raed.academy\/en\/events\/julia-prats-joins-as-a-numerary-member-of-the-raed\/#primaryimage"},"image":{"@id":"https:\/\/raed.academy\/en\/events\/julia-prats-joins-as-a-numerary-member-of-the-raed\/#primaryimage"},"thumbnailUrl":"https:\/\/raed.academy\/wp-content\/uploads\/2023\/12\/bombilla-innovacion-licencia-pixabay.com_.webp","datePublished":"2023-12-13T10:24:27+00:00","dateModified":"2024-07-08T09:30:05+00:00","description":"Doctor in Business Administration, enters the RAED with a speech on open innovation as an engine of growth for people and companies","breadcrumb":{"@id":"https:\/\/raed.academy\/en\/events\/julia-prats-joins-as-a-numerary-member-of-the-raed\/#breadcrumb"},"inLanguage":"en-US","potentialAction":[{"@type":"ReadAction","target":["https:\/\/raed.academy\/en\/events\/julia-prats-joins-as-a-numerary-member-of-the-raed\/"]}]},{"@type":"ImageObject","inLanguage":"en-US","@id":"https:\/\/raed.academy\/en\/events\/julia-prats-joins-as-a-numerary-member-of-the-raed\/#primaryimage","url":"https:\/\/raed.academy\/wp-content\/uploads\/2023\/12\/bombilla-innovacion-licencia-pixabay.com_.webp","contentUrl":"https:\/\/raed.academy\/wp-content\/uploads\/2023\/12\/bombilla-innovacion-licencia-pixabay.com_.webp","width":350,"height":300},{"@type":"BreadcrumbList","@id":"https:\/\/raed.academy\/en\/events\/julia-prats-joins-as-a-numerary-member-of-the-raed\/#breadcrumb","itemListElement":[{"@type":"ListItem","position":1,"name":"Inicio","item":"https:\/\/raed.academy\/en\/"},{"@type":"ListItem","position":2,"name":"Events","item":"https:\/\/raed.academy\/en\/events\/"},{"@type":"ListItem","position":3,"name":"M\u00aa Julia Prats joins as a Numerary Member of the RAED"}]},{"@type":"WebSite","@id":"https:\/\/raed.academy\/en\/#website","url":"https:\/\/raed.academy\/en\/","name":"Royal European Academy of Doctors","description":"Corporaci\u00f3n de derecho p\u00fablico de car\u00e1cter cient\u00edfico, t\u00e9cnico y art\u00edstico, que tiene por objeto la investigaci\u00f3n, el estudio, el fomento y la extensi\u00f3n del conocimiento en su sentido m\u00e1s amplio.","publisher":{"@id":"https:\/\/raed.academy\/en\/#organization"},"potentialAction":[{"@type":"SearchAction","target":{"@type":"EntryPoint","urlTemplate":"https:\/\/raed.academy\/en\/?s={search_term_string}"},"query-input":{"@type":"PropertyValueSpecification","valueRequired":true,"valueName":"search_term_string"}}],"inLanguage":"en-US"},{"@type":"Organization","@id":"https:\/\/raed.academy\/en\/#organization","name":"Real Academia Europea de Doctores","url":"https:\/\/raed.academy\/en\/","logo":{"@type":"ImageObject","inLanguage":"en-US","@id":"https:\/\/raed.academy\/en\/#\/schema\/logo\/image\/","url":"https:\/\/raed.academy\/wp-content\/uploads\/2017\/01\/cropped-logo_raed.png","contentUrl":"https:\/\/raed.academy\/wp-content\/uploads\/2017\/01\/cropped-logo_raed.png","width":512,"height":512,"caption":"Real Academia Europea de Doctores"},"image":{"@id":"https:\/\/raed.academy\/en\/#\/schema\/logo\/image\/"},"sameAs":["http:\/\/fb.me\/raed.academy","https:\/\/x.com\/raedacademy","https:\/\/www.instagram.com\/raed.academy\/","https:\/\/www.youtube.com\/channel\/UCUYQwW2KrdirNWihxMDObwg"]}]}},"_links":{"self":[{"href":"https:\/\/raed.academy\/en\/wp-json\/wp\/v2\/dp_events\/142196","targetHints":{"allow":["GET"]}}],"collection":[{"href":"https:\/\/raed.academy\/en\/wp-json\/wp\/v2\/dp_events"}],"about":[{"href":"https:\/\/raed.academy\/en\/wp-json\/wp\/v2\/types\/dp_events"}],"wp:featuredmedia":[{"embeddable":true,"href":"https:\/\/raed.academy\/en\/wp-json\/wp\/v2\/media\/142186"}],"wp:attachment":[{"href":"https:\/\/raed.academy\/en\/wp-json\/wp\/v2\/media?parent=142196"}],"curies":[{"name":"wp","href":"https:\/\/api.w.org\/{rel}","templated":true}]}}