{"id":139559,"date":"2023-10-30T16:45:09","date_gmt":"2023-10-30T16:45:09","guid":{"rendered":"https:\/\/raed.academy\/?post_type=dp_events&#038;p=139559"},"modified":"2023-11-24T11:29:00","modified_gmt":"2023-11-24T11:29:00","slug":"world-peace-forum-barcelona","status":"publish","type":"dp_events","link":"https:\/\/raed.academy\/en\/events\/world-peace-forum-barcelona\/","title":{"rendered":"World Peace Forum Barcelona"},"content":{"rendered":"<p>[et_pb_section fb_built=&#8221;1&#8243; _builder_version=&#8221;4.23&#8243; _module_preset=&#8221;default&#8221; background_image=&#8221;https:\/\/raed.academy\/wp-content\/uploads\/2023\/10\/shutt-Barcelona-2.91.webp&#8221; locked=&#8221;off&#8221; global_colors_info=&#8221;{}&#8221;][et_pb_row _builder_version=&#8221;4.17.0&#8243; _module_preset=&#8221;default&#8221; background_color=&#8221;#FFFFFF&#8221; width=&#8221;95%&#8221; max_width=&#8221;650px&#8221; custom_margin=&#8221;|25px|||false|false&#8221; custom_padding=&#8221;30px|30px|30px|30px|false|false&#8221; animation_style=&#8221;flip&#8221; global_colors_info=&#8221;{}&#8221;][et_pb_column type=&#8221;4_4&#8243; _builder_version=&#8221;4.17.0&#8243; _module_preset=&#8221;default&#8221; global_colors_info=&#8221;{}&#8221;][et_pb_text admin_label=&#8221;Texto &#8211; ttl 15th edition of the World Peace Forum Barcelona&#8221; _builder_version=&#8221;4.23&#8243; _module_preset=&#8221;default&#8221; global_colors_info=&#8221;{}&#8221;]<\/p>\n<h3 style=\"text-align: center;\">15th edition of the World Peace Forum Barcelona<\/h3>\n<p>[\/et_pb_text][et_pb_post_title meta=&#8221;off&#8221; featured_image=&#8221;off&#8221; admin_label=&#8221;T\u00edtulo de publicaci\u00f3n&#8221; _builder_version=&#8221;4.17.0&#8243; _module_preset=&#8221;default&#8221; background_enable_color=&#8221;off&#8221; locked=&#8221;off&#8221; global_colors_info=&#8221;{}&#8221;][\/et_pb_post_title][et_pb_text admin_label=&#8221;Details&#8221; _builder_version=&#8221;4.23&#8243; _module_preset=&#8221;default&#8221; background_enable_color=&#8221;off&#8221; locked=&#8221;off&#8221; global_colors_info=&#8221;{}&#8221;]<\/p>\n<p><i class=\"fa-solid fa-location-dot\"><\/i> Barcelona<\/p>\n<p><i class=\"fa-solid fa-calendar-days\"><\/i> From November 23 to 25, 2023<\/p>\n<p>With the collaboration of the <strong>Royal European Academy of Doctors<\/strong><\/p>\n<p>Further information:<strong> <a href=\"https:\/\/www.barcelonaworldpeaceforum.com\/\" target=\"_blank\" rel=\"noopener\">World Peace Forum website<\/a><br \/><\/strong><\/p>\n<p>[\/et_pb_text][\/et_pb_column][\/et_pb_row][\/et_pb_section][et_pb_section fb_built=&#8221;1&#8243; admin_label=&#8221;section&#8221; _builder_version=&#8221;4.17.0&#8243; custom_padding=&#8221;0px||||false|false&#8221; locked=&#8221;off&#8221; global_colors_info=&#8221;{}&#8221;][et_pb_row admin_label=&#8221;row&#8221; _builder_version=&#8221;4.17.0&#8243; background_size=&#8221;initial&#8221; background_position=&#8221;top_left&#8221; background_repeat=&#8221;repeat&#8221; max_width=&#8221;1600px&#8221; global_colors_info=&#8221;{}&#8221;][et_pb_column type=&#8221;4_4&#8243; _builder_version=&#8221;4.16&#8243; custom_padding=&#8221;|||&#8221; global_colors_info=&#8221;{}&#8221; custom_padding__hover=&#8221;|||&#8221;][et_pb_button button_url=&#8221;https:\/\/www.barcelonaworldpeaceforum.com\/&#8221; url_new_window=&#8221;on&#8221; button_text=&#8221;Program and registration on the World Peace Forum site&#8221; button_alignment=&#8221;center&#8221; admin_label=&#8221;Button &#8211; Program and registration on the World Peace Forum site&#8221; _builder_version=&#8221;4.23&#8243; _module_preset=&#8221;default&#8221; custom_css_main_element=&#8221;font-weight: bold;&#8221; global_colors_info=&#8221;{}&#8221;][\/et_pb_button][et_pb_text admin_label=&#8221;Forum objectives&#8221; _builder_version=&#8221;4.23&#8243; background_size=&#8221;initial&#8221; background_position=&#8221;top_left&#8221; background_repeat=&#8221;repeat&#8221; global_colors_info=&#8221;{}&#8221;]<\/p>\n<h2>Forum objectives<\/h2>\n<p>The <strong>World Peace Forum<\/strong> is an internationally renowned conference dedicated to promoting peace and global cooperation. This alliance demonstrates the shared commitment of various institutions in the defense of human rights and academic research.<\/p>\n<p>This year, the <strong>World Peace Forum<\/strong> takes on special significance as it commemorates the 75th anniversary of the Universal Declaration of Human Rights.<\/p>\n<p>This historic milestone, adopted by the United Nations General Assembly in 1948, established the fundamental principles that govern the equality, dignity and inherent rights of all human beings.<\/p>\n<p>In the current context, where global challenges require strong international cooperation, remembering and reaffirming our commitment to human rights is more important than ever.<\/p>\n<p>As part of our collaboration, several distinguished academics from the <strong>Royal European Academy of Doctors<\/strong> will actively participate in the <strong>World Peace Forum<\/strong>. The RAED organizes two debate tables that will address crucial issues related to peace, human rights and global governance, both on November 24 at <em>Fomento del Trabajo<\/em>, headquarters of the institution.<\/p>\n<p>These debates will serve as platforms for the exchange of ideas, in which experts, leaders and academics from around the world will discuss strategies and solutions to address the challenges facing our society in the pursuit of peace and justice.<\/p>\n<p>The joining of forces in the <strong>World Peace Forum<\/strong> of the organizing and collaborating institutions, among which is the <strong>Royal European Academy of Doctors<\/strong>, represents a significant step towards promoting a more peaceful and just world.<\/p>\n<p>Together, we will work tirelessly to inspire, educate and empower present and future generations on the importance of respecting human rights and building a world where peace is a reality within everyone&#8217;s reach.<\/p>\n<p>[\/et_pb_text][et_pb_text admin_label=&#8221;RAED tables and participants&#8221; _builder_version=&#8221;4.23&#8243; _module_preset=&#8221;default&#8221; hover_enabled=&#8221;0&#8243; global_colors_info=&#8221;{}&#8221; sticky_enabled=&#8221;0&#8243;]<\/p>\n<h2>RAED tables and participants<\/h2>\n<h3>1st Round table: \u201cBuilding bridges, not walls: A peace approach in diplomacy and the global economy\u201d<\/h3>\n<p>Moderator: <strong>Dr. Cecilia Kindel\u00e1n Amorrich<\/strong>, Numerary Member of the RAED<\/p>\n<p><strong>Speakers:<\/strong><\/p>\n<ul>\n<li><strong>Ms. Mireia Belil<\/strong>, Geographer<\/li>\n<li><strong>Dr. Jos\u00e9 Ram\u00f3n Calvo Fern\u00e1ndez<\/strong>, President of the Institute of International Cooperation of the Royal European Academy of Doctor<\/li>\n<li><strong>Dr. Carlos Uma\u00f1a<\/strong>, Nobel Peace Prize winner in 2017<\/li>\n<\/ul>\n<h3>2a. Roundtable: &#8220;Peace through equity: Addressing social injustice on the world stage and the role of sustainable development in global stability&#8221;<\/h3>\n<p>Moderator: <strong>Dr. Jordi Mart\u00ed Pidelaserra<\/strong>, Numerary Member and Member of the Governing Board of the RAED<\/p>\n<p><strong>Speakers:<\/strong><\/p>\n<ul>\n<li><strong>Dr. Jaume Armengou Or\u00fas<\/strong>, Numerary Member of the RAED<\/li>\n<li><strong>Dr. Daniel Berzosa L\u00f3pez<\/strong>, Numerary Member and Member of the Governing Board of the RAED<\/li>\n<li><strong>Dr. Teresa Freixes Sanjuan<\/strong>, Vice President of the RAED<\/li>\n<li><strong>Dr. Ernst Iten<\/strong>, Former Swiss Ambassador<\/li>\n<li><strong>Dr. David Jou Mirabent<\/strong>, Numerary Member of the RAED<\/li>\n<li><strong>Dr. Francisco L\u00f3pez Mu\u00f1oz<\/strong>, Numerary Member of the RAED<\/li>\n<\/ul>\n<p>[\/et_pb_text][et_pb_video src=&#8221;https:\/\/youtu.be\/GqrYknhUKTo&#8221; _builder_version=&#8221;4.23&#8243; _module_preset=&#8221;default&#8221; global_colors_info=&#8221;{}&#8221;][\/et_pb_video][\/et_pb_column][\/et_pb_row][\/et_pb_section][et_pb_section fb_built=&#8221;1&#8243; _builder_version=&#8221;4.18.0&#8243; _module_preset=&#8221;default&#8221; locked=&#8221;off&#8221; global_colors_info=&#8221;{}&#8221;][et_pb_row use_custom_gutter=&#8221;on&#8221; gutter_width=&#8221;1&#8243; admin_label=&#8221;Fila&#8221; _builder_version=&#8221;4.23&#8243; _module_preset=&#8221;default&#8221; max_width=&#8221;1400px&#8221; locked=&#8221;off&#8221; global_colors_info=&#8221;{}&#8221;][et_pb_column type=&#8221;4_4&#8243; _builder_version=&#8221;4.16&#8243; _module_preset=&#8221;default&#8221; global_colors_info=&#8221;{}&#8221;][et_pb_code admin_label=&#8221;C\u00f3digo &#8211; organizadores&#8221; _builder_version=&#8221;4.23&#8243; _module_preset=&#8221;default&#8221; global_colors_info=&#8221;{}&#8221;]<pee class=\"ttl-colaboradores\">Organize:<\/pee><!-- [et_pb_line_break_holder] --><\/p>\n<div id=\"organizadores\" style=\"justify-content: space-between;\"><!-- [et_pb_line_break_holder] --><\/p>\n<div class=\"logo-colaborador\"><!-- [et_pb_line_break_holder] --><a href=\"https:\/\/schengenpeacefoundation.org\/\" target=\"_blank\" rel=\"noopener\"><!-- [et_pb_line_break_holder] --> <img decoding=\"async\" class=\"attachment-large size-large wp-image-831\" src=\"https:\/\/www.barcelonaworldpeaceforum.com\/wp-content\/uploads\/2023\/10\/schengen-peace-foundation.jpg\" alt=\"\" width=\"180\" \/><\/a><\/div>\n<p><!-- [et_pb_line_break_holder] --><\/p>\n<div class=\"logo-colaborador\"><!-- [et_pb_line_break_holder] --><a href=\"https:\/\/luxembourgpeaceprize.org\/\" target=\"_blank\" rel=\"noopener\"><!-- [et_pb_line_break_holder] --> <img decoding=\"async\" class=\"attachment-large size-large wp-image-1299\" src=\"https:\/\/www.barcelonaworldpeaceforum.com\/wp-content\/uploads\/2023\/10\/WPF-Luxembourg-Peace-Prize-mourning.png\" alt=\"\" width=\"180\" \/><\/a><\/div>\n<p><!-- [et_pb_line_break_holder] --><\/p>\n<div class=\"logo-colaborador\"><!-- [et_pb_line_break_holder] --><a href=\"http:\/\/worldpeaceforum.org\/\" target=\"_blank\" rel=\"noopener\"><!-- [et_pb_line_break_holder] --> <img decoding=\"async\" class=\"attachment-large size-large wp-image-1305\" src=\"https:\/\/www.barcelonaworldpeaceforum.com\/wp-content\/uploads\/2023\/10\/wpf-1.png\" alt=\"\" width=\"180\" \/><\/a><\/div>\n<p><!-- [et_pb_line_break_holder] --><\/p>\n<div class=\"logo-colaborador\"><!-- [et_pb_line_break_holder] -->  <img decoding=\"async\" class=\"attachment-large size-large wp-image-1303\" src=\"https:\/\/www.barcelonaworldpeaceforum.com\/wp-content\/uploads\/2023\/10\/YWPF.png\" alt=\"\" width=\"180\" \/><\/div>\n<p><!-- [et_pb_line_break_holder] --><\/div>\n<p><!-- [et_pb_line_break_holder] -->[\/et_pb_code][\/et_pb_column][\/et_pb_row][\/et_pb_section]<\/p>\n","protected":false},"excerpt":{"rendered":"<p>15th edition of the World Peace Forum Barcelona. An internationally renowned conference dedicated to promoting peace and global cooperation. With the collaboration of the RAED<\/p>\n","protected":false},"featured_media":139535,"template":"","meta":{"_et_pb_use_builder":"on","_et_pb_old_content":"","_et_gb_content_width":""},"class_list":["post-139559","dp_events","type-dp_events","status-publish","has-post-thumbnail","hentry","event_tag-conferences"],"yoast_head":"<!-- This site is optimized with the Yoast SEO plugin v27.5 - https:\/\/yoast.com\/product\/yoast-seo-wordpress\/ -->\n<title>World Peace Forum Barcelona - Royal European Academy of Doctors<\/title>\n<meta name=\"description\" content=\"An internationally renowned conference dedicated to promoting peace and global cooperation\" \/>\n<meta name=\"robots\" content=\"index, follow, max-snippet:-1, max-image-preview:large, max-video-preview:-1\" \/>\n<link rel=\"canonical\" href=\"https:\/\/raed.academy\/en\/events\/world-peace-forum-barcelona\/\" \/>\n<meta property=\"og:locale\" content=\"en_US\" \/>\n<meta property=\"og:type\" content=\"article\" \/>\n<meta property=\"og:title\" content=\"World Peace Forum Barcelona - Royal European Academy of Doctors\" \/>\n<meta property=\"og:description\" content=\"An internationally renowned conference dedicated to promoting peace and global cooperation\" \/>\n<meta property=\"og:url\" content=\"https:\/\/raed.academy\/en\/events\/world-peace-forum-barcelona\/\" \/>\n<meta property=\"og:site_name\" content=\"Royal European Academy of Doctors\" \/>\n<meta property=\"article:publisher\" content=\"http:\/\/fb.me\/raed.academy\" \/>\n<meta property=\"article:modified_time\" content=\"2023-11-24T11:29:00+00:00\" \/>\n<meta property=\"og:image\" content=\"https:\/\/raed.academy\/wp-content\/uploads\/2023\/10\/paloma-paz-mundial-1.17.webp\" \/>\n\t<meta property=\"og:image:width\" content=\"350\" \/>\n\t<meta property=\"og:image:height\" content=\"300\" \/>\n\t<meta property=\"og:image:type\" content=\"image\/webp\" \/>\n<meta name=\"twitter:card\" content=\"summary_large_image\" \/>\n<meta name=\"twitter:site\" content=\"@raedacademy\" \/>\n<meta name=\"twitter:label1\" content=\"Est. reading time\" \/>\n\t<meta name=\"twitter:data1\" content=\"4 minutes\" \/>\n<script type=\"application\/ld+json\" class=\"yoast-schema-graph\">{\"@context\":\"https:\\\/\\\/schema.org\",\"@graph\":[{\"@type\":\"WebPage\",\"@id\":\"https:\\\/\\\/raed.academy\\\/en\\\/events\\\/world-peace-forum-barcelona\\\/\",\"url\":\"https:\\\/\\\/raed.academy\\\/en\\\/events\\\/world-peace-forum-barcelona\\\/\",\"name\":\"World Peace Forum Barcelona - Royal European Academy of Doctors\",\"isPartOf\":{\"@id\":\"https:\\\/\\\/raed.academy\\\/en\\\/#website\"},\"primaryImageOfPage\":{\"@id\":\"https:\\\/\\\/raed.academy\\\/en\\\/events\\\/world-peace-forum-barcelona\\\/#primaryimage\"},\"image\":{\"@id\":\"https:\\\/\\\/raed.academy\\\/en\\\/events\\\/world-peace-forum-barcelona\\\/#primaryimage\"},\"thumbnailUrl\":\"https:\\\/\\\/raed.academy\\\/wp-content\\\/uploads\\\/2023\\\/10\\\/paloma-paz-mundial-1.17.webp\",\"datePublished\":\"2023-10-30T16:45:09+00:00\",\"dateModified\":\"2023-11-24T11:29:00+00:00\",\"description\":\"An internationally renowned conference dedicated to promoting peace and global cooperation\",\"breadcrumb\":{\"@id\":\"https:\\\/\\\/raed.academy\\\/en\\\/events\\\/world-peace-forum-barcelona\\\/#breadcrumb\"},\"inLanguage\":\"en-US\",\"potentialAction\":[{\"@type\":\"ReadAction\",\"target\":[\"https:\\\/\\\/raed.academy\\\/en\\\/events\\\/world-peace-forum-barcelona\\\/\"]}]},{\"@type\":\"ImageObject\",\"inLanguage\":\"en-US\",\"@id\":\"https:\\\/\\\/raed.academy\\\/en\\\/events\\\/world-peace-forum-barcelona\\\/#primaryimage\",\"url\":\"https:\\\/\\\/raed.academy\\\/wp-content\\\/uploads\\\/2023\\\/10\\\/paloma-paz-mundial-1.17.webp\",\"contentUrl\":\"https:\\\/\\\/raed.academy\\\/wp-content\\\/uploads\\\/2023\\\/10\\\/paloma-paz-mundial-1.17.webp\",\"width\":350,\"height\":300},{\"@type\":\"BreadcrumbList\",\"@id\":\"https:\\\/\\\/raed.academy\\\/en\\\/events\\\/world-peace-forum-barcelona\\\/#breadcrumb\",\"itemListElement\":[{\"@type\":\"ListItem\",\"position\":1,\"name\":\"Inicio\",\"item\":\"https:\\\/\\\/raed.academy\\\/en\\\/\"},{\"@type\":\"ListItem\",\"position\":2,\"name\":\"Events\",\"item\":\"https:\\\/\\\/raed.academy\\\/en\\\/events\\\/\"},{\"@type\":\"ListItem\",\"position\":3,\"name\":\"World Peace Forum Barcelona\"}]},{\"@type\":\"WebSite\",\"@id\":\"https:\\\/\\\/raed.academy\\\/en\\\/#website\",\"url\":\"https:\\\/\\\/raed.academy\\\/en\\\/\",\"name\":\"Royal European Academy of Doctors\",\"description\":\"Corporaci\u00f3n de derecho p\u00fablico de car\u00e1cter cient\u00edfico, t\u00e9cnico y art\u00edstico, que tiene por objeto la investigaci\u00f3n, el estudio, el fomento y la extensi\u00f3n del conocimiento en su sentido m\u00e1s amplio.\",\"publisher\":{\"@id\":\"https:\\\/\\\/raed.academy\\\/en\\\/#organization\"},\"potentialAction\":[{\"@type\":\"SearchAction\",\"target\":{\"@type\":\"EntryPoint\",\"urlTemplate\":\"https:\\\/\\\/raed.academy\\\/en\\\/?s={search_term_string}\"},\"query-input\":{\"@type\":\"PropertyValueSpecification\",\"valueRequired\":true,\"valueName\":\"search_term_string\"}}],\"inLanguage\":\"en-US\"},{\"@type\":\"Organization\",\"@id\":\"https:\\\/\\\/raed.academy\\\/en\\\/#organization\",\"name\":\"Real Academia Europea de Doctores\",\"url\":\"https:\\\/\\\/raed.academy\\\/en\\\/\",\"logo\":{\"@type\":\"ImageObject\",\"inLanguage\":\"en-US\",\"@id\":\"https:\\\/\\\/raed.academy\\\/en\\\/#\\\/schema\\\/logo\\\/image\\\/\",\"url\":\"https:\\\/\\\/raed.academy\\\/wp-content\\\/uploads\\\/2017\\\/01\\\/cropped-logo_raed.png\",\"contentUrl\":\"https:\\\/\\\/raed.academy\\\/wp-content\\\/uploads\\\/2017\\\/01\\\/cropped-logo_raed.png\",\"width\":512,\"height\":512,\"caption\":\"Real Academia Europea de Doctores\"},\"image\":{\"@id\":\"https:\\\/\\\/raed.academy\\\/en\\\/#\\\/schema\\\/logo\\\/image\\\/\"},\"sameAs\":[\"http:\\\/\\\/fb.me\\\/raed.academy\",\"https:\\\/\\\/x.com\\\/raedacademy\",\"https:\\\/\\\/www.instagram.com\\\/raed.academy\\\/\",\"https:\\\/\\\/www.youtube.com\\\/channel\\\/UCUYQwW2KrdirNWihxMDObwg\"]}]}<\/script>\n<!-- \/ Yoast SEO plugin. -->","yoast_head_json":{"title":"World Peace Forum Barcelona - Royal European Academy of Doctors","description":"An internationally renowned conference dedicated to promoting peace and global cooperation","robots":{"index":"index","follow":"follow","max-snippet":"max-snippet:-1","max-image-preview":"max-image-preview:large","max-video-preview":"max-video-preview:-1"},"canonical":"https:\/\/raed.academy\/en\/events\/world-peace-forum-barcelona\/","og_locale":"en_US","og_type":"article","og_title":"World Peace Forum Barcelona - Royal European Academy of Doctors","og_description":"An internationally renowned conference dedicated to promoting peace and global cooperation","og_url":"https:\/\/raed.academy\/en\/events\/world-peace-forum-barcelona\/","og_site_name":"Royal European Academy of Doctors","article_publisher":"http:\/\/fb.me\/raed.academy","article_modified_time":"2023-11-24T11:29:00+00:00","og_image":[{"width":350,"height":300,"url":"https:\/\/raed.academy\/wp-content\/uploads\/2023\/10\/paloma-paz-mundial-1.17.webp","type":"image\/webp"}],"twitter_card":"summary_large_image","twitter_site":"@raedacademy","twitter_misc":{"Est. reading time":"4 minutes"},"schema":{"@context":"https:\/\/schema.org","@graph":[{"@type":"WebPage","@id":"https:\/\/raed.academy\/en\/events\/world-peace-forum-barcelona\/","url":"https:\/\/raed.academy\/en\/events\/world-peace-forum-barcelona\/","name":"World Peace Forum Barcelona - Royal European Academy of Doctors","isPartOf":{"@id":"https:\/\/raed.academy\/en\/#website"},"primaryImageOfPage":{"@id":"https:\/\/raed.academy\/en\/events\/world-peace-forum-barcelona\/#primaryimage"},"image":{"@id":"https:\/\/raed.academy\/en\/events\/world-peace-forum-barcelona\/#primaryimage"},"thumbnailUrl":"https:\/\/raed.academy\/wp-content\/uploads\/2023\/10\/paloma-paz-mundial-1.17.webp","datePublished":"2023-10-30T16:45:09+00:00","dateModified":"2023-11-24T11:29:00+00:00","description":"An internationally renowned conference dedicated to promoting peace and global cooperation","breadcrumb":{"@id":"https:\/\/raed.academy\/en\/events\/world-peace-forum-barcelona\/#breadcrumb"},"inLanguage":"en-US","potentialAction":[{"@type":"ReadAction","target":["https:\/\/raed.academy\/en\/events\/world-peace-forum-barcelona\/"]}]},{"@type":"ImageObject","inLanguage":"en-US","@id":"https:\/\/raed.academy\/en\/events\/world-peace-forum-barcelona\/#primaryimage","url":"https:\/\/raed.academy\/wp-content\/uploads\/2023\/10\/paloma-paz-mundial-1.17.webp","contentUrl":"https:\/\/raed.academy\/wp-content\/uploads\/2023\/10\/paloma-paz-mundial-1.17.webp","width":350,"height":300},{"@type":"BreadcrumbList","@id":"https:\/\/raed.academy\/en\/events\/world-peace-forum-barcelona\/#breadcrumb","itemListElement":[{"@type":"ListItem","position":1,"name":"Inicio","item":"https:\/\/raed.academy\/en\/"},{"@type":"ListItem","position":2,"name":"Events","item":"https:\/\/raed.academy\/en\/events\/"},{"@type":"ListItem","position":3,"name":"World Peace Forum Barcelona"}]},{"@type":"WebSite","@id":"https:\/\/raed.academy\/en\/#website","url":"https:\/\/raed.academy\/en\/","name":"Royal European Academy of Doctors","description":"Corporaci\u00f3n de derecho p\u00fablico de car\u00e1cter cient\u00edfico, t\u00e9cnico y art\u00edstico, que tiene por objeto la investigaci\u00f3n, el estudio, el fomento y la extensi\u00f3n del conocimiento en su sentido m\u00e1s amplio.","publisher":{"@id":"https:\/\/raed.academy\/en\/#organization"},"potentialAction":[{"@type":"SearchAction","target":{"@type":"EntryPoint","urlTemplate":"https:\/\/raed.academy\/en\/?s={search_term_string}"},"query-input":{"@type":"PropertyValueSpecification","valueRequired":true,"valueName":"search_term_string"}}],"inLanguage":"en-US"},{"@type":"Organization","@id":"https:\/\/raed.academy\/en\/#organization","name":"Real Academia Europea de Doctores","url":"https:\/\/raed.academy\/en\/","logo":{"@type":"ImageObject","inLanguage":"en-US","@id":"https:\/\/raed.academy\/en\/#\/schema\/logo\/image\/","url":"https:\/\/raed.academy\/wp-content\/uploads\/2017\/01\/cropped-logo_raed.png","contentUrl":"https:\/\/raed.academy\/wp-content\/uploads\/2017\/01\/cropped-logo_raed.png","width":512,"height":512,"caption":"Real Academia Europea de Doctores"},"image":{"@id":"https:\/\/raed.academy\/en\/#\/schema\/logo\/image\/"},"sameAs":["http:\/\/fb.me\/raed.academy","https:\/\/x.com\/raedacademy","https:\/\/www.instagram.com\/raed.academy\/","https:\/\/www.youtube.com\/channel\/UCUYQwW2KrdirNWihxMDObwg"]}]}},"_links":{"self":[{"href":"https:\/\/raed.academy\/en\/wp-json\/wp\/v2\/dp_events\/139559","targetHints":{"allow":["GET"]}}],"collection":[{"href":"https:\/\/raed.academy\/en\/wp-json\/wp\/v2\/dp_events"}],"about":[{"href":"https:\/\/raed.academy\/en\/wp-json\/wp\/v2\/types\/dp_events"}],"wp:featuredmedia":[{"embeddable":true,"href":"https:\/\/raed.academy\/en\/wp-json\/wp\/v2\/media\/139535"}],"wp:attachment":[{"href":"https:\/\/raed.academy\/en\/wp-json\/wp\/v2\/media?parent=139559"}],"curies":[{"name":"wp","href":"https:\/\/api.w.org\/{rel}","templated":true}]}}