{"id":129942,"date":"2023-02-28T16:19:18","date_gmt":"2023-02-28T16:19:18","guid":{"rendered":"https:\/\/raed.academy\/?post_type=dp_events&#038;p=129942"},"modified":"2023-06-26T16:02:31","modified_gmt":"2023-06-26T16:02:31","slug":"vi-scientific-meeting-segovia-2023","status":"publish","type":"dp_events","link":"https:\/\/raed.academy\/en\/events\/vi-scientific-meeting-segovia-2023\/","title":{"rendered":"VI Scientific Meeting Segovia 2023 \u201cHistory, Art and Science. Challenges for development\u201d"},"content":{"rendered":"<p>[et_pb_section fb_built=&#8221;1&#8243; admin_label=&#8221;Secci\u00f3n&#8221; _builder_version=&#8221;4.20.0&#8243; _module_preset=&#8221;default&#8221; background_image=&#8221;https:\/\/raed.academy\/wp-content\/uploads\/2023\/02\/acueducto-Segovia-Shutt-carrusel.webp&#8221; locked=&#8221;off&#8221; global_colors_info=&#8221;{}&#8221;][et_pb_row _builder_version=&#8221;4.17.0&#8243; _module_preset=&#8221;default&#8221; background_color=&#8221;#FFFFFF&#8221; width=&#8221;95%&#8221; max_width=&#8221;650px&#8221; custom_margin=&#8221;|25px|||false|false&#8221; custom_padding=&#8221;30px|30px|30px|30px|false|false&#8221; animation_style=&#8221;flip&#8221; global_colors_info=&#8221;{}&#8221;][et_pb_column type=&#8221;4_4&#8243; _builder_version=&#8221;4.17.0&#8243; _module_preset=&#8221;default&#8221; global_colors_info=&#8221;{}&#8221;][et_pb_text admin_label=&#8221;Texto &#8211; ttl Mesa Redonda&#8221; _builder_version=&#8221;4.20.0&#8243; _module_preset=&#8221;default&#8221; hover_enabled=&#8221;0&#8243; global_colors_info=&#8221;{}&#8221; sticky_enabled=&#8221;0&#8243;]<\/p>\n<h3 style=\"text-align: center;\">Scientific Meeting<\/h3>\n<p>[\/et_pb_text][et_pb_post_title meta=&#8221;off&#8221; featured_image=&#8221;off&#8221; admin_label=&#8221;T\u00edtulo de publicaci\u00f3n&#8221; _builder_version=&#8221;4.20.0&#8243; _module_preset=&#8221;default&#8221; background_enable_color=&#8221;off&#8221; hover_enabled=&#8221;0&#8243; locked=&#8221;off&#8221; global_colors_info=&#8221;{}&#8221; sticky_enabled=&#8221;0&#8243;][\/et_pb_post_title][et_pb_text admin_label=&#8221;Detalles evento&#8221; _builder_version=&#8221;4.20.0&#8243; _module_preset=&#8221;default&#8221; background_enable_color=&#8221;off&#8221; hover_enabled=&#8221;0&#8243; locked=&#8221;off&#8221; global_colors_info=&#8221;{}&#8221; sticky_enabled=&#8221;0&#8243;]<\/p>\n<p><i class=\"fa-solid fa-location-dot\"><\/i> Segovia, Castilla y Le\u00f3n, Spain<\/p>\n<p><i class=\"fa-solid fa-calendar-days\"><\/i>Thursday, 23 March 2023<\/p>\n<p><strong>Format:<\/strong> Face-to-face<\/p>\n<p><strong>Registration:<\/strong> Contact the RAED Secretariat: <a href=\"mailto:secretaria@raed.academy\"><strong>secretaria@raed.academy<\/strong><\/a> o <strong>tel. 93 667 40 54<\/strong><strong><br \/><\/strong><\/p>\n<p><strong>Organize: <\/strong><a href=\"https:\/\/raed.academy\/en\/\" target=\"_blank\" rel=\"noopener\"><strong>Real Academia Europea de Doctores<\/strong><\/a> and<strong> <a href=\"https:\/\/fundacionraed.org\/\" target=\"_blank\" rel=\"noopener\">Fundaci\u00f3n Pro Real Academia Europea de Doctores<\/a><\/strong>, in collaboration with <strong><a href=\"https:\/\/realacademiadegastronomia.com\/\" target=\"_blank\" rel=\"noopener\">Real Academia Espa\u00f1ola de Gastronom\u00eda<\/a><\/strong><\/p>\n<p>[\/et_pb_text][\/et_pb_column][\/et_pb_row][\/et_pb_section][et_pb_section fb_built=&#8221;1&#8243; admin_label=&#8221;section&#8221; _builder_version=&#8221;4.20.0&#8243; custom_padding=&#8221;0px||||false|false&#8221; locked=&#8221;off&#8221; global_colors_info=&#8221;{}&#8221;][et_pb_row admin_label=&#8221;row&#8221; _builder_version=&#8221;4.17.0&#8243; background_size=&#8221;initial&#8221; background_position=&#8221;top_left&#8221; background_repeat=&#8221;repeat&#8221; max_width=&#8221;1600px&#8221; global_colors_info=&#8221;{}&#8221;][et_pb_column type=&#8221;4_4&#8243; _builder_version=&#8221;4.16&#8243; custom_padding=&#8221;|||&#8221; global_colors_info=&#8221;{}&#8221; custom_padding__hover=&#8221;|||&#8221;][et_pb_text admin_label=&#8221;breve descripci\u00f3n del evento&#8221; _builder_version=&#8221;4.21.0&#8243; _module_preset=&#8221;default&#8221; global_colors_info=&#8221;{}&#8221;]<\/p>\n<p>Multidisciplinary presentations, by different academics and people linked to the Institution.<\/p>\n<p>[\/et_pb_text][et_pb_video src=&#8221;https:\/\/youtu.be\/TDNlyVyIeEc&#8221; admin_label=&#8221;Video&#8221; _builder_version=&#8221;4.21.0&#8243; _module_preset=&#8221;default&#8221; animation_style=&#8221;flip&#8221; locked=&#8221;off&#8221; global_colors_info=&#8221;{}&#8221;][\/et_pb_video][et_pb_text admin_label=&#8221;Programa cient\u00edfico \/ \u00cdndice de ponencias&#8221; _builder_version=&#8221;4.21.0&#8243; _module_preset=&#8221;default&#8221; hover_enabled=&#8221;0&#8243; locked=&#8221;off&#8221; global_colors_info=&#8221;{}&#8221; sticky_enabled=&#8221;0&#8243;]<\/p>\n<h2>Scientific Program<\/h2>\n<p><strong>VI Meeting in Segovia \u2013 March 23 to 26, 2023 \u201cHistory, Art and Science. Challenges for development\u201d<\/strong><\/p>\n<ul>\n<li>Welcome. <a href=\"https:\/\/raed.academy\/en\/academicians\/dr-alfredo-rocafort-nicolau\/\" target=\"_blank\" rel=\"noopener\"><strong>Dr. Alfredo Rocafort<\/strong><\/a>.<\/li>\n<li>Empresa y pol\u00edtica en la encrucijada electoral. <a href=\"https:\/\/raed.academy\/academicos\/dr-aldo-olcese-santonja\/\" target=\"_blank\" rel=\"noopener\"><strong>Dr. Aldo Olcese<\/strong><\/a>.<\/li>\n<li>Alimentaci\u00f3n, Nutrici\u00f3n y Consumo. <a href=\"https:\/\/raed.academy\/academicos\/dr-rafael-urrialde-de-andres\/\" target=\"_blank\" rel=\"noopener\"><strong>Dr. Rafael Urrialde<\/strong><\/a>.<\/li>\n<li>China-Espa\u00f1a: econom\u00eda y tecnolog\u00eda. <strong>Sra. Liling Qi<\/strong>.<\/li>\n<li>Comer en sociedad: \u00bfQuo Vadis?: <strong><a href=\"https:\/\/raed.academy\/academicos\/dr-gregorio-varela-moreiras\/\" target=\"_blank\" rel=\"noopener\">Dr. Gregorio Varela<\/a><\/strong>.<\/li>\n<li>\u00bfDe verdad es posible una \u201c\u00fanica salud\u201d ?: <a href=\"https:\/\/raed.academy\/academicos\/dra-maria-dels-angels-calvo-torras\/\" target=\"_blank\" rel=\"noopener\"><strong>Dra. M. \u00c0ngels Calvo.<\/strong><\/a><\/li>\n<li>Gastronom\u00eda y empresa:<a href=\"https:\/\/raed.academy\/academicos\/dr-jaume-llopis-casellas\/\" target=\"_blank\" rel=\"noopener\"><strong> Dr. Jaime Llopis<\/strong><\/a>.<\/li>\n<li>Transici\u00f3n energ\u00e9tica: elecci\u00f3n entre necesidades y opciones. <strong><a href=\"https:\/\/raed.academy\/academicos\/dr-jose-maria-baldasano-recio\/\" target=\"_blank\" rel=\"noopener\">Dr. Jos\u00e9 Mar\u00eda<\/a><a href=\"https:\/\/raed.academy\/academicos\/dr-jose-maria-baldasano-recio\/\" target=\"_blank\" rel=\"noopener\"> Baldasano<\/a><\/strong>.<\/li>\n<li>Leer hoy a Kafka. <strong>Dra. Carmen G\u00f3mez Garc\u00eda.<\/strong><\/li>\n<li>Andr\u00e9s Laguna, m\u00e9dico, renacentista y Europeo &#8211; <a href=\"https:\/\/raed.academy\/academicos\/dr-joaquim-gironella-coll\/\" target=\"_blank\" rel=\"noopener\"><strong>Dr. Joaquin Gironella.<\/strong><\/a><\/li>\n<li>La sombra del Diosc\u00f3rides de Andr\u00e9s Laguna en los textos cervantinos. <a href=\"https:\/\/raed.academy\/academicos\/dr-francisco-lopez-munoz\/\" target=\"_blank\" rel=\"noopener\"><strong>Dr. Francisco L\u00f3pez.<\/strong><\/a><\/li>\n<li>El papel de las marcas con causa. <strong><a href=\"https:\/\/raed.academy\/academicos\/dra-maria-esther-subira-lobera\/\" target=\"_blank\" rel=\"noopener\">Dra. Esther Subir\u00e0<\/a><\/strong>.<\/li>\n<li>Importancia del idioma espa\u00f1ol en el mundo. <a href=\"https:\/\/raed.academy\/academicos\/dr-ignacio-buqueras-bach\/\" target=\"_blank\" rel=\"noopener\"><strong>Dr. Ignacio Buqueras.<\/strong><\/a><\/li>\n<li>Actualizaci\u00f3n sobre los riesgos de la luz de las pantallas. <strong>Sr. Nilo Garc\u00eda.<\/strong><\/li>\n<li>Fisiolog\u00eda del Humor.<a href=\"https:\/\/raed.academy\/academicos\/dr-jose-ramon-calvo-fernandez\/\" target=\"_blank\" rel=\"noopener\"><strong> Dr. Jos\u00e9 Ram\u00f3n Calvo.<\/strong><\/a><\/li>\n<li>La gastronom\u00eda, motor de la econom\u00eda y los objetivos de desarrollo sostenible 2030 de Espa\u00f1a. <strong>Sra. Lourdes Plana.<\/strong><\/li>\n<li>Una biblioteca apetitosa. <strong>Dra. Carmen Sim\u00f3n.<\/strong><\/li>\n<li>Posibilidades de la gastronom\u00eda para educar en ciencias. <strong>Dr. Antonio Mateos.<\/strong><\/li>\n<li>\u00bfQu\u00e9 fue de los pastores de Bel\u00e9n? <a href=\"https:\/\/raed.academy\/en\/academicians\/dr-xabier-anoveros-trias-de-bes\/\" target=\"_blank\" rel=\"noopener\"><strong>Dr. Xabier A\u00f1overos.<\/strong><\/a><\/li>\n<li>Reflexiones sobre la memoria. <a href=\"https:\/\/raed.academy\/academicos\/dra-cecilia-kindelan-amorrich\/\" target=\"_blank\" rel=\"noopener\"><strong>Dra. Cecilia Kindel\u00e1n.<\/strong><\/a><\/li>\n<li>Alta, Clara et Suavis. La Voz en la Edad Media. <strong>Dr. H\u00e9ctor Guerrero.<\/strong><\/li>\n<li>Closing Conference: Centenario de la Visita de Albert Einstein: conmemoraci\u00f3n del centenario (1923-2023) de su visita a Espa\u00f1a. <a href=\"https:\/\/raed.academy\/academicos\/dr-francisco-gonzalez-de-posada\/\" target=\"_blank\" rel=\"noopener\"><strong>Dr. Francisco Gonz\u00e1lez de Posada<\/strong><\/a><\/li>\n<\/ul>\n<hr \/>\n<p>[\/et_pb_text][et_pb_text admin_label=&#8221;Itinerario, objetivos y empresas organizadoras&#8221; _builder_version=&#8221;4.21.0&#8243; background_size=&#8221;initial&#8221; background_position=&#8221;top_left&#8221; background_repeat=&#8221;repeat&#8221; global_colors_info=&#8221;{}&#8221;]<\/p>\n<h2 style=\"text-align: left;\">Program<\/h2>\n<h3 style=\"text-align: left;\"><strong>Day 23: Thursday<\/strong><\/h3>\n<p><strong>11.55<\/strong> &#8211; Departure from Barcelona by IRYO train, Infinita Bistro class, bound for Madrid. Lunch included on board.<\/p>\n<p><strong>14.40<\/strong> &#8211; Arrival in Madrid &#8211; Atocha.<\/p>\n<p><strong>14.50 to 16.30<\/strong> &#8211; Transfer by direct coach to Segovia.<\/p>\n<p><strong>16.40<\/strong> &#8211; Overnight at Hotel C\u00e1ndido (4*). Free time to rest or enjoy the Spa (Including one entrance per person and stay).<\/p>\n<p><strong>20.00<\/strong> &#8211; Departure for dinner at the restaurant La Portada del Mediod\u00eda. Return to the hotel.<\/p>\n<p style=\"text-align: center;\"><img loading=\"lazy\" decoding=\"async\" class=\"alignleft\" src=\"https:\/\/raed.academy\/wp-content\/uploads\/2023\/02\/Segovia-04.webp\" width=\"508\" height=\"286\" \/><img loading=\"lazy\" decoding=\"async\" class=\"alignleft\" src=\"https:\/\/raed.academy\/wp-content\/uploads\/2023\/02\/Segovia-02.jpg\" width=\"379\" height=\"284\" \/><\/p>\n<h3>\u00a0<\/h3>\n<h3>\u00a0<\/h3>\n<h3>\u00a0<\/h3>\n<h3>\u00a0<\/h3>\n<h3>\u00a0<\/h3>\n<h3>\u00a0<\/h3>\n<h3>\u00a0<\/h3>\n<p>&nbsp;<\/p>\n<p>&nbsp;<\/p>\n<p>&nbsp;<\/p>\n<p>&nbsp;<\/p>\n<p>&nbsp;<\/p>\n<p>&nbsp;<\/p>\n<p>&nbsp;<\/p>\n<p>&nbsp;<\/p>\n<hr \/>\n<h3 style=\"text-align: left;\"><strong>Day 24: Friday<\/strong><\/h3>\n<p><strong>8.00 &#8211; 9.00<\/strong> &#8211; Breakfast.<\/p>\n<p><strong>9.15 to 13.00<\/strong> &#8211; Academic sessions at the hotel, in the usual format, in periods of 15 minutes (13 presentations).<\/p>\n<p><strong>13.45<\/strong> &#8211; Transfer to the Mes\u00f3n C\u00e1ndido located in the Plaza del Acueducto for lunch.<\/p>\n<p><strong>16.30 to 19.30<\/strong> &#8211; City tour of Segovia: Aqueduct, Alcazar, Cathedral and Church of San Esteban and free time to walk around Segovia and shopping. Reception with the mayor.<\/p>\n<p><strong>19.30<\/strong> &#8211; Return to the hotel.<\/p>\n<p><strong>20.30<\/strong> &#8211; Dinner at the hotel.<\/p>\n<p><img loading=\"lazy\" decoding=\"async\" class=\"alignleft\" style=\"text-align: center;\" src=\"https:\/\/raed.academy\/wp-content\/uploads\/2023\/02\/Catedral-de-Segovia-02.jpg\" width=\"484\" height=\"322\" \/><\/p>\n<h3><img loading=\"lazy\" decoding=\"async\" class=\"alignleft\" style=\"font-size: 16px; font-weight: 400; text-align: center;\" src=\"https:\/\/raed.academy\/wp-content\/uploads\/2023\/02\/Alcazar-Segovia-01.webp\" width=\"485\" height=\"323\" \/><\/h3>\n<p>&nbsp;<\/p>\n<p>&nbsp;<\/p>\n<p>&nbsp;<\/p>\n<p>&nbsp;<\/p>\n<p>&nbsp;<\/p>\n<p>&nbsp;<\/p>\n<p>&nbsp;<\/p>\n<p>&nbsp;<\/p>\n<h3>\u00a0<\/h3>\n<hr \/>\n<h3 style=\"text-align: left;\">Day 25 \u2013 Saturday<\/h3>\n<p><strong>8.00 to 8.45<\/strong> &#8211; Breakfast.<\/p>\n<p><strong>9.00 to 14.00<\/strong> &#8211; Departure to La Granja de San Ildefonso. There we will visit, the Royal Factory of Crystals, the Royal Palace, the Royal Stables and its famous Gardens. Reception of the<br \/>Mayor of La Granja and the members of the Association &#8220;Tutor del Judi\u00f3n de la Farm.&#8221; Return to the hotel.<\/p>\n<p><strong>14.30<\/strong> &#8211; Lunch at the hotel.<\/p>\n<p><strong>17.00 to 19.45<\/strong> &#8211; Start of the second part of the academic sessions (8 presentations).<\/p>\n<p><strong>21.00<\/strong> &#8211; Dinner at the hotel.<\/p>\n<p style=\"text-align: left;\"><img loading=\"lazy\" decoding=\"async\" class=\"\" src=\"https:\/\/raed.academy\/wp-content\/uploads\/2023\/02\/Palacio-Segovia-03.webp\" width=\"509\" height=\"339\" \/><img loading=\"lazy\" decoding=\"async\" class=\"alignleft\" src=\"https:\/\/raed.academy\/wp-content\/uploads\/2023\/02\/Segovia-03.webp\" width=\"475\" height=\"339\" \/><\/p>\n<hr \/>\n<h3 style=\"text-align: left;\">D\u00eda 26 \u2013 Sunday<\/h3>\n<p style=\"text-align: left;\"><strong>8.00 a 8.45<\/strong> &#8211; Breakfast.<\/p>\n<p style=\"text-align: left;\"><strong>9.00 a 11.45<\/strong> &#8211; Free time.<\/p>\n<p style=\"text-align: left;\"><strong>12.00 a 13.30<\/strong> -Departure by bus to Atocha station.<\/p>\n<p style=\"text-align: left;\"><strong>14.25<\/strong> &#8211; Boarding the IRYO train and lunch on board.<\/p>\n<p style=\"text-align: left;\"><strong>17.10<\/strong> &#8211; Arrival in Barcelona<\/p>\n<hr \/>\n<h3>SCIENTIFIC PROGRAM<\/h3>\n<h3>VI MEETING IN SEGOVIA &#8211; March 23 to 26, 2023<br \/>&#8220;History, Art and Science. Challenges for development&#8221;<\/h3>\n<p><strong><br \/>Thursday 23:<\/strong><\/p>\n<p>&nbsp;<\/p>\n<p>Welcome to the participants in the restaurant La Portada del Mediod\u00eda by the president of<br \/>the Royal European Academy of Doctors.<\/p>\n<p><strong>Friday 24:<\/strong><\/p>\n<p>&nbsp;<\/p>\n<p><strong>9.15-9.30<\/strong>: Empresa y pol\u00edtica en la encrucijada electoral. <a href=\"https:\/\/raed.academy\/academicos\/dr-aldo-olcese-santonja\/\" target=\"_blank\" rel=\"noopener\"><strong>Dr. Aldo Olcese<\/strong><\/a>.<\/p>\n<p><strong>9.30.9.45<\/strong>: Alimentaci\u00f3n, Nutrici\u00f3n y Consumo. <a href=\"https:\/\/raed.academy\/academicos\/dr-rafael-urrialde-de-andres\/\" target=\"_blank\" rel=\"noopener\"><strong>Dr. Rafael Urrialde<\/strong><\/a>.<\/p>\n<p><strong>9.45-10.00<\/strong>: China-Espa\u00f1a: econom\u00eda y tecnolog\u00eda. <strong>Sra. Liling Qi<\/strong>.<\/p>\n<p><strong>10.00-10.15<\/strong>: Comer en sociedad: \u00bfQuo Vadis?: <strong><a href=\"https:\/\/raed.academy\/academicos\/dr-gregorio-varela-moreiras\/\" target=\"_blank\" rel=\"noopener\">Dr. Gregorio Varela<\/a><\/strong>.<\/p>\n<p><strong>10.15-10.30<\/strong>: \u00bfDe verdad es posible una \u201c\u00fanica salud\u201d ?: <a href=\"https:\/\/raed.academy\/academicos\/dra-maria-dels-angels-calvo-torras\/\" target=\"_blank\" rel=\"noopener\"><strong>Dra. M. \u00c0ngels Calvo.<\/strong><\/a><\/p>\n<p><strong>10.30-10.45<\/strong>: Gastronom\u00eda y empresa:<a href=\"https:\/\/raed.academy\/academicos\/dr-jaume-llopis-casellas\/\" target=\"_blank\" rel=\"noopener\"><strong> Dr. Jaime Llopis<\/strong><\/a>.<\/p>\n<p><strong>10.45.11.00<\/strong>: Transici\u00f3n energ\u00e9tica: elecci\u00f3n entre necesidades y opciones. <strong><a href=\"https:\/\/raed.academy\/academicos\/dr-jose-maria-baldasano-recio\/\" target=\"_blank\" rel=\"noopener\">Dr. Jos\u00e9 Mar\u00eda<\/a><a href=\"https:\/\/raed.academy\/academicos\/dr-jose-maria-baldasano-recio\/\" target=\"_blank\" rel=\"noopener\"> Baldasano<\/a><\/strong>.<\/p>\n<p><strong>11.00-11.30<\/strong>: Pausa caf\u00e9<\/p>\n<p><strong>11.30-11.45<\/strong>: Leer hoy a Kafka. <strong>Dra. Carmen G\u00f3mez Garc\u00eda.<\/strong><\/p>\n<p><strong>11.45-12.00<\/strong>: Andr\u00e9s Laguna, m\u00e9dico, renacentista y Europeo &#8211; <a href=\"https:\/\/raed.academy\/academicos\/dr-joaquim-gironella-coll\/\" target=\"_blank\" rel=\"noopener\"><strong>Dr. Joaquin Gironella.<\/strong><\/a><\/p>\n<p><strong>12.00-12.15<\/strong>: La sombra del Diosc\u00f3rides de Andr\u00e9s Laguna en los textos cervantinos. <a href=\"https:\/\/raed.academy\/academicos\/dr-francisco-lopez-munoz\/\" target=\"_blank\" rel=\"noopener\"><strong>Dr. Francisco L\u00f3pez.<\/strong><\/a><\/p>\n<p><strong>12.15-12.30<\/strong>: El papel de las marcas con causa. <strong><a href=\"https:\/\/raed.academy\/academicos\/dra-maria-esther-subira-lobera\/\" target=\"_blank\" rel=\"noopener\">Dra. Esther Subir\u00e0<\/a><\/strong>.<\/p>\n<p><strong>12.30-12.45<\/strong>: Importancia del idioma espa\u00f1ol en el mundo. <a href=\"https:\/\/raed.academy\/academicos\/dr-ignacio-buqueras-bach\/\" target=\"_blank\" rel=\"noopener\"><strong>Dr. Ignacio Buqueras.<\/strong><\/a><\/p>\n<p><strong>12.45.13.00<\/strong>: Actualizaci\u00f3n sobre los riesgos de la luz de las pantallas. <strong>Sr. Nilo Garc\u00eda.<br \/><\/strong><strong><br \/>Saturday 25:<\/strong><\/p>\n<p>&nbsp;<\/p>\n<p><strong>17.00-17.15<\/strong>: Fisiolog\u00eda del Humor.<a href=\"https:\/\/raed.academy\/academicos\/dr-jose-ramon-calvo-fernandez\/\" target=\"_blank\" rel=\"noopener\"><strong> Dr. Jos\u00e9 Ram\u00f3n Calvo.<\/strong><\/a><\/p>\n<p><strong>17.15.-17.30<\/strong>: La gastronom\u00eda, motor de la econom\u00eda y los objetivos de desarrollo sostenible 2030 de Espa\u00f1a. <strong>Sra. Lourdes Plana.<\/strong><\/p>\n<p><strong>17.30-17.45<\/strong>: Una biblioteca apetitosa. <strong>Dra. Carmen Sim\u00f3n.<\/strong><\/p>\n<p><strong>17.45-18.00<\/strong>: Posibilidades de la gastronom\u00eda para educar en ciencias. <strong>Dr. Antonio Mateos.<\/strong><\/p>\n<p><strong>18.00-18.15<\/strong>: Pausa-Caf\u00e9<\/p>\n<p><strong>18.15-18.30<\/strong>: \u00bfQu\u00e9 fue de los pastores de Bel\u00e9n? <a href=\"https:\/\/raed.academy\/en\/academicians\/dr-xabier-anoveros-trias-de-bes\/\" target=\"_blank\" rel=\"noopener\"><strong>Dr. Xabier A\u00f1overos.<\/strong><\/a><\/p>\n<p><strong>18.30-18.45<\/strong>: Reflexiones sobre la memoria. <a href=\"https:\/\/raed.academy\/academicos\/dra-cecilia-kindelan-amorrich\/\" target=\"_blank\" rel=\"noopener\"><strong>Dra. Cecilia Kindel\u00e1n.<\/strong><\/a><\/p>\n<p><strong>18.45-19.00<\/strong>: Alta, Clara et Suavis. La Voz en la Edad Media. <strong>Dr. H\u00e9ctor Guerrero.<\/strong><\/p>\n<p><strong>19.00-19.45<\/strong>: Conferencia de Clausura: Centenario de la Visita de Albert Einstein: conmemoraci\u00f3n<br \/>del centenario (1923-2023) de su visita a Espa\u00f1a. <a href=\"https:\/\/raed.academy\/academicos\/dr-francisco-gonzalez-de-posada\/\" target=\"_blank\" rel=\"noopener\"><strong>Dr. Francisco Gonz\u00e1lez de Posada.<\/strong><\/a><\/p>\n<p>[\/et_pb_text][et_pb_text admin_label=&#8221;Characteristics Of The Presentations&#8221; module_id=&#8221;caracteristicas-ponencias&#8221; _builder_version=&#8221;4.20.0&#8243; _module_preset=&#8221;default&#8221; global_colors_info=&#8221;{}&#8221;]<\/p>\n<h2>Characteristics Of The Presentations \u2013 Segovia 2023<\/h2>\n<p><strong>(A) PUBLIC EXHIBITION<\/strong><\/p>\n<p><strong>1.<\/strong> In advance, it is necessary to <strong>dispose as quickly as possible<\/strong><br \/><strong>of the title of the paper<\/strong> so that it can be included in the scientific program.<\/p>\n<p><strong>2.<\/strong> All papers must be <strong>presented in person<\/strong> at the meeting venue.<\/p>\n<p><strong>3.<\/strong> The strict duration of each exposure will be <strong>15 minutes.<\/strong><\/p>\n<p><strong>4.<\/strong> If desired, <strong>audiovisual presentations can be used.<\/strong><\/p>\n<p><strong>5.<\/strong> When preparing the presentation it is essential to take into account<br \/>that the public is varied, not specialist, <strong>so the subject to be addressed<\/strong><br \/><strong>and the exposure must be appropriate to the general interest.<\/strong><\/p>\n<p><strong>6.<\/strong> In order to speed up pauses between presentations,<br \/>Those who intend to use <strong>PowerPoint<\/strong>, should refer to the<br \/><strong>RAED Secretary Mail: secretaria@raed.academy with a minimum<\/strong><br \/><strong>of 72 hours before the event<\/strong>, that file so that it can be loaded from<br \/>in advance and the necessary tests can be done before them.<\/p>\n<p><strong>B) WRITTEN PAPER<br \/><\/strong><br \/><strong>1. <\/strong>The written text of the same must contain the <strong>title<\/strong>, a <strong>minimum of<\/strong><br \/><strong>2,500 words<\/strong> and include, necessarily, a very brief summary of the <strong>CV<\/strong> of the<br \/>speaker, <strong>biographical references<\/strong> and <strong>abstract of 250 words<\/strong>, this summary<br \/>It must be in <strong>Spanish and if possible in English.<\/strong><\/p>\n<p><strong>2.<\/strong> <strong>For the publication of the papers must be sent before 28<\/strong><br \/><strong>April 2023 the text in Word<\/strong> that will be subsequently published, with the<br \/>typical characteristics of this type of work (photographs, tables, figures and<br \/>graphs with correlative numbering and with the reference bibliography cited).<\/p>\n<hr \/>\n<p>&nbsp;<\/p>\n<p>[\/et_pb_text][\/et_pb_column][\/et_pb_row][\/et_pb_section][et_pb_section fb_built=&#8221;1&#8243; _builder_version=&#8221;4.18.0&#8243; _module_preset=&#8221;default&#8221; locked=&#8221;off&#8221; global_colors_info=&#8221;{}&#8221;][et_pb_row column_structure=&#8221;2_5,3_5&#8243; use_custom_gutter=&#8221;on&#8221; gutter_width=&#8221;1&#8243; _builder_version=&#8221;4.20.2&#8243; _module_preset=&#8221;default&#8221; width=&#8221;92%&#8221; max_width=&#8221;1600px&#8221; module_alignment=&#8221;center&#8221; locked=&#8221;off&#8221; global_colors_info=&#8221;{}&#8221;][et_pb_column type=&#8221;2_5&#8243; _builder_version=&#8221;4.20.2&#8243; _module_preset=&#8221;default&#8221; global_colors_info=&#8221;{}&#8221;][et_pb_code admin_label=&#8221;C\u00f3digo &#8211; Organize&#8221; _builder_version=&#8221;4.20.2&#8243; _module_preset=&#8221;default&#8221; global_colors_info=&#8221;{}&#8221;]<pee class=\"ttl-colaboradores\">Organize:<\/pee><!-- [et_pb_line_break_holder] --><\/p>\n<div id=\"organizadores\"><!-- [et_pb_line_break_holder] --><\/p>\n<div class=\"logo-colaborador\"><a href=\"https:\/\/fundacionraed.org\/\" target=\"_blank\" rel=\"noopener noreferrer\"><img decoding=\"async\" src=\"https:\/\/raed.academy\/wp-content\/uploads\/2021\/10\/Logo-Fundacion-RAED-160px.jpg\" alt=\"Fundaci\u00f3n RAED\"><\/p>\n<div class=\"txt\"><\/div>\n<p><\/a><\/div>\n<p><!-- [et_pb_line_break_holder] --><!-- [et_pb_line_break_holder] --><\/p>\n<div class=\"logo-colaborador\"><a href=\"https:\/\/raed.academy\/en\/\" target=\"_blank\" rel=\"noopener noreferrer\"><img decoding=\"async\" src=\"https:\/\/raed.academy\/wp-content\/uploads\/2021\/10\/Logo-RAED-160px.jpg\" alt=\"Real Academia Europea de Doctores RAED\"><\/p>\n<div class=\"txt\"><\/div>\n<p><\/a><\/div>\n<p><!-- [et_pb_line_break_holder] --><\/div>\n<p>[\/et_pb_code][\/et_pb_column][et_pb_column type=&#8221;3_5&#8243; _builder_version=&#8221;4.20.2&#8243; _module_preset=&#8221;default&#8221; global_colors_info=&#8221;{}&#8221;][et_pb_code admin_label=&#8221;C\u00f3digo &#8211; In collaboration with&#8221; _builder_version=&#8221;4.20.2&#8243; _module_preset=&#8221;default&#8221; global_colors_info=&#8221;{}&#8221;]<pee class=\"ttl-colaboradores\">In collaboration with:<\/pee> <!-- [et_pb_line_break_holder] --><\/p>\n<div id=\"colaboradores\"><!-- [et_pb_line_break_holder] --><!-- [et_pb_line_break_holder] -->  <!-- [et_pb_line_break_holder] --><\/p>\n<div class=\"logo-colaborador\"><!-- [et_pb_line_break_holder] --><\/p>\n<div class=\"txt-circular\"><\/div>\n<p><!-- [et_pb_line_break_holder] -->  <a href=\"https:\/\/realacademiadegastronomia.com\/\" target=\"_blank\" rel=\"noopener noreferrer\"><img decoding=\"async\" src=\"https:\/\/raed.academy\/wp-content\/uploads\/2023\/03\/Real-Academia-de-Gastronomia-logo.png\" alt=\"\" width=\"120\" ><\/a><\/div>\n<p><!-- [et_pb_line_break_holder] --><!-- [et_pb_line_break_holder] --><\/p>\n<div class=\"logo-colaborador\"><!-- [et_pb_line_break_holder] --><\/p>\n<div class=\"txt-circular\"><\/div>\n<p><!-- [et_pb_line_break_holder] -->  <a href=\"https:\/\/fundacioncajaruraldesegovia.es\/\" target=\"_blank\" rel=\"noopener noreferrer\"><img decoding=\"async\" src=\"https:\/\/raed.academy\/wp-content\/uploads\/2023\/03\/Fundacion-Caja-Rural-Segovia-logo.png\" alt=\"\" width=\"200\" ><\/a><\/div>\n<p><!-- [et_pb_line_break_holder] -->  <!-- [et_pb_line_break_holder] --><\/p>\n<div class=\"logo-colaborador\"><!-- [et_pb_line_break_holder] --><\/p>\n<div class=\"txt-circular\"><\/div>\n<p><!-- [et_pb_line_break_holder] -->  <a href=\"http:\/\/justicia.gencat.cat\/ca\/inici\" target=\"_blank\" rel=\"noopener noreferrer\"><img decoding=\"async\" src=\"https:\/\/raed.academy\/wp-content\/uploads\/2021\/10\/Generalitat-de-Catalunya-dept-Justicia-215px.jpg\" alt=\"Generalitat de catalunya\"><\/a><\/div>\n<p><!-- [et_pb_line_break_holder] --><\/div>\n<p>[\/et_pb_code][\/et_pb_column][\/et_pb_row][\/et_pb_section][et_pb_section fb_built=&#8221;1&#8243; fullwidth=&#8221;on&#8221; _builder_version=&#8221;4.20.0&#8243; _module_preset=&#8221;default&#8221; locked=&#8221;off&#8221; global_colors_info=&#8221;{}&#8221;][et_pb_fullwidth_image src=&#8221;https:\/\/raed.academy\/wp-content\/uploads\/2023\/02\/acueducto-Segovia-Shutt-carrusel.webp&#8221; title_text=&#8221;acueducto-Segovia-Shutt-carrusel&#8221; _builder_version=&#8221;4.20.0&#8243; _module_preset=&#8221;default&#8221; global_colors_info=&#8221;{}&#8221;][\/et_pb_fullwidth_image][\/et_pb_section]<\/p>\n","protected":false},"excerpt":{"rendered":"<p>The RAED celebrates its VI Scientific Meeting in Segovia, with 15-minute conferences, on varied topics and of general interest<\/p>\n","protected":false},"featured_media":129924,"template":"","meta":{"_et_pb_use_builder":"on","_et_pb_old_content":"","_et_gb_content_width":""},"class_list":["post-129942","dp_events","type-dp_events","status-publish","has-post-thumbnail","hentry"],"yoast_head":"<!-- This site is optimized with the Yoast SEO plugin v27.4 - https:\/\/yoast.com\/product\/yoast-seo-wordpress\/ -->\n<title>VI Scientific Meeting Segovia 2023 \u201cHistory, Art and Science. Challenges for development\u201d - Royal European Academy of Doctors<\/title>\n<meta name=\"description\" content=\"We are pleased to announce the celebration of the &quot;VI Scientific Meeting Segovia 2023: History, Art and Science. Challenges for development&quot; that will take place from 23 to 26 March 2023.\" \/>\n<meta name=\"robots\" content=\"index, follow, max-snippet:-1, max-image-preview:large, max-video-preview:-1\" \/>\n<link rel=\"canonical\" href=\"https:\/\/raed.academy\/en\/events\/vi-scientific-meeting-segovia-2023\/\" \/>\n<meta property=\"og:locale\" content=\"en_US\" \/>\n<meta property=\"og:type\" content=\"article\" \/>\n<meta property=\"og:title\" content=\"VI Scientific Meeting Segovia 2023 \u201cHistory, Art and Science. Challenges for development\u201d - Royal European Academy of Doctors\" \/>\n<meta property=\"og:description\" content=\"We are pleased to announce the celebration of the &quot;VI Scientific Meeting Segovia 2023: History, Art and Science. Challenges for development&quot; that will take place from 23 to 26 March 2023.\" \/>\n<meta property=\"og:url\" content=\"https:\/\/raed.academy\/en\/events\/vi-scientific-meeting-segovia-2023\/\" \/>\n<meta property=\"og:site_name\" content=\"Royal European Academy of Doctors\" \/>\n<meta property=\"article:publisher\" content=\"http:\/\/fb.me\/raed.academy\" \/>\n<meta property=\"article:modified_time\" content=\"2023-06-26T16:02:31+00:00\" \/>\n<meta property=\"og:image\" content=\"https:\/\/raed.academy\/wp-content\/uploads\/2023\/02\/Segovia-01.webp\" \/>\n\t<meta property=\"og:image:width\" content=\"427\" \/>\n\t<meta property=\"og:image:height\" content=\"640\" \/>\n\t<meta property=\"og:image:type\" content=\"image\/webp\" \/>\n<meta name=\"twitter:card\" content=\"summary_large_image\" \/>\n<meta name=\"twitter:site\" content=\"@raedacademy\" \/>\n<meta name=\"twitter:label1\" content=\"Est. reading time\" \/>\n\t<meta name=\"twitter:data1\" content=\"9 minutes\" \/>\n<script type=\"application\/ld+json\" class=\"yoast-schema-graph\">{\"@context\":\"https:\\\/\\\/schema.org\",\"@graph\":[{\"@type\":\"WebPage\",\"@id\":\"https:\\\/\\\/raed.academy\\\/en\\\/events\\\/vi-scientific-meeting-segovia-2023\\\/\",\"url\":\"https:\\\/\\\/raed.academy\\\/en\\\/events\\\/vi-scientific-meeting-segovia-2023\\\/\",\"name\":\"VI Scientific Meeting Segovia 2023 \u201cHistory, Art and Science. Challenges for development\u201d - Royal European Academy of Doctors\",\"isPartOf\":{\"@id\":\"https:\\\/\\\/raed.academy\\\/en\\\/#website\"},\"primaryImageOfPage\":{\"@id\":\"https:\\\/\\\/raed.academy\\\/en\\\/events\\\/vi-scientific-meeting-segovia-2023\\\/#primaryimage\"},\"image\":{\"@id\":\"https:\\\/\\\/raed.academy\\\/en\\\/events\\\/vi-scientific-meeting-segovia-2023\\\/#primaryimage\"},\"thumbnailUrl\":\"https:\\\/\\\/raed.academy\\\/wp-content\\\/uploads\\\/2023\\\/02\\\/Segovia-01.webp\",\"datePublished\":\"2023-02-28T16:19:18+00:00\",\"dateModified\":\"2023-06-26T16:02:31+00:00\",\"description\":\"We are pleased to announce the celebration of the \\\"VI Scientific Meeting Segovia 2023: History, Art and Science. Challenges for development\\\" that will take place from 23 to 26 March 2023.\",\"breadcrumb\":{\"@id\":\"https:\\\/\\\/raed.academy\\\/en\\\/events\\\/vi-scientific-meeting-segovia-2023\\\/#breadcrumb\"},\"inLanguage\":\"en-US\",\"potentialAction\":[{\"@type\":\"ReadAction\",\"target\":[\"https:\\\/\\\/raed.academy\\\/en\\\/events\\\/vi-scientific-meeting-segovia-2023\\\/\"]}]},{\"@type\":\"ImageObject\",\"inLanguage\":\"en-US\",\"@id\":\"https:\\\/\\\/raed.academy\\\/en\\\/events\\\/vi-scientific-meeting-segovia-2023\\\/#primaryimage\",\"url\":\"https:\\\/\\\/raed.academy\\\/wp-content\\\/uploads\\\/2023\\\/02\\\/Segovia-01.webp\",\"contentUrl\":\"https:\\\/\\\/raed.academy\\\/wp-content\\\/uploads\\\/2023\\\/02\\\/Segovia-01.webp\",\"width\":427,\"height\":640},{\"@type\":\"BreadcrumbList\",\"@id\":\"https:\\\/\\\/raed.academy\\\/en\\\/events\\\/vi-scientific-meeting-segovia-2023\\\/#breadcrumb\",\"itemListElement\":[{\"@type\":\"ListItem\",\"position\":1,\"name\":\"Inicio\",\"item\":\"https:\\\/\\\/raed.academy\\\/en\\\/\"},{\"@type\":\"ListItem\",\"position\":2,\"name\":\"Events\",\"item\":\"https:\\\/\\\/raed.academy\\\/en\\\/events\\\/\"},{\"@type\":\"ListItem\",\"position\":3,\"name\":\"VI Scientific Meeting Segovia 2023 \u201cHistory, Art and Science. Challenges for development\u201d\"}]},{\"@type\":\"WebSite\",\"@id\":\"https:\\\/\\\/raed.academy\\\/en\\\/#website\",\"url\":\"https:\\\/\\\/raed.academy\\\/en\\\/\",\"name\":\"Royal European Academy of Doctors\",\"description\":\"Corporaci\u00f3n de derecho p\u00fablico de car\u00e1cter cient\u00edfico, t\u00e9cnico y art\u00edstico, que tiene por objeto la investigaci\u00f3n, el estudio, el fomento y la extensi\u00f3n del conocimiento en su sentido m\u00e1s amplio.\",\"publisher\":{\"@id\":\"https:\\\/\\\/raed.academy\\\/en\\\/#organization\"},\"potentialAction\":[{\"@type\":\"SearchAction\",\"target\":{\"@type\":\"EntryPoint\",\"urlTemplate\":\"https:\\\/\\\/raed.academy\\\/en\\\/?s={search_term_string}\"},\"query-input\":{\"@type\":\"PropertyValueSpecification\",\"valueRequired\":true,\"valueName\":\"search_term_string\"}}],\"inLanguage\":\"en-US\"},{\"@type\":\"Organization\",\"@id\":\"https:\\\/\\\/raed.academy\\\/en\\\/#organization\",\"name\":\"Real Academia Europea de Doctores\",\"url\":\"https:\\\/\\\/raed.academy\\\/en\\\/\",\"logo\":{\"@type\":\"ImageObject\",\"inLanguage\":\"en-US\",\"@id\":\"https:\\\/\\\/raed.academy\\\/en\\\/#\\\/schema\\\/logo\\\/image\\\/\",\"url\":\"https:\\\/\\\/raed.academy\\\/wp-content\\\/uploads\\\/2017\\\/01\\\/cropped-logo_raed.png\",\"contentUrl\":\"https:\\\/\\\/raed.academy\\\/wp-content\\\/uploads\\\/2017\\\/01\\\/cropped-logo_raed.png\",\"width\":512,\"height\":512,\"caption\":\"Real Academia Europea de Doctores\"},\"image\":{\"@id\":\"https:\\\/\\\/raed.academy\\\/en\\\/#\\\/schema\\\/logo\\\/image\\\/\"},\"sameAs\":[\"http:\\\/\\\/fb.me\\\/raed.academy\",\"https:\\\/\\\/x.com\\\/raedacademy\",\"https:\\\/\\\/www.instagram.com\\\/raed.academy\\\/\",\"https:\\\/\\\/www.youtube.com\\\/channel\\\/UCUYQwW2KrdirNWihxMDObwg\"]}]}<\/script>\n<!-- \/ Yoast SEO plugin. -->","yoast_head_json":{"title":"VI Scientific Meeting Segovia 2023 \u201cHistory, Art and Science. Challenges for development\u201d - Royal European Academy of Doctors","description":"We are pleased to announce the celebration of the \"VI Scientific Meeting Segovia 2023: History, Art and Science. Challenges for development\" that will take place from 23 to 26 March 2023.","robots":{"index":"index","follow":"follow","max-snippet":"max-snippet:-1","max-image-preview":"max-image-preview:large","max-video-preview":"max-video-preview:-1"},"canonical":"https:\/\/raed.academy\/en\/events\/vi-scientific-meeting-segovia-2023\/","og_locale":"en_US","og_type":"article","og_title":"VI Scientific Meeting Segovia 2023 \u201cHistory, Art and Science. Challenges for development\u201d - Royal European Academy of Doctors","og_description":"We are pleased to announce the celebration of the \"VI Scientific Meeting Segovia 2023: History, Art and Science. Challenges for development\" that will take place from 23 to 26 March 2023.","og_url":"https:\/\/raed.academy\/en\/events\/vi-scientific-meeting-segovia-2023\/","og_site_name":"Royal European Academy of Doctors","article_publisher":"http:\/\/fb.me\/raed.academy","article_modified_time":"2023-06-26T16:02:31+00:00","og_image":[{"width":427,"height":640,"url":"https:\/\/raed.academy\/wp-content\/uploads\/2023\/02\/Segovia-01.webp","type":"image\/webp"}],"twitter_card":"summary_large_image","twitter_site":"@raedacademy","twitter_misc":{"Est. reading time":"9 minutes"},"schema":{"@context":"https:\/\/schema.org","@graph":[{"@type":"WebPage","@id":"https:\/\/raed.academy\/en\/events\/vi-scientific-meeting-segovia-2023\/","url":"https:\/\/raed.academy\/en\/events\/vi-scientific-meeting-segovia-2023\/","name":"VI Scientific Meeting Segovia 2023 \u201cHistory, Art and Science. Challenges for development\u201d - Royal European Academy of Doctors","isPartOf":{"@id":"https:\/\/raed.academy\/en\/#website"},"primaryImageOfPage":{"@id":"https:\/\/raed.academy\/en\/events\/vi-scientific-meeting-segovia-2023\/#primaryimage"},"image":{"@id":"https:\/\/raed.academy\/en\/events\/vi-scientific-meeting-segovia-2023\/#primaryimage"},"thumbnailUrl":"https:\/\/raed.academy\/wp-content\/uploads\/2023\/02\/Segovia-01.webp","datePublished":"2023-02-28T16:19:18+00:00","dateModified":"2023-06-26T16:02:31+00:00","description":"We are pleased to announce the celebration of the \"VI Scientific Meeting Segovia 2023: History, Art and Science. Challenges for development\" that will take place from 23 to 26 March 2023.","breadcrumb":{"@id":"https:\/\/raed.academy\/en\/events\/vi-scientific-meeting-segovia-2023\/#breadcrumb"},"inLanguage":"en-US","potentialAction":[{"@type":"ReadAction","target":["https:\/\/raed.academy\/en\/events\/vi-scientific-meeting-segovia-2023\/"]}]},{"@type":"ImageObject","inLanguage":"en-US","@id":"https:\/\/raed.academy\/en\/events\/vi-scientific-meeting-segovia-2023\/#primaryimage","url":"https:\/\/raed.academy\/wp-content\/uploads\/2023\/02\/Segovia-01.webp","contentUrl":"https:\/\/raed.academy\/wp-content\/uploads\/2023\/02\/Segovia-01.webp","width":427,"height":640},{"@type":"BreadcrumbList","@id":"https:\/\/raed.academy\/en\/events\/vi-scientific-meeting-segovia-2023\/#breadcrumb","itemListElement":[{"@type":"ListItem","position":1,"name":"Inicio","item":"https:\/\/raed.academy\/en\/"},{"@type":"ListItem","position":2,"name":"Events","item":"https:\/\/raed.academy\/en\/events\/"},{"@type":"ListItem","position":3,"name":"VI Scientific Meeting Segovia 2023 \u201cHistory, Art and Science. Challenges for development\u201d"}]},{"@type":"WebSite","@id":"https:\/\/raed.academy\/en\/#website","url":"https:\/\/raed.academy\/en\/","name":"Royal European Academy of Doctors","description":"Corporaci\u00f3n de derecho p\u00fablico de car\u00e1cter cient\u00edfico, t\u00e9cnico y art\u00edstico, que tiene por objeto la investigaci\u00f3n, el estudio, el fomento y la extensi\u00f3n del conocimiento en su sentido m\u00e1s amplio.","publisher":{"@id":"https:\/\/raed.academy\/en\/#organization"},"potentialAction":[{"@type":"SearchAction","target":{"@type":"EntryPoint","urlTemplate":"https:\/\/raed.academy\/en\/?s={search_term_string}"},"query-input":{"@type":"PropertyValueSpecification","valueRequired":true,"valueName":"search_term_string"}}],"inLanguage":"en-US"},{"@type":"Organization","@id":"https:\/\/raed.academy\/en\/#organization","name":"Real Academia Europea de Doctores","url":"https:\/\/raed.academy\/en\/","logo":{"@type":"ImageObject","inLanguage":"en-US","@id":"https:\/\/raed.academy\/en\/#\/schema\/logo\/image\/","url":"https:\/\/raed.academy\/wp-content\/uploads\/2017\/01\/cropped-logo_raed.png","contentUrl":"https:\/\/raed.academy\/wp-content\/uploads\/2017\/01\/cropped-logo_raed.png","width":512,"height":512,"caption":"Real Academia Europea de Doctores"},"image":{"@id":"https:\/\/raed.academy\/en\/#\/schema\/logo\/image\/"},"sameAs":["http:\/\/fb.me\/raed.academy","https:\/\/x.com\/raedacademy","https:\/\/www.instagram.com\/raed.academy\/","https:\/\/www.youtube.com\/channel\/UCUYQwW2KrdirNWihxMDObwg"]}]}},"_links":{"self":[{"href":"https:\/\/raed.academy\/en\/wp-json\/wp\/v2\/dp_events\/129942","targetHints":{"allow":["GET"]}}],"collection":[{"href":"https:\/\/raed.academy\/en\/wp-json\/wp\/v2\/dp_events"}],"about":[{"href":"https:\/\/raed.academy\/en\/wp-json\/wp\/v2\/types\/dp_events"}],"wp:featuredmedia":[{"embeddable":true,"href":"https:\/\/raed.academy\/en\/wp-json\/wp\/v2\/media\/129924"}],"wp:attachment":[{"href":"https:\/\/raed.academy\/en\/wp-json\/wp\/v2\/media?parent=129942"}],"curies":[{"name":"wp","href":"https:\/\/api.w.org\/{rel}","templated":true}]}}