{"id":129843,"date":"2023-02-24T17:35:26","date_gmt":"2023-02-24T17:35:26","guid":{"rendered":"https:\/\/raed.academy\/?post_type=dp_events&#038;p=129843"},"modified":"2023-04-24T12:30:05","modified_gmt":"2023-04-24T12:30:05","slug":"act-of-admission-as-numerary-academician-of-the-raed-dr-luis-de-las-heras-vives","status":"publish","type":"dp_events","link":"https:\/\/raed.academy\/en\/events\/act-of-admission-as-numerary-academician-of-the-raed-dr-luis-de-las-heras-vives\/","title":{"rendered":"Act of admission as Numerary Academician of the RAED: Dr. Luis de las Heras Vives"},"content":{"rendered":"<p>[et_pb_section fb_built=&#8221;1&#8243; admin_label=&#8221;Secci\u00f3n&#8221; _builder_version=&#8221;4.16&#8243; _module_preset=&#8221;default&#8221; locked=&#8221;off&#8221; global_colors_info=&#8221;{}&#8221;][et_pb_row admin_label=&#8221;Fila&#8221; _builder_version=&#8221;4.16&#8243; _module_preset=&#8221;default&#8221; global_colors_info=&#8221;{}&#8221;][et_pb_column type=&#8221;4_4&#8243; _builder_version=&#8221;4.16&#8243; _module_preset=&#8221;default&#8221; global_colors_info=&#8221;{}&#8221;][et_pb_post_title meta=&#8221;off&#8221; featured_image=&#8221;off&#8221; admin_label=&#8221;T\u00edtulo de publicaci\u00f3n&#8221; _builder_version=&#8221;4.20.0&#8243; _module_preset=&#8221;default&#8221; global_colors_info=&#8221;{}&#8221;][\/et_pb_post_title][et_pb_text admin_label=&#8221;Detalles evento&#8221; _builder_version=&#8221;4.20.4&#8243; _module_preset=&#8221;default&#8221; hover_enabled=&#8221;0&#8243; global_colors_info=&#8221;{}&#8221; sticky_enabled=&#8221;0&#8243;]<div style=\"width: 240px\" class=\"wp-caption alignright\"><img loading=\"lazy\" decoding=\"async\" src=\"https:\/\/raed.academy\/wp-content\/uploads\/2023\/03\/Luis-de-las-Heras-Vives-230x317px.jpg\" alt=\"\" width=\"230\" height=\"317\" \/><p class=\"wp-caption-text\">Dr. Luis de las Heras Vives<\/p><\/div><\/p>\n<p style=\"text-align: left;\">The <a href=\"https:\/\/raed.academy\/en\/academicians\/dr-luis-de-las-heras-vives\/\" target=\"_blank\" rel=\"noopener\"><strong>Hon. Dr. Luis de las Heras Vives<\/strong><\/a>, Doctor in Law, enters as Numerary Member of the Royal European Academy of Doctors, with the speech entitled <a href=\"https:\/\/raed.academy\/publicaciones\/estado-actual-del-derecho-penal-y-la-politica-criminal-espanola-luis-de-las-heras-vives.pdf\" target=\"_blank\" rel=\"noopener\"><strong>\u201cEstado actual del derecho penal y la pol\u00edtica criminal espa\u00f1ola\u201d<\/strong><\/a>.<strong><br \/><\/strong><\/p>\n<p><strong>Response by<\/strong>: <strong><a href=\"https:\/\/raed.academy\/en\/academicians\/dr-rafael-i-barraquer-compte\/dr-fermin-morales-prats-2\/\" target=\"_blank\" rel=\"noopener\">Hon. Dr. Ferm\u00edn Morales Prats<\/a><\/strong>, Doctor in Economics and Business Management<\/p>\n<p><strong>Venue: <\/strong>Assembly Hall of the Foment del Treball building, Via Laietana, 32 main, Barcelona, 08023, Barcelona, Spain<\/p>\n<p><strong>Event date<\/strong>: Tuesday, 14 March 2023<\/p>\n<p><strong>Event time<\/strong>: 18:30 h<\/p>\n<p><strong>Format:<\/strong>\u00a0Face to face<\/p>\n<p><strong>Registration:\u00a0<\/strong>Please confirm attendance at the RAED Secretariat:\u00a0<a href=\"mailto:secretaria@raed.academy\"><strong>secretaria@raed.academy<\/strong><\/a>\u00a0or\u00a0<strong>tel. 93 667 40 54<\/strong><\/p>\n<p>[\/et_pb_text][et_pb_divider show_divider=&#8221;off&#8221; _builder_version=&#8221;4.16&#8243; _module_preset=&#8221;default&#8221; global_colors_info=&#8221;{}&#8221;][\/et_pb_divider][et_pb_text admin_label=&#8221;Txt &#8211; Seguir el evento en directo&#8221; _builder_version=&#8221;4.20.0&#8243; _module_preset=&#8221;default&#8221; global_colors_info=&#8221;{}&#8221;]<\/p>\n<h2>Follow the event live<\/h2>\n<p>[\/et_pb_text][et_pb_video src=&#8221;https:\/\/www.youtube.com\/watch?v=NX6IwVMgydE&#8221; _builder_version=&#8221;4.20.0&#8243; _module_preset=&#8221;default&#8221; animation_style=&#8221;flip&#8221; global_colors_info=&#8221;{}&#8221;][\/et_pb_video][et_pb_text admin_label=&#8221;hashtags&#8221; module_class=&#8221;hashtag&#8221; _builder_version=&#8221;4.18.0&#8243; _module_preset=&#8221;default&#8221; global_colors_info=&#8221;{}&#8221;]#AcademicosRAED<br \/>\n#inspirandoElConocimiento[\/et_pb_text][\/et_pb_column][\/et_pb_row][et_pb_row column_structure=&#8221;2_3,1_3&#8243; use_custom_gutter=&#8221;on&#8221; gutter_width=&#8221;1&#8243; admin_label=&#8221;Fila&#8221; _builder_version=&#8221;4.19.4&#8243; _module_preset=&#8221;default&#8221; max_width=&#8221;1400px&#8221; locked=&#8221;off&#8221; global_colors_info=&#8221;{}&#8221;][et_pb_column type=&#8221;2_3&#8243; _builder_version=&#8221;4.16&#8243; _module_preset=&#8221;default&#8221; global_colors_info=&#8221;{}&#8221;][et_pb_code admin_label=&#8221;C\u00f3digo &#8211; Organize&#8221; _builder_version=&#8221;4.16&#8243; _module_preset=&#8221;default&#8221; global_colors_info=&#8221;{}&#8221;]<pee class=\"ttl-colaboradores\">Organize:<\/pee><!-- [et_pb_line_break_holder] --><\/p>\n<div id=\"organizadores\"><!-- [et_pb_line_break_holder] --><!-- [et_pb_line_break_holder] --><\/p>\n<div class=\"logo-colaborador\"><a href=\"https:\/\/fundacionraed.org\/\" target=\"_blank\" rel=\"noopener noreferrer\"><img decoding=\"async\" src=\"https:\/\/raed.academy\/wp-content\/uploads\/2021\/10\/Logo-Fundacion-RAED-160px.jpg\" alt=\"Fundaci\u00f3n RAED\" \/><\/a><!-- [et_pb_line_break_holder] --><\/p>\n<div class=\"txt\"><\/div>\n<p><!-- [et_pb_line_break_holder] --><\/div>\n<p><!-- [et_pb_line_break_holder] --><\/p>\n<div class=\"logo-colaborador\"><a href=\"https:\/\/raed.academy\/en\/\" target=\"_blank\" rel=\"noopener noreferrer\"><img decoding=\"async\" src=\"https:\/\/raed.academy\/wp-content\/uploads\/2021\/10\/Logo-RAED-160px.jpg\" alt=\"Real Academia Europea de Doctores RAED\" \/><\/a><!-- [et_pb_line_break_holder] --><\/p>\n<div class=\"txt\"><\/div>\n<p><!-- [et_pb_line_break_holder] --><\/div>\n<p><!-- [et_pb_line_break_holder] --><\/div>\n<p>[\/et_pb_code][\/et_pb_column][et_pb_column type=&#8221;1_3&#8243; _builder_version=&#8221;4.16&#8243; _module_preset=&#8221;default&#8221; global_colors_info=&#8221;{}&#8221;][et_pb_code admin_label=&#8221;C\u00f3digo &#8211; In collaboration with&#8221; _builder_version=&#8221;4.16&#8243; _module_preset=&#8221;default&#8221; global_colors_info=&#8221;{}&#8221;]<pee class=\"ttl-colaboradores\">In collaboration with:<\/pee><!-- [et_pb_line_break_holder] --><\/p>\n<div id=\"colaboradores\"><!-- [et_pb_line_break_holder] --><\/p>\n<div class=\"logo-colaborador\"><!-- [et_pb_line_break_holder] --><\/p>\n<div class=\"txt-circular\"><\/div>\n<p><!-- [et_pb_line_break_holder] --> <a href=\"http:\/\/justicia.gencat.cat\/ca\/inici\" target=\"_blank\" rel=\"noopener noreferrer\"><img decoding=\"async\" src=\"https:\/\/raed.academy\/wp-content\/uploads\/2021\/10\/Generalitat-de-Catalunya-dept-Justicia-215px.jpg\" alt=\"Generalitat de catalunya\" \/><\/a><!-- [et_pb_line_break_holder] --><\/div>\n<p><!-- [et_pb_line_break_holder] --><\/div>\n<p>[\/et_pb_code][\/et_pb_column][\/et_pb_row][\/et_pb_section]<\/p>\n","protected":false},"excerpt":{"rendered":"<p>The Hon. Dr. Luis de las Heras Vives, Doctor of Law, enters as Numerary Academician of the Royal European Academy of Doctors, with the speech entitled \u201cEstado actual del derecho penal y la pol\u00edtica criminal espa\u00f1ola\u201d.<\/p>\n","protected":false},"featured_media":129999,"template":"","meta":{"_et_pb_use_builder":"on","_et_pb_old_content":"","_et_gb_content_width":""},"class_list":["post-129843","dp_events","type-dp_events","status-publish","has-post-thumbnail","hentry"],"yoast_head":"<!-- This site is optimized with the Yoast SEO plugin v27.5 - https:\/\/yoast.com\/product\/yoast-seo-wordpress\/ -->\n<title>Act of admission as Numerary Academician of the RAED: Dr. Luis de las Heras Vives - Royal European Academy of Doctors<\/title>\n<meta name=\"description\" content=\"The Hon. Dr.\u00a0Luis de las Heras Vives, Doctor in Law, enters as Numerary Academician of the Royal European Academy of Doctors\" \/>\n<meta name=\"robots\" content=\"index, follow, max-snippet:-1, max-image-preview:large, max-video-preview:-1\" \/>\n<link rel=\"canonical\" href=\"https:\/\/raed.academy\/en\/events\/act-of-admission-as-numerary-academician-of-the-raed-dr-luis-de-las-heras-vives\/\" \/>\n<meta property=\"og:locale\" content=\"en_US\" \/>\n<meta property=\"og:type\" content=\"article\" \/>\n<meta property=\"og:title\" content=\"Act of admission as Numerary Academician of the RAED: Dr. Luis de las Heras Vives - Royal European Academy of Doctors\" \/>\n<meta property=\"og:description\" content=\"The Hon. Dr.\u00a0Luis de las Heras Vives, Doctor in Law, enters as Numerary Academician of the Royal European Academy of Doctors\" \/>\n<meta property=\"og:url\" content=\"https:\/\/raed.academy\/en\/events\/act-of-admission-as-numerary-academician-of-the-raed-dr-luis-de-las-heras-vives\/\" \/>\n<meta property=\"og:site_name\" content=\"Royal European Academy of Doctors\" \/>\n<meta property=\"article:publisher\" content=\"http:\/\/fb.me\/raed.academy\" \/>\n<meta property=\"article:modified_time\" content=\"2023-04-24T12:30:05+00:00\" \/>\n<meta property=\"og:image\" content=\"https:\/\/raed.academy\/wp-content\/uploads\/2023\/03\/Luis-de-las-Heras-Vives-dst.webp\" \/>\n\t<meta property=\"og:image:width\" content=\"600\" \/>\n\t<meta property=\"og:image:height\" content=\"360\" \/>\n\t<meta property=\"og:image:type\" content=\"image\/webp\" \/>\n<meta name=\"twitter:card\" content=\"summary_large_image\" \/>\n<meta name=\"twitter:site\" content=\"@raedacademy\" \/>\n<meta name=\"twitter:label1\" content=\"Est. reading time\" \/>\n\t<meta name=\"twitter:data1\" content=\"2 minutes\" \/>\n<script type=\"application\/ld+json\" class=\"yoast-schema-graph\">{\"@context\":\"https:\\\/\\\/schema.org\",\"@graph\":[{\"@type\":\"WebPage\",\"@id\":\"https:\\\/\\\/raed.academy\\\/en\\\/events\\\/act-of-admission-as-numerary-academician-of-the-raed-dr-luis-de-las-heras-vives\\\/\",\"url\":\"https:\\\/\\\/raed.academy\\\/en\\\/events\\\/act-of-admission-as-numerary-academician-of-the-raed-dr-luis-de-las-heras-vives\\\/\",\"name\":\"Act of admission as Numerary Academician of the RAED: Dr. Luis de las Heras Vives - Royal European Academy of Doctors\",\"isPartOf\":{\"@id\":\"https:\\\/\\\/raed.academy\\\/en\\\/#website\"},\"primaryImageOfPage\":{\"@id\":\"https:\\\/\\\/raed.academy\\\/en\\\/events\\\/act-of-admission-as-numerary-academician-of-the-raed-dr-luis-de-las-heras-vives\\\/#primaryimage\"},\"image\":{\"@id\":\"https:\\\/\\\/raed.academy\\\/en\\\/events\\\/act-of-admission-as-numerary-academician-of-the-raed-dr-luis-de-las-heras-vives\\\/#primaryimage\"},\"thumbnailUrl\":\"https:\\\/\\\/raed.academy\\\/wp-content\\\/uploads\\\/2023\\\/03\\\/Luis-de-las-Heras-Vives-dst.webp\",\"datePublished\":\"2023-02-24T17:35:26+00:00\",\"dateModified\":\"2023-04-24T12:30:05+00:00\",\"description\":\"The Hon. Dr.\u00a0Luis de las Heras Vives, Doctor in Law, enters as Numerary Academician of the Royal European Academy of Doctors\",\"breadcrumb\":{\"@id\":\"https:\\\/\\\/raed.academy\\\/en\\\/events\\\/act-of-admission-as-numerary-academician-of-the-raed-dr-luis-de-las-heras-vives\\\/#breadcrumb\"},\"inLanguage\":\"en-US\",\"potentialAction\":[{\"@type\":\"ReadAction\",\"target\":[\"https:\\\/\\\/raed.academy\\\/en\\\/events\\\/act-of-admission-as-numerary-academician-of-the-raed-dr-luis-de-las-heras-vives\\\/\"]}]},{\"@type\":\"ImageObject\",\"inLanguage\":\"en-US\",\"@id\":\"https:\\\/\\\/raed.academy\\\/en\\\/events\\\/act-of-admission-as-numerary-academician-of-the-raed-dr-luis-de-las-heras-vives\\\/#primaryimage\",\"url\":\"https:\\\/\\\/raed.academy\\\/wp-content\\\/uploads\\\/2023\\\/03\\\/Luis-de-las-Heras-Vives-dst.webp\",\"contentUrl\":\"https:\\\/\\\/raed.academy\\\/wp-content\\\/uploads\\\/2023\\\/03\\\/Luis-de-las-Heras-Vives-dst.webp\",\"width\":600,\"height\":360,\"caption\":\"Luis de las Heras Vives\"},{\"@type\":\"BreadcrumbList\",\"@id\":\"https:\\\/\\\/raed.academy\\\/en\\\/events\\\/act-of-admission-as-numerary-academician-of-the-raed-dr-luis-de-las-heras-vives\\\/#breadcrumb\",\"itemListElement\":[{\"@type\":\"ListItem\",\"position\":1,\"name\":\"Inicio\",\"item\":\"https:\\\/\\\/raed.academy\\\/en\\\/\"},{\"@type\":\"ListItem\",\"position\":2,\"name\":\"Events\",\"item\":\"https:\\\/\\\/raed.academy\\\/en\\\/events\\\/\"},{\"@type\":\"ListItem\",\"position\":3,\"name\":\"Act of admission as Numerary Academician of the RAED: Dr. Luis de las Heras Vives\"}]},{\"@type\":\"WebSite\",\"@id\":\"https:\\\/\\\/raed.academy\\\/en\\\/#website\",\"url\":\"https:\\\/\\\/raed.academy\\\/en\\\/\",\"name\":\"Royal European Academy of Doctors\",\"description\":\"Corporaci\u00f3n de derecho p\u00fablico de car\u00e1cter cient\u00edfico, t\u00e9cnico y art\u00edstico, que tiene por objeto la investigaci\u00f3n, el estudio, el fomento y la extensi\u00f3n del conocimiento en su sentido m\u00e1s amplio.\",\"publisher\":{\"@id\":\"https:\\\/\\\/raed.academy\\\/en\\\/#organization\"},\"potentialAction\":[{\"@type\":\"SearchAction\",\"target\":{\"@type\":\"EntryPoint\",\"urlTemplate\":\"https:\\\/\\\/raed.academy\\\/en\\\/?s={search_term_string}\"},\"query-input\":{\"@type\":\"PropertyValueSpecification\",\"valueRequired\":true,\"valueName\":\"search_term_string\"}}],\"inLanguage\":\"en-US\"},{\"@type\":\"Organization\",\"@id\":\"https:\\\/\\\/raed.academy\\\/en\\\/#organization\",\"name\":\"Real Academia Europea de Doctores\",\"url\":\"https:\\\/\\\/raed.academy\\\/en\\\/\",\"logo\":{\"@type\":\"ImageObject\",\"inLanguage\":\"en-US\",\"@id\":\"https:\\\/\\\/raed.academy\\\/en\\\/#\\\/schema\\\/logo\\\/image\\\/\",\"url\":\"https:\\\/\\\/raed.academy\\\/wp-content\\\/uploads\\\/2017\\\/01\\\/cropped-logo_raed.png\",\"contentUrl\":\"https:\\\/\\\/raed.academy\\\/wp-content\\\/uploads\\\/2017\\\/01\\\/cropped-logo_raed.png\",\"width\":512,\"height\":512,\"caption\":\"Real Academia Europea de Doctores\"},\"image\":{\"@id\":\"https:\\\/\\\/raed.academy\\\/en\\\/#\\\/schema\\\/logo\\\/image\\\/\"},\"sameAs\":[\"http:\\\/\\\/fb.me\\\/raed.academy\",\"https:\\\/\\\/x.com\\\/raedacademy\",\"https:\\\/\\\/www.instagram.com\\\/raed.academy\\\/\",\"https:\\\/\\\/www.youtube.com\\\/channel\\\/UCUYQwW2KrdirNWihxMDObwg\"]}]}<\/script>\n<!-- \/ Yoast SEO plugin. -->","yoast_head_json":{"title":"Act of admission as Numerary Academician of the RAED: Dr. Luis de las Heras Vives - Royal European Academy of Doctors","description":"The Hon. Dr.\u00a0Luis de las Heras Vives, Doctor in Law, enters as Numerary Academician of the Royal European Academy of Doctors","robots":{"index":"index","follow":"follow","max-snippet":"max-snippet:-1","max-image-preview":"max-image-preview:large","max-video-preview":"max-video-preview:-1"},"canonical":"https:\/\/raed.academy\/en\/events\/act-of-admission-as-numerary-academician-of-the-raed-dr-luis-de-las-heras-vives\/","og_locale":"en_US","og_type":"article","og_title":"Act of admission as Numerary Academician of the RAED: Dr. Luis de las Heras Vives - Royal European Academy of Doctors","og_description":"The Hon. Dr.\u00a0Luis de las Heras Vives, Doctor in Law, enters as Numerary Academician of the Royal European Academy of Doctors","og_url":"https:\/\/raed.academy\/en\/events\/act-of-admission-as-numerary-academician-of-the-raed-dr-luis-de-las-heras-vives\/","og_site_name":"Royal European Academy of Doctors","article_publisher":"http:\/\/fb.me\/raed.academy","article_modified_time":"2023-04-24T12:30:05+00:00","og_image":[{"width":600,"height":360,"url":"https:\/\/raed.academy\/wp-content\/uploads\/2023\/03\/Luis-de-las-Heras-Vives-dst.webp","type":"image\/webp"}],"twitter_card":"summary_large_image","twitter_site":"@raedacademy","twitter_misc":{"Est. reading time":"2 minutes"},"schema":{"@context":"https:\/\/schema.org","@graph":[{"@type":"WebPage","@id":"https:\/\/raed.academy\/en\/events\/act-of-admission-as-numerary-academician-of-the-raed-dr-luis-de-las-heras-vives\/","url":"https:\/\/raed.academy\/en\/events\/act-of-admission-as-numerary-academician-of-the-raed-dr-luis-de-las-heras-vives\/","name":"Act of admission as Numerary Academician of the RAED: Dr. Luis de las Heras Vives - Royal European Academy of Doctors","isPartOf":{"@id":"https:\/\/raed.academy\/en\/#website"},"primaryImageOfPage":{"@id":"https:\/\/raed.academy\/en\/events\/act-of-admission-as-numerary-academician-of-the-raed-dr-luis-de-las-heras-vives\/#primaryimage"},"image":{"@id":"https:\/\/raed.academy\/en\/events\/act-of-admission-as-numerary-academician-of-the-raed-dr-luis-de-las-heras-vives\/#primaryimage"},"thumbnailUrl":"https:\/\/raed.academy\/wp-content\/uploads\/2023\/03\/Luis-de-las-Heras-Vives-dst.webp","datePublished":"2023-02-24T17:35:26+00:00","dateModified":"2023-04-24T12:30:05+00:00","description":"The Hon. Dr.\u00a0Luis de las Heras Vives, Doctor in Law, enters as Numerary Academician of the Royal European Academy of Doctors","breadcrumb":{"@id":"https:\/\/raed.academy\/en\/events\/act-of-admission-as-numerary-academician-of-the-raed-dr-luis-de-las-heras-vives\/#breadcrumb"},"inLanguage":"en-US","potentialAction":[{"@type":"ReadAction","target":["https:\/\/raed.academy\/en\/events\/act-of-admission-as-numerary-academician-of-the-raed-dr-luis-de-las-heras-vives\/"]}]},{"@type":"ImageObject","inLanguage":"en-US","@id":"https:\/\/raed.academy\/en\/events\/act-of-admission-as-numerary-academician-of-the-raed-dr-luis-de-las-heras-vives\/#primaryimage","url":"https:\/\/raed.academy\/wp-content\/uploads\/2023\/03\/Luis-de-las-Heras-Vives-dst.webp","contentUrl":"https:\/\/raed.academy\/wp-content\/uploads\/2023\/03\/Luis-de-las-Heras-Vives-dst.webp","width":600,"height":360,"caption":"Luis de las Heras Vives"},{"@type":"BreadcrumbList","@id":"https:\/\/raed.academy\/en\/events\/act-of-admission-as-numerary-academician-of-the-raed-dr-luis-de-las-heras-vives\/#breadcrumb","itemListElement":[{"@type":"ListItem","position":1,"name":"Inicio","item":"https:\/\/raed.academy\/en\/"},{"@type":"ListItem","position":2,"name":"Events","item":"https:\/\/raed.academy\/en\/events\/"},{"@type":"ListItem","position":3,"name":"Act of admission as Numerary Academician of the RAED: Dr. Luis de las Heras Vives"}]},{"@type":"WebSite","@id":"https:\/\/raed.academy\/en\/#website","url":"https:\/\/raed.academy\/en\/","name":"Royal European Academy of Doctors","description":"Corporaci\u00f3n de derecho p\u00fablico de car\u00e1cter cient\u00edfico, t\u00e9cnico y art\u00edstico, que tiene por objeto la investigaci\u00f3n, el estudio, el fomento y la extensi\u00f3n del conocimiento en su sentido m\u00e1s amplio.","publisher":{"@id":"https:\/\/raed.academy\/en\/#organization"},"potentialAction":[{"@type":"SearchAction","target":{"@type":"EntryPoint","urlTemplate":"https:\/\/raed.academy\/en\/?s={search_term_string}"},"query-input":{"@type":"PropertyValueSpecification","valueRequired":true,"valueName":"search_term_string"}}],"inLanguage":"en-US"},{"@type":"Organization","@id":"https:\/\/raed.academy\/en\/#organization","name":"Real Academia Europea de Doctores","url":"https:\/\/raed.academy\/en\/","logo":{"@type":"ImageObject","inLanguage":"en-US","@id":"https:\/\/raed.academy\/en\/#\/schema\/logo\/image\/","url":"https:\/\/raed.academy\/wp-content\/uploads\/2017\/01\/cropped-logo_raed.png","contentUrl":"https:\/\/raed.academy\/wp-content\/uploads\/2017\/01\/cropped-logo_raed.png","width":512,"height":512,"caption":"Real Academia Europea de Doctores"},"image":{"@id":"https:\/\/raed.academy\/en\/#\/schema\/logo\/image\/"},"sameAs":["http:\/\/fb.me\/raed.academy","https:\/\/x.com\/raedacademy","https:\/\/www.instagram.com\/raed.academy\/","https:\/\/www.youtube.com\/channel\/UCUYQwW2KrdirNWihxMDObwg"]}]}},"_links":{"self":[{"href":"https:\/\/raed.academy\/en\/wp-json\/wp\/v2\/dp_events\/129843","targetHints":{"allow":["GET"]}}],"collection":[{"href":"https:\/\/raed.academy\/en\/wp-json\/wp\/v2\/dp_events"}],"about":[{"href":"https:\/\/raed.academy\/en\/wp-json\/wp\/v2\/types\/dp_events"}],"wp:featuredmedia":[{"embeddable":true,"href":"https:\/\/raed.academy\/en\/wp-json\/wp\/v2\/media\/129999"}],"wp:attachment":[{"href":"https:\/\/raed.academy\/en\/wp-json\/wp\/v2\/media?parent=129843"}],"curies":[{"name":"wp","href":"https:\/\/api.w.org\/{rel}","templated":true}]}}