{"id":120371,"date":"2022-07-01T15:09:02","date_gmt":"2022-07-01T15:09:02","guid":{"rendered":"https:\/\/raed.academy\/?post_type=dp_events&#038;p=120371"},"modified":"2022-07-04T13:18:20","modified_gmt":"2022-07-04T13:18:20","slug":"round-table-el-poder-de-la-diferencia-analizando-la-diversidad-en-la-empresa","status":"publish","type":"dp_events","link":"https:\/\/raed.academy\/en\/events\/round-table-el-poder-de-la-diferencia-analizando-la-diversidad-en-la-empresa\/","title":{"rendered":"Round table &#8220;The power of difference: analyzing diversity in the company&#8221;"},"content":{"rendered":"<p>[et_pb_section fb_built=&#8221;1&#8243; admin_label=&#8221;section&#8221; _builder_version=&#8221;4.16&#8243; locked=&#8221;off&#8221; global_colors_info=&#8221;{}&#8221;][et_pb_row admin_label=&#8221;row&#8221; _builder_version=&#8221;4.17.4&#8243; background_size=&#8221;initial&#8221; background_position=&#8221;top_left&#8221; background_repeat=&#8221;repeat&#8221; max_width=&#8221;1600px&#8221; global_colors_info=&#8221;{}&#8221;][et_pb_column type=&#8221;4_4&#8243; _builder_version=&#8221;4.16&#8243; custom_padding=&#8221;|||&#8221; global_colors_info=&#8221;{}&#8221; custom_padding__hover=&#8221;|||&#8221;][et_pb_post_title meta=&#8221;off&#8221; featured_image=&#8221;off&#8221; _builder_version=&#8221;4.17.0&#8243; _module_preset=&#8221;default&#8221; locked=&#8221;off&#8221; global_colors_info=&#8221;{}&#8221;][\/et_pb_post_title][et_pb_text admin_label=&#8221;Detalles evento&#8221; _builder_version=&#8221;4.17.4&#8243; _module_preset=&#8221;default&#8221; locked=&#8221;off&#8221; global_colors_info=&#8221;{}&#8221;]<\/p>\n<p><strong><img loading=\"lazy\" decoding=\"async\" class=\"wp-image-120418 alignleft size-full\" src=\"https:\/\/raed.academy\/wp-content\/uploads\/2022\/07\/diversidad-empresas-dst.webp\" alt=\"\" width=\"600\" height=\"360\" srcset=\"https:\/\/raed.academy\/wp-content\/uploads\/2022\/07\/diversidad-empresas-dst.webp 600w, https:\/\/raed.academy\/wp-content\/uploads\/2022\/07\/diversidad-empresas-dst-440x264.webp 440w\" sizes=\"(max-width: 600px) 100vw, 600px\" \/>Venue<\/strong>: B Room of Catalan Labour National Works Promotion. Via Laietana, 32, main floor, Barcelona, 08003<\/p>\n<p><strong>Event date:<\/strong> Wednesday, 06 July 2022<\/p>\n<p><strong>Event time:<\/strong> 18:30 h<\/p>\n<p><strong>Format<\/strong>: Face-to-face<\/p>\n<p><strong>Event cost:<\/strong> Free<\/p>\n<p><strong>Registration:<\/strong> Please confirm attendance at the RAED Secretariat: <a href=\"mailto:secretaria@raed.academy\"><strong>secretaria@raed.academy<\/strong><\/a> &#8211; <strong>tel. 93 667 40 54<\/strong><\/p>\n<p>[\/et_pb_text][et_pb_text admin_label=&#8221;Description of the event&#8221; _builder_version=&#8221;4.17.4&#8243; _module_preset=&#8221;default&#8221; global_colors_info=&#8221;{}&#8221;]<\/p>\n<h2>Description of the event<\/h2>\n<p>Diversity is the very nature of humanity. Its management is a critical factor for the economic and social progress of companies.<\/p>\n<p>In this session we will explore what diversity really means and what we mean when we talk about its power to move the world. Through experiences carried out by companies such as Google, Twitter, IBM, Nestl\u00e9 or Sodexo, we will share good practices regarding the successful management of diversity in organizations.<\/p>\n<p>[\/et_pb_text][et_pb_blurb title=&#8221;Participants&#8221; use_icon=&#8221;on&#8221; font_icon=&#8221;&#xf500;||fa||900&#8243; icon_color=&#8221;#6b5d38&#8243; icon_placement=&#8221;left&#8221; content_max_width=&#8221;100%&#8221; admin_label=&#8221;Anuncio &#8211; Participantes&#8221; _builder_version=&#8221;4.17.4&#8243; _module_preset=&#8221;default&#8221; header_font_size=&#8221;30px&#8221; body_text_align=&#8221;left&#8221; module_alignment=&#8221;left&#8221; hover_enabled=&#8221;0&#8243; locked=&#8221;off&#8221; global_colors_info=&#8221;{}&#8221; sticky_enabled=&#8221;0&#8243;]<\/p>\n<h3>Moderate<\/h3>\n<ul>\n<li><a href=\"https:\/\/raed.academy\/academicos\/dra-cecilia-kindelan-amorrich\/\" target=\"_blank\" rel=\"noopener\"><strong>Dra. Cecilia Kindel\u00e1n<\/strong><\/a>. Corresponding Member of the RAED.<\/li>\n<\/ul>\n<h3>Speakers<\/h3>\n<ul>\n<li><a href=\"https:\/\/raed.academy\/academicos\/dr-josep-alet-vilagines\/\" target=\"_blank\" rel=\"noopener\"><strong>Dr. Josep Alet<\/strong><\/a>. Corresponding Member of the RAED.<\/li>\n<li><strong>Dra. Myrtha B. Casanovas<\/strong>. Doctor in English and French Philosophy.<\/li>\n<li><a href=\"https:\/\/raed.academy\/ca\/academics\/dra-maria-jose-esteban-ferrer\/\" target=\"_blank\" rel=\"noopener\"><strong>Dra. Mar\u00eda Jos\u00e9 Esteban<\/strong><\/a>. Numerary Member of the RAED.<\/li>\n<li><a href=\"https:\/\/raed.academy\/ca\/academics\/dr-jordi-marti-pidelaserra\/\" target=\"_blank\" rel=\"noopener\"><strong>Dr. Jordi Mart\u00ed<\/strong><\/a>. Numerary Member of the RAED.<\/li>\n<\/ul>\n<p>[\/et_pb_blurb][\/et_pb_column][\/et_pb_row][et_pb_row column_structure=&#8221;1_2,1_2&#8243; use_custom_gutter=&#8221;on&#8221; gutter_width=&#8221;1&#8243; admin_label=&#8221;Fila&#8221; _builder_version=&#8221;4.16&#8243; _module_preset=&#8221;default&#8221; max_width=&#8221;1400px&#8221; locked=&#8221;off&#8221; global_colors_info=&#8221;{}&#8221;][et_pb_column type=&#8221;1_2&#8243; _builder_version=&#8221;4.16&#8243; _module_preset=&#8221;default&#8221; global_colors_info=&#8221;{}&#8221;][et_pb_code admin_label=&#8221;C\u00f3digo &#8211; Organize&#8221; _builder_version=&#8221;4.16&#8243; _module_preset=&#8221;default&#8221; global_colors_info=&#8221;{}&#8221;]<pee class=\"ttl-colaboradores\">Organize:<\/pee><!-- [et_pb_line_break_holder] --><\/p>\n<div id=\"organizadores\"><!-- [et_pb_line_break_holder] --><!-- [et_pb_line_break_holder] --><\/p>\n<div class=\"logo-colaborador\"><a href=\"https:\/\/fundacionraed.org\/\" target=\"_blank\" rel=\"noopener noreferrer\"><img decoding=\"async\" src=\"https:\/\/raed.academy\/wp-content\/uploads\/2021\/10\/Logo-Fundacion-RAED-160px.jpg\" alt=\"Fundaci\u00f3n RAED\" \/><\/a><!-- [et_pb_line_break_holder] --><\/p>\n<div class=\"txt\"><\/div>\n<p><!-- [et_pb_line_break_holder] --><\/div>\n<p><!-- [et_pb_line_break_holder] --><\/p>\n<div class=\"logo-colaborador\"><a href=\"https:\/\/raed.academy\/en\/\" target=\"_blank\" rel=\"noopener noreferrer\"><img decoding=\"async\" src=\"https:\/\/raed.academy\/wp-content\/uploads\/2021\/10\/Logo-RAED-160px.jpg\" alt=\"Real Academia Europea de Doctores RAED\" \/><\/a><!-- [et_pb_line_break_holder] --><\/p>\n<div class=\"txt\"><\/div>\n<p><!-- [et_pb_line_break_holder] --><\/div>\n<p><!-- [et_pb_line_break_holder] --><\/div>\n<p>[\/et_pb_code][\/et_pb_column][et_pb_column type=&#8221;1_2&#8243; _builder_version=&#8221;4.16&#8243; _module_preset=&#8221;default&#8221; global_colors_info=&#8221;{}&#8221;][et_pb_code admin_label=&#8221;C\u00f3digo &#8211; In collaboration with&#8221; _builder_version=&#8221;4.17.4&#8243; _module_preset=&#8221;default&#8221; global_colors_info=&#8221;{}&#8221;]<pee class=\"ttl-colaboradores\">In collaboration with:<\/pee><!-- [et_pb_line_break_holder] --><\/p>\n<div id=\"colaboradores\"><!-- [et_pb_line_break_holder] -->  <!-- [et_pb_line_break_holder] --><\/p>\n<div class=\"logo-colaborador\"><!-- [et_pb_line_break_holder] --><\/p>\n<div class=\"txt-circular\"><\/div>\n<p><!-- [et_pb_line_break_holder] -->  <a href=\"https:\/\/floridapoly.edu\/\" target=\"_blank\" rel=\"noopener noreferrer\"><img decoding=\"async\" src=\"https:\/\/raed.academy\/wp-content\/uploads\/2022\/07\/Florida-Polytechnic-University.jpg\" alt=\"Florida Polytechnic University\"><\/a><\/div>\n<p><!-- [et_pb_line_break_holder] -->  <!-- [et_pb_line_break_holder] --><\/p>\n<div class=\"logo-colaborador\"><!-- [et_pb_line_break_holder] --><\/p>\n<div class=\"txt-circular\"><\/div>\n<p><!-- [et_pb_line_break_holder] --> <a href=\"http:\/\/justicia.gencat.cat\/ca\/inici\" target=\"_blank\" rel=\"noopener noreferrer\"><img decoding=\"async\" src=\"https:\/\/raed.academy\/wp-content\/uploads\/2021\/10\/Generalitat-de-Catalunya-dept-Justicia-215px.jpg\" alt=\"Generalitat de catalunya\" \/><\/a><!-- [et_pb_line_break_holder] --><\/div>\n<p><!-- [et_pb_line_break_holder] --><\/div>\n<p>[\/et_pb_code][\/et_pb_column][\/et_pb_row][\/et_pb_section]<\/p>\n","protected":false},"excerpt":{"rendered":"<p>Diversity in human nature, and its successful management in organizations, is a critical factor for the economic and social progress of companies<\/p>\n","protected":false},"featured_media":120418,"template":"","meta":{"_et_pb_use_builder":"on","_et_pb_old_content":"","_et_gb_content_width":""},"class_list":["post-120371","dp_events","type-dp_events","status-publish","has-post-thumbnail","hentry","event_tag-conferences"],"yoast_head":"<!-- This site is optimized with the Yoast SEO plugin v27.5 - https:\/\/yoast.com\/product\/yoast-seo-wordpress\/ -->\n<title>Round table &quot;The power of difference: analyzing diversity in the company&quot; - Royal European Academy of Doctors<\/title>\n<meta name=\"description\" content=\"Diversity in human nature, and its successful management in organizations, is a critical factor for the economic and social progress of companies\" \/>\n<meta name=\"robots\" content=\"index, follow, max-snippet:-1, max-image-preview:large, max-video-preview:-1\" \/>\n<link rel=\"canonical\" href=\"https:\/\/raed.academy\/en\/events\/round-table-el-poder-de-la-diferencia-analizando-la-diversidad-en-la-empresa\/\" \/>\n<meta property=\"og:locale\" content=\"en_US\" \/>\n<meta property=\"og:type\" content=\"article\" \/>\n<meta property=\"og:title\" content=\"Round table &quot;The power of difference: analyzing diversity in the company&quot; - Royal European Academy of Doctors\" \/>\n<meta property=\"og:description\" content=\"Diversity in human nature, and its successful management in organizations, is a critical factor for the economic and social progress of companies\" \/>\n<meta property=\"og:url\" content=\"https:\/\/raed.academy\/en\/events\/round-table-el-poder-de-la-diferencia-analizando-la-diversidad-en-la-empresa\/\" \/>\n<meta property=\"og:site_name\" content=\"Royal European Academy of Doctors\" \/>\n<meta property=\"article:publisher\" content=\"http:\/\/fb.me\/raed.academy\" \/>\n<meta property=\"article:modified_time\" content=\"2022-07-04T13:18:20+00:00\" \/>\n<meta property=\"og:image\" content=\"https:\/\/raed.academy\/wp-content\/uploads\/2022\/07\/diversidad-empresas-dst.webp\" \/>\n\t<meta property=\"og:image:width\" content=\"600\" \/>\n\t<meta property=\"og:image:height\" content=\"360\" \/>\n\t<meta property=\"og:image:type\" content=\"image\/webp\" \/>\n<meta name=\"twitter:card\" content=\"summary_large_image\" \/>\n<meta name=\"twitter:site\" content=\"@raedacademy\" \/>\n<meta name=\"twitter:label1\" content=\"Est. reading time\" \/>\n\t<meta name=\"twitter:data1\" content=\"2 minutes\" \/>\n<script type=\"application\/ld+json\" class=\"yoast-schema-graph\">{\"@context\":\"https:\\\/\\\/schema.org\",\"@graph\":[{\"@type\":\"WebPage\",\"@id\":\"https:\\\/\\\/raed.academy\\\/en\\\/events\\\/round-table-el-poder-de-la-diferencia-analizando-la-diversidad-en-la-empresa\\\/\",\"url\":\"https:\\\/\\\/raed.academy\\\/en\\\/events\\\/round-table-el-poder-de-la-diferencia-analizando-la-diversidad-en-la-empresa\\\/\",\"name\":\"Round table \\\"The power of difference: analyzing diversity in the company\\\" - Royal European Academy of Doctors\",\"isPartOf\":{\"@id\":\"https:\\\/\\\/raed.academy\\\/en\\\/#website\"},\"primaryImageOfPage\":{\"@id\":\"https:\\\/\\\/raed.academy\\\/en\\\/events\\\/round-table-el-poder-de-la-diferencia-analizando-la-diversidad-en-la-empresa\\\/#primaryimage\"},\"image\":{\"@id\":\"https:\\\/\\\/raed.academy\\\/en\\\/events\\\/round-table-el-poder-de-la-diferencia-analizando-la-diversidad-en-la-empresa\\\/#primaryimage\"},\"thumbnailUrl\":\"https:\\\/\\\/raed.academy\\\/wp-content\\\/uploads\\\/2022\\\/07\\\/diversidad-empresas-dst.webp\",\"datePublished\":\"2022-07-01T15:09:02+00:00\",\"dateModified\":\"2022-07-04T13:18:20+00:00\",\"description\":\"Diversity in human nature, and its successful management in organizations, is a critical factor for the economic and social progress of companies\",\"breadcrumb\":{\"@id\":\"https:\\\/\\\/raed.academy\\\/en\\\/events\\\/round-table-el-poder-de-la-diferencia-analizando-la-diversidad-en-la-empresa\\\/#breadcrumb\"},\"inLanguage\":\"en-US\",\"potentialAction\":[{\"@type\":\"ReadAction\",\"target\":[\"https:\\\/\\\/raed.academy\\\/en\\\/events\\\/round-table-el-poder-de-la-diferencia-analizando-la-diversidad-en-la-empresa\\\/\"]}]},{\"@type\":\"ImageObject\",\"inLanguage\":\"en-US\",\"@id\":\"https:\\\/\\\/raed.academy\\\/en\\\/events\\\/round-table-el-poder-de-la-diferencia-analizando-la-diversidad-en-la-empresa\\\/#primaryimage\",\"url\":\"https:\\\/\\\/raed.academy\\\/wp-content\\\/uploads\\\/2022\\\/07\\\/diversidad-empresas-dst.webp\",\"contentUrl\":\"https:\\\/\\\/raed.academy\\\/wp-content\\\/uploads\\\/2022\\\/07\\\/diversidad-empresas-dst.webp\",\"width\":600,\"height\":360},{\"@type\":\"BreadcrumbList\",\"@id\":\"https:\\\/\\\/raed.academy\\\/en\\\/events\\\/round-table-el-poder-de-la-diferencia-analizando-la-diversidad-en-la-empresa\\\/#breadcrumb\",\"itemListElement\":[{\"@type\":\"ListItem\",\"position\":1,\"name\":\"Inicio\",\"item\":\"https:\\\/\\\/raed.academy\\\/en\\\/\"},{\"@type\":\"ListItem\",\"position\":2,\"name\":\"Events\",\"item\":\"https:\\\/\\\/raed.academy\\\/en\\\/events\\\/\"},{\"@type\":\"ListItem\",\"position\":3,\"name\":\"Round table \u00abThe power of difference: analyzing diversity in the company\u00bb\"}]},{\"@type\":\"WebSite\",\"@id\":\"https:\\\/\\\/raed.academy\\\/en\\\/#website\",\"url\":\"https:\\\/\\\/raed.academy\\\/en\\\/\",\"name\":\"Royal European Academy of Doctors\",\"description\":\"Corporaci\u00f3n de derecho p\u00fablico de car\u00e1cter cient\u00edfico, t\u00e9cnico y art\u00edstico, que tiene por objeto la investigaci\u00f3n, el estudio, el fomento y la extensi\u00f3n del conocimiento en su sentido m\u00e1s amplio.\",\"publisher\":{\"@id\":\"https:\\\/\\\/raed.academy\\\/en\\\/#organization\"},\"potentialAction\":[{\"@type\":\"SearchAction\",\"target\":{\"@type\":\"EntryPoint\",\"urlTemplate\":\"https:\\\/\\\/raed.academy\\\/en\\\/?s={search_term_string}\"},\"query-input\":{\"@type\":\"PropertyValueSpecification\",\"valueRequired\":true,\"valueName\":\"search_term_string\"}}],\"inLanguage\":\"en-US\"},{\"@type\":\"Organization\",\"@id\":\"https:\\\/\\\/raed.academy\\\/en\\\/#organization\",\"name\":\"Real Academia Europea de Doctores\",\"url\":\"https:\\\/\\\/raed.academy\\\/en\\\/\",\"logo\":{\"@type\":\"ImageObject\",\"inLanguage\":\"en-US\",\"@id\":\"https:\\\/\\\/raed.academy\\\/en\\\/#\\\/schema\\\/logo\\\/image\\\/\",\"url\":\"https:\\\/\\\/raed.academy\\\/wp-content\\\/uploads\\\/2017\\\/01\\\/cropped-logo_raed.png\",\"contentUrl\":\"https:\\\/\\\/raed.academy\\\/wp-content\\\/uploads\\\/2017\\\/01\\\/cropped-logo_raed.png\",\"width\":512,\"height\":512,\"caption\":\"Real Academia Europea de Doctores\"},\"image\":{\"@id\":\"https:\\\/\\\/raed.academy\\\/en\\\/#\\\/schema\\\/logo\\\/image\\\/\"},\"sameAs\":[\"http:\\\/\\\/fb.me\\\/raed.academy\",\"https:\\\/\\\/x.com\\\/raedacademy\",\"https:\\\/\\\/www.instagram.com\\\/raed.academy\\\/\",\"https:\\\/\\\/www.youtube.com\\\/channel\\\/UCUYQwW2KrdirNWihxMDObwg\"]}]}<\/script>\n<!-- \/ Yoast SEO plugin. -->","yoast_head_json":{"title":"Round table \"The power of difference: analyzing diversity in the company\" - Royal European Academy of Doctors","description":"Diversity in human nature, and its successful management in organizations, is a critical factor for the economic and social progress of companies","robots":{"index":"index","follow":"follow","max-snippet":"max-snippet:-1","max-image-preview":"max-image-preview:large","max-video-preview":"max-video-preview:-1"},"canonical":"https:\/\/raed.academy\/en\/events\/round-table-el-poder-de-la-diferencia-analizando-la-diversidad-en-la-empresa\/","og_locale":"en_US","og_type":"article","og_title":"Round table \"The power of difference: analyzing diversity in the company\" - Royal European Academy of Doctors","og_description":"Diversity in human nature, and its successful management in organizations, is a critical factor for the economic and social progress of companies","og_url":"https:\/\/raed.academy\/en\/events\/round-table-el-poder-de-la-diferencia-analizando-la-diversidad-en-la-empresa\/","og_site_name":"Royal European Academy of Doctors","article_publisher":"http:\/\/fb.me\/raed.academy","article_modified_time":"2022-07-04T13:18:20+00:00","og_image":[{"width":600,"height":360,"url":"https:\/\/raed.academy\/wp-content\/uploads\/2022\/07\/diversidad-empresas-dst.webp","type":"image\/webp"}],"twitter_card":"summary_large_image","twitter_site":"@raedacademy","twitter_misc":{"Est. reading time":"2 minutes"},"schema":{"@context":"https:\/\/schema.org","@graph":[{"@type":"WebPage","@id":"https:\/\/raed.academy\/en\/events\/round-table-el-poder-de-la-diferencia-analizando-la-diversidad-en-la-empresa\/","url":"https:\/\/raed.academy\/en\/events\/round-table-el-poder-de-la-diferencia-analizando-la-diversidad-en-la-empresa\/","name":"Round table \"The power of difference: analyzing diversity in the company\" - Royal European Academy of Doctors","isPartOf":{"@id":"https:\/\/raed.academy\/en\/#website"},"primaryImageOfPage":{"@id":"https:\/\/raed.academy\/en\/events\/round-table-el-poder-de-la-diferencia-analizando-la-diversidad-en-la-empresa\/#primaryimage"},"image":{"@id":"https:\/\/raed.academy\/en\/events\/round-table-el-poder-de-la-diferencia-analizando-la-diversidad-en-la-empresa\/#primaryimage"},"thumbnailUrl":"https:\/\/raed.academy\/wp-content\/uploads\/2022\/07\/diversidad-empresas-dst.webp","datePublished":"2022-07-01T15:09:02+00:00","dateModified":"2022-07-04T13:18:20+00:00","description":"Diversity in human nature, and its successful management in organizations, is a critical factor for the economic and social progress of companies","breadcrumb":{"@id":"https:\/\/raed.academy\/en\/events\/round-table-el-poder-de-la-diferencia-analizando-la-diversidad-en-la-empresa\/#breadcrumb"},"inLanguage":"en-US","potentialAction":[{"@type":"ReadAction","target":["https:\/\/raed.academy\/en\/events\/round-table-el-poder-de-la-diferencia-analizando-la-diversidad-en-la-empresa\/"]}]},{"@type":"ImageObject","inLanguage":"en-US","@id":"https:\/\/raed.academy\/en\/events\/round-table-el-poder-de-la-diferencia-analizando-la-diversidad-en-la-empresa\/#primaryimage","url":"https:\/\/raed.academy\/wp-content\/uploads\/2022\/07\/diversidad-empresas-dst.webp","contentUrl":"https:\/\/raed.academy\/wp-content\/uploads\/2022\/07\/diversidad-empresas-dst.webp","width":600,"height":360},{"@type":"BreadcrumbList","@id":"https:\/\/raed.academy\/en\/events\/round-table-el-poder-de-la-diferencia-analizando-la-diversidad-en-la-empresa\/#breadcrumb","itemListElement":[{"@type":"ListItem","position":1,"name":"Inicio","item":"https:\/\/raed.academy\/en\/"},{"@type":"ListItem","position":2,"name":"Events","item":"https:\/\/raed.academy\/en\/events\/"},{"@type":"ListItem","position":3,"name":"Round table \u00abThe power of difference: analyzing diversity in the company\u00bb"}]},{"@type":"WebSite","@id":"https:\/\/raed.academy\/en\/#website","url":"https:\/\/raed.academy\/en\/","name":"Royal European Academy of Doctors","description":"Corporaci\u00f3n de derecho p\u00fablico de car\u00e1cter cient\u00edfico, t\u00e9cnico y art\u00edstico, que tiene por objeto la investigaci\u00f3n, el estudio, el fomento y la extensi\u00f3n del conocimiento en su sentido m\u00e1s amplio.","publisher":{"@id":"https:\/\/raed.academy\/en\/#organization"},"potentialAction":[{"@type":"SearchAction","target":{"@type":"EntryPoint","urlTemplate":"https:\/\/raed.academy\/en\/?s={search_term_string}"},"query-input":{"@type":"PropertyValueSpecification","valueRequired":true,"valueName":"search_term_string"}}],"inLanguage":"en-US"},{"@type":"Organization","@id":"https:\/\/raed.academy\/en\/#organization","name":"Real Academia Europea de Doctores","url":"https:\/\/raed.academy\/en\/","logo":{"@type":"ImageObject","inLanguage":"en-US","@id":"https:\/\/raed.academy\/en\/#\/schema\/logo\/image\/","url":"https:\/\/raed.academy\/wp-content\/uploads\/2017\/01\/cropped-logo_raed.png","contentUrl":"https:\/\/raed.academy\/wp-content\/uploads\/2017\/01\/cropped-logo_raed.png","width":512,"height":512,"caption":"Real Academia Europea de Doctores"},"image":{"@id":"https:\/\/raed.academy\/en\/#\/schema\/logo\/image\/"},"sameAs":["http:\/\/fb.me\/raed.academy","https:\/\/x.com\/raedacademy","https:\/\/www.instagram.com\/raed.academy\/","https:\/\/www.youtube.com\/channel\/UCUYQwW2KrdirNWihxMDObwg"]}]}},"_links":{"self":[{"href":"https:\/\/raed.academy\/en\/wp-json\/wp\/v2\/dp_events\/120371","targetHints":{"allow":["GET"]}}],"collection":[{"href":"https:\/\/raed.academy\/en\/wp-json\/wp\/v2\/dp_events"}],"about":[{"href":"https:\/\/raed.academy\/en\/wp-json\/wp\/v2\/types\/dp_events"}],"wp:featuredmedia":[{"embeddable":true,"href":"https:\/\/raed.academy\/en\/wp-json\/wp\/v2\/media\/120418"}],"wp:attachment":[{"href":"https:\/\/raed.academy\/en\/wp-json\/wp\/v2\/media?parent=120371"}],"curies":[{"name":"wp","href":"https:\/\/api.w.org\/{rel}","templated":true}]}}