{"id":116199,"date":"2022-04-05T15:57:53","date_gmt":"2022-04-05T15:57:53","guid":{"rendered":"https:\/\/raed.academy\/?post_type=dp_events&#038;p=116199"},"modified":"2022-05-26T09:33:55","modified_gmt":"2022-05-26T09:33:55","slug":"mental-health-and-post-pandemic-challenges-a-perspective-from-academia-and-social-networks","status":"publish","type":"dp_events","link":"https:\/\/raed.academy\/en\/events\/mental-health-and-post-pandemic-challenges-a-perspective-from-academia-and-social-networks\/","title":{"rendered":"Mental health and post-pandemic challenges: a perspective from academia and social networks"},"content":{"rendered":"<p>[et_pb_section fb_built=&#8221;1&#8243; _builder_version=&#8221;4.17.0&#8243; _module_preset=&#8221;default&#8221; background_image=&#8221;https:\/\/raed.academy\/wp-content\/uploads\/2022\/04\/shutt_coronavirus-SARS-Cov-2-COVID-19-virus-pandemia-dst-2.91.webp&#8221; global_colors_info=&#8221;{}&#8221;][et_pb_row _builder_version=&#8221;4.17.0&#8243; _module_preset=&#8221;default&#8221; background_color=&#8221;#FFFFFF&#8221; width=&#8221;95%&#8221; max_width=&#8221;650px&#8221; custom_margin=&#8221;|25px|||false|false&#8221; custom_padding=&#8221;30px|30px|30px|30px|false|false&#8221; animation_style=&#8221;flip&#8221; global_colors_info=&#8221;{}&#8221;][et_pb_column type=&#8221;4_4&#8243; _builder_version=&#8221;4.17.0&#8243; _module_preset=&#8221;default&#8221; global_colors_info=&#8221;{}&#8221;][et_pb_text admin_label=&#8221;Texto &#8211; ttl Mesa Redonda&#8221; _builder_version=&#8221;4.17.0&#8243; _module_preset=&#8221;default&#8221; global_colors_info=&#8221;{}&#8221;]<\/p>\n<h3 style=\"text-align: center;\">Round table<\/h3>\n<p>[\/et_pb_text][et_pb_post_title meta=&#8221;off&#8221; featured_image=&#8221;off&#8221; admin_label=&#8221;T\u00edtulo de publicaci\u00f3n&#8221; _builder_version=&#8221;4.17.0&#8243; _module_preset=&#8221;default&#8221; background_enable_color=&#8221;off&#8221; locked=&#8221;off&#8221; global_colors_info=&#8221;{}&#8221;][\/et_pb_post_title][et_pb_text admin_label=&#8221;Detalles evento&#8221; _builder_version=&#8221;4.17.0&#8243; _module_preset=&#8221;default&#8221; background_enable_color=&#8221;off&#8221; locked=&#8221;off&#8221; global_colors_info=&#8221;{}&#8221;]<\/p>\n<p><i class=\"fa-solid fa-location-dot\"><\/i> B Room of Catalan Labour National Works Promotion. Via Laietana, 32, main floor<\/p>\n<p><i class=\"fa-solid fa-calendar-days\"><\/i> Wednesday, 11 May 2022<\/p>\n<p><i class=\"fa-solid fa-clock\"><\/i> 18:30 h<\/p>\n<p><strong>Format:<\/strong> Face to face<\/p>\n<p><strong>Registration<\/strong>: Please confirm attendance at the RAED Secretariat: <a href=\"mailto:secretaria@raed.academy\"><strong>secretaria@raed.academy<\/strong><\/a> or <strong>tel. 93 667 40 54<\/strong><\/p>\n<p>[\/et_pb_text][\/et_pb_column][\/et_pb_row][\/et_pb_section][et_pb_section fb_built=&#8221;1&#8243; admin_label=&#8221;section&#8221; _builder_version=&#8221;4.17.0&#8243; custom_padding=&#8221;0px||||false|false&#8221; locked=&#8221;off&#8221; global_colors_info=&#8221;{}&#8221;][et_pb_row admin_label=&#8221;row&#8221; _builder_version=&#8221;4.17.0&#8243; background_size=&#8221;initial&#8221; background_position=&#8221;top_left&#8221; background_repeat=&#8221;repeat&#8221; max_width=&#8221;1600px&#8221; global_colors_info=&#8221;{}&#8221;][et_pb_column type=&#8221;4_4&#8243; _builder_version=&#8221;4.16&#8243; custom_padding=&#8221;|||&#8221; global_colors_info=&#8221;{}&#8221; custom_padding__hover=&#8221;|||&#8221;][et_pb_text admin_label=&#8221;Descripci\u00f3n del evento&#8221; _builder_version=&#8221;4.17.0&#8243; _module_preset=&#8221;default&#8221; global_colors_info=&#8221;{}&#8221;]<\/p>\n<h2>About the round table<\/h2>\n<p>The Coronavirus pandemic that has plagued humanity since 2019 changed many parameters of current life. The great changes that impacted life in society to face the threat have had a correlate in each individual.<\/p>\n<p>Many of our habits have changed, from family life to working methods. And at the same time that we have demonstrated our ability to survive, we can already glimpse the consequences of this process that has lasted more than two years.<\/p>\n<p>In this perspective, the debate <strong>&#8220;Salud mental y desaf\u00edos post pandemia: una perspectiva desde la academia y las redes sociales&#8221;<\/strong> (Mental health and post-pandemic challenges: a perspective from academia and social networks) is particularly relevant.<\/p>\n<p>The academicians of the RAED <strong>Dr. Cecilia Kindelan<\/strong>, <strong>Dr. Jos\u00e9 Ram\u00f3n Calvo<\/strong>, <strong>Dr. M. \u00c0ngels Calvo<\/strong> and <strong>Dr. Josep Moya<\/strong>, and the Chilean author and influencer <strong>Ana Durrruty<\/strong>, open this debate on the cooperation between worlds that often seem to face each other , but given the current scenario, it offers an opportunity to better address the near future of billions of social network users and how the world&#8217;s situation after the pandemic will not be the same.<\/p>\n<p>&nbsp;<\/p>\n<p>[\/et_pb_text][et_pb_blurb title=&#8221;Participants&#8221; use_icon=&#8221;on&#8221; font_icon=&#8221;&#xf500;||fa||900&#8243; icon_color=&#8221;#6b5d38&#8243; icon_placement=&#8221;left&#8221; content_max_width=&#8221;100%&#8221; admin_label=&#8221;Anuncio &#8211; Participantes&#8221; _builder_version=&#8221;4.17.3&#8243; _module_preset=&#8221;default&#8221; header_font_size=&#8221;30px&#8221; body_text_align=&#8221;left&#8221; module_alignment=&#8221;left&#8221; global_colors_info=&#8221;{}&#8221;]<\/p>\n<ul>\n<li><strong>Dr. Jos\u00e9 Ram\u00f3n Calvo (moderator)<\/strong>. Medical. College professor. Strategic Advisor of the BSC-CNS and Academic of the RAED.<\/li>\n<li><strong>Dr. M. \u00c0ngels Calvo<\/strong>. Pharmacist and veterinarian, Professor of Microbiology and Academic of the RAED.<\/li>\n<li><strong>Dr. Josep Moya<\/strong>. Psychiatrist and Psychogeriatrist of the Specialized Care Service for the Elderly and in Situations of Vulnerability and of the Center for Psychological Intervention and Social and elected Academician of the RAED.<\/li>\n<li><strong>Mrs. Ana Durrruty<\/strong>. Chilean author and influencer.<\/li>\n<\/ul>\n<p>[\/et_pb_blurb][et_pb_image src=&#8221;https:\/\/raed.academy\/wp-content\/uploads\/2022\/05\/Debate-Salud-mental-y-desafios-pospandemia-dst.webp&#8221; alt=&#8221;Debate: Salud mental y desaf\u00edos post pandemia: una perspectiva desde la academia y las redes sociales&#8221; title_text=&#8221;Debate: Salud mental y desaf\u00edos post pandemia: una perspectiva desde la academia y las redes sociales&#8221; align=&#8221;center&#8221; _builder_version=&#8221;4.17.4&#8243; _module_preset=&#8221;default&#8221; animation_style=&#8221;flip&#8221; global_colors_info=&#8221;{}&#8221; locked=&#8221;off&#8221;][\/et_pb_image][\/et_pb_column][\/et_pb_row][et_pb_row column_structure=&#8221;2_3,1_3&#8243; use_custom_gutter=&#8221;on&#8221; gutter_width=&#8221;1&#8243; admin_label=&#8221;Fila&#8221; _builder_version=&#8221;4.16&#8243; _module_preset=&#8221;default&#8221; max_width=&#8221;1400px&#8221; locked=&#8221;off&#8221; global_colors_info=&#8221;{}&#8221;][et_pb_column type=&#8221;2_3&#8243; _builder_version=&#8221;4.16&#8243; _module_preset=&#8221;default&#8221; global_colors_info=&#8221;{}&#8221;][et_pb_code admin_label=&#8221;C\u00f3digo &#8211; Organize&#8221; _builder_version=&#8221;4.16&#8243; _module_preset=&#8221;default&#8221; global_colors_info=&#8221;{}&#8221;]<pee class=\"ttl-colaboradores\">Organize:<\/pee><!-- [et_pb_line_break_holder] --><\/p>\n<div id=\"organizadores\"><!-- [et_pb_line_break_holder] --><!-- [et_pb_line_break_holder] --><\/p>\n<div class=\"logo-colaborador\"><a href=\"https:\/\/fundacionraed.org\/\" target=\"_blank\" rel=\"noopener noreferrer\"><img decoding=\"async\" src=\"https:\/\/raed.academy\/wp-content\/uploads\/2021\/10\/Logo-Fundacion-RAED-160px.jpg\" alt=\"Fundaci\u00f3n RAED\" \/><\/a><!-- [et_pb_line_break_holder] --><\/p>\n<div class=\"txt\"><\/div>\n<p><!-- [et_pb_line_break_holder] --><\/div>\n<p><!-- [et_pb_line_break_holder] --><\/p>\n<div class=\"logo-colaborador\"><a href=\"https:\/\/raed.academy\/en\/\" target=\"_blank\" rel=\"noopener noreferrer\"><img decoding=\"async\" src=\"https:\/\/raed.academy\/wp-content\/uploads\/2021\/10\/Logo-RAED-160px.jpg\" alt=\"Real Academia Europea de Doctores RAED\" \/><\/a><!-- [et_pb_line_break_holder] --><\/p>\n<div class=\"txt\"><\/div>\n<p><!-- [et_pb_line_break_holder] --><\/div>\n<p><!-- [et_pb_line_break_holder] --><\/div>\n<p>[\/et_pb_code][\/et_pb_column][et_pb_column type=&#8221;1_3&#8243; _builder_version=&#8221;4.16&#8243; _module_preset=&#8221;default&#8221; global_colors_info=&#8221;{}&#8221;][et_pb_code admin_label=&#8221;C\u00f3digo &#8211; In collaboration with&#8221; _builder_version=&#8221;4.16&#8243; _module_preset=&#8221;default&#8221; global_colors_info=&#8221;{}&#8221;]<pee class=\"ttl-colaboradores\">In collaboration with:<\/pee><!-- [et_pb_line_break_holder] --><\/p>\n<div id=\"colaboradores\"><!-- [et_pb_line_break_holder] --><\/p>\n<div class=\"logo-colaborador\"><!-- [et_pb_line_break_holder] --><\/p>\n<div class=\"txt-circular\"><\/div>\n<p><!-- [et_pb_line_break_holder] --> <a href=\"http:\/\/justicia.gencat.cat\/ca\/inici\" target=\"_blank\" rel=\"noopener noreferrer\"><img decoding=\"async\" src=\"https:\/\/raed.academy\/wp-content\/uploads\/2021\/10\/Generalitat-de-Catalunya-dept-Justicia-215px.jpg\" alt=\"Generalitat de catalunya\" \/><\/a><!-- [et_pb_line_break_holder] --><\/div>\n<p><!-- [et_pb_line_break_holder] --><\/div>\n<p>[\/et_pb_code][\/et_pb_column][\/et_pb_row][\/et_pb_section]<\/p>\n","protected":false},"excerpt":{"rendered":"<p>A debate about dealing with the near future. Our habits: family life, work modalities&#8230; And how the world after the pandemic will not be the same<\/p>\n","protected":false},"featured_media":116264,"template":"","meta":{"_et_pb_use_builder":"on","_et_pb_old_content":"","_et_gb_content_width":""},"class_list":["post-116199","dp_events","type-dp_events","status-publish","has-post-thumbnail","hentry","event_category-diseases-and-pandemics"],"yoast_head":"<!-- This site is optimized with the Yoast SEO plugin v27.5 - https:\/\/yoast.com\/product\/yoast-seo-wordpress\/ -->\n<title>Mental health and post-pandemic challenges: a perspective from academia and social networks - Royal European Academy of Doctors<\/title>\n<meta name=\"description\" content=\"A discussion about addressing the near future. Our habits, family life, work... And how the world after the pandemic will not be the same\" \/>\n<meta name=\"robots\" content=\"index, follow, max-snippet:-1, max-image-preview:large, max-video-preview:-1\" \/>\n<link rel=\"canonical\" href=\"https:\/\/raed.academy\/en\/events\/mental-health-and-post-pandemic-challenges-a-perspective-from-academia-and-social-networks\/\" \/>\n<meta property=\"og:locale\" content=\"en_US\" \/>\n<meta property=\"og:type\" content=\"article\" \/>\n<meta property=\"og:title\" content=\"Mental health and post-pandemic challenges: a perspective from academia and social networks - Royal European Academy of Doctors\" \/>\n<meta property=\"og:description\" content=\"A discussion about addressing the near future. Our habits, family life, work... And how the world after the pandemic will not be the same\" \/>\n<meta property=\"og:url\" content=\"https:\/\/raed.academy\/en\/events\/mental-health-and-post-pandemic-challenges-a-perspective-from-academia-and-social-networks\/\" \/>\n<meta property=\"og:site_name\" content=\"Royal European Academy of Doctors\" \/>\n<meta property=\"article:publisher\" content=\"http:\/\/fb.me\/raed.academy\" \/>\n<meta property=\"article:modified_time\" content=\"2022-05-26T09:33:55+00:00\" \/>\n<meta property=\"og:image\" content=\"https:\/\/raed.academy\/wp-content\/uploads\/2022\/04\/shutt_coronavirus-SARS-Cov-2-COVID-19-virus-pandemia-dst.webp\" \/>\n\t<meta property=\"og:image:width\" content=\"600\" \/>\n\t<meta property=\"og:image:height\" content=\"360\" \/>\n\t<meta property=\"og:image:type\" content=\"image\/webp\" \/>\n<meta name=\"twitter:card\" content=\"summary_large_image\" \/>\n<meta name=\"twitter:site\" content=\"@raedacademy\" \/>\n<script type=\"application\/ld+json\" class=\"yoast-schema-graph\">{\"@context\":\"https:\\\/\\\/schema.org\",\"@graph\":[{\"@type\":\"WebPage\",\"@id\":\"https:\\\/\\\/raed.academy\\\/en\\\/events\\\/mental-health-and-post-pandemic-challenges-a-perspective-from-academia-and-social-networks\\\/\",\"url\":\"https:\\\/\\\/raed.academy\\\/en\\\/events\\\/mental-health-and-post-pandemic-challenges-a-perspective-from-academia-and-social-networks\\\/\",\"name\":\"Mental health and post-pandemic challenges: a perspective from academia and social networks - Royal European Academy of Doctors\",\"isPartOf\":{\"@id\":\"https:\\\/\\\/raed.academy\\\/en\\\/#website\"},\"primaryImageOfPage\":{\"@id\":\"https:\\\/\\\/raed.academy\\\/en\\\/events\\\/mental-health-and-post-pandemic-challenges-a-perspective-from-academia-and-social-networks\\\/#primaryimage\"},\"image\":{\"@id\":\"https:\\\/\\\/raed.academy\\\/en\\\/events\\\/mental-health-and-post-pandemic-challenges-a-perspective-from-academia-and-social-networks\\\/#primaryimage\"},\"thumbnailUrl\":\"https:\\\/\\\/raed.academy\\\/wp-content\\\/uploads\\\/2022\\\/04\\\/shutt_coronavirus-SARS-Cov-2-COVID-19-virus-pandemia-dst.webp\",\"datePublished\":\"2022-04-05T15:57:53+00:00\",\"dateModified\":\"2022-05-26T09:33:55+00:00\",\"description\":\"A discussion about addressing the near future. Our habits, family life, work... And how the world after the pandemic will not be the same\",\"breadcrumb\":{\"@id\":\"https:\\\/\\\/raed.academy\\\/en\\\/events\\\/mental-health-and-post-pandemic-challenges-a-perspective-from-academia-and-social-networks\\\/#breadcrumb\"},\"inLanguage\":\"en-US\",\"potentialAction\":[{\"@type\":\"ReadAction\",\"target\":[\"https:\\\/\\\/raed.academy\\\/en\\\/events\\\/mental-health-and-post-pandemic-challenges-a-perspective-from-academia-and-social-networks\\\/\"]}]},{\"@type\":\"ImageObject\",\"inLanguage\":\"en-US\",\"@id\":\"https:\\\/\\\/raed.academy\\\/en\\\/events\\\/mental-health-and-post-pandemic-challenges-a-perspective-from-academia-and-social-networks\\\/#primaryimage\",\"url\":\"https:\\\/\\\/raed.academy\\\/wp-content\\\/uploads\\\/2022\\\/04\\\/shutt_coronavirus-SARS-Cov-2-COVID-19-virus-pandemia-dst.webp\",\"contentUrl\":\"https:\\\/\\\/raed.academy\\\/wp-content\\\/uploads\\\/2022\\\/04\\\/shutt_coronavirus-SARS-Cov-2-COVID-19-virus-pandemia-dst.webp\",\"width\":600,\"height\":360},{\"@type\":\"BreadcrumbList\",\"@id\":\"https:\\\/\\\/raed.academy\\\/en\\\/events\\\/mental-health-and-post-pandemic-challenges-a-perspective-from-academia-and-social-networks\\\/#breadcrumb\",\"itemListElement\":[{\"@type\":\"ListItem\",\"position\":1,\"name\":\"Inicio\",\"item\":\"https:\\\/\\\/raed.academy\\\/en\\\/\"},{\"@type\":\"ListItem\",\"position\":2,\"name\":\"Events\",\"item\":\"https:\\\/\\\/raed.academy\\\/en\\\/events\\\/\"},{\"@type\":\"ListItem\",\"position\":3,\"name\":\"Mental health and post-pandemic challenges: a perspective from academia and social networks\"}]},{\"@type\":\"WebSite\",\"@id\":\"https:\\\/\\\/raed.academy\\\/en\\\/#website\",\"url\":\"https:\\\/\\\/raed.academy\\\/en\\\/\",\"name\":\"Royal European Academy of Doctors\",\"description\":\"Corporaci\u00f3n de derecho p\u00fablico de car\u00e1cter cient\u00edfico, t\u00e9cnico y art\u00edstico, que tiene por objeto la investigaci\u00f3n, el estudio, el fomento y la extensi\u00f3n del conocimiento en su sentido m\u00e1s amplio.\",\"publisher\":{\"@id\":\"https:\\\/\\\/raed.academy\\\/en\\\/#organization\"},\"potentialAction\":[{\"@type\":\"SearchAction\",\"target\":{\"@type\":\"EntryPoint\",\"urlTemplate\":\"https:\\\/\\\/raed.academy\\\/en\\\/?s={search_term_string}\"},\"query-input\":{\"@type\":\"PropertyValueSpecification\",\"valueRequired\":true,\"valueName\":\"search_term_string\"}}],\"inLanguage\":\"en-US\"},{\"@type\":\"Organization\",\"@id\":\"https:\\\/\\\/raed.academy\\\/en\\\/#organization\",\"name\":\"Real Academia Europea de Doctores\",\"url\":\"https:\\\/\\\/raed.academy\\\/en\\\/\",\"logo\":{\"@type\":\"ImageObject\",\"inLanguage\":\"en-US\",\"@id\":\"https:\\\/\\\/raed.academy\\\/en\\\/#\\\/schema\\\/logo\\\/image\\\/\",\"url\":\"https:\\\/\\\/raed.academy\\\/wp-content\\\/uploads\\\/2017\\\/01\\\/cropped-logo_raed.png\",\"contentUrl\":\"https:\\\/\\\/raed.academy\\\/wp-content\\\/uploads\\\/2017\\\/01\\\/cropped-logo_raed.png\",\"width\":512,\"height\":512,\"caption\":\"Real Academia Europea de Doctores\"},\"image\":{\"@id\":\"https:\\\/\\\/raed.academy\\\/en\\\/#\\\/schema\\\/logo\\\/image\\\/\"},\"sameAs\":[\"http:\\\/\\\/fb.me\\\/raed.academy\",\"https:\\\/\\\/x.com\\\/raedacademy\",\"https:\\\/\\\/www.instagram.com\\\/raed.academy\\\/\",\"https:\\\/\\\/www.youtube.com\\\/channel\\\/UCUYQwW2KrdirNWihxMDObwg\"]}]}<\/script>\n<!-- \/ Yoast SEO plugin. -->","yoast_head_json":{"title":"Mental health and post-pandemic challenges: a perspective from academia and social networks - Royal European Academy of Doctors","description":"A discussion about addressing the near future. Our habits, family life, work... And how the world after the pandemic will not be the same","robots":{"index":"index","follow":"follow","max-snippet":"max-snippet:-1","max-image-preview":"max-image-preview:large","max-video-preview":"max-video-preview:-1"},"canonical":"https:\/\/raed.academy\/en\/events\/mental-health-and-post-pandemic-challenges-a-perspective-from-academia-and-social-networks\/","og_locale":"en_US","og_type":"article","og_title":"Mental health and post-pandemic challenges: a perspective from academia and social networks - Royal European Academy of Doctors","og_description":"A discussion about addressing the near future. Our habits, family life, work... And how the world after the pandemic will not be the same","og_url":"https:\/\/raed.academy\/en\/events\/mental-health-and-post-pandemic-challenges-a-perspective-from-academia-and-social-networks\/","og_site_name":"Royal European Academy of Doctors","article_publisher":"http:\/\/fb.me\/raed.academy","article_modified_time":"2022-05-26T09:33:55+00:00","og_image":[{"width":600,"height":360,"url":"https:\/\/raed.academy\/wp-content\/uploads\/2022\/04\/shutt_coronavirus-SARS-Cov-2-COVID-19-virus-pandemia-dst.webp","type":"image\/webp"}],"twitter_card":"summary_large_image","twitter_site":"@raedacademy","schema":{"@context":"https:\/\/schema.org","@graph":[{"@type":"WebPage","@id":"https:\/\/raed.academy\/en\/events\/mental-health-and-post-pandemic-challenges-a-perspective-from-academia-and-social-networks\/","url":"https:\/\/raed.academy\/en\/events\/mental-health-and-post-pandemic-challenges-a-perspective-from-academia-and-social-networks\/","name":"Mental health and post-pandemic challenges: a perspective from academia and social networks - Royal European Academy of Doctors","isPartOf":{"@id":"https:\/\/raed.academy\/en\/#website"},"primaryImageOfPage":{"@id":"https:\/\/raed.academy\/en\/events\/mental-health-and-post-pandemic-challenges-a-perspective-from-academia-and-social-networks\/#primaryimage"},"image":{"@id":"https:\/\/raed.academy\/en\/events\/mental-health-and-post-pandemic-challenges-a-perspective-from-academia-and-social-networks\/#primaryimage"},"thumbnailUrl":"https:\/\/raed.academy\/wp-content\/uploads\/2022\/04\/shutt_coronavirus-SARS-Cov-2-COVID-19-virus-pandemia-dst.webp","datePublished":"2022-04-05T15:57:53+00:00","dateModified":"2022-05-26T09:33:55+00:00","description":"A discussion about addressing the near future. Our habits, family life, work... And how the world after the pandemic will not be the same","breadcrumb":{"@id":"https:\/\/raed.academy\/en\/events\/mental-health-and-post-pandemic-challenges-a-perspective-from-academia-and-social-networks\/#breadcrumb"},"inLanguage":"en-US","potentialAction":[{"@type":"ReadAction","target":["https:\/\/raed.academy\/en\/events\/mental-health-and-post-pandemic-challenges-a-perspective-from-academia-and-social-networks\/"]}]},{"@type":"ImageObject","inLanguage":"en-US","@id":"https:\/\/raed.academy\/en\/events\/mental-health-and-post-pandemic-challenges-a-perspective-from-academia-and-social-networks\/#primaryimage","url":"https:\/\/raed.academy\/wp-content\/uploads\/2022\/04\/shutt_coronavirus-SARS-Cov-2-COVID-19-virus-pandemia-dst.webp","contentUrl":"https:\/\/raed.academy\/wp-content\/uploads\/2022\/04\/shutt_coronavirus-SARS-Cov-2-COVID-19-virus-pandemia-dst.webp","width":600,"height":360},{"@type":"BreadcrumbList","@id":"https:\/\/raed.academy\/en\/events\/mental-health-and-post-pandemic-challenges-a-perspective-from-academia-and-social-networks\/#breadcrumb","itemListElement":[{"@type":"ListItem","position":1,"name":"Inicio","item":"https:\/\/raed.academy\/en\/"},{"@type":"ListItem","position":2,"name":"Events","item":"https:\/\/raed.academy\/en\/events\/"},{"@type":"ListItem","position":3,"name":"Mental health and post-pandemic challenges: a perspective from academia and social networks"}]},{"@type":"WebSite","@id":"https:\/\/raed.academy\/en\/#website","url":"https:\/\/raed.academy\/en\/","name":"Royal European Academy of Doctors","description":"Corporaci\u00f3n de derecho p\u00fablico de car\u00e1cter cient\u00edfico, t\u00e9cnico y art\u00edstico, que tiene por objeto la investigaci\u00f3n, el estudio, el fomento y la extensi\u00f3n del conocimiento en su sentido m\u00e1s amplio.","publisher":{"@id":"https:\/\/raed.academy\/en\/#organization"},"potentialAction":[{"@type":"SearchAction","target":{"@type":"EntryPoint","urlTemplate":"https:\/\/raed.academy\/en\/?s={search_term_string}"},"query-input":{"@type":"PropertyValueSpecification","valueRequired":true,"valueName":"search_term_string"}}],"inLanguage":"en-US"},{"@type":"Organization","@id":"https:\/\/raed.academy\/en\/#organization","name":"Real Academia Europea de Doctores","url":"https:\/\/raed.academy\/en\/","logo":{"@type":"ImageObject","inLanguage":"en-US","@id":"https:\/\/raed.academy\/en\/#\/schema\/logo\/image\/","url":"https:\/\/raed.academy\/wp-content\/uploads\/2017\/01\/cropped-logo_raed.png","contentUrl":"https:\/\/raed.academy\/wp-content\/uploads\/2017\/01\/cropped-logo_raed.png","width":512,"height":512,"caption":"Real Academia Europea de Doctores"},"image":{"@id":"https:\/\/raed.academy\/en\/#\/schema\/logo\/image\/"},"sameAs":["http:\/\/fb.me\/raed.academy","https:\/\/x.com\/raedacademy","https:\/\/www.instagram.com\/raed.academy\/","https:\/\/www.youtube.com\/channel\/UCUYQwW2KrdirNWihxMDObwg"]}]}},"_links":{"self":[{"href":"https:\/\/raed.academy\/en\/wp-json\/wp\/v2\/dp_events\/116199","targetHints":{"allow":["GET"]}}],"collection":[{"href":"https:\/\/raed.academy\/en\/wp-json\/wp\/v2\/dp_events"}],"about":[{"href":"https:\/\/raed.academy\/en\/wp-json\/wp\/v2\/types\/dp_events"}],"wp:featuredmedia":[{"embeddable":true,"href":"https:\/\/raed.academy\/en\/wp-json\/wp\/v2\/media\/116264"}],"wp:attachment":[{"href":"https:\/\/raed.academy\/en\/wp-json\/wp\/v2\/media?parent=116199"}],"curies":[{"name":"wp","href":"https:\/\/api.w.org\/{rel}","templated":true}]}}