{"id":116149,"date":"2022-04-19T11:45:30","date_gmt":"2022-04-19T11:45:30","guid":{"rendered":"https:\/\/raed.academy\/?post_type=dp_events&#038;p=116149"},"modified":"2022-05-25T11:27:07","modified_gmt":"2022-05-25T11:27:07","slug":"reissue-of-the-book-el-patrimonio-mundial-cultural-natural-e-inmaterial-de-espana","status":"publish","type":"dp_events","link":"https:\/\/raed.academy\/en\/events\/reissue-of-the-book-el-patrimonio-mundial-cultural-natural-e-inmaterial-de-espana\/","title":{"rendered":"Reissue of the book &#8220;El patrimonio mundial cultural, natural e inmaterial de Espa\u00f1a&#8221;"},"content":{"rendered":"<p>[et_pb_section fb_built=&#8221;1&#8243; admin_label=&#8221;section&#8221; _builder_version=&#8221;4.16&#8243; global_colors_info=&#8221;{}&#8221;][et_pb_row admin_label=&#8221;row&#8221; _builder_version=&#8221;4.16&#8243; background_size=&#8221;initial&#8221; background_position=&#8221;top_left&#8221; background_repeat=&#8221;repeat&#8221; global_colors_info=&#8221;{}&#8221;][et_pb_column type=&#8221;4_4&#8243; _builder_version=&#8221;4.16&#8243; custom_padding=&#8221;|||&#8221; global_colors_info=&#8221;{}&#8221; custom_padding__hover=&#8221;|||&#8221;][et_pb_post_title meta=&#8221;off&#8221; featured_image=&#8221;off&#8221; _builder_version=&#8221;4.17.0&#8243; _module_preset=&#8221;default&#8221; locked=&#8221;off&#8221; global_colors_info=&#8221;{}&#8221;][\/et_pb_post_title][et_pb_text admin_label=&#8221;Detalles evento&#8221; _builder_version=&#8221;4.17.4&#8243; _module_preset=&#8221;default&#8221; hover_enabled=&#8221;0&#8243; locked=&#8221;off&#8221; global_colors_info=&#8221;{}&#8221; sticky_enabled=&#8221;0&#8243;]<\/p>\n<p><strong><img loading=\"lazy\" decoding=\"async\" class=\"alignright wp-image-116132 size-full\" src=\"https:\/\/raed.academy\/wp-content\/uploads\/2022\/04\/libro-El-patrimonio-mundial-cultural-natural-e-inmaterial-de-Espana-reedicion-2022.webp\" alt=\"Book &quot;El patrimonio mundial cultural, natural e inmaterial de Espa\u00f1a&quot;\" width=\"370\" height=\"482\" \/>Venue: <\/strong>C Room of Catalan Labour National Works Promotion. Via Laietana, 32,, Barcelona, 08003<\/p>\n<p><strong>Event date:<\/strong> Thursday, 12 May 2022<\/p>\n<p><strong>Event time:<\/strong> 18:30 h<\/p>\n<p><strong>Format:<\/strong> Face-to-face<\/p>\n<p><strong>Event cost:<\/strong> free<\/p>\n<p><strong>Registration<\/strong>: Please confirm attendance at the RAED Secretariat: <a href=\"mailto:secretaria@raed.academy\"><strong>secretaria@raed.academy<\/strong><\/a> or <strong>tel. 93 667 40 54<\/strong><\/p>\n<h2>Description of the event<\/h2>\n<p><a href=\"https:\/\/raed.academy\/en\/academicians\/dr-ignacio-buqueras-bach\/\" target=\"_blank\" rel=\"noopener\"><strong>Dr. Ignacio Buqueras<\/strong><\/a>, Entrepreneur, President of the &#8220;Asociaci\u00f3n para la Difusi\u00f3n y Promoci\u00f3n del Patrimonio Mundial de Espa\u00f1a&#8221; (ADIPROPE) and academician of the Royal Academy of Doctors of Spain and of the Royal European Academy of Doctors-Barcelona 1914 (RAED), presents the reissue in 2022 of the book entitled <strong>&#8220;El patrimonio mundial cultural, natural e inmaterial de Espa\u00f1a&#8221;<\/strong> (The World Cultural, Natural and Intangible Heritage of Spain), edited by McGraw Hill and the <a href=\"https:\/\/adiprope.org\/\" target=\"_blank\" rel=\"noopener\"><strong>Association for the Dissemination and Promotion of World Heritage in Spain (ADIPROPE)<\/strong><\/a>.<\/p>\n<p>This book published in 2019, reissued in 2022, collects the assets of Spain inscribed on the official UNESCO list of WORLD HERITAGE and INTANGIBLE HERITAGE.<\/p>\n<p>More information about the book on the <a href=\"https:\/\/adiprope.org\/areas\/publicaciones\/\" target=\"_blank\" rel=\"noopener\"><strong>ADIPROPE website<\/strong><\/a>.<\/p>\n<p>&nbsp;<\/p>\n<p><div id=\"attachment_118273\" style=\"width: 710px\" class=\"wp-caption aligncenter\"><img loading=\"lazy\" decoding=\"async\" aria-describedby=\"caption-attachment-118273\" class=\"wp-image-118273 size-full\" src=\"https:\/\/raed.academy\/wp-content\/uploads\/2022\/05\/2022-05-12.Reedicion-libro-El-patrimonio-mundial-Ignacio-Buqueras-02.webp\" sizes=\"(max-width: 700px) 100vw, 700px\" srcset=\"https:\/\/raed.academy\/wp-content\/uploads\/2022\/05\/2022-05-12.Reedicion-libro-El-patrimonio-mundial-Ignacio-Buqueras-02.webp 700w, https:\/\/raed.academy\/wp-content\/uploads\/2022\/05\/2022-05-12.Reedicion-libro-El-patrimonio-mundial-Ignacio-Buqueras-02-627x376.webp 627w, https:\/\/raed.academy\/wp-content\/uploads\/2022\/05\/2022-05-12.Reedicion-libro-El-patrimonio-mundial-Ignacio-Buqueras-02-440x264.webp 440w\" alt=\"Reedicion del libro El patrimonio mundial de Ignacio Buqueras\" width=\"700\" height=\"420\" aria-describedby=\"caption-attachment-118273\" \/><p id=\"caption-attachment-118273\" class=\"wp-caption-text\">From left to right: Dr. Xabier A\u00f1overos, Dr. Ignacio Buqueras, Dr. Alfredo Rocafort y Dra. Judith Urbano<\/p><\/div>[\/et_pb_text][et_pb_blurb title=&#8221;Participants&#8221; use_icon=&#8221;on&#8221; font_icon=&#8221;&#xf500;||fa||900&#8243; icon_color=&#8221;#6b5d38&#8243; icon_placement=&#8221;left&#8221; content_max_width=&#8221;100%&#8221; admin_label=&#8221;Anuncio &#8211; Participants&#8221; _builder_version=&#8221;4.17.3&#8243; _module_preset=&#8221;default&#8221; header_font_size=&#8221;30px&#8221; body_text_align=&#8221;left&#8221; module_alignment=&#8221;left&#8221; locked=&#8221;off&#8221; global_colors_info=&#8221;{}&#8221;]<\/p>\n<p><strong>The event will be chaired by:<\/strong><\/p>\n<ul>\n<li><a href=\"https:\/\/raed.academy\/en\/academicians\/dr-alfredo-rocafort-nicolau\/\" target=\"_blank\" rel=\"noopener\"><strong>Dr. Alfredo Rocafort Nicolau<\/strong><\/a>. Numerary Member and President of the Royal European Academy of Doctors.<\/li>\n<\/ul>\n<p><strong>They intervene:<\/strong><\/p>\n<ul>\n<li><a href=\"https:\/\/raed.academy\/en\/academicians\/dr-ignacio-buqueras-bach\/\" target=\"_blank\" rel=\"noopener\"><strong>Dr. Ignacio Buqueras and Bach<\/strong><\/a>. Entrepreneur. President of the Association for the Dissemination and Promotion of World Heritage in Spain, ADIPROPE, and Numerary Member of the Royal European Academy of Doctors.<\/li>\n<li><a href=\"https:\/\/raed.academy\/en\/academicians\/dr-rafael-i-barraquer-compte\/dr-xabier-anoveros-trias-de-bes-2\/\" target=\"_blank\" rel=\"noopener\"><strong>Dr. Xabier A\u00f1overos Trias de Bes<\/strong><\/a>. Lawyer. Doctor in Law and Doctor in History. Numerary Member and Vice President of the Royal European Academy of Doctors.<\/li>\n<li><strong>Dr. Judith Urbano Lorente<\/strong>. Dean of the Faculty of Humanities at the International University of Catalonia.<\/li>\n<\/ul>\n<p>[\/et_pb_blurb][et_pb_image src=&#8221;https:\/\/raed.academy\/wp-content\/uploads\/2022\/04\/invitacion-evento-presentacion-libro-v2.webp&#8221; title_text=&#8221;invitacion-evento-presentacion-libro-v2&#8243; align=&#8221;center&#8221; force_fullwidth=&#8221;on&#8221; _builder_version=&#8221;4.17.0&#8243; _module_preset=&#8221;default&#8221; animation_style=&#8221;flip&#8221; locked=&#8221;off&#8221; global_colors_info=&#8221;{}&#8221;][\/et_pb_image][\/et_pb_column][\/et_pb_row][et_pb_row column_structure=&#8221;2_3,1_3&#8243; use_custom_gutter=&#8221;on&#8221; gutter_width=&#8221;1&#8243; admin_label=&#8221;Fila&#8221; _builder_version=&#8221;4.16&#8243; _module_preset=&#8221;default&#8221; max_width=&#8221;1400px&#8221; locked=&#8221;off&#8221; global_colors_info=&#8221;{}&#8221;][et_pb_column type=&#8221;2_3&#8243; _builder_version=&#8221;4.16&#8243; _module_preset=&#8221;default&#8221; global_colors_info=&#8221;{}&#8221;][et_pb_code admin_label=&#8221;C\u00f3digo &#8211; Organize&#8221; _builder_version=&#8221;4.16&#8243; _module_preset=&#8221;default&#8221; global_colors_info=&#8221;{}&#8221;]<pee class=\"ttl-colaboradores\">Organize:<\/pee><!-- [et_pb_line_break_holder] --><\/p>\n<div id=\"organizadores\"><!-- [et_pb_line_break_holder] --><!-- [et_pb_line_break_holder] --><\/p>\n<div class=\"logo-colaborador\"><a href=\"https:\/\/fundacionraed.org\/\" target=\"_blank\" rel=\"noopener noreferrer\"><img decoding=\"async\" src=\"https:\/\/raed.academy\/wp-content\/uploads\/2021\/10\/Logo-Fundacion-RAED-160px.jpg\" alt=\"Fundaci\u00f3n RAED\" \/><\/a><!-- [et_pb_line_break_holder] --><\/p>\n<div class=\"txt\"><\/div>\n<p><!-- [et_pb_line_break_holder] --><\/div>\n<p><!-- [et_pb_line_break_holder] --><\/p>\n<div class=\"logo-colaborador\"><a href=\"https:\/\/raed.academy\/en\/\" target=\"_blank\" rel=\"noopener noreferrer\"><img decoding=\"async\" src=\"https:\/\/raed.academy\/wp-content\/uploads\/2021\/10\/Logo-RAED-160px.jpg\" alt=\"Real Academia Europea de Doctores RAED\" \/><\/a><!-- [et_pb_line_break_holder] --><\/p>\n<div class=\"txt\"><\/div>\n<p><!-- [et_pb_line_break_holder] --><\/div>\n<p><!-- [et_pb_line_break_holder] --><\/div>\n<p>[\/et_pb_code][\/et_pb_column][et_pb_column type=&#8221;1_3&#8243; _builder_version=&#8221;4.16&#8243; _module_preset=&#8221;default&#8221; global_colors_info=&#8221;{}&#8221;][et_pb_code admin_label=&#8221;C\u00f3digo &#8211; In collaboration with&#8221; _builder_version=&#8221;4.16&#8243; _module_preset=&#8221;default&#8221; global_colors_info=&#8221;{}&#8221;]<pee class=\"ttl-colaboradores\">In collaboration with:<\/pee><!-- [et_pb_line_break_holder] --><\/p>\n<div id=\"colaboradores\"><!-- [et_pb_line_break_holder] --><\/p>\n<div class=\"logo-colaborador\"><!-- [et_pb_line_break_holder] --><\/p>\n<div class=\"txt-circular\"><\/div>\n<p><!-- [et_pb_line_break_holder] --> <a href=\"http:\/\/justicia.gencat.cat\/ca\/inici\" target=\"_blank\" rel=\"noopener noreferrer\"><img decoding=\"async\" src=\"https:\/\/raed.academy\/wp-content\/uploads\/2021\/10\/Generalitat-de-Catalunya-dept-Justicia-215px.jpg\" alt=\"Generalitat de catalunya\" \/><\/a><!-- [et_pb_line_break_holder] --><\/div>\n<p><!-- [et_pb_line_break_holder] --><\/div>\n<p>[\/et_pb_code][\/et_pb_column][\/et_pb_row][\/et_pb_section]<\/p>\n","protected":false},"excerpt":{"rendered":"<p>Dr. Ignacio Buqueras presents the reissue in 2022 of the book &#8220;El patrimonio mundial cultural, natural e inmaterial de Espa\u00f1a&#8221; (The World Cultural, Natural and Intangible Heritage of Spain)<\/p>\n","protected":false},"featured_media":116135,"template":"","meta":{"_et_pb_use_builder":"on","_et_pb_old_content":"","_et_gb_content_width":""},"class_list":["post-116149","dp_events","type-dp_events","status-publish","has-post-thumbnail","hentry"],"yoast_head":"<!-- This site is optimized with the Yoast SEO plugin v27.5 - https:\/\/yoast.com\/product\/yoast-seo-wordpress\/ -->\n<title>Reissue of the book &quot;El patrimonio mundial cultural, natural e inmaterial de Espa\u00f1a&quot; - Royal European Academy of Doctors<\/title>\n<meta name=\"description\" content=\"Dr. Ignacio Buqueras presents the reissue in 2022 of the book &quot;El patrimonio mundial cultural, natural e inmaterial de Espa\u00f1a&quot;\" \/>\n<meta name=\"robots\" content=\"index, follow, max-snippet:-1, max-image-preview:large, max-video-preview:-1\" \/>\n<link rel=\"canonical\" href=\"https:\/\/raed.academy\/en\/events\/reissue-of-the-book-el-patrimonio-mundial-cultural-natural-e-inmaterial-de-espana\/\" \/>\n<meta property=\"og:locale\" content=\"en_US\" \/>\n<meta property=\"og:type\" content=\"article\" \/>\n<meta property=\"og:title\" content=\"Reissue of the book &quot;El patrimonio mundial cultural, natural e inmaterial de Espa\u00f1a&quot; - Royal European Academy of Doctors\" \/>\n<meta property=\"og:description\" content=\"Dr. Ignacio Buqueras presents the reissue in 2022 of the book &quot;El patrimonio mundial cultural, natural e inmaterial de Espa\u00f1a&quot;\" \/>\n<meta property=\"og:url\" content=\"https:\/\/raed.academy\/en\/events\/reissue-of-the-book-el-patrimonio-mundial-cultural-natural-e-inmaterial-de-espana\/\" \/>\n<meta property=\"og:site_name\" content=\"Royal European Academy of Doctors\" \/>\n<meta property=\"article:publisher\" content=\"http:\/\/fb.me\/raed.academy\" \/>\n<meta property=\"article:modified_time\" content=\"2022-05-25T11:27:07+00:00\" \/>\n<meta property=\"og:image\" content=\"https:\/\/raed.academy\/wp-content\/uploads\/2022\/04\/patrimonio-mundial-de-Espana-dst.webp\" \/>\n\t<meta property=\"og:image:width\" content=\"500\" \/>\n\t<meta property=\"og:image:height\" content=\"300\" \/>\n\t<meta property=\"og:image:type\" content=\"image\/webp\" \/>\n<meta name=\"twitter:card\" content=\"summary_large_image\" \/>\n<meta name=\"twitter:site\" content=\"@raedacademy\" \/>\n<script type=\"application\/ld+json\" class=\"yoast-schema-graph\">{\"@context\":\"https:\\\/\\\/schema.org\",\"@graph\":[{\"@type\":\"WebPage\",\"@id\":\"https:\\\/\\\/raed.academy\\\/en\\\/events\\\/reissue-of-the-book-el-patrimonio-mundial-cultural-natural-e-inmaterial-de-espana\\\/\",\"url\":\"https:\\\/\\\/raed.academy\\\/en\\\/events\\\/reissue-of-the-book-el-patrimonio-mundial-cultural-natural-e-inmaterial-de-espana\\\/\",\"name\":\"Reissue of the book \\\"El patrimonio mundial cultural, natural e inmaterial de Espa\u00f1a\\\" - Royal European Academy of Doctors\",\"isPartOf\":{\"@id\":\"https:\\\/\\\/raed.academy\\\/en\\\/#website\"},\"primaryImageOfPage\":{\"@id\":\"https:\\\/\\\/raed.academy\\\/en\\\/events\\\/reissue-of-the-book-el-patrimonio-mundial-cultural-natural-e-inmaterial-de-espana\\\/#primaryimage\"},\"image\":{\"@id\":\"https:\\\/\\\/raed.academy\\\/en\\\/events\\\/reissue-of-the-book-el-patrimonio-mundial-cultural-natural-e-inmaterial-de-espana\\\/#primaryimage\"},\"thumbnailUrl\":\"https:\\\/\\\/raed.academy\\\/wp-content\\\/uploads\\\/2022\\\/04\\\/patrimonio-mundial-de-Espana-dst.webp\",\"datePublished\":\"2022-04-19T11:45:30+00:00\",\"dateModified\":\"2022-05-25T11:27:07+00:00\",\"description\":\"Dr. Ignacio Buqueras presents the reissue in 2022 of the book \\\"El patrimonio mundial cultural, natural e inmaterial de Espa\u00f1a\\\"\",\"breadcrumb\":{\"@id\":\"https:\\\/\\\/raed.academy\\\/en\\\/events\\\/reissue-of-the-book-el-patrimonio-mundial-cultural-natural-e-inmaterial-de-espana\\\/#breadcrumb\"},\"inLanguage\":\"en-US\",\"potentialAction\":[{\"@type\":\"ReadAction\",\"target\":[\"https:\\\/\\\/raed.academy\\\/en\\\/events\\\/reissue-of-the-book-el-patrimonio-mundial-cultural-natural-e-inmaterial-de-espana\\\/\"]}]},{\"@type\":\"ImageObject\",\"inLanguage\":\"en-US\",\"@id\":\"https:\\\/\\\/raed.academy\\\/en\\\/events\\\/reissue-of-the-book-el-patrimonio-mundial-cultural-natural-e-inmaterial-de-espana\\\/#primaryimage\",\"url\":\"https:\\\/\\\/raed.academy\\\/wp-content\\\/uploads\\\/2022\\\/04\\\/patrimonio-mundial-de-Espana-dst.webp\",\"contentUrl\":\"https:\\\/\\\/raed.academy\\\/wp-content\\\/uploads\\\/2022\\\/04\\\/patrimonio-mundial-de-Espana-dst.webp\",\"width\":500,\"height\":300},{\"@type\":\"BreadcrumbList\",\"@id\":\"https:\\\/\\\/raed.academy\\\/en\\\/events\\\/reissue-of-the-book-el-patrimonio-mundial-cultural-natural-e-inmaterial-de-espana\\\/#breadcrumb\",\"itemListElement\":[{\"@type\":\"ListItem\",\"position\":1,\"name\":\"Inicio\",\"item\":\"https:\\\/\\\/raed.academy\\\/en\\\/\"},{\"@type\":\"ListItem\",\"position\":2,\"name\":\"Events\",\"item\":\"https:\\\/\\\/raed.academy\\\/en\\\/events\\\/\"},{\"@type\":\"ListItem\",\"position\":3,\"name\":\"Reissue of the book \u00abEl patrimonio mundial cultural, natural e inmaterial de Espa\u00f1a\u00bb\"}]},{\"@type\":\"WebSite\",\"@id\":\"https:\\\/\\\/raed.academy\\\/en\\\/#website\",\"url\":\"https:\\\/\\\/raed.academy\\\/en\\\/\",\"name\":\"Royal European Academy of Doctors\",\"description\":\"Corporaci\u00f3n de derecho p\u00fablico de car\u00e1cter cient\u00edfico, t\u00e9cnico y art\u00edstico, que tiene por objeto la investigaci\u00f3n, el estudio, el fomento y la extensi\u00f3n del conocimiento en su sentido m\u00e1s amplio.\",\"publisher\":{\"@id\":\"https:\\\/\\\/raed.academy\\\/en\\\/#organization\"},\"potentialAction\":[{\"@type\":\"SearchAction\",\"target\":{\"@type\":\"EntryPoint\",\"urlTemplate\":\"https:\\\/\\\/raed.academy\\\/en\\\/?s={search_term_string}\"},\"query-input\":{\"@type\":\"PropertyValueSpecification\",\"valueRequired\":true,\"valueName\":\"search_term_string\"}}],\"inLanguage\":\"en-US\"},{\"@type\":\"Organization\",\"@id\":\"https:\\\/\\\/raed.academy\\\/en\\\/#organization\",\"name\":\"Real Academia Europea de Doctores\",\"url\":\"https:\\\/\\\/raed.academy\\\/en\\\/\",\"logo\":{\"@type\":\"ImageObject\",\"inLanguage\":\"en-US\",\"@id\":\"https:\\\/\\\/raed.academy\\\/en\\\/#\\\/schema\\\/logo\\\/image\\\/\",\"url\":\"https:\\\/\\\/raed.academy\\\/wp-content\\\/uploads\\\/2017\\\/01\\\/cropped-logo_raed.png\",\"contentUrl\":\"https:\\\/\\\/raed.academy\\\/wp-content\\\/uploads\\\/2017\\\/01\\\/cropped-logo_raed.png\",\"width\":512,\"height\":512,\"caption\":\"Real Academia Europea de Doctores\"},\"image\":{\"@id\":\"https:\\\/\\\/raed.academy\\\/en\\\/#\\\/schema\\\/logo\\\/image\\\/\"},\"sameAs\":[\"http:\\\/\\\/fb.me\\\/raed.academy\",\"https:\\\/\\\/x.com\\\/raedacademy\",\"https:\\\/\\\/www.instagram.com\\\/raed.academy\\\/\",\"https:\\\/\\\/www.youtube.com\\\/channel\\\/UCUYQwW2KrdirNWihxMDObwg\"]}]}<\/script>\n<!-- \/ Yoast SEO plugin. -->","yoast_head_json":{"title":"Reissue of the book \"El patrimonio mundial cultural, natural e inmaterial de Espa\u00f1a\" - Royal European Academy of Doctors","description":"Dr. Ignacio Buqueras presents the reissue in 2022 of the book \"El patrimonio mundial cultural, natural e inmaterial de Espa\u00f1a\"","robots":{"index":"index","follow":"follow","max-snippet":"max-snippet:-1","max-image-preview":"max-image-preview:large","max-video-preview":"max-video-preview:-1"},"canonical":"https:\/\/raed.academy\/en\/events\/reissue-of-the-book-el-patrimonio-mundial-cultural-natural-e-inmaterial-de-espana\/","og_locale":"en_US","og_type":"article","og_title":"Reissue of the book \"El patrimonio mundial cultural, natural e inmaterial de Espa\u00f1a\" - Royal European Academy of Doctors","og_description":"Dr. Ignacio Buqueras presents the reissue in 2022 of the book \"El patrimonio mundial cultural, natural e inmaterial de Espa\u00f1a\"","og_url":"https:\/\/raed.academy\/en\/events\/reissue-of-the-book-el-patrimonio-mundial-cultural-natural-e-inmaterial-de-espana\/","og_site_name":"Royal European Academy of Doctors","article_publisher":"http:\/\/fb.me\/raed.academy","article_modified_time":"2022-05-25T11:27:07+00:00","og_image":[{"width":500,"height":300,"url":"https:\/\/raed.academy\/wp-content\/uploads\/2022\/04\/patrimonio-mundial-de-Espana-dst.webp","type":"image\/webp"}],"twitter_card":"summary_large_image","twitter_site":"@raedacademy","schema":{"@context":"https:\/\/schema.org","@graph":[{"@type":"WebPage","@id":"https:\/\/raed.academy\/en\/events\/reissue-of-the-book-el-patrimonio-mundial-cultural-natural-e-inmaterial-de-espana\/","url":"https:\/\/raed.academy\/en\/events\/reissue-of-the-book-el-patrimonio-mundial-cultural-natural-e-inmaterial-de-espana\/","name":"Reissue of the book \"El patrimonio mundial cultural, natural e inmaterial de Espa\u00f1a\" - Royal European Academy of Doctors","isPartOf":{"@id":"https:\/\/raed.academy\/en\/#website"},"primaryImageOfPage":{"@id":"https:\/\/raed.academy\/en\/events\/reissue-of-the-book-el-patrimonio-mundial-cultural-natural-e-inmaterial-de-espana\/#primaryimage"},"image":{"@id":"https:\/\/raed.academy\/en\/events\/reissue-of-the-book-el-patrimonio-mundial-cultural-natural-e-inmaterial-de-espana\/#primaryimage"},"thumbnailUrl":"https:\/\/raed.academy\/wp-content\/uploads\/2022\/04\/patrimonio-mundial-de-Espana-dst.webp","datePublished":"2022-04-19T11:45:30+00:00","dateModified":"2022-05-25T11:27:07+00:00","description":"Dr. Ignacio Buqueras presents the reissue in 2022 of the book \"El patrimonio mundial cultural, natural e inmaterial de Espa\u00f1a\"","breadcrumb":{"@id":"https:\/\/raed.academy\/en\/events\/reissue-of-the-book-el-patrimonio-mundial-cultural-natural-e-inmaterial-de-espana\/#breadcrumb"},"inLanguage":"en-US","potentialAction":[{"@type":"ReadAction","target":["https:\/\/raed.academy\/en\/events\/reissue-of-the-book-el-patrimonio-mundial-cultural-natural-e-inmaterial-de-espana\/"]}]},{"@type":"ImageObject","inLanguage":"en-US","@id":"https:\/\/raed.academy\/en\/events\/reissue-of-the-book-el-patrimonio-mundial-cultural-natural-e-inmaterial-de-espana\/#primaryimage","url":"https:\/\/raed.academy\/wp-content\/uploads\/2022\/04\/patrimonio-mundial-de-Espana-dst.webp","contentUrl":"https:\/\/raed.academy\/wp-content\/uploads\/2022\/04\/patrimonio-mundial-de-Espana-dst.webp","width":500,"height":300},{"@type":"BreadcrumbList","@id":"https:\/\/raed.academy\/en\/events\/reissue-of-the-book-el-patrimonio-mundial-cultural-natural-e-inmaterial-de-espana\/#breadcrumb","itemListElement":[{"@type":"ListItem","position":1,"name":"Inicio","item":"https:\/\/raed.academy\/en\/"},{"@type":"ListItem","position":2,"name":"Events","item":"https:\/\/raed.academy\/en\/events\/"},{"@type":"ListItem","position":3,"name":"Reissue of the book \u00abEl patrimonio mundial cultural, natural e inmaterial de Espa\u00f1a\u00bb"}]},{"@type":"WebSite","@id":"https:\/\/raed.academy\/en\/#website","url":"https:\/\/raed.academy\/en\/","name":"Royal European Academy of Doctors","description":"Corporaci\u00f3n de derecho p\u00fablico de car\u00e1cter cient\u00edfico, t\u00e9cnico y art\u00edstico, que tiene por objeto la investigaci\u00f3n, el estudio, el fomento y la extensi\u00f3n del conocimiento en su sentido m\u00e1s amplio.","publisher":{"@id":"https:\/\/raed.academy\/en\/#organization"},"potentialAction":[{"@type":"SearchAction","target":{"@type":"EntryPoint","urlTemplate":"https:\/\/raed.academy\/en\/?s={search_term_string}"},"query-input":{"@type":"PropertyValueSpecification","valueRequired":true,"valueName":"search_term_string"}}],"inLanguage":"en-US"},{"@type":"Organization","@id":"https:\/\/raed.academy\/en\/#organization","name":"Real Academia Europea de Doctores","url":"https:\/\/raed.academy\/en\/","logo":{"@type":"ImageObject","inLanguage":"en-US","@id":"https:\/\/raed.academy\/en\/#\/schema\/logo\/image\/","url":"https:\/\/raed.academy\/wp-content\/uploads\/2017\/01\/cropped-logo_raed.png","contentUrl":"https:\/\/raed.academy\/wp-content\/uploads\/2017\/01\/cropped-logo_raed.png","width":512,"height":512,"caption":"Real Academia Europea de Doctores"},"image":{"@id":"https:\/\/raed.academy\/en\/#\/schema\/logo\/image\/"},"sameAs":["http:\/\/fb.me\/raed.academy","https:\/\/x.com\/raedacademy","https:\/\/www.instagram.com\/raed.academy\/","https:\/\/www.youtube.com\/channel\/UCUYQwW2KrdirNWihxMDObwg"]}]}},"_links":{"self":[{"href":"https:\/\/raed.academy\/en\/wp-json\/wp\/v2\/dp_events\/116149","targetHints":{"allow":["GET"]}}],"collection":[{"href":"https:\/\/raed.academy\/en\/wp-json\/wp\/v2\/dp_events"}],"about":[{"href":"https:\/\/raed.academy\/en\/wp-json\/wp\/v2\/types\/dp_events"}],"wp:featuredmedia":[{"embeddable":true,"href":"https:\/\/raed.academy\/en\/wp-json\/wp\/v2\/media\/116135"}],"wp:attachment":[{"href":"https:\/\/raed.academy\/en\/wp-json\/wp\/v2\/media?parent=116149"}],"curies":[{"name":"wp","href":"https:\/\/api.w.org\/{rel}","templated":true}]}}