{"id":114145,"date":"2022-03-09T10:45:27","date_gmt":"2022-03-09T10:45:27","guid":{"rendered":"https:\/\/raed.academy\/?post_type=dp_events&#038;p=114145"},"modified":"2022-04-28T10:57:44","modified_gmt":"2022-04-28T10:57:44","slug":"presentation-of-the-book-objetivo-espana-en-el-mundo-radiografia-de-una-realidad-desaprovechada-by-dr-ignacio-buqueras","status":"publish","type":"dp_events","link":"https:\/\/raed.academy\/en\/events\/presentation-of-the-book-objetivo-espana-en-el-mundo-radiografia-de-una-realidad-desaprovechada-by-dr-ignacio-buqueras\/","title":{"rendered":"Presentation of the book &#8220;Objetivo: Espa\u00f1a en el mundo. Radiograf\u00eda de una realidad desaprovechada&#8221; by Dr. Ignacio Buqueras y Bach"},"content":{"rendered":"<p>[et_pb_section fb_built=&#8221;1&#8243; _builder_version=&#8221;4.16&#8243; locked=&#8221;off&#8221; global_colors_info=&#8221;{}&#8221;][et_pb_row use_custom_gutter=&#8221;on&#8221; gutter_width=&#8221;1&#8243; _builder_version=&#8221;4.16&#8243; background_size=&#8221;initial&#8221; background_position=&#8221;top_left&#8221; background_repeat=&#8221;repeat&#8221; max_width=&#8221;1600px&#8221; global_colors_info=&#8221;{}&#8221;][et_pb_column type=&#8221;4_4&#8243; _builder_version=&#8221;4.16&#8243; custom_padding=&#8221;|||&#8221; global_colors_info=&#8221;{}&#8221; custom_padding__hover=&#8221;|||&#8221;][et_pb_post_title meta=&#8221;off&#8221; featured_image=&#8221;off&#8221; _builder_version=&#8221;4.16&#8243; _module_preset=&#8221;default&#8221; locked=&#8221;off&#8221; global_colors_info=&#8221;{}&#8221;][\/et_pb_post_title][et_pb_text admin_label=&#8221;Detalle y descripci\u00f3n&#8221; _builder_version=&#8221;4.16&#8243; background_size=&#8221;initial&#8221; background_position=&#8221;top_left&#8221; background_repeat=&#8221;repeat&#8221; global_colors_info=&#8221;{}&#8221;]<\/p>\n<p><strong><img loading=\"lazy\" decoding=\"async\" class=\"alignright wp-image-108096\" src=\"https:\/\/raed.academy\/wp-content\/uploads\/2021\/11\/libro-de-Ignacio-Buqueras-Objetivo-Espana-en-el-mundo-Radiografia-de-una-realidad-desaprovechada.webp\" alt=\"Portada del libro &quot;Objetivo: Espa\u00f1a en el mundo. Radiograf\u00eda de una realidad desaprovechada&quot;\" width=\"300\" height=\"444\" \/><\/strong><\/p>\n<p><strong>Venue<\/strong>: Main Room of Catalan Labour National Works Promotion. Via Laietana, 32, main floor<\/p>\n<p><strong>Event date:<\/strong> Monday, 21 March 2022<\/p>\n<p><strong>Event time:<\/strong> 18:00 h<\/p>\n<p><strong>Format<\/strong>: Face-to-face<\/p>\n<p><strong>Event cost:<\/strong> Free<\/p>\n<p><strong>Registration:<\/strong> Please confirm attendance at the RAED Secretariat. <a href=\"mailto:secretaria@raed.academy\"><strong>secretaria@raed.academy<\/strong><\/a> &#8211; <strong>tel. 93 667 40 54<\/strong><\/p>\n<p><strong>Author of the work:<\/strong> <a href=\"https:\/\/raed.academy\/en\/academicians\/dr-ignacio-buqueras-bach\/\" target=\"_blank\" rel=\"noopener\"><strong>Dr. Ignacio Buqueras y Bach<\/strong><\/a>, Numerary Member of the RAED.<\/p>\n<p>Presentation by <a href=\"https:\/\/raed.academy\/en\/academicians\/dr-aldo-olcese-santonja\/\" target=\"_blank\" rel=\"noopener\"><strong>Dr. Aldo Olcese Santonja<\/strong><\/a>, Numerary Member and Vice President of the RAED.<\/p>\n<h2>About the work<\/h2>\n<div id=\"attachment_78772\" style=\"width: 380px\" class=\"wp-caption alignleft\"><img loading=\"lazy\" decoding=\"async\" aria-describedby=\"caption-attachment-78772\" class=\"wp-image-78772 alignleft\" src=\"https:\/\/raed.academy\/wp-content\/uploads\/2019\/09\/Ignacio-Buqueras.jpg\" alt=\"\" width=\"370\" height=\"209\" \/><p id=\"caption-attachment-78772\" class=\"wp-caption-text\">Dr. Ignacio Buqueras<\/p><\/div>\n<p>The book is a detailed description of the commendable activity carried out by regional houses and Spanish entities spread throughout the world, and which bring the reality of Spanish culture and heritage closer to the reality in a more direct and often more concrete way than official institutions.<\/p>\n<p><a href=\"https:\/\/raed.academy\/en\/academicians\/dr-ignacio-buqueras-bach\/\" target=\"_blank\" rel=\"noopener\"><strong>Dr. Ignacio Buqueras<\/strong><\/a> also highlights the excellent function of twinning between autonomous communities developed by regional houses and laments the lack of public support for this movement, which he considers so representative of civil society.<\/p>\n<p><a href=\"https:\/\/raed.academy\/en\/academicians\/dr-ignacio-buqueras-bach\/\" target=\"_blank\" rel=\"noopener\"><strong>Dr. Buqueras<\/strong><\/a> is also the author of other reference books such as: \u201cCatalonia in Madrid\u201d, \u201cJosep Pla, el \u2018seny\u2019 ironico\u201d, \u201cRediscover America. Discover Spain&#8221;, &#8220;Camb\u00f3&#8221;, &#8220;Objective 92: Spain in the World&#8221;, &#8220;More Society, less and better State&#8221;, or the successful books &#8220;Time to Time&#8221;, edited by Planeta, and &#8220;Let&#8217;s stop wasting time&#8221; , where he advocates the rationalization of schedules that led him to found and chair the Association for the Rationalization of Spanish Schedules.<\/p>\n<p>[\/et_pb_text][et_pb_divider show_divider=&#8221;off&#8221; _builder_version=&#8221;4.16&#8243; _module_preset=&#8221;default&#8221; min_height=&#8221;30px&#8221; locked=&#8221;off&#8221; global_colors_info=&#8221;{}&#8221;][\/et_pb_divider][et_pb_image src=&#8221;https:\/\/raed.academy\/wp-content\/uploads\/2022\/02\/invitacion-presentacion-libro-Objetivo-Espana-en-el-mundo-Ignacio-Buqueras-v4-1200px.webp&#8221; alt=&#8221;Invitaci\u00f3n presentaci\u00f3n del libro %22Objetivo Espa\u00f1a en el mundo&#8230;%22 de Ignacio Buqueras&#8221; title_text=&#8221;invitacion-presentacion-libro-Objetivo-Espa\u00f1a-en-el-mundo-Ignacio-Buqueras-v4-1200px&#8221; show_in_lightbox=&#8221;on&#8221; admin_label=&#8221;Imagen &#8211; invitaci\u00f3n&#8221; _builder_version=&#8221;4.17.0&#8243; _module_preset=&#8221;default&#8221; hover_enabled=&#8221;0&#8243; locked=&#8221;off&#8221; global_colors_info=&#8221;{}&#8221; align=&#8221;center&#8221; animation_style=&#8221;flip&#8221; sticky_enabled=&#8221;0&#8243;][\/et_pb_image][\/et_pb_column][\/et_pb_row][\/et_pb_section]<\/p>\n","protected":false},"excerpt":{"rendered":"<p>Dr. Ignacio Buqueras presents his book &#8220;Objetivo: Espa\u00f1a en el mundo. Radiograf\u00eda de una realidad desaprovechada&#8221; (Objective: Spain in the world. Radiography of a wasted reality)<\/p>\n","protected":false},"featured_media":108103,"template":"","meta":{"_et_pb_use_builder":"on","_et_pb_old_content":"","_et_gb_content_width":""},"class_list":["post-114145","dp_events","type-dp_events","status-publish","has-post-thumbnail","hentry"],"yoast_head":"<!-- This site is optimized with the Yoast SEO plugin v27.5 - https:\/\/yoast.com\/product\/yoast-seo-wordpress\/ -->\n<title>Presentation of the book &quot;Objetivo: Espa\u00f1a en el mundo. Radiograf\u00eda de una realidad desaprovechada&quot; by Dr. Ignacio Buqueras y Bach - Royal European Academy of Doctors<\/title>\n<meta name=\"description\" content=\"Dr. Ignacio Buqueras presents his book &quot;Objetivo: Espa\u00f1a en el mundo. Radiograf\u00eda de una realidad desaprovechada&quot;\" \/>\n<meta name=\"robots\" content=\"index, follow, max-snippet:-1, max-image-preview:large, max-video-preview:-1\" \/>\n<link rel=\"canonical\" href=\"https:\/\/raed.academy\/en\/events\/presentation-of-the-book-objetivo-espana-en-el-mundo-radiografia-de-una-realidad-desaprovechada-by-dr-ignacio-buqueras\/\" \/>\n<meta property=\"og:locale\" content=\"en_US\" \/>\n<meta property=\"og:type\" content=\"article\" \/>\n<meta property=\"og:title\" content=\"Presentation of the book &quot;Objetivo: Espa\u00f1a en el mundo. Radiograf\u00eda de una realidad desaprovechada&quot; by Dr. Ignacio Buqueras y Bach - Royal European Academy of Doctors\" \/>\n<meta property=\"og:description\" content=\"Dr. Ignacio Buqueras presents his book &quot;Objetivo: Espa\u00f1a en el mundo. Radiograf\u00eda de una realidad desaprovechada&quot;\" \/>\n<meta property=\"og:url\" content=\"https:\/\/raed.academy\/en\/events\/presentation-of-the-book-objetivo-espana-en-el-mundo-radiografia-de-una-realidad-desaprovechada-by-dr-ignacio-buqueras\/\" \/>\n<meta property=\"og:site_name\" content=\"Royal European Academy of Doctors\" \/>\n<meta property=\"article:publisher\" content=\"http:\/\/fb.me\/raed.academy\" \/>\n<meta property=\"article:modified_time\" content=\"2022-04-28T10:57:44+00:00\" \/>\n<meta property=\"og:image\" content=\"https:\/\/raed.academy\/wp-content\/uploads\/2021\/11\/libro-de-Ignacio-Buqueras-Objetivo-Espana-en-el-mundo-dst_1.09.webp\" \/>\n\t<meta property=\"og:image:width\" content=\"370\" \/>\n\t<meta property=\"og:image:height\" content=\"339\" \/>\n\t<meta property=\"og:image:type\" content=\"image\/webp\" \/>\n<meta name=\"twitter:card\" content=\"summary_large_image\" \/>\n<meta name=\"twitter:site\" content=\"@raedacademy\" \/>\n<meta name=\"twitter:label1\" content=\"Est. reading time\" \/>\n\t<meta name=\"twitter:data1\" content=\"2 minutes\" \/>\n<script type=\"application\/ld+json\" class=\"yoast-schema-graph\">{\"@context\":\"https:\\\/\\\/schema.org\",\"@graph\":[{\"@type\":\"WebPage\",\"@id\":\"https:\\\/\\\/raed.academy\\\/en\\\/events\\\/presentation-of-the-book-objetivo-espana-en-el-mundo-radiografia-de-una-realidad-desaprovechada-by-dr-ignacio-buqueras\\\/\",\"url\":\"https:\\\/\\\/raed.academy\\\/en\\\/events\\\/presentation-of-the-book-objetivo-espana-en-el-mundo-radiografia-de-una-realidad-desaprovechada-by-dr-ignacio-buqueras\\\/\",\"name\":\"Presentation of the book \\\"Objetivo: Espa\u00f1a en el mundo. Radiograf\u00eda de una realidad desaprovechada\\\" by Dr. Ignacio Buqueras y Bach - Royal European Academy of Doctors\",\"isPartOf\":{\"@id\":\"https:\\\/\\\/raed.academy\\\/en\\\/#website\"},\"primaryImageOfPage\":{\"@id\":\"https:\\\/\\\/raed.academy\\\/en\\\/events\\\/presentation-of-the-book-objetivo-espana-en-el-mundo-radiografia-de-una-realidad-desaprovechada-by-dr-ignacio-buqueras\\\/#primaryimage\"},\"image\":{\"@id\":\"https:\\\/\\\/raed.academy\\\/en\\\/events\\\/presentation-of-the-book-objetivo-espana-en-el-mundo-radiografia-de-una-realidad-desaprovechada-by-dr-ignacio-buqueras\\\/#primaryimage\"},\"thumbnailUrl\":\"https:\\\/\\\/raed.academy\\\/wp-content\\\/uploads\\\/2021\\\/11\\\/libro-de-Ignacio-Buqueras-Objetivo-Espana-en-el-mundo-dst_1.09.webp\",\"datePublished\":\"2022-03-09T10:45:27+00:00\",\"dateModified\":\"2022-04-28T10:57:44+00:00\",\"description\":\"Dr. Ignacio Buqueras presents his book \\\"Objetivo: Espa\u00f1a en el mundo. Radiograf\u00eda de una realidad desaprovechada\\\"\",\"breadcrumb\":{\"@id\":\"https:\\\/\\\/raed.academy\\\/en\\\/events\\\/presentation-of-the-book-objetivo-espana-en-el-mundo-radiografia-de-una-realidad-desaprovechada-by-dr-ignacio-buqueras\\\/#breadcrumb\"},\"inLanguage\":\"en-US\",\"potentialAction\":[{\"@type\":\"ReadAction\",\"target\":[\"https:\\\/\\\/raed.academy\\\/en\\\/events\\\/presentation-of-the-book-objetivo-espana-en-el-mundo-radiografia-de-una-realidad-desaprovechada-by-dr-ignacio-buqueras\\\/\"]}]},{\"@type\":\"ImageObject\",\"inLanguage\":\"en-US\",\"@id\":\"https:\\\/\\\/raed.academy\\\/en\\\/events\\\/presentation-of-the-book-objetivo-espana-en-el-mundo-radiografia-de-una-realidad-desaprovechada-by-dr-ignacio-buqueras\\\/#primaryimage\",\"url\":\"https:\\\/\\\/raed.academy\\\/wp-content\\\/uploads\\\/2021\\\/11\\\/libro-de-Ignacio-Buqueras-Objetivo-Espana-en-el-mundo-dst_1.09.webp\",\"contentUrl\":\"https:\\\/\\\/raed.academy\\\/wp-content\\\/uploads\\\/2021\\\/11\\\/libro-de-Ignacio-Buqueras-Objetivo-Espana-en-el-mundo-dst_1.09.webp\",\"width\":370,\"height\":339},{\"@type\":\"BreadcrumbList\",\"@id\":\"https:\\\/\\\/raed.academy\\\/en\\\/events\\\/presentation-of-the-book-objetivo-espana-en-el-mundo-radiografia-de-una-realidad-desaprovechada-by-dr-ignacio-buqueras\\\/#breadcrumb\",\"itemListElement\":[{\"@type\":\"ListItem\",\"position\":1,\"name\":\"Inicio\",\"item\":\"https:\\\/\\\/raed.academy\\\/en\\\/\"},{\"@type\":\"ListItem\",\"position\":2,\"name\":\"Events\",\"item\":\"https:\\\/\\\/raed.academy\\\/en\\\/events\\\/\"},{\"@type\":\"ListItem\",\"position\":3,\"name\":\"Presentation of the book \u00abObjetivo: Espa\u00f1a en el mundo. Radiograf\u00eda de una realidad desaprovechada\u00bb by Dr. Ignacio Buqueras y Bach\"}]},{\"@type\":\"WebSite\",\"@id\":\"https:\\\/\\\/raed.academy\\\/en\\\/#website\",\"url\":\"https:\\\/\\\/raed.academy\\\/en\\\/\",\"name\":\"Royal European Academy of Doctors\",\"description\":\"Corporaci\u00f3n de derecho p\u00fablico de car\u00e1cter cient\u00edfico, t\u00e9cnico y art\u00edstico, que tiene por objeto la investigaci\u00f3n, el estudio, el fomento y la extensi\u00f3n del conocimiento en su sentido m\u00e1s amplio.\",\"publisher\":{\"@id\":\"https:\\\/\\\/raed.academy\\\/en\\\/#organization\"},\"potentialAction\":[{\"@type\":\"SearchAction\",\"target\":{\"@type\":\"EntryPoint\",\"urlTemplate\":\"https:\\\/\\\/raed.academy\\\/en\\\/?s={search_term_string}\"},\"query-input\":{\"@type\":\"PropertyValueSpecification\",\"valueRequired\":true,\"valueName\":\"search_term_string\"}}],\"inLanguage\":\"en-US\"},{\"@type\":\"Organization\",\"@id\":\"https:\\\/\\\/raed.academy\\\/en\\\/#organization\",\"name\":\"Real Academia Europea de Doctores\",\"url\":\"https:\\\/\\\/raed.academy\\\/en\\\/\",\"logo\":{\"@type\":\"ImageObject\",\"inLanguage\":\"en-US\",\"@id\":\"https:\\\/\\\/raed.academy\\\/en\\\/#\\\/schema\\\/logo\\\/image\\\/\",\"url\":\"https:\\\/\\\/raed.academy\\\/wp-content\\\/uploads\\\/2017\\\/01\\\/cropped-logo_raed.png\",\"contentUrl\":\"https:\\\/\\\/raed.academy\\\/wp-content\\\/uploads\\\/2017\\\/01\\\/cropped-logo_raed.png\",\"width\":512,\"height\":512,\"caption\":\"Real Academia Europea de Doctores\"},\"image\":{\"@id\":\"https:\\\/\\\/raed.academy\\\/en\\\/#\\\/schema\\\/logo\\\/image\\\/\"},\"sameAs\":[\"http:\\\/\\\/fb.me\\\/raed.academy\",\"https:\\\/\\\/x.com\\\/raedacademy\",\"https:\\\/\\\/www.instagram.com\\\/raed.academy\\\/\",\"https:\\\/\\\/www.youtube.com\\\/channel\\\/UCUYQwW2KrdirNWihxMDObwg\"]}]}<\/script>\n<!-- \/ Yoast SEO plugin. -->","yoast_head_json":{"title":"Presentation of the book \"Objetivo: Espa\u00f1a en el mundo. Radiograf\u00eda de una realidad desaprovechada\" by Dr. Ignacio Buqueras y Bach - Royal European Academy of Doctors","description":"Dr. Ignacio Buqueras presents his book \"Objetivo: Espa\u00f1a en el mundo. Radiograf\u00eda de una realidad desaprovechada\"","robots":{"index":"index","follow":"follow","max-snippet":"max-snippet:-1","max-image-preview":"max-image-preview:large","max-video-preview":"max-video-preview:-1"},"canonical":"https:\/\/raed.academy\/en\/events\/presentation-of-the-book-objetivo-espana-en-el-mundo-radiografia-de-una-realidad-desaprovechada-by-dr-ignacio-buqueras\/","og_locale":"en_US","og_type":"article","og_title":"Presentation of the book \"Objetivo: Espa\u00f1a en el mundo. Radiograf\u00eda de una realidad desaprovechada\" by Dr. Ignacio Buqueras y Bach - Royal European Academy of Doctors","og_description":"Dr. Ignacio Buqueras presents his book \"Objetivo: Espa\u00f1a en el mundo. Radiograf\u00eda de una realidad desaprovechada\"","og_url":"https:\/\/raed.academy\/en\/events\/presentation-of-the-book-objetivo-espana-en-el-mundo-radiografia-de-una-realidad-desaprovechada-by-dr-ignacio-buqueras\/","og_site_name":"Royal European Academy of Doctors","article_publisher":"http:\/\/fb.me\/raed.academy","article_modified_time":"2022-04-28T10:57:44+00:00","og_image":[{"width":370,"height":339,"url":"https:\/\/raed.academy\/wp-content\/uploads\/2021\/11\/libro-de-Ignacio-Buqueras-Objetivo-Espana-en-el-mundo-dst_1.09.webp","type":"image\/webp"}],"twitter_card":"summary_large_image","twitter_site":"@raedacademy","twitter_misc":{"Est. reading time":"2 minutes"},"schema":{"@context":"https:\/\/schema.org","@graph":[{"@type":"WebPage","@id":"https:\/\/raed.academy\/en\/events\/presentation-of-the-book-objetivo-espana-en-el-mundo-radiografia-de-una-realidad-desaprovechada-by-dr-ignacio-buqueras\/","url":"https:\/\/raed.academy\/en\/events\/presentation-of-the-book-objetivo-espana-en-el-mundo-radiografia-de-una-realidad-desaprovechada-by-dr-ignacio-buqueras\/","name":"Presentation of the book \"Objetivo: Espa\u00f1a en el mundo. Radiograf\u00eda de una realidad desaprovechada\" by Dr. Ignacio Buqueras y Bach - Royal European Academy of Doctors","isPartOf":{"@id":"https:\/\/raed.academy\/en\/#website"},"primaryImageOfPage":{"@id":"https:\/\/raed.academy\/en\/events\/presentation-of-the-book-objetivo-espana-en-el-mundo-radiografia-de-una-realidad-desaprovechada-by-dr-ignacio-buqueras\/#primaryimage"},"image":{"@id":"https:\/\/raed.academy\/en\/events\/presentation-of-the-book-objetivo-espana-en-el-mundo-radiografia-de-una-realidad-desaprovechada-by-dr-ignacio-buqueras\/#primaryimage"},"thumbnailUrl":"https:\/\/raed.academy\/wp-content\/uploads\/2021\/11\/libro-de-Ignacio-Buqueras-Objetivo-Espana-en-el-mundo-dst_1.09.webp","datePublished":"2022-03-09T10:45:27+00:00","dateModified":"2022-04-28T10:57:44+00:00","description":"Dr. Ignacio Buqueras presents his book \"Objetivo: Espa\u00f1a en el mundo. Radiograf\u00eda de una realidad desaprovechada\"","breadcrumb":{"@id":"https:\/\/raed.academy\/en\/events\/presentation-of-the-book-objetivo-espana-en-el-mundo-radiografia-de-una-realidad-desaprovechada-by-dr-ignacio-buqueras\/#breadcrumb"},"inLanguage":"en-US","potentialAction":[{"@type":"ReadAction","target":["https:\/\/raed.academy\/en\/events\/presentation-of-the-book-objetivo-espana-en-el-mundo-radiografia-de-una-realidad-desaprovechada-by-dr-ignacio-buqueras\/"]}]},{"@type":"ImageObject","inLanguage":"en-US","@id":"https:\/\/raed.academy\/en\/events\/presentation-of-the-book-objetivo-espana-en-el-mundo-radiografia-de-una-realidad-desaprovechada-by-dr-ignacio-buqueras\/#primaryimage","url":"https:\/\/raed.academy\/wp-content\/uploads\/2021\/11\/libro-de-Ignacio-Buqueras-Objetivo-Espana-en-el-mundo-dst_1.09.webp","contentUrl":"https:\/\/raed.academy\/wp-content\/uploads\/2021\/11\/libro-de-Ignacio-Buqueras-Objetivo-Espana-en-el-mundo-dst_1.09.webp","width":370,"height":339},{"@type":"BreadcrumbList","@id":"https:\/\/raed.academy\/en\/events\/presentation-of-the-book-objetivo-espana-en-el-mundo-radiografia-de-una-realidad-desaprovechada-by-dr-ignacio-buqueras\/#breadcrumb","itemListElement":[{"@type":"ListItem","position":1,"name":"Inicio","item":"https:\/\/raed.academy\/en\/"},{"@type":"ListItem","position":2,"name":"Events","item":"https:\/\/raed.academy\/en\/events\/"},{"@type":"ListItem","position":3,"name":"Presentation of the book \u00abObjetivo: Espa\u00f1a en el mundo. Radiograf\u00eda de una realidad desaprovechada\u00bb by Dr. Ignacio Buqueras y Bach"}]},{"@type":"WebSite","@id":"https:\/\/raed.academy\/en\/#website","url":"https:\/\/raed.academy\/en\/","name":"Royal European Academy of Doctors","description":"Corporaci\u00f3n de derecho p\u00fablico de car\u00e1cter cient\u00edfico, t\u00e9cnico y art\u00edstico, que tiene por objeto la investigaci\u00f3n, el estudio, el fomento y la extensi\u00f3n del conocimiento en su sentido m\u00e1s amplio.","publisher":{"@id":"https:\/\/raed.academy\/en\/#organization"},"potentialAction":[{"@type":"SearchAction","target":{"@type":"EntryPoint","urlTemplate":"https:\/\/raed.academy\/en\/?s={search_term_string}"},"query-input":{"@type":"PropertyValueSpecification","valueRequired":true,"valueName":"search_term_string"}}],"inLanguage":"en-US"},{"@type":"Organization","@id":"https:\/\/raed.academy\/en\/#organization","name":"Real Academia Europea de Doctores","url":"https:\/\/raed.academy\/en\/","logo":{"@type":"ImageObject","inLanguage":"en-US","@id":"https:\/\/raed.academy\/en\/#\/schema\/logo\/image\/","url":"https:\/\/raed.academy\/wp-content\/uploads\/2017\/01\/cropped-logo_raed.png","contentUrl":"https:\/\/raed.academy\/wp-content\/uploads\/2017\/01\/cropped-logo_raed.png","width":512,"height":512,"caption":"Real Academia Europea de Doctores"},"image":{"@id":"https:\/\/raed.academy\/en\/#\/schema\/logo\/image\/"},"sameAs":["http:\/\/fb.me\/raed.academy","https:\/\/x.com\/raedacademy","https:\/\/www.instagram.com\/raed.academy\/","https:\/\/www.youtube.com\/channel\/UCUYQwW2KrdirNWihxMDObwg"]}]}},"_links":{"self":[{"href":"https:\/\/raed.academy\/en\/wp-json\/wp\/v2\/dp_events\/114145","targetHints":{"allow":["GET"]}}],"collection":[{"href":"https:\/\/raed.academy\/en\/wp-json\/wp\/v2\/dp_events"}],"about":[{"href":"https:\/\/raed.academy\/en\/wp-json\/wp\/v2\/types\/dp_events"}],"wp:featuredmedia":[{"embeddable":true,"href":"https:\/\/raed.academy\/en\/wp-json\/wp\/v2\/media\/108103"}],"wp:attachment":[{"href":"https:\/\/raed.academy\/en\/wp-json\/wp\/v2\/media?parent=114145"}],"curies":[{"name":"wp","href":"https:\/\/api.w.org\/{rel}","templated":true}]}}