{"id":113630,"date":"2022-02-22T10:57:38","date_gmt":"2022-02-22T10:57:38","guid":{"rendered":"https:\/\/raed.academy\/?post_type=dp_events&#038;p=113630"},"modified":"2022-10-24T09:35:45","modified_gmt":"2022-10-24T09:35:45","slug":"viii-study-day-of-the-fcmb-covid-19botellon","status":"publish","type":"dp_events","link":"https:\/\/raed.academy\/en\/events\/viii-study-day-of-the-fcmb-covid-19botellon\/","title":{"rendered":"VIII Study day of the FCMB: &#8220;Covid-19+Botell\u00f3n&#8221;"},"content":{"rendered":"<p>[et_pb_section fb_built=&#8221;1&#8243; _builder_version=&#8221;4.16&#8243; global_colors_info=&#8221;{}&#8221;][et_pb_row use_custom_gutter=&#8221;on&#8221; gutter_width=&#8221;1&#8243; _builder_version=&#8221;4.16&#8243; background_image=&#8221;https:\/\/raed.academy\/wp-content\/uploads\/2022\/02\/Covid-19botellot.webp&#8221; parallax=&#8221;on&#8221; parallax_method=&#8221;off&#8221; max_width=&#8221;1600px&#8221; locked=&#8221;off&#8221; global_colors_info=&#8221;{}&#8221;][et_pb_column type=&#8221;4_4&#8243; _builder_version=&#8221;4.16&#8243; custom_padding=&#8221;|||&#8221; global_colors_info=&#8221;{}&#8221; custom_padding__hover=&#8221;|||&#8221;][et_pb_post_title meta=&#8221;off&#8221; featured_image=&#8221;off&#8221; _builder_version=&#8221;4.16&#8243; _module_preset=&#8221;default&#8221; title_font_size=&#8221;40px&#8221; title_font_size_tablet=&#8221;40px&#8221; title_font_size_phone=&#8221;30px&#8221; title_font_size_last_edited=&#8221;on|phone&#8221; custom_css_post_title=&#8221;background-color: white;||display: table;||margin: 200px auto;||padding: 0 20px;||width: 85%;&#8221; locked=&#8221;off&#8221; global_colors_info=&#8221;{}&#8221;][\/et_pb_post_title][\/et_pb_column][\/et_pb_row][et_pb_row _builder_version=&#8221;4.16&#8243; background_size=&#8221;initial&#8221; background_position=&#8221;top_left&#8221; background_repeat=&#8221;repeat&#8221; global_colors_info=&#8221;{}&#8221;][et_pb_column type=&#8221;4_4&#8243; _builder_version=&#8221;4.16&#8243; custom_padding=&#8221;|||&#8221; global_colors_info=&#8221;{}&#8221; custom_padding__hover=&#8221;|||&#8221;][et_pb_text admin_label=&#8221;Detalle&#8221; _builder_version=&#8221;4.16&#8243; background_size=&#8221;initial&#8221; background_position=&#8221;top_left&#8221; background_repeat=&#8221;repeat&#8221; global_colors_info=&#8221;{}&#8221;]<\/p>\n<h3 style=\"text-align: center;\">Reflections to promote alternative leisure models<\/h3>\n<h2>Event details<\/h2>\n<p><strong>Venue<\/strong>: Main Room of Catalan Labour National Works Promotion. Via Laietana, 32, main floor, Barcelona<\/p>\n<p><strong>Event date:<\/strong> Wednesday, 16 March 2022<\/p>\n<p><strong>Event time<\/strong>: 09:00 h a 13:00 h<\/p>\n<p><strong>Format:<\/strong> Face-to-face and streaming, from the <a href=\"https:\/\/www.youtube.com\/channel\/UCT0PdN6YfWhEWWNhHjJvEkw\" target=\"_blank\" rel=\"noopener\"><strong>FCMB&#8217;s YouTube channel<\/strong><\/a>.<\/p>\n<p><strong>Event cost:<\/strong> Free<\/p>\n<p><strong>Organize: <a href=\"https:\/\/fcmb.org\/\" target=\"_blank\" rel=\"noopener\"><em>Fundaci\u00f3 Casa de Miseric\u00f2rdia de Barcelona<\/em><\/a><\/strong>, con la colaboraci\u00f3n de la <strong>Real Academia Europea de Doctores<\/strong><\/p>\n<p><strong>Booking:<\/strong> Confirmation of attendance is required at <a href=\"mailto:fcmb@fcmb.org\"><strong>fcmb@fcmb.org<\/strong><\/a> or <strong>tel. 93 302 16 92<\/strong><\/p>\n<p>[\/et_pb_text][et_pb_text admin_label=&#8221;Programa&#8221; _builder_version=&#8221;4.16&#8243; background_size=&#8221;initial&#8221; background_position=&#8221;top_left&#8221; background_repeat=&#8221;repeat&#8221; global_colors_info=&#8221;{}&#8221;]<\/p>\n<h2>Program<\/h2>\n<h3>9:00 a.m. &#8211; 9:30 a.m. Prayer. Presentation.<\/h3>\n<ul>\n<li><strong>Sr. Antonio Masriera<\/strong>, president of the <a href=\"https:\/\/fcmb.org\/\" target=\"_blank\" rel=\"noopener\"><strong>Casa de Miseric\u00f2rdia Foundation of Barcelona<\/strong><\/a>.<\/li>\n<li><strong>Dr. Josep Maria Sim\u00f3n<\/strong>, Vice President of the <a href=\"https:\/\/fcmb.org\/\" target=\"_blank\" rel=\"noopener\"><strong>Casa de Miseric\u00f2rdia Foundation of Barcelona<\/strong><\/a>.<\/li>\n<li><strong>Sra. Araceli Peressutti<\/strong>, Auditor General-Ombudsman of the city of <em>Vila Mar\u00eda<\/em>. President of the NGO <em>V\u00ednculos en Red<\/em>. Writer. <em>&#8220;La Pand\u00e8mia, els joves i l&#8217;augment del tr\u00e0fic de persones i de les addiccions&#8221;<\/em>.<\/li>\n<\/ul>\n<h3>9:30 a.m. &#8211; 10:45 a.m. Sanitary table. Who takes care of the health of our adolescents?<\/h3>\n<p>Moderator: <strong>Mr. Daniel Arasa<\/strong>, Journalist.<\/p>\n<ul>\n<li><strong>Dr. Francesc Xavier Buqueras<\/strong>, Doctor of Medicine, Academician of the <strong>Royal Academy of Medicine of Catalonia<\/strong>, psychiatrist specializing in Alcoholology.<\/li>\n<li><strong>Dr. Joaquin Callabed<\/strong>, Doctor of Medicine, Pediatrician and Master in Bioethics, Academician of the Royal Academy of Medicine of Catalonia and of the Royal European Academy of Doctors.<\/li>\n<li><strong>Mrs. Beatriz Badenas<\/strong>, psychologist.<\/li>\n<li><strong>Mr. Daniel Cruz Mart\u00ednez<\/strong>, Psychologist specializing in Clinical Psychology and professor, University of Barcelona.<\/li>\n<\/ul>\n<h3>10:45 a.m. &#8211; 11:15 a.m.: Coffee break<\/h3>\n<h3>11:15 a.m. &#8211; 12:30 p.m.: Educational Table. How to promote alternative leisure models.<\/h3>\n<p><strong>Moderator<\/strong>: <strong>Mr. Salvador Aragon\u00e9s<\/strong>, journalist.<\/p>\n<ul>\n<li><strong>Mrs. Anna Plans<\/strong>, president of the &#8220;<a href=\"https:\/\/consumidorsaudiovisuals.cat\/\" target=\"_blank\" rel=\"noopener\"><strong>Associaci\u00f3 de Consumidors de Mitjans Audiovisuals de Catalunya<\/strong><\/a>&#8220;. Writer and activist for children&#8217;s rights.<\/li>\n<li><strong>Mrs. Gisela Pruna<\/strong>, graduate in Business Administration and Management and coach, <a href=\"https:\/\/www.asescoaching.org\/\" target=\"_blank\" rel=\"noopener\"><strong>Spanish Association of Coaching (ASESCO)<\/strong><\/a>. Xaragall Association.<\/li>\n<li><strong>Mr. Jes\u00fas Maria Ruiz<\/strong>, Vice President of the <strong>Abat Oliba Foundation<\/strong>, <a href=\"https:\/\/aijec.cat\/\" target=\"_blank\" rel=\"noopener\"><strong>Manager of the Association of Young Entrepreneurs of Catalonia (AIJEC)<\/strong><\/a>.<\/li>\n<li><strong>Ms. Anna Hern\u00e1ndez<\/strong>, Technical Area of \u200b\u200bProximity and Citizen Services, <strong>Mossos d&#8217;Esquadra<\/strong>.<\/li>\n<li><strong>Mr. Xavier Ibars<\/strong>, Technical Area of \u200b\u200bProximity and Citizen Services, <strong>Mossos d&#8217;Esquadra<\/strong>.<\/li>\n<\/ul>\n<h3>12:30 &#8211; 1:00 p.m.: Lecture. Conclusions. Closure<\/h3>\n<ul>\n<li><strong>Dr. Josep Moya Oll\u00e9<\/strong>, Dr. in Psychiatry and Elect Corresponding Academician of the <strong>Royal European Academy of Doctors<\/strong>.<\/li>\n<\/ul>\n<p>The talks will be broadcast online and will be available on the <a href=\"https:\/\/www.youtube.com\/channel\/UCT0PdN6YfWhEWWNhHjJvEkw\" target=\"_blank\" rel=\"noopener\"><strong>FCMB\u2019s YouTube channel<\/strong><\/a>.<\/p>\n<p>&nbsp;<\/p>\n<p>[\/et_pb_text][\/et_pb_column][\/et_pb_row][et_pb_row column_structure=&#8221;1_3,1_3,1_3&#8243; make_equal=&#8221;on&#8221; _builder_version=&#8221;4.16&#8243; _module_preset=&#8221;default&#8221; locked=&#8221;off&#8221; global_colors_info=&#8221;{}&#8221;][et_pb_column type=&#8221;1_3&#8243; _builder_version=&#8221;4.16&#8243; _module_preset=&#8221;default&#8221; global_colors_info=&#8221;{}&#8221;][et_pb_code admin_label=&#8221;C\u00f3digo &#8211; txt Organize&#8221; _builder_version=&#8221;4.16&#8243; _module_preset=&#8221;default&#8221; global_colors_info=&#8221;{}&#8221;]<pee class=\"ttl-colaboradores\" style=\"text-align: center;\">Organize:<\/pee>[\/et_pb_code][et_pb_blurb title=&#8221;Fundaci\u00f3 Casa de Miseric\u00f2rdia de Barcelona&#8221; image=&#8221;https:\/\/raed.academy\/wp-content\/uploads\/2022\/03\/logotipo-Fundacio-Casa-de-Misericordia-de-Barcelona.jpeg&#8221; image_icon_width=&#8221;75%&#8221; admin_label=&#8221;Anuncio &#8211; Fundaci\u00f3 Casa de Miseric\u00f2rdia de Barcelona&#8221; _builder_version=&#8221;4.18.0&#8243; _module_preset=&#8221;default&#8221; header_text_align=&#8221;center&#8221; link_option_url=&#8221;https:\/\/fcmb.org\/&#8221; link_option_url_new_window=&#8221;on&#8221; hover_enabled=&#8221;0&#8243; global_colors_info=&#8221;{}&#8221; sticky_enabled=&#8221;0&#8243;][\/et_pb_blurb][\/et_pb_column][et_pb_column type=&#8221;1_3&#8243; _builder_version=&#8221;4.16&#8243; _module_preset=&#8221;default&#8221; global_colors_info=&#8221;{}&#8221;][et_pb_code admin_label=&#8221;txt In collaboration with:&#8221; _builder_version=&#8221;4.16&#8243; _module_preset=&#8221;default&#8221; global_colors_info=&#8221;{}&#8221;]<pee class=\"ttl-colaboradores\" style=\"text-align: center;\">In collaboration with:<\/pee>[\/et_pb_code][et_pb_blurb title=&#8221;Royal European Academy of Doctors&#8221; image=&#8221;https:\/\/raed.academy\/wp-content\/uploads\/2020\/10\/logo-raed-con-leyenda-dstNtc.jpg&#8221; image_icon_width=&#8221;75%&#8221; admin_label=&#8221;Anuncio &#8211; RAED&#8221; _builder_version=&#8221;4.16&#8243; _module_preset=&#8221;default&#8221; header_text_align=&#8221;center&#8221; global_colors_info=&#8221;{}&#8221;][\/et_pb_blurb][\/et_pb_column][et_pb_column type=&#8221;1_3&#8243; _builder_version=&#8221;4.16&#8243; _module_preset=&#8221;default&#8221; global_colors_info=&#8221;{}&#8221;][et_pb_divider show_divider=&#8221;off&#8221; _builder_version=&#8221;4.18.0&#8243; _module_preset=&#8221;default&#8221; height=&#8221;100px&#8221; height_tablet=&#8221;0px&#8221; height_phone=&#8221;0px&#8221; height_last_edited=&#8221;on|phone&#8221; custom_margin_tablet=&#8221;||||false|false&#8221; custom_margin_phone=&#8221;0px||0px||false|false&#8221; custom_margin_last_edited=&#8221;on|tablet&#8221; custom_padding=&#8221;||||false|false&#8221; custom_padding_tablet=&#8221;||||false|false&#8221; custom_padding_phone=&#8221;0px||0px||false|false&#8221; custom_padding_last_edited=&#8221;on|desktop&#8221; global_colors_info=&#8221;{}&#8221; locked=&#8221;off&#8221;][\/et_pb_divider][et_pb_blurb title=&#8221;Generalitat de Catalunya&#8221; image=&#8221;https:\/\/raed.academy\/wp-content\/uploads\/2020\/10\/logo-Generalitat-de-Catalunya-dept-Justicia.jpg&#8221; image_icon_width=&#8221;80%&#8221; admin_label=&#8221;Anuncio &#8211; Generalitat de Catalunya&#8221; _builder_version=&#8221;4.18.0&#8243; _module_preset=&#8221;default&#8221; header_text_align=&#8221;center&#8221; image_icon_custom_padding=&#8221;20px||20px||false|false&#8221; image_icon_custom_padding_tablet=&#8221;||0px||false|false&#8221; image_icon_custom_padding_phone=&#8221;||0px||false|false&#8221; image_icon_custom_padding_last_edited=&#8221;on|tablet&#8221; custom_padding=&#8221;||||false|false&#8221; hover_enabled=&#8221;0&#8243; border_style_all_image=&#8221;none&#8221; global_colors_info=&#8221;{}&#8221; sticky_enabled=&#8221;0&#8243; locked=&#8221;off&#8221;][\/et_pb_blurb][\/et_pb_column][\/et_pb_row][\/et_pb_section]<\/p>\n","protected":false},"excerpt":{"rendered":"<p>VIII FCMB Study Conference: Covid-19+Botell\u00f3n. Reflections to promote alternative leisure models. 16\/Mar\/22 in Barcelona, by Fundaci\u00f3 Casa de Miseric\u00f2rdia de Barcelona<\/p>\n","protected":false},"featured_media":113613,"template":"","meta":{"_et_pb_use_builder":"on","_et_pb_old_content":"","_et_gb_content_width":""},"class_list":["post-113630","dp_events","type-dp_events","status-publish","has-post-thumbnail","hentry"],"yoast_head":"<!-- This site is optimized with the Yoast SEO plugin v27.5 - https:\/\/yoast.com\/product\/yoast-seo-wordpress\/ -->\n<title>VIII Study day of the FCMB: &quot;Covid-19+Botell\u00f3n&quot; - Royal European Academy of Doctors<\/title>\n<meta name=\"description\" content=\"VIII FCMB Study Conference: Covid-19+Botell\u00f3n. Reflections to promote alternative leisure models. 16\/Mar\/22 in Barcelona\" \/>\n<meta name=\"robots\" content=\"index, follow, max-snippet:-1, max-image-preview:large, max-video-preview:-1\" \/>\n<link rel=\"canonical\" href=\"https:\/\/raed.academy\/en\/events\/viii-study-day-of-the-fcmb-covid-19botellon\/\" \/>\n<meta property=\"og:locale\" content=\"en_US\" \/>\n<meta property=\"og:type\" content=\"article\" \/>\n<meta property=\"og:title\" content=\"VIII Study day of the FCMB: &quot;Covid-19+Botell\u00f3n&quot; - Royal European Academy of Doctors\" \/>\n<meta property=\"og:description\" content=\"VIII FCMB Study Conference: Covid-19+Botell\u00f3n. Reflections to promote alternative leisure models. 16\/Mar\/22 in Barcelona\" \/>\n<meta property=\"og:url\" content=\"https:\/\/raed.academy\/en\/events\/viii-study-day-of-the-fcmb-covid-19botellon\/\" \/>\n<meta property=\"og:site_name\" content=\"Royal European Academy of Doctors\" \/>\n<meta property=\"article:publisher\" content=\"http:\/\/fb.me\/raed.academy\" \/>\n<meta property=\"article:modified_time\" content=\"2022-10-24T09:35:45+00:00\" \/>\n<meta property=\"og:image\" content=\"https:\/\/raed.academy\/wp-content\/uploads\/2022\/02\/Covid-19botellot.webp\" \/>\n\t<meta property=\"og:image:width\" content=\"1200\" \/>\n\t<meta property=\"og:image:height\" content=\"800\" \/>\n\t<meta property=\"og:image:type\" content=\"image\/webp\" \/>\n<meta name=\"twitter:card\" content=\"summary_large_image\" \/>\n<meta name=\"twitter:site\" content=\"@raedacademy\" \/>\n<meta name=\"twitter:label1\" content=\"Est. reading time\" \/>\n\t<meta name=\"twitter:data1\" content=\"4 minutes\" \/>\n<script type=\"application\/ld+json\" class=\"yoast-schema-graph\">{\"@context\":\"https:\\\/\\\/schema.org\",\"@graph\":[{\"@type\":\"WebPage\",\"@id\":\"https:\\\/\\\/raed.academy\\\/en\\\/events\\\/viii-study-day-of-the-fcmb-covid-19botellon\\\/\",\"url\":\"https:\\\/\\\/raed.academy\\\/en\\\/events\\\/viii-study-day-of-the-fcmb-covid-19botellon\\\/\",\"name\":\"VIII Study day of the FCMB: \\\"Covid-19+Botell\u00f3n\\\" - Royal European Academy of Doctors\",\"isPartOf\":{\"@id\":\"https:\\\/\\\/raed.academy\\\/en\\\/#website\"},\"primaryImageOfPage\":{\"@id\":\"https:\\\/\\\/raed.academy\\\/en\\\/events\\\/viii-study-day-of-the-fcmb-covid-19botellon\\\/#primaryimage\"},\"image\":{\"@id\":\"https:\\\/\\\/raed.academy\\\/en\\\/events\\\/viii-study-day-of-the-fcmb-covid-19botellon\\\/#primaryimage\"},\"thumbnailUrl\":\"https:\\\/\\\/raed.academy\\\/wp-content\\\/uploads\\\/2022\\\/02\\\/Covid-19botellot.webp\",\"datePublished\":\"2022-02-22T10:57:38+00:00\",\"dateModified\":\"2022-10-24T09:35:45+00:00\",\"description\":\"VIII FCMB Study Conference: Covid-19+Botell\u00f3n. Reflections to promote alternative leisure models. 16\\\/Mar\\\/22 in Barcelona\",\"breadcrumb\":{\"@id\":\"https:\\\/\\\/raed.academy\\\/en\\\/events\\\/viii-study-day-of-the-fcmb-covid-19botellon\\\/#breadcrumb\"},\"inLanguage\":\"en-US\",\"potentialAction\":[{\"@type\":\"ReadAction\",\"target\":[\"https:\\\/\\\/raed.academy\\\/en\\\/events\\\/viii-study-day-of-the-fcmb-covid-19botellon\\\/\"]}]},{\"@type\":\"ImageObject\",\"inLanguage\":\"en-US\",\"@id\":\"https:\\\/\\\/raed.academy\\\/en\\\/events\\\/viii-study-day-of-the-fcmb-covid-19botellon\\\/#primaryimage\",\"url\":\"https:\\\/\\\/raed.academy\\\/wp-content\\\/uploads\\\/2022\\\/02\\\/Covid-19botellot.webp\",\"contentUrl\":\"https:\\\/\\\/raed.academy\\\/wp-content\\\/uploads\\\/2022\\\/02\\\/Covid-19botellot.webp\",\"width\":1200,\"height\":800},{\"@type\":\"BreadcrumbList\",\"@id\":\"https:\\\/\\\/raed.academy\\\/en\\\/events\\\/viii-study-day-of-the-fcmb-covid-19botellon\\\/#breadcrumb\",\"itemListElement\":[{\"@type\":\"ListItem\",\"position\":1,\"name\":\"Inicio\",\"item\":\"https:\\\/\\\/raed.academy\\\/en\\\/\"},{\"@type\":\"ListItem\",\"position\":2,\"name\":\"Events\",\"item\":\"https:\\\/\\\/raed.academy\\\/en\\\/events\\\/\"},{\"@type\":\"ListItem\",\"position\":3,\"name\":\"VIII Study day of the FCMB: \u00abCovid-19+Botell\u00f3n\u00bb\"}]},{\"@type\":\"WebSite\",\"@id\":\"https:\\\/\\\/raed.academy\\\/en\\\/#website\",\"url\":\"https:\\\/\\\/raed.academy\\\/en\\\/\",\"name\":\"Royal European Academy of Doctors\",\"description\":\"Corporaci\u00f3n de derecho p\u00fablico de car\u00e1cter cient\u00edfico, t\u00e9cnico y art\u00edstico, que tiene por objeto la investigaci\u00f3n, el estudio, el fomento y la extensi\u00f3n del conocimiento en su sentido m\u00e1s amplio.\",\"publisher\":{\"@id\":\"https:\\\/\\\/raed.academy\\\/en\\\/#organization\"},\"potentialAction\":[{\"@type\":\"SearchAction\",\"target\":{\"@type\":\"EntryPoint\",\"urlTemplate\":\"https:\\\/\\\/raed.academy\\\/en\\\/?s={search_term_string}\"},\"query-input\":{\"@type\":\"PropertyValueSpecification\",\"valueRequired\":true,\"valueName\":\"search_term_string\"}}],\"inLanguage\":\"en-US\"},{\"@type\":\"Organization\",\"@id\":\"https:\\\/\\\/raed.academy\\\/en\\\/#organization\",\"name\":\"Real Academia Europea de Doctores\",\"url\":\"https:\\\/\\\/raed.academy\\\/en\\\/\",\"logo\":{\"@type\":\"ImageObject\",\"inLanguage\":\"en-US\",\"@id\":\"https:\\\/\\\/raed.academy\\\/en\\\/#\\\/schema\\\/logo\\\/image\\\/\",\"url\":\"https:\\\/\\\/raed.academy\\\/wp-content\\\/uploads\\\/2017\\\/01\\\/cropped-logo_raed.png\",\"contentUrl\":\"https:\\\/\\\/raed.academy\\\/wp-content\\\/uploads\\\/2017\\\/01\\\/cropped-logo_raed.png\",\"width\":512,\"height\":512,\"caption\":\"Real Academia Europea de Doctores\"},\"image\":{\"@id\":\"https:\\\/\\\/raed.academy\\\/en\\\/#\\\/schema\\\/logo\\\/image\\\/\"},\"sameAs\":[\"http:\\\/\\\/fb.me\\\/raed.academy\",\"https:\\\/\\\/x.com\\\/raedacademy\",\"https:\\\/\\\/www.instagram.com\\\/raed.academy\\\/\",\"https:\\\/\\\/www.youtube.com\\\/channel\\\/UCUYQwW2KrdirNWihxMDObwg\"]}]}<\/script>\n<!-- \/ Yoast SEO plugin. -->","yoast_head_json":{"title":"VIII Study day of the FCMB: \"Covid-19+Botell\u00f3n\" - Royal European Academy of Doctors","description":"VIII FCMB Study Conference: Covid-19+Botell\u00f3n. Reflections to promote alternative leisure models. 16\/Mar\/22 in Barcelona","robots":{"index":"index","follow":"follow","max-snippet":"max-snippet:-1","max-image-preview":"max-image-preview:large","max-video-preview":"max-video-preview:-1"},"canonical":"https:\/\/raed.academy\/en\/events\/viii-study-day-of-the-fcmb-covid-19botellon\/","og_locale":"en_US","og_type":"article","og_title":"VIII Study day of the FCMB: \"Covid-19+Botell\u00f3n\" - Royal European Academy of Doctors","og_description":"VIII FCMB Study Conference: Covid-19+Botell\u00f3n. Reflections to promote alternative leisure models. 16\/Mar\/22 in Barcelona","og_url":"https:\/\/raed.academy\/en\/events\/viii-study-day-of-the-fcmb-covid-19botellon\/","og_site_name":"Royal European Academy of Doctors","article_publisher":"http:\/\/fb.me\/raed.academy","article_modified_time":"2022-10-24T09:35:45+00:00","og_image":[{"width":1200,"height":800,"url":"https:\/\/raed.academy\/wp-content\/uploads\/2022\/02\/Covid-19botellot.webp","type":"image\/webp"}],"twitter_card":"summary_large_image","twitter_site":"@raedacademy","twitter_misc":{"Est. reading time":"4 minutes"},"schema":{"@context":"https:\/\/schema.org","@graph":[{"@type":"WebPage","@id":"https:\/\/raed.academy\/en\/events\/viii-study-day-of-the-fcmb-covid-19botellon\/","url":"https:\/\/raed.academy\/en\/events\/viii-study-day-of-the-fcmb-covid-19botellon\/","name":"VIII Study day of the FCMB: \"Covid-19+Botell\u00f3n\" - Royal European Academy of Doctors","isPartOf":{"@id":"https:\/\/raed.academy\/en\/#website"},"primaryImageOfPage":{"@id":"https:\/\/raed.academy\/en\/events\/viii-study-day-of-the-fcmb-covid-19botellon\/#primaryimage"},"image":{"@id":"https:\/\/raed.academy\/en\/events\/viii-study-day-of-the-fcmb-covid-19botellon\/#primaryimage"},"thumbnailUrl":"https:\/\/raed.academy\/wp-content\/uploads\/2022\/02\/Covid-19botellot.webp","datePublished":"2022-02-22T10:57:38+00:00","dateModified":"2022-10-24T09:35:45+00:00","description":"VIII FCMB Study Conference: Covid-19+Botell\u00f3n. Reflections to promote alternative leisure models. 16\/Mar\/22 in Barcelona","breadcrumb":{"@id":"https:\/\/raed.academy\/en\/events\/viii-study-day-of-the-fcmb-covid-19botellon\/#breadcrumb"},"inLanguage":"en-US","potentialAction":[{"@type":"ReadAction","target":["https:\/\/raed.academy\/en\/events\/viii-study-day-of-the-fcmb-covid-19botellon\/"]}]},{"@type":"ImageObject","inLanguage":"en-US","@id":"https:\/\/raed.academy\/en\/events\/viii-study-day-of-the-fcmb-covid-19botellon\/#primaryimage","url":"https:\/\/raed.academy\/wp-content\/uploads\/2022\/02\/Covid-19botellot.webp","contentUrl":"https:\/\/raed.academy\/wp-content\/uploads\/2022\/02\/Covid-19botellot.webp","width":1200,"height":800},{"@type":"BreadcrumbList","@id":"https:\/\/raed.academy\/en\/events\/viii-study-day-of-the-fcmb-covid-19botellon\/#breadcrumb","itemListElement":[{"@type":"ListItem","position":1,"name":"Inicio","item":"https:\/\/raed.academy\/en\/"},{"@type":"ListItem","position":2,"name":"Events","item":"https:\/\/raed.academy\/en\/events\/"},{"@type":"ListItem","position":3,"name":"VIII Study day of the FCMB: \u00abCovid-19+Botell\u00f3n\u00bb"}]},{"@type":"WebSite","@id":"https:\/\/raed.academy\/en\/#website","url":"https:\/\/raed.academy\/en\/","name":"Royal European Academy of Doctors","description":"Corporaci\u00f3n de derecho p\u00fablico de car\u00e1cter cient\u00edfico, t\u00e9cnico y art\u00edstico, que tiene por objeto la investigaci\u00f3n, el estudio, el fomento y la extensi\u00f3n del conocimiento en su sentido m\u00e1s amplio.","publisher":{"@id":"https:\/\/raed.academy\/en\/#organization"},"potentialAction":[{"@type":"SearchAction","target":{"@type":"EntryPoint","urlTemplate":"https:\/\/raed.academy\/en\/?s={search_term_string}"},"query-input":{"@type":"PropertyValueSpecification","valueRequired":true,"valueName":"search_term_string"}}],"inLanguage":"en-US"},{"@type":"Organization","@id":"https:\/\/raed.academy\/en\/#organization","name":"Real Academia Europea de Doctores","url":"https:\/\/raed.academy\/en\/","logo":{"@type":"ImageObject","inLanguage":"en-US","@id":"https:\/\/raed.academy\/en\/#\/schema\/logo\/image\/","url":"https:\/\/raed.academy\/wp-content\/uploads\/2017\/01\/cropped-logo_raed.png","contentUrl":"https:\/\/raed.academy\/wp-content\/uploads\/2017\/01\/cropped-logo_raed.png","width":512,"height":512,"caption":"Real Academia Europea de Doctores"},"image":{"@id":"https:\/\/raed.academy\/en\/#\/schema\/logo\/image\/"},"sameAs":["http:\/\/fb.me\/raed.academy","https:\/\/x.com\/raedacademy","https:\/\/www.instagram.com\/raed.academy\/","https:\/\/www.youtube.com\/channel\/UCUYQwW2KrdirNWihxMDObwg"]}]}},"_links":{"self":[{"href":"https:\/\/raed.academy\/en\/wp-json\/wp\/v2\/dp_events\/113630","targetHints":{"allow":["GET"]}}],"collection":[{"href":"https:\/\/raed.academy\/en\/wp-json\/wp\/v2\/dp_events"}],"about":[{"href":"https:\/\/raed.academy\/en\/wp-json\/wp\/v2\/types\/dp_events"}],"wp:featuredmedia":[{"embeddable":true,"href":"https:\/\/raed.academy\/en\/wp-json\/wp\/v2\/media\/113613"}],"wp:attachment":[{"href":"https:\/\/raed.academy\/en\/wp-json\/wp\/v2\/media?parent=113630"}],"curies":[{"name":"wp","href":"https:\/\/api.w.org\/{rel}","templated":true}]}}