{"id":112949,"date":"2022-02-08T17:14:09","date_gmt":"2022-02-08T17:14:09","guid":{"rendered":"https:\/\/raed.academy\/?post_type=dp_events&#038;p=112949"},"modified":"2022-02-23T12:14:11","modified_gmt":"2022-02-23T12:14:11","slug":"act-of-admission-as-numerary-member-dr-pablo-ignacio-de-dalmases-y-de-olabarria","status":"publish","type":"dp_events","link":"https:\/\/raed.academy\/en\/events\/act-of-admission-as-numerary-member-dr-pablo-ignacio-de-dalmases-y-de-olabarria\/","title":{"rendered":"Act of admission as Numerary Member: Dr. Pablo-Ignacio de Dalmases y de Olabarr\u00eda"},"content":{"rendered":"<p>[et_pb_section fb_built=&#8221;1&#8243; _builder_version=&#8221;4.12.0&#8243; _module_preset=&#8221;default&#8221; locked=&#8221;off&#8221; global_colors_info=&#8221;{}&#8221;][et_pb_row admin_label=&#8221;Fila&#8221; _builder_version=&#8221;4.12.0&#8243; _module_preset=&#8221;default&#8221; global_colors_info=&#8221;{}&#8221;][et_pb_column type=&#8221;4_4&#8243; _builder_version=&#8221;4.12.0&#8243; _module_preset=&#8221;default&#8221; global_colors_info=&#8221;{}&#8221;][et_pb_post_title meta=&#8221;off&#8221; featured_image=&#8221;off&#8221; admin_label=&#8221;T\u00edtulo de publicaci\u00f3n&#8221; _builder_version=&#8221;4.9.2&#8243; _module_preset=&#8221;default&#8221; global_colors_info=&#8221;{}&#8221;][\/et_pb_post_title][et_pb_text _builder_version=&#8221;4.14.7&#8243; _module_preset=&#8221;default&#8221; global_colors_info=&#8221;{}&#8221;]<\/p>\n<p><img loading=\"lazy\" decoding=\"async\" class=\"alignright wp-image-93811\" src=\"https:\/\/raed.academy\/wp-content\/uploads\/2020\/09\/Pablo-Ignacio-de-Dalmases.jpg\" alt=\"Pablo Ignacio de Dalmases\" width=\"220\" height=\"293\" \/>The <strong>Hon. Mr. Dr. Pablo-Ignacio de Dalmases y de Olabarr\u00eda<\/strong>, Doctor in History, enters as Numerary Member of the Royal European Academy of Doctors, with the speech <strong>&#8220;Los t\u00edtulos jur\u00eddicos de Espa\u00f1a en la costa noroccidental de \u00c1frica&#8221;<\/strong>.<\/p>\n<p><strong>Speech in reply:<\/strong> <a href=\"https:\/\/raed.academy\/academicos\/dr-ignacio-buqueras-bach\/\" target=\"_blank\" rel=\"noopener\"><strong>Excmo. Sr. Dr. Ignacio Buqueras y Bach<\/strong><\/a>, Doctor of Information Sciences<\/p>\n<p><strong>Venue: <\/strong>Room B of Catalan Labour National Works Promotion - Via Laietana, 32, main floor, Barcelona, 08003, Barcelona, Spain<\/p>\n<p><strong>Event date:<\/strong> Thursday, 03 March 2022<\/p>\n<p><strong>Event time:<\/strong> 18:30 h<\/p>\n<p><strong>Format:<\/strong> Face-to-face and streaming<\/p>\n<p>[\/et_pb_text][et_pb_divider show_divider=&#8221;off&#8221; _builder_version=&#8221;4.9.7&#8243; _module_preset=&#8221;default&#8221; global_colors_info=&#8221;{}&#8221;][\/et_pb_divider][et_pb_text admin_label=&#8221;T\u00edtulo &#8211; Follow the event in streaming&#8221; _builder_version=&#8221;4.14.7&#8243; _module_preset=&#8221;default&#8221; locked=&#8221;off&#8221; global_colors_info=&#8221;{}&#8221;]<\/p>\n<h2>Follow the event in streaming<\/h2>\n<p>[\/et_pb_text][et_pb_video src=&#8221;https:\/\/youtu.be\/qss7mX6uBd8&#8243; play_icon_color=&#8221;#FFFFFF&#8221; thumbnail_overlay_color=&#8221;rgba(0,0,0,0.6)&#8221; src_tablet=&#8221;&#8221; src_phone=&#8221;&#8221; src_last_edited=&#8221;on|desktop&#8221; admin_label=&#8221;Video&#8221; _builder_version=&#8221;4.14.7&#8243; _module_preset=&#8221;default&#8221; animation_style=&#8221;flip&#8221; animation_direction=&#8221;top&#8221; locked=&#8221;off&#8221; global_colors_info=&#8221;{}&#8221;][\/et_pb_video][\/et_pb_column][\/et_pb_row][et_pb_row column_structure=&#8221;2_3,1_3&#8243; use_custom_gutter=&#8221;on&#8221; gutter_width=&#8221;1&#8243; admin_label=&#8221;Fila&#8221; _builder_version=&#8221;4.13.1&#8243; _module_preset=&#8221;default&#8221; max_width=&#8221;1400px&#8221; locked=&#8221;off&#8221; global_colors_info=&#8221;{}&#8221;][et_pb_column type=&#8221;2_3&#8243; _builder_version=&#8221;4.11.3&#8243; _module_preset=&#8221;default&#8221; global_colors_info=&#8221;{}&#8221;][et_pb_code admin_label=&#8221;C\u00f3digo &#8211; Organize&#8221; _builder_version=&#8221;4.14.2&#8243; _module_preset=&#8221;default&#8221; hover_enabled=&#8221;0&#8243; global_colors_info=&#8221;{}&#8221; sticky_enabled=&#8221;0&#8243;]<pee class=\"ttl-colaboradores\">Organize:<\/pee><!-- [et_pb_line_break_holder] --><\/p>\n<div id=\"organizadores\"><!-- [et_pb_line_break_holder] --><!-- [et_pb_line_break_holder] --><\/p>\n<div class=\"logo-colaborador\"><a href=\"https:\/\/fundacionraed.org\/\" target=\"_blank\" rel=\"noopener noreferrer\"><img decoding=\"async\" src=\"https:\/\/raed.academy\/wp-content\/uploads\/2021\/10\/Logo-Fundacion-RAED-160px.jpg\" alt=\"Fundaci\u00f3n RAED\" \/><\/a><!-- [et_pb_line_break_holder] --><\/p>\n<div class=\"txt\"><\/div>\n<p><!-- [et_pb_line_break_holder] --><\/div>\n<p><!-- [et_pb_line_break_holder] --><\/p>\n<div class=\"logo-colaborador\"><a href=\"https:\/\/raed.academy\/en\/\" target=\"_blank\" rel=\"noopener noreferrer\"><img decoding=\"async\" src=\"https:\/\/raed.academy\/wp-content\/uploads\/2021\/10\/Logo-RAED-160px.jpg\" alt=\"Real Academia Europea de Doctores RAED\" \/><\/a><!-- [et_pb_line_break_holder] --><\/p>\n<div class=\"txt\"><\/div>\n<p><!-- [et_pb_line_break_holder] --><\/div>\n<p><!-- [et_pb_line_break_holder] --><\/div>\n<p>[\/et_pb_code][\/et_pb_column][et_pb_column type=&#8221;1_3&#8243; _builder_version=&#8221;4.11.3&#8243; _module_preset=&#8221;default&#8221; global_colors_info=&#8221;{}&#8221;][et_pb_code admin_label=&#8221;C\u00f3digo &#8211; In collaboration with&#8221; _builder_version=&#8221;4.14.2&#8243; _module_preset=&#8221;default&#8221; global_colors_info=&#8221;{}&#8221;]<pee class=\"ttl-colaboradores\">In collaboration with:<\/pee><!-- [et_pb_line_break_holder] --><\/p>\n<div id=\"colaboradores\"><!-- [et_pb_line_break_holder] --><\/p>\n<div class=\"logo-colaborador\"><!-- [et_pb_line_break_holder] --><\/p>\n<div class=\"txt-circular\"><\/div>\n<p><!-- [et_pb_line_break_holder] --> <a href=\"http:\/\/justicia.gencat.cat\/ca\/inici\" target=\"_blank\" rel=\"noopener noreferrer\"><img decoding=\"async\" src=\"https:\/\/raed.academy\/wp-content\/uploads\/2021\/10\/Generalitat-de-Catalunya-dept-Justicia-215px.jpg\" alt=\"Generalitat de catalunya\" \/><\/a><!-- [et_pb_line_break_holder] --><\/div>\n<p><!-- [et_pb_line_break_holder] --><\/div>\n<p>[\/et_pb_code][\/et_pb_column][\/et_pb_row][\/et_pb_section]<\/p>\n","protected":false},"excerpt":{"rendered":"<p>Doctor in History, joins the RAED with the speech &#8220;Los t\u00edtulos jur\u00eddicos de Espa\u00f1a en la costa noroccidental de \u00c1frica&#8221;<\/p>\n","protected":false},"featured_media":112911,"template":"","meta":{"_et_pb_use_builder":"on","_et_pb_old_content":"","_et_gb_content_width":""},"class_list":["post-112949","dp_events","type-dp_events","status-publish","has-post-thumbnail","hentry","event_category-academic-income"],"yoast_head":"<!-- This site is optimized with the Yoast SEO plugin v27.5 - https:\/\/yoast.com\/product\/yoast-seo-wordpress\/ -->\n<title>Act of admission as Numerary Member: Dr. Pablo-Ignacio de Dalmases y de Olabarr\u00eda - Royal European Academy of Doctors<\/title>\n<meta name=\"description\" content=\"Doctor in History, joins the RAED with the speech &quot;Los t\u00edtulos jur\u00eddicos de Espa\u00f1a en la costa noroccidental de \u00c1frica&quot;\" \/>\n<meta name=\"robots\" content=\"index, follow, max-snippet:-1, max-image-preview:large, max-video-preview:-1\" \/>\n<link rel=\"canonical\" href=\"https:\/\/raed.academy\/en\/events\/act-of-admission-as-numerary-member-dr-pablo-ignacio-de-dalmases-y-de-olabarria\/\" \/>\n<meta property=\"og:locale\" content=\"en_US\" \/>\n<meta property=\"og:type\" content=\"article\" \/>\n<meta property=\"og:title\" content=\"Act of admission as Numerary Member: Dr. Pablo-Ignacio de Dalmases y de Olabarr\u00eda - Royal European Academy of Doctors\" \/>\n<meta property=\"og:description\" content=\"Doctor in History, joins the RAED with the speech &quot;Los t\u00edtulos jur\u00eddicos de Espa\u00f1a en la costa noroccidental de \u00c1frica&quot;\" \/>\n<meta property=\"og:url\" content=\"https:\/\/raed.academy\/en\/events\/act-of-admission-as-numerary-member-dr-pablo-ignacio-de-dalmases-y-de-olabarria\/\" \/>\n<meta property=\"og:site_name\" content=\"Royal European Academy of Doctors\" \/>\n<meta property=\"article:publisher\" content=\"http:\/\/fb.me\/raed.academy\" \/>\n<meta property=\"article:modified_time\" content=\"2022-02-23T12:14:11+00:00\" \/>\n<meta property=\"og:image\" content=\"https:\/\/raed.academy\/wp-content\/uploads\/2022\/02\/Pablo-Ignacio-de-Dalmases-y-de-Olabarria-dst.webp\" \/>\n\t<meta property=\"og:image:width\" content=\"500\" \/>\n\t<meta property=\"og:image:height\" content=\"300\" \/>\n\t<meta property=\"og:image:type\" content=\"image\/webp\" \/>\n<meta name=\"twitter:card\" content=\"summary_large_image\" \/>\n<meta name=\"twitter:site\" content=\"@raedacademy\" \/>\n<meta name=\"twitter:label1\" content=\"Est. reading time\" \/>\n\t<meta name=\"twitter:data1\" content=\"2 minutes\" \/>\n<script type=\"application\/ld+json\" class=\"yoast-schema-graph\">{\"@context\":\"https:\\\/\\\/schema.org\",\"@graph\":[{\"@type\":\"WebPage\",\"@id\":\"https:\\\/\\\/raed.academy\\\/en\\\/events\\\/act-of-admission-as-numerary-member-dr-pablo-ignacio-de-dalmases-y-de-olabarria\\\/\",\"url\":\"https:\\\/\\\/raed.academy\\\/en\\\/events\\\/act-of-admission-as-numerary-member-dr-pablo-ignacio-de-dalmases-y-de-olabarria\\\/\",\"name\":\"Act of admission as Numerary Member: Dr. Pablo-Ignacio de Dalmases y de Olabarr\u00eda - Royal European Academy of Doctors\",\"isPartOf\":{\"@id\":\"https:\\\/\\\/raed.academy\\\/en\\\/#website\"},\"primaryImageOfPage\":{\"@id\":\"https:\\\/\\\/raed.academy\\\/en\\\/events\\\/act-of-admission-as-numerary-member-dr-pablo-ignacio-de-dalmases-y-de-olabarria\\\/#primaryimage\"},\"image\":{\"@id\":\"https:\\\/\\\/raed.academy\\\/en\\\/events\\\/act-of-admission-as-numerary-member-dr-pablo-ignacio-de-dalmases-y-de-olabarria\\\/#primaryimage\"},\"thumbnailUrl\":\"https:\\\/\\\/raed.academy\\\/wp-content\\\/uploads\\\/2022\\\/02\\\/Pablo-Ignacio-de-Dalmases-y-de-Olabarria-dst.webp\",\"datePublished\":\"2022-02-08T17:14:09+00:00\",\"dateModified\":\"2022-02-23T12:14:11+00:00\",\"description\":\"Doctor in History, joins the RAED with the speech \\\"Los t\u00edtulos jur\u00eddicos de Espa\u00f1a en la costa noroccidental de \u00c1frica\\\"\",\"breadcrumb\":{\"@id\":\"https:\\\/\\\/raed.academy\\\/en\\\/events\\\/act-of-admission-as-numerary-member-dr-pablo-ignacio-de-dalmases-y-de-olabarria\\\/#breadcrumb\"},\"inLanguage\":\"en-US\",\"potentialAction\":[{\"@type\":\"ReadAction\",\"target\":[\"https:\\\/\\\/raed.academy\\\/en\\\/events\\\/act-of-admission-as-numerary-member-dr-pablo-ignacio-de-dalmases-y-de-olabarria\\\/\"]}]},{\"@type\":\"ImageObject\",\"inLanguage\":\"en-US\",\"@id\":\"https:\\\/\\\/raed.academy\\\/en\\\/events\\\/act-of-admission-as-numerary-member-dr-pablo-ignacio-de-dalmases-y-de-olabarria\\\/#primaryimage\",\"url\":\"https:\\\/\\\/raed.academy\\\/wp-content\\\/uploads\\\/2022\\\/02\\\/Pablo-Ignacio-de-Dalmases-y-de-Olabarria-dst.webp\",\"contentUrl\":\"https:\\\/\\\/raed.academy\\\/wp-content\\\/uploads\\\/2022\\\/02\\\/Pablo-Ignacio-de-Dalmases-y-de-Olabarria-dst.webp\",\"width\":500,\"height\":300,\"caption\":\"Pablo-Ignacio de Dalmases y de Olabarria dst\"},{\"@type\":\"BreadcrumbList\",\"@id\":\"https:\\\/\\\/raed.academy\\\/en\\\/events\\\/act-of-admission-as-numerary-member-dr-pablo-ignacio-de-dalmases-y-de-olabarria\\\/#breadcrumb\",\"itemListElement\":[{\"@type\":\"ListItem\",\"position\":1,\"name\":\"Inicio\",\"item\":\"https:\\\/\\\/raed.academy\\\/en\\\/\"},{\"@type\":\"ListItem\",\"position\":2,\"name\":\"Events\",\"item\":\"https:\\\/\\\/raed.academy\\\/en\\\/events\\\/\"},{\"@type\":\"ListItem\",\"position\":3,\"name\":\"Act of admission as Numerary Member: Dr. Pablo-Ignacio de Dalmases y de Olabarr\u00eda\"}]},{\"@type\":\"WebSite\",\"@id\":\"https:\\\/\\\/raed.academy\\\/en\\\/#website\",\"url\":\"https:\\\/\\\/raed.academy\\\/en\\\/\",\"name\":\"Royal European Academy of Doctors\",\"description\":\"Corporaci\u00f3n de derecho p\u00fablico de car\u00e1cter cient\u00edfico, t\u00e9cnico y art\u00edstico, que tiene por objeto la investigaci\u00f3n, el estudio, el fomento y la extensi\u00f3n del conocimiento en su sentido m\u00e1s amplio.\",\"publisher\":{\"@id\":\"https:\\\/\\\/raed.academy\\\/en\\\/#organization\"},\"potentialAction\":[{\"@type\":\"SearchAction\",\"target\":{\"@type\":\"EntryPoint\",\"urlTemplate\":\"https:\\\/\\\/raed.academy\\\/en\\\/?s={search_term_string}\"},\"query-input\":{\"@type\":\"PropertyValueSpecification\",\"valueRequired\":true,\"valueName\":\"search_term_string\"}}],\"inLanguage\":\"en-US\"},{\"@type\":\"Organization\",\"@id\":\"https:\\\/\\\/raed.academy\\\/en\\\/#organization\",\"name\":\"Real Academia Europea de Doctores\",\"url\":\"https:\\\/\\\/raed.academy\\\/en\\\/\",\"logo\":{\"@type\":\"ImageObject\",\"inLanguage\":\"en-US\",\"@id\":\"https:\\\/\\\/raed.academy\\\/en\\\/#\\\/schema\\\/logo\\\/image\\\/\",\"url\":\"https:\\\/\\\/raed.academy\\\/wp-content\\\/uploads\\\/2017\\\/01\\\/cropped-logo_raed.png\",\"contentUrl\":\"https:\\\/\\\/raed.academy\\\/wp-content\\\/uploads\\\/2017\\\/01\\\/cropped-logo_raed.png\",\"width\":512,\"height\":512,\"caption\":\"Real Academia Europea de Doctores\"},\"image\":{\"@id\":\"https:\\\/\\\/raed.academy\\\/en\\\/#\\\/schema\\\/logo\\\/image\\\/\"},\"sameAs\":[\"http:\\\/\\\/fb.me\\\/raed.academy\",\"https:\\\/\\\/x.com\\\/raedacademy\",\"https:\\\/\\\/www.instagram.com\\\/raed.academy\\\/\",\"https:\\\/\\\/www.youtube.com\\\/channel\\\/UCUYQwW2KrdirNWihxMDObwg\"]}]}<\/script>\n<!-- \/ Yoast SEO plugin. -->","yoast_head_json":{"title":"Act of admission as Numerary Member: Dr. Pablo-Ignacio de Dalmases y de Olabarr\u00eda - Royal European Academy of Doctors","description":"Doctor in History, joins the RAED with the speech \"Los t\u00edtulos jur\u00eddicos de Espa\u00f1a en la costa noroccidental de \u00c1frica\"","robots":{"index":"index","follow":"follow","max-snippet":"max-snippet:-1","max-image-preview":"max-image-preview:large","max-video-preview":"max-video-preview:-1"},"canonical":"https:\/\/raed.academy\/en\/events\/act-of-admission-as-numerary-member-dr-pablo-ignacio-de-dalmases-y-de-olabarria\/","og_locale":"en_US","og_type":"article","og_title":"Act of admission as Numerary Member: Dr. Pablo-Ignacio de Dalmases y de Olabarr\u00eda - Royal European Academy of Doctors","og_description":"Doctor in History, joins the RAED with the speech \"Los t\u00edtulos jur\u00eddicos de Espa\u00f1a en la costa noroccidental de \u00c1frica\"","og_url":"https:\/\/raed.academy\/en\/events\/act-of-admission-as-numerary-member-dr-pablo-ignacio-de-dalmases-y-de-olabarria\/","og_site_name":"Royal European Academy of Doctors","article_publisher":"http:\/\/fb.me\/raed.academy","article_modified_time":"2022-02-23T12:14:11+00:00","og_image":[{"width":500,"height":300,"url":"https:\/\/raed.academy\/wp-content\/uploads\/2022\/02\/Pablo-Ignacio-de-Dalmases-y-de-Olabarria-dst.webp","type":"image\/webp"}],"twitter_card":"summary_large_image","twitter_site":"@raedacademy","twitter_misc":{"Est. reading time":"2 minutes"},"schema":{"@context":"https:\/\/schema.org","@graph":[{"@type":"WebPage","@id":"https:\/\/raed.academy\/en\/events\/act-of-admission-as-numerary-member-dr-pablo-ignacio-de-dalmases-y-de-olabarria\/","url":"https:\/\/raed.academy\/en\/events\/act-of-admission-as-numerary-member-dr-pablo-ignacio-de-dalmases-y-de-olabarria\/","name":"Act of admission as Numerary Member: Dr. Pablo-Ignacio de Dalmases y de Olabarr\u00eda - Royal European Academy of Doctors","isPartOf":{"@id":"https:\/\/raed.academy\/en\/#website"},"primaryImageOfPage":{"@id":"https:\/\/raed.academy\/en\/events\/act-of-admission-as-numerary-member-dr-pablo-ignacio-de-dalmases-y-de-olabarria\/#primaryimage"},"image":{"@id":"https:\/\/raed.academy\/en\/events\/act-of-admission-as-numerary-member-dr-pablo-ignacio-de-dalmases-y-de-olabarria\/#primaryimage"},"thumbnailUrl":"https:\/\/raed.academy\/wp-content\/uploads\/2022\/02\/Pablo-Ignacio-de-Dalmases-y-de-Olabarria-dst.webp","datePublished":"2022-02-08T17:14:09+00:00","dateModified":"2022-02-23T12:14:11+00:00","description":"Doctor in History, joins the RAED with the speech \"Los t\u00edtulos jur\u00eddicos de Espa\u00f1a en la costa noroccidental de \u00c1frica\"","breadcrumb":{"@id":"https:\/\/raed.academy\/en\/events\/act-of-admission-as-numerary-member-dr-pablo-ignacio-de-dalmases-y-de-olabarria\/#breadcrumb"},"inLanguage":"en-US","potentialAction":[{"@type":"ReadAction","target":["https:\/\/raed.academy\/en\/events\/act-of-admission-as-numerary-member-dr-pablo-ignacio-de-dalmases-y-de-olabarria\/"]}]},{"@type":"ImageObject","inLanguage":"en-US","@id":"https:\/\/raed.academy\/en\/events\/act-of-admission-as-numerary-member-dr-pablo-ignacio-de-dalmases-y-de-olabarria\/#primaryimage","url":"https:\/\/raed.academy\/wp-content\/uploads\/2022\/02\/Pablo-Ignacio-de-Dalmases-y-de-Olabarria-dst.webp","contentUrl":"https:\/\/raed.academy\/wp-content\/uploads\/2022\/02\/Pablo-Ignacio-de-Dalmases-y-de-Olabarria-dst.webp","width":500,"height":300,"caption":"Pablo-Ignacio de Dalmases y de Olabarria dst"},{"@type":"BreadcrumbList","@id":"https:\/\/raed.academy\/en\/events\/act-of-admission-as-numerary-member-dr-pablo-ignacio-de-dalmases-y-de-olabarria\/#breadcrumb","itemListElement":[{"@type":"ListItem","position":1,"name":"Inicio","item":"https:\/\/raed.academy\/en\/"},{"@type":"ListItem","position":2,"name":"Events","item":"https:\/\/raed.academy\/en\/events\/"},{"@type":"ListItem","position":3,"name":"Act of admission as Numerary Member: Dr. Pablo-Ignacio de Dalmases y de Olabarr\u00eda"}]},{"@type":"WebSite","@id":"https:\/\/raed.academy\/en\/#website","url":"https:\/\/raed.academy\/en\/","name":"Royal European Academy of Doctors","description":"Corporaci\u00f3n de derecho p\u00fablico de car\u00e1cter cient\u00edfico, t\u00e9cnico y art\u00edstico, que tiene por objeto la investigaci\u00f3n, el estudio, el fomento y la extensi\u00f3n del conocimiento en su sentido m\u00e1s amplio.","publisher":{"@id":"https:\/\/raed.academy\/en\/#organization"},"potentialAction":[{"@type":"SearchAction","target":{"@type":"EntryPoint","urlTemplate":"https:\/\/raed.academy\/en\/?s={search_term_string}"},"query-input":{"@type":"PropertyValueSpecification","valueRequired":true,"valueName":"search_term_string"}}],"inLanguage":"en-US"},{"@type":"Organization","@id":"https:\/\/raed.academy\/en\/#organization","name":"Real Academia Europea de Doctores","url":"https:\/\/raed.academy\/en\/","logo":{"@type":"ImageObject","inLanguage":"en-US","@id":"https:\/\/raed.academy\/en\/#\/schema\/logo\/image\/","url":"https:\/\/raed.academy\/wp-content\/uploads\/2017\/01\/cropped-logo_raed.png","contentUrl":"https:\/\/raed.academy\/wp-content\/uploads\/2017\/01\/cropped-logo_raed.png","width":512,"height":512,"caption":"Real Academia Europea de Doctores"},"image":{"@id":"https:\/\/raed.academy\/en\/#\/schema\/logo\/image\/"},"sameAs":["http:\/\/fb.me\/raed.academy","https:\/\/x.com\/raedacademy","https:\/\/www.instagram.com\/raed.academy\/","https:\/\/www.youtube.com\/channel\/UCUYQwW2KrdirNWihxMDObwg"]}]}},"_links":{"self":[{"href":"https:\/\/raed.academy\/en\/wp-json\/wp\/v2\/dp_events\/112949","targetHints":{"allow":["GET"]}}],"collection":[{"href":"https:\/\/raed.academy\/en\/wp-json\/wp\/v2\/dp_events"}],"about":[{"href":"https:\/\/raed.academy\/en\/wp-json\/wp\/v2\/types\/dp_events"}],"wp:featuredmedia":[{"embeddable":true,"href":"https:\/\/raed.academy\/en\/wp-json\/wp\/v2\/media\/112911"}],"wp:attachment":[{"href":"https:\/\/raed.academy\/en\/wp-json\/wp\/v2\/media?parent=112949"}],"curies":[{"name":"wp","href":"https:\/\/api.w.org\/{rel}","templated":true}]}}