{"id":111142,"date":"2022-01-20T09:52:49","date_gmt":"2022-01-20T09:52:49","guid":{"rendered":"https:\/\/raed.academy\/?post_type=dp_events&#038;p=111142"},"modified":"2022-02-03T15:51:24","modified_gmt":"2022-02-03T15:51:24","slug":"conference-el-salvator-mundi-de-leonardo-original-y-copias","status":"publish","type":"dp_events","link":"https:\/\/raed.academy\/en\/events\/conference-el-salvator-mundi-de-leonardo-original-y-copias\/","title":{"rendered":"Conference: &#8220;El Salvator Mundi de Leonardo: original y copias&#8221; (Leonardo&#8217;s Salvator Mundi: original and copies)"},"content":{"rendered":"<p>[et_pb_section fb_built=&#8221;1&#8243; _builder_version=&#8221;3.22&#8243; locked=&#8221;off&#8221; global_colors_info=&#8221;{}&#8221;][et_pb_row _builder_version=&#8221;4.14.7&#8243; background_size=&#8221;initial&#8221; background_position=&#8221;top_left&#8221; background_repeat=&#8221;repeat&#8221; hover_enabled=&#8221;0&#8243; global_colors_info=&#8221;{}&#8221; use_custom_gutter=&#8221;on&#8221; gutter_width=&#8221;1&#8243; sticky_enabled=&#8221;0&#8243; max_width=&#8221;1600px&#8221;][et_pb_column type=&#8221;4_4&#8243; _builder_version=&#8221;3.25&#8243; custom_padding=&#8221;|||&#8221; global_colors_info=&#8221;{}&#8221; custom_padding__hover=&#8221;|||&#8221;][et_pb_post_title meta=&#8221;off&#8221; featured_image=&#8221;off&#8221; _builder_version=&#8221;4.12.0&#8243; _module_preset=&#8221;default&#8221; locked=&#8221;off&#8221; global_colors_info=&#8221;{}&#8221;][\/et_pb_post_title][et_pb_text _builder_version=&#8221;4.14.7&#8243; background_size=&#8221;initial&#8221; background_position=&#8221;top_left&#8221; background_repeat=&#8221;repeat&#8221; global_colors_info=&#8221;{}&#8221;]<\/p>\n<p><strong>Venue\u200b:<\/strong> Room B of Catalan Labour National Works Promotion. Via Laietana, 32, main floor<\/p>\n<p><strong>Event date:<\/strong> Wednesday, 02 February 2022<\/p>\n<p><strong>Event time:<\/strong> 18:30 h a 20:00 h<\/p>\n<p><strong>Format:<\/strong> Face-to-face<\/p>\n<p><strong>Event cost:<\/strong> Free<\/p>\n<p><strong>Registration:<\/strong> Please confirm attendance at the RAED Secretariat. <a href=\"mailto:secretaria@raed.academy\"><strong>secretaria@raed.academy<\/strong><\/a> &#8211; <strong>tel. 93 667 40 54<\/strong><\/p>\n<h2>Participants<\/h2>\n<p>Presentation: <strong><a href=\"https:\/\/raed.academy\/academicos\/dr-jaume-armengou-orus\/\" target=\"_blank\" rel=\"noopener\">Dr. Jaume Armengou<\/a><\/strong>, Numerary Academician of the RAED.<\/p>\n<p>Lecture by <strong>Mart\u00edn Garc\u00eda Cros<\/strong>, Painter and portraitist<\/p>\n<h2>Content and objectives of the session<\/h2>\n<p><img loading=\"lazy\" decoding=\"async\" class=\"alignright wp-image-111074\" src=\"https:\/\/raed.academy\/wp-content\/uploads\/2022\/01\/Leonardo_da_Vinci-Mona_Lisa_es.wikipedia.org-dmn-publico.webp\" alt=\"\" width=\"370\" height=\"549\" \/>This session continues the one held on 10.15.2019 under the title &#8220;Conference on the disappeared pictorial technique of the Venetian school&#8221;.<\/p>\n<p>On August 21, 1911, La Gioconda was stolen on behalf of <strong>Eduardo Valfierno<\/strong>. The forger <strong>Yves Chaudron<\/strong> promoted the theft. It is said that he had been counterfeiting &#8220;Jocondas&#8221; for some time and needed theft in order to make a profit. They say that he made 6 copies, but it could have been 11 or 12. He executed the robbery <strong>Vincenzo Peruggia<\/strong>, who tried to sell the painting after two years. He was arrested.<\/p>\n<p>During the session of <strong>Mart\u00edn Garc\u00eda Cros<\/strong>, a lecture will be given on the plausible story surrounding that robbery and, at the same time, it will be shown how the pictorial technique of <strong>Leonardo da Vinci<\/strong> can be emulated. An extraordinary Renaissance man who, in 2019, we commemorate the 500th anniversary of his transfer. The Salvator Mundi will be used as a practical case.<\/p>\n<p><strong>Mart\u00edn Garc\u00eda Cros<\/strong> (Barcelona, \u200b\u200b1946) has exhibited and worked as a portraitist for the Augusta Galleries and the Grif\u00e9 y Escoda Gallery until its closure. He currently exhibits and works for various galleries in Barcelona-Sala Joan Gaspar-, Girona and Madrid. He has exhibited in Paris (Unesco headquarters), Los Angeles, New York, Las Vegas&#8230; he is invited every year to participate in the exhibition of the &#8220;Royal Society of Painters&#8221; in the United Kingdom.<\/p>\n<p>Among other personalities portrayed by <strong>Garc\u00eda Cros<\/strong>, the following stand out: Their Majesties the King and Queen (portrayed several times), the Princess of Asturias and the Infanta; King Emeritus <strong>Don Juan Carlos<\/strong>, <strong>Pasqual Maragall<\/strong>, <strong>Luis Mar\u00eda Anson<\/strong>, <strong>&#8220;Sito&#8221; Pons<\/strong>, <strong>Rom\u00e0 Cuy\u00e1s<\/strong>, <strong>Josep Mar\u00eda Vilaseca<\/strong>, <strong>Javier Valls y Taberner<\/strong>, <strong>Salvador Gabarr\u00f3<\/strong>, <strong>Suzanne Cianni<\/strong>, <strong>Fernando Casado<\/strong>&#8230; He has portrayed <strong>Queen Elizabeth II of England<\/strong>. His portraits preside over salons in various Ministries, Secretaries of State, Boards of Directors of Banks and Companies, Cultural Institutes, Mutual Societies, Newspapers, Schools, Rectorates and Deanships&#8230; He is director and professor of painting and life drawing at the School of Barcelona that bears his name. He also teaches classes and workshops at the Faculty of Humanities of the International University of Catalonia (UIC), of which he is also a member of the University Advisory Council<\/p>\n<p>[\/et_pb_text][et_pb_gallery gallery_ids=&#8221;112436,112439,112442,112445&#8243; show_title_and_caption=&#8221;off&#8221; show_pagination=&#8221;off&#8221; module_class=&#8221;galeria-pad-1&#8243; _builder_version=&#8221;4.14.7&#8243; _module_preset=&#8221;default&#8221; custom_margin=&#8221;25px||25px||false|false&#8221; locked=&#8221;off&#8221; global_colors_info=&#8221;{}&#8221;][\/et_pb_gallery][et_pb_text _builder_version=&#8221;4.14.7&#8243; _module_preset=&#8221;default&#8221; hover_enabled=&#8221;0&#8243; locked=&#8221;off&#8221; global_colors_info=&#8221;{}&#8221; sticky_enabled=&#8221;0&#8243;]<\/p>\n<h3><a href=\"https:\/\/photos.app.goo.gl\/1AbyEFPJV34TTWGo9\" target=\"_blank\" rel=\"noopener\">See the full photo gallery<\/a><\/h3>\n<p>[\/et_pb_text][\/et_pb_column][\/et_pb_row][et_pb_row column_structure=&#8221;2_3,1_3&#8243; use_custom_gutter=&#8221;on&#8221; gutter_width=&#8221;1&#8243; admin_label=&#8221;Fila&#8221; _builder_version=&#8221;4.13.1&#8243; _module_preset=&#8221;default&#8221; max_width=&#8221;1400px&#8221; locked=&#8221;off&#8221; global_colors_info=&#8221;{}&#8221;][et_pb_column type=&#8221;2_3&#8243; _builder_version=&#8221;4.11.3&#8243; _module_preset=&#8221;default&#8221; global_colors_info=&#8221;{}&#8221;][et_pb_code admin_label=&#8221;C\u00f3digo &#8211; Organize&#8221; _builder_version=&#8221;4.14.2&#8243; _module_preset=&#8221;default&#8221; global_colors_info=&#8221;{}&#8221;]<pee class=\"ttl-colaboradores\">Organize:<\/pee><!-- [et_pb_line_break_holder] --><\/p>\n<div id=\"organizadores\"><!-- [et_pb_line_break_holder] --><!-- [et_pb_line_break_holder] --><\/p>\n<div class=\"logo-colaborador\"><a href=\"https:\/\/fundacionraed.org\/\" target=\"_blank\" rel=\"noopener noreferrer\"><img decoding=\"async\" src=\"https:\/\/raed.academy\/wp-content\/uploads\/2021\/10\/Logo-Fundacion-RAED-160px.jpg\" alt=\"Fundaci\u00f3n RAED\" \/><\/a><!-- [et_pb_line_break_holder] --><\/p>\n<div class=\"txt\"><\/div>\n<p><!-- [et_pb_line_break_holder] --><\/div>\n<p><!-- [et_pb_line_break_holder] --><\/p>\n<div class=\"logo-colaborador\"><a href=\"https:\/\/raed.academy\/en\/\" target=\"_blank\" rel=\"noopener noreferrer\"><img decoding=\"async\" src=\"https:\/\/raed.academy\/wp-content\/uploads\/2021\/10\/Logo-RAED-160px.jpg\" alt=\"Real Academia Europea de Doctores RAED\" \/><\/a><!-- [et_pb_line_break_holder] --><\/p>\n<div class=\"txt\"><\/div>\n<p><!-- [et_pb_line_break_holder] --><\/div>\n<p><!-- [et_pb_line_break_holder] --><\/div>\n<p>[\/et_pb_code][\/et_pb_column][et_pb_column type=&#8221;1_3&#8243; _builder_version=&#8221;4.11.3&#8243; _module_preset=&#8221;default&#8221; global_colors_info=&#8221;{}&#8221;][et_pb_code admin_label=&#8221;C\u00f3digo &#8211; In collaboration with&#8221; _builder_version=&#8221;4.14.2&#8243; _module_preset=&#8221;default&#8221; global_colors_info=&#8221;{}&#8221;]<pee class=\"ttl-colaboradores\">In collaboration with:<\/pee><!-- [et_pb_line_break_holder] --><\/p>\n<div id=\"colaboradores\"><!-- [et_pb_line_break_holder] --><\/p>\n<div class=\"logo-colaborador\"><!-- [et_pb_line_break_holder] --><\/p>\n<div class=\"txt-circular\"><\/div>\n<p><!-- [et_pb_line_break_holder] --> <a href=\"http:\/\/justicia.gencat.cat\/ca\/inici\" target=\"_blank\" rel=\"noopener noreferrer\"><img decoding=\"async\" src=\"https:\/\/raed.academy\/wp-content\/uploads\/2021\/10\/Generalitat-de-Catalunya-dept-Justicia-215px.jpg\" alt=\"Generalitat de catalunya\" \/><\/a><!-- [et_pb_line_break_holder] --><\/div>\n<p><!-- [et_pb_line_break_holder] --><\/div>\n<p>[\/et_pb_code][\/et_pb_column][\/et_pb_row][\/et_pb_section]<\/p>\n","protected":false},"excerpt":{"rendered":"<p>By Mart\u00edn Garc\u00eda Cros, Painter and portraitist. What is the plausible story surrounding the theft of La Gioconda? And how can Leonardo da Vinci&#8217;s pictorial technique be emulated?<\/p>\n","protected":false},"featured_media":112377,"template":"","meta":{"_et_pb_use_builder":"on","_et_pb_old_content":"","_et_gb_content_width":""},"class_list":["post-111142","dp_events","type-dp_events","status-publish","has-post-thumbnail","hentry"],"yoast_head":"<!-- This site is optimized with the Yoast SEO plugin v27.5 - https:\/\/yoast.com\/product\/yoast-seo-wordpress\/ -->\n<title>Conference: &quot;El Salvator Mundi de Leonardo: original y copias&quot; (Leonardo&#039;s Salvator Mundi: original and copies) - Royal European Academy of Doctors<\/title>\n<meta name=\"description\" content=\"What is the plausible story surrounding the theft of La Gioconda, and how Leonardo da Vinci&#039;s painting technique can be emulated\" \/>\n<meta name=\"robots\" content=\"index, follow, max-snippet:-1, max-image-preview:large, max-video-preview:-1\" \/>\n<link rel=\"canonical\" href=\"https:\/\/raed.academy\/en\/events\/conference-el-salvator-mundi-de-leonardo-original-y-copias\/\" \/>\n<meta property=\"og:locale\" content=\"en_US\" \/>\n<meta property=\"og:type\" content=\"article\" \/>\n<meta property=\"og:title\" content=\"Conference: &quot;El Salvator Mundi de Leonardo: original y copias&quot; (Leonardo&#039;s Salvator Mundi: original and copies) - Royal European Academy of Doctors\" \/>\n<meta property=\"og:description\" content=\"What is the plausible story surrounding the theft of La Gioconda, and how Leonardo da Vinci&#039;s painting technique can be emulated\" \/>\n<meta property=\"og:url\" content=\"https:\/\/raed.academy\/en\/events\/conference-el-salvator-mundi-de-leonardo-original-y-copias\/\" \/>\n<meta property=\"og:site_name\" content=\"Royal European Academy of Doctors\" \/>\n<meta property=\"article:publisher\" content=\"http:\/\/fb.me\/raed.academy\" \/>\n<meta property=\"article:modified_time\" content=\"2022-02-03T15:51:24+00:00\" \/>\n<meta property=\"og:image\" content=\"https:\/\/raed.academy\/wp-content\/uploads\/2022\/02\/Leonardo_da_Vinci_Salvator_Mundi-wikipedia.org-dmn-publico-dst.webp\" \/>\n\t<meta property=\"og:image:width\" content=\"600\" \/>\n\t<meta property=\"og:image:height\" content=\"360\" \/>\n\t<meta property=\"og:image:type\" content=\"image\/webp\" \/>\n<meta name=\"twitter:card\" content=\"summary_large_image\" \/>\n<meta name=\"twitter:site\" content=\"@raedacademy\" \/>\n<meta name=\"twitter:label1\" content=\"Est. reading time\" \/>\n\t<meta name=\"twitter:data1\" content=\"4 minutes\" \/>\n<script type=\"application\/ld+json\" class=\"yoast-schema-graph\">{\"@context\":\"https:\\\/\\\/schema.org\",\"@graph\":[{\"@type\":\"WebPage\",\"@id\":\"https:\\\/\\\/raed.academy\\\/en\\\/events\\\/conference-el-salvator-mundi-de-leonardo-original-y-copias\\\/\",\"url\":\"https:\\\/\\\/raed.academy\\\/en\\\/events\\\/conference-el-salvator-mundi-de-leonardo-original-y-copias\\\/\",\"name\":\"Conference: \\\"El Salvator Mundi de Leonardo: original y copias\\\" (Leonardo's Salvator Mundi: original and copies) - Royal European Academy of Doctors\",\"isPartOf\":{\"@id\":\"https:\\\/\\\/raed.academy\\\/en\\\/#website\"},\"primaryImageOfPage\":{\"@id\":\"https:\\\/\\\/raed.academy\\\/en\\\/events\\\/conference-el-salvator-mundi-de-leonardo-original-y-copias\\\/#primaryimage\"},\"image\":{\"@id\":\"https:\\\/\\\/raed.academy\\\/en\\\/events\\\/conference-el-salvator-mundi-de-leonardo-original-y-copias\\\/#primaryimage\"},\"thumbnailUrl\":\"https:\\\/\\\/raed.academy\\\/wp-content\\\/uploads\\\/2022\\\/02\\\/Leonardo_da_Vinci_Salvator_Mundi-wikipedia.org-dmn-publico-dst.webp\",\"datePublished\":\"2022-01-20T09:52:49+00:00\",\"dateModified\":\"2022-02-03T15:51:24+00:00\",\"description\":\"What is the plausible story surrounding the theft of La Gioconda, and how Leonardo da Vinci's painting technique can be emulated\",\"breadcrumb\":{\"@id\":\"https:\\\/\\\/raed.academy\\\/en\\\/events\\\/conference-el-salvator-mundi-de-leonardo-original-y-copias\\\/#breadcrumb\"},\"inLanguage\":\"en-US\",\"potentialAction\":[{\"@type\":\"ReadAction\",\"target\":[\"https:\\\/\\\/raed.academy\\\/en\\\/events\\\/conference-el-salvator-mundi-de-leonardo-original-y-copias\\\/\"]}]},{\"@type\":\"ImageObject\",\"inLanguage\":\"en-US\",\"@id\":\"https:\\\/\\\/raed.academy\\\/en\\\/events\\\/conference-el-salvator-mundi-de-leonardo-original-y-copias\\\/#primaryimage\",\"url\":\"https:\\\/\\\/raed.academy\\\/wp-content\\\/uploads\\\/2022\\\/02\\\/Leonardo_da_Vinci_Salvator_Mundi-wikipedia.org-dmn-publico-dst.webp\",\"contentUrl\":\"https:\\\/\\\/raed.academy\\\/wp-content\\\/uploads\\\/2022\\\/02\\\/Leonardo_da_Vinci_Salvator_Mundi-wikipedia.org-dmn-publico-dst.webp\",\"width\":600,\"height\":360,\"caption\":\"Salvator Mundi de Leonardo da Vinci\"},{\"@type\":\"BreadcrumbList\",\"@id\":\"https:\\\/\\\/raed.academy\\\/en\\\/events\\\/conference-el-salvator-mundi-de-leonardo-original-y-copias\\\/#breadcrumb\",\"itemListElement\":[{\"@type\":\"ListItem\",\"position\":1,\"name\":\"Inicio\",\"item\":\"https:\\\/\\\/raed.academy\\\/en\\\/\"},{\"@type\":\"ListItem\",\"position\":2,\"name\":\"Events\",\"item\":\"https:\\\/\\\/raed.academy\\\/en\\\/events\\\/\"},{\"@type\":\"ListItem\",\"position\":3,\"name\":\"Conference: \u00abEl Salvator Mundi de Leonardo: original y copias\u00bb (Leonardo&#8217;s Salvator Mundi: original and copies)\"}]},{\"@type\":\"WebSite\",\"@id\":\"https:\\\/\\\/raed.academy\\\/en\\\/#website\",\"url\":\"https:\\\/\\\/raed.academy\\\/en\\\/\",\"name\":\"Royal European Academy of Doctors\",\"description\":\"Corporaci\u00f3n de derecho p\u00fablico de car\u00e1cter cient\u00edfico, t\u00e9cnico y art\u00edstico, que tiene por objeto la investigaci\u00f3n, el estudio, el fomento y la extensi\u00f3n del conocimiento en su sentido m\u00e1s amplio.\",\"publisher\":{\"@id\":\"https:\\\/\\\/raed.academy\\\/en\\\/#organization\"},\"potentialAction\":[{\"@type\":\"SearchAction\",\"target\":{\"@type\":\"EntryPoint\",\"urlTemplate\":\"https:\\\/\\\/raed.academy\\\/en\\\/?s={search_term_string}\"},\"query-input\":{\"@type\":\"PropertyValueSpecification\",\"valueRequired\":true,\"valueName\":\"search_term_string\"}}],\"inLanguage\":\"en-US\"},{\"@type\":\"Organization\",\"@id\":\"https:\\\/\\\/raed.academy\\\/en\\\/#organization\",\"name\":\"Real Academia Europea de Doctores\",\"url\":\"https:\\\/\\\/raed.academy\\\/en\\\/\",\"logo\":{\"@type\":\"ImageObject\",\"inLanguage\":\"en-US\",\"@id\":\"https:\\\/\\\/raed.academy\\\/en\\\/#\\\/schema\\\/logo\\\/image\\\/\",\"url\":\"https:\\\/\\\/raed.academy\\\/wp-content\\\/uploads\\\/2017\\\/01\\\/cropped-logo_raed.png\",\"contentUrl\":\"https:\\\/\\\/raed.academy\\\/wp-content\\\/uploads\\\/2017\\\/01\\\/cropped-logo_raed.png\",\"width\":512,\"height\":512,\"caption\":\"Real Academia Europea de Doctores\"},\"image\":{\"@id\":\"https:\\\/\\\/raed.academy\\\/en\\\/#\\\/schema\\\/logo\\\/image\\\/\"},\"sameAs\":[\"http:\\\/\\\/fb.me\\\/raed.academy\",\"https:\\\/\\\/x.com\\\/raedacademy\",\"https:\\\/\\\/www.instagram.com\\\/raed.academy\\\/\",\"https:\\\/\\\/www.youtube.com\\\/channel\\\/UCUYQwW2KrdirNWihxMDObwg\"]}]}<\/script>\n<!-- \/ Yoast SEO plugin. -->","yoast_head_json":{"title":"Conference: \"El Salvator Mundi de Leonardo: original y copias\" (Leonardo's Salvator Mundi: original and copies) - Royal European Academy of Doctors","description":"What is the plausible story surrounding the theft of La Gioconda, and how Leonardo da Vinci's painting technique can be emulated","robots":{"index":"index","follow":"follow","max-snippet":"max-snippet:-1","max-image-preview":"max-image-preview:large","max-video-preview":"max-video-preview:-1"},"canonical":"https:\/\/raed.academy\/en\/events\/conference-el-salvator-mundi-de-leonardo-original-y-copias\/","og_locale":"en_US","og_type":"article","og_title":"Conference: \"El Salvator Mundi de Leonardo: original y copias\" (Leonardo's Salvator Mundi: original and copies) - Royal European Academy of Doctors","og_description":"What is the plausible story surrounding the theft of La Gioconda, and how Leonardo da Vinci's painting technique can be emulated","og_url":"https:\/\/raed.academy\/en\/events\/conference-el-salvator-mundi-de-leonardo-original-y-copias\/","og_site_name":"Royal European Academy of Doctors","article_publisher":"http:\/\/fb.me\/raed.academy","article_modified_time":"2022-02-03T15:51:24+00:00","og_image":[{"width":600,"height":360,"url":"https:\/\/raed.academy\/wp-content\/uploads\/2022\/02\/Leonardo_da_Vinci_Salvator_Mundi-wikipedia.org-dmn-publico-dst.webp","type":"image\/webp"}],"twitter_card":"summary_large_image","twitter_site":"@raedacademy","twitter_misc":{"Est. reading time":"4 minutes"},"schema":{"@context":"https:\/\/schema.org","@graph":[{"@type":"WebPage","@id":"https:\/\/raed.academy\/en\/events\/conference-el-salvator-mundi-de-leonardo-original-y-copias\/","url":"https:\/\/raed.academy\/en\/events\/conference-el-salvator-mundi-de-leonardo-original-y-copias\/","name":"Conference: \"El Salvator Mundi de Leonardo: original y copias\" (Leonardo's Salvator Mundi: original and copies) - Royal European Academy of Doctors","isPartOf":{"@id":"https:\/\/raed.academy\/en\/#website"},"primaryImageOfPage":{"@id":"https:\/\/raed.academy\/en\/events\/conference-el-salvator-mundi-de-leonardo-original-y-copias\/#primaryimage"},"image":{"@id":"https:\/\/raed.academy\/en\/events\/conference-el-salvator-mundi-de-leonardo-original-y-copias\/#primaryimage"},"thumbnailUrl":"https:\/\/raed.academy\/wp-content\/uploads\/2022\/02\/Leonardo_da_Vinci_Salvator_Mundi-wikipedia.org-dmn-publico-dst.webp","datePublished":"2022-01-20T09:52:49+00:00","dateModified":"2022-02-03T15:51:24+00:00","description":"What is the plausible story surrounding the theft of La Gioconda, and how Leonardo da Vinci's painting technique can be emulated","breadcrumb":{"@id":"https:\/\/raed.academy\/en\/events\/conference-el-salvator-mundi-de-leonardo-original-y-copias\/#breadcrumb"},"inLanguage":"en-US","potentialAction":[{"@type":"ReadAction","target":["https:\/\/raed.academy\/en\/events\/conference-el-salvator-mundi-de-leonardo-original-y-copias\/"]}]},{"@type":"ImageObject","inLanguage":"en-US","@id":"https:\/\/raed.academy\/en\/events\/conference-el-salvator-mundi-de-leonardo-original-y-copias\/#primaryimage","url":"https:\/\/raed.academy\/wp-content\/uploads\/2022\/02\/Leonardo_da_Vinci_Salvator_Mundi-wikipedia.org-dmn-publico-dst.webp","contentUrl":"https:\/\/raed.academy\/wp-content\/uploads\/2022\/02\/Leonardo_da_Vinci_Salvator_Mundi-wikipedia.org-dmn-publico-dst.webp","width":600,"height":360,"caption":"Salvator Mundi de Leonardo da Vinci"},{"@type":"BreadcrumbList","@id":"https:\/\/raed.academy\/en\/events\/conference-el-salvator-mundi-de-leonardo-original-y-copias\/#breadcrumb","itemListElement":[{"@type":"ListItem","position":1,"name":"Inicio","item":"https:\/\/raed.academy\/en\/"},{"@type":"ListItem","position":2,"name":"Events","item":"https:\/\/raed.academy\/en\/events\/"},{"@type":"ListItem","position":3,"name":"Conference: \u00abEl Salvator Mundi de Leonardo: original y copias\u00bb (Leonardo&#8217;s Salvator Mundi: original and copies)"}]},{"@type":"WebSite","@id":"https:\/\/raed.academy\/en\/#website","url":"https:\/\/raed.academy\/en\/","name":"Royal European Academy of Doctors","description":"Corporaci\u00f3n de derecho p\u00fablico de car\u00e1cter cient\u00edfico, t\u00e9cnico y art\u00edstico, que tiene por objeto la investigaci\u00f3n, el estudio, el fomento y la extensi\u00f3n del conocimiento en su sentido m\u00e1s amplio.","publisher":{"@id":"https:\/\/raed.academy\/en\/#organization"},"potentialAction":[{"@type":"SearchAction","target":{"@type":"EntryPoint","urlTemplate":"https:\/\/raed.academy\/en\/?s={search_term_string}"},"query-input":{"@type":"PropertyValueSpecification","valueRequired":true,"valueName":"search_term_string"}}],"inLanguage":"en-US"},{"@type":"Organization","@id":"https:\/\/raed.academy\/en\/#organization","name":"Real Academia Europea de Doctores","url":"https:\/\/raed.academy\/en\/","logo":{"@type":"ImageObject","inLanguage":"en-US","@id":"https:\/\/raed.academy\/en\/#\/schema\/logo\/image\/","url":"https:\/\/raed.academy\/wp-content\/uploads\/2017\/01\/cropped-logo_raed.png","contentUrl":"https:\/\/raed.academy\/wp-content\/uploads\/2017\/01\/cropped-logo_raed.png","width":512,"height":512,"caption":"Real Academia Europea de Doctores"},"image":{"@id":"https:\/\/raed.academy\/en\/#\/schema\/logo\/image\/"},"sameAs":["http:\/\/fb.me\/raed.academy","https:\/\/x.com\/raedacademy","https:\/\/www.instagram.com\/raed.academy\/","https:\/\/www.youtube.com\/channel\/UCUYQwW2KrdirNWihxMDObwg"]}]}},"_links":{"self":[{"href":"https:\/\/raed.academy\/en\/wp-json\/wp\/v2\/dp_events\/111142","targetHints":{"allow":["GET"]}}],"collection":[{"href":"https:\/\/raed.academy\/en\/wp-json\/wp\/v2\/dp_events"}],"about":[{"href":"https:\/\/raed.academy\/en\/wp-json\/wp\/v2\/types\/dp_events"}],"wp:featuredmedia":[{"embeddable":true,"href":"https:\/\/raed.academy\/en\/wp-json\/wp\/v2\/media\/112377"}],"wp:attachment":[{"href":"https:\/\/raed.academy\/en\/wp-json\/wp\/v2\/media?parent=111142"}],"curies":[{"name":"wp","href":"https:\/\/api.w.org\/{rel}","templated":true}]}}