{"id":109681,"date":"2021-12-13T11:44:05","date_gmt":"2021-12-13T11:44:05","guid":{"rendered":"https:\/\/raed.academy\/?post_type=dp_events&#038;p=109681"},"modified":"2022-01-19T19:32:16","modified_gmt":"2022-01-19T19:32:16","slug":"2nd-session-challenges-for-a-new-era-can-we-ensure-the-well-being-and-progress-of-the-new-generations","status":"publish","type":"dp_events","link":"https:\/\/raed.academy\/en\/events\/2nd-session-challenges-for-a-new-era-can-we-ensure-the-well-being-and-progress-of-the-new-generations\/","title":{"rendered":"2nd session of Challenges for a new era: Can we ensure the well-being and progress of the new generations?"},"content":{"rendered":"<p>[et_pb_section fb_built=&#8221;1&#8243; fullwidth=&#8221;on&#8221; _builder_version=&#8221;4.14.2&#8243; _module_preset=&#8221;default&#8221; global_colors_info=&#8221;{}&#8221;][et_pb_fullwidth_image src=&#8221;https:\/\/raed.academy\/wp-content\/uploads\/2021\/12\/shutt_planeta-Tierra-1600x340px.webp&#8221; title_text=&#8221;shutt_planeta-Tierra-1600x340px&#8221; _builder_version=&#8221;4.14.2&#8243; _module_preset=&#8221;default&#8221; global_colors_info=&#8221;{}&#8221;][\/et_pb_fullwidth_image][\/et_pb_section][et_pb_section fb_built=&#8221;1&#8243; _builder_version=&#8221;3.22&#8243; global_colors_info=&#8221;{}&#8221;][et_pb_row _builder_version=&#8221;3.25&#8243; background_size=&#8221;initial&#8221; background_position=&#8221;top_left&#8221; background_repeat=&#8221;repeat&#8221; global_colors_info=&#8221;{}&#8221;][et_pb_column type=&#8221;4_4&#8243; _builder_version=&#8221;3.25&#8243; custom_padding=&#8221;|||&#8221; global_colors_info=&#8221;{}&#8221; custom_padding__hover=&#8221;|||&#8221;][et_pb_post_title meta=&#8221;off&#8221; featured_image=&#8221;off&#8221; _builder_version=&#8221;4.12.0&#8243; _module_preset=&#8221;default&#8221; locked=&#8221;off&#8221; global_colors_info=&#8221;{}&#8221;][\/et_pb_post_title][et_pb_text _builder_version=&#8221;4.14.2&#8243; background_size=&#8221;initial&#8221; background_position=&#8221;top_left&#8221; background_repeat=&#8221;repeat&#8221; hover_enabled=&#8221;0&#8243; global_colors_info=&#8221;{}&#8221; sticky_enabled=&#8221;0&#8243;]<\/p>\n<p><strong>Venue<\/strong>: Assembly Hall of Catalan Labour National Works Promotion, headquarters of the RAED, Via Laietana, 32, mail floor, Barcelona<\/p>\n<p><strong>Event date<\/strong>: Tuesday, 21 December 2021<\/p>\n<p><strong>Event time<\/strong>: 18:30 h to 20:30 h<\/p>\n<p><strong>Format:<\/strong> Face-to-face and streaming<\/p>\n<p><strong>Event cost:<\/strong> Free<\/p>\n<h2>Participants<\/h2>\n<p><strong>Moderator:<\/strong> <a href=\"https:\/\/raed.academy\/academicos\/dr-jose-ramon-calvo-fernandez\/\" target=\"_blank\" rel=\"noopener\"><strong>Dr. Jos\u00e9 Ram\u00f3n Calvo<\/strong><\/a><\/p>\n<p><strong>Speakers:<\/strong><\/p>\n<ul>\n<li><a href=\"https:\/\/raed.academy\/academicos\/dr-javier-aranceta-bartrina\/\" target=\"_blank\" rel=\"noopener\"><strong>Javier Aranceta<\/strong><\/a> \u2013 acad\u00e9mico de la RAED<\/li>\n<li><a href=\"https:\/\/raed.academy\/academicos\/dr-jose-maria-baldasano-recio\/\" target=\"_blank\" rel=\"noopener\"><strong>Jos\u00e9 Mar\u00eda Baldasano<\/strong><\/a> \u2013 acad\u00e9mico de la RAED.<\/li>\n<li><a href=\"https:\/\/raed.academy\/academicos\/dr-albert-bosch-navarro\/\" target=\"_blank\" rel=\"noopener\"><strong>Albert Bosch<\/strong><\/a> \u2013 acad\u00e9mico de la RAED<\/li>\n<li><a href=\"https:\/\/raed.academy\/academicos\/dra-maria-dels-angels-calvo-torras\/\" target=\"_blank\" rel=\"noopener\"><strong>Mar\u00eda \u00c0ngels Calvo<\/strong><\/a> \u2013 Vicepresidenta y acad\u00e9mica de la RAED.<\/li>\n<li><a href=\"https:\/\/raed.academy\/academicos\/dr-jordi-marti-pidelaserra\/\" target=\"_blank\" rel=\"noopener\"><strong>Jordi Mart\u00ed<\/strong><\/a> \u2013 acad\u00e9mico de la RAED<\/li>\n<li><a href=\"https:\/\/raed.academy\/academicos\/dr-joan-francesc-pont-clemente\/\" target=\"_blank\" rel=\"noopener\"><strong>Joan Francesc Pont<\/strong><\/a> \u2013 acad\u00e9mico de la RAED.<\/li>\n<li><strong>Miquel Ventura<\/strong> \u2013 director de proyectos de la Fundaci\u00f3n Pro RAED.<\/li>\n<\/ul>\n<h2>Session content and objectives<\/h2>\n<p>Europe&#8217;s delicate economy is made up of a conglomerate of highly heterogeneous countries operating at different speeds. Europe has spent decades trying to be competitive on a global scale, but it is struggling to achieve its goals of growth and equitable distribution of wealth. The irruption of the pandemic in the world has hit the old continent hard, generating social insecurity and an unprecedented socioeconomic impact that, together with other environmental, ecological and technological challenges, have highlighted our fragile alliance and cast doubt on our ability to progress. This reality has required the EU Administration to inject huge amounts of economic funds to face the new economic situation that we are facing in an eco-social environment conditioned by global warming, job insecurity, and the change in the energy model. and, among other challenges, the loss of biodiversity, the aging of the population or the digitization of the world that is already entering the era of quantum computing.<\/p>\n<p>European society, like the rest of the world, is missing a return to pre-pandemic \u201cnormality\u201d, forgetting that this development model is, without a doubt, the one that has led us to the current situation.<\/p>\n<p>In an overpopulated and sick planet with scarcity and limited access to natural resources on the horizon, what is the message that we can offer to new generations from the knowledge and experience that our organization harbors? What is our real commitment to help mitigate the effects of our development model? In this sense, we are the last generation that can make the planet regain its balance. But do we have the right tools? And, more importantly, are we going to be strong enough to achieve the changes we need? The debate is served and it will be exciting to reflect on it and take action to urgently contribute to building the world we need.<\/p>\n<p>&nbsp;<\/p>\n<p>[\/et_pb_text][\/et_pb_column][\/et_pb_row][et_pb_row column_structure=&#8221;2_3,1_3&#8243; use_custom_gutter=&#8221;on&#8221; gutter_width=&#8221;1&#8243; admin_label=&#8221;Fila&#8221; _builder_version=&#8221;4.13.1&#8243; _module_preset=&#8221;default&#8221; max_width=&#8221;1400px&#8221; locked=&#8221;off&#8221; global_colors_info=&#8221;{}&#8221;][et_pb_column type=&#8221;2_3&#8243; _builder_version=&#8221;4.11.3&#8243; _module_preset=&#8221;default&#8221; global_colors_info=&#8221;{}&#8221;][et_pb_code admin_label=&#8221;C\u00f3digo &#8211; Organize&#8221; _builder_version=&#8221;4.14.2&#8243; _module_preset=&#8221;default&#8221; global_colors_info=&#8221;{}&#8221;]<pee class=\"ttl-colaboradores\">Organize:<\/pee><!-- [et_pb_line_break_holder] --><\/p>\n<div id=\"organizadores\"><!-- [et_pb_line_break_holder] --><!-- [et_pb_line_break_holder] --><\/p>\n<div class=\"logo-colaborador\"><a href=\"https:\/\/fundacionraed.org\/\" target=\"_blank\" rel=\"noopener noreferrer\"><img decoding=\"async\" src=\"https:\/\/raed.academy\/wp-content\/uploads\/2021\/10\/Logo-Fundacion-RAED-160px.jpg\" alt=\"Fundaci\u00f3n RAED\" \/><\/a><!-- [et_pb_line_break_holder] --><\/p>\n<div class=\"txt\"><\/div>\n<p><!-- [et_pb_line_break_holder] --><\/div>\n<p><!-- [et_pb_line_break_holder] --><\/p>\n<div class=\"logo-colaborador\"><a href=\"https:\/\/raed.academy\/en\/\" target=\"_blank\" rel=\"noopener noreferrer\"><img decoding=\"async\" src=\"https:\/\/raed.academy\/wp-content\/uploads\/2021\/10\/Logo-RAED-160px.jpg\" alt=\"Real Academia Europea de Doctores RAED\" \/><\/a><!-- [et_pb_line_break_holder] --><\/p>\n<div class=\"txt\"><\/div>\n<p><!-- [et_pb_line_break_holder] --><\/div>\n<p><!-- [et_pb_line_break_holder] --><\/div>\n<p>[\/et_pb_code][\/et_pb_column][et_pb_column type=&#8221;1_3&#8243; _builder_version=&#8221;4.11.3&#8243; _module_preset=&#8221;default&#8221; global_colors_info=&#8221;{}&#8221;][et_pb_code admin_label=&#8221;C\u00f3digo &#8211; In collaboration with&#8221; _builder_version=&#8221;4.14.2&#8243; _module_preset=&#8221;default&#8221; global_colors_info=&#8221;{}&#8221;]<pee class=\"ttl-colaboradores\">In collaboration with:<\/pee><!-- [et_pb_line_break_holder] --><\/p>\n<div id=\"colaboradores\"><!-- [et_pb_line_break_holder] --><\/p>\n<div class=\"logo-colaborador\"><!-- [et_pb_line_break_holder] --><\/p>\n<div class=\"txt-circular\"><\/div>\n<p><!-- [et_pb_line_break_holder] --> <a href=\"http:\/\/justicia.gencat.cat\/ca\/inici\" target=\"_blank\" rel=\"noopener noreferrer\"><img decoding=\"async\" src=\"https:\/\/raed.academy\/wp-content\/uploads\/2021\/10\/Generalitat-de-Catalunya-dept-Justicia-215px.jpg\" alt=\"Generalitat de catalunya\" \/><\/a><!-- [et_pb_line_break_holder] --><\/div>\n<p><!-- [et_pb_line_break_holder] --><\/div>\n<p>[\/et_pb_code][\/et_pb_column][\/et_pb_row][\/et_pb_section]<\/p>\n","protected":false},"excerpt":{"rendered":"<p>En un planeta superpoblado y enfermo \u00bfcu\u00e1l es el mensaje que podemos ofrecer a las nuevas generaciones desde el conocimiento y la experiencia que alberga nuestra organizaci\u00f3n?<\/p>\n","protected":false},"featured_media":109494,"template":"","meta":{"_et_pb_use_builder":"on","_et_pb_old_content":"<p>[et_pb_section fb_built=\"1\" fullwidth=\"on\" _builder_version=\"4.14.2\" _module_preset=\"default\" global_colors_info=\"{}\"][et_pb_fullwidth_image src=\"https:\/\/raed.academy\/wp-content\/uploads\/2021\/12\/shutt_planeta-Tierra-1600x340px.webp\" title_text=\"shutt_planeta-Tierra-1600x340px\" _builder_version=\"4.14.2\" _module_preset=\"default\" global_colors_info=\"{}\"][\/et_pb_fullwidth_image][\/et_pb_section][et_pb_section fb_built=\"1\" _builder_version=\"3.22\" global_colors_info=\"{}\"][et_pb_row _builder_version=\"3.25\" background_size=\"initial\" background_position=\"top_left\" background_repeat=\"repeat\" global_colors_info=\"{}\"][et_pb_column type=\"4_4\" _builder_version=\"3.25\" custom_padding=\"|||\" global_colors_info=\"{}\" custom_padding__hover=\"|||\"][et_pb_post_title meta=\"off\" featured_image=\"off\" _builder_version=\"4.12.0\" _module_preset=\"default\" locked=\"off\" global_colors_info=\"{}\"][\/et_pb_post_title][et_pb_text _builder_version=\"4.14.2\" background_size=\"initial\" background_position=\"top_left\" background_repeat=\"repeat\" hover_enabled=\"0\" global_colors_info=\"{}\" sticky_enabled=\"0\"]<\/p><p><strong>Lugar<\/strong>: [DP_Single_Event_Venue_Address]<\/p><p><strong>Fecha<\/strong>: Martes, [DP_Single_Event_Start_Date dem_start_date_format=\"d F Y\"]<\/p><p><strong>Hora<\/strong>: [DP_Single_Event_Start_Time] h a [DP_Single_Event_End_Time] h<\/p><p><strong>Formato:<\/strong> Presencial y emisi\u00f3n en streaming<\/p><p><strong>Coste del evento:<\/strong> Gratuito<\/p><h2>Participantes<\/h2><p><strong>Moderador:<\/strong> <a href=\"https:\/\/raed.academy\/academicos\/dr-jose-ramon-calvo-fernandez\/\" target=\"_blank\" rel=\"noopener\"><strong>Dr. Jos\u00e9 Ram\u00f3n Calvo<\/strong><\/a><\/p><p><strong>Ponentes:<\/strong><\/p><ul><li><a href=\"https:\/\/raed.academy\/academicos\/dr-javier-aranceta-bartrina\/\" target=\"_blank\" rel=\"noopener\"><strong>Javier Aranceta<\/strong><\/a> \u2013 acad\u00e9mico de la RAED<\/li><li><a href=\"https:\/\/raed.academy\/academicos\/dr-jose-maria-baldasano-recio\/\" target=\"_blank\" rel=\"noopener\"><strong>Jos\u00e9 Mar\u00eda Baldasano<\/strong><\/a> \u2013 acad\u00e9mico de la RAED.<\/li><li><a href=\"https:\/\/raed.academy\/academicos\/dr-albert-bosch-navarro\/\" target=\"_blank\" rel=\"noopener\"><strong>Albert Bosch<\/strong><\/a> \u2013 acad\u00e9mico de la RAED<\/li><li><a href=\"https:\/\/raed.academy\/academicos\/dra-maria-dels-angels-calvo-torras\/\" target=\"_blank\" rel=\"noopener\"><strong>Mar\u00eda \u00c0ngels Calvo<\/strong><\/a> \u2013 Vicepresidenta y acad\u00e9mica de la RAED.<\/li><li><a href=\"https:\/\/raed.academy\/academicos\/dr-jordi-marti-pidelaserra\/\" target=\"_blank\" rel=\"noopener\"><strong>Jordi Mart\u00ed<\/strong><\/a> \u2013 acad\u00e9mico de la RAED<\/li><li><a href=\"https:\/\/raed.academy\/academicos\/dr-joan-francesc-pont-clemente\/\" target=\"_blank\" rel=\"noopener\"><strong>Joan Francesc Pont<\/strong><\/a> \u2013 acad\u00e9mico de la RAED.<\/li><li><strong>Miquel Ventura<\/strong> \u2013 director de proyectos de la Fundaci\u00f3n Pro RAED.<\/li><\/ul><h2>Contenido y objetivos de la sesi\u00f3n<\/h2><p>La delicada econom\u00eda europea est\u00e1 formada por un conglomerado de pa\u00edses muy heterog\u00e9neos que funcionan a distintas velocidades. Europa lleva d\u00e9cadas intentando ser competitiva a escala global, pero le cuesta alcanzar sus objetivos de crecimiento y distribuci\u00f3n equitativa de la riqueza. La irrupci\u00f3n de la pandemia en el mundo ha golpeado con fuerza al viejo continente generando inseguridad social y un impacto socioecon\u00f3mico sin precedentes que, junto con otros desaf\u00edos de car\u00e1cter ambiental, ecol\u00f3gico y tecnol\u00f3gico, han puesto en evidencia nuestra fr\u00e1gil alianza y pone en duda nuestra capacidad de progresar. Esta realidad ha requerido que la Administraci\u00f3n de la UE inyecte ingentes cantidades de fondos econ\u00f3micos para afrontar con \u00e1nimo la nueva situaci\u00f3n econ\u00f3mica a la que nos enfrentamos en un entorno eco-social condicionado por el calentamiento global, la precariedad laboral, el cambio de modelo energ\u00e9tico y, entre otros retos, la p\u00e9rdida de biodiversidad, el envejecimiento de la poblaci\u00f3n o la digitalizaci\u00f3n del mundo que ya entra en la era de la computaci\u00f3n cu\u00e1ntica.<\/p><p>La sociedad europea, al igual que el resto de mundo, echan en falta volver a la \u201cnormalidad\u201d prepandemia, olvidando que ese modelo de desarrollo es, sin duda, el que nos ha llevado a la actual situaci\u00f3n.<\/p><p>En un planeta superpoblado, enfermo y con la escasez y limitaci\u00f3n al acceso de los recursos naturales en el horizonte, \u00bfcu\u00e1l es el mensaje que podemos ofrecer a las nuevas generaciones desde el conocimiento y la experiencia que alberga nuestra organizaci\u00f3n? \u00bfcu\u00e1l es nuestro compromiso real para contribuir a paliar los efectos de nuestro modelo de desarrollo? En este sentido, somos la \u00faltima generaci\u00f3n que puede conseguir que el planeta recupere su equilibrio. Pero \u00bftenemos las herramientas adecuadas? \u00bfY, lo que es m\u00e1s importante, vamos a tener la fuerza suficiente para conseguir los cambios que necesitamos? El debate est\u00e1 servido y ser\u00e1 apasionante reflexionar sobre ello y proceder a la acci\u00f3n para contribuir con urgencia a construir el mundo que necesitamos.<\/p><p>[\/et_pb_text][\/et_pb_column][\/et_pb_row][et_pb_row column_structure=\"2_3,1_3\" admin_label=\"Fila\" _builder_version=\"4.11.3\" _module_preset=\"default\" locked=\"off\" global_colors_info=\"{}\"][et_pb_column type=\"2_3\" _builder_version=\"4.11.3\" _module_preset=\"default\" global_colors_info=\"{}\"][et_pb_code admin_label=\"C\u00f3digo - organizadores\" _builder_version=\"4.12.0\" _module_preset=\"default\" global_colors_info=\"{}\"]<\/p><p class=\"ttl-colaboradores\">Organiza:<\/p><p><!-- [et_pb_line_break_holder] --><\/p><div id=\"organizadores\"><!-- [et_pb_line_break_holder] --><div class=\"logo-colaborador\"><a href=\"https:\/\/fundacionraed.org\/\" target=\"_blank\" rel=\"noopener noreferrer\"><img src=\"https:\/\/raed.academy\/wp-content\/uploads\/2021\/10\/Logo-Fundacion-RAED-160px.jpg\" alt=\"Fundaci\u00f3n RAED\" \/><\/a><div class=\"txt\">\u00a0<\/div><p>\u00a0<\/p><\/div><p><!-- [et_pb_line_break_holder] --><!-- [et_pb_line_break_holder] --><\/p><div class=\"logo-colaborador\"><a href=\"https:\/\/raed.academy\/\" target=\"_blank\" rel=\"noopener noreferrer\"><img src=\"https:\/\/raed.academy\/wp-content\/uploads\/2021\/10\/Logo-RAED-160px.jpg\" alt=\"Real Academia Europea de Doctores RAED\" \/><\/a><div class=\"txt\">\u00a0<\/div><p>\u00a0<\/p><\/div><p><!-- [et_pb_line_break_holder] --><\/p><\/div><p>[\/et_pb_code][\/et_pb_column][et_pb_column type=\"1_3\" _builder_version=\"4.11.3\" _module_preset=\"default\" global_colors_info=\"{}\"][et_pb_code admin_label=\"C\u00f3digo - colaboradores\" _builder_version=\"4.12.0\" _module_preset=\"default\" global_colors_info=\"{}\"]<\/p><p class=\"ttl-colaboradores\">Con la colaboraci\u00f3n de:<\/p><p><!-- [et_pb_line_break_holder] --><\/p><div id=\"colaboradores\"><!-- [et_pb_line_break_holder] --> <!-- [et_pb_line_break_holder] --><div class=\"logo-colaborador\"><!-- [et_pb_line_break_holder] --><div class=\"txt-circular\">\u00a0<\/div><p><!-- [et_pb_line_break_holder] --> <a href=\"http:\/\/justicia.gencat.cat\/ca\/inici\" target=\"_blank\" rel=\"noopener noreferrer\"><img src=\"https:\/\/raed.academy\/wp-content\/uploads\/2021\/10\/Generalitat-de-Catalunya-dept-Justicia-215px.jpg\" alt=\"Generalitat de catalunya\" \/><\/a><\/p><\/div><p><!-- [et_pb_line_break_holder] --><\/p><\/div><p>[\/et_pb_code][\/et_pb_column][\/et_pb_row][\/et_pb_section]<\/p>","_et_gb_content_width":""},"class_list":["post-109681","dp_events","type-dp_events","status-publish","has-post-thumbnail","hentry","event_tag-webinar-en","event_tag-webinars"],"yoast_head":"<!-- This site is optimized with the Yoast SEO plugin v27.5 - https:\/\/yoast.com\/product\/yoast-seo-wordpress\/ -->\n<title>2nd session of Challenges for a new era: Can we ensure the well-being and progress of the new generations? - Royal European Academy of Doctors<\/title>\n<meta name=\"robots\" content=\"index, follow, max-snippet:-1, max-image-preview:large, max-video-preview:-1\" \/>\n<link rel=\"canonical\" href=\"https:\/\/raed.academy\/en\/events\/2nd-session-challenges-for-a-new-era-can-we-ensure-the-well-being-and-progress-of-the-new-generations\/\" \/>\n<meta property=\"og:locale\" content=\"en_US\" \/>\n<meta property=\"og:type\" content=\"article\" \/>\n<meta property=\"og:title\" content=\"2nd session of Challenges for a new era: Can we ensure the well-being and progress of the new generations? - Royal European Academy of Doctors\" \/>\n<meta property=\"og:description\" content=\"En un planeta superpoblado y enfermo \u00bfcu\u00e1l es el mensaje que podemos ofrecer a las nuevas generaciones desde el conocimiento y la experiencia que alberga nuestra organizaci\u00f3n?\" \/>\n<meta property=\"og:url\" content=\"https:\/\/raed.academy\/en\/events\/2nd-session-challenges-for-a-new-era-can-we-ensure-the-well-being-and-progress-of-the-new-generations\/\" \/>\n<meta property=\"og:site_name\" content=\"Royal European Academy of Doctors\" \/>\n<meta property=\"article:publisher\" content=\"http:\/\/fb.me\/raed.academy\" \/>\n<meta property=\"article:modified_time\" content=\"2022-01-19T19:32:16+00:00\" \/>\n<meta property=\"og:image\" content=\"https:\/\/raed.academy\/wp-content\/uploads\/2021\/12\/shutt_planeta-Tierra-dst.webp\" \/>\n\t<meta property=\"og:image:width\" content=\"550\" \/>\n\t<meta property=\"og:image:height\" content=\"330\" \/>\n\t<meta property=\"og:image:type\" content=\"image\/webp\" \/>\n<meta name=\"twitter:card\" content=\"summary_large_image\" \/>\n<meta name=\"twitter:site\" content=\"@raedacademy\" \/>\n<meta name=\"twitter:label1\" content=\"Est. reading time\" \/>\n\t<meta name=\"twitter:data1\" content=\"3 minutes\" \/>\n<script type=\"application\/ld+json\" class=\"yoast-schema-graph\">{\"@context\":\"https:\\\/\\\/schema.org\",\"@graph\":[{\"@type\":\"WebPage\",\"@id\":\"https:\\\/\\\/raed.academy\\\/en\\\/events\\\/2nd-session-challenges-for-a-new-era-can-we-ensure-the-well-being-and-progress-of-the-new-generations\\\/\",\"url\":\"https:\\\/\\\/raed.academy\\\/en\\\/events\\\/2nd-session-challenges-for-a-new-era-can-we-ensure-the-well-being-and-progress-of-the-new-generations\\\/\",\"name\":\"2nd session of Challenges for a new era: Can we ensure the well-being and progress of the new generations? - Royal European Academy of Doctors\",\"isPartOf\":{\"@id\":\"https:\\\/\\\/raed.academy\\\/en\\\/#website\"},\"primaryImageOfPage\":{\"@id\":\"https:\\\/\\\/raed.academy\\\/en\\\/events\\\/2nd-session-challenges-for-a-new-era-can-we-ensure-the-well-being-and-progress-of-the-new-generations\\\/#primaryimage\"},\"image\":{\"@id\":\"https:\\\/\\\/raed.academy\\\/en\\\/events\\\/2nd-session-challenges-for-a-new-era-can-we-ensure-the-well-being-and-progress-of-the-new-generations\\\/#primaryimage\"},\"thumbnailUrl\":\"https:\\\/\\\/raed.academy\\\/wp-content\\\/uploads\\\/2021\\\/12\\\/shutt_planeta-Tierra-dst.webp\",\"datePublished\":\"2021-12-13T11:44:05+00:00\",\"dateModified\":\"2022-01-19T19:32:16+00:00\",\"breadcrumb\":{\"@id\":\"https:\\\/\\\/raed.academy\\\/en\\\/events\\\/2nd-session-challenges-for-a-new-era-can-we-ensure-the-well-being-and-progress-of-the-new-generations\\\/#breadcrumb\"},\"inLanguage\":\"en-US\",\"potentialAction\":[{\"@type\":\"ReadAction\",\"target\":[\"https:\\\/\\\/raed.academy\\\/en\\\/events\\\/2nd-session-challenges-for-a-new-era-can-we-ensure-the-well-being-and-progress-of-the-new-generations\\\/\"]}]},{\"@type\":\"ImageObject\",\"inLanguage\":\"en-US\",\"@id\":\"https:\\\/\\\/raed.academy\\\/en\\\/events\\\/2nd-session-challenges-for-a-new-era-can-we-ensure-the-well-being-and-progress-of-the-new-generations\\\/#primaryimage\",\"url\":\"https:\\\/\\\/raed.academy\\\/wp-content\\\/uploads\\\/2021\\\/12\\\/shutt_planeta-Tierra-dst.webp\",\"contentUrl\":\"https:\\\/\\\/raed.academy\\\/wp-content\\\/uploads\\\/2021\\\/12\\\/shutt_planeta-Tierra-dst.webp\",\"width\":550,\"height\":330},{\"@type\":\"BreadcrumbList\",\"@id\":\"https:\\\/\\\/raed.academy\\\/en\\\/events\\\/2nd-session-challenges-for-a-new-era-can-we-ensure-the-well-being-and-progress-of-the-new-generations\\\/#breadcrumb\",\"itemListElement\":[{\"@type\":\"ListItem\",\"position\":1,\"name\":\"Inicio\",\"item\":\"https:\\\/\\\/raed.academy\\\/en\\\/\"},{\"@type\":\"ListItem\",\"position\":2,\"name\":\"Events\",\"item\":\"https:\\\/\\\/raed.academy\\\/en\\\/events\\\/\"},{\"@type\":\"ListItem\",\"position\":3,\"name\":\"2nd session of Challenges for a new era: Can we ensure the well-being and progress of the new generations?\"}]},{\"@type\":\"WebSite\",\"@id\":\"https:\\\/\\\/raed.academy\\\/en\\\/#website\",\"url\":\"https:\\\/\\\/raed.academy\\\/en\\\/\",\"name\":\"Royal European Academy of Doctors\",\"description\":\"Corporaci\u00f3n de derecho p\u00fablico de car\u00e1cter cient\u00edfico, t\u00e9cnico y art\u00edstico, que tiene por objeto la investigaci\u00f3n, el estudio, el fomento y la extensi\u00f3n del conocimiento en su sentido m\u00e1s amplio.\",\"publisher\":{\"@id\":\"https:\\\/\\\/raed.academy\\\/en\\\/#organization\"},\"potentialAction\":[{\"@type\":\"SearchAction\",\"target\":{\"@type\":\"EntryPoint\",\"urlTemplate\":\"https:\\\/\\\/raed.academy\\\/en\\\/?s={search_term_string}\"},\"query-input\":{\"@type\":\"PropertyValueSpecification\",\"valueRequired\":true,\"valueName\":\"search_term_string\"}}],\"inLanguage\":\"en-US\"},{\"@type\":\"Organization\",\"@id\":\"https:\\\/\\\/raed.academy\\\/en\\\/#organization\",\"name\":\"Real Academia Europea de Doctores\",\"url\":\"https:\\\/\\\/raed.academy\\\/en\\\/\",\"logo\":{\"@type\":\"ImageObject\",\"inLanguage\":\"en-US\",\"@id\":\"https:\\\/\\\/raed.academy\\\/en\\\/#\\\/schema\\\/logo\\\/image\\\/\",\"url\":\"https:\\\/\\\/raed.academy\\\/wp-content\\\/uploads\\\/2017\\\/01\\\/cropped-logo_raed.png\",\"contentUrl\":\"https:\\\/\\\/raed.academy\\\/wp-content\\\/uploads\\\/2017\\\/01\\\/cropped-logo_raed.png\",\"width\":512,\"height\":512,\"caption\":\"Real Academia Europea de Doctores\"},\"image\":{\"@id\":\"https:\\\/\\\/raed.academy\\\/en\\\/#\\\/schema\\\/logo\\\/image\\\/\"},\"sameAs\":[\"http:\\\/\\\/fb.me\\\/raed.academy\",\"https:\\\/\\\/x.com\\\/raedacademy\",\"https:\\\/\\\/www.instagram.com\\\/raed.academy\\\/\",\"https:\\\/\\\/www.youtube.com\\\/channel\\\/UCUYQwW2KrdirNWihxMDObwg\"]}]}<\/script>\n<!-- \/ Yoast SEO plugin. -->","yoast_head_json":{"title":"2nd session of Challenges for a new era: Can we ensure the well-being and progress of the new generations? - Royal European Academy of Doctors","robots":{"index":"index","follow":"follow","max-snippet":"max-snippet:-1","max-image-preview":"max-image-preview:large","max-video-preview":"max-video-preview:-1"},"canonical":"https:\/\/raed.academy\/en\/events\/2nd-session-challenges-for-a-new-era-can-we-ensure-the-well-being-and-progress-of-the-new-generations\/","og_locale":"en_US","og_type":"article","og_title":"2nd session of Challenges for a new era: Can we ensure the well-being and progress of the new generations? - Royal European Academy of Doctors","og_description":"En un planeta superpoblado y enfermo \u00bfcu\u00e1l es el mensaje que podemos ofrecer a las nuevas generaciones desde el conocimiento y la experiencia que alberga nuestra organizaci\u00f3n?","og_url":"https:\/\/raed.academy\/en\/events\/2nd-session-challenges-for-a-new-era-can-we-ensure-the-well-being-and-progress-of-the-new-generations\/","og_site_name":"Royal European Academy of Doctors","article_publisher":"http:\/\/fb.me\/raed.academy","article_modified_time":"2022-01-19T19:32:16+00:00","og_image":[{"width":550,"height":330,"url":"https:\/\/raed.academy\/wp-content\/uploads\/2021\/12\/shutt_planeta-Tierra-dst.webp","type":"image\/webp"}],"twitter_card":"summary_large_image","twitter_site":"@raedacademy","twitter_misc":{"Est. reading time":"3 minutes"},"schema":{"@context":"https:\/\/schema.org","@graph":[{"@type":"WebPage","@id":"https:\/\/raed.academy\/en\/events\/2nd-session-challenges-for-a-new-era-can-we-ensure-the-well-being-and-progress-of-the-new-generations\/","url":"https:\/\/raed.academy\/en\/events\/2nd-session-challenges-for-a-new-era-can-we-ensure-the-well-being-and-progress-of-the-new-generations\/","name":"2nd session of Challenges for a new era: Can we ensure the well-being and progress of the new generations? - Royal European Academy of Doctors","isPartOf":{"@id":"https:\/\/raed.academy\/en\/#website"},"primaryImageOfPage":{"@id":"https:\/\/raed.academy\/en\/events\/2nd-session-challenges-for-a-new-era-can-we-ensure-the-well-being-and-progress-of-the-new-generations\/#primaryimage"},"image":{"@id":"https:\/\/raed.academy\/en\/events\/2nd-session-challenges-for-a-new-era-can-we-ensure-the-well-being-and-progress-of-the-new-generations\/#primaryimage"},"thumbnailUrl":"https:\/\/raed.academy\/wp-content\/uploads\/2021\/12\/shutt_planeta-Tierra-dst.webp","datePublished":"2021-12-13T11:44:05+00:00","dateModified":"2022-01-19T19:32:16+00:00","breadcrumb":{"@id":"https:\/\/raed.academy\/en\/events\/2nd-session-challenges-for-a-new-era-can-we-ensure-the-well-being-and-progress-of-the-new-generations\/#breadcrumb"},"inLanguage":"en-US","potentialAction":[{"@type":"ReadAction","target":["https:\/\/raed.academy\/en\/events\/2nd-session-challenges-for-a-new-era-can-we-ensure-the-well-being-and-progress-of-the-new-generations\/"]}]},{"@type":"ImageObject","inLanguage":"en-US","@id":"https:\/\/raed.academy\/en\/events\/2nd-session-challenges-for-a-new-era-can-we-ensure-the-well-being-and-progress-of-the-new-generations\/#primaryimage","url":"https:\/\/raed.academy\/wp-content\/uploads\/2021\/12\/shutt_planeta-Tierra-dst.webp","contentUrl":"https:\/\/raed.academy\/wp-content\/uploads\/2021\/12\/shutt_planeta-Tierra-dst.webp","width":550,"height":330},{"@type":"BreadcrumbList","@id":"https:\/\/raed.academy\/en\/events\/2nd-session-challenges-for-a-new-era-can-we-ensure-the-well-being-and-progress-of-the-new-generations\/#breadcrumb","itemListElement":[{"@type":"ListItem","position":1,"name":"Inicio","item":"https:\/\/raed.academy\/en\/"},{"@type":"ListItem","position":2,"name":"Events","item":"https:\/\/raed.academy\/en\/events\/"},{"@type":"ListItem","position":3,"name":"2nd session of Challenges for a new era: Can we ensure the well-being and progress of the new generations?"}]},{"@type":"WebSite","@id":"https:\/\/raed.academy\/en\/#website","url":"https:\/\/raed.academy\/en\/","name":"Royal European Academy of Doctors","description":"Corporaci\u00f3n de derecho p\u00fablico de car\u00e1cter cient\u00edfico, t\u00e9cnico y art\u00edstico, que tiene por objeto la investigaci\u00f3n, el estudio, el fomento y la extensi\u00f3n del conocimiento en su sentido m\u00e1s amplio.","publisher":{"@id":"https:\/\/raed.academy\/en\/#organization"},"potentialAction":[{"@type":"SearchAction","target":{"@type":"EntryPoint","urlTemplate":"https:\/\/raed.academy\/en\/?s={search_term_string}"},"query-input":{"@type":"PropertyValueSpecification","valueRequired":true,"valueName":"search_term_string"}}],"inLanguage":"en-US"},{"@type":"Organization","@id":"https:\/\/raed.academy\/en\/#organization","name":"Real Academia Europea de Doctores","url":"https:\/\/raed.academy\/en\/","logo":{"@type":"ImageObject","inLanguage":"en-US","@id":"https:\/\/raed.academy\/en\/#\/schema\/logo\/image\/","url":"https:\/\/raed.academy\/wp-content\/uploads\/2017\/01\/cropped-logo_raed.png","contentUrl":"https:\/\/raed.academy\/wp-content\/uploads\/2017\/01\/cropped-logo_raed.png","width":512,"height":512,"caption":"Real Academia Europea de Doctores"},"image":{"@id":"https:\/\/raed.academy\/en\/#\/schema\/logo\/image\/"},"sameAs":["http:\/\/fb.me\/raed.academy","https:\/\/x.com\/raedacademy","https:\/\/www.instagram.com\/raed.academy\/","https:\/\/www.youtube.com\/channel\/UCUYQwW2KrdirNWihxMDObwg"]}]}},"_links":{"self":[{"href":"https:\/\/raed.academy\/en\/wp-json\/wp\/v2\/dp_events\/109681","targetHints":{"allow":["GET"]}}],"collection":[{"href":"https:\/\/raed.academy\/en\/wp-json\/wp\/v2\/dp_events"}],"about":[{"href":"https:\/\/raed.academy\/en\/wp-json\/wp\/v2\/types\/dp_events"}],"wp:featuredmedia":[{"embeddable":true,"href":"https:\/\/raed.academy\/en\/wp-json\/wp\/v2\/media\/109494"}],"wp:attachment":[{"href":"https:\/\/raed.academy\/en\/wp-json\/wp\/v2\/media?parent=109681"}],"curies":[{"name":"wp","href":"https:\/\/api.w.org\/{rel}","templated":true}]}}