{"id":108253,"date":"2021-11-12T16:16:31","date_gmt":"2021-11-12T16:16:31","guid":{"rendered":"https:\/\/raed.academy\/?post_type=dp_events&#038;p=108253"},"modified":"2021-11-12T17:13:04","modified_gmt":"2021-11-12T17:13:04","slug":"round-table-impulsores-de-cambio-en-el-ecosistema-legal","status":"publish","type":"dp_events","link":"https:\/\/raed.academy\/en\/events\/round-table-impulsores-de-cambio-en-el-ecosistema-legal\/","title":{"rendered":"Round table: &#8220;Impulsores de cambio en el ecosistema legal&#8221;"},"content":{"rendered":"<p>[et_pb_section fb_built=&#8221;1&#8243; admin_label=&#8221;section&#8221; _builder_version=&#8221;3.22&#8243; locked=&#8221;off&#8221; global_colors_info=&#8221;{}&#8221;][et_pb_row _builder_version=&#8221;4.12.0&#8243; background_size=&#8221;initial&#8221; background_position=&#8221;top_left&#8221; background_repeat=&#8221;repeat&#8221; max_width=&#8221;1400px&#8221; locked=&#8221;off&#8221; global_colors_info=&#8221;{}&#8221;][et_pb_column type=&#8221;4_4&#8243; _builder_version=&#8221;3.25&#8243; custom_padding=&#8221;|||&#8221; global_colors_info=&#8221;{}&#8221; custom_padding__hover=&#8221;|||&#8221;][et_pb_post_title meta=&#8221;off&#8221; featured_image=&#8221;off&#8221; _builder_version=&#8221;4.12.0&#8243; _module_preset=&#8221;default&#8221; global_colors_info=&#8221;{}&#8221;][\/et_pb_post_title][et_pb_text _builder_version=&#8221;4.12.0&#8243; background_size=&#8221;initial&#8221; background_position=&#8221;top_left&#8221; background_repeat=&#8221;repeat&#8221; hover_enabled=&#8221;0&#8243; global_colors_info=&#8221;{}&#8221; sticky_enabled=&#8221;0&#8243;]<\/p>\n<p><strong><img loading=\"lazy\" decoding=\"async\" class=\"alignright wp-image-81185\" src=\"https:\/\/raed.academy\/wp-content\/uploads\/2019\/10\/shutterstock_garantias-procesales-justicia-dst.jpg\" alt=\"\" width=\"550\" height=\"231\" srcset=\"https:\/\/raed.academy\/wp-content\/uploads\/2019\/10\/shutterstock_garantias-procesales-justicia-dst.jpg 1000w, https:\/\/raed.academy\/wp-content\/uploads\/2019\/10\/shutterstock_garantias-procesales-justicia-dst-768x323.jpg 768w\" sizes=\"(max-width: 550px) 100vw, 550px\" \/>Venue<\/strong>: Fomento del Trabajo Building, Room C. Via Laietana, 32, main floor<\/p>\n<p><strong>Event date<\/strong>: Tuesday, 23 November 2021<\/p>\n<p><strong>Event time<\/strong>: 18:30 h a 20:00 h<\/p>\n<p><strong>Organize<\/strong>: RAED Social Sciences Section<\/p>\n<h2>Description and participants<\/h2>\n<p>In order to assist the global legal community in these uncertain and complex times and due to the overwhelming volume and dispersion of information available regarding the issues that make up the global legal ecosystem, the International Bar Association requested a report on the drivers of change in legal services to Academic Mar\u00eda Jos\u00e9 Esteban Ferrer, whose results will be debated in this session.<\/p>\n<p><strong>Coordination:<\/strong><\/p>\n<ul>\n<li><strong><a href=\"https:\/\/raed.academy\/academicos\/dr-pedro-nueno-iniesta\/\" target=\"_blank\" rel=\"noopener\">Pedro Nueno<\/a>.<\/strong> Acad\u00e9mico Numerario y Presidente de la Secci\u00f3n de Ciencias Sociales de la RAED.<\/li>\n<li><strong><a href=\"https:\/\/raed.academy\/academicos\/dra-maria-jose-esteban-ferrer\/\" target=\"_blank\" rel=\"noopener\">Mar\u00eda Jos\u00e9 Esteban<\/a><\/strong>, Acad\u00e9mica Numeraria y Vicepresidenta de la Secci\u00f3n de Ciencias Sociales de la RAED.<\/li>\n<\/ul>\n<p><strong>Speakers:<\/strong><\/p>\n<ul>\n<li><strong>Soledad Atienza.<\/strong> Dean of the Faculty of Law of the &#8220;Instituto de Empresa&#8221;.<\/li>\n<li><strong><a href=\"https:\/\/raed.academy\/academicos\/dr-santiago-jose-castella-surribas\/\" target=\"_blank\" rel=\"noopener\">Santiago Castell\u00e0<\/a>.<\/strong> Numerary Member.<\/li>\n<li><strong><a href=\"https:\/\/raed.academy\/academicos\/dra-maria-jose-esteban-ferrer\/\" target=\"_blank\" rel=\"noopener\">Mar\u00eda Jos\u00e9 Esteban<\/a>.<\/strong> Numerary Member.<\/li>\n<\/ul>\n<h2><a href=\"https:\/\/www.ibanet.org\/Future-of-Legal-Services-Commission\" target=\"_blank\" rel=\"noopener\">Issues shaping the global legal ecosystem: Drivers for change in legal services &#8211; part two<\/a><\/h2>\n<p>[\/et_pb_text][\/et_pb_column][\/et_pb_row][et_pb_row column_structure=&#8221;2_3,1_3&#8243; _builder_version=&#8221;4.11.3&#8243; _module_preset=&#8221;default&#8221; locked=&#8221;off&#8221; global_colors_info=&#8221;{}&#8221;][et_pb_column type=&#8221;2_3&#8243; _builder_version=&#8221;4.11.3&#8243; _module_preset=&#8221;default&#8221; global_colors_info=&#8221;{}&#8221;][et_pb_code admin_label=&#8221;C\u00f3digo &#8211; organizadores&#8221; _builder_version=&#8221;4.12.0&#8243; _module_preset=&#8221;default&#8221; global_colors_info=&#8221;{}&#8221;]<pee class=\"ttl-colaboradores\">Organize:<\/pee><!-- [et_pb_line_break_holder] --><\/p>\n<div id=\"organizadores\"><!-- [et_pb_line_break_holder] --><\/p>\n<div class=\"logo-colaborador\"><a href=\"https:\/\/fundacionraed.org\/\" target=\"_blank\" rel=\"noopener noreferrer\"><img decoding=\"async\" src=\"https:\/\/raed.academy\/wp-content\/uploads\/2021\/10\/Logo-Fundacion-RAED-160px.jpg\" alt=\"Fundaci\u00f3n RAED\"><\/p>\n<div class=\"txt\"><\/div>\n<p><\/a><\/div>\n<p><!-- [et_pb_line_break_holder] --><!-- [et_pb_line_break_holder] --><\/p>\n<div class=\"logo-colaborador\"><a href=\"https:\/\/raed.academy\/en\/\" target=\"_blank\" rel=\"noopener noreferrer\"><img decoding=\"async\" src=\"https:\/\/raed.academy\/wp-content\/uploads\/2021\/10\/Logo-RAED-160px.jpg\" alt=\"Real Academia Europea de Doctores RAED\"><\/p>\n<div class=\"txt\"><\/div>\n<p><\/a><\/div>\n<p><!-- [et_pb_line_break_holder] --><\/div>\n<p>[\/et_pb_code][\/et_pb_column][et_pb_column type=&#8221;1_3&#8243; _builder_version=&#8221;4.11.3&#8243; _module_preset=&#8221;default&#8221; global_colors_info=&#8221;{}&#8221;][et_pb_code admin_label=&#8221;C\u00f3digo &#8211; colaboradores&#8221; _builder_version=&#8221;4.12.0&#8243; _module_preset=&#8221;default&#8221; global_colors_info=&#8221;{}&#8221;]<pee class=\"ttl-colaboradores\">In collaboration with:<\/pee> <!-- [et_pb_line_break_holder] --><\/p>\n<div id=\"colaboradores\"><!-- [et_pb_line_break_holder] --><\/p>\n<div class=\"logo-colaborador\"><!-- [et_pb_line_break_holder] --><\/p>\n<div class=\"txt-circular\"><\/div>\n<p><!-- [et_pb_line_break_holder] -->  <a href=\"http:\/\/justicia.gencat.cat\/ca\/inici\" target=\"_blank\" rel=\"noopener noreferrer\"><img decoding=\"async\" src=\"https:\/\/raed.academy\/wp-content\/uploads\/2021\/10\/Generalitat-de-Catalunya-dept-Justicia-215px.jpg\" alt=\"Generalitat de catalunya\"><\/a><\/div>\n<p><!-- [et_pb_line_break_holder] --><\/div>\n<p>[\/et_pb_code][\/et_pb_column][\/et_pb_row][\/et_pb_section]<\/p>\n","protected":false},"excerpt":{"rendered":"<p>The drivers of change and the issues that shape the global legal ecosystem in uncertain and complex times. Coordinated by: Dra. Maria Jos\u00e9 Esteban Ferrer and Dr. Pedro Nueno. Speakers: Soledad Atienza and Santiago Castell\u00e0<\/p>\n","protected":false},"featured_media":81187,"template":"","meta":{"_et_pb_use_builder":"on","_et_pb_old_content":"","_et_gb_content_width":""},"class_list":["post-108253","dp_events","type-dp_events","status-publish","has-post-thumbnail","hentry"],"yoast_head":"<!-- This site is optimized with the Yoast SEO plugin v27.5 - https:\/\/yoast.com\/product\/yoast-seo-wordpress\/ -->\n<title>Round table: &quot;Impulsores de cambio en el ecosistema legal&quot; - Royal European Academy of Doctors<\/title>\n<meta name=\"description\" content=\"Debate on Nov 23, 2021: The problems that make up the global legal ecosystem, the drivers of change, ...\" \/>\n<meta name=\"robots\" content=\"index, follow, max-snippet:-1, max-image-preview:large, max-video-preview:-1\" \/>\n<link rel=\"canonical\" href=\"https:\/\/raed.academy\/en\/events\/round-table-impulsores-de-cambio-en-el-ecosistema-legal\/\" \/>\n<meta property=\"og:locale\" content=\"en_US\" \/>\n<meta property=\"og:type\" content=\"article\" \/>\n<meta property=\"og:title\" content=\"Round table: &quot;Impulsores de cambio en el ecosistema legal&quot; - Royal European Academy of Doctors\" \/>\n<meta property=\"og:description\" content=\"Debate on Nov 23, 2021: The problems that make up the global legal ecosystem, the drivers of change, ...\" \/>\n<meta property=\"og:url\" content=\"https:\/\/raed.academy\/en\/events\/round-table-impulsores-de-cambio-en-el-ecosistema-legal\/\" \/>\n<meta property=\"og:site_name\" content=\"Royal European Academy of Doctors\" \/>\n<meta property=\"article:publisher\" content=\"http:\/\/fb.me\/raed.academy\" \/>\n<meta property=\"article:modified_time\" content=\"2021-11-12T17:13:04+00:00\" \/>\n<meta property=\"og:image\" content=\"https:\/\/raed.academy\/wp-content\/uploads\/2019\/10\/shutterstock_garantias-procesales-justicia-dst.jpg\" \/>\n\t<meta property=\"og:image:width\" content=\"1000\" \/>\n\t<meta property=\"og:image:height\" content=\"420\" \/>\n\t<meta property=\"og:image:type\" content=\"image\/jpeg\" \/>\n<meta name=\"twitter:card\" content=\"summary_large_image\" \/>\n<meta name=\"twitter:site\" content=\"@raedacademy\" \/>\n<meta name=\"twitter:label1\" content=\"Est. reading time\" \/>\n\t<meta name=\"twitter:data1\" content=\"2 minutes\" \/>\n<script type=\"application\/ld+json\" class=\"yoast-schema-graph\">{\"@context\":\"https:\\\/\\\/schema.org\",\"@graph\":[{\"@type\":\"WebPage\",\"@id\":\"https:\\\/\\\/raed.academy\\\/en\\\/events\\\/round-table-impulsores-de-cambio-en-el-ecosistema-legal\\\/\",\"url\":\"https:\\\/\\\/raed.academy\\\/en\\\/events\\\/round-table-impulsores-de-cambio-en-el-ecosistema-legal\\\/\",\"name\":\"Round table: \\\"Impulsores de cambio en el ecosistema legal\\\" - Royal European Academy of Doctors\",\"isPartOf\":{\"@id\":\"https:\\\/\\\/raed.academy\\\/en\\\/#website\"},\"primaryImageOfPage\":{\"@id\":\"https:\\\/\\\/raed.academy\\\/en\\\/events\\\/round-table-impulsores-de-cambio-en-el-ecosistema-legal\\\/#primaryimage\"},\"image\":{\"@id\":\"https:\\\/\\\/raed.academy\\\/en\\\/events\\\/round-table-impulsores-de-cambio-en-el-ecosistema-legal\\\/#primaryimage\"},\"thumbnailUrl\":\"https:\\\/\\\/raed.academy\\\/wp-content\\\/uploads\\\/2019\\\/10\\\/shutterstock_garantias-procesales-justicia-dst.jpg\",\"datePublished\":\"2021-11-12T16:16:31+00:00\",\"dateModified\":\"2021-11-12T17:13:04+00:00\",\"description\":\"Debate on Nov 23, 2021: The problems that make up the global legal ecosystem, the drivers of change, ...\",\"breadcrumb\":{\"@id\":\"https:\\\/\\\/raed.academy\\\/en\\\/events\\\/round-table-impulsores-de-cambio-en-el-ecosistema-legal\\\/#breadcrumb\"},\"inLanguage\":\"en-US\",\"potentialAction\":[{\"@type\":\"ReadAction\",\"target\":[\"https:\\\/\\\/raed.academy\\\/en\\\/events\\\/round-table-impulsores-de-cambio-en-el-ecosistema-legal\\\/\"]}]},{\"@type\":\"ImageObject\",\"inLanguage\":\"en-US\",\"@id\":\"https:\\\/\\\/raed.academy\\\/en\\\/events\\\/round-table-impulsores-de-cambio-en-el-ecosistema-legal\\\/#primaryimage\",\"url\":\"https:\\\/\\\/raed.academy\\\/wp-content\\\/uploads\\\/2019\\\/10\\\/shutterstock_garantias-procesales-justicia-dst.jpg\",\"contentUrl\":\"https:\\\/\\\/raed.academy\\\/wp-content\\\/uploads\\\/2019\\\/10\\\/shutterstock_garantias-procesales-justicia-dst.jpg\",\"width\":1000,\"height\":420},{\"@type\":\"BreadcrumbList\",\"@id\":\"https:\\\/\\\/raed.academy\\\/en\\\/events\\\/round-table-impulsores-de-cambio-en-el-ecosistema-legal\\\/#breadcrumb\",\"itemListElement\":[{\"@type\":\"ListItem\",\"position\":1,\"name\":\"Inicio\",\"item\":\"https:\\\/\\\/raed.academy\\\/en\\\/\"},{\"@type\":\"ListItem\",\"position\":2,\"name\":\"Events\",\"item\":\"https:\\\/\\\/raed.academy\\\/en\\\/events\\\/\"},{\"@type\":\"ListItem\",\"position\":3,\"name\":\"Round table: \u00abImpulsores de cambio en el ecosistema legal\u00bb\"}]},{\"@type\":\"WebSite\",\"@id\":\"https:\\\/\\\/raed.academy\\\/en\\\/#website\",\"url\":\"https:\\\/\\\/raed.academy\\\/en\\\/\",\"name\":\"Royal European Academy of Doctors\",\"description\":\"Corporaci\u00f3n de derecho p\u00fablico de car\u00e1cter cient\u00edfico, t\u00e9cnico y art\u00edstico, que tiene por objeto la investigaci\u00f3n, el estudio, el fomento y la extensi\u00f3n del conocimiento en su sentido m\u00e1s amplio.\",\"publisher\":{\"@id\":\"https:\\\/\\\/raed.academy\\\/en\\\/#organization\"},\"potentialAction\":[{\"@type\":\"SearchAction\",\"target\":{\"@type\":\"EntryPoint\",\"urlTemplate\":\"https:\\\/\\\/raed.academy\\\/en\\\/?s={search_term_string}\"},\"query-input\":{\"@type\":\"PropertyValueSpecification\",\"valueRequired\":true,\"valueName\":\"search_term_string\"}}],\"inLanguage\":\"en-US\"},{\"@type\":\"Organization\",\"@id\":\"https:\\\/\\\/raed.academy\\\/en\\\/#organization\",\"name\":\"Real Academia Europea de Doctores\",\"url\":\"https:\\\/\\\/raed.academy\\\/en\\\/\",\"logo\":{\"@type\":\"ImageObject\",\"inLanguage\":\"en-US\",\"@id\":\"https:\\\/\\\/raed.academy\\\/en\\\/#\\\/schema\\\/logo\\\/image\\\/\",\"url\":\"https:\\\/\\\/raed.academy\\\/wp-content\\\/uploads\\\/2017\\\/01\\\/cropped-logo_raed.png\",\"contentUrl\":\"https:\\\/\\\/raed.academy\\\/wp-content\\\/uploads\\\/2017\\\/01\\\/cropped-logo_raed.png\",\"width\":512,\"height\":512,\"caption\":\"Real Academia Europea de Doctores\"},\"image\":{\"@id\":\"https:\\\/\\\/raed.academy\\\/en\\\/#\\\/schema\\\/logo\\\/image\\\/\"},\"sameAs\":[\"http:\\\/\\\/fb.me\\\/raed.academy\",\"https:\\\/\\\/x.com\\\/raedacademy\",\"https:\\\/\\\/www.instagram.com\\\/raed.academy\\\/\",\"https:\\\/\\\/www.youtube.com\\\/channel\\\/UCUYQwW2KrdirNWihxMDObwg\"]}]}<\/script>\n<!-- \/ Yoast SEO plugin. -->","yoast_head_json":{"title":"Round table: \"Impulsores de cambio en el ecosistema legal\" - Royal European Academy of Doctors","description":"Debate on Nov 23, 2021: The problems that make up the global legal ecosystem, the drivers of change, ...","robots":{"index":"index","follow":"follow","max-snippet":"max-snippet:-1","max-image-preview":"max-image-preview:large","max-video-preview":"max-video-preview:-1"},"canonical":"https:\/\/raed.academy\/en\/events\/round-table-impulsores-de-cambio-en-el-ecosistema-legal\/","og_locale":"en_US","og_type":"article","og_title":"Round table: \"Impulsores de cambio en el ecosistema legal\" - Royal European Academy of Doctors","og_description":"Debate on Nov 23, 2021: The problems that make up the global legal ecosystem, the drivers of change, ...","og_url":"https:\/\/raed.academy\/en\/events\/round-table-impulsores-de-cambio-en-el-ecosistema-legal\/","og_site_name":"Royal European Academy of Doctors","article_publisher":"http:\/\/fb.me\/raed.academy","article_modified_time":"2021-11-12T17:13:04+00:00","og_image":[{"width":1000,"height":420,"url":"https:\/\/raed.academy\/wp-content\/uploads\/2019\/10\/shutterstock_garantias-procesales-justicia-dst.jpg","type":"image\/jpeg"}],"twitter_card":"summary_large_image","twitter_site":"@raedacademy","twitter_misc":{"Est. reading time":"2 minutes"},"schema":{"@context":"https:\/\/schema.org","@graph":[{"@type":"WebPage","@id":"https:\/\/raed.academy\/en\/events\/round-table-impulsores-de-cambio-en-el-ecosistema-legal\/","url":"https:\/\/raed.academy\/en\/events\/round-table-impulsores-de-cambio-en-el-ecosistema-legal\/","name":"Round table: \"Impulsores de cambio en el ecosistema legal\" - Royal European Academy of Doctors","isPartOf":{"@id":"https:\/\/raed.academy\/en\/#website"},"primaryImageOfPage":{"@id":"https:\/\/raed.academy\/en\/events\/round-table-impulsores-de-cambio-en-el-ecosistema-legal\/#primaryimage"},"image":{"@id":"https:\/\/raed.academy\/en\/events\/round-table-impulsores-de-cambio-en-el-ecosistema-legal\/#primaryimage"},"thumbnailUrl":"https:\/\/raed.academy\/wp-content\/uploads\/2019\/10\/shutterstock_garantias-procesales-justicia-dst.jpg","datePublished":"2021-11-12T16:16:31+00:00","dateModified":"2021-11-12T17:13:04+00:00","description":"Debate on Nov 23, 2021: The problems that make up the global legal ecosystem, the drivers of change, ...","breadcrumb":{"@id":"https:\/\/raed.academy\/en\/events\/round-table-impulsores-de-cambio-en-el-ecosistema-legal\/#breadcrumb"},"inLanguage":"en-US","potentialAction":[{"@type":"ReadAction","target":["https:\/\/raed.academy\/en\/events\/round-table-impulsores-de-cambio-en-el-ecosistema-legal\/"]}]},{"@type":"ImageObject","inLanguage":"en-US","@id":"https:\/\/raed.academy\/en\/events\/round-table-impulsores-de-cambio-en-el-ecosistema-legal\/#primaryimage","url":"https:\/\/raed.academy\/wp-content\/uploads\/2019\/10\/shutterstock_garantias-procesales-justicia-dst.jpg","contentUrl":"https:\/\/raed.academy\/wp-content\/uploads\/2019\/10\/shutterstock_garantias-procesales-justicia-dst.jpg","width":1000,"height":420},{"@type":"BreadcrumbList","@id":"https:\/\/raed.academy\/en\/events\/round-table-impulsores-de-cambio-en-el-ecosistema-legal\/#breadcrumb","itemListElement":[{"@type":"ListItem","position":1,"name":"Inicio","item":"https:\/\/raed.academy\/en\/"},{"@type":"ListItem","position":2,"name":"Events","item":"https:\/\/raed.academy\/en\/events\/"},{"@type":"ListItem","position":3,"name":"Round table: \u00abImpulsores de cambio en el ecosistema legal\u00bb"}]},{"@type":"WebSite","@id":"https:\/\/raed.academy\/en\/#website","url":"https:\/\/raed.academy\/en\/","name":"Royal European Academy of Doctors","description":"Corporaci\u00f3n de derecho p\u00fablico de car\u00e1cter cient\u00edfico, t\u00e9cnico y art\u00edstico, que tiene por objeto la investigaci\u00f3n, el estudio, el fomento y la extensi\u00f3n del conocimiento en su sentido m\u00e1s amplio.","publisher":{"@id":"https:\/\/raed.academy\/en\/#organization"},"potentialAction":[{"@type":"SearchAction","target":{"@type":"EntryPoint","urlTemplate":"https:\/\/raed.academy\/en\/?s={search_term_string}"},"query-input":{"@type":"PropertyValueSpecification","valueRequired":true,"valueName":"search_term_string"}}],"inLanguage":"en-US"},{"@type":"Organization","@id":"https:\/\/raed.academy\/en\/#organization","name":"Real Academia Europea de Doctores","url":"https:\/\/raed.academy\/en\/","logo":{"@type":"ImageObject","inLanguage":"en-US","@id":"https:\/\/raed.academy\/en\/#\/schema\/logo\/image\/","url":"https:\/\/raed.academy\/wp-content\/uploads\/2017\/01\/cropped-logo_raed.png","contentUrl":"https:\/\/raed.academy\/wp-content\/uploads\/2017\/01\/cropped-logo_raed.png","width":512,"height":512,"caption":"Real Academia Europea de Doctores"},"image":{"@id":"https:\/\/raed.academy\/en\/#\/schema\/logo\/image\/"},"sameAs":["http:\/\/fb.me\/raed.academy","https:\/\/x.com\/raedacademy","https:\/\/www.instagram.com\/raed.academy\/","https:\/\/www.youtube.com\/channel\/UCUYQwW2KrdirNWihxMDObwg"]}]}},"_links":{"self":[{"href":"https:\/\/raed.academy\/en\/wp-json\/wp\/v2\/dp_events\/108253","targetHints":{"allow":["GET"]}}],"collection":[{"href":"https:\/\/raed.academy\/en\/wp-json\/wp\/v2\/dp_events"}],"about":[{"href":"https:\/\/raed.academy\/en\/wp-json\/wp\/v2\/types\/dp_events"}],"wp:featuredmedia":[{"embeddable":true,"href":"https:\/\/raed.academy\/en\/wp-json\/wp\/v2\/media\/81187"}],"wp:attachment":[{"href":"https:\/\/raed.academy\/en\/wp-json\/wp\/v2\/media?parent=108253"}],"curies":[{"name":"wp","href":"https:\/\/api.w.org\/{rel}","templated":true}]}}