{"id":9855,"date":"2016-09-14T16:17:23","date_gmt":"2016-09-14T16:17:23","guid":{"rendered":"http:\/\/radd.eu\/?page_id=9855"},"modified":"2025-11-03T09:55:41","modified_gmt":"2025-11-03T09:55:41","slug":"dr-luis-carriere-lluch","status":"publish","type":"academico","link":"https:\/\/raed.academy\/en\/academicians\/dr-luis-carriere-lluch\/","title":{"rendered":"Dr. Luis Carriere Lluch"},"content":{"rendered":"<p>[et_pb_section fb_built=&#8221;1&#8243; _builder_version=&#8221;4.16&#8243; global_colors_info=&#8221;{}&#8221;][et_pb_row column_structure=&#8221;1_4,3_4&#8243; _builder_version=&#8221;4.16&#8243; max_width=&#8221;1400px&#8221; custom_padding=&#8221;0|0px|40px|0px|false|false&#8221; global_colors_info=&#8221;{}&#8221; use_custom_gutter=&#8221;on&#8221; gutter_width=&#8221;2&#8243; background_size=&#8221;initial&#8221; background_position=&#8221;top_left&#8221; background_repeat=&#8221;repeat&#8221; custom_margin=&#8221;-56px|auto||auto||&#8221;][et_pb_column type=&#8221;1_4&#8243; _builder_version=&#8221;4.16&#8243; custom_padding=&#8221;|||&#8221; global_colors_info=&#8221;{}&#8221; custom_padding__hover=&#8221;|||&#8221;][et_pb_image src=&#8221;https:\/\/raed.academy\/wp-content\/uploads\/2018\/10\/Dr.-Luis-Carriere-Lluch.jpg&#8221; show_bottom_space=&#8221;off&#8221; align_tablet=&#8221;center&#8221; align_phone=&#8221;&#8221; align_last_edited=&#8221;on|desktop&#8221; admin_label=&#8221;Imagen &#8211; foto acad\u00e9mico&#8221; _builder_version=&#8221;4.16&#8243; width=&#8221;90%&#8221; max_width=&#8221;230%&#8221; custom_margin=&#8221;0px||0px|&#8221; custom_padding=&#8221;0px||0px|&#8221; animation_style=&#8221;fold&#8221; border_radii=&#8221;on|6px|6px|6px|6px&#8221; border_width_all=&#8221;2px&#8221; box_shadow_style=&#8221;preset2&#8243; global_colors_info=&#8221;{}&#8221;][\/et_pb_image][\/et_pb_column][et_pb_column type=&#8221;3_4&#8243; _builder_version=&#8221;4.16&#8243; custom_padding=&#8221;|||&#8221; global_colors_info=&#8221;{}&#8221; custom_padding__hover=&#8221;|||&#8221;][et_pb_text module_class=&#8221;infoAcademico&#8221; _builder_version=&#8221;4.27.4&#8243; custom_margin=&#8221;|||-46px||&#8221; global_colors_info=&#8221;{}&#8221;]<\/p>\n<div style=\"border: 2px solid #2c3e50; padding: 20px; background: #fff; margin-bottom: 25px; border-radius: 10px; box-shadow: 2px 2px 8px rgba(0,0,0,0.1);\">\n<p><strong>Numerary Member<\/strong><\/p>\n<p><strong>Health Sciences:<\/strong> PhD in Dentistry<\/p>\n<p><strong>Date of admission:<\/strong> February 19, 2015<\/p>\n<p><strong>Admission speech: <\/strong><a href=\"http:\/\/raed.academy\/wp-content\/uploads\/2015\/06\/Discurso-Dr.-Carriere.pdf\" target=\"_blank\" rel=\"noopener noreferrer\"><strong><em>\u201cHippocratic Thought, Biominimalism and New Technologies: Innovation in New Orthodontic Treatment Methods and Facial Icon Optimization\u201d<\/em><\/strong><br \/><\/a><\/p>\n<p><strong>Reply speech: <\/strong><a href=\"http:\/\/raed.academy\/dr-antoni-terceno-gomez\/\" target=\"_blank\" rel=\"noopener noreferrer\"><strong>Dr. Antoni Terce\u00f1o G\u00f3mez,<\/strong><\/a> PhD in Economics<a href=\"http:\/\/raed.academy\/dr-antoni-terceno-gomez\/\" target=\"_blank\" rel=\"noopener noreferrer\"><br \/><\/a><\/p>\n<p><strong>Outstanding career:<\/strong> Internationally recognized for his innovations in dental biomechanics and advanced orthodontics. He revolutionized orthodontic treatments by reducing their duration and enhancing the clinical and aesthetic quality of the results.<\/p>\n<\/div>\n<p>[\/et_pb_text][\/et_pb_column][\/et_pb_row][et_pb_row use_custom_gutter=&#8221;on&#8221; gutter_width=&#8221;1&#8243; module_class=&#8221;parent-column&#8221; _builder_version=&#8221;4.16&#8243; background_size=&#8221;initial&#8221; background_position=&#8221;top_left&#8221; background_repeat=&#8221;repeat&#8221; max_width=&#8221;1200px&#8221; custom_padding=&#8221;11px|||||&#8221; global_colors_info=&#8221;{}&#8221; custom_margin=&#8221;-57px|auto||auto||&#8221;][et_pb_column type=&#8221;4_4&#8243; _builder_version=&#8221;4.16&#8243; custom_padding=&#8221;|||&#8221; global_colors_info=&#8221;{}&#8221; custom_padding__hover=&#8221;|||&#8221;][et_pb_divider color=&#8221;#828282&#8243; divider_weight=&#8221;2&#8243; _builder_version=&#8221;4.16&#8243; height=&#8221;2px&#8221; box_shadow_style=&#8221;preset2&#8243; global_colors_info=&#8221;{}&#8221;][\/et_pb_divider][et_pb_tabs _builder_version=&#8221;4.27.4&#8243; global_colors_info=&#8221;{}&#8221;][et_pb_tab title=&#8221;CURRICULUM VITAE&#8221; _builder_version=&#8221;4.27.4&#8243; global_colors_info=&#8221;{}&#8221;]<\/p>\n<h2><strong>Dr. LLU\u00cdS CARRI\u00c8RE LLUCH<\/strong><\/h2>\n<h3><strong>UNIVERSITY DEGREES:<\/strong><\/h3>\n<ul>\n<li>PhD in Dentistry (<em>Cum Laude<\/em>, unanimously) from the <a href=\"https:\/\/web.ub.edu\/es\/la-universidad\" target=\"_blank\" rel=\"noopener\"><strong>University of Barcelona (UB)<\/strong><\/a> (2006).<\/li>\n<li>Bachelor\u2019s Degree in Dentistry from the <a href=\"https:\/\/www.ucm.es\/\" target=\"_blank\" rel=\"noopener\"><strong>Complutense University of Madrid (UCM)<\/strong><\/a> (1991).<\/li>\n<li>Master\u2019s Degree in Orthodontics and Dentofacial Orthopedics (Children and Adults) from the <a href=\"https:\/\/web.ub.edu\/es\/la-universidad\" target=\"_blank\" rel=\"noopener\"><strong>University of Barcelona (UB)<\/strong><\/a> (1994).<\/li>\n<\/ul>\n<h3><strong>TEACHING AND PROFESSIONAL ACTIVITY:<\/strong><\/h3>\n<ul>\n<li>Member of the <strong><a href=\"https:\/\/www.sciencedirect.com\/journal\/american-journal-of-orthodontics-and-dentofacial-orthopedics\" target=\"_blank\" rel=\"noopener\">Editorial Review Board of the American Journal of Orthodontics and Dentofacial Orthopedics (AJO-DO)<\/a><\/strong>.<\/li>\n<li>Contributing Editor of the <a href=\"https:\/\/www.jco-online.com\/\" target=\"_blank\" rel=\"noopener\"><strong>Journal of Clinical Orthodontics (JCO)<\/strong><\/a>.<\/li>\n<li>Inventor of the Carriere Distalizer and the <strong><a href=\"https:\/\/www.youtube.com\/watch?v=9zjDnuh8uzw\" target=\"_blank\" rel=\"noopener\">Carriere Self-ligating Bracket<\/a><\/strong>, minimally invasive orthodontic devices widely used worldwide.<\/li>\n<li>Visiting Professor in numerous orthodontics departments at universities across the United States, South America, Europe, and Asia.<\/li>\n<li>Guest lecturer with extensive activity, mainly at the international level.<\/li>\n<\/ul>\n<h3><strong>AWARDS AND HONOURS:<\/strong><\/h3>\n<ol>\n<li>Winner of the \u201cJoseph E. Johnson Award\u201d from the <a href=\"https:\/\/aaoinfo.org\/\" target=\"_blank\" rel=\"noopener\"><strong>American Association of Orthodontists<\/strong><\/a>. San Francisco, May 1995.<\/li>\n<li>Winner of the Delta Gold International Design Award ADI-FAD 2009 with the <a href=\"https:\/\/ortodonciavalencia.com\/blog\/uso-de-carriere-en-ortodoncia\/\" target=\"_blank\" rel=\"noopener\"><strong>Carriere Distalizer MB<\/strong><\/a>.<\/li>\n<\/ol>\n<a href='http:\/\/raed.academy\/wp-content\/uploads\/2015\/06\/CV-extenso-Dr.-Luis-Carri\u00e8re-Lluch.pdf' class='small-button smallsilver' target=\"_blank\">\u2192 EXTENDED CURRICULUM VITAE<\/a>\n<p>[\/et_pb_tab][et_pb_tab title=&#8221;VIDEO&#8221; _builder_version=&#8221;4.16&#8243; global_colors_info=&#8221;{}&#8221;]<iframe loading=\"lazy\" src=\"https:\/\/www.youtube.com\/embed\/P_4-q61674U?list=PL0vanEuLPE_sCjxbJ_biwpIuLv_Lwu41e\" width=\"560\" height=\"315\" frameborder=\"0\" allowfullscreen=\"allowfullscreen\"><\/iframe><br \/>\n[\/et_pb_tab][et_pb_tab title=&#8221;GALLERY&#8221; _builder_version=&#8221;4.16&#8243; global_colors_info=&#8221;{}&#8221;]<\/p>\n<div class=\"divi-module-destination\"> <\/div>\n<p>[\/et_pb_tab][\/et_pb_tabs][et_pb_gallery gallery_ids=&#8221;48562,53014,53016,53020,53024,53022,53018,53026&#8243; posts_number=&#8221;16&#8243; show_title_and_caption=&#8221;off&#8221; show_pagination=&#8221;off&#8221; admin_label=&#8221;Galer\u00eda&#8221; module_class=&#8221;divi-portable-module galeria-pad-1&#8243; _builder_version=&#8221;4.16&#8243; _module_preset=&#8221;default&#8221; locked=&#8221;off&#8221; global_colors_info=&#8221;{}&#8221;][\/et_pb_gallery][et_pb_code admin_label=&#8221;C\u00f3digo&#8221; _builder_version=&#8221;4.16&#8243; _module_preset=&#8221;default&#8221; locked=&#8221;off&#8221; global_colors_info=&#8221;{}&#8221;]<script><!-- [et_pb_line_break_holder] -->(function ($) {<!-- [et_pb_line_break_holder] -->  $(document).ready(function () {<!-- [et_pb_line_break_holder] --> <!-- [et_pb_line_break_holder] -->    \/\/ Option #1: Move Divi Module(s) into a Module<!-- [et_pb_line_break_holder] -->    \/\/ Limit: One Instance per Column<!-- [et_pb_line_break_holder] -->    \/\/ Use following code if you want to move <!-- [et_pb_line_break_holder] -->    \/\/ a module inside another module. Each column with the<!-- [et_pb_line_break_holder] -->    \/\/ class 'parent-column' will append any module(s)<!-- [et_pb_line_break_holder] -->    \/\/ with the class 'divi-portable-module' to the div<!-- [et_pb_line_break_holder] -->    \/\/ with the class 'divi-module-destination'.<!-- [et_pb_line_break_holder] -->    \/\/ Only one instance of 'divi-module-destination' should<!-- [et_pb_line_break_holder] -->    \/\/ be added per column.<!-- [et_pb_line_break_holder] -->    $('.divi-portable-module').each(function () {<!-- [et_pb_line_break_holder] -->      $(this).closest('.parent-column').find('.divi-module-destination').append($(this));<!-- [et_pb_line_break_holder] -->    });<!-- [et_pb_line_break_holder] -->     <!-- [et_pb_line_break_holder] -->    \/\/ Buttons: Insert Button Module(s) into a Module<!-- [et_pb_line_break_holder] -->    \/\/ Adding a custom CSS class to a button module<!-- [et_pb_line_break_holder] -->    \/\/ is applied to the 'a' tag which is a child element<!-- [et_pb_line_break_holder] -->    \/\/ of the module wrapper. This code makes sure to append<!-- [et_pb_line_break_holder] -->    \/\/ the entire button module wrapper (the parent element)<!-- [et_pb_line_break_holder] -->    \/\/ as well. This functionality is the same as option #3 above.<!-- [et_pb_line_break_holder] -->    \/\/ Siimply use the class 'divi-portable-button' on a button module<!-- [et_pb_line_break_holder] -->    \/\/ instead of 'divi-portable-module'.<!-- [et_pb_line_break_holder] -->    $('.divi-portable-button').parent().each(function () {<!-- [et_pb_line_break_holder] -->      $(this).closest('.parent-column').find('.divi-module-destination').append($(this));<!-- [et_pb_line_break_holder] -->    });<!-- [et_pb_line_break_holder] --> <!-- [et_pb_line_break_holder] -->    \/\/ Option #2: Move Divi Row(s) into a Module<!-- [et_pb_line_break_holder] -->    \/\/ Limit: One Instance per Section<!-- [et_pb_line_break_holder] -->    \/\/ Use the following code if you want to move <!-- [et_pb_line_break_holder] -->    \/\/ a row inside a module on more than one section<!-- [et_pb_line_break_holder] -->    \/\/ of a page. Each section with the<!-- [et_pb_line_break_holder] -->    \/\/ class 'parent-section' will append any row(s)<!-- [et_pb_line_break_holder] -->    \/\/ with the class 'divi-portable-row' to the div<!-- [et_pb_line_break_holder] -->    \/\/ with the class 'divi-row-destination'.<!-- [et_pb_line_break_holder] -->    \/\/ Only one instance of 'divi-row-destination' should<!-- [et_pb_line_break_holder] -->    \/\/ be added per section.<!-- [et_pb_line_break_holder] -->    $('.divi-portable-row').each(function () {<!-- [et_pb_line_break_holder] -->      $(this).closest('.parent-section').find('.divi-row-destination').append($(this));<!-- [et_pb_line_break_holder] -->    });<!-- [et_pb_line_break_holder] --> <!-- [et_pb_line_break_holder] -->  });<!-- [et_pb_line_break_holder] -->})(jQuery);<!-- [et_pb_line_break_holder] --><\/script>[\/et_pb_code][\/et_pb_column][\/et_pb_row][\/et_pb_section]<\/p>\n","protected":false},"featured_media":0,"template":"","meta":{"_et_pb_use_builder":"on","_et_pb_old_content":"<div class=\"infoAcademico\"><p><a href=\"http:\/\/raed.academy\/wp-content\/uploads\/2015\/06\/Foto-Dr.-Carri\u00e8re.jpg\" rel=\"attachment wp-att-2659\"><img class=\"alignleft\" src=\"http:\/\/raed.academy\/wp-content\/uploads\/2015\/06\/Foto-Dr.-Carri\u00e8re-200x300.jpg\" alt=\"\" width=\"134\" height=\"201\" \/><\/a><strong>Numerary Member <\/strong><\/p><p><strong>Health Sciences:<\/strong> Dr. in Dentistry<\/p><p><strong>Date of admittance:\u00a0<\/strong>\u00a019\/02\/2005<\/p><p><strong>Admission Speech:<\/strong><\/p><h3 class=\"fusion-fullwidth fullwidth-box\"><strong><a href=\"http:\/\/raed.academy\/wp-content\/uploads\/2015\/06\/Discurso-Dr.-Carriere.pdf\" target=\"_blank\" rel=\"noopener\">Pensamiento Hipocr\u00e1tico, Biominimalismo \u00a0y Nuevas Tecnolog\u00edas. La Innovaci\u00f3n en Nuevas Formas de Tratamiento Ortod\u00f3ncico y Optimizaci\u00f3n del Icono Facial\u00a0<\/a><\/strong><\/h3><p><strong>Speech in reply:\u00a0<\/strong><a href=\"http:\/\/raed.academy\/dr-antoni-terceno-gomez-ing\/\" target=\"_blank\" rel=\"noopener\">Dr. Antoni Terce\u00f1o G\u00f3mez<\/a><\/p><hr \/><\/div><div class=\"CVacadcemico\"><h2>CURRICULUM VITAE<\/h2><p>LUIS CARRIERE. D.D.S., M.S.D., Ph.D.<\/p><p>\u2022 Ph.D. Degree (Cum Laude) University of Barcelona (UB) 2006<\/p><p>\u2022 DDS degree by the University Complutense of Madrid (UCM)<\/p><p>\u2022 MSD degree by the University of Barcelona (UB)<\/p><p>\u2022 Winner of the \u201cJoseph E. Johnson Award\u201d. American Association of<br \/> Orthodontists. San Francisco May 1995.<\/p><p>\u2022 Winner of the International Design award Delta Gold ADI-FAD 2009 with the \u201cCarriere Distalizer MB\u201d<\/p><p>\u2022 Member of the Editorial Review Board of the American Journal of Orthodontics and Dentofacial Orthopedics (AJO-DO).<\/p><p>- Contributing editor of the Journal of Clinical Orthodontics (JCO).<\/p><p>\u2022 Inventor of the Carriere Distalizer and the Carriere Self-ligating Bracket<\/p><p>\u2022 Invited Professor at several Orthodontic Departments of Universities in USA, South America, Europe and Asia.<\/p><p>\u2022 Invited speaker around the world.<\/p><h2>DETAILED\u00a0CURRICULUM VITAE<\/h2><h3><a href=\"http:\/\/raed.academy\/wp-content\/uploads\/2016\/07\/pdf-icon-e1468674732529.png\"><img class=\"alignnone size-full wp-image-7742\" src=\"http:\/\/raed.academy\/wp-content\/uploads\/2016\/07\/pdf-icon-e1468674732529.png\" alt=\"pdf-icon\" width=\"30\" height=\"30\" \/><\/a>\u00a0 \u00a0 <a href=\"http:\/\/raed.academy\/wp-content\/uploads\/2015\/06\/CV-extenso-Dr.-Luis-Carri\u00e8re-Lluch.pdf\" target=\"_blank\" rel=\"noopener\">Detailed CV Dr. Luis Carri\u00e8re Lluch<\/a><\/h3><h2>ADMITTANCE SPEECH<\/h2><h3 class=\"fusion-fullwidth fullwidth-box\"><strong><a href=\"http:\/\/raed.academy\/wp-content\/uploads\/2016\/07\/pdf-icon-e1468674732529.png\"><img class=\"alignnone size-full wp-image-7742\" src=\"http:\/\/raed.academy\/wp-content\/uploads\/2016\/07\/pdf-icon-e1468674732529.png\" alt=\"pdf-icon\" width=\"30\" height=\"30\" \/><\/a>\u00a0 \u00a0\u00a0<\/strong><\/h3><h2>OTHER PUBLICATIONS<\/h2><h2>VIDEO<\/h2><p><iframe src=\"https:\/\/www.youtube.com\/embed\/P_4-q61674U?list=PL0vanEuLPE_sCjxbJ_biwpIuLv_Lwu41e\" width=\"560\" height=\"315\" frameborder=\"0\" allowfullscreen=\"allowfullscreen\"><\/iframe><\/p><h2>GALLERY<\/h2><p>[gallery columns=\"4\" ids=\"3038,9790,9789,9788,9784,9783,9782,9781,9792,9793,9795,9794,9799,9800,9801,9802\"]<\/p><\/div>","_et_gb_content_width":""},"secciones":[],"tipo_academico":[],"cargo":[],"class_list":["post-9855","academico","type-academico","status-publish","hentry"],"yoast_head":"<!-- This site is optimized with the Yoast SEO plugin v27.4 - https:\/\/yoast.com\/product\/yoast-seo-wordpress\/ -->\n<title>Dr. Luis Carriere Lluch - Royal European Academy of Doctors<\/title>\n<meta name=\"robots\" content=\"index, follow, max-snippet:-1, max-image-preview:large, max-video-preview:-1\" \/>\n<link rel=\"canonical\" href=\"https:\/\/raed.academy\/en\/academicians\/dr-luis-carriere-lluch\/\" \/>\n<meta property=\"og:locale\" content=\"en_US\" \/>\n<meta property=\"og:type\" content=\"article\" \/>\n<meta property=\"og:title\" content=\"Dr. Luis Carriere Lluch - Royal European Academy of Doctors\" \/>\n<meta property=\"og:description\" content=\"Numerary Member Health Sciences: PhD in Dentistry Date of admission: February 19, 2015 Admission speech: \u201cHippocratic Thought, Biominimalism and New Technologies: Innovation in New Orthodontic Treatment Methods and Facial Icon Optimization\u201d Reply speech: Dr. Antoni Terce\u00f1o G\u00f3mez, PhD in Economics Outstanding career: Internationally recognized for his innovations in dental biomechanics and advanced orthodontics. He revolutionized [&hellip;]\" \/>\n<meta property=\"og:url\" content=\"https:\/\/raed.academy\/en\/academicians\/dr-luis-carriere-lluch\/\" \/>\n<meta property=\"og:site_name\" content=\"Royal European Academy of Doctors\" \/>\n<meta property=\"article:publisher\" content=\"http:\/\/fb.me\/raed.academy\" \/>\n<meta property=\"article:modified_time\" content=\"2025-11-03T09:55:41+00:00\" \/>\n<meta name=\"twitter:card\" content=\"summary_large_image\" \/>\n<meta name=\"twitter:site\" content=\"@raedacademy\" \/>\n<meta name=\"twitter:label1\" content=\"Est. reading time\" \/>\n\t<meta name=\"twitter:data1\" content=\"3 minutes\" \/>\n<script type=\"application\/ld+json\" class=\"yoast-schema-graph\">{\"@context\":\"https:\\\/\\\/schema.org\",\"@graph\":[{\"@type\":\"WebPage\",\"@id\":\"https:\\\/\\\/raed.academy\\\/en\\\/academicians\\\/dr-luis-carriere-lluch\\\/\",\"url\":\"https:\\\/\\\/raed.academy\\\/en\\\/academicians\\\/dr-luis-carriere-lluch\\\/\",\"name\":\"Dr. Luis Carriere Lluch - Royal European Academy of Doctors\",\"isPartOf\":{\"@id\":\"https:\\\/\\\/raed.academy\\\/en\\\/#website\"},\"datePublished\":\"2016-09-14T16:17:23+00:00\",\"dateModified\":\"2025-11-03T09:55:41+00:00\",\"breadcrumb\":{\"@id\":\"https:\\\/\\\/raed.academy\\\/en\\\/academicians\\\/dr-luis-carriere-lluch\\\/#breadcrumb\"},\"inLanguage\":\"en-US\",\"potentialAction\":[{\"@type\":\"ReadAction\",\"target\":[\"https:\\\/\\\/raed.academy\\\/en\\\/academicians\\\/dr-luis-carriere-lluch\\\/\"]}]},{\"@type\":\"BreadcrumbList\",\"@id\":\"https:\\\/\\\/raed.academy\\\/en\\\/academicians\\\/dr-luis-carriere-lluch\\\/#breadcrumb\",\"itemListElement\":[{\"@type\":\"ListItem\",\"position\":1,\"name\":\"Inicio\",\"item\":\"https:\\\/\\\/raed.academy\\\/en\\\/\"},{\"@type\":\"ListItem\",\"position\":2,\"name\":\"Acad\u00e9micos\",\"item\":\"https:\\\/\\\/raed.academy\\\/en\\\/academicians\\\/\"},{\"@type\":\"ListItem\",\"position\":3,\"name\":\"Dr. Luis Carriere Lluch\"}]},{\"@type\":\"WebSite\",\"@id\":\"https:\\\/\\\/raed.academy\\\/en\\\/#website\",\"url\":\"https:\\\/\\\/raed.academy\\\/en\\\/\",\"name\":\"Royal European Academy of Doctors\",\"description\":\"Corporaci\u00f3n de derecho p\u00fablico de car\u00e1cter cient\u00edfico, t\u00e9cnico y art\u00edstico, que tiene por objeto la investigaci\u00f3n, el estudio, el fomento y la extensi\u00f3n del conocimiento en su sentido m\u00e1s amplio.\",\"publisher\":{\"@id\":\"https:\\\/\\\/raed.academy\\\/en\\\/#organization\"},\"potentialAction\":[{\"@type\":\"SearchAction\",\"target\":{\"@type\":\"EntryPoint\",\"urlTemplate\":\"https:\\\/\\\/raed.academy\\\/en\\\/?s={search_term_string}\"},\"query-input\":{\"@type\":\"PropertyValueSpecification\",\"valueRequired\":true,\"valueName\":\"search_term_string\"}}],\"inLanguage\":\"en-US\"},{\"@type\":\"Organization\",\"@id\":\"https:\\\/\\\/raed.academy\\\/en\\\/#organization\",\"name\":\"Real Academia Europea de Doctores\",\"url\":\"https:\\\/\\\/raed.academy\\\/en\\\/\",\"logo\":{\"@type\":\"ImageObject\",\"inLanguage\":\"en-US\",\"@id\":\"https:\\\/\\\/raed.academy\\\/en\\\/#\\\/schema\\\/logo\\\/image\\\/\",\"url\":\"https:\\\/\\\/raed.academy\\\/wp-content\\\/uploads\\\/2017\\\/01\\\/cropped-logo_raed.png\",\"contentUrl\":\"https:\\\/\\\/raed.academy\\\/wp-content\\\/uploads\\\/2017\\\/01\\\/cropped-logo_raed.png\",\"width\":512,\"height\":512,\"caption\":\"Real Academia Europea de Doctores\"},\"image\":{\"@id\":\"https:\\\/\\\/raed.academy\\\/en\\\/#\\\/schema\\\/logo\\\/image\\\/\"},\"sameAs\":[\"http:\\\/\\\/fb.me\\\/raed.academy\",\"https:\\\/\\\/x.com\\\/raedacademy\",\"https:\\\/\\\/www.instagram.com\\\/raed.academy\\\/\",\"https:\\\/\\\/www.youtube.com\\\/channel\\\/UCUYQwW2KrdirNWihxMDObwg\"]}]}<\/script>\n<!-- \/ Yoast SEO plugin. -->","yoast_head_json":{"title":"Dr. Luis Carriere Lluch - Royal European Academy of Doctors","robots":{"index":"index","follow":"follow","max-snippet":"max-snippet:-1","max-image-preview":"max-image-preview:large","max-video-preview":"max-video-preview:-1"},"canonical":"https:\/\/raed.academy\/en\/academicians\/dr-luis-carriere-lluch\/","og_locale":"en_US","og_type":"article","og_title":"Dr. Luis Carriere Lluch - Royal European Academy of Doctors","og_description":"La RAED organiza y lleva a cabo una serie de actividades concentradas en mes y medio que contaron con la implicaci\u00f3n activa de numerosos acad\u00e9micos. Recepci\u00f3n de cuatro acad\u00e9micos correspondientes (Stavroula-Ina Piperaki para Grecia, Stephen Zeff y David B. Wilkins para Estados Unidos y Llu\u00eds Vicent Safont para Andorra) Mesa redonda sobre \u00abLa salida de [&hellip;]","og_url":"https:\/\/raed.academy\/en\/academicians\/dr-luis-carriere-lluch\/","og_site_name":"Royal European Academy of Doctors","article_publisher":"http:\/\/fb.me\/raed.academy","article_modified_time":"2025-11-03T09:55:41+00:00","twitter_card":"summary_large_image","twitter_site":"@raedacademy","twitter_misc":{"Est. reading time":"3 minutes"},"schema":{"@context":"https:\/\/schema.org","@graph":[{"@type":"WebPage","@id":"https:\/\/raed.academy\/en\/academicians\/dr-luis-carriere-lluch\/","url":"https:\/\/raed.academy\/en\/academicians\/dr-luis-carriere-lluch\/","name":"Dr. Luis Carriere Lluch - Royal European Academy of Doctors","isPartOf":{"@id":"https:\/\/raed.academy\/en\/#website"},"datePublished":"2016-09-14T16:17:23+00:00","dateModified":"2025-11-03T09:55:41+00:00","breadcrumb":{"@id":"https:\/\/raed.academy\/en\/academicians\/dr-luis-carriere-lluch\/#breadcrumb"},"inLanguage":"en-US","potentialAction":[{"@type":"ReadAction","target":["https:\/\/raed.academy\/en\/academicians\/dr-luis-carriere-lluch\/"]}]},{"@type":"BreadcrumbList","@id":"https:\/\/raed.academy\/en\/academicians\/dr-luis-carriere-lluch\/#breadcrumb","itemListElement":[{"@type":"ListItem","position":1,"name":"Inicio","item":"https:\/\/raed.academy\/en\/"},{"@type":"ListItem","position":2,"name":"Acad\u00e9micos","item":"https:\/\/raed.academy\/en\/academicians\/"},{"@type":"ListItem","position":3,"name":"Dr. Luis Carriere Lluch"}]},{"@type":"WebSite","@id":"https:\/\/raed.academy\/en\/#website","url":"https:\/\/raed.academy\/en\/","name":"Royal European Academy of Doctors","description":"Corporaci\u00f3n de derecho p\u00fablico de car\u00e1cter cient\u00edfico, t\u00e9cnico y art\u00edstico, que tiene por objeto la investigaci\u00f3n, el estudio, el fomento y la extensi\u00f3n del conocimiento en su sentido m\u00e1s amplio.","publisher":{"@id":"https:\/\/raed.academy\/en\/#organization"},"potentialAction":[{"@type":"SearchAction","target":{"@type":"EntryPoint","urlTemplate":"https:\/\/raed.academy\/en\/?s={search_term_string}"},"query-input":{"@type":"PropertyValueSpecification","valueRequired":true,"valueName":"search_term_string"}}],"inLanguage":"en-US"},{"@type":"Organization","@id":"https:\/\/raed.academy\/en\/#organization","name":"Real Academia Europea de Doctores","url":"https:\/\/raed.academy\/en\/","logo":{"@type":"ImageObject","inLanguage":"en-US","@id":"https:\/\/raed.academy\/en\/#\/schema\/logo\/image\/","url":"https:\/\/raed.academy\/wp-content\/uploads\/2017\/01\/cropped-logo_raed.png","contentUrl":"https:\/\/raed.academy\/wp-content\/uploads\/2017\/01\/cropped-logo_raed.png","width":512,"height":512,"caption":"Real Academia Europea de Doctores"},"image":{"@id":"https:\/\/raed.academy\/en\/#\/schema\/logo\/image\/"},"sameAs":["http:\/\/fb.me\/raed.academy","https:\/\/x.com\/raedacademy","https:\/\/www.instagram.com\/raed.academy\/","https:\/\/www.youtube.com\/channel\/UCUYQwW2KrdirNWihxMDObwg"]}]}},"_links":{"self":[{"href":"https:\/\/raed.academy\/en\/wp-json\/wp\/v2\/academico\/9855","targetHints":{"allow":["GET"]}}],"collection":[{"href":"https:\/\/raed.academy\/en\/wp-json\/wp\/v2\/academico"}],"about":[{"href":"https:\/\/raed.academy\/en\/wp-json\/wp\/v2\/types\/academico"}],"wp:attachment":[{"href":"https:\/\/raed.academy\/en\/wp-json\/wp\/v2\/media?parent=9855"}],"wp:term":[{"taxonomy":"secciones","embeddable":true,"href":"https:\/\/raed.academy\/en\/wp-json\/wp\/v2\/secciones?post=9855"},{"taxonomy":"tipo_academico","embeddable":true,"href":"https:\/\/raed.academy\/en\/wp-json\/wp\/v2\/tipo_academico?post=9855"},{"taxonomy":"cargo","embeddable":true,"href":"https:\/\/raed.academy\/en\/wp-json\/wp\/v2\/cargo?post=9855"}],"curies":[{"name":"wp","href":"https:\/\/api.w.org\/{rel}","templated":true}]}}