{"id":9761,"date":"2016-09-14T14:33:19","date_gmt":"2016-09-14T14:33:19","guid":{"rendered":"http:\/\/radd.eu\/?page_id=9761"},"modified":"2025-09-26T10:40:08","modified_gmt":"2025-09-26T10:40:08","slug":"dr-felio-vilarrubias-guillamet","status":"publish","type":"academico","link":"https:\/\/raed.academy\/en\/academicians\/dr-felio-vilarrubias-guillamet\/","title":{"rendered":"Dr. Felio Vilarrubias Guillamet"},"content":{"rendered":"<p>[et_pb_section fb_built=&#8221;1&#8243; _builder_version=&#8221;4.16&#8243; global_colors_info=&#8221;{}&#8221;][et_pb_row column_structure=&#8221;1_4,3_4&#8243; _builder_version=&#8221;4.16&#8243; background_size=&#8221;initial&#8221; background_position=&#8221;top_left&#8221; background_repeat=&#8221;repeat&#8221; custom_margin=&#8221;0px||0px|&#8221; custom_padding=&#8221;0|0px|0|0px|false|false&#8221; global_colors_info=&#8221;{}&#8221;][et_pb_column type=&#8221;1_4&#8243; _builder_version=&#8221;4.16&#8243; custom_padding=&#8221;|||&#8221; global_colors_info=&#8221;{}&#8221; custom_padding__hover=&#8221;|||&#8221;][et_pb_image src=&#8221;http:\/\/raed.academy\/wp-content\/uploads\/2017\/09\/Felio-Vilarrubias-Guillamet-GlEng.jpg&#8221; show_bottom_space=&#8221;off&#8221; align_tablet=&#8221;center&#8221; align_phone=&#8221;center&#8221; align_last_edited=&#8221;on|desktop&#8221; admin_label=&#8221;Imagen &#8211; foto acad\u00e9mico&#8221; _builder_version=&#8221;4.19.4&#8243; max_width=&#8221;85%&#8221; custom_margin=&#8221;0px||40px||false|false&#8221; custom_padding=&#8221;0px||0px|&#8221; animation_style=&#8221;fold&#8221; border_radii=&#8221;on|6px|6px|6px|6px&#8221; border_width_all=&#8221;2px&#8221; box_shadow_style=&#8221;preset2&#8243; global_colors_info=&#8221;{}&#8221;][\/et_pb_image][\/et_pb_column][et_pb_column type=&#8221;3_4&#8243; _builder_version=&#8221;4.16&#8243; custom_padding=&#8221;|||&#8221; global_colors_info=&#8221;{}&#8221; custom_padding__hover=&#8221;|||&#8221;][et_pb_text module_class=&#8221;infoAcademico&#8221; _builder_version=&#8221;4.16&#8243; global_colors_info=&#8221;{}&#8221;]<\/p>\n<p><strong>Supernumerary Member<\/strong><\/p>\n<p><strong> Social Sciences:<\/strong> Dr. in Laws<\/p>\n<p><strong>Date of admittance: <\/strong>09\/03\/2017<\/p>\n<p><strong>Admission Speech:<\/strong>\u00a0<a href=\"http:\/\/raed.academy\/wp-content\/uploads\/2016\/12\/Web_RAED_Vilarrubias_55.pdf\" target=\"_blank\" rel=\"noopener\">Honor, cr\u00e9dito en el mercado y la exceptio veritatis<\/a><\/p>\n<p><strong>Reply:<\/strong> <a href=\"http:\/\/raed.academy\/en\/academicians\/dr-pedro-claros-blanch\/\" target=\"_blank\" rel=\"noopener\">Dr. Pedro Clar\u00f3s Blanch<\/a><\/p>\n<p>[\/et_pb_text][\/et_pb_column][\/et_pb_row][et_pb_row use_custom_gutter=&#8221;on&#8221; gutter_width=&#8221;1&#8243; module_class=&#8221;parent-column&#8221; _builder_version=&#8221;4.19.4&#8243; background_size=&#8221;initial&#8221; background_position=&#8221;top_left&#8221; background_repeat=&#8221;repeat&#8221; max_width=&#8221;1200px&#8221; custom_margin=&#8221;||40px||false|false&#8221; global_colors_info=&#8221;{}&#8221;][et_pb_column type=&#8221;4_4&#8243; _builder_version=&#8221;4.16&#8243; custom_padding=&#8221;|||&#8221; global_colors_info=&#8221;{}&#8221; custom_padding__hover=&#8221;|||&#8221;][et_pb_divider color=&#8221;#828282&#8243; divider_weight=&#8221;2&#8243; _builder_version=&#8221;4.16&#8243; height=&#8221;2px&#8221; box_shadow_style=&#8221;preset2&#8243; global_colors_info=&#8221;{}&#8221;][\/et_pb_divider][et_pb_tabs _builder_version=&#8221;4.27.4&#8243; global_colors_info=&#8221;{}&#8221;][et_pb_tab title=&#8221;CURRICULUM VITAE&#8221; _builder_version=&#8221;4.27.4&#8243; global_colors_info=&#8221;{}&#8221;]<\/p>\n<h2><strong>Dr. Felio Vilarrubias Guillamet<\/strong><\/h2>\n<ul>\n<li>Born in <strong><a href=\"https:\/\/en.wikipedia.org\/wiki\/Barcelona\" target=\"_blank\" rel=\"noopener\">Barcelona<\/a><\/strong>, 1947.<\/li>\n<\/ul>\n<h3><strong>Academic Degrees<\/strong><\/h3>\n<ul>\n<li>PhD in Law <em>Cum Laude<\/em> from the <a href=\"https:\/\/www.uab.cat\/\" target=\"_blank\" rel=\"noopener\"><strong>Autonomous University of Barcelona<\/strong><\/a>.<\/li>\n<li><em>Iuris Canonici Licentiam<\/em> from the <a href=\"https:\/\/www.unav.edu\/en\" target=\"_blank\" rel=\"noopener\"><strong>University of Navarra<\/strong><\/a>.<\/li>\n<li>Diploma in Regional and International Organizations from the <a href=\"https:\/\/www.unistra.fr\/\" target=\"_blank\" rel=\"noopener\"><strong>Facult\u00e9 Internationale pour l&#8217;Enseignement du Droit Compar\u00e9, Strasbourg<\/strong><\/a>.<\/li>\n<\/ul>\n<h3><strong>Academic Activity<\/strong><\/h3>\n<ul>\n<li>Professor of Commercial Law at the <a href=\"https:\/\/www.uab.cat\/\" target=\"_blank\" rel=\"noopener\"><strong>Autonomous University of Barcelona<\/strong><\/a>.<\/li>\n<li>Teaching and research in Commercial Law since 1971, covering Law, Economics, Business Administration &amp; Law, and Labor Relations degrees.<\/li>\n<li>Specialist in Competition Law and Bankruptcy Law.<\/li>\n<li>Lecturer in courses and seminars organized by the <a href=\"https:\/\/www.poderjudicial.es\/\" target=\"_blank\" rel=\"noopener\"><strong>General Council of the Judiciary<\/strong><\/a> and Bar Associations.<\/li>\n<\/ul>\n<h3><strong>Professional Activity<\/strong><\/h3>\n<ul>\n<li>Member of the <a href=\"https:\/\/www.icab.cat\/en\/\" target=\"_blank\" rel=\"noopener\"><strong>Barcelona Bar Association<\/strong><\/a>.<\/li>\n<li>Founder of <em>Vilarrubias Abogados<\/em> law firm in Barcelona.<\/li>\n<li>Arbitrator at the Arbitral Tribunal of Barcelona and other arbitration courts.<\/li>\n<\/ul>\n<h3><strong>Academic and Associative Memberships<\/strong><\/h3>\n<ul>\n<li>Full Member of the <a href=\"https:\/\/www.racmyp.es\/\" target=\"_blank\" rel=\"noopener\"><strong>Royal Academy of Jurisprudence and Legislation<\/strong><\/a>.<\/li>\n<li>Full Member of the <a href=\"https:\/\/raed.academy\" target=\"_blank\" rel=\"noopener\"><strong>Royal European Academy of Doctors (RAED)<\/strong><\/a>.<\/li>\n<\/ul>\n<h3><strong>Distinctions<\/strong><\/h3>\n<ul>\n<li>Commander of the <a href=\"https:\/\/en.wikipedia.org\/wiki\/Order_of_Isabella_the_Catholic\" target=\"_blank\" rel=\"noopener\"><strong>Order of Isabella the Catholic<\/strong><\/a>.<\/li>\n<\/ul>\n<h3><strong>Social Commitment<\/strong><\/h3>\n<ul>\n<li>Founder and Secretary of the Board of Trustees of <strong>Talita Private Foundation<\/strong> and the <strong>Miguel Gil Moreno Foundation<\/strong>.<\/li>\n<li>Trustee of the <strong>Talita Madrid Private Foundation<\/strong>.<\/li>\n<li>Founder and President of <strong>Capacitas. Person and Disability Foundation<\/strong>.<\/li>\n<\/ul>\n<h3><strong>Scientific Work<\/strong><\/h3>\n<ul>\n<li>Author of numerous works and articles on Commercial Law.<\/li>\n<li>Notable publications include: <em>\u201cConsiderations on Unipersonality in Corporate Law\u201d<\/em>, <em>\u201cThe Effectiveness of the Bankruptcy Agreement\u201d<\/em> in <em>Studies on the Insolvency Law<\/em>, tribute to Manuel Olivencia, and <em>\u201cThe Liquidating Commission of Creditors in the Insolvency Field\u201d<\/em> in <em>Cuadernos de Derecho Judicial<\/em>.<\/li>\n<\/ul>\n<div style=\"margin-top: 20px;\"><a href='http:\/\/raed.academy\/wp-content\/uploads\/2018\/09\/CV-Dr-Felio-Vilarrubias-RAED.pdf' class='big-button bigsilver' target=\"_blank\">Full CV<\/a><\/div>\n<p>[\/et_pb_tab][et_pb_tab title=&#8221;VIDEO&#8221; _builder_version=&#8221;4.16&#8243; global_colors_info=&#8221;{}&#8221;]<\/p>\n<h3>Video summary<\/h3>\n<\/p>\n<h3>Complete video<\/h3>\n<p>\u00a0<\/p>\n<p>[\/et_pb_tab][et_pb_tab title=&#8221;GALLERY&#8221; _builder_version=&#8221;4.16&#8243; global_colors_info=&#8221;{}&#8221;]<\/p>\n<div class=\"divi-module-destination\"><\/div>\n<p>[\/et_pb_tab][\/et_pb_tabs][et_pb_gallery gallery_ids=&#8221;23409,23410,23411,23412,23413,23414,23415,23416,23417,23419,23420&#8243; posts_number=&#8221;16&#8243; show_title_and_caption=&#8221;off&#8221; show_pagination=&#8221;off&#8221; admin_label=&#8221;Galer\u00eda&#8221; module_class=&#8221;divi-portable-module galeria-pad-1&#8243; _builder_version=&#8221;4.16&#8243; _module_preset=&#8221;default&#8221; locked=&#8221;off&#8221; global_colors_info=&#8221;{}&#8221;][\/et_pb_gallery][et_pb_code admin_label=&#8221;C\u00f3digo&#8221; _builder_version=&#8221;4.16&#8243; _module_preset=&#8221;default&#8221; locked=&#8221;off&#8221; global_colors_info=&#8221;{}&#8221;]<!-- [et_pb_line_break_holder] -->(function ($) {<!-- [et_pb_line_break_holder] -->  $(document).ready(function () {<!-- [et_pb_line_break_holder] --> <!-- [et_pb_line_break_holder] -->    \/\/ Option #1: Move Divi Module(s) into a Module<!-- [et_pb_line_break_holder] -->    \/\/ Limit: One Instance per Column<!-- [et_pb_line_break_holder] -->    \/\/ Use following code if you want to move <!-- [et_pb_line_break_holder] -->    \/\/ a module inside another module. Each column with the<!-- [et_pb_line_break_holder] -->    \/\/ class &#8216;parent-column&#8217; will append any module(s)<!-- [et_pb_line_break_holder] -->    \/\/ with the class &#8216;divi-portable-module&#8217; to the div<!-- [et_pb_line_break_holder] -->    \/\/ with the class &#8216;divi-module-destination&#8217;.<!-- [et_pb_line_break_holder] -->    \/\/ Only one instance of &#8216;divi-module-destination&#8217; should<!-- [et_pb_line_break_holder] -->    \/\/ be added per column.<!-- [et_pb_line_break_holder] -->    $(&#8216;.divi-portable-module&#8217;).each(function () {<!-- [et_pb_line_break_holder] -->      $(this).closest(&#8216;.parent-column&#8217;).find(&#8216;.divi-module-destination&#8217;).append($(this));<!-- [et_pb_line_break_holder] -->    });<!-- [et_pb_line_break_holder] -->     <!-- [et_pb_line_break_holder] -->    \/\/ Buttons: Insert Button Module(s) into a Module<!-- [et_pb_line_break_holder] -->    \/\/ Adding a custom CSS class to a button module<!-- [et_pb_line_break_holder] -->    \/\/ is applied to the &#8216;a&#8217; tag which is a child element<!-- [et_pb_line_break_holder] -->    \/\/ of the module wrapper. This code makes sure to append<!-- [et_pb_line_break_holder] -->    \/\/ the entire button module wrapper (the parent element)<!-- [et_pb_line_break_holder] -->    \/\/ as well. This functionality is the same as option #3 above.<!-- [et_pb_line_break_holder] -->    \/\/ Siimply use the class &#8216;divi-portable-button&#8217; on a button module<!-- [et_pb_line_break_holder] -->    \/\/ instead of &#8216;divi-portable-module&#8217;.<!-- [et_pb_line_break_holder] -->    $(&#8216;.divi-portable-button&#8217;).parent().each(function () {<!-- [et_pb_line_break_holder] -->      $(this).closest(&#8216;.parent-column&#8217;).find(&#8216;.divi-module-destination&#8217;).append($(this));<!-- [et_pb_line_break_holder] -->    });<!-- [et_pb_line_break_holder] --> <!-- [et_pb_line_break_holder] -->    \/\/ Option #2: Move Divi Row(s) into a Module<!-- [et_pb_line_break_holder] -->    \/\/ Limit: One Instance per Section<!-- [et_pb_line_break_holder] -->    \/\/ Use the following code if you want to move <!-- [et_pb_line_break_holder] -->    \/\/ a row inside a module on more than one section<!-- [et_pb_line_break_holder] -->    \/\/ of a page. Each section with the<!-- [et_pb_line_break_holder] -->    \/\/ class &#8216;parent-section&#8217; will append any row(s)<!-- [et_pb_line_break_holder] -->    \/\/ with the class &#8216;divi-portable-row&#8217; to the div<!-- [et_pb_line_break_holder] -->    \/\/ with the class &#8216;divi-row-destination&#8217;.<!-- [et_pb_line_break_holder] -->    \/\/ Only one instance of &#8216;divi-row-destination&#8217; should<!-- [et_pb_line_break_holder] -->    \/\/ be added per section.<!-- [et_pb_line_break_holder] -->    $(&#8216;.divi-portable-row&#8217;).each(function () {<!-- [et_pb_line_break_holder] -->      $(this).closest(&#8216;.parent-section&#8217;).find(&#8216;.divi-row-destination&#8217;).append($(this));<!-- [et_pb_line_break_holder] -->    });<!-- [et_pb_line_break_holder] --> <!-- [et_pb_line_break_holder] -->  });<!-- [et_pb_line_break_holder] -->})(jQuery);<!-- [et_pb_line_break_holder] -->[\/et_pb_code][\/et_pb_column][\/et_pb_row][\/et_pb_section]<\/p>\n","protected":false},"featured_media":0,"template":"","meta":{"_et_pb_use_builder":"on","_et_pb_old_content":"<div class=\"infoAcademico\"><p><img class=\"alignleft wp-image-23408\" src=\"http:\/\/raed.academy\/wp-content\/uploads\/2017\/03\/dr-felio-vilarrubias-guillamet-foto-perfil-200x300.jpg\" alt=\"\" width=\"170\" height=\"255\" \/><strong>Acad\u00e9mico Numerario<\/strong><\/p><p><strong>Ciencias Sociales:<\/strong> Dr. en Derecho<\/p><p><b>Fecha de ingreso:<\/b> 09\/03\/2017<\/p><p><strong>Discurso de ingreso:\u00a0<\/strong><a href=\"http:\/\/raed.academy\/wp-content\/uploads\/2016\/12\/Web_RAED_Vilarrubias_55.pdf\">Honor, cr\u00e9dito en el mercado y la exceptio veritatis<\/a><\/p><p><b>Discurso de respuesta:<\/b> <a href=\"http:\/\/raed.academy\/academicos\/dr-pedro-claros-blanch-2\/\" target=\"_blank\" rel=\"noopener\">Dr. Pedro Clar\u00f3s Blanch<\/a><\/p><p>\u00a0<\/p><hr \/><\/div><div class=\"CVacadcemico\"><h2>\u00a0<\/h2><h3>\u00a0 \u00a0\u00a0<strong><a href=\"http:\/\/raed.academy\/wp-content\/uploads\/2017\/03\/CV-Dr.-Felio-Vilarrubias.pdf\" target=\"_blank\" rel=\"noopener\">CV extenso Dr. Felio Vilarrubias Guillamet<\/a><\/strong><\/h3><h2>DISCURSO DE INGRESO<\/h2><h3><img class=\"alignnone size-full wp-image-10697\" src=\"http:\/\/raed.academy\/wp-content\/uploads\/2016\/09\/pdf-icon-e1474394924415.png\" alt=\"\" width=\"30\" height=\"30\" \/>\u00a0 \u00a0\u00a0<\/h3><h2>OTRAS PUBLICACIONES<\/h2><h2>V\u00cdDEO<\/h2><p><iframe src=\"https:\/\/www.youtube.com\/embed\/zQIezZZnkQY\" width=\"560\" height=\"315\" frameborder=\"0\" allowfullscreen=\"allowfullscreen\"><\/iframe><\/p><h2>GALER\u00cdA DE FOTOGRAF\u00cdAS<\/h2><p>[gallery columns=\"4\" link=\"file\" ids=\"23409,23410,23411,23412,23413,23414,23415,23416,23417,23418,23419,23420\"]<\/p><\/div>","_et_gb_content_width":""},"secciones":[],"tipo_academico":[],"cargo":[],"class_list":["post-9761","academico","type-academico","status-publish","hentry"],"yoast_head":"<!-- This site is optimized with the Yoast SEO plugin v27.4 - https:\/\/yoast.com\/product\/yoast-seo-wordpress\/ -->\n<title>Dr. Felio Vilarrubias Guillamet - Royal European Academy of Doctors<\/title>\n<meta name=\"robots\" content=\"index, follow, max-snippet:-1, max-image-preview:large, max-video-preview:-1\" \/>\n<link rel=\"canonical\" href=\"https:\/\/raed.academy\/en\/academicians\/dr-felio-vilarrubias-guillamet\/\" \/>\n<meta property=\"og:locale\" content=\"en_US\" \/>\n<meta property=\"og:type\" content=\"article\" \/>\n<meta property=\"og:title\" content=\"Dr. Felio Vilarrubias Guillamet - Royal European Academy of Doctors\" \/>\n<meta property=\"og:description\" content=\"Supernumerary Member Social Sciences: Dr. in Laws Date of admittance: 09\/03\/2017 Admission Speech:\u00a0Honor, cr\u00e9dito en el mercado y la exceptio veritatis Reply: Dr. Pedro Clar\u00f3s BlanchDr. Felio Vilarrubias Guillamet Born in Barcelona, 1947. Academic Degrees PhD in Law Cum Laude from the Autonomous University of Barcelona. Iuris Canonici Licentiam from the University of Navarra. Diploma [&hellip;]\" \/>\n<meta property=\"og:url\" content=\"https:\/\/raed.academy\/en\/academicians\/dr-felio-vilarrubias-guillamet\/\" \/>\n<meta property=\"og:site_name\" content=\"Royal European Academy of Doctors\" \/>\n<meta property=\"article:publisher\" content=\"http:\/\/fb.me\/raed.academy\" \/>\n<meta property=\"article:modified_time\" content=\"2025-09-26T10:40:08+00:00\" \/>\n<meta name=\"twitter:card\" content=\"summary_large_image\" \/>\n<meta name=\"twitter:site\" content=\"@raedacademy\" \/>\n<meta name=\"twitter:label1\" content=\"Est. reading time\" \/>\n\t<meta name=\"twitter:data1\" content=\"5 minutes\" \/>\n<script type=\"application\/ld+json\" class=\"yoast-schema-graph\">{\"@context\":\"https:\\\/\\\/schema.org\",\"@graph\":[{\"@type\":\"WebPage\",\"@id\":\"https:\\\/\\\/raed.academy\\\/en\\\/academicians\\\/dr-felio-vilarrubias-guillamet\\\/\",\"url\":\"https:\\\/\\\/raed.academy\\\/en\\\/academicians\\\/dr-felio-vilarrubias-guillamet\\\/\",\"name\":\"Dr. Felio Vilarrubias Guillamet - Royal European Academy of Doctors\",\"isPartOf\":{\"@id\":\"https:\\\/\\\/raed.academy\\\/en\\\/#website\"},\"datePublished\":\"2016-09-14T14:33:19+00:00\",\"dateModified\":\"2025-09-26T10:40:08+00:00\",\"breadcrumb\":{\"@id\":\"https:\\\/\\\/raed.academy\\\/en\\\/academicians\\\/dr-felio-vilarrubias-guillamet\\\/#breadcrumb\"},\"inLanguage\":\"en-US\",\"potentialAction\":[{\"@type\":\"ReadAction\",\"target\":[\"https:\\\/\\\/raed.academy\\\/en\\\/academicians\\\/dr-felio-vilarrubias-guillamet\\\/\"]}]},{\"@type\":\"BreadcrumbList\",\"@id\":\"https:\\\/\\\/raed.academy\\\/en\\\/academicians\\\/dr-felio-vilarrubias-guillamet\\\/#breadcrumb\",\"itemListElement\":[{\"@type\":\"ListItem\",\"position\":1,\"name\":\"Inicio\",\"item\":\"https:\\\/\\\/raed.academy\\\/en\\\/\"},{\"@type\":\"ListItem\",\"position\":2,\"name\":\"Acad\u00e9micos\",\"item\":\"https:\\\/\\\/raed.academy\\\/en\\\/academicians\\\/\"},{\"@type\":\"ListItem\",\"position\":3,\"name\":\"Dr. Felio Vilarrubias Guillamet\"}]},{\"@type\":\"WebSite\",\"@id\":\"https:\\\/\\\/raed.academy\\\/en\\\/#website\",\"url\":\"https:\\\/\\\/raed.academy\\\/en\\\/\",\"name\":\"Royal European Academy of Doctors\",\"description\":\"Corporaci\u00f3n de derecho p\u00fablico de car\u00e1cter cient\u00edfico, t\u00e9cnico y art\u00edstico, que tiene por objeto la investigaci\u00f3n, el estudio, el fomento y la extensi\u00f3n del conocimiento en su sentido m\u00e1s amplio.\",\"publisher\":{\"@id\":\"https:\\\/\\\/raed.academy\\\/en\\\/#organization\"},\"potentialAction\":[{\"@type\":\"SearchAction\",\"target\":{\"@type\":\"EntryPoint\",\"urlTemplate\":\"https:\\\/\\\/raed.academy\\\/en\\\/?s={search_term_string}\"},\"query-input\":{\"@type\":\"PropertyValueSpecification\",\"valueRequired\":true,\"valueName\":\"search_term_string\"}}],\"inLanguage\":\"en-US\"},{\"@type\":\"Organization\",\"@id\":\"https:\\\/\\\/raed.academy\\\/en\\\/#organization\",\"name\":\"Real Academia Europea de Doctores\",\"url\":\"https:\\\/\\\/raed.academy\\\/en\\\/\",\"logo\":{\"@type\":\"ImageObject\",\"inLanguage\":\"en-US\",\"@id\":\"https:\\\/\\\/raed.academy\\\/en\\\/#\\\/schema\\\/logo\\\/image\\\/\",\"url\":\"https:\\\/\\\/raed.academy\\\/wp-content\\\/uploads\\\/2017\\\/01\\\/cropped-logo_raed.png\",\"contentUrl\":\"https:\\\/\\\/raed.academy\\\/wp-content\\\/uploads\\\/2017\\\/01\\\/cropped-logo_raed.png\",\"width\":512,\"height\":512,\"caption\":\"Real Academia Europea de Doctores\"},\"image\":{\"@id\":\"https:\\\/\\\/raed.academy\\\/en\\\/#\\\/schema\\\/logo\\\/image\\\/\"},\"sameAs\":[\"http:\\\/\\\/fb.me\\\/raed.academy\",\"https:\\\/\\\/x.com\\\/raedacademy\",\"https:\\\/\\\/www.instagram.com\\\/raed.academy\\\/\",\"https:\\\/\\\/www.youtube.com\\\/channel\\\/UCUYQwW2KrdirNWihxMDObwg\"]}]}<\/script>\n<!-- \/ Yoast SEO plugin. -->","yoast_head_json":{"title":"Dr. Felio Vilarrubias Guillamet - Royal European Academy of Doctors","robots":{"index":"index","follow":"follow","max-snippet":"max-snippet:-1","max-image-preview":"max-image-preview:large","max-video-preview":"max-video-preview:-1"},"canonical":"https:\/\/raed.academy\/en\/academicians\/dr-felio-vilarrubias-guillamet\/","og_locale":"en_US","og_type":"article","og_title":"Dr. Felio Vilarrubias Guillamet - Royal European Academy of Doctors","og_description":"La RAED organiza y lleva a cabo una serie de actividades concentradas en mes y medio que contaron con la implicaci\u00f3n activa de numerosos acad\u00e9micos. Recepci\u00f3n de cuatro acad\u00e9micos correspondientes (Stavroula-Ina Piperaki para Grecia, Stephen Zeff y David B. Wilkins para Estados Unidos y Llu\u00eds Vicent Safont para Andorra) Mesa redonda sobre \u00abLa salida de [&hellip;]","og_url":"https:\/\/raed.academy\/en\/academicians\/dr-felio-vilarrubias-guillamet\/","og_site_name":"Royal European Academy of Doctors","article_publisher":"http:\/\/fb.me\/raed.academy","article_modified_time":"2025-09-26T10:40:08+00:00","twitter_card":"summary_large_image","twitter_site":"@raedacademy","twitter_misc":{"Est. reading time":"5 minutes"},"schema":{"@context":"https:\/\/schema.org","@graph":[{"@type":"WebPage","@id":"https:\/\/raed.academy\/en\/academicians\/dr-felio-vilarrubias-guillamet\/","url":"https:\/\/raed.academy\/en\/academicians\/dr-felio-vilarrubias-guillamet\/","name":"Dr. Felio Vilarrubias Guillamet - Royal European Academy of Doctors","isPartOf":{"@id":"https:\/\/raed.academy\/en\/#website"},"datePublished":"2016-09-14T14:33:19+00:00","dateModified":"2025-09-26T10:40:08+00:00","breadcrumb":{"@id":"https:\/\/raed.academy\/en\/academicians\/dr-felio-vilarrubias-guillamet\/#breadcrumb"},"inLanguage":"en-US","potentialAction":[{"@type":"ReadAction","target":["https:\/\/raed.academy\/en\/academicians\/dr-felio-vilarrubias-guillamet\/"]}]},{"@type":"BreadcrumbList","@id":"https:\/\/raed.academy\/en\/academicians\/dr-felio-vilarrubias-guillamet\/#breadcrumb","itemListElement":[{"@type":"ListItem","position":1,"name":"Inicio","item":"https:\/\/raed.academy\/en\/"},{"@type":"ListItem","position":2,"name":"Acad\u00e9micos","item":"https:\/\/raed.academy\/en\/academicians\/"},{"@type":"ListItem","position":3,"name":"Dr. Felio Vilarrubias Guillamet"}]},{"@type":"WebSite","@id":"https:\/\/raed.academy\/en\/#website","url":"https:\/\/raed.academy\/en\/","name":"Royal European Academy of Doctors","description":"Corporaci\u00f3n de derecho p\u00fablico de car\u00e1cter cient\u00edfico, t\u00e9cnico y art\u00edstico, que tiene por objeto la investigaci\u00f3n, el estudio, el fomento y la extensi\u00f3n del conocimiento en su sentido m\u00e1s amplio.","publisher":{"@id":"https:\/\/raed.academy\/en\/#organization"},"potentialAction":[{"@type":"SearchAction","target":{"@type":"EntryPoint","urlTemplate":"https:\/\/raed.academy\/en\/?s={search_term_string}"},"query-input":{"@type":"PropertyValueSpecification","valueRequired":true,"valueName":"search_term_string"}}],"inLanguage":"en-US"},{"@type":"Organization","@id":"https:\/\/raed.academy\/en\/#organization","name":"Real Academia Europea de Doctores","url":"https:\/\/raed.academy\/en\/","logo":{"@type":"ImageObject","inLanguage":"en-US","@id":"https:\/\/raed.academy\/en\/#\/schema\/logo\/image\/","url":"https:\/\/raed.academy\/wp-content\/uploads\/2017\/01\/cropped-logo_raed.png","contentUrl":"https:\/\/raed.academy\/wp-content\/uploads\/2017\/01\/cropped-logo_raed.png","width":512,"height":512,"caption":"Real Academia Europea de Doctores"},"image":{"@id":"https:\/\/raed.academy\/en\/#\/schema\/logo\/image\/"},"sameAs":["http:\/\/fb.me\/raed.academy","https:\/\/x.com\/raedacademy","https:\/\/www.instagram.com\/raed.academy\/","https:\/\/www.youtube.com\/channel\/UCUYQwW2KrdirNWihxMDObwg"]}]}},"_links":{"self":[{"href":"https:\/\/raed.academy\/en\/wp-json\/wp\/v2\/academico\/9761","targetHints":{"allow":["GET"]}}],"collection":[{"href":"https:\/\/raed.academy\/en\/wp-json\/wp\/v2\/academico"}],"about":[{"href":"https:\/\/raed.academy\/en\/wp-json\/wp\/v2\/types\/academico"}],"wp:attachment":[{"href":"https:\/\/raed.academy\/en\/wp-json\/wp\/v2\/media?parent=9761"}],"wp:term":[{"taxonomy":"secciones","embeddable":true,"href":"https:\/\/raed.academy\/en\/wp-json\/wp\/v2\/secciones?post=9761"},{"taxonomy":"tipo_academico","embeddable":true,"href":"https:\/\/raed.academy\/en\/wp-json\/wp\/v2\/tipo_academico?post=9761"},{"taxonomy":"cargo","embeddable":true,"href":"https:\/\/raed.academy\/en\/wp-json\/wp\/v2\/cargo?post=9761"}],"curies":[{"name":"wp","href":"https:\/\/api.w.org\/{rel}","templated":true}]}}