{"id":9754,"date":"2016-09-14T14:40:54","date_gmt":"2016-09-14T14:40:54","guid":{"rendered":"http:\/\/radd.eu\/?page_id=9754"},"modified":"2025-10-13T10:30:02","modified_gmt":"2025-10-13T10:30:02","slug":"dr-rafael-blesa-gonzalez","status":"publish","type":"academico","link":"https:\/\/raed.academy\/en\/academicians\/dr-rafael-blesa-gonzalez\/","title":{"rendered":"DR. Rafael Blesa Gonz\u00e1lez"},"content":{"rendered":"<p>[et_pb_section fb_built=&#8221;1&#8243; _builder_version=&#8221;4.16&#8243; global_colors_info=&#8221;{}&#8221;][et_pb_row column_structure=&#8221;1_4,3_4&#8243; _builder_version=&#8221;4.16&#8243; background_size=&#8221;initial&#8221; background_position=&#8221;top_left&#8221; background_repeat=&#8221;repeat&#8221; custom_margin=&#8221;0px||0px|&#8221; custom_padding=&#8221;0|0px|0|0px|false|false&#8221; global_colors_info=&#8221;{}&#8221;][et_pb_column type=&#8221;1_4&#8243; _builder_version=&#8221;4.16&#8243; custom_padding=&#8221;|||&#8221; global_colors_info=&#8221;{}&#8221; custom_padding__hover=&#8221;|||&#8221;][et_pb_image src=&#8221;https:\/\/raed.academy\/wp-content\/uploads\/2018\/10\/Dr.-Rafael-Blesa-Gonz\u00e1lez.jpg&#8221; show_bottom_space=&#8221;off&#8221; align_tablet=&#8221;center&#8221; align_phone=&#8221;&#8221; align_last_edited=&#8221;on|desktop&#8221; admin_label=&#8221;Imagen &#8211; foto acad\u00e9mico&#8221; _builder_version=&#8221;4.16&#8243; max_width=&#8221;85%&#8221; custom_margin=&#8221;0px||0px|&#8221; custom_padding=&#8221;0px||0px|&#8221; animation_style=&#8221;fold&#8221; border_radii=&#8221;on|6px|6px|6px|6px&#8221; border_width_all=&#8221;2px&#8221; box_shadow_style=&#8221;preset2&#8243; global_colors_info=&#8221;{}&#8221;][\/et_pb_image][\/et_pb_column][et_pb_column type=&#8221;3_4&#8243; _builder_version=&#8221;4.16&#8243; custom_padding=&#8221;|||&#8221; global_colors_info=&#8221;{}&#8221; custom_padding__hover=&#8221;|||&#8221;][et_pb_text module_class=&#8221;infoAcademico&#8221; _builder_version=&#8221;4.27.4&#8243; hover_enabled=&#8221;0&#8243; global_colors_info=&#8221;{}&#8221; sticky_enabled=&#8221;0&#8243;]<\/p>\n<div style=\"border: 2px solid #000; padding: 20px; background: #fff; margin-bottom: 25px; border-radius: 10px; box-shadow: 2px 2px 8px rgba(0,0,0,0.1);\">\n<p><strong>Supernumerary Academician<\/strong><\/p>\n<p><strong>Health Sciences:<\/strong> Doctor of Medicine<\/p>\n<p><strong>Date of admission:<\/strong> October 26, 2010<\/p>\n<p><strong>Admission speech: <\/strong><a href=\"https:\/\/raed.academy\/wp-content\/uploads\/2015\/02\/Topicos-tipicos-rafael-blesa.pdf\" target=\"_blank\" rel=\"noopener\"><strong><em>\u201cTypical Topics and Mundane Expectations of Alzheimer\u2019s Disease\u201d<\/em><\/strong><\/a><\/p>\n<p><strong>Reply by: <\/strong><strong>Dr. Josep Llort Brull<\/strong><\/p>\n<\/div>\n<p>[\/et_pb_text][\/et_pb_column][\/et_pb_row][et_pb_row _builder_version=&#8221;4.16&#8243; background_size=&#8221;initial&#8221; background_position=&#8221;top_left&#8221; background_repeat=&#8221;repeat&#8221; global_colors_info=&#8221;{}&#8221;][et_pb_column type=&#8221;4_4&#8243; _builder_version=&#8221;4.16&#8243; custom_padding=&#8221;|||&#8221; global_colors_info=&#8221;{}&#8221; custom_padding__hover=&#8221;|||&#8221;][et_pb_divider color=&#8221;#828282&#8243; divider_weight=&#8221;2&#8243; _builder_version=&#8221;4.16&#8243; height=&#8221;2px&#8221; box_shadow_style=&#8221;preset2&#8243; global_colors_info=&#8221;{}&#8221;][\/et_pb_divider][et_pb_tabs _builder_version=&#8221;4.27.4&#8243; hover_enabled=&#8221;0&#8243; global_colors_info=&#8221;{}&#8221; sticky_enabled=&#8221;0&#8243;][et_pb_tab title=&#8221;CURRICULUM VITAE&#8221; _builder_version=&#8221;4.27.4&#8243; hover_enabled=&#8221;0&#8243; global_colors_info=&#8221;{}&#8221; sticky_enabled=&#8221;0&#8243;]<\/p>\n<h2><strong>Dr. RAFAEL BLESA GONZ\u00c1LEZ<\/strong><\/h2>\n<h3><strong>ACADEMIC QUALIFICATIONS<\/strong><\/h3>\n<ul>\n<li>Degree in Medicine and Surgery from the <a href=\"https:\/\/www.uab.cat\/\" target=\"_blank\" rel=\"noopener\"><strong>Autonomous University of Barcelona (UAB)<\/strong><\/a>, 1975.<\/li>\n<li>Specialist in Internal Medicine (1978).<\/li>\n<li>Specialist in Neurology (1981).<\/li>\n<\/ul>\n<h3><strong>ACADEMIC AND TEACHING ACTIVITY<\/strong><\/h3>\n<ul>\n<li>Consultant, Neurology Department, <a href=\"https:\/\/clinicbarcelona.org\/\" target=\"_blank\" rel=\"noopener\"><strong>Hospital Cl\u00ednic<\/strong><\/a>, Barcelona (1982\u20132003).<\/li>\n<li>Research Fellow, Experimental Therapeutic Branch, <a href=\"https:\/\/www.ninds.nih.gov\/\" target=\"_blank\" rel=\"noopener\"><strong>NINDS-NIH<\/strong><\/a>, Bethesda, Maryland, USA (1989\u20131991).<\/li>\n<li>Associate Professor, Faculty of Medicine, <a href=\"https:\/\/web.ub.edu\/\" target=\"_blank\" rel=\"noopener\"><strong>University of Barcelona (UB)<\/strong><\/a> (1989\u20132003).<\/li>\n<li>Founder of the Memory Unit at Hospital Cl\u00ednic (1993).<\/li>\n<li>Creator of the PICOGEN program (2000).<\/li>\n<li>Head of the Neurology Department at the <a href=\"https:\/\/www.santpau.cat\/\" target=\"_blank\" rel=\"noopener\"><strong>Hospital de la Santa Creu i Sant Pau<\/strong><\/a>, Barcelona (2003).<\/li>\n<li>Interim Associate Professor, Faculty of Medicine, UAB (2017).<\/li>\n<li>Accredited for the position of Associate Professor by ANECA (2014).<\/li>\n<li>Accredited as Full Professor by the <a href=\"https:\/\/www.aqu.cat\/\" target=\"_blank\" rel=\"noopener\"><strong>Agency for the Quality of the University System of Catalonia (AQU)<\/strong><\/a> (2015).<\/li>\n<li>Numerary Member of the <a href=\"https:\/\/raed.academy\/en\/\" target=\"_blank\" rel=\"noopener\"><strong>Royal European Academy of Doctors (RAED)<\/strong><\/a> (2010).<\/li>\n<li>Corresponding Member of the American Neurological Association.<\/li>\n<li>Corresponding Member of the American Academy of Neurology.<\/li>\n<li>His research focuses on the standardization and validation of dementia scales and tests, the development of new therapeutic strategies for Alzheimer\u2019s patients, the study of genetic risk factors and mutations involved in neurodegenerative dementias, the identification of cerebral Amyloid\u2013Tau biomarkers through Positron Emission Tomography (PET), and Alzheimer\u2019s disease in Down syndrome.<\/li>\n<\/ul>\n<h3><strong>PROFESSIONAL ACTIVITY<\/strong><\/h3>\n<ul>\n<li>Spanish Delegate to the World Federation of Neurology and the European Board of Neurology (1996\u20132001).<\/li>\n<li>President of the Catalan Society of Neurology (2003\u20132004).<\/li>\n<li>Chairman of the Advisory Committee on the Pharmacological Treatment of Alzheimer\u2019s Disease, Government of Catalonia (2002\u20132006).<\/li>\n<li>Chairman of the XVIII Alzheimer Disease International Conference (ADI), Barcelona (2002).<\/li>\n<li>Member of the Medical and Scientific Committee of Alzheimer Disease International (since 1994).<\/li>\n<li>President of the National Alzheimer Conference (2001).<\/li>\n<\/ul>\n<h3><strong>PUBLICATIONS<\/strong><\/h3>\n<ul>\n<li>Author of 2 books.<\/li>\n<li>37 book chapters.<\/li>\n<li>Over 230 papers published in peer-reviewed journals with impact factor.<\/li>\n<\/ul>\n<div style=\"margin-top: 20px;\"><a href='https:\/\/raed.academy\/wp-content\/uploads\/2019\/02\/CV-Extenso-Castellano-Dr.-Rafael-Blesa-Gonz\u00e1lez.pdf' class='big-button bigsilver' target=\"_blank\"><strong>\u2192 FULL CV<\/strong><\/a><\/div>\n<p>[\/et_pb_tab][\/et_pb_tabs][\/et_pb_column][\/et_pb_row][\/et_pb_section]<\/p>\n","protected":false},"featured_media":0,"template":"","meta":{"_et_pb_use_builder":"on","_et_pb_old_content":"<div class=\"infoAcademico\"><p><img src=\"https:\/\/raed.academy\/wp-content\/uploads\/2015\/02\/Foto-Dr.-Rafael-Blesa-Gonz\u00c3\u00a1lez-213x300.jpg\" alt=\"Foto -Dr. Rafael Blesa Gonz\u00c3\u00a1lez\" width=\"154\" height=\"217\" \/><strong>Acad\u00e8mic Numerari<\/strong><\/p><p><strong>Ci\u00e8ncies de la Salut:<\/strong> Dr. en Medicina<\/p><p><b>Data d'ingr\u00e9s:<\/b>\u00a026\/10\/2010<\/p><p><b>Medalla:<\/b><\/p><p><strong>Discurs d'ingr\u00e9s:\u00a0<\/strong>T\u00f3picos t\u00edpicos y expectativas mundanas de la enfermedad de Alzheimer<\/p><p><strong>Discurs de resposta:\u00a0<\/strong>Dr. Josep Llort Brull<\/p><p>\u00a0<\/p><hr \/><\/div><div class=\"CVacadcemico\"><h2>CURRICULUM VITAE<\/h2><h3>Llicenciat en Medicina i Cirurgia per la Universitat Aut\u00f2noma de Barcelona (1975). \u00a0Resid\u00e8ncia de Neurologia a l'Hospital de la Santa Creu i Sant Pau (1976 a 1980).<\/h3><h3>Metge adjunt del Servei de Neurologia de l'Hospital Cl\u00ednic (1982). \u00a0Del 1989 a 1991 adjunt de recerca a Experimental Therapeutic Branch, NINDS, NIH, Bethesda, Maryland, (USA). De 1992 a 2003 professor associat m\u00e8dic de la Facultat de Medicina de la Universitat de Barcelona i Director de la Unitat de Mem\u00f2ria-Alzheimer del HCP.<\/h3><h3>Des de 2003 Director del Servei de Neurologia de l'Hospital de la Santa Creu i Sant Pau de Barcelona i \u00e9s professor associat m\u00e8dic de la Facultat de Medicina de la UAB (2007). Altres c\u00e0rrecs: Delegat espanyol de la World Federation of Neurology, de la Section of Neurology UMES i de l'European Board of Neurology del 1996 al 2001. \u00a0Tamb\u00e9 ha estat President de la Societat Catalana de Neurologia del 2003 - 2004, del Comit\u00e8 Assessor del tractament farmacol\u00f2gic de la malaltia d'Alzheimer de la Generalitat de Catalunya (2002-2006). Assessor m\u00e8dic de l'Associaci\u00f3 de Familiars de Malalts d'Alzheimer de Barcelona des de 1987, Membre del Comit\u00e8 M\u00e8dic Cient\u00edfic de l'Alzheimer Disease International des de 1992 i President de la Confer\u00e8ncia Nacional Alzheimer des de 2001. Acad\u00e8mic numerari de la Reial Acad\u00e8mia de Doctors (2010).<\/h3><h3>Les principals l\u00ednies de recerca s\u00f3n la normalitzaci\u00f3 i validaci\u00f3 d\u2019escales i test per a la dem\u00e8ncia, el desenvolupament de noves estrat\u00e8gies terap\u00e8utiques per als malalts d'Alzheimer, l\u2019estudi dels factors de risc gen\u00e8tics i les mutacions implicades en les dem\u00e8ncies neurodegeneratives i els marcadors d\u2019amilode cerebral mitjan\u00e7ant Tomografia per Emissi\u00f3 de Positrons (PET). Ha publicat 1 llibre, 30 cap\u00edtols de llibre i m\u00e9s de 150 articles en revistes amb factor d\u2019impacte.<\/h3><h2>CURRICULUM VITAE EXTENS<\/h2><h2>DISCURS D'INGR\u00c9S<\/h2><h3><a href=\"http:\/\/raed.academy\/wp-content\/uploads\/2016\/07\/pdf-icon-e1468674732529.png\"><img class=\"alignnone size-full wp-image-7742\" src=\"http:\/\/raed.academy\/wp-content\/uploads\/2016\/07\/pdf-icon-e1468674732529.png\" alt=\"pdf-icon\" width=\"30\" height=\"30\" \/><\/a>\u00a0 \u00a0\u00a0<strong><a href=\"http:\/\/raed.academy\/wp-content\/uploads\/2015\/02\/Topicos-tipicos-rafael-blesa.pdf\" target=\"_blank\" rel=\"noopener\">T\u00f3picos t\u00edpicos\u00a0<\/a><\/strong><\/h3><h2>ALTRES PUBLICACIONS<\/h2><h2>V\u00cdDEO<\/h2><h2>GALERIA DE FOTOGRAFIES<\/h2><\/div>","_et_gb_content_width":""},"secciones":[],"tipo_academico":[],"cargo":[],"class_list":["post-9754","academico","type-academico","status-publish","hentry"],"yoast_head":"<!-- This site is optimized with the Yoast SEO plugin v27.4 - https:\/\/yoast.com\/product\/yoast-seo-wordpress\/ -->\n<title>DR. Rafael Blesa Gonz\u00e1lez - Royal European Academy of Doctors<\/title>\n<meta name=\"robots\" content=\"index, follow, max-snippet:-1, max-image-preview:large, max-video-preview:-1\" \/>\n<link rel=\"canonical\" href=\"https:\/\/raed.academy\/en\/academicians\/dr-rafael-blesa-gonzalez\/\" \/>\n<meta property=\"og:locale\" content=\"en_US\" \/>\n<meta property=\"og:type\" content=\"article\" \/>\n<meta property=\"og:title\" content=\"DR. Rafael Blesa Gonz\u00e1lez - Royal European Academy of Doctors\" \/>\n<meta property=\"og:description\" content=\"Supernumerary Academician Health Sciences: Doctor of Medicine Date of admission: October 26, 2010 Admission speech: \u201cTypical Topics and Mundane Expectations of Alzheimer\u2019s Disease\u201d Reply by: Dr. Josep Llort Brull Dr. RAFAEL BLESA GONZ\u00c1LEZ ACADEMIC QUALIFICATIONS Degree in Medicine and Surgery from the Autonomous University of Barcelona (UAB), 1975. Specialist in Internal Medicine (1978). Specialist in [&hellip;]\" \/>\n<meta property=\"og:url\" content=\"https:\/\/raed.academy\/en\/academicians\/dr-rafael-blesa-gonzalez\/\" \/>\n<meta property=\"og:site_name\" content=\"Royal European Academy of Doctors\" \/>\n<meta property=\"article:publisher\" content=\"http:\/\/fb.me\/raed.academy\" \/>\n<meta property=\"article:modified_time\" content=\"2025-10-13T10:30:02+00:00\" \/>\n<meta name=\"twitter:card\" content=\"summary_large_image\" \/>\n<meta name=\"twitter:site\" content=\"@raedacademy\" \/>\n<meta name=\"twitter:label1\" content=\"Est. reading time\" \/>\n\t<meta name=\"twitter:data1\" content=\"2 minutes\" \/>\n<script type=\"application\/ld+json\" class=\"yoast-schema-graph\">{\"@context\":\"https:\\\/\\\/schema.org\",\"@graph\":[{\"@type\":\"WebPage\",\"@id\":\"https:\\\/\\\/raed.academy\\\/en\\\/academicians\\\/dr-rafael-blesa-gonzalez\\\/\",\"url\":\"https:\\\/\\\/raed.academy\\\/en\\\/academicians\\\/dr-rafael-blesa-gonzalez\\\/\",\"name\":\"DR. Rafael Blesa Gonz\u00e1lez - Royal European Academy of Doctors\",\"isPartOf\":{\"@id\":\"https:\\\/\\\/raed.academy\\\/en\\\/#website\"},\"datePublished\":\"2016-09-14T14:40:54+00:00\",\"dateModified\":\"2025-10-13T10:30:02+00:00\",\"breadcrumb\":{\"@id\":\"https:\\\/\\\/raed.academy\\\/en\\\/academicians\\\/dr-rafael-blesa-gonzalez\\\/#breadcrumb\"},\"inLanguage\":\"en-US\",\"potentialAction\":[{\"@type\":\"ReadAction\",\"target\":[\"https:\\\/\\\/raed.academy\\\/en\\\/academicians\\\/dr-rafael-blesa-gonzalez\\\/\"]}]},{\"@type\":\"BreadcrumbList\",\"@id\":\"https:\\\/\\\/raed.academy\\\/en\\\/academicians\\\/dr-rafael-blesa-gonzalez\\\/#breadcrumb\",\"itemListElement\":[{\"@type\":\"ListItem\",\"position\":1,\"name\":\"Inicio\",\"item\":\"https:\\\/\\\/raed.academy\\\/en\\\/\"},{\"@type\":\"ListItem\",\"position\":2,\"name\":\"Acad\u00e9micos\",\"item\":\"https:\\\/\\\/raed.academy\\\/en\\\/academicians\\\/\"},{\"@type\":\"ListItem\",\"position\":3,\"name\":\"DR. Rafael Blesa Gonz\u00e1lez\"}]},{\"@type\":\"WebSite\",\"@id\":\"https:\\\/\\\/raed.academy\\\/en\\\/#website\",\"url\":\"https:\\\/\\\/raed.academy\\\/en\\\/\",\"name\":\"Royal European Academy of Doctors\",\"description\":\"Corporaci\u00f3n de derecho p\u00fablico de car\u00e1cter cient\u00edfico, t\u00e9cnico y art\u00edstico, que tiene por objeto la investigaci\u00f3n, el estudio, el fomento y la extensi\u00f3n del conocimiento en su sentido m\u00e1s amplio.\",\"publisher\":{\"@id\":\"https:\\\/\\\/raed.academy\\\/en\\\/#organization\"},\"potentialAction\":[{\"@type\":\"SearchAction\",\"target\":{\"@type\":\"EntryPoint\",\"urlTemplate\":\"https:\\\/\\\/raed.academy\\\/en\\\/?s={search_term_string}\"},\"query-input\":{\"@type\":\"PropertyValueSpecification\",\"valueRequired\":true,\"valueName\":\"search_term_string\"}}],\"inLanguage\":\"en-US\"},{\"@type\":\"Organization\",\"@id\":\"https:\\\/\\\/raed.academy\\\/en\\\/#organization\",\"name\":\"Real Academia Europea de Doctores\",\"url\":\"https:\\\/\\\/raed.academy\\\/en\\\/\",\"logo\":{\"@type\":\"ImageObject\",\"inLanguage\":\"en-US\",\"@id\":\"https:\\\/\\\/raed.academy\\\/en\\\/#\\\/schema\\\/logo\\\/image\\\/\",\"url\":\"https:\\\/\\\/raed.academy\\\/wp-content\\\/uploads\\\/2017\\\/01\\\/cropped-logo_raed.png\",\"contentUrl\":\"https:\\\/\\\/raed.academy\\\/wp-content\\\/uploads\\\/2017\\\/01\\\/cropped-logo_raed.png\",\"width\":512,\"height\":512,\"caption\":\"Real Academia Europea de Doctores\"},\"image\":{\"@id\":\"https:\\\/\\\/raed.academy\\\/en\\\/#\\\/schema\\\/logo\\\/image\\\/\"},\"sameAs\":[\"http:\\\/\\\/fb.me\\\/raed.academy\",\"https:\\\/\\\/x.com\\\/raedacademy\",\"https:\\\/\\\/www.instagram.com\\\/raed.academy\\\/\",\"https:\\\/\\\/www.youtube.com\\\/channel\\\/UCUYQwW2KrdirNWihxMDObwg\"]}]}<\/script>\n<!-- \/ Yoast SEO plugin. -->","yoast_head_json":{"title":"DR. Rafael Blesa Gonz\u00e1lez - Royal European Academy of Doctors","robots":{"index":"index","follow":"follow","max-snippet":"max-snippet:-1","max-image-preview":"max-image-preview:large","max-video-preview":"max-video-preview:-1"},"canonical":"https:\/\/raed.academy\/en\/academicians\/dr-rafael-blesa-gonzalez\/","og_locale":"en_US","og_type":"article","og_title":"DR. Rafael Blesa Gonz\u00e1lez - Royal European Academy of Doctors","og_description":"La RAED organiza y lleva a cabo una serie de actividades concentradas en mes y medio que contaron con la implicaci\u00f3n activa de numerosos acad\u00e9micos. Recepci\u00f3n de cuatro acad\u00e9micos correspondientes (Stavroula-Ina Piperaki para Grecia, Stephen Zeff y David B. Wilkins para Estados Unidos y Llu\u00eds Vicent Safont para Andorra) Mesa redonda sobre \u00abLa salida de [&hellip;]","og_url":"https:\/\/raed.academy\/en\/academicians\/dr-rafael-blesa-gonzalez\/","og_site_name":"Royal European Academy of Doctors","article_publisher":"http:\/\/fb.me\/raed.academy","article_modified_time":"2025-10-13T10:30:02+00:00","twitter_card":"summary_large_image","twitter_site":"@raedacademy","twitter_misc":{"Est. reading time":"2 minutes"},"schema":{"@context":"https:\/\/schema.org","@graph":[{"@type":"WebPage","@id":"https:\/\/raed.academy\/en\/academicians\/dr-rafael-blesa-gonzalez\/","url":"https:\/\/raed.academy\/en\/academicians\/dr-rafael-blesa-gonzalez\/","name":"DR. Rafael Blesa Gonz\u00e1lez - Royal European Academy of Doctors","isPartOf":{"@id":"https:\/\/raed.academy\/en\/#website"},"datePublished":"2016-09-14T14:40:54+00:00","dateModified":"2025-10-13T10:30:02+00:00","breadcrumb":{"@id":"https:\/\/raed.academy\/en\/academicians\/dr-rafael-blesa-gonzalez\/#breadcrumb"},"inLanguage":"en-US","potentialAction":[{"@type":"ReadAction","target":["https:\/\/raed.academy\/en\/academicians\/dr-rafael-blesa-gonzalez\/"]}]},{"@type":"BreadcrumbList","@id":"https:\/\/raed.academy\/en\/academicians\/dr-rafael-blesa-gonzalez\/#breadcrumb","itemListElement":[{"@type":"ListItem","position":1,"name":"Inicio","item":"https:\/\/raed.academy\/en\/"},{"@type":"ListItem","position":2,"name":"Acad\u00e9micos","item":"https:\/\/raed.academy\/en\/academicians\/"},{"@type":"ListItem","position":3,"name":"DR. Rafael Blesa Gonz\u00e1lez"}]},{"@type":"WebSite","@id":"https:\/\/raed.academy\/en\/#website","url":"https:\/\/raed.academy\/en\/","name":"Royal European Academy of Doctors","description":"Corporaci\u00f3n de derecho p\u00fablico de car\u00e1cter cient\u00edfico, t\u00e9cnico y art\u00edstico, que tiene por objeto la investigaci\u00f3n, el estudio, el fomento y la extensi\u00f3n del conocimiento en su sentido m\u00e1s amplio.","publisher":{"@id":"https:\/\/raed.academy\/en\/#organization"},"potentialAction":[{"@type":"SearchAction","target":{"@type":"EntryPoint","urlTemplate":"https:\/\/raed.academy\/en\/?s={search_term_string}"},"query-input":{"@type":"PropertyValueSpecification","valueRequired":true,"valueName":"search_term_string"}}],"inLanguage":"en-US"},{"@type":"Organization","@id":"https:\/\/raed.academy\/en\/#organization","name":"Real Academia Europea de Doctores","url":"https:\/\/raed.academy\/en\/","logo":{"@type":"ImageObject","inLanguage":"en-US","@id":"https:\/\/raed.academy\/en\/#\/schema\/logo\/image\/","url":"https:\/\/raed.academy\/wp-content\/uploads\/2017\/01\/cropped-logo_raed.png","contentUrl":"https:\/\/raed.academy\/wp-content\/uploads\/2017\/01\/cropped-logo_raed.png","width":512,"height":512,"caption":"Real Academia Europea de Doctores"},"image":{"@id":"https:\/\/raed.academy\/en\/#\/schema\/logo\/image\/"},"sameAs":["http:\/\/fb.me\/raed.academy","https:\/\/x.com\/raedacademy","https:\/\/www.instagram.com\/raed.academy\/","https:\/\/www.youtube.com\/channel\/UCUYQwW2KrdirNWihxMDObwg"]}]}},"_links":{"self":[{"href":"https:\/\/raed.academy\/en\/wp-json\/wp\/v2\/academico\/9754","targetHints":{"allow":["GET"]}}],"collection":[{"href":"https:\/\/raed.academy\/en\/wp-json\/wp\/v2\/academico"}],"about":[{"href":"https:\/\/raed.academy\/en\/wp-json\/wp\/v2\/types\/academico"}],"wp:attachment":[{"href":"https:\/\/raed.academy\/en\/wp-json\/wp\/v2\/media?parent=9754"}],"wp:term":[{"taxonomy":"secciones","embeddable":true,"href":"https:\/\/raed.academy\/en\/wp-json\/wp\/v2\/secciones?post=9754"},{"taxonomy":"tipo_academico","embeddable":true,"href":"https:\/\/raed.academy\/en\/wp-json\/wp\/v2\/tipo_academico?post=9754"},{"taxonomy":"cargo","embeddable":true,"href":"https:\/\/raed.academy\/en\/wp-json\/wp\/v2\/cargo?post=9754"}],"curies":[{"name":"wp","href":"https:\/\/api.w.org\/{rel}","templated":true}]}}