{"id":8838,"date":"2016-09-08T14:10:27","date_gmt":"2016-09-08T14:10:27","guid":{"rendered":"http:\/\/radd.eu\/?page_id=8838"},"modified":"2025-10-13T10:34:42","modified_gmt":"2025-10-13T10:34:42","slug":"dr-rosmarie-cammany-dorr","status":"publish","type":"academico","link":"https:\/\/raed.academy\/en\/academicians\/dr-rosmarie-cammany-dorr\/","title":{"rendered":"Dr. Rosmarie Cammany Dorr"},"content":{"rendered":"<p>[et_pb_section fb_built=&#8221;1&#8243; _builder_version=&#8221;4.16&#8243; global_colors_info=&#8221;{}&#8221;][et_pb_row column_structure=&#8221;1_4,3_4&#8243; _builder_version=&#8221;4.16&#8243; background_size=&#8221;initial&#8221; background_position=&#8221;top_left&#8221; background_repeat=&#8221;repeat&#8221; custom_margin=&#8221;0px||0px|&#8221; custom_padding=&#8221;0|0px|0|0px|false|false&#8221; global_colors_info=&#8221;{}&#8221;][et_pb_column type=&#8221;1_4&#8243; _builder_version=&#8221;4.16&#8243; custom_padding=&#8221;|||&#8221; global_colors_info=&#8221;{}&#8221; custom_padding__hover=&#8221;|||&#8221;][et_pb_image src=&#8221;https:\/\/raed.academy\/wp-content\/uploads\/2015\/02\/Dorr.jpg&#8221; show_bottom_space=&#8221;off&#8221; align_tablet=&#8221;center&#8221; align_phone=&#8221;&#8221; align_last_edited=&#8221;on|desktop&#8221; admin_label=&#8221;Imagen &#8211; foto acad\u00e9mico&#8221; _builder_version=&#8221;4.16&#8243; max_width=&#8221;85%&#8221; custom_margin=&#8221;0px||0px|&#8221; custom_padding=&#8221;0px||0px|&#8221; animation_style=&#8221;fold&#8221; border_radii=&#8221;on|6px|6px|6px|6px&#8221; border_width_all=&#8221;2px&#8221; box_shadow_style=&#8221;preset2&#8243; global_colors_info=&#8221;{}&#8221;][\/et_pb_image][\/et_pb_column][et_pb_column type=&#8221;3_4&#8243; _builder_version=&#8221;4.16&#8243; custom_padding=&#8221;|||&#8221; global_colors_info=&#8221;{}&#8221; custom_padding__hover=&#8221;|||&#8221;][et_pb_text module_class=&#8221;infoAcademico&#8221; _builder_version=&#8221;4.27.4&#8243; hover_enabled=&#8221;0&#8243; global_colors_info=&#8221;{}&#8221; sticky_enabled=&#8221;0&#8243;]<\/p>\n<div style=\"border: 2px solid #000; padding: 20px; background: #fff; margin-bottom: 25px; border-radius: 10px; box-shadow: 2px 2px 8px rgba(0,0,0,0.1);\">\n<p><strong>Supernumerary Academician<\/strong><\/p>\n<p><strong>Health Sciences:<\/strong> Doctor of Medicine<\/p>\n<p><strong>Date of admission:<\/strong> February 27, 2007<\/p>\n<p><strong>Medal:<\/strong> No. 13<\/p>\n<p><strong>Admission speech: <\/strong><a href=\"https:\/\/raed.academy\/wp-content\/uploads\/2015\/06\/El-voluntariado-rosmarie.pdf\" target=\"_blank\" rel=\"noopener noreferrer\"><strong><em>\u201cVolunteering: A Model of Patronage for the 21st Century\u201d<\/em><\/strong><\/a><\/p>\n<p><strong>Reply by: <\/strong><strong>Dr. Anna Maria Carmona Cornet<\/strong><\/p>\n<\/div>\n<p>[\/et_pb_text][\/et_pb_column][\/et_pb_row][et_pb_row _builder_version=&#8221;4.16&#8243; background_size=&#8221;initial&#8221; background_position=&#8221;top_left&#8221; background_repeat=&#8221;repeat&#8221; global_colors_info=&#8221;{}&#8221;][et_pb_column type=&#8221;4_4&#8243; _builder_version=&#8221;4.16&#8243; custom_padding=&#8221;|||&#8221; global_colors_info=&#8221;{}&#8221; custom_padding__hover=&#8221;|||&#8221;][et_pb_divider color=&#8221;#828282&#8243; divider_weight=&#8221;2&#8243; _builder_version=&#8221;4.16&#8243; height=&#8221;2px&#8221; box_shadow_style=&#8221;preset2&#8243; global_colors_info=&#8221;{}&#8221;][\/et_pb_divider][et_pb_tabs _builder_version=&#8221;4.27.4&#8243; hover_enabled=&#8221;0&#8243; global_colors_info=&#8221;{}&#8221; sticky_enabled=&#8221;0&#8243;][et_pb_tab title=&#8221;CURRICULUM VITAE&#8221; _builder_version=&#8221;4.27.4&#8243; hover_enabled=&#8221;0&#8243; global_colors_info=&#8221;{}&#8221; sticky_enabled=&#8221;0&#8243;]<\/p>\n<h2><strong>Dr. ROSMARIE CAMMANY DORR<\/strong><\/h2>\n<h3><strong>ACADEMIC QUALIFICATIONS<\/strong><\/h3>\n<ul>\n<li>PhD in Health Sociology, <strong><a href=\"https:\/\/www.ub.edu\/\" target=\"_blank\" rel=\"noopener\">University of Barcelona<\/a><\/strong>. Doctoral thesis: Analysis of the Organization of the <strong><a href=\"https:\/\/www.cruzroja.es\/\" target=\"_blank\" rel=\"noopener\">Red Cross<\/a><\/strong> (2003).<\/li>\n<li>Degree in Medicine and Surgery, <strong><a href=\"https:\/\/www.uab.cat\/\" target=\"_blank\" rel=\"noopener\">Autonomous University of Barcelona<\/a><\/strong> (1983).<\/li>\n<li>Master\u2019s in Psychotherapy and Pre-verbal Communication, <strong><a href=\"https:\/\/drexel.edu\/medicine\/academics\/graduate-school\/hahnemann-university-history\/\" target=\"_blank\" rel=\"noopener\">Hahnemann University<\/a><\/strong> (Philadelphia, USA) (1987).<\/li>\n<li>Diploma in Human Resources, <strong><a href=\"https:\/\/www.upm.es\/\" target=\"_blank\" rel=\"noopener\">Polytechnic University of Madrid<\/a><\/strong> (1991).<\/li>\n<li>Diploma in Marketing, <strong><a href=\"https:\/\/www.upm.es\/\" target=\"_blank\" rel=\"noopener\">Polytechnic University of Madrid<\/a><\/strong> (1992).<\/li>\n<li>Degree in Psychoanalytic Psychotherapy, <strong><a href=\"https:\/\/www.sfu.ac.at\/en\/\" target=\"_blank\" rel=\"noopener\">Sigmund Freud University<\/a><\/strong> (Vienna), in collaboration with the <strong><a href=\"https:\/\/eeppa.fr\/\" target=\"_blank\" rel=\"noopener\">\u00c9cole Europ\u00e9enne de Philosophies et Psychoth\u00e9rapie Apliqu\u00e9es<\/a><\/strong> (2009\u20132014).<\/li>\n<\/ul>\n<h3><strong>TEACHING ACTIVITY<\/strong><\/h3>\n<ul>\n<li><strong><a href=\"https:\/\/www.il3.ub.edu\/\" target=\"_blank\" rel=\"noopener\">IL3\u2013University of Barcelona<\/a><\/strong>: Seminars on leadership and the labour market (2007\u20132008); online lecturer for the doctor\u2013patient interview course (2007).<\/li>\n<li>Professor and thesis supervisor, Master\u2019s in Movement Therapy, <strong><a href=\"https:\/\/www.uab.cat\/\" target=\"_blank\" rel=\"noopener\">UAB<\/a><\/strong> (since 2004).<\/li>\n<li>Third Cycle Professor in the Postgraduate Course on Existential Dualism, <strong><a href=\"https:\/\/www.uab.cat\/\" target=\"_blank\" rel=\"noopener\">UAB<\/a><\/strong> (since 1997).<\/li>\n<li>Postgraduate Professor in Gerontology, <strong><a href=\"https:\/\/www.udg.edu\/\" target=\"_blank\" rel=\"noopener\">University of Girona<\/a><\/strong> (1990\u20131994).<\/li>\n<li>Postgraduate Professor in Music Therapy, <strong><a href=\"https:\/\/www.ub.edu\/\" target=\"_blank\" rel=\"noopener\">UB<\/a><\/strong> (1992\u20131993).<\/li>\n<li>In the field of sociological research, she has directed and coordinated more than twenty quantitative and qualitative studies, including: <em>Bases for an Interdepartmental Plan on Municipal Demographic Asymmetries in Catalonia<\/em> (2012); <em>Incivility and Public Disorder: Bases for Intervention<\/em> (2012); <em>ICTs and Teleworking in Catalonia<\/em> (2009); <em>Use and Consumption Habits of Natural Therapies in Spain<\/em> (2008); <em>Omnibus Surveys on Values, Health, Leisure and Risk Behaviours in Youth<\/em> (2007); <em>Alcohol and Adolescence Relationship, Longitudinal Study<\/em> (2001\u20132005); <em>Compulsory Secondary Education in Sant Joan de les Abadesses<\/em> (2004); <em>Patronage, Sponsorship and Corporate Endorsement in Spain<\/em> (2000); <em>Consumption of New and Renovated Housing for the Elderly in Barcelona<\/em> (1996); <em>Insurance: Social Perception and Interest<\/em> (1995); <em>Distance Selling in Catalonia<\/em> (1995); <em>New Technologies and Labour Impact<\/em> (1995); <em>New Paramedical Professions<\/em> (1994); <em>Women in Families of 2000<\/em> (1994); <em>Professional Profiles in Childhood<\/em> (1993); <em>Female Victimisation in Catalonia<\/em> (1990); and <em>Ethnic Minorities in Catalonia<\/em> (1989).<\/li>\n<\/ul>\n<h3><strong>PROFESSIONAL ACTIVITY<\/strong><\/h3>\n<ul>\n<li><strong><a href=\"https:\/\/www.linkedin.com\/company\/espacio-corporativo-de-seguridad-y-defensa\/\" target=\"_blank\" rel=\"noopener\">Corporate Space for Security and Defence<\/a><\/strong>, Founding Member and Manager. Head of Human Resources (since 2013).<\/li>\n<li><strong><a href=\"https:\/\/ipredik.com\/\" target=\"_blank\" rel=\"noopener\">Institute for Prevention, Detection and Intervention in Crisis Situations (IPREDIK)<\/a><\/strong>, Co-founder and Director (since 2007).<\/li>\n<li><strong><a href=\"https:\/\/www.fundacioncaiusmaecenas.org\/\" target=\"_blank\" rel=\"noopener\">Caius Maecenas Foundation for Patronage and Society<\/a><\/strong>, Secretary General (since 2001).<\/li>\n<li><strong><a href=\"https:\/\/faiecologic.org\/\" target=\"_blank\" rel=\"noopener\">FAI Ecol\u00f2gic<\/a><\/strong>, Technical Director (since 1997).<\/li>\n<li>Institute for Foresight and Social Reality Analysis, Krebs SL, Manager (since 1995).<\/li>\n<li>Institute of Communication and Organisation Studies, Technical Director (1990\u20131998).<\/li>\n<li>Private practice in psychotherapy, expression and relaxation techniques (since 1990).<\/li>\n<li>Institute of Sociology and Applied Psychology, Assistant to the Director (1988\u20131992).<\/li>\n<li><a href=\"https:\/\/www.diba.cat\/\" target=\"_blank\" rel=\"noopener\"><strong>Barcelona Provincial Council<\/strong><\/a>, Maresme Psychiatric Network, Physician\u2013Psychotherapist (1988\u20131989).<\/li>\n<li><strong><a href=\"https:\/\/www.jefferson.edu\/\" target=\"_blank\" rel=\"noopener\">Thomas Jefferson University<\/a><\/strong>, Philadelphia, Psychotherapist in the Psychogeriatrics Department (1987).<\/li>\n<li><a href=\"https:\/\/raed.academy\/en\/\" target=\"_blank\" rel=\"noopener\"><strong>Royal European Academy of Doctors (RAED)<\/strong><\/a>, Numerary Member (since 2007) and Member of the Board of Directors (since 2012).<\/li>\n<li><strong><a href=\"https:\/\/www.creuroja.org\/\" target=\"_blank\" rel=\"noopener\">Red Cross Catalonia<\/a><\/strong>, Presidential Advisor (since 2007).<\/li>\n<li>Red Cross Barcelona, Vice President (2004\u20132007).<\/li>\n<li>Section of Natural Medicine, <strong><a href=\"https:\/\/www.comb.cat\/\" target=\"_blank\" rel=\"noopener\">Official College of Physicians of Barcelona<\/a><\/strong> (since 2004).<\/li>\n<li><a href=\"https:\/\/www.aed.es\/\" target=\"_blank\" rel=\"noopener\"><strong>Spanish Association of Executives (AED)<\/strong><\/a> (since 2000).<\/li>\n<li><a href=\"https:\/\/www.greenpeace.org\/espana\/\" target=\"_blank\" rel=\"noopener\"><strong>Greenpeace<\/strong><\/a> (since 1994).<\/li>\n<li><strong><a href=\"https:\/\/www.academia.cat\/\" target=\"_blank\" rel=\"noopener\">Academy of Medical Sciences of Catalonia and the Balearic Islands<\/a><\/strong> (since 1991).<\/li>\n<li><strong><a href=\"https:\/\/scgg.cat\/\" target=\"_blank\" rel=\"noopener\">Catalan Society of Geriatrics and Gerontology<\/a><\/strong> (since 1990).<\/li>\n<\/ul>\n<h3><strong>PUBLICATIONS<\/strong><\/h3>\n<ul>\n<li><em>After the Crisis: A Polyhedral and Cross-Disciplinary Vision from the Health Sciences<\/em>. <strong><a href=\"https:\/\/raed.academy\/en\/\" target=\"_blank\" rel=\"noopener\">RAED<\/a><\/strong> (2012).<\/li>\n<li><em>Study on Natural Therapies: Specificities and Contributions<\/em>. <strong><a href=\"https:\/\/tenacat.org\/\" target=\"_blank\" rel=\"noopener\">Tenacat<\/a><\/strong> (2010).<\/li>\n<li><em>Volunteering: A Model of Patronage for the 21st Century<\/em>. <strong><a href=\"https:\/\/raed.academy\/en\/\" target=\"_blank\" rel=\"noopener\">RAED<\/a><\/strong> (2007).<\/li>\n<li><em>Alternative Medicine in Catalonia<\/em>. <strong><a href=\"https:\/\/salut.gencat.cat\/\" target=\"_blank\" rel=\"noopener\">Government of Catalonia<\/a><\/strong> (1996).<\/li>\n<li><em>Catalan Women in Families of 2000<\/em>. <strong><a href=\"https:\/\/dones.gencat.cat\/\" target=\"_blank\" rel=\"noopener\">Catalan Women\u2019s Institute<\/a><\/strong> (1995).<\/li>\n<li><em>The Elderly: Possibilities and Characteristics<\/em>. Municipal Institute of Leisure and Recreation (1993).<\/li>\n<li><em>Silenced Experiences: Female Victimisation in Catalonia<\/em>. <strong><a href=\"https:\/\/dones.gencat.cat\/\" target=\"_blank\" rel=\"noopener\">Government of Catalonia<\/a><\/strong> (1992).<\/li>\n<li><em>Gerontology<\/em>, monograph. Catalan Institute of New Professions (1992).<\/li>\n<li><em>Map of Services for the Disabled in Catalonia<\/em>. <strong><a href=\"https:\/\/www.mdsocialesa2030.gob.es\/\" target=\"_blank\" rel=\"noopener\">Ministry of Social Affairs<\/a><\/strong> (1991).<\/li>\n<li><em>White Paper on Social Welfare in Catalonia<\/em>. <strong><a href=\"https:\/\/govern.cat\/\" target=\"_blank\" rel=\"noopener\">Government of Catalonia<\/a><\/strong> (1990).<\/li>\n<li><em>Practical Guides on Stress and the Elderly<\/em>. <strong><a href=\"https:\/\/www.lavanguardia.com\/\" target=\"_blank\" rel=\"noopener\">La Vanguardia<\/a><\/strong> (1989).<\/li>\n<\/ul>\n<p>[\/et_pb_tab][\/et_pb_tabs][\/et_pb_column][\/et_pb_row][\/et_pb_section]<\/p>\n","protected":false},"featured_media":0,"template":"","meta":{"_et_pb_use_builder":"on","_et_pb_old_content":"<div class=\"infoAcademico\"><p><img src=\"https:\/\/raed.academy\/wp-content\/uploads\/2015\/02\/Dorr.jpg\" width=\"136\" height=\"208\" \/><strong>Numerary Member and\u00a0Deputy Director<\/strong><\/p><p><strong>Health Sciences:<\/strong> Dr. in Medicine<\/p><p><strong>Date of admittance:\u00a0<\/strong>\u00a027\/02\/2007<\/p><p><strong>Medal:<\/strong>\u00a0N\u00ba 13<\/p><p><strong>Admission Speech:\u00a0<\/strong><a href=\"http:\/\/raed.academy\/wp-content\/uploads\/2015\/06\/El-voluntariado-rosmarie.pdf\" target=\"_blank\" rel=\"noopener\">Un modelo de mecenazgo para el siglo XXI<\/a><\/p><p><strong>Speech in reply:<\/strong> Dr. Anna Maria Carmona Cornet<\/p><p>\u00a0<\/p><hr \/><\/div><div class=\"CVacadcemico\"><h2>CURRICULUM VITAE<\/h2><p><strong><u>CURRICULUM VITAE <\/u><\/strong><\/p><p>ROSMARIE CAMMANY DORR<\/p><p>Masia El Sarr\u00e0<\/p><p>08189 Sant Quirze Safaja (Barcelona)<\/p><p>Telf. 93 284 07 27<\/p><p>e-mail: <a style=\"color: #333333;\" href=\"mailto:r.cammany@ipars.es\">r.cammany@ipars.es<\/a><\/p><p><strong><u>ACHADEMICAL TRAINING: <\/u><\/strong><\/p><ul><li>Philosophical Doctorate on Health Sociology at the UNIVERSITAT DE BARCELONA 2003<\/li><li>Licensed in Medicine and Surgery. General Physician. UNIVERSITAT AUT\u00d2NOMA DE BARCELONA 1983. Registered in the College of Medicine in Barcelona number 24.967. From January 1984<\/li><li>Master in Clinical Psychotherapy and Nonverbal Communication at HAHNEMANN UNIVERSITY (Philadelphia, EUA), 1987<\/li><li>Diploma on Human Resources at the UNIVERSIDAD POLIT\u00c9CNICA DE MADRID, 1991<\/li><li>Diploma on Marketing, at the UNIVERSIDAD POLIT\u00c9CNICA DE MADRID 1992<\/li><li>Licensed in Psychoanalitic Psychotherapy. SIGMUND FREUD UNIVERSITY with the Ecole Europ\u00e9enne de Psychoth\u00e9rapies et Philosophie Appliqu\u00e9e. Paris. November 2009- May 2014.<\/li><\/ul><p><strong><u>PROFESSIONAL ACTIVITY<\/u><\/strong><\/p><ul><li>ESPACIO CORPORATIVO DE SEGURIDAD Y DEFENSA Founder Member and Managing Director. Head of Human Resources . From May 2013<\/li><li>INSTITUTO DE PREVENCI\u00d3N, DETECCI\u00d3N E INTERVENCI\u00d3N EN SITUACIONES DE CRISIS \u2013IPREDIK- Co-Founder and Co-Director. Design and assessment of vital itineraries. From September 2007<\/li><li>FUNDACI\u00d3N MECENAZGO Y SOCIEDAD \u201cCAIUS MAECENAS\u201d. General Secretary. Foundation for research, training, documentation and consulting from he field of mecenat , patronage and sponsorship. From September 2001<\/li><li>FAI ECOL\u00d2GIC Managing Director. Enterprise with 5 fields of action: organic farming, outdoor and indoor training, health therapy and residential. From November 1997<\/li><li>INSTITUT DE PROSPECTIVA I AN\u00c0LISI DE LA REALITAT SOCIAL, KREBS, SL, Managing Director. Institute for sociological research, design and production of TV programs, and consulting. From September 1995<\/li><li>Private practice in Psychotherapy, Techniques of expression and relaxation. From January 1990<\/li><li>Professor of Third Circle in the Post-degree on Existential Dualism. UNIVERSITAT AUT\u00d2NOMA DE BARCELONA. From January 1997<\/li><li>Professor and Thesis Supervisor in the Master on Movement Therapy, UNIVERSITAT AUT\u00d2NOMA DE BARCELONA. From January 2003 2<\/li><li>She has directed and coordinated more than 20 sociological quantitative and qualitative research.<\/li><\/ul><p><strong><u>PROJECTS IN PROCESS<\/u><\/strong><\/p><ul><li>Design and direction of a pilot study on \u201cDetection of prioritary needs in the initial diagnosis of breast cancer\u201d. Breast Unit. Hospital General de Vic (Barcelona)<\/li><li>Sociological Research on Ecology and lifestyle.<\/li><li>Contents design for an audio-visual program in health prevention. In process of fundraising PUBLICATIONS<\/li><li>After the crisis: A poliedric and transversal view from the Health Sciences. Reial Acad\u00e8mia de Doctors. October 2012 <a style=\"color: #333333;\" href=\"http:\/\/www.reialacademiadoctors.cat\">www.reialacademiadoctors.cat<\/a><\/li><li>The Complementary and Alternative Medicines in Spain. Ed. TENACAT. May 2010<\/li><li>The volunteer: A model of patronage for the XXI Century. Royal Academy of Doctors. Barcelona. February 2007.<\/li><li>The named \u201cAlternative Medicines\u201d in Catalonia. Institut Catal\u00e0 de Noves Professions. Departament d\u2019Ensenyament. Generalitat de Catalunya. October1996<\/li><li>The catalan women in the 2000 families. Institut Catal\u00e0 de la Dona. Generalitat de Catalunya. April 1995<\/li><li>PLA GERONTOLOGIC COMARCAL DE CATALUNYA. Member of the Experts Commitee on Psychology. 1-9\/90<\/li><li>LA VANGUARDIA: \"Practical Guide on Stress\". 11\/89<\/li><li>LA VANGUARDIA: \"Practical Guide on Third Age\". 10\/89<\/li><\/ul><p><strong><u>RELATIONSHIP WITH THE MEDIA <\/u><\/strong><\/p><p>Technical Coordinator of the Project and the TV Program \u201cLa salut al cistell\u201d in the Catalonian Broadcast (TV3). March 2009- July 2010. <a style=\"color: #333333;\" href=\"http:\/\/www.ccma.cat\/lasalutalcistelL\">www.ccma.cat\/lasalutalcistelL<\/a><\/p><p>Participation in Radio and TV programs as a technician TELEVISI\u00d3 DE CATALUNYA, R\u00c0DIO BARCELONA, RADIO SALUT, RADIO CARMELO i CATALUNYA R\u00c0DIO.<\/p><p><strong><u>PARTICULAR INFORMATION<\/u><\/strong><\/p><p>REIAL ACAD\u00c8MIA DE DOCTORS. Member of the Board from June 2012<\/p><p>REIAL ACADEMIA DE DOCTORS. Academic Member from February 2007.<\/p><p>RED CROSS CATALONIA (Spain), President\u2019s Assessor from 2008 3<\/p><p>ROTARY INTERNATIONAL. Member from Rotary Club Sant Feliu de Codines- Cingles de Bert\u00ed President 2006-2007, Responsible from Protocol 2005-2006. Associated from September 2003.<\/p><p>SAINT LAZARUS (Spain). Hospitable Lady, from March 2001. Lady Commander from 2003.<\/p><p>ASOCIACI\u00d3N ESPA\u00d1OLA DE DIRECTIVOS (Spanish Association of Managing Directors). Associated Member, from June 2000.<\/p><p>KREIS DEUTSCHE SPR\u00c4CHIGER F\u00dcHRUNGSKRAFTE (Circle of Managing Directors German Speaking). Associated member, June 1999-2014<\/p><p>GREENPEACE Member since 1994 LANGUAGES: Catalan, Castilian First languages English: Proficiency level German: Mittelstuffe level French: Fluent at speaking level<\/p><h2>DETAILED CURRICULUM VITAE<\/h2><h2>ADMITTANCE SPEECH<\/h2><h3><a href=\"http:\/\/raed.academy\/wp-content\/uploads\/2016\/07\/pdf-icon-e1468674732529.png\"><img class=\"alignnone size-full wp-image-7742\" src=\"http:\/\/raed.academy\/wp-content\/uploads\/2016\/07\/pdf-icon-e1468674732529.png\" alt=\"pdf-icon\" width=\"30\" height=\"30\" \/><\/a>\u00a0 \u00a0\u00a0<strong><a href=\"http:\/\/raed.academy\/wp-content\/uploads\/2015\/06\/El-voluntariado-rosmarie.pdf\" target=\"_blank\" rel=\"noopener\">El voluntariado: Un modelo de mecenazgo para el siglo XXI<\/a><\/strong><\/h3><h2>OTHER PUBLICATIONS<\/h2><h2>VIDEO<\/h2><h2>GALLERY<\/h2><\/div>","_et_gb_content_width":""},"secciones":[],"tipo_academico":[],"cargo":[],"class_list":["post-8838","academico","type-academico","status-publish","hentry"],"yoast_head":"<!-- This site is optimized with the Yoast SEO plugin v27.5 - https:\/\/yoast.com\/product\/yoast-seo-wordpress\/ -->\n<title>Dr. Rosmarie Cammany Dorr | Royal European Academy of Doctors<\/title>\n<meta name=\"robots\" content=\"index, follow, max-snippet:-1, max-image-preview:large, max-video-preview:-1\" \/>\n<link rel=\"canonical\" href=\"https:\/\/raed.academy\/en\/academicians\/dr-rosmarie-cammany-dorr\/\" \/>\n<meta property=\"og:locale\" content=\"en_US\" \/>\n<meta property=\"og:type\" content=\"article\" \/>\n<meta property=\"og:title\" content=\"Dr. Rosmarie Cammany Dorr | Royal European Academy of Doctors\" \/>\n<meta property=\"og:description\" content=\"Supernumerary Academician Health Sciences: Doctor of Medicine Date of admission: February 27, 2007 Medal: No. 13 Admission speech: \u201cVolunteering: A Model of Patronage for the 21st Century\u201d Reply by: Dr. Anna Maria Carmona Cornet Dr. ROSMARIE CAMMANY DORR ACADEMIC QUALIFICATIONS PhD in Health Sociology, University of Barcelona. Doctoral thesis: Analysis of the Organization of the [&hellip;]\" \/>\n<meta property=\"og:url\" content=\"https:\/\/raed.academy\/en\/academicians\/dr-rosmarie-cammany-dorr\/\" \/>\n<meta property=\"og:site_name\" content=\"Royal European Academy of Doctors\" \/>\n<meta property=\"article:publisher\" content=\"http:\/\/fb.me\/raed.academy\" \/>\n<meta property=\"article:modified_time\" content=\"2025-10-13T10:34:42+00:00\" \/>\n<meta name=\"twitter:card\" content=\"summary_large_image\" \/>\n<meta name=\"twitter:site\" content=\"@raedacademy\" \/>\n<meta name=\"twitter:label1\" content=\"Est. reading time\" \/>\n\t<meta name=\"twitter:data1\" content=\"4 minutes\" \/>\n<script type=\"application\/ld+json\" class=\"yoast-schema-graph\">{\"@context\":\"https:\\\/\\\/schema.org\",\"@graph\":[{\"@type\":\"WebPage\",\"@id\":\"https:\\\/\\\/raed.academy\\\/en\\\/academicians\\\/dr-rosmarie-cammany-dorr\\\/\",\"url\":\"https:\\\/\\\/raed.academy\\\/en\\\/academicians\\\/dr-rosmarie-cammany-dorr\\\/\",\"name\":\"Dr. Rosmarie Cammany Dorr | Royal European Academy of Doctors\",\"isPartOf\":{\"@id\":\"https:\\\/\\\/raed.academy\\\/en\\\/#website\"},\"datePublished\":\"2016-09-08T14:10:27+00:00\",\"dateModified\":\"2025-10-13T10:34:42+00:00\",\"breadcrumb\":{\"@id\":\"https:\\\/\\\/raed.academy\\\/en\\\/academicians\\\/dr-rosmarie-cammany-dorr\\\/#breadcrumb\"},\"inLanguage\":\"en-US\",\"potentialAction\":[{\"@type\":\"ReadAction\",\"target\":[\"https:\\\/\\\/raed.academy\\\/en\\\/academicians\\\/dr-rosmarie-cammany-dorr\\\/\"]}]},{\"@type\":\"BreadcrumbList\",\"@id\":\"https:\\\/\\\/raed.academy\\\/en\\\/academicians\\\/dr-rosmarie-cammany-dorr\\\/#breadcrumb\",\"itemListElement\":[{\"@type\":\"ListItem\",\"position\":1,\"name\":\"Inicio\",\"item\":\"https:\\\/\\\/raed.academy\\\/en\\\/\"},{\"@type\":\"ListItem\",\"position\":2,\"name\":\"Acad\u00e9micos\",\"item\":\"https:\\\/\\\/raed.academy\\\/en\\\/academicians\\\/\"},{\"@type\":\"ListItem\",\"position\":3,\"name\":\"Dr. Rosmarie Cammany Dorr\"}]},{\"@type\":\"WebSite\",\"@id\":\"https:\\\/\\\/raed.academy\\\/en\\\/#website\",\"url\":\"https:\\\/\\\/raed.academy\\\/en\\\/\",\"name\":\"Royal European Academy of Doctors\",\"description\":\"Corporaci\u00f3n de derecho p\u00fablico de car\u00e1cter cient\u00edfico, t\u00e9cnico y art\u00edstico, que tiene por objeto la investigaci\u00f3n, el estudio, el fomento y la extensi\u00f3n del conocimiento en su sentido m\u00e1s amplio.\",\"publisher\":{\"@id\":\"https:\\\/\\\/raed.academy\\\/en\\\/#organization\"},\"potentialAction\":[{\"@type\":\"SearchAction\",\"target\":{\"@type\":\"EntryPoint\",\"urlTemplate\":\"https:\\\/\\\/raed.academy\\\/en\\\/?s={search_term_string}\"},\"query-input\":{\"@type\":\"PropertyValueSpecification\",\"valueRequired\":true,\"valueName\":\"search_term_string\"}}],\"inLanguage\":\"en-US\"},{\"@type\":\"Organization\",\"@id\":\"https:\\\/\\\/raed.academy\\\/en\\\/#organization\",\"name\":\"Real Academia Europea de Doctores\",\"url\":\"https:\\\/\\\/raed.academy\\\/en\\\/\",\"logo\":{\"@type\":\"ImageObject\",\"inLanguage\":\"en-US\",\"@id\":\"https:\\\/\\\/raed.academy\\\/en\\\/#\\\/schema\\\/logo\\\/image\\\/\",\"url\":\"https:\\\/\\\/raed.academy\\\/wp-content\\\/uploads\\\/2017\\\/01\\\/cropped-logo_raed.png\",\"contentUrl\":\"https:\\\/\\\/raed.academy\\\/wp-content\\\/uploads\\\/2017\\\/01\\\/cropped-logo_raed.png\",\"width\":512,\"height\":512,\"caption\":\"Real Academia Europea de Doctores\"},\"image\":{\"@id\":\"https:\\\/\\\/raed.academy\\\/en\\\/#\\\/schema\\\/logo\\\/image\\\/\"},\"sameAs\":[\"http:\\\/\\\/fb.me\\\/raed.academy\",\"https:\\\/\\\/x.com\\\/raedacademy\",\"https:\\\/\\\/www.instagram.com\\\/raed.academy\\\/\",\"https:\\\/\\\/www.youtube.com\\\/channel\\\/UCUYQwW2KrdirNWihxMDObwg\"]}]}<\/script>\n<!-- \/ Yoast SEO plugin. -->","yoast_head_json":{"title":"Dr. Rosmarie Cammany Dorr | Royal European Academy of Doctors","robots":{"index":"index","follow":"follow","max-snippet":"max-snippet:-1","max-image-preview":"max-image-preview:large","max-video-preview":"max-video-preview:-1"},"canonical":"https:\/\/raed.academy\/en\/academicians\/dr-rosmarie-cammany-dorr\/","og_locale":"en_US","og_type":"article","og_title":"Dr. Rosmarie Cammany Dorr | Royal European Academy of Doctors","og_description":"La RAED organiza y lleva a cabo una serie de actividades concentradas en mes y medio que contaron con la implicaci\u00f3n activa de numerosos acad\u00e9micos. Recepci\u00f3n de cuatro acad\u00e9micos correspondientes (Stavroula-Ina Piperaki para Grecia, Stephen Zeff y David B. Wilkins para Estados Unidos y Llu\u00eds Vicent Safont para Andorra) Mesa redonda sobre \u00abLa salida de [&hellip;]","og_url":"https:\/\/raed.academy\/en\/academicians\/dr-rosmarie-cammany-dorr\/","og_site_name":"Royal European Academy of Doctors","article_publisher":"http:\/\/fb.me\/raed.academy","article_modified_time":"2025-10-13T10:34:42+00:00","twitter_card":"summary_large_image","twitter_site":"@raedacademy","twitter_misc":{"Est. reading time":"4 minutes"},"schema":{"@context":"https:\/\/schema.org","@graph":[{"@type":"WebPage","@id":"https:\/\/raed.academy\/en\/academicians\/dr-rosmarie-cammany-dorr\/","url":"https:\/\/raed.academy\/en\/academicians\/dr-rosmarie-cammany-dorr\/","name":"Dr. Rosmarie Cammany Dorr | Royal European Academy of Doctors","isPartOf":{"@id":"https:\/\/raed.academy\/en\/#website"},"datePublished":"2016-09-08T14:10:27+00:00","dateModified":"2025-10-13T10:34:42+00:00","breadcrumb":{"@id":"https:\/\/raed.academy\/en\/academicians\/dr-rosmarie-cammany-dorr\/#breadcrumb"},"inLanguage":"en-US","potentialAction":[{"@type":"ReadAction","target":["https:\/\/raed.academy\/en\/academicians\/dr-rosmarie-cammany-dorr\/"]}]},{"@type":"BreadcrumbList","@id":"https:\/\/raed.academy\/en\/academicians\/dr-rosmarie-cammany-dorr\/#breadcrumb","itemListElement":[{"@type":"ListItem","position":1,"name":"Inicio","item":"https:\/\/raed.academy\/en\/"},{"@type":"ListItem","position":2,"name":"Acad\u00e9micos","item":"https:\/\/raed.academy\/en\/academicians\/"},{"@type":"ListItem","position":3,"name":"Dr. Rosmarie Cammany Dorr"}]},{"@type":"WebSite","@id":"https:\/\/raed.academy\/en\/#website","url":"https:\/\/raed.academy\/en\/","name":"Royal European Academy of Doctors","description":"Corporaci\u00f3n de derecho p\u00fablico de car\u00e1cter cient\u00edfico, t\u00e9cnico y art\u00edstico, que tiene por objeto la investigaci\u00f3n, el estudio, el fomento y la extensi\u00f3n del conocimiento en su sentido m\u00e1s amplio.","publisher":{"@id":"https:\/\/raed.academy\/en\/#organization"},"potentialAction":[{"@type":"SearchAction","target":{"@type":"EntryPoint","urlTemplate":"https:\/\/raed.academy\/en\/?s={search_term_string}"},"query-input":{"@type":"PropertyValueSpecification","valueRequired":true,"valueName":"search_term_string"}}],"inLanguage":"en-US"},{"@type":"Organization","@id":"https:\/\/raed.academy\/en\/#organization","name":"Real Academia Europea de Doctores","url":"https:\/\/raed.academy\/en\/","logo":{"@type":"ImageObject","inLanguage":"en-US","@id":"https:\/\/raed.academy\/en\/#\/schema\/logo\/image\/","url":"https:\/\/raed.academy\/wp-content\/uploads\/2017\/01\/cropped-logo_raed.png","contentUrl":"https:\/\/raed.academy\/wp-content\/uploads\/2017\/01\/cropped-logo_raed.png","width":512,"height":512,"caption":"Real Academia Europea de Doctores"},"image":{"@id":"https:\/\/raed.academy\/en\/#\/schema\/logo\/image\/"},"sameAs":["http:\/\/fb.me\/raed.academy","https:\/\/x.com\/raedacademy","https:\/\/www.instagram.com\/raed.academy\/","https:\/\/www.youtube.com\/channel\/UCUYQwW2KrdirNWihxMDObwg"]}]}},"_links":{"self":[{"href":"https:\/\/raed.academy\/en\/wp-json\/wp\/v2\/academico\/8838","targetHints":{"allow":["GET"]}}],"collection":[{"href":"https:\/\/raed.academy\/en\/wp-json\/wp\/v2\/academico"}],"about":[{"href":"https:\/\/raed.academy\/en\/wp-json\/wp\/v2\/types\/academico"}],"wp:attachment":[{"href":"https:\/\/raed.academy\/en\/wp-json\/wp\/v2\/media?parent=8838"}],"wp:term":[{"taxonomy":"secciones","embeddable":true,"href":"https:\/\/raed.academy\/en\/wp-json\/wp\/v2\/secciones?post=8838"},{"taxonomy":"tipo_academico","embeddable":true,"href":"https:\/\/raed.academy\/en\/wp-json\/wp\/v2\/tipo_academico?post=8838"},{"taxonomy":"cargo","embeddable":true,"href":"https:\/\/raed.academy\/en\/wp-json\/wp\/v2\/cargo?post=8838"}],"curies":[{"name":"wp","href":"https:\/\/api.w.org\/{rel}","templated":true}]}}