{"id":7720,"date":"2016-07-14T15:25:12","date_gmt":"2016-07-14T15:25:12","guid":{"rendered":"http:\/\/radd.eu\/?page_id=7720"},"modified":"2025-10-13T13:33:43","modified_gmt":"2025-10-13T13:33:43","slug":"dr-jose-maria-merigo-lindahl","status":"publish","type":"academico","link":"https:\/\/raed.academy\/en\/academicians\/dr-jose-maria-merigo-lindahl\/","title":{"rendered":"Dr. Jos\u00e9 Mar\u00eda Merig\u00f3 Lindahl"},"content":{"rendered":"<p>[et_pb_section fb_built=&#8221;1&#8243; _builder_version=&#8221;4.16&#8243; global_colors_info=&#8221;{}&#8221;][et_pb_row column_structure=&#8221;1_4,3_4&#8243; _builder_version=&#8221;4.16&#8243; background_size=&#8221;initial&#8221; background_position=&#8221;top_left&#8221; background_repeat=&#8221;repeat&#8221; custom_margin=&#8221;0px||0px|&#8221; custom_padding=&#8221;0|0px|0|0px|false|false&#8221; global_colors_info=&#8221;{}&#8221;][et_pb_column type=&#8221;1_4&#8243; _builder_version=&#8221;4.16&#8243; custom_padding=&#8221;|||&#8221; global_colors_info=&#8221;{}&#8221; custom_padding__hover=&#8221;|||&#8221;][et_pb_image src=&#8221;https:\/\/raed.academy\/wp-content\/uploads\/2019\/05\/Dr.-Jos\u00e9-Mar\u00eda-Merig\u00f3-Lindahl.jpg&#8221; show_bottom_space=&#8221;off&#8221; align_tablet=&#8221;center&#8221; align_phone=&#8221;&#8221; align_last_edited=&#8221;on|desktop&#8221; admin_label=&#8221;Imagen &#8211; foto acad\u00e9mico&#8221; _builder_version=&#8221;4.16&#8243; max_width=&#8221;85%&#8221; custom_margin=&#8221;0px||0px|&#8221; custom_padding=&#8221;0px||0px|&#8221; animation_style=&#8221;fold&#8221; border_radii=&#8221;on|6px|6px|6px|6px&#8221; border_width_all=&#8221;2px&#8221; box_shadow_style=&#8221;preset2&#8243; global_colors_info=&#8221;{}&#8221;][\/et_pb_image][\/et_pb_column][et_pb_column type=&#8221;3_4&#8243; _builder_version=&#8221;4.16&#8243; custom_padding=&#8221;|||&#8221; global_colors_info=&#8221;{}&#8221; custom_padding__hover=&#8221;|||&#8221;][et_pb_text module_class=&#8221;infoAcademico&#8221; _builder_version=&#8221;4.27.4&#8243; hover_enabled=&#8221;0&#8243; global_colors_info=&#8221;{}&#8221; sticky_enabled=&#8221;0&#8243;]<\/p>\n<div style=\"border: 2px solid #000; padding: 20px; background: #fff; margin-bottom: 25px; border-radius: 10px; box-shadow: 2px 2px 8px rgba(0,0,0,0.1);\">\n<p><strong>Numerary Member<\/strong><\/p>\n<p><strong>Social Sciences:<\/strong> Doctor in Economics and Business Sciences<\/p>\n<p><strong>Date of admission:<\/strong> May 20, 2014<\/p>\n<p><strong>Admission speech: <\/strong><a href=\"http:\/\/raed.academy\/wp-content\/uploads\/2015\/06\/Discurso-Dr.-Merig\u00f3.pdf\" target=\"_blank\" rel=\"noopener noreferrer\"><strong><em>\u201cThe probabilistic ordered weighted average: theory and applications\u201d<\/em><\/strong><\/a><\/p>\n<p><strong>Reply speech: <\/strong><a href=\"https:\/\/raed.academy\/academicos\/dr-josep-pla-carrera\/\" target=\"_blank\" rel=\"noopener noreferrer\"><strong>Dr. Josep Pla i Carrera, <\/strong><\/a>Doctor in Mathematics<\/p>\n<\/div>\n<p>[\/et_pb_text][\/et_pb_column][\/et_pb_row][et_pb_row use_custom_gutter=&#8221;on&#8221; gutter_width=&#8221;1&#8243; module_class=&#8221;parent-column&#8221; _builder_version=&#8221;4.16&#8243; background_size=&#8221;initial&#8221; background_position=&#8221;top_left&#8221; background_repeat=&#8221;repeat&#8221; max_width=&#8221;1200px&#8221; global_colors_info=&#8221;{}&#8221;][et_pb_column type=&#8221;4_4&#8243; _builder_version=&#8221;4.16&#8243; custom_padding=&#8221;|||&#8221; global_colors_info=&#8221;{}&#8221; custom_padding__hover=&#8221;|||&#8221;][et_pb_divider color=&#8221;#828282&#8243; divider_weight=&#8221;2&#8243; _builder_version=&#8221;4.16&#8243; height=&#8221;2px&#8221; box_shadow_style=&#8221;preset2&#8243; global_colors_info=&#8221;{}&#8221;][\/et_pb_divider][et_pb_tabs _builder_version=&#8221;4.27.4&#8243; hover_enabled=&#8221;0&#8243; global_colors_info=&#8221;{}&#8221; sticky_enabled=&#8221;0&#8243;][et_pb_tab title=&#8221;CURRICULUM VITAE&#8221; _builder_version=&#8221;4.27.4&#8243; hover_enabled=&#8221;0&#8243; global_colors_info=&#8221;{}&#8221; sticky_enabled=&#8221;0&#8243;]<\/p>\n<h2><strong>Dr. JOS\u00c9 M. MERIG\u00d3 LINDHAL<\/strong><\/h2>\n<h3><strong>UNIVERSITY QUALIFICATIONS<\/strong><\/h3>\n<ul>\n<li>Bachelor\u2019s and PhD in Business Studies from the <a href=\"https:\/\/web.ub.edu\/\" target=\"_blank\" rel=\"noopener\"><strong>University of Barcelona (UB)<\/strong><\/a>, awarded with the Extraordinary Doctorate Prize.<\/li>\n<li>Bachelor of Science and Bachelor of Social Science in Economics from <a href=\"https:\/\/www.lu.se\/\" target=\"_blank\" rel=\"noopener\"><strong>Lund University<\/strong><\/a> (Sweden).<\/li>\n<li>Master in European Business Administration and Business Law from <a href=\"https:\/\/www.lu.se\/\" target=\"_blank\" rel=\"noopener\"><strong>Lund University<\/strong><\/a> (Sweden).<\/li>\n<\/ul>\n<h3><strong>ACADEMIC ACTIVITY<\/strong><\/h3>\n<ul>\n<li>His research focuses on aggregation operators, decision-making, uncertainty analysis, computational intelligence, and bibliometrics, as well as their applications in economics and business.<\/li>\n<li>Full Professor at the <a href=\"https:\/\/fen.uchile.cl\/\" target=\"_blank\" rel=\"noopener\"><strong>University of Chile<\/strong><\/a> (currently).<\/li>\n<li>Senior Associate Researcher at the <a href=\"https:\/\/www.alliancembs.manchester.ac.uk\/\" target=\"_blank\" rel=\"noopener\"><strong>Manchester Business School<\/strong><\/a>, <a href=\"https:\/\/www.manchester.ac.uk\/\" target=\"_blank\" rel=\"noopener\"><strong>University of Manchester<\/strong><\/a> (United Kingdom).<\/li>\n<li>Lecturer in Financial Economics and Accounting at the <a href=\"https:\/\/web.ub.edu\/\" target=\"_blank\" rel=\"noopener\"><strong>University of Barcelona<\/strong><\/a>.<\/li>\n<li>Full Professor at the Department of <a href=\"https:\/\/fen.uchile.cl\/\" target=\"_blank\" rel=\"noopener\"><strong>Management Control and Information Systems, University of Chile<\/strong><\/a>.<\/li>\n<\/ul>\n<h3><strong>PUBLICATIONS<\/strong><\/h3>\n<ul>\n<li>Author of more than 300 research works, including over 50 papers published in journals indexed in the <a href=\"https:\/\/mjl.clarivate.com\/home\" target=\"_blank\" rel=\"noopener\"><strong>Web of Science \u2013 Journal Citation Reports (ISI)<\/strong><\/a>.<\/li>\n<li>Publications in prestigious journals such as <em>Information Sciences<\/em>, <em>International Journal of Intelligent Systems<\/em>, <em>Computers &amp; Industrial Engineering<\/em>, <em>Knowledge-Based Systems<\/em>, <em>Expert Systems with Applications<\/em>, <em>European Journal of Operational Research<\/em>, <em>International Journal of Uncertainty, Fuzziness and Knowledge-Based Systems<\/em>, <em>Group Decision and Negotiation<\/em>, <em>Cybernetics &amp; Systems<\/em>, and <em>International Journal of Fuzzy Systems<\/em>.<\/li>\n<li>Author of numerous books, including 5 published by Springer and 2 by World Scientific.<\/li>\n<li>Member of the editorial board of several international journals, including five indexed in ISI: <em>Journal of Business Research<\/em>, <em>Technological and Economic Development of Economy<\/em>, <em>Cybernetics and Systems<\/em>, <em>Studies and Research<\/em>, and <em>Journal of Intelligent &amp; Fuzzy Systems<\/em>.<\/li>\n<li>Regular reviewer for a large number of international scientific journals.<\/li>\n<li>Has participated in a wide range of scientific committees.<\/li>\n<li>Invited speaker at international conferences in the fields of economics, business, and computational intelligence.<\/li>\n<\/ul>\n<div style=\"margin-top: 20px; text-align: left;\"><a href='#' class='small-button smallsilver' target=\"_blank\">Full CV<\/a><\/div>\n<p>[\/et_pb_tab][et_pb_tab title=&#8221;VIDEO&#8221; _builder_version=&#8221;4.16&#8243; _module_preset=&#8221;default&#8221; global_colors_info=&#8221;{}&#8221;]<\/p>\n<p><iframe loading=\"lazy\" title=\"YouTube video player\" src=\"https:\/\/www.youtube.com\/embed\/YNIlVkwy310\" width=\"789\" height=\"444\" frameborder=\"0\" allowfullscreen=\"allowfullscreen\"><\/iframe><\/p>\n<p>[\/et_pb_tab][et_pb_tab title=&#8221;GALLERY&#8221; _builder_version=&#8221;4.16&#8243; global_colors_info=&#8221;{}&#8221;]<\/p>\n<div class=\"divi-module-destination\"> <\/div>\n<p>[\/et_pb_tab][\/et_pb_tabs][et_pb_gallery gallery_ids=&#8221;21122,57994,57982,57985,58000,57991,58003,57988,58006,57997,58009,58021&#8243; posts_number=&#8221;16&#8243; show_title_and_caption=&#8221;off&#8221; show_pagination=&#8221;off&#8221; admin_label=&#8221;Galer\u00eda&#8221; module_class=&#8221;divi-portable-module galeria-pad-1&#8243; _builder_version=&#8221;4.16&#8243; _module_preset=&#8221;default&#8221; locked=&#8221;off&#8221; global_colors_info=&#8221;{}&#8221;][\/et_pb_gallery][et_pb_code admin_label=&#8221;C\u00f3digo&#8221; _builder_version=&#8221;4.27.4&#8243; _module_preset=&#8221;default&#8221; locked=&#8221;off&#8221; global_colors_info=&#8221;{}&#8221;]<script><!-- [et_pb_line_break_holder] -->(function ($) {<!-- [et_pb_line_break_holder] -->  $(document).ready(function () {<!-- [et_pb_line_break_holder] --> <!-- [et_pb_line_break_holder] -->    \/\/ Option #1: Move Divi Module(s) into a Module<!-- [et_pb_line_break_holder] -->    \/\/ Limit: One Instance per Column<!-- [et_pb_line_break_holder] -->    \/\/ Use following code if you want to move <!-- [et_pb_line_break_holder] -->    \/\/ a module inside another module. Each column with the<!-- [et_pb_line_break_holder] -->    \/\/ class 'parent-column' will append any module(s)<!-- [et_pb_line_break_holder] -->    \/\/ with the class 'divi-portable-module' to the div<!-- [et_pb_line_break_holder] -->    \/\/ with the class 'divi-module-destination'.<!-- [et_pb_line_break_holder] -->    \/\/ Only one instance of 'divi-module-destination' should<!-- [et_pb_line_break_holder] -->    \/\/ be added per column.<!-- [et_pb_line_break_holder] -->    $('.divi-portable-module').each(function () {<!-- [et_pb_line_break_holder] -->      $(this).closest('.parent-column').find('.divi-module-destination').append($(this));<!-- [et_pb_line_break_holder] -->    });<!-- [et_pb_line_break_holder] -->     <!-- [et_pb_line_break_holder] -->    \/\/ Buttons: Insert Button Module(s) into a Module<!-- [et_pb_line_break_holder] -->    \/\/ Adding a custom CSS class to a button module<!-- [et_pb_line_break_holder] -->    \/\/ is applied to the 'a' tag which is a child element<!-- [et_pb_line_break_holder] -->    \/\/ of the module wrapper. This code makes sure to append<!-- [et_pb_line_break_holder] -->    \/\/ the entire button module wrapper (the parent element)<!-- [et_pb_line_break_holder] -->    \/\/ as well. This functionality is the same as option #3 above.<!-- [et_pb_line_break_holder] -->    \/\/ Siimply use the class 'divi-portable-button' on a button module<!-- [et_pb_line_break_holder] -->    \/\/ instead of 'divi-portable-module'.<!-- [et_pb_line_break_holder] -->    $('.divi-portable-button').parent().each(function () {<!-- [et_pb_line_break_holder] -->      $(this).closest('.parent-column').find('.divi-module-destination').append($(this));<!-- [et_pb_line_break_holder] -->    });<!-- [et_pb_line_break_holder] --> <!-- [et_pb_line_break_holder] -->    \/\/ Option #2: Move Divi Row(s) into a Module<!-- [et_pb_line_break_holder] -->    \/\/ Limit: One Instance per Section<!-- [et_pb_line_break_holder] -->    \/\/ Use the following code if you want to move <!-- [et_pb_line_break_holder] -->    \/\/ a row inside a module on more than one section<!-- [et_pb_line_break_holder] -->    \/\/ of a page. Each section with the<!-- [et_pb_line_break_holder] -->    \/\/ class 'parent-section' will append any row(s)<!-- [et_pb_line_break_holder] -->    \/\/ with the class 'divi-portable-row' to the div<!-- [et_pb_line_break_holder] -->    \/\/ with the class 'divi-row-destination'.<!-- [et_pb_line_break_holder] -->    \/\/ Only one instance of 'divi-row-destination' should<!-- [et_pb_line_break_holder] -->    \/\/ be added per section.<!-- [et_pb_line_break_holder] -->    $('.divi-portable-row').each(function () {<!-- [et_pb_line_break_holder] -->      $(this).closest('.parent-section').find('.divi-row-destination').append($(this));<!-- [et_pb_line_break_holder] -->    });<!-- [et_pb_line_break_holder] --> <!-- [et_pb_line_break_holder] -->  });<!-- [et_pb_line_break_holder] -->})(jQuery);<!-- [et_pb_line_break_holder] --><\/script>[\/et_pb_code][\/et_pb_column][\/et_pb_row][\/et_pb_section]<\/p>\n","protected":false},"featured_media":0,"template":"","meta":{"_et_pb_use_builder":"on","_et_pb_old_content":"<div class=\"infoAcademico\"><br \/> <a href=\"http:\/\/raed.academy\/wp-content\/uploads\/2015\/06\/dr.-merigo.png\" rel=\"attachment wp-att-2659\"><img class=\"alignleft wp-image-2659\" src=\"http:\/\/raed.academy\/wp-content\/uploads\/2015\/06\/dr.-merigo-203x300.png\" alt=\"dr. merigo\" width=\"172\" height=\"255\" \/><\/a><p><strong>Acad\u00e8mic Numerari<\/strong><\/p><p><strong>Ci\u00e8ncies Socials:<\/strong> Dr. en Econ\u00f2miques i Empresarials<\/p><p><strong>Data d'ingr\u00e9s:\u00a0<\/strong>\u00a020\/05\/2014<\/p><p><strong>Discurs d'ingr\u00e9s:<\/strong>\u00a0<a style=\"color: #0000ff; text-decoration: underline;\" href=\"http:\/\/raed.academy\/wp-content\/uploads\/2015\/06\/Discurso-Dr.-Merig\u00f3.pdf\" target=\"_blank\" rel=\"noopener\">La media ponderada ordenada probabil\u00edstica: Teor\u00eda y aplicaciones<\/a><\/p><p><strong>Discurs de resposta:\u00a0<\/strong><a href=\"http:\/\/raed.academy\/4026-2\/\" target=\"_blank\" rel=\"noopener\">Dr. Josep Pla i Carrera<\/a><\/p><hr \/><\/div><div class=\"CVacadcemico\"><h2>CURRICULUM VITAE<\/h2><p>Jos\u00e9 M. Merig\u00f3 \u00e9s un catedr\u00e0tic del Departament de Control de Gesti\u00f3 i Sistemes d\u2019Informaci\u00f3 de la Universitat de Xile. Anteriorment va ser Investigador Associat S\u00e9nior a la Manchester Business School de la Universitat de Manchester (Regne Unit) i Professor Lector en Economia Financera i Comptabilitat de la Universitat de Barcelona (Espanya). \u00c9s Llicenciat i Doctor (amb premi extraordinari) en Estudis Empresarials per la FB, Bachelor of Science, Bachelor of Social Science in Economics i Master in European Business Administration and Business Law per la Lund University (Su\u00e9cia). De la seva activitat investigadora, es destaca la publicaci\u00f3 de m\u00e9s de 300 treballs de recerca incloent m\u00e9s de 50 articles en revistes indexades al Web of Science - Journal Citation Reports (ISI) com Information Sciences, International Journal of Intelligent Systems, Computers & Industrial Engineering , Knowledge-Based Systems, Expert Systems with Applications, European Journal of Operational Research, International Journal of Uncertainty, Fuzziness and Knowledge-Based Systems, Group Decision and Negotiation, Cybernetics & Systems i International Journal of Fuzzy Systems. Ha publicat molts llibres incloent 5 amb Springer i 2 amb World Scientific. Pertany al consell editorial de moltes revistes internacionals incloent cinc indexades ISI: Journal of Business Research, Technological and Economic Development of Economy, International Journal of Fuzzy Systems, Economic Computation and Economic Cybernetics Studies and Research and Journal of Intelligent & Fuzzy Systems. Ha participat en una gran varietat de comit\u00e9s cient\u00edfics i ha servit com a revisor en un gran nombre de revistes. Actualment est\u00e1 interessat en operadors d\u2019agregaci\u00f3, presa de decisions, incertesa, intel\u00b7lig\u00e9ncia computacional, bibliometria i aplicacions en economia i empresa.<\/p><h2>CURRICULUM VITAE EXTENS<\/h2><h2>DISCURS D'INGR\u00c9S<\/h2><h3><a href=\"http:\/\/raed.academy\/wp-content\/uploads\/2016\/09\/pdf-icon-e1474394924415.png\"><img class=\"alignnone size-full wp-image-10697\" src=\"http:\/\/raed.academy\/wp-content\/uploads\/2016\/09\/pdf-icon-e1474394924415.png\" alt=\"pdf-icon\" width=\"30\" height=\"30\" \/><\/a>\u00a0 \u00a0<\/h3><h2>ALTRES PUBLICACIONS<\/h2><h2>V\u00cdDEO<\/h2><h2>GALERIA DE FOTOGRAFIES<\/h2><p>[images picture_size=\"fixed\" lightbox=\"yes\" class=\"\" id=\"\"][image link=\"\" linktarget=\"_self\" image=\"http:\/\/raed.academy\/wp-content\/uploads\/2015\/06\/DSC00280-150x150-foto1.jpg\" alt=\"\"][image link=\"\" linktarget=\"_self\" image=\"http:\/\/raed.academy\/wp-content\/uploads\/2015\/06\/DSC00275-150x150-foto2.jpg\" alt=\"\"][image link=\"\" linktarget=\"_self\" image=\"http:\/\/raed.academy\/wp-content\/uploads\/2015\/06\/DSC00271-150x150-foto3.jpg\" alt=\"\"][image link=\"\" linktarget=\"_self\" image=\"http:\/\/raed.academy\/wp-content\/uploads\/2015\/06\/DSC00246-150x150-foto4.jpg\" alt=\"\"][\/images][images picture_size=\"fixed\" lightbox=\"yes\" class=\"\" id=\"\"][image link=\"\" linktarget=\"_self\" image=\"http:\/\/raed.academy\/wp-content\/uploads\/2015\/06\/DSC00210-150x150-foto5.jpg\" alt=\"\"][image link=\"\" linktarget=\"_self\" image=\"http:\/\/raed.academy\/wp-content\/uploads\/2015\/06\/DSC00192-150x150-foto6.jpg\" alt=\"\"][image link=\"\" linktarget=\"_self\" image=\"http:\/\/raed.academy\/wp-content\/uploads\/2015\/06\/DSC00186-150x150-foto7.jpg\" alt=\"\"][image link=\"\" linktarget=\"_self\" image=\"http:\/\/raed.academy\/wp-content\/uploads\/2015\/06\/DSC00179-150x150-foto8.jpg\" alt=\"\"][\/images][images picture_size=\"fixed\" lightbox=\"yes\" class=\"\" id=\"\"][image link=\"\" linktarget=\"_self\" image=\"http:\/\/raed.academy\/wp-content\/uploads\/2015\/06\/DSC00178-150x150-foto9.jpg\" alt=\"\"][image link=\"\" linktarget=\"_self\" image=\"http:\/\/raed.academy\/wp-content\/uploads\/2015\/06\/DSC00165-150x150-foto10.jpg\" alt=\"\"][image link=\"\" linktarget=\"_self\" image=\"http:\/\/raed.academy\/wp-content\/uploads\/2015\/06\/DSC00160-150x150-foto11.jpg\" alt=\"\"][image link=\"\" linktarget=\"_self\" image=\"http:\/\/raed.academy\/wp-content\/uploads\/2015\/06\/DSC00159-150x150-foto12.jpg\" alt=\"\"][\/images]<\/p><\/div>","_et_gb_content_width":""},"secciones":[],"tipo_academico":[],"cargo":[],"class_list":["post-7720","academico","type-academico","status-publish","hentry"],"yoast_head":"<!-- This site is optimized with the Yoast SEO plugin v27.4 - https:\/\/yoast.com\/product\/yoast-seo-wordpress\/ -->\n<title>Dr. Jos\u00e9 Mar\u00eda Merig\u00f3 Lindahl - Royal European Academy of Doctors<\/title>\n<meta name=\"robots\" content=\"index, follow, max-snippet:-1, max-image-preview:large, max-video-preview:-1\" \/>\n<link rel=\"canonical\" href=\"https:\/\/raed.academy\/en\/academicians\/dr-jose-maria-merigo-lindahl\/\" \/>\n<meta property=\"og:locale\" content=\"en_US\" \/>\n<meta property=\"og:type\" content=\"article\" \/>\n<meta property=\"og:title\" content=\"Dr. Jos\u00e9 Mar\u00eda Merig\u00f3 Lindahl - Royal European Academy of Doctors\" \/>\n<meta property=\"og:description\" content=\"Numerary Member Social Sciences: Doctor in Economics and Business Sciences Date of admission: May 20, 2014 Admission speech: \u201cThe probabilistic ordered weighted average: theory and applications\u201d Reply speech: Dr. Josep Pla i Carrera, Doctor in Mathematics Dr. JOS\u00c9 M. MERIG\u00d3 LINDHAL UNIVERSITY QUALIFICATIONS Bachelor\u2019s and PhD in Business Studies from the University of Barcelona (UB), [&hellip;]\" \/>\n<meta property=\"og:url\" content=\"https:\/\/raed.academy\/en\/academicians\/dr-jose-maria-merigo-lindahl\/\" \/>\n<meta property=\"og:site_name\" content=\"Royal European Academy of Doctors\" \/>\n<meta property=\"article:publisher\" content=\"http:\/\/fb.me\/raed.academy\" \/>\n<meta property=\"article:modified_time\" content=\"2025-10-13T13:33:43+00:00\" \/>\n<meta name=\"twitter:card\" content=\"summary_large_image\" \/>\n<meta name=\"twitter:site\" content=\"@raedacademy\" \/>\n<meta name=\"twitter:label1\" content=\"Est. reading time\" \/>\n\t<meta name=\"twitter:data1\" content=\"5 minutes\" \/>\n<script type=\"application\/ld+json\" class=\"yoast-schema-graph\">{\"@context\":\"https:\\\/\\\/schema.org\",\"@graph\":[{\"@type\":\"WebPage\",\"@id\":\"https:\\\/\\\/raed.academy\\\/en\\\/academicians\\\/dr-jose-maria-merigo-lindahl\\\/\",\"url\":\"https:\\\/\\\/raed.academy\\\/en\\\/academicians\\\/dr-jose-maria-merigo-lindahl\\\/\",\"name\":\"Dr. Jos\u00e9 Mar\u00eda Merig\u00f3 Lindahl - Royal European Academy of Doctors\",\"isPartOf\":{\"@id\":\"https:\\\/\\\/raed.academy\\\/en\\\/#website\"},\"datePublished\":\"2016-07-14T15:25:12+00:00\",\"dateModified\":\"2025-10-13T13:33:43+00:00\",\"breadcrumb\":{\"@id\":\"https:\\\/\\\/raed.academy\\\/en\\\/academicians\\\/dr-jose-maria-merigo-lindahl\\\/#breadcrumb\"},\"inLanguage\":\"en-US\",\"potentialAction\":[{\"@type\":\"ReadAction\",\"target\":[\"https:\\\/\\\/raed.academy\\\/en\\\/academicians\\\/dr-jose-maria-merigo-lindahl\\\/\"]}]},{\"@type\":\"BreadcrumbList\",\"@id\":\"https:\\\/\\\/raed.academy\\\/en\\\/academicians\\\/dr-jose-maria-merigo-lindahl\\\/#breadcrumb\",\"itemListElement\":[{\"@type\":\"ListItem\",\"position\":1,\"name\":\"Inicio\",\"item\":\"https:\\\/\\\/raed.academy\\\/en\\\/\"},{\"@type\":\"ListItem\",\"position\":2,\"name\":\"Acad\u00e9micos\",\"item\":\"https:\\\/\\\/raed.academy\\\/en\\\/academicians\\\/\"},{\"@type\":\"ListItem\",\"position\":3,\"name\":\"Dr. Jos\u00e9 Mar\u00eda Merig\u00f3 Lindahl\"}]},{\"@type\":\"WebSite\",\"@id\":\"https:\\\/\\\/raed.academy\\\/en\\\/#website\",\"url\":\"https:\\\/\\\/raed.academy\\\/en\\\/\",\"name\":\"Royal European Academy of Doctors\",\"description\":\"Corporaci\u00f3n de derecho p\u00fablico de car\u00e1cter cient\u00edfico, t\u00e9cnico y art\u00edstico, que tiene por objeto la investigaci\u00f3n, el estudio, el fomento y la extensi\u00f3n del conocimiento en su sentido m\u00e1s amplio.\",\"publisher\":{\"@id\":\"https:\\\/\\\/raed.academy\\\/en\\\/#organization\"},\"potentialAction\":[{\"@type\":\"SearchAction\",\"target\":{\"@type\":\"EntryPoint\",\"urlTemplate\":\"https:\\\/\\\/raed.academy\\\/en\\\/?s={search_term_string}\"},\"query-input\":{\"@type\":\"PropertyValueSpecification\",\"valueRequired\":true,\"valueName\":\"search_term_string\"}}],\"inLanguage\":\"en-US\"},{\"@type\":\"Organization\",\"@id\":\"https:\\\/\\\/raed.academy\\\/en\\\/#organization\",\"name\":\"Real Academia Europea de Doctores\",\"url\":\"https:\\\/\\\/raed.academy\\\/en\\\/\",\"logo\":{\"@type\":\"ImageObject\",\"inLanguage\":\"en-US\",\"@id\":\"https:\\\/\\\/raed.academy\\\/en\\\/#\\\/schema\\\/logo\\\/image\\\/\",\"url\":\"https:\\\/\\\/raed.academy\\\/wp-content\\\/uploads\\\/2017\\\/01\\\/cropped-logo_raed.png\",\"contentUrl\":\"https:\\\/\\\/raed.academy\\\/wp-content\\\/uploads\\\/2017\\\/01\\\/cropped-logo_raed.png\",\"width\":512,\"height\":512,\"caption\":\"Real Academia Europea de Doctores\"},\"image\":{\"@id\":\"https:\\\/\\\/raed.academy\\\/en\\\/#\\\/schema\\\/logo\\\/image\\\/\"},\"sameAs\":[\"http:\\\/\\\/fb.me\\\/raed.academy\",\"https:\\\/\\\/x.com\\\/raedacademy\",\"https:\\\/\\\/www.instagram.com\\\/raed.academy\\\/\",\"https:\\\/\\\/www.youtube.com\\\/channel\\\/UCUYQwW2KrdirNWihxMDObwg\"]}]}<\/script>\n<!-- \/ Yoast SEO plugin. -->","yoast_head_json":{"title":"Dr. Jos\u00e9 Mar\u00eda Merig\u00f3 Lindahl - Royal European Academy of Doctors","robots":{"index":"index","follow":"follow","max-snippet":"max-snippet:-1","max-image-preview":"max-image-preview:large","max-video-preview":"max-video-preview:-1"},"canonical":"https:\/\/raed.academy\/en\/academicians\/dr-jose-maria-merigo-lindahl\/","og_locale":"en_US","og_type":"article","og_title":"Dr. Jos\u00e9 Mar\u00eda Merig\u00f3 Lindahl - Royal European Academy of Doctors","og_description":"La RAED organiza y lleva a cabo una serie de actividades concentradas en mes y medio que contaron con la implicaci\u00f3n activa de numerosos acad\u00e9micos. Recepci\u00f3n de cuatro acad\u00e9micos correspondientes (Stavroula-Ina Piperaki para Grecia, Stephen Zeff y David B. Wilkins para Estados Unidos y Llu\u00eds Vicent Safont para Andorra) Mesa redonda sobre \u00abLa salida de [&hellip;]","og_url":"https:\/\/raed.academy\/en\/academicians\/dr-jose-maria-merigo-lindahl\/","og_site_name":"Royal European Academy of Doctors","article_publisher":"http:\/\/fb.me\/raed.academy","article_modified_time":"2025-10-13T13:33:43+00:00","twitter_card":"summary_large_image","twitter_site":"@raedacademy","twitter_misc":{"Est. reading time":"5 minutes"},"schema":{"@context":"https:\/\/schema.org","@graph":[{"@type":"WebPage","@id":"https:\/\/raed.academy\/en\/academicians\/dr-jose-maria-merigo-lindahl\/","url":"https:\/\/raed.academy\/en\/academicians\/dr-jose-maria-merigo-lindahl\/","name":"Dr. Jos\u00e9 Mar\u00eda Merig\u00f3 Lindahl - Royal European Academy of Doctors","isPartOf":{"@id":"https:\/\/raed.academy\/en\/#website"},"datePublished":"2016-07-14T15:25:12+00:00","dateModified":"2025-10-13T13:33:43+00:00","breadcrumb":{"@id":"https:\/\/raed.academy\/en\/academicians\/dr-jose-maria-merigo-lindahl\/#breadcrumb"},"inLanguage":"en-US","potentialAction":[{"@type":"ReadAction","target":["https:\/\/raed.academy\/en\/academicians\/dr-jose-maria-merigo-lindahl\/"]}]},{"@type":"BreadcrumbList","@id":"https:\/\/raed.academy\/en\/academicians\/dr-jose-maria-merigo-lindahl\/#breadcrumb","itemListElement":[{"@type":"ListItem","position":1,"name":"Inicio","item":"https:\/\/raed.academy\/en\/"},{"@type":"ListItem","position":2,"name":"Acad\u00e9micos","item":"https:\/\/raed.academy\/en\/academicians\/"},{"@type":"ListItem","position":3,"name":"Dr. Jos\u00e9 Mar\u00eda Merig\u00f3 Lindahl"}]},{"@type":"WebSite","@id":"https:\/\/raed.academy\/en\/#website","url":"https:\/\/raed.academy\/en\/","name":"Royal European Academy of Doctors","description":"Corporaci\u00f3n de derecho p\u00fablico de car\u00e1cter cient\u00edfico, t\u00e9cnico y art\u00edstico, que tiene por objeto la investigaci\u00f3n, el estudio, el fomento y la extensi\u00f3n del conocimiento en su sentido m\u00e1s amplio.","publisher":{"@id":"https:\/\/raed.academy\/en\/#organization"},"potentialAction":[{"@type":"SearchAction","target":{"@type":"EntryPoint","urlTemplate":"https:\/\/raed.academy\/en\/?s={search_term_string}"},"query-input":{"@type":"PropertyValueSpecification","valueRequired":true,"valueName":"search_term_string"}}],"inLanguage":"en-US"},{"@type":"Organization","@id":"https:\/\/raed.academy\/en\/#organization","name":"Real Academia Europea de Doctores","url":"https:\/\/raed.academy\/en\/","logo":{"@type":"ImageObject","inLanguage":"en-US","@id":"https:\/\/raed.academy\/en\/#\/schema\/logo\/image\/","url":"https:\/\/raed.academy\/wp-content\/uploads\/2017\/01\/cropped-logo_raed.png","contentUrl":"https:\/\/raed.academy\/wp-content\/uploads\/2017\/01\/cropped-logo_raed.png","width":512,"height":512,"caption":"Real Academia Europea de Doctores"},"image":{"@id":"https:\/\/raed.academy\/en\/#\/schema\/logo\/image\/"},"sameAs":["http:\/\/fb.me\/raed.academy","https:\/\/x.com\/raedacademy","https:\/\/www.instagram.com\/raed.academy\/","https:\/\/www.youtube.com\/channel\/UCUYQwW2KrdirNWihxMDObwg"]}]}},"_links":{"self":[{"href":"https:\/\/raed.academy\/en\/wp-json\/wp\/v2\/academico\/7720","targetHints":{"allow":["GET"]}}],"collection":[{"href":"https:\/\/raed.academy\/en\/wp-json\/wp\/v2\/academico"}],"about":[{"href":"https:\/\/raed.academy\/en\/wp-json\/wp\/v2\/types\/academico"}],"wp:attachment":[{"href":"https:\/\/raed.academy\/en\/wp-json\/wp\/v2\/media?parent=7720"}],"wp:term":[{"taxonomy":"secciones","embeddable":true,"href":"https:\/\/raed.academy\/en\/wp-json\/wp\/v2\/secciones?post=7720"},{"taxonomy":"tipo_academico","embeddable":true,"href":"https:\/\/raed.academy\/en\/wp-json\/wp\/v2\/tipo_academico?post=7720"},{"taxonomy":"cargo","embeddable":true,"href":"https:\/\/raed.academy\/en\/wp-json\/wp\/v2\/cargo?post=7720"}],"curies":[{"name":"wp","href":"https:\/\/api.w.org\/{rel}","templated":true}]}}