{"id":46226,"date":"2018-06-04T14:21:05","date_gmt":"2018-06-04T14:21:05","guid":{"rendered":"http:\/\/raed.academy\/?page_id=46226"},"modified":"2025-10-13T15:40:18","modified_gmt":"2025-10-13T15:40:18","slug":"dr-juan-vicente-sola","status":"publish","type":"academico","link":"https:\/\/raed.academy\/en\/academicians\/dr-juan-vicente-sola\/","title":{"rendered":"Hon. Mr. Dr. Juan Vicente Sola"},"content":{"rendered":"<p>[et_pb_section fb_built=&#8221;1&#8243; _builder_version=&#8221;4.16&#8243; global_colors_info=&#8221;{}&#8221;][et_pb_row column_structure=&#8221;1_4,3_4&#8243; _builder_version=&#8221;4.25.0&#8243; background_size=&#8221;initial&#8221; background_position=&#8221;top_left&#8221; background_repeat=&#8221;repeat&#8221; max_width=&#8221;1400px&#8221; custom_margin=&#8221;0px||0px|&#8221; custom_padding=&#8221;0|0px|0|0px|false|false&#8221; global_colors_info=&#8221;{}&#8221;][et_pb_column type=&#8221;1_4&#8243; _builder_version=&#8221;4.16&#8243; custom_padding=&#8221;|||&#8221; global_colors_info=&#8221;{}&#8221; custom_padding__hover=&#8221;|||&#8221;][et_pb_image src=&#8221;https:\/\/raed.academy\/wp-content\/uploads\/2018\/06\/acto-ingreso-Juan-Vicente-Sola-450px-cast.jpg&#8221; alt=&#8221;Dr. Juan Vicente Sola&#8221; title_text=&#8221;Dr. Juan Vicente Sola&#8221; show_bottom_space=&#8221;off&#8221; align_tablet=&#8221;center&#8221; align_phone=&#8221;&#8221; align_last_edited=&#8221;on|desktop&#8221; admin_label=&#8221;Imagen &#8211; foto acad\u00e9mico&#8221; _builder_version=&#8221;4.25.0&#8243; max_width=&#8221;200px&#8221; custom_margin=&#8221;0px||40px||false|false&#8221; custom_padding=&#8221;0px||0px|&#8221; animation_style=&#8221;fold&#8221; border_radii=&#8221;on|6px|6px|6px|6px&#8221; border_width_all=&#8221;2px&#8221; box_shadow_style=&#8221;preset2&#8243; global_colors_info=&#8221;{}&#8221;][\/et_pb_image][\/et_pb_column][et_pb_column type=&#8221;3_4&#8243; _builder_version=&#8221;4.16&#8243; custom_padding=&#8221;|||&#8221; global_colors_info=&#8221;{}&#8221; custom_padding__hover=&#8221;|||&#8221;][et_pb_text module_class=&#8221;infoAcademico&#8221; _builder_version=&#8221;4.27.4&#8243; hover_enabled=&#8221;0&#8243; global_colors_info=&#8221;{}&#8221; sticky_enabled=&#8221;0&#8243;]<\/p>\n<div style=\"border: 2px solid #000; padding: 20px; background: #fff; margin-bottom: 25px; border-radius: 10px; box-shadow: 2px 2px 8px rgba(0,0,0,0.1);\">\n<p><strong>Supernumerary Member<\/strong><\/p>\n<p><strong>Human Sciences:<\/strong> PhD in Philosophy and Humanities<\/p>\n<p><strong>Date of admission:<\/strong> February 12, 2008<\/p>\n<p><strong>Admission speech:<\/strong> <a href=\"http:\/\/raed.academy\/wp-content\/uploads\/2015\/06\/discurs-llibre.pdf\" target=\"_blank\" rel=\"noopener noreferrer\"><strong><em>\u201cGuillem de Guimer\u00e0, friar of the hospital, President of the Generalitat and Grand Prior of Catalonia\u201d<\/em><\/strong><\/a><\/p>\n<p><strong>Reply speech:<\/strong> <strong>Dr. Jos\u00e9 E. Ruiz Dom\u00e8nec<\/strong><\/p>\n<\/div>\n<p>[\/et_pb_text][\/et_pb_column][\/et_pb_row][et_pb_row use_custom_gutter=&#8221;on&#8221; gutter_width=&#8221;1&#8243; module_class=&#8221;parent-column&#8221; _builder_version=&#8221;4.25.0&#8243; background_size=&#8221;initial&#8221; background_position=&#8221;top_left&#8221; background_repeat=&#8221;repeat&#8221; max_width=&#8221;1400px&#8221; global_colors_info=&#8221;{}&#8221;][et_pb_column type=&#8221;4_4&#8243; _builder_version=&#8221;4.16&#8243; custom_padding=&#8221;|||&#8221; global_colors_info=&#8221;{}&#8221; custom_padding__hover=&#8221;|||&#8221;][et_pb_divider color=&#8221;#828282&#8243; divider_weight=&#8221;2&#8243; _builder_version=&#8221;4.16&#8243; height=&#8221;2px&#8221; box_shadow_style=&#8221;preset2&#8243; global_colors_info=&#8221;{}&#8221;][\/et_pb_divider][et_pb_tabs _builder_version=&#8221;4.27.4&#8243; hover_enabled=&#8221;0&#8243; global_colors_info=&#8221;{}&#8221; sticky_enabled=&#8221;0&#8243;][et_pb_tab title=&#8221;CURRICULUM VITAE&#8221; _builder_version=&#8221;4.27.4&#8243; hover_enabled=&#8221;0&#8243; global_colors_info=&#8221;{}&#8221; sticky_enabled=&#8221;0&#8243;]<\/p>\n<h2><strong>Dr. JUAN VICENTE SOLA<\/strong><\/h2>\n<h3><strong>UNIVERSITY QUALIFICATIONS<\/strong><\/h3>\n<ul>\n<li>PhD in Law and Social Sciences.<\/li>\n<li><em>Dipl\u00f4me<\/em> from the <a href=\"https:\/\/www.graduateinstitute.ch\/\" target=\"_blank\" rel=\"noopener\"><strong>Graduate Institute of International and Development Studies<\/strong><\/a>, Geneva.<\/li>\n<li><em>Dipl\u00f4me de Hautes \u00c9tudes Europ\u00e9ennes<\/em>, Coll\u00e8ge Michel Servet, <a href=\"https:\/\/www.pantheonsorbonne.fr\/\" target=\"_blank\" rel=\"noopener\"><strong>Universit\u00e9 Paris I Panth\u00e9on-Sorbonne<\/strong><\/a>.<\/li>\n<li>PhD in Economics (Eseade), <em>Cum Laude<\/em>.<\/li>\n<\/ul>\n<h3><strong>TEACHING ACTIVITY<\/strong><\/h3>\n<ul>\n<li>Full Professor of Constitutional Law at the <a href=\"http:\/\/www.derecho.uba.ar\/\" target=\"_blank\" rel=\"noopener\"><strong>University of Buenos Aires<\/strong><\/a> (UBA).<\/li>\n<li>Professor in the Doctoral Programme in Law (UBA).<\/li>\n<li>Director of the Master\u2019s in Law and Economics (UBA).<\/li>\n<li>Director of the Center for Law and Economics Studies at the University of Buenos Aires.<\/li>\n<\/ul>\n<h3><strong>ACADEMIC ACTIVITY<\/strong><\/h3>\n<ul>\n<li>Numerary Member of the <a href=\"https:\/\/www.ancmyp.org.ar\/\" target=\"_blank\" rel=\"noopener\"><strong>National Academy of Moral and Political Sciences of Argentina<\/strong><\/a>, where he heads the Institute of Social Sciences Methodology.<\/li>\n<li>Corresponding Member of the <a href=\"https:\/\/racmyp.es\/\" target=\"_blank\" rel=\"noopener\"><strong>Royal Academy of Moral and Political Sciences of Spain<\/strong><\/a>.<\/li>\n<li>Numerary Member of the <a href=\"https:\/\/raed.academy\/en\/\" target=\"_blank\" rel=\"noopener\"><strong>Royal European Academy of Doctors (RAED)<\/strong><\/a>, Barcelona.<\/li>\n<\/ul>\n<h3><strong>PROFESSIONAL ACTIVITY<\/strong><\/h3>\n<ul>\n<li>Deputy Judge of the Federal Chamber for Administrative Litigation.<\/li>\n<li>Member of the <a href=\"https:\/\/capitalism.columbia.edu\/\" target=\"_blank\" rel=\"noopener\"><strong>Center on Capitalism and Society<\/strong><\/a>, <a href=\"https:\/\/www.columbia.edu\/\" target=\"_blank\" rel=\"noopener\"><strong>Columbia University<\/strong><\/a>, where he lectures annually.<\/li>\n<li>Has shared panels with Nobel Prize laureates Amartya Sen, Robert Shiller, Hahnemann and Edmund Phelps.<\/li>\n<li>Speaker at international congresses: <em>The Future of Europe<\/em>, <a href=\"https:\/\/www.ox.ac.uk\/\" target=\"_blank\" rel=\"noopener\"><strong>Oxford University<\/strong><\/a> (2016); <em>The Age of Individualism<\/em>, Columbia University (2017).<\/li>\n<li><em>Amicus Curiae<\/em> before the Supreme Court of Argentina in landmark cases (Grupo Clar\u00edn v. National Government, Google Inc., R\u00edo Atuel, religious education in Salta, dispute over Laguna La Picasa, among others).<\/li>\n<\/ul>\n<h3><strong>PUBLICATIONS<\/strong><\/h3>\n<ul>\n<li><em>El control judicial de constitucionalidad<\/em>.<\/li>\n<li><em>Tratado de Derecho Constitucional<\/em> (5 vols.).<\/li>\n<li><em>Tratado de Derecho y Econom\u00eda<\/em> (3 vols.).<\/li>\n<li><em>La Corte Suprema. El nuevo proceso constitucional<\/em>.<\/li>\n<\/ul>\n<h3><strong>AWARDS AND HONOURS<\/strong><\/h3>\n<ul>\n<li><em>Eisenhower Fellow<\/em> (1988).<\/li>\n<li>Konex Award for the Best Jurist of the Decade in Constitutional Law (2016).<\/li>\n<li>National Foreign Service Institute \u2013 Gold Medal for Academic Excellence.<\/li>\n<\/ul>\n<p>[\/et_pb_tab][et_pb_tab title=&#8221;VIDEO&#8221; _builder_version=&#8221;4.16&#8243; global_colors_info=&#8221;{}&#8221;]<\/p>\n<h3>Video summary<\/h3>\n<\/p>\n<h3>Complete video<\/h3>\n<p>\u00a0<\/p>\n<p>[\/et_pb_tab][et_pb_tab title=&#8221;GALLERY&#8221; _builder_version=&#8221;4.16&#8243; global_colors_info=&#8221;{}&#8221;]<\/p>\n<div class=\"divi-module-destination\">\u00a0<\/div>\n<p>[\/et_pb_tab][\/et_pb_tabs][et_pb_gallery gallery_ids=&#8221;46208,46209,46210,46211,46212,46213,46214,46215,46216,46217&#8243; posts_number=&#8221;16&#8243; show_title_and_caption=&#8221;off&#8221; show_pagination=&#8221;off&#8221; admin_label=&#8221;Galer\u00eda&#8221; module_class=&#8221;divi-portable-module galeria-pad-1&#8243; _builder_version=&#8221;4.16&#8243; _module_preset=&#8221;default&#8221; locked=&#8221;off&#8221; global_colors_info=&#8221;{}&#8221;][\/et_pb_gallery][et_pb_code admin_label=&#8221;C\u00f3digo&#8221; _builder_version=&#8221;4.27.4&#8243; _module_preset=&#8221;default&#8221; hover_enabled=&#8221;0&#8243; locked=&#8221;off&#8221; global_colors_info=&#8221;{}&#8221; sticky_enabled=&#8221;0&#8243;]<script><!-- [et_pb_line_break_holder] -->(function ($) {<!-- [et_pb_line_break_holder] -->  $(document).ready(function () {<!-- [et_pb_line_break_holder] --> <!-- [et_pb_line_break_holder] -->    \/\/ Option #1: Move Divi Module(s) into a Module<!-- [et_pb_line_break_holder] -->    \/\/ Limit: One Instance per Column<!-- [et_pb_line_break_holder] -->    \/\/ Use following code if you want to move <!-- [et_pb_line_break_holder] -->    \/\/ a module inside another module. Each column with the<!-- [et_pb_line_break_holder] -->    \/\/ class 'parent-column' will append any module(s)<!-- [et_pb_line_break_holder] -->    \/\/ with the class 'divi-portable-module' to the div<!-- [et_pb_line_break_holder] -->    \/\/ with the class 'divi-module-destination'.<!-- [et_pb_line_break_holder] -->    \/\/ Only one instance of 'divi-module-destination' should<!-- [et_pb_line_break_holder] -->    \/\/ be added per column.<!-- [et_pb_line_break_holder] -->    $('.divi-portable-module').each(function () {<!-- [et_pb_line_break_holder] -->      $(this).closest('.parent-column').find('.divi-module-destination').append($(this));<!-- [et_pb_line_break_holder] -->    });<!-- [et_pb_line_break_holder] -->     <!-- [et_pb_line_break_holder] -->    \/\/ Buttons: Insert Button Module(s) into a Module<!-- [et_pb_line_break_holder] -->    \/\/ Adding a custom CSS class to a button module<!-- [et_pb_line_break_holder] -->    \/\/ is applied to the 'a' tag which is a child element<!-- [et_pb_line_break_holder] -->    \/\/ of the module wrapper. This code makes sure to append<!-- [et_pb_line_break_holder] -->    \/\/ the entire button module wrapper (the parent element)<!-- [et_pb_line_break_holder] -->    \/\/ as well. This functionality is the same as option #3 above.<!-- [et_pb_line_break_holder] -->    \/\/ Siimply use the class 'divi-portable-button' on a button module<!-- [et_pb_line_break_holder] -->    \/\/ instead of 'divi-portable-module'.<!-- [et_pb_line_break_holder] -->    $('.divi-portable-button').parent().each(function () {<!-- [et_pb_line_break_holder] -->      $(this).closest('.parent-column').find('.divi-module-destination').append($(this));<!-- [et_pb_line_break_holder] -->    });<!-- [et_pb_line_break_holder] --> <!-- [et_pb_line_break_holder] -->    \/\/ Option #2: Move Divi Row(s) into a Module<!-- [et_pb_line_break_holder] -->    \/\/ Limit: One Instance per Section<!-- [et_pb_line_break_holder] -->    \/\/ Use the following code if you want to move <!-- [et_pb_line_break_holder] -->    \/\/ a row inside a module on more than one section<!-- [et_pb_line_break_holder] -->    \/\/ of a page. Each section with the<!-- [et_pb_line_break_holder] -->    \/\/ class 'parent-section' will append any row(s)<!-- [et_pb_line_break_holder] -->    \/\/ with the class 'divi-portable-row' to the div<!-- [et_pb_line_break_holder] -->    \/\/ with the class 'divi-row-destination'.<!-- [et_pb_line_break_holder] -->    \/\/ Only one instance of 'divi-row-destination' should<!-- [et_pb_line_break_holder] -->    \/\/ be added per section.<!-- [et_pb_line_break_holder] -->    $('.divi-portable-row').each(function () {<!-- [et_pb_line_break_holder] -->      $(this).closest('.parent-section').find('.divi-row-destination').append($(this));<!-- [et_pb_line_break_holder] -->    });<!-- [et_pb_line_break_holder] --> <!-- [et_pb_line_break_holder] -->  });<!-- [et_pb_line_break_holder] -->})(jQuery);<!-- [et_pb_line_break_holder] --><\/script>[\/et_pb_code][\/et_pb_column][\/et_pb_row][\/et_pb_section]<\/p>\n","protected":false},"featured_media":0,"template":"","meta":{"_et_pb_use_builder":"on","_et_pb_old_content":"","_et_gb_content_width":""},"secciones":[],"tipo_academico":[],"cargo":[],"class_list":["post-46226","academico","type-academico","status-publish","hentry"],"yoast_head":"<!-- This site is optimized with the Yoast SEO plugin v27.5 - https:\/\/yoast.com\/product\/yoast-seo-wordpress\/ -->\n<title>Hon. Mr. Dr. Juan Vicente Sola - Royal European Academy of Doctors<\/title>\n<meta name=\"robots\" content=\"index, follow, max-snippet:-1, max-image-preview:large, max-video-preview:-1\" \/>\n<link rel=\"canonical\" href=\"https:\/\/raed.academy\/en\/academicians\/dr-juan-vicente-sola\/\" \/>\n<meta property=\"og:locale\" content=\"en_US\" \/>\n<meta property=\"og:type\" content=\"article\" \/>\n<meta property=\"og:title\" content=\"Hon. Mr. Dr. Juan Vicente Sola - Royal European Academy of Doctors\" \/>\n<meta property=\"og:description\" content=\"Supernumerary Member Human Sciences: PhD in Philosophy and Humanities Date of admission: February 12, 2008 Admission speech: \u201cGuillem de Guimer\u00e0, friar of the hospital, President of the Generalitat and Grand Prior of Catalonia\u201d Reply speech: Dr. Jos\u00e9 E. Ruiz Dom\u00e8nec Dr. JUAN VICENTE SOLA UNIVERSITY QUALIFICATIONS PhD in Law and Social Sciences. Dipl\u00f4me from the [&hellip;]\" \/>\n<meta property=\"og:url\" content=\"https:\/\/raed.academy\/en\/academicians\/dr-juan-vicente-sola\/\" \/>\n<meta property=\"og:site_name\" content=\"Royal European Academy of Doctors\" \/>\n<meta property=\"article:publisher\" content=\"http:\/\/fb.me\/raed.academy\" \/>\n<meta property=\"article:modified_time\" content=\"2025-10-13T15:40:18+00:00\" \/>\n<meta name=\"twitter:card\" content=\"summary_large_image\" \/>\n<meta name=\"twitter:site\" content=\"@raedacademy\" \/>\n<meta name=\"twitter:label1\" content=\"Est. reading time\" \/>\n\t<meta name=\"twitter:data1\" content=\"4 minutes\" \/>\n<script type=\"application\/ld+json\" class=\"yoast-schema-graph\">{\"@context\":\"https:\\\/\\\/schema.org\",\"@graph\":[{\"@type\":\"WebPage\",\"@id\":\"https:\\\/\\\/raed.academy\\\/en\\\/academicians\\\/dr-juan-vicente-sola\\\/\",\"url\":\"https:\\\/\\\/raed.academy\\\/en\\\/academicians\\\/dr-juan-vicente-sola\\\/\",\"name\":\"Hon. Mr. Dr. Juan Vicente Sola - Royal European Academy of Doctors\",\"isPartOf\":{\"@id\":\"https:\\\/\\\/raed.academy\\\/en\\\/#website\"},\"datePublished\":\"2018-06-04T14:21:05+00:00\",\"dateModified\":\"2025-10-13T15:40:18+00:00\",\"breadcrumb\":{\"@id\":\"https:\\\/\\\/raed.academy\\\/en\\\/academicians\\\/dr-juan-vicente-sola\\\/#breadcrumb\"},\"inLanguage\":\"en-US\",\"potentialAction\":[{\"@type\":\"ReadAction\",\"target\":[\"https:\\\/\\\/raed.academy\\\/en\\\/academicians\\\/dr-juan-vicente-sola\\\/\"]}]},{\"@type\":\"BreadcrumbList\",\"@id\":\"https:\\\/\\\/raed.academy\\\/en\\\/academicians\\\/dr-juan-vicente-sola\\\/#breadcrumb\",\"itemListElement\":[{\"@type\":\"ListItem\",\"position\":1,\"name\":\"Inicio\",\"item\":\"https:\\\/\\\/raed.academy\\\/en\\\/\"},{\"@type\":\"ListItem\",\"position\":2,\"name\":\"Acad\u00e9micos\",\"item\":\"https:\\\/\\\/raed.academy\\\/en\\\/academicians\\\/\"},{\"@type\":\"ListItem\",\"position\":3,\"name\":\"Hon. Mr. Dr. Juan Vicente Sola\"}]},{\"@type\":\"WebSite\",\"@id\":\"https:\\\/\\\/raed.academy\\\/en\\\/#website\",\"url\":\"https:\\\/\\\/raed.academy\\\/en\\\/\",\"name\":\"Royal European Academy of Doctors\",\"description\":\"Corporaci\u00f3n de derecho p\u00fablico de car\u00e1cter cient\u00edfico, t\u00e9cnico y art\u00edstico, que tiene por objeto la investigaci\u00f3n, el estudio, el fomento y la extensi\u00f3n del conocimiento en su sentido m\u00e1s amplio.\",\"publisher\":{\"@id\":\"https:\\\/\\\/raed.academy\\\/en\\\/#organization\"},\"potentialAction\":[{\"@type\":\"SearchAction\",\"target\":{\"@type\":\"EntryPoint\",\"urlTemplate\":\"https:\\\/\\\/raed.academy\\\/en\\\/?s={search_term_string}\"},\"query-input\":{\"@type\":\"PropertyValueSpecification\",\"valueRequired\":true,\"valueName\":\"search_term_string\"}}],\"inLanguage\":\"en-US\"},{\"@type\":\"Organization\",\"@id\":\"https:\\\/\\\/raed.academy\\\/en\\\/#organization\",\"name\":\"Real Academia Europea de Doctores\",\"url\":\"https:\\\/\\\/raed.academy\\\/en\\\/\",\"logo\":{\"@type\":\"ImageObject\",\"inLanguage\":\"en-US\",\"@id\":\"https:\\\/\\\/raed.academy\\\/en\\\/#\\\/schema\\\/logo\\\/image\\\/\",\"url\":\"https:\\\/\\\/raed.academy\\\/wp-content\\\/uploads\\\/2017\\\/01\\\/cropped-logo_raed.png\",\"contentUrl\":\"https:\\\/\\\/raed.academy\\\/wp-content\\\/uploads\\\/2017\\\/01\\\/cropped-logo_raed.png\",\"width\":512,\"height\":512,\"caption\":\"Real Academia Europea de Doctores\"},\"image\":{\"@id\":\"https:\\\/\\\/raed.academy\\\/en\\\/#\\\/schema\\\/logo\\\/image\\\/\"},\"sameAs\":[\"http:\\\/\\\/fb.me\\\/raed.academy\",\"https:\\\/\\\/x.com\\\/raedacademy\",\"https:\\\/\\\/www.instagram.com\\\/raed.academy\\\/\",\"https:\\\/\\\/www.youtube.com\\\/channel\\\/UCUYQwW2KrdirNWihxMDObwg\"]}]}<\/script>\n<!-- \/ Yoast SEO plugin. -->","yoast_head_json":{"title":"Hon. Mr. Dr. Juan Vicente Sola - Royal European Academy of Doctors","robots":{"index":"index","follow":"follow","max-snippet":"max-snippet:-1","max-image-preview":"max-image-preview:large","max-video-preview":"max-video-preview:-1"},"canonical":"https:\/\/raed.academy\/en\/academicians\/dr-juan-vicente-sola\/","og_locale":"en_US","og_type":"article","og_title":"Hon. Mr. Dr. Juan Vicente Sola - Royal European Academy of Doctors","og_description":"La RAED organiza y lleva a cabo una serie de actividades concentradas en mes y medio que contaron con la implicaci\u00f3n activa de numerosos acad\u00e9micos. Recepci\u00f3n de cuatro acad\u00e9micos correspondientes (Stavroula-Ina Piperaki para Grecia, Stephen Zeff y David B. Wilkins para Estados Unidos y Llu\u00eds Vicent Safont para Andorra) Mesa redonda sobre \u00abLa salida de [&hellip;]","og_url":"https:\/\/raed.academy\/en\/academicians\/dr-juan-vicente-sola\/","og_site_name":"Royal European Academy of Doctors","article_publisher":"http:\/\/fb.me\/raed.academy","article_modified_time":"2025-10-13T15:40:18+00:00","twitter_card":"summary_large_image","twitter_site":"@raedacademy","twitter_misc":{"Est. reading time":"4 minutes"},"schema":{"@context":"https:\/\/schema.org","@graph":[{"@type":"WebPage","@id":"https:\/\/raed.academy\/en\/academicians\/dr-juan-vicente-sola\/","url":"https:\/\/raed.academy\/en\/academicians\/dr-juan-vicente-sola\/","name":"Hon. Mr. Dr. Juan Vicente Sola - Royal European Academy of Doctors","isPartOf":{"@id":"https:\/\/raed.academy\/en\/#website"},"datePublished":"2018-06-04T14:21:05+00:00","dateModified":"2025-10-13T15:40:18+00:00","breadcrumb":{"@id":"https:\/\/raed.academy\/en\/academicians\/dr-juan-vicente-sola\/#breadcrumb"},"inLanguage":"en-US","potentialAction":[{"@type":"ReadAction","target":["https:\/\/raed.academy\/en\/academicians\/dr-juan-vicente-sola\/"]}]},{"@type":"BreadcrumbList","@id":"https:\/\/raed.academy\/en\/academicians\/dr-juan-vicente-sola\/#breadcrumb","itemListElement":[{"@type":"ListItem","position":1,"name":"Inicio","item":"https:\/\/raed.academy\/en\/"},{"@type":"ListItem","position":2,"name":"Acad\u00e9micos","item":"https:\/\/raed.academy\/en\/academicians\/"},{"@type":"ListItem","position":3,"name":"Hon. Mr. Dr. Juan Vicente Sola"}]},{"@type":"WebSite","@id":"https:\/\/raed.academy\/en\/#website","url":"https:\/\/raed.academy\/en\/","name":"Royal European Academy of Doctors","description":"Corporaci\u00f3n de derecho p\u00fablico de car\u00e1cter cient\u00edfico, t\u00e9cnico y art\u00edstico, que tiene por objeto la investigaci\u00f3n, el estudio, el fomento y la extensi\u00f3n del conocimiento en su sentido m\u00e1s amplio.","publisher":{"@id":"https:\/\/raed.academy\/en\/#organization"},"potentialAction":[{"@type":"SearchAction","target":{"@type":"EntryPoint","urlTemplate":"https:\/\/raed.academy\/en\/?s={search_term_string}"},"query-input":{"@type":"PropertyValueSpecification","valueRequired":true,"valueName":"search_term_string"}}],"inLanguage":"en-US"},{"@type":"Organization","@id":"https:\/\/raed.academy\/en\/#organization","name":"Real Academia Europea de Doctores","url":"https:\/\/raed.academy\/en\/","logo":{"@type":"ImageObject","inLanguage":"en-US","@id":"https:\/\/raed.academy\/en\/#\/schema\/logo\/image\/","url":"https:\/\/raed.academy\/wp-content\/uploads\/2017\/01\/cropped-logo_raed.png","contentUrl":"https:\/\/raed.academy\/wp-content\/uploads\/2017\/01\/cropped-logo_raed.png","width":512,"height":512,"caption":"Real Academia Europea de Doctores"},"image":{"@id":"https:\/\/raed.academy\/en\/#\/schema\/logo\/image\/"},"sameAs":["http:\/\/fb.me\/raed.academy","https:\/\/x.com\/raedacademy","https:\/\/www.instagram.com\/raed.academy\/","https:\/\/www.youtube.com\/channel\/UCUYQwW2KrdirNWihxMDObwg"]}]}},"_links":{"self":[{"href":"https:\/\/raed.academy\/en\/wp-json\/wp\/v2\/academico\/46226","targetHints":{"allow":["GET"]}}],"collection":[{"href":"https:\/\/raed.academy\/en\/wp-json\/wp\/v2\/academico"}],"about":[{"href":"https:\/\/raed.academy\/en\/wp-json\/wp\/v2\/types\/academico"}],"wp:attachment":[{"href":"https:\/\/raed.academy\/en\/wp-json\/wp\/v2\/media?parent=46226"}],"wp:term":[{"taxonomy":"secciones","embeddable":true,"href":"https:\/\/raed.academy\/en\/wp-json\/wp\/v2\/secciones?post=46226"},{"taxonomy":"tipo_academico","embeddable":true,"href":"https:\/\/raed.academy\/en\/wp-json\/wp\/v2\/tipo_academico?post=46226"},{"taxonomy":"cargo","embeddable":true,"href":"https:\/\/raed.academy\/en\/wp-json\/wp\/v2\/cargo?post=46226"}],"curies":[{"name":"wp","href":"https:\/\/api.w.org\/{rel}","templated":true}]}}