{"id":42386,"date":"2018-03-01T16:42:57","date_gmt":"2018-03-01T16:42:57","guid":{"rendered":"http:\/\/raed.academy\/?page_id=42386"},"modified":"2025-11-03T07:59:19","modified_gmt":"2025-11-03T07:59:19","slug":"dr-maria-del-mar-alonso-almeida","status":"publish","type":"academico","link":"https:\/\/raed.academy\/en\/academicians\/dr-maria-del-mar-alonso-almeida\/","title":{"rendered":"Dr. Mar\u00eda del Mar Alonso Almeida"},"content":{"rendered":"<p>[et_pb_section fb_built=&#8221;1&#8243; _builder_version=&#8221;4.16&#8243; min_height=&#8221;2215.2px&#8221; custom_margin=&#8221;-3px|||||&#8221; custom_padding=&#8221;0px|||||&#8221; global_colors_info=&#8221;{}&#8221;][et_pb_row column_structure=&#8221;1_4,3_4&#8243; _builder_version=&#8221;4.27.3&#8243; max_width=&#8221;1400px&#8221; custom_padding=&#8221;0|0px|40px|0px|false|false&#8221; global_colors_info=&#8221;{}&#8221; use_custom_gutter=&#8221;on&#8221; gutter_width=&#8221;2&#8243; background_size=&#8221;initial&#8221; background_position=&#8221;top_left&#8221; background_repeat=&#8221;repeat&#8221;][et_pb_column type=&#8221;1_4&#8243; _builder_version=&#8221;4.16&#8243; custom_padding=&#8221;|||&#8221; global_colors_info=&#8221;{}&#8221; custom_padding__hover=&#8221;|||&#8221;][et_pb_image src=&#8221;https:\/\/raed.academy\/wp-content\/uploads\/2018\/02\/Mar-Alonso-Almeida-pf.jpg&#8221; show_bottom_space=&#8221;off&#8221; align_tablet=&#8221;center&#8221; align_phone=&#8221;&#8221; align_last_edited=&#8221;on|desktop&#8221; admin_label=&#8221;Imagen &#8211; foto acad\u00e9mico&#8221; _builder_version=&#8221;4.27.4&#8243; width=&#8221;90%&#8221; max_width=&#8221;230%&#8221; custom_margin=&#8221;0px||0px|&#8221; custom_padding=&#8221;0px||0px|&#8221; animation_style=&#8221;fold&#8221; border_radii=&#8221;on|6px|6px|6px|6px&#8221; border_width_all=&#8221;2px&#8221; box_shadow_style=&#8221;preset2&#8243; global_colors_info=&#8221;{}&#8221;][\/et_pb_image][\/et_pb_column][et_pb_column type=&#8221;3_4&#8243; _builder_version=&#8221;4.16&#8243; custom_padding=&#8221;|||&#8221; global_colors_info=&#8221;{}&#8221; custom_padding__hover=&#8221;|||&#8221;][et_pb_text module_class=&#8221;infoAcademico&#8221; _builder_version=&#8221;4.27.4&#8243; custom_padding=&#8221;|||0px||&#8221; global_colors_info=&#8221;{}&#8221; custom_margin=&#8221;|||-44px||&#8221;]<\/p>\n<div style=\"border: 2px solid #2c3e50; padding: 20px; background: #fff; margin-bottom: 25px; border-radius: 10px; box-shadow: 2px 2px 8px rgba(0,0,0,0.1);\">\n<p><strong>Numerary Member<\/strong><\/p>\n<p><strong>Social Sciences:<\/strong> PhD in Economics and Business Studies<\/p>\n<p><strong>Date of admission:<\/strong> 27 February 2018<\/p>\n<p><strong>Admission speech: <em><a href=\"http:\/\/raed.academy\/wp-content\/uploads\/2018\/02\/discurso-ingreso-Mar-Alonso-Almeida-El-nuevo-materialismo-del-siglo-xxi-Luces-y-sombras.pdf\" target=\"_blank\" rel=\"noopener\">&#8220;<\/a><a href=\"http:\/\/raed.academy\/wp-content\/uploads\/2018\/02\/discurso-ingreso-Mar-Alonso-Almeida-El-nuevo-materialismo-del-siglo-xxi-Luces-y-sombras.pdf\" target=\"_blank\" rel=\"noopener noreferrer\">The New Materialism of the 21st Century: Lights and Shadows&#8221;<\/a><\/em><\/strong><\/p>\n<p><strong>Reply speech: <\/strong><a href=\"http:\/\/raed.academy\/academicos\/dr-juan-pedro-aznar-alarcon\/\" target=\"_blank\" rel=\"noopener noreferrer\"><strong>Hon. Dr. Pedro Aznar Alarc\u00f3n<\/strong><\/a>, PhD in Economics<\/p>\n<p><strong data-start=\"829\" data-end=\"854\">Distinguished career: <\/strong>Expert in corporate sustainability, responsible tourism, and ethical management. Her research promotes the integration of the Sustainable Development Goals into business strategy and the creation of social value through responsible management.<\/p>\n<\/div>\n<p>[\/et_pb_text][\/et_pb_column][\/et_pb_row][et_pb_row use_custom_gutter=&#8221;on&#8221; gutter_width=&#8221;1&#8243; module_class=&#8221;parent-column&#8221; _builder_version=&#8221;4.27.3&#8243; background_size=&#8221;initial&#8221; background_position=&#8221;top_left&#8221; background_repeat=&#8221;repeat&#8221; max_width=&#8221;1400px&#8221; global_colors_info=&#8221;{}&#8221; custom_padding=&#8221;0px|||||&#8221;][et_pb_column type=&#8221;4_4&#8243; _builder_version=&#8221;4.16&#8243; custom_padding=&#8221;|||&#8221; global_colors_info=&#8221;{}&#8221; custom_padding__hover=&#8221;|||&#8221;][et_pb_divider color=&#8221;#828282&#8243; divider_weight=&#8221;2&#8243; _builder_version=&#8221;4.16&#8243; height=&#8221;2px&#8221; box_shadow_style=&#8221;preset2&#8243; global_colors_info=&#8221;{}&#8221; custom_margin=&#8221;-33px|||||&#8221;][\/et_pb_divider][et_pb_tabs _builder_version=&#8221;4.27.4&#8243; global_colors_info=&#8221;{}&#8221;][et_pb_tab title=&#8221;CURRICULUM VITAE&#8221; _builder_version=&#8221;4.27.4&#8243; global_colors_info=&#8221;{}&#8221;]<\/p>\n<h2><strong>Dr. MAR\u00cdA DEL MAR ALONSO ALMEIDA<\/strong><\/h2>\n<h3><strong>UNIVERSITY EDUCATION<\/strong><\/h3>\n<ul>\n<li>Degree in Business Administration, Market Research and Techniques, and Law.<\/li>\n<li>PhD in Economics and Business Studies from the <a href=\"https:\/\/www.uam.es\/\" target=\"_blank\" rel=\"noopener\"><strong>Universidad Aut\u00f3noma de Madrid (UAM)<\/strong><\/a>, specialising in Business Organization (2007).<\/li>\n<li>Two Advanced Studies Diplomas (Accounting and Business Organization; Business Law).<\/li>\n<li>Accredited as Associate Professor by the <a href=\"https:\/\/www.aneca.es\/\" target=\"_blank\" rel=\"noopener\"><strong>ANECA<\/strong><\/a> (2012).<\/li>\n<li>European Quality Manager certified by the <a href=\"https:\/\/www.efqm.org\/\" target=\"_blank\" rel=\"noopener\"><strong>EFQM<\/strong><\/a>.<\/li>\n<\/ul>\n<h3><strong>TEACHING AND ACADEMIC ACTIVITY<\/strong><\/h3>\n<ul>\n<li>Has taught courses in Tourism, Business Administration, Law, Marketing and Chemical Engineering.<\/li>\n<li>Participant in the Executive Development Master\u2019s Programme at the <a href=\"https:\/\/www.uam.es\/\" target=\"_blank\" rel=\"noopener\"><strong>UAM<\/strong><\/a> (2006\u20132012).<\/li>\n<li>Supervision and co-supervision of doctoral theses, dissertations, and master\u2019s and bachelor\u2019s projects.<\/li>\n<li>Coordinator of the Official Master\u2019s in Business Administration at the <a href=\"https:\/\/www.uam.es\/\" target=\"_blank\" rel=\"noopener\"><strong>UAM<\/strong><\/a> (since 2014).<\/li>\n<li>Coordinator of the Tutorial Action Plan of the Faculty of Economics and Business (2011\u20132014).<\/li>\n<li>Member of the Quality Assurance Committee and the Faculty Board.<\/li>\n<li>Professor at the Faculty of Economics and Business of the <a href=\"https:\/\/www.uam.es\/\" target=\"_blank\" rel=\"noopener\"><strong>Universidad Aut\u00f3noma de Madrid<\/strong><\/a> since 2006, currently a Tenured Lecturer (Profesora Contratada Doctora).<\/li>\n<li>Adjunct Professor at the <a href=\"https:\/\/www.uc3m.es\/\" target=\"_blank\" rel=\"noopener\"><strong>Universidad Carlos III de Madrid<\/strong><\/a> (2003\u20132006).<\/li>\n<\/ul>\n<h3><strong>SCIENTIFIC AND PROFESSIONAL WORK<\/strong><\/h3>\n<ul>\n<li>Author of more than 40 articles in JCR journals, including <em>Cornell Hospitality Quarterly<\/em>, <em>Journal of Cleaner Production<\/em>, <em>Journal of Business Ethics<\/em>, and <em>Tourism Management<\/em>.<\/li>\n<li>Contributor to professional publications such as <em>F\u00f2rum Qualitat<\/em> and <em>Hosteltur<\/em>.<\/li>\n<\/ul>\n<h3><strong>AWARDS AND HONOURS<\/strong><\/h3>\n<ul>\n<li>One recognised six-year research period (2007\u20132012).<\/li>\n<li>Two five-year teaching periods (2005\u20132014).<\/li>\n<\/ul>\n<p>[\/et_pb_tab][et_pb_tab title=&#8221;VIDEO&#8221; _builder_version=&#8221;4.16&#8243; global_colors_info=&#8221;{}&#8221;]<\/p>\n<h3>Video summary<\/h3>\n<\/p>\n<h3>Complete video<\/h3>\n<\/p>\n<p>[\/et_pb_tab][et_pb_tab title=&#8221;GALLERY&#8221; _builder_version=&#8221;4.16&#8243; global_colors_info=&#8221;{}&#8221;]<\/p>\n<div class=\"divi-module-destination\"> <\/div>\n<p>[\/et_pb_tab][\/et_pb_tabs][et_pb_gallery gallery_ids=&#8221;42306,42307,42275,42269,42273,42274,42270,42272&#8243; posts_number=&#8221;16&#8243; show_title_and_caption=&#8221;off&#8221; show_pagination=&#8221;off&#8221; admin_label=&#8221;Galer\u00eda&#8221; module_class=&#8221;divi-portable-module galeria-pad-1&#8243; _builder_version=&#8221;4.27.4&#8243; _module_preset=&#8221;default&#8221; locked=&#8221;off&#8221; global_colors_info=&#8221;{}&#8221;][\/et_pb_gallery][et_pb_code _builder_version=&#8221;4.27.4&#8243; _module_preset=&#8221;default&#8221; locked=&#8221;off&#8221; global_colors_info=&#8221;{}&#8221;]<script><!-- [et_pb_line_break_holder] -->(function ($) {<!-- [et_pb_line_break_holder] -->  $(document).ready(function () {<!-- [et_pb_line_break_holder] --> <!-- [et_pb_line_break_holder] -->    \/\/ Option #1: Move Divi Module(s) into a Module<!-- [et_pb_line_break_holder] -->    \/\/ Limit: One Instance per Column<!-- [et_pb_line_break_holder] -->    \/\/ Use following code if you want to move <!-- [et_pb_line_break_holder] -->    \/\/ a module inside another module. Each column with the<!-- [et_pb_line_break_holder] -->    \/\/ class 'parent-column' will append any module(s)<!-- [et_pb_line_break_holder] -->    \/\/ with the class 'divi-portable-module' to the div<!-- [et_pb_line_break_holder] -->    \/\/ with the class 'divi-module-destination'.<!-- [et_pb_line_break_holder] -->    \/\/ Only one instance of 'divi-module-destination' should<!-- [et_pb_line_break_holder] -->    \/\/ be added per column.<!-- [et_pb_line_break_holder] -->    $('.divi-portable-module').each(function () {<!-- [et_pb_line_break_holder] -->      $(this).closest('.parent-column').find('.divi-module-destination').append($(this));<!-- [et_pb_line_break_holder] -->    });<!-- [et_pb_line_break_holder] -->     <!-- [et_pb_line_break_holder] -->    \/\/ Buttons: Insert Button Module(s) into a Module<!-- [et_pb_line_break_holder] -->    \/\/ Adding a custom CSS class to a button module<!-- [et_pb_line_break_holder] -->    \/\/ is applied to the 'a' tag which is a child element<!-- [et_pb_line_break_holder] -->    \/\/ of the module wrapper. This code makes sure to append<!-- [et_pb_line_break_holder] -->    \/\/ the entire button module wrapper (the parent element)<!-- [et_pb_line_break_holder] -->    \/\/ as well. This functionality is the same as option #3 above.<!-- [et_pb_line_break_holder] -->    \/\/ Siimply use the class 'divi-portable-button' on a button module<!-- [et_pb_line_break_holder] -->    \/\/ instead of 'divi-portable-module'.<!-- [et_pb_line_break_holder] -->    $('.divi-portable-button').parent().each(function () {<!-- [et_pb_line_break_holder] -->      $(this).closest('.parent-column').find('.divi-module-destination').append($(this));<!-- [et_pb_line_break_holder] -->    });<!-- [et_pb_line_break_holder] --> <!-- [et_pb_line_break_holder] -->    \/\/ Option #2: Move Divi Row(s) into a Module<!-- [et_pb_line_break_holder] -->    \/\/ Limit: One Instance per Section<!-- [et_pb_line_break_holder] -->    \/\/ Use the following code if you want to move <!-- [et_pb_line_break_holder] -->    \/\/ a row inside a module on more than one section<!-- [et_pb_line_break_holder] -->    \/\/ of a page. Each section with the<!-- [et_pb_line_break_holder] -->    \/\/ class 'parent-section' will append any row(s)<!-- [et_pb_line_break_holder] -->    \/\/ with the class 'divi-portable-row' to the div<!-- [et_pb_line_break_holder] -->    \/\/ with the class 'divi-row-destination'.<!-- [et_pb_line_break_holder] -->    \/\/ Only one instance of 'divi-row-destination' should<!-- [et_pb_line_break_holder] -->    \/\/ be added per section.<!-- [et_pb_line_break_holder] -->    $('.divi-portable-row').each(function () {<!-- [et_pb_line_break_holder] -->      $(this).closest('.parent-section').find('.divi-row-destination').append($(this));<!-- [et_pb_line_break_holder] -->    });<!-- [et_pb_line_break_holder] --> <!-- [et_pb_line_break_holder] -->  });<!-- [et_pb_line_break_holder] -->})(jQuery);<!-- [et_pb_line_break_holder] --><\/script><!-- [et_pb_line_break_holder] -->[\/et_pb_code][\/et_pb_column][\/et_pb_row][\/et_pb_section]<\/p>\n","protected":false},"featured_media":54009,"template":"","meta":{"_et_pb_use_builder":"on","_et_pb_old_content":"","_et_gb_content_width":""},"secciones":[700,548],"tipo_academico":[747],"cargo":[],"class_list":["post-42386","academico","type-academico","status-publish","has-post-thumbnail","hentry","secciones-business-administration-and-management","secciones-social-sciences","tipo_academico-numerary-member"],"yoast_head":"<!-- This site is optimized with the Yoast SEO plugin v27.4 - https:\/\/yoast.com\/product\/yoast-seo-wordpress\/ -->\n<title>Dr. Mar\u00eda del Mar Alonso Almeida - Royal European Academy of Doctors<\/title>\n<meta name=\"robots\" content=\"index, follow, max-snippet:-1, max-image-preview:large, max-video-preview:-1\" \/>\n<link rel=\"canonical\" href=\"https:\/\/raed.academy\/en\/academicians\/dr-maria-del-mar-alonso-almeida\/\" \/>\n<meta property=\"og:locale\" content=\"en_US\" \/>\n<meta property=\"og:type\" content=\"article\" \/>\n<meta property=\"og:title\" content=\"Dr. Mar\u00eda del Mar Alonso Almeida - Royal European Academy of Doctors\" \/>\n<meta property=\"og:description\" content=\"Numerary Member Social Sciences: PhD in Economics and Business Studies Date of admission: 27 February 2018 Admission speech: &quot;The New Materialism of the 21st Century: Lights and Shadows&quot; Reply speech: Hon. Dr. Pedro Aznar Alarc\u00f3n, PhD in Economics Distinguished career: Expert in corporate sustainability, responsible tourism, and ethical management. Her research promotes the integration of [&hellip;]\" \/>\n<meta property=\"og:url\" content=\"https:\/\/raed.academy\/en\/academicians\/dr-maria-del-mar-alonso-almeida\/\" \/>\n<meta property=\"og:site_name\" content=\"Royal European Academy of Doctors\" \/>\n<meta property=\"article:publisher\" content=\"http:\/\/fb.me\/raed.academy\" \/>\n<meta property=\"article:modified_time\" content=\"2025-11-03T07:59:19+00:00\" \/>\n<meta property=\"og:image\" content=\"https:\/\/raed.academy\/wp-content\/uploads\/2018\/02\/acto-ingreso-dra-Mar-Alonso-Almeida-5.jpg\" \/>\n\t<meta property=\"og:image:width\" content=\"800\" \/>\n\t<meta property=\"og:image:height\" content=\"533\" \/>\n\t<meta property=\"og:image:type\" content=\"image\/jpeg\" \/>\n<meta name=\"twitter:card\" content=\"summary_large_image\" \/>\n<meta name=\"twitter:site\" content=\"@raedacademy\" \/>\n<meta name=\"twitter:label1\" content=\"Est. reading time\" \/>\n\t<meta name=\"twitter:data1\" content=\"4 minutes\" \/>\n<script type=\"application\/ld+json\" class=\"yoast-schema-graph\">{\"@context\":\"https:\\\/\\\/schema.org\",\"@graph\":[{\"@type\":\"WebPage\",\"@id\":\"https:\\\/\\\/raed.academy\\\/en\\\/academicians\\\/dr-maria-del-mar-alonso-almeida\\\/\",\"url\":\"https:\\\/\\\/raed.academy\\\/en\\\/academicians\\\/dr-maria-del-mar-alonso-almeida\\\/\",\"name\":\"Dr. Mar\u00eda del Mar Alonso Almeida - Royal European Academy of Doctors\",\"isPartOf\":{\"@id\":\"https:\\\/\\\/raed.academy\\\/en\\\/#website\"},\"primaryImageOfPage\":{\"@id\":\"https:\\\/\\\/raed.academy\\\/en\\\/academicians\\\/dr-maria-del-mar-alonso-almeida\\\/#primaryimage\"},\"image\":{\"@id\":\"https:\\\/\\\/raed.academy\\\/en\\\/academicians\\\/dr-maria-del-mar-alonso-almeida\\\/#primaryimage\"},\"thumbnailUrl\":\"https:\\\/\\\/raed.academy\\\/wp-content\\\/uploads\\\/2018\\\/02\\\/acto-ingreso-dra-Mar-Alonso-Almeida-5.jpg\",\"datePublished\":\"2018-03-01T16:42:57+00:00\",\"dateModified\":\"2025-11-03T07:59:19+00:00\",\"breadcrumb\":{\"@id\":\"https:\\\/\\\/raed.academy\\\/en\\\/academicians\\\/dr-maria-del-mar-alonso-almeida\\\/#breadcrumb\"},\"inLanguage\":\"en-US\",\"potentialAction\":[{\"@type\":\"ReadAction\",\"target\":[\"https:\\\/\\\/raed.academy\\\/en\\\/academicians\\\/dr-maria-del-mar-alonso-almeida\\\/\"]}]},{\"@type\":\"ImageObject\",\"inLanguage\":\"en-US\",\"@id\":\"https:\\\/\\\/raed.academy\\\/en\\\/academicians\\\/dr-maria-del-mar-alonso-almeida\\\/#primaryimage\",\"url\":\"https:\\\/\\\/raed.academy\\\/wp-content\\\/uploads\\\/2018\\\/02\\\/acto-ingreso-dra-Mar-Alonso-Almeida-5.jpg\",\"contentUrl\":\"https:\\\/\\\/raed.academy\\\/wp-content\\\/uploads\\\/2018\\\/02\\\/acto-ingreso-dra-Mar-Alonso-Almeida-5.jpg\",\"width\":800,\"height\":533},{\"@type\":\"BreadcrumbList\",\"@id\":\"https:\\\/\\\/raed.academy\\\/en\\\/academicians\\\/dr-maria-del-mar-alonso-almeida\\\/#breadcrumb\",\"itemListElement\":[{\"@type\":\"ListItem\",\"position\":1,\"name\":\"Inicio\",\"item\":\"https:\\\/\\\/raed.academy\\\/en\\\/\"},{\"@type\":\"ListItem\",\"position\":2,\"name\":\"Acad\u00e9micos\",\"item\":\"https:\\\/\\\/raed.academy\\\/en\\\/academicians\\\/\"},{\"@type\":\"ListItem\",\"position\":3,\"name\":\"Dr. Mar\u00eda del Mar Alonso Almeida\"}]},{\"@type\":\"WebSite\",\"@id\":\"https:\\\/\\\/raed.academy\\\/en\\\/#website\",\"url\":\"https:\\\/\\\/raed.academy\\\/en\\\/\",\"name\":\"Royal European Academy of Doctors\",\"description\":\"Corporaci\u00f3n de derecho p\u00fablico de car\u00e1cter cient\u00edfico, t\u00e9cnico y art\u00edstico, que tiene por objeto la investigaci\u00f3n, el estudio, el fomento y la extensi\u00f3n del conocimiento en su sentido m\u00e1s amplio.\",\"publisher\":{\"@id\":\"https:\\\/\\\/raed.academy\\\/en\\\/#organization\"},\"potentialAction\":[{\"@type\":\"SearchAction\",\"target\":{\"@type\":\"EntryPoint\",\"urlTemplate\":\"https:\\\/\\\/raed.academy\\\/en\\\/?s={search_term_string}\"},\"query-input\":{\"@type\":\"PropertyValueSpecification\",\"valueRequired\":true,\"valueName\":\"search_term_string\"}}],\"inLanguage\":\"en-US\"},{\"@type\":\"Organization\",\"@id\":\"https:\\\/\\\/raed.academy\\\/en\\\/#organization\",\"name\":\"Real Academia Europea de Doctores\",\"url\":\"https:\\\/\\\/raed.academy\\\/en\\\/\",\"logo\":{\"@type\":\"ImageObject\",\"inLanguage\":\"en-US\",\"@id\":\"https:\\\/\\\/raed.academy\\\/en\\\/#\\\/schema\\\/logo\\\/image\\\/\",\"url\":\"https:\\\/\\\/raed.academy\\\/wp-content\\\/uploads\\\/2017\\\/01\\\/cropped-logo_raed.png\",\"contentUrl\":\"https:\\\/\\\/raed.academy\\\/wp-content\\\/uploads\\\/2017\\\/01\\\/cropped-logo_raed.png\",\"width\":512,\"height\":512,\"caption\":\"Real Academia Europea de Doctores\"},\"image\":{\"@id\":\"https:\\\/\\\/raed.academy\\\/en\\\/#\\\/schema\\\/logo\\\/image\\\/\"},\"sameAs\":[\"http:\\\/\\\/fb.me\\\/raed.academy\",\"https:\\\/\\\/x.com\\\/raedacademy\",\"https:\\\/\\\/www.instagram.com\\\/raed.academy\\\/\",\"https:\\\/\\\/www.youtube.com\\\/channel\\\/UCUYQwW2KrdirNWihxMDObwg\"]}]}<\/script>\n<!-- \/ Yoast SEO plugin. -->","yoast_head_json":{"title":"Dr. Mar\u00eda del Mar Alonso Almeida - Royal European Academy of Doctors","robots":{"index":"index","follow":"follow","max-snippet":"max-snippet:-1","max-image-preview":"max-image-preview:large","max-video-preview":"max-video-preview:-1"},"canonical":"https:\/\/raed.academy\/en\/academicians\/dr-maria-del-mar-alonso-almeida\/","og_locale":"en_US","og_type":"article","og_title":"Dr. Mar\u00eda del Mar Alonso Almeida - Royal European Academy of Doctors","og_description":"La RAED organiza y lleva a cabo una serie de actividades concentradas en mes y medio que contaron con la implicaci\u00f3n activa de numerosos acad\u00e9micos. Recepci\u00f3n de cuatro acad\u00e9micos correspondientes (Stavroula-Ina Piperaki para Grecia, Stephen Zeff y David B. Wilkins para Estados Unidos y Llu\u00eds Vicent Safont para Andorra) Mesa redonda sobre \u00abLa salida de [&hellip;]","og_url":"https:\/\/raed.academy\/en\/academicians\/dr-maria-del-mar-alonso-almeida\/","og_site_name":"Royal European Academy of Doctors","article_publisher":"http:\/\/fb.me\/raed.academy","article_modified_time":"2025-11-03T07:59:19+00:00","og_image":[{"width":800,"height":533,"url":"https:\/\/raed.academy\/wp-content\/uploads\/2018\/02\/acto-ingreso-dra-Mar-Alonso-Almeida-5.jpg","type":"image\/jpeg"}],"twitter_card":"summary_large_image","twitter_site":"@raedacademy","twitter_misc":{"Est. reading time":"4 minutes"},"schema":{"@context":"https:\/\/schema.org","@graph":[{"@type":"WebPage","@id":"https:\/\/raed.academy\/en\/academicians\/dr-maria-del-mar-alonso-almeida\/","url":"https:\/\/raed.academy\/en\/academicians\/dr-maria-del-mar-alonso-almeida\/","name":"Dr. Mar\u00eda del Mar Alonso Almeida - Royal European Academy of Doctors","isPartOf":{"@id":"https:\/\/raed.academy\/en\/#website"},"primaryImageOfPage":{"@id":"https:\/\/raed.academy\/en\/academicians\/dr-maria-del-mar-alonso-almeida\/#primaryimage"},"image":{"@id":"https:\/\/raed.academy\/en\/academicians\/dr-maria-del-mar-alonso-almeida\/#primaryimage"},"thumbnailUrl":"https:\/\/raed.academy\/wp-content\/uploads\/2018\/02\/acto-ingreso-dra-Mar-Alonso-Almeida-5.jpg","datePublished":"2018-03-01T16:42:57+00:00","dateModified":"2025-11-03T07:59:19+00:00","breadcrumb":{"@id":"https:\/\/raed.academy\/en\/academicians\/dr-maria-del-mar-alonso-almeida\/#breadcrumb"},"inLanguage":"en-US","potentialAction":[{"@type":"ReadAction","target":["https:\/\/raed.academy\/en\/academicians\/dr-maria-del-mar-alonso-almeida\/"]}]},{"@type":"ImageObject","inLanguage":"en-US","@id":"https:\/\/raed.academy\/en\/academicians\/dr-maria-del-mar-alonso-almeida\/#primaryimage","url":"https:\/\/raed.academy\/wp-content\/uploads\/2018\/02\/acto-ingreso-dra-Mar-Alonso-Almeida-5.jpg","contentUrl":"https:\/\/raed.academy\/wp-content\/uploads\/2018\/02\/acto-ingreso-dra-Mar-Alonso-Almeida-5.jpg","width":800,"height":533},{"@type":"BreadcrumbList","@id":"https:\/\/raed.academy\/en\/academicians\/dr-maria-del-mar-alonso-almeida\/#breadcrumb","itemListElement":[{"@type":"ListItem","position":1,"name":"Inicio","item":"https:\/\/raed.academy\/en\/"},{"@type":"ListItem","position":2,"name":"Acad\u00e9micos","item":"https:\/\/raed.academy\/en\/academicians\/"},{"@type":"ListItem","position":3,"name":"Dr. Mar\u00eda del Mar Alonso Almeida"}]},{"@type":"WebSite","@id":"https:\/\/raed.academy\/en\/#website","url":"https:\/\/raed.academy\/en\/","name":"Royal European Academy of Doctors","description":"Corporaci\u00f3n de derecho p\u00fablico de car\u00e1cter cient\u00edfico, t\u00e9cnico y art\u00edstico, que tiene por objeto la investigaci\u00f3n, el estudio, el fomento y la extensi\u00f3n del conocimiento en su sentido m\u00e1s amplio.","publisher":{"@id":"https:\/\/raed.academy\/en\/#organization"},"potentialAction":[{"@type":"SearchAction","target":{"@type":"EntryPoint","urlTemplate":"https:\/\/raed.academy\/en\/?s={search_term_string}"},"query-input":{"@type":"PropertyValueSpecification","valueRequired":true,"valueName":"search_term_string"}}],"inLanguage":"en-US"},{"@type":"Organization","@id":"https:\/\/raed.academy\/en\/#organization","name":"Real Academia Europea de Doctores","url":"https:\/\/raed.academy\/en\/","logo":{"@type":"ImageObject","inLanguage":"en-US","@id":"https:\/\/raed.academy\/en\/#\/schema\/logo\/image\/","url":"https:\/\/raed.academy\/wp-content\/uploads\/2017\/01\/cropped-logo_raed.png","contentUrl":"https:\/\/raed.academy\/wp-content\/uploads\/2017\/01\/cropped-logo_raed.png","width":512,"height":512,"caption":"Real Academia Europea de Doctores"},"image":{"@id":"https:\/\/raed.academy\/en\/#\/schema\/logo\/image\/"},"sameAs":["http:\/\/fb.me\/raed.academy","https:\/\/x.com\/raedacademy","https:\/\/www.instagram.com\/raed.academy\/","https:\/\/www.youtube.com\/channel\/UCUYQwW2KrdirNWihxMDObwg"]}]}},"_links":{"self":[{"href":"https:\/\/raed.academy\/en\/wp-json\/wp\/v2\/academico\/42386","targetHints":{"allow":["GET"]}}],"collection":[{"href":"https:\/\/raed.academy\/en\/wp-json\/wp\/v2\/academico"}],"about":[{"href":"https:\/\/raed.academy\/en\/wp-json\/wp\/v2\/types\/academico"}],"wp:featuredmedia":[{"embeddable":true,"href":"https:\/\/raed.academy\/en\/wp-json\/wp\/v2\/media\/54009"}],"wp:attachment":[{"href":"https:\/\/raed.academy\/en\/wp-json\/wp\/v2\/media?parent=42386"}],"wp:term":[{"taxonomy":"secciones","embeddable":true,"href":"https:\/\/raed.academy\/en\/wp-json\/wp\/v2\/secciones?post=42386"},{"taxonomy":"tipo_academico","embeddable":true,"href":"https:\/\/raed.academy\/en\/wp-json\/wp\/v2\/tipo_academico?post=42386"},{"taxonomy":"cargo","embeddable":true,"href":"https:\/\/raed.academy\/en\/wp-json\/wp\/v2\/cargo?post=42386"}],"curies":[{"name":"wp","href":"https:\/\/api.w.org\/{rel}","templated":true}]}}