{"id":17127,"date":"2016-12-01T17:21:07","date_gmt":"2016-12-01T17:21:07","guid":{"rendered":"http:\/\/raed.academy\/?page_id=17127"},"modified":"2025-04-11T09:44:02","modified_gmt":"2025-04-11T09:44:02","slug":"dr-manuel-medina-elizondo","status":"publish","type":"academico","link":"https:\/\/raed.academy\/en\/academicians\/dr-manuel-medina-elizondo\/","title":{"rendered":"Dr. Manuel Medina Elizondo"},"content":{"rendered":"<p>[et_pb_section fb_built=&#8221;1&#8243; _builder_version=&#8221;3.22&#8243; custom_padding=&#8221;0|0px|51.2px|0px|false|false&#8221; global_colors_info=&#8221;{}&#8221;][et_pb_row column_structure=&#8221;1_4,3_4&#8243; _builder_version=&#8221;3.25&#8243; background_size=&#8221;initial&#8221; background_position=&#8221;top_left&#8221; background_repeat=&#8221;repeat&#8221; custom_padding=&#8221;0|0px|0|0px|false|false&#8221; global_colors_info=&#8221;{}&#8221;][et_pb_column type=&#8221;1_4&#8243; _builder_version=&#8221;3.25&#8243; custom_padding=&#8221;|||&#8221; global_colors_info=&#8221;{}&#8221; custom_padding__hover=&#8221;|||&#8221;][et_pb_image src=&#8221;https:\/\/raed.academy\/wp-content\/uploads\/2018\/04\/Manuel-Medina-Elizondo-pf.jpg&#8221; show_bottom_space=&#8221;off&#8221; align_tablet=&#8221;center&#8221; align_phone=&#8221;&#8221; align_last_edited=&#8221;on|desktop&#8221; admin_label=&#8221;Imagen &#8211; foto acad\u00e9mico&#8221; _builder_version=&#8221;4.0.6&#8243; max_width=&#8221;85%&#8221; custom_margin=&#8221;0px||0px|&#8221; custom_padding=&#8221;0px||0px|&#8221; animation_style=&#8221;fold&#8221; border_radii=&#8221;on|6px|6px|6px|6px&#8221; border_width_all=&#8221;2px&#8221; box_shadow_style=&#8221;preset2&#8243; global_colors_info=&#8221;{}&#8221;][\/et_pb_image][\/et_pb_column][et_pb_column type=&#8221;3_4&#8243; _builder_version=&#8221;3.25&#8243; custom_padding=&#8221;|||&#8221; global_colors_info=&#8221;{}&#8221; custom_padding__hover=&#8221;|||&#8221;][et_pb_text module_class=&#8221;infoAcademico&#8221; _builder_version=&#8221;4.14.7&#8243; hover_enabled=&#8221;0&#8243; global_colors_info=&#8221;{}&#8221; sticky_enabled=&#8221;0&#8243;]<\/p>\n<p><strong>Corresponding Academician<\/strong><\/p>\n<p><strong>Social Science:<\/strong> Dr. in Economics<\/p>\n<p><strong>Date of admittance:\u00a0<\/strong>10\/3\/2015<\/p>\n<p><strong>Admission Speech:\u00a0<\/strong><a href=\"http:\/\/raed.academy\/wp-content\/uploads\/2016\/10\/Discurso-de-ingreso-Dr.-Medina-Elizondo.pdf\" target=\"_blank\" rel=\"noopener noreferrer\">Nuevos tiempos, nuevos vientos: la identidad mexicana, cultura y \u00e9tica en los tiempos de globalizaci\u00f3n<\/a><\/p>\n<p><strong>Reply: <\/strong><a href=\"http:\/\/raed.academy\/en\/academicians\/dr-jose-daniel-barquero-cabrero\/\" target=\"_blank\" rel=\"noopener noreferrer\">Dr. Jos\u00e9 Daniel Barquero<\/a><\/p>\n<p>[\/et_pb_text][\/et_pb_column][\/et_pb_row][et_pb_row _builder_version=&#8221;4.14.7&#8243; background_size=&#8221;initial&#8221; background_position=&#8221;top_left&#8221; background_repeat=&#8221;repeat&#8221; custom_padding=&#8221;0|0px|25.6px|0px|false|false&#8221; hover_enabled=&#8221;0&#8243; global_colors_info=&#8221;{}&#8221; use_custom_gutter=&#8221;on&#8221; gutter_width=&#8221;1&#8243; max_width=&#8221;1200px&#8221; module_class=&#8221;parent-column&#8221; sticky_enabled=&#8221;0&#8243;][et_pb_column type=&#8221;4_4&#8243; _builder_version=&#8221;3.25&#8243; custom_padding=&#8221;|||&#8221; global_colors_info=&#8221;{}&#8221; custom_padding__hover=&#8221;|||&#8221;][et_pb_divider color=&#8221;#828282&#8243; divider_weight=&#8221;2&#8243; _builder_version=&#8221;4.14.7&#8243; height=&#8221;2px&#8221; hover_enabled=&#8221;0&#8243; box_shadow_style=&#8221;preset2&#8243; global_colors_info=&#8221;{}&#8221; sticky_enabled=&#8221;0&#8243;][\/et_pb_divider][et_pb_tabs _builder_version=&#8221;4.14.7&#8243; hover_enabled=&#8221;0&#8243; global_colors_info=&#8221;{}&#8221; sticky_enabled=&#8221;0&#8243;][et_pb_tab title=&#8221;CURR\u00cdCULUM VITAE&#8221; _builder_version=&#8221;3.12.2&#8243; global_colors_info=&#8221;{}&#8221;]Dr. Manuel Medina Elizondo<\/p>\n<p>Public Accountant and Master in Administration graduated from the School of Accounting and Administration of the Autonomous University of Coahuila, PhD in Administration at the University of Newport, California, USA, Doctor of Administration Sciences from the National Autonomous University of Mexico, with honorable mention , Master in Management of Science and Innovation from the Polytechnic University of Valencia.<\/p>\n<p>Current President of the Delegation of Mexico of the Higher Council of Doctors and Doctors Honoris Causa.<\/p>\n<p>President of the Council of Institutions of Higher Education of the Laguna, in the period 2000-2002.<\/p>\n<p>Director of the Faculty of Accounting and Administration of the Autonomous University of Coahuila in the period 1990-1996.<\/p>\n<p>Coordinator of the Torre\u00f3n Unit, of the Autonomous University of Coahuila, in the period 1996-1999 and Reelecto in the period 1999-2002.<\/p>\n<p>He currently works as Research Professor and General Coordinator of Research and Postgraduate of the FCA of the Autonomous University of Coahuila.<\/p>\n<p>Businessman in the service areas, gas stations, convenience stores and high school colleges.<\/p>\n<p>He has published research articles and dissemination in specialized national and international journals, has been a speaker at international congresses, awarded at various congresses. He is the author and co-author of several books such as &#8220;Teacher&#8217;s Manual: 20 competencies for the professional practice of the teacher in the knowledge era&#8221; (Trillas), &#8220;Curriculum Praxis: Competency-Based Training&#8221;, &#8220;Business First&#8221; and &#8220;Wisdom&#8221; Business for the third millennium &#8220;(Diana).<br \/>\n[\/et_pb_tab][et_pb_tab title=&#8221;V\u00cdDEO&#8221; _builder_version=&#8221;4.14.7&#8243; hover_enabled=&#8221;0&#8243; global_colors_info=&#8221;{}&#8221; sticky_enabled=&#8221;0&#8243;]<\/p>\n<p>[\/et_pb_tab][et_pb_tab title=&#8221;GALLERY&#8221; _builder_version=&#8221;4.14.7&#8243; hover_enabled=&#8221;0&#8243; global_colors_info=&#8221;{}&#8221; sticky_enabled=&#8221;0&#8243;]<\/p>\n<div class=\"divi-module-destination\"><\/div>\n<p>[\/et_pb_tab][\/et_pb_tabs][et_pb_gallery gallery_ids=&#8221;44376,44377,44378,44379,44380,44381&#8243; posts_number=&#8221;16&#8243; show_title_and_caption=&#8221;off&#8221; show_pagination=&#8221;off&#8221; admin_label=&#8221;Galer\u00eda&#8221; module_class=&#8221;divi-portable-module galeria-pad-1&#8243; _builder_version=&#8221;4.14.7&#8243; _module_preset=&#8221;default&#8221; locked=&#8221;off&#8221; global_colors_info=&#8221;{}&#8221;][\/et_pb_gallery][et_pb_code admin_label=&#8221;C\u00f3digo&#8221; _builder_version=&#8221;4.12.0&#8243; _module_preset=&#8221;default&#8221; locked=&#8221;off&#8221; global_colors_info=&#8221;{}&#8221;]<!-- [et_pb_line_break_holder] -->(function ($) {<!-- [et_pb_line_break_holder] -->  $(document).ready(function () {<!-- [et_pb_line_break_holder] --> <!-- [et_pb_line_break_holder] -->    \/\/ Option #1: Move Divi Module(s) into a Module<!-- [et_pb_line_break_holder] -->    \/\/ Limit: One Instance per Column<!-- [et_pb_line_break_holder] -->    \/\/ Use following code if you want to move <!-- [et_pb_line_break_holder] -->    \/\/ a module inside another module. Each column with the<!-- [et_pb_line_break_holder] -->    \/\/ class &#8216;parent-column&#8217; will append any module(s)<!-- [et_pb_line_break_holder] -->    \/\/ with the class &#8216;divi-portable-module&#8217; to the div<!-- [et_pb_line_break_holder] -->    \/\/ with the class &#8216;divi-module-destination&#8217;.<!-- [et_pb_line_break_holder] -->    \/\/ Only one instance of &#8216;divi-module-destination&#8217; should<!-- [et_pb_line_break_holder] -->    \/\/ be added per column.<!-- [et_pb_line_break_holder] -->    $(&#8216;.divi-portable-module&#8217;).each(function () {<!-- [et_pb_line_break_holder] -->      $(this).closest(&#8216;.parent-column&#8217;).find(&#8216;.divi-module-destination&#8217;).append($(this));<!-- [et_pb_line_break_holder] -->    });<!-- [et_pb_line_break_holder] -->     <!-- [et_pb_line_break_holder] -->    \/\/ Buttons: Insert Button Module(s) into a Module<!-- [et_pb_line_break_holder] -->    \/\/ Adding a custom CSS class to a button module<!-- [et_pb_line_break_holder] -->    \/\/ is applied to the &#8216;a&#8217; tag which is a child element<!-- [et_pb_line_break_holder] -->    \/\/ of the module wrapper. This code makes sure to append<!-- [et_pb_line_break_holder] -->    \/\/ the entire button module wrapper (the parent element)<!-- [et_pb_line_break_holder] -->    \/\/ as well. This functionality is the same as option #3 above.<!-- [et_pb_line_break_holder] -->    \/\/ Siimply use the class &#8216;divi-portable-button&#8217; on a button module<!-- [et_pb_line_break_holder] -->    \/\/ instead of &#8216;divi-portable-module&#8217;.<!-- [et_pb_line_break_holder] -->    $(&#8216;.divi-portable-button&#8217;).parent().each(function () {<!-- [et_pb_line_break_holder] -->      $(this).closest(&#8216;.parent-column&#8217;).find(&#8216;.divi-module-destination&#8217;).append($(this));<!-- [et_pb_line_break_holder] -->    });<!-- [et_pb_line_break_holder] --> <!-- [et_pb_line_break_holder] -->    \/\/ Option #2: Move Divi Row(s) into a Module<!-- [et_pb_line_break_holder] -->    \/\/ Limit: One Instance per Section<!-- [et_pb_line_break_holder] -->    \/\/ Use the following code if you want to move <!-- [et_pb_line_break_holder] -->    \/\/ a row inside a module on more than one section<!-- [et_pb_line_break_holder] -->    \/\/ of a page. Each section with the<!-- [et_pb_line_break_holder] -->    \/\/ class &#8216;parent-section&#8217; will append any row(s)<!-- [et_pb_line_break_holder] -->    \/\/ with the class &#8216;divi-portable-row&#8217; to the div<!-- [et_pb_line_break_holder] -->    \/\/ with the class &#8216;divi-row-destination&#8217;.<!-- [et_pb_line_break_holder] -->    \/\/ Only one instance of &#8216;divi-row-destination&#8217; should<!-- [et_pb_line_break_holder] -->    \/\/ be added per section.<!-- [et_pb_line_break_holder] -->    $(&#8216;.divi-portable-row&#8217;).each(function () {<!-- [et_pb_line_break_holder] -->      $(this).closest(&#8216;.parent-section&#8217;).find(&#8216;.divi-row-destination&#8217;).append($(this));<!-- [et_pb_line_break_holder] -->    });<!-- [et_pb_line_break_holder] --> <!-- [et_pb_line_break_holder] -->  });<!-- [et_pb_line_break_holder] -->})(jQuery);<!-- [et_pb_line_break_holder] -->[\/et_pb_code][\/et_pb_column][\/et_pb_row][\/et_pb_section]<\/p>\n","protected":false},"featured_media":0,"template":"","meta":{"_et_pb_use_builder":"on","_et_pb_old_content":"<div class=\"academico\"><div class=\"menuIconos\"><div class=\"rSociales\"><a href=\"https:\/\/www.youtube.com\/channel\/UCUYQwW2KrdirNWihxMDObwg\" target=\"_blank\" rel=\"noopener\"><img src=\"https:\/\/raed.academy\/wp-content\/uploads\/2016\/12\/Youtube_icon.png\" alt=\"Youtube\" \/><\/a><a href=\"http:\/\/fb.me\/raed.academy\" target=\"_blank\" rel=\"noopener\"><img src=\"\/wp-content\/uploads\/2017\/02\/fb.png\" \/><\/a><a href=\"https:\/\/twitter.com\/raedacademy\" target=\"_blank\" rel=\"noopener\"><img src=\"https:\/\/raed.academy\/wp-content\/uploads\/2017\/02\/twitter3d.png\" \/><\/a><\/div><\/div><\/div><div class=\"fondoBlanco\"><div class=\"infoAcademico\"><h1>Dr.\u00a0Manuel Medina Elizondo<\/h1><h3><a href=\"http:\/\/raed.academy\/wp-content\/uploads\/2016\/10\/Manuel-Medina-Elizondo-foto-ficha.jpg\" rel=\"attachment wp-att-4735\"><img class=\"alignleft wp-image-13298\" src=\"http:\/\/raed.academy\/wp-content\/uploads\/2016\/10\/Manuel-Medina-Elizondo-foto-ficha-200x300.jpg\" width=\"146\" height=\"220\" \/><\/a>1st Section Board Member. Social Science \u2013 Economics<\/h3><h3><strong>Date of admittance:\u00a010\/3\/2015<\/strong><\/h3><h3><strong>Medal:<\/strong><\/h3><h3><strong>Speech:\u00a0<\/strong>Nuevos tiempos, nuevos vientos: la identidad mexicana, cultura y \u00e9tica en los tiempos de globalizaci\u00f3n<\/h3><h3><strong>Speech in reply:\u00a0<strong><a href=\"http:\/\/raed.academy\/en\/academicians\/dr-jose-daniel-barquero-cabrero\/\">Dr. Jos\u00e9 Daniel Barquero <\/a><\/strong><\/strong><\/h3><hr \/><div class=\"CVacadcemico\"><h2>CURRICULUM VITAE<\/h2><h2>DETAILED CURRICULUM VITAE<\/h2><h3><strong>\u00a0<\/strong><\/h3><h2>ADMITTANCE SPEECH<\/h2><h3><img class=\"alignnone size-full wp-image-7742\" src=\"http:\/\/raed.academy\/wp-content\/uploads\/2016\/07\/pdf-icon-e1468674732529.png\" alt=\"pdf-icon\" width=\"30\" height=\"30\" \/>\u00a0\u00a0\u00a0 <a href=\"http:\/\/raed.academy\/wp-content\/uploads\/2016\/10\/Discurso-de-ingreso-Dr.-Medina-Elizondo.pdf\"><strong>Nuevos tiempos, nuevos vientos: la identidad mexicana, cultura y \u00e9tica en los tiempos de globalizaci\u00f3n<\/strong><\/a><\/h3><h2>OTHER PUBLICATIONS<\/h2><h2>VIDEO<\/h2><p>https:\/\/youtu.be\/GbvUf27FLRM<\/p><h2>GALLERY<\/h2><p>[images picture_size=\"fixed\" lightbox=\"yes\" class=\"\" id=\"\"][image link=\"\" linktarget=\"_self\" image=\"http:\/\/raed.academy\/wp-content\/uploads\/2016\/10\/Manuel-Medina-Foto-1-300x200.jpg\" alt=\"\"][image link=\"\" linktarget=\"_self\" image=\"http:\/\/raed.academy\/wp-content\/uploads\/2016\/10\/Manuel-Medina-Foto-2-300x200.jpg\" alt=\"\"][image link=\"\" linktarget=\"_self\" image=\"http:\/\/raed.academy\/wp-content\/uploads\/2016\/10\/Manuel-Medina-Foto-3-300x200.jpg\" alt=\"\"][image link=\"\" linktarget=\"_self\" image=\"http:\/\/raed.academy\/wp-content\/uploads\/2016\/10\/Manuel-Medina-Foto-4-200x300.jpg\" alt=\"\"][\/images][images picture_size=\"fixed\" lightbox=\"yes\" class=\"\" id=\"\"][image link=\"\" linktarget=\"_self\" image=\"http:\/\/raed.academy\/wp-content\/uploads\/2016\/10\/Manuel-Medina-Foto-5-300x200.jpg\" alt=\"\"][image link=\"\" linktarget=\"_self\" image=\"http:\/\/raed.academy\/wp-content\/uploads\/2016\/10\/Manuel-Medina-Foto-6-300x200.jpg\" alt=\"\"][image link=\"\" linktarget=\"_self\" image=\"http:\/\/raed.academy\/wp-content\/uploads\/2016\/10\/Manuel-Medina-Foto-7-300x200.jpg\" alt=\"\"][image link=\"\" linktarget=\"_self\" image=\"http:\/\/raed.academy\/wp-content\/uploads\/2016\/10\/Manuel-Medina-Foto-8-300x200.jpg\" alt=\"\"][\/images][images picture_size=\"fixed\" lightbox=\"yes\" class=\"\" id=\"\"][image link=\"\" linktarget=\"_self\" image=\"http:\/\/raed.academy\/wp-content\/uploads\/2016\/10\/Manuel-Medina-Foto-9-200x300.jpg\" alt=\"\"][image link=\"\" linktarget=\"_self\" image=\"http:\/\/raed.academy\/wp-content\/uploads\/2016\/10\/Manuel-Medina-Foto-10-200x300.jpg\" alt=\"\"][image link=\"\" linktarget=\"_self\" image=\"http:\/\/raed.academy\/wp-content\/uploads\/2016\/10\/Manuel-Medina-Foto-11-300x200.jpg\" alt=\"\"][image link=\"\" linktarget=\"_self\" image=\"http:\/\/raed.academy\/wp-content\/uploads\/2016\/10\/Manuel-Medina-Foto-12-300x200.jpg\" alt=\"\"][\/images][images picture_size=\"fixed\" lightbox=\"yes\" class=\"\" id=\"\"][image link=\"\" linktarget=\"_self\" image=\"http:\/\/raed.academy\/wp-content\/uploads\/2016\/10\/Manuel-Medina-Foto-13-300x200.jpg\" alt=\"\"][image link=\"\" linktarget=\"_self\" image=\"http:\/\/raed.academy\/wp-content\/uploads\/2016\/10\/Manuel-Medina-Foto-14-300x200.jpg\" alt=\"\"][image link=\"\" linktarget=\"_self\" image=\"http:\/\/raed.academy\/wp-content\/uploads\/2016\/10\/Manuel-Medina-Foto-15-300x200.jpg\" alt=\"\"][image link=\"\" linktarget=\"_self\" image=\"http:\/\/raed.academy\/wp-content\/uploads\/2016\/10\/Manuel-Medina-Foto-16-300x200.jpg\" alt=\"\"][\/images]<\/p><\/div><\/div><\/div>","_et_gb_content_width":""},"secciones":[],"tipo_academico":[],"cargo":[],"class_list":["post-17127","academico","type-academico","status-publish","hentry"],"yoast_head":"<!-- This site is optimized with the Yoast SEO plugin v27.5 - https:\/\/yoast.com\/product\/yoast-seo-wordpress\/ -->\n<title>Dr. Manuel Medina Elizondo - Royal European Academy of Doctors<\/title>\n<meta name=\"robots\" content=\"index, follow, max-snippet:-1, max-image-preview:large, max-video-preview:-1\" \/>\n<link rel=\"canonical\" href=\"https:\/\/raed.academy\/en\/academicians\/dr-manuel-medina-elizondo\/\" \/>\n<meta property=\"og:locale\" content=\"en_US\" \/>\n<meta property=\"og:type\" content=\"article\" \/>\n<meta property=\"og:title\" content=\"Dr. Manuel Medina Elizondo - Royal European Academy of Doctors\" \/>\n<meta property=\"og:description\" content=\"Corresponding Academician Social Science: Dr. in Economics Date of admittance:\u00a010\/3\/2015 Admission Speech:\u00a0Nuevos tiempos, nuevos vientos: la identidad mexicana, cultura y \u00e9tica en los tiempos de globalizaci\u00f3n Reply: Dr. Jos\u00e9 Daniel BarqueroDr. Manuel Medina Elizondo Public Accountant and Master in Administration graduated from the School of Accounting and Administration of the Autonomous University of Coahuila, PhD [&hellip;]\" \/>\n<meta property=\"og:url\" content=\"https:\/\/raed.academy\/en\/academicians\/dr-manuel-medina-elizondo\/\" \/>\n<meta property=\"og:site_name\" content=\"Royal European Academy of Doctors\" \/>\n<meta property=\"article:publisher\" content=\"http:\/\/fb.me\/raed.academy\" \/>\n<meta property=\"article:modified_time\" content=\"2025-04-11T09:44:02+00:00\" \/>\n<meta name=\"twitter:card\" content=\"summary_large_image\" \/>\n<meta name=\"twitter:site\" content=\"@raedacademy\" \/>\n<meta name=\"twitter:label1\" content=\"Est. reading time\" \/>\n\t<meta name=\"twitter:data1\" content=\"3 minutes\" \/>\n<script type=\"application\/ld+json\" class=\"yoast-schema-graph\">{\"@context\":\"https:\\\/\\\/schema.org\",\"@graph\":[{\"@type\":\"WebPage\",\"@id\":\"https:\\\/\\\/raed.academy\\\/en\\\/academicians\\\/dr-manuel-medina-elizondo\\\/\",\"url\":\"https:\\\/\\\/raed.academy\\\/en\\\/academicians\\\/dr-manuel-medina-elizondo\\\/\",\"name\":\"Dr. Manuel Medina Elizondo - Royal European Academy of Doctors\",\"isPartOf\":{\"@id\":\"https:\\\/\\\/raed.academy\\\/en\\\/#website\"},\"datePublished\":\"2016-12-01T17:21:07+00:00\",\"dateModified\":\"2025-04-11T09:44:02+00:00\",\"breadcrumb\":{\"@id\":\"https:\\\/\\\/raed.academy\\\/en\\\/academicians\\\/dr-manuel-medina-elizondo\\\/#breadcrumb\"},\"inLanguage\":\"en-US\",\"potentialAction\":[{\"@type\":\"ReadAction\",\"target\":[\"https:\\\/\\\/raed.academy\\\/en\\\/academicians\\\/dr-manuel-medina-elizondo\\\/\"]}]},{\"@type\":\"BreadcrumbList\",\"@id\":\"https:\\\/\\\/raed.academy\\\/en\\\/academicians\\\/dr-manuel-medina-elizondo\\\/#breadcrumb\",\"itemListElement\":[{\"@type\":\"ListItem\",\"position\":1,\"name\":\"Inicio\",\"item\":\"https:\\\/\\\/raed.academy\\\/en\\\/\"},{\"@type\":\"ListItem\",\"position\":2,\"name\":\"Dr. Manuel Medina Elizondo\"}]},{\"@type\":\"WebSite\",\"@id\":\"https:\\\/\\\/raed.academy\\\/en\\\/#website\",\"url\":\"https:\\\/\\\/raed.academy\\\/en\\\/\",\"name\":\"Royal European Academy of Doctors\",\"description\":\"Corporaci\u00f3n de derecho p\u00fablico de car\u00e1cter cient\u00edfico, t\u00e9cnico y art\u00edstico, que tiene por objeto la investigaci\u00f3n, el estudio, el fomento y la extensi\u00f3n del conocimiento en su sentido m\u00e1s amplio.\",\"publisher\":{\"@id\":\"https:\\\/\\\/raed.academy\\\/en\\\/#organization\"},\"potentialAction\":[{\"@type\":\"SearchAction\",\"target\":{\"@type\":\"EntryPoint\",\"urlTemplate\":\"https:\\\/\\\/raed.academy\\\/en\\\/?s={search_term_string}\"},\"query-input\":{\"@type\":\"PropertyValueSpecification\",\"valueRequired\":true,\"valueName\":\"search_term_string\"}}],\"inLanguage\":\"en-US\"},{\"@type\":\"Organization\",\"@id\":\"https:\\\/\\\/raed.academy\\\/en\\\/#organization\",\"name\":\"Real Academia Europea de Doctores\",\"url\":\"https:\\\/\\\/raed.academy\\\/en\\\/\",\"logo\":{\"@type\":\"ImageObject\",\"inLanguage\":\"en-US\",\"@id\":\"https:\\\/\\\/raed.academy\\\/en\\\/#\\\/schema\\\/logo\\\/image\\\/\",\"url\":\"https:\\\/\\\/raed.academy\\\/wp-content\\\/uploads\\\/2017\\\/01\\\/cropped-logo_raed.png\",\"contentUrl\":\"https:\\\/\\\/raed.academy\\\/wp-content\\\/uploads\\\/2017\\\/01\\\/cropped-logo_raed.png\",\"width\":512,\"height\":512,\"caption\":\"Real Academia Europea de Doctores\"},\"image\":{\"@id\":\"https:\\\/\\\/raed.academy\\\/en\\\/#\\\/schema\\\/logo\\\/image\\\/\"},\"sameAs\":[\"http:\\\/\\\/fb.me\\\/raed.academy\",\"https:\\\/\\\/x.com\\\/raedacademy\",\"https:\\\/\\\/www.instagram.com\\\/raed.academy\\\/\",\"https:\\\/\\\/www.youtube.com\\\/channel\\\/UCUYQwW2KrdirNWihxMDObwg\"]}]}<\/script>\n<!-- \/ Yoast SEO plugin. -->","yoast_head_json":{"title":"Dr. Manuel Medina Elizondo - Royal European Academy of Doctors","robots":{"index":"index","follow":"follow","max-snippet":"max-snippet:-1","max-image-preview":"max-image-preview:large","max-video-preview":"max-video-preview:-1"},"canonical":"https:\/\/raed.academy\/en\/academicians\/dr-manuel-medina-elizondo\/","og_locale":"en_US","og_type":"article","og_title":"Dr. Manuel Medina Elizondo - Royal European Academy of Doctors","og_description":"La RAED organiza y lleva a cabo una serie de actividades concentradas en mes y medio que contaron con la implicaci\u00f3n activa de numerosos acad\u00e9micos. Recepci\u00f3n de cuatro acad\u00e9micos correspondientes (Stavroula-Ina Piperaki para Grecia, Stephen Zeff y David B. Wilkins para Estados Unidos y Llu\u00eds Vicent Safont para Andorra) Mesa redonda sobre \u00abLa salida de [&hellip;]","og_url":"https:\/\/raed.academy\/en\/academicians\/dr-manuel-medina-elizondo\/","og_site_name":"Royal European Academy of Doctors","article_publisher":"http:\/\/fb.me\/raed.academy","article_modified_time":"2025-04-11T09:44:02+00:00","twitter_card":"summary_large_image","twitter_site":"@raedacademy","twitter_misc":{"Est. reading time":"3 minutes"},"schema":{"@context":"https:\/\/schema.org","@graph":[{"@type":"WebPage","@id":"https:\/\/raed.academy\/en\/academicians\/dr-manuel-medina-elizondo\/","url":"https:\/\/raed.academy\/en\/academicians\/dr-manuel-medina-elizondo\/","name":"Dr. Manuel Medina Elizondo - Royal European Academy of Doctors","isPartOf":{"@id":"https:\/\/raed.academy\/en\/#website"},"datePublished":"2016-12-01T17:21:07+00:00","dateModified":"2025-04-11T09:44:02+00:00","breadcrumb":{"@id":"https:\/\/raed.academy\/en\/academicians\/dr-manuel-medina-elizondo\/#breadcrumb"},"inLanguage":"en-US","potentialAction":[{"@type":"ReadAction","target":["https:\/\/raed.academy\/en\/academicians\/dr-manuel-medina-elizondo\/"]}]},{"@type":"BreadcrumbList","@id":"https:\/\/raed.academy\/en\/academicians\/dr-manuel-medina-elizondo\/#breadcrumb","itemListElement":[{"@type":"ListItem","position":1,"name":"Inicio","item":"https:\/\/raed.academy\/en\/"},{"@type":"ListItem","position":2,"name":"Dr. Manuel Medina Elizondo"}]},{"@type":"WebSite","@id":"https:\/\/raed.academy\/en\/#website","url":"https:\/\/raed.academy\/en\/","name":"Royal European Academy of Doctors","description":"Corporaci\u00f3n de derecho p\u00fablico de car\u00e1cter cient\u00edfico, t\u00e9cnico y art\u00edstico, que tiene por objeto la investigaci\u00f3n, el estudio, el fomento y la extensi\u00f3n del conocimiento en su sentido m\u00e1s amplio.","publisher":{"@id":"https:\/\/raed.academy\/en\/#organization"},"potentialAction":[{"@type":"SearchAction","target":{"@type":"EntryPoint","urlTemplate":"https:\/\/raed.academy\/en\/?s={search_term_string}"},"query-input":{"@type":"PropertyValueSpecification","valueRequired":true,"valueName":"search_term_string"}}],"inLanguage":"en-US"},{"@type":"Organization","@id":"https:\/\/raed.academy\/en\/#organization","name":"Real Academia Europea de Doctores","url":"https:\/\/raed.academy\/en\/","logo":{"@type":"ImageObject","inLanguage":"en-US","@id":"https:\/\/raed.academy\/en\/#\/schema\/logo\/image\/","url":"https:\/\/raed.academy\/wp-content\/uploads\/2017\/01\/cropped-logo_raed.png","contentUrl":"https:\/\/raed.academy\/wp-content\/uploads\/2017\/01\/cropped-logo_raed.png","width":512,"height":512,"caption":"Real Academia Europea de Doctores"},"image":{"@id":"https:\/\/raed.academy\/en\/#\/schema\/logo\/image\/"},"sameAs":["http:\/\/fb.me\/raed.academy","https:\/\/x.com\/raedacademy","https:\/\/www.instagram.com\/raed.academy\/","https:\/\/www.youtube.com\/channel\/UCUYQwW2KrdirNWihxMDObwg"]}]}},"_links":{"self":[{"href":"https:\/\/raed.academy\/en\/wp-json\/wp\/v2\/academico\/17127","targetHints":{"allow":["GET"]}}],"collection":[{"href":"https:\/\/raed.academy\/en\/wp-json\/wp\/v2\/academico"}],"about":[{"href":"https:\/\/raed.academy\/en\/wp-json\/wp\/v2\/types\/academico"}],"wp:attachment":[{"href":"https:\/\/raed.academy\/en\/wp-json\/wp\/v2\/media?parent=17127"}],"wp:term":[{"taxonomy":"secciones","embeddable":true,"href":"https:\/\/raed.academy\/en\/wp-json\/wp\/v2\/secciones?post=17127"},{"taxonomy":"tipo_academico","embeddable":true,"href":"https:\/\/raed.academy\/en\/wp-json\/wp\/v2\/tipo_academico?post=17127"},{"taxonomy":"cargo","embeddable":true,"href":"https:\/\/raed.academy\/en\/wp-json\/wp\/v2\/cargo?post=17127"}],"curies":[{"name":"wp","href":"https:\/\/api.w.org\/{rel}","templated":true}]}}