{"id":161006,"date":"2025-03-19T10:30:19","date_gmt":"2025-03-19T10:30:19","guid":{"rendered":"https:\/\/raed.academy\/?page_id=161006"},"modified":"2025-11-04T15:22:03","modified_gmt":"2025-11-04T15:22:03","slug":"dr-maria-victoria-roque-sanchez","status":"publish","type":"academico","link":"https:\/\/raed.academy\/en\/academicians\/dr-maria-victoria-roque-sanchez\/","title":{"rendered":"Her Excellency Dr. Mar\u00eda Victoria Roqu\u00e9 S\u00e1nchez"},"content":{"rendered":"<p>[et_pb_section fb_built=&#8221;1&#8243; _builder_version=&#8221;4.16&#8243; custom_padding=&#8221;0px|||||&#8221; locked=&#8221;off&#8221; global_colors_info=&#8221;{}&#8221;][et_pb_row column_structure=&#8221;1_4,3_4&#8243; use_custom_gutter=&#8221;on&#8221; gutter_width=&#8221;2&#8243; _builder_version=&#8221;4.22.1&#8243; max_width=&#8221;1400px&#8221; custom_margin=&#8221;0px||0px|&#8221; custom_padding=&#8221;0|0px|0px|0px|false|false&#8221; global_colors_info=&#8221;{}&#8221; background_size=&#8221;initial&#8221; background_position=&#8221;top_left&#8221; background_repeat=&#8221;repeat&#8221;][et_pb_column type=&#8221;1_4&#8243; _builder_version=&#8221;4.22.1&#8243; custom_padding=&#8221;|||&#8221; global_colors_info=&#8221;{}&#8221; custom_padding__hover=&#8221;|||&#8221;][et_pb_image src=&#8221;https:\/\/raed.academy\/wp-content\/uploads\/2025\/03\/Dra-Maria-Victoria-Roque-Sanchez-230x317px.jpg&#8221; alt=&#8221;Dr. Jos\u00e9 Antonio Lej\u00e1rcegui Fort&#8221; title_text=&#8221;Dra-Maria-Victoria-Roque-Sanchez-230x317px&#8221; show_bottom_space=&#8221;off&#8221; align_tablet=&#8221;center&#8221; align_phone=&#8221;center&#8221; align_last_edited=&#8221;on|desktop&#8221; admin_label=&#8221;Imagen &#8211; foto acad\u00e9mico&#8221; _builder_version=&#8221;4.27.4&#8243; max_width=&#8221;230%&#8221; custom_margin=&#8221;0px||0px|&#8221; custom_padding=&#8221;0px||0px|&#8221; animation_style=&#8221;fold&#8221; border_radii=&#8221;on|6px|6px|6px|6px&#8221; border_width_all=&#8221;2px&#8221; box_shadow_style=&#8221;preset2&#8243; global_colors_info=&#8221;{}&#8221; width=&#8221;90%&#8221;][\/et_pb_image][\/et_pb_column][et_pb_column type=&#8221;3_4&#8243; _builder_version=&#8221;4.16&#8243; custom_padding=&#8221;|||&#8221; global_colors_info=&#8221;{}&#8221; custom_padding__hover=&#8221;|||&#8221;][et_pb_text module_class=&#8221;infoAcademico&#8221; _builder_version=&#8221;4.27.4&#8243; global_colors_info=&#8221;{}&#8221; custom_margin=&#8221;|||-50px||&#8221;]<\/p>\n<div style=\"border: 2px solid #000; padding: 20px; background: #fff; margin-bottom: 25px; border-radius: 10px; box-shadow: 2px 2px 8px rgba(0,0,0,0.1);\">\n<p><strong>Numerary Member<\/strong><\/p>\n<p><strong>Human Sciences:<\/strong> PhD in Theology and Philosophy<\/p>\n<p><strong>Date of admission:<\/strong> March 18, 2025<\/p>\n<p><strong>Admission speech: <\/strong><a href=\"https:\/\/raed.academy\/wp-content\/uploads\/2025\/03\/El-amor-revela-la-persona-La-logica-del-amor-conyugal-Maria-Victoria-Roque-Sanchez.pdf\" target=\"_blank\" rel=\"noopener\"><strong><em>\u00abLove Reveals the Person. The Logic of Conjugal Love\u00bb<\/em><\/strong><br \/><\/a><\/p>\n<p><strong>Response speech: <\/strong><a href=\"https:\/\/raed.academy\/academicos\/dr-lluis-giner-tarrida\/\" target=\"_blank\" rel=\"noopener\"><strong>H.E. Dr. Luis Giner Tarrida<\/strong><\/a>, PhD in Medicine and Surgery<\/p>\n<p><strong>Outstanding career: <\/strong>One of the leading experts in philosophical anthropology and bioethics applied to the health sciences. Her thought advocates a profoundly humanistic and transcendent vision of medicine and life.<\/p>\n<\/div>\n<p>[\/et_pb_text][\/et_pb_column][\/et_pb_row][et_pb_row use_custom_gutter=&#8221;on&#8221; gutter_width=&#8221;1&#8243; module_class=&#8221;parent-column&#8221; _builder_version=&#8221;4.22.1&#8243; background_size=&#8221;initial&#8221; background_position=&#8221;top_left&#8221; background_repeat=&#8221;repeat&#8221; max_width=&#8221;1400px&#8221; custom_padding=&#8221;0|0px|25.6px|0px|false|false&#8221; global_colors_info=&#8221;{}&#8221;][et_pb_column type=&#8221;4_4&#8243; _builder_version=&#8221;4.16&#8243; custom_padding=&#8221;|||&#8221; global_colors_info=&#8221;{}&#8221; custom_padding__hover=&#8221;|||&#8221;][et_pb_divider color=&#8221;#828282&#8243; divider_weight=&#8221;2&#8243; _builder_version=&#8221;4.27.4&#8243; height=&#8221;2px&#8221; box_shadow_style=&#8221;preset2&#8243; global_colors_info=&#8221;{}&#8221;][\/et_pb_divider][et_pb_tabs _builder_version=&#8221;4.27.4&#8243; global_colors_info=&#8221;{}&#8221;][et_pb_tab title=&#8221;CURR\u00cdCULUM VITAE&#8221; _builder_version=&#8221;4.27.4&#8243; global_colors_info=&#8221;{}&#8221;]<\/p>\n<h2><strong>Dr. MAR\u00cdA VICTORIA ROQU\u00c9 S\u00c1NCHEZ<\/strong><\/h2>\n<h3><strong>UNIVERSITY EDUCATION<\/strong><\/h3>\n<ul>\n<li>PhD in Theology from the <a href=\"https:\/\/www.unav.edu\/inicio\" target=\"_blank\" rel=\"noopener\"><strong>University of Navarra<\/strong><\/a> (1982) and PhD in Philosophy from the <a href=\"https:\/\/web.ub.edu\/es\/la-universidad\" target=\"_blank\" rel=\"noopener\"><strong>University of Barcelona<\/strong><\/a> (2005).<\/li>\n<li>Trained in Bioethics at the <a href=\"https:\/\/roma.unicatt.it\/facolta\/medicina-e-chirurgia\" target=\"_blank\" rel=\"noopener\"><strong>Facolt\u00e0 di Medicina e Chirurgia \u201cA. Gemelli\u201d \u2013 Universit\u00e0 Cattolica<\/strong><\/a> (Rome).<\/li>\n<li>Since 1980, she has attended the first International Theology Symposia at the University of Navarra, where she learned the importance of interdisciplinary dialogue.<\/li>\n<\/ul>\n<h3><strong>TEACHING AND PROFESSIONAL ACTIVITY<\/strong><\/h3>\n<ul>\n<li>She took part in the founding of the <a href=\"https:\/\/www.uic.es\/es\" target=\"_blank\" rel=\"noopener\"><strong>Universitat Internacional de Catalunya (UIC)<\/strong><\/a> and was a member of the Pedagogical Commission that developed the University\u2019s Educational Project.<\/li>\n<li>Associate Professor of Philosophical Anthropology, Ethics and Bioethics in Health Sciences at UIC.<\/li>\n<li>Professor at the Institute of Neurological and Gerontological Sciences at UIC.<\/li>\n<li>Lecturer in University Master\u2019s Degrees: Physiotherapy and Scientific Evidence, Nursing Sciences, Basic Research in Dentistry and Biomedicine, Bioethics, and Marriage and Family Sciences.<\/li>\n<li>Director of the Bioethics Study Centre at UIC.<\/li>\n<li>President of the Ethics Committee and member of the Plenary of the Permanent Governing Board of UIC.<\/li>\n<li>President of the 10th Congress of the <a href=\"https:\/\/aebioetica.org\/\" target=\"_blank\" rel=\"noopener\"><strong>Spanish Association of Bioethics and Medical Ethics<\/strong><\/a>.<\/li>\n<li>Founding member, representing UIC, of the International Federation of Personalist Bioethics (FIBIP).<\/li>\n<li>Her academic career is marked by the search for original and distinctive proposals in the design of teaching and research objectives in university education, such as the inclusion of transversal subjects (anthropology, professional ethics, bioethics) in Health Sciences studies.<\/li>\n<li>She has participated in numerous national and international research projects.<\/li>\n<\/ul>\n<h3><strong>PUBLICATIONS<\/strong><\/h3>\n<p>Author and co-author of numerous interdisciplinary scientific articles, supervisor of doctoral theses, and author of several books:<\/p>\n<ol>\n<li><em>&#8220;Doctor and Patient: The Human Side of Medicine&#8221; (2006).<\/em><\/li>\n<li><em>&#8220;The Meaning of Dying in Living&#8221; (2013).<\/em><\/li>\n<li><em>&#8220;Caring for the Vulnerable Body, Perfecting the Human&#8221; (2016).<\/em><\/li>\n<\/ol>\n<p>[\/et_pb_tab][et_pb_tab title=&#8221;V\u00cdDEO &#8221; _builder_version=&#8221;4.27.4&#8243; global_colors_info=&#8221;{}&#8221;]<iframe loading=\"lazy\" title=\"Sesi\u00f3n Oficial de recepci\u00f3n como Acad\u00e9mica Numeraria de la Sra. Dra. M\u00aa Victoria Roqu\u00e9 S\u00e1nchez\" src=\"https:\/\/www.youtube.com\/embed\/-NnD4MSg4rA\" width=\"1152\" height=\"629\" frameborder=\"0\" allowfullscreen=\"allowfullscreen\" data-mce-fragment=\"1\"><\/iframe>[\/et_pb_tab][et_pb_tab title=&#8221;GALER\u00cdA DE FOTOGRAF\u00cdAS&#8221; _builder_version=&#8221;4.27.4&#8243; global_colors_info=&#8221;{}&#8221;]<\/p>\n<div class=\"divi-module-destination\"><\/div>\n<p>[\/et_pb_tab][\/et_pb_tabs][et_pb_gallery gallery_ids=&#8221;161067,161064,161061,161058,161055,161052,161049,161046,161043,161040,161037,161034,161031,161028,161025,161022&#8243; posts_number=&#8221;16&#8243; show_title_and_caption=&#8221;off&#8221; show_pagination=&#8221;off&#8221; admin_label=&#8221;Galer\u00eda&#8221; module_class=&#8221;divi-portable-module galeria-pad-1&#8243; _builder_version=&#8221;4.27.4&#8243; _module_preset=&#8221;default&#8221; locked=&#8221;off&#8221; global_colors_info=&#8221;{}&#8221;][\/et_pb_gallery][et_pb_code admin_label=&#8221;C\u00f3digo&#8221; _builder_version=&#8221;4.27.4&#8243; _module_preset=&#8221;default&#8221; locked=&#8221;off&#8221; global_colors_info=&#8221;{}&#8221;]<script><!-- [et_pb_line_break_holder] -->(function ($) {<!-- [et_pb_line_break_holder] -->  $(document).ready(function () {<!-- [et_pb_line_break_holder] --> <!-- [et_pb_line_break_holder] -->    \/\/ Option #1: Move Divi Module(s) into a Module<!-- [et_pb_line_break_holder] -->    \/\/ Limit: One Instance per Column<!-- [et_pb_line_break_holder] -->    \/\/ Use following code if you want to move <!-- [et_pb_line_break_holder] -->    \/\/ a module inside another module. Each column with the<!-- [et_pb_line_break_holder] -->    \/\/ class 'parent-column' will append any module(s)<!-- [et_pb_line_break_holder] -->    \/\/ with the class 'divi-portable-module' to the div<!-- [et_pb_line_break_holder] -->    \/\/ with the class 'divi-module-destination'.<!-- [et_pb_line_break_holder] -->    \/\/ Only one instance of 'divi-module-destination' should<!-- [et_pb_line_break_holder] -->    \/\/ be added per column.<!-- [et_pb_line_break_holder] -->    $('.divi-portable-module').each(function () {<!-- [et_pb_line_break_holder] -->      $(this).closest('.parent-column').find('.divi-module-destination').append($(this));<!-- [et_pb_line_break_holder] -->    });<!-- [et_pb_line_break_holder] -->     <!-- [et_pb_line_break_holder] -->    \/\/ Buttons: Insert Button Module(s) into a Module<!-- [et_pb_line_break_holder] -->    \/\/ Adding a custom CSS class to a button module<!-- [et_pb_line_break_holder] -->    \/\/ is applied to the 'a' tag which is a child element<!-- [et_pb_line_break_holder] -->    \/\/ of the module wrapper. This code makes sure to append<!-- [et_pb_line_break_holder] -->    \/\/ the entire button module wrapper (the parent element)<!-- [et_pb_line_break_holder] -->    \/\/ as well. This functionality is the same as option #3 above.<!-- [et_pb_line_break_holder] -->    \/\/ Siimply use the class 'divi-portable-button' on a button module<!-- [et_pb_line_break_holder] -->    \/\/ instead of 'divi-portable-module'.<!-- [et_pb_line_break_holder] -->    $('.divi-portable-button').parent().each(function () {<!-- [et_pb_line_break_holder] -->      $(this).closest('.parent-column').find('.divi-module-destination').append($(this));<!-- [et_pb_line_break_holder] -->    });<!-- [et_pb_line_break_holder] --> <!-- [et_pb_line_break_holder] -->    \/\/ Option #2: Move Divi Row(s) into a Module<!-- [et_pb_line_break_holder] -->    \/\/ Limit: One Instance per Section<!-- [et_pb_line_break_holder] -->    \/\/ Use the following code if you want to move <!-- [et_pb_line_break_holder] -->    \/\/ a row inside a module on more than one section<!-- [et_pb_line_break_holder] -->    \/\/ of a page. Each section with the<!-- [et_pb_line_break_holder] -->    \/\/ class 'parent-section' will append any row(s)<!-- [et_pb_line_break_holder] -->    \/\/ with the class 'divi-portable-row' to the div<!-- [et_pb_line_break_holder] -->    \/\/ with the class 'divi-row-destination'.<!-- [et_pb_line_break_holder] -->    \/\/ Only one instance of 'divi-row-destination' should<!-- [et_pb_line_break_holder] -->    \/\/ be added per section.<!-- [et_pb_line_break_holder] -->    $('.divi-portable-row').each(function () {<!-- [et_pb_line_break_holder] -->      $(this).closest('.parent-section').find('.divi-row-destination').append($(this));<!-- [et_pb_line_break_holder] -->    });<!-- [et_pb_line_break_holder] --> <!-- [et_pb_line_break_holder] -->  });<!-- [et_pb_line_break_holder] -->})(jQuery);<!-- [et_pb_line_break_holder] --><\/script>[\/et_pb_code][\/et_pb_column][\/et_pb_row][\/et_pb_section]<\/p>\n","protected":false},"featured_media":0,"template":"","meta":{"_et_pb_use_builder":"on","_et_pb_old_content":"<p>[et_pb_section fb_built=\"1\" _builder_version=\"4.16\" custom_padding=\"0px|||||\" locked=\"off\" global_colors_info=\"{}\"][et_pb_row column_structure=\"1_4,3_4\" use_custom_gutter=\"on\" gutter_width=\"2\" _builder_version=\"4.22.1\" background_size=\"initial\" background_position=\"top_left\" background_repeat=\"repeat\" max_width=\"1400px\" custom_margin=\"0px||0px|\" custom_padding=\"0|0px|40px|0px|false|false\" global_colors_info=\"{}\"][et_pb_column type=\"1_4\" _builder_version=\"4.22.1\" custom_padding=\"|||\" global_colors_info=\"{}\" custom_padding__hover=\"|||\"][et_pb_image src=\"https:\/\/raed.academy\/wp-content\/uploads\/2025\/03\/Dra-Maria-Victoria-Roque-Sanchez-230x317px.jpg\" alt=\"Dr. Jos\u00e9 Antonio Lej\u00e1rcegui Fort\" title_text=\"Dra-Maria-Victoria-Roque-Sanchez-230x317px\" show_bottom_space=\"off\" align_tablet=\"center\" align_phone=\"center\" align_last_edited=\"on|desktop\" admin_label=\"Imagen - foto acad\u00e9mico\" _builder_version=\"4.27.4\" max_width=\"200px\" custom_margin=\"0px||0px|\" custom_padding=\"0px||0px|\" animation_style=\"fold\" border_radii=\"on|6px|6px|6px|6px\" border_width_all=\"2px\" box_shadow_style=\"preset2\" global_colors_info=\"{}\"][\/et_pb_image][\/et_pb_column][et_pb_column type=\"3_4\" _builder_version=\"4.16\" custom_padding=\"|||\" global_colors_info=\"{}\" custom_padding__hover=\"|||\"][et_pb_text module_class=\"infoAcademico\" _builder_version=\"4.27.4\" global_colors_info=\"{}\"]<\/p><p><strong>Acad\u00e9mica Numeraria<\/strong><\/p><p><strong>Ciencias Humanas: <\/strong>Doctora en Teolog\u00eda y en Filosof\u00eda<\/p><p><strong>Fecha de ingreso:<\/strong> 18 marzo 2025<\/p><p><strong>Discurso de ingreso: <a href=\"https:\/\/raed.academy\/wp-content\/uploads\/2025\/03\/El-amor-revela-la-persona-La-logica-del-amor-conyugal-Maria-Victoria-Roque-Sanchez.pdf\">\u00abEl amor revela la persona.La l\u00f3gica del amor conyugal\u00bb<\/a>.<\/strong><\/p><p><strong>Responde<\/strong>:\u00a0<a href=\"https:\/\/raed.academy\/academicos\/dr-lluis-giner-tarrida\/\"><strong>Excmo. Sr. Dr. Luis Giner Tarrida\u00a0<\/strong><\/a>, Doctor en Medicina y Cirug\u00eda<\/p><p>\u00a0<\/p><p>[\/et_pb_text][\/et_pb_column][\/et_pb_row][et_pb_row use_custom_gutter=\"on\" gutter_width=\"1\" module_class=\"parent-column\" _builder_version=\"4.22.1\" background_size=\"initial\" background_position=\"top_left\" background_repeat=\"repeat\" max_width=\"1400px\" custom_padding=\"0|0px|25.6px|0px|false|false\" global_colors_info=\"{}\"][et_pb_column type=\"4_4\" _builder_version=\"4.16\" custom_padding=\"|||\" global_colors_info=\"{}\" custom_padding__hover=\"|||\"][et_pb_divider color=\"#828282\" divider_weight=\"2\" _builder_version=\"4.27.4\" height=\"2px\" box_shadow_style=\"preset2\" global_colors_info=\"{}\"][\/et_pb_divider][et_pb_tabs _builder_version=\"4.27.4\" global_colors_info=\"{}\"][et_pb_tab title=\"CURR\u00cdCULUM VITAE\" _builder_version=\"4.27.4\" global_colors_info=\"{}\"]<\/p><p><strong>Mar\u00eda Victoria Roqu\u00e9 S\u00e1nchez<\/strong><\/p><p>Doctora en Teolog\u00eda por la Universidad de Navarra (1982) y doctora en Filosof\u00eda por la Universidad de Barcelona (2005).<br \/>Se form\u00f3 en Bio\u00e9tica en la Facolt\u00e0 di Medicina e Chirurgia \u201cA. Gemelli\u201d, dell\u2019Universit\u00e0 Cattolica (Roma).<br \/>Desde 1980 asisti\u00f3 a los primeros Simposios Internacionales de Teolog\u00eda de la Universidad de Navarra, donde aprendi\u00f3 la importancia del di\u00e1logo interdisciplinar. Estuvo en los inicios de la Universitat Internacional de Catalunya (UIC) y form\u00f3 parte de la Comisi\u00f3n Pedag\u00f3gica que elabor\u00f3 el Proyecto Educativo de la Universidad.<\/p><p>Profesora Titular de Antropolog\u00eda Filos\u00f3fica, \u00c9tica y Bio\u00e9tica en Ciencias de la Salud de la Universitat Internacional de Catalunya (UIC). Profesora del Instituto de Ciencias Neurol\u00f3gicas y Gerontol\u00f3gicas de la UIC.<\/p><p>Profesora de M\u00e1steres Universitarios: Fisioterapia y Evidencia Cient\u00edfica, Ciencias de la Enfermer\u00eda, Investigaci\u00f3n B\u00e1sica en Odontolog\u00eda y Biomedicina, Bio\u00e9tica y Ciencias del Matrimonio y la Familia.<\/p><p>Directora del Centro de Estudios de Bio\u00e9tica de la UIC.<br \/>Presidenta del Comit\u00e9 de \u00c9tica y miembro del Plenario de la Junta Permanente de Gobierno de la UIC. Presidenta del X Congreso de la Asociaci\u00f3n Espa\u00f1ola de Bio\u00e9tica y \u00c9tica M\u00e9dica. Miembro fundador, en representaci\u00f3n de la Universitat Internacional de Catalunya, de la Federaci\u00f3n Internacional de Bio\u00e9tica de Inspiraci\u00f3n Personalista (FIBIP).<\/p><p>Ha participado en numerosos proyectos de investigaci\u00f3n nacionales e internacionales. Autora y coautora de numerosos art\u00edculos cient\u00edficos de car\u00e1cter interdisciplinar, direcci\u00f3n de tesis doctorales y autora de varios libros: M\u00e9dico y paciente: el lado humano de la medicina (2006), El sentido del morir en el vivir (2013), Cuidar el cuerpo vulnerable, perfeccionar lo humano (2016). Su trayectoria acad\u00e9mica est\u00e1 marcada por la b\u00fasqueda de propuestas originales y diferenciadoras en el dise\u00f1o de objetivos docentes e investigadores en la formaci\u00f3n universitaria, como ha sido la inclusi\u00f3n de asignaturas transversales (antropolog\u00eda, \u00e9tica profesional, bio\u00e9tica) en las titulaciones denominadas Ciencias de la Salud.\u00a0<\/p><p>[\/et_pb_tab][et_pb_tab title=\"V\u00cdDEO \" _builder_version=\"4.27.4\" global_colors_info=\"{}\"]<iframe title=\"Sesi\u00f3n Oficial de recepci\u00f3n como Acad\u00e9mica Numeraria de la Sra. Dra. M\u00aa Victoria Roqu\u00e9 S\u00e1nchez\" src=\"https:\/\/www.youtube.com\/embed\/-NnD4MSg4rA\" width=\"1152\" height=\"629\" frameborder=\"0\" allowfullscreen=\"allowfullscreen\" data-mce-fragment=\"1\"><\/iframe>[\/et_pb_tab][et_pb_tab title=\"GALER\u00cdA DE FOTOGRAF\u00cdAS\" _builder_version=\"4.27.4\" global_colors_info=\"{}\"]<\/p><div class=\"divi-module-destination\">\u00a0<\/div><p>[\/et_pb_tab][\/et_pb_tabs][et_pb_gallery gallery_ids=\"146992\" posts_number=\"16\" show_title_and_caption=\"off\" show_pagination=\"off\" admin_label=\"Galer\u00eda\" module_class=\"divi-portable-module galeria-pad-1\" _builder_version=\"4.27.4\" _module_preset=\"default\" custom_css_gallery_item=\"width: 33.33% !important;||margin: 0 !important;||clear: none !important;\" locked=\"off\" global_colors_info=\"{}\"][\/et_pb_gallery][et_pb_code admin_label=\"C\u00f3digo\" _builder_version=\"4.27.4\" _module_preset=\"default\" locked=\"off\" global_colors_info=\"{}\"]<script><!-- [et_pb_line_break_holder] -->(function ($) {<!-- [et_pb_line_break_holder] -->  $(document).ready(function () {<!-- [et_pb_line_break_holder] --> <!-- [et_pb_line_break_holder] -->    \/\/ Option #1: Move Divi Module(s) into a Module<!-- [et_pb_line_break_holder] -->    \/\/ Limit: One Instance per Column<!-- [et_pb_line_break_holder] -->    \/\/ Use following code if you want to move <!-- [et_pb_line_break_holder] -->    \/\/ a module inside another module. Each column with the<!-- [et_pb_line_break_holder] -->    \/\/ class 'parent-column' will append any module(s)<!-- [et_pb_line_break_holder] -->    \/\/ with the class 'divi-portable-module' to the div<!-- [et_pb_line_break_holder] -->    \/\/ with the class 'divi-module-destination'.<!-- [et_pb_line_break_holder] -->    \/\/ Only one instance of 'divi-module-destination' should<!-- [et_pb_line_break_holder] -->    \/\/ be added per column.<!-- [et_pb_line_break_holder] -->    $('.divi-portable-module').each(function () {<!-- [et_pb_line_break_holder] -->      $(this).closest('.parent-column').find('.divi-module-destination').append($(this));<!-- [et_pb_line_break_holder] -->    });<!-- [et_pb_line_break_holder] -->     <!-- [et_pb_line_break_holder] -->    \/\/ Buttons: Insert Button Module(s) into a Module<!-- [et_pb_line_break_holder] -->    \/\/ Adding a custom CSS class to a button module<!-- [et_pb_line_break_holder] -->    \/\/ is applied to the 'a' tag which is a child element<!-- [et_pb_line_break_holder] -->    \/\/ of the module wrapper. This code makes sure to append<!-- [et_pb_line_break_holder] -->    \/\/ the entire button module wrapper (the parent element)<!-- [et_pb_line_break_holder] -->    \/\/ as well. This functionality is the same as option #3 above.<!-- [et_pb_line_break_holder] -->    \/\/ Siimply use the class 'divi-portable-button' on a button module<!-- [et_pb_line_break_holder] -->    \/\/ instead of 'divi-portable-module'.<!-- [et_pb_line_break_holder] -->    $('.divi-portable-button').parent().each(function () {<!-- [et_pb_line_break_holder] -->      $(this).closest('.parent-column').find('.divi-module-destination').append($(this));<!-- [et_pb_line_break_holder] -->    });<!-- [et_pb_line_break_holder] --> <!-- [et_pb_line_break_holder] -->    \/\/ Option #2: Move Divi Row(s) into a Module<!-- [et_pb_line_break_holder] -->    \/\/ Limit: One Instance per Section<!-- [et_pb_line_break_holder] -->    \/\/ Use the following code if you want to move <!-- [et_pb_line_break_holder] -->    \/\/ a row inside a module on more than one section<!-- [et_pb_line_break_holder] -->    \/\/ of a page. Each section with the<!-- [et_pb_line_break_holder] -->    \/\/ class 'parent-section' will append any row(s)<!-- [et_pb_line_break_holder] -->    \/\/ with the class 'divi-portable-row' to the div<!-- [et_pb_line_break_holder] -->    \/\/ with the class 'divi-row-destination'.<!-- [et_pb_line_break_holder] -->    \/\/ Only one instance of 'divi-row-destination' should<!-- [et_pb_line_break_holder] -->    \/\/ be added per section.<!-- [et_pb_line_break_holder] -->    $('.divi-portable-row').each(function () {<!-- [et_pb_line_break_holder] -->      $(this).closest('.parent-section').find('.divi-row-destination').append($(this));<!-- [et_pb_line_break_holder] -->    });<!-- [et_pb_line_break_holder] --> <!-- [et_pb_line_break_holder] -->  });<!-- [et_pb_line_break_holder] -->})(jQuery);<!-- [et_pb_line_break_holder] --><\/script>[\/et_pb_code][\/et_pb_column][\/et_pb_row][\/et_pb_section]<\/p>","_et_gb_content_width":""},"secciones":[762],"tipo_academico":[747],"cargo":[],"class_list":["post-161006","academico","type-academico","status-publish","hentry","secciones-human-sciences","tipo_academico-numerary-member"],"yoast_head":"<!-- This site is optimized with the Yoast SEO plugin v27.4 - https:\/\/yoast.com\/product\/yoast-seo-wordpress\/ -->\n<title>Her Excellency Dr. Mar\u00eda Victoria Roqu\u00e9 S\u00e1nchez - Royal European Academy of Doctors<\/title>\n<meta name=\"robots\" content=\"index, follow, max-snippet:-1, max-image-preview:large, max-video-preview:-1\" \/>\n<link rel=\"canonical\" href=\"https:\/\/raed.academy\/en\/academicians\/dr-maria-victoria-roque-sanchez\/\" \/>\n<meta property=\"og:locale\" content=\"en_US\" \/>\n<meta property=\"og:type\" content=\"article\" \/>\n<meta property=\"og:title\" content=\"Her Excellency Dr. Mar\u00eda Victoria Roqu\u00e9 S\u00e1nchez - Royal European Academy of Doctors\" \/>\n<meta property=\"og:description\" content=\"Numerary Member Human Sciences: PhD in Theology and Philosophy Date of admission: March 18, 2025 Admission speech: \u00abLove Reveals the Person. The Logic of Conjugal Love\u00bb Response speech: H.E. Dr. Luis Giner Tarrida, PhD in Medicine and Surgery Outstanding career: One of the leading experts in philosophical anthropology and bioethics applied to the health sciences. [&hellip;]\" \/>\n<meta property=\"og:url\" content=\"https:\/\/raed.academy\/en\/academicians\/dr-maria-victoria-roque-sanchez\/\" \/>\n<meta property=\"og:site_name\" content=\"Royal European Academy of Doctors\" \/>\n<meta property=\"article:publisher\" content=\"http:\/\/fb.me\/raed.academy\" \/>\n<meta property=\"article:modified_time\" content=\"2025-11-04T15:22:03+00:00\" \/>\n<meta name=\"twitter:card\" content=\"summary_large_image\" \/>\n<meta name=\"twitter:site\" content=\"@raedacademy\" \/>\n<meta name=\"twitter:label1\" content=\"Est. reading time\" \/>\n\t<meta name=\"twitter:data1\" content=\"5 minutes\" \/>\n<script type=\"application\/ld+json\" class=\"yoast-schema-graph\">{\"@context\":\"https:\\\/\\\/schema.org\",\"@graph\":[{\"@type\":\"WebPage\",\"@id\":\"https:\\\/\\\/raed.academy\\\/en\\\/academicians\\\/dr-maria-victoria-roque-sanchez\\\/\",\"url\":\"https:\\\/\\\/raed.academy\\\/en\\\/academicians\\\/dr-maria-victoria-roque-sanchez\\\/\",\"name\":\"Her Excellency Dr. Mar\u00eda Victoria Roqu\u00e9 S\u00e1nchez - Royal European Academy of Doctors\",\"isPartOf\":{\"@id\":\"https:\\\/\\\/raed.academy\\\/en\\\/#website\"},\"datePublished\":\"2025-03-19T10:30:19+00:00\",\"dateModified\":\"2025-11-04T15:22:03+00:00\",\"breadcrumb\":{\"@id\":\"https:\\\/\\\/raed.academy\\\/en\\\/academicians\\\/dr-maria-victoria-roque-sanchez\\\/#breadcrumb\"},\"inLanguage\":\"en-US\",\"potentialAction\":[{\"@type\":\"ReadAction\",\"target\":[\"https:\\\/\\\/raed.academy\\\/en\\\/academicians\\\/dr-maria-victoria-roque-sanchez\\\/\"]}]},{\"@type\":\"BreadcrumbList\",\"@id\":\"https:\\\/\\\/raed.academy\\\/en\\\/academicians\\\/dr-maria-victoria-roque-sanchez\\\/#breadcrumb\",\"itemListElement\":[{\"@type\":\"ListItem\",\"position\":1,\"name\":\"Inicio\",\"item\":\"https:\\\/\\\/raed.academy\\\/en\\\/\"},{\"@type\":\"ListItem\",\"position\":2,\"name\":\"Acad\u00e9micos\",\"item\":\"https:\\\/\\\/raed.academy\\\/en\\\/academicians\\\/\"},{\"@type\":\"ListItem\",\"position\":3,\"name\":\"Her Excellency Dr. Mar\u00eda Victoria Roqu\u00e9 S\u00e1nchez\"}]},{\"@type\":\"WebSite\",\"@id\":\"https:\\\/\\\/raed.academy\\\/en\\\/#website\",\"url\":\"https:\\\/\\\/raed.academy\\\/en\\\/\",\"name\":\"Royal European Academy of Doctors\",\"description\":\"Corporaci\u00f3n de derecho p\u00fablico de car\u00e1cter cient\u00edfico, t\u00e9cnico y art\u00edstico, que tiene por objeto la investigaci\u00f3n, el estudio, el fomento y la extensi\u00f3n del conocimiento en su sentido m\u00e1s amplio.\",\"publisher\":{\"@id\":\"https:\\\/\\\/raed.academy\\\/en\\\/#organization\"},\"potentialAction\":[{\"@type\":\"SearchAction\",\"target\":{\"@type\":\"EntryPoint\",\"urlTemplate\":\"https:\\\/\\\/raed.academy\\\/en\\\/?s={search_term_string}\"},\"query-input\":{\"@type\":\"PropertyValueSpecification\",\"valueRequired\":true,\"valueName\":\"search_term_string\"}}],\"inLanguage\":\"en-US\"},{\"@type\":\"Organization\",\"@id\":\"https:\\\/\\\/raed.academy\\\/en\\\/#organization\",\"name\":\"Real Academia Europea de Doctores\",\"url\":\"https:\\\/\\\/raed.academy\\\/en\\\/\",\"logo\":{\"@type\":\"ImageObject\",\"inLanguage\":\"en-US\",\"@id\":\"https:\\\/\\\/raed.academy\\\/en\\\/#\\\/schema\\\/logo\\\/image\\\/\",\"url\":\"https:\\\/\\\/raed.academy\\\/wp-content\\\/uploads\\\/2017\\\/01\\\/cropped-logo_raed.png\",\"contentUrl\":\"https:\\\/\\\/raed.academy\\\/wp-content\\\/uploads\\\/2017\\\/01\\\/cropped-logo_raed.png\",\"width\":512,\"height\":512,\"caption\":\"Real Academia Europea de Doctores\"},\"image\":{\"@id\":\"https:\\\/\\\/raed.academy\\\/en\\\/#\\\/schema\\\/logo\\\/image\\\/\"},\"sameAs\":[\"http:\\\/\\\/fb.me\\\/raed.academy\",\"https:\\\/\\\/x.com\\\/raedacademy\",\"https:\\\/\\\/www.instagram.com\\\/raed.academy\\\/\",\"https:\\\/\\\/www.youtube.com\\\/channel\\\/UCUYQwW2KrdirNWihxMDObwg\"]}]}<\/script>\n<!-- \/ Yoast SEO plugin. -->","yoast_head_json":{"title":"Her Excellency Dr. Mar\u00eda Victoria Roqu\u00e9 S\u00e1nchez - Royal European Academy of Doctors","robots":{"index":"index","follow":"follow","max-snippet":"max-snippet:-1","max-image-preview":"max-image-preview:large","max-video-preview":"max-video-preview:-1"},"canonical":"https:\/\/raed.academy\/en\/academicians\/dr-maria-victoria-roque-sanchez\/","og_locale":"en_US","og_type":"article","og_title":"Her Excellency Dr. Mar\u00eda Victoria Roqu\u00e9 S\u00e1nchez - Royal European Academy of Doctors","og_description":"La RAED organiza y lleva a cabo una serie de actividades concentradas en mes y medio que contaron con la implicaci\u00f3n activa de numerosos acad\u00e9micos. Recepci\u00f3n de cuatro acad\u00e9micos correspondientes (Stavroula-Ina Piperaki para Grecia, Stephen Zeff y David B. Wilkins para Estados Unidos y Llu\u00eds Vicent Safont para Andorra) Mesa redonda sobre \u00abLa salida de [&hellip;]","og_url":"https:\/\/raed.academy\/en\/academicians\/dr-maria-victoria-roque-sanchez\/","og_site_name":"Royal European Academy of Doctors","article_publisher":"http:\/\/fb.me\/raed.academy","article_modified_time":"2025-11-04T15:22:03+00:00","twitter_card":"summary_large_image","twitter_site":"@raedacademy","twitter_misc":{"Est. reading time":"5 minutes"},"schema":{"@context":"https:\/\/schema.org","@graph":[{"@type":"WebPage","@id":"https:\/\/raed.academy\/en\/academicians\/dr-maria-victoria-roque-sanchez\/","url":"https:\/\/raed.academy\/en\/academicians\/dr-maria-victoria-roque-sanchez\/","name":"Her Excellency Dr. Mar\u00eda Victoria Roqu\u00e9 S\u00e1nchez - Royal European Academy of Doctors","isPartOf":{"@id":"https:\/\/raed.academy\/en\/#website"},"datePublished":"2025-03-19T10:30:19+00:00","dateModified":"2025-11-04T15:22:03+00:00","breadcrumb":{"@id":"https:\/\/raed.academy\/en\/academicians\/dr-maria-victoria-roque-sanchez\/#breadcrumb"},"inLanguage":"en-US","potentialAction":[{"@type":"ReadAction","target":["https:\/\/raed.academy\/en\/academicians\/dr-maria-victoria-roque-sanchez\/"]}]},{"@type":"BreadcrumbList","@id":"https:\/\/raed.academy\/en\/academicians\/dr-maria-victoria-roque-sanchez\/#breadcrumb","itemListElement":[{"@type":"ListItem","position":1,"name":"Inicio","item":"https:\/\/raed.academy\/en\/"},{"@type":"ListItem","position":2,"name":"Acad\u00e9micos","item":"https:\/\/raed.academy\/en\/academicians\/"},{"@type":"ListItem","position":3,"name":"Her Excellency Dr. Mar\u00eda Victoria Roqu\u00e9 S\u00e1nchez"}]},{"@type":"WebSite","@id":"https:\/\/raed.academy\/en\/#website","url":"https:\/\/raed.academy\/en\/","name":"Royal European Academy of Doctors","description":"Corporaci\u00f3n de derecho p\u00fablico de car\u00e1cter cient\u00edfico, t\u00e9cnico y art\u00edstico, que tiene por objeto la investigaci\u00f3n, el estudio, el fomento y la extensi\u00f3n del conocimiento en su sentido m\u00e1s amplio.","publisher":{"@id":"https:\/\/raed.academy\/en\/#organization"},"potentialAction":[{"@type":"SearchAction","target":{"@type":"EntryPoint","urlTemplate":"https:\/\/raed.academy\/en\/?s={search_term_string}"},"query-input":{"@type":"PropertyValueSpecification","valueRequired":true,"valueName":"search_term_string"}}],"inLanguage":"en-US"},{"@type":"Organization","@id":"https:\/\/raed.academy\/en\/#organization","name":"Real Academia Europea de Doctores","url":"https:\/\/raed.academy\/en\/","logo":{"@type":"ImageObject","inLanguage":"en-US","@id":"https:\/\/raed.academy\/en\/#\/schema\/logo\/image\/","url":"https:\/\/raed.academy\/wp-content\/uploads\/2017\/01\/cropped-logo_raed.png","contentUrl":"https:\/\/raed.academy\/wp-content\/uploads\/2017\/01\/cropped-logo_raed.png","width":512,"height":512,"caption":"Real Academia Europea de Doctores"},"image":{"@id":"https:\/\/raed.academy\/en\/#\/schema\/logo\/image\/"},"sameAs":["http:\/\/fb.me\/raed.academy","https:\/\/x.com\/raedacademy","https:\/\/www.instagram.com\/raed.academy\/","https:\/\/www.youtube.com\/channel\/UCUYQwW2KrdirNWihxMDObwg"]}]}},"_links":{"self":[{"href":"https:\/\/raed.academy\/en\/wp-json\/wp\/v2\/academico\/161006","targetHints":{"allow":["GET"]}}],"collection":[{"href":"https:\/\/raed.academy\/en\/wp-json\/wp\/v2\/academico"}],"about":[{"href":"https:\/\/raed.academy\/en\/wp-json\/wp\/v2\/types\/academico"}],"wp:attachment":[{"href":"https:\/\/raed.academy\/en\/wp-json\/wp\/v2\/media?parent=161006"}],"wp:term":[{"taxonomy":"secciones","embeddable":true,"href":"https:\/\/raed.academy\/en\/wp-json\/wp\/v2\/secciones?post=161006"},{"taxonomy":"tipo_academico","embeddable":true,"href":"https:\/\/raed.academy\/en\/wp-json\/wp\/v2\/tipo_academico?post=161006"},{"taxonomy":"cargo","embeddable":true,"href":"https:\/\/raed.academy\/en\/wp-json\/wp\/v2\/cargo?post=161006"}],"curies":[{"name":"wp","href":"https:\/\/api.w.org\/{rel}","templated":true}]}}