{"id":160514,"date":"2025-03-11T12:24:18","date_gmt":"2025-03-11T12:24:18","guid":{"rendered":"https:\/\/raed.academy\/?page_id=160514"},"modified":"2025-10-20T15:22:34","modified_gmt":"2025-10-20T15:22:34","slug":"dr-pedro-guillen-garcia","status":"publish","type":"academico","link":"https:\/\/raed.academy\/en\/academicians\/dr-pedro-guillen-garcia\/","title":{"rendered":"Dr. Pedro Guill\u00e9n Garc\u00eda"},"content":{"rendered":"<p>[et_pb_section fb_built=&#8221;1&#8243; _builder_version=&#8221;4.16&#8243; custom_padding=&#8221;0px|||||&#8221; locked=&#8221;off&#8221; global_colors_info=&#8221;{}&#8221;][et_pb_row column_structure=&#8221;1_4,3_4&#8243; use_custom_gutter=&#8221;on&#8221; gutter_width=&#8221;2&#8243; _builder_version=&#8221;4.22.1&#8243; background_size=&#8221;initial&#8221; background_position=&#8221;top_left&#8221; background_repeat=&#8221;repeat&#8221; max_width=&#8221;1400px&#8221; custom_margin=&#8221;0px||0px|&#8221; custom_padding=&#8221;0|0px|40px|0px|false|false&#8221; global_colors_info=&#8221;{}&#8221;][et_pb_column type=&#8221;1_4&#8243; _builder_version=&#8221;4.22.1&#8243; custom_padding=&#8221;|||&#8221; global_colors_info=&#8221;{}&#8221; custom_padding__hover=&#8221;|||&#8221;][et_pb_image src=&#8221;https:\/\/raed.academy\/wp-content\/uploads\/2025\/03\/Dr-Pedro-Guillen-Garcia-230x317px-1.jpg&#8221; alt=&#8221;Xavier Sanz Latiesas&#8221; title_text=&#8221;Dr-Pedro-Guillen-Garcia-230x317px&#8221; show_bottom_space=&#8221;off&#8221; align_tablet=&#8221;center&#8221; align_phone=&#8221;center&#8221; align_last_edited=&#8221;on|desktop&#8221; admin_label=&#8221;Imagen &#8211; foto acad\u00e9mico&#8221; _builder_version=&#8221;4.27.4&#8243; max_width=&#8221;200px&#8221; custom_margin=&#8221;0px||0px|&#8221; custom_padding=&#8221;0px||0px|&#8221; animation_style=&#8221;fold&#8221; border_radii=&#8221;on|6px|6px|6px|6px&#8221; border_width_all=&#8221;2px&#8221; box_shadow_style=&#8221;preset2&#8243; global_colors_info=&#8221;{}&#8221;][\/et_pb_image][\/et_pb_column][et_pb_column type=&#8221;3_4&#8243; _builder_version=&#8221;4.16&#8243; custom_padding=&#8221;|||&#8221; global_colors_info=&#8221;{}&#8221; custom_padding__hover=&#8221;|||&#8221;][et_pb_text module_class=&#8221;infoAcademico&#8221; _builder_version=&#8221;4.27.4&#8243; hover_enabled=&#8221;0&#8243; global_colors_info=&#8221;{}&#8221; sticky_enabled=&#8221;0&#8243;]<\/p>\n<div style=\"border: 2px solid #000; padding: 20px; background: #fff; margin-bottom: 25px; border-radius: 10px; box-shadow: 2px 2px 8px rgba(0,0,0,0.1);\">\n<p><strong>Honorary Academician<\/strong><\/p>\n<p><strong>Health Sciences:<\/strong> Doctor in Medicine and Surgery<\/p>\n<p><strong>Date of admission:<\/strong> March 12, 2025<\/p>\n<p><strong>Admission speech:<\/strong> <a href=\"https:\/\/raed.academy\/wp-content\/uploads\/2025\/03\/Genufonia-Lenguaje-de-la-rodilla-por-Pedro-Guillen-Garcia.pdf\" target=\"_blank\" rel=\"noopener\"><strong><em>\u00abGenuphony: The Language of the Knee\u00bb<\/em><\/strong><\/a><\/p>\n<p><strong>Reply speech:<\/strong> <a href=\"https:\/\/raed.academy\/academicians\/dr-jose-ramon-calvo-fernandez\/\" target=\"_blank\" rel=\"noopener\"><strong>Hon. Dr. Jos\u00e9 Ram\u00f3n Calvo Fern\u00e1ndez<\/strong><\/a>, Doctor in Medicine and Surgery<\/p>\n<p><strong>Outstanding career:<\/strong> A leading figure in modern traumatology. Pioneer in sports medicine and orthopedic surgery, founder of the CEMTRO Clinic in Madrid. Recognized for developing innovative techniques in autologous chondrocyte transplantation and for his international leadership in articular cartilage regeneration.<\/p>\n<\/div>\n<p>[\/et_pb_text][\/et_pb_column][\/et_pb_row][et_pb_row use_custom_gutter=&#8221;on&#8221; gutter_width=&#8221;1&#8243; module_class=&#8221;parent-column&#8221; _builder_version=&#8221;4.22.1&#8243; background_size=&#8221;initial&#8221; background_position=&#8221;top_left&#8221; background_repeat=&#8221;repeat&#8221; max_width=&#8221;1400px&#8221; custom_padding=&#8221;0|0px|25.6px|0px|false|false&#8221; global_colors_info=&#8221;{}&#8221;][et_pb_column type=&#8221;4_4&#8243; _builder_version=&#8221;4.16&#8243; custom_padding=&#8221;|||&#8221; global_colors_info=&#8221;{}&#8221; custom_padding__hover=&#8221;|||&#8221;][et_pb_divider color=&#8221;#828282&#8243; divider_weight=&#8221;2&#8243; _builder_version=&#8221;4.27.4&#8243; height=&#8221;2px&#8221; box_shadow_style=&#8221;preset2&#8243; global_colors_info=&#8221;{}&#8221;][\/et_pb_divider][et_pb_tabs _builder_version=&#8221;4.27.4&#8243; global_colors_info=&#8221;{}&#8221;][et_pb_tab title=&#8221;CURR\u00cdCULUM VITAE&#8221; _builder_version=&#8221;4.27.4&#8243; global_colors_info=&#8221;{}&#8221;]<\/p>\n<h2><strong>Dr. PEDRO GUILL\u00c9N GARC\u00cdA<\/strong><\/h2>\n<ul>\n<li>Born in <strong><a href=\"https:\/\/es.wikipedia.org\/wiki\/Murcia\" target=\"_blank\" rel=\"noopener\">Murcia<\/a><\/strong>, Spain, in 1943.<\/li>\n<\/ul>\n<h3><strong>UNIVERSITY DEGREES<\/strong><\/h3>\n<ul>\n<li>Degree in Medicine and Surgery (1958\u20131964).<\/li>\n<li>Specialist in Traumatology and Orthopaedics (1979).<\/li>\n<li>Doctor of Medicine and Surgery, <a href=\"https:\/\/www.ucm.es\/\" target=\"_blank\" rel=\"noopener\"><strong>Complutense University of Madrid<\/strong><\/a> (1986).<\/li>\n<\/ul>\n<h3><strong>ACADEMIC AND PROFESSIONAL ACTIVITY<\/strong><\/h3>\n<ul>\n<li>Associate Professor of Embryology and Human Anatomy, <a href=\"https:\/\/www.ucm.es\/\" target=\"_blank\" rel=\"noopener\"><strong>Complutense University of Madrid<\/strong><\/a> (1988).<\/li>\n<li>Associate Professor of Sports Traumatology and Orthopaedics, same university (1989).<\/li>\n<li>Honorary Dean of the Degree in Medicine at the <a href=\"https:\/\/www.ucam.edu\/\" target=\"_blank\" rel=\"noopener\"><strong>Catholic University of San Antonio of Murcia (UCAM)<\/strong><\/a> (2010\u2013present).<\/li>\n<li>Professor of the \u201cPedro Guill\u00e9n Chair in Regenerative Medicine\u201d at the <a href=\"https:\/\/www.ranf.com\/\" target=\"_blank\" rel=\"noopener\"><strong>Royal National Academy of Pharmacy<\/strong><\/a> (2017\u2013present).<\/li>\n<li>Numerary Member of the <a href=\"https:\/\/rane.es\/\" target=\"_blank\" rel=\"noopener\"><strong>Royal National Academy of Medicine of Spain<\/strong><\/a>, Chair No. 39 (2019).<\/li>\n<li>Honorary Academician of the Royal Academies of Pharmacy, Veterinary Science, and Doctors of Spain.<\/li>\n<li>Honorary Doctorate from Cranston University (Rhode Island, USA, 2004), Catholic University of San Antonio of Murcia (2007), Rey Juan Carlos University of Madrid (2008), and Pontifical University of Salamanca (2015).<\/li>\n<li>Supervisor of 22 doctoral theses.<\/li>\n<li>Founder and Chairman of the Board of Directors of <strong>Cl\u00ednica CEMTRO<\/strong> (1998\u2013present).<\/li>\n<li>Head of the Department of Orthopaedic Surgery and Traumatology, <strong>Cl\u00ednica CEMTRO<\/strong> (1998\u2013present).<\/li>\n<li>Honorary Member of the <strong>Arthroscopy Association of North America<\/strong> (2004).<\/li>\n<\/ul>\n<h3><strong>PUBLICATIONS<\/strong><\/h3>\n<ul>\n<li>31 books on Traumatology and Orthopaedic Surgery.<\/li>\n<li>7 books on Clinical Research.<\/li>\n<li>3 bibliographic indexes.<\/li>\n<li>128 chapters in Spanish and international books.<\/li>\n<li>130 scientific articles.<\/li>\n<\/ul>\n<h3><strong>AWARDS AND HONOURS<\/strong><\/h3>\n<ul>\n<li>Gold Medal for Merit in Work, Ministry of Labour (2001).<\/li>\n<li>LII \u201cJim\u00e9nez D\u00edaz Memorial Lecture\u201d Award, granted by the Executive Committee of the Jim\u00e9nez D\u00edaz Memorial Lecture (2020).<\/li>\n<\/ul>\n<p>[\/et_pb_tab][et_pb_tab title=&#8221;GALER\u00cdA DE FOTOGRAF\u00cdAS&#8221; _builder_version=&#8221;4.27.4&#8243; global_colors_info=&#8221;{}&#8221;]<\/p>\n<div class=\"divi-module-destination\"><\/div>\n<p>[\/et_pb_tab][\/et_pb_tabs][et_pb_gallery gallery_ids=&#8221;160915,160862,160859,160856,160853,160850,160847,160844,160838,160835,160832,160829&#8243; posts_number=&#8221;12&#8243; show_title_and_caption=&#8221;off&#8221; show_pagination=&#8221;off&#8221; admin_label=&#8221;Galer\u00eda&#8221; module_class=&#8221;divi-portable-module galeria-pad-1&#8243; _builder_version=&#8221;4.27.4&#8243; _module_preset=&#8221;default&#8221; locked=&#8221;off&#8221; global_colors_info=&#8221;{}&#8221;][\/et_pb_gallery][et_pb_code admin_label=&#8221;C\u00f3digo&#8221; _builder_version=&#8221;4.27.4&#8243; _module_preset=&#8221;default&#8221; locked=&#8221;off&#8221; global_colors_info=&#8221;{}&#8221;]<script><!-- [et_pb_line_break_holder] -->(function ($) {<!-- [et_pb_line_break_holder] -->  $(document).ready(function () {<!-- [et_pb_line_break_holder] --> <!-- [et_pb_line_break_holder] -->    \/\/ Option #1: Move Divi Module(s) into a Module<!-- [et_pb_line_break_holder] -->    \/\/ Limit: One Instance per Column<!-- [et_pb_line_break_holder] -->    \/\/ Use following code if you want to move <!-- [et_pb_line_break_holder] -->    \/\/ a module inside another module. Each column with the<!-- [et_pb_line_break_holder] -->    \/\/ class 'parent-column' will append any module(s)<!-- [et_pb_line_break_holder] -->    \/\/ with the class 'divi-portable-module' to the div<!-- [et_pb_line_break_holder] -->    \/\/ with the class 'divi-module-destination'.<!-- [et_pb_line_break_holder] -->    \/\/ Only one instance of 'divi-module-destination' should<!-- [et_pb_line_break_holder] -->    \/\/ be added per column.<!-- [et_pb_line_break_holder] -->    $('.divi-portable-module').each(function () {<!-- [et_pb_line_break_holder] -->      $(this).closest('.parent-column').find('.divi-module-destination').append($(this));<!-- [et_pb_line_break_holder] -->    });<!-- [et_pb_line_break_holder] -->     <!-- [et_pb_line_break_holder] -->    \/\/ Buttons: Insert Button Module(s) into a Module<!-- [et_pb_line_break_holder] -->    \/\/ Adding a custom CSS class to a button module<!-- [et_pb_line_break_holder] -->    \/\/ is applied to the 'a' tag which is a child element<!-- [et_pb_line_break_holder] -->    \/\/ of the module wrapper. This code makes sure to append<!-- [et_pb_line_break_holder] -->    \/\/ the entire button module wrapper (the parent element)<!-- [et_pb_line_break_holder] -->    \/\/ as well. This functionality is the same as option #3 above.<!-- [et_pb_line_break_holder] -->    \/\/ Siimply use the class 'divi-portable-button' on a button module<!-- [et_pb_line_break_holder] -->    \/\/ instead of 'divi-portable-module'.<!-- [et_pb_line_break_holder] -->    $('.divi-portable-button').parent().each(function () {<!-- [et_pb_line_break_holder] -->      $(this).closest('.parent-column').find('.divi-module-destination').append($(this));<!-- [et_pb_line_break_holder] -->    });<!-- [et_pb_line_break_holder] --> <!-- [et_pb_line_break_holder] -->    \/\/ Option #2: Move Divi Row(s) into a Module<!-- [et_pb_line_break_holder] -->    \/\/ Limit: One Instance per Section<!-- [et_pb_line_break_holder] -->    \/\/ Use the following code if you want to move <!-- [et_pb_line_break_holder] -->    \/\/ a row inside a module on more than one section<!-- [et_pb_line_break_holder] -->    \/\/ of a page. Each section with the<!-- [et_pb_line_break_holder] -->    \/\/ class 'parent-section' will append any row(s)<!-- [et_pb_line_break_holder] -->    \/\/ with the class 'divi-portable-row' to the div<!-- [et_pb_line_break_holder] -->    \/\/ with the class 'divi-row-destination'.<!-- [et_pb_line_break_holder] -->    \/\/ Only one instance of 'divi-row-destination' should<!-- [et_pb_line_break_holder] -->    \/\/ be added per section.<!-- [et_pb_line_break_holder] -->    $('.divi-portable-row').each(function () {<!-- [et_pb_line_break_holder] -->      $(this).closest('.parent-section').find('.divi-row-destination').append($(this));<!-- [et_pb_line_break_holder] -->    });<!-- [et_pb_line_break_holder] --> <!-- [et_pb_line_break_holder] -->  });<!-- [et_pb_line_break_holder] -->})(jQuery);<!-- [et_pb_line_break_holder] --><\/script>[\/et_pb_code][\/et_pb_column][\/et_pb_row][\/et_pb_section]<\/p>\n","protected":false},"featured_media":153177,"template":"","meta":{"_et_pb_use_builder":"on","_et_pb_old_content":"<p>[et_pb_section fb_built=\"1\" _builder_version=\"4.16\" custom_padding=\"0px|||||\" locked=\"off\" global_colors_info=\"{}\" theme_builder_area=\"post_content\"][et_pb_row column_structure=\"1_4,3_4\" use_custom_gutter=\"on\" gutter_width=\"2\" _builder_version=\"4.22.1\" background_size=\"initial\" background_position=\"top_left\" background_repeat=\"repeat\" max_width=\"1400px\" custom_margin=\"0px||0px|\" custom_padding=\"0|0px|40px|0px|false|false\" global_colors_info=\"{}\" theme_builder_area=\"post_content\"][et_pb_column type=\"1_4\" _builder_version=\"4.22.1\" custom_padding=\"|||\" global_colors_info=\"{}\" custom_padding__hover=\"|||\" theme_builder_area=\"post_content\"][et_pb_image src=\"https:\/\/raed.academy\/wp-content\/uploads\/2025\/03\/Dr-Pedro-Guillen-Garcia-230x317px.jpg\" alt=\"Xavier Sanz Latiesas\" title_text=\"Dr-Pedro-Guillen-Garcia-230x317px\" show_bottom_space=\"off\" align_tablet=\"center\" align_phone=\"center\" align_last_edited=\"on|desktop\" admin_label=\"Imagen - foto acad\u00e9mico\" _builder_version=\"4.27.4\" max_width=\"200px\" custom_margin=\"0px||0px|\" custom_padding=\"0px||0px|\" animation_style=\"fold\" hover_enabled=\"0\" border_radii=\"on|6px|6px|6px|6px\" border_width_all=\"2px\" box_shadow_style=\"preset2\" global_colors_info=\"{}\" theme_builder_area=\"post_content\" sticky_enabled=\"0\"][\/et_pb_image][\/et_pb_column][et_pb_column type=\"3_4\" _builder_version=\"4.16\" custom_padding=\"|||\" global_colors_info=\"{}\" custom_padding__hover=\"|||\" theme_builder_area=\"post_content\"][et_pb_text module_class=\"infoAcademico\" _builder_version=\"4.27.4\" hover_enabled=\"0\" global_colors_info=\"{}\" theme_builder_area=\"post_content\" sticky_enabled=\"0\"]<\/p><p><strong>Acad\u00e9mico de Honor\u00a0<\/strong><\/p><p><strong>Ciencias de la salud:<\/strong> Doctor en Medicina y Cirug\u00eda<\/p><p><strong>Fecha de ingreso:<\/strong> 12 marzo 2025<\/p><p><strong>Discurso de ingreso: \u00abGenufoni\u0301a: \u201cLenguaje de la rodilla\"\u00bb<\/strong><\/p><p><strong>Responde:\u00a0<a href=\"https:\/\/raed.academy\/academicos\/dr-jose-ramon-calvo-fernandez\/\">Dr. Jos\u00e9 Ram\u00f3n Calvo Fern\u00e1ndez<\/a><\/strong>, Doctor en Medicina y Cirug\u00eda<\/p><p>\u00a0<\/p><p>[\/et_pb_text][\/et_pb_column][\/et_pb_row][et_pb_row use_custom_gutter=\"on\" gutter_width=\"1\" module_class=\"parent-column\" _builder_version=\"4.22.1\" background_size=\"initial\" background_position=\"top_left\" background_repeat=\"repeat\" max_width=\"1400px\" custom_padding=\"0|0px|25.6px|0px|false|false\" global_colors_info=\"{}\" theme_builder_area=\"post_content\"][et_pb_column type=\"4_4\" _builder_version=\"4.16\" custom_padding=\"|||\" global_colors_info=\"{}\" custom_padding__hover=\"|||\" theme_builder_area=\"post_content\"][et_pb_divider color=\"#828282\" divider_weight=\"2\" _builder_version=\"4.27.4\" height=\"2px\" box_shadow_style=\"preset2\" global_colors_info=\"{}\" theme_builder_area=\"post_content\"][\/et_pb_divider][et_pb_tabs _builder_version=\"4.27.4\" hover_enabled=\"0\" global_colors_info=\"{}\" theme_builder_area=\"post_content\" sticky_enabled=\"0\"][et_pb_tab title=\"CURR\u00cdCULUM VITAE\" _builder_version=\"4.27.4\" global_colors_info=\"{}\" theme_builder_area=\"post_content\"]<\/p><p><strong>ENRIQUE MORENO GONZ\u00c1LEZ<\/strong><br \/>Licenciado en Medicina y Cirug\u00eda (1962). Doctor en Medicina y Cirug\u00eda. Facultad de Medicina, Universidad Complutense (1972). Catedr\u00e1tico Numerario de Patolog\u00eda Quir\u00fargica. Hospital Universitario \u201cDoce de Octubre\u201d, Madrid. (1992).<\/p><p>Director del Instituto de Cirug\u00eda Oncol\u00f3gica Hepato-Bilio-Pancre\u00e1tica y Trasplante de \u00d3rganos Abdominales. Hospital Universitario \u201cDoce de Octubre\u201d, Madrid. (2009).<\/p><p>Presidente del Consejo Superior de Sanidad de la Comunidad de Madrid.<\/p><p>Doctor Honoris Causa de la Universit\u00e1 degli Studi di Palermo (Italia), Universidad Rey Juan Carlos de Madrid, Universidad de Coimbra, Universidad de M\u00e1laga, Facultad de Medicina de la Santa Casa de Vitoria. Esp\u00edrito Santo. Brasil, Constantinian University. Roma, Universidad Alfonso X El Sabio, Universidad de Extremadura, Universidad de M\u00e1laga, Universidad H. Frias Potosi, Universidad de Montevideo, Universidad de Buenos Aires.<\/p><p>Acad\u00e9mico de N\u00famero de la Real Academia Nacional de Medicina, Acad\u00e9mico de Honor de la Academia de Ciencias e Ingenier\u00edas de Lanzarote, Active Member European Academy of Sciences and Arts, Acad\u00e9mico Correspondiente de la Real Academia de Medicina de Murcia, Acad\u00e9mico de Honor de la Real Academia de Medicina de Zaragoza, Acad\u00e9mico Honorario de la Real Academia de Medicina de Cantabria. Miembro electo de la New York Academy of Sciences.<\/p><p>Miembro honorario de la Academia Nacional de Medicina (Colombia), Academia Nacional de Medicina de Argentina, Sociedad Argentina de Cirug\u00eda, Sociedad de Cirug\u00eda de Costa Rica, Colegio de Cirujanos de Costa Rica, Sociedad Venezolana de Cirug\u00eda, Sociedad de Cirug\u00eda de Lyon, Sociedad de Cirug\u00eda de Costa Rica, Sociedad Europea de Trasplante de \u00d3rganos, Asociaci\u00f3n Venezolana de Coloproctolog\u00eda, Sociedad Dominicana de Cirug\u00eda y Sociedad Brasile\u00f1a de Cirug\u00eda Oncol\u00f3gica.<\/p><p>Premio Pr\u00edncipe de Asturias de Investigaci\u00f3n Cient\u00edfica y T\u00e9cnica (1999).<\/p><p>Premio Nacional de Cirug\u00eda \u201cPedro Virgili\u201d. Cortes de C\u00e1diz (2011).<\/p><p>[\/et_pb_tab][et_pb_tab title=\"GALER\u00cdA DE FOTOGRAF\u00cdAS\" _builder_version=\"4.27.4\" hover_enabled=\"0\" global_colors_info=\"{}\" theme_builder_area=\"post_content\" sticky_enabled=\"0\"]<\/p><div class=\"divi-module-destination\">\u00a0<\/div><p>[\/et_pb_tab][\/et_pb_tabs][et_pb_gallery gallery_ids=\"146992\" posts_number=\"16\" show_title_and_caption=\"off\" show_pagination=\"off\" admin_label=\"Galer\u00eda\" module_class=\"divi-portable-module galeria-pad-1\" _builder_version=\"4.27.4\" _module_preset=\"default\" hover_enabled=\"0\" locked=\"off\" global_colors_info=\"{}\" theme_builder_area=\"post_content\" sticky_enabled=\"0\"][\/et_pb_gallery][et_pb_code admin_label=\"C\u00f3digo\" _builder_version=\"4.16\" _module_preset=\"default\" locked=\"off\" global_colors_info=\"{}\" theme_builder_area=\"post_content\"]<script><!-- [et_pb_line_break_holder] -->(function ($) {<!-- [et_pb_line_break_holder] -->  $(document).ready(function () {<!-- [et_pb_line_break_holder] --> <!-- [et_pb_line_break_holder] -->    \/\/ Option #1: Move Divi Module(s) into a Module<!-- [et_pb_line_break_holder] -->    \/\/ Limit: One Instance per Column<!-- [et_pb_line_break_holder] -->    \/\/ Use following code if you want to move <!-- [et_pb_line_break_holder] -->    \/\/ a module inside another module. Each column with the<!-- [et_pb_line_break_holder] -->    \/\/ class 'parent-column' will append any module(s)<!-- [et_pb_line_break_holder] -->    \/\/ with the class 'divi-portable-module' to the div<!-- [et_pb_line_break_holder] -->    \/\/ with the class 'divi-module-destination'.<!-- [et_pb_line_break_holder] -->    \/\/ Only one instance of 'divi-module-destination' should<!-- [et_pb_line_break_holder] -->    \/\/ be added per column.<!-- [et_pb_line_break_holder] -->    $('.divi-portable-module').each(function () {<!-- [et_pb_line_break_holder] -->      $(this).closest('.parent-column').find('.divi-module-destination').append($(this));<!-- [et_pb_line_break_holder] -->    });<!-- [et_pb_line_break_holder] -->     <!-- [et_pb_line_break_holder] -->    \/\/ Buttons: Insert Button Module(s) into a Module<!-- [et_pb_line_break_holder] -->    \/\/ Adding a custom CSS class to a button module<!-- [et_pb_line_break_holder] -->    \/\/ is applied to the 'a' tag which is a child element<!-- [et_pb_line_break_holder] -->    \/\/ of the module wrapper. This code makes sure to append<!-- [et_pb_line_break_holder] -->    \/\/ the entire button module wrapper (the parent element)<!-- [et_pb_line_break_holder] -->    \/\/ as well. This functionality is the same as option #3 above.<!-- [et_pb_line_break_holder] -->    \/\/ Siimply use the class 'divi-portable-button' on a button module<!-- [et_pb_line_break_holder] -->    \/\/ instead of 'divi-portable-module'.<!-- [et_pb_line_break_holder] -->    $('.divi-portable-button').parent().each(function () {<!-- [et_pb_line_break_holder] -->      $(this).closest('.parent-column').find('.divi-module-destination').append($(this));<!-- [et_pb_line_break_holder] -->    });<!-- [et_pb_line_break_holder] --> <!-- [et_pb_line_break_holder] -->    \/\/ Option #2: Move Divi Row(s) into a Module<!-- [et_pb_line_break_holder] -->    \/\/ Limit: One Instance per Section<!-- [et_pb_line_break_holder] -->    \/\/ Use the following code if you want to move <!-- [et_pb_line_break_holder] -->    \/\/ a row inside a module on more than one section<!-- [et_pb_line_break_holder] -->    \/\/ of a page. Each section with the<!-- [et_pb_line_break_holder] -->    \/\/ class 'parent-section' will append any row(s)<!-- [et_pb_line_break_holder] -->    \/\/ with the class 'divi-portable-row' to the div<!-- [et_pb_line_break_holder] -->    \/\/ with the class 'divi-row-destination'.<!-- [et_pb_line_break_holder] -->    \/\/ Only one instance of 'divi-row-destination' should<!-- [et_pb_line_break_holder] -->    \/\/ be added per section.<!-- [et_pb_line_break_holder] -->    $('.divi-portable-row').each(function () {<!-- [et_pb_line_break_holder] -->      $(this).closest('.parent-section').find('.divi-row-destination').append($(this));<!-- [et_pb_line_break_holder] -->    });<!-- [et_pb_line_break_holder] --> <!-- [et_pb_line_break_holder] -->  });<!-- [et_pb_line_break_holder] -->})(jQuery);<!-- [et_pb_line_break_holder] --><\/script>[\/et_pb_code][\/et_pb_column][\/et_pb_row][\/et_pb_section]<\/p>","_et_gb_content_width":""},"secciones":[760,829],"tipo_academico":[755],"cargo":[],"class_list":["post-160514","academico","type-academico","status-publish","has-post-thumbnail","hentry","secciones-health-sciences","secciones-medicine-and-surgery","tipo_academico-honorary-member"],"yoast_head":"<!-- This site is optimized with the Yoast SEO plugin v27.4 - https:\/\/yoast.com\/product\/yoast-seo-wordpress\/ -->\n<title>Dr. Pedro Guill\u00e9n Garc\u00eda - Royal European Academy of Doctors<\/title>\n<meta name=\"robots\" content=\"index, follow, max-snippet:-1, max-image-preview:large, max-video-preview:-1\" \/>\n<link rel=\"canonical\" href=\"https:\/\/raed.academy\/en\/academicians\/dr-pedro-guillen-garcia\/\" \/>\n<meta property=\"og:locale\" content=\"en_US\" \/>\n<meta property=\"og:type\" content=\"article\" \/>\n<meta property=\"og:title\" content=\"Dr. Pedro Guill\u00e9n Garc\u00eda - Royal European Academy of Doctors\" \/>\n<meta property=\"og:description\" content=\"Honorary Academician Health Sciences: Doctor in Medicine and Surgery Date of admission: March 12, 2025 Admission speech: \u00abGenuphony: The Language of the Knee\u00bb Reply speech: Hon. Dr. Jos\u00e9 Ram\u00f3n Calvo Fern\u00e1ndez, Doctor in Medicine and Surgery Outstanding career: A leading figure in modern traumatology. Pioneer in sports medicine and orthopedic surgery, founder of the CEMTRO [&hellip;]\" \/>\n<meta property=\"og:url\" content=\"https:\/\/raed.academy\/en\/academicians\/dr-pedro-guillen-garcia\/\" \/>\n<meta property=\"og:site_name\" content=\"Royal European Academy of Doctors\" \/>\n<meta property=\"article:publisher\" content=\"http:\/\/fb.me\/raed.academy\" \/>\n<meta property=\"article:modified_time\" content=\"2025-10-20T15:22:34+00:00\" \/>\n<meta property=\"og:image\" content=\"https:\/\/raed.academy\/wp-content\/uploads\/2024\/09\/Dr-Pedro-Guillen.webp\" \/>\n\t<meta property=\"og:image:width\" content=\"600\" \/>\n\t<meta property=\"og:image:height\" content=\"360\" \/>\n\t<meta property=\"og:image:type\" content=\"image\/webp\" \/>\n<meta name=\"twitter:card\" content=\"summary_large_image\" \/>\n<meta name=\"twitter:site\" content=\"@raedacademy\" \/>\n<meta name=\"twitter:label1\" content=\"Est. reading time\" \/>\n\t<meta name=\"twitter:data1\" content=\"5 minutes\" \/>\n<script type=\"application\/ld+json\" class=\"yoast-schema-graph\">{\"@context\":\"https:\\\/\\\/schema.org\",\"@graph\":[{\"@type\":\"WebPage\",\"@id\":\"https:\\\/\\\/raed.academy\\\/en\\\/academicians\\\/dr-pedro-guillen-garcia\\\/\",\"url\":\"https:\\\/\\\/raed.academy\\\/en\\\/academicians\\\/dr-pedro-guillen-garcia\\\/\",\"name\":\"Dr. Pedro Guill\u00e9n Garc\u00eda - Royal European Academy of Doctors\",\"isPartOf\":{\"@id\":\"https:\\\/\\\/raed.academy\\\/en\\\/#website\"},\"primaryImageOfPage\":{\"@id\":\"https:\\\/\\\/raed.academy\\\/en\\\/academicians\\\/dr-pedro-guillen-garcia\\\/#primaryimage\"},\"image\":{\"@id\":\"https:\\\/\\\/raed.academy\\\/en\\\/academicians\\\/dr-pedro-guillen-garcia\\\/#primaryimage\"},\"thumbnailUrl\":\"https:\\\/\\\/raed.academy\\\/wp-content\\\/uploads\\\/2024\\\/09\\\/Dr-Pedro-Guillen.webp\",\"datePublished\":\"2025-03-11T12:24:18+00:00\",\"dateModified\":\"2025-10-20T15:22:34+00:00\",\"breadcrumb\":{\"@id\":\"https:\\\/\\\/raed.academy\\\/en\\\/academicians\\\/dr-pedro-guillen-garcia\\\/#breadcrumb\"},\"inLanguage\":\"en-US\",\"potentialAction\":[{\"@type\":\"ReadAction\",\"target\":[\"https:\\\/\\\/raed.academy\\\/en\\\/academicians\\\/dr-pedro-guillen-garcia\\\/\"]}]},{\"@type\":\"ImageObject\",\"inLanguage\":\"en-US\",\"@id\":\"https:\\\/\\\/raed.academy\\\/en\\\/academicians\\\/dr-pedro-guillen-garcia\\\/#primaryimage\",\"url\":\"https:\\\/\\\/raed.academy\\\/wp-content\\\/uploads\\\/2024\\\/09\\\/Dr-Pedro-Guillen.webp\",\"contentUrl\":\"https:\\\/\\\/raed.academy\\\/wp-content\\\/uploads\\\/2024\\\/09\\\/Dr-Pedro-Guillen.webp\",\"width\":600,\"height\":360,\"caption\":\"Dr.\"},{\"@type\":\"BreadcrumbList\",\"@id\":\"https:\\\/\\\/raed.academy\\\/en\\\/academicians\\\/dr-pedro-guillen-garcia\\\/#breadcrumb\",\"itemListElement\":[{\"@type\":\"ListItem\",\"position\":1,\"name\":\"Inicio\",\"item\":\"https:\\\/\\\/raed.academy\\\/en\\\/\"},{\"@type\":\"ListItem\",\"position\":2,\"name\":\"Acad\u00e9micos\",\"item\":\"https:\\\/\\\/raed.academy\\\/en\\\/academicians\\\/\"},{\"@type\":\"ListItem\",\"position\":3,\"name\":\"Dr. Pedro Guill\u00e9n Garc\u00eda\"}]},{\"@type\":\"WebSite\",\"@id\":\"https:\\\/\\\/raed.academy\\\/en\\\/#website\",\"url\":\"https:\\\/\\\/raed.academy\\\/en\\\/\",\"name\":\"Royal European Academy of Doctors\",\"description\":\"Corporaci\u00f3n de derecho p\u00fablico de car\u00e1cter cient\u00edfico, t\u00e9cnico y art\u00edstico, que tiene por objeto la investigaci\u00f3n, el estudio, el fomento y la extensi\u00f3n del conocimiento en su sentido m\u00e1s amplio.\",\"publisher\":{\"@id\":\"https:\\\/\\\/raed.academy\\\/en\\\/#organization\"},\"potentialAction\":[{\"@type\":\"SearchAction\",\"target\":{\"@type\":\"EntryPoint\",\"urlTemplate\":\"https:\\\/\\\/raed.academy\\\/en\\\/?s={search_term_string}\"},\"query-input\":{\"@type\":\"PropertyValueSpecification\",\"valueRequired\":true,\"valueName\":\"search_term_string\"}}],\"inLanguage\":\"en-US\"},{\"@type\":\"Organization\",\"@id\":\"https:\\\/\\\/raed.academy\\\/en\\\/#organization\",\"name\":\"Real Academia Europea de Doctores\",\"url\":\"https:\\\/\\\/raed.academy\\\/en\\\/\",\"logo\":{\"@type\":\"ImageObject\",\"inLanguage\":\"en-US\",\"@id\":\"https:\\\/\\\/raed.academy\\\/en\\\/#\\\/schema\\\/logo\\\/image\\\/\",\"url\":\"https:\\\/\\\/raed.academy\\\/wp-content\\\/uploads\\\/2017\\\/01\\\/cropped-logo_raed.png\",\"contentUrl\":\"https:\\\/\\\/raed.academy\\\/wp-content\\\/uploads\\\/2017\\\/01\\\/cropped-logo_raed.png\",\"width\":512,\"height\":512,\"caption\":\"Real Academia Europea de Doctores\"},\"image\":{\"@id\":\"https:\\\/\\\/raed.academy\\\/en\\\/#\\\/schema\\\/logo\\\/image\\\/\"},\"sameAs\":[\"http:\\\/\\\/fb.me\\\/raed.academy\",\"https:\\\/\\\/x.com\\\/raedacademy\",\"https:\\\/\\\/www.instagram.com\\\/raed.academy\\\/\",\"https:\\\/\\\/www.youtube.com\\\/channel\\\/UCUYQwW2KrdirNWihxMDObwg\"]}]}<\/script>\n<!-- \/ Yoast SEO plugin. -->","yoast_head_json":{"title":"Dr. Pedro Guill\u00e9n Garc\u00eda - Royal European Academy of Doctors","robots":{"index":"index","follow":"follow","max-snippet":"max-snippet:-1","max-image-preview":"max-image-preview:large","max-video-preview":"max-video-preview:-1"},"canonical":"https:\/\/raed.academy\/en\/academicians\/dr-pedro-guillen-garcia\/","og_locale":"en_US","og_type":"article","og_title":"Dr. Pedro Guill\u00e9n Garc\u00eda - Royal European Academy of Doctors","og_description":"La RAED organiza y lleva a cabo una serie de actividades concentradas en mes y medio que contaron con la implicaci\u00f3n activa de numerosos acad\u00e9micos. Recepci\u00f3n de cuatro acad\u00e9micos correspondientes (Stavroula-Ina Piperaki para Grecia, Stephen Zeff y David B. Wilkins para Estados Unidos y Llu\u00eds Vicent Safont para Andorra) Mesa redonda sobre \u00abLa salida de [&hellip;]","og_url":"https:\/\/raed.academy\/en\/academicians\/dr-pedro-guillen-garcia\/","og_site_name":"Royal European Academy of Doctors","article_publisher":"http:\/\/fb.me\/raed.academy","article_modified_time":"2025-10-20T15:22:34+00:00","og_image":[{"width":600,"height":360,"url":"https:\/\/raed.academy\/wp-content\/uploads\/2024\/09\/Dr-Pedro-Guillen.webp","type":"image\/webp"}],"twitter_card":"summary_large_image","twitter_site":"@raedacademy","twitter_misc":{"Est. reading time":"5 minutes"},"schema":{"@context":"https:\/\/schema.org","@graph":[{"@type":"WebPage","@id":"https:\/\/raed.academy\/en\/academicians\/dr-pedro-guillen-garcia\/","url":"https:\/\/raed.academy\/en\/academicians\/dr-pedro-guillen-garcia\/","name":"Dr. Pedro Guill\u00e9n Garc\u00eda - Royal European Academy of Doctors","isPartOf":{"@id":"https:\/\/raed.academy\/en\/#website"},"primaryImageOfPage":{"@id":"https:\/\/raed.academy\/en\/academicians\/dr-pedro-guillen-garcia\/#primaryimage"},"image":{"@id":"https:\/\/raed.academy\/en\/academicians\/dr-pedro-guillen-garcia\/#primaryimage"},"thumbnailUrl":"https:\/\/raed.academy\/wp-content\/uploads\/2024\/09\/Dr-Pedro-Guillen.webp","datePublished":"2025-03-11T12:24:18+00:00","dateModified":"2025-10-20T15:22:34+00:00","breadcrumb":{"@id":"https:\/\/raed.academy\/en\/academicians\/dr-pedro-guillen-garcia\/#breadcrumb"},"inLanguage":"en-US","potentialAction":[{"@type":"ReadAction","target":["https:\/\/raed.academy\/en\/academicians\/dr-pedro-guillen-garcia\/"]}]},{"@type":"ImageObject","inLanguage":"en-US","@id":"https:\/\/raed.academy\/en\/academicians\/dr-pedro-guillen-garcia\/#primaryimage","url":"https:\/\/raed.academy\/wp-content\/uploads\/2024\/09\/Dr-Pedro-Guillen.webp","contentUrl":"https:\/\/raed.academy\/wp-content\/uploads\/2024\/09\/Dr-Pedro-Guillen.webp","width":600,"height":360,"caption":"Dr."},{"@type":"BreadcrumbList","@id":"https:\/\/raed.academy\/en\/academicians\/dr-pedro-guillen-garcia\/#breadcrumb","itemListElement":[{"@type":"ListItem","position":1,"name":"Inicio","item":"https:\/\/raed.academy\/en\/"},{"@type":"ListItem","position":2,"name":"Acad\u00e9micos","item":"https:\/\/raed.academy\/en\/academicians\/"},{"@type":"ListItem","position":3,"name":"Dr. Pedro Guill\u00e9n Garc\u00eda"}]},{"@type":"WebSite","@id":"https:\/\/raed.academy\/en\/#website","url":"https:\/\/raed.academy\/en\/","name":"Royal European Academy of Doctors","description":"Corporaci\u00f3n de derecho p\u00fablico de car\u00e1cter cient\u00edfico, t\u00e9cnico y art\u00edstico, que tiene por objeto la investigaci\u00f3n, el estudio, el fomento y la extensi\u00f3n del conocimiento en su sentido m\u00e1s amplio.","publisher":{"@id":"https:\/\/raed.academy\/en\/#organization"},"potentialAction":[{"@type":"SearchAction","target":{"@type":"EntryPoint","urlTemplate":"https:\/\/raed.academy\/en\/?s={search_term_string}"},"query-input":{"@type":"PropertyValueSpecification","valueRequired":true,"valueName":"search_term_string"}}],"inLanguage":"en-US"},{"@type":"Organization","@id":"https:\/\/raed.academy\/en\/#organization","name":"Real Academia Europea de Doctores","url":"https:\/\/raed.academy\/en\/","logo":{"@type":"ImageObject","inLanguage":"en-US","@id":"https:\/\/raed.academy\/en\/#\/schema\/logo\/image\/","url":"https:\/\/raed.academy\/wp-content\/uploads\/2017\/01\/cropped-logo_raed.png","contentUrl":"https:\/\/raed.academy\/wp-content\/uploads\/2017\/01\/cropped-logo_raed.png","width":512,"height":512,"caption":"Real Academia Europea de Doctores"},"image":{"@id":"https:\/\/raed.academy\/en\/#\/schema\/logo\/image\/"},"sameAs":["http:\/\/fb.me\/raed.academy","https:\/\/x.com\/raedacademy","https:\/\/www.instagram.com\/raed.academy\/","https:\/\/www.youtube.com\/channel\/UCUYQwW2KrdirNWihxMDObwg"]}]}},"_links":{"self":[{"href":"https:\/\/raed.academy\/en\/wp-json\/wp\/v2\/academico\/160514","targetHints":{"allow":["GET"]}}],"collection":[{"href":"https:\/\/raed.academy\/en\/wp-json\/wp\/v2\/academico"}],"about":[{"href":"https:\/\/raed.academy\/en\/wp-json\/wp\/v2\/types\/academico"}],"wp:featuredmedia":[{"embeddable":true,"href":"https:\/\/raed.academy\/en\/wp-json\/wp\/v2\/media\/153177"}],"wp:attachment":[{"href":"https:\/\/raed.academy\/en\/wp-json\/wp\/v2\/media?parent=160514"}],"wp:term":[{"taxonomy":"secciones","embeddable":true,"href":"https:\/\/raed.academy\/en\/wp-json\/wp\/v2\/secciones?post=160514"},{"taxonomy":"tipo_academico","embeddable":true,"href":"https:\/\/raed.academy\/en\/wp-json\/wp\/v2\/tipo_academico?post=160514"},{"taxonomy":"cargo","embeddable":true,"href":"https:\/\/raed.academy\/en\/wp-json\/wp\/v2\/cargo?post=160514"}],"curies":[{"name":"wp","href":"https:\/\/api.w.org\/{rel}","templated":true}]}}