{"id":148375,"date":"2024-04-30T14:15:58","date_gmt":"2024-04-30T14:15:58","guid":{"rendered":"https:\/\/raed.academy\/?page_id=148375"},"modified":"2025-10-30T13:27:59","modified_gmt":"2025-10-30T13:27:59","slug":"dr-javier-lopez-galiacho-perona","status":"publish","type":"academico","link":"https:\/\/raed.academy\/en\/academicians\/dr-javier-lopez-galiacho-perona\/","title":{"rendered":"Hon. Mr. Dr. Javier L\u00f3pez-Galiacho Perona"},"content":{"rendered":"<p>[et_pb_section fb_built=&#8221;1&#8243; _builder_version=&#8221;4.16&#8243; locked=&#8221;off&#8221; global_colors_info=&#8221;{}&#8221;][et_pb_row column_structure=&#8221;1_4,3_4&#8243; _builder_version=&#8221;4.24.3&#8243; max_width=&#8221;1400px&#8221; custom_margin=&#8221;-55px|auto||auto||&#8221; custom_padding=&#8221;0|0px|40px|0px|false|false&#8221; global_colors_info=&#8221;{}&#8221; use_custom_gutter=&#8221;on&#8221; gutter_width=&#8221;2&#8243; background_size=&#8221;initial&#8221; background_position=&#8221;top_left&#8221; background_repeat=&#8221;repeat&#8221;][et_pb_column type=&#8221;1_4&#8243; _builder_version=&#8221;4.16&#8243; custom_padding=&#8221;|||&#8221; global_colors_info=&#8221;{}&#8221; custom_padding__hover=&#8221;|||&#8221;][et_pb_image src=&#8221;https:\/\/raed.academy\/wp-content\/uploads\/2024\/03\/Dr-Javier-Lopez-Galiacho-Perona-0.73.jpg&#8221; title_text=&#8221;Dr-Javier-Lopez-Galiacho-Perona-0.73&#8243; show_bottom_space=&#8221;off&#8221; align_tablet=&#8221;center&#8221; align_phone=&#8221;&#8221; align_last_edited=&#8221;on|desktop&#8221; admin_label=&#8221;Imagen &#8211; foto acad\u00e9mico&#8221; _builder_version=&#8221;4.25.0&#8243; max_width=&#8221;230%&#8221; custom_margin=&#8221;0px||0px|&#8221; custom_padding=&#8221;0px||0px|&#8221; animation_style=&#8221;fold&#8221; border_radii=&#8221;on|6px|6px|6px|6px&#8221; border_width_all=&#8221;2px&#8221; box_shadow_style=&#8221;preset2&#8243; global_colors_info=&#8221;{}&#8221; width=&#8221;90%&#8221;][\/et_pb_image][\/et_pb_column][et_pb_column type=&#8221;3_4&#8243; _builder_version=&#8221;4.16&#8243; custom_padding=&#8221;|||&#8221; global_colors_info=&#8221;{}&#8221; custom_padding__hover=&#8221;|||&#8221;][et_pb_text module_class=&#8221;infoAcademico&#8221; _builder_version=&#8221;4.27.4&#8243; global_colors_info=&#8221;{}&#8221; custom_margin=&#8221;|||-41px||&#8221;]<\/p>\n<div style=\"border: 2px solid #000; padding: 20px; background: #fff; margin-bottom: 25px; border-radius: 10px; box-shadow: 2px 2px 8px rgba(0,0,0,0.1);\">\n<p><strong>Numerary Member<\/strong><\/p>\n<p><strong>Social Sciences:<\/strong> PhD in Law<\/p>\n<p><strong>Date of admission:<\/strong> April 8, 2024<\/p>\n<p><strong>Admission speech: <\/strong><a href=\"https:\/\/raed.academy\/wp-content\/uploads\/2024\/04\/La-sostenibilidad-y-la-etica-empresarial-Javier-Lopez-Galiacho-Perona.pdf\" target=\"_blank\" rel=\"noopener\"><strong><em>\u201cSustainability and Business Ethics: from Tales to Accounts\u201d<\/em><\/strong><br \/><\/a><\/p>\n<p><strong>Reply speech: <a href=\"https:\/\/raed.academy\/academicos\/dr-aldo-olcese-santonja\/\" target=\"_blank\" rel=\"noopener\"><strong>H.E. Dr. Aldo Olcese Santonja<\/strong><\/a><\/strong>, PhD in Financial Economics<\/p>\n<p><strong data-start=\"609\" data-end=\"632\">Outstanding career: <\/strong>Director of Cumplen, an association of compliance professionals, and academic adviser to the Hay Derecho Foundation, he is a prominent voice in the defence of transparency, corporate integrity and good governance in Spain.<\/p>\n<\/div>\n<p>[\/et_pb_text][\/et_pb_column][\/et_pb_row][et_pb_row use_custom_gutter=&#8221;on&#8221; gutter_width=&#8221;1&#8243; module_class=&#8221;parent-column&#8221; _builder_version=&#8221;4.24.3&#8243; background_size=&#8221;initial&#8221; background_position=&#8221;top_left&#8221; background_repeat=&#8221;repeat&#8221; max_width=&#8221;1400px&#8221; global_colors_info=&#8221;{}&#8221;][et_pb_column type=&#8221;4_4&#8243; _builder_version=&#8221;4.16&#8243; custom_padding=&#8221;|||&#8221; global_colors_info=&#8221;{}&#8221; custom_padding__hover=&#8221;|||&#8221;][et_pb_divider color=&#8221;#828282&#8243; divider_weight=&#8221;2&#8243; _builder_version=&#8221;4.16&#8243; height=&#8221;2px&#8221; box_shadow_style=&#8221;preset2&#8243; global_colors_info=&#8221;{}&#8221;][\/et_pb_divider][et_pb_tabs _builder_version=&#8221;4.27.4&#8243; global_colors_info=&#8221;{}&#8221; custom_margin=&#8221;-83px|||||&#8221;][et_pb_tab title=&#8221;CURRICULUM VITAE&#8221; _builder_version=&#8221;4.27.4&#8243; body_font=&#8221;||||&#8221; tab_font=&#8221;||||&#8221; global_colors_info=&#8221;{}&#8221;]<\/p>\n<h2><strong>Dr. JAVIER L\u00d3PEZ-GALIACHO<\/strong><\/h2>\n<h3><strong>UNIVERSITY QUALIFICATIONS<\/strong><\/h3>\n<ul>\n<li>Graduate in Law from <a href=\"https:\/\/www.uspceu.com\/\" target=\"_blank\" rel=\"noopener\"><strong>CEU San Pablo<\/strong><\/a>, affiliated with the <a href=\"https:\/\/www.ucm.es\/\" target=\"_blank\" rel=\"noopener\"><strong>Complutense University of Madrid (UCM)<\/strong><\/a>. He successfully passed the degree examination of his program. He is Albacete-born by birth and by vocation.<\/li>\n<li>PhD in Law <em>cum laude<\/em> from the <a href=\"https:\/\/www.ucm.es\/\" target=\"_blank\" rel=\"noopener\"><strong>Complutense University of Madrid<\/strong><\/a>, under the supervision of his mentors, Professors Manuel Albaladejo and Jos\u00e9 P\u00e9rez de Vargas.<\/li>\n<li>Diploma in Sustainability from the <a href=\"https:\/\/www.wharton.upenn.edu\/\" target=\"_blank\" rel=\"noopener\"><strong>Wharton School of Pennsylvania<\/strong><\/a> and in Business Strategy from the <a href=\"https:\/\/www.unam.mx\/\" target=\"_blank\" rel=\"noopener\"><strong>National Autonomous University of Mexico (UNAM)<\/strong><\/a>.<\/li>\n<\/ul>\n<h3><strong>TEACHING AND PROFESSIONAL ACTIVITY<\/strong><\/h3>\n<ul>\n<li>Associate Professor of Civil Law at the <a href=\"https:\/\/www.urjc.es\/\" target=\"_blank\" rel=\"noopener\"><strong>Rey Juan Carlos University of Madrid<\/strong><\/a> since 2002.<\/li>\n<li>He has served as Director of the <a href=\"https:\/\/cmsanpablo.es\/\" target=\"_blank\" rel=\"noopener\"><strong>Colegio Mayor San Pablo of Madrid<\/strong><\/a>, as well as Secretary General and Head of the Law Division of the <a href=\"https:\/\/www.fundacioncisneros.org\/\" target=\"_blank\" rel=\"noopener\"><strong>Fundaci\u00f3n Cisneros of the UCM<\/strong><\/a>.<\/li>\n<li>Director of the official Master\u2019s Degree in Legal Practice at the Faculty of Law of the <a href=\"https:\/\/www.uspceu.com\/\" target=\"_blank\" rel=\"noopener\"><strong>CEU San Pablo University<\/strong><\/a>, where he also served as a Trustee.<\/li>\n<li>Currently Director of Compliance and Sustainability at the <a href=\"https:\/\/www.fcc.es\/\" target=\"_blank\" rel=\"noopener\"><strong>FCC Group (Fomento de Construcciones y Contratas)<\/strong><\/a>, and Chairman of its Corporate Compliance Committee.<\/li>\n<li>Member of the ESG Committee of the Board of Directors of <a href=\"https:\/\/www.fcc.es\/\" target=\"_blank\" rel=\"noopener\"><strong>FCC Environmental<\/strong><\/a>.<\/li>\n<li>President and Founder (1994) of the <a href=\"https:\/\/amithe.es\/\" target=\"_blank\" rel=\"noopener\"><strong>Asociaci\u00f3n Nacional de Amigos de los Teatros Hist\u00f3ricos de Espa\u00f1a (AMIThE)<\/strong><\/a>.<\/li>\n<\/ul>\n<h3><strong>PUBLICATIONS<\/strong><\/h3>\n<ul>\n<li>Committed to culture, he has carried out a distinguished career as a researcher, writer, and columnist in various media outlets.<\/li>\n<li>Author of several books and numerous research works in the fields of Civil Law, corporate governance, foundations, as well as sustainability and business ethics.<\/li>\n<\/ul>\n<p>[\/et_pb_tab][et_pb_tab title=&#8221;V\u00cdDEO&#8221; _builder_version=&#8221;4.25.0&#8243; _module_preset=&#8221;default&#8221; global_colors_info=&#8221;{}&#8221;]<iframe loading=\"lazy\" title=\"La sostenibilidad y la \u00e9tica empresarial: de los cuentos a las cuentas. Dr. Javier L\u00f3pez-Galiacho\" src=\"https:\/\/www.youtube.com\/embed\/toKcsjUWOkU\" width=\"947\" height=\"513\" frameborder=\"0\" allowfullscreen=\"allowfullscreen\" data-mce-fragment=\"1\"><\/iframe><br \/>\n[\/et_pb_tab][et_pb_tab title=&#8221;GALER\u00cdA&#8221; _builder_version=&#8221;4.24.3&#8243; body_font=&#8221;||||&#8221; tab_font=&#8221;||||&#8221; global_colors_info=&#8221;{}&#8221;]<\/p>\n<div class=\"divi-module-destination\"><\/div>\n<p>[\/et_pb_tab][\/et_pb_tabs][et_pb_gallery gallery_ids=&#8221;147185,147182,147179,147176,147173,147170,147167,147164,147161,147158,147155,147152,147149,147146,147143,147140&#8243; posts_number=&#8221;16&#8243; show_title_and_caption=&#8221;off&#8221; show_pagination=&#8221;off&#8221; admin_label=&#8221;Galer\u00eda&#8221; module_class=&#8221;divi-portable-module galeria-pad-1&#8243; _builder_version=&#8221;4.25.0&#8243; _module_preset=&#8221;default&#8221; locked=&#8221;off&#8221; global_colors_info=&#8221;{}&#8221;][\/et_pb_gallery][et_pb_code admin_label=&#8221;C\u00f3digo&#8221; _builder_version=&#8221;4.16&#8243; _module_preset=&#8221;default&#8221; locked=&#8221;off&#8221; global_colors_info=&#8221;{}&#8221;]<script><!-- [et_pb_line_break_holder] -->(function ($) {<!-- [et_pb_line_break_holder] -->  $(document).ready(function () {<!-- [et_pb_line_break_holder] --> <!-- [et_pb_line_break_holder] -->    \/\/ Option #1: Move Divi Module(s) into a Module<!-- [et_pb_line_break_holder] -->    \/\/ Limit: One Instance per Column<!-- [et_pb_line_break_holder] -->    \/\/ Use following code if you want to move <!-- [et_pb_line_break_holder] -->    \/\/ a module inside another module. Each column with the<!-- [et_pb_line_break_holder] -->    \/\/ class 'parent-column' will append any module(s)<!-- [et_pb_line_break_holder] -->    \/\/ with the class 'divi-portable-module' to the div<!-- [et_pb_line_break_holder] -->    \/\/ with the class 'divi-module-destination'.<!-- [et_pb_line_break_holder] -->    \/\/ Only one instance of 'divi-module-destination' should<!-- [et_pb_line_break_holder] -->    \/\/ be added per column.<!-- [et_pb_line_break_holder] -->    $('.divi-portable-module').each(function () {<!-- [et_pb_line_break_holder] -->      $(this).closest('.parent-column').find('.divi-module-destination').append($(this));<!-- [et_pb_line_break_holder] -->    });<!-- [et_pb_line_break_holder] -->     <!-- [et_pb_line_break_holder] -->    \/\/ Buttons: Insert Button Module(s) into a Module<!-- [et_pb_line_break_holder] -->    \/\/ Adding a custom CSS class to a button module<!-- [et_pb_line_break_holder] -->    \/\/ is applied to the 'a' tag which is a child element<!-- [et_pb_line_break_holder] -->    \/\/ of the module wrapper. This code makes sure to append<!-- [et_pb_line_break_holder] -->    \/\/ the entire button module wrapper (the parent element)<!-- [et_pb_line_break_holder] -->    \/\/ as well. This functionality is the same as option #3 above.<!-- [et_pb_line_break_holder] -->    \/\/ Siimply use the class 'divi-portable-button' on a button module<!-- [et_pb_line_break_holder] -->    \/\/ instead of 'divi-portable-module'.<!-- [et_pb_line_break_holder] -->    $('.divi-portable-button').parent().each(function () {<!-- [et_pb_line_break_holder] -->      $(this).closest('.parent-column').find('.divi-module-destination').append($(this));<!-- [et_pb_line_break_holder] -->    });<!-- [et_pb_line_break_holder] --> <!-- [et_pb_line_break_holder] -->    \/\/ Option #2: Move Divi Row(s) into a Module<!-- [et_pb_line_break_holder] -->    \/\/ Limit: One Instance per Section<!-- [et_pb_line_break_holder] -->    \/\/ Use the following code if you want to move <!-- [et_pb_line_break_holder] -->    \/\/ a row inside a module on more than one section<!-- [et_pb_line_break_holder] -->    \/\/ of a page. Each section with the<!-- [et_pb_line_break_holder] -->    \/\/ class 'parent-section' will append any row(s)<!-- [et_pb_line_break_holder] -->    \/\/ with the class 'divi-portable-row' to the div<!-- [et_pb_line_break_holder] -->    \/\/ with the class 'divi-row-destination'.<!-- [et_pb_line_break_holder] -->    \/\/ Only one instance of 'divi-row-destination' should<!-- [et_pb_line_break_holder] -->    \/\/ be added per section.<!-- [et_pb_line_break_holder] -->    $('.divi-portable-row').each(function () {<!-- [et_pb_line_break_holder] -->      $(this).closest('.parent-section').find('.divi-row-destination').append($(this));<!-- [et_pb_line_break_holder] -->    });<!-- [et_pb_line_break_holder] --> <!-- [et_pb_line_break_holder] -->  });<!-- [et_pb_line_break_holder] -->})(jQuery);<!-- [et_pb_line_break_holder] --><\/script>[\/et_pb_code][\/et_pb_column][\/et_pb_row][\/et_pb_section]<\/p>\n","protected":false},"featured_media":147173,"template":"","meta":{"_et_pb_use_builder":"on","_et_pb_old_content":"<p>[et_pb_section fb_built=\"1\" _builder_version=\"4.16\" locked=\"off\" global_colors_info=\"{}\"][et_pb_row column_structure=\"1_4,3_4\" _builder_version=\"4.24.3\" background_size=\"initial\" background_position=\"top_left\" background_repeat=\"repeat\" max_width=\"1400px\" custom_margin=\"0px||0px|\" custom_padding=\"0|0px|0|0px|false|false\" global_colors_info=\"{}\"][et_pb_column type=\"1_4\" _builder_version=\"4.16\" custom_padding=\"|||\" global_colors_info=\"{}\" custom_padding__hover=\"|||\"][et_pb_image src=\"https:\/\/raed.academy\/wp-content\/uploads\/2024\/03\/Dr-Javier-Lopez-Galiacho-Perona-0.73.jpg\" title_text=\"Dr-Javier-Lopez-Galiacho-Perona-0.73\" show_bottom_space=\"off\" align_tablet=\"center\" align_phone=\"\" align_last_edited=\"on|desktop\" admin_label=\"Imagen - foto acad\u00e9mico\" _builder_version=\"4.25.0\" max_width=\"200px\" custom_margin=\"0px||0px|\" custom_padding=\"0px||0px|\" animation_style=\"fold\" border_radii=\"on|6px|6px|6px|6px\" border_width_all=\"2px\" box_shadow_style=\"preset2\" global_colors_info=\"{}\"][\/et_pb_image][\/et_pb_column][et_pb_column type=\"3_4\" _builder_version=\"4.16\" custom_padding=\"|||\" global_colors_info=\"{}\" custom_padding__hover=\"|||\"][et_pb_text module_class=\"infoAcademico\" _builder_version=\"4.25.0\" hover_enabled=\"0\" global_colors_info=\"{}\" sticky_enabled=\"0\"]<\/p><p><strong>Acad\u00e9mico Numerario<br \/><\/strong><\/p><p><strong>Ciencias Sociales: <\/strong>Doctor en Derecho<\/p><p><b>Fecha de ingreso:<\/b> 8 abril 2024<\/p><p><strong>Discurso de ingreso:<\/strong> <a href=\"https:\/\/raed.academy\/wp-content\/uploads\/2024\/04\/La-sostenibilidad-y-la-etica-empresarial-Javier-Lopez-Galiacho-Perona.pdf\" target=\"_blank\" rel=\"noopener\"><strong>La sostenibilidad y la \u00e9tica empresarial: \u2018de los cuentos a las cuentas\u2019<\/strong><\/a><\/p><p><b>Responde:<strong> <a href=\"https:\/\/raed.academy\/academicos\/dr-aldo-olcese-santonja\/\">Excmo. Sr. Dr. Aldo Olcese Santonja<\/a><\/strong><\/b>, Doctor en Econom\u00eda Financiera<b><strong><br \/><\/strong><\/b><\/p><p>[\/et_pb_text][\/et_pb_column][\/et_pb_row][et_pb_row use_custom_gutter=\"on\" gutter_width=\"1\" module_class=\"parent-column\" _builder_version=\"4.24.3\" background_size=\"initial\" background_position=\"top_left\" background_repeat=\"repeat\" max_width=\"1400px\" global_colors_info=\"{}\"][et_pb_column type=\"4_4\" _builder_version=\"4.16\" custom_padding=\"|||\" global_colors_info=\"{}\" custom_padding__hover=\"|||\"][et_pb_divider color=\"#828282\" divider_weight=\"2\" _builder_version=\"4.16\" height=\"2px\" box_shadow_style=\"preset2\" global_colors_info=\"{}\"][\/et_pb_divider][et_pb_tabs _builder_version=\"4.25.0\" global_colors_info=\"{}\"][et_pb_tab title=\"CURR\u00cdCULUM VITAE\" _builder_version=\"4.25.0\" body_font=\"||||\" tab_font=\"||||\" global_colors_info=\"{}\"]<\/p><p><strong>Javier L\u00f3pez-Galiacho<\/strong> es albacentense de nacimiento y de vocaci\u00f3n.<\/p><p>Licenciado en Derecho en el CEU San Pablo adscrito a la UCM. Pas\u00f3 con \u00e9xito el llamado examen de grado de su licenciatura. M\u00e1s tarde se doctor\u00f3 en Derecho cum laude por la Universidad Complutense de Madrid, bajo la direcci\u00f3n de sus maestros el profesor Manuel Albaladejo y Jos\u00e9 P\u00e9rez de Vargas.<\/p><p>Desde 2002 es profesor titular de Derecho Civil de la Universidad Rey Juan Carlos de Madrid.<\/p><p>Ha sido director del Colegio Mayor San Pablo de Madrid y secretario general y jefe de la divisi\u00f3n de Derecho de la Fundaci\u00f3n Cisneros de la UCM, y fue director del M\u00e1ster oficial de acceso a la abogac\u00eda de la Facultad de Derecho de la Universidad CEU San Pablo, universidad de la que fue tambi\u00e9n patrono.<\/p><p>Es Diplomado en Sostenibilidad por la Wharton School de Pennsylvania y en estrategia empresarial por la Universidad Aut\u00f3noma de M\u00e9xico.<\/p><p>Es director de Cumplimiento y Sostenibilidad del Grupo FCC (Fomento de Construcciones y Contratas), presidente de su Comit\u00e9 de Cumplimiento corporativo y miembro de la comisi\u00f3n ESG del consejo de administraci\u00f3n de FCC Envirommental.<\/p><p>Tiene un dilatado compromiso con la cultura, y adem\u00e1s de investigador, escritor y columnista en varios medios, es presidente y fundador (1994) de la Asociaci\u00f3n Nacional de Amigos de los Teatros Hist\u00f3ricos de Espa\u00f1a (AMIThE).<\/p><p>Es autor de varios libros y de una larga lista de trabajos de investigaci\u00f3n en el campo del Derecho civil, buen gobierno corporativo y de las fundaciones, y de la sostenibilidad y de la \u00e9tica empresarial.<\/p><p>[\/et_pb_tab][et_pb_tab title=\"V\u00cdDEO\" _builder_version=\"4.25.0\" _module_preset=\"default\" global_colors_info=\"{}\"]<\/p><p><iframe title=\"La sostenibilidad y la \u00e9tica empresarial: de los cuentos a las cuentas. Dr. Javier L\u00f3pez-Galiacho\" src=\"https:\/\/www.youtube.com\/embed\/toKcsjUWOkU\" width=\"947\" height=\"513\" frameborder=\"0\" allowfullscreen=\"allowfullscreen\" data-mce-fragment=\"1\"><\/iframe><\/p><p>[\/et_pb_tab][et_pb_tab title=\"GALER\u00cdA\" _builder_version=\"4.24.3\" body_font=\"||||\" tab_font=\"||||\" global_colors_info=\"{}\"]<\/p><div class=\"divi-module-destination\">\u00a0<\/div><p>[\/et_pb_tab][\/et_pb_tabs][et_pb_gallery gallery_ids=\"147183,147180,147177,147174,147171,147168,147165,147162,147159,147156,147153,147150,147147,147144,147141,147138\" posts_number=\"16\" show_title_and_caption=\"off\" show_pagination=\"off\" admin_label=\"Galer\u00eda\" module_class=\"divi-portable-module galeria-pad-1\" _builder_version=\"4.25.0\" _module_preset=\"default\" locked=\"off\" global_colors_info=\"{}\"][\/et_pb_gallery][et_pb_code admin_label=\"C\u00f3digo\" _builder_version=\"4.16\" _module_preset=\"default\" locked=\"off\" global_colors_info=\"{}\"]<script><!-- [et_pb_line_break_holder] -->(function ($) {<!-- [et_pb_line_break_holder] -->  $(document).ready(function () {<!-- [et_pb_line_break_holder] --> <!-- [et_pb_line_break_holder] -->    \/\/ Option #1: Move Divi Module(s) into a Module<!-- [et_pb_line_break_holder] -->    \/\/ Limit: One Instance per Column<!-- [et_pb_line_break_holder] -->    \/\/ Use following code if you want to move <!-- [et_pb_line_break_holder] -->    \/\/ a module inside another module. Each column with the<!-- [et_pb_line_break_holder] -->    \/\/ class 'parent-column' will append any module(s)<!-- [et_pb_line_break_holder] -->    \/\/ with the class 'divi-portable-module' to the div<!-- [et_pb_line_break_holder] -->    \/\/ with the class 'divi-module-destination'.<!-- [et_pb_line_break_holder] -->    \/\/ Only one instance of 'divi-module-destination' should<!-- [et_pb_line_break_holder] -->    \/\/ be added per column.<!-- [et_pb_line_break_holder] -->    $('.divi-portable-module').each(function () {<!-- [et_pb_line_break_holder] -->      $(this).closest('.parent-column').find('.divi-module-destination').append($(this));<!-- [et_pb_line_break_holder] -->    });<!-- [et_pb_line_break_holder] -->     <!-- [et_pb_line_break_holder] -->    \/\/ Buttons: Insert Button Module(s) into a Module<!-- [et_pb_line_break_holder] -->    \/\/ Adding a custom CSS class to a button module<!-- [et_pb_line_break_holder] -->    \/\/ is applied to the 'a' tag which is a child element<!-- [et_pb_line_break_holder] -->    \/\/ of the module wrapper. This code makes sure to append<!-- [et_pb_line_break_holder] -->    \/\/ the entire button module wrapper (the parent element)<!-- [et_pb_line_break_holder] -->    \/\/ as well. This functionality is the same as option #3 above.<!-- [et_pb_line_break_holder] -->    \/\/ Siimply use the class 'divi-portable-button' on a button module<!-- [et_pb_line_break_holder] -->    \/\/ instead of 'divi-portable-module'.<!-- [et_pb_line_break_holder] -->    $('.divi-portable-button').parent().each(function () {<!-- [et_pb_line_break_holder] -->      $(this).closest('.parent-column').find('.divi-module-destination').append($(this));<!-- [et_pb_line_break_holder] -->    });<!-- [et_pb_line_break_holder] --> <!-- [et_pb_line_break_holder] -->    \/\/ Option #2: Move Divi Row(s) into a Module<!-- [et_pb_line_break_holder] -->    \/\/ Limit: One Instance per Section<!-- [et_pb_line_break_holder] -->    \/\/ Use the following code if you want to move <!-- [et_pb_line_break_holder] -->    \/\/ a row inside a module on more than one section<!-- [et_pb_line_break_holder] -->    \/\/ of a page. Each section with the<!-- [et_pb_line_break_holder] -->    \/\/ class 'parent-section' will append any row(s)<!-- [et_pb_line_break_holder] -->    \/\/ with the class 'divi-portable-row' to the div<!-- [et_pb_line_break_holder] -->    \/\/ with the class 'divi-row-destination'.<!-- [et_pb_line_break_holder] -->    \/\/ Only one instance of 'divi-row-destination' should<!-- [et_pb_line_break_holder] -->    \/\/ be added per section.<!-- [et_pb_line_break_holder] -->    $('.divi-portable-row').each(function () {<!-- [et_pb_line_break_holder] -->      $(this).closest('.parent-section').find('.divi-row-destination').append($(this));<!-- [et_pb_line_break_holder] -->    });<!-- [et_pb_line_break_holder] --> <!-- [et_pb_line_break_holder] -->  });<!-- [et_pb_line_break_holder] -->})(jQuery);<!-- [et_pb_line_break_holder] --><\/script>[\/et_pb_code][\/et_pb_column][\/et_pb_row][\/et_pb_section]<\/p>","_et_gb_content_width":""},"secciones":[548],"tipo_academico":[],"cargo":[],"class_list":["post-148375","academico","type-academico","status-publish","has-post-thumbnail","hentry","secciones-social-sciences"],"yoast_head":"<!-- This site is optimized with the Yoast SEO plugin v27.4 - https:\/\/yoast.com\/product\/yoast-seo-wordpress\/ -->\n<title>Hon. Mr. Dr. Javier L\u00f3pez-Galiacho Perona - Royal European Academy of Doctors<\/title>\n<meta name=\"description\" content=\"Doctor in Law, Doctor L\u00f3pez-Galiacho has been a Numerary Member of the RAED since April 8, 2024\" \/>\n<meta name=\"robots\" content=\"index, follow, max-snippet:-1, max-image-preview:large, max-video-preview:-1\" \/>\n<link rel=\"canonical\" href=\"https:\/\/raed.academy\/en\/academicians\/dr-javier-lopez-galiacho-perona\/\" \/>\n<meta property=\"og:locale\" content=\"en_US\" \/>\n<meta property=\"og:type\" content=\"article\" \/>\n<meta property=\"og:title\" content=\"Hon. Mr. Dr. Javier L\u00f3pez-Galiacho Perona - Royal European Academy of Doctors\" \/>\n<meta property=\"og:description\" content=\"Doctor in Law, Doctor L\u00f3pez-Galiacho has been a Numerary Member of the RAED since April 8, 2024\" \/>\n<meta property=\"og:url\" content=\"https:\/\/raed.academy\/en\/academicians\/dr-javier-lopez-galiacho-perona\/\" \/>\n<meta property=\"og:site_name\" content=\"Royal European Academy of Doctors\" \/>\n<meta property=\"article:publisher\" content=\"http:\/\/fb.me\/raed.academy\" \/>\n<meta property=\"article:modified_time\" content=\"2025-10-30T13:27:59+00:00\" \/>\n<meta property=\"og:image\" content=\"https:\/\/raed.academy\/wp-content\/uploads\/2024\/04\/Ingreso-en-la-RAED-del-Dr-Javier-Lopez-Galiacho-Perona-51.webp\" \/>\n\t<meta property=\"og:image:width\" content=\"970\" \/>\n\t<meta property=\"og:image:height\" content=\"645\" \/>\n\t<meta property=\"og:image:type\" content=\"image\/webp\" \/>\n<meta name=\"twitter:card\" content=\"summary_large_image\" \/>\n<meta name=\"twitter:site\" content=\"@raedacademy\" \/>\n<meta name=\"twitter:label1\" content=\"Est. reading time\" \/>\n\t<meta name=\"twitter:data1\" content=\"5 minutes\" \/>\n<script type=\"application\/ld+json\" class=\"yoast-schema-graph\">{\"@context\":\"https:\\\/\\\/schema.org\",\"@graph\":[{\"@type\":\"WebPage\",\"@id\":\"https:\\\/\\\/raed.academy\\\/en\\\/academicians\\\/dr-javier-lopez-galiacho-perona\\\/\",\"url\":\"https:\\\/\\\/raed.academy\\\/en\\\/academicians\\\/dr-javier-lopez-galiacho-perona\\\/\",\"name\":\"Hon. Mr. Dr. Javier L\u00f3pez-Galiacho Perona - Royal European Academy of Doctors\",\"isPartOf\":{\"@id\":\"https:\\\/\\\/raed.academy\\\/en\\\/#website\"},\"primaryImageOfPage\":{\"@id\":\"https:\\\/\\\/raed.academy\\\/en\\\/academicians\\\/dr-javier-lopez-galiacho-perona\\\/#primaryimage\"},\"image\":{\"@id\":\"https:\\\/\\\/raed.academy\\\/en\\\/academicians\\\/dr-javier-lopez-galiacho-perona\\\/#primaryimage\"},\"thumbnailUrl\":\"https:\\\/\\\/raed.academy\\\/wp-content\\\/uploads\\\/2024\\\/04\\\/Ingreso-en-la-RAED-del-Dr-Javier-Lopez-Galiacho-Perona-51.webp\",\"datePublished\":\"2024-04-30T14:15:58+00:00\",\"dateModified\":\"2025-10-30T13:27:59+00:00\",\"description\":\"Doctor in Law, Doctor L\u00f3pez-Galiacho has been a Numerary Member of the RAED since April 8, 2024\",\"breadcrumb\":{\"@id\":\"https:\\\/\\\/raed.academy\\\/en\\\/academicians\\\/dr-javier-lopez-galiacho-perona\\\/#breadcrumb\"},\"inLanguage\":\"en-US\",\"potentialAction\":[{\"@type\":\"ReadAction\",\"target\":[\"https:\\\/\\\/raed.academy\\\/en\\\/academicians\\\/dr-javier-lopez-galiacho-perona\\\/\"]}]},{\"@type\":\"ImageObject\",\"inLanguage\":\"en-US\",\"@id\":\"https:\\\/\\\/raed.academy\\\/en\\\/academicians\\\/dr-javier-lopez-galiacho-perona\\\/#primaryimage\",\"url\":\"https:\\\/\\\/raed.academy\\\/wp-content\\\/uploads\\\/2024\\\/04\\\/Ingreso-en-la-RAED-del-Dr-Javier-Lopez-Galiacho-Perona-51.webp\",\"contentUrl\":\"https:\\\/\\\/raed.academy\\\/wp-content\\\/uploads\\\/2024\\\/04\\\/Ingreso-en-la-RAED-del-Dr-Javier-Lopez-Galiacho-Perona-51.webp\",\"width\":970,\"height\":645},{\"@type\":\"BreadcrumbList\",\"@id\":\"https:\\\/\\\/raed.academy\\\/en\\\/academicians\\\/dr-javier-lopez-galiacho-perona\\\/#breadcrumb\",\"itemListElement\":[{\"@type\":\"ListItem\",\"position\":1,\"name\":\"Inicio\",\"item\":\"https:\\\/\\\/raed.academy\\\/en\\\/\"},{\"@type\":\"ListItem\",\"position\":2,\"name\":\"Acad\u00e9micos\",\"item\":\"https:\\\/\\\/raed.academy\\\/en\\\/academicians\\\/\"},{\"@type\":\"ListItem\",\"position\":3,\"name\":\"Hon. Mr. Dr. Javier L\u00f3pez-Galiacho Perona\"}]},{\"@type\":\"WebSite\",\"@id\":\"https:\\\/\\\/raed.academy\\\/en\\\/#website\",\"url\":\"https:\\\/\\\/raed.academy\\\/en\\\/\",\"name\":\"Royal European Academy of Doctors\",\"description\":\"Corporaci\u00f3n de derecho p\u00fablico de car\u00e1cter cient\u00edfico, t\u00e9cnico y art\u00edstico, que tiene por objeto la investigaci\u00f3n, el estudio, el fomento y la extensi\u00f3n del conocimiento en su sentido m\u00e1s amplio.\",\"publisher\":{\"@id\":\"https:\\\/\\\/raed.academy\\\/en\\\/#organization\"},\"potentialAction\":[{\"@type\":\"SearchAction\",\"target\":{\"@type\":\"EntryPoint\",\"urlTemplate\":\"https:\\\/\\\/raed.academy\\\/en\\\/?s={search_term_string}\"},\"query-input\":{\"@type\":\"PropertyValueSpecification\",\"valueRequired\":true,\"valueName\":\"search_term_string\"}}],\"inLanguage\":\"en-US\"},{\"@type\":\"Organization\",\"@id\":\"https:\\\/\\\/raed.academy\\\/en\\\/#organization\",\"name\":\"Real Academia Europea de Doctores\",\"url\":\"https:\\\/\\\/raed.academy\\\/en\\\/\",\"logo\":{\"@type\":\"ImageObject\",\"inLanguage\":\"en-US\",\"@id\":\"https:\\\/\\\/raed.academy\\\/en\\\/#\\\/schema\\\/logo\\\/image\\\/\",\"url\":\"https:\\\/\\\/raed.academy\\\/wp-content\\\/uploads\\\/2017\\\/01\\\/cropped-logo_raed.png\",\"contentUrl\":\"https:\\\/\\\/raed.academy\\\/wp-content\\\/uploads\\\/2017\\\/01\\\/cropped-logo_raed.png\",\"width\":512,\"height\":512,\"caption\":\"Real Academia Europea de Doctores\"},\"image\":{\"@id\":\"https:\\\/\\\/raed.academy\\\/en\\\/#\\\/schema\\\/logo\\\/image\\\/\"},\"sameAs\":[\"http:\\\/\\\/fb.me\\\/raed.academy\",\"https:\\\/\\\/x.com\\\/raedacademy\",\"https:\\\/\\\/www.instagram.com\\\/raed.academy\\\/\",\"https:\\\/\\\/www.youtube.com\\\/channel\\\/UCUYQwW2KrdirNWihxMDObwg\"]}]}<\/script>\n<!-- \/ Yoast SEO plugin. -->","yoast_head_json":{"title":"Hon. Mr. Dr. Javier L\u00f3pez-Galiacho Perona - Royal European Academy of Doctors","description":"Doctor in Law, Doctor L\u00f3pez-Galiacho has been a Numerary Member of the RAED since April 8, 2024","robots":{"index":"index","follow":"follow","max-snippet":"max-snippet:-1","max-image-preview":"max-image-preview:large","max-video-preview":"max-video-preview:-1"},"canonical":"https:\/\/raed.academy\/en\/academicians\/dr-javier-lopez-galiacho-perona\/","og_locale":"en_US","og_type":"article","og_title":"Hon. Mr. Dr. Javier L\u00f3pez-Galiacho Perona - Royal European Academy of Doctors","og_description":"Doctor in Law, Doctor L\u00f3pez-Galiacho has been a Numerary Member of the RAED since April 8, 2024","og_url":"https:\/\/raed.academy\/en\/academicians\/dr-javier-lopez-galiacho-perona\/","og_site_name":"Royal European Academy of Doctors","article_publisher":"http:\/\/fb.me\/raed.academy","article_modified_time":"2025-10-30T13:27:59+00:00","og_image":[{"width":970,"height":645,"url":"https:\/\/raed.academy\/wp-content\/uploads\/2024\/04\/Ingreso-en-la-RAED-del-Dr-Javier-Lopez-Galiacho-Perona-51.webp","type":"image\/webp"}],"twitter_card":"summary_large_image","twitter_site":"@raedacademy","twitter_misc":{"Est. reading time":"5 minutes"},"schema":{"@context":"https:\/\/schema.org","@graph":[{"@type":"WebPage","@id":"https:\/\/raed.academy\/en\/academicians\/dr-javier-lopez-galiacho-perona\/","url":"https:\/\/raed.academy\/en\/academicians\/dr-javier-lopez-galiacho-perona\/","name":"Hon. Mr. Dr. Javier L\u00f3pez-Galiacho Perona - Royal European Academy of Doctors","isPartOf":{"@id":"https:\/\/raed.academy\/en\/#website"},"primaryImageOfPage":{"@id":"https:\/\/raed.academy\/en\/academicians\/dr-javier-lopez-galiacho-perona\/#primaryimage"},"image":{"@id":"https:\/\/raed.academy\/en\/academicians\/dr-javier-lopez-galiacho-perona\/#primaryimage"},"thumbnailUrl":"https:\/\/raed.academy\/wp-content\/uploads\/2024\/04\/Ingreso-en-la-RAED-del-Dr-Javier-Lopez-Galiacho-Perona-51.webp","datePublished":"2024-04-30T14:15:58+00:00","dateModified":"2025-10-30T13:27:59+00:00","description":"Doctor in Law, Doctor L\u00f3pez-Galiacho has been a Numerary Member of the RAED since April 8, 2024","breadcrumb":{"@id":"https:\/\/raed.academy\/en\/academicians\/dr-javier-lopez-galiacho-perona\/#breadcrumb"},"inLanguage":"en-US","potentialAction":[{"@type":"ReadAction","target":["https:\/\/raed.academy\/en\/academicians\/dr-javier-lopez-galiacho-perona\/"]}]},{"@type":"ImageObject","inLanguage":"en-US","@id":"https:\/\/raed.academy\/en\/academicians\/dr-javier-lopez-galiacho-perona\/#primaryimage","url":"https:\/\/raed.academy\/wp-content\/uploads\/2024\/04\/Ingreso-en-la-RAED-del-Dr-Javier-Lopez-Galiacho-Perona-51.webp","contentUrl":"https:\/\/raed.academy\/wp-content\/uploads\/2024\/04\/Ingreso-en-la-RAED-del-Dr-Javier-Lopez-Galiacho-Perona-51.webp","width":970,"height":645},{"@type":"BreadcrumbList","@id":"https:\/\/raed.academy\/en\/academicians\/dr-javier-lopez-galiacho-perona\/#breadcrumb","itemListElement":[{"@type":"ListItem","position":1,"name":"Inicio","item":"https:\/\/raed.academy\/en\/"},{"@type":"ListItem","position":2,"name":"Acad\u00e9micos","item":"https:\/\/raed.academy\/en\/academicians\/"},{"@type":"ListItem","position":3,"name":"Hon. Mr. Dr. Javier L\u00f3pez-Galiacho Perona"}]},{"@type":"WebSite","@id":"https:\/\/raed.academy\/en\/#website","url":"https:\/\/raed.academy\/en\/","name":"Royal European Academy of Doctors","description":"Corporaci\u00f3n de derecho p\u00fablico de car\u00e1cter cient\u00edfico, t\u00e9cnico y art\u00edstico, que tiene por objeto la investigaci\u00f3n, el estudio, el fomento y la extensi\u00f3n del conocimiento en su sentido m\u00e1s amplio.","publisher":{"@id":"https:\/\/raed.academy\/en\/#organization"},"potentialAction":[{"@type":"SearchAction","target":{"@type":"EntryPoint","urlTemplate":"https:\/\/raed.academy\/en\/?s={search_term_string}"},"query-input":{"@type":"PropertyValueSpecification","valueRequired":true,"valueName":"search_term_string"}}],"inLanguage":"en-US"},{"@type":"Organization","@id":"https:\/\/raed.academy\/en\/#organization","name":"Real Academia Europea de Doctores","url":"https:\/\/raed.academy\/en\/","logo":{"@type":"ImageObject","inLanguage":"en-US","@id":"https:\/\/raed.academy\/en\/#\/schema\/logo\/image\/","url":"https:\/\/raed.academy\/wp-content\/uploads\/2017\/01\/cropped-logo_raed.png","contentUrl":"https:\/\/raed.academy\/wp-content\/uploads\/2017\/01\/cropped-logo_raed.png","width":512,"height":512,"caption":"Real Academia Europea de Doctores"},"image":{"@id":"https:\/\/raed.academy\/en\/#\/schema\/logo\/image\/"},"sameAs":["http:\/\/fb.me\/raed.academy","https:\/\/x.com\/raedacademy","https:\/\/www.instagram.com\/raed.academy\/","https:\/\/www.youtube.com\/channel\/UCUYQwW2KrdirNWihxMDObwg"]}]}},"_links":{"self":[{"href":"https:\/\/raed.academy\/en\/wp-json\/wp\/v2\/academico\/148375","targetHints":{"allow":["GET"]}}],"collection":[{"href":"https:\/\/raed.academy\/en\/wp-json\/wp\/v2\/academico"}],"about":[{"href":"https:\/\/raed.academy\/en\/wp-json\/wp\/v2\/types\/academico"}],"wp:featuredmedia":[{"embeddable":true,"href":"https:\/\/raed.academy\/en\/wp-json\/wp\/v2\/media\/147173"}],"wp:attachment":[{"href":"https:\/\/raed.academy\/en\/wp-json\/wp\/v2\/media?parent=148375"}],"wp:term":[{"taxonomy":"secciones","embeddable":true,"href":"https:\/\/raed.academy\/en\/wp-json\/wp\/v2\/secciones?post=148375"},{"taxonomy":"tipo_academico","embeddable":true,"href":"https:\/\/raed.academy\/en\/wp-json\/wp\/v2\/tipo_academico?post=148375"},{"taxonomy":"cargo","embeddable":true,"href":"https:\/\/raed.academy\/en\/wp-json\/wp\/v2\/cargo?post=148375"}],"curies":[{"name":"wp","href":"https:\/\/api.w.org\/{rel}","templated":true}]}}