{"id":125014,"date":"2022-11-22T11:10:21","date_gmt":"2022-11-22T11:10:21","guid":{"rendered":"https:\/\/raed.academy\/?page_id=125014"},"modified":"2025-10-09T09:18:04","modified_gmt":"2025-10-09T09:18:04","slug":"dr-juan-jose-delgado-soriano","status":"publish","type":"academico","link":"https:\/\/raed.academy\/en\/academicians\/dr-juan-jose-delgado-soriano\/","title":{"rendered":"Dr. Juan Jos\u00e9 Delgado Soriano"},"content":{"rendered":"<p>[et_pb_section fb_built=&#8221;1&#8243; admin_label=&#8221;Secci\u00f3n&#8221; _builder_version=&#8221;4.16&#8243; custom_padding=&#8221;0|0px|51.2px|0px|false|false&#8221; locked=&#8221;off&#8221; global_colors_info=&#8221;{}&#8221;][et_pb_row column_structure=&#8221;1_4,3_4&#8243; use_custom_gutter=&#8221;on&#8221; gutter_width=&#8221;2&#8243; _builder_version=&#8221;4.17.4&#8243; background_size=&#8221;initial&#8221; background_position=&#8221;top_left&#8221; background_repeat=&#8221;repeat&#8221; max_width=&#8221;1400px&#8221; custom_padding=&#8221;0|0px|40px|0px|false|false&#8221; global_colors_info=&#8221;{}&#8221;][et_pb_column type=&#8221;1_4&#8243; _builder_version=&#8221;4.16&#8243; custom_padding=&#8221;|||&#8221; global_colors_info=&#8221;{}&#8221; custom_padding__hover=&#8221;|||&#8221;][et_pb_image src=&#8221;https:\/\/raed.academy\/wp-content\/uploads\/2022\/11\/acto-ingreso-Juan-Jose-Delgado-Soriano-230x217px.jpeg&#8221; alt=&#8221;Juan Jos\u00e9 Delgado Soriano&#8221; title_text=&#8221;acto-ingreso-Juan-Jose-Delgado-Soriano-230x217px&#8221; show_bottom_space=&#8221;off&#8221; align_tablet=&#8221;center&#8221; align_phone=&#8221;&#8221; align_last_edited=&#8221;on|desktop&#8221; admin_label=&#8221;Imagen &#8211; foto acad\u00e9mico&#8221; _builder_version=&#8221;4.19.0&#8243; max_width=&#8221;200px&#8221; custom_margin=&#8221;0px||0px|&#8221; custom_padding=&#8221;0px||0px|&#8221; animation_style=&#8221;fold&#8221; border_radii=&#8221;on|6px|6px|6px|6px&#8221; border_width_all=&#8221;2px&#8221; box_shadow_style=&#8221;preset2&#8243; global_colors_info=&#8221;{}&#8221;][\/et_pb_image][\/et_pb_column][et_pb_column type=&#8221;3_4&#8243; _builder_version=&#8221;4.16&#8243; custom_padding=&#8221;|||&#8221; global_colors_info=&#8221;{}&#8221; custom_padding__hover=&#8221;|||&#8221;][et_pb_text module_class=&#8221;infoAcademico&#8221; _builder_version=&#8221;4.27.4&#8243; hover_enabled=&#8221;0&#8243; global_colors_info=&#8221;{}&#8221; sticky_enabled=&#8221;0&#8243;]<\/p>\n<div style=\"border: 2px solid #000; padding: 20px; background: #fff; margin-bottom: 25px; border-radius: 10px; box-shadow: 2px 2px 8px rgba(0,0,0,0.1);\">\n<p><strong>Corresponding Member<\/strong><\/p>\n<p><strong>Social Sciences:<\/strong> PhD in Economic and Business Sciences<\/p>\n<p><strong>Date of admission:<\/strong> November 8, 2016<\/p>\n<p><strong>Admission speech: <\/strong><a href=\"http:\/\/raed.academy\/wp-content\/uploads\/2016\/11\/Incertidumbre-y-neurociencias-1.pdf\" target=\"_blank\" rel=\"noopener\"><strong><em>\u201cUncertainty and Neurosciences: Pillars in Decision-Making\u201d<\/em><\/strong><br \/><\/a><\/p>\n<p><strong>Reply speech: <\/strong><a href=\"http:\/\/raed.academy\/academicos\/dr-jaime-gil-aluja\/\" target=\"_blank\" rel=\"noopener\"><strong>Dr. Jaime Gil Aluja<\/strong><\/a><\/p>\n<\/div>\n<p>[\/et_pb_text][\/et_pb_column][\/et_pb_row][et_pb_row use_custom_gutter=&#8221;on&#8221; gutter_width=&#8221;1&#8243; module_class=&#8221;parent-column&#8221; _builder_version=&#8221;4.16&#8243; background_size=&#8221;initial&#8221; background_position=&#8221;top_left&#8221; background_repeat=&#8221;repeat&#8221; max_width=&#8221;1400px&#8221; custom_padding=&#8221;0|0px|25.6px|0px|false|false&#8221; global_colors_info=&#8221;{}&#8221;][et_pb_column type=&#8221;4_4&#8243; _builder_version=&#8221;4.16&#8243; custom_padding=&#8221;|||&#8221; global_colors_info=&#8221;{}&#8221; custom_padding__hover=&#8221;|||&#8221;][et_pb_divider color=&#8221;#828282&#8243; divider_weight=&#8221;2&#8243; _builder_version=&#8221;4.16&#8243; height=&#8221;2px&#8221; box_shadow_style=&#8221;preset2&#8243; global_colors_info=&#8221;{}&#8221;][\/et_pb_divider][et_pb_tabs _builder_version=&#8221;4.27.4&#8243; hover_enabled=&#8221;0&#8243; border_style=&#8221;solid&#8221; global_colors_info=&#8221;{}&#8221; sticky_enabled=&#8221;0&#8243;][et_pb_tab title=&#8221;CURR\u00cdCULUM VITAE&#8221; _builder_version=&#8221;4.27.4&#8243; body_font=&#8221;||||&#8221; tab_font=&#8221;||||&#8221; hover_enabled=&#8221;0&#8243; global_colors_info=&#8221;{}&#8221; sticky_enabled=&#8221;0&#8243;]<\/p>\n<h2><strong>DR. JUAN JOS\u00c9 DELGADO SORIANO<\/strong><\/h2>\n<h3><strong>UNIVERSITY EDUCATION<\/strong><\/h3>\n<ul>\n<li>PhD (Cum Laude) in Digital Economy.<\/li>\n<\/ul>\n<h3><strong>TEACHING AND PROFESSIONAL ACTIVITY<\/strong><\/h3>\n<ul>\n<li>Professor at <a href=\"https:\/\/www.lse.ac.uk\/\" target=\"_blank\" rel=\"noopener\"><strong>The London School of Economics and Political Science (LSE)<\/strong><\/a>.<\/li>\n<li>Professor at <a href=\"https:\/\/www.ie.edu\/business-school\/\" target=\"_blank\" rel=\"noopener\"><strong>IE Business School<\/strong><\/a>.<\/li>\n<li>Led the day with the highest international sales in the history of <a href=\"https:\/\/www.aboutamazon.es\/\" target=\"_blank\" rel=\"noopener\"><strong>Amazon<\/strong><\/a>, reaching Amazon\u2019s No. 1 profile on LinkedIn in the UK (2016\u20132017).<\/li>\n<li>Investor and advisor in Web2 and Web3 companies.<\/li>\n<li>Recognized among the top 15 unofficial LinkedIn influencers (2018).<\/li>\n<li>Selected among the world\u2019s top 50 experts in human behavior (2017).<\/li>\n<li>Named Spain\u2019s most talented marketer (2015).<\/li>\n<li>Extensive international experience working with: Amazon, Burger King, Pepsi, Hertz, CB Richard Ellis, Ford, Bosch, Siemens, Liberty, Vodafone, Telef\u00f3nica and Estrella Galicia.<\/li>\n<li>Founder of the No. 1 Neuromarketing group for Spanish-speaking countries.<\/li>\n<li>Founder of the Newvideo Congress.<\/li>\n<li>Founder of the Vloggers Awards.<\/li>\n<li>Co-founder of the NGO <em>24 Friends: Education for Kenya<\/em>.<\/li>\n<li>Honorary Member of Video Experts Academy.<\/li>\n<\/ul>\n<h3><strong>PUBLICATIONS<\/strong><\/h3>\n<ul>\n<li><em>Think Video: Smart Video Marketing &amp; Video Influencing<\/em>.<\/li>\n<li><em>The New Digital Consumer: Noriso Cube<\/em>.<\/li>\n<li><em>Smash It. How to Master the Digital Era and Make Your Business Grow at Full Speed!<\/em> (International Amazon Best Seller, 2021).<\/li>\n<\/ul>\n<div style=\"margin-top: 20px;\"><a href='https:\/\/raed.academy\/wp-content\/uploads\/2022\/11\/CV-extenso-Juan-Jose-Delgado-Soriano_15.0_cmpr.pdf' class='big-button bigsilver' target=\"_blank\"><strong>\u2192 FULL CURRICULUM VITAE<\/strong><\/a><\/div>\n<p>[\/et_pb_tab][et_pb_tab title=&#8221;GALERIA DE FOTOGRAFIES&#8221; _builder_version=&#8221;4.18.0&#8243; body_font=&#8221;||||&#8221; tab_font=&#8221;||||&#8221; global_colors_info=&#8221;{}&#8221;]<\/p>\n<div class=\"divi-module-destination\"><\/div>\n<p>[\/et_pb_tab][\/et_pb_tabs][et_pb_gallery gallery_ids=&#8221;124518,124512,124509,124506,124502,124499,124496,124493,124490,124487,124484,124481&#8243; posts_number=&#8221;16&#8243; show_title_and_caption=&#8221;off&#8221; show_pagination=&#8221;off&#8221; admin_label=&#8221;Galer\u00eda&#8221; module_class=&#8221;divi-portable-module galeria-pad-1&#8243; _builder_version=&#8221;4.19.0&#8243; _module_preset=&#8221;default&#8221; locked=&#8221;off&#8221; global_colors_info=&#8221;{}&#8221;][\/et_pb_gallery][et_pb_code admin_label=&#8221;C\u00f3digo&#8221; _builder_version=&#8221;4.27.4&#8243; _module_preset=&#8221;default&#8221; locked=&#8221;off&#8221; global_colors_info=&#8221;{}&#8221;]<script><!-- [et_pb_line_break_holder] -->(function ($) {<!-- [et_pb_line_break_holder] -->  $(document).ready(function () {<!-- [et_pb_line_break_holder] --> <!-- [et_pb_line_break_holder] -->    \/\/ Option #1: Move Divi Module(s) into a Module<!-- [et_pb_line_break_holder] -->    \/\/ Limit: One Instance per Column<!-- [et_pb_line_break_holder] -->    \/\/ Use following code if you want to move <!-- [et_pb_line_break_holder] -->    \/\/ a module inside another module. Each column with the<!-- [et_pb_line_break_holder] -->    \/\/ class 'parent-column' will append any module(s)<!-- [et_pb_line_break_holder] -->    \/\/ with the class 'divi-portable-module' to the div<!-- [et_pb_line_break_holder] -->    \/\/ with the class 'divi-module-destination'.<!-- [et_pb_line_break_holder] -->    \/\/ Only one instance of 'divi-module-destination' should<!-- [et_pb_line_break_holder] -->    \/\/ be added per column.<!-- [et_pb_line_break_holder] -->    $('.divi-portable-module').each(function () {<!-- [et_pb_line_break_holder] -->      $(this).closest('.parent-column').find('.divi-module-destination').append($(this));<!-- [et_pb_line_break_holder] -->    });<!-- [et_pb_line_break_holder] -->     <!-- [et_pb_line_break_holder] -->    \/\/ Buttons: Insert Button Module(s) into a Module<!-- [et_pb_line_break_holder] -->    \/\/ Adding a custom CSS class to a button module<!-- [et_pb_line_break_holder] -->    \/\/ is applied to the 'a' tag which is a child element<!-- [et_pb_line_break_holder] -->    \/\/ of the module wrapper. This code makes sure to append<!-- [et_pb_line_break_holder] -->    \/\/ the entire button module wrapper (the parent element)<!-- [et_pb_line_break_holder] -->    \/\/ as well. This functionality is the same as option #3 above.<!-- [et_pb_line_break_holder] -->    \/\/ Siimply use the class 'divi-portable-button' on a button module<!-- [et_pb_line_break_holder] -->    \/\/ instead of 'divi-portable-module'.<!-- [et_pb_line_break_holder] -->    $('.divi-portable-button').parent().each(function () {<!-- [et_pb_line_break_holder] -->      $(this).closest('.parent-column').find('.divi-module-destination').append($(this));<!-- [et_pb_line_break_holder] -->    });<!-- [et_pb_line_break_holder] --> <!-- [et_pb_line_break_holder] -->    \/\/ Option #2: Move Divi Row(s) into a Module<!-- [et_pb_line_break_holder] -->    \/\/ Limit: One Instance per Section<!-- [et_pb_line_break_holder] -->    \/\/ Use the following code if you want to move <!-- [et_pb_line_break_holder] -->    \/\/ a row inside a module on more than one section<!-- [et_pb_line_break_holder] -->    \/\/ of a page. Each section with the<!-- [et_pb_line_break_holder] -->    \/\/ class 'parent-section' will append any row(s)<!-- [et_pb_line_break_holder] -->    \/\/ with the class 'divi-portable-row' to the div<!-- [et_pb_line_break_holder] -->    \/\/ with the class 'divi-row-destination'.<!-- [et_pb_line_break_holder] -->    \/\/ Only one instance of 'divi-row-destination' should<!-- [et_pb_line_break_holder] -->    \/\/ be added per section.<!-- [et_pb_line_break_holder] -->    $('.divi-portable-row').each(function () {<!-- [et_pb_line_break_holder] -->      $(this).closest('.parent-section').find('.divi-row-destination').append($(this));<!-- [et_pb_line_break_holder] -->    });<!-- [et_pb_line_break_holder] --> <!-- [et_pb_line_break_holder] -->  });<!-- [et_pb_line_break_holder] -->})(jQuery);<!-- [et_pb_line_break_holder] --><\/script>[\/et_pb_code][\/et_pb_column][\/et_pb_row][\/et_pb_section]<\/p>\n","protected":false},"featured_media":0,"template":"","meta":{"_et_pb_use_builder":"on","_et_pb_old_content":"<p>[et_pb_section fb_built=\"1\" admin_label=\"Secci\u00f3n\" _builder_version=\"4.16\" custom_padding=\"0|0px|51.2px|0px|false|false\" locked=\"off\" global_colors_info=\"{}\"][et_pb_row column_structure=\"1_4,3_4\" use_custom_gutter=\"on\" gutter_width=\"2\" _builder_version=\"4.17.4\" background_size=\"initial\" background_position=\"top_left\" background_repeat=\"repeat\" max_width=\"1400px\" custom_padding=\"0|0px|40px|0px|false|false\" global_colors_info=\"{}\"][et_pb_column type=\"1_4\" _builder_version=\"4.16\" custom_padding=\"|||\" global_colors_info=\"{}\" custom_padding__hover=\"|||\"][et_pb_image src=\"https:\/\/raed.academy\/wp-content\/uploads\/2022\/10\/Juan-Jose-Delgado-Soriano-230x317px.jpg\" alt=\"Juan Jos\u00e9 Delgado Soriano\" title_text=\"Juan-Jose-Delgado-Soriano-230x317px\" show_bottom_space=\"off\" align_tablet=\"center\" align_phone=\"\" align_last_edited=\"on|desktop\" admin_label=\"Imagen - foto acad\u00e9mico\" _builder_version=\"4.19.0\" max_width=\"200px\" custom_margin=\"0px||0px|\" custom_padding=\"0px||0px|\" animation_style=\"fold\" hover_enabled=\"0\" border_radii=\"on|6px|6px|6px|6px\" border_width_all=\"2px\" box_shadow_style=\"preset2\" global_colors_info=\"{}\" sticky_enabled=\"0\"][\/et_pb_image][\/et_pb_column][et_pb_column type=\"3_4\" _builder_version=\"4.16\" custom_padding=\"|||\" global_colors_info=\"{}\" custom_padding__hover=\"|||\"][et_pb_text module_class=\"infoAcademico\" _builder_version=\"4.19.0\" global_colors_info=\"{}\"]<\/p><p><strong>Acad\u00e8mic Corresponent<\/strong><\/p><p><strong>Ci\u00e8ncies socials:<\/strong> Dr. en Econom\u00eda Digital\u200b<\/p><p><strong>Data ingr\u00e9s:<\/strong> 10 novembre 2022<\/p><p><strong>Discurs d'ingr\u00e9s:<\/strong> \"El proceso de decisi\u00f3n del consumidor digital y su comportamiento en las redes sociales\"<\/p><p><strong>Respon:<\/strong> <strong><a href=\"https:\/\/raed.academy\/ca\/academics\/dr-jose-daniel-barquero-cabrero\/\" target=\"_blank\" rel=\"noopener\">Excm. Sr. Dr. Jos\u00e9 Daniel Barquero Cabrero<\/a><\/strong>, Dr. en Ci\u00e8ncies Econ\u00f2miques<\/p><p>[\/et_pb_text][\/et_pb_column][\/et_pb_row][et_pb_row use_custom_gutter=\"on\" gutter_width=\"1\" module_class=\"parent-column\" _builder_version=\"4.16\" background_size=\"initial\" background_position=\"top_left\" background_repeat=\"repeat\" max_width=\"1400px\" custom_padding=\"0|0px|25.6px|0px|false|false\" global_colors_info=\"{}\"][et_pb_column type=\"4_4\" _builder_version=\"4.16\" custom_padding=\"|||\" global_colors_info=\"{}\" custom_padding__hover=\"|||\"][et_pb_divider color=\"#828282\" divider_weight=\"2\" _builder_version=\"4.16\" height=\"2px\" box_shadow_style=\"preset2\" global_colors_info=\"{}\"][\/et_pb_divider][et_pb_tabs _builder_version=\"4.19.0\" hover_enabled=\"0\" border_style=\"solid\" global_colors_info=\"{}\" sticky_enabled=\"0\"][et_pb_tab title=\"CURR\u00cdCULUM VITAE\" _builder_version=\"4.19.0\" body_font=\"||||\" tab_font=\"||||\" hover_enabled=\"0\" global_colors_info=\"{}\" sticky_enabled=\"0\"]<\/p><h3>Dr. Juan Jos\u00e9 Delgado Soriano<\/h3><p>El professor <strong>Leopoldo Ortega-Monasterio<\/strong> va n\u00e9ixer a la localitat d'Osca i va cursar els seus estudis de Medicina a la <a href=\"https:\/\/www.ub.edu\/web\/portal\/ca\/\" target=\"_blank\" rel=\"noopener\"><strong>Universitat de Barcelona<\/strong><\/a>, \u200b\u200bon va iniciar l'especialitat com a metge resident a l'Hospital Cl\u00ednic d'aquesta ciutat i la va completar a l'H\u00f4pital Psychiatrique de Bellevue a Yverdon (cant\u00f3 de Vaud. Su\u00efssa). Va llegir la seva tesi doctoral a la Facultat de Medicina de la Universitat de Lausanne sota el t\u00edtol: \u201cEtude sur l'evolution de la catatonie periodique\u201d, i va ampliar la seva formaci\u00f3 cl\u00ednica al Servei de Neurologia de la <strong>University of Alberta Hospital d'Edmonton<\/strong> (Canad\u00e0).<\/p><p>Ha compaginat la psiquiatria cl\u00ednica assistencial amb la doc\u00e8ncia i la praxi pericial davant els tribunals de just\u00edcia, havent accedit per oposici\u00f3 al Cos Nacional de Metges Forenses, i ha exercit a les universitats de <a href=\"https:\/\/www.ub.edu\/web\/portal\/ca\/\" target=\"_blank\" rel=\"noopener\"><strong>Barcelona<\/strong><\/a>, <a href=\"https:\/\/www.usal.es\/\" target=\"_blank\" rel=\"noopener\"><strong>\u200b\u200bSalamanca<\/strong><\/a> i actualment a la <a href=\"https:\/\/www.uic.es\/es\" target=\"_blank\" rel=\"noopener\"><strong>Universitat Internacional de Catalunya<\/strong><\/a>.<\/p><p>Pertany per oposici\u00f3 al Cos de Professors Titulars d'Universitat i actualment \u00e9s director honor\u00edfic del M\u00e0ster Oficial de Psicopatologia Legal, Forense i Criminol\u00f2gica de la <a href=\"https:\/\/www.uic.es\/es\" target=\"_blank\" rel=\"noopener\"><strong>Universitat Internacional de Catalunya<\/strong><\/a>.<\/p><p>Ha escrit diversos llibres relacionats amb la seva especialitat i priorit\u00e0riament a l'\u00e0mbit de la psiquiatria forense, i ha pronunciat nombroses confer\u00e8ncies en f\u00f2rums nacionals i estrangers.<\/p><p>Va ser membre fundador i actualment president de la <strong>Societat Espanyola de Psiquiatria Forense<\/strong>.<\/p><h2><a href=\"https:\/\/raed.academy\/wp-content\/uploads\/2022\/11\/CV-Leopoldo-Ortega-Monasterio-y-Gaston_cmpr.pdf\" target=\"_blank\" rel=\"noopener\">CV extens<\/a><\/h2><p>[\/et_pb_tab][et_pb_tab title=\"GALERIA DE FOTOGRAFIES\" _builder_version=\"4.18.0\" body_font=\"||||\" tab_font=\"||||\" global_colors_info=\"{}\"]<\/p><div class=\"divi-module-destination\">\u00a0<\/div><p>[\/et_pb_tab][\/et_pb_tabs][et_pb_gallery gallery_ids=\"124518,124512,124509,124506,124502,124499,124496,124493,124490,124487,124484,124481\" posts_number=\"16\" show_title_and_caption=\"off\" show_pagination=\"off\" admin_label=\"Galer\u00eda\" module_class=\"divi-portable-module galeria-pad-1\" _builder_version=\"4.19.0\" _module_preset=\"default\" hover_enabled=\"0\" locked=\"off\" global_colors_info=\"{}\" sticky_enabled=\"0\"][\/et_pb_gallery][et_pb_code admin_label=\"C\u00f3digo\" _builder_version=\"4.16\" _module_preset=\"default\" locked=\"off\" global_colors_info=\"{}\"]<script><!-- [et_pb_line_break_holder] -->(function ($) {<!-- [et_pb_line_break_holder] -->  $(document).ready(function () {<!-- [et_pb_line_break_holder] --> <!-- [et_pb_line_break_holder] -->    \/\/ Option #1: Move Divi Module(s) into a Module<!-- [et_pb_line_break_holder] -->    \/\/ Limit: One Instance per Column<!-- [et_pb_line_break_holder] -->    \/\/ Use following code if you want to move <!-- [et_pb_line_break_holder] -->    \/\/ a module inside another module. Each column with the<!-- [et_pb_line_break_holder] -->    \/\/ class 'parent-column' will append any module(s)<!-- [et_pb_line_break_holder] -->    \/\/ with the class 'divi-portable-module' to the div<!-- [et_pb_line_break_holder] -->    \/\/ with the class 'divi-module-destination'.<!-- [et_pb_line_break_holder] -->    \/\/ Only one instance of 'divi-module-destination' should<!-- [et_pb_line_break_holder] -->    \/\/ be added per column.<!-- [et_pb_line_break_holder] -->    $('.divi-portable-module').each(function () {<!-- [et_pb_line_break_holder] -->      $(this).closest('.parent-column').find('.divi-module-destination').append($(this));<!-- [et_pb_line_break_holder] -->    });<!-- [et_pb_line_break_holder] -->     <!-- [et_pb_line_break_holder] -->    \/\/ Buttons: Insert Button Module(s) into a Module<!-- [et_pb_line_break_holder] -->    \/\/ Adding a custom CSS class to a button module<!-- [et_pb_line_break_holder] -->    \/\/ is applied to the 'a' tag which is a child element<!-- [et_pb_line_break_holder] -->    \/\/ of the module wrapper. This code makes sure to append<!-- [et_pb_line_break_holder] -->    \/\/ the entire button module wrapper (the parent element)<!-- [et_pb_line_break_holder] -->    \/\/ as well. This functionality is the same as option #3 above.<!-- [et_pb_line_break_holder] -->    \/\/ Siimply use the class 'divi-portable-button' on a button module<!-- [et_pb_line_break_holder] -->    \/\/ instead of 'divi-portable-module'.<!-- [et_pb_line_break_holder] -->    $('.divi-portable-button').parent().each(function () {<!-- [et_pb_line_break_holder] -->      $(this).closest('.parent-column').find('.divi-module-destination').append($(this));<!-- [et_pb_line_break_holder] -->    });<!-- [et_pb_line_break_holder] --> <!-- [et_pb_line_break_holder] -->    \/\/ Option #2: Move Divi Row(s) into a Module<!-- [et_pb_line_break_holder] -->    \/\/ Limit: One Instance per Section<!-- [et_pb_line_break_holder] -->    \/\/ Use the following code if you want to move <!-- [et_pb_line_break_holder] -->    \/\/ a row inside a module on more than one section<!-- [et_pb_line_break_holder] -->    \/\/ of a page. Each section with the<!-- [et_pb_line_break_holder] -->    \/\/ class 'parent-section' will append any row(s)<!-- [et_pb_line_break_holder] -->    \/\/ with the class 'divi-portable-row' to the div<!-- [et_pb_line_break_holder] -->    \/\/ with the class 'divi-row-destination'.<!-- [et_pb_line_break_holder] -->    \/\/ Only one instance of 'divi-row-destination' should<!-- [et_pb_line_break_holder] -->    \/\/ be added per section.<!-- [et_pb_line_break_holder] -->    $('.divi-portable-row').each(function () {<!-- [et_pb_line_break_holder] -->      $(this).closest('.parent-section').find('.divi-row-destination').append($(this));<!-- [et_pb_line_break_holder] -->    });<!-- [et_pb_line_break_holder] --> <!-- [et_pb_line_break_holder] -->  });<!-- [et_pb_line_break_holder] -->})(jQuery);<!-- [et_pb_line_break_holder] --><\/script>[\/et_pb_code][\/et_pb_column][\/et_pb_row][\/et_pb_section]<\/p>","_et_gb_content_width":""},"secciones":[],"tipo_academico":[],"cargo":[],"class_list":["post-125014","academico","type-academico","status-publish","hentry"],"yoast_head":"<!-- This site is optimized with the Yoast SEO plugin v27.4 - https:\/\/yoast.com\/product\/yoast-seo-wordpress\/ -->\n<title>Dr. Juan Jos\u00e9 Delgado Soriano - Royal European Academy of Doctors<\/title>\n<meta name=\"robots\" content=\"index, follow, max-snippet:-1, max-image-preview:large, max-video-preview:-1\" \/>\n<link rel=\"canonical\" href=\"https:\/\/raed.academy\/en\/academicians\/dr-juan-jose-delgado-soriano\/\" \/>\n<meta property=\"og:locale\" content=\"en_US\" \/>\n<meta property=\"og:type\" content=\"article\" \/>\n<meta property=\"og:title\" content=\"Dr. Juan Jos\u00e9 Delgado Soriano - Royal European Academy of Doctors\" \/>\n<meta property=\"og:description\" content=\"Corresponding Member Social Sciences: PhD in Economic and Business Sciences Date of admission: November 8, 2016 Admission speech: \u201cUncertainty and Neurosciences: Pillars in Decision-Making\u201d Reply speech: Dr. Jaime Gil Aluja DR. JUAN JOS\u00c9 DELGADO SORIANO UNIVERSITY EDUCATION PhD (Cum Laude) in Digital Economy. TEACHING AND PROFESSIONAL ACTIVITY Professor at The London School of Economics and [&hellip;]\" \/>\n<meta property=\"og:url\" content=\"https:\/\/raed.academy\/en\/academicians\/dr-juan-jose-delgado-soriano\/\" \/>\n<meta property=\"og:site_name\" content=\"Royal European Academy of Doctors\" \/>\n<meta property=\"article:publisher\" content=\"http:\/\/fb.me\/raed.academy\" \/>\n<meta property=\"article:modified_time\" content=\"2025-10-09T09:18:04+00:00\" \/>\n<meta name=\"twitter:card\" content=\"summary_large_image\" \/>\n<meta name=\"twitter:site\" content=\"@raedacademy\" \/>\n<meta name=\"twitter:label1\" content=\"Est. reading time\" \/>\n\t<meta name=\"twitter:data1\" content=\"4 minutes\" \/>\n<script type=\"application\/ld+json\" class=\"yoast-schema-graph\">{\"@context\":\"https:\\\/\\\/schema.org\",\"@graph\":[{\"@type\":\"WebPage\",\"@id\":\"https:\\\/\\\/raed.academy\\\/en\\\/academicians\\\/dr-juan-jose-delgado-soriano\\\/\",\"url\":\"https:\\\/\\\/raed.academy\\\/en\\\/academicians\\\/dr-juan-jose-delgado-soriano\\\/\",\"name\":\"Dr. Juan Jos\u00e9 Delgado Soriano - Royal European Academy of Doctors\",\"isPartOf\":{\"@id\":\"https:\\\/\\\/raed.academy\\\/en\\\/#website\"},\"datePublished\":\"2022-11-22T11:10:21+00:00\",\"dateModified\":\"2025-10-09T09:18:04+00:00\",\"breadcrumb\":{\"@id\":\"https:\\\/\\\/raed.academy\\\/en\\\/academicians\\\/dr-juan-jose-delgado-soriano\\\/#breadcrumb\"},\"inLanguage\":\"en-US\",\"potentialAction\":[{\"@type\":\"ReadAction\",\"target\":[\"https:\\\/\\\/raed.academy\\\/en\\\/academicians\\\/dr-juan-jose-delgado-soriano\\\/\"]}]},{\"@type\":\"BreadcrumbList\",\"@id\":\"https:\\\/\\\/raed.academy\\\/en\\\/academicians\\\/dr-juan-jose-delgado-soriano\\\/#breadcrumb\",\"itemListElement\":[{\"@type\":\"ListItem\",\"position\":1,\"name\":\"Inicio\",\"item\":\"https:\\\/\\\/raed.academy\\\/en\\\/\"},{\"@type\":\"ListItem\",\"position\":2,\"name\":\"Acad\u00e9micos\",\"item\":\"https:\\\/\\\/raed.academy\\\/en\\\/academicians\\\/\"},{\"@type\":\"ListItem\",\"position\":3,\"name\":\"Dr. Juan Jos\u00e9 Delgado Soriano\"}]},{\"@type\":\"WebSite\",\"@id\":\"https:\\\/\\\/raed.academy\\\/en\\\/#website\",\"url\":\"https:\\\/\\\/raed.academy\\\/en\\\/\",\"name\":\"Royal European Academy of Doctors\",\"description\":\"Corporaci\u00f3n de derecho p\u00fablico de car\u00e1cter cient\u00edfico, t\u00e9cnico y art\u00edstico, que tiene por objeto la investigaci\u00f3n, el estudio, el fomento y la extensi\u00f3n del conocimiento en su sentido m\u00e1s amplio.\",\"publisher\":{\"@id\":\"https:\\\/\\\/raed.academy\\\/en\\\/#organization\"},\"potentialAction\":[{\"@type\":\"SearchAction\",\"target\":{\"@type\":\"EntryPoint\",\"urlTemplate\":\"https:\\\/\\\/raed.academy\\\/en\\\/?s={search_term_string}\"},\"query-input\":{\"@type\":\"PropertyValueSpecification\",\"valueRequired\":true,\"valueName\":\"search_term_string\"}}],\"inLanguage\":\"en-US\"},{\"@type\":\"Organization\",\"@id\":\"https:\\\/\\\/raed.academy\\\/en\\\/#organization\",\"name\":\"Real Academia Europea de Doctores\",\"url\":\"https:\\\/\\\/raed.academy\\\/en\\\/\",\"logo\":{\"@type\":\"ImageObject\",\"inLanguage\":\"en-US\",\"@id\":\"https:\\\/\\\/raed.academy\\\/en\\\/#\\\/schema\\\/logo\\\/image\\\/\",\"url\":\"https:\\\/\\\/raed.academy\\\/wp-content\\\/uploads\\\/2017\\\/01\\\/cropped-logo_raed.png\",\"contentUrl\":\"https:\\\/\\\/raed.academy\\\/wp-content\\\/uploads\\\/2017\\\/01\\\/cropped-logo_raed.png\",\"width\":512,\"height\":512,\"caption\":\"Real Academia Europea de Doctores\"},\"image\":{\"@id\":\"https:\\\/\\\/raed.academy\\\/en\\\/#\\\/schema\\\/logo\\\/image\\\/\"},\"sameAs\":[\"http:\\\/\\\/fb.me\\\/raed.academy\",\"https:\\\/\\\/x.com\\\/raedacademy\",\"https:\\\/\\\/www.instagram.com\\\/raed.academy\\\/\",\"https:\\\/\\\/www.youtube.com\\\/channel\\\/UCUYQwW2KrdirNWihxMDObwg\"]}]}<\/script>\n<!-- \/ Yoast SEO plugin. -->","yoast_head_json":{"title":"Dr. Juan Jos\u00e9 Delgado Soriano - Royal European Academy of Doctors","robots":{"index":"index","follow":"follow","max-snippet":"max-snippet:-1","max-image-preview":"max-image-preview:large","max-video-preview":"max-video-preview:-1"},"canonical":"https:\/\/raed.academy\/en\/academicians\/dr-juan-jose-delgado-soriano\/","og_locale":"en_US","og_type":"article","og_title":"Dr. Juan Jos\u00e9 Delgado Soriano - Royal European Academy of Doctors","og_description":"La RAED organiza y lleva a cabo una serie de actividades concentradas en mes y medio que contaron con la implicaci\u00f3n activa de numerosos acad\u00e9micos. Recepci\u00f3n de cuatro acad\u00e9micos correspondientes (Stavroula-Ina Piperaki para Grecia, Stephen Zeff y David B. Wilkins para Estados Unidos y Llu\u00eds Vicent Safont para Andorra) Mesa redonda sobre \u00abLa salida de [&hellip;]","og_url":"https:\/\/raed.academy\/en\/academicians\/dr-juan-jose-delgado-soriano\/","og_site_name":"Royal European Academy of Doctors","article_publisher":"http:\/\/fb.me\/raed.academy","article_modified_time":"2025-10-09T09:18:04+00:00","twitter_card":"summary_large_image","twitter_site":"@raedacademy","twitter_misc":{"Est. reading time":"4 minutes"},"schema":{"@context":"https:\/\/schema.org","@graph":[{"@type":"WebPage","@id":"https:\/\/raed.academy\/en\/academicians\/dr-juan-jose-delgado-soriano\/","url":"https:\/\/raed.academy\/en\/academicians\/dr-juan-jose-delgado-soriano\/","name":"Dr. Juan Jos\u00e9 Delgado Soriano - Royal European Academy of Doctors","isPartOf":{"@id":"https:\/\/raed.academy\/en\/#website"},"datePublished":"2022-11-22T11:10:21+00:00","dateModified":"2025-10-09T09:18:04+00:00","breadcrumb":{"@id":"https:\/\/raed.academy\/en\/academicians\/dr-juan-jose-delgado-soriano\/#breadcrumb"},"inLanguage":"en-US","potentialAction":[{"@type":"ReadAction","target":["https:\/\/raed.academy\/en\/academicians\/dr-juan-jose-delgado-soriano\/"]}]},{"@type":"BreadcrumbList","@id":"https:\/\/raed.academy\/en\/academicians\/dr-juan-jose-delgado-soriano\/#breadcrumb","itemListElement":[{"@type":"ListItem","position":1,"name":"Inicio","item":"https:\/\/raed.academy\/en\/"},{"@type":"ListItem","position":2,"name":"Acad\u00e9micos","item":"https:\/\/raed.academy\/en\/academicians\/"},{"@type":"ListItem","position":3,"name":"Dr. Juan Jos\u00e9 Delgado Soriano"}]},{"@type":"WebSite","@id":"https:\/\/raed.academy\/en\/#website","url":"https:\/\/raed.academy\/en\/","name":"Royal European Academy of Doctors","description":"Corporaci\u00f3n de derecho p\u00fablico de car\u00e1cter cient\u00edfico, t\u00e9cnico y art\u00edstico, que tiene por objeto la investigaci\u00f3n, el estudio, el fomento y la extensi\u00f3n del conocimiento en su sentido m\u00e1s amplio.","publisher":{"@id":"https:\/\/raed.academy\/en\/#organization"},"potentialAction":[{"@type":"SearchAction","target":{"@type":"EntryPoint","urlTemplate":"https:\/\/raed.academy\/en\/?s={search_term_string}"},"query-input":{"@type":"PropertyValueSpecification","valueRequired":true,"valueName":"search_term_string"}}],"inLanguage":"en-US"},{"@type":"Organization","@id":"https:\/\/raed.academy\/en\/#organization","name":"Real Academia Europea de Doctores","url":"https:\/\/raed.academy\/en\/","logo":{"@type":"ImageObject","inLanguage":"en-US","@id":"https:\/\/raed.academy\/en\/#\/schema\/logo\/image\/","url":"https:\/\/raed.academy\/wp-content\/uploads\/2017\/01\/cropped-logo_raed.png","contentUrl":"https:\/\/raed.academy\/wp-content\/uploads\/2017\/01\/cropped-logo_raed.png","width":512,"height":512,"caption":"Real Academia Europea de Doctores"},"image":{"@id":"https:\/\/raed.academy\/en\/#\/schema\/logo\/image\/"},"sameAs":["http:\/\/fb.me\/raed.academy","https:\/\/x.com\/raedacademy","https:\/\/www.instagram.com\/raed.academy\/","https:\/\/www.youtube.com\/channel\/UCUYQwW2KrdirNWihxMDObwg"]}]}},"_links":{"self":[{"href":"https:\/\/raed.academy\/en\/wp-json\/wp\/v2\/academico\/125014","targetHints":{"allow":["GET"]}}],"collection":[{"href":"https:\/\/raed.academy\/en\/wp-json\/wp\/v2\/academico"}],"about":[{"href":"https:\/\/raed.academy\/en\/wp-json\/wp\/v2\/types\/academico"}],"wp:attachment":[{"href":"https:\/\/raed.academy\/en\/wp-json\/wp\/v2\/media?parent=125014"}],"wp:term":[{"taxonomy":"secciones","embeddable":true,"href":"https:\/\/raed.academy\/en\/wp-json\/wp\/v2\/secciones?post=125014"},{"taxonomy":"tipo_academico","embeddable":true,"href":"https:\/\/raed.academy\/en\/wp-json\/wp\/v2\/tipo_academico?post=125014"},{"taxonomy":"cargo","embeddable":true,"href":"https:\/\/raed.academy\/en\/wp-json\/wp\/v2\/cargo?post=125014"}],"curies":[{"name":"wp","href":"https:\/\/api.w.org\/{rel}","templated":true}]}}