{"id":11342,"date":"2016-09-22T16:25:27","date_gmt":"2016-09-22T16:25:27","guid":{"rendered":"http:\/\/radd.eu\/?page_id=11342"},"modified":"2025-09-26T10:14:28","modified_gmt":"2025-09-26T10:14:28","slug":"dr-antoni-terceno-gomez","status":"publish","type":"academico","link":"https:\/\/raed.academy\/en\/academicians\/dr-antoni-terceno-gomez\/","title":{"rendered":"Dr. Antoni Terce\u00f1o G\u00f3mez"},"content":{"rendered":"<p>[et_pb_section fb_built=&#8221;1&#8243; _builder_version=&#8221;4.16&#8243; global_colors_info=&#8221;{}&#8221;][et_pb_row column_structure=&#8221;1_4,3_4&#8243; _builder_version=&#8221;4.16&#8243; background_size=&#8221;initial&#8221; background_position=&#8221;top_left&#8221; background_repeat=&#8221;repeat&#8221; custom_margin=&#8221;0px||0px|&#8221; custom_padding=&#8221;0|0px|0|0px|false|false&#8221; global_colors_info=&#8221;{}&#8221;][et_pb_column type=&#8221;1_4&#8243; _builder_version=&#8221;4.16&#8243; custom_padding=&#8221;|||&#8221; global_colors_info=&#8221;{}&#8221; custom_padding__hover=&#8221;|||&#8221;][et_pb_image src=&#8221;https:\/\/raed.academy\/wp-content\/uploads\/2019\/02\/Dr.-Antoni-Terce\u00f1o-G\u00f3mez.jpg&#8221; show_bottom_space=&#8221;off&#8221; align_tablet=&#8221;center&#8221; align_phone=&#8221;center&#8221; align_last_edited=&#8221;on|desktop&#8221; admin_label=&#8221;Imagen &#8211; foto acad\u00e9mico&#8221; _builder_version=&#8221;4.16&#8243; max_width=&#8221;85%&#8221; custom_margin=&#8221;0px||0px|&#8221; custom_padding=&#8221;0px||0px|&#8221; animation_style=&#8221;fold&#8221; border_radii=&#8221;on|6px|6px|6px|6px&#8221; border_width_all=&#8221;2px&#8221; box_shadow_style=&#8221;preset2&#8243; global_colors_info=&#8221;{}&#8221;][\/et_pb_image][\/et_pb_column][et_pb_column type=&#8221;3_4&#8243; _builder_version=&#8221;4.16&#8243; custom_padding=&#8221;|||&#8221; global_colors_info=&#8221;{}&#8221; custom_padding__hover=&#8221;|||&#8221;][et_pb_text module_class=&#8221;infoAcademico&#8221; _builder_version=&#8221;4.18.0&#8243; global_colors_info=&#8221;{}&#8221;]<\/p>\n<p><strong>Supernumerary Member<\/strong><\/p>\n<p><strong>Social\u00a0Sciences:<\/strong> Dr. in Economics<\/p>\n<p><strong>Date of admittance:<\/strong> 30\/06\/2009<\/p>\n<p><strong>Admission Speech:\u00a0<\/strong><a href=\"http:\/\/raed.academy\/wp-content\/uploads\/2015\/06\/Modelo-de-prediccion-antonio-terce\u00f1o-g\u00f3mez-1.pdf\" target=\"_blank\" rel=\"noopener noreferrer\"><strong>Modelo de predicci\u00f3n<\/strong><\/a><\/p>\n<p><strong>Reply by:<\/strong>\u00a0<strong>Dr. Paulino Castells Cuixart<\/strong><\/p>\n<p>[\/et_pb_text][\/et_pb_column][\/et_pb_row][et_pb_row _builder_version=&#8221;4.16&#8243; background_size=&#8221;initial&#8221; background_position=&#8221;top_left&#8221; background_repeat=&#8221;repeat&#8221; global_colors_info=&#8221;{}&#8221;][et_pb_column type=&#8221;4_4&#8243; _builder_version=&#8221;4.16&#8243; custom_padding=&#8221;|||&#8221; global_colors_info=&#8221;{}&#8221; custom_padding__hover=&#8221;|||&#8221;][et_pb_divider color=&#8221;#828282&#8243; divider_weight=&#8221;2&#8243; _builder_version=&#8221;4.16&#8243; height=&#8221;2px&#8221; box_shadow_style=&#8221;preset2&#8243; global_colors_info=&#8221;{}&#8221;][\/et_pb_divider][et_pb_tabs _builder_version=&#8221;4.27.4&#8243; hover_enabled=&#8221;0&#8243; global_colors_info=&#8221;{}&#8221; sticky_enabled=&#8221;0&#8243;][et_pb_tab title=&#8221;CURRICULUM VITAE&#8221; _builder_version=&#8221;4.27.4&#8243; hover_enabled=&#8221;0&#8243; global_colors_info=&#8221;{}&#8221; sticky_enabled=&#8221;0&#8243;]<\/p>\n<h2><strong>Dr. ANTONIO TERCE\u00d1O G\u00d3MEZ<\/strong><\/h2>\n<h3><strong>Academic Background<\/strong><\/h3>\n<ul>\n<li>PhD in Economics and Business Sciences, <a href=\"https:\/\/www.ub.edu\/web\/portal\/en\/\" target=\"_blank\" rel=\"noopener\"><strong>University of Barcelona<\/strong><\/a> (1995).<\/li>\n<li>BA in Economics and Business, Actuary in Insurance, University of Barcelona (1987).<\/li>\n<li>Diploma in Business Studies, University of Barcelona (1986).<\/li>\n<\/ul>\n<h3><strong>Academic and Institutional Positions<\/strong><\/h3>\n<ul>\n<li>Full Professor of Financial Economics, <a href=\"https:\/\/www.urv.cat\/en\/\" target=\"_blank\" rel=\"noopener\"><strong>Rovira i Virgili University<\/strong><\/a> (since 2001).<\/li>\n<li>Dean of the Faculty of Economics and Business, URV (1988-1998, 2015-present).<\/li>\n<li>Vice-Rector for Faculty (1998-2002, 2006-2008).<\/li>\n<li>Head of Department (2003-2006).<\/li>\n<li>President of the Tarragona Economists Association (2001-2007).<\/li>\n<li>Board Member, Chamber of Commerce and Industry of Reus (1991-1998).<\/li>\n<\/ul>\n<h3><strong>Research and Publications<\/strong><\/h3>\n<ul>\n<li>Author or co-author of <strong>29 books or book chapters<\/strong> published by AC, Pir\u00e1mide, Kluwer, World Scientific, and Springer.<\/li>\n<li>Published <strong>68 articles<\/strong> in journals such as <em>Fuzzy Sets and Systems<\/em>, <em>European Journal of Operational Research<\/em>, <em>Journal of Risk and Insurance<\/em>, <em>Applied Soft Computing<\/em>, <em>Sustainability<\/em>, among others.<\/li>\n<li>Research funded by the <a href=\"https:\/\/www.ciencia.gob.es\/en\" target=\"_blank\" rel=\"noopener\"><strong>Spanish Ministry of Science and Innovation<\/strong><\/a>, the European Union, the <a href=\"https:\/\/www.aecid.es\/EN\" target=\"_blank\" rel=\"noopener\"><strong>Spanish Agency for International Development Cooperation<\/strong><\/a>, and <a href=\"https:\/\/www.conicet.gov.ar\/\" target=\"_blank\" rel=\"noopener\"><strong>CONICET<\/strong><\/a> (Argentina).<\/li>\n<li>Supervised 15 PhD theses and served on 45 doctoral committees.<\/li>\n<li>Presented 91 papers and participated in 37 scientific committees at international conferences.<\/li>\n<\/ul>\n<h3><strong>Other Activities<\/strong><\/h3>\n<ul>\n<li>Visiting Professor at universities in Argentina, Mexico, Cuba, Belarus, and Spain.<\/li>\n<li>Director of the Master\u2019s in <em>Finance and Banking Management<\/em> at URV (16 editions).<\/li>\n<li>President of the <strong>International Society for Fuzzy Management and Economy (SIGEF)<\/strong>.<\/li>\n<\/ul>\n<h3><strong>Honors and Awards<\/strong><\/h3>\n<ul>\n<li><strong>Doctor Honoris Causa<\/strong>, Centro de Investigaci\u00f3n y Desarrollo del Estado de Michoac\u00e1n (Mexico).<\/li>\n<li>Silver Medal, City Council of Reus.<\/li>\n<li>Honorary Mention, City Council of Tarragona.<\/li>\n<\/ul>\n<h3><strong>Academies<\/strong><\/h3>\n<ul>\n<li>Full Member of the <a href=\"https:\/\/raed.academy\/\" target=\"_blank\" rel=\"noopener\"><strong>Royal European Academy of Doctors<\/strong><\/a>.<\/li>\n<li>Corresponding Member of the <a href=\"https:\/\/www.racef.es\/en\" target=\"_blank\" rel=\"noopener\"><strong>Royal Academy of Economic and Financial Sciences<\/strong><\/a>, Institute of Spain.<\/li>\n<\/ul>\n<h3><strong>Research Interests<\/strong><\/h3>\n<ul>\n<li><em>Fuzzy<\/em> applications in economics and business.<\/li>\n<li>Financial markets and financial products.<\/li>\n<\/ul>\n<a href='https:\/\/raed.academy\/wp-content\/uploads\/2019\/02\/CV-Extenso-Castellano-Dr.-Antoni-Terce\u00f1o-G\u00f3mez.pdf' class='big-button bigsilver' target=\"_blank\">Full CV<\/a>\n<p>[\/et_pb_tab][\/et_pb_tabs][\/et_pb_column][\/et_pb_row][\/et_pb_section]<\/p>\n","protected":false},"featured_media":0,"template":"","meta":{"_et_pb_use_builder":"on","_et_pb_old_content":"<div class=\"infoAcademico\"><h3><a href=\"http:\/\/raed.academy\/wp-content\/uploads\/2015\/06\/Foto-Dr.-Antoni-Terce\u00f1o-G\u00f3mez.jpg\" rel=\"attachment wp-att-2734\"><img class=\"alignleft wp-image-2734\" src=\"http:\/\/raed.academy\/wp-content\/uploads\/2015\/06\/Foto-Dr.-Antoni-Terce\u00f1o-G\u00f3mez-202x300.jpg\" alt=\"Foto- Dr. Antoni Terce\u00f1o G\u00f3mez\" width=\"171\" height=\"255\" \/><\/a><\/h3><p><strong>Acad\u00e8mic Numerari<\/strong><\/p><p><strong>Ci\u00e8ncies Socials:<\/strong> Dr. en Econ\u00f2miques<\/p><p><strong>Data d'ingr\u00e9s:\u00a0<\/strong>30\/06\/2009<\/p><p><strong>Discurs d'ingr\u00e9s:\u00a0<\/strong><a href=\"http:\/\/raed.academy\/wp-content\/uploads\/2015\/06\/Modelo-de-prediccion-antonio-terce\u00f1o-g\u00f3mez-1.pdf\" target=\"_blank\" rel=\"noopener\">Modelo de prediccion<\/a><\/p><p><strong>Discurs de resposta: <\/strong>Dr. Paulino Castells Cuixart<\/p><hr \/><\/div><div class=\"CVacadcemico\">\u00a0<\/div>","_et_gb_content_width":""},"secciones":[],"tipo_academico":[],"cargo":[],"class_list":["post-11342","academico","type-academico","status-publish","hentry"],"yoast_head":"<!-- This site is optimized with the Yoast SEO plugin v27.4 - https:\/\/yoast.com\/product\/yoast-seo-wordpress\/ -->\n<title>Dr. Antoni Terce\u00f1o G\u00f3mez - Royal European Academy of Doctors<\/title>\n<meta name=\"robots\" content=\"index, follow, max-snippet:-1, max-image-preview:large, max-video-preview:-1\" \/>\n<link rel=\"canonical\" href=\"https:\/\/raed.academy\/en\/academicians\/dr-antoni-terceno-gomez\/\" \/>\n<meta property=\"og:locale\" content=\"en_US\" \/>\n<meta property=\"og:type\" content=\"article\" \/>\n<meta property=\"og:title\" content=\"Dr. Antoni Terce\u00f1o G\u00f3mez - Royal European Academy of Doctors\" \/>\n<meta property=\"og:description\" content=\"Supernumerary Member Social\u00a0Sciences: Dr. in Economics Date of admittance: 30\/06\/2009 Admission Speech:\u00a0Modelo de predicci\u00f3n Reply by:\u00a0Dr. Paulino Castells CuixartDr. ANTONIO TERCE\u00d1O G\u00d3MEZ Academic Background PhD in Economics and Business Sciences, University of Barcelona (1995). BA in Economics and Business, Actuary in Insurance, University of Barcelona (1987). Diploma in Business Studies, University of Barcelona (1986). Academic [&hellip;]\" \/>\n<meta property=\"og:url\" content=\"https:\/\/raed.academy\/en\/academicians\/dr-antoni-terceno-gomez\/\" \/>\n<meta property=\"og:site_name\" content=\"Royal European Academy of Doctors\" \/>\n<meta property=\"article:publisher\" content=\"http:\/\/fb.me\/raed.academy\" \/>\n<meta property=\"article:modified_time\" content=\"2025-09-26T10:14:28+00:00\" \/>\n<meta name=\"twitter:card\" content=\"summary_large_image\" \/>\n<meta name=\"twitter:site\" content=\"@raedacademy\" \/>\n<meta name=\"twitter:label1\" content=\"Est. reading time\" \/>\n\t<meta name=\"twitter:data1\" content=\"2 minutes\" \/>\n<script type=\"application\/ld+json\" class=\"yoast-schema-graph\">{\"@context\":\"https:\\\/\\\/schema.org\",\"@graph\":[{\"@type\":\"WebPage\",\"@id\":\"https:\\\/\\\/raed.academy\\\/en\\\/academicians\\\/dr-antoni-terceno-gomez\\\/\",\"url\":\"https:\\\/\\\/raed.academy\\\/en\\\/academicians\\\/dr-antoni-terceno-gomez\\\/\",\"name\":\"Dr. Antoni Terce\u00f1o G\u00f3mez - Royal European Academy of Doctors\",\"isPartOf\":{\"@id\":\"https:\\\/\\\/raed.academy\\\/en\\\/#website\"},\"datePublished\":\"2016-09-22T16:25:27+00:00\",\"dateModified\":\"2025-09-26T10:14:28+00:00\",\"breadcrumb\":{\"@id\":\"https:\\\/\\\/raed.academy\\\/en\\\/academicians\\\/dr-antoni-terceno-gomez\\\/#breadcrumb\"},\"inLanguage\":\"en-US\",\"potentialAction\":[{\"@type\":\"ReadAction\",\"target\":[\"https:\\\/\\\/raed.academy\\\/en\\\/academicians\\\/dr-antoni-terceno-gomez\\\/\"]}]},{\"@type\":\"BreadcrumbList\",\"@id\":\"https:\\\/\\\/raed.academy\\\/en\\\/academicians\\\/dr-antoni-terceno-gomez\\\/#breadcrumb\",\"itemListElement\":[{\"@type\":\"ListItem\",\"position\":1,\"name\":\"Inicio\",\"item\":\"https:\\\/\\\/raed.academy\\\/en\\\/\"},{\"@type\":\"ListItem\",\"position\":2,\"name\":\"Acad\u00e9micos\",\"item\":\"https:\\\/\\\/raed.academy\\\/en\\\/academicians\\\/\"},{\"@type\":\"ListItem\",\"position\":3,\"name\":\"Dr. Antoni Terce\u00f1o G\u00f3mez\"}]},{\"@type\":\"WebSite\",\"@id\":\"https:\\\/\\\/raed.academy\\\/en\\\/#website\",\"url\":\"https:\\\/\\\/raed.academy\\\/en\\\/\",\"name\":\"Royal European Academy of Doctors\",\"description\":\"Corporaci\u00f3n de derecho p\u00fablico de car\u00e1cter cient\u00edfico, t\u00e9cnico y art\u00edstico, que tiene por objeto la investigaci\u00f3n, el estudio, el fomento y la extensi\u00f3n del conocimiento en su sentido m\u00e1s amplio.\",\"publisher\":{\"@id\":\"https:\\\/\\\/raed.academy\\\/en\\\/#organization\"},\"potentialAction\":[{\"@type\":\"SearchAction\",\"target\":{\"@type\":\"EntryPoint\",\"urlTemplate\":\"https:\\\/\\\/raed.academy\\\/en\\\/?s={search_term_string}\"},\"query-input\":{\"@type\":\"PropertyValueSpecification\",\"valueRequired\":true,\"valueName\":\"search_term_string\"}}],\"inLanguage\":\"en-US\"},{\"@type\":\"Organization\",\"@id\":\"https:\\\/\\\/raed.academy\\\/en\\\/#organization\",\"name\":\"Real Academia Europea de Doctores\",\"url\":\"https:\\\/\\\/raed.academy\\\/en\\\/\",\"logo\":{\"@type\":\"ImageObject\",\"inLanguage\":\"en-US\",\"@id\":\"https:\\\/\\\/raed.academy\\\/en\\\/#\\\/schema\\\/logo\\\/image\\\/\",\"url\":\"https:\\\/\\\/raed.academy\\\/wp-content\\\/uploads\\\/2017\\\/01\\\/cropped-logo_raed.png\",\"contentUrl\":\"https:\\\/\\\/raed.academy\\\/wp-content\\\/uploads\\\/2017\\\/01\\\/cropped-logo_raed.png\",\"width\":512,\"height\":512,\"caption\":\"Real Academia Europea de Doctores\"},\"image\":{\"@id\":\"https:\\\/\\\/raed.academy\\\/en\\\/#\\\/schema\\\/logo\\\/image\\\/\"},\"sameAs\":[\"http:\\\/\\\/fb.me\\\/raed.academy\",\"https:\\\/\\\/x.com\\\/raedacademy\",\"https:\\\/\\\/www.instagram.com\\\/raed.academy\\\/\",\"https:\\\/\\\/www.youtube.com\\\/channel\\\/UCUYQwW2KrdirNWihxMDObwg\"]}]}<\/script>\n<!-- \/ Yoast SEO plugin. -->","yoast_head_json":{"title":"Dr. Antoni Terce\u00f1o G\u00f3mez - Royal European Academy of Doctors","robots":{"index":"index","follow":"follow","max-snippet":"max-snippet:-1","max-image-preview":"max-image-preview:large","max-video-preview":"max-video-preview:-1"},"canonical":"https:\/\/raed.academy\/en\/academicians\/dr-antoni-terceno-gomez\/","og_locale":"en_US","og_type":"article","og_title":"Dr. Antoni Terce\u00f1o G\u00f3mez - Royal European Academy of Doctors","og_description":"La RAED organiza y lleva a cabo una serie de actividades concentradas en mes y medio que contaron con la implicaci\u00f3n activa de numerosos acad\u00e9micos. Recepci\u00f3n de cuatro acad\u00e9micos correspondientes (Stavroula-Ina Piperaki para Grecia, Stephen Zeff y David B. Wilkins para Estados Unidos y Llu\u00eds Vicent Safont para Andorra) Mesa redonda sobre \u00abLa salida de [&hellip;]","og_url":"https:\/\/raed.academy\/en\/academicians\/dr-antoni-terceno-gomez\/","og_site_name":"Royal European Academy of Doctors","article_publisher":"http:\/\/fb.me\/raed.academy","article_modified_time":"2025-09-26T10:14:28+00:00","twitter_card":"summary_large_image","twitter_site":"@raedacademy","twitter_misc":{"Est. reading time":"2 minutes"},"schema":{"@context":"https:\/\/schema.org","@graph":[{"@type":"WebPage","@id":"https:\/\/raed.academy\/en\/academicians\/dr-antoni-terceno-gomez\/","url":"https:\/\/raed.academy\/en\/academicians\/dr-antoni-terceno-gomez\/","name":"Dr. Antoni Terce\u00f1o G\u00f3mez - Royal European Academy of Doctors","isPartOf":{"@id":"https:\/\/raed.academy\/en\/#website"},"datePublished":"2016-09-22T16:25:27+00:00","dateModified":"2025-09-26T10:14:28+00:00","breadcrumb":{"@id":"https:\/\/raed.academy\/en\/academicians\/dr-antoni-terceno-gomez\/#breadcrumb"},"inLanguage":"en-US","potentialAction":[{"@type":"ReadAction","target":["https:\/\/raed.academy\/en\/academicians\/dr-antoni-terceno-gomez\/"]}]},{"@type":"BreadcrumbList","@id":"https:\/\/raed.academy\/en\/academicians\/dr-antoni-terceno-gomez\/#breadcrumb","itemListElement":[{"@type":"ListItem","position":1,"name":"Inicio","item":"https:\/\/raed.academy\/en\/"},{"@type":"ListItem","position":2,"name":"Acad\u00e9micos","item":"https:\/\/raed.academy\/en\/academicians\/"},{"@type":"ListItem","position":3,"name":"Dr. Antoni Terce\u00f1o G\u00f3mez"}]},{"@type":"WebSite","@id":"https:\/\/raed.academy\/en\/#website","url":"https:\/\/raed.academy\/en\/","name":"Royal European Academy of Doctors","description":"Corporaci\u00f3n de derecho p\u00fablico de car\u00e1cter cient\u00edfico, t\u00e9cnico y art\u00edstico, que tiene por objeto la investigaci\u00f3n, el estudio, el fomento y la extensi\u00f3n del conocimiento en su sentido m\u00e1s amplio.","publisher":{"@id":"https:\/\/raed.academy\/en\/#organization"},"potentialAction":[{"@type":"SearchAction","target":{"@type":"EntryPoint","urlTemplate":"https:\/\/raed.academy\/en\/?s={search_term_string}"},"query-input":{"@type":"PropertyValueSpecification","valueRequired":true,"valueName":"search_term_string"}}],"inLanguage":"en-US"},{"@type":"Organization","@id":"https:\/\/raed.academy\/en\/#organization","name":"Real Academia Europea de Doctores","url":"https:\/\/raed.academy\/en\/","logo":{"@type":"ImageObject","inLanguage":"en-US","@id":"https:\/\/raed.academy\/en\/#\/schema\/logo\/image\/","url":"https:\/\/raed.academy\/wp-content\/uploads\/2017\/01\/cropped-logo_raed.png","contentUrl":"https:\/\/raed.academy\/wp-content\/uploads\/2017\/01\/cropped-logo_raed.png","width":512,"height":512,"caption":"Real Academia Europea de Doctores"},"image":{"@id":"https:\/\/raed.academy\/en\/#\/schema\/logo\/image\/"},"sameAs":["http:\/\/fb.me\/raed.academy","https:\/\/x.com\/raedacademy","https:\/\/www.instagram.com\/raed.academy\/","https:\/\/www.youtube.com\/channel\/UCUYQwW2KrdirNWihxMDObwg"]}]}},"_links":{"self":[{"href":"https:\/\/raed.academy\/en\/wp-json\/wp\/v2\/academico\/11342","targetHints":{"allow":["GET"]}}],"collection":[{"href":"https:\/\/raed.academy\/en\/wp-json\/wp\/v2\/academico"}],"about":[{"href":"https:\/\/raed.academy\/en\/wp-json\/wp\/v2\/types\/academico"}],"wp:attachment":[{"href":"https:\/\/raed.academy\/en\/wp-json\/wp\/v2\/media?parent=11342"}],"wp:term":[{"taxonomy":"secciones","embeddable":true,"href":"https:\/\/raed.academy\/en\/wp-json\/wp\/v2\/secciones?post=11342"},{"taxonomy":"tipo_academico","embeddable":true,"href":"https:\/\/raed.academy\/en\/wp-json\/wp\/v2\/tipo_academico?post=11342"},{"taxonomy":"cargo","embeddable":true,"href":"https:\/\/raed.academy\/en\/wp-json\/wp\/v2\/cargo?post=11342"}],"curies":[{"name":"wp","href":"https:\/\/api.w.org\/{rel}","templated":true}]}}