{"id":109775,"date":"2021-12-15T16:05:35","date_gmt":"2021-12-15T16:05:35","guid":{"rendered":"https:\/\/raed.academy\/?page_id=109775"},"modified":"2025-11-03T12:13:56","modified_gmt":"2025-11-03T12:13:56","slug":"dr-carlos-cortina-riu","status":"publish","type":"academico","link":"https:\/\/raed.academy\/en\/academicians\/dr-carlos-cortina-riu\/","title":{"rendered":"His Excellency Dr. Carlos Cortina Riu"},"content":{"rendered":"<p>[et_pb_section fb_built=&#8221;1&#8243; admin_label=&#8221;Secci\u00f3n&#8221; _builder_version=&#8221;4.16&#8243; custom_padding=&#8221;0|0px|51.2px|0px|false|false&#8221; locked=&#8221;off&#8221; global_colors_info=&#8221;{}&#8221;][et_pb_row column_structure=&#8221;1_4,3_4&#8243; use_custom_gutter=&#8221;on&#8221; gutter_width=&#8221;2&#8243; _builder_version=&#8221;4.16&#8243; background_size=&#8221;initial&#8221; background_position=&#8221;top_left&#8221; background_repeat=&#8221;repeat&#8221; max_width=&#8221;1200px&#8221; custom_padding=&#8221;0|0px|0|0px|false|false&#8221; global_colors_info=&#8221;{}&#8221;][et_pb_column type=&#8221;1_4&#8243; _builder_version=&#8221;4.16&#8243; custom_padding=&#8221;|||&#8221; global_colors_info=&#8221;{}&#8221; custom_padding__hover=&#8221;|||&#8221;][et_pb_image src=&#8221;https:\/\/raed.academy\/wp-content\/uploads\/2021\/12\/Carlos-Cortina-Riu-230&#215;317-1.jpg&#8221; alt=&#8221;Carlos Cortina Riu&#8221; title_text=&#8221;Carlos Cortina Riu 230&#215;317&#8243; admin_label=&#8221;Imagen &#8211; foto acad\u00e9mico&#8221; _builder_version=&#8221;4.27.4&#8243; global_colors_info=&#8221;{}&#8221; show_bottom_space=&#8221;off&#8221; width=&#8221;90%&#8221; max_width=&#8221;230%&#8221; custom_margin=&#8221;0px||0px|&#8221; custom_padding=&#8221;0px||0px|&#8221; animation_style=&#8221;fold&#8221; border_radii=&#8221;on|6px|6px|6px|6px&#8221; border_width_all=&#8221;2px&#8221; box_shadow_style=&#8221;preset2&#8243; align_tablet=&#8221;center&#8221; align_last_edited=&#8221;on|desktop&#8221; align_phone=&#8221;center&#8221;][\/et_pb_image][\/et_pb_column][et_pb_column type=&#8221;3_4&#8243; _builder_version=&#8221;4.16&#8243; custom_padding=&#8221;|||&#8221; global_colors_info=&#8221;{}&#8221; custom_padding__hover=&#8221;|||&#8221;][et_pb_text module_class=&#8221;infoAcademico&#8221; _builder_version=&#8221;4.27.4&#8243; custom_margin=&#8221;|||-44px||&#8221; custom_padding=&#8221;|||0px||&#8221; global_colors_info=&#8221;{}&#8221;]<\/p>\n<div style=\"border: 2px solid #2c3e50; padding: 20px; background: #fff; margin-bottom: 25px; border-radius: 10px; box-shadow: 2px 2px 8px rgba(0,0,0,0.1);\">\n<p><strong>Numerary Member<\/strong><\/p>\n<p><strong>Humanities:<\/strong> PhD in Advertising and Public Relations<\/p>\n<p><strong>Date of admission:<\/strong> May 11, 2023<\/p>\n<p><strong>Admission speech: <\/strong><a href=\"https:\/\/raed.academy\/wp-content\/uploads\/2023\/05\/la-liturgia-del-juramento-carlos-cortina-riu-compr.pdf\" target=\"_blank\" rel=\"noopener noreferrer\"><strong><em>\u201cThe Liturgy of the Oath\u201d<\/em><\/strong><\/a><\/p>\n<p><strong>Reply speech: <\/strong><a href=\"https:\/\/raed.academy\/academicians\/dr-jose-angel-brandin-lorenzo\/\" target=\"_blank\" rel=\"noopener noreferrer\"><strong>H.E. Dr. Jos\u00e9 \u00c1ngel Brand\u00edn Lorenzo<\/strong><\/a>, PhD in Governance and Organizational Culture<\/p>\n<p><strong>Outstanding career:<\/strong> Expert in ceremonial, protocol, and institutional relations, with extensive teaching, research, and dissemination work in the field of corporate protocol and public ceremonial.<\/p>\n<\/div>\n<p>[\/et_pb_text][\/et_pb_column][\/et_pb_row][et_pb_row use_custom_gutter=&#8221;on&#8221; gutter_width=&#8221;1&#8243; module_class=&#8221;parent-column&#8221; _builder_version=&#8221;4.16&#8243; background_size=&#8221;initial&#8221; background_position=&#8221;top_left&#8221; background_repeat=&#8221;repeat&#8221; max_width=&#8221;1200px&#8221; custom_padding=&#8221;0|0px|25.6px|0px|false|false&#8221; global_colors_info=&#8221;{}&#8221;][et_pb_column type=&#8221;4_4&#8243; _builder_version=&#8221;4.16&#8243; custom_padding=&#8221;|||&#8221; global_colors_info=&#8221;{}&#8221; custom_padding__hover=&#8221;|||&#8221;][et_pb_divider color=&#8221;#828282&#8243; divider_weight=&#8221;2&#8243; _builder_version=&#8221;4.16&#8243; height=&#8221;2px&#8221; box_shadow_style=&#8221;preset2&#8243; global_colors_info=&#8221;{}&#8221;][\/et_pb_divider][et_pb_tabs _builder_version=&#8221;4.27.4&#8243; border_style=&#8221;solid&#8221; global_colors_info=&#8221;{}&#8221;][et_pb_tab title=&#8221;CURR\u00cdCULUM VITAE&#8221; _builder_version=&#8221;4.27.4&#8243; body_font=&#8221;||||&#8221; tab_font=&#8221;||||&#8221; global_colors_info=&#8221;{}&#8221;]<\/p>\n<h2><strong>Dr. CARLOS CORTINA RIU<\/strong><\/h2>\n<h3><strong>UNIVERSITY DEGREES<\/strong><\/h3>\n<ul>\n<li>PhD in Advertising and Public Relations with <em>Cum Laude<\/em> distinction from the <a href=\"https:\/\/www.ucjc.edu\/\" target=\"_blank\" rel=\"noopener\"><strong>Camilo Jos\u00e9 Cela University (UCJC), Madrid<\/strong><\/a>.<\/li>\n<li>Degree in Protocol and Event Organization from UCJC.<\/li>\n<li>Master\u2019s Degree in Protocol, Production, Organization and Design of Events from UCJC.<\/li>\n<li>Master\u2019s Degree in Corporate and Institutional Event Management from the <strong>Higher Institute of Protocol and Events<\/strong>.<\/li>\n<li>Master\u2019s Degree in Protocol and Ceremonial from the <a href=\"https:\/\/www.uspceu.com\/\" target=\"_blank\" rel=\"noopener\"><strong>CEU San Pablo University<\/strong><\/a>.<\/li>\n<li>Elected as a <strong>Corresponding Academician of the <a href=\"https:\/\/raed.academy\/en\/\" target=\"_blank\" rel=\"noopener\">Royal European Academy of Doctors (RAED)<\/a><\/strong> on December 2, 2021, delivering the admission speech:<strong> \u201c<a href=\"https:\/\/raed.academy\/wp-content\/uploads\/2021\/12\/discurso-ingreso-RAED-Dr-Cortina-Riu_cmpr.pdf\" target=\"_blank\" rel=\"noopener\"><em>La Patum, sacramental play of liturgy, rhythm, music and fire<\/em><\/a>\u201d.<\/strong><\/li>\n<\/ul>\n<h3><strong>TEACHING AND PROFESSIONAL ACTIVITY<\/strong><\/h3>\n<ul>\n<li>He has developed his professional and research activity in the fields of ceremonial, protocol and public relations, serving as Head of Institutional Relations at Carbones Pedraforca S.A. (Saldes), and Head of Protocol at the <a href=\"https:\/\/www.bergueda.cat\/\" target=\"_blank\" rel=\"noopener\"><strong>Bergued\u00e0 Regional Council<\/strong><\/a> and at the municipalities of <a href=\"https:\/\/ajberga.cat\/\" target=\"_blank\" rel=\"noopener\"><strong>Berga<\/strong><\/a>, <a href=\"https:\/\/www.avia.cat\/\" target=\"_blank\" rel=\"noopener\"><strong>Avi\u00e0<\/strong><\/a>, <a href=\"https:\/\/www.castellardelriu.cat\/\" target=\"_blank\" rel=\"noopener\"><strong>Castellar del Riu<\/strong><\/a>, <a href=\"https:\/\/www.olvan.cat\/\" target=\"_blank\" rel=\"noopener\"><strong>Olvan<\/strong><\/a>, and <a href=\"https:\/\/www.saldes.cat\/\" target=\"_blank\" rel=\"noopener\"><strong>Saldes<\/strong><\/a>.<\/li>\n<li>He has actively participated in non-profit organizations such as the <a href=\"https:\/\/www2.cruzroja.es\/\" target=\"_blank\" rel=\"noopener\"><strong>Red Cross<\/strong><\/a> and the <a href=\"https:\/\/www.ocu.org\/\" target=\"_blank\" rel=\"noopener\"><strong>Spanish Consumers and Users Organization (OCU)<\/strong><\/a>, where he has served as advisor and assembly member.<\/li>\n<li>Founding member of the <a href=\"https:\/\/acpri.cat\/\" target=\"_blank\" rel=\"noopener\"><strong>Catalan Association of Protocol and Institutional Relations<\/strong><\/a>.<\/li>\n<li>Knight Commander of the <a href=\"https:\/\/www.vatican.va\/content\/romancuria\/es\/ordini-equestri-pontifici\/ordine-equestre-del-santo-sepolcro-di-gerusalemme.html\" target=\"_blank\" rel=\"noopener\"><strong>Pontifical Equestrian Order of the Holy Sepulchre of Jerusalem<\/strong><\/a>.<\/li>\n<li>Knight of the <a href=\"https:\/\/ordenconstantiniana.org\/\" target=\"_blank\" rel=\"noopener\"><strong>Sacred Military Constantinian Order of Saint George<\/strong><\/a>.<\/li>\n<li>Commander of the <a href=\"https:\/\/academia-lab.com\/enciclopedia\/orden-de-los-santos-mauricio-y-lazaro\/\" target=\"_blank\" rel=\"noopener\"><strong>Order of Saints Maurice and Lazarus of the Royal House of Savoy<\/strong><\/a>, and Delegate in Spain for the Dynastic Orders of the Royal House of Savoy since 2021.<\/li>\n<\/ul>\n<h3><strong>PUBLICATIONS<\/strong><\/h3>\n<ol>\n<li><em>Pinzellades saldenques<\/em> (2004).<\/li>\n<li><em>Reglament de Protocol, Cerimonial, Honors i Distincions per als Ajuntaments<\/em> (2010).<\/li>\n<li><em>La Patum i els administradors<\/em> (2013).<\/li>\n<li><em>El ceremonial de la Patum. From the Corpus Christi procession to the Pla\u00e7a Cremada<\/em> (2014).<\/li>\n<li><em>Miscel\u00b7l\u00e0nia de balls de gegants d\u2019evocaci\u00f3 patumaire. Vol. I<\/em> (2017).<\/li>\n<li><em>Miscel\u00b7l\u00e0nia de balls de gegants d\u2019evocaci\u00f3 patumaire. Vol. II<\/em> (2021).<\/li>\n<li><em>Tribute to the Dynastic Orders of the Royal House of Savoy, on the 450th Anniversary of the Order of Saints Maurice and Lazarus<\/em> (2022).<\/li>\n<li>Author of research articles in scientific journals of the <a href=\"https:\/\/www.uned.es\/universidad\/inicio\/\" target=\"_blank\" rel=\"noopener\"><strong>UNED<\/strong><\/a>, and collaborator and protocol advisor on <a href=\"https:\/\/www.3cat.cat\/tv3\/\" target=\"_blank\" rel=\"noopener\"><strong>TV3<\/strong><\/a>.<\/li>\n<\/ol>\n<h3><strong>AWARDS AND HONORS<\/strong><\/h3>\n<ol>\n<li>Silver Medal and Medal of Constancy of the Red Cross.<\/li>\n<li>Officer\u2019s Cross of the Order of Civil Merit.<\/li>\n<li>National Award in Ceremonial and Protocol \u201cMarqu\u00e9s de Mond\u00e9jar\u201d.<\/li>\n<li>National Award in Protocol and Institutional Relations.<\/li>\n<li>Gold Medal of Pope Leo XIII for the Custody of the Holy Land (2019).<\/li>\n<li>Gold Benemerenza Medal of the Constantinian Order (2021).<\/li>\n<\/ol>\n<h2><a href=\"https:\/\/raed.academy\/wp-content\/uploads\/2021\/12\/CV-DR.-CARLOS-CORTINA-RIU_compressed.pdf\" target=\"_blank\" rel=\"noopener\">FULL CV<\/a><\/h2>\n<p>[\/et_pb_tab][et_pb_tab title=&#8221;VIDEO&#8221; _builder_version=&#8221;4.21.0&#8243; body_font=&#8221;||||&#8221; tab_font=&#8221;||||&#8221; global_colors_info=&#8221;{}&#8221;]<\/p>\n<p><iframe loading=\"lazy\" title=\"La liturgia del juramento, por el Dr. Carlos Cortina Riu\" width=\"1080\" height=\"608\" src=\"https:\/\/www.youtube.com\/embed\/ycYo0qUFmCc?feature=oembed\" frameborder=\"0\" allow=\"accelerometer; autoplay; clipboard-write; encrypted-media; gyroscope; picture-in-picture; web-share\" referrerpolicy=\"strict-origin-when-cross-origin\" allowfullscreen><\/iframe><\/p>\n<p>[\/et_pb_tab][et_pb_tab title=&#8221;GALER\u00cdA DE FOTOGRAF\u00cdAS&#8221; _builder_version=&#8221;4.16&#8243; _module_preset=&#8221;default&#8221; global_colors_info=&#8221;{}&#8221;]<\/p>\n<div class=\"divi-module-destination\"><\/div>\n<p>[\/et_pb_tab][\/et_pb_tabs][et_pb_gallery gallery_ids=&#8221;132904,132907,132910,132913,132916,132919,132922,132925,132928,132931,132934,132937&#8243; posts_number=&#8221;16&#8243; show_title_and_caption=&#8221;off&#8221; show_pagination=&#8221;off&#8221; module_class=&#8221;divi-portable-module galeria-pad-1&#8243; _builder_version=&#8221;4.21.0&#8243; _module_preset=&#8221;default&#8221; locked=&#8221;off&#8221; global_colors_info=&#8221;{}&#8221;][\/et_pb_gallery][et_pb_code _builder_version=&#8221;4.16&#8243; _module_preset=&#8221;default&#8221; locked=&#8221;off&#8221; global_colors_info=&#8221;{}&#8221;]<script><!-- [et_pb_line_break_holder] -->(function ($) {<!-- [et_pb_line_break_holder] -->  $(document).ready(function () {<!-- [et_pb_line_break_holder] --> <!-- [et_pb_line_break_holder] -->    \/\/ Option #1: Move Divi Module(s) into a Module<!-- [et_pb_line_break_holder] -->    \/\/ Limit: One Instance per Column<!-- [et_pb_line_break_holder] -->    \/\/ Use following code if you want to move <!-- [et_pb_line_break_holder] -->    \/\/ a module inside another module. Each column with the<!-- [et_pb_line_break_holder] -->    \/\/ class 'parent-column' will append any module(s)<!-- [et_pb_line_break_holder] -->    \/\/ with the class 'divi-portable-module' to the div<!-- [et_pb_line_break_holder] -->    \/\/ with the class 'divi-module-destination'.<!-- [et_pb_line_break_holder] -->    \/\/ Only one instance of 'divi-module-destination' should<!-- [et_pb_line_break_holder] -->    \/\/ be added per column.<!-- [et_pb_line_break_holder] -->    $('.divi-portable-module').each(function () {<!-- [et_pb_line_break_holder] -->      $(this).closest('.parent-column').find('.divi-module-destination').append($(this));<!-- [et_pb_line_break_holder] -->    });<!-- [et_pb_line_break_holder] -->     <!-- [et_pb_line_break_holder] -->    \/\/ Buttons: Insert Button Module(s) into a Module<!-- [et_pb_line_break_holder] -->    \/\/ Adding a custom CSS class to a button module<!-- [et_pb_line_break_holder] -->    \/\/ is applied to the 'a' tag which is a child element<!-- [et_pb_line_break_holder] -->    \/\/ of the module wrapper. This code makes sure to append<!-- [et_pb_line_break_holder] -->    \/\/ the entire button module wrapper (the parent element)<!-- [et_pb_line_break_holder] -->    \/\/ as well. This functionality is the same as option #3 above.<!-- [et_pb_line_break_holder] -->    \/\/ Siimply use the class 'divi-portable-button' on a button module<!-- [et_pb_line_break_holder] -->    \/\/ instead of 'divi-portable-module'.<!-- [et_pb_line_break_holder] -->    $('.divi-portable-button').parent().each(function () {<!-- [et_pb_line_break_holder] -->      $(this).closest('.parent-column').find('.divi-module-destination').append($(this));<!-- [et_pb_line_break_holder] -->    });<!-- [et_pb_line_break_holder] --> <!-- [et_pb_line_break_holder] -->    \/\/ Option #2: Move Divi Row(s) into a Module<!-- [et_pb_line_break_holder] -->    \/\/ Limit: One Instance per Section<!-- [et_pb_line_break_holder] -->    \/\/ Use the following code if you want to move <!-- [et_pb_line_break_holder] -->    \/\/ a row inside a module on more than one section<!-- [et_pb_line_break_holder] -->    \/\/ of a page. Each section with the<!-- [et_pb_line_break_holder] -->    \/\/ class 'parent-section' will append any row(s)<!-- [et_pb_line_break_holder] -->    \/\/ with the class 'divi-portable-row' to the div<!-- [et_pb_line_break_holder] -->    \/\/ with the class 'divi-row-destination'.<!-- [et_pb_line_break_holder] -->    \/\/ Only one instance of 'divi-row-destination' should<!-- [et_pb_line_break_holder] -->    \/\/ be added per section.<!-- [et_pb_line_break_holder] -->    $('.divi-portable-row').each(function () {<!-- [et_pb_line_break_holder] -->      $(this).closest('.parent-section').find('.divi-row-destination').append($(this));<!-- [et_pb_line_break_holder] -->    });<!-- [et_pb_line_break_holder] --> <!-- [et_pb_line_break_holder] -->  });<!-- [et_pb_line_break_holder] -->})(jQuery);<!-- [et_pb_line_break_holder] --><\/script>[\/et_pb_code][\/et_pb_column][\/et_pb_row][\/et_pb_section]<\/p>\n","protected":false},"featured_media":108147,"template":"","meta":{"_et_pb_use_builder":"on","_et_pb_old_content":"<p>[et_pb_section fb_built=\"1\" admin_label=\"Secci\u00f3n\" _builder_version=\"3.22.3\" custom_padding=\"0|0px|51.2px|0px|false|false\" locked=\"off\" global_colors_info=\"{}\"][et_pb_row column_structure=\"1_4,3_4\" use_custom_gutter=\"on\" gutter_width=\"2\" _builder_version=\"4.14.2\" background_size=\"initial\" background_position=\"top_left\" background_repeat=\"repeat\" max_width=\"1200px\" custom_padding=\"0|0px|0|0px|false|false\" global_colors_info=\"{}\"][et_pb_column type=\"1_4\" _builder_version=\"3.25\" custom_padding=\"|||\" global_colors_info=\"{}\" custom_padding__hover=\"|||\"][et_pb_image src=\"https:\/\/raed.academy\/wp-content\/uploads\/2021\/12\/Carlos-Cortina-Riu-230x317-1.jpg\" alt=\"Carlos Cortina Riu\" title_text=\"Carlos Cortina Riu 230x317\" show_bottom_space=\"off\" align_tablet=\"center\" align_phone=\"\" align_last_edited=\"on|desktop\" admin_label=\"Imagen - foto acad\u00e9mico\" _builder_version=\"4.14.2\" max_width=\"200px\" custom_margin=\"0px||0px|\" custom_padding=\"0px||0px|\" animation_style=\"fold\" border_radii=\"on|6px|6px|6px|6px\" border_width_all=\"2px\" box_shadow_style=\"preset2\" global_colors_info=\"{}\"][\/et_pb_image][\/et_pb_column][et_pb_column type=\"3_4\" _builder_version=\"3.25\" custom_padding=\"|||\" global_colors_info=\"{}\" custom_padding__hover=\"|||\"][et_pb_text module_class=\"infoAcademico\" _builder_version=\"4.14.2\" global_colors_info=\"{}\"]<\/p><p><strong>Acad\u00e9mico Correspondiente<br \/><\/strong><\/p><p><strong>Ciencias Humanas:<\/strong> Doctor en Publicidad y Relaciones P\u00fablicas<\/p><p><b>Fecha de ingreso:<\/b> 2 de diciembre de 2021<\/p><p><strong>Discurso de ingreso: <a href=\"https:\/\/raed.academy\/wp-content\/uploads\/2021\/12\/discurso-ingreso-RAED-Dr-Cortina-Riu_cmpr.pdf\" target=\"_blank\" rel=\"noopener\">La Patum, auto sacramental de liturgia, ritmo, m\u00fasica y fuego<\/a><\/strong><strong><br \/><\/strong><\/p><p><b>Responde: <a href=\"https:\/\/raed.academy\/academicos\/dr-jose-angel-brandin-lorenzo\/\" target=\"_blank\" rel=\"noopener\"><strong>Excmo. Sr. Dr. Jos\u00e9 \u00c1ngel Brand\u00edn Lorenzo<\/strong><\/a><\/b>, Doctor en Gobierno y Cultura de las Organizaciones<b><strong><br \/><\/strong><\/b><\/p><p>[\/et_pb_text][\/et_pb_column][\/et_pb_row][et_pb_row use_custom_gutter=\"on\" gutter_width=\"1\" module_class=\"parent-column\" _builder_version=\"4.14.2\" background_size=\"initial\" background_position=\"top_left\" background_repeat=\"repeat\" max_width=\"1200px\" custom_padding=\"0|0px|25.6px|0px|false|false\" global_colors_info=\"{}\"][et_pb_column type=\"4_4\" _builder_version=\"3.25\" custom_padding=\"|||\" global_colors_info=\"{}\" custom_padding__hover=\"|||\"][et_pb_divider color=\"#828282\" divider_weight=\"2\" _builder_version=\"3.12.2\" height=\"2px\" box_shadow_style=\"preset2\" global_colors_info=\"{}\"][\/et_pb_divider][et_pb_tabs _builder_version=\"4.14.2\" border_style=\"solid\" global_colors_info=\"{}\"][et_pb_tab title=\"CURR\u00cdCULUM VITAE\" _builder_version=\"4.14.2\" body_font=\"||||\" tab_font=\"||||\" global_colors_info=\"{}\"]<\/p><p><span dir=\"ltr\" role=\"presentation\"><strong>CARLOS CORTINA RIU<\/strong> se doctor\u00f3 con sobresaliente<\/span> <span dir=\"ltr\" role=\"presentation\">cum <\/span><span dir=\"ltr\" role=\"presentation\">laude en Publicidad y Relaciones P\u00fablicas por la Univer<\/span><span dir=\"ltr\" role=\"presentation\">sidad Camilo Jos\u00e9 Cela (UCJC)<\/span><span dir=\"ltr\" role=\"presentation\"> de Madrid. Anteriormente, <\/span><span dir=\"ltr\" role=\"presentation\">se gradu\u00f3 en Protocolo y Organizaci\u00f3n de Eventos por la <\/span><span dir=\"ltr\" role=\"presentation\">Universidad Camilo Jos\u00e9 Cela y curs\u00f3 el M\u00e1ster Univer<\/span><span dir=\"ltr\" role=\"presentation\">sitario en Direcci\u00f3n de Protocolo, Producci\u00f3n, Organiza<\/span><span dir=\"ltr\" role=\"presentation\">ci\u00f3n y Dise\u00f1\u00f3 de Eventos en la UCJC, as\u00ed como el M\u00e1ster <\/span><span dir=\"ltr\" role=\"presentation\">Universitario en Direcci\u00f3n de Actos Corporativos e Insti<\/span><span dir=\"ltr\" role=\"presentation\">tucionales en el Instituto Superior de Protocolo y Eventos<\/span> <span dir=\"ltr\" role=\"presentation\">y el M\u00e1ster en Protocolo y Ceremonial en la<\/span> <span dir=\"ltr\" role=\"presentation\">Universidad <\/span><span dir=\"ltr\" role=\"presentation\">CEU-San Pablo.<\/span><\/p><p><span dir=\"ltr\" role=\"presentation\">Ha desarrollado su actividad profesional e investigadora <\/span><span dir=\"ltr\" role=\"presentation\">en las disciplinas de ceremonial, protocolo y relaciones <\/span><span dir=\"ltr\" role=\"presentation\">p\u00fablicas, desempe\u00f1ando el cargo de Jefe de Relaciones <\/span><span dir=\"ltr\" role=\"presentation\">Institucionales en Carbones Pedraforca,S.A. (Saldes), y<\/span> <span dir=\"ltr\" role=\"presentation\">Jefe de Protocolo en el Consejo Comarcal del Bergued\u00e0 <\/span><span dir=\"ltr\" role=\"presentation\">y en los Ayuntamientos de Berga, Avi\u00e0, Castellar del Riu, <\/span><span dir=\"ltr\" role=\"presentation\">Olvan y Saldes. Siendo autor de libros como: \u201cPinzellades <\/span><span dir=\"ltr\" role=\"presentation\">saldenques\u201d (2004), \u201cReglament de Protocol, Cerimonial, <\/span><span dir=\"ltr\" role=\"presentation\">Honors i Distincions per als Ajuntaments\u201d<\/span> <span dir=\"ltr\" role=\"presentation\">(2010)\u201cLa Pa<\/span><span dir=\"ltr\" role=\"presentation\">tum i els administradors\u201d (2013), \u201cEl ceremonial de la Pa<\/span><span dir=\"ltr\" role=\"presentation\">tum. De la procesi\u00f3n del Corpus Christi a la Pla\u00e7a Crema<\/span><span dir=\"ltr\" role=\"presentation\">da\u201d (2014), \u201cMiscel\u00b7l\u00e0nia de balls de gegants d\u2019evocaci\u00f3 <\/span><span dir=\"ltr\" role=\"presentation\">patumaire. Volum I\u201d (2017), \u201c Miscel\u00b7l\u00e0nia de balls de ge<\/span><span dir=\"ltr\" role=\"presentation\">gants d\u2019evocaci\u00f3 patumaire. Volum II\u201d (2021).<\/span><\/p><p><span dir=\"ltr\" role=\"presentation\">Tambi\u00e9n es autor de art\u00edculos de investigaci\u00f3n como:<\/span><span dir=\"ltr\" role=\"presentation\">\u201cProtocolo eclesi\u00e1stico, civil y propulr del Corpus Christi <\/span><span dir=\"ltr\" role=\"presentation\">y la Patum\u201d (2015), con el Dr. Carlos Fuente Lafuente, en <\/span><span dir=\"ltr\" role=\"presentation\">la Revista Cauriensia del Instituto Teol\u00f3gico \u201cSan Pedro <\/span><span dir=\"ltr\" role=\"presentation\">de Alc\u00e1ntara\u201d de la Di\u00f3cesis C\u00e1ceres-Coria; \u201c<\/span> <span dir=\"ltr\" role=\"presentation\">La Patum,<\/span><span dir=\"ltr\" role=\"presentation\">un credo de ceremonial y de fuego \u201d (2017), en Revistas <\/span><span dir=\"ltr\" role=\"presentation\">Cient\u00edficas de la UNED; \u201cSantoral de la Orden Ecuestre del <\/span><span dir=\"ltr\" role=\"presentation\">Santo Sepulcro de Jerusal\u00e9n \u201d (2018); y \u201c Los s\u00edmbolos de <\/span><span dir=\"ltr\" role=\"presentation\">la Monarqu\u00eda a trav\u00e9s del Protocolo\u201d (2019), con el docto<\/span><span dir=\"ltr\" role=\"presentation\">rando D. Rafael Marcos Pardo. Y participa como conferen<\/span><span dir=\"ltr\" role=\"presentation\">ciante o asesor de protocolo en TV3.<\/span><\/p><p><span dir=\"ltr\" role=\"presentation\">El <strong>Dr. Carlos Cortina<\/strong> ha participado o participa activamen<\/span><span dir=\"ltr\" role=\"presentation\">te en organizaciones sin \u00e1nimo de lucro como <a href=\"https:\/\/www2.cruzroja.es\/\" target=\"_blank\" rel=\"noopener\"><strong>Cruz Roja<\/strong><\/a>; <\/span><span dir=\"ltr\" role=\"presentation\">la<a href=\"https:\/\/www.ocu.org\/\" target=\"_blank\" rel=\"noopener\"><strong> Organizaci\u00f3n de Consumidores y Usuarios<\/strong><\/a> (OCU), como <\/span><span dir=\"ltr\" role=\"presentation\">consejero y miembro de la Asamblea; socio fundador de <\/span><span dir=\"ltr\" role=\"presentation\">la <a href=\"https:\/\/acpri.cat\/\" target=\"_blank\" rel=\"noopener\"><strong>Associaci\u00f3 Catalana de Protocol i Relacions Institucionals<\/strong><\/a><\/span><span dir=\"ltr\" role=\"presentation\">; en la Pontificia Orden Ecuestre del Santo Sepulcro <\/span><span dir=\"ltr\" role=\"presentation\">de Jerusal\u00e9n, en la Sacra y Militar Orden Constantiniana <\/span><span dir=\"ltr\" role=\"presentation\">de San Jorge, y en la Orden de San Mauricio y San L\u00e1zaro <\/span><span dir=\"ltr\" role=\"presentation\">de la Casa Real de Saboya. Habiendo sido distinguido con <\/span><span dir=\"ltr\" role=\"presentation\">la Medalla de Plata y la Medalla de la Constancia de Cruz <\/span><span dir=\"ltr\" role=\"presentation\">Roja (1991 y 1992), la Cruz Oficial de la Orden del M\u00e9rito <\/span><span dir=\"ltr\" role=\"presentation\">Civil (2000), el Premio Nacional de Ceremonial y Protoco<\/span><span dir=\"ltr\" role=\"presentation\">lo \u201cMarqu\u00e9s de Mond\u00e9jar \u201d (2001), el Premio Nacional de <\/span><span dir=\"ltr\" role=\"presentation\">Protocolo y Relaciones Institucionales (2017), la Medalla <\/span><span dir=\"ltr\" role=\"presentation\">de Oro del Papa Le\u00f3n XIII para la Custodia de Tierra San<\/span><span dir=\"ltr\" role=\"presentation\">ta (2019) y la Medalla Benemerenza de Oro de la Orden <\/span><span dir=\"ltr\" role=\"presentation\">Constantiniana (2021).<\/span><\/p><p>[\/et_pb_tab][et_pb_tab title=\"VIDEO\" _builder_version=\"4.14.2\" body_font=\"||||\" tab_font=\"||||\" global_colors_info=\"{}\"]<\/p><p><iframe title=\"YouTube video player\" src=\"https:\/\/www.youtube.com\/embed\/cjOoCn10_v4\" width=\"976\" height=\"529\" frameborder=\"0\" allowfullscreen=\"allowfullscreen\" data-mce-fragment=\"1\"><\/iframe><\/p><p>[\/et_pb_tab][et_pb_tab title=\"GALER\u00cdA DE FOTOGRAF\u00cdAS\" _builder_version=\"4.14.2\" _module_preset=\"default\" global_colors_info=\"{}\"]<\/p><div class=\"divi-module-destination\">\u00a0<\/div><p>[\/et_pb_tab][\/et_pb_tabs][et_pb_gallery gallery_ids=\"109128,109119,109122,109131,109226,109149,109125,109134,109140,109143,109137,109146,109223,109229\" posts_number=\"16\" show_title_and_caption=\"off\" show_pagination=\"off\" module_class=\"divi-portable-module galeria-pad-1\" _builder_version=\"4.14.2\" _module_preset=\"default\" locked=\"off\" global_colors_info=\"{}\"][\/et_pb_gallery][et_pb_code _builder_version=\"4.12.0\" _module_preset=\"default\" locked=\"off\" global_colors_info=\"{}\"]<script><!-- [et_pb_line_break_holder] -->(function ($) {<!-- [et_pb_line_break_holder] -->  $(document).ready(function () {<!-- [et_pb_line_break_holder] --> <!-- [et_pb_line_break_holder] -->    \/\/ Option #1: Move Divi Module(s) into a Module<!-- [et_pb_line_break_holder] -->    \/\/ Limit: One Instance per Column<!-- [et_pb_line_break_holder] -->    \/\/ Use following code if you want to move <!-- [et_pb_line_break_holder] -->    \/\/ a module inside another module. Each column with the<!-- [et_pb_line_break_holder] -->    \/\/ class 'parent-column' will append any module(s)<!-- [et_pb_line_break_holder] -->    \/\/ with the class 'divi-portable-module' to the div<!-- [et_pb_line_break_holder] -->    \/\/ with the class 'divi-module-destination'.<!-- [et_pb_line_break_holder] -->    \/\/ Only one instance of 'divi-module-destination' should<!-- [et_pb_line_break_holder] -->    \/\/ be added per column.<!-- [et_pb_line_break_holder] -->    $('.divi-portable-module').each(function () {<!-- [et_pb_line_break_holder] -->      $(this).closest('.parent-column').find('.divi-module-destination').append($(this));<!-- [et_pb_line_break_holder] -->    });<!-- [et_pb_line_break_holder] -->     <!-- [et_pb_line_break_holder] -->    \/\/ Buttons: Insert Button Module(s) into a Module<!-- [et_pb_line_break_holder] -->    \/\/ Adding a custom CSS class to a button module<!-- [et_pb_line_break_holder] -->    \/\/ is applied to the 'a' tag which is a child element<!-- [et_pb_line_break_holder] -->    \/\/ of the module wrapper. This code makes sure to append<!-- [et_pb_line_break_holder] -->    \/\/ the entire button module wrapper (the parent element)<!-- [et_pb_line_break_holder] -->    \/\/ as well. This functionality is the same as option #3 above.<!-- [et_pb_line_break_holder] -->    \/\/ Siimply use the class 'divi-portable-button' on a button module<!-- [et_pb_line_break_holder] -->    \/\/ instead of 'divi-portable-module'.<!-- [et_pb_line_break_holder] -->    $('.divi-portable-button').parent().each(function () {<!-- [et_pb_line_break_holder] -->      $(this).closest('.parent-column').find('.divi-module-destination').append($(this));<!-- [et_pb_line_break_holder] -->    });<!-- [et_pb_line_break_holder] --> <!-- [et_pb_line_break_holder] -->    \/\/ Option #2: Move Divi Row(s) into a Module<!-- [et_pb_line_break_holder] -->    \/\/ Limit: One Instance per Section<!-- [et_pb_line_break_holder] -->    \/\/ Use the following code if you want to move <!-- [et_pb_line_break_holder] -->    \/\/ a row inside a module on more than one section<!-- [et_pb_line_break_holder] -->    \/\/ of a page. Each section with the<!-- [et_pb_line_break_holder] -->    \/\/ class 'parent-section' will append any row(s)<!-- [et_pb_line_break_holder] -->    \/\/ with the class 'divi-portable-row' to the div<!-- [et_pb_line_break_holder] -->    \/\/ with the class 'divi-row-destination'.<!-- [et_pb_line_break_holder] -->    \/\/ Only one instance of 'divi-row-destination' should<!-- [et_pb_line_break_holder] -->    \/\/ be added per section.<!-- [et_pb_line_break_holder] -->    $('.divi-portable-row').each(function () {<!-- [et_pb_line_break_holder] -->      $(this).closest('.parent-section').find('.divi-row-destination').append($(this));<!-- [et_pb_line_break_holder] -->    });<!-- [et_pb_line_break_holder] --> <!-- [et_pb_line_break_holder] -->  });<!-- [et_pb_line_break_holder] -->})(jQuery);<!-- [et_pb_line_break_holder] --><\/script>[\/et_pb_code][\/et_pb_column][\/et_pb_row][\/et_pb_section]<\/p>","_et_gb_content_width":""},"secciones":[766,762],"tipo_academico":[747],"cargo":[],"class_list":["post-109775","academico","type-academico","status-publish","has-post-thumbnail","hentry","secciones-advertising-and-public-relations","secciones-human-sciences","tipo_academico-numerary-member"],"yoast_head":"<!-- This site is optimized with the Yoast SEO plugin v27.4 - https:\/\/yoast.com\/product\/yoast-seo-wordpress\/ -->\n<title>His Excellency Dr. Carlos Cortina Riu - Royal European Academy of Doctors<\/title>\n<meta name=\"robots\" content=\"index, follow, max-snippet:-1, max-image-preview:large, max-video-preview:-1\" \/>\n<link rel=\"canonical\" href=\"https:\/\/raed.academy\/en\/academicians\/dr-carlos-cortina-riu\/\" \/>\n<meta property=\"og:locale\" content=\"en_US\" \/>\n<meta property=\"og:type\" content=\"article\" \/>\n<meta property=\"og:title\" content=\"His Excellency Dr. Carlos Cortina Riu - Royal European Academy of Doctors\" \/>\n<meta property=\"og:description\" content=\"Numerary Member Humanities: PhD in Advertising and Public Relations Date of admission: May 11, 2023 Admission speech: \u201cThe Liturgy of the Oath\u201d Reply speech: H.E. Dr. Jos\u00e9 \u00c1ngel Brand\u00edn Lorenzo, PhD in Governance and Organizational Culture Outstanding career: Expert in ceremonial, protocol, and institutional relations, with extensive teaching, research, and dissemination work in the field [&hellip;]\" \/>\n<meta property=\"og:url\" content=\"https:\/\/raed.academy\/en\/academicians\/dr-carlos-cortina-riu\/\" \/>\n<meta property=\"og:site_name\" content=\"Royal European Academy of Doctors\" \/>\n<meta property=\"article:publisher\" content=\"http:\/\/fb.me\/raed.academy\" \/>\n<meta property=\"article:modified_time\" content=\"2025-11-03T12:13:56+00:00\" \/>\n<meta property=\"og:image\" content=\"https:\/\/raed.academy\/wp-content\/uploads\/2021\/11\/Carlos-Cortina-Riu-dst.webp\" \/>\n\t<meta property=\"og:image:width\" content=\"500\" \/>\n\t<meta property=\"og:image:height\" content=\"300\" \/>\n\t<meta property=\"og:image:type\" content=\"image\/webp\" \/>\n<meta name=\"twitter:card\" content=\"summary_large_image\" \/>\n<meta name=\"twitter:site\" content=\"@raedacademy\" \/>\n<meta name=\"twitter:label1\" content=\"Est. reading time\" \/>\n\t<meta name=\"twitter:data1\" content=\"7 minutes\" \/>\n<script type=\"application\/ld+json\" class=\"yoast-schema-graph\">{\"@context\":\"https:\\\/\\\/schema.org\",\"@graph\":[{\"@type\":\"WebPage\",\"@id\":\"https:\\\/\\\/raed.academy\\\/en\\\/academicians\\\/dr-carlos-cortina-riu\\\/\",\"url\":\"https:\\\/\\\/raed.academy\\\/en\\\/academicians\\\/dr-carlos-cortina-riu\\\/\",\"name\":\"His Excellency Dr. Carlos Cortina Riu - Royal European Academy of Doctors\",\"isPartOf\":{\"@id\":\"https:\\\/\\\/raed.academy\\\/en\\\/#website\"},\"primaryImageOfPage\":{\"@id\":\"https:\\\/\\\/raed.academy\\\/en\\\/academicians\\\/dr-carlos-cortina-riu\\\/#primaryimage\"},\"image\":{\"@id\":\"https:\\\/\\\/raed.academy\\\/en\\\/academicians\\\/dr-carlos-cortina-riu\\\/#primaryimage\"},\"thumbnailUrl\":\"https:\\\/\\\/raed.academy\\\/wp-content\\\/uploads\\\/2021\\\/11\\\/Carlos-Cortina-Riu-dst.webp\",\"datePublished\":\"2021-12-15T16:05:35+00:00\",\"dateModified\":\"2025-11-03T12:13:56+00:00\",\"breadcrumb\":{\"@id\":\"https:\\\/\\\/raed.academy\\\/en\\\/academicians\\\/dr-carlos-cortina-riu\\\/#breadcrumb\"},\"inLanguage\":\"en-US\",\"potentialAction\":[{\"@type\":\"ReadAction\",\"target\":[\"https:\\\/\\\/raed.academy\\\/en\\\/academicians\\\/dr-carlos-cortina-riu\\\/\"]}]},{\"@type\":\"ImageObject\",\"inLanguage\":\"en-US\",\"@id\":\"https:\\\/\\\/raed.academy\\\/en\\\/academicians\\\/dr-carlos-cortina-riu\\\/#primaryimage\",\"url\":\"https:\\\/\\\/raed.academy\\\/wp-content\\\/uploads\\\/2021\\\/11\\\/Carlos-Cortina-Riu-dst.webp\",\"contentUrl\":\"https:\\\/\\\/raed.academy\\\/wp-content\\\/uploads\\\/2021\\\/11\\\/Carlos-Cortina-Riu-dst.webp\",\"width\":500,\"height\":300,\"caption\":\"Dr. Carlos Cortina Riu\"},{\"@type\":\"BreadcrumbList\",\"@id\":\"https:\\\/\\\/raed.academy\\\/en\\\/academicians\\\/dr-carlos-cortina-riu\\\/#breadcrumb\",\"itemListElement\":[{\"@type\":\"ListItem\",\"position\":1,\"name\":\"Inicio\",\"item\":\"https:\\\/\\\/raed.academy\\\/en\\\/\"},{\"@type\":\"ListItem\",\"position\":2,\"name\":\"Acad\u00e9micos\",\"item\":\"https:\\\/\\\/raed.academy\\\/en\\\/academicians\\\/\"},{\"@type\":\"ListItem\",\"position\":3,\"name\":\"His Excellency Dr. Carlos Cortina Riu\"}]},{\"@type\":\"WebSite\",\"@id\":\"https:\\\/\\\/raed.academy\\\/en\\\/#website\",\"url\":\"https:\\\/\\\/raed.academy\\\/en\\\/\",\"name\":\"Royal European Academy of Doctors\",\"description\":\"Corporaci\u00f3n de derecho p\u00fablico de car\u00e1cter cient\u00edfico, t\u00e9cnico y art\u00edstico, que tiene por objeto la investigaci\u00f3n, el estudio, el fomento y la extensi\u00f3n del conocimiento en su sentido m\u00e1s amplio.\",\"publisher\":{\"@id\":\"https:\\\/\\\/raed.academy\\\/en\\\/#organization\"},\"potentialAction\":[{\"@type\":\"SearchAction\",\"target\":{\"@type\":\"EntryPoint\",\"urlTemplate\":\"https:\\\/\\\/raed.academy\\\/en\\\/?s={search_term_string}\"},\"query-input\":{\"@type\":\"PropertyValueSpecification\",\"valueRequired\":true,\"valueName\":\"search_term_string\"}}],\"inLanguage\":\"en-US\"},{\"@type\":\"Organization\",\"@id\":\"https:\\\/\\\/raed.academy\\\/en\\\/#organization\",\"name\":\"Real Academia Europea de Doctores\",\"url\":\"https:\\\/\\\/raed.academy\\\/en\\\/\",\"logo\":{\"@type\":\"ImageObject\",\"inLanguage\":\"en-US\",\"@id\":\"https:\\\/\\\/raed.academy\\\/en\\\/#\\\/schema\\\/logo\\\/image\\\/\",\"url\":\"https:\\\/\\\/raed.academy\\\/wp-content\\\/uploads\\\/2017\\\/01\\\/cropped-logo_raed.png\",\"contentUrl\":\"https:\\\/\\\/raed.academy\\\/wp-content\\\/uploads\\\/2017\\\/01\\\/cropped-logo_raed.png\",\"width\":512,\"height\":512,\"caption\":\"Real Academia Europea de Doctores\"},\"image\":{\"@id\":\"https:\\\/\\\/raed.academy\\\/en\\\/#\\\/schema\\\/logo\\\/image\\\/\"},\"sameAs\":[\"http:\\\/\\\/fb.me\\\/raed.academy\",\"https:\\\/\\\/x.com\\\/raedacademy\",\"https:\\\/\\\/www.instagram.com\\\/raed.academy\\\/\",\"https:\\\/\\\/www.youtube.com\\\/channel\\\/UCUYQwW2KrdirNWihxMDObwg\"]}]}<\/script>\n<!-- \/ Yoast SEO plugin. -->","yoast_head_json":{"title":"His Excellency Dr. Carlos Cortina Riu - Royal European Academy of Doctors","robots":{"index":"index","follow":"follow","max-snippet":"max-snippet:-1","max-image-preview":"max-image-preview:large","max-video-preview":"max-video-preview:-1"},"canonical":"https:\/\/raed.academy\/en\/academicians\/dr-carlos-cortina-riu\/","og_locale":"en_US","og_type":"article","og_title":"His Excellency Dr. Carlos Cortina Riu - Royal European Academy of Doctors","og_description":"La RAED organiza y lleva a cabo una serie de actividades concentradas en mes y medio que contaron con la implicaci\u00f3n activa de numerosos acad\u00e9micos. Recepci\u00f3n de cuatro acad\u00e9micos correspondientes (Stavroula-Ina Piperaki para Grecia, Stephen Zeff y David B. Wilkins para Estados Unidos y Llu\u00eds Vicent Safont para Andorra) Mesa redonda sobre \u00abLa salida de [&hellip;]","og_url":"https:\/\/raed.academy\/en\/academicians\/dr-carlos-cortina-riu\/","og_site_name":"Royal European Academy of Doctors","article_publisher":"http:\/\/fb.me\/raed.academy","article_modified_time":"2025-11-03T12:13:56+00:00","og_image":[{"width":500,"height":300,"url":"https:\/\/raed.academy\/wp-content\/uploads\/2021\/11\/Carlos-Cortina-Riu-dst.webp","type":"image\/webp"}],"twitter_card":"summary_large_image","twitter_site":"@raedacademy","twitter_misc":{"Est. reading time":"7 minutes"},"schema":{"@context":"https:\/\/schema.org","@graph":[{"@type":"WebPage","@id":"https:\/\/raed.academy\/en\/academicians\/dr-carlos-cortina-riu\/","url":"https:\/\/raed.academy\/en\/academicians\/dr-carlos-cortina-riu\/","name":"His Excellency Dr. Carlos Cortina Riu - Royal European Academy of Doctors","isPartOf":{"@id":"https:\/\/raed.academy\/en\/#website"},"primaryImageOfPage":{"@id":"https:\/\/raed.academy\/en\/academicians\/dr-carlos-cortina-riu\/#primaryimage"},"image":{"@id":"https:\/\/raed.academy\/en\/academicians\/dr-carlos-cortina-riu\/#primaryimage"},"thumbnailUrl":"https:\/\/raed.academy\/wp-content\/uploads\/2021\/11\/Carlos-Cortina-Riu-dst.webp","datePublished":"2021-12-15T16:05:35+00:00","dateModified":"2025-11-03T12:13:56+00:00","breadcrumb":{"@id":"https:\/\/raed.academy\/en\/academicians\/dr-carlos-cortina-riu\/#breadcrumb"},"inLanguage":"en-US","potentialAction":[{"@type":"ReadAction","target":["https:\/\/raed.academy\/en\/academicians\/dr-carlos-cortina-riu\/"]}]},{"@type":"ImageObject","inLanguage":"en-US","@id":"https:\/\/raed.academy\/en\/academicians\/dr-carlos-cortina-riu\/#primaryimage","url":"https:\/\/raed.academy\/wp-content\/uploads\/2021\/11\/Carlos-Cortina-Riu-dst.webp","contentUrl":"https:\/\/raed.academy\/wp-content\/uploads\/2021\/11\/Carlos-Cortina-Riu-dst.webp","width":500,"height":300,"caption":"Dr. Carlos Cortina Riu"},{"@type":"BreadcrumbList","@id":"https:\/\/raed.academy\/en\/academicians\/dr-carlos-cortina-riu\/#breadcrumb","itemListElement":[{"@type":"ListItem","position":1,"name":"Inicio","item":"https:\/\/raed.academy\/en\/"},{"@type":"ListItem","position":2,"name":"Acad\u00e9micos","item":"https:\/\/raed.academy\/en\/academicians\/"},{"@type":"ListItem","position":3,"name":"His Excellency Dr. Carlos Cortina Riu"}]},{"@type":"WebSite","@id":"https:\/\/raed.academy\/en\/#website","url":"https:\/\/raed.academy\/en\/","name":"Royal European Academy of Doctors","description":"Corporaci\u00f3n de derecho p\u00fablico de car\u00e1cter cient\u00edfico, t\u00e9cnico y art\u00edstico, que tiene por objeto la investigaci\u00f3n, el estudio, el fomento y la extensi\u00f3n del conocimiento en su sentido m\u00e1s amplio.","publisher":{"@id":"https:\/\/raed.academy\/en\/#organization"},"potentialAction":[{"@type":"SearchAction","target":{"@type":"EntryPoint","urlTemplate":"https:\/\/raed.academy\/en\/?s={search_term_string}"},"query-input":{"@type":"PropertyValueSpecification","valueRequired":true,"valueName":"search_term_string"}}],"inLanguage":"en-US"},{"@type":"Organization","@id":"https:\/\/raed.academy\/en\/#organization","name":"Real Academia Europea de Doctores","url":"https:\/\/raed.academy\/en\/","logo":{"@type":"ImageObject","inLanguage":"en-US","@id":"https:\/\/raed.academy\/en\/#\/schema\/logo\/image\/","url":"https:\/\/raed.academy\/wp-content\/uploads\/2017\/01\/cropped-logo_raed.png","contentUrl":"https:\/\/raed.academy\/wp-content\/uploads\/2017\/01\/cropped-logo_raed.png","width":512,"height":512,"caption":"Real Academia Europea de Doctores"},"image":{"@id":"https:\/\/raed.academy\/en\/#\/schema\/logo\/image\/"},"sameAs":["http:\/\/fb.me\/raed.academy","https:\/\/x.com\/raedacademy","https:\/\/www.instagram.com\/raed.academy\/","https:\/\/www.youtube.com\/channel\/UCUYQwW2KrdirNWihxMDObwg"]}]}},"_links":{"self":[{"href":"https:\/\/raed.academy\/en\/wp-json\/wp\/v2\/academico\/109775","targetHints":{"allow":["GET"]}}],"collection":[{"href":"https:\/\/raed.academy\/en\/wp-json\/wp\/v2\/academico"}],"about":[{"href":"https:\/\/raed.academy\/en\/wp-json\/wp\/v2\/types\/academico"}],"wp:featuredmedia":[{"embeddable":true,"href":"https:\/\/raed.academy\/en\/wp-json\/wp\/v2\/media\/108147"}],"wp:attachment":[{"href":"https:\/\/raed.academy\/en\/wp-json\/wp\/v2\/media?parent=109775"}],"wp:term":[{"taxonomy":"secciones","embeddable":true,"href":"https:\/\/raed.academy\/en\/wp-json\/wp\/v2\/secciones?post=109775"},{"taxonomy":"tipo_academico","embeddable":true,"href":"https:\/\/raed.academy\/en\/wp-json\/wp\/v2\/tipo_academico?post=109775"},{"taxonomy":"cargo","embeddable":true,"href":"https:\/\/raed.academy\/en\/wp-json\/wp\/v2\/cargo?post=109775"}],"curies":[{"name":"wp","href":"https:\/\/api.w.org\/{rel}","templated":true}]}}