{"id":10026,"date":"2016-09-15T14:59:16","date_gmt":"2016-09-15T14:59:16","guid":{"rendered":"http:\/\/radd.eu\/?page_id=10026"},"modified":"2026-04-15T09:44:06","modified_gmt":"2026-04-15T09:44:06","slug":"dr-alfonso-hernandez-moreno","status":"publish","type":"academico","link":"https:\/\/raed.academy\/en\/academicians\/dr-alfonso-hernandez-moreno\/","title":{"rendered":"Dr. Alfonso Hern\u00e1ndez Moreno"},"content":{"rendered":"<p>[et_pb_section fb_built=&#8221;1&#8243; _builder_version=&#8221;4.16&#8243; global_colors_info=&#8221;{}&#8221;][et_pb_row column_structure=&#8221;1_4,3_4&#8243; _builder_version=&#8221;4.16&#8243; background_size=&#8221;initial&#8221; background_position=&#8221;top_left&#8221; background_repeat=&#8221;repeat&#8221; custom_margin=&#8221;0px||0px|&#8221; custom_padding=&#8221;0|0px|0|0px|false|false&#8221; global_colors_info=&#8221;{}&#8221;][et_pb_column type=&#8221;1_4&#8243; _builder_version=&#8221;4.16&#8243; custom_padding=&#8221;|||&#8221; global_colors_info=&#8221;{}&#8221; custom_padding__hover=&#8221;|||&#8221;][et_pb_image src=&#8221;https:\/\/raed.academy\/wp-content\/uploads\/2018\/10\/Dr.-Alfonso-Hern\u00e1ndez-Moreno.jpg&#8221; show_bottom_space=&#8221;off&#8221; align_tablet=&#8221;center&#8221; align_phone=&#8221;&#8221; align_last_edited=&#8221;on|desktop&#8221; admin_label=&#8221;Imagen &#8211; foto acad\u00e9mico&#8221; _builder_version=&#8221;4.16&#8243; max_width=&#8221;85%&#8221; custom_margin=&#8221;0px||0px|&#8221; custom_padding=&#8221;0px||0px|&#8221; animation_style=&#8221;fold&#8221; border_radii=&#8221;on|6px|6px|6px|6px&#8221; border_width_all=&#8221;2px&#8221; box_shadow_style=&#8221;preset2&#8243; global_colors_info=&#8221;{}&#8221;][\/et_pb_image][\/et_pb_column][et_pb_column type=&#8221;3_4&#8243; _builder_version=&#8221;4.16&#8243; custom_padding=&#8221;|||&#8221; global_colors_info=&#8221;{}&#8221; custom_padding__hover=&#8221;|||&#8221;][et_pb_text module_class=&#8221;infoAcademico&#8221; _builder_version=&#8221;4.27.5&#8243; hover_enabled=&#8221;0&#8243; global_colors_info=&#8221;{}&#8221; sticky_enabled=&#8221;0&#8243;]<\/p>\n<p><strong>Numerary Academician and Government Council Adviser Lawyer<\/strong><\/p>\n<p><strong>Social Sciences:<\/strong> Dr. in Laws<\/p>\n<p><strong>Date of admittance:<\/strong> 31 March 2016<\/p>\n<p><strong>Speech:<\/strong>\u00a0<strong><a href=\"http:\/\/raed.academy\/wp-content\/uploads\/2018\/01\/discurso-ingreso-Alfonso-Hernandez-Moreno-Derecho-Civil-Persona-y-Democracia.pdf\" target=\"_blank\" rel=\"noopener noreferrer\">Derecho civil, persona y democracia<\/a><\/strong><\/p>\n<p><strong>Speech in reply:<\/strong>\u00a0<a href=\"http:\/\/raed.academy\/en\/academicians\/dr-joan-francesc-pont-clemente\/\" target=\"_blank\" rel=\"noopener noreferrer\"><strong>Dr. Joan-Francesc Pont Clemente<\/strong><\/a><\/p>\n<p>[\/et_pb_text][\/et_pb_column][\/et_pb_row][et_pb_row _builder_version=&#8221;4.16&#8243; background_size=&#8221;initial&#8221; background_position=&#8221;top_left&#8221; background_repeat=&#8221;repeat&#8221; global_colors_info=&#8221;{}&#8221;][et_pb_column type=&#8221;4_4&#8243; _builder_version=&#8221;4.16&#8243; custom_padding=&#8221;|||&#8221; global_colors_info=&#8221;{}&#8221; custom_padding__hover=&#8221;|||&#8221;][et_pb_divider color=&#8221;#828282&#8243; divider_weight=&#8221;2&#8243; _builder_version=&#8221;4.16&#8243; height=&#8221;2px&#8221; box_shadow_style=&#8221;preset2&#8243; global_colors_info=&#8221;{}&#8221;][\/et_pb_divider][et_pb_tabs _builder_version=&#8221;4.16&#8243; global_colors_info=&#8221;{}&#8221;][et_pb_tab title=&#8221;CURRICULUM VITAE&#8221; _builder_version=&#8221;4.16&#8243; global_colors_info=&#8221;{}&#8221;]Alfonso Hern\u00e1ndez Moreno.<\/p>\n<p>Lawyer. PhD in Law.<\/p>\n<p>Lawyer. Founder and principal partner of the law firm Centro de Estudios Legales (Cel Abogados Asociados, S.L.P).<\/p>\n<p>Civil Law Professorat of the Universtiy of Barcelona. Ex Dean of the Faculty of Law of the University of Lleida. Chairman of the AEDEC (Asociaci\u00f3n Espa\u00f1ola del Derecho de la Construcci\u00f3n).<\/p>\n<p>Chairman of the Construction Law Section of the ICAB (Il\u00b7lustre Col\u00b7legi d\u2019Advocats de Barcelona). Director of the Centro para la Investigaci\u00f3n y Desarrollo del Derecho Registral, Inmobiliario y Mercantil (CIDDRIM). Vice chairman of the Instituto Superior de Derecho y Econom\u00eda (ISDE).<\/p>\n<p>Ex-Member of the Fundation Latin- American Institute of the Public Administration (FIIAP). Ex-Member of the Codifying Commission of the Private Law Observatory of Catalonia.<\/p>\n<p>Member of the Codifying Commission of Catalonia. Director of the Master in Family Law at University of Barcelona. Director of the Master in Advocacy at Instituto Superior de Derecho y Econom\u00eda (ISDE). Chief executive officer of the Catalan Audiovisual Council.<\/p>\n<p>Ex chairman of the Comit\u00e9 Nacional de Apelaci\u00f3n de la Federaci\u00f3n Espa\u00f1ola de Patinaje. Editiorial board member of several law journals.<\/p>\n<p>Author of several monographies about the discipline. Ex-chairman of the European Society for Construction Law (ESCL).<\/p>\n<p>Ex honorary consul of the Republic of Angola in Spain; territorial jurisdiction: Catalonia; headquarter: Barcelona. Member for Catalonia in the Royal Academy of Economic and Financial Sciences in Spain.<\/p>\n<p>Academic of the Royal Academy of Case-Law and Legislation (Madrid).<\/p>\n<p>Numerary member of the Royal Academy of Doctors in Catalonia. Medal of Honor from the Mercantile and Real Estate Registers College of Spain. Professional Merit Medal from ESERP.<\/p>\n<p>Member of Honor of the Superior European Council of Doctors (Consedoc). Member of the comitato Scientifico della Rivista Cultura e Diritti of the Scuola Superiore dell\u2019 Avvocatura Italiana.<br \/>\n[\/et_pb_tab][et_pb_tab title=&#8221;VIDEO&#8221; _builder_version=&#8221;4.16&#8243; global_colors_info=&#8221;{}&#8221;]<iframe loading=\"lazy\" src=\"https:\/\/www.youtube.com\/embed\/TnVZuc0ldts\" width=\"1080\" height=\"638\" frameborder=\"0\" allowfullscreen=\"allowfullscreen\"><\/iframe><br \/>\n[\/et_pb_tab][et_pb_tab title=&#8221;GALLERY&#8221; _builder_version=&#8221;4.16&#8243; global_colors_info=&#8221;{}&#8221;]\n\t\t<style type=\"text\/css\">\n\t\t\t#gallery-1 {\n\t\t\t\tmargin: auto;\n\t\t\t}\n\t\t\t#gallery-1 .gallery-item {\n\t\t\t\tfloat: left;\n\t\t\t\tmargin-top: 10px;\n\t\t\t\ttext-align: center;\n\t\t\t\twidth: 33%;\n\t\t\t}\n\t\t\t#gallery-1 img {\n\t\t\t\tborder: 2px solid #cfcfcf;\n\t\t\t}\n\t\t\t#gallery-1 .gallery-caption {\n\t\t\t\tmargin-left: 0;\n\t\t\t}\n\t\t\t\/* see gallery_shortcode() in wp-includes\/media.php *\/\n\t\t<\/style>\n\t\t<div id='gallery-1' class='gallery galleryid-10026 gallery-columns-3 gallery-size-full'><dl class='gallery-item'>\n\t\t\t<dt class='gallery-icon landscape'>\n\t\t\t\t<a href='https:\/\/raed.academy\/wp-content\/uploads\/2016\/04\/Alfonso-Hernandez-Moreno.jpg'><img loading=\"lazy\" decoding=\"async\" width=\"800\" height=\"533\" src=\"https:\/\/raed.academy\/wp-content\/uploads\/2016\/04\/Alfonso-Hernandez-Moreno.jpg\" class=\"attachment-full size-full\" alt=\"\" srcset=\"https:\/\/raed.academy\/wp-content\/uploads\/2016\/04\/Alfonso-Hernandez-Moreno.jpg 800w, https:\/\/raed.academy\/wp-content\/uploads\/2016\/04\/Alfonso-Hernandez-Moreno-768x512.jpg 768w\" sizes=\"(max-width: 800px) 100vw, 800px\" \/><\/a>\n\t\t\t<\/dt><\/dl><dl class='gallery-item'>\n\t\t\t<dt class='gallery-icon landscape'>\n\t\t\t\t<a href='https:\/\/raed.academy\/wp-content\/uploads\/2016\/04\/Alfonso-Hernandez-Moreno-2.jpg'><img loading=\"lazy\" decoding=\"async\" width=\"800\" height=\"533\" src=\"https:\/\/raed.academy\/wp-content\/uploads\/2016\/04\/Alfonso-Hernandez-Moreno-2.jpg\" class=\"attachment-full size-full\" alt=\"\" srcset=\"https:\/\/raed.academy\/wp-content\/uploads\/2016\/04\/Alfonso-Hernandez-Moreno-2.jpg 800w, https:\/\/raed.academy\/wp-content\/uploads\/2016\/04\/Alfonso-Hernandez-Moreno-2-768x512.jpg 768w\" sizes=\"(max-width: 800px) 100vw, 800px\" \/><\/a>\n\t\t\t<\/dt><\/dl><dl class='gallery-item'>\n\t\t\t<dt class='gallery-icon landscape'>\n\t\t\t\t<a href='https:\/\/raed.academy\/wp-content\/uploads\/2016\/04\/Alfonso-Hernandez-Moreno-3.jpg'><img loading=\"lazy\" decoding=\"async\" width=\"800\" height=\"533\" src=\"https:\/\/raed.academy\/wp-content\/uploads\/2016\/04\/Alfonso-Hernandez-Moreno-3.jpg\" class=\"attachment-full size-full\" alt=\"\" srcset=\"https:\/\/raed.academy\/wp-content\/uploads\/2016\/04\/Alfonso-Hernandez-Moreno-3.jpg 800w, https:\/\/raed.academy\/wp-content\/uploads\/2016\/04\/Alfonso-Hernandez-Moreno-3-768x512.jpg 768w\" sizes=\"(max-width: 800px) 100vw, 800px\" \/><\/a>\n\t\t\t<\/dt><\/dl><br style=\"clear: both\" \/><dl class='gallery-item'>\n\t\t\t<dt class='gallery-icon landscape'>\n\t\t\t\t<a href='https:\/\/raed.academy\/wp-content\/uploads\/2016\/04\/Alfonso-Hernandez-Moreno-4.jpg'><img loading=\"lazy\" decoding=\"async\" width=\"800\" height=\"533\" src=\"https:\/\/raed.academy\/wp-content\/uploads\/2016\/04\/Alfonso-Hernandez-Moreno-4.jpg\" class=\"attachment-full size-full\" alt=\"\" srcset=\"https:\/\/raed.academy\/wp-content\/uploads\/2016\/04\/Alfonso-Hernandez-Moreno-4.jpg 800w, https:\/\/raed.academy\/wp-content\/uploads\/2016\/04\/Alfonso-Hernandez-Moreno-4-768x512.jpg 768w\" sizes=\"(max-width: 800px) 100vw, 800px\" \/><\/a>\n\t\t\t<\/dt><\/dl><dl class='gallery-item'>\n\t\t\t<dt class='gallery-icon landscape'>\n\t\t\t\t<a href='https:\/\/raed.academy\/wp-content\/uploads\/2016\/04\/Alfonso-Hernandez-Moreno-5.jpg'><img loading=\"lazy\" decoding=\"async\" width=\"800\" height=\"533\" src=\"https:\/\/raed.academy\/wp-content\/uploads\/2016\/04\/Alfonso-Hernandez-Moreno-5.jpg\" class=\"attachment-full size-full\" alt=\"\" srcset=\"https:\/\/raed.academy\/wp-content\/uploads\/2016\/04\/Alfonso-Hernandez-Moreno-5.jpg 800w, https:\/\/raed.academy\/wp-content\/uploads\/2016\/04\/Alfonso-Hernandez-Moreno-5-768x512.jpg 768w\" sizes=\"(max-width: 800px) 100vw, 800px\" \/><\/a>\n\t\t\t<\/dt><\/dl><dl class='gallery-item'>\n\t\t\t<dt class='gallery-icon landscape'>\n\t\t\t\t<a href='https:\/\/raed.academy\/wp-content\/uploads\/2016\/04\/Alfonso-Hernandez-Moreno-6.jpg'><img loading=\"lazy\" decoding=\"async\" width=\"800\" height=\"533\" src=\"https:\/\/raed.academy\/wp-content\/uploads\/2016\/04\/Alfonso-Hernandez-Moreno-6.jpg\" class=\"attachment-full size-full\" alt=\"\" srcset=\"https:\/\/raed.academy\/wp-content\/uploads\/2016\/04\/Alfonso-Hernandez-Moreno-6.jpg 800w, https:\/\/raed.academy\/wp-content\/uploads\/2016\/04\/Alfonso-Hernandez-Moreno-6-768x512.jpg 768w\" sizes=\"(max-width: 800px) 100vw, 800px\" \/><\/a>\n\t\t\t<\/dt><\/dl><br style=\"clear: both\" \/><dl class='gallery-item'>\n\t\t\t<dt class='gallery-icon landscape'>\n\t\t\t\t<a href='https:\/\/raed.academy\/wp-content\/uploads\/2016\/04\/Alfonso-Hernandez-Moreno-7.jpg'><img loading=\"lazy\" decoding=\"async\" width=\"800\" height=\"533\" src=\"https:\/\/raed.academy\/wp-content\/uploads\/2016\/04\/Alfonso-Hernandez-Moreno-7.jpg\" class=\"attachment-full size-full\" alt=\"\" srcset=\"https:\/\/raed.academy\/wp-content\/uploads\/2016\/04\/Alfonso-Hernandez-Moreno-7.jpg 800w, https:\/\/raed.academy\/wp-content\/uploads\/2016\/04\/Alfonso-Hernandez-Moreno-7-768x512.jpg 768w\" sizes=\"(max-width: 800px) 100vw, 800px\" \/><\/a>\n\t\t\t<\/dt><\/dl><dl class='gallery-item'>\n\t\t\t<dt class='gallery-icon landscape'>\n\t\t\t\t<a href='https:\/\/raed.academy\/wp-content\/uploads\/2016\/04\/Alfonso-Hernandez-Moreno-8.jpg'><img loading=\"lazy\" decoding=\"async\" width=\"800\" height=\"533\" src=\"https:\/\/raed.academy\/wp-content\/uploads\/2016\/04\/Alfonso-Hernandez-Moreno-8.jpg\" class=\"attachment-full size-full\" alt=\"\" srcset=\"https:\/\/raed.academy\/wp-content\/uploads\/2016\/04\/Alfonso-Hernandez-Moreno-8.jpg 800w, https:\/\/raed.academy\/wp-content\/uploads\/2016\/04\/Alfonso-Hernandez-Moreno-8-768x512.jpg 768w\" sizes=\"(max-width: 800px) 100vw, 800px\" \/><\/a>\n\t\t\t<\/dt><\/dl><dl class='gallery-item'>\n\t\t\t<dt class='gallery-icon landscape'>\n\t\t\t\t<a href='https:\/\/raed.academy\/wp-content\/uploads\/2016\/04\/acto-de-ingreso-Alfonso-Hernandez-Moreno-9.jpg'><img loading=\"lazy\" decoding=\"async\" width=\"800\" height=\"533\" src=\"https:\/\/raed.academy\/wp-content\/uploads\/2016\/04\/acto-de-ingreso-Alfonso-Hernandez-Moreno-9.jpg\" class=\"attachment-full size-full\" alt=\"\" srcset=\"https:\/\/raed.academy\/wp-content\/uploads\/2016\/04\/acto-de-ingreso-Alfonso-Hernandez-Moreno-9.jpg 800w, https:\/\/raed.academy\/wp-content\/uploads\/2016\/04\/acto-de-ingreso-Alfonso-Hernandez-Moreno-9-768x512.jpg 768w\" sizes=\"(max-width: 800px) 100vw, 800px\" \/><\/a>\n\t\t\t<\/dt><\/dl><br style=\"clear: both\" \/><dl class='gallery-item'>\n\t\t\t<dt class='gallery-icon landscape'>\n\t\t\t\t<a href='https:\/\/raed.academy\/wp-content\/uploads\/2016\/04\/acto-de-ingreso-Alfonso-Hernandez-Moreno-10.jpg'><img loading=\"lazy\" decoding=\"async\" width=\"800\" height=\"533\" src=\"https:\/\/raed.academy\/wp-content\/uploads\/2016\/04\/acto-de-ingreso-Alfonso-Hernandez-Moreno-10.jpg\" class=\"attachment-full size-full\" alt=\"\" srcset=\"https:\/\/raed.academy\/wp-content\/uploads\/2016\/04\/acto-de-ingreso-Alfonso-Hernandez-Moreno-10.jpg 800w, https:\/\/raed.academy\/wp-content\/uploads\/2016\/04\/acto-de-ingreso-Alfonso-Hernandez-Moreno-10-768x512.jpg 768w\" sizes=\"(max-width: 800px) 100vw, 800px\" \/><\/a>\n\t\t\t<\/dt><\/dl><dl class='gallery-item'>\n\t\t\t<dt class='gallery-icon landscape'>\n\t\t\t\t<a href='https:\/\/raed.academy\/wp-content\/uploads\/2016\/04\/Alfonso-Hernandez-Moreno-11.jpg'><img loading=\"lazy\" decoding=\"async\" width=\"800\" height=\"533\" src=\"https:\/\/raed.academy\/wp-content\/uploads\/2016\/04\/Alfonso-Hernandez-Moreno-11.jpg\" class=\"attachment-full size-full\" alt=\"\" srcset=\"https:\/\/raed.academy\/wp-content\/uploads\/2016\/04\/Alfonso-Hernandez-Moreno-11.jpg 800w, https:\/\/raed.academy\/wp-content\/uploads\/2016\/04\/Alfonso-Hernandez-Moreno-11-768x512.jpg 768w\" sizes=\"(max-width: 800px) 100vw, 800px\" \/><\/a>\n\t\t\t<\/dt><\/dl><dl class='gallery-item'>\n\t\t\t<dt class='gallery-icon landscape'>\n\t\t\t\t<a href='https:\/\/raed.academy\/wp-content\/uploads\/2016\/04\/Alfonso-Hernandez-Moreno-12.jpg'><img loading=\"lazy\" decoding=\"async\" width=\"800\" height=\"533\" src=\"https:\/\/raed.academy\/wp-content\/uploads\/2016\/04\/Alfonso-Hernandez-Moreno-12.jpg\" class=\"attachment-full size-full\" alt=\"\" srcset=\"https:\/\/raed.academy\/wp-content\/uploads\/2016\/04\/Alfonso-Hernandez-Moreno-12.jpg 800w, https:\/\/raed.academy\/wp-content\/uploads\/2016\/04\/Alfonso-Hernandez-Moreno-12-768x512.jpg 768w\" sizes=\"(max-width: 800px) 100vw, 800px\" \/><\/a>\n\t\t\t<\/dt><\/dl><br style=\"clear: both\" \/><dl class='gallery-item'>\n\t\t\t<dt class='gallery-icon landscape'>\n\t\t\t\t<a href='https:\/\/raed.academy\/wp-content\/uploads\/2016\/04\/Alfonso-Hernandez-Moreno-13.jpg'><img loading=\"lazy\" decoding=\"async\" width=\"800\" height=\"533\" src=\"https:\/\/raed.academy\/wp-content\/uploads\/2016\/04\/Alfonso-Hernandez-Moreno-13.jpg\" class=\"attachment-full size-full\" alt=\"\" srcset=\"https:\/\/raed.academy\/wp-content\/uploads\/2016\/04\/Alfonso-Hernandez-Moreno-13.jpg 800w, https:\/\/raed.academy\/wp-content\/uploads\/2016\/04\/Alfonso-Hernandez-Moreno-13-768x512.jpg 768w\" sizes=\"(max-width: 800px) 100vw, 800px\" \/><\/a>\n\t\t\t<\/dt><\/dl>\n\t\t\t<br style='clear: both' \/>\n\t\t<\/div>\n<br \/>\n[\/et_pb_tab][\/et_pb_tabs][\/et_pb_column][\/et_pb_row][\/et_pb_section]<\/p>\n","protected":false},"featured_media":0,"template":"","meta":{"_et_pb_use_builder":"on","_et_pb_old_content":"<div class=\"infoAcademico\"><h1>Excm. Sr. Dr. Alfonso Hern\u00e1ndez-Moreno<\/h1><p><a href=\"http:\/\/raed.academy\/wp-content\/uploads\/2016\/04\/hernandez-moreno.jpg\"><img class=\"wp-image-5660 alignleft\" src=\"http:\/\/raed.academy\/wp-content\/uploads\/2016\/04\/hernandez-moreno-200x300.jpg\" width=\"153\" height=\"230\" \/><\/a><\/p><p><strong>Acad\u00e8mic Numerari i Lletrat assesor de la Junta de Govern<\/strong><\/p><p><strong>Ci\u00e8ncies Socials<\/strong> - Doctor en Dret<\/p><p><strong>Data d'\u00edngres:<\/strong>\u00a031\/03\/2016<\/p><p><strong>Discurs d'ingr\u00e9s:<\/strong>\u00a0Derecho civil, persona y democracia<\/p><p><strong>Discurs de resposta: <a href=\"http:\/\/raed.academy\/4056-2\/\" target=\"_blank\" rel=\"noopener\">Dr. Joan-Francesc Pont Clemente<\/a><\/strong><\/p><hr \/><div class=\"CVacadcemico\"><h2>\u00a0<\/h2><h2>DISCURS D'INGRES<\/h2><h3><strong><img class=\"alignnone size-full wp-image-7742\" src=\"http:\/\/raed.academy\/wp-content\/uploads\/2016\/07\/pdf-icon-e1468674732529.png\" alt=\"pdf-icon\" width=\"30\" height=\"30\" \/>\u00a0\u00a0\u00a0 Derecho civil, persona y\u00a0democracia<\/strong><\/h3><h2>ALTRES PUBLICACIONS<\/h2><h2>V\u00cdDEO<\/h2><p>https:\/\/www.youtube.com\/watch?v=TnVZuc0ldts&ebc=ANyPxKpRjJL6a2fi77Uz4xtIo0NBxAAnvG0t9lTNFItrlIGRvX_EHge9Sr4UeinoooPwuIDdyElRdFEIAuTDGkeGYWpsiarEOQ<\/p><h2>GALERIA DE\u00a0<strong>FOTOGRAFIES<\/strong><\/h2><p>[images picture_size=\"fixed\" lightbox=\"yes\" class=\"\" id=\"\"][image link=\"\" linktarget=\"_self\" image=\"http:\/\/raed.academy\/wp-content\/uploads\/2016\/04\/9749-022-150x150-1.jpg\" alt=\"\"][image link=\"\" linktarget=\"_self\" image=\"http:\/\/raed.academy\/wp-content\/uploads\/2016\/04\/9749-024-150x150-1.jpg\" alt=\"\"][image link=\"\" linktarget=\"_self\" image=\"http:\/\/raed.academy\/wp-content\/uploads\/2016\/04\/9749-035-150x150-1.jpg\" alt=\"\"][image link=\"\" linktarget=\"_self\" image=\"http:\/\/raed.academy\/wp-content\/uploads\/2016\/04\/9749-037-150x150-1.jpg\" alt=\"\"][\/images][images picture_size=\"fixed\" lightbox=\"yes\" class=\"\" id=\"\"][image link=\"\" linktarget=\"_self\" image=\"http:\/\/raed.academy\/wp-content\/uploads\/2016\/04\/9749-073-150x150-1.jpg\" alt=\"\"][image link=\"\" linktarget=\"_self\" image=\"http:\/\/raed.academy\/wp-content\/uploads\/2016\/04\/9749-053-150x150-1.jpg\" alt=\"\"][image link=\"\" linktarget=\"_self\" image=\"http:\/\/raed.academy\/wp-content\/uploads\/2016\/04\/9749-054-150x150-1.jpg\" alt=\"\"][image link=\"\" linktarget=\"_self\" image=\"http:\/\/raed.academy\/wp-content\/uploads\/2016\/04\/9749-059-150x150-1.jpg\" alt=\"\"][\/images][images picture_size=\"fixed\" lightbox=\"yes\" class=\"\" id=\"\"][image link=\"\" linktarget=\"_self\" image=\"http:\/\/raed.academy\/wp-content\/uploads\/2016\/04\/9749-065-150x150-1.jpg\" alt=\"\"][image link=\"\" linktarget=\"_self\" image=\"http:\/\/raed.academy\/wp-content\/uploads\/2016\/04\/9749-069-150x150-1.jpg\" alt=\"\"][image link=\"\" linktarget=\"_self\" image=\"http:\/\/raed.academy\/wp-content\/uploads\/2016\/04\/9749-073-150x150-1.jpg\" alt=\"\"][image link=\"\" linktarget=\"_self\" image=\"http:\/\/raed.academy\/wp-content\/uploads\/2016\/04\/9749-076-150x150-1.jpg\" alt=\"\"][\/images][images picture_size=\"fixed\" lightbox=\"yes\" class=\"\" id=\"\"][image link=\"\" linktarget=\"_self\" image=\"http:\/\/raed.academy\/wp-content\/uploads\/2016\/04\/9749-077-150x150-1.jpg\" alt=\"\"][image link=\"\" linktarget=\"_self\" image=\"http:\/\/raed.academy\/wp-content\/uploads\/2016\/04\/9749-080-150x150-1.jpg\" alt=\"\"][image link=\"\" linktarget=\"_self\" image=\"http:\/\/raed.academy\/wp-content\/uploads\/2016\/04\/9749-086-150x150-1.jpg\" alt=\"\"][\/images]<\/p><\/div><\/div>","_et_gb_content_width":""},"secciones":[],"tipo_academico":[],"cargo":[],"class_list":["post-10026","academico","type-academico","status-publish","hentry"],"yoast_head":"<!-- This site is optimized with the Yoast SEO plugin v27.5 - https:\/\/yoast.com\/product\/yoast-seo-wordpress\/ -->\n<title>Dr. Alfonso Hern\u00e1ndez Moreno - Royal European Academy of Doctors<\/title>\n<meta name=\"robots\" content=\"index, follow, max-snippet:-1, max-image-preview:large, max-video-preview:-1\" \/>\n<link rel=\"canonical\" href=\"https:\/\/raed.academy\/en\/academicians\/dr-alfonso-hernandez-moreno\/\" \/>\n<meta property=\"og:locale\" content=\"en_US\" \/>\n<meta property=\"og:type\" content=\"article\" \/>\n<meta property=\"og:title\" content=\"Dr. Alfonso Hern\u00e1ndez Moreno - Royal European Academy of Doctors\" \/>\n<meta property=\"og:description\" content=\"Numerary Academician and Government Council Adviser Lawyer Social Sciences: Dr. in Laws Date of admittance: 31 March 2016 Speech:\u00a0Derecho civil, persona y democracia Speech in reply:\u00a0Dr. Joan-Francesc Pont ClementeAlfonso Hern\u00e1ndez Moreno. Lawyer. PhD in Law. Lawyer. Founder and principal partner of the law firm Centro de Estudios Legales (Cel Abogados Asociados, S.L.P). Civil Law Professorat [&hellip;]\" \/>\n<meta property=\"og:url\" content=\"https:\/\/raed.academy\/en\/academicians\/dr-alfonso-hernandez-moreno\/\" \/>\n<meta property=\"og:site_name\" content=\"Royal European Academy of Doctors\" \/>\n<meta property=\"article:publisher\" content=\"http:\/\/fb.me\/raed.academy\" \/>\n<meta property=\"article:modified_time\" content=\"2026-04-15T09:44:06+00:00\" \/>\n<meta name=\"twitter:card\" content=\"summary_large_image\" \/>\n<meta name=\"twitter:site\" content=\"@raedacademy\" \/>\n<meta name=\"twitter:label1\" content=\"Est. reading time\" \/>\n\t<meta name=\"twitter:data1\" content=\"2 minutes\" \/>\n<script type=\"application\/ld+json\" class=\"yoast-schema-graph\">{\"@context\":\"https:\\\/\\\/schema.org\",\"@graph\":[{\"@type\":\"WebPage\",\"@id\":\"https:\\\/\\\/raed.academy\\\/en\\\/academicians\\\/dr-alfonso-hernandez-moreno\\\/\",\"url\":\"https:\\\/\\\/raed.academy\\\/en\\\/academicians\\\/dr-alfonso-hernandez-moreno\\\/\",\"name\":\"Dr. Alfonso Hern\u00e1ndez Moreno - Royal European Academy of Doctors\",\"isPartOf\":{\"@id\":\"https:\\\/\\\/raed.academy\\\/en\\\/#website\"},\"datePublished\":\"2016-09-15T14:59:16+00:00\",\"dateModified\":\"2026-04-15T09:44:06+00:00\",\"breadcrumb\":{\"@id\":\"https:\\\/\\\/raed.academy\\\/en\\\/academicians\\\/dr-alfonso-hernandez-moreno\\\/#breadcrumb\"},\"inLanguage\":\"en-US\",\"potentialAction\":[{\"@type\":\"ReadAction\",\"target\":[\"https:\\\/\\\/raed.academy\\\/en\\\/academicians\\\/dr-alfonso-hernandez-moreno\\\/\"]}]},{\"@type\":\"BreadcrumbList\",\"@id\":\"https:\\\/\\\/raed.academy\\\/en\\\/academicians\\\/dr-alfonso-hernandez-moreno\\\/#breadcrumb\",\"itemListElement\":[{\"@type\":\"ListItem\",\"position\":1,\"name\":\"Inicio\",\"item\":\"https:\\\/\\\/raed.academy\\\/en\\\/\"},{\"@type\":\"ListItem\",\"position\":2,\"name\":\"Acad\u00e9micos\",\"item\":\"https:\\\/\\\/raed.academy\\\/en\\\/academicians\\\/\"},{\"@type\":\"ListItem\",\"position\":3,\"name\":\"Dr. Alfonso Hern\u00e1ndez Moreno\"}]},{\"@type\":\"WebSite\",\"@id\":\"https:\\\/\\\/raed.academy\\\/en\\\/#website\",\"url\":\"https:\\\/\\\/raed.academy\\\/en\\\/\",\"name\":\"Royal European Academy of Doctors\",\"description\":\"Corporaci\u00f3n de derecho p\u00fablico de car\u00e1cter cient\u00edfico, t\u00e9cnico y art\u00edstico, que tiene por objeto la investigaci\u00f3n, el estudio, el fomento y la extensi\u00f3n del conocimiento en su sentido m\u00e1s amplio.\",\"publisher\":{\"@id\":\"https:\\\/\\\/raed.academy\\\/en\\\/#organization\"},\"potentialAction\":[{\"@type\":\"SearchAction\",\"target\":{\"@type\":\"EntryPoint\",\"urlTemplate\":\"https:\\\/\\\/raed.academy\\\/en\\\/?s={search_term_string}\"},\"query-input\":{\"@type\":\"PropertyValueSpecification\",\"valueRequired\":true,\"valueName\":\"search_term_string\"}}],\"inLanguage\":\"en-US\"},{\"@type\":\"Organization\",\"@id\":\"https:\\\/\\\/raed.academy\\\/en\\\/#organization\",\"name\":\"Real Academia Europea de Doctores\",\"url\":\"https:\\\/\\\/raed.academy\\\/en\\\/\",\"logo\":{\"@type\":\"ImageObject\",\"inLanguage\":\"en-US\",\"@id\":\"https:\\\/\\\/raed.academy\\\/en\\\/#\\\/schema\\\/logo\\\/image\\\/\",\"url\":\"https:\\\/\\\/raed.academy\\\/wp-content\\\/uploads\\\/2017\\\/01\\\/cropped-logo_raed.png\",\"contentUrl\":\"https:\\\/\\\/raed.academy\\\/wp-content\\\/uploads\\\/2017\\\/01\\\/cropped-logo_raed.png\",\"width\":512,\"height\":512,\"caption\":\"Real Academia Europea de Doctores\"},\"image\":{\"@id\":\"https:\\\/\\\/raed.academy\\\/en\\\/#\\\/schema\\\/logo\\\/image\\\/\"},\"sameAs\":[\"http:\\\/\\\/fb.me\\\/raed.academy\",\"https:\\\/\\\/x.com\\\/raedacademy\",\"https:\\\/\\\/www.instagram.com\\\/raed.academy\\\/\",\"https:\\\/\\\/www.youtube.com\\\/channel\\\/UCUYQwW2KrdirNWihxMDObwg\"]}]}<\/script>\n<!-- \/ Yoast SEO plugin. -->","yoast_head_json":{"title":"Dr. Alfonso Hern\u00e1ndez Moreno - Royal European Academy of Doctors","robots":{"index":"index","follow":"follow","max-snippet":"max-snippet:-1","max-image-preview":"max-image-preview:large","max-video-preview":"max-video-preview:-1"},"canonical":"https:\/\/raed.academy\/en\/academicians\/dr-alfonso-hernandez-moreno\/","og_locale":"en_US","og_type":"article","og_title":"Dr. Alfonso Hern\u00e1ndez Moreno - Royal European Academy of Doctors","og_description":"La RAED organiza y lleva a cabo una serie de actividades concentradas en mes y medio que contaron con la implicaci\u00f3n activa de numerosos acad\u00e9micos. Recepci\u00f3n de cuatro acad\u00e9micos correspondientes (Stavroula-Ina Piperaki para Grecia, Stephen Zeff y David B. Wilkins para Estados Unidos y Llu\u00eds Vicent Safont para Andorra) Mesa redonda sobre \u00abLa salida de [&hellip;]","og_url":"https:\/\/raed.academy\/en\/academicians\/dr-alfonso-hernandez-moreno\/","og_site_name":"Royal European Academy of Doctors","article_publisher":"http:\/\/fb.me\/raed.academy","article_modified_time":"2026-04-15T09:44:06+00:00","twitter_card":"summary_large_image","twitter_site":"@raedacademy","twitter_misc":{"Est. reading time":"2 minutes"},"schema":{"@context":"https:\/\/schema.org","@graph":[{"@type":"WebPage","@id":"https:\/\/raed.academy\/en\/academicians\/dr-alfonso-hernandez-moreno\/","url":"https:\/\/raed.academy\/en\/academicians\/dr-alfonso-hernandez-moreno\/","name":"Dr. Alfonso Hern\u00e1ndez Moreno - Royal European Academy of Doctors","isPartOf":{"@id":"https:\/\/raed.academy\/en\/#website"},"datePublished":"2016-09-15T14:59:16+00:00","dateModified":"2026-04-15T09:44:06+00:00","breadcrumb":{"@id":"https:\/\/raed.academy\/en\/academicians\/dr-alfonso-hernandez-moreno\/#breadcrumb"},"inLanguage":"en-US","potentialAction":[{"@type":"ReadAction","target":["https:\/\/raed.academy\/en\/academicians\/dr-alfonso-hernandez-moreno\/"]}]},{"@type":"BreadcrumbList","@id":"https:\/\/raed.academy\/en\/academicians\/dr-alfonso-hernandez-moreno\/#breadcrumb","itemListElement":[{"@type":"ListItem","position":1,"name":"Inicio","item":"https:\/\/raed.academy\/en\/"},{"@type":"ListItem","position":2,"name":"Acad\u00e9micos","item":"https:\/\/raed.academy\/en\/academicians\/"},{"@type":"ListItem","position":3,"name":"Dr. Alfonso Hern\u00e1ndez Moreno"}]},{"@type":"WebSite","@id":"https:\/\/raed.academy\/en\/#website","url":"https:\/\/raed.academy\/en\/","name":"Royal European Academy of Doctors","description":"Corporaci\u00f3n de derecho p\u00fablico de car\u00e1cter cient\u00edfico, t\u00e9cnico y art\u00edstico, que tiene por objeto la investigaci\u00f3n, el estudio, el fomento y la extensi\u00f3n del conocimiento en su sentido m\u00e1s amplio.","publisher":{"@id":"https:\/\/raed.academy\/en\/#organization"},"potentialAction":[{"@type":"SearchAction","target":{"@type":"EntryPoint","urlTemplate":"https:\/\/raed.academy\/en\/?s={search_term_string}"},"query-input":{"@type":"PropertyValueSpecification","valueRequired":true,"valueName":"search_term_string"}}],"inLanguage":"en-US"},{"@type":"Organization","@id":"https:\/\/raed.academy\/en\/#organization","name":"Real Academia Europea de Doctores","url":"https:\/\/raed.academy\/en\/","logo":{"@type":"ImageObject","inLanguage":"en-US","@id":"https:\/\/raed.academy\/en\/#\/schema\/logo\/image\/","url":"https:\/\/raed.academy\/wp-content\/uploads\/2017\/01\/cropped-logo_raed.png","contentUrl":"https:\/\/raed.academy\/wp-content\/uploads\/2017\/01\/cropped-logo_raed.png","width":512,"height":512,"caption":"Real Academia Europea de Doctores"},"image":{"@id":"https:\/\/raed.academy\/en\/#\/schema\/logo\/image\/"},"sameAs":["http:\/\/fb.me\/raed.academy","https:\/\/x.com\/raedacademy","https:\/\/www.instagram.com\/raed.academy\/","https:\/\/www.youtube.com\/channel\/UCUYQwW2KrdirNWihxMDObwg"]}]}},"_links":{"self":[{"href":"https:\/\/raed.academy\/en\/wp-json\/wp\/v2\/academico\/10026","targetHints":{"allow":["GET"]}}],"collection":[{"href":"https:\/\/raed.academy\/en\/wp-json\/wp\/v2\/academico"}],"about":[{"href":"https:\/\/raed.academy\/en\/wp-json\/wp\/v2\/types\/academico"}],"wp:attachment":[{"href":"https:\/\/raed.academy\/en\/wp-json\/wp\/v2\/media?parent=10026"}],"wp:term":[{"taxonomy":"secciones","embeddable":true,"href":"https:\/\/raed.academy\/en\/wp-json\/wp\/v2\/secciones?post=10026"},{"taxonomy":"tipo_academico","embeddable":true,"href":"https:\/\/raed.academy\/en\/wp-json\/wp\/v2\/tipo_academico?post=10026"},{"taxonomy":"cargo","embeddable":true,"href":"https:\/\/raed.academy\/en\/wp-json\/wp\/v2\/cargo?post=10026"}],"curies":[{"name":"wp","href":"https:\/\/api.w.org\/{rel}","templated":true}]}}