{"id":89154,"date":"2020-03-31T10:04:17","date_gmt":"2020-03-31T10:04:17","guid":{"rendered":"https:\/\/raed.academy\/?page_id=89154"},"modified":"2022-05-02T11:00:05","modified_gmt":"2022-05-02T11:00:05","slug":"coronavirus-preguntes-i-respostes","status":"publish","type":"page","link":"https:\/\/raed.academy\/ca\/coronavirus-preguntes-i-respostes\/","title":{"rendered":"Coronavirus des del coneixement \u00b7 Preguntes i respostes"},"content":{"rendered":"<p>[et_pb_section fb_built=&#8221;1&#8243; _builder_version=&#8221;4.16&#8243; global_colors_info=&#8221;{}&#8221;][et_pb_row _builder_version=&#8221;4.16&#8243; global_colors_info=&#8221;{}&#8221;][et_pb_column type=&#8221;4_4&#8243; _builder_version=&#8221;4.16&#8243; global_colors_info=&#8221;{}&#8221;][et_pb_post_title _builder_version=&#8221;4.16&#8243; title_font_size=&#8221;40px&#8221; title_font_size_tablet=&#8221;30px&#8221; title_font_size_phone=&#8221;&#8221; title_font_size_last_edited=&#8221;on|desktop&#8221; global_colors_info=&#8221;{}&#8221;][\/et_pb_post_title][et_pb_code admin_label=&#8221;Equipo de expertos&#8221; _builder_version=&#8221;4.16&#8243; global_colors_info=&#8221;{}&#8221;]<\/p>\n<div id=\"equipo\" class=\"fila\" style=\"margin-top: 40px; display: flex; flex-wrap: wrap;\"><!-- [et_pb_line_break_holder] --><!-- [et_pb_line_break_holder] --><\/p>\n<div class=\"caja-circular\"><!-- [et_pb_line_break_holder] --><!-- [et_pb_line_break_holder] --><a href=\"https:\/\/raed.academy\/ca\/academics\/dra-maria-dels-angels-calvo-torras\/\" target=\"_blank\" rel=\"noopener noreferrer\"><img loading=\"lazy\" decoding=\"async\" class=\"circular alignnone wp-image-743 size-full\" src=\"https:\/\/raed.academy\/wp-content\/uploads\/2020\/03\/consolatio-2.Maria-dels-Angels-Calvo-caja-circ-BN.jpg\" alt=\"Maria \u00c0ngels Calvo\" width=\"190\" height=\"190\" \/><\/p>\n<div class=\"txt-circular\">\n<h3>Dra. Maria dels \u00c0ngels Calvo<\/h3>\n<p>Doctora en Veterin\u00e0ria i Farm\u00e0cia, Especialista en Microbiologia i Parasitologia<\/p><\/div>\n<p><\/a><\/div>\n<p><!-- [et_pb_line_break_holder] --><!-- [et_pb_line_break_holder] --><\/p>\n<div class=\"caja-circular\"><!-- [et_pb_line_break_holder] --><a href=\"https:\/\/raed.academy\/ca\/academics\/dr-jose-ramon-calvo-fernandez\/\" target=\"_blank\" rel=\"noopener noreferrer\"><img loading=\"lazy\" decoding=\"async\" class=\"circular alignnone wp-image-751 size-full\" src=\"https:\/\/fundacionraed.org\/wp-content\/uploads\/2020\/02\/Jose-Ramon-Calvo-caja-circ.jpg\" alt=\"\" width=\"190\" height=\"190\" \/><!-- [et_pb_line_break_holder] --><\/p>\n<div class=\"txt-circular\">\n<h3>Dr. Jos\u00e9 Ram\u00f3n Calvo Fern\u00e1ndez<\/h3>\n<p>Doctor en Medicina y Cirurgia<\/p><\/div>\n<p><\/a><\/div>\n<p><!-- [et_pb_line_break_holder] --><!-- [et_pb_line_break_holder] --><\/p>\n<div class=\"caja-circular\"><!-- [et_pb_line_break_holder] --><a href=\"https:\/\/raed.academy\/ca\/academics\/dr-jose-maria-gay-de-liebana-saludas\/\" target=\"_blank\" rel=\"noopener noreferrer\"><img loading=\"lazy\" decoding=\"async\" class=\"circular alignnone wp-image-751 size-full\" src=\"https:\/\/raed.academy\/wp-content\/uploads\/2020\/03\/Jose-Maria-Gay-de-Liebana-caja-circ-BN.jpg\" alt=\"Jos\u00e9 Mar\u00eda Gay de Li\u00e9bana\" width=\"190\" height=\"190\" \/><!-- [et_pb_line_break_holder] --><\/p>\n<div class=\"txt-circular\">\n<h3>Dr. Jos\u00e9 Mar\u00eda Gay de Li\u00e9bana<\/h3>\n<p>Doctor en Ci\u00e8ncies Econ\u00f2miques i en Dret<\/p><\/div>\n<p><\/a><\/div>\n<p><!-- [et_pb_line_break_holder] --><!-- [et_pb_line_break_holder] --><\/p>\n<div class=\"caja-circular\"><!-- [et_pb_line_break_holder] --><img loading=\"lazy\" decoding=\"async\" class=\"circular alignnone wp-image-751 size-full\" src=\"https:\/\/raed.academy\/wp-content\/uploads\/2020\/04\/Mateo-Valero-caja-circ.jpg\" alt=\"Mateo Valero\" width=\"190\" height=\"190\" \/><!-- [et_pb_line_break_holder] --><\/p>\n<div class=\"txt-circular\">\n<h3>Dr. Mateo Valero<\/h3>\n<p>Doctor en Enginyeria en Telecomunicacions i Director del Barcelona Supercomputing Center<\/p><\/div>\n<\/div>\n<p><!-- [et_pb_line_break_holder] --><\/div>\n<p><!-- [et_pb_line_break_holder] -->[\/et_pb_code][et_pb_accordion admin_label=&#8221;Acorde\u00f3n preguntas y respuestas&#8221; _builder_version=&#8221;4.16&#8243; enable_grid_motion=&#8221;on&#8221; box_shadow_style=&#8221;preset2&#8243; global_colors_info=&#8221;{}&#8221;][et_pb_accordion_item title=&#8221;Aspectes inmunol\u00f2gics del coronavirus, %22fake news%22 i \u00fas de les EPI (Equips de protecci\u00f3 individual)&#8221; open=&#8221;on&#8221; _builder_version=&#8221;4.16&#8243; global_colors_info=&#8221;{}&#8221;]<\/p>\n<p>El <a href=\"https:\/\/raed.academy\/ca\/academics\/dr-jose-ramon-calvo-fernandez\/\" target=\"_blank\" rel=\"noopener noreferrer\"><strong>Dr. Jos\u00e9 Ram\u00f3n Calvo<\/strong><\/a> ens parla en aquest v\u00eddeo sobre els aspectes inmunol\u00f2gics del coronavirus, aborda les &#8220;fake news&#8221; i en especial sobre les EPIs: Mascaretes s\u00ed o no; Quins tipus de mascaretes s\u00f3n les adequades?; Correcta col\u00b7locaci\u00f3 dels guants; &#8230;<\/p>\n<ul>\n<li><span style=\"width: 50px; display: inline-block;\">0:00<\/span>Mascaretes s\u00ed o no. Serveixen d&#8217;alguna cosa realment?<\/li>\n<li><span style=\"width: 50px; display: inline-block;\">4:48<\/span>Quin tipus de m\u00e0scares caldria usar?<\/li>\n<li><span style=\"width: 50px; display: inline-block;\">15:03<\/span>\u00das dels guants<\/li>\n<li><span style=\"width: 50px; display: inline-block;\">25:04<\/span>Com saber el que \u00e9s veritat i el que no ho \u00e9s del que arriba per les xarxes socials sobre la epid\u00e8mia?<\/li>\n<li><span style=\"width: 50px; display: inline-block;\">31:21<\/span>\u00c9s el coronavirus SARS-COV-2 un virus de laboratori?<\/li>\n<li><span style=\"width: 50px; display: inline-block;\">35:13<\/span>Podem refor\u00e7ar el nostre sistema immunitari amb suplements per protegir-nos de la covid 19?<\/li>\n<li><span style=\"width: 50px; display: inline-block;\">36:08<\/span>Hi ha alguna manera de tenir un sistema immunitari m\u00e9s &#8220;refor\u00e7at&#8221;? <\/li>\n<li><span style=\"width: 50px; display: inline-block;\">39:24<\/span>Pel que fa a la nutrici\u00f3, el metabolisme i la immunitat, qu\u00e8 passa amb els diab\u00e8tics i el virus SARS-COV-2 (la malaltia COVID-19)?<\/li>\n<li><span style=\"width: 50px; display: inline-block;\">41:32<\/span>Es pot transmetre el virus SARS-COV-2 (malaltia COVID-19) a trav\u00e9s dels aliments?<\/li>\n<\/ul>\n<p>&nbsp;<\/p>\n<p><iframe loading=\"lazy\" src=\"https:\/\/www.youtube.com\/embed\/aHtMe-nKBPo\" width=\"903\" height=\"508\" frameborder=\"0\" allowfullscreen=\"allowfullscreen\"><\/iframe><\/p>\n<p>[\/et_pb_accordion_item][et_pb_accordion_item title=&#8221;Mesures de prevenci\u00f3 necess\u00e0ries per a un exit\u00f3s desconfinament&#8221; _builder_version=&#8221;4.16&#8243; global_colors_info=&#8221;{}&#8221; open=&#8221;off&#8221;]<a href=\"https:\/\/raed.academy\/ca\/academics\/dra-maria-dels-angels-calvo-torras\/\" target=\"_blank\" rel=\"noopener noreferrer\"><strong>Maria \u00c0ngels Calvo<\/strong><\/a>, Doctora en Veterin\u00e0ria i en Farm\u00e0cia i Acad\u00e8mica Numer\u00e0ria de la RAED, ens informa de les mesures preventives que hem de prendre en el nostre dia a dia per evitar el contagi i propagaci\u00f3 de l&#8217;actual coronavirus Sars-COV-2.<\/p>\n<p><iframe loading=\"lazy\" width=\"853\" height=\"480\" src=\"https:\/\/www.youtube.com\/embed\/4W4wRG5imUs\" frameborder=\"0\" allow=\"accelerometer; autoplay; encrypted-media; gyroscope; picture-in-picture\" allowfullscreen><\/iframe>[\/et_pb_accordion_item][et_pb_accordion_item title=&#8221;Coronavirus. S\u00edmptomes, malalties i danys que provoca&#8221; _builder_version=&#8221;4.16&#8243; global_colors_info=&#8221;{}&#8221; open=&#8221;off&#8221;]<\/p>\n<p>Introducci\u00f3 al actual coronavirus pel <strong><a href=\"https:\/\/raed.academy\/ca\/academics\/dr-jose-ramon-calvo-fernandez\/\" target=\"_blank\" rel=\"noopener noreferrer\">Dr. Jos\u00e9 Ram\u00f3n Calvo<\/a><\/strong>, Doctor en Medicina y Cirurgia. Descripci\u00f3 dels s\u00edmptomes, malalties i danys que provoca.<\/p>\n<p><span style=\"width: 50px; display: inline-block;\">0:00<\/span>Qu\u00e8 \u00e9s Covid19 i Sars-COV-2? \u00c9s el SARS-CoV-2 el primer coronavirus que existeix?<br \/><span style=\"width: 50px; display: inline-block;\">5:33<\/span>Quines manifestacions cl\u00edniques, radiogr\u00e0fiques i de laboratori presenten els contagiats pel virus SARS-CoV-2 (enfermetat COVID-19)?<br \/><span style=\"width: 50px; display: inline-block;\">10:48<\/span>Quin \u00e9s el curs evolutiu de la Covid-19: Previsi\u00f3, evoluci\u00f3 postinfecciosa i seq\u00fceles?<\/p>\n<p><iframe loading=\"lazy\" src=\"https:\/\/www.youtube.com\/embed\/YRnW0VJMPZw\" width=\"1006\" height=\"566\" frameborder=\"0\" allowfullscreen=\"allowfullscreen\"><\/iframe><\/p>\n<p>[\/et_pb_accordion_item][et_pb_accordion_item title=&#8221;Com i amb quins recursos reconstruirem Espanya despr\u00e9s de la debacle econ\u00f2mica del coronavirus?&#8221; _builder_version=&#8221;4.16&#8243; global_colors_info=&#8221;{}&#8221; open=&#8221;off&#8221;]<\/p>\n<p>El <a href=\"https:\/\/raed.academy\/ca\/academics\/dr-jose-maria-gay-de-liebana-saludas\/\" target=\"_blank\" rel=\"noopener noreferrer\"><strong>Dr. Jos\u00e9 Mar\u00eda Gay de Li\u00e9bana<\/strong><\/a>, membre de la RAED i Doctor en Ci\u00e8ncies Econ\u00f2miques i en Dret, ens parla de la reconstrucci\u00f3 d&#8217;Espanya des del punt de vista de l&#8217;economia.<\/p>\n<p><iframe loading=\"lazy\" src=\"https:\/\/www.youtube.com\/embed\/X7lLHSal2U8\" width=\"934\" height=\"525\" frameborder=\"0\" allowfullscreen=\"allowfullscreen\"><\/iframe>[\/et_pb_accordion_item][et_pb_accordion_item title=&#8221;Coronavirus: persones asimptom\u00e0tiques; transmissi\u00f3 asimptom\u00e0tica i pre-simptom\u00e0tica de la SARS-COV-2; sistema immunol\u00f2gic, vacunes&#8221; _builder_version=&#8221;4.16&#8243; global_colors_info=&#8221;{}&#8221; open=&#8221;off&#8221;]<\/p>\n<p>Segon v\u00eddeo dintre del marc de la iniciativa <strong>\u00abCoronavirus des del coneixement\u00bb<\/strong>, amb informaci\u00f3 cient\u00edfica d&#8217;inter\u00e8s en relaci\u00f3 a la pand\u00e8mia per SARS-CoV-2. Pel <a href=\"https:\/\/raed.academy\/ca\/academics\/dr-jose-ramon-calvo-fernandez\/\" target=\"_blank\" rel=\"noopener noreferrer\"><strong>Dr. Jos\u00e9 Ram\u00f3n Calvo<\/strong><\/a>.<\/p>\n<ul>\n<li><span style=\"width: 50px; display: inline-block;\">0:00<\/span> Qu\u00e9 s\u00f3n exactament i per qu\u00e8 hi ha persones asimptom\u00e0tiques?<\/li>\n<li><span style=\"width: 50px; display: inline-block;\">2:34<\/span> Qu\u00e8 en sabem sobre la transmissi\u00f3 asimptom\u00e0tica i pre-simptom\u00e0tica?<\/li>\n<li><span style=\"width: 50px; display: inline-block;\">10:30<\/span> Per qu\u00e8 hi ha gent amb molts i variats s\u00edmptomes i altres amb pocs o cap?<\/li>\n<li><span style=\"width: 50px; display: inline-block;\">34:18<\/span> El virus muta?<\/li>\n<li><span style=\"width: 50px; display: inline-block;\">35:58<\/span> \u00c9s possible reinfectar-se amb el Sars-COV-2?<\/li>\n<\/ul>\n<p><iframe loading=\"lazy\" src=\"https:\/\/www.youtube.com\/embed\/_DglZXbCLLQ\" width=\"876\" height=\"493\" frameborder=\"0\" allowfullscreen=\"allowfullscreen\"><\/iframe><\/p>\n<p>[\/et_pb_accordion_item][et_pb_accordion_item title=&#8221;Ajudar\u00e0 el big data a detenir l&#8217;actual pand\u00e8mia de coronavirus?&#8221; _builder_version=&#8221;4.16&#8243; global_colors_info=&#8221;{}&#8221; open=&#8221;off&#8221;]<strong>Dr. Mateo Valero<\/strong>, director del Barcelona Supercomputing Center-Centre Nacional de Supercomputaci\u00f3 (BSC-CNS) i Acad\u00e8mic d&#8217;Honor electe de la Reial Acad\u00e8mia Europea de Doctors-Barcelona 1914 (RAED)<\/p>\n<p>&nbsp;<br \/>\n<iframe loading=\"lazy\" width=\"811\" height=\"436\" src=\"https:\/\/www.youtube.com\/embed\/SThIdaVEW_g\" frameborder=\"0\" allow=\"accelerometer; autoplay; encrypted-media; gyroscope; picture-in-picture\" allowfullscreen><\/iframe>[\/et_pb_accordion_item][\/et_pb_accordion][\/et_pb_column][\/et_pb_row][\/et_pb_section]<\/p>\n","protected":false},"excerpt":{"rendered":"<p>El Dr. Jos\u00e9 Ram\u00f3n Calvo ens parla en aquest v\u00eddeo sobre els aspectes inmunol\u00f2gics del coronavirus, aborda les &#8220;fake news&#8221; i en especial sobre les EPIs: Mascaretes s\u00ed o no; Quins tipus de mascaretes s\u00f3n les adequades?; Correcta col\u00b7locaci\u00f3 dels guants; &#8230; 0:00Mascaretes s\u00ed o no. Serveixen d&#8217;alguna cosa realment? 4:48Quin tipus de m\u00e0scares caldria [&hellip;]<\/p>\n","protected":false},"author":16,"featured_media":89276,"parent":0,"menu_order":0,"comment_status":"closed","ping_status":"closed","template":"","meta":{"_et_pb_use_builder":"on","_et_pb_old_content":"<p>[et_pb_section fb_built=\"1\" _builder_version=\"4.4.1\"][et_pb_row _builder_version=\"4.4.1\"][et_pb_column type=\"4_4\" _builder_version=\"4.4.1\"][et_pb_post_title _builder_version=\"4.4.1\" title_font_size=\"40px\" title_font_size_tablet=\"30px\" title_font_size_phone=\"\" title_font_size_last_edited=\"on|desktop\"][\/et_pb_post_title][et_pb_code admin_label=\"Equipo de expertos\" _builder_version=\"4.4.1\" hover_enabled=\"0\"]<\/p><div id=\"equipo\" class=\"fila\" style=\"margin-top: 40px; display: flex; flex-wrap: wrap;\"><!-- [et_pb_line_break_holder] --><div class=\"caja-circular\"><!-- [et_pb_line_break_holder] --><!-- [et_pb_line_break_holder] --><a href=\"https:\/\/raed.academy\/academicos\/dra-maria-dels-angels-calvo-torras\/\" target=\"_blank\" rel=\"noopener noreferrer\"><img class=\"circular alignnone wp-image-743 size-full\" src=\"https:\/\/raed.academy\/wp-content\/uploads\/2020\/03\/consolatio-2.Maria-dels-Angels-Calvo-caja-circ-BN.jpg\" alt=\"Maria \u00c0ngels Calvo\" width=\"190\" height=\"190\" \/><\/a><!-- [et_pb_line_break_holder] --><div class=\"txt-circular\"><!-- [et_pb_line_break_holder] --><h3>Dra. Maria \u00c0ngels Calvo<\/h3><p>\u00a0<\/p><!-- [et_pb_line_break_holder] -->Doctora en Veterin\u00e0ria y Farmacia, Especialista en Microbiologia i Parasitologia<!-- [et_pb_line_break_holder] --><\/div><p><!-- [et_pb_line_break_holder] --><\/p><\/div><p><!-- [et_pb_line_break_holder] --><\/p><div class=\"caja-circular\"><!-- [et_pb_line_break_holder] --><!-- [et_pb_line_break_holder] --><a href=\"https:\/\/raed.academy\/academicos\/dr-jose-ramon-calvo-fernandez\/\" target=\"_blank\" rel=\"noopener noreferrer\"><img class=\"circular alignnone wp-image-751 size-full\" src=\"https:\/\/fundacionraed.org\/wp-content\/uploads\/2020\/02\/Jose-Ramon-Calvo-caja-circ.jpg\" alt=\"\" width=\"190\" height=\"190\" \/><\/a><!-- [et_pb_line_break_holder] --><div class=\"txt-circular\"><!-- [et_pb_line_break_holder] --><h3>Dr. Jos\u00e9 Ram\u00f3n Calvo Fern\u00e1ndez<\/h3><p>\u00a0<\/p><!-- [et_pb_line_break_holder] -->Doctor en Medicina y Cirug\u00eda<!-- [et_pb_line_break_holder] --><\/div><p><!-- [et_pb_line_break_holder] --><\/p><\/div><p><!-- [et_pb_line_break_holder] --> <!-- [et_pb_line_break_holder] --> <!-- [et_pb_line_break_holder] --><!-- [et_pb_line_break_holder] --><\/p><\/div><p>[\/et_pb_code][et_pb_text admin_label=\"Txt Env\u00edenos sus consultas\" _builder_version=\"4.4.1\"]<\/p><p>Env\u00edenos sus consultas a trav\u00e9s del siguiente formulario, o bien enviando un mensaje a la direcci\u00f3n <strong>preguntas@raed.academy<\/strong>.<\/p><p>[\/et_pb_text][et_pb_contact_form email=\"preguntas@raed.academy\" success_message=\"Su mensaje ha sido enviado con \u00e9xito. Tras la revisi\u00f3n de nuestros expertos, se publicar\u00e1 la respuesta en esta misma p\u00e1gina.\" admin_label=\"Contact Form\" _builder_version=\"4.4.1\"][et_pb_contact_field field_id=\"Nombre\" field_title=\"Nombre\" _builder_version=\"4.4.1\" button_text_size__hover_enabled=\"off\" button_one_text_size__hover_enabled=\"off\" button_two_text_size__hover_enabled=\"off\" button_text_color__hover_enabled=\"off\" button_one_text_color__hover_enabled=\"off\" button_two_text_color__hover_enabled=\"off\" button_border_width__hover_enabled=\"off\" button_one_border_width__hover_enabled=\"off\" button_two_border_width__hover_enabled=\"off\" button_border_color__hover_enabled=\"off\" button_one_border_color__hover_enabled=\"off\" button_two_border_color__hover_enabled=\"off\" button_border_radius__hover_enabled=\"off\" button_one_border_radius__hover_enabled=\"off\" button_two_border_radius__hover_enabled=\"off\" button_letter_spacing__hover_enabled=\"off\" button_one_letter_spacing__hover_enabled=\"off\" button_two_letter_spacing__hover_enabled=\"off\" button_bg_color__hover_enabled=\"off\" button_one_bg_color__hover_enabled=\"off\" button_two_bg_color__hover_enabled=\"off\"][\/et_pb_contact_field][et_pb_contact_field field_id=\"Email\" field_title=\"Direcci\u00f3n email\" field_type=\"email\" _builder_version=\"4.4.1\" button_text_size__hover_enabled=\"off\" button_one_text_size__hover_enabled=\"off\" button_two_text_size__hover_enabled=\"off\" button_text_color__hover_enabled=\"off\" button_one_text_color__hover_enabled=\"off\" button_two_text_color__hover_enabled=\"off\" button_border_width__hover_enabled=\"off\" button_one_border_width__hover_enabled=\"off\" button_two_border_width__hover_enabled=\"off\" button_border_color__hover_enabled=\"off\" button_one_border_color__hover_enabled=\"off\" button_two_border_color__hover_enabled=\"off\" button_border_radius__hover_enabled=\"off\" button_one_border_radius__hover_enabled=\"off\" button_two_border_radius__hover_enabled=\"off\" button_letter_spacing__hover_enabled=\"off\" button_one_letter_spacing__hover_enabled=\"off\" button_two_letter_spacing__hover_enabled=\"off\" button_bg_color__hover_enabled=\"off\" button_one_bg_color__hover_enabled=\"off\" button_two_bg_color__hover_enabled=\"off\"][\/et_pb_contact_field][et_pb_contact_field field_id=\"Mensaje\" field_title=\"Mensaje\" field_type=\"text\" fullwidth_field=\"on\" _builder_version=\"4.4.1\" button_text_size__hover_enabled=\"off\" button_one_text_size__hover_enabled=\"off\" button_two_text_size__hover_enabled=\"off\" button_text_color__hover_enabled=\"off\" button_one_text_color__hover_enabled=\"off\" button_two_text_color__hover_enabled=\"off\" button_border_width__hover_enabled=\"off\" button_one_border_width__hover_enabled=\"off\" button_two_border_width__hover_enabled=\"off\" button_border_color__hover_enabled=\"off\" button_one_border_color__hover_enabled=\"off\" button_two_border_color__hover_enabled=\"off\" button_border_radius__hover_enabled=\"off\" button_one_border_radius__hover_enabled=\"off\" button_two_border_radius__hover_enabled=\"off\" button_letter_spacing__hover_enabled=\"off\" button_one_letter_spacing__hover_enabled=\"off\" button_two_letter_spacing__hover_enabled=\"off\" button_bg_color__hover_enabled=\"off\" button_one_bg_color__hover_enabled=\"off\" button_two_bg_color__hover_enabled=\"off\"][\/et_pb_contact_field][\/et_pb_contact_form][et_pb_accordion admin_label=\"Acorde\u00f3n preguntas y respuestas\" _builder_version=\"4.4.1\" enable_grid_motion=\"on\" box_shadow_style=\"preset2\"][et_pb_accordion_item title=\"\u00bfHasta donde alcanza el impacto econ\u00f3mico que causar\u00e1 el coronavirus?\" open=\"on\" _builder_version=\"4.4.1\"][\/et_pb_accordion_item][et_pb_accordion_item title=\"\u00bfEst\u00e1n en peligro las pensiones con la crisis del coronavirus?\" _builder_version=\"4.4.1\" open=\"off\"][\/et_pb_accordion_item][\/et_pb_accordion][\/et_pb_column][\/et_pb_row][\/et_pb_section]<\/p>","_et_gb_content_width":"","footnotes":""},"class_list":["post-89154","page","type-page","status-publish","has-post-thumbnail","hentry"],"yoast_head":"<!-- This site is optimized with the Yoast SEO plugin v27.4 - https:\/\/yoast.com\/product\/yoast-seo-wordpress\/ -->\n<title>Coronavirus des del coneixement \u00b7 Preguntes i respostes - Reial Acad\u00e8mia Europea de Doctors<\/title>\n<meta name=\"description\" content=\"Els experts donen resposta a les inquietuds de la ciutadania, sobre la pand\u00e8mia de COVID-19, o pand\u00e8mia de coronavirus\" \/>\n<meta name=\"robots\" content=\"index, follow, max-snippet:-1, max-image-preview:large, max-video-preview:-1\" \/>\n<link rel=\"canonical\" href=\"https:\/\/raed.academy\/ca\/coronavirus-preguntes-i-respostes\/\" \/>\n<meta property=\"og:locale\" content=\"ca_ES\" \/>\n<meta property=\"og:type\" content=\"article\" \/>\n<meta property=\"og:title\" content=\"Coronavirus des del coneixement \u00b7 Preguntes i respostes - Reial Acad\u00e8mia Europea de Doctors\" \/>\n<meta property=\"og:description\" content=\"Els experts donen resposta a les inquietuds de la ciutadania, sobre la pand\u00e8mia de COVID-19, o pand\u00e8mia de coronavirus\" \/>\n<meta property=\"og:url\" content=\"https:\/\/raed.academy\/ca\/coronavirus-preguntes-i-respostes\/\" \/>\n<meta property=\"og:site_name\" content=\"Reial Acad\u00e8mia Europea de Doctors\" \/>\n<meta property=\"article:publisher\" content=\"http:\/\/fb.me\/raed.academy\" \/>\n<meta property=\"article:modified_time\" content=\"2022-05-02T11:00:05+00:00\" \/>\n<meta property=\"og:image\" content=\"https:\/\/raed.academy\/wp-content\/uploads\/2020\/04\/shutt_coronavirus-preguntas-respuestas.jpg\" \/>\n\t<meta property=\"og:image:width\" content=\"800\" \/>\n\t<meta property=\"og:image:height\" content=\"420\" \/>\n\t<meta property=\"og:image:type\" content=\"image\/jpeg\" \/>\n<meta name=\"twitter:card\" content=\"summary_large_image\" \/>\n<meta name=\"twitter:site\" content=\"@raedacademy\" \/>\n<meta name=\"twitter:label1\" content=\"Est. reading time\" \/>\n\t<meta name=\"twitter:data1\" content=\"4 minutes\" \/>\n<script type=\"application\/ld+json\" class=\"yoast-schema-graph\">{\"@context\":\"https:\\\/\\\/schema.org\",\"@graph\":[{\"@type\":\"WebPage\",\"@id\":\"https:\\\/\\\/raed.academy\\\/ca\\\/coronavirus-preguntes-i-respostes\\\/\",\"url\":\"https:\\\/\\\/raed.academy\\\/ca\\\/coronavirus-preguntes-i-respostes\\\/\",\"name\":\"Coronavirus des del coneixement \u00b7 Preguntes i respostes - Reial Acad\u00e8mia Europea de Doctors\",\"isPartOf\":{\"@id\":\"https:\\\/\\\/raed.academy\\\/ca\\\/#website\"},\"primaryImageOfPage\":{\"@id\":\"https:\\\/\\\/raed.academy\\\/ca\\\/coronavirus-preguntes-i-respostes\\\/#primaryimage\"},\"image\":{\"@id\":\"https:\\\/\\\/raed.academy\\\/ca\\\/coronavirus-preguntes-i-respostes\\\/#primaryimage\"},\"thumbnailUrl\":\"https:\\\/\\\/raed.academy\\\/wp-content\\\/uploads\\\/2020\\\/04\\\/shutt_coronavirus-preguntas-respuestas.jpg\",\"datePublished\":\"2020-03-31T10:04:17+00:00\",\"dateModified\":\"2022-05-02T11:00:05+00:00\",\"description\":\"Els experts donen resposta a les inquietuds de la ciutadania, sobre la pand\u00e8mia de COVID-19, o pand\u00e8mia de coronavirus\",\"breadcrumb\":{\"@id\":\"https:\\\/\\\/raed.academy\\\/ca\\\/coronavirus-preguntes-i-respostes\\\/#breadcrumb\"},\"inLanguage\":\"ca-ES\",\"potentialAction\":[{\"@type\":\"ReadAction\",\"target\":[\"https:\\\/\\\/raed.academy\\\/ca\\\/coronavirus-preguntes-i-respostes\\\/\"]}]},{\"@type\":\"ImageObject\",\"inLanguage\":\"ca-ES\",\"@id\":\"https:\\\/\\\/raed.academy\\\/ca\\\/coronavirus-preguntes-i-respostes\\\/#primaryimage\",\"url\":\"https:\\\/\\\/raed.academy\\\/wp-content\\\/uploads\\\/2020\\\/04\\\/shutt_coronavirus-preguntas-respuestas.jpg\",\"contentUrl\":\"https:\\\/\\\/raed.academy\\\/wp-content\\\/uploads\\\/2020\\\/04\\\/shutt_coronavirus-preguntas-respuestas.jpg\",\"width\":800,\"height\":420},{\"@type\":\"BreadcrumbList\",\"@id\":\"https:\\\/\\\/raed.academy\\\/ca\\\/coronavirus-preguntes-i-respostes\\\/#breadcrumb\",\"itemListElement\":[{\"@type\":\"ListItem\",\"position\":1,\"name\":\"Inicio\",\"item\":\"https:\\\/\\\/raed.academy\\\/ca\\\/\"},{\"@type\":\"ListItem\",\"position\":2,\"name\":\"Coronavirus des del coneixement \u00b7 Preguntes i respostes\"}]},{\"@type\":\"WebSite\",\"@id\":\"https:\\\/\\\/raed.academy\\\/ca\\\/#website\",\"url\":\"https:\\\/\\\/raed.academy\\\/ca\\\/\",\"name\":\"Reial Acad\u00e8mia Europea de Doctors\",\"description\":\"Corporaci\u00f3n de derecho p\u00fablico de car\u00e1cter cient\u00edfico, t\u00e9cnico y art\u00edstico, que tiene por objeto la investigaci\u00f3n, el estudio, el fomento y la extensi\u00f3n del conocimiento en su sentido m\u00e1s amplio\",\"publisher\":{\"@id\":\"https:\\\/\\\/raed.academy\\\/ca\\\/#organization\"},\"potentialAction\":[{\"@type\":\"SearchAction\",\"target\":{\"@type\":\"EntryPoint\",\"urlTemplate\":\"https:\\\/\\\/raed.academy\\\/ca\\\/?s={search_term_string}\"},\"query-input\":{\"@type\":\"PropertyValueSpecification\",\"valueRequired\":true,\"valueName\":\"search_term_string\"}}],\"inLanguage\":\"ca-ES\"},{\"@type\":\"Organization\",\"@id\":\"https:\\\/\\\/raed.academy\\\/ca\\\/#organization\",\"name\":\"Real Academia Europea de Doctores\",\"url\":\"https:\\\/\\\/raed.academy\\\/ca\\\/\",\"logo\":{\"@type\":\"ImageObject\",\"inLanguage\":\"ca-ES\",\"@id\":\"https:\\\/\\\/raed.academy\\\/ca\\\/#\\\/schema\\\/logo\\\/image\\\/\",\"url\":\"https:\\\/\\\/raed.academy\\\/wp-content\\\/uploads\\\/2017\\\/01\\\/cropped-logo_raed.png\",\"contentUrl\":\"https:\\\/\\\/raed.academy\\\/wp-content\\\/uploads\\\/2017\\\/01\\\/cropped-logo_raed.png\",\"width\":512,\"height\":512,\"caption\":\"Real Academia Europea de Doctores\"},\"image\":{\"@id\":\"https:\\\/\\\/raed.academy\\\/ca\\\/#\\\/schema\\\/logo\\\/image\\\/\"},\"sameAs\":[\"http:\\\/\\\/fb.me\\\/raed.academy\",\"https:\\\/\\\/x.com\\\/raedacademy\",\"https:\\\/\\\/www.instagram.com\\\/raed.academy\\\/\",\"https:\\\/\\\/www.youtube.com\\\/channel\\\/UCUYQwW2KrdirNWihxMDObwg\"]}]}<\/script>\n<!-- \/ Yoast SEO plugin. -->","yoast_head_json":{"title":"Coronavirus des del coneixement \u00b7 Preguntes i respostes - Reial Acad\u00e8mia Europea de Doctors","description":"Els experts donen resposta a les inquietuds de la ciutadania, sobre la pand\u00e8mia de COVID-19, o pand\u00e8mia de coronavirus","robots":{"index":"index","follow":"follow","max-snippet":"max-snippet:-1","max-image-preview":"max-image-preview:large","max-video-preview":"max-video-preview:-1"},"canonical":"https:\/\/raed.academy\/ca\/coronavirus-preguntes-i-respostes\/","og_locale":"ca_ES","og_type":"article","og_title":"Coronavirus des del coneixement \u00b7 Preguntes i respostes - Reial Acad\u00e8mia Europea de Doctors","og_description":"Els experts donen resposta a les inquietuds de la ciutadania, sobre la pand\u00e8mia de COVID-19, o pand\u00e8mia de coronavirus","og_url":"https:\/\/raed.academy\/ca\/coronavirus-preguntes-i-respostes\/","og_site_name":"Reial Acad\u00e8mia Europea de Doctors","article_publisher":"http:\/\/fb.me\/raed.academy","article_modified_time":"2022-05-02T11:00:05+00:00","og_image":[{"width":800,"height":420,"url":"https:\/\/raed.academy\/wp-content\/uploads\/2020\/04\/shutt_coronavirus-preguntas-respuestas.jpg","type":"image\/jpeg"}],"twitter_card":"summary_large_image","twitter_site":"@raedacademy","twitter_misc":{"Est. reading time":"4 minutes"},"schema":{"@context":"https:\/\/schema.org","@graph":[{"@type":"WebPage","@id":"https:\/\/raed.academy\/ca\/coronavirus-preguntes-i-respostes\/","url":"https:\/\/raed.academy\/ca\/coronavirus-preguntes-i-respostes\/","name":"Coronavirus des del coneixement \u00b7 Preguntes i respostes - Reial Acad\u00e8mia Europea de Doctors","isPartOf":{"@id":"https:\/\/raed.academy\/ca\/#website"},"primaryImageOfPage":{"@id":"https:\/\/raed.academy\/ca\/coronavirus-preguntes-i-respostes\/#primaryimage"},"image":{"@id":"https:\/\/raed.academy\/ca\/coronavirus-preguntes-i-respostes\/#primaryimage"},"thumbnailUrl":"https:\/\/raed.academy\/wp-content\/uploads\/2020\/04\/shutt_coronavirus-preguntas-respuestas.jpg","datePublished":"2020-03-31T10:04:17+00:00","dateModified":"2022-05-02T11:00:05+00:00","description":"Els experts donen resposta a les inquietuds de la ciutadania, sobre la pand\u00e8mia de COVID-19, o pand\u00e8mia de coronavirus","breadcrumb":{"@id":"https:\/\/raed.academy\/ca\/coronavirus-preguntes-i-respostes\/#breadcrumb"},"inLanguage":"ca-ES","potentialAction":[{"@type":"ReadAction","target":["https:\/\/raed.academy\/ca\/coronavirus-preguntes-i-respostes\/"]}]},{"@type":"ImageObject","inLanguage":"ca-ES","@id":"https:\/\/raed.academy\/ca\/coronavirus-preguntes-i-respostes\/#primaryimage","url":"https:\/\/raed.academy\/wp-content\/uploads\/2020\/04\/shutt_coronavirus-preguntas-respuestas.jpg","contentUrl":"https:\/\/raed.academy\/wp-content\/uploads\/2020\/04\/shutt_coronavirus-preguntas-respuestas.jpg","width":800,"height":420},{"@type":"BreadcrumbList","@id":"https:\/\/raed.academy\/ca\/coronavirus-preguntes-i-respostes\/#breadcrumb","itemListElement":[{"@type":"ListItem","position":1,"name":"Inicio","item":"https:\/\/raed.academy\/ca\/"},{"@type":"ListItem","position":2,"name":"Coronavirus des del coneixement \u00b7 Preguntes i respostes"}]},{"@type":"WebSite","@id":"https:\/\/raed.academy\/ca\/#website","url":"https:\/\/raed.academy\/ca\/","name":"Reial Acad\u00e8mia Europea de Doctors","description":"Corporaci\u00f3n de derecho p\u00fablico de car\u00e1cter cient\u00edfico, t\u00e9cnico y art\u00edstico, que tiene por objeto la investigaci\u00f3n, el estudio, el fomento y la extensi\u00f3n del conocimiento en su sentido m\u00e1s amplio","publisher":{"@id":"https:\/\/raed.academy\/ca\/#organization"},"potentialAction":[{"@type":"SearchAction","target":{"@type":"EntryPoint","urlTemplate":"https:\/\/raed.academy\/ca\/?s={search_term_string}"},"query-input":{"@type":"PropertyValueSpecification","valueRequired":true,"valueName":"search_term_string"}}],"inLanguage":"ca-ES"},{"@type":"Organization","@id":"https:\/\/raed.academy\/ca\/#organization","name":"Real Academia Europea de Doctores","url":"https:\/\/raed.academy\/ca\/","logo":{"@type":"ImageObject","inLanguage":"ca-ES","@id":"https:\/\/raed.academy\/ca\/#\/schema\/logo\/image\/","url":"https:\/\/raed.academy\/wp-content\/uploads\/2017\/01\/cropped-logo_raed.png","contentUrl":"https:\/\/raed.academy\/wp-content\/uploads\/2017\/01\/cropped-logo_raed.png","width":512,"height":512,"caption":"Real Academia Europea de Doctores"},"image":{"@id":"https:\/\/raed.academy\/ca\/#\/schema\/logo\/image\/"},"sameAs":["http:\/\/fb.me\/raed.academy","https:\/\/x.com\/raedacademy","https:\/\/www.instagram.com\/raed.academy\/","https:\/\/www.youtube.com\/channel\/UCUYQwW2KrdirNWihxMDObwg"]}]}},"_links":{"self":[{"href":"https:\/\/raed.academy\/ca\/wp-json\/wp\/v2\/pages\/89154","targetHints":{"allow":["GET"]}}],"collection":[{"href":"https:\/\/raed.academy\/ca\/wp-json\/wp\/v2\/pages"}],"about":[{"href":"https:\/\/raed.academy\/ca\/wp-json\/wp\/v2\/types\/page"}],"author":[{"embeddable":true,"href":"https:\/\/raed.academy\/ca\/wp-json\/wp\/v2\/users\/16"}],"replies":[{"embeddable":true,"href":"https:\/\/raed.academy\/ca\/wp-json\/wp\/v2\/comments?post=89154"}],"version-history":[{"count":0,"href":"https:\/\/raed.academy\/ca\/wp-json\/wp\/v2\/pages\/89154\/revisions"}],"wp:featuredmedia":[{"embeddable":true,"href":"https:\/\/raed.academy\/ca\/wp-json\/wp\/v2\/media\/89276"}],"wp:attachment":[{"href":"https:\/\/raed.academy\/ca\/wp-json\/wp\/v2\/media?parent=89154"}],"curies":[{"name":"wp","href":"https:\/\/api.w.org\/{rel}","templated":true}]}}