{"id":64409,"date":"2019-01-14T09:27:26","date_gmt":"2019-01-14T09:27:26","guid":{"rendered":"https:\/\/raed.academy\/?page_id=64409"},"modified":"2021-02-17T10:02:04","modified_gmt":"2021-02-17T10:02:04","slug":"historial-2019","status":"publish","type":"page","link":"https:\/\/raed.academy\/ca\/activitats\/historial-2019\/","title":{"rendered":"Historial d&#8217;activitats 2019"},"content":{"rendered":"<p>[et_pb_section fb_built=&#8221;1&#8243; module_id=&#8221;eventos-historial&#8221; _builder_version=&#8221;3.22.7&#8243; z_index_tablet=&#8221;500&#8243;][et_pb_row use_custom_gutter=&#8221;on&#8221; gutter_width=&#8221;1&#8243; make_equal=&#8221;on&#8221; module_class=&#8221; et_pb_row_fullwidth et_pb_row_fullwidth et_pb_row_fullwidth paginacion&#8221; _builder_version=&#8221;3.25&#8243; width=&#8221;100%&#8221; width_tablet=&#8221;80%&#8221; width_phone=&#8221;&#8221; width_last_edited=&#8221;on|desktop&#8221; max_width=&#8221;100%&#8221; max_width_tablet=&#8221;80%&#8221; max_width_phone=&#8221;&#8221; max_width_last_edited=&#8221;on|desktop&#8221; module_alignment=&#8221;center&#8221; z_index_tablet=&#8221;500&#8243; make_fullwidth=&#8221;on&#8221;][et_pb_column type=&#8221;4_4&#8243; _builder_version=&#8221;3.25&#8243; custom_padding=&#8221;|||&#8221; custom_padding__hover=&#8221;|||&#8221;][et_pb_text admin_label=&#8221;T\u00edtulo &#8211; Historial d&#8217;activitats 2019&#8243; _builder_version=&#8221;4.1&#8243; z_index_tablet=&#8221;500&#8243;]<\/p>\n<h1 style=\"font-size: 45px; text-align: center;\">Historial d&#8217;activitats 2019<\/h1>\n<p>[\/et_pb_text][\/et_pb_column][\/et_pb_row][et_pb_row column_structure=&#8221;1_4,1_4,1_4,1_4&#8243; use_custom_gutter=&#8221;on&#8221; gutter_width=&#8221;1&#8243; make_equal=&#8221;on&#8221; module_class=&#8221; et_pb_row_fullwidth et_pb_row_fullwidth et_pb_row_fullwidth paginacion&#8221; _builder_version=&#8221;3.25&#8243; width=&#8221;100%&#8221; width_tablet=&#8221;80%&#8221; width_phone=&#8221;&#8221; width_last_edited=&#8221;on|desktop&#8221; max_width=&#8221;100%&#8221; max_width_tablet=&#8221;80%&#8221; max_width_phone=&#8221;&#8221; max_width_last_edited=&#8221;on|desktop&#8221; module_alignment=&#8221;center&#8221; z_index_tablet=&#8221;500&#8243; make_fullwidth=&#8221;on&#8221;][et_pb_column type=&#8221;1_4&#8243; _builder_version=&#8221;3.25&#8243; custom_padding=&#8221;|||&#8221; custom_padding__hover=&#8221;|||&#8221;][et_pb_code admin_label=&#8221;Paginaci\u00f3n 2018&#8243; module_id=&#8221;eventos&#8221; module_class=&#8221;pgAnterior&#8221; _builder_version=&#8221;4.1&#8243; z_index_tablet=&#8221;500&#8243;]<a href=\"https:\/\/raed.academy\/ca\/activitats\/historial-2018\/\">\u276e ACTIVITATS 2018<\/a>[\/et_pb_code][\/et_pb_column][et_pb_column type=&#8221;1_4&#8243; _builder_version=&#8221;3.25&#8243; custom_padding=&#8221;|||&#8221; custom_padding__hover=&#8221;|||&#8221;][\/et_pb_column][et_pb_column type=&#8221;1_4&#8243; _builder_version=&#8221;3.25&#8243; custom_padding=&#8221;|||&#8221; custom_padding__hover=&#8221;|||&#8221;][\/et_pb_column][et_pb_column type=&#8221;1_4&#8243; _builder_version=&#8221;3.25&#8243; custom_padding=&#8221;|||&#8221; custom_padding__hover=&#8221;|||&#8221;][et_pb_code admin_label=&#8221;Paginaci\u00f3n actividades 2020&#8243; module_class=&#8221;pgSiguiente&#8221; _builder_version=&#8221;4.8.2&#8243; hover_enabled=&#8221;0&#8243; z_index_tablet=&#8221;500&#8243; sticky_enabled=&#8221;0&#8243;]<a href=\"https:\/\/raed.academy\/ca\/activitats\/\">\u00daLTIMES ACTIVITATS<i class=\"fas fa-chevron-right\"><\/i><\/a>[\/et_pb_code][\/et_pb_column][\/et_pb_row][et_pb_row use_custom_gutter=&#8221;on&#8221; gutter_width=&#8221;1&#8243; make_equal=&#8221;on&#8221; module_class=&#8221; et_pb_row_fullwidth et_pb_row_fullwidth et_pb_row_fullwidth paginacion&#8221; _builder_version=&#8221;3.25&#8243; width=&#8221;100%&#8221; width_tablet=&#8221;80%&#8221; width_phone=&#8221;&#8221; width_last_edited=&#8221;on|desktop&#8221; max_width=&#8221;100%&#8221; max_width_tablet=&#8221;80%&#8221; max_width_phone=&#8221;&#8221; max_width_last_edited=&#8221;on|desktop&#8221; module_alignment=&#8221;center&#8221; z_index_tablet=&#8221;500&#8243; make_fullwidth=&#8221;on&#8221;][et_pb_column type=&#8221;4_4&#8243; _builder_version=&#8221;3.25&#8243; custom_padding=&#8221;|||&#8221; custom_padding__hover=&#8221;|||&#8221;][et_pb_divider color=&#8221;#6b5d38&#8243; divider_weight=&#8221;2&#8243; _builder_version=&#8221;3.22.4&#8243; z_index_tablet=&#8221;500&#8243;][\/et_pb_divider][\/et_pb_column][\/et_pb_row][et_pb_row use_custom_gutter=&#8221;on&#8221; gutter_width=&#8221;2&#8243; module_class=&#8221; et_pb_row_fullwidth et_pb_row_fullwidth et_pb_row_fullwidth et_pb_row_fullwidth et_pb_row_fullwidth et_pb_row_fullwidth et_pb_row_fullwidth et_pb_row_fullwidth et_pb_row_fullwidth et_pb_row_fullwidth et_pb_row_fullwidth et_pb_row_fullwidth et_pb_row_fullwidth et_pb_row_fullwidth et_pb_row_fullwidth&#8221; _builder_version=&#8221;3.25&#8243; width=&#8221;94%&#8221; width_tablet=&#8221;80%&#8221; width_phone=&#8221;&#8221; width_last_edited=&#8221;on|desktop&#8221; max_width=&#8221;94%&#8221; max_width_tablet=&#8221;80%&#8221; max_width_phone=&#8221;&#8221; max_width_last_edited=&#8221;on|desktop&#8221; z_index_tablet=&#8221;500&#8243; make_fullwidth=&#8221;on&#8221;][et_pb_column type=&#8221;4_4&#8243; _builder_version=&#8221;3.25&#8243; custom_padding=&#8221;|||&#8221; custom_padding__hover=&#8221;|||&#8221;][et_pb_text admin_label=&#8221;Gener\/2019&#8243; _builder_version=&#8221;3.27.4&#8243; z_index_tablet=&#8221;500&#8243;]<\/p>\n<h2>GENER 2019<\/h2>\n<p>[\/et_pb_text][\/et_pb_column][\/et_pb_row][et_pb_row column_structure=&#8221;1_5,3_5,1_5&#8243; use_custom_gutter=&#8221;on&#8221; gutter_width=&#8221;1&#8243; make_equal=&#8221;on&#8221; custom_padding_last_edited=&#8221;on|desktop&#8221; module_id=&#8221;1001&#8243; module_class=&#8221;evento et_pb_row_fullwidth et_pb_row_fullwidth et_pb_row_fullwidth et_pb_row_fullwidth et_pb_row_fullwidth et_pb_row_fullwidth et_pb_row_fullwidth et_pb_row_fullwidth et_pb_row_fullwidth et_pb_row_fullwidth et_pb_row_fullwidth et_pb_row_fullwidth et_pb_row_fullwidth et_pb_row_fullwidth et_pb_row_fullwidth&#8221; _builder_version=&#8221;3.25&#8243; width=&#8221;100%&#8221; width_tablet=&#8221;100%&#8221; width_phone=&#8221;&#8221; width_last_edited=&#8221;on|desktop&#8221; max_width=&#8221;100%&#8221; max_width_tablet=&#8221;100%&#8221; max_width_phone=&#8221;&#8221; max_width_last_edited=&#8221;on|desktop&#8221; module_alignment=&#8221;center&#8221; custom_padding=&#8221;|||&#8221; custom_padding_tablet=&#8221;&#8221; custom_padding_phone=&#8221;&#8221; z_index_tablet=&#8221;500&#8243; box_shadow_style=&#8221;preset3&#8243; box_shadow_horizontal=&#8221;10px&#8221; make_fullwidth=&#8221;on&#8221;][et_pb_column type=&#8221;1_5&#8243; _builder_version=&#8221;3.25&#8243; custom_padding=&#8221;|||&#8221; custom_padding_last_edited=&#8221;off|phone&#8221; custom_padding__hover=&#8221;|||&#8221;][et_pb_code admin_label=&#8221;fecha 10\/01&#8243; module_class=&#8221;fecha-evento&#8221; _builder_version=&#8221;3.21.1&#8243; z_index_tablet=&#8221;500&#8243;]Ene<!\u2013- [et_pb_br_holder] -\u2013><!-- [et_pb_line_break_holder] -->10[\/et_pb_code][\/et_pb_column][et_pb_column type=&#8221;3_5&#8243; _builder_version=&#8221;3.25&#8243; custom_padding=&#8221;|||&#8221; custom_padding_tablet=&#8221;|||&#8221; custom_padding_phone=&#8221;&#8221; custom_padding_last_edited=&#8221;on|desktop&#8221; custom_padding__hover=&#8221;|||&#8221;][et_pb_text admin_label=&#8221;Debate laicidad Francia y Espa\u00f1a&#8221; _builder_version=&#8221;3.27.4&#8243; z_index_tablet=&#8221;500&#8243;]<\/p>\n<h3>Col\u00b7loqui-debat &#8220;La\u00efcit\u00e9 &#8211; La\u00efcitat. Dos camins diferents a Fran\u00e7a i a Espanya amb valors comuns&#8221;<\/h3>\n<p>Intervenen:<\/p>\n<ul>\n<li><strong>Manuel Valls Galfetti<\/strong>. Ex Primer Ministre de la Rep\u00fablica francesa (2014-2016)<\/li>\n<li><a href=\"https:\/\/raed.academy\/ca\/academics\/dr-joan-francesc-pont-clemente\/\" target=\"_blank\" rel=\"noopener noreferrer\"><strong>Joan Francesc Pont<\/strong><\/a>. President de la <strong>Fundaci\u00f3 Ferrer i Guardia<\/strong>. Acad\u00e8mic de N\u00famero i Membre de la Junta de Govern de la RAED<\/li>\n<li><a href=\"https:\/\/raed.academy\/ca\/academics\/dr-santiago-jose-castella-surribas\/\" target=\"_blank\" rel=\"noopener noreferrer\"><strong>Santiago Castell\u00e0<\/strong><\/a>, Professor de la URV i Acad\u00e8mic Numerari de la RAED.<\/li>\n<\/ul>\n<p>Moderador: <strong>Richard Onses<\/strong>. Acad\u00e8mic Corresponent Electe de la RAED. Esdeveniment co-organitzat amb <strong>UFE: Union des Fran\u00e7ais de l&#8217;Etranger<\/strong><\/p>\n<p>Lloc: Sala d&#8217;actes de Foment del Treball \u2013 Via Laietana, 32, Pral, Barcelona<br \/>Data: 10.01.2019 a les 19:00h.<\/p>\n<p>[\/et_pb_text][\/et_pb_column][et_pb_column type=&#8221;1_5&#8243; _builder_version=&#8221;3.25&#8243; custom_padding=&#8221;|||&#8221; custom_padding_tablet=&#8221;&#8221; custom_padding_phone=&#8221;&#8221; custom_padding_last_edited=&#8221;on|desktop&#8221; custom_padding__hover=&#8221;|||&#8221;][et_pb_gallery gallery_ids=&#8221;64637,64640,64610,64744,68267,68264,64634,64631,64619,64643&#8243; posts_number=&#8221;2&#8243; show_title_and_caption=&#8221;off&#8221; zoom_icon_color=&#8221;#6b5d38&#8243; _builder_version=&#8221;3.22.7&#8243; custom_margin=&#8221;10px|||&#8221; custom_margin_tablet=&#8221;25px|||&#8221; custom_margin_phone=&#8221;&#8221; custom_margin_last_edited=&#8221;on|desktop&#8221; z_index_tablet=&#8221;500&#8243; custom_css_gallery_item=&#8221;padding: 3px;&#8221; border_radii_image=&#8221;on|4px|4px|4px|4px&#8221; box_shadow_style_image=&#8221;preset2&#8243;][\/et_pb_gallery][\/et_pb_column][\/et_pb_row][et_pb_row column_structure=&#8221;1_5,3_5,1_5&#8243; use_custom_gutter=&#8221;on&#8221; gutter_width=&#8221;1&#8243; make_equal=&#8221;on&#8221; custom_padding_last_edited=&#8221;on|desktop&#8221; module_id=&#8221;1601&#8243; module_class=&#8221;evento et_pb_row_fullwidth et_pb_row_fullwidth et_pb_row_fullwidth et_pb_row_fullwidth et_pb_row_fullwidth et_pb_row_fullwidth et_pb_row_fullwidth et_pb_row_fullwidth et_pb_row_fullwidth et_pb_row_fullwidth et_pb_row_fullwidth et_pb_row_fullwidth et_pb_row_fullwidth et_pb_row_fullwidth&#8221; _builder_version=&#8221;3.25&#8243; width=&#8221;100%&#8221; width_tablet=&#8221;100%&#8221; width_phone=&#8221;&#8221; width_last_edited=&#8221;on|desktop&#8221; max_width=&#8221;100%&#8221; max_width_tablet=&#8221;100%&#8221; max_width_phone=&#8221;&#8221; max_width_last_edited=&#8221;on|desktop&#8221; module_alignment=&#8221;center&#8221; custom_padding=&#8221;||35px|&#8221; custom_padding_tablet=&#8221;&#8221; custom_padding_phone=&#8221;&#8221; z_index_tablet=&#8221;500&#8243; box_shadow_style=&#8221;preset3&#8243; box_shadow_horizontal=&#8221;10px&#8221; make_fullwidth=&#8221;on&#8221;][et_pb_column type=&#8221;1_5&#8243; _builder_version=&#8221;3.25&#8243; custom_padding=&#8221;||25px|20px&#8221; custom_padding_tablet=&#8221;&#8221; custom_padding_phone=&#8221;||25px|10px&#8221; custom_padding_last_edited=&#8221;on|phone&#8221; custom_padding__hover=&#8221;|||&#8221;][et_pb_code admin_label=&#8221;fecha 16\/01&#8243; module_class=&#8221;fecha-evento&#8221; _builder_version=&#8221;3.21.1&#8243; z_index_tablet=&#8221;500&#8243;]Ene<!\u2013- [et_pb_br_holder] -\u2013><!-- [et_pb_line_break_holder] -->16[\/et_pb_code][\/et_pb_column][et_pb_column type=&#8221;3_5&#8243; _builder_version=&#8221;3.25&#8243; custom_padding=&#8221;|||&#8221; custom_padding_tablet=&#8221;|||&#8221; custom_padding_phone=&#8221;&#8221; custom_padding_last_edited=&#8221;on|phone&#8221; custom_padding__hover=&#8221;|||&#8221;][et_pb_text admin_label=&#8221;Ingreso  Joaquin Callabed&#8221; _builder_version=&#8221;3.27.4&#8243; z_index_tablet=&#8221;500&#8243;]<\/p>\n<h3>Ingr\u00e9s com Acad\u00e8mic Numerari: <a href=\"https:\/\/raed.academy\/ca\/academics\/dr-joaquin-callabed-carracedo\/\" target=\"_blank\" rel=\"noopener noreferrer\">Joaqu\u00edn Callabed Carracedo<\/a>, Doctor en Medicina i Cirurgia i especialista en Pediatria<\/h3>\n<p>Discurs d&#8217;ingr\u00e9s: <a href=\"https:\/\/raed.academy\/wp-content\/uploads\/2019\/01\/discurso-ingreso-Joaquin-Callabed-Una-Mirada-a-Santiago-Ramon-y-Cajal-min.pdf\" target=\"_blank\" rel=\"noopener noreferrer\"><strong>Una mirada a Santiago Ram\u00f3n i Cajal en el seu perfil hum\u00e0 i humanista<\/strong><\/a> <br \/>Respon: <a href=\"https:\/\/raed.academy\/ca\/academics\/dr-pedro-claros-blanch\/\" target=\"_blank\" rel=\"noopener noreferrer\"><strong>Dr. Pedro Clar\u00f3s Blanch<\/strong><\/a><\/p>\n<p>Lloc: Sala d&#8217;actes de Foment del Treball \u2013 Via Laietana, 32, Pral, Barcelona <br \/>Data: 16.01.2019 a les 19:30h<\/p>\n<p>[\/et_pb_text][\/et_pb_column][et_pb_column type=&#8221;1_5&#8243; _builder_version=&#8221;3.25&#8243; custom_padding=&#8221;|||&#8221; custom_padding_tablet=&#8221;&#8221; custom_padding_phone=&#8221;&#8221; custom_padding_last_edited=&#8221;on|phone&#8221; custom_padding__hover=&#8221;|||&#8221;][et_pb_image src=&#8221;https:\/\/raed.academy\/wp-content\/uploads\/2019\/01\/ingreso-RAED-Joaquin-Callabed-1.jpg&#8221; show_in_lightbox=&#8221;on&#8221; use_overlay=&#8221;on&#8221; overlay_icon_color=&#8221;#6b5d38&#8243; align=&#8221;center&#8221; force_fullwidth=&#8221;on&#8221; align_tablet=&#8221;center&#8221; align_phone=&#8221;&#8221; align_last_edited=&#8221;on|desktop&#8221; _builder_version=&#8221;3.23&#8243; module_alignment=&#8221;center&#8221; custom_margin=&#8221;10px|||&#8221; custom_margin_tablet=&#8221;25px|||&#8221; custom_margin_phone=&#8221;&#8221; custom_margin_last_edited=&#8221;on|desktop&#8221; z_index_tablet=&#8221;500&#8243; border_radii=&#8221;on|4px|4px|4px|4px&#8221; box_shadow_style=&#8221;preset2&#8243; box_shadow_horizontal=&#8221;12px&#8221; box_shadow_vertical=&#8221;12px&#8221;][\/et_pb_image][\/et_pb_column][\/et_pb_row][et_pb_row column_structure=&#8221;1_5,3_5,1_5&#8243; use_custom_gutter=&#8221;on&#8221; gutter_width=&#8221;1&#8243; make_equal=&#8221;on&#8221; module_id=&#8221;2901&#8243; module_class=&#8221;evento et_pb_row_fullwidth et_pb_row_fullwidth et_pb_row_fullwidth et_pb_row_fullwidth et_pb_row_fullwidth et_pb_row_fullwidth et_pb_row_fullwidth et_pb_row_fullwidth et_pb_row_fullwidth et_pb_row_fullwidth et_pb_row_fullwidth et_pb_row_fullwidth et_pb_row_fullwidth et_pb_row_fullwidth et_pb_row_fullwidth&#8221; _builder_version=&#8221;3.25&#8243; width=&#8221;100%&#8221; width_tablet=&#8221;100%&#8221; width_phone=&#8221;&#8221; width_last_edited=&#8221;on|desktop&#8221; max_width=&#8221;100%&#8221; max_width_tablet=&#8221;100%&#8221; max_width_phone=&#8221;&#8221; max_width_last_edited=&#8221;on|desktop&#8221; module_alignment=&#8221;center&#8221; z_index_tablet=&#8221;500&#8243; border_radii=&#8221;on|3px|3px|3px|3px&#8221; box_shadow_style=&#8221;preset3&#8243; box_shadow_horizontal=&#8221;10px&#8221; make_fullwidth=&#8221;on&#8221;][et_pb_column type=&#8221;1_5&#8243; _builder_version=&#8221;3.25&#8243; custom_padding=&#8221;|||&#8221; custom_padding_last_edited=&#8221;off|desktop&#8221; custom_padding__hover=&#8221;|||&#8221;][et_pb_code admin_label=&#8221;fecha 29\/01&#8243; module_class=&#8221;fecha-evento&#8221; _builder_version=&#8221;3.21.1&#8243; z_index_tablet=&#8221;500&#8243;]Gen<!\u2013- [et_pb_br_holder] -\u2013><!-- [et_pb_line_break_holder] -->29[\/et_pb_code][\/et_pb_column][et_pb_column type=&#8221;3_5&#8243; _builder_version=&#8221;3.25&#8243; custom_padding=&#8221;|||&#8221; custom_padding_tablet=&#8221;|||&#8221; custom_padding_phone=&#8221;&#8221; custom_padding_last_edited=&#8221;on|phone&#8221; custom_padding__hover=&#8221;|||&#8221;][et_pb_text admin_label=&#8221;Ingr\u00e9s Joan Massons i Rabassa&#8221; _builder_version=&#8221;3.27.4&#8243; z_index_tablet=&#8221;500&#8243;]<\/p>\n<h3>Ingr\u00e9s com Acad\u00e8mic Numerari: <a href=\"https:\/\/raed.academy\/ca\/academics\/dr-joan-massons-rabassa\/\" target=\"_blank\" rel=\"noopener noreferrer\">Joan Massons i Rabassa<\/a>, Doctor en Administraci\u00f3 i Direcci\u00f3 d&#8217;Empreses<\/h3>\n<p>Discurs d&#8217;ingr\u00e9s: <a href=\"https:\/\/raed.academy\/wp-content\/uploads\/2019\/01\/discurso-ingreso-Joan-Massons-Rabassa-Paradigmas-Financieros-comp.pdf\" target=\"_blank\" rel=\"noopener noreferrer\"><strong>Paradigmas financieros en tela de juicio<\/strong><\/a><br \/>Discurs de resposta a c\u00e0rrec de <strong><a href=\"https:\/\/raed.academy\/ca\/academics\/dr-jose-maria-gay-de-liebana-saludas\/\" target=\"_blank\" rel=\"noopener noreferrer\">Jos\u00e9 Mar\u00eda Gay de Li\u00e9bana<\/a><\/strong>, Doctor en Econ\u00f2miques i Dret<\/p>\n<p>Lloc: Sala d&#8217;actes de Foment del Treball &#8211; Via Laietana, 32, Pral, Barcelona<br \/>Data: 2019.01.29 a les 19: 00h<\/p>\n<p>[\/et_pb_text][\/et_pb_column][et_pb_column type=&#8221;1_5&#8243; _builder_version=&#8221;3.25&#8243; custom_padding=&#8221;|||&#8221; custom_padding_tablet=&#8221;&#8221; custom_padding_phone=&#8221;&#8221; custom_padding_last_edited=&#8221;on|phone&#8221; custom_padding__hover=&#8221;|||&#8221;][et_pb_image src=&#8221;https:\/\/raed.academy\/wp-content\/uploads\/2019\/01\/ingreso-RAED-Joan-Massons-Rabassa-52.jpg&#8221; show_in_lightbox=&#8221;on&#8221; use_overlay=&#8221;on&#8221; overlay_icon_color=&#8221;#6b5d38&#8243; align=&#8221;center&#8221; force_fullwidth=&#8221;on&#8221; align_tablet=&#8221;center&#8221; align_phone=&#8221;&#8221; align_last_edited=&#8221;on|desktop&#8221; _builder_version=&#8221;3.23&#8243; module_alignment=&#8221;center&#8221; custom_margin=&#8221;10px|||&#8221; custom_margin_tablet=&#8221;25px|||&#8221; custom_margin_phone=&#8221;&#8221; custom_margin_last_edited=&#8221;on|desktop&#8221; z_index_tablet=&#8221;500&#8243; border_radii=&#8221;on|4px|4px|4px|4px&#8221; box_shadow_style=&#8221;preset2&#8243; box_shadow_horizontal=&#8221;12px&#8221; box_shadow_vertical=&#8221;12px&#8221;][\/et_pb_image][\/et_pb_column][\/et_pb_row][et_pb_row _builder_version=&#8221;3.25&#8243; background_size=&#8221;initial&#8221; background_position=&#8221;top_left&#8221; background_repeat=&#8221;repeat&#8221;][et_pb_column type=&#8221;4_4&#8243; _builder_version=&#8221;3.25&#8243; custom_padding=&#8221;|||&#8221; custom_padding__hover=&#8221;|||&#8221;][et_pb_text admin_label=&#8221;Texto &#8211; febrero\/2019&#8243; _builder_version=&#8221;3.27.4&#8243; z_index_tablet=&#8221;500&#8243;]<\/p>\n<h2>FEBRER 2019<\/h2>\n<p>[\/et_pb_text][\/et_pb_column][\/et_pb_row][et_pb_row column_structure=&#8221;1_5,3_5,1_5&#8243; use_custom_gutter=&#8221;on&#8221; gutter_width=&#8221;1&#8243; make_equal=&#8221;on&#8221; module_id=&#8221;0702&#8243; module_class=&#8221;evento et_pb_row_fullwidth et_pb_row_fullwidth et_pb_row_fullwidth et_pb_row_fullwidth et_pb_row_fullwidth et_pb_row_fullwidth et_pb_row_fullwidth et_pb_row_fullwidth et_pb_row_fullwidth et_pb_row_fullwidth et_pb_row_fullwidth et_pb_row_fullwidth et_pb_row_fullwidth et_pb_row_fullwidth et_pb_row_fullwidth&#8221; _builder_version=&#8221;3.25&#8243; width=&#8221;100%&#8221; width_tablet=&#8221;100%&#8221; width_phone=&#8221;&#8221; width_last_edited=&#8221;on|desktop&#8221; max_width=&#8221;100%&#8221; max_width_tablet=&#8221;100%&#8221; max_width_phone=&#8221;&#8221; max_width_last_edited=&#8221;on|desktop&#8221; module_alignment=&#8221;center&#8221; z_index_tablet=&#8221;500&#8243; border_radii=&#8221;on|3px|3px|3px|3px&#8221; box_shadow_style=&#8221;preset3&#8243; box_shadow_horizontal=&#8221;10px&#8221; make_fullwidth=&#8221;on&#8221;][et_pb_column type=&#8221;1_5&#8243; _builder_version=&#8221;3.25&#8243; custom_padding=&#8221;|||&#8221; custom_padding_last_edited=&#8221;off|desktop&#8221; custom_padding__hover=&#8221;|||&#8221;][et_pb_code admin_label=&#8221;fecha 7\/02&#8243; module_class=&#8221;fecha-evento&#8221; _builder_version=&#8221;3.22.7&#8243; z_index_tablet=&#8221;500&#8243;]Feb<!\u2013- [et_pb_br_holder] -\u2013><!-- [et_pb_line_break_holder] -->7[\/et_pb_code][\/et_pb_column][et_pb_column type=&#8221;3_5&#8243; _builder_version=&#8221;3.25&#8243; custom_padding=&#8221;|||&#8221; custom_padding_tablet=&#8221;|||&#8221; custom_padding_phone=&#8221;&#8221; custom_padding_last_edited=&#8221;on|phone&#8221; custom_padding__hover=&#8221;|||&#8221;][et_pb_text admin_label=&#8221;Ingr\u00e9s Ramon M. Soldevila de Monteys&#8221; _builder_version=&#8221;3.27.4&#8243; z_index_tablet=&#8221;500&#8243;]<\/p>\n<h3>Ingr\u00e9s com Acad\u00e8mic Corresponent: <a href=\"https:\/\/raed.academy\/ca\/academics\/dr-ramon-maria-soldevila-de-monteys\/\" target=\"_blank\" rel=\"noopener noreferrer\">Ramon M. Soldevila de Monteys<\/a>, Dr. en Ci\u00e8ncies Econ\u00f2miques i Empresarials<\/h3>\n<p>Discurs d\u2019ingr\u00e9s: <strong><a href=\"https:\/\/raed.academy\/wp-content\/uploads\/2019\/01\/discurso-ingreso-Ramon-M-Soldevila-de-Monteys-Contabilidad-y-adaptaciones-comp.pdf\" target=\"_blank\" rel=\"noopener noreferrer\">La contabilidad y sus adaptaciones sectoriales. El caso especial del sector hotelero<\/a><br \/><\/strong>Respon: <strong><a href=\"https:\/\/raed.academy\/ca\/academics\/dr-joan-francesc-corona-ramon\/\" target=\"_blank\" rel=\"noopener noreferrer\">Juan F. Corona Ramon<\/a><\/strong>, Dr. en Ci\u00e8ncies Econ\u00f2miques i Empresarials<\/p>\n<p>Lloc: Sala d\u2019actes de Foment del Treball \u2013 Via Laietana, 32, Pral, Barcelona<br \/>Data: 7.02.2019<\/p>\n<p>[\/et_pb_text][\/et_pb_column][et_pb_column type=&#8221;1_5&#8243; _builder_version=&#8221;3.25&#8243; custom_padding=&#8221;|||&#8221; custom_padding_tablet=&#8221;&#8221; custom_padding_phone=&#8221;&#8221; custom_padding_last_edited=&#8221;on|phone&#8221; custom_padding__hover=&#8221;|||&#8221;][et_pb_image src=&#8221;https:\/\/raed.academy\/wp-content\/uploads\/2019\/02\/acto-ingreso-Ramon-Maria-Soldevila-de-Monteys-11.jpg&#8221; show_in_lightbox=&#8221;on&#8221; use_overlay=&#8221;on&#8221; overlay_icon_color=&#8221;#6b5d38&#8243; align=&#8221;center&#8221; force_fullwidth=&#8221;on&#8221; align_tablet=&#8221;center&#8221; align_phone=&#8221;&#8221; align_last_edited=&#8221;on|desktop&#8221; _builder_version=&#8221;3.23&#8243; module_alignment=&#8221;center&#8221; custom_margin=&#8221;10px|||&#8221; custom_margin_tablet=&#8221;25px|||&#8221; custom_margin_phone=&#8221;&#8221; custom_margin_last_edited=&#8221;on|desktop&#8221; z_index_tablet=&#8221;500&#8243; border_radii=&#8221;on|4px|4px|4px|4px&#8221; box_shadow_style=&#8221;preset2&#8243; box_shadow_horizontal=&#8221;12px&#8221; box_shadow_vertical=&#8221;12px&#8221;][\/et_pb_image][\/et_pb_column][\/et_pb_row][et_pb_row column_structure=&#8221;1_5,3_5,1_5&#8243; use_custom_gutter=&#8221;on&#8221; gutter_width=&#8221;1&#8243; make_equal=&#8221;on&#8221; module_id=&#8221;1402&#8243; module_class=&#8221;evento et_pb_row_fullwidth et_pb_row_fullwidth et_pb_row_fullwidth et_pb_row_fullwidth et_pb_row_fullwidth et_pb_row_fullwidth et_pb_row_fullwidth et_pb_row_fullwidth et_pb_row_fullwidth et_pb_row_fullwidth et_pb_row_fullwidth et_pb_row_fullwidth et_pb_row_fullwidth et_pb_row_fullwidth et_pb_row_fullwidth&#8221; _builder_version=&#8221;3.25&#8243; width=&#8221;100%&#8221; width_tablet=&#8221;100%&#8221; width_phone=&#8221;&#8221; width_last_edited=&#8221;on|desktop&#8221; max_width=&#8221;100%&#8221; max_width_tablet=&#8221;100%&#8221; max_width_phone=&#8221;&#8221; max_width_last_edited=&#8221;on|desktop&#8221; module_alignment=&#8221;center&#8221; z_index_tablet=&#8221;500&#8243; border_radii=&#8221;on|3px|3px|3px|3px&#8221; box_shadow_style=&#8221;preset3&#8243; box_shadow_horizontal=&#8221;10px&#8221; make_fullwidth=&#8221;on&#8221;][et_pb_column type=&#8221;1_5&#8243; _builder_version=&#8221;3.25&#8243; custom_padding=&#8221;|||&#8221; custom_padding_last_edited=&#8221;off|desktop&#8221; custom_padding__hover=&#8221;|||&#8221;][et_pb_code admin_label=&#8221;fecha 14\/02&#8243; module_class=&#8221;fecha-evento&#8221; _builder_version=&#8221;3.21.1&#8243; z_index_tablet=&#8221;500&#8243;]Feb<!\u2013- [et_pb_br_holder] -\u2013><!-- [et_pb_line_break_holder] -->14[\/et_pb_code][\/et_pb_column][et_pb_column type=&#8221;3_5&#8243; _builder_version=&#8221;3.25&#8243; custom_padding=&#8221;|||&#8221; custom_padding_tablet=&#8221;|||&#8221; custom_padding_phone=&#8221;&#8221; custom_padding_last_edited=&#8221;on|phone&#8221; custom_padding__hover=&#8221;|||&#8221;][et_pb_text admin_label=&#8221;Ingr\u00e9s Richard Onses&#8221; _builder_version=&#8221;3.27.4&#8243; z_index_tablet=&#8221;500&#8243;]<\/p>\n<h3>Ingr\u00e9s como Acad\u00e8mic Corresponent: <a href=\"https:\/\/raed.academy\/ca\/academics\/dr-richard-onses\/\" target=\"_blank\" rel=\"noopener noreferrer\">Richard Onses<\/a><\/h3>\n<p>Discurs d&#8217;ingr\u00e9s: <a href=\"https:\/\/raed.academy\/wp-content\/uploads\/2019\/02\/discurso-ingreso-RAED-Richard-Onses-La-logica-difusa-cmp.pdf\" target=\"_blank\" rel=\"noopener noreferrer\"><strong>&#8220;La l\u00f3gica difusa en la decisi\u00f3n de inversi\u00f3n empresarial frente al riesgo: 20 a\u00f1os entre la investigaci\u00f3n pura y la aplicada&#8221;<\/strong><\/a> <br \/>Respon: <a href=\"https:\/\/raed.academy\/ca\/academics\/dr-joan-francesc-pont-clemente\/\" target=\"_blank\" rel=\"noopener noreferrer\"><strong>Dr. Joan Francesc Pont<\/strong><\/a><\/p>\n<p>Lloc: Sala d&#8217;actes de Foment del Treball \u2013 Via Laietana, 32, Pral, Barcelona <br \/>Data: 14.02.2019 a les 19:30h<\/p>\n<p>[\/et_pb_text][\/et_pb_column][et_pb_column type=&#8221;1_5&#8243; _builder_version=&#8221;3.25&#8243; custom_padding=&#8221;|||&#8221; custom_padding_tablet=&#8221;&#8221; custom_padding_phone=&#8221;&#8221; custom_padding_last_edited=&#8221;on|phone&#8221; custom_padding__hover=&#8221;|||&#8221;][et_pb_image src=&#8221;https:\/\/raed.academy\/wp-content\/uploads\/2019\/02\/acto-ingreso-RAED-Dr-Richard-Onses-1.jpg&#8221; show_in_lightbox=&#8221;on&#8221; use_overlay=&#8221;on&#8221; overlay_icon_color=&#8221;#6b5d38&#8243; align=&#8221;center&#8221; force_fullwidth=&#8221;on&#8221; align_tablet=&#8221;center&#8221; align_phone=&#8221;&#8221; align_last_edited=&#8221;on|desktop&#8221; _builder_version=&#8221;3.23&#8243; module_alignment=&#8221;center&#8221; custom_margin=&#8221;10px|||&#8221; custom_margin_tablet=&#8221;25px|||&#8221; custom_margin_phone=&#8221;&#8221; custom_margin_last_edited=&#8221;on|desktop&#8221; z_index_tablet=&#8221;500&#8243; border_radii=&#8221;on|4px|4px|4px|4px&#8221; box_shadow_style=&#8221;preset2&#8243;][\/et_pb_image][\/et_pb_column][\/et_pb_row][et_pb_row column_structure=&#8221;1_5,3_5,1_5&#8243; use_custom_gutter=&#8221;on&#8221; gutter_width=&#8221;1&#8243; make_equal=&#8221;on&#8221; module_id=&#8221;1502&#8243; module_class=&#8221;evento et_pb_row_fullwidth et_pb_row_fullwidth et_pb_row_fullwidth et_pb_row_fullwidth et_pb_row_fullwidth et_pb_row_fullwidth et_pb_row_fullwidth et_pb_row_fullwidth et_pb_row_fullwidth et_pb_row_fullwidth et_pb_row_fullwidth et_pb_row_fullwidth et_pb_row_fullwidth et_pb_row_fullwidth et_pb_row_fullwidth&#8221; _builder_version=&#8221;3.25&#8243; width=&#8221;100%&#8221; width_tablet=&#8221;100%&#8221; width_phone=&#8221;&#8221; width_last_edited=&#8221;on|desktop&#8221; max_width=&#8221;100%&#8221; max_width_tablet=&#8221;100%&#8221; max_width_phone=&#8221;&#8221; max_width_last_edited=&#8221;on|desktop&#8221; module_alignment=&#8221;center&#8221; z_index_tablet=&#8221;500&#8243; border_radii=&#8221;on|3px|3px|3px|3px&#8221; box_shadow_style=&#8221;preset3&#8243; box_shadow_horizontal=&#8221;10px&#8221; make_fullwidth=&#8221;on&#8221;][et_pb_column type=&#8221;1_5&#8243; _builder_version=&#8221;3.25&#8243; custom_padding=&#8221;|||&#8221; custom_padding_last_edited=&#8221;off|desktop&#8221; custom_padding__hover=&#8221;|||&#8221;][et_pb_code admin_label=&#8221;fecha 15\/02&#8243; module_class=&#8221;fecha-evento&#8221; _builder_version=&#8221;3.21.1&#8243; z_index_tablet=&#8221;500&#8243;]Feb<!\u2013- [et_pb_br_holder] -\u2013><!-- [et_pb_line_break_holder] -->15[\/et_pb_code][\/et_pb_column][et_pb_column type=&#8221;3_5&#8243; _builder_version=&#8221;3.25&#8243; custom_padding=&#8221;|45px||&#8221; custom_padding_tablet=&#8221;|20px||&#8221; custom_padding_phone=&#8221;&#8221; custom_padding_last_edited=&#8221;on|desktop&#8221; custom_padding__hover=&#8221;|||&#8221;][et_pb_text admin_label=&#8221;Vichy Catalan&#8221; _builder_version=&#8221;4.3.2&#8243; z_index_tablet=&#8221;500&#8243;]<\/p>\n<h3>Acte acad\u00e8mic al balneari Vichy Catal\u00e0 &#8211; Caldes de Malavella<\/h3>\n<p>Entre altres activitats, l&#8217;Acte Acad\u00e8mic t\u00e9 com a principal prop\u00f2sit la realitzaci\u00f3 d&#8217;una s\u00e8rie de confer\u00e8ncies cient\u00edfiques multidisciplin\u00e0ries, al balneari Vichy Catal\u00e0, a c\u00e0rrec de diferents Acad\u00e8mics i col\u00b7laboradors de la RAED.<\/p>\n<p>Data: del 15.02.2019 al 17.02.2019<\/p>\n<h3><a href=\"https:\/\/raed.academy\/wp-content\/uploads\/2020\/02\/programa-acto-academico-Vichy-Catalan-2019-compr-v2.pdf\" target=\"_blank\" rel=\"noopener noreferrer\">Descarregar programa<\/a><\/h3>\n<p>[\/et_pb_text][\/et_pb_column][et_pb_column type=&#8221;1_5&#8243; _builder_version=&#8221;3.25&#8243; custom_padding=&#8221;|20px||&#8221; custom_padding_tablet=&#8221;&#8221; custom_padding_phone=&#8221;&#8221; custom_padding_last_edited=&#8221;on|phone&#8221; custom_padding__hover=&#8221;|||&#8221;][et_pb_gallery gallery_ids=&#8221;63824,67296,67299,67305,67308,67311,67314,67317,67320,67323,67326,67329,67332,67335,67338,67341,67344,67347,67350,67353,67356,67359,67362,67365,67368,67371,67374,67377,67380&#8243; posts_number=&#8221;1&#8243; show_title_and_caption=&#8221;off&#8221; show_pagination=&#8221;off&#8221; zoom_icon_color=&#8221;#6b5d38&#8243; _builder_version=&#8221;3.21.1&#8243; custom_margin=&#8221;10px|||&#8221; custom_margin_tablet=&#8221;25px|||&#8221; custom_margin_phone=&#8221;&#8221; custom_margin_last_edited=&#8221;on|desktop&#8221; z_index_tablet=&#8221;500&#8243; border_radii_image=&#8221;on|4px|4px|4px|4px&#8221; box_shadow_style_image=&#8221;preset2&#8243;][\/et_pb_gallery][\/et_pb_column][\/et_pb_row][et_pb_row _builder_version=&#8221;3.25&#8243; background_size=&#8221;initial&#8221; background_position=&#8221;top_left&#8221; background_repeat=&#8221;repeat&#8221;][et_pb_column type=&#8221;4_4&#8243; _builder_version=&#8221;3.25&#8243; custom_padding=&#8221;|||&#8221; custom_padding__hover=&#8221;|||&#8221;][et_pb_text admin_label=&#8221;mar\u00e7\/2019&#8243; _builder_version=&#8221;3.27.4&#8243; z_index_tablet=&#8221;500&#8243;]<\/p>\n<h2>MAR\u00c7 2019<\/h2>\n<p>[\/et_pb_text][\/et_pb_column][\/et_pb_row][et_pb_row column_structure=&#8221;1_5,3_5,1_5&#8243; use_custom_gutter=&#8221;on&#8221; gutter_width=&#8221;1&#8243; make_equal=&#8221;on&#8221; module_id=&#8221;0103&#8243; module_class=&#8221;evento et_pb_row_fullwidth et_pb_row_fullwidth et_pb_row_fullwidth et_pb_row_fullwidth et_pb_row_fullwidth et_pb_row_fullwidth et_pb_row_fullwidth et_pb_row_fullwidth et_pb_row_fullwidth et_pb_row_fullwidth et_pb_row_fullwidth et_pb_row_fullwidth et_pb_row_fullwidth et_pb_row_fullwidth et_pb_row_fullwidth&#8221; _builder_version=&#8221;3.25&#8243; width=&#8221;100%&#8221; width_tablet=&#8221;100%&#8221; width_phone=&#8221;&#8221; width_last_edited=&#8221;on|desktop&#8221; max_width=&#8221;100%&#8221; max_width_tablet=&#8221;100%&#8221; max_width_phone=&#8221;&#8221; max_width_last_edited=&#8221;on|desktop&#8221; module_alignment=&#8221;center&#8221; z_index_tablet=&#8221;500&#8243; border_radii=&#8221;on|3px|3px|3px|3px&#8221; box_shadow_style=&#8221;preset3&#8243; box_shadow_horizontal=&#8221;10px&#8221; make_fullwidth=&#8221;on&#8221;][et_pb_column type=&#8221;1_5&#8243; _builder_version=&#8221;3.25&#8243; custom_padding=&#8221;|||&#8221; custom_padding_last_edited=&#8221;off|desktop&#8221; custom_padding__hover=&#8221;|||&#8221;][et_pb_code admin_label=&#8221;fecha 1\/03&#8243; module_class=&#8221;fecha-evento&#8221; _builder_version=&#8221;3.22.7&#8243; z_index_tablet=&#8221;500&#8243;]Mar<!\u2013- [et_pb_br_holder] -\u2013><!-- [et_pb_line_break_holder] -->1[\/et_pb_code][\/et_pb_column][et_pb_column type=&#8221;3_5&#8243; _builder_version=&#8221;3.25&#8243; custom_padding=&#8221;|||&#8221; custom_padding_tablet=&#8221;|||&#8221; custom_padding_phone=&#8221;&#8221; custom_padding_last_edited=&#8221;on|desktop&#8221; custom_padding__hover=&#8221;|||&#8221;][et_pb_text admin_label=&#8221;Festa Veneciana al Palau Pignatelli&#8221; _builder_version=&#8221;3.27.4&#8243; z_index_tablet=&#8221;500&#8243;]<\/p>\n<h3>Festa Veneciana al Palau Pignatelli<\/h3>\n<h4>Sopar, concert de Carnaval i ball de m\u00e0scares<\/h4>\n<p>Organitza: <a href=\"http:\/\/www.reialcercleartistic.cat\/\" target=\"_blank\" rel=\"noopener noreferrer\"><strong>Reial Cercle Art\u00edstic de Barcelona<\/strong><\/a> i la <strong>Reial Acad\u00e8mia Europea de Doctors<\/strong><\/p>\n<p>Preu: 40\u20ac<\/p>\n<p>Lloc: Reial Cercle Art\u00edstic de Barcelona, Carrer dels Arcs, 5 &#8211; 08002 Barcelona<br \/>Data: 01.03.2019 a les 20:30h<\/p>\n<p>[\/et_pb_text][\/et_pb_column][et_pb_column type=&#8221;1_5&#8243; _builder_version=&#8221;3.25&#8243; custom_padding=&#8221;|||&#8221; custom_padding_tablet=&#8221;&#8221; custom_padding_phone=&#8221;&#8221; custom_padding_last_edited=&#8221;on|phone&#8221; custom_padding__hover=&#8221;|||&#8221;][et_pb_image src=&#8221;https:\/\/raed.academy\/wp-content\/uploads\/2019\/03\/2019-03-01-baile-de-mascaras-Real-Circulo-Artistico-esp-comp.jpg&#8221; show_in_lightbox=&#8221;on&#8221; use_overlay=&#8221;on&#8221; overlay_icon_color=&#8221;#6b5d38&#8243; align=&#8221;center&#8221; force_fullwidth=&#8221;on&#8221; align_tablet=&#8221;center&#8221; align_phone=&#8221;&#8221; align_last_edited=&#8221;on|desktop&#8221; _builder_version=&#8221;3.23&#8243; module_alignment=&#8221;center&#8221; custom_margin=&#8221;10px|||&#8221; custom_margin_tablet=&#8221;25px|||&#8221; custom_margin_phone=&#8221;&#8221; custom_margin_last_edited=&#8221;on|desktop&#8221; z_index_tablet=&#8221;500&#8243; border_radii=&#8221;on|4px|4px|4px|4px&#8221; box_shadow_style=&#8221;preset2&#8243;][\/et_pb_image][\/et_pb_column][\/et_pb_row][et_pb_row column_structure=&#8221;1_5,3_5,1_5&#8243; use_custom_gutter=&#8221;on&#8221; gutter_width=&#8221;1&#8243; make_equal=&#8221;on&#8221; module_id=&#8221;1103&#8243; module_class=&#8221;evento et_pb_row_fullwidth et_pb_row_fullwidth et_pb_row_fullwidth et_pb_row_fullwidth et_pb_row_fullwidth et_pb_row_fullwidth et_pb_row_fullwidth et_pb_row_fullwidth et_pb_row_fullwidth et_pb_row_fullwidth et_pb_row_fullwidth et_pb_row_fullwidth et_pb_row_fullwidth et_pb_row_fullwidth et_pb_row_fullwidth&#8221; _builder_version=&#8221;3.25&#8243; width=&#8221;100%&#8221; width_tablet=&#8221;100%&#8221; width_phone=&#8221;&#8221; width_last_edited=&#8221;on|desktop&#8221; max_width=&#8221;100%&#8221; max_width_tablet=&#8221;100%&#8221; max_width_phone=&#8221;&#8221; max_width_last_edited=&#8221;on|desktop&#8221; module_alignment=&#8221;center&#8221; z_index_tablet=&#8221;500&#8243; border_radii=&#8221;on|3px|3px|3px|3px&#8221; box_shadow_style=&#8221;preset3&#8243; box_shadow_horizontal=&#8221;10px&#8221; make_fullwidth=&#8221;on&#8221;][et_pb_column type=&#8221;1_5&#8243; _builder_version=&#8221;3.25&#8243; custom_padding=&#8221;|||&#8221; custom_padding_last_edited=&#8221;off|desktop&#8221; custom_padding__hover=&#8221;|||&#8221;][et_pb_code admin_label=&#8221;fecha 11\/03&#8243; module_class=&#8221;fecha-evento&#8221; _builder_version=&#8221;3.21.1&#8243; z_index_tablet=&#8221;500&#8243;]Mar<!\u2013- [et_pb_br_holder] -\u2013><!-- [et_pb_line_break_holder] -->11[\/et_pb_code][\/et_pb_column][et_pb_column type=&#8221;3_5&#8243; _builder_version=&#8221;3.25&#8243; custom_padding=&#8221;|45px||&#8221; custom_padding_tablet=&#8221;|20px||&#8221; custom_padding_phone=&#8221;&#8221; custom_padding_last_edited=&#8221;on|desktop&#8221; custom_padding__hover=&#8221;|||&#8221;][et_pb_text admin_label=&#8221;Ingr\u00e9s Germans Roca&#8221; _builder_version=&#8221;3.27.4&#8243; z_index_tablet=&#8221;500&#8243;]<\/p>\n<h3>Ingr\u00e9s com Acad\u00e8mics d\u2019Honor: <a href=\"https:\/\/raed.academy\/academicos\/sr-joan-roca-fontane\/\" target=\"_blank\" rel=\"noopener noreferrer\"><strong>Joan Roca i Fontan\u00e9<\/strong><\/a>, <a href=\"https:\/\/raed.academy\/academicos\/sr-josep-roca-fontane\/\" target=\"_blank\" rel=\"noopener noreferrer\"><strong>Josep Roca i Fontan\u00e9<\/strong><\/a> i <a href=\"https:\/\/raed.academy\/academicos\/sr-jordi-roca-fontane\/\" target=\"_blank\" rel=\"noopener noreferrer\"><strong>Jordi Roca i Fontan\u00e9<\/strong><\/a><\/h3>\n<p>Discurs d\u2019ingr\u00e9s: <a href=\"https:\/\/raed.academy\/wp-content\/uploads\/2019\/03\/discurso-ingreso-Hermanos-Roca-De-la-Tierra-a-la-Luna-compr.pdf\" target=\"_blank\" rel=\"noopener noreferrer\"><strong>\u201cDe la Tierra a la Luna\u201d<\/strong><\/a><br \/>Responen, respectivament: <a href=\"https:\/\/raed.academy\/ca\/academics\/dr-jose-ramon-calvo-fernandez\/\" target=\"_blank\" rel=\"noopener noreferrer\" data-cke-saved-href=\"https:\/\/raed.academy\/ca\/academics\/dr-jose-ramon-calvo-fernandez\/\"><strong>Dr. Jos\u00e9 Ram\u00f3n Calvo<\/strong><\/a>, <a href=\"https:\/\/raed.academy\/ca\/academics\/dr-joan-francesc-corona-ramon\/\" target=\"_blank\" rel=\"noopener noreferrer\" data-cke-saved-href=\"https:\/\/raed.academy\/ca\/academics\/dr-joan-francesc-corona-ramon\/\"><strong>Dr. Juan Francisco Corona<\/strong><\/a> y <a href=\"https:\/\/raed.academy\/ca\/academics\/dr-santiago-jose-castella-surribas\/\" target=\"_blank\" rel=\"noopener noreferrer\" data-cke-saved-href=\"https:\/\/raed.academy\/ca\/academics\/dr-santiago-jose-castella-surribas\/\"><strong>Dr. Santiago Castell\u00e1<\/strong><\/a><\/p>\n<p>Lloc: Sala d\u2019actes de Foment del Treball \u2013 Via Laietana, 32, Pral, Barcelona<br \/>Data: 11.03.2019 a les 19:00h<\/p>\n<p>[\/et_pb_text][\/et_pb_column][et_pb_column type=&#8221;1_5&#8243; _builder_version=&#8221;3.25&#8243; custom_padding=&#8221;|20px||&#8221; custom_padding_tablet=&#8221;&#8221; custom_padding_phone=&#8221;&#8221; custom_padding_last_edited=&#8221;on|phone&#8221; custom_padding__hover=&#8221;|||&#8221;][et_pb_gallery gallery_ids=&#8221;68355,68358,68361,68367,68370,68381,68402,68405,68415&#8243; posts_number=&#8221;1&#8243; show_title_and_caption=&#8221;off&#8221; show_pagination=&#8221;off&#8221; zoom_icon_color=&#8221;#6b5d38&#8243; _builder_version=&#8221;3.21.1&#8243; custom_margin=&#8221;10px|||&#8221; custom_margin_tablet=&#8221;25px|||&#8221; custom_margin_phone=&#8221;&#8221; custom_margin_last_edited=&#8221;on|desktop&#8221; z_index_tablet=&#8221;500&#8243; border_radii_image=&#8221;on|4px|4px|4px|4px&#8221; box_shadow_style_image=&#8221;preset2&#8243;][\/et_pb_gallery][\/et_pb_column][\/et_pb_row][et_pb_row column_structure=&#8221;1_5,3_5,1_5&#8243; use_custom_gutter=&#8221;on&#8221; gutter_width=&#8221;1&#8243; make_equal=&#8221;on&#8221; module_id=&#8221;1903&#8243; module_class=&#8221;evento et_pb_row_fullwidth et_pb_row_fullwidth et_pb_row_fullwidth et_pb_row_fullwidth et_pb_row_fullwidth et_pb_row_fullwidth et_pb_row_fullwidth et_pb_row_fullwidth et_pb_row_fullwidth et_pb_row_fullwidth et_pb_row_fullwidth et_pb_row_fullwidth et_pb_row_fullwidth et_pb_row_fullwidth et_pb_row_fullwidth&#8221; _builder_version=&#8221;3.25&#8243; width=&#8221;100%&#8221; width_tablet=&#8221;100%&#8221; width_phone=&#8221;&#8221; width_last_edited=&#8221;on|desktop&#8221; max_width=&#8221;100%&#8221; max_width_tablet=&#8221;100%&#8221; max_width_phone=&#8221;&#8221; max_width_last_edited=&#8221;on|desktop&#8221; module_alignment=&#8221;center&#8221; z_index_tablet=&#8221;500&#8243; border_radii=&#8221;on|3px|3px|3px|3px&#8221; box_shadow_style=&#8221;preset3&#8243; box_shadow_horizontal=&#8221;10px&#8221; make_fullwidth=&#8221;on&#8221;][et_pb_column type=&#8221;1_5&#8243; _builder_version=&#8221;3.25&#8243; custom_padding=&#8221;|||&#8221; custom_padding_last_edited=&#8221;off|desktop&#8221; custom_padding__hover=&#8221;|||&#8221;][et_pb_code admin_label=&#8221;fecha 19\/03&#8243; module_class=&#8221;fecha-evento&#8221; _builder_version=&#8221;3.21.1&#8243; z_index_tablet=&#8221;500&#8243;]Mar<!\u2013- [et_pb_br_holder] -\u2013><!-- [et_pb_line_break_holder] -->19[\/et_pb_code][\/et_pb_column][et_pb_column type=&#8221;3_5&#8243; _builder_version=&#8221;3.25&#8243; custom_padding=&#8221;|||&#8221; custom_padding_tablet=&#8221;|||&#8221; custom_padding_phone=&#8221;&#8221; custom_padding_last_edited=&#8221;on|phone&#8221; custom_padding__hover=&#8221;|||&#8221;][et_pb_text admin_label=&#8221;Ingr\u00e9s Josep Maria Guilemany&#8221; _builder_version=&#8221;3.27.4&#8243; z_index_tablet=&#8221;500&#8243;]<\/p>\n<h3>Ingr\u00e9s com Acad\u00e8mic Numerari: <strong><a href=\"https:\/\/raed.academy\/ca\/academics\/dr-josep-maria-guilemany-casadamon\/\" target=\"_blank\" rel=\"noopener noreferrer\">Josep Maria Guilemany Casadamon<\/a>, Doctor en Ci\u00e8ncies Qu\u00edmiques<\/strong><\/h3>\n<p>Discurs d&#8217;ingr\u00e9s: <a href=\"https:\/\/raed.academy\/\/wp-content\/uploads\/publicaciones\/discursos-ingreso\/Discurso-ingreso-Josep-Maria-Guilemany-De-la-belleza-de-los-materiales-a-las-artes-compr.pdf\" target=\"_blank\" rel=\"noopener noreferrer\"><strong>&#8220;De la belleza de los materiales a las artes y las tecnolog\u00edas avanzadas para la sociedad innovadora del siglo XXI&#8221;<\/strong><\/a> <br \/>Respon: <strong><a href=\"https:\/\/raed.academy\/ca\/academics\/dr-javier-gil-mur\/\" target=\"_blank\" rel=\"noopener noreferrer\">Javier Gil Mur<\/a><\/strong>, Dr. en Enginyeria Qu\u00edmica i Materials<\/p>\n<p>Lloc: Sala d&#8217;actes de Foment del Treball \u2013 Via Laietana, 32, Pral, Barcelona <br \/>Data: 19.03.2019 a les 19:00h<\/p>\n<p>[\/et_pb_text][\/et_pb_column][et_pb_column type=&#8221;1_5&#8243; _builder_version=&#8221;3.25&#8243; custom_padding=&#8221;|||&#8221; custom_padding_tablet=&#8221;&#8221; custom_padding_phone=&#8221;&#8221; custom_padding_last_edited=&#8221;on|phone&#8221; custom_padding__hover=&#8221;|||&#8221;][et_pb_image src=&#8221;https:\/\/raed.academy\/wp-content\/uploads\/2019\/03\/acto-ingreso-RAED-Josep-Maria-Guilemany-2.jpg&#8221; show_in_lightbox=&#8221;on&#8221; use_overlay=&#8221;on&#8221; overlay_icon_color=&#8221;#6b5d38&#8243; align=&#8221;center&#8221; force_fullwidth=&#8221;on&#8221; align_tablet=&#8221;center&#8221; align_phone=&#8221;&#8221; align_last_edited=&#8221;on|desktop&#8221; _builder_version=&#8221;3.23&#8243; module_alignment=&#8221;center&#8221; custom_margin=&#8221;10px|||&#8221; custom_margin_tablet=&#8221;25px|||&#8221; custom_margin_phone=&#8221;&#8221; custom_margin_last_edited=&#8221;on|desktop&#8221; z_index_tablet=&#8221;500&#8243; border_radii=&#8221;on|4px|4px|4px|4px&#8221; box_shadow_style=&#8221;preset2&#8243;][\/et_pb_image][\/et_pb_column][\/et_pb_row][et_pb_row column_structure=&#8221;1_5,3_5,1_5&#8243; use_custom_gutter=&#8221;on&#8221; gutter_width=&#8221;1&#8243; make_equal=&#8221;on&#8221; module_id=&#8221;2003&#8243; module_class=&#8221;evento et_pb_row_fullwidth et_pb_row_fullwidth et_pb_row_fullwidth et_pb_row_fullwidth et_pb_row_fullwidth et_pb_row_fullwidth et_pb_row_fullwidth et_pb_row_fullwidth et_pb_row_fullwidth et_pb_row_fullwidth et_pb_row_fullwidth et_pb_row_fullwidth et_pb_row_fullwidth et_pb_row_fullwidth et_pb_row_fullwidth&#8221; _builder_version=&#8221;3.25&#8243; width=&#8221;100%&#8221; width_tablet=&#8221;100%&#8221; width_phone=&#8221;&#8221; width_last_edited=&#8221;on|desktop&#8221; max_width=&#8221;100%&#8221; max_width_tablet=&#8221;100%&#8221; max_width_phone=&#8221;&#8221; max_width_last_edited=&#8221;on|desktop&#8221; module_alignment=&#8221;center&#8221; z_index_tablet=&#8221;500&#8243; border_radii=&#8221;on|3px|3px|3px|3px&#8221; box_shadow_style=&#8221;preset3&#8243; box_shadow_horizontal=&#8221;10px&#8221; make_fullwidth=&#8221;on&#8221;][et_pb_column type=&#8221;1_5&#8243; _builder_version=&#8221;3.25&#8243; custom_padding=&#8221;|||&#8221; custom_padding_last_edited=&#8221;off|desktop&#8221; custom_padding__hover=&#8221;|||&#8221;][et_pb_code admin_label=&#8221;fecha 20\/03&#8243; module_class=&#8221;fecha-evento&#8221; _builder_version=&#8221;3.21.1&#8243; z_index_tablet=&#8221;500&#8243;]Mar<!\u2013- [et_pb_br_holder] -\u2013><!-- [et_pb_line_break_holder] -->20[\/et_pb_code][\/et_pb_column][et_pb_column type=&#8221;3_5&#8243; _builder_version=&#8221;3.25&#8243; custom_padding=&#8221;|45px||&#8221; custom_padding_tablet=&#8221;|20px||&#8221; custom_padding_phone=&#8221;&#8221; custom_padding_last_edited=&#8221;on|desktop&#8221; custom_padding__hover=&#8221;|||&#8221;][et_pb_text admin_label=&#8221;Taula Rodona: \u201cPatrimonio Mundial e Inmaterial de Espa\u00f1a\u201d (Madrid)&#8221; _builder_version=&#8221;3.27.4&#8243; z_index_tablet=&#8221;500&#8243;]<\/p>\n<h3>Taula Rodona: \u201cPatrimonio Mundial e Inmaterial de Espa\u00f1a&#8221;<\/h3>\n<h4>Convocada per la Real Academia de Doctores de Espa\u00f1a<\/h4>\n<p>Ponents:<\/p>\n<ul>\n<li><strong>Dr. Ignacio Buqueras i Bach<\/strong>, Acad\u00e8mic de N\u00famero de la Secci\u00f3 d&#8217;Humanitats i President de l&#8217;Associaci\u00f3 per a la Difusi\u00f3 i Promoci\u00f3 del Patrimoni Mundial d&#8217;Espanya<\/li>\n<li><strong>Dr. Emilio de Diego Mart\u00ednez<\/strong>, President de la Secci\u00f3 d&#8217;Humanitats<\/li>\n<li><a href=\"https:\/\/raed.academy\/ca\/academics\/dr-santiago-jose-castella-surribas\/\" target=\"_blank\" rel=\"noopener noreferrer\"><strong>Dr. Santiago Castell\u00e0 Surribas<\/strong><\/a>, Acad\u00e8mic Numerari de la Reial Acad\u00e8mia Europea de Doctors i Secretari General de la seva Fundaci\u00f3<\/li>\n<li><a href=\"https:\/\/raed.academy\/ca\/academics\/dr-alfredo-rocafort-nicolau\/\" target=\"_blank\" rel=\"noopener noreferrer\"><strong>Dr. Alfredo Rocafort Nicolau<\/strong><\/a>, Acad\u00e8mic Numerari i President de la Reial Acad\u00e8mia Europea de Doctors<\/li>\n<\/ul>\n<p>Moderador: <strong>Dr. Antonio Bascones Mart\u00ednez<\/strong>, President de la Real Academia de Doctores de Espa\u00f1a<\/p>\n<p>Lloc: Sal\u00f3 d&#8217;Actes de la Biblioteca Marqu\u00e9s de Valdecilla, C\/ Noviciado, 3 &#8211; Madrid <br \/>Data: 20.03.2019 a les 18:30h<\/p>\n<p>[\/et_pb_text][\/et_pb_column][et_pb_column type=&#8221;1_5&#8243; _builder_version=&#8221;3.25&#8243; custom_padding=&#8221;|20px||&#8221; custom_padding_tablet=&#8221;&#8221; custom_padding_phone=&#8221;&#8221; custom_padding_last_edited=&#8221;on|phone&#8221; custom_padding__hover=&#8221;|||&#8221;][et_pb_gallery gallery_ids=&#8221;69406,69409,69412,69415,69418&#8243; posts_number=&#8221;1&#8243; show_title_and_caption=&#8221;off&#8221; show_pagination=&#8221;off&#8221; zoom_icon_color=&#8221;#6b5d38&#8243; _builder_version=&#8221;3.21.1&#8243; custom_margin=&#8221;10px|||&#8221; custom_margin_tablet=&#8221;25px|||&#8221; custom_margin_phone=&#8221;&#8221; custom_margin_last_edited=&#8221;on|desktop&#8221; z_index_tablet=&#8221;500&#8243; border_radii_image=&#8221;on|4px|4px|4px|4px&#8221; box_shadow_style_image=&#8221;preset2&#8243;][\/et_pb_gallery][\/et_pb_column][\/et_pb_row][et_pb_row column_structure=&#8221;1_5,3_5,1_5&#8243; use_custom_gutter=&#8221;on&#8221; gutter_width=&#8221;1&#8243; make_equal=&#8221;on&#8221; module_id=&#8221;2103&#8243; module_class=&#8221;evento et_pb_row_fullwidth et_pb_row_fullwidth et_pb_row_fullwidth et_pb_row_fullwidth et_pb_row_fullwidth et_pb_row_fullwidth et_pb_row_fullwidth et_pb_row_fullwidth et_pb_row_fullwidth et_pb_row_fullwidth et_pb_row_fullwidth et_pb_row_fullwidth et_pb_row_fullwidth et_pb_row_fullwidth et_pb_row_fullwidth&#8221; _builder_version=&#8221;3.25&#8243; width=&#8221;100%&#8221; width_tablet=&#8221;100%&#8221; width_phone=&#8221;&#8221; width_last_edited=&#8221;on|desktop&#8221; max_width=&#8221;100%&#8221; max_width_tablet=&#8221;100%&#8221; max_width_phone=&#8221;&#8221; max_width_last_edited=&#8221;on|desktop&#8221; module_alignment=&#8221;center&#8221; z_index_tablet=&#8221;500&#8243; border_radii=&#8221;on|3px|3px|3px|3px&#8221; box_shadow_style=&#8221;preset3&#8243; box_shadow_horizontal=&#8221;10px&#8221; make_fullwidth=&#8221;on&#8221;][et_pb_column type=&#8221;1_5&#8243; _builder_version=&#8221;3.25&#8243; custom_padding=&#8221;|||&#8221; custom_padding_last_edited=&#8221;off|desktop&#8221; custom_padding__hover=&#8221;|||&#8221;][et_pb_code admin_label=&#8221;fecha 21\/03&#8243; module_class=&#8221;fecha-evento&#8221; _builder_version=&#8221;3.21.1&#8243; z_index_tablet=&#8221;500&#8243;]Mar<!\u2013- [et_pb_br_holder] -\u2013><!-- [et_pb_line_break_holder] -->21[\/et_pb_code][\/et_pb_column][et_pb_column type=&#8221;3_5&#8243; _builder_version=&#8221;3.25&#8243; custom_padding=&#8221;|45px||&#8221; custom_padding_tablet=&#8221;|20px||&#8221; custom_padding_phone=&#8221;&#8221; custom_padding_last_edited=&#8221;on|desktop&#8221; custom_padding__hover=&#8221;|||&#8221;][et_pb_text admin_label=&#8221;Debate narcolepsia&#8221; _builder_version=&#8221;3.27.4&#8243; z_index_tablet=&#8221;500&#8243;]<\/p>\n<h3>Debat: Viure amb narcol\u00e8psia<\/h3>\n<p>D\u00eda Europeu de la Narcol\u00e8psia<\/p>\n<p>Moderadors:<\/p>\n<ul>\n<li>Dr. Alex Iranzo<\/li>\n<li>Dr. Joan Santamaria<\/li>\n<\/ul>\n<p>Novetats m\u00e8diques a la narcol\u00e8psia: <strong>Dr. Carles Gaig<\/strong><br \/>Di\u00e0leg i conclusions: <strong>Dra. Montserrat Pujol<\/strong><\/p>\n<p>Lloc: Sala dels Atlants del Reial Cercle Art\u00edstic de Barcelona \u00b7 Carrer dels Arcs, 5, 08002 Barcelona<br \/>Data: 21.03.2019 a les 18:00h<\/p>\n<p>[\/et_pb_text][\/et_pb_column][et_pb_column type=&#8221;1_5&#8243; _builder_version=&#8221;3.25&#8243; custom_padding=&#8221;|20px||&#8221; custom_padding_tablet=&#8221;&#8221; custom_padding_phone=&#8221;&#8221; custom_padding_last_edited=&#8221;on|phone&#8221; custom_padding__hover=&#8221;|||&#8221;][\/et_pb_column][\/et_pb_row][et_pb_row column_structure=&#8221;1_5,3_5,1_5&#8243; use_custom_gutter=&#8221;on&#8221; gutter_width=&#8221;1&#8243; make_equal=&#8221;on&#8221; module_id=&#8221;2703&#8243; module_class=&#8221;evento et_pb_row_fullwidth et_pb_row_fullwidth et_pb_row_fullwidth et_pb_row_fullwidth et_pb_row_fullwidth et_pb_row_fullwidth et_pb_row_fullwidth et_pb_row_fullwidth et_pb_row_fullwidth et_pb_row_fullwidth et_pb_row_fullwidth et_pb_row_fullwidth et_pb_row_fullwidth et_pb_row_fullwidth et_pb_row_fullwidth&#8221; _builder_version=&#8221;3.25&#8243; width=&#8221;100%&#8221; width_tablet=&#8221;100%&#8221; width_phone=&#8221;&#8221; width_last_edited=&#8221;on|desktop&#8221; max_width=&#8221;100%&#8221; max_width_tablet=&#8221;100%&#8221; max_width_phone=&#8221;&#8221; max_width_last_edited=&#8221;on|desktop&#8221; module_alignment=&#8221;center&#8221; z_index_tablet=&#8221;500&#8243; border_radii=&#8221;on|3px|3px|3px|3px&#8221; box_shadow_style=&#8221;preset3&#8243; box_shadow_horizontal=&#8221;10px&#8221; make_fullwidth=&#8221;on&#8221;][et_pb_column type=&#8221;1_5&#8243; _builder_version=&#8221;3.25&#8243; custom_padding=&#8221;|||&#8221; custom_padding_last_edited=&#8221;off|desktop&#8221; custom_padding__hover=&#8221;|||&#8221;][et_pb_code admin_label=&#8221;fecha 27\/03&#8243; module_class=&#8221;fecha-evento&#8221; _builder_version=&#8221;3.21.1&#8243; z_index_tablet=&#8221;500&#8243;]Mar<!\u2013- [et_pb_br_holder] -\u2013><!-- [et_pb_line_break_holder] -->27[\/et_pb_code][\/et_pb_column][et_pb_column type=&#8221;3_5&#8243; _builder_version=&#8221;3.25&#8243; custom_padding=&#8221;|||&#8221; custom_padding_tablet=&#8221;|||&#8221; custom_padding_phone=&#8221;&#8221; custom_padding_last_edited=&#8221;on|desktop&#8221; custom_padding__hover=&#8221;|||&#8221;][et_pb_text admin_label=&#8221;Ingr\u00e9s Aldo Olcese&#8221; _builder_version=&#8221;3.27.4&#8243; z_index_tablet=&#8221;500&#8243;]<\/p>\n<h3>Ingr\u00e9s com Acad\u00e8mic Numerari: <a href=\"https:\/\/raed.academy\/ca\/academics\/dr-aldo-olcese-santonja\/\" target=\"_blank\" rel=\"noopener noreferrer\"><strong>Aldo Olcese Santonja<\/strong><\/a><\/h3>\n<p>Discurs d&#8217;ingr\u00e9s: <a href=\"https:\/\/raed.academy\/wp-content\/uploads\/2019\/03\/discurso-ingreso-RAED-Dr-Aldo-Olcese-Los-Retos-de-la-Sociedad-Civil-comp.pdf\" target=\"_blank\" rel=\"noopener noreferrer\"><strong>&#8220;Los Retos de la Sociedad Civil en una Democracia Avanzada&#8221;<\/strong><\/a><br \/>Respon: <strong><a href=\"https:\/\/raed.academy\/ca\/academics\/dr-alfredo-rocafort-nicolau\/\" target=\"_blank\" rel=\"noopener noreferrer\">Alfredo Rocafort Nicolau<\/a><\/strong><\/p>\n<p>Lugar: Sala de actos de Fomento del Trabajo \u2013 Via Laietana, 32, Pral, Barcelona<br \/>Fecha: 27.03.2019 a las 19:00h<\/p>\n<p>[\/et_pb_text][\/et_pb_column][et_pb_column type=&#8221;1_5&#8243; _builder_version=&#8221;3.25&#8243; custom_padding=&#8221;|||&#8221; custom_padding_tablet=&#8221;&#8221; custom_padding_phone=&#8221;&#8221; custom_padding_last_edited=&#8221;on|phone&#8221; custom_padding__hover=&#8221;|||&#8221;][et_pb_image src=&#8221;https:\/\/raed.academy\/wp-content\/uploads\/2019\/04\/acto-ingreso-RAED-Aldo-Olcese-Santonja-1.jpg&#8221; show_in_lightbox=&#8221;on&#8221; use_overlay=&#8221;on&#8221; overlay_icon_color=&#8221;#6b5d38&#8243; align=&#8221;center&#8221; force_fullwidth=&#8221;on&#8221; align_tablet=&#8221;center&#8221; align_phone=&#8221;&#8221; align_last_edited=&#8221;on|desktop&#8221; _builder_version=&#8221;3.23&#8243; module_alignment=&#8221;center&#8221; custom_margin=&#8221;10px|||&#8221; custom_margin_tablet=&#8221;25px|||&#8221; custom_margin_phone=&#8221;&#8221; custom_margin_last_edited=&#8221;on|desktop&#8221; z_index_tablet=&#8221;500&#8243; border_radii=&#8221;on|4px|4px|4px|4px&#8221; box_shadow_style=&#8221;preset2&#8243;][\/et_pb_image][\/et_pb_column][\/et_pb_row][et_pb_row column_structure=&#8221;1_5,3_5,1_5&#8243; use_custom_gutter=&#8221;on&#8221; gutter_width=&#8221;1&#8243; make_equal=&#8221;on&#8221; module_id=&#8221;2803&#8243; module_class=&#8221;evento et_pb_row_fullwidth et_pb_row_fullwidth et_pb_row_fullwidth et_pb_row_fullwidth et_pb_row_fullwidth et_pb_row_fullwidth et_pb_row_fullwidth et_pb_row_fullwidth et_pb_row_fullwidth et_pb_row_fullwidth et_pb_row_fullwidth et_pb_row_fullwidth et_pb_row_fullwidth et_pb_row_fullwidth et_pb_row_fullwidth&#8221; _builder_version=&#8221;3.25&#8243; width=&#8221;100%&#8221; width_tablet=&#8221;100%&#8221; width_phone=&#8221;&#8221; width_last_edited=&#8221;on|desktop&#8221; max_width=&#8221;100%&#8221; max_width_tablet=&#8221;100%&#8221; max_width_phone=&#8221;&#8221; max_width_last_edited=&#8221;on|desktop&#8221; module_alignment=&#8221;center&#8221; z_index_tablet=&#8221;500&#8243; border_radii=&#8221;on|3px|3px|3px|3px&#8221; box_shadow_style=&#8221;preset3&#8243; box_shadow_horizontal=&#8221;10px&#8221; make_fullwidth=&#8221;on&#8221;][et_pb_column type=&#8221;1_5&#8243; _builder_version=&#8221;3.25&#8243; custom_padding=&#8221;|||&#8221; custom_padding_last_edited=&#8221;off|desktop&#8221; custom_padding__hover=&#8221;|||&#8221;][et_pb_code admin_label=&#8221;fecha 28\/03&#8243; module_class=&#8221;fecha-evento&#8221; _builder_version=&#8221;3.21.1&#8243; z_index_tablet=&#8221;500&#8243;]Mar<!\u2013- [et_pb_br_holder] -\u2013><!-- [et_pb_line_break_holder] -->28[\/et_pb_code][\/et_pb_column][et_pb_column type=&#8221;3_5&#8243; _builder_version=&#8221;3.25&#8243; custom_padding=&#8221;|45px||&#8221; custom_padding_tablet=&#8221;|20px||&#8221; custom_padding_phone=&#8221;&#8221; custom_padding_last_edited=&#8221;on|desktop&#8221; custom_padding__hover=&#8221;|||&#8221;][et_pb_text admin_label=&#8221;Debate Patrimonio Mundial e Inmaterial de Espa\u00f1a (Barcelona)&#8221; _builder_version=&#8221;3.27.4&#8243; z_index_tablet=&#8221;500&#8243;]<\/p>\n<h3>Taula rodona: \u201cPatrimonio Mundial e Inmaterial de Espa\u00f1a&#8221;<\/h3>\n<h4>Convocada per la Reial Acad\u00e8mia Europea de Doctors<\/h4>\n<p>Ponents:<\/p>\n<ul>\n<li><strong>Dr. Antonio Bascones Mart\u00ednez<\/strong>, President de la Real Academia de Doctores de Espa\u00f1a<\/li>\n<li><strong>Dr. Ignacio Buqueras i Bach<\/strong>, Acad\u00e8mic de N\u00famero de la Secci\u00f3 d&#8217;Humanitats i President de l&#8217;Associaci\u00f3 per a la Difusi\u00f3 i Promoci\u00f3 del Patrimoni Mundial d&#8217;Espanya<\/li>\n<li><a href=\"https:\/\/raed.academy\/ca\/academics\/dr-santiago-jose-castella-surribas\/\" target=\"_blank\" rel=\"noopener noreferrer\"><strong>Dr. Santiago Castell\u00e0 Surribas<\/strong><\/a>, Acad\u00e8mic Numerari de la Reial Acad\u00e8mia Europea de Doctors i Secretari General de la seva Fundaci\u00f3<\/li>\n<\/ul>\n<p>Lloc: Sala d&#8217;actes de Foment del Treball \u2013 Via Laietana, 32, Pral, Barcelona<br \/>Data: 28.03.2019 a les 19:00h.<\/p>\n<p>[\/et_pb_text][\/et_pb_column][et_pb_column type=&#8221;1_5&#8243; _builder_version=&#8221;3.25&#8243; custom_padding=&#8221;|20px||&#8221; custom_padding_tablet=&#8221;&#8221; custom_padding_phone=&#8221;&#8221; custom_padding_last_edited=&#8221;on|phone&#8221; custom_padding__hover=&#8221;|||&#8221;][et_pb_gallery gallery_ids=&#8221;69772,69775,69778,69781,69784,69787&#8243; posts_number=&#8221;1&#8243; show_title_and_caption=&#8221;off&#8221; show_pagination=&#8221;off&#8221; zoom_icon_color=&#8221;#6b5d38&#8243; _builder_version=&#8221;3.21.1&#8243; custom_margin=&#8221;10px|||&#8221; custom_margin_tablet=&#8221;25px|||&#8221; custom_margin_phone=&#8221;&#8221; custom_margin_last_edited=&#8221;on|desktop&#8221; z_index_tablet=&#8221;500&#8243; border_radii_image=&#8221;on|4px|4px|4px|4px&#8221; box_shadow_style_image=&#8221;preset2&#8243;][\/et_pb_gallery][\/et_pb_column][\/et_pb_row][et_pb_row _builder_version=&#8221;3.25&#8243; background_size=&#8221;initial&#8221; background_position=&#8221;top_left&#8221; background_repeat=&#8221;repeat&#8221;][et_pb_column type=&#8221;4_4&#8243; _builder_version=&#8221;3.25&#8243; custom_padding=&#8221;|||&#8221; custom_padding__hover=&#8221;|||&#8221;][et_pb_text admin_label=&#8221;Texto &#8211; ABRIL 2019&#8243; _builder_version=&#8221;3.27.4&#8243; z_index_tablet=&#8221;500&#8243;]<\/p>\n<h2>ABRIL 2019<\/h2>\n<p>[\/et_pb_text][\/et_pb_column][\/et_pb_row][et_pb_row column_structure=&#8221;1_5,3_5,1_5&#8243; use_custom_gutter=&#8221;on&#8221; gutter_width=&#8221;1&#8243; make_equal=&#8221;on&#8221; module_id=&#8221;0304&#8243; module_class=&#8221;evento et_pb_row_fullwidth et_pb_row_fullwidth et_pb_row_fullwidth et_pb_row_fullwidth et_pb_row_fullwidth et_pb_row_fullwidth et_pb_row_fullwidth et_pb_row_fullwidth et_pb_row_fullwidth et_pb_row_fullwidth et_pb_row_fullwidth et_pb_row_fullwidth et_pb_row_fullwidth et_pb_row_fullwidth et_pb_row_fullwidth&#8221; _builder_version=&#8221;3.25&#8243; width=&#8221;100%&#8221; width_tablet=&#8221;100%&#8221; width_phone=&#8221;&#8221; width_last_edited=&#8221;on|desktop&#8221; max_width=&#8221;100%&#8221; max_width_tablet=&#8221;100%&#8221; max_width_phone=&#8221;&#8221; max_width_last_edited=&#8221;on|desktop&#8221; module_alignment=&#8221;center&#8221; z_index_tablet=&#8221;500&#8243; border_radii=&#8221;on|3px|3px|3px|3px&#8221; box_shadow_style=&#8221;preset3&#8243; box_shadow_horizontal=&#8221;10px&#8221; make_fullwidth=&#8221;on&#8221;][et_pb_column type=&#8221;1_5&#8243; _builder_version=&#8221;3.25&#8243; custom_padding=&#8221;|||&#8221; custom_padding_last_edited=&#8221;off|desktop&#8221; custom_padding__hover=&#8221;|||&#8221;][et_pb_code admin_label=&#8221;fecha 3\/04&#8243; module_class=&#8221;fecha-evento&#8221; _builder_version=&#8221;3.22.7&#8243; z_index_tablet=&#8221;500&#8243;]Abr<!\u2013- [et_pb_br_holder] -\u2013><!-- [et_pb_line_break_holder] -->3[\/et_pb_code][\/et_pb_column][et_pb_column type=&#8221;3_5&#8243; _builder_version=&#8221;3.25&#8243; custom_padding=&#8221;|||&#8221; custom_padding_tablet=&#8221;|||&#8221; custom_padding_phone=&#8221;&#8221; custom_padding_last_edited=&#8221;on|phone&#8221; custom_padding__hover=&#8221;|||&#8221;][et_pb_text admin_label=&#8221;Ingreso Llu\u00eds Giner Tarrida&#8221; _builder_version=&#8221;3.27.4&#8243; z_index_tablet=&#8221;500&#8243;]<\/p>\n<h3>Ingr\u00e9s com Acad\u00e8mic Numerari: <a href=\"https:\/\/raed.academy\/ca\/academics\/dr-lluis-giner-tarrida\/\" target=\"_blank\" rel=\"noopener noreferrer\"><strong>Llu\u00eds Giner Tarrida<\/strong><\/a><\/h3>\n<p>Discurs d&#8217;ingr\u00e9s: <a href=\"https:\/\/raed.academy\/wp-content\/uploads\/2019\/04\/discurso-ingreso-Lluis-Giner-Tarrida-Evolucion-materiales-odontologicos-compr.pdf\" target=\"_blank\" rel=\"noopener noreferrer\"><strong>\u201cLos dientes del comer al lucir: evoluci\u00f3n de los materiales odontol\u00f3gicos y cambios sociales\u201d<\/strong><\/a><br \/>Respon: <a href=\"https:\/\/raed.academy\/ca\/academics\/dr-pedro-claros-blanch\/\" target=\"_blank\" rel=\"noopener noreferrer\"><strong>Dr. Pedro Clar\u00f3s Blanch<\/strong><\/a>, Doctor en Medicina i Cirurgia, en Farm\u00e0cia i en Neuroci\u00e8ncies (Ci\u00e8ncies de la Salut)<\/p>\n<p>Lloc: Sala d&#8217;actes de Foment del Treball \u2013 Via Laietana, 32, Pral, Barcelona<br \/>Data: 03.04.2019 a les 19:30h<\/p>\n<p>[\/et_pb_text][\/et_pb_column][et_pb_column type=&#8221;1_5&#8243; _builder_version=&#8221;3.25&#8243; custom_padding=&#8221;|||&#8221; custom_padding_tablet=&#8221;&#8221; custom_padding_phone=&#8221;&#8221; custom_padding_last_edited=&#8221;on|desktop&#8221; custom_padding__hover=&#8221;|||&#8221;][et_pb_image src=&#8221;https:\/\/raed.academy\/wp-content\/uploads\/2019\/04\/acto-ingreso-RAED-Lluis-Giner-Tarrida-8.jpg&#8221; show_in_lightbox=&#8221;on&#8221; use_overlay=&#8221;on&#8221; overlay_icon_color=&#8221;#6b5d38&#8243; align=&#8221;center&#8221; force_fullwidth=&#8221;on&#8221; align_tablet=&#8221;center&#8221; align_phone=&#8221;&#8221; align_last_edited=&#8221;on|desktop&#8221; _builder_version=&#8221;3.23&#8243; module_alignment=&#8221;center&#8221; custom_margin=&#8221;10px|||&#8221; custom_margin_tablet=&#8221;25px|||&#8221; custom_margin_phone=&#8221;&#8221; custom_margin_last_edited=&#8221;on|desktop&#8221; z_index_tablet=&#8221;500&#8243; border_radii=&#8221;on|4px|4px|4px|4px&#8221;][\/et_pb_image][\/et_pb_column][\/et_pb_row][et_pb_row column_structure=&#8221;1_5,3_5,1_5&#8243; use_custom_gutter=&#8221;on&#8221; gutter_width=&#8221;1&#8243; make_equal=&#8221;on&#8221; module_id=&#8221;1104&#8243; module_class=&#8221;evento et_pb_row_fullwidth et_pb_row_fullwidth et_pb_row_fullwidth et_pb_row_fullwidth et_pb_row_fullwidth et_pb_row_fullwidth et_pb_row_fullwidth et_pb_row_fullwidth et_pb_row_fullwidth et_pb_row_fullwidth et_pb_row_fullwidth et_pb_row_fullwidth et_pb_row_fullwidth et_pb_row_fullwidth et_pb_row_fullwidth&#8221; _builder_version=&#8221;3.25&#8243; width=&#8221;100%&#8221; width_tablet=&#8221;100%&#8221; width_phone=&#8221;&#8221; width_last_edited=&#8221;on|desktop&#8221; max_width=&#8221;100%&#8221; max_width_tablet=&#8221;100%&#8221; max_width_phone=&#8221;&#8221; max_width_last_edited=&#8221;on|desktop&#8221; module_alignment=&#8221;center&#8221; z_index_tablet=&#8221;500&#8243; box_shadow_style=&#8221;preset3&#8243; box_shadow_horizontal=&#8221;10px&#8221; make_fullwidth=&#8221;on&#8221;][et_pb_column type=&#8221;1_5&#8243; _builder_version=&#8221;3.25&#8243; custom_padding=&#8221;|||&#8221; custom_padding__hover=&#8221;|||&#8221;][et_pb_code admin_label=&#8221;fecha 11\/04&#8243; module_class=&#8221;fecha-evento&#8221; _builder_version=&#8221;3.21.1&#8243; z_index_tablet=&#8221;500&#8243;]Abr<!\u2013- [et_pb_br_holder] -\u2013><!-- [et_pb_line_break_holder] -->11[\/et_pb_code][\/et_pb_column][et_pb_column type=&#8221;3_5&#8243; _builder_version=&#8221;3.25&#8243; custom_padding=&#8221;|||&#8221; custom_padding_tablet=&#8221;|||&#8221; custom_padding_phone=&#8221;&#8221; custom_padding_last_edited=&#8221;on|phone&#8221; custom_padding__hover=&#8221;|||&#8221;][et_pb_text admin_label=&#8221;Ingreso Joan B. Renart&#8221; _builder_version=&#8221;3.27.4&#8243; z_index_tablet=&#8221;500&#8243;]<\/p>\n<h3>Ingr\u00e9s com Acad\u00e8mic d\u2019Honor: <a href=\"https:\/\/raed.academy\/ca\/academics\/sr-joan-renart-cava\/\" target=\"_blank\" rel=\"noopener noreferrer\">Joan B. Renart Cava<\/a><\/h3>\n<p>Discurs d\u2019ingr\u00e9s: <strong><a href=\"https:\/\/raed.academy\/wp-content\/uploads\/publicaciones\/discursos-ingreso\/Discurso-ingreso-RAED-Joan-B-Renart-Cava-Cat-comp.pdf\" target=\"_blank\" rel=\"noopener noreferrer\">&#8220;El subjecte de la creativitat per a ser m\u00e9s competitius: l\u2019individu creatiu&#8221;<\/a><\/strong><br \/>Respon: <a href=\"https:\/\/raed.academy\/ca\/academics\/dr-pedro-claros-blanch\/\" target=\"_blank\" rel=\"noopener noreferrer\"><strong>Dr. Pedro Clar\u00f3s Blanch<\/strong><\/a>, Doctor en Medicina i Cirurgia, en Farmacia i en Neuroci\u00e8ncies (Ci\u00e8ncies de la Salut)<\/p>\n<p>Lloc: Sala d\u2019actes de Foment del Treball \u2013 Via Laietana, 32, Pral, Barcelona<br \/>Data: 11.04.2019 a les 19:30h<\/p>\n<p>[\/et_pb_text][\/et_pb_column][et_pb_column type=&#8221;1_5&#8243; _builder_version=&#8221;3.25&#8243; custom_padding=&#8221;|||&#8221; custom_padding_tablet=&#8221;&#8221; custom_padding_phone=&#8221;&#8221; custom_padding_last_edited=&#8221;on|phone&#8221; custom_padding__hover=&#8221;|||&#8221;][et_pb_image src=&#8221;https:\/\/raed.academy\/wp-content\/uploads\/2019\/04\/ingreso-RAED-Joan-B-Renart-Cava-1.jpg&#8221; show_in_lightbox=&#8221;on&#8221; use_overlay=&#8221;on&#8221; overlay_icon_color=&#8221;#6b5d38&#8243; align=&#8221;center&#8221; force_fullwidth=&#8221;on&#8221; align_tablet=&#8221;center&#8221; align_phone=&#8221;&#8221; align_last_edited=&#8221;on|desktop&#8221; _builder_version=&#8221;3.23&#8243; module_alignment=&#8221;center&#8221; custom_margin=&#8221;10px|||&#8221; custom_margin_tablet=&#8221;25px|||&#8221; custom_margin_phone=&#8221;&#8221; custom_margin_last_edited=&#8221;on|desktop&#8221; z_index_tablet=&#8221;500&#8243; border_radii=&#8221;on|4px|4px|4px|4px&#8221;][\/et_pb_image][\/et_pb_column][\/et_pb_row][et_pb_row column_structure=&#8221;1_5,3_5,1_5&#8243; use_custom_gutter=&#8221;on&#8221; gutter_width=&#8221;1&#8243; make_equal=&#8221;on&#8221; module_id=&#8221;2504&#8243; module_class=&#8221;evento et_pb_row_fullwidth et_pb_row_fullwidth et_pb_row_fullwidth et_pb_row_fullwidth et_pb_row_fullwidth et_pb_row_fullwidth et_pb_row_fullwidth et_pb_row_fullwidth et_pb_row_fullwidth et_pb_row_fullwidth et_pb_row_fullwidth et_pb_row_fullwidth et_pb_row_fullwidth et_pb_row_fullwidth et_pb_row_fullwidth et_pb_row_fullwidth et_pb_row_fullwidth et_pb_row_fullwidth&#8221; _builder_version=&#8221;3.25&#8243; width=&#8221;100%&#8221; width_tablet=&#8221;100%&#8221; width_phone=&#8221;&#8221; width_last_edited=&#8221;on|desktop&#8221; max_width=&#8221;100%&#8221; max_width_tablet=&#8221;100%&#8221; max_width_phone=&#8221;&#8221; max_width_last_edited=&#8221;on|desktop&#8221; module_alignment=&#8221;center&#8221; z_index_tablet=&#8221;500&#8243; box_shadow_style=&#8221;preset3&#8243; box_shadow_horizontal=&#8221;10px&#8221; make_fullwidth=&#8221;on&#8221; width_unit=&#8221;off&#8221; custom_width_percent=&#8221;100%&#8221;][et_pb_column type=&#8221;1_5&#8243; _builder_version=&#8221;3.25&#8243; custom_padding=&#8221;|||&#8221; custom_padding__hover=&#8221;|||&#8221;][et_pb_code admin_label=&#8221;C\u00f3digo &#8211; fecha 25\/04&#8243; module_class=&#8221;fecha-evento&#8221; _builder_version=&#8221;3.21.1&#8243; z_index_tablet=&#8221;500&#8243;]Abr<!\u2013- [et_pb_br_holder] -\u2013><!-- [et_pb_line_break_holder] -->25[\/et_pb_code][\/et_pb_column][et_pb_column type=&#8221;3_5&#8243; _builder_version=&#8221;3.25&#8243; custom_padding=&#8221;|||&#8221; custom_padding_tablet=&#8221;|||&#8221; custom_padding_phone=&#8221;&#8221; custom_padding_last_edited=&#8221;on|desktop&#8221; custom_padding__hover=&#8221;|||&#8221;][et_pb_text admin_label=&#8221;25\/04 &#8211; Ingreso Antoni Matabosch Soler&#8221; _builder_version=&#8221;3.27.4&#8243; z_index_tablet=&#8221;500&#8243;]<\/p>\n<h3>Ingr\u00e9s com Acad\u00e8mic Numerari: <a href=\"https:\/\/raed.academy\/ca\/academics\/dr-antoni-matabosch-soler\/\" target=\"_blank\" rel=\"noopener noreferrer\">Antoni Matabosch Soler<\/a>, Doctor en Teologia<\/h3>\n<p><strong>Discurs d\u2019ingr\u00e9s:<\/strong> <a href=\"https:\/\/raed.academy\/wp-content\/uploads\/2019\/04\/discurso-ingreso-Antoni-Matabosch-Soler-Societat-Plural-i-Religions-compr.pdf\" target=\"_blank\" rel=\"noopener noreferrer\"><strong>\u201cSocietat plural i religions\u201d<\/strong><\/a> <br \/><strong>Respon:<\/strong> <a href=\"https:\/\/raed.academy\/ca\/academics\/dr-david-jou-mirabent\/\" target=\"_blank\" rel=\"noopener noreferrer\"><strong>David Jou Mirabent<\/strong><\/a>, Doctor en F\u00edsica<\/p>\n<p><strong>Lloc:<\/strong> Sala d\u2019actes de Foment del Treball \u2013 Via Laietana, 32, Pral, Barcelona <br \/><strong>Data:<\/strong> 25.04.2019 a les 19:30h<\/p>\n<p>[\/et_pb_text][\/et_pb_column][et_pb_column type=&#8221;1_5&#8243; _builder_version=&#8221;3.25&#8243; custom_padding=&#8221;|||&#8221; custom_padding_tablet=&#8221;&#8221; custom_padding_phone=&#8221;&#8221; custom_padding_last_edited=&#8221;on|desktop&#8221; custom_padding__hover=&#8221;|||&#8221;][et_pb_image src=&#8221;https:\/\/raed.academy\/wp-content\/uploads\/2019\/04\/ingreso-RAED-Antoni-Matabosch-Soler-1.jpg&#8221; show_in_lightbox=&#8221;on&#8221; use_overlay=&#8221;on&#8221; overlay_icon_color=&#8221;#6b5d38&#8243; align=&#8221;center&#8221; force_fullwidth=&#8221;on&#8221; align_tablet=&#8221;center&#8221; align_phone=&#8221;&#8221; align_last_edited=&#8221;on|desktop&#8221; _builder_version=&#8221;3.23&#8243; module_alignment=&#8221;center&#8221; custom_margin=&#8221;10px|||&#8221; custom_margin_tablet=&#8221;25px|||&#8221; custom_margin_phone=&#8221;&#8221; custom_margin_last_edited=&#8221;on|desktop&#8221; z_index_tablet=&#8221;500&#8243; border_radii=&#8221;on|4px|4px|4px|4px&#8221; locked=&#8221;off&#8221;][\/et_pb_image][\/et_pb_column][\/et_pb_row][et_pb_row _builder_version=&#8221;3.25&#8243; background_size=&#8221;initial&#8221; background_position=&#8221;top_left&#8221; background_repeat=&#8221;repeat&#8221; custom_padding=&#8221;0|0px|0|0px|false|false&#8221;][et_pb_column type=&#8221;4_4&#8243; _builder_version=&#8221;3.25&#8243; custom_padding=&#8221;|||&#8221; custom_padding__hover=&#8221;|||&#8221;][et_pb_text admin_label=&#8221;Texto &#8211; MAIG 2019&#8243; _builder_version=&#8221;3.27.4&#8243; z_index_tablet=&#8221;500&#8243;]<\/p>\n<h2>MAIG 2019<\/h2>\n<p>[\/et_pb_text][\/et_pb_column][\/et_pb_row][et_pb_row column_structure=&#8221;1_5,3_5,1_5&#8243; use_custom_gutter=&#8221;on&#8221; gutter_width=&#8221;1&#8243; make_equal=&#8221;on&#8221; module_id=&#8221;2105&#8243; module_class=&#8221;evento et_pb_row_fullwidth et_pb_row_fullwidth et_pb_row_fullwidth et_pb_row_fullwidth et_pb_row_fullwidth et_pb_row_fullwidth et_pb_row_fullwidth et_pb_row_fullwidth et_pb_row_fullwidth et_pb_row_fullwidth et_pb_row_fullwidth et_pb_row_fullwidth&#8221; _builder_version=&#8221;3.25&#8243; width=&#8221;100%&#8221; width_tablet=&#8221;&#8221; width_phone=&#8221;&#8221; width_last_edited=&#8221;on|desktop&#8221; max_width=&#8221;100%&#8221; max_width_tablet=&#8221;&#8221; max_width_phone=&#8221;&#8221; max_width_last_edited=&#8221;on|desktop&#8221; module_alignment=&#8221;center&#8221; z_index_tablet=&#8221;500&#8243; border_radii=&#8221;on|3px|3px|3px|3px&#8221; box_shadow_style=&#8221;preset3&#8243; box_shadow_horizontal=&#8221;10px&#8221; make_fullwidth=&#8221;on&#8221;][et_pb_column type=&#8221;1_5&#8243; _builder_version=&#8221;3.25&#8243; custom_padding=&#8221;|||&#8221; custom_padding_last_edited=&#8221;off|desktop&#8221; custom_padding__hover=&#8221;|||&#8221;][et_pb_code admin_label=&#8221;fecha 21\/05&#8243; module_class=&#8221;fecha-evento&#8221; _builder_version=&#8221;3.22.4&#8243; z_index_tablet=&#8221;500&#8243;]Mai<!\u2013- [et_pb_br_holder] -\u2013><!-- [et_pb_line_break_holder] -->21[\/et_pb_code][\/et_pb_column][et_pb_column type=&#8221;3_5&#8243; _builder_version=&#8221;3.25&#8243; custom_padding=&#8221;|||&#8221; custom_padding_tablet=&#8221;|||&#8221; custom_padding_phone=&#8221;&#8221; custom_padding_last_edited=&#8221;on|desktop&#8221; custom_padding__hover=&#8221;|||&#8221;][et_pb_text admin_label=&#8221;Ingr\u00e9s Josep Alet Vilagin\u00e9s&#8221; _builder_version=&#8221;3.27.4&#8243; z_index_tablet=&#8221;500&#8243;]<\/p>\n<h3>Ingr\u00e9s com Acad\u00e8mic Corresponent: <a href=\"https:\/\/raed.academy\/ca\/academics\/dr-josep-alet-vilagines\/\" target=\"_blank\" rel=\"noopener noreferrer\">Josep Alet Vilagin\u00e9s<\/a><\/h3>\n<p><strong>Discurs d&#8217;ingr\u00e9s:<\/strong> <a href=\"https:\/\/raed.academy\/wp-content\/uploads\/2019\/05\/discurso-ingreso-Josep-Alet-Marketing-Cuantico-un-nuevo-paradigma-compr.pdf\" target=\"_blank\" rel=\"noopener noreferrer\">Marketing Cu\u00e1ntico, un nuevo paradigma del marketing para dar\u00a0 un salto en la gesti\u00f3n\u00a0 de los clientes<\/a><br \/><strong>Respon:<\/strong> <a href=\"https:\/\/raed.academy\/ca\/academics\/dr-pedro-claros-blanch\/\" target=\"_blank\" rel=\"noopener noreferrer\"><strong>Dr. Pedro Clar\u00f3s Blanch<\/strong><\/a>, Doctor en Medicina y Cirurgia, en Farm\u00e0cia y en Neuroci\u00e8ncies (Ci\u00e8ncies de la Salut)<\/p>\n<p><strong>Lloc:<\/strong> Sala d&#8217;actes de Foment del Treball \u2013 Via Laietana, 32, Pral, Barcelona<br \/><strong>Data:<\/strong> 21.05.2019<\/p>\n<p>[\/et_pb_text][\/et_pb_column][et_pb_column type=&#8221;1_5&#8243; _builder_version=&#8221;3.25&#8243; custom_padding=&#8221;|||&#8221; custom_padding_tablet=&#8221;&#8221; custom_padding_phone=&#8221;&#8221; custom_padding_last_edited=&#8221;on|desktop&#8221; custom_padding__hover=&#8221;|||&#8221;][et_pb_image src=&#8221;https:\/\/raed.academy\/wp-content\/uploads\/2019\/05\/acto-ingreso-RAED-Josep-Alet-Vilagines-1.jpg&#8221; show_in_lightbox=&#8221;on&#8221; use_overlay=&#8221;on&#8221; overlay_icon_color=&#8221;#6b5d38&#8243; align=&#8221;center&#8221; force_fullwidth=&#8221;on&#8221; align_tablet=&#8221;center&#8221; align_phone=&#8221;&#8221; align_last_edited=&#8221;on|desktop&#8221; _builder_version=&#8221;3.23&#8243; module_alignment=&#8221;center&#8221; custom_margin=&#8221;10px|||&#8221; custom_margin_tablet=&#8221;25px|||&#8221; custom_margin_phone=&#8221;&#8221; custom_margin_last_edited=&#8221;on|desktop&#8221; z_index_tablet=&#8221;500&#8243; border_radii=&#8221;on|4px|4px|4px|4px&#8221;]<br \/>\n[\/et_pb_image][\/et_pb_column][\/et_pb_row][et_pb_row column_structure=&#8221;1_5,3_5,1_5&#8243; use_custom_gutter=&#8221;on&#8221; gutter_width=&#8221;1&#8243; make_equal=&#8221;on&#8221; module_id=&#8221;2405&#8243; module_class=&#8221;evento et_pb_row_fullwidth et_pb_row_fullwidth et_pb_row_fullwidth et_pb_row_fullwidth et_pb_row_fullwidth et_pb_row_fullwidth et_pb_row_fullwidth et_pb_row_fullwidth et_pb_row_fullwidth et_pb_row_fullwidth et_pb_row_fullwidth et_pb_row_fullwidth&#8221; _builder_version=&#8221;3.25&#8243; width=&#8221;100%&#8221; width_tablet=&#8221;100%&#8221; width_phone=&#8221;&#8221; width_last_edited=&#8221;on|desktop&#8221; max_width=&#8221;100%&#8221; max_width_tablet=&#8221;100%&#8221; max_width_phone=&#8221;&#8221; max_width_last_edited=&#8221;on|desktop&#8221; module_alignment=&#8221;center&#8221; custom_padding=&#8221;||25px|&#8221; z_index_tablet=&#8221;500&#8243; border_radii=&#8221;on|3px|3px|3px|3px&#8221; box_shadow_style=&#8221;preset3&#8243; box_shadow_horizontal=&#8221;10px&#8221; make_fullwidth=&#8221;on&#8221;][et_pb_column type=&#8221;1_5&#8243; _builder_version=&#8221;3.25&#8243; custom_padding=&#8221;||25px|&#8221; custom_padding_last_edited=&#8221;off|desktop&#8221; custom_padding__hover=&#8221;|||&#8221;][et_pb_code admin_label=&#8221;fecha 24\/05&#8243; module_class=&#8221;fecha-evento&#8221; _builder_version=&#8221;3.22.4&#8243; z_index_tablet=&#8221;500&#8243;]Mai<!\u2013- [et_pb_br_holder] -\u2013><!-- [et_pb_line_break_holder] -->24[\/et_pb_code][\/et_pb_column][et_pb_column type=&#8221;3_5&#8243; _builder_version=&#8221;3.25&#8243; custom_padding=&#8221;|45px||&#8221; custom_padding_tablet=&#8221;|20px||&#8221; custom_padding_phone=&#8221;&#8221; custom_padding_last_edited=&#8221;on|phone&#8221; custom_padding__hover=&#8221;|||&#8221;][et_pb_text admin_label=&#8221;I ENCUENTRO CIENTIFICO- CULTURAL EN LA RIOJA ALAVESA&#8221; _builder_version=&#8221;4.4.6&#8243; z_index_tablet=&#8221;500&#8243;]<\/p>\n<h3>I Trobada Cient\u00edfica-Cultural a la Rioja Alavesa<\/h3>\n<h4>24-26 de maig 2019<\/h4>\n<p>Reial Acad\u00e8mia de Medicina de l&#8217;Pa\u00eds Basc &#8211; Euskal Herriko Medikuntzaren Errege Akademia (RAMPV-EHMEA)<br \/>Reial Acad\u00e8mia Europea de Doctors &#8211; Europar Doktoreen Errege Akademia (RAED)<\/p>\n<p>Amb la col\u00b7laboraci\u00f3 de: Acad\u00e8mia Espanyola de Nutrici\u00f3 i Ci\u00e8ncies de l&#8217;Alimentaci\u00f3 (AEN), Secci\u00f3 de Ci\u00e8ncies de l&#8217;Alimentaci\u00f3 de l&#8217;Acad\u00e8mia de Ci\u00e8ncies M\u00e8diques de Bilbao (ACMB), Reial Societat Bascongada dels Amics del Pa\u00eds i Societat Espanyola de Nutrici\u00f3 Comunit\u00e0ria (SENC).<\/p>\n<p>Entre d&#8217;altres activitats, \u00e9s realitzen Sessions Cient\u00edfiques, visites guiades i sessions de xerrades tipus TED (15 minuts).<\/p>\n<p>[\/et_pb_text][et_pb_code _builder_version=&#8221;4.4.6&#8243; z_index_tablet=&#8221;500&#8243; locked=&#8221;off&#8221;]<a href=\"https:\/\/raed.academy\/wp-content\/uploads\/2020\/05\/I-encuentro-cientifico-cultural-en-la-rioja-alavesa.24-05-2019.pdf\" target=\"_blank\" class=\"et_pb_button\" rel=\"noopener noreferrer\">PROGRAMA<\/a><!-- [et_pb_line_break_holder] --><!-- [et_pb_line_break_holder] --><a href=\"https:\/\/raed.academy\/wp-content\/uploads\/2020\/05\/I-encuentro-cientifico-cultural-en-la-rioja-alavesa.24-05-2019.pdf\" download=\"\"><span class=\"fas fa-cloud-download-alt\"><\/span> DESCARGAR<\/a>[\/et_pb_code][\/et_pb_column][et_pb_column type=&#8221;1_5&#8243; _builder_version=&#8221;3.25&#8243; custom_padding=&#8221;|20px||&#8221; custom_padding_tablet=&#8221;&#8221; custom_padding_phone=&#8221;&#8221; custom_padding_last_edited=&#8221;on|phone&#8221; custom_padding__hover=&#8221;|||&#8221;][et_pb_gallery gallery_ids=&#8221;72721,72709,72687&#8243; posts_number=&#8221;3&#8243; show_title_and_caption=&#8221;off&#8221; show_pagination=&#8221;off&#8221; zoom_icon_color=&#8221;#6b5d38&#8243; _builder_version=&#8221;3.22.7&#8243; custom_margin=&#8221;10px|||&#8221; custom_margin_tablet=&#8221;25px|||&#8221; custom_margin_phone=&#8221;&#8221; custom_margin_last_edited=&#8221;on|desktop&#8221; z_index_tablet=&#8221;500&#8243; custom_css_gallery_item=&#8221;padding: 3px;&#8221; border_radii_image=&#8221;on|4px|4px|4px|4px&#8221; box_shadow_style_image=&#8221;preset2&#8243; locked=&#8221;off&#8221;][\/et_pb_gallery][\/et_pb_column][\/et_pb_row][et_pb_row _builder_version=&#8221;3.25&#8243; background_size=&#8221;initial&#8221; background_position=&#8221;top_left&#8221; background_repeat=&#8221;repeat&#8221; custom_padding=&#8221;0|0px|0|0px|false|false&#8221; locked=&#8221;off&#8221;][et_pb_column type=&#8221;4_4&#8243; _builder_version=&#8221;3.25&#8243; custom_padding=&#8221;|||&#8221; custom_padding__hover=&#8221;|||&#8221;][et_pb_text admin_label=&#8221;Texto &#8211; JUNY 2019&#8243; _builder_version=&#8221;3.27.4&#8243; z_index_tablet=&#8221;500&#8243;]<\/p>\n<h2>JUNY 2019<\/h2>\n<p>[\/et_pb_text][\/et_pb_column][\/et_pb_row][et_pb_row column_structure=&#8221;1_5,3_5,1_5&#8243; use_custom_gutter=&#8221;on&#8221; gutter_width=&#8221;1&#8243; make_equal=&#8221;on&#8221; module_id=&#8221;0306&#8243; module_class=&#8221;evento et_pb_row_fullwidth et_pb_row_fullwidth et_pb_row_fullwidth et_pb_row_fullwidth et_pb_row_fullwidth et_pb_row_fullwidth et_pb_row_fullwidth et_pb_row_fullwidth et_pb_row_fullwidth et_pb_row_fullwidth et_pb_row_fullwidth et_pb_row_fullwidth&#8221; _builder_version=&#8221;3.25&#8243; width=&#8221;100%&#8221; width_tablet=&#8221;&#8221; width_phone=&#8221;&#8221; width_last_edited=&#8221;on|desktop&#8221; max_width=&#8221;100%&#8221; max_width_tablet=&#8221;&#8221; max_width_phone=&#8221;&#8221; max_width_last_edited=&#8221;on|desktop&#8221; module_alignment=&#8221;center&#8221; z_index_tablet=&#8221;500&#8243; border_radii=&#8221;on|3px|3px|3px|3px&#8221; box_shadow_style=&#8221;preset3&#8243; box_shadow_horizontal=&#8221;10px&#8221; make_fullwidth=&#8221;on&#8221; locked=&#8221;off&#8221;][et_pb_column type=&#8221;1_5&#8243; _builder_version=&#8221;3.25&#8243; custom_padding=&#8221;|||&#8221; custom_padding_last_edited=&#8221;off|desktop&#8221; custom_padding__hover=&#8221;|||&#8221;][et_pb_code admin_label=&#8221;fecha 3\/06&#8243; module_class=&#8221;fecha-evento&#8221; _builder_version=&#8221;3.22.7&#8243; z_index_tablet=&#8221;500&#8243;]Jun<!\u2013- [et_pb_br_holder] -\u2013><!-- [et_pb_line_break_holder] -->3[\/et_pb_code][\/et_pb_column][et_pb_column type=&#8221;3_5&#8243; _builder_version=&#8221;3.25&#8243; custom_padding=&#8221;|||&#8221; custom_padding_tablet=&#8221;|20px||&#8221; custom_padding_phone=&#8221;&#8221; custom_padding_last_edited=&#8221;on|desktop&#8221; custom_padding__hover=&#8221;|||&#8221;][et_pb_text admin_label=&#8221;Debat \u201cTabaquisme: present i futur\u201d&#8221; _builder_version=&#8221;3.27.4&#8243; z_index_tablet=&#8221;500&#8243;]<\/p>\n<h3>Debat \u201cTabaquisme: present i futur\u201d<\/h3>\n<h4>Els debats de la Reial Acad\u00e8mia Europea de Doctors<br \/>Dia Mundial sense tabac<\/h4>\n<p>Temes a tractar en el debat:<br \/>Impacte en el consum del tabac, des de l\u2019aprovaci\u00f3 de les lleis sobre el control i regulaci\u00f3 del seu \u00fas.<br \/>An\u00e0lisi de les noves formes de consum de tabac vinculades a noves tecnologies, impulsades per les tabaqueres.<br \/>Estudi de l\u2019impacte d\u2019aquestes circumst\u00e0ncies sobre el consum en joves.<\/p>\n<p>Ponents:<\/p>\n<ul>\n<li><a href=\"https:\/\/raed.academy\/ca\/academics\/dr-jose-ramon-calvo-fernandez\/\" target=\"_blank\" rel=\"noopener noreferrer\"><strong>Dr. Jos\u00e9 Ram\u00f3n Calvo<\/strong><\/a><\/li>\n<li><strong>Dr. Francesc Abella Pons<\/strong><\/li>\n<li><strong>Sr. Esteve Salt\u00f3<\/strong><\/li>\n<li><strong><strong>Dr. Esteve Fern\u00e1ndez<\/strong><\/strong><\/li>\n<li><a href=\"https:\/\/raed.academy\/ca\/academics\/dr-lluis-giner-tarrida\/\" target=\"_blank\" rel=\"noopener noreferrer\"><strong>Dr. Llu\u00eds Giner Tarrida<\/strong><\/a><\/li>\n<\/ul>\n<p><strong>Lloc<\/strong>: Sala d\u2019actes de Foment del Treball \u2013 Via Laietana, 32, Pral, Barcelona<br \/><strong>Data<\/strong>: 03.06.2019 a les 19:00h<\/p>\n<p>[\/et_pb_text][et_pb_code _builder_version=&#8221;3.29.1&#8243; z_index_tablet=&#8221;500&#8243; locked=&#8221;off&#8221;]<a href=\"https:\/\/raed.academy\/wp-content\/uploads\/2019\/05\/tabaquismo-programa.jpg\" target=\"_blank\" class=\"et_pb_button\" rel=\"noopener noreferrer\">PROGRAMA<\/a><!-- [et_pb_line_break_holder] --><!-- [et_pb_line_break_holder] --><a href=\"https:\/\/raed.academy\/wp-content\/uploads\/2019\/05\/tabaquismo-programa.jpg\" download=\"\"><span class=\"fas fa-cloud-download-alt\"><\/span> DESCARGAR<\/a>[\/et_pb_code][\/et_pb_column][et_pb_column type=&#8221;1_5&#8243; _builder_version=&#8221;3.25&#8243; custom_padding=&#8221;|||&#8221; custom_padding_tablet=&#8221;&#8221; custom_padding_phone=&#8221;&#8221; custom_padding_last_edited=&#8221;on|desktop&#8221; custom_padding__hover=&#8221;|||&#8221;][et_pb_gallery gallery_ids=&#8221;73171,73098,73095&#8243; posts_number=&#8221;3&#8243; show_title_and_caption=&#8221;off&#8221; show_pagination=&#8221;off&#8221; zoom_icon_color=&#8221;#6b5d38&#8243; _builder_version=&#8221;3.22.7&#8243; custom_margin=&#8221;10px|||&#8221; custom_margin_tablet=&#8221;25px|||&#8221; custom_margin_phone=&#8221;&#8221; custom_margin_last_edited=&#8221;on|desktop&#8221; z_index_tablet=&#8221;500&#8243; custom_css_gallery_item=&#8221;padding: 3px;&#8221; border_radii_image=&#8221;on|4px|4px|4px|4px&#8221; box_shadow_style_image=&#8221;preset2&#8243; locked=&#8221;off&#8221;][\/et_pb_gallery][\/et_pb_column][\/et_pb_row][et_pb_row column_structure=&#8221;1_5,3_5,1_5&#8243; use_custom_gutter=&#8221;on&#8221; gutter_width=&#8221;1&#8243; make_equal=&#8221;on&#8221; module_id=&#8221;0606&#8243; module_class=&#8221;evento et_pb_row_fullwidth et_pb_row_fullwidth et_pb_row_fullwidth et_pb_row_fullwidth et_pb_row_fullwidth et_pb_row_fullwidth et_pb_row_fullwidth et_pb_row_fullwidth et_pb_row_fullwidth et_pb_row_fullwidth et_pb_row_fullwidth et_pb_row_fullwidth&#8221; _builder_version=&#8221;3.25&#8243; width=&#8221;100%&#8221; width_tablet=&#8221;&#8221; width_phone=&#8221;&#8221; width_last_edited=&#8221;on|desktop&#8221; max_width=&#8221;100%&#8221; max_width_tablet=&#8221;&#8221; max_width_phone=&#8221;&#8221; max_width_last_edited=&#8221;on|desktop&#8221; module_alignment=&#8221;center&#8221; z_index_tablet=&#8221;500&#8243; border_radii=&#8221;on|3px|3px|3px|3px&#8221; box_shadow_style=&#8221;preset3&#8243; box_shadow_horizontal=&#8221;10px&#8221; make_fullwidth=&#8221;on&#8221; locked=&#8221;off&#8221;][et_pb_column type=&#8221;1_5&#8243; _builder_version=&#8221;3.25&#8243; custom_padding=&#8221;|||&#8221; custom_padding_last_edited=&#8221;off|desktop&#8221; custom_padding__hover=&#8221;|||&#8221;][et_pb_code admin_label=&#8221;fecha 6\/06&#8243; module_class=&#8221;fecha-evento&#8221; _builder_version=&#8221;3.22.7&#8243; z_index_tablet=&#8221;500&#8243;]Jun<!\u2013- [et_pb_br_holder] -\u2013><!-- [et_pb_line_break_holder] -->6[\/et_pb_code][\/et_pb_column][et_pb_column type=&#8221;3_5&#8243; _builder_version=&#8221;3.25&#8243; custom_padding=&#8221;|||&#8221; custom_padding_tablet=&#8221;|||&#8221; custom_padding_phone=&#8221;&#8221; custom_padding_last_edited=&#8221;on|desktop&#8221; custom_padding__hover=&#8221;|||&#8221;][et_pb_text admin_label=&#8221;Ingr\u00e9s Jos\u00e9 \u00c1ngel Brand\u00edn Lorenzo&#8221; _builder_version=&#8221;3.27.4&#8243; z_index_tablet=&#8221;500&#8243;]<\/p>\n<h3>Ingr\u00e9s com Acad\u00e8mic Corresponent: Jos\u00e9 \u00c1ngel Brand\u00edn Lorenzo, Doctor en Govern i Cultura de les Organitzacions<\/h3>\n<p><strong>Discurs d&#8217;ingr\u00e9s:<\/strong> <a href=\"https:\/\/raed.academy\/wp-content\/uploads\/2019\/06\/discurso-ingreso-Jose-Angel-Brandin-Lorenzo-La-confianza-razonada-compr.pdf\" target=\"_blank\" rel=\"noopener noreferrer\">La confianza razonada: un medio para la gesti\u00f3n de la incertidumbre en los procesos de las organizaciones<\/a><br \/><strong>Respon:<\/strong> <a href=\"https:\/\/raed.academy\/ca\/academics\/dr-jose-daniel-barquero-cabrero\/\" target=\"_blank\" rel=\"noopener noreferrer\"><strong>Dr. Jos\u00e9 Daniel Barquero Cabrero<\/strong><\/a>, Doctor en Ci\u00e8ncies Econ\u00f2miques<\/p>\n<p><strong>Lloc:<\/strong> Sala d&#8217;actes de Foment del Treball \u2013 Via Laietana, 32, Pral, Barcelona<br \/><strong>Data:<\/strong> 06.06.2019 a les 19:00<\/p>\n<p>[\/et_pb_text][\/et_pb_column][et_pb_column type=&#8221;1_5&#8243; _builder_version=&#8221;3.25&#8243; custom_padding=&#8221;|||&#8221; custom_padding_tablet=&#8221;&#8221; custom_padding_phone=&#8221;&#8221; custom_padding_last_edited=&#8221;on|phone&#8221; custom_padding__hover=&#8221;|||&#8221;][et_pb_image src=&#8221;https:\/\/raed.academy\/wp-content\/uploads\/2019\/06\/ingreso-RAED-Jose-Angel-Brandin-Lorenzo-1.jpg&#8221; show_in_lightbox=&#8221;on&#8221; use_overlay=&#8221;on&#8221; overlay_icon_color=&#8221;#6b5d38&#8243; align=&#8221;center&#8221; force_fullwidth=&#8221;on&#8221; align_tablet=&#8221;center&#8221; align_phone=&#8221;&#8221; align_last_edited=&#8221;on|desktop&#8221; _builder_version=&#8221;3.23&#8243; module_alignment=&#8221;center&#8221; custom_margin=&#8221;10px|||&#8221; custom_margin_tablet=&#8221;25px|||&#8221; custom_margin_phone=&#8221;&#8221; custom_margin_last_edited=&#8221;on|desktop&#8221; z_index_tablet=&#8221;500&#8243; border_radii=&#8221;on|4px|4px|4px|4px&#8221; box_shadow_style=&#8221;preset2&#8243; box_shadow_horizontal=&#8221;12px&#8221; box_shadow_vertical=&#8221;12px&#8221;][\/et_pb_image][\/et_pb_column][\/et_pb_row][et_pb_row column_structure=&#8221;1_5,3_5,1_5&#8243; use_custom_gutter=&#8221;on&#8221; gutter_width=&#8221;1&#8243; make_equal=&#8221;on&#8221; module_id=&#8221;19\/06&#8243; module_class=&#8221;evento et_pb_row_fullwidth et_pb_row_fullwidth et_pb_row_fullwidth et_pb_row_fullwidth et_pb_row_fullwidth et_pb_row_fullwidth et_pb_row_fullwidth et_pb_row_fullwidth et_pb_row_fullwidth et_pb_row_fullwidth et_pb_row_fullwidth et_pb_row_fullwidth&#8221; _builder_version=&#8221;3.25&#8243; width=&#8221;100%&#8221; width_tablet=&#8221;&#8221; width_phone=&#8221;&#8221; width_last_edited=&#8221;on|desktop&#8221; max_width=&#8221;100%&#8221; max_width_tablet=&#8221;&#8221; max_width_phone=&#8221;&#8221; max_width_last_edited=&#8221;on|desktop&#8221; module_alignment=&#8221;center&#8221; z_index_tablet=&#8221;500&#8243; border_radii=&#8221;on|3px|3px|3px|3px&#8221; box_shadow_style=&#8221;preset3&#8243; box_shadow_horizontal=&#8221;10px&#8221; make_fullwidth=&#8221;on&#8221; locked=&#8221;off&#8221;][et_pb_column type=&#8221;1_5&#8243; _builder_version=&#8221;3.25&#8243; custom_padding=&#8221;|||&#8221; custom_padding_last_edited=&#8221;off|desktop&#8221; custom_padding__hover=&#8221;|||&#8221;][et_pb_code admin_label=&#8221;fecha 19\/06&#8243; module_class=&#8221;fecha-evento&#8221; _builder_version=&#8221;3.22.7&#8243; z_index_tablet=&#8221;500&#8243;]Jun<!\u2013- [et_pb_br_holder] -\u2013><!-- [et_pb_line_break_holder] -->19[\/et_pb_code][\/et_pb_column][et_pb_column type=&#8221;3_5&#8243; _builder_version=&#8221;3.25&#8243; custom_padding=&#8221;|||&#8221; custom_padding_tablet=&#8221;|||&#8221; custom_padding_phone=&#8221;&#8221; custom_padding_last_edited=&#8221;on|desktop&#8221; custom_padding__hover=&#8221;|||&#8221;][et_pb_text admin_label=&#8221;Ingr\u00e9s Frederic Borr\u00e0s P\u00e0mies&#8221; _builder_version=&#8221;3.27.4&#8243; z_index_tablet=&#8221;500&#8243;]<\/p>\n<h3>Ingr\u00e9s com Acad\u00e8mic Numerari: <a href=\"https:\/\/raed.academy\/ca\/academics\/dr-frederic-borras-pamies\/\" target=\"_blank\" rel=\"noopener noreferrer\">Frederic Borr\u00e0s P\u00e0mies<\/a>, Dr. en Ci\u00e8ncies Econ\u00f2miques y Empresarials<\/h3>\n<p><strong>Discurs d&#8217;ingr\u00e9s:<\/strong> \u201c\u00bfEstamos preparados para la pr\u00f3xima crisis?\u201d<strong><br \/>Respon: <\/strong><a href=\"https:\/\/raed.academy\/ca\/academics\/dr-jose-maria-gay-de-liebana-saludas\/\" target=\"_blank\" rel=\"noopener noreferrer\"><strong>Dr. Jos\u00e9 Mar\u00eda Gay de Li\u00e9bana Saludas<\/strong><\/a>, Doctor en Ci\u00e8ncies Econ\u00f2miques i Dret<\/p>\n<p><strong>Lloc:<\/strong> Sala d&#8217;actes de Foment del Treball \u2013 Via Laietana, 32, Pral, Barcelona<br \/><strong>Data:<\/strong> 19.06.2019 a les 19:30h<\/p>\n<p>[\/et_pb_text][\/et_pb_column][et_pb_column type=&#8221;1_5&#8243; _builder_version=&#8221;3.25&#8243; custom_padding=&#8221;|||&#8221; custom_padding_tablet=&#8221;&#8221; custom_padding_phone=&#8221;&#8221; custom_padding_last_edited=&#8221;on|phone&#8221; custom_padding__hover=&#8221;|||&#8221;][et_pb_image src=&#8221;https:\/\/raed.academy\/wp-content\/uploads\/2019\/06\/ingreso-RAED-Frederic-Borras-Pamies-Academico-Numerario-2.jpg&#8221; show_in_lightbox=&#8221;on&#8221; use_overlay=&#8221;on&#8221; overlay_icon_color=&#8221;#6b5d38&#8243; align=&#8221;center&#8221; force_fullwidth=&#8221;on&#8221; align_tablet=&#8221;center&#8221; align_phone=&#8221;&#8221; align_last_edited=&#8221;on|desktop&#8221; admin_label=&#8221;Imagen&#8221; _builder_version=&#8221;3.23&#8243; module_alignment=&#8221;center&#8221; custom_margin=&#8221;10px|||&#8221; custom_margin_tablet=&#8221;25px|||&#8221; custom_margin_phone=&#8221;&#8221; custom_margin_last_edited=&#8221;on|desktop&#8221; z_index_tablet=&#8221;500&#8243; border_radii=&#8221;on|4px|4px|4px|4px&#8221; box_shadow_style=&#8221;preset2&#8243; box_shadow_horizontal=&#8221;12px&#8221; box_shadow_vertical=&#8221;12px&#8221; locked=&#8221;off&#8221;][\/et_pb_image][\/et_pb_column][\/et_pb_row][et_pb_row column_structure=&#8221;1_5,3_5,1_5&#8243; use_custom_gutter=&#8221;on&#8221; gutter_width=&#8221;1&#8243; make_equal=&#8221;on&#8221; module_id=&#8221;20\/06&#8243; module_class=&#8221;evento&#8221; _builder_version=&#8221;3.25&#8243; width=&#8221;100%&#8221; width_tablet=&#8221;&#8221; width_phone=&#8221;&#8221; width_last_edited=&#8221;on|desktop&#8221; max_width=&#8221;100%&#8221; max_width_tablet=&#8221;&#8221; max_width_phone=&#8221;&#8221; max_width_last_edited=&#8221;on|desktop&#8221; module_alignment=&#8221;center&#8221; z_index_tablet=&#8221;500&#8243; box_shadow_style=&#8221;preset3&#8243; box_shadow_horizontal=&#8221;10px&#8221; locked=&#8221;off&#8221;][et_pb_column type=&#8221;1_5&#8243; _builder_version=&#8221;3.25&#8243; custom_padding=&#8221;|||&#8221; custom_padding_tablet=&#8221;&#8221; custom_padding_phone=&#8221;&#8221; custom_padding_last_edited=&#8221;on|desktop&#8221; custom_padding__hover=&#8221;|||&#8221;][et_pb_code admin_label=&#8221;fecha 20\/06&#8243; module_class=&#8221;fecha-evento&#8221; _builder_version=&#8221;3.22.7&#8243; z_index_tablet=&#8221;500&#8243;]Jun<!\u2013- [et_pb_br_holder] -\u2013><!-- [et_pb_line_break_holder] -->20[\/et_pb_code][\/et_pb_column][et_pb_column type=&#8221;3_5&#8243; _builder_version=&#8221;3.25&#8243; custom_padding=&#8221;|||&#8221; custom_padding__hover=&#8221;|||&#8221;][et_pb_text admin_label=&#8221;Sesi\u00f3n Cient\u00edfica Especial&#8221; _builder_version=&#8221;3.27.4&#8243; z_index_tablet=&#8221;500&#8243;]<\/p>\n<h3 class=\"m_-2712209323058899129null\">Sessi\u00f3 Cient\u00edfica Especial: Presentaci\u00f3 de la Guia de l&#8217;Alimentaci\u00f3 Saludable per a Atenci\u00f3 Prim\u00e0ria i col\u00b7lectius ciutadans<\/h3>\n<p>organitzada per la Reial Acad\u00e8mia Europea de Doctors-Barcelona 1914 (RAED) juntament amb altres institucions<\/p>\n<p><strong>Intervindran en l&#8217;acte:<\/strong><\/p>\n<ul>\n<li><a href=\"https:\/\/raed.academy\/ca\/academics\/dr-lluis-serra-majem\/\" target=\"_blank\" rel=\"noopener noreferrer\" data-saferedirecturl=\"https:\/\/www.google.com\/url?q=https:\/\/raed.academy\/ca\/academics\/dr-lluis-serra-majem\/&amp;source=gmail&amp;ust=1560356288033000&amp;usg=AFQjCNEpXGQtyNzLqTM0G7Wq4y9UM-yoIQ\"><strong>Dr. Llu\u00eds Serra-Majem<\/strong><\/a>. Alimentaci\u00f3, sostenibilitat i guies aliment\u00e0ries.<\/li>\n<li><a href=\"https:\/\/raed.academy\/ca\/academics\/dr-javier-aranceta-bartrina\/\" target=\"_blank\" rel=\"noopener noreferrer\" data-saferedirecturl=\"https:\/\/www.google.com\/url?q=https:\/\/raed.academy\/ca\/academics\/dr-javier-aranceta-bartrina\/&amp;source=gmail&amp;ust=1560356288033000&amp;usg=AFQjCNHl0Um29pH5pQWiycPZniyBcoylBA\"><strong>Javier Aranceta<\/strong><\/a>: Presentaci\u00f3 de la nova Guia d&#8217;Alimentaci\u00f3 Saludable.<\/li>\n<li><a href=\"https:\/\/raed.academy\/ca\/academics\/dr-jose-ramon-calvo-fernandez\/\" target=\"_blank\" rel=\"noopener noreferrer\" data-saferedirecturl=\"https:\/\/www.google.com\/url?q=https:\/\/raed.academy\/ca\/academics\/dr-jose-ramon-calvo-fernandez\/&amp;source=gmail&amp;ust=1560356288033000&amp;usg=AFQjCNF0ANxIEpQSeM21twZEpd3nKzwCsQ\"><strong>Dr. Jos\u00e9 Ram\u00f3n Calvo<\/strong><\/a>: L&#8217;educaci\u00f3 aliment\u00e0ria com a eina de promoci\u00f3 de la salut.<\/li>\n<\/ul>\n<p><strong>Moderar\u00e0 l&#8217;acte:<\/strong>\u00a0<a href=\"https:\/\/raed.academy\/ca\/academics\/dra-maria-dels-angels-calvo-torras\/\" target=\"_blank\" rel=\"noopener noreferrer\" data-saferedirecturl=\"https:\/\/www.google.com\/url?q=https:\/\/raed.academy\/ca\/academics\/dra-maria-dels-angels-calvo-torras\/&amp;source=gmail&amp;ust=1560356288033000&amp;usg=AFQjCNFJZBItNc6pC_Mhgy31_UAFb56__w\"><strong>Dra. Maria \u00c0ngels Calvo<\/strong><\/a>.<\/p>\n<p>En acabar se servir\u00e0 un aperitiu de cortesia.<\/p>\n<p><strong>Lloc<\/strong>: Sala d&#8217;actes de Foment del Treball &#8211; Via Laietana, 32, pral. Barcelona<\/p>\n<p><strong>Data<\/strong>: el dijous 20 de juny de 2019 a les 19.00h<\/p>\n<p>[\/et_pb_text][et_pb_code _builder_version=&#8221;3.29.1&#8243; z_index_tablet=&#8221;500&#8243; locked=&#8221;off&#8221;]<a href=\"https:\/\/raed.academy\/wp-content\/uploads\/2019\/06\/Presentacion-Guia-Alimentacion-Saludable-para-Atencion-Primaria-y-colectivos-ciudadanos-v2.pdf\" target=\"_blank\" class=\"et_pb_button\" rel=\"noopener noreferrer\">PROGRAMA<\/a><!-- [et_pb_line_break_holder] --><!-- [et_pb_line_break_holder] --><a href=\"https:\/\/raed.academy\/wp-content\/uploads\/2019\/06\/Presentacion-Guia-Alimentacion-Saludable-para-Atencion-Primaria-y-colectivos-ciudadanos-v2.pdf\" download=\"\"><span class=\"fas fa-cloud-download-alt\"><\/span> DESCARGAR<\/a>[\/et_pb_code][\/et_pb_column][et_pb_column type=&#8221;1_5&#8243; _builder_version=&#8221;3.25&#8243; custom_padding=&#8221;|||&#8221; custom_padding__hover=&#8221;|||&#8221;][et_pb_gallery gallery_ids=&#8221;74373,74376,74379,74382,74385,74388,74391,74394,74397&#8243; posts_number=&#8221;2&#8243; show_title_and_caption=&#8221;off&#8221; show_pagination=&#8221;off&#8221; zoom_icon_color=&#8221;#6b5d38&#8243; _builder_version=&#8221;3.22.7&#8243; custom_margin=&#8221;10px|||&#8221; custom_margin_tablet=&#8221;25px|||&#8221; custom_margin_phone=&#8221;&#8221; custom_margin_last_edited=&#8221;on|desktop&#8221; z_index_tablet=&#8221;500&#8243; custom_css_gallery_item=&#8221;padding: 3px;&#8221; border_radii_image=&#8221;on|4px|4px|4px|4px&#8221; box_shadow_style_image=&#8221;preset2&#8243; locked=&#8221;off&#8221;][\/et_pb_gallery][\/et_pb_column][\/et_pb_row][et_pb_row column_structure=&#8221;1_5,3_5,1_5&#8243; use_custom_gutter=&#8221;on&#8221; gutter_width=&#8221;1&#8243; make_equal=&#8221;on&#8221; module_id=&#8221;2706&#8243; module_class=&#8221;evento et_pb_row_fullwidth et_pb_row_fullwidth et_pb_row_fullwidth et_pb_row_fullwidth et_pb_row_fullwidth et_pb_row_fullwidth et_pb_row_fullwidth et_pb_row_fullwidth et_pb_row_fullwidth et_pb_row_fullwidth et_pb_row_fullwidth et_pb_row_fullwidth&#8221; _builder_version=&#8221;3.25&#8243; width=&#8221;100%&#8221; width_tablet=&#8221;&#8221; width_phone=&#8221;&#8221; width_last_edited=&#8221;on|desktop&#8221; max_width=&#8221;100%&#8221; max_width_tablet=&#8221;&#8221; max_width_phone=&#8221;&#8221; max_width_last_edited=&#8221;on|desktop&#8221; module_alignment=&#8221;center&#8221; z_index_tablet=&#8221;500&#8243; border_radii=&#8221;on|3px|3px|3px|3px&#8221; box_shadow_style=&#8221;preset3&#8243; box_shadow_horizontal=&#8221;10px&#8221; make_fullwidth=&#8221;on&#8221; locked=&#8221;off&#8221;][et_pb_column type=&#8221;1_5&#8243; _builder_version=&#8221;3.25&#8243; custom_padding=&#8221;|||&#8221; custom_padding_last_edited=&#8221;off|desktop&#8221; custom_padding__hover=&#8221;|||&#8221;][et_pb_code admin_label=&#8221;fecha 27\/06&#8243; module_class=&#8221;fecha-evento&#8221; _builder_version=&#8221;3.22.7&#8243; z_index_tablet=&#8221;500&#8243;]Jun<!\u2013- [et_pb_br_holder] -\u2013><!-- [et_pb_line_break_holder] -->27[\/et_pb_code][\/et_pb_column][et_pb_column type=&#8221;3_5&#8243; _builder_version=&#8221;3.25&#8243; custom_padding=&#8221;|||&#8221; custom_padding_tablet=&#8221;|||&#8221; custom_padding_phone=&#8221;&#8221; custom_padding_last_edited=&#8221;on|phone&#8221; custom_padding__hover=&#8221;|||&#8221;][et_pb_text admin_label=&#8221;Sopar d&#8217;Estiu i Concert&#8221; _builder_version=&#8221;4.7.4&#8243; z_index_tablet=&#8221;500&#8243;]<\/p>\n<h3>Concert de l&#8217;Orquestra del Reial Cercle Art\u00edstic de Barcelona i sopar d&#8217;estiu de la Reial Acad\u00e8mia<\/h3>\n<p><strong>Dijous, dia 27 de juny de 2019, a les 19:00 hores al Reial Cercle Art\u00edstic de Barcelona, Carrer dels Arcs, n\u00ba 5 &#8211; BCN<\/strong>, col\u00b7laborador institucional de l&#8217;esdeveniment.<\/p>\n<p>Tradicional sopar d&#8217;estiu de l&#8217;Acad\u00e8mia, al mateix recinte del Reial Cercle Art\u00edstic.<\/p>\n<p>[\/et_pb_text][\/et_pb_column][et_pb_column type=&#8221;1_5&#8243; _builder_version=&#8221;3.25&#8243; custom_padding=&#8221;|||&#8221; custom_padding_tablet=&#8221;&#8221; custom_padding_phone=&#8221;&#8221; custom_padding_last_edited=&#8221;on|phone&#8221; custom_padding__hover=&#8221;|||&#8221;][et_pb_image src=&#8221;https:\/\/raed.academy\/wp-content\/uploads\/2019\/06\/programa-concert-cat-orquesta-RCA-80s-Symphonic-v2.jpg&#8221; show_in_lightbox=&#8221;on&#8221; use_overlay=&#8221;on&#8221; overlay_icon_color=&#8221;#6b5d38&#8243; align=&#8221;center&#8221; force_fullwidth=&#8221;on&#8221; align_tablet=&#8221;center&#8221; align_phone=&#8221;&#8221; align_last_edited=&#8221;on|desktop&#8221; _builder_version=&#8221;3.29.1&#8243; module_alignment=&#8221;center&#8221; custom_margin=&#8221;10px|||&#8221; custom_margin_tablet=&#8221;25px|||&#8221; custom_margin_phone=&#8221;&#8221; custom_margin_last_edited=&#8221;on|desktop&#8221; z_index_tablet=&#8221;500&#8243; border_radii=&#8221;on|4px|4px|4px|4px&#8221;]<br \/>\n[\/et_pb_image][\/et_pb_column][\/et_pb_row][et_pb_row _builder_version=&#8221;3.25&#8243; background_size=&#8221;initial&#8221; background_position=&#8221;top_left&#8221; background_repeat=&#8221;repeat&#8221; custom_padding=&#8221;0|0px|0|0px|false|false&#8221; locked=&#8221;off&#8221;][et_pb_column type=&#8221;4_4&#8243; _builder_version=&#8221;3.25&#8243; custom_padding=&#8221;|||&#8221; custom_padding__hover=&#8221;|||&#8221;][et_pb_text admin_label=&#8221;Texto &#8211; JULIOL 2019&#8243; _builder_version=&#8221;3.27.4&#8243; z_index_tablet=&#8221;500&#8243;]<\/p>\n<h2>JULIOL 2019<\/h2>\n<p>[\/et_pb_text][\/et_pb_column][\/et_pb_row][et_pb_row column_structure=&#8221;1_5,3_5,1_5&#8243; use_custom_gutter=&#8221;on&#8221; gutter_width=&#8221;1&#8243; make_equal=&#8221;on&#8221; module_id=&#8221;01\/07&#8243; module_class=&#8221;evento et_pb_row_fullwidth et_pb_row_fullwidth et_pb_row_fullwidth et_pb_row_fullwidth et_pb_row_fullwidth et_pb_row_fullwidth et_pb_row_fullwidth et_pb_row_fullwidth et_pb_row_fullwidth et_pb_row_fullwidth et_pb_row_fullwidth et_pb_row_fullwidth&#8221; _builder_version=&#8221;3.25&#8243; width=&#8221;100%&#8221; width_tablet=&#8221;&#8221; width_phone=&#8221;&#8221; width_last_edited=&#8221;on|desktop&#8221; max_width=&#8221;100%&#8221; max_width_tablet=&#8221;&#8221; max_width_phone=&#8221;&#8221; max_width_last_edited=&#8221;on|desktop&#8221; module_alignment=&#8221;center&#8221; z_index_tablet=&#8221;500&#8243; border_radii=&#8221;on|3px|3px|3px|3px&#8221; box_shadow_style=&#8221;preset3&#8243; box_shadow_horizontal=&#8221;10px&#8221; make_fullwidth=&#8221;on&#8221; locked=&#8221;off&#8221;][et_pb_column type=&#8221;1_5&#8243; _builder_version=&#8221;3.25&#8243; custom_padding=&#8221;|||&#8221; custom_padding_last_edited=&#8221;off|desktop&#8221; custom_padding__hover=&#8221;|||&#8221;][et_pb_code admin_label=&#8221;fecha 1\/07&#8243; module_class=&#8221;fecha-evento&#8221; _builder_version=&#8221;3.22.7&#8243; z_index_tablet=&#8221;500&#8243;]Jul<!\u2013- [et_pb_br_holder] -\u2013><!-- [et_pb_line_break_holder] -->1[\/et_pb_code][\/et_pb_column][et_pb_column type=&#8221;3_5&#8243; _builder_version=&#8221;3.25&#8243; custom_padding=&#8221;|||&#8221; custom_padding_tablet=&#8221;|||&#8221; custom_padding_phone=&#8221;&#8221; custom_padding_last_edited=&#8221;on|phone&#8221; custom_padding__hover=&#8221;|||&#8221;][et_pb_text admin_label=&#8221;Ingr\u00e9s Ignacio Buqueras y Bach&#8221; _builder_version=&#8221;3.27.4&#8243; z_index_tablet=&#8221;500&#8243;]<\/p>\n<h3>Ingr\u00e9s com Acad\u00e8mic Numerari: <a href=\"https:\/\/raed.academy\/ca\/academics\/dr-ignacio-buqueras-bach\/\" target=\"_blank\" rel=\"noopener noreferrer\">Ignacio Buqueras y Bach<\/a>, Doctor en Ci\u00e8ncies de la Informaci\u00f3<\/h3>\n<p><strong>Discurs d&#8217;ingr\u00e9s:<\/strong> <a href=\"https:\/\/raed.academy\/wp-content\/uploads\/2019\/07\/discurso-ingreso-RAED-Ignacio-Buqueras-Bach-compr.pdf\" target=\"_blank\" rel=\"noopener noreferrer\">El Patrimonio Mundial Cultural, Natural e Inmaterial de Espa\u00f1a<\/a><br \/><strong>Respon: <\/strong><a href=\"https:\/\/raed.academy\/ca\/academics\/dr-aldo-olcese-santonja\/\" target=\"_blank\" rel=\"noopener noreferrer\"><strong>Dr. Aldo Olcese Santonja<\/strong><\/a>, Doctor en Economia Financera, President de la Fundaci\u00f3 Independent i Vicepresident de la Reial Acad\u00e8mia Europea de Doctors<\/p>\n<p><strong>Lloc:<\/strong> Sala d&#8217;actes de Foment del Treball \u2013 Via Laietana, 32, Pral, Barcelona<br \/><strong>Data:<\/strong> 01.07.2019 a les 19:00h<\/p>\n<p>[\/et_pb_text][\/et_pb_column][et_pb_column type=&#8221;1_5&#8243; _builder_version=&#8221;3.25&#8243; custom_padding=&#8221;|||&#8221; custom_padding_tablet=&#8221;&#8221; custom_padding_phone=&#8221;&#8221; custom_padding_last_edited=&#8221;on|desktop&#8221; custom_padding__hover=&#8221;|||&#8221;][et_pb_image src=&#8221;https:\/\/raed.academy\/wp-content\/uploads\/2019\/04\/Ignacio-Buqueras-1.jpg&#8221; show_in_lightbox=&#8221;on&#8221; use_overlay=&#8221;on&#8221; overlay_icon_color=&#8221;#6b5d38&#8243; align=&#8221;center&#8221; force_fullwidth=&#8221;on&#8221; align_tablet=&#8221;center&#8221; align_phone=&#8221;&#8221; align_last_edited=&#8221;on|desktop&#8221; admin_label=&#8221;Imagen&#8221; _builder_version=&#8221;3.23&#8243; module_alignment=&#8221;center&#8221; custom_margin=&#8221;10px|||&#8221; custom_margin_tablet=&#8221;25px|||&#8221; custom_margin_phone=&#8221;&#8221; custom_margin_last_edited=&#8221;on|desktop&#8221; z_index_tablet=&#8221;500&#8243; border_radii=&#8221;on|4px|4px|4px|4px&#8221; box_shadow_style=&#8221;preset2&#8243; box_shadow_horizontal=&#8221;12px&#8221; box_shadow_vertical=&#8221;12px&#8221; locked=&#8221;off&#8221;][\/et_pb_image][\/et_pb_column][\/et_pb_row][et_pb_row column_structure=&#8221;1_5,3_5,1_5&#8243; use_custom_gutter=&#8221;on&#8221; gutter_width=&#8221;1&#8243; make_equal=&#8221;on&#8221; module_id=&#8221;0807&#8243; module_class=&#8221;evento&#8221; _builder_version=&#8221;3.25&#8243; width=&#8221;100%&#8221; width_tablet=&#8221;&#8221; width_phone=&#8221;&#8221; width_last_edited=&#8221;on|desktop&#8221; max_width=&#8221;100%&#8221; max_width_tablet=&#8221;&#8221; max_width_phone=&#8221;&#8221; max_width_last_edited=&#8221;on|desktop&#8221; module_alignment=&#8221;center&#8221; z_index_tablet=&#8221;500&#8243; box_shadow_style=&#8221;preset3&#8243; box_shadow_horizontal=&#8221;10px&#8221; locked=&#8221;off&#8221;][et_pb_column type=&#8221;1_5&#8243; _builder_version=&#8221;3.25&#8243; custom_padding=&#8221;|||&#8221; custom_padding_tablet=&#8221;&#8221; custom_padding_phone=&#8221;&#8221; custom_padding_last_edited=&#8221;on|desktop&#8221; custom_padding__hover=&#8221;|||&#8221;][et_pb_code admin_label=&#8221;fecha 8\/07&#8243; module_class=&#8221;fecha-evento&#8221; _builder_version=&#8221;3.22.7&#8243; z_index_tablet=&#8221;500&#8243;]Jul<!\u2013- [et_pb_br_holder] -\u2013><!-- [et_pb_line_break_holder] -->8[\/et_pb_code][\/et_pb_column][et_pb_column type=&#8221;3_5&#8243; _builder_version=&#8221;3.25&#8243; custom_padding=&#8221;|||&#8221; custom_padding_tablet=&#8221;&#8221; custom_padding_phone=&#8221;&#8221; custom_padding_last_edited=&#8221;on|phone&#8221; custom_padding__hover=&#8221;|||&#8221;][et_pb_text admin_label=&#8221;debate \u00abSostenibilidad, Transici\u00f3n Ecol\u00f3gica y el papel de las Empresas\u00bb&#8221; _builder_version=&#8221;3.27.4&#8243; z_index_tablet=&#8221;500&#8243;]<\/p>\n<h3>Debat\u00abSostenibilidad, Transici\u00f3n Ecol\u00f3gica y el papel de las Empresas\u00bb<\/h3>\n<p>Organitzen:<\/p>\n<ul>\n<li><strong>Reial Acad\u00e8mia Europea de Doctors<\/strong><\/li>\n<li><strong>Reial Acad\u00e8mia de Doctors d&#8217;Espanya<\/strong><\/li>\n<li><strong>Fundaci\u00f3 Independent<\/strong><\/li>\n<\/ul>\n<h4>17: 45h Inauguraci\u00f3<\/h4>\n<p><strong>Dr. Antoni Bascones<\/strong>. President de la Reial Acad\u00e8mia de Doctors d&#8217;Espanya<br \/><a href=\"https:\/\/raed.academy\/ca\/academics\/dr-alfredo-rocafort-nicolau\/\" target=\"_blank\" rel=\"noopener noreferrer\"><strong>Dr. Alfredo Rocafort<\/strong><\/a>. President de la Reial Acad\u00e8mia Europea de Doctors<\/p>\n<h4>18: 00h Taula 1: \u00abTransici\u00f3 Ecol\u00f2gica i Empreses &#8211; Problemes i Reptes\u00bb<\/h4>\n<p><strong>Javier L\u00f3pez Galiacho<\/strong>. Professor de Dret Civil a la URJC. Director de Responsabilitat Social Corporativa de FCC<br \/><strong>D. Jaime de Jara\u00edz Lozano<\/strong>. President i CEO de LG Iberia<br \/><strong>Pablo Bascones Ilundain<\/strong>. Soci de Sostenibilitat i Canvi Clim\u00e0tic de PwC<\/p>\n<p>Modera: <strong>Dra. Cecilia Kindel\u00e1n<\/strong>. Doctora en Comunicaci\u00f3 i Membre de l&#8217;ICI de la RAED<\/p>\n<h4>19.00h Taula 2: \u00abSostenibilitat i RSC. El Cas de Gal\u00e1pagos \u00bb<\/h4>\n<p><strong>Dr. Carlos Montufar<\/strong>. Rector de la Universitat de San Francisco de Quito<br \/><strong>D. Crist\u00f3bal Roldan<\/strong>. Ambaixador de l&#8217;Equador a Espanya<br \/><strong>Sra. Clara Nav\u00edo<\/strong>. Periodista Especialitzada en Sostenibilitat<\/p>\n<p>Modera: <a href=\"https:\/\/raed.academy\/ca\/academics\/dr-jose-ramon-calvo-fernandez\/\" target=\"_blank\" rel=\"noopener noreferrer\"><strong>Dr. Jos\u00e9 R. Calvo<\/strong><\/a>. Reial Acad\u00e8mia Europea de Doctors<\/p>\n<h4><strong>20: 00h Pon\u00e8ncia de Cloenda <\/strong>\u00abPol\u00edtica Econ\u00f3mica y Transici\u00f3n Ecologica\u00bb<\/h4>\n<p><a href=\"https:\/\/raed.academy\/ca\/academics\/dr-aldo-olcese-santonja\/\" target=\"_blank\" rel=\"noopener noreferrer\"><strong>Dr. Aldo Olcese<\/strong><\/a>. Vicepresident Reial Acad\u00e8mia Europea de Doctors. Vicepresident del Senat de l&#8217;Economia Europea Cap\u00edtol Espanyol. President Fundaci\u00f3 Independent<\/p>\n<p><strong>Lloc<\/strong>: Reial Acad\u00e8mia de Doctors d&#8217;Espanya. Carrer de Sant Bernat, 49, Madrid<br \/><strong>Data<\/strong>: Dilluns, 8 de Juliol de 2019, a les 17: 45h<\/p>\n<p>[\/et_pb_text][\/et_pb_column][et_pb_column type=&#8221;1_5&#8243; _builder_version=&#8221;3.25&#8243; custom_padding=&#8221;|||&#8221; custom_padding__hover=&#8221;|||&#8221;][et_pb_gallery gallery_ids=&#8221;75266,75269,75272,75275,75105,75108&#8243; posts_number=&#8221;3&#8243; show_title_and_caption=&#8221;off&#8221; show_pagination=&#8221;off&#8221; zoom_icon_color=&#8221;#6b5d38&#8243; _builder_version=&#8221;3.22.7&#8243; custom_margin=&#8221;10px|||&#8221; custom_margin_tablet=&#8221;25px|||&#8221; custom_margin_phone=&#8221;&#8221; custom_margin_last_edited=&#8221;on|desktop&#8221; z_index_tablet=&#8221;500&#8243; border_radii_image=&#8221;on|4px|4px|4px|4px&#8221; box_shadow_style_image=&#8221;preset2&#8243; locked=&#8221;off&#8221;][\/et_pb_gallery][\/et_pb_column][\/et_pb_row][et_pb_row column_structure=&#8221;1_5,3_5,1_5&#8243; use_custom_gutter=&#8221;on&#8221; gutter_width=&#8221;1&#8243; make_equal=&#8221;on&#8221; module_id=&#8221;1107&#8243; module_class=&#8221;evento&#8221; _builder_version=&#8221;3.25&#8243; width=&#8221;100%&#8221; width_tablet=&#8221;&#8221; width_phone=&#8221;&#8221; width_last_edited=&#8221;on|desktop&#8221; max_width=&#8221;100%&#8221; max_width_tablet=&#8221;&#8221; max_width_phone=&#8221;&#8221; max_width_last_edited=&#8221;on|desktop&#8221; module_alignment=&#8221;center&#8221; z_index_tablet=&#8221;500&#8243; border_radii=&#8221;on|3px|3px|3px|3px&#8221; box_shadow_style=&#8221;preset3&#8243; box_shadow_horizontal=&#8221;10px&#8221; make_fullwidth=&#8221;on&#8221; locked=&#8221;off&#8221;][et_pb_column type=&#8221;1_5&#8243; _builder_version=&#8221;3.25&#8243; custom_padding=&#8221;|||&#8221; custom_padding_last_edited=&#8221;off|desktop&#8221; custom_padding__hover=&#8221;|||&#8221;][et_pb_code admin_label=&#8221;fecha 11\/07&#8243; module_class=&#8221;fecha-evento&#8221; _builder_version=&#8221;3.22.7&#8243; z_index_tablet=&#8221;500&#8243;]Jul<!\u2013- [et_pb_br_holder] -\u2013><!-- [et_pb_line_break_holder] -->11[\/et_pb_code][\/et_pb_column][et_pb_column type=&#8221;3_5&#8243; _builder_version=&#8221;3.25&#8243; custom_padding=&#8221;|||&#8221; custom_padding_tablet=&#8221;|||&#8221; custom_padding_phone=&#8221;&#8221; custom_padding_last_edited=&#8221;on|phone&#8221; custom_padding__hover=&#8221;|||&#8221;][et_pb_text admin_label=&#8221;Ingr\u00e9s Alberto Antol\u00ed i M\u00e9ndez&#8221; _builder_version=&#8221;3.27.4&#8243; z_index_tablet=&#8221;500&#8243;]<\/p>\n<h3>Ingr\u00e9s com Acad\u00e8mic Corresponent: <a href=\"https:\/\/raed.academy\/ca\/academics\/dr-alberto-antoli-mendez\/\" target=\"_blank\" rel=\"noopener noreferrer\">Alberto Antol\u00ed i M\u00e9ndez<\/a>, Doctor en Dret<\/h3>\n<p><strong>Discurs d&#8217;ingr\u00e9s: <\/strong><a href=\"https:\/\/raed.academy\/wp-content\/uploads\/2019\/07\/discurso-ingreso-RAED-Alberto-Antoli-Mendez-Del-milagro-de-Israel-compr.pdf\" target=\"_blank\" rel=\"noopener noreferrer\">Del Milagro de Israel a la inversi\u00f3n inmobiliaria en Espa\u00f1a<\/a>\u00a0<strong><br \/>Respon:<\/strong> <a href=\"https:\/\/raed.academy\/ca\/academics\/dr-jose-daniel-barquero-cabrero\/\" target=\"_blank\" rel=\"noopener noreferrer\"><strong>Dr. Jos\u00e9 Daniel Barquero Cabrero<\/strong><\/a>, Doctor. en Ci\u00e8ncies Econ\u00f3miques<\/p>\n<p><strong>Lloc:<\/strong> Sala d&#8217;actes de Foment del Treball \u2013 Via Laietana, 32, Pral, Barcelona<br \/><strong>Data:<\/strong> 11.07.2019 a les 19:00h<\/p>\n<p>[\/et_pb_text][\/et_pb_column][et_pb_column type=&#8221;1_5&#8243; _builder_version=&#8221;3.25&#8243; custom_padding=&#8221;|||&#8221; custom_padding_tablet=&#8221;&#8221; custom_padding_phone=&#8221;&#8221; custom_padding_last_edited=&#8221;on|phone&#8221; custom_padding__hover=&#8221;|||&#8221;][et_pb_image src=&#8221;https:\/\/raed.academy\/wp-content\/uploads\/2019\/07\/ingreso-RAED-Alberto-Antoli-Mendez-2.jpg&#8221; show_in_lightbox=&#8221;on&#8221; use_overlay=&#8221;on&#8221; overlay_icon_color=&#8221;#6b5d38&#8243; align=&#8221;center&#8221; force_fullwidth=&#8221;on&#8221; align_tablet=&#8221;center&#8221; align_phone=&#8221;&#8221; align_last_edited=&#8221;on|desktop&#8221; _builder_version=&#8221;3.23&#8243; module_alignment=&#8221;center&#8221; custom_margin=&#8221;10px|||&#8221; custom_margin_tablet=&#8221;25px|||&#8221; custom_margin_phone=&#8221;&#8221; custom_margin_last_edited=&#8221;on|desktop&#8221; z_index_tablet=&#8221;500&#8243; border_radii=&#8221;on|4px|4px|4px|4px&#8221;]<br \/>\n[\/et_pb_image][\/et_pb_column][\/et_pb_row][et_pb_row column_structure=&#8221;1_5,3_5,1_5&#8243; use_custom_gutter=&#8221;on&#8221; gutter_width=&#8221;1&#8243; make_equal=&#8221;on&#8221; module_id=&#8221;1607&#8243; module_class=&#8221;evento&#8221; _builder_version=&#8221;3.25&#8243; width=&#8221;100%&#8221; width_tablet=&#8221;&#8221; width_phone=&#8221;&#8221; width_last_edited=&#8221;on|desktop&#8221; max_width=&#8221;100%&#8221; max_width_tablet=&#8221;&#8221; max_width_phone=&#8221;&#8221; max_width_last_edited=&#8221;on|desktop&#8221; module_alignment=&#8221;center&#8221; z_index_tablet=&#8221;500&#8243; border_radii=&#8221;on|3px|3px|3px|3px&#8221; box_shadow_style=&#8221;preset3&#8243; box_shadow_horizontal=&#8221;10px&#8221; make_fullwidth=&#8221;on&#8221; locked=&#8221;off&#8221;][et_pb_column type=&#8221;1_5&#8243; _builder_version=&#8221;3.25&#8243; custom_padding=&#8221;|||&#8221; custom_padding_last_edited=&#8221;off|desktop&#8221; custom_padding__hover=&#8221;|||&#8221;][et_pb_code admin_label=&#8221;fecha 16\/07&#8243; module_class=&#8221;fecha-evento&#8221; _builder_version=&#8221;3.22.7&#8243; z_index_tablet=&#8221;500&#8243;]Jul<!\u2013- [et_pb_br_holder] -\u2013><!-- [et_pb_line_break_holder] -->16[\/et_pb_code][\/et_pb_column][et_pb_column type=&#8221;3_5&#8243; _builder_version=&#8221;3.25&#8243; custom_padding=&#8221;|||&#8221; custom_padding_tablet=&#8221;|||&#8221; custom_padding_phone=&#8221;&#8221; custom_padding_last_edited=&#8221;on|phone&#8221; custom_padding__hover=&#8221;|||&#8221;][et_pb_text admin_label=&#8221;Ingr\u00e9s Jos\u00e9 Mar\u00eda Baldasano Recio&#8221; _builder_version=&#8221;3.27.4&#8243; z_index_tablet=&#8221;500&#8243;]<\/p>\n<h3>Ingr\u00e9s com Acad\u00e8mic Numerari: <a href=\"https:\/\/raed.academy\/ca\/academics\/dr-jose-maria-baldasano-recio\/\" target=\"_blank\" rel=\"noopener noreferrer\">Jos\u00e9 Mar\u00eda Baldasano Recio<\/a>, Doctor en Ci\u00e8ncies Qu\u00edmiques<\/h3>\n<p><strong>Discurs d&#8217;ingr\u00e9s: <\/strong><a href=\"https:\/\/raed.academy\/wp-content\/uploads\/2019\/07\/discurso-ingreso-Jose-Maria-Baldasano-Actual-cambio-climatico-compr.pdf\" target=\"_blank\" rel=\"noopener noreferrer\">El actual cambio clim\u00e1tico: una visi\u00f3n hol\u00edstica de la crisis clim\u00e1tica<\/a><strong><br \/>Respon:<\/strong> <a href=\"https:\/\/raed.academy\/ca\/academics\/dr-jose-maria-gay-de-liebana-saludas\/\" target=\"_blank\" rel=\"noopener noreferrer\"><strong>Dr. Jos\u00e9 Mar\u00eda Gay de Li\u00e9bana Saludas<\/strong><\/a>, Doctor en Ci\u00e8ncies Econ\u00f3miques i Dret.<\/p>\n<p><strong>Lloc:<\/strong> Sala d&#8217;actes de Foment del Treball \u2013 Via Laietana, 32, Pral, Barcelona<br \/><strong>Data:<\/strong> 16.07.2019 a les 19:00h<\/p>\n<p>[\/et_pb_text][\/et_pb_column][et_pb_column type=&#8221;1_5&#8243; _builder_version=&#8221;3.25&#8243; custom_padding=&#8221;|||&#8221; custom_padding_tablet=&#8221;&#8221; custom_padding_phone=&#8221;&#8221; custom_padding_last_edited=&#8221;on|phone&#8221; custom_padding__hover=&#8221;|||&#8221;][et_pb_image src=&#8221;https:\/\/raed.academy\/wp-content\/uploads\/2019\/07\/acto-ingreso-RAED-Jose-Maria-Baldasano-Recio-2.jpg&#8221; show_in_lightbox=&#8221;on&#8221; use_overlay=&#8221;on&#8221; overlay_icon_color=&#8221;#6b5d38&#8243; align=&#8221;center&#8221; force_fullwidth=&#8221;on&#8221; align_tablet=&#8221;center&#8221; align_phone=&#8221;&#8221; align_last_edited=&#8221;on|desktop&#8221; _builder_version=&#8221;3.23&#8243; module_alignment=&#8221;center&#8221; custom_margin=&#8221;10px|||&#8221; custom_margin_tablet=&#8221;25px|||&#8221; custom_margin_phone=&#8221;&#8221; custom_margin_last_edited=&#8221;on|desktop&#8221; z_index_tablet=&#8221;500&#8243; border_radii=&#8221;on|4px|4px|4px|4px&#8221; locked=&#8221;off&#8221;]<br \/>\n[\/et_pb_image][\/et_pb_column][\/et_pb_row][et_pb_row column_structure=&#8221;1_5,3_5,1_5&#8243; use_custom_gutter=&#8221;on&#8221; gutter_width=&#8221;1&#8243; make_equal=&#8221;on&#8221; module_id=&#8221;1107&#8243; module_class=&#8221;evento et_pb_row_fullwidth et_pb_row_fullwidth et_pb_row_fullwidth et_pb_row_fullwidth et_pb_row_fullwidth et_pb_row_fullwidth et_pb_row_fullwidth et_pb_row_fullwidth et_pb_row_fullwidth et_pb_row_fullwidth et_pb_row_fullwidth et_pb_row_fullwidth&#8221; _builder_version=&#8221;3.25&#8243; width=&#8221;100%&#8221; width_tablet=&#8221;&#8221; width_phone=&#8221;&#8221; width_last_edited=&#8221;on|desktop&#8221; max_width=&#8221;100%&#8221; max_width_tablet=&#8221;&#8221; max_width_phone=&#8221;&#8221; max_width_last_edited=&#8221;on|desktop&#8221; module_alignment=&#8221;center&#8221; z_index_tablet=&#8221;500&#8243; border_radii=&#8221;on|3px|3px|3px|3px&#8221; box_shadow_style=&#8221;preset3&#8243; box_shadow_horizontal=&#8221;10px&#8221; make_fullwidth=&#8221;on&#8221; locked=&#8221;off&#8221;][et_pb_column type=&#8221;1_5&#8243; _builder_version=&#8221;3.25&#8243; custom_padding=&#8221;|||&#8221; custom_padding_last_edited=&#8221;off|desktop&#8221; custom_padding__hover=&#8221;|||&#8221;][et_pb_code admin_label=&#8221;fecha 22\/07&#8243; module_class=&#8221;fecha-evento&#8221; _builder_version=&#8221;3.22.7&#8243; z_index_tablet=&#8221;500&#8243;]Jul<!\u2013- [et_pb_br_holder] -\u2013><!-- [et_pb_line_break_holder] -->22[\/et_pb_code][\/et_pb_column][et_pb_column type=&#8221;3_5&#8243; _builder_version=&#8221;3.25&#8243; custom_padding=&#8221;|||&#8221; custom_padding_tablet=&#8221;|||&#8221; custom_padding_phone=&#8221;&#8221; custom_padding_last_edited=&#8221;on|phone&#8221; custom_padding__hover=&#8221;|||&#8221;][et_pb_text admin_label=&#8221;Consolatio en homenatge: Dr. Antonio Concell\u00f3n Mart\u00ednez&#8221; _builder_version=&#8221;3.27.4&#8243; z_index_tablet=&#8221;500&#8243;]<\/p>\n<h3>Consolatio en homenatge: Dr. Antonio Concell\u00f3n Mart\u00ednez<\/h3>\n<p><strong>Presentaci\u00f3 de l&#8217;Acte: <a href=\"https:\/\/raed.academy\/academicos\/dra-maria-dels-angels-calvo-torras\/\" target=\"_blank\" rel=\"noopener noreferrer\">Dra. Maria dels \u00c0ngels Calvo Torras<\/a><br \/>Intervenci\u00f3: <a href=\"https:\/\/raed.academy\/academicos\/dr-pere-costa-batllori\/\" target=\"_blank\" rel=\"noopener noreferrer\">Dr. Pere Costa Batllori<\/a><\/strong><\/p>\n<p><strong>Lloc:<\/strong> Sala d&#8217;actes del Col\u00b7legi Oficial de Veterinaris de Barcelona\u2013 Av. Rep\u00fablica Argentina, 25, Barcelona<br \/><strong>Data:<\/strong> 22.07.2019<\/p>\n<p>[\/et_pb_text][\/et_pb_column][et_pb_column type=&#8221;1_5&#8243; _builder_version=&#8221;3.25&#8243; custom_padding=&#8221;|||&#8221; custom_padding_tablet=&#8221;&#8221; custom_padding_phone=&#8221;&#8221; custom_padding_last_edited=&#8221;on|phone&#8221; custom_padding__hover=&#8221;|||&#8221;][\/et_pb_column][\/et_pb_row][et_pb_row column_structure=&#8221;1_5,3_5,1_5&#8243; use_custom_gutter=&#8221;on&#8221; gutter_width=&#8221;1&#8243; make_equal=&#8221;on&#8221; module_id=&#8221;1809&#8243; module_class=&#8221;evento&#8221; _builder_version=&#8221;3.27.4&#8243; width=&#8221;100%&#8221; width_tablet=&#8221;&#8221; width_phone=&#8221;&#8221; width_last_edited=&#8221;on|desktop&#8221; max_width=&#8221;100%&#8221; max_width_tablet=&#8221;&#8221; max_width_phone=&#8221;&#8221; max_width_last_edited=&#8221;on|desktop&#8221; module_alignment=&#8221;center&#8221; z_index_tablet=&#8221;500&#8243; box_shadow_style=&#8221;preset3&#8243; box_shadow_horizontal=&#8221;10px&#8221; locked=&#8221;off&#8221;][et_pb_column type=&#8221;1_5&#8243; _builder_version=&#8221;3.25&#8243; custom_padding=&#8221;|||&#8221; custom_padding_tablet=&#8221;&#8221; custom_padding_phone=&#8221;&#8221; custom_padding_last_edited=&#8221;on|desktop&#8221; custom_padding__hover=&#8221;|||&#8221;][et_pb_code admin_label=&#8221;fecha 18\/09&#8243; module_class=&#8221;fecha-evento&#8221; _builder_version=&#8221;3.22.7&#8243; z_index_tablet=&#8221;500&#8243;]Sep<!\u2013- [et_pb_br_holder] -\u2013><!-- [et_pb_line_break_holder] -->18[\/et_pb_code][\/et_pb_column][et_pb_column type=&#8221;3_5&#8243; _builder_version=&#8221;3.25&#8243; custom_padding=&#8221;|||&#8221; custom_padding_tablet=&#8221;&#8221; custom_padding_phone=&#8221;&#8221; custom_padding_last_edited=&#8221;on|desktop&#8221; custom_padding__hover=&#8221;|||&#8221;][et_pb_text admin_label=&#8221;Ingreso como Acad\u00e9mico Numerario: August Corominas&#8221; _builder_version=&#8221;4.0.6&#8243; z_index_tablet=&#8221;500&#8243;]<\/p>\n<h3>Ingr\u00e9s com Acad\u00e8mic Numerari: <a href=\"https:\/\/raed.academy\/ca\/academics\/dr-august-corominas-vilardell\/\" target=\"_blank\" rel=\"noopener noreferrer\">August Corominas<\/a>, Doctor en Ci\u00e8ncies de la Medicina i Cirurgia, Professor de Fisiologia Humana de les Universitats de M\u00farcia i UAB<\/h3>\n<p><strong>Discurs d&#8217;ingr\u00e9s<\/strong>:<a href=\"https:\/\/raed.academy\/ca\/buscant-elixir-eterna-joventut-august-corominas\/\" target=\"_blank\" rel=\"noopener noreferrer\"> \u201cGen\u00e9tica Molecular y Biocronogerontolog\u00eda en la era Postgen\u00f3mica. Sirtuinas. Anti-Aging. Klotho \u00bfSon las Sirtuinas el buscado &#8220;Elixir de Juventud&#8221;? El Filum Gal\u00e9nico de la Familia Corominas (200 a\u00f1os)&#8221;<\/a><br \/><strong>Respon<\/strong>: <strong><a href=\"https:\/\/raed.academy\/ca\/academics\/dr-pedro-claros-blanch\/\" target=\"_blank\" rel=\"noopener noreferrer\">Dr. Pedro Clar\u00f3s Blanch<\/a><\/strong>, Doctor en Medicina i Cirurgia, Doctor en Farm\u00e0cia, Doctor en Neuroci\u00e8ncia B\u00e0sica i Aplicada<\/p>\n<p><strong>Lloc<\/strong>: Sala d&#8217;actes de Foment del Treball &#8211; Via Laietana, 32, Pral, Barcelona<br \/><strong>Data<\/strong>: 18.09.2019 a les 19:30h<\/p>\n<p>[\/et_pb_text][\/et_pb_column][et_pb_column type=&#8221;1_5&#8243; _builder_version=&#8221;3.25&#8243; custom_padding=&#8221;|||&#8221; custom_padding__hover=&#8221;|||&#8221;][et_pb_image src=&#8221;https:\/\/raed.academy\/wp-content\/uploads\/2019\/09\/ingreso-RAED-August-Corominas-Vilardell-1.jpg&#8221; show_in_lightbox=&#8221;on&#8221; use_overlay=&#8221;on&#8221; overlay_icon_color=&#8221;#6b5d38&#8243; align=&#8221;center&#8221; force_fullwidth=&#8221;on&#8221; align_tablet=&#8221;center&#8221; align_phone=&#8221;&#8221; align_last_edited=&#8221;on|desktop&#8221; admin_label=&#8221;Imagen&#8221; _builder_version=&#8221;3.29.1&#8243; module_alignment=&#8221;center&#8221; custom_margin=&#8221;10px|||&#8221; custom_margin_tablet=&#8221;25px|||&#8221; custom_margin_phone=&#8221;&#8221; custom_margin_last_edited=&#8221;on|desktop&#8221; z_index_tablet=&#8221;500&#8243; border_radii=&#8221;on|4px|4px|4px|4px&#8221; box_shadow_style=&#8221;preset2&#8243; box_shadow_horizontal=&#8221;12px&#8221; box_shadow_vertical=&#8221;12px&#8221; locked=&#8221;off&#8221;][\/et_pb_image][\/et_pb_column][\/et_pb_row][et_pb_row column_structure=&#8221;1_5,3_5,1_5&#8243; use_custom_gutter=&#8221;on&#8221; gutter_width=&#8221;1&#8243; make_equal=&#8221;on&#8221; module_id=&#8221;2209&#8243; module_class=&#8221;evento&#8221; _builder_version=&#8221;3.27.4&#8243; width=&#8221;100%&#8221; width_tablet=&#8221;&#8221; width_phone=&#8221;&#8221; width_last_edited=&#8221;on|desktop&#8221; max_width=&#8221;100%&#8221; max_width_tablet=&#8221;&#8221; max_width_phone=&#8221;&#8221; max_width_last_edited=&#8221;on|desktop&#8221; module_alignment=&#8221;center&#8221; z_index_tablet=&#8221;500&#8243; border_radii=&#8221;on|3px|3px|3px|3px&#8221; box_shadow_style=&#8221;preset3&#8243; box_shadow_horizontal=&#8221;10px&#8221; make_fullwidth=&#8221;on&#8221; locked=&#8221;off&#8221;][et_pb_column type=&#8221;1_5&#8243; _builder_version=&#8221;3.25&#8243; custom_padding=&#8221;|||&#8221; custom_padding_last_edited=&#8221;off|desktop&#8221; custom_padding__hover=&#8221;|||&#8221;][et_pb_code admin_label=&#8221;fecha 22-25\/09&#8243; module_class=&#8221;fecha-evento&#8221; _builder_version=&#8221;3.29.1&#8243; z_index_tablet=&#8221;500&#8243;]Set<!\u2013- [et_pb_br_holder] -\u2013><!-- [et_pb_line_break_holder] -->22[\/et_pb_code][\/et_pb_column][et_pb_column type=&#8221;3_5&#8243; _builder_version=&#8221;3.25&#8243; custom_padding=&#8221;|||&#8221; custom_padding_tablet=&#8221;|||&#8221; custom_padding_phone=&#8221;&#8221; custom_padding_last_edited=&#8221;on|phone&#8221; custom_padding__hover=&#8221;|||&#8221;][et_pb_text admin_label=&#8221;V Acte Internacional L&#8217;Europa dels ciutadans versus l&#8217;Europa dels estats.&#8221; _builder_version=&#8221;3.27.4&#8243; z_index_tablet=&#8221;500&#8243;]<\/p>\n<h3><strong>V Acte Internacional &#8220;L&#8217;Europa dels ciutadans versus l&#8217;Europa dels estats&#8221;<\/strong><\/h3>\n<p>Aquest congr\u00e9s internacional se celebrar\u00e0 del 22 al 25 de setembre a Budapest, en col\u00b7laboraci\u00f3 amb la Universitat SECHENY de Gyor i el Banc Central d&#8217;Hongria i en ell s&#8217;abordaran a m\u00e9s del tema principal, altres aspectes multidisciplinaris amb la participaci\u00f3 d&#8217;acad\u00e8mics nacionals i internacionals del m\u00e0xim prestigi.<\/p>\n<p><strong>Lloc<\/strong>: Budapest<br \/><strong>Data:\u00a0<\/strong>22 al 25.09.2019<\/p>\n<p>[\/et_pb_text][et_pb_code admin_label=&#8221;C\u00f3digo &#8211; bot\u00f3n y enlace descarga&#8221; _builder_version=&#8221;4.8.2&#8243; z_index_tablet=&#8221;500&#8243; locked=&#8221;off&#8221;]<a href=\"https:\/\/raed.academy\/wp-content\/uploads\/2021\/02\/programa-del-V-Congreso-Internacional-RAED-en-Budapest-Hungria.26.09.19.pdf\" target=\"_blank\" class=\"et_pb_button\" rel=\"noopener noreferrer\">Programa<\/a><!-- [et_pb_line_break_holder] --><!-- [et_pb_line_break_holder] --><a href=\"https:\/\/raed.academy\/wp-content\/uploads\/2021\/02\/programa-del-V-Congreso-Internacional-RAED-en-Budapest-Hungria.26.09.19.pdf\" download=\"\"><span class=\"fas fa-cloud-download-alt\"><\/span> DESCARREGAR<\/a>[\/et_pb_code][\/et_pb_column][et_pb_column type=&#8221;1_5&#8243; _builder_version=&#8221;3.25&#8243; custom_padding=&#8221;|||&#8221; custom_padding_tablet=&#8221;&#8221; custom_padding_phone=&#8221;&#8221; custom_padding_last_edited=&#8221;on|phone&#8221; custom_padding__hover=&#8221;|||&#8221;][et_pb_gallery gallery_ids=&#8221;79609,79663,79627&#8243; posts_number=&#8221;2&#8243; show_title_and_caption=&#8221;off&#8221; show_pagination=&#8221;off&#8221; zoom_icon_color=&#8221;#6b5d38&#8243; _builder_version=&#8221;3.29.1&#8243; custom_margin=&#8221;10px|||&#8221; custom_margin_tablet=&#8221;25px|||&#8221; custom_margin_phone=&#8221;&#8221; custom_margin_last_edited=&#8221;on|desktop&#8221; z_index_tablet=&#8221;500&#8243; border_radii_image=&#8221;on|4px|4px|4px|4px&#8221; box_shadow_style_image=&#8221;preset2&#8243; locked=&#8221;off&#8221;][\/et_pb_gallery][\/et_pb_column][\/et_pb_row][et_pb_row column_structure=&#8221;1_5,3_5,1_5&#8243; use_custom_gutter=&#8221;on&#8221; gutter_width=&#8221;1&#8243; make_equal=&#8221;on&#8221; module_id=&#8221;0310&#8243; module_class=&#8221;evento&#8221; _builder_version=&#8221;3.27.4&#8243; width=&#8221;100%&#8221; width_tablet=&#8221;&#8221; width_phone=&#8221;&#8221; width_last_edited=&#8221;on|desktop&#8221; max_width=&#8221;100%&#8221; max_width_tablet=&#8221;&#8221; max_width_phone=&#8221;&#8221; max_width_last_edited=&#8221;on|desktop&#8221; module_alignment=&#8221;center&#8221; z_index_tablet=&#8221;500&#8243; box_shadow_style=&#8221;preset3&#8243; box_shadow_horizontal=&#8221;10px&#8221; locked=&#8221;off&#8221;][et_pb_column type=&#8221;1_5&#8243; _builder_version=&#8221;3.25&#8243; custom_padding=&#8221;|||&#8221; custom_padding_tablet=&#8221;&#8221; custom_padding_phone=&#8221;&#8221; custom_padding_last_edited=&#8221;on|desktop&#8221; custom_padding__hover=&#8221;|||&#8221;][et_pb_code admin_label=&#8221;fecha 3\/10&#8243; module_class=&#8221;fecha-evento&#8221; _builder_version=&#8221;3.29.1&#8243; z_index_tablet=&#8221;500&#8243;]Oct<!\u2013- [et_pb_br_holder] -\u2013><!-- [et_pb_line_break_holder] -->3[\/et_pb_code][\/et_pb_column][et_pb_column type=&#8221;3_5&#8243; _builder_version=&#8221;3.25&#8243; custom_padding=&#8221;|||&#8221; custom_padding_tablet=&#8221;&#8221; custom_padding_phone=&#8221;&#8221; custom_padding_last_edited=&#8221;on|desktop&#8221; custom_padding__hover=&#8221;|||&#8221;][et_pb_text admin_label=&#8221;Ingreso Pedro Nueno Iniesta&#8221; _builder_version=&#8221;4.0.6&#8243; z_index_tablet=&#8221;500&#8243;]<\/p>\n<h3>Ingr\u00e9s com Acad\u00e8mic Numerari: <a href=\"https:\/\/raed.academy\/ca\/academics\/dr-pedro-nueno-iniesta\/\" target=\"_blank\" rel=\"noopener noreferrer\">Pedro Nueno Iniesta<\/a>, Doctor en Administraci\u00f3 i Direcci\u00f3 d&#8217;empreses per la Universitat de Harvard<\/h3>\n<p><strong>Discurs d&#8217;ingr\u00e9s:<\/strong> <a href=\"https:\/\/raed.academy\/wp-content\/uploads\/2019\/10\/discurso-ingreso-Pedro-Nueno-Iniesta-Intraemprendiendo-Emprender-dentro-de-la-empresa-compr.pdf\" target=\"_blank\" rel=\"noopener noreferrer\">\u00a0\u201cIntraemprendiendo. Emprender dentro de la empresa\u201d<\/a><br \/><strong>Respon:<\/strong> <a href=\"https:\/\/raed.academy\/ca\/academics\/dr-jose-ramon-calvo-fernandez\/\" target=\"_blank\" rel=\"noopener noreferrer\" data-cke-saved-href=\"https:\/\/raed.academy\/academicos\/dr-jose-ramon-calvo-fernandez\/\"><strong>Jos\u00e9 Ram\u00f3n Calvo<\/strong><\/a>, Doctor en en Medicina y Cirurgia<\/p>\n<p><strong>Lloc:<\/strong> Sala d&#8217;actes de Foment del Treball \u2013 Via Laietana, 32, Pral, Barcelona<br \/><strong>Data:<\/strong> 03.10.2019<br \/><strong>Hora:<\/strong> 19:30h<\/p>\n<p>[\/et_pb_text][\/et_pb_column][et_pb_column type=&#8221;1_5&#8243; _builder_version=&#8221;3.25&#8243; custom_padding=&#8221;|||&#8221; custom_padding__hover=&#8221;|||&#8221;][et_pb_image src=&#8221;https:\/\/raed.academy\/wp-content\/uploads\/2019\/10\/acto-ingreso-RAED-Pedro-Nueno-Iniesta-1.jpg&#8221; show_in_lightbox=&#8221;on&#8221; use_overlay=&#8221;on&#8221; overlay_icon_color=&#8221;#6b5d38&#8243; align=&#8221;center&#8221; force_fullwidth=&#8221;on&#8221; align_tablet=&#8221;center&#8221; align_phone=&#8221;&#8221; align_last_edited=&#8221;on|desktop&#8221; admin_label=&#8221;Imagen&#8221; _builder_version=&#8221;3.29.1&#8243; module_alignment=&#8221;center&#8221; custom_margin=&#8221;10px|||&#8221; custom_margin_tablet=&#8221;25px|||&#8221; custom_margin_phone=&#8221;&#8221; custom_margin_last_edited=&#8221;on|desktop&#8221; z_index_tablet=&#8221;500&#8243; border_radii=&#8221;on|4px|4px|4px|4px&#8221; box_shadow_style=&#8221;preset2&#8243; box_shadow_horizontal=&#8221;12px&#8221; box_shadow_vertical=&#8221;12px&#8221; locked=&#8221;off&#8221;][\/et_pb_image][\/et_pb_column][\/et_pb_row][et_pb_row column_structure=&#8221;1_5,3_5,1_5&#8243; use_custom_gutter=&#8221;on&#8221; gutter_width=&#8221;1&#8243; make_equal=&#8221;on&#8221; module_id=&#8221;1510&#8243; module_class=&#8221;evento&#8221; _builder_version=&#8221;3.29.1&#8243; width=&#8221;100%&#8221; width_tablet=&#8221;&#8221; width_phone=&#8221;&#8221; width_last_edited=&#8221;on|desktop&#8221; max_width=&#8221;100%&#8221; max_width_tablet=&#8221;&#8221; max_width_phone=&#8221;&#8221; max_width_last_edited=&#8221;on|desktop&#8221; module_alignment=&#8221;center&#8221; z_index_tablet=&#8221;500&#8243; box_shadow_style=&#8221;preset3&#8243; box_shadow_horizontal=&#8221;10px&#8221; locked=&#8221;off&#8221;][et_pb_column type=&#8221;1_5&#8243; _builder_version=&#8221;3.25&#8243; custom_padding=&#8221;|||&#8221; custom_padding_tablet=&#8221;&#8221; custom_padding_phone=&#8221;&#8221; custom_padding_last_edited=&#8221;on|desktop&#8221; custom_padding__hover=&#8221;|||&#8221;][et_pb_code admin_label=&#8221;fecha 15\/10&#8243; module_id=&#8221;1510&#8243; module_class=&#8221;fecha-evento&#8221; _builder_version=&#8221;3.29.1&#8243; z_index_tablet=&#8221;500&#8243;]Oct<!\u2013- [et_pb_br_holder] -\u2013><!-- [et_pb_line_break_holder] -->15[\/et_pb_code][\/et_pb_column][et_pb_column type=&#8221;3_5&#8243; _builder_version=&#8221;3.25&#8243; custom_padding=&#8221;|||&#8221; custom_padding_tablet=&#8221;&#8221; custom_padding_phone=&#8221;&#8221; custom_padding_last_edited=&#8221;on|desktop&#8221; custom_padding__hover=&#8221;|||&#8221;][et_pb_text admin_label=&#8221;Presentaci\u00f3n libro %22Catalu\u00f1a en Madrid%22&#8243; _builder_version=&#8221;3.29.1&#8243; z_index_tablet=&#8221;500&#8243;]<\/p>\n<h3>Presentaci\u00f3 del llibre <em><u>&#8220;Catalu\u00f1a en Madrid. Una visi\u00f3n de Catalu\u00f1a desde Madrid&#8221;<\/u><\/em> del\u00a0 <a href=\"https:\/\/raed.academy\/ca\/academics\/dr-ignacio-buqueras-bach\/\" target=\"_blank\" rel=\"noopener noreferrer\">Dr. Ignacio Buqueras y Bach<\/a><\/h3>\n<p>Una visi\u00f3 de Catalunya des de Madrid, Ignacio Buqueras i Bach, el seu autor, aporta les seves viv\u00e8ncies, experi\u00e8ncies i reflexions durant 40 anys. En aquests vuit lustres ha exercit, durant quatre anys, la presid\u00e8ncia del Cercle Catal\u00e0 de Madrid -1980 \/ 1984-; publica durant cinc anys una molt llegida columna dominical a ABC -1983 \/ 1988-, sobre la pres\u00e8ncia de Catalunya a Madrid; amb l&#8217;esmentat t\u00edtol va publicar un llibre sobre la hist\u00f2ria de la &#8220;casa pairal&#8221; dels catalans a Madrid; la seva admiraci\u00f3 per Josep Pla, el gran escriptor catal\u00e0, va fer que publiqu\u00e9s el 1985 una interessant biografia seva; i la molt greu i dif\u00edcil situaci\u00f3 pol\u00edtica que viu Espanya, molt especialment Catalunya, va fer que l&#8217;excel\u00b7lent Camb\u00f3 que va escriure i public\u00e0 el 1987, amb el desig que els espanyols coneguessin una de les personalitats m\u00e9s atractives del S. XX i extraordinari referent, torn\u00e9s a reeditar l&#8217;any passat, el 2018.<\/p>\n<p><b>Hi intervindran:<\/b><\/p>\n<ul>\n<li><strong>Dr. Jos\u00e9 Manuel Almuzara<\/strong>, arquitecte. President de l&#8217;Associaci\u00f3 Pro Beatificaci\u00f3 d&#8217;Antoni Gaud\u00ed.<\/li>\n<li><a href=\"https:\/\/raed.academy\/ca\/academics\/dr-xabier-anoveros-trias-de-bes\/\" target=\"_blank\" rel=\"noopener noreferrer\"><strong>Dr. Xavier A\u00f1overos<\/strong><\/a>,\u00a0Vicepresident de la Reial Acad\u00e8mia Europea de Doctors i del Circulo Ecuestre.<\/li>\n<li><a href=\"https:\/\/raed.academy\/ca\/academics\/dr-ignacio-buqueras-bach\/\" target=\"_blank\" rel=\"noopener noreferrer\"><strong>Dr. Ignacio Buqueras i Bach<\/strong><\/a>. Acad\u00e8mic numerari de la Reial Acad\u00e8mia Europea de Doctors i President de l&#8217;Associaci\u00f3 per a la Difusi\u00f3 i Promoci\u00f3 de Patrimoni Mundial d&#8217;Espanya.<\/li>\n<\/ul>\n<p><strong>Lloc:<\/strong> <span class=\"tlid-translation translation\" lang=\"ca\"><span title=\"\">Sala<\/span> <span title=\"\">de juntes de la<\/span> <span title=\"\">RAED<\/span><span class=\"\" title=\"\">, edifici<\/span><\/span> Foment del Treball \u2013 Via Laietana, 32, 3a planta, despatx 311 , Barcelona\u200b<br \/><strong>Data:<\/strong> 15.10.2019<br \/><strong>Hora:<\/strong> 19:00h<\/p>\n<p>[\/et_pb_text][\/et_pb_column][et_pb_column type=&#8221;1_5&#8243; _builder_version=&#8221;3.25&#8243; custom_padding=&#8221;|||&#8221; custom_padding__hover=&#8221;|||&#8221;][et_pb_image src=&#8221;https:\/\/raed.academy\/wp-content\/uploads\/2019\/09\/Catalu\u00f1a-en-Madrid-portada-libro-Ignacio-Buqueras.jpg&#8221; _builder_version=&#8221;4.3.4&#8243; locked=&#8221;off&#8221;][\/et_pb_image][\/et_pb_column][\/et_pb_row][et_pb_row column_structure=&#8221;1_5,3_5,1_5&#8243; use_custom_gutter=&#8221;on&#8221; gutter_width=&#8221;1&#8243; make_equal=&#8221;on&#8221; module_id=&#8221;1510&#8243; module_class=&#8221;evento&#8221; _builder_version=&#8221;3.29.1&#8243; width=&#8221;100%&#8221; width_tablet=&#8221;&#8221; width_phone=&#8221;&#8221; width_last_edited=&#8221;on|desktop&#8221; max_width=&#8221;100%&#8221; max_width_tablet=&#8221;&#8221; max_width_phone=&#8221;&#8221; max_width_last_edited=&#8221;on|desktop&#8221; module_alignment=&#8221;center&#8221; z_index_tablet=&#8221;500&#8243; box_shadow_style=&#8221;preset3&#8243; box_shadow_horizontal=&#8221;10px&#8221; locked=&#8221;off&#8221;][et_pb_column type=&#8221;1_5&#8243; _builder_version=&#8221;3.25&#8243; custom_padding=&#8221;|||&#8221; custom_padding_tablet=&#8221;&#8221; custom_padding_phone=&#8221;&#8221; custom_padding_last_edited=&#8221;on|desktop&#8221; custom_padding__hover=&#8221;|||&#8221;][et_pb_code admin_label=&#8221;fecha 15\/10&#8243; module_id=&#8221;1510&#8243; module_class=&#8221;fecha-evento&#8221; _builder_version=&#8221;3.29.1&#8243; z_index_tablet=&#8221;500&#8243;]Oct<!\u2013- [et_pb_br_holder] -\u2013><!-- [et_pb_line_break_holder] -->15[\/et_pb_code][\/et_pb_column][et_pb_column type=&#8221;3_5&#8243; _builder_version=&#8221;3.25&#8243; custom_padding=&#8221;|||&#8221; custom_padding_tablet=&#8221;&#8221; custom_padding_phone=&#8221;&#8221; custom_padding_last_edited=&#8221;on|desktop&#8221; custom_padding__hover=&#8221;|||&#8221;][et_pb_text admin_label=&#8221;Presentaci\u00f3n %22De Tizano a Tiepolo%22&#8243; _builder_version=&#8221;3.29.1&#8243; z_index_tablet=&#8221;500&#8243;]<\/p>\n<h3>Sessi\u00f3 &#8220;La desaparecida t\u00e9cnica pict\u00f3rica de la escuela veneciana. De Tizano a Tiepolo&#8221;<\/h3>\n<p><b>Organitza: <\/b><strong><a href=\"https:\/\/raed.academy\/academicos\/dr-jaume-armengou-orus\/\" target=\"_blank\" rel=\"noopener noreferrer\">Jaume Armengou Or\u00fas<\/a><\/strong><br \/><strong>Imparteix: Mart\u00edn Garc\u00eda Cros<\/strong><\/p>\n<p>La sessi\u00f3 consistir\u00e0 en un taller en qu\u00e8 el Sr. Garc\u00eda Cros plasmar\u00e0 la seva explicaci\u00f3 en diversos llen\u00e7os sobre un cavallet. Se centrar\u00e0 en materials i metodologies. Parlar\u00e0 de l&#8217;escola veneciana de pintura, de la seva t\u00e8cnica i dels seus pintors (Bellini, Giorgione, Tiziano, Tintoretto, Veronese, Caravaggio, El Greco, Vel\u00e1zquez, Constable, Tiepolo, &#8230;). Preparar\u00e0 i realitzar\u00e0 imprimacions amb gesso i blanc de plom, amb terres vermelles d&#8217;\u00f2xid de ferro, etc. Preparar\u00e0 tremps a l&#8217;ou, pintar\u00e0 amb grisalles blanc i negre al tremp. Donar\u00e0 veladures totals amb mitj\u00e0 de glacejar a base de resina de damar. &#8220;Trenta vernissos no seran suficients&#8221;, deia Tiziano. Explicar\u00e0 com es fa un oli negre amb la seva cebeta i despr\u00e9s un gel amb resina de Chios. Confeccionar\u00e0 olis amb pigment i oli de lli i de nous i pintar\u00e0 amb ells.<\/p>\n<p>Es rebatran formes de fer que no s\u00f3n certes &#8230; el no dibuix previ d&#8217;alguns mestres &#8230; tot aix\u00f2 amb detalls i an\u00e8cdotes que faran d&#8217;alguns temes una cosa absolutament controvertida.<\/p>\n<p><strong>Lloc:<\/strong> Sala d\u2019actes de Foment del Treball \u2013 Via Laietana, 32, Pral, Barcelona\u200b<br \/><strong>Data:<\/strong> 15.10.2019<br \/><strong>Hora:<\/strong> 19:00h<\/p>\n<h3>\u00a0<\/h3>\n<p>[\/et_pb_text][\/et_pb_column][et_pb_column type=&#8221;1_5&#8243; _builder_version=&#8221;3.25&#8243; custom_padding=&#8221;|||&#8221; custom_padding__hover=&#8221;|||&#8221;][\/et_pb_column][\/et_pb_row][et_pb_row column_structure=&#8221;1_5,3_5,1_5&#8243; use_custom_gutter=&#8221;on&#8221; gutter_width=&#8221;1&#8243; make_equal=&#8221;on&#8221; module_id=&#8221;2410&#8243; module_class=&#8221;evento&#8221; _builder_version=&#8221;4.0.2&#8243; width=&#8221;100%&#8221; width_tablet=&#8221;&#8221; width_phone=&#8221;&#8221; width_last_edited=&#8221;on|desktop&#8221; max_width=&#8221;100%&#8221; max_width_tablet=&#8221;&#8221; max_width_phone=&#8221;&#8221; max_width_last_edited=&#8221;on|desktop&#8221; module_alignment=&#8221;center&#8221; z_index_tablet=&#8221;500&#8243; box_shadow_style=&#8221;preset3&#8243; box_shadow_horizontal=&#8221;10px&#8221; locked=&#8221;off&#8221;][et_pb_column type=&#8221;1_5&#8243; _builder_version=&#8221;3.25&#8243; custom_padding=&#8221;|||&#8221; custom_padding_tablet=&#8221;&#8221; custom_padding_phone=&#8221;&#8221; custom_padding_last_edited=&#8221;on|desktop&#8221; custom_padding__hover=&#8221;|||&#8221;][et_pb_code admin_label=&#8221;fecha 24\/10&#8243; module_class=&#8221;fecha-evento&#8221; _builder_version=&#8221;3.29.1&#8243; z_index_tablet=&#8221;500&#8243;]Oct<!\u2013- [et_pb_br_holder] -\u2013><!-- [et_pb_line_break_holder] -->24[\/et_pb_code][\/et_pb_column][et_pb_column type=&#8221;3_5&#8243; _builder_version=&#8221;3.25&#8243; custom_padding=&#8221;|||&#8221; custom_padding_tablet=&#8221;&#8221; custom_padding_phone=&#8221;&#8221; custom_padding_last_edited=&#8221;on|desktop&#8221; custom_padding__hover=&#8221;|||&#8221;][et_pb_text admin_label=&#8221;Ingreso Gregorio Varela-Moreiras&#8221; _builder_version=&#8221;4.0.6&#8243; z_index_tablet=&#8221;500&#8243;]<\/p>\n<h3>Ingr\u00e9s com Acad\u00e8mic Numerari: <a href=\"https:\/\/raed.academy\/ca\/academics\/dr-gregorio-varela-moreiras\/\" target=\"_blank\" rel=\"noopener noreferrer\">Gregorio Varela-Moreiras<\/a>, Doctor en Farm\u00e0cia.<\/h3>\n<p><b>Discurs d&#8217;ingr\u00e9s: <\/b><a href=\"https:\/\/raed.academy\/ca\/evolucio-i-revolucio-dietetica-gregorio-varela\/\" target=\"_blank\" rel=\"noopener noreferrer\">&#8220;Evoluci\u00f3 i revoluci\u00f3 en el coneixement cient\u00edfic de la ingesta diet\u00e8tica a Espanya&#8221;<\/a><br \/><b>Respon: <\/b><strong><a style=\"font-weight: bold;\" href=\"https:\/\/raed.academy\/academicos\/dr-javier-aranceta-bartrina\/\" target=\"_blank\" rel=\"noopener noreferrer\">Javier Arranceta Bartrina<\/a><\/strong><br \/><strong>Lloc: <\/strong><span lang=\"ca\" tabindex=\"0\">Sala d&#8217;actes de Foment del Treball &#8211; Via Laietana, 32, Pral, Barcelona<br \/><\/span><strong>Data:<\/strong> 24.10.2019<br \/><strong>Hora:\u00a0<\/strong>19:30h<\/p>\n<p>[\/et_pb_text][\/et_pb_column][et_pb_column type=&#8221;1_5&#8243; _builder_version=&#8221;3.25&#8243; custom_padding=&#8221;|||&#8221; custom_padding__hover=&#8221;|||&#8221;][et_pb_image src=&#8221;https:\/\/raed.academy\/wp-content\/uploads\/2019\/10\/acto-ingreso-RAED-Gregorio-Varela-Moreiras-1.jpg&#8221; _builder_version=&#8221;4.3.4&#8243;][\/et_pb_image][\/et_pb_column][\/et_pb_row][et_pb_row column_structure=&#8221;1_5,3_5,1_5&#8243; use_custom_gutter=&#8221;on&#8221; gutter_width=&#8221;1&#8243; make_equal=&#8221;on&#8221; module_id=&#8221;2810&#8243; module_class=&#8221;evento&#8221; _builder_version=&#8221;4.0.2&#8243; width=&#8221;100%&#8221; width_tablet=&#8221;&#8221; width_phone=&#8221;&#8221; width_last_edited=&#8221;on|desktop&#8221; max_width=&#8221;100%&#8221; max_width_tablet=&#8221;&#8221; max_width_phone=&#8221;&#8221; max_width_last_edited=&#8221;on|desktop&#8221; module_alignment=&#8221;center&#8221; z_index_tablet=&#8221;500&#8243; box_shadow_style=&#8221;preset3&#8243; box_shadow_horizontal=&#8221;10px&#8221; locked=&#8221;off&#8221;][et_pb_column type=&#8221;1_5&#8243; _builder_version=&#8221;3.25&#8243; custom_padding=&#8221;|||&#8221; custom_padding_tablet=&#8221;&#8221; custom_padding_phone=&#8221;&#8221; custom_padding_last_edited=&#8221;on|desktop&#8221; custom_padding__hover=&#8221;|||&#8221;][et_pb_code admin_label=&#8221;fecha 28\/10&#8243; module_class=&#8221;fecha-evento&#8221; _builder_version=&#8221;3.29.1&#8243; z_index_tablet=&#8221;500&#8243;]Oct<!\u2013- [et_pb_br_holder] -\u2013><!-- [et_pb_line_break_holder] -->28[\/et_pb_code][\/et_pb_column][et_pb_column type=&#8221;3_5&#8243; _builder_version=&#8221;3.25&#8243; custom_padding=&#8221;|||&#8221; custom_padding_tablet=&#8221;&#8221; custom_padding_phone=&#8221;&#8221; custom_padding_last_edited=&#8221;on|desktop&#8221; custom_padding__hover=&#8221;|||&#8221;][et_pb_text admin_label=&#8221;Ingreso Emilio Gil Moya&#8221; _builder_version=&#8221;4.0.6&#8243; z_index_tablet=&#8221;500&#8243;]<\/p>\n<h3>Ingr\u00e9s com acad\u00e8mic numerari: <a href=\"https:\/\/raed.academy\/ca\/academics\/dr-emilio-gil-moya\/\" target=\"_blank\" rel=\"noopener noreferrer\">Emilio Gil Moya<\/a>, Doctor en Enginyeria Agr\u00f2noma.<\/h3>\n<p><strong>Discurs d&#8217;ingr\u00e9s: <a href=\"https:\/\/raed.academy\/ca\/agricultura-4-0\/\" target=\"_blank\" rel=\"noopener noreferrer\">&#8220;Dies de camp&#8221;.<\/a><br \/>Respon: <a href=\"https:\/\/raed.academy\/ca\/academics\/dr-javier-gil-mur\/\" target=\"_blank\" rel=\"noopener noreferrer\">Dr. Javier <\/a><a href=\"https:\/\/raed.academy\/ca\/academics\/dr-javier-gil-mur\/\" target=\"_blank\" rel=\"noopener noreferrer\">Gil Mur<\/a><br \/><\/strong><span lang=\"ca\" tabindex=\"0\"><strong>Lloc:\u00a0<\/strong><span lang=\"ca\" tabindex=\"0\">Sala d&#8217;actes de Foment del Treball &#8211; Vi<\/span>a Laietana, 32, Pral, Barcelona<br \/><\/span><strong>Data:<\/strong> 28.10.2019<br \/><strong>Hora:<\/strong> 19:30<\/p>\n<p>[\/et_pb_text][\/et_pb_column][et_pb_column type=&#8221;1_5&#8243; _builder_version=&#8221;3.25&#8243; custom_padding=&#8221;|||&#8221; custom_padding__hover=&#8221;|||&#8221;][et_pb_image src=&#8221;https:\/\/raed.academy\/wp-content\/uploads\/2019\/10\/acto-ingreso-RAED-Emilio-Gil-Moya-2.jpg&#8221; _builder_version=&#8221;4.3.4&#8243; locked=&#8221;off&#8221;][\/et_pb_image][\/et_pb_column][\/et_pb_row][et_pb_row _builder_version=&#8221;3.29.1&#8243; background_size=&#8221;initial&#8221; background_position=&#8221;top_left&#8221; background_repeat=&#8221;repeat&#8221; custom_padding=&#8221;0|0px|0|0px|false|false&#8221; locked=&#8221;off&#8221;][et_pb_column type=&#8221;4_4&#8243; _builder_version=&#8221;3.25&#8243; custom_padding=&#8221;|||&#8221; custom_padding__hover=&#8221;|||&#8221;][et_pb_text admin_label=&#8221;Texto &#8211; NOVEMBRE 2019&#8243; _builder_version=&#8221;4.0.6&#8243; z_index_tablet=&#8221;500&#8243;]<\/p>\n<h2>NOVEMBRE 2019<\/h2>\n<p>[\/et_pb_text][\/et_pb_column][\/et_pb_row][et_pb_row column_structure=&#8221;1_5,3_5,1_5&#8243; use_custom_gutter=&#8221;on&#8221; gutter_width=&#8221;1&#8243; make_equal=&#8221;on&#8221; module_id=&#8221;0711&#8243; module_class=&#8221;evento&#8221; _builder_version=&#8221;4.0.2&#8243; width=&#8221;100%&#8221; width_tablet=&#8221;&#8221; width_phone=&#8221;&#8221; width_last_edited=&#8221;on|desktop&#8221; max_width=&#8221;100%&#8221; max_width_tablet=&#8221;&#8221; max_width_phone=&#8221;&#8221; max_width_last_edited=&#8221;on|desktop&#8221; module_alignment=&#8221;center&#8221; z_index_tablet=&#8221;500&#8243; box_shadow_style=&#8221;preset3&#8243; box_shadow_horizontal=&#8221;10px&#8221; locked=&#8221;off&#8221;][et_pb_column type=&#8221;1_5&#8243; _builder_version=&#8221;3.25&#8243; custom_padding=&#8221;|||&#8221; custom_padding_tablet=&#8221;&#8221; custom_padding_phone=&#8221;&#8221; custom_padding_last_edited=&#8221;on|desktop&#8221; custom_padding__hover=&#8221;|||&#8221;][et_pb_code admin_label=&#8221;fecha 7\/11&#8243; module_class=&#8221;fecha-evento&#8221; _builder_version=&#8221;3.29.1&#8243; z_index_tablet=&#8221;500&#8243; locked=&#8221;off&#8221;]Nov<!\u2013- [et_pb_br_holder] -\u2013><!-- [et_pb_line_break_holder] -->7[\/et_pb_code][\/et_pb_column][et_pb_column type=&#8221;3_5&#8243; _builder_version=&#8221;3.25&#8243; custom_padding=&#8221;|||&#8221; custom_padding_tablet=&#8221;&#8221; custom_padding_phone=&#8221;&#8221; custom_padding_last_edited=&#8221;on|desktop&#8221; custom_padding__hover=&#8221;|||&#8221;][et_pb_text admin_label=&#8221;Ingreso Ram\u00f3n Vidal y Plana&#8221; _builder_version=&#8221;4.0.6&#8243; z_index_tablet=&#8221;500&#8243; locked=&#8221;off&#8221;]<\/p>\n<h3>Ingr\u00e9s com Acad\u00e8mic Corresponent: <a href=\"https:\/\/raed.academy\/ca\/academics\/dr-ramon-ricardo-vidal-plana\/\" target=\"_blank\" rel=\"noopener noreferrer\">Ram\u00f3n-Ricardo Vidal y Plana<\/a>, Doctor en Ci\u00e8ncies Biol\u00f2giques i en Farmacologia<\/h3>\n<p><b>Discurs<\/b><strong>\u00a0d&#8217;ingr\u00e9s: <\/strong><a href=\"https:\/\/raed.academy\/ca\/lempremta-del-post-impressionisme-ramon-ricardo-vidal-plana\/\" target=\"_blank\" rel=\"noopener noreferrer\">Triangulaciones post-impresionistas<\/a><br \/><b>Discurs de resposta: <\/b><strong><a href=\"https:\/\/raed.academy\/ca\/academics\/dr-richard-onses\/\" target=\"_blank\" rel=\"noopener noreferrer\">Dr. Richard Onses<\/a><br \/>Lloc:<\/strong> Sala d&#8217;actes del Foment del Treball \u2013 Via Laietana, 32, Barcelona<br \/><strong>Data:<\/strong> 07.11.19<br \/><strong>Hora: <\/strong>19:00<\/p>\n<p>[\/et_pb_text][\/et_pb_column][et_pb_column type=&#8221;1_5&#8243; _builder_version=&#8221;3.25&#8243; custom_padding=&#8221;|||&#8221; custom_padding__hover=&#8221;|||&#8221;][et_pb_image src=&#8221;https:\/\/raed.academy\/wp-content\/uploads\/2019\/11\/ingreso-RAED-Ramon-Ricardo-Vidal-y-Plana-1.1.jpg&#8221; _builder_version=&#8221;4.3.4&#8243; locked=&#8221;off&#8221;][\/et_pb_image][\/et_pb_column][\/et_pb_row][et_pb_row column_structure=&#8221;1_5,3_5,1_5&#8243; use_custom_gutter=&#8221;on&#8221; gutter_width=&#8221;1&#8243; make_equal=&#8221;on&#8221; module_id=&#8221;1411&#8243; module_class=&#8221;evento&#8221; _builder_version=&#8221;4.0.2&#8243; width=&#8221;100%&#8221; width_tablet=&#8221;&#8221; width_phone=&#8221;&#8221; width_last_edited=&#8221;on|desktop&#8221; max_width=&#8221;100%&#8221; max_width_tablet=&#8221;&#8221; max_width_phone=&#8221;&#8221; max_width_last_edited=&#8221;on|desktop&#8221; module_alignment=&#8221;center&#8221; z_index_tablet=&#8221;500&#8243; box_shadow_style=&#8221;preset3&#8243; box_shadow_horizontal=&#8221;10px&#8221; locked=&#8221;off&#8221;][et_pb_column type=&#8221;1_5&#8243; _builder_version=&#8221;3.25&#8243; custom_padding=&#8221;|||&#8221; custom_padding_tablet=&#8221;&#8221; custom_padding_phone=&#8221;&#8221; custom_padding_last_edited=&#8221;on|desktop&#8221; custom_padding__hover=&#8221;|||&#8221;][et_pb_code admin_label=&#8221;fecha 14\/11&#8243; module_class=&#8221;fecha-evento&#8221; _builder_version=&#8221;3.29.1&#8243; z_index_tablet=&#8221;500&#8243; locked=&#8221;off&#8221;]Nov<!\u2013- [et_pb_br_holder] -\u2013><!-- [et_pb_line_break_holder] -->14[\/et_pb_code][\/et_pb_column][et_pb_column type=&#8221;3_5&#8243; _builder_version=&#8221;3.25&#8243; custom_padding=&#8221;|||&#8221; custom_padding_tablet=&#8221;&#8221; custom_padding_phone=&#8221;&#8221; custom_padding_last_edited=&#8221;on|desktop&#8221; custom_padding__hover=&#8221;|||&#8221;][et_pb_text admin_label=&#8221;Global Alumni Reunion 2019 IESE&#8221; _builder_version=&#8221;4.0.6&#8243; z_index_tablet=&#8221;500&#8243; locked=&#8221;off&#8221;]<\/p>\n<h3>Global Alumni Reunion-2019 de l&#8217;IESE<\/h3>\n<p>Esdeveniment de 3 dies a Barcelona (Palau de Congressos) que explorar\u00e0 una nova visi\u00f3 del futur dels negocis, amb un potent programa acad\u00e8mic, acompanyat de visites a empreses, aprenentatge amb oradors d&#8217;alt nivell i un esdeveniment solidari en benefici del Programa de Beques de l&#8217;IESE.<\/p>\n<p>Addicionalment a les sessions gratu\u00eftes, i de forma opcional, hi ha la possibilitat d&#8217;adquirir els seg\u00fcents serveis durant el proc\u00e9s d&#8217;inscripci\u00f3:<\/p>\n<ul>\n<li><strong>Sopar. Preu: 100\u20ac<\/strong>. Divendres 15\/novembre<\/li>\n<li><strong>Menjar. Preu: 45\u20ac<\/strong>. Divendres 15\/novembre<\/li>\n<li><strong>Carrera solidaria. Precio: 25\u20ac<\/strong>. Dissabte 16\/novembre<\/li>\n<\/ul>\n<p>Alguns enlla\u00e7os d&#8217;inter\u00e8s:<\/p>\n<ul>\n<li><a href=\"https:\/\/academy.us15.list-manage.com\/track\/click?u=ed59b9c968db429ae73aa6b23&amp;id=b4d00de67e&amp;e=c5077aceb0\" target=\"_blank\" rel=\"noopener noreferrer\" data-saferedirecturl=\"https:\/\/www.google.com\/url?q=https:\/\/academy.us15.list-manage.com\/track\/click?u%3Ded59b9c968db429ae73aa6b23%26id%3Db4d00de67e%26e%3Dc5077aceb0&amp;source=gmail&amp;ust=1571241496036000&amp;usg=AFQjCNHkErIov4LYiS_WeRSpsyrA2dInnw\"><strong>Web de l&#8217;GAR<\/strong><\/a>, on apareix tota la informaci\u00f3 disponible: un breu <em>abstract<\/em>, horari, speakers, patrocinadors i, per descomptat, el bot\u00f3 de registre.<\/li>\n<li><a href=\"https:\/\/academy.us15.list-manage.com\/track\/click?u=ed59b9c968db429ae73aa6b23&amp;id=548ca2bd91&amp;e=c5077aceb0\" target=\"_blank\" rel=\"noopener noreferrer\" data-saferedirecturl=\"https:\/\/www.google.com\/url?q=https:\/\/academy.us15.list-manage.com\/track\/click?u%3Ded59b9c968db429ae73aa6b23%26id%3D548ca2bd91%26e%3Dc5077aceb0&amp;source=gmail&amp;ust=1571241496036000&amp;usg=AFQjCNF-p_xu_1D6jeGPVi_RCybBUtj2vw\"><strong>Link directe al l&#8217;enregistrament<\/strong><\/a>.<\/li>\n<li><a href=\"https:\/\/academy.us15.list-manage.com\/track\/click?u=ed59b9c968db429ae73aa6b23&amp;id=8cf84c2b7b&amp;e=c5077aceb0\" target=\"_blank\" rel=\"noopener noreferrer\" data-saferedirecturl=\"https:\/\/www.google.com\/url?q=https:\/\/academy.us15.list-manage.com\/track\/click?u%3Ded59b9c968db429ae73aa6b23%26id%3D8cf84c2b7b%26e%3Dc5077aceb0&amp;source=gmail&amp;ust=1571241496036000&amp;usg=AFQjCNG6SoyKdW4HzsMmZvSXlMYUyupdfw\"><strong>Programa dels 3 dies de GAR<\/strong><\/a>.<\/li>\n<li>Informaci\u00f3 m\u00e9s detallada de les sessions acad\u00e8miques, al <a href=\"https:\/\/academy.us15.list-manage.com\/track\/click?u=ed59b9c968db429ae73aa6b23&amp;id=03bfbce83b&amp;e=c5077aceb0\" target=\"_blank\" rel=\"noopener noreferrer\" data-saferedirecturl=\"https:\/\/www.google.com\/url?q=https:\/\/academy.us15.list-manage.com\/track\/click?u%3Ded59b9c968db429ae73aa6b23%26id%3D03bfbce83b%26e%3Dc5077aceb0&amp;source=gmail&amp;ust=1571241496036000&amp;usg=AFQjCNG2ktsP5cskIExqKED8XyHl72Rcpg\"><strong>detall del Programa Acad\u00e8mic<\/strong><\/a>.<\/li>\n<\/ul>\n<p><strong>Lloc: <\/strong>Palau de Congressos de Catalunya, avinguda Diagonal, 661-671, Barcelona<br \/><strong>Data: <\/strong>Del 14.11.19 al 16.11.19<\/p>\n<p>[\/et_pb_text][\/et_pb_column][et_pb_column type=&#8221;1_5&#8243; _builder_version=&#8221;3.25&#8243; custom_padding=&#8221;|||&#8221; custom_padding__hover=&#8221;|||&#8221;][et_pb_image src=&#8221;https:\/\/raed.academy\/wp-content\/uploads\/2019\/11\/Dean-del-IESE-Franz-Heukamp-en-la-apertura-de-la-Global-Alumni-Reunion-2019.jpg&#8221; _builder_version=&#8221;4.3.4&#8243; locked=&#8221;off&#8221;][\/et_pb_image][\/et_pb_column][\/et_pb_row][et_pb_row column_structure=&#8221;1_5,3_5,1_5&#8243; use_custom_gutter=&#8221;on&#8221; gutter_width=&#8221;1&#8243; make_equal=&#8221;on&#8221; module_id=&#8221;2111&#8243; module_class=&#8221;evento&#8221; _builder_version=&#8221;4.0.6&#8243; width=&#8221;100%&#8221; width_tablet=&#8221;&#8221; width_phone=&#8221;&#8221; width_last_edited=&#8221;on|desktop&#8221; max_width=&#8221;100%&#8221; max_width_tablet=&#8221;&#8221; max_width_phone=&#8221;&#8221; max_width_last_edited=&#8221;on|desktop&#8221; module_alignment=&#8221;center&#8221; z_index_tablet=&#8221;500&#8243; box_shadow_style=&#8221;preset3&#8243; box_shadow_horizontal=&#8221;10px&#8221; locked=&#8221;off&#8221;][et_pb_column type=&#8221;1_5&#8243; _builder_version=&#8221;3.25&#8243; custom_padding=&#8221;|||&#8221; custom_padding_tablet=&#8221;&#8221; custom_padding_phone=&#8221;&#8221; custom_padding_last_edited=&#8221;on|desktop&#8221; custom_padding__hover=&#8221;|||&#8221;][et_pb_code admin_label=&#8221;fecha 21\/11&#8243; module_class=&#8221;fecha-evento&#8221; _builder_version=&#8221;4.0.2&#8243; z_index_tablet=&#8221;500&#8243; locked=&#8221;off&#8221;]Nov<!\u2013- [et_pb_br_holder] -\u2013><!-- [et_pb_line_break_holder] -->21[\/et_pb_code][\/et_pb_column][et_pb_column type=&#8221;3_5&#8243; _builder_version=&#8221;3.25&#8243; custom_padding=&#8221;|||&#8221; custom_padding_tablet=&#8221;&#8221; custom_padding_phone=&#8221;&#8221; custom_padding_last_edited=&#8221;on|desktop&#8221; custom_padding__hover=&#8221;|||&#8221;][et_pb_text admin_label=&#8221;Conferencia Cambio Clim\u00e1tico&#8221; _builder_version=&#8221;4.0.6&#8243; z_index_tablet=&#8221;500&#8243; locked=&#8221;off&#8221;]<\/p>\n<h3>Confer\u00e8ncia sobre canvi clim\u00e0tic &#8220;24 Hores de realitat. La veritat en marxa&#8221;<\/h3>\n<p>El proper dia 21 de novembre se celebrar\u00e0 al <a href=\"http:\/\/www.reialcercleartistic.cat\/\" target=\"_blank\" rel=\"noopener noreferrer\"><strong>Reial Cercle Artistic de Barcelona<\/strong><\/a> la confer\u00e8ncia titulada &#8220;<strong>24 Hores de Realitat. La veritat en Marxa&#8221;<\/strong>, iniciativa promoguda per la fundaci\u00f3 <a href=\"https:\/\/www.climaterealityproject.org\/\" target=\"_blank\" rel=\"noopener noreferrer\"><strong>&#8220;The Climate Reality Project&#8221;<\/strong><\/a> presidida per l&#8217;ex vicepresident dels EUA i Premi Nobel de la Pau, <strong>Al Gore<\/strong>.<\/p>\n<p>Aquesta presentaci\u00f3 forma part d&#8217;un grup de 1500 confer\u00e8ncies amb el mateix contingut i simult\u00e0nies que tindran lloc a mes de 70 pa\u00efsos d&#8217;el m\u00f3n els dies 20 i 21 de novembre i han estat preparades per <strong>Al Gore<\/strong> i distribu\u00efdes als conferenciants escollits per a la seva presentaci\u00f3 que han estat aquells que han rebut una formaci\u00f3 directament realitzada per ell mateix.<\/p>\n<p>Cada assistent que ho desitgi podr\u00e0 enviar per mitj\u00e0 d&#8217;un codi bidi, un missatge a l&#8217;organitzaci\u00f3 internacional qui s&#8217;ha comprom\u00e8s a plantar un arbre en diversos pa\u00efsos d&#8217;el m\u00f3n per cada missatge que rebi.<\/p>\n<p>L&#8217;acte de Barcelona est\u00e0 organitzat per la<strong> <a href=\"https:\/\/fundacionraed.org\/\" target=\"_blank\" rel=\"noopener noreferrer\">Fundaci\u00f3 de la Reial Acad\u00e8mia Europea de Doctors<\/a><\/strong>, amb la col\u00b7laboraci\u00f3 del <a href=\"http:\/\/www.reialcercleartistic.cat\/\" target=\"_blank\" rel=\"noopener noreferrer\"><strong>Reial Cercle Artistic de Barcelona<\/strong><\/a>, \u200b\u200bla <strong><a href=\"http:\/\/aefe.es\/\" target=\"_blank\" rel=\"noopener noreferrer\">Fundaci\u00f3 de Foment Europeu<\/a><\/strong> i la <strong><a href=\"https:\/\/quoartis.org\" target=\"_blank\" rel=\"noopener noreferrer\">Fundaci\u00f3 Quo Artis<\/a><\/strong> i constar\u00e0 de dues parts:<\/p>\n<p>La confer\u00e8ncia ser\u00e0 impartida pel Professor <a href=\"https:\/\/raed.academy\/ca\/academics\/dr-jose-ramon-calvo-fernandez\/\" target=\"_blank\" rel=\"noopener noreferrer\"><strong>Dr. Jos\u00e9 Ram\u00f3n Calvo<\/strong><\/a>, President de l&#8217;Institut de Cooperacion Internacional de la <strong>Reial Acad\u00e8mia Europea de Doctors<\/strong>, i assessor estrat\u00e8gic de el <a href=\"https:\/\/www.bsc.es\/\" target=\"_blank\" rel=\"noopener noreferrer\"><strong>Barcelona Supercomputing Center<\/strong><\/a> qui \u00e9s un dels l\u00edders clim\u00e0tics que ha participat en aquest projecte des del seu inici el 2012.<\/p>\n<p>La segona part de la sessi\u00f3 ser\u00e0 una taula de debat sobre <strong>&#8220;Com afecta el canvi clim\u00e0tic a la salut, l&#8217;empresa o el m\u00f3n&#8221;<\/strong> i en aquesta participaran:<\/p>\n<ul>\n<li><a href=\"https:\/\/raed.academy\/ca\/academics\/dr-jose-ramon-calvo-fernandez\/\" target=\"_blank\" rel=\"noopener noreferrer\"><strong>Dr. Jos\u00e9 Ram\u00f3n Calvo<\/strong><\/a>, ponent i moderador del debat.<\/li>\n<li><a href=\"https:\/\/raed.academy\/ca\/academics\/dr-jordi-marti-pidelaserra\/\" target=\"_blank\" rel=\"noopener noreferrer\"><strong>Dr. Jordi Mart\u00ed<\/strong><\/a>, Professor de el Departament d&#8217;Economia de la Universitat de Barcelona i Acad\u00e8mic de la <strong>Reial Acad\u00e8mia Europea de Doctors<\/strong>,<\/li>\n<li><strong>Dr. Francisco J. Doblas-Reyes<\/strong>, Professor ICREA, i director de Departament de Ci\u00e8ncies de la Terra del <a href=\"https:\/\/www.bsc.es\/\" target=\"_blank\" rel=\"noopener noreferrer\"><strong>Barcelona Supercomputing Center<\/strong><\/a>,<\/li>\n<li><strong>Tatiana Kourochkina<\/strong>, directora general de <a href=\"https:\/\/quoartis.org\/\" target=\"_blank\" rel=\"noopener noreferrer\"><strong>Quo Artis<\/strong><\/a>.<\/li>\n<\/ul>\n<p>Aquesta iniciativa de la Reial Acad\u00e8mia en conjunt amb la resta d&#8217;institucions col\u00b7laboradores, s&#8217;emmarca dins d&#8217;un conjunt d&#8217;activitats agrupades sota l&#8217;ep\u00edgraf &#8220;campus sostenibilitat&#8221; que es desenvoluparan en els propers 24 mesos i els punts m\u00e9s destacats, a m\u00e9s d&#8217;aquestes accions de divulgaci\u00f3 i sensibilitzaci\u00f3, ser\u00e0 una expedici\u00f3 cient\u00edfica a les illes Gal\u00e1pagos al setembre de 2020 de la m\u00e0 de naturalistes de <strong>National Geographic<\/strong> a bord de la nau <strong>National Geographic Endeavour II<\/strong>, en qu\u00e8 participaran entre altres personalitats, 5 guanyadors de el Premi Nobel, l&#8217;expresidenta de equador, o artistes pl\u00e0stics de renom mundial amb especial inter\u00e8s en divulgar i sensibilitzar sobre la biodiversitat, la sostenibilitat dels recursos naturals i el canvi clim\u00e0tic a trav\u00e9s de les seves obres i creacions art\u00edstiques.<\/p>\n<p>A la fin d&#8217;aquesta expedici\u00f3 es publicar\u00e0 un manifest elaborat per les organitzacions participants nacionals i internacionals que ser\u00e0 signat pels participants, per guanyadors de premi nobel, ex caps d&#8217;Estat, cient\u00edfics i l\u00edders de la societat civil de tot el m\u00f3n en el qual es posaran de manifest els riscos als quals s&#8217;enfronta el fr\u00e0gil ecosistema de les illes que s\u00f3n un reflex del que pot passar, i de fet est\u00e0 succeint ja, en entorns menys protegits com Alaska, la Mediterr\u00e0nia o zones de l&#8217;Oce\u00e0 Pac\u00edfic que corren el risc de desapar\u00e8ixer per l&#8217;escalfament global.<\/p>\n<p>Igualment es rodar\u00e0 un documental sota la direcci\u00f3 d&#8217;un dels grans directors de cinema, especialitzats en documentals de natura, <strong>Denis Delestrac<\/strong>, que ser\u00e0 presentat en diversos festivals internacionals i oferts a el gran p\u00fablic a trav\u00e9s de plataformes audiovisuals d&#8217;abast mundial.<\/p>\n<p>El segon gran esdeveniment ser\u00e0 l&#8217;organitzaci\u00f3 a Barcelona al juny de 2021 d&#8217;un Campus de Clima, en qu\u00e8 300 joves de tot el m\u00f3n rebran formaci\u00f3 en t\u00e8cniques de lideratge clim\u00e0tic a c\u00e0rrec de personalitats de l&#8217;m\u00e0xim nivell internacional per aconseguir al llarg de successives edicions, un grup de futurs l\u00edders que no nom\u00e9s tinguin un alt nivell de consci\u00e8ncia social i ambiental sin\u00f3 que disposin dels coneixements, les eines i les estrat\u00e8gies per poder encap\u00e7alar canvis reals en els seus \u00e0mbits d&#8217;influ\u00e8ncia.<\/p>\n<p><strong>Cost del event: <\/strong>Gratu\u00eft pr\u00e8via inscripci\u00f3 (aforament limitat)<strong><br \/>Lloc:<\/strong> Reial Cercle Art\u00edstic de Barcelona \u2013 Carrer dels Arcs, 5, Barcelona<br \/><strong>Data:<\/strong> 21.11.19<br \/><strong>Hora: <\/strong>19:00 h<\/p>\n<p>[\/et_pb_text][\/et_pb_column][et_pb_column type=&#8221;1_5&#8243; _builder_version=&#8221;3.25&#8243; custom_padding=&#8221;|||&#8221; custom_padding__hover=&#8221;|||&#8221;][et_pb_image src=&#8221;https:\/\/raed.academy\/wp-content\/uploads\/2019\/11\/sesion-sobre-cambio-climatico-Al-Gore-Jose-Ramon-Calvo-5.jpg&#8221; _builder_version=&#8221;4.3.4&#8243; locked=&#8221;off&#8221;][\/et_pb_image][\/et_pb_column][\/et_pb_row][et_pb_row column_structure=&#8221;1_5,3_5,1_5&#8243; use_custom_gutter=&#8221;on&#8221; gutter_width=&#8221;1&#8243; make_equal=&#8221;on&#8221; module_id=&#8221;2611&#8243; module_class=&#8221;evento&#8221; _builder_version=&#8221;4.0.2&#8243; width=&#8221;100%&#8221; width_tablet=&#8221;&#8221; width_phone=&#8221;&#8221; width_last_edited=&#8221;on|desktop&#8221; max_width=&#8221;100%&#8221; max_width_tablet=&#8221;&#8221; max_width_phone=&#8221;&#8221; max_width_last_edited=&#8221;on|desktop&#8221; module_alignment=&#8221;center&#8221; z_index_tablet=&#8221;500&#8243; box_shadow_style=&#8221;preset3&#8243; box_shadow_horizontal=&#8221;10px&#8221; locked=&#8221;off&#8221;][et_pb_column type=&#8221;1_5&#8243; _builder_version=&#8221;3.25&#8243; custom_padding=&#8221;|||&#8221; custom_padding_tablet=&#8221;&#8221; custom_padding_phone=&#8221;&#8221; custom_padding_last_edited=&#8221;on|desktop&#8221; custom_padding__hover=&#8221;|||&#8221;][et_pb_code admin_label=&#8221;fecha 26\/11&#8243; module_class=&#8221;fecha-evento&#8221; _builder_version=&#8221;4.0.2&#8243; z_index_tablet=&#8221;500&#8243; locked=&#8221;off&#8221;]Nov<!\u2013- [et_pb_br_holder] -\u2013><!-- [et_pb_line_break_holder] -->26[\/et_pb_code][\/et_pb_column][et_pb_column type=&#8221;3_5&#8243; _builder_version=&#8221;3.25&#8243; custom_padding=&#8221;|||&#8221; custom_padding_tablet=&#8221;&#8221; custom_padding_phone=&#8221;&#8221; custom_padding_last_edited=&#8221;on|desktop&#8221; custom_padding__hover=&#8221;|||&#8221;][et_pb_text admin_label=&#8221;Vacunas&#8221; _builder_version=&#8221;4.0.6&#8243; z_index_tablet=&#8221;500&#8243; locked=&#8221;off&#8221;]<\/p>\n<h3><strong>Taula rodona \u00abLes vacunes al segle XXI: Aspectes cient\u00edfics i socials\u00bb<\/strong><\/h3>\n<p>Presentar\u00e0 la sessi\u00f3 la <a href=\"https:\/\/raed.academy\/ca\/academics\/dra-maria-dels-angels-calvo-torras\/\"><strong>Dra. Maria \u00c0ngels Calvo<\/strong><\/a>, vicepresidenta i Acad\u00e8mica de N\u00famero de la Reial Acad\u00e8mia Europea de Doctors.<\/p>\n<p>La coordinaci\u00f3 \u00e9s a c\u00e0rrec del <strong><a href=\"https:\/\/raed.academy\/ca\/academics\/dr-joaquin-callabed-carracedo\/\">Dr. Joaquin Callabed<\/a><\/strong>, Pediatra i Acad\u00e8mic de N\u00famero de la Reial Acad\u00e8mia Europea de Doctors.<\/p>\n<p>Exposaran les seves pon\u00e8ncies:<\/p>\n<ul>\n<li><strong>Dr. Fernando Moraga<\/strong>. Pediatre. Vicepresident de l&#8217;Associaci\u00f3 Espanyola de Vacunologia. <strong>Noves vacunes en el calendari infantil<\/strong><\/li>\n<li><strong>Dra. Magda Campins<\/strong>. Cap de servei de Medicina Preventiva de l&#8217;Hospita la Vall d&#8217;Hebron de Barcelona. <strong>Un calendari vacunal per a adults<\/strong><\/li>\n<li><a href=\"https:\/\/raed.academy\/ca\/academics\/dr-joaquin-callabed-carracedo\/\" target=\"_blank\" rel=\"noopener noreferrer\"><strong>Dr. Joaquin Callabed<\/strong><\/a>. <strong>Moviments socials anti-vacunes. Aspectes Bio\u00e8tics a considerar.<\/strong><\/li>\n<\/ul>\n<h4><strong>Descripci\u00f3 de l&#8217;esdeveniment<\/strong><\/h4>\n<p>La immunitzaci\u00f3 de la humanitat per mitj\u00e0 de les vacunes ha estat un dels grans \u00e8xits en Salut P\u00fablica de l&#8217;\u00faltim segle.<\/p>\n<p>L&#8217;ONU a trav\u00e9s d&#8217;UNICEF i l&#8217;OMS va introduir les vacunes com un dels vuit objectius de salut per a nens mes desfavorits.<\/p>\n<p>En el nostre medi hi ha hagut morts infantils en nens no vacunats i han fet aparici\u00f3 malalties com el xarampi\u00f3 que semblaven desterrades.<\/p>\n<p>En el moment actual es presenta un dilema: D&#8217;una banda hi ha el dret de l&#8217;infant a la protecci\u00f3 de la seva salut mitjan\u00e7ant vacunes. D&#8217;altra banda el dret dels pares a que els fills rebin les cures que considerin m\u00e9s convenients per a la seva salut.<\/p>\n<p>Un altre tema d&#8217;actualitat s\u00f3n les vacunes de l&#8217;adult, una q\u00fcesti\u00f3 dispersa que mereix una posada a punt del calendari vacunal.<\/p>\n<p>Aix\u00ed les coses en alguns estudis i enquestes realitzades s&#8217;ha detectat rebuig total o parcial de vacunes per algunes fam\u00edlies. Tamb\u00e9 hi ha associacions i moviments socials que rebutgen frontalment la vacunaci\u00f3.<\/p>\n<p>La RAED, conscient de la import\u00e0ncia sanit\u00e0ria i social de les vacunes organitza aquest esdeveniment amb professionals molt qualificats en el camp de les vacunes.<\/p>\n<p>El <strong>Dr. Fernando Moraga<\/strong>, dissertar\u00e0 sobre les actualitzacions en el calendari vacunal infantojuvenil.<br \/>La <strong>Dra Magda Campins<\/strong> exposar\u00e0 les actualitzacions en les vacunes de l&#8217;adult i la necessitat d&#8217;un control m\u00e9s estricte.<br \/>El <strong>Dr. Joaquin Callabed<\/strong> analitzar\u00e0 des del punt de vista bio\u00e8tic les diverses opcions familiars, moviments que rebutgen i opinions m\u00e8diques sobre el tema vacunal. Analitzar\u00e0 els principis d&#8217;autonomia, benefic\u00e8ncia, no malefic\u00e8ncia, i just\u00edcia que afecten els implicats.<\/p>\n<p>L&#8217;acte disposar\u00e0 d&#8217;un espai per di\u00e0leg i deliberaci\u00f3 sobre els temes exposats.<\/p>\n<p>Despr\u00e9s de l&#8217;acte, es realitzar\u00e0 una visita guiada de <strong>10 min.<\/strong> on els assistents podran veure les obres exposades al Cercle del Liceu.<\/p>\n<p>L&#8217;entrada \u00e9s lliure. La RAED li obre les portes i seria molt feli\u00e7 amb la seva assist\u00e8ncia i les seves aportacions.<\/p>\n<p>Es prega als interessats en la sessi\u00f3 de taula rodona, que igualment confirmeu la vostra assist\u00e8ncia per motius de limitaci\u00f3 en l&#8217;aforament.<\/p>\n<p>En acabar l&#8217;acte tindr\u00e0 lloc un sopar opcional al <strong>Cercle del Liceu<\/strong> a un preu de <strong>43\u20ac (IVA incl\u00f2s)<\/strong> que ser\u00e0 satisfet en el mateix moment del sopar (necess\u00e0ria la reserva al formulari disponible des del bot\u00f3 al peu de p\u00e0gina).<\/p>\n<p><strong>Cost del event: <\/strong>Gratu\u00eft pr\u00e8via inscripci\u00f3<strong><br \/>Lloc:<\/strong> Sala d&#8217;actes del Foment del Treball &#8211; Via Laietana, 32, Pral, Barcelona<br \/><strong>Data:<\/strong> 26.11.2019<br \/><strong>Hora de l&#8217;acte acad\u00e8mic:<\/strong> 19:30h<\/p>\n<p>[\/et_pb_text][\/et_pb_column][et_pb_column type=&#8221;1_5&#8243; _builder_version=&#8221;3.25&#8243; custom_padding=&#8221;|||&#8221; custom_padding__hover=&#8221;|||&#8221;][et_pb_image src=&#8221;https:\/\/raed.academy\/wp-content\/uploads\/2019\/11\/sesion-vacunas-en-el-siglo-XXI-aspectos-cientificos-y-sociales-6.jpg&#8221; _builder_version=&#8221;4.3.4&#8243; locked=&#8221;off&#8221;][\/et_pb_image][\/et_pb_column][\/et_pb_row][et_pb_row column_structure=&#8221;1_5,3_5,1_5&#8243; use_custom_gutter=&#8221;on&#8221; gutter_width=&#8221;1&#8243; make_equal=&#8221;on&#8221; module_id=&#8221;0107&#8243; module_class=&#8221;evento&#8221; _builder_version=&#8221;3.25&#8243; width=&#8221;100%&#8221; width_tablet=&#8221;&#8221; width_phone=&#8221;&#8221; width_last_edited=&#8221;on|desktop&#8221; max_width=&#8221;100%&#8221; max_width_tablet=&#8221;&#8221; max_width_phone=&#8221;&#8221; max_width_last_edited=&#8221;on|desktop&#8221; module_alignment=&#8221;center&#8221; z_index_tablet=&#8221;500&#8243; box_shadow_style=&#8221;preset3&#8243; box_shadow_horizontal=&#8221;10px&#8221; locked=&#8221;off&#8221;][et_pb_column type=&#8221;1_5&#8243; _builder_version=&#8221;3.25&#8243; custom_padding=&#8221;|||&#8221; custom_padding_tablet=&#8221;&#8221; custom_padding_phone=&#8221;&#8221; custom_padding_last_edited=&#8221;on|desktop&#8221; custom_padding__hover=&#8221;|||&#8221;][et_pb_code admin_label=&#8221;fecha 30\/11&#8243; module_class=&#8221;fecha-evento&#8221; _builder_version=&#8221;4.0.6&#8243; z_index_tablet=&#8221;500&#8243;]Nov<!\u2013- [et_pb_br_holder] -\u2013><!-- [et_pb_line_break_holder] -->30[\/et_pb_code][\/et_pb_column][et_pb_column type=&#8221;3_5&#8243; _builder_version=&#8221;3.25&#8243; custom_padding=&#8221;|||&#8221; custom_padding_tablet=&#8221;&#8221; custom_padding_phone=&#8221;&#8221; custom_padding_last_edited=&#8221;on|phone&#8221; custom_padding__hover=&#8221;|||&#8221;][et_pb_text admin_label=&#8221;Ingreso Dr. Alejandro Pursals Puig &#8221; _builder_version=&#8221;4.0.6&#8243; z_index_tablet=&#8221;500&#8243; locked=&#8221;off&#8221;]<\/p>\n<table class=\"mcnTextBlock\" border=\"0\" width=\"100%\" cellspacing=\"0\" cellpadding=\"0\">\n<tbody class=\"mcnTextBlockOuter\">\n<tr>\n<td class=\"mcnTextBlockInner\" valign=\"top\">\n<h3>Gala ben\u00e8fica anual de la Fundaci\u00f3 Clar\u00f3s i la Fundaci\u00f3 de Foment Europeu<\/h3>\n<p>Aperitiu, posterior sopar, i un sorteig de 4 s\u00faperlots, 4 obres d&#8217;art d&#8217;artistes de reconegut prestigi i regals cedits generosament pels socis, simpatitzants i entitats benefactores, amb una alta sensibilitzaci\u00f3 social. Al final es subastar\u00e0 un glamur\u00f3s regal aportat per una prestigiosa firma.<\/p>\n<p>M\u00e9s informaci\u00f3 en el document de convocat\u00f2ria.<\/p>\n<p><strong>Aportaci\u00f3<\/strong>: 90 \u20ac per comensal (inclou 1 tiquet per el sorteig)<br \/><strong>Lloc<\/strong>: Hotel Avenida Palace, a la Gran Via 605-607<br \/><strong>Data<\/strong>: 30.11.2019<br \/><strong>Hora<\/strong>: 20: 30h<\/p>\n<\/td>\n<\/tr>\n<\/tbody>\n<\/table>\n<p>&nbsp;<\/p>\n<p>[\/et_pb_text][\/et_pb_column][et_pb_column type=&#8221;1_5&#8243; _builder_version=&#8221;3.25&#8243; custom_padding=&#8221;|||&#8221; custom_padding__hover=&#8221;|||&#8221;][\/et_pb_column][\/et_pb_row][et_pb_row _builder_version=&#8221;3.29.1&#8243; background_size=&#8221;initial&#8221; background_position=&#8221;top_left&#8221; background_repeat=&#8221;repeat&#8221; custom_padding=&#8221;0|0px|0|0px|false|false&#8221; locked=&#8221;off&#8221;][et_pb_column type=&#8221;4_4&#8243; _builder_version=&#8221;3.25&#8243; custom_padding=&#8221;|||&#8221; custom_padding__hover=&#8221;|||&#8221;][et_pb_text admin_label=&#8221;Texto &#8211; DESEMBRE 2019&#8243; _builder_version=&#8221;4.0.6&#8243; z_index_tablet=&#8221;500&#8243;]<\/p>\n<h2>DESEMBRE 2019<\/h2>\n<p>[\/et_pb_text][\/et_pb_column][\/et_pb_row][et_pb_row column_structure=&#8221;1_5,3_5,1_5&#8243; use_custom_gutter=&#8221;on&#8221; gutter_width=&#8221;1&#8243; make_equal=&#8221;on&#8221; module_id=&#8221;0711&#8243; module_class=&#8221;evento&#8221; _builder_version=&#8221;4.0.2&#8243; width=&#8221;100%&#8221; width_tablet=&#8221;&#8221; width_phone=&#8221;&#8221; width_last_edited=&#8221;on|desktop&#8221; max_width=&#8221;100%&#8221; max_width_tablet=&#8221;&#8221; max_width_phone=&#8221;&#8221; max_width_last_edited=&#8221;on|desktop&#8221; module_alignment=&#8221;center&#8221; z_index_tablet=&#8221;500&#8243; box_shadow_style=&#8221;preset3&#8243; box_shadow_horizontal=&#8221;10px&#8221; locked=&#8221;off&#8221;][et_pb_column type=&#8221;1_5&#8243; _builder_version=&#8221;3.25&#8243; custom_padding=&#8221;|||&#8221; custom_padding_tablet=&#8221;&#8221; custom_padding_phone=&#8221;&#8221; custom_padding_last_edited=&#8221;on|desktop&#8221; custom_padding__hover=&#8221;|||&#8221;][et_pb_code admin_label=&#8221;fecha 3\/12&#8243; module_class=&#8221;fecha-evento&#8221; _builder_version=&#8221;4.0.2&#8243; z_index_tablet=&#8221;500&#8243; locked=&#8221;off&#8221;]Des <!\u2013- [et_pb_br_holder] -\u2013><!-- [et_pb_line_break_holder] -->3[\/et_pb_code][\/et_pb_column][et_pb_column type=&#8221;3_5&#8243; _builder_version=&#8221;3.25&#8243; custom_padding=&#8221;|||&#8221; custom_padding_tablet=&#8221;&#8221; custom_padding_phone=&#8221;&#8221; custom_padding_last_edited=&#8221;on|desktop&#8221; custom_padding__hover=&#8221;|||&#8221;][et_pb_text admin_label=&#8221;30\u00e9 aniversari de la Lliga Reumatol\u00f2gica Catalana&#8221; _builder_version=&#8221;4.0.6&#8243; z_index_tablet=&#8221;500&#8243; locked=&#8221;off&#8221;]<\/p>\n<h3>30\u00e8 aniversari de la Lliga Reumatol\u00f2gica Catalana<\/h3>\n<p>La <strong>Reial Acad\u00e8mia Europea de Doctors<\/strong> acull en la seu la commemoraci\u00f3 el XXX aniversari de la <strong>Lliga Reumatol\u00f2gica Catalana<\/strong>, una instituci\u00f3 que, per iniciativa dels metges, acull als pacients des d&#8217;una dimensi\u00f3 humana i global.<strong> Encarim als nostres membres i amics perqu\u00e8 se sumin a l&#8217;acte i al sopar, de car\u00e0cter ben\u00e8fic.<\/strong><\/p>\n<p>La commemoraci\u00f3 de l&#8217;30 aniversari gira al voltant de l&#8217;agra\u00efment a les persones i institucions que han fet possible a la Lliga arribar fins aqu\u00ed sent un referent en l&#8217;\u00e0mbit associatiu catal\u00e0. Aix\u00ed mateix, es presentar\u00e0 la visi\u00f3 de l&#8217;entitat per al futur.<\/p>\n<p>La jornada de celebraci\u00f3 tindr\u00e0 dues activitats principals.<\/p>\n<h4>Presentaci\u00f3-col\u00b7loqui de l&#8217;Estudi multi-variant de qualitat de vida en malalties reum\u00e0tiques<\/h4>\n<p>Entre les <strong>19: 00h i les 20: 30h<\/strong> se celebrar\u00e0, amb el format habitual d&#8217;aquesta activitat de l&#8217;Acad\u00e8mia, que prima l&#8217;agilitat, la el col\u00b7loqui de t\u00edtol <strong>\u00abLes malalties reum\u00e0tiques: Evid\u00e8ncies, Coneixement i autoconeixement\u00bb<\/strong>, coorganitzat entre la <a href=\"https:\/\/lligareumatologica.org\/\" target=\"_blank\" rel=\"noopener noreferrer\"><strong>\u00abLliga Reumatol\u00f2gica Catalana\u00bb<\/strong><\/a> i la <strong>Reial Acad\u00e8mia Europea de Doctors<\/strong>, sobre la presentaci\u00f3 dels resultats de l&#8217;Estudi multivariant entre qualitat de vida i necessitats no cobertes, adher\u00e8ncia a el tractament, comunicaci\u00f3 metge-pacient, participaci\u00f3 en assaigs cl\u00ednics i alfabetitzaci\u00f3 en salut.<\/p>\n<p>L&#8217;acte ser\u00e0 presidit per la <a href=\"https:\/\/raed.academy\/academicos\/dra-maria-dels-angels-calvo-torras\/\" target=\"_blank\" rel=\"noopener noreferrer\"><strong>Dra.<\/strong> <strong>M\u00aa \u00c0ngels Calvo Torras<\/strong><\/a>, Acad\u00e8mica Numer\u00e0ria i Vicepresident de la Junta de Govern de la <strong>Reial Acad\u00e8mia Europea de Doctors<\/strong>, i moderat per l&#8217;Hble. Sr. Dr. <strong>Joaquim Llena Cortina<\/strong>.<\/p>\n<p><strong>Ponents:<\/strong><\/p>\n<ul>\n<li><strong>Enrique Garrido<\/strong> (director de INVESFARM)<\/li>\n<li><strong>Miquel Nolla<\/strong> (president de la Societat Catalana de Reumatologia)<\/li>\n<li><strong>Patricia Planas Rufino<\/strong> (directora t\u00e8cnica de la Lliga Reumatol\u00f2gica Catalana)<\/li>\n<li><strong>Carolina Navalon<\/strong>, patient advocacy.<\/li>\n<\/ul>\n<h4>Sopar ben\u00e8fic i Reconeixements del 30 Aniversari de la Lliga Reumatol\u00f2gica<\/h4>\n<p>El sopar previst per a unes 150 persones, es desenvolupar\u00e0 de la seg\u00fcent manera:<\/p>\n<p><strong>20:45 h<\/strong>. Inici de l&#8217;Acte. Mestra de Cerim\u00f2nies: <strong>Patricia Planas.<\/strong><\/p>\n<p><strong>20:46 h<\/strong>. Benvinguda a c\u00e0rrec de <strong>Josep S\u00e1nchez Llibre.<\/strong><\/p>\n<p><strong>20:50 h<\/strong>. Benvinguda i Discurs institucional de l&#8217;<strong>Elisenda de la Torre<\/strong>, presidenta de la Lliga.<\/p>\n<p><strong>20:55 h<\/strong>. Presentaci\u00f3 de la campanya de la Lliga de sensibilitzaci\u00f3 sobre les malalties reum\u00e0tiques. Nova imatge de la Lliga i nous serveis i activitats per als socis. Presenta el Gerent de la Lliga,<strong> Xavier Bretons.<\/strong><\/p>\n<p><strong>21: 00h.<\/strong> Lliurament Reconeixements: <strong>Sr. Jordi Ortiz i Sra. Roser Tarrida<\/strong> socis hist\u00f2rics de la Lliga; <strong>Lab. PFIZER; Lab. ABBVIE; Sr. Jordi Jarque<\/strong>, periodista de LA VANGUARDIA; <strong>Sr. Josep Rocafort<\/strong>, director d&#8217;art i de programes de Beteve; <strong>Dr. Joan Miquel Nolla i Dr. Sergi Ord\u00f3\u00f1ez<\/strong>, President de la Societat Catalana de Reumatologia i Metge adjunt en reumatologia de l&#8217;Hospital Arnau de Vilanova; <strong>Sra. Alba Verg\u00e9s<\/strong>, Consellera de Salut de la Generalitat de Catalunya.<\/p>\n<p><strong>21:15 h<\/strong>. Discurs de la Sra. <strong>Alba Verg\u00e9s<\/strong>, Consellera de Salut de la Generalitat de Catalunya<\/p>\n<p><strong>21:25 h.<\/strong> Fi de l&#8217;acte i inici del sopar.<\/p>\n<p><strong>23:20 h.<\/strong> Fi de la jornada<\/p>\n<p><strong>Cost de la presentaci\u00f3 \/ col\u00b7loqui:<\/strong> Gratu\u00eft pr\u00e8via confirmaci\u00f3 a <strong>lalliga@lligareumatologica.org<\/strong> (aforament limitat).<br \/><strong>Cost del sopar:<\/strong> compra de tiquet de 45 \u20ac, que hauran de transferir a el n\u00famero de compte <strong>ES14 0081 1618 2300 01.012.603<\/strong><br \/><strong>Lloc de l&#8217;col\u00b7loqui<\/strong>: Sala d&#8217;actes de l&#8217;Foment de l&#8217;Treball &#8211; Via Laietana, 32, Pral, Barcelona<br \/><strong>Lloc del sopar:<\/strong> Hotel Colom, Av. De la Catedral, 7, 08002 Barcelona<br \/><strong>Data:<\/strong> 2019.03.12<\/p>\n<p>&nbsp;<\/p>\n<p>[\/et_pb_text][\/et_pb_column][et_pb_column type=&#8221;1_5&#8243; _builder_version=&#8221;3.25&#8243; custom_padding=&#8221;|||&#8221; custom_padding__hover=&#8221;|||&#8221;][et_pb_image src=&#8221;https:\/\/raed.academy\/wp-content\/uploads\/2019\/12\/3-30-aniversario-Lliga-reumatologica-catalana.jpg&#8221; _builder_version=&#8221;4.3.4&#8243; locked=&#8221;off&#8221;][\/et_pb_image][\/et_pb_column][\/et_pb_row][et_pb_row column_structure=&#8221;1_5,3_5,1_5&#8243; use_custom_gutter=&#8221;on&#8221; gutter_width=&#8221;1&#8243; make_equal=&#8221;on&#8221; module_id=&#8221;1212&#8243; module_class=&#8221;evento&#8221; _builder_version=&#8221;4.0.6&#8243; width=&#8221;100%&#8221; width_tablet=&#8221;&#8221; width_phone=&#8221;&#8221; width_last_edited=&#8221;on|desktop&#8221; max_width=&#8221;100%&#8221; max_width_tablet=&#8221;&#8221; max_width_phone=&#8221;&#8221; max_width_last_edited=&#8221;on|desktop&#8221; module_alignment=&#8221;center&#8221; z_index_tablet=&#8221;500&#8243; box_shadow_style=&#8221;preset3&#8243; box_shadow_horizontal=&#8221;10px&#8221; locked=&#8221;off&#8221;][et_pb_column type=&#8221;1_5&#8243; _builder_version=&#8221;3.25&#8243; custom_padding=&#8221;|||&#8221; custom_padding_tablet=&#8221;&#8221; custom_padding_phone=&#8221;&#8221; custom_padding_last_edited=&#8221;on|desktop&#8221; custom_padding__hover=&#8221;|||&#8221;][et_pb_code admin_label=&#8221;fecha 12\/12&#8243; module_class=&#8221;fecha-evento&#8221; _builder_version=&#8221;4.0.6&#8243; z_index_tablet=&#8221;500&#8243; locked=&#8221;off&#8221;]Des <!\u2013- [et_pb_br_holder] -\u2013><!-- [et_pb_line_break_holder] -->12[\/et_pb_code][\/et_pb_column][et_pb_column type=&#8221;3_5&#8243; _builder_version=&#8221;3.25&#8243; custom_padding=&#8221;|||&#8221; custom_padding_tablet=&#8221;&#8221; custom_padding_phone=&#8221;&#8221; custom_padding_last_edited=&#8221;on|desktop&#8221; custom_padding__hover=&#8221;|||&#8221;][et_pb_text admin_label=&#8221;Sopar de Nadal de l&#8217;Acad\u00e8mia&#8221; _builder_version=&#8221;4.0.6&#8243; z_index_tablet=&#8221;500&#8243; locked=&#8221;off&#8221;]<\/p>\n<h3>Sopar de Nadal de l&#8217;Acad\u00e8mia<\/h3>\n<p>El tradicional Sopar de Nadal de la <strong>Reial Acad\u00e8mia Europea de Doctors<\/strong> se celebrar\u00e0 el <strong>dia 12 de desembre (dijous) a les 21.00h al Sal\u00f3 &#8216;Espuela&#8217; del C\u00edrculo Ecuestre (Balmes, 169 bis &#8211; Barcelona)<\/strong>, reservat per a \u00fas exclusiu de l&#8217;Acad\u00e8mia.<\/p>\n<p>En el cas que pogu\u00e9s assistir, estar\u00edem encantats de comptar amb la seva pres\u00e8ncia. En aquest sup\u00f2sit hauria d&#8217;ingressar l&#8217;import del sopar (el men\u00fa t\u00e9 un preu de <strong>60\u20ac per persona -IVA incl\u00f2s-<\/strong> amb un aperitiu previ) al n\u00famero de compte de la Reial Acad\u00e8mia Europea de Doctors: <strong>La Caixa IBAN ES15 2100 0468 0102 0041 6300<\/strong><\/p>\n<p>Per a una millor organitzaci\u00f3 els preguem que facin una transfer\u00e8ncia banc\u00e0ria a partir d&#8217;aquest moment i quan vostes ho desitgin indicant el nom de les persones que hi assistiran.<\/p>\n<p>[\/et_pb_text][\/et_pb_column][et_pb_column type=&#8221;1_5&#8243; _builder_version=&#8221;3.25&#8243; custom_padding=&#8221;|||&#8221; custom_padding__hover=&#8221;|||&#8221;][et_pb_gallery gallery_ids=&#8221;85130,85121,85088&#8243; fullwidth=&#8221;on&#8221; _builder_version=&#8221;4.3.4&#8243; locked=&#8221;off&#8221;][\/et_pb_gallery][\/et_pb_column][\/et_pb_row][et_pb_row column_structure=&#8221;1_5,3_5,1_5&#8243; use_custom_gutter=&#8221;on&#8221; gutter_width=&#8221;1&#8243; make_equal=&#8221;on&#8221; module_id=&#8221;1212&#8243; module_class=&#8221;evento&#8221; _builder_version=&#8221;4.0.6&#8243; width=&#8221;100%&#8221; width_tablet=&#8221;&#8221; width_phone=&#8221;&#8221; width_last_edited=&#8221;on|desktop&#8221; max_width=&#8221;100%&#8221; max_width_tablet=&#8221;&#8221; max_width_phone=&#8221;&#8221; max_width_last_edited=&#8221;on|desktop&#8221; module_alignment=&#8221;center&#8221; z_index_tablet=&#8221;500&#8243; box_shadow_style=&#8221;preset3&#8243; box_shadow_horizontal=&#8221;10px&#8221; locked=&#8221;off&#8221;][et_pb_column type=&#8221;1_5&#8243; _builder_version=&#8221;3.25&#8243; custom_padding=&#8221;|||&#8221; custom_padding_tablet=&#8221;&#8221; custom_padding_phone=&#8221;&#8221; custom_padding_last_edited=&#8221;on|desktop&#8221; custom_padding__hover=&#8221;|||&#8221;][et_pb_code admin_label=&#8221;fecha 12\/12&#8243; module_class=&#8221;fecha-evento&#8221; _builder_version=&#8221;4.0.6&#8243; z_index_tablet=&#8221;500&#8243; locked=&#8221;off&#8221;]Des <!\u2013- [et_pb_br_holder] -\u2013><!-- [et_pb_line_break_holder] -->12[\/et_pb_code][\/et_pb_column][et_pb_column type=&#8221;3_5&#8243; _builder_version=&#8221;3.25&#8243; custom_padding=&#8221;|||&#8221; custom_padding_tablet=&#8221;&#8221; custom_padding_phone=&#8221;&#8221; custom_padding_last_edited=&#8221;on|desktop&#8221; custom_padding__hover=&#8221;|||&#8221;][et_pb_text admin_label=&#8221;Maltratos&#8221; _builder_version=&#8221;4.0.6&#8243; z_index_tablet=&#8221;500&#8243; locked=&#8221;off&#8221;]<\/p>\n<h3>Els riscos d&#8217;envellir aqu\u00ed i ara. Un di\u00e0leg cr\u00edtic sobre els maltractaments a la gent gran<\/h3>\n<p>En els \u00faltims anys ha emergit un nou i greu problema social: el maltractament a la gent gran. No obstant aix\u00f2, cal advertir que no es tracta tant d&#8217;un fenomen nou sin\u00f3 de la sortida del seu invisibilitat. En efecte, cada vegada m\u00e9s emergeixen a la superf\u00edcie casos de maltractaments a persones longeves o ancianes i aix\u00f2 esdev\u00e9 en un ampli ventall de modalitats, des de la neglig\u00e8ncia i l&#8217;abandonament a la viol\u00e8ncia f\u00edsica o l&#8217;espoli econ\u00f2mic.<\/p>\n<p>\u00c9s aix\u00ed com des dels serveis socials b\u00e0sics, els dispositius de salut i salut mental o els cossos de seguretat de l&#8217;Estat i la pr\u00f2pia fiscalia es detecten situacions en qu\u00e8 les persones grans s\u00f3n objecte de robatoris, fraus, cops, amenaces o insults. I tot aix\u00f2 s&#8217;esdev\u00e9 sense que, fins al moment, les administracions p\u00fabliques hagin pres cartes en l&#8217;assumpte d&#8217;una manera decidida mitjan\u00e7ant la implementaci\u00f3 de mesures legals, socials o sanit\u00e0ries.<\/p>\n<p>En aquest marc, ha sorgit una iniciativa per part de professionals vinculats amb el <a href=\"https:\/\/www.elbaixllobregat.cat\/\" target=\"_blank\" rel=\"noopener noreferrer\"><strong>Consell Comarcal del Baix Llobregat<\/strong><\/a>. Aquesta iniciativa \u00e9s el <a href=\"https:\/\/www.elbaixllobregat.cat\/seap\" target=\"_blank\" rel=\"noopener noreferrer\"><strong>SEAP, Servei Especialitzat d&#8217;Atenci\u00f3 a les Persones Grans<\/strong><\/a>. Aquest servei \u00e9s de naturalesa interdisciplin\u00e0ria (social, jur\u00eddica i sanit\u00e0ria) i ha aconseguit construir un discurs i una metodologia que est\u00e0 facilitant l&#8217;actuaci\u00f3 de la Fiscalia i el m\u00f3n de la judicatura.<\/p>\n<p>Aquesta jornada es centrar\u00e0 en la presentaci\u00f3 del <a href=\"https:\/\/www.elbaixllobregat.cat\/seap\" target=\"_blank\" rel=\"noopener noreferrer\"><strong>SEAP<\/strong><\/a>, la seva metodologia i una breu mem\u00f2ria dels casos en qu\u00e8 ha intervingut. Es comptar\u00e0, a m\u00e9s, amb la participaci\u00f3 de professionals d&#8217;altres disciplines per debatre i reflexionar cr\u00edticament sobre aquesta xacra social que \u00e9s el maltractament a les persones grans.<\/p>\n<h4>Programa<\/h4>\n<p>De 17.30 a 17.45 h. Presentaci\u00f3 de la Jornada:<\/p>\n<ul>\n<li><strong><a href=\"https:\/\/raed.academy\/ca\/academics\/dr-jose-ramon-calvo-fernandez\/\" target=\"_blank\" rel=\"noopener noreferrer\">Dr. Jos\u00e9 Ram\u00f3n Calvo Fern\u00e1ndez<\/a>, <\/strong>President de l&#8217;Institut de Cooperaci\u00f3 Internacional de la <strong>Reial Acad\u00e8mia Europea de Doctors.<\/strong><\/li>\n<li><strong>Eva M. Mart\u00ednez Morales, <\/strong>Presidenta del \u00a0<a href=\"https:\/\/www.elbaixllobregat.cat\/\" target=\"_blank\" rel=\"noopener noreferrer\"><strong>Consell Comarcal del Baix Llobregat<\/strong><\/a>.<\/li>\n<\/ul>\n<p>17.45 &#8211; 18.30 h. Experi\u00e8ncia de el bon tracte a la gent gran i persones en situaci\u00f3 de fragilitat.<\/p>\n<p>Moderador: <a href=\"https:\/\/raed.academy\/academicos\/dr-jose-ramon-calvo-fernandez\/\"><strong>Dr. Jos\u00e9 Ram\u00f3n Calvo Fern\u00e1ndez<\/strong><\/a><\/p>\n<ul>\n<li><strong>Dr. Josep Moya Oll\u00e9. <\/strong>Psiqui\u00e0tra i psicogeri\u00e0tra del Servei Especialitzat d\u2019Atenci\u00f3 a les Persones (SEAP) del Baix Llobregat. Col\u00b7laborador del Centre d\u2019Estudis Jur\u00eddics i Formaci\u00f3 Especialitzada del Departament de Just\u00edcia de la Generalitat de Catalunya.<\/li>\n<li><strong>Ester Fornells Admella.\u00a0<\/strong>Coordinadora del <em>Servei Especialitzat d\u2019Atenci\u00f3 a les Persones<\/em> (SEAP). Coordinadora del <em>Servei Especialitzat d\u2019Atenci\u00f3 a la Inf\u00e0ncia i Adolesc\u00e8ncia<\/em> (SEAIA) del Baix Llobregat.<\/li>\n<\/ul>\n<p>18.30 &#8211; 19.15 h. Taula de di\u00e0leg-1<\/p>\n<ul>\n<li><strong>Maria Rosa Ros Ramos. <\/strong>Fiscal Delegada de l&#8217;Especialitat Civil i de Protecci\u00f3 Jur\u00eddica de les Persones amb Discapacitat per a la Comunitat Aut\u00f2noma de Can\u00e0ries. Vocal del Consell Fiscal.<strong><br \/><\/strong><\/li>\n<li><strong>M\u00f2nica Rac\u00f3 Acereda. <\/strong>Psic\u00f2loga Forense de l&#8217;Institut de Medicina Legal i Ci\u00e8ncies Forenses de Las Palmas.<\/li>\n<li><strong>Manuel Murillo Rosat. <\/strong>Director de Comunicaci\u00f3 de la Reial Acad\u00e8mia Europea de Doctors (RAED).<\/li>\n<\/ul>\n<p>19.15 &#8211; 20 h. Taula de di\u00e0leg-2<\/p>\n<ul>\n<li><strong>Almudena Castro-Girona Mart\u00ednez. <\/strong>Notario directora de la Fundaci\u00f3\u00a0Aequitas\u00a0del\u00a0CGN. President de la Comissi\u00f3 de Drets Humans de la\u00a0UINL.<\/li>\n<li><strong>Dr. Xavier Altarriba Mercader. <\/strong>PhD\u00a0in\u00a0Neurosciences\u00a0amb\u00a0Phd\u00a0in\u00a0Sociology.\u00a0Analyst\u00a0Programmer.<\/li>\n<li><strong>Dr. Ant\u00f3n Costas Comesa\u00f1a. <\/strong>Catedr\u00e0tic d&#8217;Economia. President de la Fundaci\u00f3\u00a0<em>Cercle\u00a0d&#8217;Economia.<\/em><\/li>\n<\/ul>\n<p><strong>Cost de l&#8217;esdeveniment:<\/strong> Gratu\u00eft pr\u00e8via inscripci\u00f3 (aforament limitat)<br \/><strong>Lloc:<\/strong>\u00a0<a href=\"http:\/\/www.reialcercleartistic.cat\">Reial\u00a0Cercle\u00a0Art\u00edstic\u00a0de Barcelona<\/a>,\u00a0Carrer\u00a0dels\u00a0Arcs, 5, 08002 Barcelona<br \/><strong>Data:<\/strong> 12.12.2019<br \/><strong>Hora d&#8217;inici:<\/strong> 17:30h<\/p>\n<p>[\/et_pb_text][\/et_pb_column][et_pb_column type=&#8221;1_5&#8243; _builder_version=&#8221;3.25&#8243; custom_padding=&#8221;|||&#8221; custom_padding__hover=&#8221;|||&#8221;][\/et_pb_column][\/et_pb_row][et_pb_row column_structure=&#8221;1_5,3_5,1_5&#8243; use_custom_gutter=&#8221;on&#8221; gutter_width=&#8221;1&#8243; make_equal=&#8221;on&#8221; module_id=&#8221;1612&#8243; module_class=&#8221;evento&#8221; _builder_version=&#8221;4.0.6&#8243; width=&#8221;100%&#8221; width_tablet=&#8221;&#8221; width_phone=&#8221;&#8221; width_last_edited=&#8221;on|desktop&#8221; max_width=&#8221;100%&#8221; max_width_tablet=&#8221;&#8221; max_width_phone=&#8221;&#8221; max_width_last_edited=&#8221;on|desktop&#8221; module_alignment=&#8221;center&#8221; z_index_tablet=&#8221;500&#8243; box_shadow_style=&#8221;preset3&#8243; box_shadow_horizontal=&#8221;10px&#8221; locked=&#8221;off&#8221;][et_pb_column type=&#8221;1_5&#8243; _builder_version=&#8221;3.25&#8243; custom_padding=&#8221;|||&#8221; custom_padding_tablet=&#8221;&#8221; custom_padding_phone=&#8221;&#8221; custom_padding_last_edited=&#8221;on|desktop&#8221; custom_padding__hover=&#8221;|||&#8221;][et_pb_code admin_label=&#8221;fecha 16\/12&#8243; module_class=&#8221;fecha-evento&#8221; _builder_version=&#8221;4.0.6&#8243; z_index_tablet=&#8221;500&#8243;]Des<!\u2013- [et_pb_br_holder] -\u2013><!-- [et_pb_line_break_holder] -->16[\/et_pb_code][\/et_pb_column][et_pb_column type=&#8221;3_5&#8243; _builder_version=&#8221;3.25&#8243; custom_padding=&#8221;|||&#8221; custom_padding_tablet=&#8221;&#8221; custom_padding_phone=&#8221;&#8221; custom_padding_last_edited=&#8221;on|phone&#8221; custom_padding__hover=&#8221;|||&#8221;][et_pb_text admin_label=&#8221;iese-alumni-learning-program&#8221; _builder_version=&#8221;4.0.6&#8243; z_index_tablet=&#8221;500&#8243; locked=&#8221;off&#8221;]<\/p>\n<h3>IESE Alumni Learning Program \u00b7 Cicle Econom\u00eda &#8211; Sessi\u00f3 Extraordin\u00e0ria<\/h3>\n<p><strong>El m\u00f3n en un entorn de canvi: des de la transformaci\u00f3 digital a l&#8217;emerg\u00e8ncia clim\u00e0tica o la guerra comercial<\/strong><\/p>\n<p><strong>Ponent<\/strong>:<strong> Jos\u00e9 Manuel Gonz\u00e1lez-P\u00e1ramo<\/strong>, conseller executiu, BBVA<br \/><strong>Moderador<\/strong>: <strong>Prof. Pedro Videla<\/strong>, Economia, IESE<\/p>\n<p>El m\u00f3n est\u00e0 en constant evoluci\u00f3 i els canvis estan passant a un ritme vertigin\u00f3s. Ens trobem en plena quarta revoluci\u00f3 industrial, la transformaci\u00f3 digital, que est\u00e0 modificant la forma en qu\u00e8 ens relacionem les persones, els models empresarials, i en definitiva la forma en que es crea valor. Addicionalment, els ciutadans ens enfrontem a reptes urgents com la degradaci\u00f3 de l&#8217;entorn i el canvi clim\u00e0tic, la transici\u00f3 demogr\u00e0fica, la migraci\u00f3 i les desigualtats.<\/p>\n<p>Al costat d&#8217;aquests canvis estructurals, la guerra comercial, el Brexit i la cada vegada m\u00e9s limitada capacitat dels bancs centrals per rellan\u00e7ar l&#8217;economia generen dubtes sobre la capacitat dels governs europeus per assegurar un creixement inclusiu i sostenible en el temps.<\/p>\n<p>Davant d&#8217;aquesta situaci\u00f3 resulta necessari realitzar una reflexi\u00f3 assossegada sobre la situaci\u00f3 actual i els diferents escenaris futurs als quals ens enfrontarem en els propers mesos i anys.<\/p>\n<p><strong><br \/><\/strong><strong>Lloc: <\/strong>Barcelona, Barcelona Campus Nord &#8211; Aula Magna (Arn\u00fas i Gar\u00ed, 5)<br \/><strong>Data:<\/strong> 16.12.2019<br \/><strong>Hora:<\/strong> 12:00 a 13:30h<\/p>\n<p>[\/et_pb_text][et_pb_code admin_label=&#8221;logos RAED &#8211; IESE&#8221; _builder_version=&#8221;4.0.6&#8243; locked=&#8221;off&#8221;]<\/p>\n<div class=\"fila\" style=\"margin-top: 30px; display: flex;align-items: center;\"><!-- [et_pb_line_break_holder] -->  <\/p>\n<div class=\"col-6\"><!-- [et_pb_line_break_holder] -->    <img decoding=\"async\" src=\"https:\/\/raed.academy\/wp-content\/uploads\/2018\/10\/logo-raed.png\" height=\"141.533\" width=\"220\"><!-- [et_pb_line_break_holder] -->  <\/div>\n<p><!-- [et_pb_line_break_holder] -->  <\/p>\n<div class=\"col-6\"><!-- [et_pb_line_break_holder] -->    <img decoding=\"async\" src=\"https:\/\/raed.academy\/wp-content\/uploads\/2019\/12\/IESE-logo.png\" height=\"46.9333\" width=\"220\"><!-- [et_pb_line_break_holder] -->  <\/div>\n<p><!-- [et_pb_line_break_holder] --><\/div>\n<p>[\/et_pb_code][\/et_pb_column][et_pb_column type=&#8221;1_5&#8243; _builder_version=&#8221;3.25&#8243; custom_padding=&#8221;|||&#8221; custom_padding__hover=&#8221;|||&#8221;][et_pb_image src=&#8221;https:\/\/raed.academy\/wp-content\/uploads\/2019\/12\/sesion-IESE-el-mundo-en-un-entorno-de-cambio.jpeg&#8221; _builder_version=&#8221;4.3.4&#8243; locked=&#8221;off&#8221;][\/et_pb_image][\/et_pb_column][\/et_pb_row][et_pb_row column_structure=&#8221;1_5,3_5,1_5&#8243; use_custom_gutter=&#8221;on&#8221; gutter_width=&#8221;1&#8243; make_equal=&#8221;on&#8221; module_id=&#8221;0107&#8243; module_class=&#8221;evento&#8221; _builder_version=&#8221;3.25&#8243; width=&#8221;100%&#8221; width_tablet=&#8221;&#8221; width_phone=&#8221;&#8221; width_last_edited=&#8221;on|desktop&#8221; max_width=&#8221;100%&#8221; max_width_tablet=&#8221;&#8221; max_width_phone=&#8221;&#8221; max_width_last_edited=&#8221;on|desktop&#8221; module_alignment=&#8221;center&#8221; z_index_tablet=&#8221;500&#8243; box_shadow_style=&#8221;preset3&#8243; box_shadow_horizontal=&#8221;10px&#8221; locked=&#8221;off&#8221;][et_pb_column type=&#8221;1_5&#8243; _builder_version=&#8221;3.25&#8243; custom_padding=&#8221;|||&#8221; custom_padding_tablet=&#8221;&#8221; custom_padding_phone=&#8221;&#8221; custom_padding_last_edited=&#8221;on|desktop&#8221; custom_padding__hover=&#8221;|||&#8221;][et_pb_code admin_label=&#8221;fecha 18\/12&#8243; module_class=&#8221;fecha-evento&#8221; _builder_version=&#8221;4.0.6&#8243; z_index_tablet=&#8221;500&#8243;]Des<!\u2013- [et_pb_br_holder] -\u2013><!-- [et_pb_line_break_holder] -->18[\/et_pb_code][\/et_pb_column][et_pb_column type=&#8221;3_5&#8243; _builder_version=&#8221;3.25&#8243; custom_padding=&#8221;|||&#8221; custom_padding_tablet=&#8221;&#8221; custom_padding_phone=&#8221;&#8221; custom_padding_last_edited=&#8221;on|phone&#8221; custom_padding__hover=&#8221;|||&#8221;][et_pb_text admin_label=&#8221;Ingreso Dr. Alejandro Pursals Puig &#8221; _builder_version=&#8221;4.0.6&#8243; z_index_tablet=&#8221;500&#8243; locked=&#8221;off&#8221;]<\/p>\n<h3>Ingr\u00e9s com Acad\u00e8mic Corresponent: <b>Alejandro Pursals Puig<\/b><\/h3>\n<h3>Alejandro Pursals Puig, Doctor en econom\u00eda.<\/h3>\n<p><strong>Discurs d\u2019ingr\u00e9s:<\/strong> &#8220;Panam\u00e1, puente entre continentes&#8221;.<br \/><strong>Respon: <\/strong><a href=\"https:\/\/raed.academy\/academicos\/dr-jose-maria-gay-de-liebana-saludas\/\" target=\"_blank\" rel=\"noopener noreferrer\">Excmo. Sr. Dr. Jos\u00e9 M\u00aa Gay de Li\u00e9bana Saludas.<\/a><br \/><strong>Lloc:<\/strong> Sala d\u2019actes de Foment del Treball \u2013 Via Laietana, 32, Pral, Barcelona<br \/><strong>Data:<\/strong> 18.12.2019 a les 19:30h<\/p>\n<p>[\/et_pb_text][\/et_pb_column][et_pb_column type=&#8221;1_5&#8243; _builder_version=&#8221;3.25&#8243; custom_padding=&#8221;|||&#8221; custom_padding__hover=&#8221;|||&#8221;][et_pb_image src=&#8221;https:\/\/raed.academy\/wp-content\/uploads\/2019\/12\/ingreso-RAED-Alejandro-Pursals-Puig-3.jpg&#8221; _builder_version=&#8221;4.3.4&#8243; locked=&#8221;off&#8221;][\/et_pb_image][\/et_pb_column][\/et_pb_row][et_pb_row column_structure=&#8221;1_4,1_4,1_4,1_4&#8243; use_custom_gutter=&#8221;on&#8221; gutter_width=&#8221;1&#8243; make_equal=&#8221;on&#8221; module_class=&#8221; et_pb_row_fullwidth et_pb_row_fullwidth et_pb_row_fullwidth paginacion&#8221; _builder_version=&#8221;3.25&#8243; width=&#8221;100%&#8221; width_tablet=&#8221;80%&#8221; width_phone=&#8221;&#8221; width_last_edited=&#8221;on|desktop&#8221; max_width=&#8221;100%&#8221; max_width_tablet=&#8221;80%&#8221; max_width_phone=&#8221;&#8221; max_width_last_edited=&#8221;on|desktop&#8221; module_alignment=&#8221;center&#8221; z_index_tablet=&#8221;500&#8243; make_fullwidth=&#8221;on&#8221; locked=&#8221;off&#8221;][et_pb_column type=&#8221;1_4&#8243; _builder_version=&#8221;3.25&#8243; custom_padding=&#8221;|||&#8221; custom_padding__hover=&#8221;|||&#8221;][et_pb_code admin_label=&#8221;Paginaci\u00f3n 2018&#8243; module_id=&#8221;eventos&#8221; module_class=&#8221;pgAnterior&#8221; _builder_version=&#8221;4.1&#8243; z_index_tablet=&#8221;500&#8243;]<a href=\"https:\/\/raed.academy\/ca\/activitats\/historial-2018\/\">\u276e ACTIVITATS 2018<\/a>[\/et_pb_code][\/et_pb_column][et_pb_column type=&#8221;1_4&#8243; _builder_version=&#8221;3.25&#8243; custom_padding=&#8221;|||&#8221; custom_padding__hover=&#8221;|||&#8221;][\/et_pb_column][et_pb_column type=&#8221;1_4&#8243; _builder_version=&#8221;3.25&#8243; custom_padding=&#8221;|||&#8221; custom_padding__hover=&#8221;|||&#8221;][\/et_pb_column][et_pb_column type=&#8221;1_4&#8243; _builder_version=&#8221;3.25&#8243; custom_padding=&#8221;|||&#8221; custom_padding__hover=&#8221;|||&#8221;][et_pb_code admin_label=&#8221;Paginaci\u00f3n actividades 2020&#8243; module_class=&#8221;pgSiguiente&#8221; _builder_version=&#8221;4.8.2&#8243; hover_enabled=&#8221;0&#8243; z_index_tablet=&#8221;500&#8243; sticky_enabled=&#8221;0&#8243;]<a href=\"https:\/\/raed.academy\/ca\/activitats\/\">\u00daLTIMES ACTIVITATS<i class=\"fas fa-chevron-right\"><\/i><\/a><!-- [et_pb_line_break_holder] -->[\/et_pb_code][\/et_pb_column][\/et_pb_row][\/et_pb_section]<\/p>\n","protected":false},"excerpt":{"rendered":"<p>Historial d&#8217;activitats 2019GENER 2019 Col\u00b7loqui-debat &#8220;La\u00efcit\u00e9 &#8211; La\u00efcitat. Dos camins diferents a Fran\u00e7a i a Espanya amb valors comuns&#8221; Intervenen: Manuel Valls Galfetti. Ex Primer Ministre de la Rep\u00fablica francesa (2014-2016) Joan Francesc Pont. President de la Fundaci\u00f3 Ferrer i Guardia. Acad\u00e8mic de N\u00famero i Membre de la Junta de Govern de la RAED Santiago [&hellip;]<\/p>\n","protected":false},"author":16,"featured_media":0,"parent":34041,"menu_order":0,"comment_status":"closed","ping_status":"closed","template":"page-template-fullwidth.php","meta":{"_et_pb_use_builder":"on","_et_pb_old_content":"<hr \/>\r\n\r\n<div class=\"paginacion\"><a class=\"pgAnterior\" href=\"http:\/\/raed.academy\/actividades\/historial-2018\/\">\u276e ACTIVIDADES 2018<\/a><\/div>\r\n<div id=\"eventos\">\r\n<h2>ENERO 2019<\/h2>\r\n<table class=\"tablaEventos\"><colgroup> <col style=\"text-align: center; font-style: italic; font-size: 18px;\" \/> <col \/> <col style=\"width: 170px;\" \/> <\/colgroup>\r\n<tbody><!-- enero\/2019 -->\r\n<tr id=\"evento1001\">\r\n<td class=\"fechaEvento\">10 enero\r\n2019<\/td>\r\n<td>\r\n<h3>Coloquio-debate \"La\u00efcit\u00e9 - Laicidad. Dos caminos diferentes en Francia y en Espa\u00f1a con valores comunes\"<\/h3>\r\nIntervienen:\r\n<ul>\r\n \t<li><strong>Manuel Valls Galfetti<\/strong>. Ex Primer Ministro de la Rep\u00fablica Francesa (2014-2016)<\/li>\r\n \t<li><a href=\"https:\/\/raed.academy\/academicos\/dr-joan-francesc-pont-clemente\/\" target=\"_blank\" rel=\"noopener\"><strong>Joan Francesc Pont<\/strong><\/a>. Presidente de la <strong>Fundaci\u00f3n Ferrer y Guardia<\/strong>, Acad\u00e9mico de N\u00famero y miembro de la Junta de Gobierno de la RAED<\/li>\r\n \t<li><a href=\"https:\/\/raed.academy\/academicos\/dr-santiago-jose-castella-surribas\/\" target=\"_blank\" rel=\"noopener\"><strong>Santiago J. Castell\u00e0<\/strong><\/a>, Profesor de la URV y Acad\u00e9mico de Numero de la RAED.<\/li>\r\n<\/ul>\r\nModerador: <strong>Richard Onses<\/strong>. Acad\u00e9mico Correspondiente Electo de la RAED. Evento co-organizado con <strong>UFE: Union des Fran\u00e7ais de l'Etranger<\/strong>\r\n\r\nLugar: Sala de actos de Fomento del Trabajo \u2013 Via Laietana, 32, Pral, Barcelona\r\nFecha: 10.01.2019 a las 19:00h\r\n\r\n<img class=\"alignnone size-full wp-image-62966\" src=\"https:\/\/raed.academy\/wp-content\/uploads\/2018\/12\/invitacion-V6-es-web.jpg\" alt=\"Invitaci\u00f3n al debate sobre Laicismo en espa\u00f1a y Francia\" width=\"970\" height=\"597\" \/><\/td>\r\n<td>[gallery type=\"divi\" link=\"file\" columns=\"1\" ids=\"64604,64607,64744,64610,64637\"]<\/td>\r\n<\/tr>\r\n<tr id=\"1601\">\r\n<td class=\"fechaEvento\">16 enero\r\n2019<\/td>\r\n<td>\r\n<h3>Ingreso como Acad\u00e9mico Numerario: <a href=\"https:\/\/raed.academy\/academicos\/dr-joaquin-callabed-carracedo\/\" target=\"_blank\" rel=\"noopener\">Joaqu\u00edn Callabed Carracedo<\/a>, Doctor en Medicina y Cirug\u00eda y especialista en Pediatr\u00eda<\/h3>\r\nDiscurso de ingreso: <a href=\"https:\/\/raed.academy\/wp-content\/uploads\/2019\/01\/discurso-ingreso-Joaquin-Callabed-Una-Mirada-a-Santiago-Ramon-y-Cajal-min.pdf\" target=\"_blank\" rel=\"noopener\"><strong>Una mirada a Santiago Ram\u00f3n i Cajal en su perfil humano y humanista<\/strong><\/a>\r\nResponde: <a href=\"http:\/\/raed.academy\/academicos\/dr-pedro-claros-blanch\/\" target=\"_blank\" rel=\"noopener\"><strong>Dr. Pedro Clar\u00f3s Blanch<\/strong><\/a>\r\n\r\nLugar: Sala de actos de Fomento del Trabajo \u2013 Via Laietana, 32, Pral, Barcelona\r\nFecha: 16.01.2019 a las 19:30h<\/td>\r\n<td>[gallery type=\"divi\" columns=\"1\" link=\"file\" ids=\"64752,64758\"]<\/td>\r\n<\/tr>\r\n<\/tbody>\r\n<\/table>\r\n<div>\r\n\r\n<hr \/>\r\n\r\n<div class=\"paginacion\"><a class=\"pgAnterior\" href=\"http:\/\/raed.academy\/actividades\/historial-2018\/\">\u276e ACTIVIDADES 2018<\/a><\/div>\r\n<div id=\"eventos\"><\/div>\r\n<\/div>\r\n<\/div>","_et_gb_content_width":"","footnotes":""},"class_list":["post-64409","page","type-page","status-publish","hentry"],"yoast_head":"<!-- This site is optimized with the Yoast SEO plugin v27.5 - https:\/\/yoast.com\/product\/yoast-seo-wordpress\/ -->\n<title>Historial d&#039;activitats 2019 - Reial Acad\u00e8mia Europea de Doctors<\/title>\n<meta name=\"robots\" content=\"index, follow, max-snippet:-1, max-image-preview:large, max-video-preview:-1\" \/>\n<link rel=\"canonical\" href=\"https:\/\/raed.academy\/ca\/activitats\/historial-2019\/\" \/>\n<meta property=\"og:locale\" content=\"ca_ES\" \/>\n<meta property=\"og:type\" content=\"article\" \/>\n<meta property=\"og:title\" content=\"Historial d&#039;activitats 2019 - Reial Acad\u00e8mia Europea de Doctors\" \/>\n<meta property=\"og:description\" content=\"La RAED organitza i duu a terme una s\u00e8rie d&#039;activitats concentrades en un mes i mig que van comptar amb la implicaci\u00f3 activa de nombrosos acad\u00e8mics. Recepci\u00f3 de quatre acad\u00e8mics corresponents (Stavroula-Ina Piperaki per a Gr\u00e8cia, Stephen Zeff i David B. Wilkins per als Estats Units i Llu\u00eds Vicent Safont per a Andorra) Taula rodona [&hellip;]\" \/>\n<meta property=\"og:url\" content=\"https:\/\/raed.academy\/ca\/activitats\/historial-2019\/\" \/>\n<meta property=\"og:site_name\" content=\"Reial Acad\u00e8mia Europea de Doctors\" \/>\n<meta property=\"article:publisher\" content=\"http:\/\/fb.me\/raed.academy\" \/>\n<meta property=\"article:modified_time\" content=\"2021-02-17T10:02:04+00:00\" \/>\n<meta property=\"og:image\" content=\"https:\/\/raed.academy\/wp-content\/uploads\/2018\/10\/logo-raed.png\" \/>\n<meta name=\"twitter:card\" content=\"summary_large_image\" \/>\n<meta name=\"twitter:site\" content=\"@raedacademy\" \/>\n<meta name=\"twitter:label1\" content=\"Est. reading time\" \/>\n\t<meta name=\"twitter:data1\" content=\"94 minutes\" \/>\n<script type=\"application\/ld+json\" class=\"yoast-schema-graph\">{\"@context\":\"https:\\\/\\\/schema.org\",\"@graph\":[{\"@type\":\"WebPage\",\"@id\":\"https:\\\/\\\/raed.academy\\\/ca\\\/activitats\\\/historial-2019\\\/\",\"url\":\"https:\\\/\\\/raed.academy\\\/ca\\\/activitats\\\/historial-2019\\\/\",\"name\":\"Historial d'activitats 2019 - Reial Acad\u00e8mia Europea de Doctors\",\"isPartOf\":{\"@id\":\"https:\\\/\\\/raed.academy\\\/ca\\\/#website\"},\"primaryImageOfPage\":{\"@id\":\"https:\\\/\\\/raed.academy\\\/ca\\\/activitats\\\/historial-2019\\\/#primaryimage\"},\"image\":{\"@id\":\"https:\\\/\\\/raed.academy\\\/ca\\\/activitats\\\/historial-2019\\\/#primaryimage\"},\"thumbnailUrl\":\"https:\\\/\\\/raed.academy\\\/wp-content\\\/uploads\\\/2018\\\/10\\\/logo-raed.png\",\"datePublished\":\"2019-01-14T09:27:26+00:00\",\"dateModified\":\"2021-02-17T10:02:04+00:00\",\"breadcrumb\":{\"@id\":\"https:\\\/\\\/raed.academy\\\/ca\\\/activitats\\\/historial-2019\\\/#breadcrumb\"},\"inLanguage\":\"ca-ES\",\"potentialAction\":[{\"@type\":\"ReadAction\",\"target\":[\"https:\\\/\\\/raed.academy\\\/ca\\\/activitats\\\/historial-2019\\\/\"]}]},{\"@type\":\"ImageObject\",\"inLanguage\":\"ca-ES\",\"@id\":\"https:\\\/\\\/raed.academy\\\/ca\\\/activitats\\\/historial-2019\\\/#primaryimage\",\"url\":\"https:\\\/\\\/raed.academy\\\/wp-content\\\/uploads\\\/2018\\\/10\\\/logo-raed.png\",\"contentUrl\":\"https:\\\/\\\/raed.academy\\\/wp-content\\\/uploads\\\/2018\\\/10\\\/logo-raed.png\"},{\"@type\":\"BreadcrumbList\",\"@id\":\"https:\\\/\\\/raed.academy\\\/ca\\\/activitats\\\/historial-2019\\\/#breadcrumb\",\"itemListElement\":[{\"@type\":\"ListItem\",\"position\":1,\"name\":\"Inicio\",\"item\":\"https:\\\/\\\/raed.academy\\\/ca\\\/\"},{\"@type\":\"ListItem\",\"position\":2,\"name\":\"Activitats\",\"item\":\"https:\\\/\\\/raed.academy\\\/ca\\\/activitats\\\/\"},{\"@type\":\"ListItem\",\"position\":3,\"name\":\"Historial d&#8217;activitats 2019\"}]},{\"@type\":\"WebSite\",\"@id\":\"https:\\\/\\\/raed.academy\\\/ca\\\/#website\",\"url\":\"https:\\\/\\\/raed.academy\\\/ca\\\/\",\"name\":\"Reial Acad\u00e8mia Europea de Doctors\",\"description\":\"Corporaci\u00f3n de derecho p\u00fablico de car\u00e1cter cient\u00edfico, t\u00e9cnico y art\u00edstico, que tiene por objeto la investigaci\u00f3n, el estudio, el fomento y la extensi\u00f3n del conocimiento en su sentido m\u00e1s amplio\",\"publisher\":{\"@id\":\"https:\\\/\\\/raed.academy\\\/ca\\\/#organization\"},\"potentialAction\":[{\"@type\":\"SearchAction\",\"target\":{\"@type\":\"EntryPoint\",\"urlTemplate\":\"https:\\\/\\\/raed.academy\\\/ca\\\/?s={search_term_string}\"},\"query-input\":{\"@type\":\"PropertyValueSpecification\",\"valueRequired\":true,\"valueName\":\"search_term_string\"}}],\"inLanguage\":\"ca-ES\"},{\"@type\":\"Organization\",\"@id\":\"https:\\\/\\\/raed.academy\\\/ca\\\/#organization\",\"name\":\"Real Academia Europea de Doctores\",\"url\":\"https:\\\/\\\/raed.academy\\\/ca\\\/\",\"logo\":{\"@type\":\"ImageObject\",\"inLanguage\":\"ca-ES\",\"@id\":\"https:\\\/\\\/raed.academy\\\/ca\\\/#\\\/schema\\\/logo\\\/image\\\/\",\"url\":\"https:\\\/\\\/raed.academy\\\/wp-content\\\/uploads\\\/2017\\\/01\\\/cropped-logo_raed.png\",\"contentUrl\":\"https:\\\/\\\/raed.academy\\\/wp-content\\\/uploads\\\/2017\\\/01\\\/cropped-logo_raed.png\",\"width\":512,\"height\":512,\"caption\":\"Real Academia Europea de Doctores\"},\"image\":{\"@id\":\"https:\\\/\\\/raed.academy\\\/ca\\\/#\\\/schema\\\/logo\\\/image\\\/\"},\"sameAs\":[\"http:\\\/\\\/fb.me\\\/raed.academy\",\"https:\\\/\\\/x.com\\\/raedacademy\",\"https:\\\/\\\/www.instagram.com\\\/raed.academy\\\/\",\"https:\\\/\\\/www.youtube.com\\\/channel\\\/UCUYQwW2KrdirNWihxMDObwg\"]}]}<\/script>\n<!-- \/ Yoast SEO plugin. -->","yoast_head_json":{"title":"Historial d'activitats 2019 - Reial Acad\u00e8mia Europea de Doctors","robots":{"index":"index","follow":"follow","max-snippet":"max-snippet:-1","max-image-preview":"max-image-preview:large","max-video-preview":"max-video-preview:-1"},"canonical":"https:\/\/raed.academy\/ca\/activitats\/historial-2019\/","og_locale":"ca_ES","og_type":"article","og_title":"Historial d'activitats 2019 - Reial Acad\u00e8mia Europea de Doctors","og_description":"La RAED organitza i duu a terme una s\u00e8rie d'activitats concentrades en un mes i mig que van comptar amb la implicaci\u00f3 activa de nombrosos acad\u00e8mics. Recepci\u00f3 de quatre acad\u00e8mics corresponents (Stavroula-Ina Piperaki per a Gr\u00e8cia, Stephen Zeff i David B. Wilkins per als Estats Units i Llu\u00eds Vicent Safont per a Andorra) Taula rodona [&hellip;]","og_url":"https:\/\/raed.academy\/ca\/activitats\/historial-2019\/","og_site_name":"Reial Acad\u00e8mia Europea de Doctors","article_publisher":"http:\/\/fb.me\/raed.academy","article_modified_time":"2021-02-17T10:02:04+00:00","og_image":[{"url":"https:\/\/raed.academy\/wp-content\/uploads\/2018\/10\/logo-raed.png","type":"","width":"","height":""}],"twitter_card":"summary_large_image","twitter_site":"@raedacademy","twitter_misc":{"Est. reading time":"94 minutes"},"schema":{"@context":"https:\/\/schema.org","@graph":[{"@type":"WebPage","@id":"https:\/\/raed.academy\/ca\/activitats\/historial-2019\/","url":"https:\/\/raed.academy\/ca\/activitats\/historial-2019\/","name":"Historial d'activitats 2019 - Reial Acad\u00e8mia Europea de Doctors","isPartOf":{"@id":"https:\/\/raed.academy\/ca\/#website"},"primaryImageOfPage":{"@id":"https:\/\/raed.academy\/ca\/activitats\/historial-2019\/#primaryimage"},"image":{"@id":"https:\/\/raed.academy\/ca\/activitats\/historial-2019\/#primaryimage"},"thumbnailUrl":"https:\/\/raed.academy\/wp-content\/uploads\/2018\/10\/logo-raed.png","datePublished":"2019-01-14T09:27:26+00:00","dateModified":"2021-02-17T10:02:04+00:00","breadcrumb":{"@id":"https:\/\/raed.academy\/ca\/activitats\/historial-2019\/#breadcrumb"},"inLanguage":"ca-ES","potentialAction":[{"@type":"ReadAction","target":["https:\/\/raed.academy\/ca\/activitats\/historial-2019\/"]}]},{"@type":"ImageObject","inLanguage":"ca-ES","@id":"https:\/\/raed.academy\/ca\/activitats\/historial-2019\/#primaryimage","url":"https:\/\/raed.academy\/wp-content\/uploads\/2018\/10\/logo-raed.png","contentUrl":"https:\/\/raed.academy\/wp-content\/uploads\/2018\/10\/logo-raed.png"},{"@type":"BreadcrumbList","@id":"https:\/\/raed.academy\/ca\/activitats\/historial-2019\/#breadcrumb","itemListElement":[{"@type":"ListItem","position":1,"name":"Inicio","item":"https:\/\/raed.academy\/ca\/"},{"@type":"ListItem","position":2,"name":"Activitats","item":"https:\/\/raed.academy\/ca\/activitats\/"},{"@type":"ListItem","position":3,"name":"Historial d&#8217;activitats 2019"}]},{"@type":"WebSite","@id":"https:\/\/raed.academy\/ca\/#website","url":"https:\/\/raed.academy\/ca\/","name":"Reial Acad\u00e8mia Europea de Doctors","description":"Corporaci\u00f3n de derecho p\u00fablico de car\u00e1cter cient\u00edfico, t\u00e9cnico y art\u00edstico, que tiene por objeto la investigaci\u00f3n, el estudio, el fomento y la extensi\u00f3n del conocimiento en su sentido m\u00e1s amplio","publisher":{"@id":"https:\/\/raed.academy\/ca\/#organization"},"potentialAction":[{"@type":"SearchAction","target":{"@type":"EntryPoint","urlTemplate":"https:\/\/raed.academy\/ca\/?s={search_term_string}"},"query-input":{"@type":"PropertyValueSpecification","valueRequired":true,"valueName":"search_term_string"}}],"inLanguage":"ca-ES"},{"@type":"Organization","@id":"https:\/\/raed.academy\/ca\/#organization","name":"Real Academia Europea de Doctores","url":"https:\/\/raed.academy\/ca\/","logo":{"@type":"ImageObject","inLanguage":"ca-ES","@id":"https:\/\/raed.academy\/ca\/#\/schema\/logo\/image\/","url":"https:\/\/raed.academy\/wp-content\/uploads\/2017\/01\/cropped-logo_raed.png","contentUrl":"https:\/\/raed.academy\/wp-content\/uploads\/2017\/01\/cropped-logo_raed.png","width":512,"height":512,"caption":"Real Academia Europea de Doctores"},"image":{"@id":"https:\/\/raed.academy\/ca\/#\/schema\/logo\/image\/"},"sameAs":["http:\/\/fb.me\/raed.academy","https:\/\/x.com\/raedacademy","https:\/\/www.instagram.com\/raed.academy\/","https:\/\/www.youtube.com\/channel\/UCUYQwW2KrdirNWihxMDObwg"]}]}},"_links":{"self":[{"href":"https:\/\/raed.academy\/ca\/wp-json\/wp\/v2\/pages\/64409","targetHints":{"allow":["GET"]}}],"collection":[{"href":"https:\/\/raed.academy\/ca\/wp-json\/wp\/v2\/pages"}],"about":[{"href":"https:\/\/raed.academy\/ca\/wp-json\/wp\/v2\/types\/page"}],"author":[{"embeddable":true,"href":"https:\/\/raed.academy\/ca\/wp-json\/wp\/v2\/users\/16"}],"replies":[{"embeddable":true,"href":"https:\/\/raed.academy\/ca\/wp-json\/wp\/v2\/comments?post=64409"}],"version-history":[{"count":0,"href":"https:\/\/raed.academy\/ca\/wp-json\/wp\/v2\/pages\/64409\/revisions"}],"up":[{"embeddable":true,"href":"https:\/\/raed.academy\/ca\/wp-json\/wp\/v2\/pages\/34041"}],"wp:attachment":[{"href":"https:\/\/raed.academy\/ca\/wp-json\/wp\/v2\/media?parent=64409"}],"curies":[{"name":"wp","href":"https:\/\/api.w.org\/{rel}","templated":true}]}}