{"id":39954,"date":"2018-01-17T09:58:29","date_gmt":"2018-01-17T09:58:29","guid":{"rendered":"http:\/\/raed.academy\/?page_id=39954"},"modified":"2019-06-03T15:56:36","modified_gmt":"2019-06-03T15:56:36","slug":"historial-2016","status":"publish","type":"page","link":"https:\/\/raed.academy\/ca\/activitats\/historial-2016\/","title":{"rendered":"Historial d&#8217;activitats 2016"},"content":{"rendered":"<p>[et_pb_section fb_built=&#8221;1&#8243; module_id=&#8221;eventos-historial&#8221; _builder_version=&#8221;3.22.7&#8243; inner_width_tablet=&#8221;50px&#8221; inner_max_width_tablet=&#8221;50px&#8221; z_index_tablet=&#8221;500&#8243;][et_pb_row _builder_version=&#8221;3.22.3&#8243; background_size=&#8221;initial&#8221; background_position=&#8221;top_left&#8221; background_repeat=&#8221;repeat&#8221;][et_pb_column type=&#8221;4_4&#8243; _builder_version=&#8221;3.0.47&#8243;][et_pb_text admin_label=&#8221;Texto &#8211; T\u00edtulo&#8221; _builder_version=&#8221;3.22.7&#8243; z_index_tablet=&#8221;500&#8243;]<\/p>\n<h1>Historial d&#8217;activitats 2016<\/h1>\n<p>[\/et_pb_text][\/et_pb_column][\/et_pb_row][et_pb_row use_custom_gutter=&#8221;on&#8221; gutter_width=&#8221;1&#8243; make_equal=&#8221;on&#8221; module_class=&#8221; et_pb_row_fullwidth et_pb_row_fullwidth et_pb_row_fullwidth paginacion&#8221; _builder_version=&#8221;3.22.7&#8243; width=&#8221;100%&#8221; width_last_edited=&#8221;on|phone&#8221; max_width=&#8221;100%&#8221; max_width_tablet=&#8221;80%&#8221; max_width_last_edited=&#8221;on|desktop&#8221; module_alignment=&#8221;center&#8221; z_index_tablet=&#8221;500&#8243; make_fullwidth=&#8221;on&#8221;][et_pb_column type=&#8221;1_4&#8243; _builder_version=&#8221;3.0.47&#8243;][et_pb_code admin_label=&#8221;Paginaci\u00f3n 2015&#8243; module_id=&#8221;eventos&#8221; module_class=&#8221;pgAnterior&#8221; _builder_version=&#8221;3.22.7&#8243; text_orientation=&#8221;center&#8221; z_index_tablet=&#8221;500&#8243;]<a href=\"https:\/\/raed.academy\/ca\/historial-2015\/\"><i class=\"fas fa-chevron-left\"><\/i> ACTIVIDADES 2015<\/a>[\/et_pb_code][\/et_pb_column][et_pb_column type=&#8221;1_4&#8243; _builder_version=&#8221;3.0.47&#8243;][\/et_pb_column][et_pb_column type=&#8221;1_4&#8243; _builder_version=&#8221;3.0.47&#8243;][\/et_pb_column][et_pb_column type=&#8221;1_4&#8243; _builder_version=&#8221;3.0.47&#8243;][et_pb_code admin_label=&#8221;Paginaci\u00f3n 2017&#8243; module_class=&#8221;pgSiguiente&#8221; _builder_version=&#8221;3.22.7&#8243; text_orientation=&#8221;center&#8221; z_index_tablet=&#8221;500&#8243;]<a href=\"https:\/\/raed.academy\/ca\/historial-2017\/\"> ACTIVIDADES 2017 <i class=\"fas fa-chevron-right\"><\/i><\/a>[\/et_pb_code][\/et_pb_column][\/et_pb_row][et_pb_row use_custom_gutter=&#8221;on&#8221; gutter_width=&#8221;1&#8243; make_equal=&#8221;on&#8221; module_class=&#8221; et_pb_row_fullwidth et_pb_row_fullwidth et_pb_row_fullwidth paginacion&#8221; _builder_version=&#8221;3.22.4&#8243; width=&#8221;100%&#8221; width_tablet=&#8221;80%&#8221; width_last_edited=&#8221;on|desktop&#8221; max_width=&#8221;100%&#8221; max_width_tablet=&#8221;80%&#8221; max_width_last_edited=&#8221;on|desktop&#8221; module_alignment=&#8221;center&#8221; z_index_tablet=&#8221;500&#8243; make_fullwidth=&#8221;on&#8221;][et_pb_column type=&#8221;4_4&#8243; _builder_version=&#8221;3.0.47&#8243;][et_pb_divider color=&#8221;#6b5d38&#8243; divider_weight=&#8221;2&#8243; _builder_version=&#8221;3.22.4&#8243; z_index_tablet=&#8221;500&#8243;][\/et_pb_divider][\/et_pb_column][\/et_pb_row][et_pb_row _builder_version=&#8221;3.22.4&#8243;][et_pb_column type=&#8221;4_4&#8243; _builder_version=&#8221;3.0.47&#8243;][et_pb_text admin_label=&#8221;GENER\/2016&#8243; _builder_version=&#8221;3.22.7&#8243; z_index_tablet=&#8221;500&#8243;]<\/p>\n<h2>GENER 2016<\/h2>\n<p>[\/et_pb_text][\/et_pb_column][\/et_pb_row][et_pb_row use_custom_gutter=&#8221;on&#8221; gutter_width=&#8221;1&#8243; custom_padding=&#8221;||35px|&#8221; make_equal=&#8221;on&#8221; custom_padding_last_edited=&#8221;on|desktop&#8221; padding_right_2=&#8221;45px&#8221; padding_right_3=&#8221;20px&#8221; padding_bottom_1=&#8221;25px&#8221; padding_left_1=&#8221;20px&#8221; padding_2_tablet=&#8221;|20px||&#8221; padding_1_phone=&#8221;||25px|10px&#8221; padding_1_last_edited=&#8221;on|phone&#8221; padding_2_last_edited=&#8221;on|phone&#8221; padding_3_last_edited=&#8221;on|phone&#8221; module_id=&#8221;1601&#8243; module_class=&#8221;evento et_pb_row_fullwidth et_pb_row_fullwidth et_pb_row_fullwidth et_pb_row_fullwidth et_pb_row_fullwidth et_pb_row_fullwidth et_pb_row_fullwidth et_pb_row_fullwidth et_pb_row_fullwidth et_pb_row_fullwidth et_pb_row_fullwidth et_pb_row_fullwidth et_pb_row_fullwidth et_pb_row_fullwidth et_pb_row_fullwidth et_pb_row_fullwidth et_pb_row_fullwidth et_pb_row_fullwidth et_pb_row_fullwidth et_pb_row_fullwidth et_pb_row_fullwidth et_pb_row_fullwidth et_pb_row_fullwidth et_pb_row_fullwidth et_pb_row_fullwidth et_pb_row_fullwidth&#8221; _builder_version=&#8221;3.22.3&#8243; box_shadow_style=&#8221;preset3&#8243; box_shadow_horizontal=&#8221;10px&#8221; width=&#8221;100%&#8221; width_tablet=&#8221;100%&#8221; width_last_edited=&#8221;on|desktop&#8221; max_width=&#8221;100%&#8221; max_width_tablet=&#8221;100%&#8221; max_width_last_edited=&#8221;on|desktop&#8221; module_alignment=&#8221;center&#8221; z_index_tablet=&#8221;500&#8243; make_fullwidth=&#8221;on&#8221;][et_pb_column type=&#8221;1_5&#8243; _builder_version=&#8221;3.0.47&#8243;][et_pb_code admin_label=&#8221;fecha 12\/01&#8243; module_class=&#8221;fecha-evento&#8221; _builder_version=&#8221;3.22.7&#8243; z_index_tablet=&#8221;500&#8243;]Gen<!\u2013- [et_pb_br_holder] -\u2013><!-- [et_pb_line_break_holder] -->12[\/et_pb_code][\/et_pb_column][et_pb_column type=&#8221;3_5&#8243; _builder_version=&#8221;3.0.47&#8243;][et_pb_text admin_label=&#8221;Ingreso Salvador de Broc\u00e0 Tella&#8221; _builder_version=&#8221;3.22.7&#8243; z_index_tablet=&#8221;500&#8243;]<\/p>\n<h3><strong>Ingr\u00e9s com a Acad\u00e8mic Numerari: <a href=\"https:\/\/raed.academy\/ca\/academics\/dr-salvador-de-broca-tella\/\" target=\"_blank\" rel=\"noopener noreferrer\">Salvador de Broc\u00e0 Tella<\/a><\/strong><\/h3>\n<p>Discurs d&#8217;ingr\u00e9s: <a href=\"https:\/\/raed.academy\/wp-content\/uploads\/2016\/01\/72884_RAD_Broca_31Web.pdf\" target=\"_blank\" rel=\"noopener noreferrer\">Reflexi\u00f3 entorn el barroc<\/a> <br \/>Discurs de contestaci\u00f3: <a href=\"https:\/\/raed.academy\/ca\/academics\/dr-josep-gil-ribas\/\" target=\"_blank\" rel=\"noopener noreferrer\">Josep Gil Ribas<\/a><\/p>\n<p><strong>Data: 12.01.2016<\/strong><\/p>\n<p>[\/et_pb_text][\/et_pb_column][et_pb_column type=&#8221;1_5&#8243; _builder_version=&#8221;3.0.47&#8243;][et_pb_image src=&#8221;https:\/\/raed.academy\/wp-content\/uploads\/2017\/03\/Dr-Salvador-de-Broca-Tella-7.jpg&#8221; show_in_lightbox=&#8221;on&#8221; use_overlay=&#8221;on&#8221; overlay_icon_color=&#8221;#6b5d38&#8243; align=&#8221;center&#8221; force_fullwidth=&#8221;on&#8221; _builder_version=&#8221;3.22.7&#8243; border_radii=&#8221;on|4px|4px|4px|4px&#8221; box_shadow_style=&#8221;preset2&#8243; box_shadow_horizontal=&#8221;12px&#8221; box_shadow_vertical=&#8221;12px&#8221; module_alignment=&#8221;center&#8221; custom_margin=&#8221;10px|||&#8221; custom_margin_tablet=&#8221;25px|||&#8221; custom_margin_last_edited=&#8221;on|desktop&#8221; z_index_tablet=&#8221;500&#8243;][\/et_pb_image][\/et_pb_column][\/et_pb_row][et_pb_row use_custom_gutter=&#8221;on&#8221; gutter_width=&#8221;1&#8243; custom_padding=&#8221;||35px|&#8221; make_equal=&#8221;on&#8221; custom_padding_last_edited=&#8221;on|desktop&#8221; padding_right_2=&#8221;45px&#8221; padding_right_3=&#8221;20px&#8221; padding_bottom_1=&#8221;25px&#8221; padding_left_1=&#8221;20px&#8221; padding_2_tablet=&#8221;|20px||&#8221; padding_1_phone=&#8221;||25px|10px&#8221; padding_1_last_edited=&#8221;on|phone&#8221; padding_2_last_edited=&#8221;on|phone&#8221; padding_3_last_edited=&#8221;on|phone&#8221; module_id=&#8221;1601&#8243; module_class=&#8221;evento et_pb_row_fullwidth et_pb_row_fullwidth et_pb_row_fullwidth et_pb_row_fullwidth et_pb_row_fullwidth et_pb_row_fullwidth et_pb_row_fullwidth et_pb_row_fullwidth et_pb_row_fullwidth et_pb_row_fullwidth et_pb_row_fullwidth et_pb_row_fullwidth et_pb_row_fullwidth et_pb_row_fullwidth et_pb_row_fullwidth et_pb_row_fullwidth et_pb_row_fullwidth et_pb_row_fullwidth et_pb_row_fullwidth et_pb_row_fullwidth et_pb_row_fullwidth et_pb_row_fullwidth et_pb_row_fullwidth et_pb_row_fullwidth et_pb_row_fullwidth et_pb_row_fullwidth&#8221; _builder_version=&#8221;3.22.3&#8243; box_shadow_style=&#8221;preset3&#8243; box_shadow_horizontal=&#8221;10px&#8221; width=&#8221;100%&#8221; width_tablet=&#8221;100%&#8221; width_last_edited=&#8221;on|desktop&#8221; max_width=&#8221;100%&#8221; max_width_tablet=&#8221;100%&#8221; max_width_last_edited=&#8221;on|desktop&#8221; module_alignment=&#8221;center&#8221; z_index_tablet=&#8221;500&#8243; make_fullwidth=&#8221;on&#8221;][et_pb_column type=&#8221;1_5&#8243; _builder_version=&#8221;3.0.47&#8243;][et_pb_code admin_label=&#8221;fecha 28\/01&#8243; module_class=&#8221;fecha-evento&#8221; _builder_version=&#8221;3.22.7&#8243; z_index_tablet=&#8221;500&#8243;]Gen<!\u2013- [et_pb_br_holder] -\u2013><!-- [et_pb_line_break_holder] -->28[\/et_pb_code][\/et_pb_column][et_pb_column type=&#8221;3_5&#8243; _builder_version=&#8221;3.0.47&#8243;][et_pb_text admin_label=&#8221;Ingreso Josep Ignasi Saranyana Closa&#8221; _builder_version=&#8221;3.22.7&#8243; z_index_tablet=&#8221;500&#8243;]<\/p>\n<h3><strong>Ingr\u00e9s com a Acad\u00e8mic Numerari: <a href=\"https:\/\/raed.academy\/ca\/academics\/dr-josep-ignasi-saranyana-closa\/\" target=\"_blank\" rel=\"noopener noreferrer\">Josep Ignasi Saranyana i Closa<\/a><\/strong><\/h3>\n<p>Discurs d&#8217;ingr\u00e9s: <a href=\"https:\/\/raed.academy\/wp-content\/uploads\/2015\/06\/Llibre-web.pdf\" target=\"_blank\" rel=\"noopener noreferrer\">Filosofia i Teologia a Inserta Gl\u00f2ria. Joan Sales repensa mig segle de cultura catalana<\/a> <br \/>Discurs de contestaci\u00f3: <a href=\" https:\/\/raed.academy\/ca\/academics\/dr-francesc-torralba-rossello\" target=\"_blank\" rel=\"noopener noreferrer\">Francesc Torralba Rosell\u00f3<\/a><\/p>\n<p><strong>Data: 28. 01.2016<\/strong><\/p>\n<p>[\/et_pb_text][\/et_pb_column][et_pb_column type=&#8221;1_5&#8243; _builder_version=&#8221;3.0.47&#8243;][et_pb_image src=&#8221;https:\/\/raed.academy\/wp-content\/uploads\/2016\/09\/9725-089-300&#215;200.jpg&#8221; show_in_lightbox=&#8221;on&#8221; use_overlay=&#8221;on&#8221; overlay_icon_color=&#8221;#6b5d38&#8243; align=&#8221;center&#8221; force_fullwidth=&#8221;on&#8221; _builder_version=&#8221;3.22.7&#8243; border_radii=&#8221;on|4px|4px|4px|4px&#8221; box_shadow_style=&#8221;preset2&#8243; box_shadow_horizontal=&#8221;12px&#8221; box_shadow_vertical=&#8221;12px&#8221; module_alignment=&#8221;center&#8221; custom_margin=&#8221;10px|||&#8221; custom_margin_tablet=&#8221;25px|||&#8221; custom_margin_last_edited=&#8221;on|desktop&#8221; z_index_tablet=&#8221;500&#8243;][\/et_pb_image][\/et_pb_column][\/et_pb_row][et_pb_row _builder_version=&#8221;3.22.3&#8243; background_size=&#8221;initial&#8221; background_position=&#8221;top_left&#8221; background_repeat=&#8221;repeat&#8221;][et_pb_column type=&#8221;4_4&#8243; _builder_version=&#8221;3.0.47&#8243;][et_pb_text admin_label=&#8221;Febrer\/2016&#8243; _builder_version=&#8221;3.22.7&#8243; z_index_tablet=&#8221;500&#8243;]<\/p>\n<h2>FEBRER 2016<\/h2>\n<p>[\/et_pb_text][\/et_pb_column][\/et_pb_row][et_pb_row use_custom_gutter=&#8221;on&#8221; gutter_width=&#8221;1&#8243; custom_padding=&#8221;||35px|&#8221; make_equal=&#8221;on&#8221; custom_padding_last_edited=&#8221;on|desktop&#8221; padding_right_2=&#8221;45px&#8221; padding_right_3=&#8221;20px&#8221; padding_bottom_1=&#8221;25px&#8221; padding_left_1=&#8221;20px&#8221; padding_2_tablet=&#8221;|20px||&#8221; padding_1_phone=&#8221;||25px|10px&#8221; padding_1_last_edited=&#8221;on|phone&#8221; padding_2_last_edited=&#8221;on|phone&#8221; padding_3_last_edited=&#8221;on|phone&#8221; module_id=&#8221;1601&#8243; module_class=&#8221;evento et_pb_row_fullwidth et_pb_row_fullwidth et_pb_row_fullwidth et_pb_row_fullwidth et_pb_row_fullwidth et_pb_row_fullwidth et_pb_row_fullwidth et_pb_row_fullwidth et_pb_row_fullwidth et_pb_row_fullwidth et_pb_row_fullwidth et_pb_row_fullwidth et_pb_row_fullwidth et_pb_row_fullwidth et_pb_row_fullwidth et_pb_row_fullwidth et_pb_row_fullwidth et_pb_row_fullwidth et_pb_row_fullwidth et_pb_row_fullwidth et_pb_row_fullwidth et_pb_row_fullwidth et_pb_row_fullwidth et_pb_row_fullwidth et_pb_row_fullwidth et_pb_row_fullwidth&#8221; _builder_version=&#8221;3.22.3&#8243; box_shadow_style=&#8221;preset3&#8243; box_shadow_horizontal=&#8221;10px&#8221; width=&#8221;100%&#8221; width_tablet=&#8221;100%&#8221; width_last_edited=&#8221;on|desktop&#8221; max_width=&#8221;100%&#8221; max_width_tablet=&#8221;100%&#8221; max_width_last_edited=&#8221;on|desktop&#8221; module_alignment=&#8221;center&#8221; z_index_tablet=&#8221;500&#8243; make_fullwidth=&#8221;on&#8221;][et_pb_column type=&#8221;1_5&#8243; _builder_version=&#8221;3.0.47&#8243;][et_pb_code admin_label=&#8221;fecha 16\/02&#8243; module_class=&#8221;fecha-evento&#8221; _builder_version=&#8221;3.22.7&#8243; z_index_tablet=&#8221;500&#8243;]Feb<!\u2013- [et_pb_br_holder] -\u2013><!-- [et_pb_line_break_holder] -->16[\/et_pb_code][\/et_pb_column][et_pb_column type=&#8221;3_5&#8243; _builder_version=&#8221;3.0.47&#8243;][et_pb_text admin_label=&#8221;Ingreso Miguel \u00c1ngel Gallo Laguna de Rins&#8221; _builder_version=&#8221;3.22.7&#8243; z_index_tablet=&#8221;500&#8243;]<\/p>\n<h3><strong>Ingr\u00e9s com a Acad\u00e8mic Numerari: <a href=\"https:\/\/raed.academy\/ca\/academics\/miguel-angel-gallo-laguna-de-rins\/\" target=\"_blank\" rel=\"noopener noreferrer\">Miguel \u00c1ngel Gallo Laguna de Rins<\/a><\/strong><\/h3>\n<p>Discurs d&#8217;ingr\u00e9s: <a href=\"https:\/\/raed.academy\/wp-content\/uploads\/2016\/03\/73229_RAD-DRGallo_33Web.pdf\" target=\"_blank\" rel=\"noopener noreferrer\">Empresa Familiar: \u00bfSucesi\u00f3n? \u00bfConvivencia generacional?<\/a> <br \/>Discurs de contestaci\u00f3: <a href=\"https:\/\/raed.academy\/ca\/academics\/dr-pedro-claros-blanch\/\" target=\"_blank\" rel=\"noopener noreferrer\">Pedro Clar\u00f3s Blanch<\/a><\/p>\n<p><strong>Data: 16.02.2016<\/strong><\/p>\n<p>[\/et_pb_text][\/et_pb_column][et_pb_column type=&#8221;1_5&#8243; _builder_version=&#8221;3.0.47&#8243;][et_pb_image src=&#8221;https:\/\/raed.academy\/wp-content\/uploads\/2018\/01\/Miguel-Angel-Gallo-Laguna-de-Rins.jpg&#8221; show_in_lightbox=&#8221;on&#8221; use_overlay=&#8221;on&#8221; overlay_icon_color=&#8221;#6b5d38&#8243; align=&#8221;center&#8221; force_fullwidth=&#8221;on&#8221; _builder_version=&#8221;3.22.7&#8243; border_radii=&#8221;on|4px|4px|4px|4px&#8221; box_shadow_style=&#8221;preset2&#8243; box_shadow_horizontal=&#8221;12px&#8221; box_shadow_vertical=&#8221;12px&#8221; module_alignment=&#8221;center&#8221; custom_margin=&#8221;10px|||&#8221; custom_margin_tablet=&#8221;25px|||&#8221; custom_margin_last_edited=&#8221;on|desktop&#8221; z_index_tablet=&#8221;500&#8243;][\/et_pb_image][\/et_pb_column][\/et_pb_row][et_pb_row use_custom_gutter=&#8221;on&#8221; gutter_width=&#8221;1&#8243; custom_padding=&#8221;||35px|&#8221; make_equal=&#8221;on&#8221; custom_padding_last_edited=&#8221;on|desktop&#8221; padding_right_2=&#8221;45px&#8221; padding_right_3=&#8221;20px&#8221; padding_bottom_1=&#8221;25px&#8221; padding_left_1=&#8221;20px&#8221; padding_2_tablet=&#8221;|20px||&#8221; padding_1_phone=&#8221;||25px|10px&#8221; padding_1_last_edited=&#8221;on|phone&#8221; padding_2_last_edited=&#8221;on|phone&#8221; padding_3_last_edited=&#8221;on|phone&#8221; module_id=&#8221;1601&#8243; module_class=&#8221;evento et_pb_row_fullwidth et_pb_row_fullwidth et_pb_row_fullwidth et_pb_row_fullwidth et_pb_row_fullwidth et_pb_row_fullwidth et_pb_row_fullwidth et_pb_row_fullwidth et_pb_row_fullwidth et_pb_row_fullwidth et_pb_row_fullwidth et_pb_row_fullwidth et_pb_row_fullwidth et_pb_row_fullwidth et_pb_row_fullwidth et_pb_row_fullwidth et_pb_row_fullwidth et_pb_row_fullwidth et_pb_row_fullwidth et_pb_row_fullwidth et_pb_row_fullwidth et_pb_row_fullwidth et_pb_row_fullwidth et_pb_row_fullwidth et_pb_row_fullwidth et_pb_row_fullwidth&#8221; _builder_version=&#8221;3.22.3&#8243; box_shadow_style=&#8221;preset3&#8243; box_shadow_horizontal=&#8221;10px&#8221; width=&#8221;100%&#8221; width_tablet=&#8221;100%&#8221; width_last_edited=&#8221;on|desktop&#8221; max_width=&#8221;100%&#8221; max_width_tablet=&#8221;100%&#8221; max_width_last_edited=&#8221;on|desktop&#8221; module_alignment=&#8221;center&#8221; z_index_tablet=&#8221;500&#8243; make_fullwidth=&#8221;on&#8221;][et_pb_column type=&#8221;1_5&#8243; _builder_version=&#8221;3.0.47&#8243;][et_pb_code admin_label=&#8221;fecha 23\/02&#8243; module_class=&#8221;fecha-evento&#8221; _builder_version=&#8221;3.22.7&#8243; z_index_tablet=&#8221;500&#8243;]Feb<!\u2013- [et_pb_br_holder] -\u2013><!-- [et_pb_line_break_holder] -->23[\/et_pb_code][\/et_pb_column][et_pb_column type=&#8221;3_5&#8243; _builder_version=&#8221;3.0.47&#8243;][et_pb_text admin_label=&#8221;Ingreso Antoni Dur\u00e1n-Sindreu Buxad\u00e9&#8221; _builder_version=&#8221;3.22.7&#8243; z_index_tablet=&#8221;500&#8243;]<\/p>\n<h3><strong>Ingr\u00e9s com a Acad\u00e8mic Numerari: <a href=\"https:\/\/raed.academy\/ca\/academics\/dr-antoni-duran-sindreu-buxade\/\" target=\"_blank\" rel=\"noopener noreferrer\">Antoni Dur\u00e1n-Sindreu Buxad\u00e9<\/a><\/strong><\/h3>\n<p>Discurs d&#8217;ingr\u00e9s: <a href=\"https:\/\/raed.academy\/wp-content\/uploads\/2016\/03\/RAEDDuranSindreu34_Web.pdf\" target=\"_blank\" rel=\"noopener noreferrer\">Reflexiones y alternativas en torno a un modelo fiscal agotado<\/a> <br \/>Discurs de contestaci\u00f3: <a href=\"https:\/\/raed.academy\/ca\/academics\/dr-joan-francesc-pont-clemente\/\" target=\"_blank\" rel=\"noopener noreferrer\">Joan-Francesc Pont Clemente<\/a><\/p>\n<p><strong>Data: 23.02.2016<\/strong><\/p>\n<p>[\/et_pb_text][\/et_pb_column][et_pb_column type=&#8221;1_5&#8243; _builder_version=&#8221;3.0.47&#8243;][et_pb_image src=&#8221;https:\/\/raed.academy\/wp-content\/uploads\/2018\/02\/acto-ingreso-Antoni-Duran-Sindreu-Buxade-2.jpg&#8221; show_in_lightbox=&#8221;on&#8221; use_overlay=&#8221;on&#8221; overlay_icon_color=&#8221;#6b5d38&#8243; align=&#8221;center&#8221; force_fullwidth=&#8221;on&#8221; _builder_version=&#8221;3.22.7&#8243; border_radii=&#8221;on|4px|4px|4px|4px&#8221; box_shadow_style=&#8221;preset2&#8243; box_shadow_horizontal=&#8221;12px&#8221; box_shadow_vertical=&#8221;12px&#8221; module_alignment=&#8221;center&#8221; custom_margin=&#8221;10px|||&#8221; custom_margin_tablet=&#8221;25px|||&#8221; custom_margin_last_edited=&#8221;on|desktop&#8221; z_index_tablet=&#8221;500&#8243;][\/et_pb_image][\/et_pb_column][\/et_pb_row][et_pb_row use_custom_gutter=&#8221;on&#8221; gutter_width=&#8221;1&#8243; custom_padding=&#8221;||35px|&#8221; make_equal=&#8221;on&#8221; custom_padding_last_edited=&#8221;on|desktop&#8221; padding_right_2=&#8221;45px&#8221; padding_right_3=&#8221;20px&#8221; padding_bottom_1=&#8221;25px&#8221; padding_left_1=&#8221;20px&#8221; padding_2_tablet=&#8221;|20px||&#8221; padding_1_phone=&#8221;||25px|10px&#8221; padding_1_last_edited=&#8221;on|phone&#8221; padding_2_last_edited=&#8221;on|phone&#8221; padding_3_last_edited=&#8221;on|phone&#8221; module_id=&#8221;1601&#8243; module_class=&#8221;evento et_pb_row_fullwidth et_pb_row_fullwidth et_pb_row_fullwidth et_pb_row_fullwidth et_pb_row_fullwidth et_pb_row_fullwidth et_pb_row_fullwidth et_pb_row_fullwidth et_pb_row_fullwidth et_pb_row_fullwidth et_pb_row_fullwidth et_pb_row_fullwidth et_pb_row_fullwidth et_pb_row_fullwidth et_pb_row_fullwidth et_pb_row_fullwidth et_pb_row_fullwidth et_pb_row_fullwidth et_pb_row_fullwidth et_pb_row_fullwidth et_pb_row_fullwidth et_pb_row_fullwidth et_pb_row_fullwidth et_pb_row_fullwidth et_pb_row_fullwidth et_pb_row_fullwidth&#8221; _builder_version=&#8221;3.22.3&#8243; box_shadow_style=&#8221;preset3&#8243; box_shadow_horizontal=&#8221;10px&#8221; width=&#8221;100%&#8221; width_tablet=&#8221;100%&#8221; width_last_edited=&#8221;on|desktop&#8221; max_width=&#8221;100%&#8221; max_width_tablet=&#8221;100%&#8221; max_width_last_edited=&#8221;on|desktop&#8221; module_alignment=&#8221;center&#8221; z_index_tablet=&#8221;500&#8243; make_fullwidth=&#8221;on&#8221;][et_pb_column type=&#8221;1_5&#8243; _builder_version=&#8221;3.0.47&#8243;][et_pb_code admin_label=&#8221;fecha 25\/02&#8243; module_class=&#8221;fecha-evento&#8221; _builder_version=&#8221;3.22.7&#8243; z_index_tablet=&#8221;500&#8243;]Feb<!\u2013- [et_pb_br_holder] -\u2013><!-- [et_pb_line_break_holder] -->25[\/et_pb_code][\/et_pb_column][et_pb_column type=&#8221;3_5&#8243; _builder_version=&#8221;3.0.47&#8243;][et_pb_text admin_label=&#8221;Ingreso Antonio Pulido Guti\u00e9rrez&#8221; _builder_version=&#8221;3.22.7&#8243; z_index_tablet=&#8221;500&#8243;]<\/p>\n<h3><strong>Ingr\u00e9s com a Acad\u00e8mic Numerari: <a href=\"https:\/\/raed.academy\/ca\/academics\/dr-antonio-pulido-gutierrez\/\" target=\"_blank\" rel=\"noopener noreferrer\">Antonio Pulido Guti\u00e9rrez<\/a><\/strong><\/h3>\n<p>Discurs d&#8217;ingr\u00e9s: <a href=\"https:\/\/raed.academy\/wp-content\/uploads\/2015\/06\/RAED-Pulido_35_Web-antonio-pulido.pdf\" target=\"_blank\" rel=\"noopener noreferrer\">La figura del emprendedor y el concepto del emprendimiento<\/a><\/p>\n<p>Discurs de contestaci\u00f3: <a href=\"https:\/\/raed.academy\/ca\/academics\/dr-jose-daniel-barquero-cabrero\/\" target=\"_blank\" rel=\"noopener noreferrer\">Jos\u00e9 Daniel Barquero Cabrero<\/a><\/p>\n<p><strong>Data: 25.02.2016<\/strong><\/p>\n<p>[\/et_pb_text][\/et_pb_column][et_pb_column type=&#8221;1_5&#8243; _builder_version=&#8221;3.0.47&#8243;][et_pb_image src=&#8221;https:\/\/raed.academy\/wp-content\/uploads\/2016\/03\/9734-034.jpg&#8221; show_in_lightbox=&#8221;on&#8221; use_overlay=&#8221;on&#8221; overlay_icon_color=&#8221;#6b5d38&#8243; align=&#8221;center&#8221; force_fullwidth=&#8221;on&#8221; _builder_version=&#8221;3.22.7&#8243; border_radii=&#8221;on|4px|4px|4px|4px&#8221; box_shadow_style=&#8221;preset2&#8243; box_shadow_horizontal=&#8221;12px&#8221; box_shadow_vertical=&#8221;12px&#8221; module_alignment=&#8221;center&#8221; custom_margin=&#8221;10px|||&#8221; custom_margin_tablet=&#8221;25px|||&#8221; custom_margin_last_edited=&#8221;on|desktop&#8221; z_index_tablet=&#8221;500&#8243;][\/et_pb_image][\/et_pb_column][\/et_pb_row][et_pb_row _builder_version=&#8221;3.22.3&#8243; background_size=&#8221;initial&#8221; background_position=&#8221;top_left&#8221; background_repeat=&#8221;repeat&#8221;][et_pb_column type=&#8221;4_4&#8243; _builder_version=&#8221;3.0.47&#8243;][et_pb_text admin_label=&#8221;Mar\u00e7\/2016&#8243; _builder_version=&#8221;3.22.7&#8243; z_index_tablet=&#8221;500&#8243;]<\/p>\n<h2>MAR\u00c7 2016<\/h2>\n<p>[\/et_pb_text][\/et_pb_column][\/et_pb_row][et_pb_row use_custom_gutter=&#8221;on&#8221; gutter_width=&#8221;1&#8243; custom_padding=&#8221;||35px|&#8221; make_equal=&#8221;on&#8221; custom_padding_last_edited=&#8221;on|desktop&#8221; padding_right_2=&#8221;45px&#8221; padding_right_3=&#8221;20px&#8221; padding_bottom_1=&#8221;25px&#8221; padding_2_tablet=&#8221;|20px||&#8221; padding_1_last_edited=&#8221;off|phone&#8221; padding_2_last_edited=&#8221;on|desktop&#8221; padding_3_last_edited=&#8221;on|phone&#8221; module_id=&#8221;1001&#8243; module_class=&#8221;evento et_pb_row_fullwidth et_pb_row_fullwidth et_pb_row_fullwidth&#8221; _builder_version=&#8221;3.22.4&#8243; box_shadow_style=&#8221;preset3&#8243; box_shadow_horizontal=&#8221;10px&#8221; width=&#8221;100%&#8221; width_tablet=&#8221;100%&#8221; width_last_edited=&#8221;on|desktop&#8221; max_width=&#8221;100%&#8221; max_width_tablet=&#8221;100%&#8221; max_width_last_edited=&#8221;on|desktop&#8221; module_alignment=&#8221;center&#8221; z_index_tablet=&#8221;500&#8243; make_fullwidth=&#8221;on&#8221;][et_pb_column type=&#8221;1_5&#8243; _builder_version=&#8221;3.0.47&#8243;][et_pb_code admin_label=&#8221;fecha 08\/03&#8243; module_class=&#8221;fecha-evento&#8221; _builder_version=&#8221;3.22.7&#8243; z_index_tablet=&#8221;500&#8243;]Mar<!\u2013- [et_pb_br_holder] -\u2013><!-- [et_pb_line_break_holder] -->8[\/et_pb_code][\/et_pb_column][et_pb_column type=&#8221;3_5&#8243; _builder_version=&#8221;3.0.47&#8243;][et_pb_text admin_label=&#8221;Sesi\u00f3n Acad\u00e9mica de la Secci\u00f3n de Ciencias de la Salud&#8221; _builder_version=&#8221;3.22.7&#8243; z_index_tablet=&#8221;500&#8243;]<\/p>\n<p><strong><br \/>Sessi\u00f3 Acad\u00e8mica de la Secci\u00f3 de Ci\u00e8ncies de la Salut<\/strong> <br \/>Unitats canines en odorol\u00f2gia. Aplicacions actuals i noves perspectives <br \/>Presentaci\u00f3: <a href=\"https:\/\/raed.academy\/ca\/academics\/dra-maria-dels-angels-calvo-torras\/\" target=\"_blank\" rel=\"noopener noreferrer\">M. dels \u00c0ngels Calvo Torras<\/a> <br \/>Ponent: Lluis Pons Anglada<\/p>\n<p><strong>Data: 08.03.2016<\/strong><\/p>\n<p>[\/et_pb_text][\/et_pb_column][et_pb_column type=&#8221;1_5&#8243; _builder_version=&#8221;3.0.47&#8243;][et_pb_image show_in_lightbox=&#8221;on&#8221; use_overlay=&#8221;on&#8221; overlay_icon_color=&#8221;#6b5d38&#8243; align=&#8221;center&#8221; force_fullwidth=&#8221;on&#8221; _builder_version=&#8221;3.22.7&#8243; border_radii=&#8221;on|4px|4px|4px|4px&#8221; box_shadow_style=&#8221;preset2&#8243; box_shadow_horizontal=&#8221;12px&#8221; box_shadow_vertical=&#8221;12px&#8221; module_alignment=&#8221;center&#8221; custom_margin=&#8221;10px|||&#8221; custom_margin_tablet=&#8221;25px|||&#8221; custom_margin_last_edited=&#8221;on|desktop&#8221; z_index_tablet=&#8221;500&#8243;][\/et_pb_image][\/et_pb_column][\/et_pb_row][et_pb_row use_custom_gutter=&#8221;on&#8221; gutter_width=&#8221;1&#8243; custom_padding=&#8221;||35px|&#8221; make_equal=&#8221;on&#8221; custom_padding_last_edited=&#8221;on|desktop&#8221; padding_right_2=&#8221;45px&#8221; padding_right_3=&#8221;20px&#8221; padding_bottom_1=&#8221;25px&#8221; padding_left_1=&#8221;20px&#8221; padding_2_tablet=&#8221;|20px||&#8221; padding_1_phone=&#8221;||25px|10px&#8221; padding_1_last_edited=&#8221;on|phone&#8221; padding_2_last_edited=&#8221;on|phone&#8221; padding_3_last_edited=&#8221;on|phone&#8221; module_id=&#8221;1601&#8243; module_class=&#8221;evento et_pb_row_fullwidth et_pb_row_fullwidth et_pb_row_fullwidth et_pb_row_fullwidth et_pb_row_fullwidth et_pb_row_fullwidth et_pb_row_fullwidth et_pb_row_fullwidth et_pb_row_fullwidth et_pb_row_fullwidth et_pb_row_fullwidth et_pb_row_fullwidth et_pb_row_fullwidth et_pb_row_fullwidth et_pb_row_fullwidth et_pb_row_fullwidth et_pb_row_fullwidth et_pb_row_fullwidth et_pb_row_fullwidth et_pb_row_fullwidth et_pb_row_fullwidth et_pb_row_fullwidth et_pb_row_fullwidth et_pb_row_fullwidth et_pb_row_fullwidth et_pb_row_fullwidth&#8221; _builder_version=&#8221;3.22.3&#8243; box_shadow_style=&#8221;preset3&#8243; box_shadow_horizontal=&#8221;10px&#8221; width=&#8221;100%&#8221; width_tablet=&#8221;100%&#8221; width_last_edited=&#8221;on|desktop&#8221; max_width=&#8221;100%&#8221; max_width_tablet=&#8221;100%&#8221; max_width_last_edited=&#8221;on|desktop&#8221; module_alignment=&#8221;center&#8221; z_index_tablet=&#8221;500&#8243; make_fullwidth=&#8221;on&#8221;][et_pb_column type=&#8221;1_5&#8243; _builder_version=&#8221;3.0.47&#8243;][et_pb_code admin_label=&#8221;fecha 15\/03&#8243; module_class=&#8221;fecha-evento&#8221; _builder_version=&#8221;3.22.7&#8243; z_index_tablet=&#8221;500&#8243;]Mar<!\u2013- [et_pb_br_holder] -\u2013><!-- [et_pb_line_break_holder] -->15[\/et_pb_code][\/et_pb_column][et_pb_column type=&#8221;3_5&#8243; _builder_version=&#8221;3.0.47&#8243;][et_pb_text admin_label=&#8221;Ingreso Juan Carlos Garc\u00eda-Valdecasas Salgado&#8221; _builder_version=&#8221;3.22.7&#8243; z_index_tablet=&#8221;500&#8243;]<\/p>\n<p><strong>Ingr\u00e9s com a Acad\u00e8mic Numerari: <a href=\"https:\/\/raed.academy\/ca\/academics\/dr-juan-carlos-garcia-valdecasas-salgado\/\" target=\"_blank\" rel=\"noopener noreferrer\">Juan Carlos Garc\u00eda-Valdecasas Salgado<\/a><\/strong><\/p>\n<p>Discurs d&#8217;ingr\u00e9s: <a href=\"https:\/\/raed.academy\/wp-content\/uploads\/2015\/06\/LibroValdecasas_36_Web.pdf\" target=\"_blank\" rel=\"noopener noreferrer\">La cirug\u00eda digestiva del Siglo XXI<\/a> <br \/>Discurs de contestaci\u00f3: <a href=\"https:\/\/raed.academy\/ca\/academics\/dr-xabier-anoveros-trias-de-bes\/\" target=\"_blank\" rel=\"noopener noreferrer\">Xabier A\u00f1overos Trias de Bes<\/a><\/p>\n<p><strong>Data: 15.03.2016<\/strong><\/p>\n<p>[\/et_pb_text][\/et_pb_column][et_pb_column type=&#8221;1_5&#8243; _builder_version=&#8221;3.0.47&#8243;][et_pb_image src=&#8221;https:\/\/raed.academy\/wp-content\/uploads\/2018\/02\/acto-ingreso-Juan-Carlos-Garcia-Valdecasas-4.jpg&#8221; show_in_lightbox=&#8221;on&#8221; use_overlay=&#8221;on&#8221; overlay_icon_color=&#8221;#6b5d38&#8243; align=&#8221;center&#8221; force_fullwidth=&#8221;on&#8221; _builder_version=&#8221;3.22.7&#8243; border_radii=&#8221;on|4px|4px|4px|4px&#8221; box_shadow_style=&#8221;preset2&#8243; box_shadow_horizontal=&#8221;12px&#8221; box_shadow_vertical=&#8221;12px&#8221; module_alignment=&#8221;center&#8221; custom_margin=&#8221;10px|||&#8221; custom_margin_tablet=&#8221;25px|||&#8221; custom_margin_last_edited=&#8221;on|desktop&#8221; z_index_tablet=&#8221;500&#8243;][\/et_pb_image][\/et_pb_column][\/et_pb_row][et_pb_row use_custom_gutter=&#8221;on&#8221; gutter_width=&#8221;1&#8243; custom_padding=&#8221;||35px|&#8221; make_equal=&#8221;on&#8221; custom_padding_last_edited=&#8221;on|desktop&#8221; padding_right_2=&#8221;45px&#8221; padding_right_3=&#8221;20px&#8221; padding_bottom_1=&#8221;25px&#8221; padding_left_1=&#8221;20px&#8221; padding_2_tablet=&#8221;|20px||&#8221; padding_1_phone=&#8221;||25px|10px&#8221; padding_1_last_edited=&#8221;on|phone&#8221; padding_2_last_edited=&#8221;on|phone&#8221; padding_3_last_edited=&#8221;on|phone&#8221; module_id=&#8221;1601&#8243; module_class=&#8221;evento et_pb_row_fullwidth et_pb_row_fullwidth et_pb_row_fullwidth et_pb_row_fullwidth et_pb_row_fullwidth et_pb_row_fullwidth et_pb_row_fullwidth et_pb_row_fullwidth et_pb_row_fullwidth et_pb_row_fullwidth et_pb_row_fullwidth et_pb_row_fullwidth et_pb_row_fullwidth et_pb_row_fullwidth et_pb_row_fullwidth et_pb_row_fullwidth et_pb_row_fullwidth et_pb_row_fullwidth et_pb_row_fullwidth et_pb_row_fullwidth et_pb_row_fullwidth et_pb_row_fullwidth et_pb_row_fullwidth et_pb_row_fullwidth et_pb_row_fullwidth et_pb_row_fullwidth&#8221; _builder_version=&#8221;3.22.3&#8243; box_shadow_style=&#8221;preset3&#8243; box_shadow_horizontal=&#8221;10px&#8221; width=&#8221;100%&#8221; width_tablet=&#8221;100%&#8221; width_last_edited=&#8221;on|desktop&#8221; max_width=&#8221;100%&#8221; max_width_tablet=&#8221;100%&#8221; max_width_last_edited=&#8221;on|desktop&#8221; module_alignment=&#8221;center&#8221; z_index_tablet=&#8221;500&#8243; make_fullwidth=&#8221;on&#8221;][et_pb_column type=&#8221;1_5&#8243; _builder_version=&#8221;3.0.47&#8243;][et_pb_code admin_label=&#8221;fecha 31\/03&#8243; module_class=&#8221;fecha-evento&#8221; _builder_version=&#8221;3.22.7&#8243; z_index_tablet=&#8221;500&#8243;]Mar<!\u2013- [et_pb_br_holder] -\u2013><!-- [et_pb_line_break_holder] -->31[\/et_pb_code][\/et_pb_column][et_pb_column type=&#8221;3_5&#8243; _builder_version=&#8221;3.0.47&#8243;][et_pb_text admin_label=&#8221;Ingreso Alfonso Hern\u00e1ndez-Moreno&#8221; _builder_version=&#8221;3.22.7&#8243; z_index_tablet=&#8221;500&#8243;]<\/p>\n<h3><strong>Ingr\u00e9s com a Acad\u00e8mic Numerari: <a href=\"https:\/\/raed.academy\/ca\/academics\/dr-alfonso-hernandez-moreno\/\" target=\"_blank\" rel=\"noopener noreferrer\">Alfonso Hern\u00e1ndez-Moreno<\/a><\/strong><\/h3>\n<p>Discurs d&#8217;ingr\u00e9s: <a href=\"https:\/\/raed.academy\/wp-content\/uploads\/2015\/06\/discurso-hernandez-moreno.pdf\" target=\"_blank\" rel=\"noopener noreferrer\">Derecho civil, persona y democracia<\/a> <br \/>Discurs de contestaci\u00f3: <a href=\"https:\/\/raed.academy\/ca\/academics\/dr-joan-francesc-pont-clemente\/\" target=\"_blank\" rel=\"noopener noreferrer\">Joan-Francesc Pont Clemente<\/a><\/p>\n<p><strong>Data: 31.03.2016<\/strong><\/p>\n<p>[\/et_pb_text][\/et_pb_column][et_pb_column type=&#8221;1_5&#8243; _builder_version=&#8221;3.0.47&#8243;][et_pb_image src=&#8221;https:\/\/raed.academy\/wp-content\/uploads\/2016\/04\/Alfonso-Hernandez-Moreno.jpg&#8221; show_in_lightbox=&#8221;on&#8221; use_overlay=&#8221;on&#8221; overlay_icon_color=&#8221;#6b5d38&#8243; align=&#8221;center&#8221; force_fullwidth=&#8221;on&#8221; _builder_version=&#8221;3.22.7&#8243; border_radii=&#8221;on|4px|4px|4px|4px&#8221; box_shadow_style=&#8221;preset2&#8243; box_shadow_horizontal=&#8221;12px&#8221; box_shadow_vertical=&#8221;12px&#8221; module_alignment=&#8221;center&#8221; custom_margin=&#8221;10px|||&#8221; custom_margin_tablet=&#8221;25px|||&#8221; custom_margin_last_edited=&#8221;on|desktop&#8221; z_index_tablet=&#8221;500&#8243;][\/et_pb_image][\/et_pb_column][\/et_pb_row][et_pb_row _builder_version=&#8221;3.22.3&#8243;][et_pb_column type=&#8221;4_4&#8243; _builder_version=&#8221;3.0.47&#8243;][et_pb_text admin_label=&#8221;Texto &#8211; ABRIL 2016&#8243; _builder_version=&#8221;3.22.7&#8243; z_index_tablet=&#8221;500&#8243;]<\/p>\n<h2>ABRIL 2016<\/h2>\n<p>[\/et_pb_text][\/et_pb_column][\/et_pb_row][et_pb_row use_custom_gutter=&#8221;on&#8221; gutter_width=&#8221;1&#8243; custom_padding=&#8221;||35px|&#8221; make_equal=&#8221;on&#8221; custom_padding_last_edited=&#8221;on|desktop&#8221; padding_right_2=&#8221;45px&#8221; padding_right_3=&#8221;20px&#8221; padding_bottom_1=&#8221;25px&#8221; padding_2_tablet=&#8221;|20px||&#8221; padding_1_last_edited=&#8221;off|phone&#8221; padding_2_last_edited=&#8221;on|desktop&#8221; padding_3_last_edited=&#8221;on|phone&#8221; module_id=&#8221;1001&#8243; module_class=&#8221;evento et_pb_row_fullwidth et_pb_row_fullwidth et_pb_row_fullwidth&#8221; _builder_version=&#8221;3.22.4&#8243; box_shadow_style=&#8221;preset3&#8243; box_shadow_horizontal=&#8221;10px&#8221; width=&#8221;100%&#8221; width_tablet=&#8221;100%&#8221; width_last_edited=&#8221;on|desktop&#8221; max_width=&#8221;100%&#8221; max_width_tablet=&#8221;100%&#8221; max_width_last_edited=&#8221;on|desktop&#8221; module_alignment=&#8221;center&#8221; z_index_tablet=&#8221;500&#8243; make_fullwidth=&#8221;on&#8221;][et_pb_column type=&#8221;1_5&#8243; _builder_version=&#8221;3.0.47&#8243;][et_pb_code admin_label=&#8221;fecha 06\/04&#8243; module_class=&#8221;fecha-evento&#8221; _builder_version=&#8221;3.22.7&#8243; z_index_tablet=&#8221;500&#8243;]Abr<!\u2013- [et_pb_br_holder] -\u2013><!-- [et_pb_line_break_holder] -->6[\/et_pb_code][\/et_pb_column][et_pb_column type=&#8221;3_5&#8243; _builder_version=&#8221;3.0.47&#8243;][et_pb_text admin_label=&#8221;La odisea de la voz&#8221; _builder_version=&#8221;3.22.7&#8243; z_index_tablet=&#8221;500&#8243;]<\/p>\n<p><strong>Sessi\u00f3 Acad\u00e8mica de la Secci\u00f3 de Ci\u00e8ncies de la Salut<\/strong><\/p>\n<p>L\u00b4odissea de la veu. La veu y l\u00b4\u00f2pera des del punt de vista m\u00e8dic-art\u00edstic <br \/>Presentaci\u00f3: <a href=\"https:\/\/raed.academy\/ca\/academics\/dra-maria-dels-angels-calvo-torras\/\" target=\"_blank\" rel=\"noopener noreferrer\">M. dels \u00c0ngels Calvo Torras<\/a><\/p>\n<p>Ponents:<\/p>\n<ul>\n<li><a href=\"https:\/\/raed.academy\/ca\/academics\/dr-pedro-claros-blanch\/\" target=\"_blank\" rel=\"noopener noreferrer\">Pedro Clar\u00f3s Blanch<\/a><\/li>\n<li>Marcel Gorgori<\/li>\n<\/ul>\n<p><strong>Data: 06.04.2016<\/strong><\/p>\n<p>[\/et_pb_text][\/et_pb_column][et_pb_column type=&#8221;1_5&#8243; _builder_version=&#8221;3.0.47&#8243;][et_pb_image show_in_lightbox=&#8221;on&#8221; use_overlay=&#8221;on&#8221; overlay_icon_color=&#8221;#6b5d38&#8243; align=&#8221;center&#8221; force_fullwidth=&#8221;on&#8221; _builder_version=&#8221;3.22.7&#8243; border_radii=&#8221;on|4px|4px|4px|4px&#8221; box_shadow_style=&#8221;preset2&#8243; box_shadow_horizontal=&#8221;12px&#8221; box_shadow_vertical=&#8221;12px&#8221; module_alignment=&#8221;center&#8221; custom_margin=&#8221;10px|||&#8221; custom_margin_tablet=&#8221;25px|||&#8221; custom_margin_last_edited=&#8221;on|desktop&#8221; z_index_tablet=&#8221;500&#8243;][\/et_pb_image][\/et_pb_column][\/et_pb_row][et_pb_row use_custom_gutter=&#8221;on&#8221; gutter_width=&#8221;1&#8243; custom_padding=&#8221;||35px|&#8221; make_equal=&#8221;on&#8221; custom_padding_last_edited=&#8221;on|desktop&#8221; padding_right_2=&#8221;45px&#8221; padding_right_3=&#8221;20px&#8221; padding_bottom_1=&#8221;25px&#8221; padding_2_tablet=&#8221;|20px||&#8221; padding_1_last_edited=&#8221;off|phone&#8221; padding_2_last_edited=&#8221;on|desktop&#8221; padding_3_last_edited=&#8221;on|phone&#8221; module_id=&#8221;1001&#8243; module_class=&#8221;evento et_pb_row_fullwidth et_pb_row_fullwidth et_pb_row_fullwidth&#8221; _builder_version=&#8221;3.22.4&#8243; box_shadow_style=&#8221;preset3&#8243; box_shadow_horizontal=&#8221;10px&#8221; width=&#8221;100%&#8221; width_tablet=&#8221;100%&#8221; width_last_edited=&#8221;on|desktop&#8221; max_width=&#8221;100%&#8221; max_width_tablet=&#8221;100%&#8221; max_width_last_edited=&#8221;on|desktop&#8221; module_alignment=&#8221;center&#8221; z_index_tablet=&#8221;500&#8243; make_fullwidth=&#8221;on&#8221;][et_pb_column type=&#8221;1_5&#8243; _builder_version=&#8221;3.0.47&#8243;][et_pb_code admin_label=&#8221;fecha 21\/04&#8243; module_class=&#8221;fecha-evento&#8221; _builder_version=&#8221;3.22.7&#8243; z_index_tablet=&#8221;500&#8243;]Abr<!\u2013- [et_pb_br_holder] -\u2013><!-- [et_pb_line_break_holder] -->21[\/et_pb_code][\/et_pb_column][et_pb_column type=&#8221;3_5&#8243; _builder_version=&#8221;3.0.47&#8243;][et_pb_text admin_label=&#8221;La bioeconomia&#8221; _builder_version=&#8221;3.22.7&#8243; z_index_tablet=&#8221;500&#8243;]<\/p>\n<p><strong>Sessi\u00f3 Acad\u00e8mica de la Secci\u00f3 de Ci\u00e8ncies de la Salut<\/strong><\/p>\n<p>La bioeconomia, nou paradigma de la ci\u00e8ncia. <br \/>Presentaci\u00f3: <a href=\"https:\/\/raed.academy\/ca\/academics\/dr-joan-francesc-pont-clemente\/\" target=\"_blank\" rel=\"noopener noreferrer\">Dr. Joan-Francesc Pont<\/a> i <a href=\"https:\/\/raed.academy\/ca\/academics\/dra-maria-dels-angels-calvo-torras\/\" target=\"_blank\" rel=\"noopener noreferrer\">Dra. M. dels \u00c0ngels Calvo<\/a><\/p>\n<p>Ponents:<\/p>\n<ul>\n<li>La Econom\u00eda ecol\u00f3gica: para una econom\u00eda que haga las paces con el planeta: <a href=\"https:\/\/raed.academy\/ca\/academics\/sr-jordi-roca-fontane\/\" target=\"_blank\" rel=\"noopener noreferrer\">Dr. Jordi Roca.<\/a><\/li>\n<li>Capital natural versus desarrollo sostenible: Sr. Miquel Ventura.<\/li>\n<\/ul>\n<p><strong>Data: 21.04.2016<\/strong><\/p>\n<p>[\/et_pb_text][\/et_pb_column][et_pb_column type=&#8221;1_5&#8243; _builder_version=&#8221;3.0.47&#8243;][et_pb_image show_in_lightbox=&#8221;on&#8221; use_overlay=&#8221;on&#8221; overlay_icon_color=&#8221;#6b5d38&#8243; align=&#8221;center&#8221; force_fullwidth=&#8221;on&#8221; _builder_version=&#8221;3.22.7&#8243; border_radii=&#8221;on|4px|4px|4px|4px&#8221; box_shadow_style=&#8221;preset2&#8243; box_shadow_horizontal=&#8221;12px&#8221; box_shadow_vertical=&#8221;12px&#8221; module_alignment=&#8221;center&#8221; custom_margin=&#8221;10px|||&#8221; custom_margin_tablet=&#8221;25px|||&#8221; custom_margin_last_edited=&#8221;on|desktop&#8221; z_index_tablet=&#8221;500&#8243;][\/et_pb_image][\/et_pb_column][\/et_pb_row][et_pb_row use_custom_gutter=&#8221;on&#8221; gutter_width=&#8221;1&#8243; custom_padding=&#8221;||35px|&#8221; make_equal=&#8221;on&#8221; custom_padding_last_edited=&#8221;on|desktop&#8221; padding_right_2=&#8221;45px&#8221; padding_right_3=&#8221;20px&#8221; padding_bottom_1=&#8221;25px&#8221; padding_2_tablet=&#8221;|20px||&#8221; padding_1_last_edited=&#8221;off|phone&#8221; padding_2_last_edited=&#8221;on|desktop&#8221; padding_3_last_edited=&#8221;on|phone&#8221; module_id=&#8221;1001&#8243; module_class=&#8221;evento et_pb_row_fullwidth et_pb_row_fullwidth et_pb_row_fullwidth&#8221; _builder_version=&#8221;3.22.4&#8243; box_shadow_style=&#8221;preset3&#8243; box_shadow_horizontal=&#8221;10px&#8221; width=&#8221;100%&#8221; width_tablet=&#8221;100%&#8221; width_last_edited=&#8221;on|desktop&#8221; max_width=&#8221;100%&#8221; max_width_tablet=&#8221;100%&#8221; max_width_last_edited=&#8221;on|desktop&#8221; module_alignment=&#8221;center&#8221; z_index_tablet=&#8221;500&#8243; make_fullwidth=&#8221;on&#8221;][et_pb_column type=&#8221;1_5&#8243; _builder_version=&#8221;3.0.47&#8243;][et_pb_code admin_label=&#8221;fecha 26\/04&#8243; module_class=&#8221;fecha-evento&#8221; _builder_version=&#8221;3.22.7&#8243; z_index_tablet=&#8221;500&#8243;]Abr<!\u2013- [et_pb_br_holder] -\u2013><!-- [et_pb_line_break_holder] -->26[\/et_pb_code][\/et_pb_column][et_pb_column type=&#8221;3_5&#8243; _builder_version=&#8221;3.0.47&#8243;][et_pb_text admin_label=&#8221;Accidente nuclear de Chern\u00f3bil&#8221; _builder_version=&#8221;3.22.7&#8243; z_index_tablet=&#8221;500&#8243;]<\/p>\n<p><strong>Sessi\u00f3 Acad\u00e8mica multidisciplinaria<\/strong> Accident nuclear de Txern\u00f2bil: una visi\u00f3 30 anys despr\u00e9s. Ponents:<\/p>\n<ul>\n<li>Los efectos sobre la salud inmediata 30 a\u00f1os despu\u00e9s: <a href=\"https:\/\/raed.academy\/ca\/academics\/dr-albert-biete-sola\/\" target=\"_blank\" rel=\"noopener noreferrer\">Albert Biete Sol\u00e0<\/a>.<\/li>\n<li>Los efectos sobre el medio animal y microbiana: <a href=\"https:\/\/raed.academy\/ca\/academics\/dra-maria-dels-angels-calvo-torras\/\" target=\"_blank\" rel=\"noopener noreferrer\">M. dels Angels Calvo Torras<\/a>.<\/li>\n<li>La repuesta gubernamental y la repercusi\u00f3n econ\u00f3mica: <a href=\"https:\/\/raed.academy\/ca\/academics\/dr-oriol-amat-salas\/\" target=\"_blank\" rel=\"noopener noreferrer\">Oriol Amat Salas<\/a>.<\/li>\n<li>La visi\u00f3n del ingeniero en el accidente y actuaciones reparativas posteriores: <a href=\"https:\/\/raed.academy\/ca\/academics\/dr-joan-olive-zaforteza\/\" target=\"_blank\" rel=\"noopener noreferrer\">Joan Oliv\u00e9 Zaforteza<\/a>.<\/li>\n<li>Chern\u00f3bil y Fukushima: La construcci\u00f3n diferencial medi\u00e1tica de una misma realidad: <a href=\"https:\/\/raed.academy\/ca\/academics\/dra-rosmarie-cammany-dorr\/\" target=\"_blank\" rel=\"noopener noreferrer\">Rosmarie Cammany Dorr<\/a>.<\/li>\n<\/ul>\n<p><strong>Data: 26.04.2016<\/strong><\/p>\n<p>[\/et_pb_text][\/et_pb_column][et_pb_column type=&#8221;1_5&#8243; _builder_version=&#8221;3.0.47&#8243;][et_pb_image show_in_lightbox=&#8221;on&#8221; use_overlay=&#8221;on&#8221; overlay_icon_color=&#8221;#6b5d38&#8243; align=&#8221;center&#8221; force_fullwidth=&#8221;on&#8221; _builder_version=&#8221;3.22.7&#8243; border_radii=&#8221;on|4px|4px|4px|4px&#8221; box_shadow_style=&#8221;preset2&#8243; box_shadow_horizontal=&#8221;12px&#8221; box_shadow_vertical=&#8221;12px&#8221; module_alignment=&#8221;center&#8221; custom_margin=&#8221;10px|||&#8221; custom_margin_tablet=&#8221;25px|||&#8221; custom_margin_last_edited=&#8221;on|desktop&#8221; z_index_tablet=&#8221;500&#8243;][\/et_pb_image][\/et_pb_column][\/et_pb_row][et_pb_row _builder_version=&#8221;3.22.3&#8243;][et_pb_column type=&#8221;4_4&#8243; _builder_version=&#8221;3.0.47&#8243;][et_pb_text admin_label=&#8221;Texto &#8211; MAIG 2016&#8243; _builder_version=&#8221;3.22.7&#8243; z_index_tablet=&#8221;500&#8243;]<\/p>\n<h2>MAIG 2016<\/h2>\n<p>[\/et_pb_text][\/et_pb_column][\/et_pb_row][et_pb_row use_custom_gutter=&#8221;on&#8221; gutter_width=&#8221;1&#8243; custom_padding=&#8221;||35px|&#8221; make_equal=&#8221;on&#8221; custom_padding_last_edited=&#8221;on|desktop&#8221; padding_right_2=&#8221;45px&#8221; padding_right_3=&#8221;20px&#8221; padding_bottom_1=&#8221;25px&#8221; padding_left_1=&#8221;20px&#8221; padding_2_tablet=&#8221;|20px||&#8221; padding_1_phone=&#8221;||25px|10px&#8221; padding_1_last_edited=&#8221;on|phone&#8221; padding_2_last_edited=&#8221;on|phone&#8221; padding_3_last_edited=&#8221;on|phone&#8221; module_id=&#8221;1601&#8243; module_class=&#8221;evento et_pb_row_fullwidth et_pb_row_fullwidth et_pb_row_fullwidth et_pb_row_fullwidth et_pb_row_fullwidth et_pb_row_fullwidth et_pb_row_fullwidth et_pb_row_fullwidth et_pb_row_fullwidth et_pb_row_fullwidth et_pb_row_fullwidth et_pb_row_fullwidth et_pb_row_fullwidth et_pb_row_fullwidth et_pb_row_fullwidth et_pb_row_fullwidth et_pb_row_fullwidth et_pb_row_fullwidth et_pb_row_fullwidth et_pb_row_fullwidth et_pb_row_fullwidth et_pb_row_fullwidth et_pb_row_fullwidth et_pb_row_fullwidth et_pb_row_fullwidth et_pb_row_fullwidth&#8221; _builder_version=&#8221;3.22.3&#8243; box_shadow_style=&#8221;preset3&#8243; box_shadow_horizontal=&#8221;10px&#8221; width=&#8221;100%&#8221; width_tablet=&#8221;100%&#8221; width_last_edited=&#8221;on|desktop&#8221; max_width=&#8221;100%&#8221; max_width_tablet=&#8221;100%&#8221; max_width_last_edited=&#8221;on|desktop&#8221; module_alignment=&#8221;center&#8221; z_index_tablet=&#8221;500&#8243; make_fullwidth=&#8221;on&#8221;][et_pb_column type=&#8221;1_5&#8243; _builder_version=&#8221;3.0.47&#8243;][et_pb_code admin_label=&#8221;fecha 17\/05&#8243; module_class=&#8221;fecha-evento&#8221; _builder_version=&#8221;3.22.7&#8243; z_index_tablet=&#8221;500&#8243;]Mai<!\u2013- [et_pb_br_holder] -\u2013><!-- [et_pb_line_break_holder] -->17[\/et_pb_code][\/et_pb_column][et_pb_column type=&#8221;3_5&#8243; _builder_version=&#8221;3.0.47&#8243;][et_pb_text admin_label=&#8221;Ingreso Francisco Javier Tapia Garc\u00eda&#8221; _builder_version=&#8221;3.22.7&#8243; z_index_tablet=&#8221;500&#8243;]<\/p>\n<h3><strong>Ingr\u00e9s com a Acad\u00e8mic Numerari: <a href=\"https:\/\/raed.academy\/ca\/francisco-javier-tapia-garcia-2\/\" target=\"_blank\" rel=\"noopener noreferrer\">Francisco Javier Tapia Garc\u00eda<\/a><\/strong><\/h3>\n<p>Discurs d&#8217;ingr\u00e9s: <a href=\"https:\/\/raed.academy\/wp-content\/uploads\/2016\/05\/74524_LibroTapia_38Web-1.pdf\" target=\"_blank\" rel=\"noopener noreferrer\">Entendiendo a Beethoven<\/a> <br \/>Discurs de contestaci\u00f3: <a href=\"https:\/\/raed.academy\/ca\/academics\/dr-pedro-claros-blanch\/\" target=\"_blank\" rel=\"noopener noreferrer\">Pedro Clar\u00f3s Blanch<\/a><\/p>\n<p><strong>Data: 17.05.2016<\/strong><\/p>\n<p>[\/et_pb_text][\/et_pb_column][et_pb_column type=&#8221;1_5&#8243; _builder_version=&#8221;3.0.47&#8243;][et_pb_image src=&#8221;https:\/\/raed.academy\/wp-content\/uploads\/2016\/05\/9761-029-1.jpg&#8221; show_in_lightbox=&#8221;on&#8221; use_overlay=&#8221;on&#8221; overlay_icon_color=&#8221;#6b5d38&#8243; align=&#8221;center&#8221; force_fullwidth=&#8221;on&#8221; _builder_version=&#8221;3.22.7&#8243; border_radii=&#8221;on|4px|4px|4px|4px&#8221; box_shadow_style=&#8221;preset2&#8243; box_shadow_horizontal=&#8221;12px&#8221; box_shadow_vertical=&#8221;12px&#8221; module_alignment=&#8221;center&#8221; custom_margin=&#8221;10px|||&#8221; custom_margin_tablet=&#8221;25px|||&#8221; custom_margin_last_edited=&#8221;on|desktop&#8221; z_index_tablet=&#8221;500&#8243;][\/et_pb_image][\/et_pb_column][\/et_pb_row][et_pb_row use_custom_gutter=&#8221;on&#8221; gutter_width=&#8221;1&#8243; custom_padding=&#8221;||35px|&#8221; make_equal=&#8221;on&#8221; custom_padding_last_edited=&#8221;on|desktop&#8221; padding_right_2=&#8221;45px&#8221; padding_right_3=&#8221;20px&#8221; padding_bottom_1=&#8221;25px&#8221; padding_2_tablet=&#8221;|20px||&#8221; padding_1_last_edited=&#8221;off|phone&#8221; padding_2_last_edited=&#8221;on|desktop&#8221; padding_3_last_edited=&#8221;on|phone&#8221; module_id=&#8221;1001&#8243; module_class=&#8221;evento et_pb_row_fullwidth et_pb_row_fullwidth et_pb_row_fullwidth&#8221; _builder_version=&#8221;3.22.4&#8243; box_shadow_style=&#8221;preset3&#8243; box_shadow_horizontal=&#8221;10px&#8221; width=&#8221;100%&#8221; width_tablet=&#8221;100%&#8221; width_last_edited=&#8221;on|desktop&#8221; max_width=&#8221;100%&#8221; max_width_tablet=&#8221;100%&#8221; max_width_last_edited=&#8221;on|desktop&#8221; module_alignment=&#8221;center&#8221; z_index_tablet=&#8221;500&#8243; make_fullwidth=&#8221;on&#8221;][et_pb_column type=&#8221;1_5&#8243; _builder_version=&#8221;3.0.47&#8243;][et_pb_code admin_label=&#8221;fecha 26\/05&#8243; module_class=&#8221;fecha-evento&#8221; _builder_version=&#8221;3.22.7&#8243; z_index_tablet=&#8221;500&#8243;]Mai<!\u2013- [et_pb_br_holder] -\u2013><!-- [et_pb_line_break_holder] -->26[\/et_pb_code][\/et_pb_column][et_pb_column type=&#8221;3_5&#8243; _builder_version=&#8221;3.0.47&#8243;][et_pb_text admin_label=&#8221;Sesi\u00f3n Acad\u00e9mica de la Secci\u00f3n de Ciencias Humanas&#8221; _builder_version=&#8221;3.22.7&#8243; z_index_tablet=&#8221;500&#8243;]<\/p>\n<p><strong>Sessi\u00f3 Acad\u00e8mica de la Secci\u00f3 de Ci\u00e8ncies Humanes<\/strong><\/p>\n<p>Ramon Llull (Palma, 1232 \u2013 Tunis, 1316) <br \/>Presentaci\u00f3: <a href=\"https:\/\/raed.academy\/ca\/academics\/dr-josep-gil-ribas\/\" target=\"_blank\" rel=\"noopener noreferrer\">Dr. Josep Gil Ribas<\/a><\/p>\n<p>Ponents:<\/p>\n<ul>\n<li>La vida de Ramon Llull: Dr. Jordi Gay\u00e0<\/li>\n<li>El arte luliano: Dr. Alenxander Fidora<\/li>\n<li>El pensamiento de Ramon Llull: Dr. Joan Andreu Alcina<\/li>\n<\/ul>\n<p><strong>Data: 26.05.2016<\/strong><\/p>\n<p>[\/et_pb_text][\/et_pb_column][et_pb_column type=&#8221;1_5&#8243; _builder_version=&#8221;3.0.47&#8243;][et_pb_image show_in_lightbox=&#8221;on&#8221; use_overlay=&#8221;on&#8221; overlay_icon_color=&#8221;#6b5d38&#8243; align=&#8221;center&#8221; force_fullwidth=&#8221;on&#8221; _builder_version=&#8221;3.22.7&#8243; border_radii=&#8221;on|4px|4px|4px|4px&#8221; box_shadow_style=&#8221;preset2&#8243; box_shadow_horizontal=&#8221;12px&#8221; box_shadow_vertical=&#8221;12px&#8221; module_alignment=&#8221;center&#8221; custom_margin=&#8221;10px|||&#8221; custom_margin_tablet=&#8221;25px|||&#8221; custom_margin_last_edited=&#8221;on|desktop&#8221; z_index_tablet=&#8221;500&#8243;][\/et_pb_image][\/et_pb_column][\/et_pb_row][et_pb_row _builder_version=&#8221;3.22.3&#8243;][et_pb_column type=&#8221;4_4&#8243; _builder_version=&#8221;3.0.47&#8243;][et_pb_text admin_label=&#8221;Texto &#8211; JUNY 2016&#8243; _builder_version=&#8221;3.22.7&#8243; z_index_tablet=&#8221;500&#8243;]<\/p>\n<h2>JUNY 2016<\/h2>\n<p>[\/et_pb_text][\/et_pb_column][\/et_pb_row][et_pb_row use_custom_gutter=&#8221;on&#8221; gutter_width=&#8221;1&#8243; custom_padding=&#8221;||35px|&#8221; make_equal=&#8221;on&#8221; custom_padding_last_edited=&#8221;on|desktop&#8221; padding_right_2=&#8221;45px&#8221; padding_right_3=&#8221;20px&#8221; padding_bottom_1=&#8221;25px&#8221; padding_left_1=&#8221;20px&#8221; padding_2_tablet=&#8221;|20px||&#8221; padding_1_phone=&#8221;||25px|10px&#8221; padding_1_last_edited=&#8221;on|phone&#8221; padding_2_last_edited=&#8221;on|phone&#8221; padding_3_last_edited=&#8221;on|phone&#8221; module_id=&#8221;1601&#8243; module_class=&#8221;evento et_pb_row_fullwidth et_pb_row_fullwidth et_pb_row_fullwidth et_pb_row_fullwidth et_pb_row_fullwidth et_pb_row_fullwidth et_pb_row_fullwidth et_pb_row_fullwidth et_pb_row_fullwidth et_pb_row_fullwidth et_pb_row_fullwidth et_pb_row_fullwidth et_pb_row_fullwidth et_pb_row_fullwidth et_pb_row_fullwidth et_pb_row_fullwidth et_pb_row_fullwidth et_pb_row_fullwidth et_pb_row_fullwidth et_pb_row_fullwidth et_pb_row_fullwidth et_pb_row_fullwidth et_pb_row_fullwidth et_pb_row_fullwidth et_pb_row_fullwidth et_pb_row_fullwidth&#8221; _builder_version=&#8221;3.22.3&#8243; box_shadow_style=&#8221;preset3&#8243; box_shadow_horizontal=&#8221;10px&#8221; width=&#8221;100%&#8221; width_tablet=&#8221;100%&#8221; width_last_edited=&#8221;on|desktop&#8221; max_width=&#8221;100%&#8221; max_width_tablet=&#8221;100%&#8221; max_width_last_edited=&#8221;on|desktop&#8221; module_alignment=&#8221;center&#8221; z_index_tablet=&#8221;500&#8243; make_fullwidth=&#8221;on&#8221;][et_pb_column type=&#8221;1_5&#8243; _builder_version=&#8221;3.0.47&#8243;][et_pb_code admin_label=&#8221;fecha 2\/06&#8243; module_class=&#8221;fecha-evento&#8221; _builder_version=&#8221;3.22.7&#8243; z_index_tablet=&#8221;500&#8243;]Jun<!\u2013- [et_pb_br_holder] -\u2013><!-- [et_pb_line_break_holder] -->2[\/et_pb_code][\/et_pb_column][et_pb_column type=&#8221;3_5&#8243; _builder_version=&#8221;3.0.47&#8243;][et_pb_text admin_label=&#8221;Ingreso Ramon Cugat Bertomeu&#8221; _builder_version=&#8221;3.22.7&#8243; z_index_tablet=&#8221;500&#8243;]<\/p>\n<h3><strong>Ingr\u00e9s com a Acad\u00e8mic Numerari: <a href=\"https:\/\/raed.academy\/ca\/academics\/dr-ramon-cugat-bertomeu\/\" target=\"_blank\" rel=\"noopener noreferrer\">Ramon Cugat Bertomeu<\/a><\/strong><\/h3>\n<p>Discurs d&#8217;ingr\u00e9s: <a href=\"https:\/\/raed.academy\/wp-content\/uploads\/2016\/06\/RAED_Cugat_39WEBOK.pdf\" target=\"_blank\" rel=\"noopener noreferrer\">F\u00fatbol y lesiones de los meniscos<\/a> <br \/>Discurs de contestaci\u00f3: <a href=\"https:\/\/raed.academy\/ca\/academics\/dr-pedro-claros-blanch\/\" target=\"_blank\" rel=\"noopener noreferrer\">Pedro Clar\u00f3s Blanch<\/a><\/p>\n<p><strong>Data: 02.06.2016<\/strong><\/p>\n<p>[\/et_pb_text][\/et_pb_column][et_pb_column type=&#8221;1_5&#8243; _builder_version=&#8221;3.0.47&#8243;][et_pb_image src=&#8221;https:\/\/raed.academy\/wp-content\/uploads\/2018\/02\/acto-ingreso-Dr-Ramon-Cugat-Bartomeu-2.jpg&#8221; show_in_lightbox=&#8221;on&#8221; use_overlay=&#8221;on&#8221; overlay_icon_color=&#8221;#6b5d38&#8243; align=&#8221;center&#8221; force_fullwidth=&#8221;on&#8221; _builder_version=&#8221;3.22.7&#8243; border_radii=&#8221;on|4px|4px|4px|4px&#8221; box_shadow_style=&#8221;preset2&#8243; box_shadow_horizontal=&#8221;12px&#8221; box_shadow_vertical=&#8221;12px&#8221; module_alignment=&#8221;center&#8221; custom_margin=&#8221;10px|||&#8221; custom_margin_tablet=&#8221;25px|||&#8221; custom_margin_last_edited=&#8221;on|desktop&#8221; z_index_tablet=&#8221;500&#8243;][\/et_pb_image][\/et_pb_column][\/et_pb_row][et_pb_row use_custom_gutter=&#8221;on&#8221; gutter_width=&#8221;1&#8243; custom_padding=&#8221;||35px|&#8221; make_equal=&#8221;on&#8221; custom_padding_last_edited=&#8221;on|desktop&#8221; padding_right_2=&#8221;45px&#8221; padding_right_3=&#8221;20px&#8221; padding_bottom_1=&#8221;25px&#8221; padding_left_1=&#8221;20px&#8221; padding_2_tablet=&#8221;|20px||&#8221; padding_1_phone=&#8221;||25px|10px&#8221; padding_1_last_edited=&#8221;on|phone&#8221; padding_2_last_edited=&#8221;on|phone&#8221; padding_3_last_edited=&#8221;on|phone&#8221; module_id=&#8221;1601&#8243; module_class=&#8221;evento et_pb_row_fullwidth et_pb_row_fullwidth et_pb_row_fullwidth et_pb_row_fullwidth et_pb_row_fullwidth et_pb_row_fullwidth et_pb_row_fullwidth et_pb_row_fullwidth et_pb_row_fullwidth et_pb_row_fullwidth et_pb_row_fullwidth et_pb_row_fullwidth et_pb_row_fullwidth et_pb_row_fullwidth et_pb_row_fullwidth et_pb_row_fullwidth et_pb_row_fullwidth et_pb_row_fullwidth et_pb_row_fullwidth et_pb_row_fullwidth et_pb_row_fullwidth et_pb_row_fullwidth et_pb_row_fullwidth et_pb_row_fullwidth et_pb_row_fullwidth et_pb_row_fullwidth&#8221; _builder_version=&#8221;3.22.3&#8243; box_shadow_style=&#8221;preset3&#8243; box_shadow_horizontal=&#8221;10px&#8221; width=&#8221;100%&#8221; width_tablet=&#8221;100%&#8221; width_last_edited=&#8221;on|desktop&#8221; max_width=&#8221;100%&#8221; max_width_tablet=&#8221;100%&#8221; max_width_last_edited=&#8221;on|desktop&#8221; module_alignment=&#8221;center&#8221; z_index_tablet=&#8221;500&#8243; make_fullwidth=&#8221;on&#8221;][et_pb_column type=&#8221;1_5&#8243; _builder_version=&#8221;3.0.47&#8243;][et_pb_code admin_label=&#8221;fecha 8\/06&#8243; module_class=&#8221;fecha-evento&#8221; _builder_version=&#8221;3.22.7&#8243; z_index_tablet=&#8221;500&#8243;]Jun<!\u2013- [et_pb_br_holder] -\u2013><!-- [et_pb_line_break_holder] -->8[\/et_pb_code][\/et_pb_column][et_pb_column type=&#8221;3_5&#8243; _builder_version=&#8221;3.0.47&#8243;][et_pb_text admin_label=&#8221;Ingreso como Acad\u00e9micos de Honor&#8221; _builder_version=&#8221;3.22.7&#8243; z_index_tablet=&#8221;500&#8243;]<\/p>\n<p><strong>Ingr\u00e9s com a Acad\u00e8mics d\u00b4 Honor<\/strong><\/p>\n<p>Solemne sessi\u00f3 oficial de recepci\u00f3 com Acad\u00e8mics d\u00b4Honor de les seg\u00fcents personalitats:<\/p>\n<ul>\n<li><a href=\"https:\/\/raed.academy\/ca\/academics\/rosalia-arteaga-2\/\" target=\"_blank\" rel=\"noopener noreferrer\">Excma. Sra. Dra. Rosal\u00eda Arteaga<\/a>, Dra. en Jurisprud\u00e8ncia y en antropologia i expresident Constitucional de l\u00b4 Equador.<\/li>\n<li><a href=\"https:\/\/raed.academy\/ca\/academics\/leslie-griffith\/\" target=\"_blank\" rel=\"noopener noreferrer\">Excma. Sra. Dra. Leslie C. Griffith<\/a>, Dra. en biologia, Universitat de Stanford. Benjamin and Mae Volen National Center.<\/li>\n<li><a href=\"https:\/\/raed.academy\/ca\/academics\/ernesto-kahan\/\" target=\"_blank\" rel=\"noopener noreferrer\">Excm. Sr. Dr. Ernesto Kahan<\/a>, Dr. en Medicina, premio Albert Schweitzer, 1991. M\u00e9dicos contra la Guerra Nuclear (Premi Nobel de la Pau, 1985).<\/li>\n<li><a href=\"https:\/\/raed.academy\/ca\/academics\/eric-maskin\/\" target=\"_blank\" rel=\"noopener noreferrer\">Excm. Sr. Dr. Eric Maskin<\/a>, Dr. en Matem\u00e0tiques Aplicades a la Universitat de Harvard, Professor de Ci\u00e8ncies Socials a la Universitat de Princeton, Premi Nobel de Economia 2007.<\/li>\n<\/ul>\n<p><strong>Data: 08.06.2016<\/strong><\/p>\n<p>[\/et_pb_text][\/et_pb_column][et_pb_column type=&#8221;1_5&#8243; _builder_version=&#8221;3.0.47&#8243;][et_pb_gallery gallery_ids=&#8221;7000,7020,7042,46047&#8243; posts_number=&#8221;1&#8243; _builder_version=&#8221;3.22.7&#8243; z_index_tablet=&#8221;500&#8243;][\/et_pb_gallery][\/et_pb_column][\/et_pb_row][et_pb_row use_custom_gutter=&#8221;on&#8221; gutter_width=&#8221;1&#8243; custom_padding=&#8221;||35px|&#8221; make_equal=&#8221;on&#8221; custom_padding_last_edited=&#8221;on|desktop&#8221; padding_right_2=&#8221;45px&#8221; padding_right_3=&#8221;20px&#8221; padding_bottom_1=&#8221;25px&#8221; padding_2_tablet=&#8221;|20px||&#8221; padding_1_last_edited=&#8221;off|phone&#8221; padding_2_last_edited=&#8221;on|desktop&#8221; padding_3_last_edited=&#8221;on|phone&#8221; module_id=&#8221;1001&#8243; module_class=&#8221;evento et_pb_row_fullwidth et_pb_row_fullwidth et_pb_row_fullwidth&#8221; _builder_version=&#8221;3.22.4&#8243; box_shadow_style=&#8221;preset3&#8243; box_shadow_horizontal=&#8221;10px&#8221; width=&#8221;100%&#8221; width_tablet=&#8221;100%&#8221; width_last_edited=&#8221;on|desktop&#8221; max_width=&#8221;100%&#8221; max_width_tablet=&#8221;100%&#8221; max_width_last_edited=&#8221;on|desktop&#8221; module_alignment=&#8221;center&#8221; z_index_tablet=&#8221;500&#8243; make_fullwidth=&#8221;on&#8221;][et_pb_column type=&#8221;1_5&#8243; _builder_version=&#8221;3.0.47&#8243;][et_pb_code admin_label=&#8221;fecha 9\/06&#8243; module_class=&#8221;fecha-evento&#8221; _builder_version=&#8221;3.22.7&#8243; z_index_tablet=&#8221;500&#8243;]Jun<!\u2013- [et_pb_br_holder] -\u2013><!-- [et_pb_line_break_holder] -->9[\/et_pb_code][\/et_pb_column][et_pb_column type=&#8221;3_5&#8243; _builder_version=&#8221;3.0.47&#8243;][et_pb_text admin_label=&#8221;Consolatio&#8221; _builder_version=&#8221;3.22.7&#8243; z_index_tablet=&#8221;500&#8243;]<\/p>\n<p><strong>Consolatio<\/strong><\/p>\n<p>Per els seg\u00fcents Doctors defallits: Intervencions diversos Acad\u00e8mics de la Reial Academia Europea de Doctores in memoriam:<\/p>\n<ul>\n<li>Paulino Castells Cuixart (05.01.2015)<\/li>\n<li>Josep Maria Bosch Aymerich (17.02.2015)<\/li>\n<li>Felip Albert Cid (22.05.2015)<\/li>\n<li>Albert Serratosa Palet (21.09.2015)<\/li>\n<li>Andr\u00e9s Clar\u00f3s Dom\u00e9nech (25.07.2015)<\/li>\n<li>Albert Casellas Condom (28.11.2015)<\/li>\n<li>Miquel Duran Pastor (10.04.2016)<\/li>\n<\/ul>\n<p><strong>Data: 09.06.2016<\/strong><\/p>\n<p>[\/et_pb_text][\/et_pb_column][et_pb_column type=&#8221;1_5&#8243; _builder_version=&#8221;3.0.47&#8243;][et_pb_image show_in_lightbox=&#8221;on&#8221; use_overlay=&#8221;on&#8221; overlay_icon_color=&#8221;#6b5d38&#8243; align=&#8221;center&#8221; force_fullwidth=&#8221;on&#8221; _builder_version=&#8221;3.22.7&#8243; border_radii=&#8221;on|4px|4px|4px|4px&#8221; box_shadow_style=&#8221;preset2&#8243; box_shadow_horizontal=&#8221;12px&#8221; box_shadow_vertical=&#8221;12px&#8221; module_alignment=&#8221;center&#8221; custom_margin=&#8221;10px|||&#8221; custom_margin_tablet=&#8221;25px|||&#8221; custom_margin_last_edited=&#8221;on|desktop&#8221; z_index_tablet=&#8221;500&#8243;][\/et_pb_image][\/et_pb_column][\/et_pb_row][et_pb_row use_custom_gutter=&#8221;on&#8221; gutter_width=&#8221;1&#8243; custom_padding=&#8221;||35px|&#8221; make_equal=&#8221;on&#8221; custom_padding_last_edited=&#8221;on|desktop&#8221; padding_right_2=&#8221;45px&#8221; padding_right_3=&#8221;20px&#8221; padding_bottom_1=&#8221;25px&#8221; padding_2_tablet=&#8221;|20px||&#8221; padding_1_last_edited=&#8221;off|phone&#8221; padding_2_last_edited=&#8221;on|desktop&#8221; padding_3_last_edited=&#8221;on|phone&#8221; module_id=&#8221;1001&#8243; module_class=&#8221;evento et_pb_row_fullwidth et_pb_row_fullwidth et_pb_row_fullwidth&#8221; _builder_version=&#8221;3.22.4&#8243; box_shadow_style=&#8221;preset3&#8243; box_shadow_horizontal=&#8221;10px&#8221; width=&#8221;100%&#8221; width_tablet=&#8221;100%&#8221; width_last_edited=&#8221;on|desktop&#8221; max_width=&#8221;100%&#8221; max_width_tablet=&#8221;100%&#8221; max_width_last_edited=&#8221;on|desktop&#8221; module_alignment=&#8221;center&#8221; z_index_tablet=&#8221;500&#8243; make_fullwidth=&#8221;on&#8221;][et_pb_column type=&#8221;1_5&#8243; _builder_version=&#8221;3.0.47&#8243;][et_pb_code admin_label=&#8221;fecha 16\/06&#8243; module_class=&#8221;fecha-evento&#8221; _builder_version=&#8221;3.22.7&#8243; z_index_tablet=&#8221;500&#8243;]Jun<!\u2013- [et_pb_br_holder] -\u2013><!-- [et_pb_line_break_holder] -->16[\/et_pb_code][\/et_pb_column][et_pb_column type=&#8221;3_5&#8243; _builder_version=&#8221;3.0.47&#8243;][et_pb_text admin_label=&#8221;Medicamentos, genes y efectos terap\u00e9uticos&#8221; _builder_version=&#8221;3.22.7&#8243; z_index_tablet=&#8221;500&#8243;]<\/p>\n<p><strong>Sessi\u00f3 Acad\u00e8mica de la Secci\u00f3 de Ci\u00e8ncies de la Salut<\/strong><\/p>\n<p>Medicaments, genes y efectes terap\u00e8utics. <br \/>Presentaci\u00f3: <a href=\"https:\/\/raed.academy\/ca\/academics\/dra-maria-dels-angels-calvo-torras\/\" target=\"_blank\" rel=\"noopener noreferrer\">Dra. M. dels \u00c0ngels Calvo<\/a> <br \/>Ponent: Joan Sabater Tobella<\/p>\n<p><strong>Data: 16.06.2016<\/strong><\/p>\n<p>[\/et_pb_text][\/et_pb_column][et_pb_column type=&#8221;1_5&#8243; _builder_version=&#8221;3.0.47&#8243;][et_pb_image show_in_lightbox=&#8221;on&#8221; use_overlay=&#8221;on&#8221; overlay_icon_color=&#8221;#6b5d38&#8243; align=&#8221;center&#8221; force_fullwidth=&#8221;on&#8221; _builder_version=&#8221;3.22.7&#8243; border_radii=&#8221;on|4px|4px|4px|4px&#8221; box_shadow_style=&#8221;preset2&#8243; box_shadow_horizontal=&#8221;12px&#8221; box_shadow_vertical=&#8221;12px&#8221; module_alignment=&#8221;center&#8221; custom_margin=&#8221;10px|||&#8221; custom_margin_tablet=&#8221;25px|||&#8221; custom_margin_last_edited=&#8221;on|desktop&#8221; z_index_tablet=&#8221;500&#8243;][\/et_pb_image][\/et_pb_column][\/et_pb_row][et_pb_row use_custom_gutter=&#8221;on&#8221; gutter_width=&#8221;1&#8243; custom_padding=&#8221;||35px|&#8221; make_equal=&#8221;on&#8221; custom_padding_last_edited=&#8221;on|desktop&#8221; padding_right_2=&#8221;45px&#8221; padding_right_3=&#8221;20px&#8221; padding_bottom_1=&#8221;25px&#8221; padding_left_1=&#8221;20px&#8221; padding_2_tablet=&#8221;|20px||&#8221; padding_1_phone=&#8221;||25px|10px&#8221; padding_1_last_edited=&#8221;on|phone&#8221; padding_2_last_edited=&#8221;on|phone&#8221; padding_3_last_edited=&#8221;on|phone&#8221; module_id=&#8221;1601&#8243; module_class=&#8221;evento et_pb_row_fullwidth et_pb_row_fullwidth et_pb_row_fullwidth et_pb_row_fullwidth et_pb_row_fullwidth et_pb_row_fullwidth et_pb_row_fullwidth et_pb_row_fullwidth et_pb_row_fullwidth et_pb_row_fullwidth et_pb_row_fullwidth et_pb_row_fullwidth et_pb_row_fullwidth et_pb_row_fullwidth et_pb_row_fullwidth et_pb_row_fullwidth et_pb_row_fullwidth et_pb_row_fullwidth et_pb_row_fullwidth et_pb_row_fullwidth et_pb_row_fullwidth et_pb_row_fullwidth et_pb_row_fullwidth et_pb_row_fullwidth et_pb_row_fullwidth et_pb_row_fullwidth&#8221; _builder_version=&#8221;3.22.3&#8243; box_shadow_style=&#8221;preset3&#8243; box_shadow_horizontal=&#8221;10px&#8221; width=&#8221;100%&#8221; width_tablet=&#8221;100%&#8221; width_last_edited=&#8221;on|desktop&#8221; max_width=&#8221;100%&#8221; max_width_tablet=&#8221;100%&#8221; max_width_last_edited=&#8221;on|desktop&#8221; module_alignment=&#8221;center&#8221; z_index_tablet=&#8221;500&#8243; make_fullwidth=&#8221;on&#8221;][et_pb_column type=&#8221;1_5&#8243; _builder_version=&#8221;3.0.47&#8243;][et_pb_code admin_label=&#8221;fecha 30\/06&#8243; module_class=&#8221;fecha-evento&#8221; _builder_version=&#8221;3.22.7&#8243; z_index_tablet=&#8221;500&#8243;]Jun<!\u2013- [et_pb_br_holder] -\u2013><!-- [et_pb_line_break_holder] -->30[\/et_pb_code][\/et_pb_column][et_pb_column type=&#8221;3_5&#8243; _builder_version=&#8221;3.0.47&#8243;][et_pb_text admin_label=&#8221;Ingreso Santiago Jos\u00e9 Castell\u00e0 Surribas&#8221; _builder_version=&#8221;3.22.7&#8243; z_index_tablet=&#8221;500&#8243;]<\/p>\n<h3><strong>Ingr\u00e9s com a Acad\u00e8mic Numerari: <a href=\"https:\/\/raed.academy\/ca\/academics\/ca\/academics\/dr-santiago-jose-castella-surribas\/\" target=\"_blank\" rel=\"noopener noreferrer\">Santiago Jos\u00e9 Castell\u00e0 Surribas<\/a><\/strong><\/h3>\n<p>Discurs d&#8217;ingr\u00e9s: <a href=\"https:\/\/raed.academy\/wp-content\/uploads\/2016\/07\/RAED_Castella40_Web.pdf\" target=\"_blank\" rel=\"noopener noreferrer\">\u00bfHacia un nuevo derecho de gentes?<\/a> <br \/>Discurs de contestaci\u00f3: <a href=\"https:\/\/raed.academy\/ca\/academics\/dr-joan-francesc-pont-clemente\/\" target=\"_blank\" rel=\"noopener noreferrer\">Joan-Francesc Pont Clemente<\/a><\/p>\n<p><strong>Data: 30.06.2016<\/strong><\/p>\n<p>[\/et_pb_text][\/et_pb_column][et_pb_column type=&#8221;1_5&#8243; _builder_version=&#8221;3.0.47&#8243;][et_pb_image src=&#8221;https:\/\/raed.academy\/wp-content\/uploads\/2016\/07\/9774-076.jpg&#8221; show_in_lightbox=&#8221;on&#8221; use_overlay=&#8221;on&#8221; overlay_icon_color=&#8221;#6b5d38&#8243; align=&#8221;center&#8221; force_fullwidth=&#8221;on&#8221; _builder_version=&#8221;3.22.7&#8243; border_radii=&#8221;on|4px|4px|4px|4px&#8221; box_shadow_style=&#8221;preset2&#8243; box_shadow_horizontal=&#8221;12px&#8221; box_shadow_vertical=&#8221;12px&#8221; module_alignment=&#8221;center&#8221; custom_margin=&#8221;10px|||&#8221; custom_margin_tablet=&#8221;25px|||&#8221; custom_margin_last_edited=&#8221;on|desktop&#8221; z_index_tablet=&#8221;500&#8243;][\/et_pb_image][\/et_pb_column][\/et_pb_row][et_pb_row _builder_version=&#8221;3.22.3&#8243;][et_pb_column type=&#8221;4_4&#8243; _builder_version=&#8221;3.0.47&#8243;][et_pb_text admin_label=&#8221;Texto &#8211; JULIOL 2016&#8243; _builder_version=&#8221;3.22.7&#8243; z_index_tablet=&#8221;500&#8243;]<\/p>\n<h2>JULIOL 2016<\/h2>\n<p>[\/et_pb_text][\/et_pb_column][\/et_pb_row][et_pb_row use_custom_gutter=&#8221;on&#8221; gutter_width=&#8221;1&#8243; custom_padding=&#8221;||35px|&#8221; make_equal=&#8221;on&#8221; custom_padding_last_edited=&#8221;on|desktop&#8221; padding_right_2=&#8221;45px&#8221; padding_right_3=&#8221;20px&#8221; padding_bottom_1=&#8221;25px&#8221; padding_left_1=&#8221;20px&#8221; padding_2_tablet=&#8221;|20px||&#8221; padding_1_phone=&#8221;||25px|10px&#8221; padding_1_last_edited=&#8221;on|phone&#8221; padding_2_last_edited=&#8221;on|phone&#8221; padding_3_last_edited=&#8221;on|phone&#8221; module_id=&#8221;1601&#8243; module_class=&#8221;evento et_pb_row_fullwidth et_pb_row_fullwidth et_pb_row_fullwidth et_pb_row_fullwidth et_pb_row_fullwidth et_pb_row_fullwidth et_pb_row_fullwidth et_pb_row_fullwidth et_pb_row_fullwidth et_pb_row_fullwidth et_pb_row_fullwidth et_pb_row_fullwidth et_pb_row_fullwidth et_pb_row_fullwidth et_pb_row_fullwidth et_pb_row_fullwidth et_pb_row_fullwidth et_pb_row_fullwidth et_pb_row_fullwidth et_pb_row_fullwidth et_pb_row_fullwidth et_pb_row_fullwidth et_pb_row_fullwidth et_pb_row_fullwidth et_pb_row_fullwidth et_pb_row_fullwidth&#8221; _builder_version=&#8221;3.22.3&#8243; box_shadow_style=&#8221;preset3&#8243; box_shadow_horizontal=&#8221;10px&#8221; width=&#8221;100%&#8221; width_tablet=&#8221;100%&#8221; width_last_edited=&#8221;on|desktop&#8221; max_width=&#8221;100%&#8221; max_width_tablet=&#8221;100%&#8221; max_width_last_edited=&#8221;on|desktop&#8221; module_alignment=&#8221;center&#8221; z_index_tablet=&#8221;500&#8243; make_fullwidth=&#8221;on&#8221;][et_pb_column type=&#8221;1_5&#8243; _builder_version=&#8221;3.0.47&#8243;][et_pb_code admin_label=&#8221;fecha 7\/07&#8243; module_class=&#8221;fecha-evento&#8221; _builder_version=&#8221;3.22.7&#8243; z_index_tablet=&#8221;500&#8243;]Jul<!\u2013- [et_pb_br_holder] -\u2013><!-- [et_pb_line_break_holder] -->7[\/et_pb_code][\/et_pb_column][et_pb_column type=&#8221;3_5&#8243; _builder_version=&#8221;3.0.47&#8243;][et_pb_text admin_label=&#8221;Ingreso Jordi Mart\u00ed Pidelaserra&#8221; _builder_version=&#8221;3.22.7&#8243; z_index_tablet=&#8221;500&#8243;]<\/p>\n<h3><strong>Ingr\u00e9s com a Acad\u00e8mic Numerari: <a href=\"https:\/\/raed.academy\/ca\/academics\/dr-jordi-marti-pidelaserra\/\" target=\"_blank\" rel=\"noopener noreferrer\">Jordi Mart\u00ed Pidelaserra<\/a><\/strong><\/h3>\n<p>Discurs d&#8217;ingr\u00e9s: <a href=\"https:\/\/raed.academy\/wp-content\/uploads\/2016\/07\/Web_RAED_PidelaSerra_41.pdf\" target=\"_blank\" rel=\"noopener noreferrer\">L\u2019empresa m\u00e9s enll\u00e0 de l\u2019obra est\u00e8tica<\/a> <br \/>Discurs de contestaci\u00f3: <a href=\"https:\/\/raed.academy\/ca\/academics\/dr-jose-luis-salido-banus\/\" target=\"_blank\" rel=\"noopener noreferrer\">Jos\u00e9 Luis Salido Ban\u00fas<\/a><\/p>\n<p><strong>Data: 07.07.2016<\/strong><\/p>\n<p>[\/et_pb_text][\/et_pb_column][et_pb_column type=&#8221;1_5&#8243; _builder_version=&#8221;3.0.47&#8243;][et_pb_image src=&#8221;https:\/\/raed.academy\/wp-content\/uploads\/2016\/07\/9775-016-foto11.jpg&#8221; show_in_lightbox=&#8221;on&#8221; use_overlay=&#8221;on&#8221; overlay_icon_color=&#8221;#6b5d38&#8243; align=&#8221;center&#8221; force_fullwidth=&#8221;on&#8221; _builder_version=&#8221;3.22.7&#8243; border_radii=&#8221;on|4px|4px|4px|4px&#8221; box_shadow_style=&#8221;preset2&#8243; box_shadow_horizontal=&#8221;12px&#8221; box_shadow_vertical=&#8221;12px&#8221; module_alignment=&#8221;center&#8221; custom_margin=&#8221;10px|||&#8221; custom_margin_tablet=&#8221;25px|||&#8221; custom_margin_last_edited=&#8221;on|desktop&#8221; z_index_tablet=&#8221;500&#8243;][\/et_pb_image][\/et_pb_column][\/et_pb_row][et_pb_row use_custom_gutter=&#8221;on&#8221; gutter_width=&#8221;1&#8243; custom_padding=&#8221;||35px|&#8221; make_equal=&#8221;on&#8221; custom_padding_last_edited=&#8221;on|desktop&#8221; padding_right_2=&#8221;45px&#8221; padding_right_3=&#8221;20px&#8221; padding_bottom_1=&#8221;25px&#8221; padding_left_1=&#8221;20px&#8221; padding_2_tablet=&#8221;|20px||&#8221; padding_1_phone=&#8221;||25px|10px&#8221; padding_1_last_edited=&#8221;on|phone&#8221; padding_2_last_edited=&#8221;on|phone&#8221; padding_3_last_edited=&#8221;on|phone&#8221; module_id=&#8221;1601&#8243; module_class=&#8221;evento et_pb_row_fullwidth et_pb_row_fullwidth et_pb_row_fullwidth et_pb_row_fullwidth et_pb_row_fullwidth et_pb_row_fullwidth et_pb_row_fullwidth et_pb_row_fullwidth et_pb_row_fullwidth et_pb_row_fullwidth et_pb_row_fullwidth et_pb_row_fullwidth et_pb_row_fullwidth et_pb_row_fullwidth et_pb_row_fullwidth et_pb_row_fullwidth et_pb_row_fullwidth et_pb_row_fullwidth et_pb_row_fullwidth et_pb_row_fullwidth et_pb_row_fullwidth et_pb_row_fullwidth et_pb_row_fullwidth et_pb_row_fullwidth et_pb_row_fullwidth et_pb_row_fullwidth&#8221; _builder_version=&#8221;3.22.3&#8243; box_shadow_style=&#8221;preset3&#8243; box_shadow_horizontal=&#8221;10px&#8221; width=&#8221;100%&#8221; width_tablet=&#8221;100%&#8221; width_last_edited=&#8221;on|desktop&#8221; max_width=&#8221;100%&#8221; max_width_tablet=&#8221;100%&#8221; max_width_last_edited=&#8221;on|desktop&#8221; module_alignment=&#8221;center&#8221; z_index_tablet=&#8221;500&#8243; make_fullwidth=&#8221;on&#8221;][et_pb_column type=&#8221;1_5&#8243; _builder_version=&#8221;3.0.47&#8243;][et_pb_code admin_label=&#8221;fecha 19\/07&#8243; module_class=&#8221;fecha-evento&#8221; _builder_version=&#8221;3.22.7&#8243; z_index_tablet=&#8221;500&#8243;]Jul<!\u2013- [et_pb_br_holder] -\u2013><!-- [et_pb_line_break_holder] -->19[\/et_pb_code][\/et_pb_column][et_pb_column type=&#8221;3_5&#8243; _builder_version=&#8221;3.0.47&#8243;][et_pb_text admin_label=&#8221;Ingreso Frederic Borr\u00e0s P\u00e0mies&#8221; _builder_version=&#8221;3.22.7&#8243; z_index_tablet=&#8221;500&#8243;]<\/p>\n<h3><strong>Ingr\u00e9s com a Acad\u00e8mic Correspondient: <a href=\"https:\/\/raed.academy\/ca\/academics\/dr-frederic-borras-pamies\/\" target=\"_blank\" rel=\"noopener noreferrer\">Frederic Borr\u00e0s P\u00e0mies<\/a><\/strong><\/h3>\n<p>Discurs d&#8217;ingr\u00e9s: <a href=\"https:\/\/raed.academy\/wp-content\/uploads\/2017\/02\/El-reto-de-mejorar-la-calidad-de-la-auditor%C3%ADa.pdf\" target=\"_blank\" rel=\"noopener noreferrer\">El reto de mejorar la calidad de la auditor\u00eda<\/a> <br \/>Discurs de contestaci\u00f3: <a href=\"https:\/\/raed.academy\/ca\/academics\/dr-emili-gironella-masgrau\" target=\"_blank\" rel=\"noopener noreferrer\">Emili Gironella Masgrau<\/a><\/p>\n<p><strong>Data: 19.07.2016<\/strong><\/p>\n<p>[\/et_pb_text][\/et_pb_column][et_pb_column type=&#8221;1_5&#8243; _builder_version=&#8221;3.0.47&#8243;][et_pb_image src=&#8221;https:\/\/raed.academy\/wp-content\/uploads\/2017\/02\/Dr-Frederic-Borr\u00e0s-Pamies-3.jpg&#8221; show_in_lightbox=&#8221;on&#8221; use_overlay=&#8221;on&#8221; overlay_icon_color=&#8221;#6b5d38&#8243; align=&#8221;center&#8221; force_fullwidth=&#8221;on&#8221; _builder_version=&#8221;3.22.7&#8243; border_radii=&#8221;on|4px|4px|4px|4px&#8221; box_shadow_style=&#8221;preset2&#8243; box_shadow_horizontal=&#8221;12px&#8221; box_shadow_vertical=&#8221;12px&#8221; module_alignment=&#8221;center&#8221; custom_margin=&#8221;10px|||&#8221; custom_margin_tablet=&#8221;25px|||&#8221; custom_margin_last_edited=&#8221;on|desktop&#8221; z_index_tablet=&#8221;500&#8243;][\/et_pb_image][\/et_pb_column][\/et_pb_row][et_pb_row _builder_version=&#8221;3.22.3&#8243;][et_pb_column type=&#8221;4_4&#8243; _builder_version=&#8221;3.0.47&#8243;][et_pb_text admin_label=&#8221;Texto &#8211; SETEMBRE 2016&#8243; _builder_version=&#8221;3.22.7&#8243; z_index_tablet=&#8221;500&#8243;]<\/p>\n<h2>SETEMBRE 2016<\/h2>\n<p>[\/et_pb_text][\/et_pb_column][\/et_pb_row][et_pb_row use_custom_gutter=&#8221;on&#8221; gutter_width=&#8221;1&#8243; custom_padding=&#8221;||35px|&#8221; make_equal=&#8221;on&#8221; custom_padding_last_edited=&#8221;on|desktop&#8221; padding_right_2=&#8221;45px&#8221; padding_right_3=&#8221;20px&#8221; padding_bottom_1=&#8221;25px&#8221; padding_2_tablet=&#8221;|20px||&#8221; padding_1_last_edited=&#8221;off|phone&#8221; padding_2_last_edited=&#8221;on|desktop&#8221; padding_3_last_edited=&#8221;on|phone&#8221; module_id=&#8221;1001&#8243; module_class=&#8221;evento et_pb_row_fullwidth et_pb_row_fullwidth et_pb_row_fullwidth&#8221; _builder_version=&#8221;3.22.4&#8243; box_shadow_style=&#8221;preset3&#8243; box_shadow_horizontal=&#8221;10px&#8221; width=&#8221;100%&#8221; width_tablet=&#8221;100%&#8221; width_last_edited=&#8221;on|desktop&#8221; max_width=&#8221;100%&#8221; max_width_tablet=&#8221;100%&#8221; max_width_last_edited=&#8221;on|desktop&#8221; module_alignment=&#8221;center&#8221; z_index_tablet=&#8221;500&#8243; make_fullwidth=&#8221;on&#8221;][et_pb_column type=&#8221;1_5&#8243; _builder_version=&#8221;3.0.47&#8243;][et_pb_code admin_label=&#8221;fecha 15\/09&#8243; module_class=&#8221;fecha-evento&#8221; _builder_version=&#8221;3.22.7&#8243; z_index_tablet=&#8221;500&#8243;]Set<!\u2013- [et_pb_br_holder] -\u2013><!-- [et_pb_line_break_holder] -->15[\/et_pb_code][\/et_pb_column][et_pb_column type=&#8221;3_5&#8243; _builder_version=&#8221;3.0.47&#8243;][et_pb_text admin_label=&#8221;El impacto del Brexit en la econom\u00eda espa\u00f1ola&#8221; _builder_version=&#8221;3.22.7&#8243; z_index_tablet=&#8221;500&#8243;]<\/p>\n<p><strong>Els debats de la Reial Acad\u00e8mia Europea de Doctors<\/strong> <strong> Cicle de confer\u00e8ncies \u201c El futur de la Uni\u00f3 Europea\u201d<\/strong><\/p>\n<p>1\u00aa Confer\u00e8ncia: L\u00b4 impacte del Brexit a l\u2019economia espanyola i al rest dels pa\u00efsos de la UE.<\/p>\n<p>Ponents:<\/p>\n<ul>\n<li><a href=\"https:\/\/raed.academy\/ca\/academics\/dr-oriol-amat-salas\/\" target=\"_blank\" rel=\"noopener noreferrer\">Oriol Amat Salas<\/a><\/li>\n<li><a href=\"https:\/\/raed.academy\/ca\/academics\/ca\/academics\/dr-santiago-jose-castella-surribas\/\" target=\"_blank\" rel=\"noopener noreferrer\">Santiago J. Castell\u00e0 Surribas<\/a><\/li>\n<li><a href=\"https:\/\/raed.academy\/ca\/academics\/dr-joan-francesc-corona-ramon\/\" target=\"_blank\" rel=\"noopener noreferrer\">Juan Francisco Corona Ram\u00f3n<\/a><\/li>\n<li>Pollyana Nethersole<\/li>\n<\/ul>\n<p>Moderador: <a href=\"https:\/\/raed.academy\/ca\/academics\/dr-joan-francesc-pont-clemente\/\" target=\"_blank\" rel=\"noopener noreferrer\">Joan-Francesc Pont Clemente<\/a><\/p>\n<p><strong>Data: 15.09.2016<\/strong><\/p>\n<p>[\/et_pb_text][\/et_pb_column][et_pb_column type=&#8221;1_5&#8243; _builder_version=&#8221;3.0.47&#8243;][et_pb_image src=&#8221;https:\/\/raed.academy\/wp-content\/uploads\/2016\/09\/Brexit02.jpg&#8221; show_in_lightbox=&#8221;on&#8221; use_overlay=&#8221;on&#8221; overlay_icon_color=&#8221;#6b5d38&#8243; align=&#8221;center&#8221; force_fullwidth=&#8221;on&#8221; _builder_version=&#8221;3.22.7&#8243; border_radii=&#8221;on|4px|4px|4px|4px&#8221; box_shadow_style=&#8221;preset2&#8243; box_shadow_horizontal=&#8221;12px&#8221; box_shadow_vertical=&#8221;12px&#8221; module_alignment=&#8221;center&#8221; custom_margin=&#8221;10px|||&#8221; custom_margin_tablet=&#8221;25px|||&#8221; custom_margin_last_edited=&#8221;on|desktop&#8221; z_index_tablet=&#8221;500&#8243;][\/et_pb_image][\/et_pb_column][\/et_pb_row][et_pb_row use_custom_gutter=&#8221;on&#8221; gutter_width=&#8221;1&#8243; custom_padding=&#8221;||35px|&#8221; make_equal=&#8221;on&#8221; custom_padding_last_edited=&#8221;on|desktop&#8221; padding_right_2=&#8221;45px&#8221; padding_right_3=&#8221;20px&#8221; padding_bottom_1=&#8221;25px&#8221; padding_left_1=&#8221;20px&#8221; padding_2_tablet=&#8221;|20px||&#8221; padding_1_phone=&#8221;||25px|10px&#8221; padding_1_last_edited=&#8221;on|phone&#8221; padding_2_last_edited=&#8221;on|phone&#8221; padding_3_last_edited=&#8221;on|phone&#8221; module_id=&#8221;1601&#8243; module_class=&#8221;evento et_pb_row_fullwidth et_pb_row_fullwidth et_pb_row_fullwidth et_pb_row_fullwidth et_pb_row_fullwidth et_pb_row_fullwidth et_pb_row_fullwidth et_pb_row_fullwidth et_pb_row_fullwidth et_pb_row_fullwidth et_pb_row_fullwidth et_pb_row_fullwidth et_pb_row_fullwidth et_pb_row_fullwidth et_pb_row_fullwidth et_pb_row_fullwidth et_pb_row_fullwidth et_pb_row_fullwidth et_pb_row_fullwidth et_pb_row_fullwidth et_pb_row_fullwidth et_pb_row_fullwidth et_pb_row_fullwidth et_pb_row_fullwidth et_pb_row_fullwidth et_pb_row_fullwidth&#8221; _builder_version=&#8221;3.22.3&#8243; box_shadow_style=&#8221;preset3&#8243; box_shadow_horizontal=&#8221;10px&#8221; width=&#8221;100%&#8221; width_tablet=&#8221;100%&#8221; width_last_edited=&#8221;on|desktop&#8221; max_width=&#8221;100%&#8221; max_width_tablet=&#8221;100%&#8221; max_width_last_edited=&#8221;on|desktop&#8221; module_alignment=&#8221;center&#8221; z_index_tablet=&#8221;500&#8243; make_fullwidth=&#8221;on&#8221;][et_pb_column type=&#8221;1_5&#8243; _builder_version=&#8221;3.0.47&#8243;][et_pb_code admin_label=&#8221;fecha 22\/09&#8243; module_class=&#8221;fecha-evento&#8221; _builder_version=&#8221;3.22.7&#8243; z_index_tablet=&#8221;500&#8243;]Set<!\u2013- [et_pb_br_holder] -\u2013><!-- [et_pb_line_break_holder] -->22[\/et_pb_code][\/et_pb_column][et_pb_column type=&#8221;3_5&#8243; _builder_version=&#8221;3.0.47&#8243;][et_pb_text admin_label=&#8221;Ingreso Baruch Lev&#8221; _builder_version=&#8221;3.22.7&#8243; z_index_tablet=&#8221;500&#8243;]<\/p>\n<div>\n<div><strong>Ingr\u00e9s com a Acad\u00e8mic Corresponent per als Estats Units: <a href=\"https:\/\/raed.academy\/academicos\/dr-baruch-lev\/\" target=\"_blank\" rel=\"noopener noreferrer\">Baruch Lev<\/a><\/strong><\/div>\n<div>\u00a0<\/div>\n<div>Discurs d&#8217;ingr\u00e9s: The End of Accounting and the path forward for Investors and Managers. <br \/>Discurs de contestaci\u00f3: <a href=\"https:\/\/raed.academy\/ca\/academics\/dr-oriol-amat-salas\/\" target=\"_blank\" rel=\"noopener noreferrer\">Oriol Amat i Salas<\/a><\/div>\n<div>\u00a0<\/div>\n<div><strong>Data: 22.09.2016<\/strong><\/div>\n<\/div>\n<div>\u00a0<\/div>\n<p>[\/et_pb_text][\/et_pb_column][et_pb_column type=&#8221;1_5&#8243; _builder_version=&#8221;3.0.47&#8243;][et_pb_image src=&#8221;https:\/\/raed.academy\/wp-content\/uploads\/2018\/04\/Baruch-Lev-2.jpg&#8221; show_in_lightbox=&#8221;on&#8221; use_overlay=&#8221;on&#8221; overlay_icon_color=&#8221;#6b5d38&#8243; align=&#8221;center&#8221; force_fullwidth=&#8221;on&#8221; _builder_version=&#8221;3.22.7&#8243; border_radii=&#8221;on|4px|4px|4px|4px&#8221; box_shadow_style=&#8221;preset2&#8243; box_shadow_horizontal=&#8221;12px&#8221; box_shadow_vertical=&#8221;12px&#8221; module_alignment=&#8221;center&#8221; custom_margin=&#8221;10px|||&#8221; custom_margin_tablet=&#8221;25px|||&#8221; custom_margin_last_edited=&#8221;on|desktop&#8221; z_index_tablet=&#8221;500&#8243;][\/et_pb_image][\/et_pb_column][\/et_pb_row][et_pb_row _builder_version=&#8221;3.22.3&#8243;][et_pb_column type=&#8221;4_4&#8243; _builder_version=&#8221;3.0.47&#8243;][et_pb_text admin_label=&#8221;Texto &#8211; OCTUBRE 2018&#8243; _builder_version=&#8221;3.22.7&#8243; z_index_tablet=&#8221;500&#8243;]<\/p>\n<h2>OCTUBRE 2018<\/h2>\n<p>[\/et_pb_text][\/et_pb_column][\/et_pb_row][et_pb_row use_custom_gutter=&#8221;on&#8221; gutter_width=&#8221;1&#8243; custom_padding=&#8221;||35px|&#8221; make_equal=&#8221;on&#8221; custom_padding_last_edited=&#8221;on|desktop&#8221; padding_right_2=&#8221;45px&#8221; padding_right_3=&#8221;20px&#8221; padding_bottom_1=&#8221;25px&#8221; padding_2_tablet=&#8221;|20px||&#8221; padding_1_last_edited=&#8221;off|phone&#8221; padding_2_last_edited=&#8221;on|desktop&#8221; padding_3_last_edited=&#8221;on|phone&#8221; module_id=&#8221;1001&#8243; module_class=&#8221;evento et_pb_row_fullwidth et_pb_row_fullwidth et_pb_row_fullwidth&#8221; _builder_version=&#8221;3.22.4&#8243; box_shadow_style=&#8221;preset3&#8243; box_shadow_horizontal=&#8221;10px&#8221; width=&#8221;100%&#8221; width_tablet=&#8221;100%&#8221; width_last_edited=&#8221;on|desktop&#8221; max_width=&#8221;100%&#8221; max_width_tablet=&#8221;100%&#8221; max_width_last_edited=&#8221;on|desktop&#8221; module_alignment=&#8221;center&#8221; z_index_tablet=&#8221;500&#8243; make_fullwidth=&#8221;on&#8221;][et_pb_column type=&#8221;1_5&#8243; _builder_version=&#8221;3.0.47&#8243;][et_pb_code admin_label=&#8221;fecha 5\/10&#8243; module_class=&#8221;fecha-evento&#8221; _builder_version=&#8221;3.22.7&#8243; z_index_tablet=&#8221;500&#8243;]Oct<!\u2013- [et_pb_br_holder] -\u2013><!-- [et_pb_line_break_holder] -->5[\/et_pb_code][\/et_pb_column][et_pb_column type=&#8221;3_5&#8243; _builder_version=&#8221;3.0.47&#8243;][et_pb_text admin_label=&#8221;Debate organizado por la Secci\u00f3n Ciencias Tecnol\u00f3gicas Titanic&#8221; _builder_version=&#8221;3.22.7&#8243; z_index_tablet=&#8221;500&#8243;]<\/p>\n<p><strong>Els debats de la Reial Academia Europea de Doctores<\/strong> <strong> Debat organitzats Sessi\u00f3 de la Secci\u00f3 de Ci\u00e8ncies de Tecnol\u00f2giques<\/strong><\/p>\n<p>Tit\u00e0nic: Com prendre imatges a 3.800 metres de profunditat.<\/p>\n<p>Ponents:<\/p>\n<ul>\n<li>El corto viaje del TITANIC &#8211; la Seguridad Mar\u00edtima, antes y despu\u00e9s del Titanic: <a href=\"https:\/\/raed.academy\/ca\/academics\/dr-jaime-rodrigo-de-larrucea\/\" target=\"_blank\" rel=\"noopener noreferrer\">Jaime Rodr\u00edgo de Larrucea<\/a>.<\/li>\n<li>El Titanic en nuestra memoria: Frederic Malagelada.<\/li>\n<li>\u00bfArqueolog\u00eda subacu\u00e1tica a 4.000 metros de fondo?: Pere Izquierdo.<\/li>\n<li>Los l\u00edmites de la imagen submarina tradicional: Josep Mar\u00eda Castellv\u00ed.<\/li>\n<li>El reto de capturar im\u00e1genes del Titanic: Christian Petro.<\/li>\n<\/ul>\n<p><strong>Moderador<\/strong>: Andr\u00e9s Clar\u00f3s Blanch<\/p>\n<p><strong>Data: 05.10.2016<\/strong><\/p>\n<p>[\/et_pb_text][\/et_pb_column][et_pb_column type=&#8221;1_5&#8243; _builder_version=&#8221;3.0.47&#8243;][et_pb_image show_in_lightbox=&#8221;on&#8221; use_overlay=&#8221;on&#8221; overlay_icon_color=&#8221;#6b5d38&#8243; align=&#8221;center&#8221; force_fullwidth=&#8221;on&#8221; _builder_version=&#8221;3.22.7&#8243; border_radii=&#8221;on|4px|4px|4px|4px&#8221; box_shadow_style=&#8221;preset2&#8243; box_shadow_horizontal=&#8221;12px&#8221; box_shadow_vertical=&#8221;12px&#8221; module_alignment=&#8221;center&#8221; custom_margin=&#8221;10px|||&#8221; custom_margin_tablet=&#8221;25px|||&#8221; custom_margin_last_edited=&#8221;on|desktop&#8221; z_index_tablet=&#8221;500&#8243;][\/et_pb_image][\/et_pb_column][\/et_pb_row][et_pb_row use_custom_gutter=&#8221;on&#8221; gutter_width=&#8221;1&#8243; custom_padding=&#8221;||35px|&#8221; make_equal=&#8221;on&#8221; custom_padding_last_edited=&#8221;on|desktop&#8221; padding_right_2=&#8221;45px&#8221; padding_right_3=&#8221;20px&#8221; padding_bottom_1=&#8221;25px&#8221; padding_left_1=&#8221;20px&#8221; padding_2_tablet=&#8221;|20px||&#8221; padding_1_phone=&#8221;||25px|10px&#8221; padding_1_last_edited=&#8221;on|phone&#8221; padding_2_last_edited=&#8221;on|phone&#8221; padding_3_last_edited=&#8221;on|phone&#8221; module_id=&#8221;1601&#8243; module_class=&#8221;evento et_pb_row_fullwidth et_pb_row_fullwidth et_pb_row_fullwidth et_pb_row_fullwidth et_pb_row_fullwidth et_pb_row_fullwidth et_pb_row_fullwidth et_pb_row_fullwidth et_pb_row_fullwidth et_pb_row_fullwidth et_pb_row_fullwidth et_pb_row_fullwidth et_pb_row_fullwidth et_pb_row_fullwidth et_pb_row_fullwidth et_pb_row_fullwidth et_pb_row_fullwidth et_pb_row_fullwidth et_pb_row_fullwidth et_pb_row_fullwidth et_pb_row_fullwidth et_pb_row_fullwidth et_pb_row_fullwidth et_pb_row_fullwidth et_pb_row_fullwidth et_pb_row_fullwidth&#8221; _builder_version=&#8221;3.22.3&#8243; box_shadow_style=&#8221;preset3&#8243; box_shadow_horizontal=&#8221;10px&#8221; width=&#8221;100%&#8221; width_tablet=&#8221;100%&#8221; width_last_edited=&#8221;on|desktop&#8221; max_width=&#8221;100%&#8221; max_width_tablet=&#8221;100%&#8221; max_width_last_edited=&#8221;on|desktop&#8221; module_alignment=&#8221;center&#8221; z_index_tablet=&#8221;500&#8243; make_fullwidth=&#8221;on&#8221;][et_pb_column type=&#8221;1_5&#8243; _builder_version=&#8221;3.0.47&#8243;][et_pb_code admin_label=&#8221;fecha 13\/10&#8243; module_class=&#8221;fecha-evento&#8221; _builder_version=&#8221;3.22.7&#8243; z_index_tablet=&#8221;500&#8243;]Oct<!\u2013- [et_pb_br_holder] -\u2013><!-- [et_pb_line_break_holder] -->13[\/et_pb_code][\/et_pb_column][et_pb_column type=&#8221;3_5&#8243; _builder_version=&#8221;3.0.47&#8243;][et_pb_text admin_label=&#8221;Ingreso Angelo Di Berardino&#8221; _builder_version=&#8221;3.22.7&#8243; z_index_tablet=&#8221;500&#8243;]<\/p>\n<h3><strong>Ingr\u00e9s com a Acad\u00e8mic Numerari Europeo: <a href=\"https:\/\/raed.academy\/ca\/academics\/dr-angelo-di-berardino\/\" target=\"_blank\" rel=\"noopener noreferrer\">Angelo Di Berardino<\/a><\/strong><\/h3>\n<p>Discurs d&#8217;ingr\u00e9s: <a href=\"https:\/\/raed.academy\/wp-content\/uploads\/2016\/11\/Geografia-diffusione-e-organizzazione-cristiana-nei-primi-secoli-del-cristianesimo.pdf\" target=\"_blank\" rel=\"noopener noreferrer\">Geografia, diffusione e organizzazione cristiana nei primi secoli del cristianesimo<\/a> <br \/>Discurs de contestaci\u00f3: <a href=\"https:\/\/raed.academy\/ca\/academics\/dr-armand-puig-tarrech\/\" target=\"_blank\" rel=\"noopener noreferrer\">Armand Puig T\u00e0rrech<\/a><\/p>\n<p><strong>Data: 13.10.2016<\/strong><\/p>\n<p>[\/et_pb_text][\/et_pb_column][et_pb_column type=&#8221;1_5&#8243; _builder_version=&#8221;3.0.47&#8243;][et_pb_image src=&#8221;https:\/\/raed.academy\/wp-content\/uploads\/2018\/03\/3.jpg&#8221; show_in_lightbox=&#8221;on&#8221; use_overlay=&#8221;on&#8221; overlay_icon_color=&#8221;#6b5d38&#8243; align=&#8221;center&#8221; force_fullwidth=&#8221;on&#8221; _builder_version=&#8221;3.22.7&#8243; border_radii=&#8221;on|4px|4px|4px|4px&#8221; box_shadow_style=&#8221;preset2&#8243; box_shadow_horizontal=&#8221;12px&#8221; box_shadow_vertical=&#8221;12px&#8221; module_alignment=&#8221;center&#8221; custom_margin=&#8221;10px|||&#8221; custom_margin_tablet=&#8221;25px|||&#8221; custom_margin_last_edited=&#8221;on|desktop&#8221; z_index_tablet=&#8221;500&#8243;][\/et_pb_image][\/et_pb_column][\/et_pb_row][et_pb_row use_custom_gutter=&#8221;on&#8221; gutter_width=&#8221;1&#8243; custom_padding=&#8221;||35px|&#8221; make_equal=&#8221;on&#8221; custom_padding_last_edited=&#8221;on|desktop&#8221; padding_right_2=&#8221;45px&#8221; padding_right_3=&#8221;20px&#8221; padding_bottom_1=&#8221;25px&#8221; padding_left_1=&#8221;20px&#8221; padding_2_tablet=&#8221;|20px||&#8221; padding_1_phone=&#8221;||25px|10px&#8221; padding_1_last_edited=&#8221;on|phone&#8221; padding_2_last_edited=&#8221;on|phone&#8221; padding_3_last_edited=&#8221;on|phone&#8221; module_id=&#8221;1601&#8243; module_class=&#8221;evento et_pb_row_fullwidth et_pb_row_fullwidth et_pb_row_fullwidth et_pb_row_fullwidth et_pb_row_fullwidth et_pb_row_fullwidth et_pb_row_fullwidth et_pb_row_fullwidth et_pb_row_fullwidth et_pb_row_fullwidth et_pb_row_fullwidth et_pb_row_fullwidth et_pb_row_fullwidth et_pb_row_fullwidth et_pb_row_fullwidth et_pb_row_fullwidth et_pb_row_fullwidth et_pb_row_fullwidth et_pb_row_fullwidth et_pb_row_fullwidth et_pb_row_fullwidth et_pb_row_fullwidth et_pb_row_fullwidth et_pb_row_fullwidth et_pb_row_fullwidth et_pb_row_fullwidth&#8221; _builder_version=&#8221;3.22.3&#8243; box_shadow_style=&#8221;preset3&#8243; box_shadow_horizontal=&#8221;10px&#8221; width=&#8221;100%&#8221; width_tablet=&#8221;100%&#8221; width_last_edited=&#8221;on|desktop&#8221; max_width=&#8221;100%&#8221; max_width_tablet=&#8221;100%&#8221; max_width_last_edited=&#8221;on|desktop&#8221; module_alignment=&#8221;center&#8221; z_index_tablet=&#8221;500&#8243; make_fullwidth=&#8221;on&#8221;][et_pb_column type=&#8221;1_5&#8243; _builder_version=&#8221;3.0.47&#8243;][et_pb_code admin_label=&#8221;fecha 18\/10&#8243; module_class=&#8221;fecha-evento&#8221; _builder_version=&#8221;3.22.7&#8243; z_index_tablet=&#8221;500&#8243;]Oct<!\u2013- [et_pb_br_holder] -\u2013><!-- [et_pb_line_break_holder] -->18[\/et_pb_code][\/et_pb_column][et_pb_column type=&#8221;3_5&#8243; _builder_version=&#8221;3.0.47&#8243;][et_pb_text admin_label=&#8221;Ingreso Alberto Estrada-Rius&#8221; _builder_version=&#8221;3.22.7&#8243; z_index_tablet=&#8221;500&#8243;]<\/p>\n<div>\n<h3><strong>Ingr\u00e9s com a Acad\u00e8mic Corresponent: <a href=\"https:\/\/raed.academy\/ca\/academics\/dr-albert-estrada-rius\/\" target=\"_blank\" rel=\"noopener noreferrer\">Alberto Estrada-Rius<\/a><\/strong><\/h3>\n<div>Discurs d&#8217;ingr\u00e9s: Los c\u00f3nsules de ultramar y Barcelona <br \/>Discurs de contestaci\u00f3: <a href=\"https:\/\/raed.academy\/ca\/academics\/dr-carlos-dante-heredia-garcia\/\" target=\"_blank\" rel=\"noopener noreferrer\">Carlos Dante Heredia Garc\u00eda<\/a><\/div>\n<div>\u00a0<\/div>\n<div><strong>Data: 18.10.2016<\/strong><\/div>\n<\/div>\n<p>[\/et_pb_text][\/et_pb_column][et_pb_column type=&#8221;1_5&#8243; _builder_version=&#8221;3.0.47&#8243;][et_pb_image src=&#8221;https:\/\/raed.academy\/wp-content\/uploads\/2017\/03\/dr-albert-estrada-rius-foto7.jpg&#8221; show_in_lightbox=&#8221;on&#8221; use_overlay=&#8221;on&#8221; overlay_icon_color=&#8221;#6b5d38&#8243; align=&#8221;center&#8221; force_fullwidth=&#8221;on&#8221; _builder_version=&#8221;3.22.7&#8243; border_radii=&#8221;on|4px|4px|4px|4px&#8221; box_shadow_style=&#8221;preset2&#8243; box_shadow_horizontal=&#8221;12px&#8221; box_shadow_vertical=&#8221;12px&#8221; module_alignment=&#8221;center&#8221; custom_margin=&#8221;10px|||&#8221; custom_margin_tablet=&#8221;25px|||&#8221; custom_margin_last_edited=&#8221;on|desktop&#8221; z_index_tablet=&#8221;500&#8243;][\/et_pb_image][\/et_pb_column][\/et_pb_row][et_pb_row use_custom_gutter=&#8221;on&#8221; gutter_width=&#8221;1&#8243; custom_padding=&#8221;||35px|&#8221; make_equal=&#8221;on&#8221; custom_padding_last_edited=&#8221;on|desktop&#8221; padding_right_2=&#8221;45px&#8221; padding_right_3=&#8221;20px&#8221; padding_bottom_1=&#8221;25px&#8221; padding_left_1=&#8221;20px&#8221; padding_2_tablet=&#8221;|20px||&#8221; padding_1_phone=&#8221;||25px|10px&#8221; padding_1_last_edited=&#8221;on|phone&#8221; padding_2_last_edited=&#8221;on|phone&#8221; padding_3_last_edited=&#8221;on|phone&#8221; module_id=&#8221;1601&#8243; module_class=&#8221;evento et_pb_row_fullwidth et_pb_row_fullwidth et_pb_row_fullwidth et_pb_row_fullwidth et_pb_row_fullwidth et_pb_row_fullwidth et_pb_row_fullwidth et_pb_row_fullwidth et_pb_row_fullwidth et_pb_row_fullwidth et_pb_row_fullwidth et_pb_row_fullwidth et_pb_row_fullwidth et_pb_row_fullwidth et_pb_row_fullwidth et_pb_row_fullwidth et_pb_row_fullwidth et_pb_row_fullwidth et_pb_row_fullwidth et_pb_row_fullwidth et_pb_row_fullwidth et_pb_row_fullwidth et_pb_row_fullwidth et_pb_row_fullwidth et_pb_row_fullwidth et_pb_row_fullwidth&#8221; _builder_version=&#8221;3.22.3&#8243; box_shadow_style=&#8221;preset3&#8243; box_shadow_horizontal=&#8221;10px&#8221; width=&#8221;100%&#8221; width_tablet=&#8221;100%&#8221; width_last_edited=&#8221;on|desktop&#8221; max_width=&#8221;100%&#8221; max_width_tablet=&#8221;100%&#8221; max_width_last_edited=&#8221;on|desktop&#8221; module_alignment=&#8221;center&#8221; z_index_tablet=&#8221;500&#8243; make_fullwidth=&#8221;on&#8221;][et_pb_column type=&#8221;1_5&#8243; _builder_version=&#8221;3.0.47&#8243;][et_pb_code admin_label=&#8221;fecha 27\/10&#8243; module_class=&#8221;fecha-evento&#8221; _builder_version=&#8221;3.22.7&#8243; z_index_tablet=&#8221;500&#8243;]Oct<!\u2013- [et_pb_br_holder] -\u2013><!-- [et_pb_line_break_holder] -->27[\/et_pb_code][\/et_pb_column][et_pb_column type=&#8221;3_5&#8243; _builder_version=&#8221;3.0.47&#8243;][et_pb_text admin_label=&#8221;Ingreso Carlos Aparicio Magall\u00f3n&#8221; _builder_version=&#8221;3.22.7&#8243; z_index_tablet=&#8221;500&#8243;]<\/p>\n<div>\n<div>\n<h3><strong>Ingr\u00e9s com a Acad\u00e8mic Corresponent: <a href=\"https:\/\/raed.academy\/ca\/academics\/dr-carlos-aparicio-magallon\/\" target=\"_blank\" rel=\"noopener noreferrer\">Carlos Aparicio Magall\u00f3n<\/a><\/strong><\/h3>\n<div>Discurs d&#8217;ingr\u00e9s: <a href=\"https:\/\/raed.academy\/wp-content\/uploads\/2016\/11\/El-implante-dental-y-la-Osteointegraci%C3%B3n.pdf\" target=\"_blank\" rel=\"noopener noreferrer\">El implante dental y la Osteointegraci\u00f3n<\/a> <br \/>Discurs de contestaci\u00f3: <a style=\"outline: 1px dotted; outline-offset: 0px;\" href=\"https:\/\/raed.academy\/ca\/academics\/dr-pedro-claros-blanch\/\" target=\"_blank\" rel=\"noopener noreferrer\">Pedro Clar\u00f3s Blanch<\/a><\/div>\n<div>\u00a0<\/div>\n<div><strong>Data: 27.10.2016<\/strong><\/div>\n<div>\u00a0<\/div>\n<\/div>\n<\/div>\n<div>\u00a0<\/div>\n<p>[\/et_pb_text][\/et_pb_column][et_pb_column type=&#8221;1_5&#8243; _builder_version=&#8221;3.0.47&#8243;][et_pb_image src=&#8221;https:\/\/raed.academy\/wp-content\/uploads\/2016\/11\/9790-025.jpg&#8221; show_in_lightbox=&#8221;on&#8221; use_overlay=&#8221;on&#8221; overlay_icon_color=&#8221;#6b5d38&#8243; align=&#8221;center&#8221; force_fullwidth=&#8221;on&#8221; _builder_version=&#8221;3.22.7&#8243; border_radii=&#8221;on|4px|4px|4px|4px&#8221; box_shadow_style=&#8221;preset2&#8243; box_shadow_horizontal=&#8221;12px&#8221; box_shadow_vertical=&#8221;12px&#8221; module_alignment=&#8221;center&#8221; custom_margin=&#8221;10px|||&#8221; custom_margin_tablet=&#8221;25px|||&#8221; custom_margin_last_edited=&#8221;on|desktop&#8221; z_index_tablet=&#8221;500&#8243;][\/et_pb_image][\/et_pb_column][\/et_pb_row][et_pb_row _builder_version=&#8221;3.22.3&#8243;][et_pb_column type=&#8221;4_4&#8243; _builder_version=&#8221;3.0.47&#8243;][et_pb_text admin_label=&#8221;Texto &#8211; NOVEMBRE 2016&#8243; _builder_version=&#8221;3.22.7&#8243; z_index_tablet=&#8221;500&#8243;]<\/p>\n<h2>NOVEMBRE 2016<\/h2>\n<p>[\/et_pb_text][\/et_pb_column][\/et_pb_row][et_pb_row use_custom_gutter=&#8221;on&#8221; gutter_width=&#8221;1&#8243; custom_padding=&#8221;||35px|&#8221; make_equal=&#8221;on&#8221; custom_padding_last_edited=&#8221;on|desktop&#8221; padding_right_2=&#8221;45px&#8221; padding_right_3=&#8221;20px&#8221; padding_bottom_1=&#8221;25px&#8221; padding_left_1=&#8221;20px&#8221; padding_2_tablet=&#8221;|20px||&#8221; padding_1_phone=&#8221;||25px|10px&#8221; padding_1_last_edited=&#8221;on|phone&#8221; padding_2_last_edited=&#8221;on|phone&#8221; padding_3_last_edited=&#8221;on|phone&#8221; module_id=&#8221;1601&#8243; module_class=&#8221;evento et_pb_row_fullwidth et_pb_row_fullwidth et_pb_row_fullwidth et_pb_row_fullwidth et_pb_row_fullwidth et_pb_row_fullwidth et_pb_row_fullwidth et_pb_row_fullwidth et_pb_row_fullwidth et_pb_row_fullwidth et_pb_row_fullwidth et_pb_row_fullwidth et_pb_row_fullwidth et_pb_row_fullwidth et_pb_row_fullwidth et_pb_row_fullwidth et_pb_row_fullwidth et_pb_row_fullwidth et_pb_row_fullwidth et_pb_row_fullwidth et_pb_row_fullwidth et_pb_row_fullwidth et_pb_row_fullwidth et_pb_row_fullwidth et_pb_row_fullwidth et_pb_row_fullwidth&#8221; _builder_version=&#8221;3.22.3&#8243; box_shadow_style=&#8221;preset3&#8243; box_shadow_horizontal=&#8221;10px&#8221; width=&#8221;100%&#8221; width_tablet=&#8221;100%&#8221; width_last_edited=&#8221;on|desktop&#8221; max_width=&#8221;100%&#8221; max_width_tablet=&#8221;100%&#8221; max_width_last_edited=&#8221;on|desktop&#8221; module_alignment=&#8221;center&#8221; z_index_tablet=&#8221;500&#8243; make_fullwidth=&#8221;on&#8221;][et_pb_column type=&#8221;1_5&#8243; _builder_version=&#8221;3.0.47&#8243;][et_pb_code admin_label=&#8221;fecha 3\/11&#8243; module_class=&#8221;fecha-evento&#8221; _builder_version=&#8221;3.22.7&#8243; z_index_tablet=&#8221;500&#8243;]Nov<!\u2013- [et_pb_br_holder] -\u2013><!-- [et_pb_line_break_holder] -->3[\/et_pb_code][\/et_pb_column][et_pb_column type=&#8221;3_5&#8243; _builder_version=&#8221;3.0.47&#8243;][et_pb_text admin_label=&#8221;Ingreso Jos\u00e9 Antonio Segarra Torres&#8221; _builder_version=&#8221;3.22.7&#8243; z_index_tablet=&#8221;500&#8243;]<\/p>\n<div>\n<div>\n<h3><strong>Ingr\u00e9s com a Acad\u00e8mic Numerari: <a href=\"https:\/\/raed.academy\/ca\/academics\/dr-jose-antonio-segarra-torres\/\" target=\"_blank\" rel=\"noopener noreferrer\">Jos\u00e9 Antonio Segarra Torres<\/a><\/strong><\/h3>\n<div>Discurs d&#8217;ingr\u00e9s: <a href=\"https:\/\/raed.academy\/wp-content\/uploads\/2016\/11\/La-empresa-social-compitiendo.pdf\" target=\"_blank\" rel=\"noopener noreferrer\">La empresa social compitiendo en el mercado: principios de buen gobierno<\/a> <br \/>Discurs de contestaci\u00f3: <a href=\"https:\/\/raed.academy\/ca\/academics\/miguel-angel-gallo-laguna-de-rins\/\" target=\"_blank\" rel=\"noopener noreferrer\">Miguel Angel Gallo Laguna de Rins<\/a><\/div>\n<div>\u00a0<\/div>\n<div><strong>Data: 03.11.2016<\/strong><\/div>\n<div>\u00a0<\/div>\n<\/div>\n<\/div>\n<div>\u00a0<\/div>\n<p>[\/et_pb_text][\/et_pb_column][et_pb_column type=&#8221;1_5&#8243; _builder_version=&#8221;3.0.47&#8243;][et_pb_image src=&#8221;https:\/\/raed.academy\/wp-content\/uploads\/2016\/11\/9791-015.jpg&#8221; show_in_lightbox=&#8221;on&#8221; use_overlay=&#8221;on&#8221; overlay_icon_color=&#8221;#6b5d38&#8243; align=&#8221;center&#8221; force_fullwidth=&#8221;on&#8221; _builder_version=&#8221;3.22.7&#8243; border_radii=&#8221;on|4px|4px|4px|4px&#8221; box_shadow_style=&#8221;preset2&#8243; box_shadow_horizontal=&#8221;12px&#8221; box_shadow_vertical=&#8221;12px&#8221; module_alignment=&#8221;center&#8221; custom_margin=&#8221;10px|||&#8221; custom_margin_tablet=&#8221;25px|||&#8221; custom_margin_last_edited=&#8221;on|desktop&#8221; z_index_tablet=&#8221;500&#8243;][\/et_pb_image][\/et_pb_column][\/et_pb_row][et_pb_row use_custom_gutter=&#8221;on&#8221; gutter_width=&#8221;1&#8243; custom_padding=&#8221;||35px|&#8221; make_equal=&#8221;on&#8221; custom_padding_last_edited=&#8221;on|desktop&#8221; padding_right_2=&#8221;45px&#8221; padding_right_3=&#8221;20px&#8221; padding_bottom_1=&#8221;25px&#8221; padding_left_1=&#8221;20px&#8221; padding_2_tablet=&#8221;|20px||&#8221; padding_1_phone=&#8221;||25px|10px&#8221; padding_1_last_edited=&#8221;on|phone&#8221; padding_2_last_edited=&#8221;on|phone&#8221; padding_3_last_edited=&#8221;on|phone&#8221; module_id=&#8221;1601&#8243; module_class=&#8221;evento et_pb_row_fullwidth et_pb_row_fullwidth et_pb_row_fullwidth et_pb_row_fullwidth et_pb_row_fullwidth et_pb_row_fullwidth et_pb_row_fullwidth et_pb_row_fullwidth et_pb_row_fullwidth et_pb_row_fullwidth et_pb_row_fullwidth et_pb_row_fullwidth et_pb_row_fullwidth et_pb_row_fullwidth et_pb_row_fullwidth et_pb_row_fullwidth et_pb_row_fullwidth et_pb_row_fullwidth et_pb_row_fullwidth et_pb_row_fullwidth et_pb_row_fullwidth et_pb_row_fullwidth et_pb_row_fullwidth et_pb_row_fullwidth et_pb_row_fullwidth et_pb_row_fullwidth&#8221; _builder_version=&#8221;3.22.3&#8243; box_shadow_style=&#8221;preset3&#8243; box_shadow_horizontal=&#8221;10px&#8221; width=&#8221;100%&#8221; width_tablet=&#8221;100%&#8221; width_last_edited=&#8221;on|desktop&#8221; max_width=&#8221;100%&#8221; max_width_tablet=&#8221;100%&#8221; max_width_last_edited=&#8221;on|desktop&#8221; module_alignment=&#8221;center&#8221; z_index_tablet=&#8221;500&#8243; make_fullwidth=&#8221;on&#8221;][et_pb_column type=&#8221;1_5&#8243; _builder_version=&#8221;3.0.47&#8243;][et_pb_code admin_label=&#8221;fecha 8\/11&#8243; module_class=&#8221;fecha-evento&#8221; _builder_version=&#8221;3.22.7&#8243; z_index_tablet=&#8221;500&#8243;]Nov<!\u2013- [et_pb_br_holder] -\u2013><!-- [et_pb_line_break_holder] -->8[\/et_pb_code][\/et_pb_column][et_pb_column type=&#8221;3_5&#8243; _builder_version=&#8221;3.0.47&#8243;][et_pb_text admin_label=&#8221;Ingreso Jorge Bachs Ferrer&#8221; _builder_version=&#8221;3.22.7&#8243; z_index_tablet=&#8221;500&#8243;]<\/p>\n<div>\n<div>\n<h3><strong>Ingr\u00e9s com a Acad\u00e8mic Corresponent: <a href=\"https:\/\/raed.academy\/ca\/academics\/dr-jorge-bachs-ferrer\/\" target=\"_blank\" rel=\"noopener noreferrer\">Jorge Bachs Ferrer<\/a><\/strong><\/h3>\n<div>Discurs d&#8217;ingr\u00e9s: <a href=\"https:\/\/raed.academy\/wp-content\/uploads\/2016\/11\/La-empresa-social-compitiendo.pdf\" target=\"_blank\" rel=\"noopener noreferrer\">Incertidumbre y neurociencias: pilares en la adopci\u00f3n de decisiones<\/a> <br \/>Discurs de contestaci\u00f3: <a href=\"https:\/\/raed.academy\/ca\/academics\/dr-jaime-gil-aluja\/\" target=\"_blank\" rel=\"noopener noreferrer\">Jaume Gil Aluja<\/a><\/div>\n<div>\u00a0<\/div>\n<div><strong>Data: 08.11.2016<\/strong><\/div>\n<div>\u00a0<\/div>\n<\/div>\n<\/div>\n<div>\u00a0<\/div>\n<p>[\/et_pb_text][\/et_pb_column][et_pb_column type=&#8221;1_5&#8243; _builder_version=&#8221;3.0.47&#8243;][et_pb_image src=&#8221;https:\/\/raed.academy\/wp-content\/uploads\/2016\/11\/9792-019.jpg&#8221; show_in_lightbox=&#8221;on&#8221; use_overlay=&#8221;on&#8221; overlay_icon_color=&#8221;#6b5d38&#8243; align=&#8221;center&#8221; force_fullwidth=&#8221;on&#8221; _builder_version=&#8221;3.22.7&#8243; border_radii=&#8221;on|4px|4px|4px|4px&#8221; box_shadow_style=&#8221;preset2&#8243; box_shadow_horizontal=&#8221;12px&#8221; box_shadow_vertical=&#8221;12px&#8221; module_alignment=&#8221;center&#8221; custom_margin=&#8221;10px|||&#8221; custom_margin_tablet=&#8221;25px|||&#8221; custom_margin_last_edited=&#8221;on|desktop&#8221; z_index_tablet=&#8221;500&#8243;][\/et_pb_image][\/et_pb_column][\/et_pb_row][et_pb_row use_custom_gutter=&#8221;on&#8221; gutter_width=&#8221;1&#8243; custom_padding=&#8221;||35px|&#8221; make_equal=&#8221;on&#8221; custom_padding_last_edited=&#8221;on|desktop&#8221; padding_right_2=&#8221;45px&#8221; padding_right_3=&#8221;20px&#8221; padding_bottom_1=&#8221;25px&#8221; padding_left_1=&#8221;20px&#8221; padding_2_tablet=&#8221;|20px||&#8221; padding_1_phone=&#8221;||25px|10px&#8221; padding_1_last_edited=&#8221;on|phone&#8221; padding_2_last_edited=&#8221;on|phone&#8221; padding_3_last_edited=&#8221;on|phone&#8221; module_id=&#8221;1601&#8243; module_class=&#8221;evento et_pb_row_fullwidth et_pb_row_fullwidth et_pb_row_fullwidth et_pb_row_fullwidth et_pb_row_fullwidth et_pb_row_fullwidth et_pb_row_fullwidth et_pb_row_fullwidth et_pb_row_fullwidth et_pb_row_fullwidth et_pb_row_fullwidth et_pb_row_fullwidth et_pb_row_fullwidth et_pb_row_fullwidth et_pb_row_fullwidth et_pb_row_fullwidth et_pb_row_fullwidth et_pb_row_fullwidth et_pb_row_fullwidth et_pb_row_fullwidth et_pb_row_fullwidth et_pb_row_fullwidth et_pb_row_fullwidth et_pb_row_fullwidth et_pb_row_fullwidth et_pb_row_fullwidth&#8221; _builder_version=&#8221;3.22.3&#8243; box_shadow_style=&#8221;preset3&#8243; box_shadow_horizontal=&#8221;10px&#8221; width=&#8221;100%&#8221; width_tablet=&#8221;100%&#8221; width_last_edited=&#8221;on|desktop&#8221; max_width=&#8221;100%&#8221; max_width_tablet=&#8221;100%&#8221; max_width_last_edited=&#8221;on|desktop&#8221; module_alignment=&#8221;center&#8221; z_index_tablet=&#8221;500&#8243; make_fullwidth=&#8221;on&#8221;][et_pb_column type=&#8221;1_5&#8243; _builder_version=&#8221;3.0.47&#8243;][et_pb_code admin_label=&#8221;fecha 29\/11&#8243; module_class=&#8221;fecha-evento&#8221; _builder_version=&#8221;3.22.7&#8243; z_index_tablet=&#8221;500&#8243;]Nov<!\u2013- [et_pb_br_holder] -\u2013><!-- [et_pb_line_break_holder] -->29[\/et_pb_code][\/et_pb_column][et_pb_column type=&#8221;3_5&#8243; _builder_version=&#8221;3.0.47&#8243;][et_pb_text admin_label=&#8221;Ingreso Jos\u00e9 Luis Nueno Iniesta&#8221; _builder_version=&#8221;3.22.7&#8243; z_index_tablet=&#8221;500&#8243;]<\/p>\n<h3><strong>Ingr\u00e9s com a Acad\u00e8mic Numerari: <a href=\"https:\/\/raed.academy\/ca\/academics\/dr-jose-luis-nueno-iniesta\/\" target=\"_blank\" rel=\"noopener noreferrer\">Jos\u00e9 Luis Nueno Iniesta<\/a><\/strong><\/h3>\n<p>Discurs d&#8217;ingr\u00e9s: <a href=\"https:\/\/raed.academy\/wp-content\/uploads\/2016\/12\/Web_LibroRAED_Nueno48.pdf\" target=\"_blank\" rel=\"noopener noreferrer\">\u00bfPuede el marketing salvar al mundo?<\/a> <br \/>Discurs de contestaci\u00f3: <a href=\"https:\/\/raed.academy\/ca\/academics\/miguel-angel-gallo-laguna-de-rins\/\" target=\"_blank\" rel=\"noopener noreferrer\">Miguel \u00c1ngel Gallo Laguna de Rins<\/a><\/p>\n<p><strong>Data: 29.11.2016<\/strong><\/p>\n<p>[\/et_pb_text][\/et_pb_column][et_pb_column type=&#8221;1_5&#8243; _builder_version=&#8221;3.0.47&#8243;][et_pb_image src=&#8221;https:\/\/raed.academy\/wp-content\/uploads\/2016\/12\/dr-jose-luis-nueno-iniesta-2.jpg&#8221; show_in_lightbox=&#8221;on&#8221; use_overlay=&#8221;on&#8221; overlay_icon_color=&#8221;#6b5d38&#8243; align=&#8221;center&#8221; force_fullwidth=&#8221;on&#8221; _builder_version=&#8221;3.22.7&#8243; border_radii=&#8221;on|4px|4px|4px|4px&#8221; box_shadow_style=&#8221;preset2&#8243; box_shadow_horizontal=&#8221;12px&#8221; box_shadow_vertical=&#8221;12px&#8221; module_alignment=&#8221;center&#8221; custom_margin=&#8221;10px|||&#8221; custom_margin_tablet=&#8221;25px|||&#8221; custom_margin_last_edited=&#8221;on|desktop&#8221; z_index_tablet=&#8221;500&#8243;][\/et_pb_image][\/et_pb_column][\/et_pb_row][et_pb_row _builder_version=&#8221;3.22.3&#8243;][et_pb_column type=&#8221;4_4&#8243; _builder_version=&#8221;3.0.47&#8243;][et_pb_text admin_label=&#8221;Texto &#8211; DESEMBRE 2016&#8243; _builder_version=&#8221;3.22.7&#8243; z_index_tablet=&#8221;500&#8243;]<\/p>\n<h2>DESEMBRE 2016<\/h2>\n<p>[\/et_pb_text][\/et_pb_column][\/et_pb_row][et_pb_row use_custom_gutter=&#8221;on&#8221; gutter_width=&#8221;1&#8243; custom_padding=&#8221;||35px|&#8221; make_equal=&#8221;on&#8221; custom_padding_last_edited=&#8221;on|desktop&#8221; padding_right_2=&#8221;45px&#8221; padding_right_3=&#8221;20px&#8221; padding_bottom_1=&#8221;25px&#8221; padding_2_tablet=&#8221;|20px||&#8221; padding_1_last_edited=&#8221;off|phone&#8221; padding_2_last_edited=&#8221;on|desktop&#8221; padding_3_last_edited=&#8221;on|phone&#8221; module_id=&#8221;1001&#8243; module_class=&#8221;evento et_pb_row_fullwidth et_pb_row_fullwidth et_pb_row_fullwidth&#8221; _builder_version=&#8221;3.22.4&#8243; box_shadow_style=&#8221;preset3&#8243; box_shadow_horizontal=&#8221;10px&#8221; width=&#8221;100%&#8221; width_tablet=&#8221;100%&#8221; width_last_edited=&#8221;on|desktop&#8221; max_width=&#8221;100%&#8221; max_width_tablet=&#8221;100%&#8221; max_width_last_edited=&#8221;on|desktop&#8221; module_alignment=&#8221;center&#8221; z_index_tablet=&#8221;500&#8243; make_fullwidth=&#8221;on&#8221;][et_pb_column type=&#8221;1_5&#8243; _builder_version=&#8221;3.0.47&#8243;][et_pb_code admin_label=&#8221;fecha 19\/12&#8243; module_class=&#8221;fecha-evento&#8221; _builder_version=&#8221;3.22.7&#8243; z_index_tablet=&#8221;500&#8243;]Des<!\u2013- [et_pb_br_holder] -\u2013><!-- [et_pb_line_break_holder] -->19[\/et_pb_code][\/et_pb_column][et_pb_column type=&#8221;3_5&#8243; _builder_version=&#8221;3.0.47&#8243;][et_pb_text admin_label=&#8221;Miguel de Cervantes&#8221; _builder_version=&#8221;3.22.7&#8243; z_index_tablet=&#8221;500&#8243;]<\/p>\n<p><strong>Els debats de la Reial Academia Europea de Doctores<\/strong> <strong> Cicle de confer\u00e8ncies: \u201cPersonatges de la historia\u201d<\/strong><\/p>\n<p>1\u00aa Confer\u00e8ncia: IV Centenari de la mort de Miguel de Cervantes<\/p>\n<p>Ponents:<\/p>\n<ul>\n<li><a href=\"https:\/\/raed.academy\/ca\/academics\/dr-xabier-anoveros-trias-de-bes\/\" target=\"_blank\" rel=\"noopener noreferrer\">Xabier A\u00f1overos<\/a>, Acad\u00e8mic Numerari de RAED<\/li>\n<li><a href=\"https:\/\/raed.academy\/ca\/academics\/dr-joan-francesc-pont-clemente\/\" target=\"_blank\" rel=\"noopener noreferrer\">Joan-Francesc Pont<\/a>, Acad\u00e8mic Numerari de RAED<\/li>\n<li><a href=\"https:\/\/raed.academy\/ca\/academics\/dr-ismail-serageldin\/\" target=\"_blank\" rel=\"noopener noreferrer\">Ismail Serageldin<\/a>, PhD. Harvard University, Director de la Biblioteca de Alexandria<\/li>\n<li>Jordi Gracia, Catedr\u00e0tic de Literatura Espanyola, UB<\/li>\n<\/ul>\n<p>Moderadora: <a href=\"https:\/\/raed.academy\/ca\/academics\/rosalia-arteaga-2\/\" target=\"_blank\" rel=\"noopener noreferrer\">Rosal\u00eda Arteaga<\/a>, Dra. en Jurisprud\u00e8ncia y en antropologia y expresidenta Constitucional de l\u00b4Equador.<\/p>\n<p><strong>Data: 19.12.2016<\/strong><\/p>\n<p>[\/et_pb_text][\/et_pb_column][et_pb_column type=&#8221;1_5&#8243; _builder_version=&#8221;3.0.47&#8243;][et_pb_image src=&#8221;https:\/\/raed.academy\/wp-content\/uploads\/2016\/12\/Cervantes-3-1.jpg&#8221; show_in_lightbox=&#8221;on&#8221; use_overlay=&#8221;on&#8221; overlay_icon_color=&#8221;#6b5d38&#8243; align=&#8221;center&#8221; force_fullwidth=&#8221;on&#8221; _builder_version=&#8221;3.22.7&#8243; border_radii=&#8221;on|4px|4px|4px|4px&#8221; box_shadow_style=&#8221;preset2&#8243; box_shadow_horizontal=&#8221;12px&#8221; box_shadow_vertical=&#8221;12px&#8221; module_alignment=&#8221;center&#8221; custom_margin=&#8221;10px|||&#8221; custom_margin_tablet=&#8221;25px|||&#8221; custom_margin_last_edited=&#8221;on|desktop&#8221; z_index_tablet=&#8221;500&#8243;][\/et_pb_image][\/et_pb_column][\/et_pb_row][et_pb_row use_custom_gutter=&#8221;on&#8221; gutter_width=&#8221;1&#8243; custom_padding=&#8221;||35px|&#8221; make_equal=&#8221;on&#8221; custom_padding_last_edited=&#8221;on|desktop&#8221; padding_right_2=&#8221;45px&#8221; padding_right_3=&#8221;20px&#8221; padding_bottom_1=&#8221;25px&#8221; padding_left_1=&#8221;20px&#8221; padding_2_tablet=&#8221;|20px||&#8221; padding_1_phone=&#8221;||25px|10px&#8221; padding_1_last_edited=&#8221;on|phone&#8221; padding_2_last_edited=&#8221;on|phone&#8221; padding_3_last_edited=&#8221;on|phone&#8221; module_id=&#8221;1601&#8243; module_class=&#8221;evento et_pb_row_fullwidth et_pb_row_fullwidth et_pb_row_fullwidth et_pb_row_fullwidth et_pb_row_fullwidth et_pb_row_fullwidth et_pb_row_fullwidth et_pb_row_fullwidth et_pb_row_fullwidth et_pb_row_fullwidth et_pb_row_fullwidth et_pb_row_fullwidth et_pb_row_fullwidth et_pb_row_fullwidth et_pb_row_fullwidth et_pb_row_fullwidth et_pb_row_fullwidth et_pb_row_fullwidth et_pb_row_fullwidth et_pb_row_fullwidth et_pb_row_fullwidth et_pb_row_fullwidth et_pb_row_fullwidth et_pb_row_fullwidth et_pb_row_fullwidth et_pb_row_fullwidth&#8221; _builder_version=&#8221;3.22.3&#8243; box_shadow_style=&#8221;preset3&#8243; box_shadow_horizontal=&#8221;10px&#8221; width=&#8221;100%&#8221; width_tablet=&#8221;100%&#8221; width_last_edited=&#8221;on|desktop&#8221; max_width=&#8221;100%&#8221; max_width_tablet=&#8221;100%&#8221; max_width_last_edited=&#8221;on|desktop&#8221; module_alignment=&#8221;center&#8221; z_index_tablet=&#8221;500&#8243; make_fullwidth=&#8221;on&#8221;][et_pb_column type=&#8221;1_5&#8243; _builder_version=&#8221;3.0.47&#8243;][et_pb_code admin_label=&#8221;fecha 20\/12&#8243; module_class=&#8221;fecha-evento&#8221; _builder_version=&#8221;3.22.7&#8243; z_index_tablet=&#8221;500&#8243;]Des<!\u2013- [et_pb_br_holder] -\u2013><!-- [et_pb_line_break_holder] -->20[\/et_pb_code][\/et_pb_column][et_pb_column type=&#8221;3_5&#8243; _builder_version=&#8221;3.0.47&#8243;][et_pb_text admin_label=&#8221;Ingreso como Acad\u00e9micos de Honor&#8221; _builder_version=&#8221;3.22.7&#8243; z_index_tablet=&#8221;500&#8243;]<\/p>\n<p><strong>Ingressos com Acad\u00e8mics de Honor<\/strong><\/p>\n<ul>\n<li><a href=\"https:\/\/raed.academy\/ca\/academics\/dr-aaron-ciechanover\/\" target=\"_blank\" rel=\"noopener noreferrer\">Aaron Ciechanover<\/a>, PhD. En medicina Universitat Hebrea de Jerusalem. Premi Nobel de Qu\u00edmica 2004.<\/li>\n<li><a href=\"https:\/\/raed.academy\/ca\/academics\/dr-josep-maria-gil-vernet-vila\/\" target=\"_blank\" rel=\"noopener noreferrer\">Josep Mari Gil- Vernet<\/a>, Doctor en medicina i cirurgia. Catedr\u00e0tic em\u00e8rit de urologia UB.<\/li>\n<li><a href=\"https:\/\/raed.academy\/ca\/academics\/dr-bjorn-nilsson\/\" target=\"_blank\" rel=\"noopener noreferrer\">Bj\u00f6rn O. Nilsson<\/a>, PhD en Bioqu\u00edmica. KTH Estocolm. President de la Real Academia Sueca de Ci\u00e8ncies de l&#8217;Enginyeria.<\/li>\n<li><a href=\"https:\/\/raed.academy\/ca\/academics\/dr-ismail-serageldin\/\" target=\"_blank\" rel=\"noopener noreferrer\">Ismail Serageldin<\/a>, PhD. Harvard University Director de la Biblioteca de Alexandria.<\/li>\n<\/ul>\n<p><strong>Data: 20.12.2016<\/strong><\/p>\n<p>[\/et_pb_text][\/et_pb_column][et_pb_column type=&#8221;1_5&#8243; _builder_version=&#8221;3.0.47&#8243;][et_pb_gallery gallery_ids=&#8221;21248,21521,21418,21455&#8243; posts_number=&#8221;1&#8243; _builder_version=&#8221;3.22.7&#8243; z_index_tablet=&#8221;500&#8243;][\/et_pb_gallery][\/et_pb_column][\/et_pb_row][et_pb_row use_custom_gutter=&#8221;on&#8221; gutter_width=&#8221;1&#8243; custom_padding=&#8221;||35px|&#8221; make_equal=&#8221;on&#8221; custom_padding_last_edited=&#8221;on|desktop&#8221; padding_right_2=&#8221;45px&#8221; padding_right_3=&#8221;20px&#8221; padding_bottom_1=&#8221;25px&#8221; padding_left_1=&#8221;20px&#8221; padding_2_tablet=&#8221;|20px||&#8221; padding_1_phone=&#8221;||25px|10px&#8221; padding_1_last_edited=&#8221;on|phone&#8221; padding_2_last_edited=&#8221;on|phone&#8221; padding_3_last_edited=&#8221;on|phone&#8221; module_id=&#8221;1601&#8243; module_class=&#8221;evento et_pb_row_fullwidth et_pb_row_fullwidth et_pb_row_fullwidth et_pb_row_fullwidth et_pb_row_fullwidth et_pb_row_fullwidth et_pb_row_fullwidth et_pb_row_fullwidth et_pb_row_fullwidth et_pb_row_fullwidth et_pb_row_fullwidth et_pb_row_fullwidth et_pb_row_fullwidth et_pb_row_fullwidth et_pb_row_fullwidth et_pb_row_fullwidth et_pb_row_fullwidth et_pb_row_fullwidth et_pb_row_fullwidth et_pb_row_fullwidth et_pb_row_fullwidth et_pb_row_fullwidth et_pb_row_fullwidth et_pb_row_fullwidth et_pb_row_fullwidth et_pb_row_fullwidth&#8221; _builder_version=&#8221;3.22.3&#8243; box_shadow_style=&#8221;preset3&#8243; box_shadow_horizontal=&#8221;10px&#8221; width=&#8221;100%&#8221; width_tablet=&#8221;100%&#8221; width_last_edited=&#8221;on|desktop&#8221; max_width=&#8221;100%&#8221; max_width_tablet=&#8221;100%&#8221; max_width_last_edited=&#8221;on|desktop&#8221; module_alignment=&#8221;center&#8221; z_index_tablet=&#8221;500&#8243; make_fullwidth=&#8221;on&#8221;][et_pb_column type=&#8221;1_5&#8243; _builder_version=&#8221;3.0.47&#8243;][et_pb_code admin_label=&#8221;fecha 29\/12&#8243; module_class=&#8221;fecha-evento&#8221; _builder_version=&#8221;3.22.7&#8243; z_index_tablet=&#8221;500&#8243;]Des<!\u2013- [et_pb_br_holder] -\u2013><!-- [et_pb_line_break_holder] -->29[\/et_pb_code][\/et_pb_column][et_pb_column type=&#8221;3_5&#8243; _builder_version=&#8221;3.0.47&#8243;][et_pb_text admin_label=&#8221;Ingreso Ferran Guedea Edo&#8221; _builder_version=&#8221;3.22.7&#8243; z_index_tablet=&#8221;500&#8243;]<\/p>\n<div>\n<h3><strong>Ingr\u00e9s com a Acad\u00e8mic Numerari: <a href=\"https:\/\/raed.academy\/ca\/academics\/dr-ferran-guedea-edo\/\" target=\"_blank\" rel=\"noopener noreferrer\">Ferran Guedea Edo<\/a><\/strong><\/h3>\n<div>Discurs d&#8217;ingr\u00e9s: Calidad de vida de los pacientes afectos de c\u00e1ncer de pr\u00f3stata seg\u00fan el tratamiento realizado. <br \/>Discurs de contestaci\u00f3: <a href=\"https:\/\/raed.academy\/ca\/academics\/dr-albert-biete-sola\/\" target=\"_blank\" rel=\"noopener noreferrer\">Albert Biete Sol\u00e0<\/a><\/div>\n<div>\u00a0<\/div>\n<div><strong>Data: 29.12.2016<\/strong><\/div>\n<div>\u00a0<\/div>\n<\/div>\n<div>\u00a0<\/div>\n<p>[\/et_pb_text][\/et_pb_column][et_pb_column type=&#8221;1_5&#8243; _builder_version=&#8221;3.0.47&#8243;][et_pb_image src=&#8221;https:\/\/raed.academy\/wp-content\/uploads\/2017\/01\/Dr-Ferran-Guedea-Edo-eng.jpg&#8221; show_in_lightbox=&#8221;on&#8221; use_overlay=&#8221;on&#8221; overlay_icon_color=&#8221;#6b5d38&#8243; align=&#8221;center&#8221; force_fullwidth=&#8221;on&#8221; _builder_version=&#8221;3.22.7&#8243; border_radii=&#8221;on|4px|4px|4px|4px&#8221; box_shadow_style=&#8221;preset2&#8243; box_shadow_horizontal=&#8221;12px&#8221; box_shadow_vertical=&#8221;12px&#8221; module_alignment=&#8221;center&#8221; custom_margin=&#8221;10px|||&#8221; custom_margin_tablet=&#8221;25px|||&#8221; custom_margin_last_edited=&#8221;on|desktop&#8221; z_index_tablet=&#8221;500&#8243;][\/et_pb_image][\/et_pb_column][\/et_pb_row][et_pb_row use_custom_gutter=&#8221;on&#8221; gutter_width=&#8221;1&#8243; make_equal=&#8221;on&#8221; module_class=&#8221; et_pb_row_fullwidth et_pb_row_fullwidth et_pb_row_fullwidth paginacion&#8221; _builder_version=&#8221;3.22.7&#8243; width=&#8221;100%&#8221; width_last_edited=&#8221;on|phone&#8221; max_width=&#8221;100%&#8221; max_width_tablet=&#8221;80%&#8221; max_width_last_edited=&#8221;on|desktop&#8221; module_alignment=&#8221;center&#8221; z_index_tablet=&#8221;500&#8243; make_fullwidth=&#8221;on&#8221;][et_pb_column type=&#8221;1_4&#8243; _builder_version=&#8221;3.0.47&#8243;][et_pb_code admin_label=&#8221;Paginaci\u00f3n 2015&#8243; module_id=&#8221;eventos&#8221; module_class=&#8221;pgAnterior&#8221; _builder_version=&#8221;3.22.7&#8243; text_orientation=&#8221;center&#8221; z_index_tablet=&#8221;500&#8243;]<a href=\"https:\/\/raed.academy\/ca\/historial-2015\/\"><i class=\"fas fa-chevron-left\"><\/i> ACTIVIDADES 2015<\/a><!-- [et_pb_line_break_holder] -->[\/et_pb_code][\/et_pb_column][et_pb_column type=&#8221;1_4&#8243; _builder_version=&#8221;3.0.47&#8243;][\/et_pb_column][et_pb_column type=&#8221;1_4&#8243; _builder_version=&#8221;3.0.47&#8243;][\/et_pb_column][et_pb_column type=&#8221;1_4&#8243; _builder_version=&#8221;3.0.47&#8243;][et_pb_code admin_label=&#8221;Paginaci\u00f3n 2017&#8243; module_class=&#8221;pgSiguiente&#8221; _builder_version=&#8221;3.22.7&#8243; text_orientation=&#8221;center&#8221; z_index_tablet=&#8221;500&#8243;]<a href=\"https:\/\/raed.academy\/ca\/historial-2017\/\"> ACTIVIDADES 2017 <i class=\"fas fa-chevron-right\"><\/i><\/a>[\/et_pb_code][\/et_pb_column][\/et_pb_row][\/et_pb_section]<\/p>\n","protected":false},"excerpt":{"rendered":"<p>Historial d&#8217;activitats 2016 GENER 2016 Ingr\u00e9s com a Acad\u00e8mic Numerari: Salvador de Broc\u00e0 Tella Discurs d&#8217;ingr\u00e9s: Reflexi\u00f3 entorn el barroc Discurs de contestaci\u00f3: Josep Gil Ribas Data: 12.01.2016 Ingr\u00e9s com a Acad\u00e8mic Numerari: Josep Ignasi Saranyana i Closa Discurs d&#8217;ingr\u00e9s: Filosofia i Teologia a Inserta Gl\u00f2ria. Joan Sales repensa mig segle de cultura catalana Discurs [&hellip;]<\/p>\n","protected":false},"author":16,"featured_media":0,"parent":34041,"menu_order":0,"comment_status":"closed","ping_status":"closed","template":"page-template-fullwidth.php","meta":{"_et_pb_use_builder":"on","_et_pb_old_content":"<hr \/><div class=\"paginacion\"><a class=\"pgSiguiente\" href=\"http:\/\/raed.academy\/historial-2017\/\">ACTIVIDADES 2017 \u276f<\/a><a class=\"pgAnterior\" href=\"http:\/\/raed.academy\/historial-2015\/\">\u276e ACTIVIDADES 2015<\/a><\/div><div id=\"actividades2016\"><h2>ENERO 2016<\/h2><h3>Ingreso como Acad\u00e9mico de N\u00famero: <a href=\"http:\/\/raed.academy\/academicos\/dr-salvador-de-broca\/\" target=\"_blank\" rel=\"noopener noreferrer\">Salvador de Broc\u00e0 Tella<\/a><\/h3><p>Discurso de ingreso: <a href=\"http:\/\/raed.academy\/wp-content\/uploads\/2016\/01\/72884_RAD_Broca_31Web.pdf\" target=\"_blank\" rel=\"noopener noreferrer\">Reflexi\u00f3 entorn el barroc<\/a><br \/>Discurso de contestaci\u00f3n: <a href=\"http:\/\/raed.academy\/academicos\/dr-josep-gil-ribas\/\" target=\"_blank\" rel=\"noopener noreferrer\"><strong>Josep Gil Ribas<\/strong><\/a><\/p><p><strong>Fecha: 12.01.2016<\/strong><\/p><h3>Ingreso como Acad\u00e9mico de N\u00famero: <a href=\"http:\/\/raed.academy\/academicos\/dr-josep-ignasi-saranyana-closa\/\" target=\"_blank\" rel=\"noopener noreferrer\">Josep Ignasi Saranyana Closa<\/a><\/h3><p>Discurso de ingreso: <a href=\"http:\/\/raed.academy\/wp-content\/uploads\/2015\/06\/Llibre-web.pdf\" target=\"_blank\" rel=\"noopener noreferrer\">Filosofia i Teologia a Inserta Gl\u00f2ria. Joan Sales repensa mig segle de cultura catalana<\/a><br \/>Discurso de contestaci\u00f3n: <strong><a href=\"http:\/\/raed.academy\/academicos\/dr-francesc-torralba-rosello\/\" target=\"_blank\" rel=\"noopener noreferrer\">Francesc Torralba Rosell\u00f3<\/a><\/strong><\/p><p><strong>Fecha: 28. 01.2016<\/strong><\/p><h2>FEBRERO 2016<\/h2><h3>Ingreso como Acad\u00e9mico de N\u00famero: <a href=\"http:\/\/raed.academy\/academicos\/miguel-a-gallo-laguna-de-rins\/\" target=\"_blank\" rel=\"noopener noreferrer\">Miguel \u00c1ngel Gallo Laguna de Rins<\/a><\/h3><p>Discurso de ingreso: <a href=\"http:\/\/raed.academy\/wp-content\/uploads\/2016\/03\/73229_RAD-DRGallo_33Web.pdf\" target=\"_blank\" rel=\"noopener noreferrer\">Empresa Familiar: \u00bfSucesi\u00f3n? \u00bfConvivencia generacional?<\/a><br \/>Discurso de contestaci\u00f3n: <a href=\"http:\/\/raed.academy\/academicos\/dr-pedro-claros-blanch\/\" target=\"_blank\" rel=\"noopener noreferrer\"><strong>Pedro Clar\u00f3s Blanch<\/strong><\/a><\/p><p><strong>Fecha: 16.02.2016<\/strong><\/p><h3>Ingreso como Acad\u00e9mico de N\u00famero: <a href=\"http:\/\/raed.academy\/academicos\/dr-antoni-duran-sindreu-buxade\/\" target=\"_blank\" rel=\"noopener noreferrer\">Antoni Dur\u00e1n-Sindreu Buxad\u00e9<\/a><\/h3><p><a href=\"http:\/\/raed.academy\/wp-content\/uploads\/2016\/03\/RAEDDuranSindreu34_Web.pdf\" target=\"_blank\" rel=\"noopener noreferrer\">Reflexiones y alternativas en torno a un modelo fiscal agotado<\/a><br \/>Discurso de contestaci\u00f3n: <a href=\"http:\/\/raed.academy\/academicos\/dr-joan-francesc-pont-clemente\/\" target=\"_blank\" rel=\"noopener noreferrer\"><strong>Joan-Francesc Pont Clemente<\/strong><\/a><\/p><p><strong>Fecha: 23.02.2016<\/strong><\/p><p>Ingreso como Acad\u00e9mico de N\u00famero: <a href=\"http:\/\/raed.academy\/academicos\/antonio-pulido-gutierrez-3\/\" target=\"_blank\" rel=\"noopener noreferrer\">Antonio Pulido Guti\u00e9rrez<\/a><br \/><a href=\"http:\/\/raed.academy\/wp-content\/uploads\/2015\/06\/RAED-Pulido_35_Web-antonio-pulido.pdf\" target=\"_blank\" rel=\"noopener noreferrer\">La figura del emprendedor y el concepto del emprendimiento<\/a><br \/>Discurso de contestaci\u00f3n: <a href=\"http:\/\/raed.academy\/academicos\/dr-jose-daniel-barquero-cabrero\/\" target=\"_blank\" rel=\"noopener noreferrer\">Jos\u00e9 Daniel Barquero Cabrero<\/a><\/p><p><strong>Fecha: 25.02.2016<\/strong><\/p><h2>MARZO 2016<\/h2><p><strong>Fecha: 08.03.2016<\/strong><strong>Sesi\u00f3n Acad\u00e9mica de la Secci\u00f3n de Ciencias de la Salud<\/strong><br \/>Unidades caninas en odorologia. Aplicaciones actuales y nuevas perspectivas<br \/>Presentaci\u00f3n: <a href=\"http:\/\/raed.academy\/academicos\/dra-m-dels-angels-calvo-torras\/\" target=\"_blank\" rel=\"noopener noreferrer\">M. dels \u00c0ngels Calvo Torres<\/a><br \/>Ponente: Lluis Pons Anglada<\/p><p><strong>Fecha: 15.03.2016<\/strong><strong>Ingreso como Acad\u00e9mico de N\u00famero: <a href=\"http:\/\/raed.academy\/academicos\/juan-carlos-garcia-valdecasas-salgado\/\" target=\"_blank\" rel=\"noopener noreferrer\">Juan Carlos Garc\u00eda-Valdecasas Salgado<\/a><\/strong><br \/><a href=\"http:\/\/raed.academy\/wp-content\/uploads\/2015\/06\/LibroValdecasas_36_Web.pdf\" target=\"_blank\" rel=\"noopener noreferrer\">La cirug\u00eda digestiva del Siglo XXI<\/a><br \/>Discurso de contestaci\u00f3n: <a href=\"http:\/\/raed.academy\/academicos\/dr-xabier-anoveros-trias-de-bes\/\" target=\"_blank\" rel=\"noopener noreferrer\">Xabier A\u00f1overos Trias de Bes<\/a><\/p><p><strong>Fecha: 31.03.2016<\/strong><strong>Ingreso como Acad\u00e9mico de N\u00famero: <a href=\"http:\/\/raed.academy\/academicos\/dr-alfonso-hernandez-moreno\/\" target=\"_blank\" rel=\"noopener noreferrer\">Alfonso Hern\u00e1ndez-Moreno<\/a><\/strong><br \/><a href=\"http:\/\/raed.academy\/wp-content\/uploads\/2015\/06\/discurso-hernandez-moreno.pdf\" target=\"_blank\" rel=\"noopener noreferrer\">Derecho civil, persona y democracia<\/a><br \/>Discurso de contestaci\u00f3n: <a href=\"http:\/\/raed.academy\/academicos\/dr-joan-francesc-pont-clemente\/\" target=\"_blank\" rel=\"noopener noreferrer\">Joan-Francesc Pont Clemente<\/a>ABRIL 2016<\/p><p><strong>Fecha: 06.04.2016<\/strong><strong>Sesi\u00f3n Acad\u00e9mica de la Secci\u00f3n de Ciencias de la Salud<\/strong><br \/>La odisea de la voz. La voz y la \u00f3pera desde el punto de vista m\u00e9dico-art\u00edstico.<br \/>Presentaci\u00f3n: <a href=\"http:\/\/raed.academy\/academicos\/dra-m-dels-angels-calvo-torras\/\" target=\"_blank\" rel=\"noopener noreferrer\">M. dels \u00c0ngels Calvo Torres<\/a><br \/>Ponentes: <a href=\"http:\/\/raed.academy\/academicos\/dr-pedro-claros-blanch\/\" target=\"_blank\" rel=\"noopener noreferrer\">Pedro Clar\u00f3s Blanch<\/a> i Marcel Gorgori<\/p><p><strong>Fecha: 21.04.2016<\/strong><strong>Sesi\u00f3n Academica de la Secci\u00f3n de Ciencias de la Salud<\/strong><br \/>La bioeconomia, nuevo paradigma de la ciencia<br \/>Presentaci\u00f3n: Dr. Joan-Francesc Pont i <a href=\"http:\/\/raed.academy\/academicos\/dra-m-dels-angels-calvo-torras\/\" target=\"_blank\" rel=\"noopener noreferrer\">Dra. M. dels \u00c0ngels Calvo<\/a><br \/>Ponentes:<\/p><ul><li>La Econom\u00eda ecol\u00f3gica: para una econom\u00eda que haga las paces con el planeta: Dr. Jordi Roca.<\/li><li>Capital natural versus desarrollo sostenible: Sr. Miquel Ventura.<\/li><\/ul><p><strong>Fecha: 26.04.2016<\/strong><strong>Sesi\u00f3n Acad\u00e9mica multidisciplinaria<\/strong><br \/>Accidente nuclear de Chern\u00f3bil: una visi\u00f3n 30 a\u00f1os despu\u00e9s<br \/>Ponentes:<\/p><ul><li>Los efectos sobre la salud inmediata 30 a\u00f1os despu\u00e9s: <a href=\"http:\/\/raed.academy\/academicos\/dr-albert-biete-sola\/\" target=\"_blank\" rel=\"noopener noreferrer\">Albert Biete Sol\u00e0.<\/a><\/li><li>Los efectos sobre el medio animal y microbiana: <a href=\"http:\/\/raed.academy\/academicos\/dra-m-dels-angels-calvo-torras\/\" target=\"_blank\" rel=\"noopener noreferrer\">M. dels Angels Calvo Torras.<\/a><\/li><li>La repuesta gubernamental y la repercusi\u00f3n econ\u00f3mica: <a href=\"http:\/\/raed.academy\/academicos\/dr-oriol-amat-salas\/\" target=\"_blank\" rel=\"noopener noreferrer\">Oriol Amat Salas.<\/a><\/li><li>La visi\u00f3n del ingeniero en el accidente y actuaciones reparativas posteriores: <a href=\"http:\/\/raed.academy\/academicos\/dr-joan-olive-zaforteza\/\" target=\"_blank\" rel=\"noopener noreferrer\">Joan Oliv\u00e9 Zaforteza<\/a><\/li><li>Chern\u00f3bil y Fukushima: La construcci\u00f3n diferencial medi\u00e1tica de una misma realidad: <a href=\"http:\/\/raed.academy\/academicos\/dra-rosmarie-cammany-dorr\/\" target=\"_blank\" rel=\"noopener noreferrer\">Rosmarie Cammany Dorr<\/a><\/li><\/ul><p>MAYO 2016<\/p><p><strong>Fecha: 17.05.2016<\/strong><strong>Ingreso como Acad\u00e9mico de N\u00famero: <a href=\"http:\/\/raed.academy\/academicos\/dr-francisco-javier-tapia-garcia\/\" target=\"_blank\" rel=\"noopener noreferrer\">Francisco Javier Tapia Garc\u00eda<\/a><\/strong><br \/><a href=\"http:\/\/raed.academy\/wp-content\/uploads\/2016\/05\/74524_LibroTapia_38Web-1.pdf\" target=\"_blank\" rel=\"noopener noreferrer\">Entendiendo a Beethoven<\/a><br \/>Discurso de contestaci\u00f3n: <a href=\"http:\/\/raed.academy\/academicos\/dr-pedro-claros-blanch\/\" target=\"_blank\" rel=\"noopener noreferrer\">Pedro Clar\u00f3s Blanch<\/a><\/p><p><strong>Fecha: 26.05.2016<\/strong><strong>Sesi\u00f3n Acad\u00e9mica de la Secci\u00f3n de Ciencias Humanas<\/strong><br \/>Ramon Llull (Palma, 1232 \u2013 Tunis, 1316)<br \/>Presentaci\u00f3n: <a href=\"http:\/\/raed.academy\/academicos\/dr-josep-gil-ribas\/\" target=\"_blank\" rel=\"noopener noreferrer\">Dr. Josep Gil Ribas<\/a><br \/>Ponentes:<\/p><ul><li>La vida de Ramon Llull: Dr. Jordi Gay\u00e0<\/li><li>El arte luliano: Dr. Alenxander Fidora<\/li><li>El pensamiento de Ramon Llull: Dr. Joan Andreu Alcina<\/li><\/ul><p>JUNIO 2016<\/p><p><strong>Fecha: 02.06.2016<\/strong><strong>Ingreso como Acad\u00e9mico de N\u00famero: <a href=\"http:\/\/raed.academy\/academicos\/ramon-cugat-bertomeu\/\" target=\"_blank\" rel=\"noopener noreferrer\">Ramon Cugat Bertomeu<\/a><\/strong><br \/><a href=\"http:\/\/raed.academy\/wp-content\/uploads\/2016\/06\/RAED_Cugat_39WEBOK.pdf\" target=\"_blank\" rel=\"noopener noreferrer\">F\u00fatbol y lesiones de los meniscos<\/a><br \/>Discurso de contestaci\u00f3n: <a href=\"http:\/\/raed.academy\/academicos\/dr-pedro-claros-blanch\/\" target=\"_blank\" rel=\"noopener noreferrer\">Pedro Clar\u00f3s Blanch<\/a><\/p><p><strong>Fecha: 08.06.2016<\/strong><strong>Ingreso como Acad\u00e9micos de Honor<\/strong><br \/>Solemne sesi\u00f3n oficial de recepci\u00f3n como Acad\u00e9micos de Honor de las siguientes personalidades:<\/p><ul><li>Excma. <a href=\"http:\/\/raed.academy\/academicos\/rosalia-arteaga\/\" target=\"_blank\" rel=\"noopener noreferrer\">Sra. Dra. Rosal\u00eda Arteaga<\/a>, Dra. en Jurisprudencia y en antropolog\u00eda y expresidente Constitucional del Ecuador<\/li><li>Excma. <a href=\"http:\/\/raed.academy\/academicos\/leslie-griffith-2\/\" target=\"_blank\" rel=\"noopener noreferrer\">Sra. Dra. Leslie C. Griffith<\/a>, Dra. en biolog\u00eda, Universidad de Stanford. Benjamin and Mae Volen National Center<\/li><li>Excmo. <a href=\"http:\/\/raed.academy\/academicos\/ernesto-kahan-2\/\" target=\"_blank\" rel=\"noopener noreferrer\">Sr. Dr. Ernesto Kahan<\/a>, Dr. en Medicina, premio Albert Schweitzer, 1991. M\u00e9dicos contra la Guerra Nuclear (Premio Nobel de la Paz, 1985)<\/li><li>Excmo. <a href=\"http:\/\/raed.academy\/academicos\/eric-maskin-2\/\" target=\"_blank\" rel=\"noopener noreferrer\">Sr. Dr. Eric Maskin<\/a>, Dr. en Matem\u00e1ticas Aplicadas en la Universidad de Harvard, Profesor de Ciencias Sociales en la Universidad de Princeton, Premio Nobel de Econom\u00eda 2007<\/li><\/ul><p><strong>Fecha: 09.06.2016<\/strong><strong>Consolatio<\/strong> por los siguientes Acad\u00e9micos fallecidos:<br \/>Intervenciones diversos Acad\u00e9micos de la Real Academia Europea de Doctores in memoriam:<\/p><ul><li>Paulino Castells Cuixart (05.01.2015)<\/li><li>Josep Maria Bosch Aymerich (17.02.2015)<\/li><li>Felip Albert Cid (22.05.2015)<\/li><li>Albert Serratosa Palet (21.09.2015)<\/li><li>Andr\u00e9s Clar\u00f3s Dom\u00e9nech (25.07.2015)<\/li><li>Albert Casellas Condom (28.11.2015)<\/li><li>Miquel Duran Pastor (10.04.2016)<\/li><\/ul><p><strong>Fecha: 16.06.2016<\/strong><strong>Sesi\u00f3n Academica de la Secci\u00f3n de Ciencias de la Salud<\/strong><br \/>Medicamentos, genes y efectos terap\u00e9uticos<br \/>Presentaci\u00f3n: <a href=\"http:\/\/raed.academy\/academicos\/dra-m-dels-angels-calvo-torras\/\" target=\"_blank\" rel=\"noopener noreferrer\">Dra. M. dels \u00c0ngels Calvo<\/a>Ponente: Joan Sabater Tobella<\/p><p><strong>Fecha: 30.06.2016<\/strong><strong>Ingreso como Acad\u00e9mico de N\u00famero: <a href=\"http:\/\/raed.academy\/en\/en\/academicians\/dr-santiago-jose-castella-surribas\/\" target=\"_blank\" rel=\"noopener noreferrer\">Santiago Jos\u00e9 Castell\u00e0 Surribas<\/a><\/strong><br \/><a href=\"http:\/\/raed.academy\/wp-content\/uploads\/2016\/07\/RAED_Castella40_Web.pdf\" target=\"_blank\" rel=\"noopener noreferrer\">\u00bfHacia un nuevo derecho de gentes?<\/a><br \/>Discurso de contestaci\u00f3n: <a href=\"http:\/\/raed.academy\/academicos\/dr-joan-francesc-pont-clemente\/\" target=\"_blank\" rel=\"noopener noreferrer\">Joan-Francesc Pont Clemente<\/a>Julio 2016<\/p><p><strong>Fecha: 07.07.2016<\/strong><strong>Ingreso como Acad\u00e9mico de N\u00famero: <a href=\"http:\/\/raed.academy\/academicos\/dr-jordi-marti-pidelaserra\/\" target=\"_blank\" rel=\"noopener noreferrer\">Jordi Mart\u00ed Pidelaserra<\/a><\/strong><br \/><a href=\"http:\/\/raed.academy\/wp-content\/uploads\/2016\/07\/Web_RAED_PidelaSerra_41.pdf\" target=\"_blank\" rel=\"noopener noreferrer\">L\u2019empresa m\u00e9s enll\u00e0 de l\u2019obra est\u00e8tica<\/a><br \/>Discurso de contestaci\u00f3n: <a href=\"http:\/\/raed.academy\/academicos\/dr-jose-luis-salido-banus\/\" target=\"_blank\" rel=\"noopener noreferrer\">Jos\u00e9 Luis Salido Ban\u00fas<\/a><\/p><p><strong>Fecha: 19.07.2016<\/strong><strong>Ingreso como Acad\u00e9mico Correspondiente: <a href=\"http:\/\/raed.academy\/academicos\/dr-frederic-borras-pamies\/\" target=\"_blank\" rel=\"noopener noreferrer\">Frederic Borr\u00e0s P\u00e0mies<\/a><\/strong><br \/><a href=\"http:\/\/raed.academy\/wp-content\/uploads\/2017\/02\/El-reto-de-mejorar-la-calidad-de-la-auditor%C3%ADa.pdf\" target=\"_blank\" rel=\"noopener noreferrer\">El reto de mejorar la calidad de la auditor\u00eda<\/a><br \/>Discurso de contestaci\u00f3n: <a href=\"http:\/\/raed.academy\/academicos\/dr-emili-gironella-masgrau\/\" target=\"_blank\" rel=\"noopener noreferrer\">Emili Gironella Masgrau<\/a>SEPTIEMBRE 2016<\/p><p><strong>Fecha: 15.09.2016<\/strong><b>Los debates de la Real Academia Europea de Doctores<br \/>Ciclo de conferencias \u201cEl futuro de la Uni\u00f3n Europea\u201d<\/b><i>1\u00aa Conferencia: <\/i>El impacto del Brexit en la econom\u00eda espa\u00f1ola y en el resto de pa\u00edses de la UE<br \/>Ponentes:<\/p><ul><li><a href=\"http:\/\/raed.academy\/academicos\/dr-oriol-amat-salas\/\" target=\"_blank\" rel=\"noopener noreferrer\">Oriol Amat Salas<\/a><\/li><li><a href=\"http:\/\/raed.academy\/en\/en\/academicians\/dr-santiago-jose-castella-surribas\/\" target=\"_blank\" rel=\"noopener noreferrer\">Santiago J. Castell\u00e0 Surribas<\/a><\/li><li><a href=\"http:\/\/raed.academy\/academicos\/dr-joan-francesc-corona-ramon\/\" target=\"_blank\" rel=\"noopener noreferrer\">Juan Francisco Corona Ram\u00f3n<\/a><\/li><li>Pollyana Nethersole<\/li><\/ul><p>Moderador: <a href=\"http:\/\/raed.academy\/academicos\/dr-joan-francesc-pont-clemente\/\" target=\"_blank\" rel=\"noopener noreferrer\">Joan-Francesc Pont Clemente<\/a><\/p><p><strong>Fecha: 22.09.2016<\/strong><strong>Ingreso como Acad\u00e9mico Correspondiente para los Estados Unidos: Baruch Lev<\/strong><br \/>The End of Accounting and the path forward for Investors and Managers<br \/>Discurso de contestaci\u00f3n: <a href=\"http:\/\/raed.academy\/academicos\/dr-oriol-amat-salas\/\" target=\"_blank\" rel=\"noopener noreferrer\">Oriol Amat i Salas<\/a>OCTUBRE 2016<\/p><p><strong>Fecha: 05.10.2016<\/strong><strong>Los debates de la Real Academia Europea de Doctores<\/strong><br \/><strong> Debate organizado por la Secci\u00f3n Ciencias Tecnol\u00f3gicas<\/strong><br \/>Titanic: C\u00f3mo tomar im\u00e1genes a 3.800 metros de profundidad<br \/>Ponentes:<\/p><ul><li>El corto viaje del TITANIC - la Seguridad Mar\u00edtima, antes y despu\u00e9s del Titanic: <a href=\"http:\/\/raed.academy\/academicos\/dr-jaime-rodrigo-de-larrucea\/\" target=\"_blank\" rel=\"noopener noreferrer\">Jaime Rodr\u00edgo de Larrucea.<\/a><\/li><li>El Titanic en nuestra memoria: Frederic Malagelada.<\/li><li>\u00bfArqueolog\u00eda subacu\u00e1tica a 4.000 metros de fondo?: Pere Izquierdo.<\/li><li>Los l\u00edmites de la imagen submarina tradicional: Josep Mar\u00eda Castellv\u00ed.<\/li><li>El reto de capturar im\u00e1genes del Titanic: Christian Petro.<\/li><\/ul><p>Moderador: Andr\u00e9s Clar\u00f3s Blanch<\/p><p><strong>Fecha: 13.10.2016<\/strong><strong>Ingreso como Acad\u00e9mico de N\u00famero Europeo: <a href=\"http:\/\/raed.academy\/academicos\/dr-angelo-di-berardino\/\" target=\"_blank\" rel=\"noopener noreferrer\">Angelo Di Berardino<\/a><\/strong><br \/>Geografia, diffusione e organizzazione cristiana nei primi secoli del cristianesimo<br \/>Discurso de contestaci\u00f3n: <a href=\"http:\/\/raed.academy\/academicos\/dr-armand-puig-tarrech\/\" target=\"_blank\" rel=\"noopener noreferrer\">Armand Puig T\u00e0rrech<\/a><\/p><p><strong>Fecha: 18.10.2016<\/strong><strong>Ingreso como Acad\u00e9mico Correspondiente: <a href=\"http:\/\/raed.academy\/academicos\/dr-albert-estrada-rius\/\" target=\"_blank\" rel=\"noopener noreferrer\">Alberto Estrada-Rius<\/a><\/strong><br \/>Los c\u00f3nsules de ultramar y Barcelona<br \/>Discurso de contestaci\u00f3n: <a href=\"http:\/\/raed.academy\/academicos\/dr-carlos-dante-heredia-garcia\/\" target=\"_blank\" rel=\"noopener noreferrer\">Carlos Dante Heredia Garc\u00eda<\/a><\/p><p><strong>Fecha: 27.10.2016<\/strong><strong>Ingreso como Acad\u00e9mico Correspondiente: <a href=\"http:\/\/raed.academy\/academicos\/dr-carlos-aparicio-magallon\/\" target=\"_blank\" rel=\"noopener noreferrer\">Carlos Aparicio Magall\u00f3n<\/a><\/strong><br \/><a href=\"http:\/\/raed.academy\/wp-content\/uploads\/2016\/11\/El-implante-dental-y-la-Osteointegraci%C3%B3n.pdf\" target=\"_blank\" rel=\"noopener noreferrer\">El implante dental y la Osteointegraci\u00f3n<\/a><br \/>Discurso de contestaci\u00f3n: <a href=\"http:\/\/raed.academy\/academicos\/dr-pedro-claros-blanch\/\" target=\"_blank\" rel=\"noopener noreferrer\">Pedro Clar\u00f3s Blanch<\/a>NOVIEMBRE 2016<\/p><p><strong>Fecha: 03.11.2016<\/strong><strong>Ingreso como Acad\u00e9mico de N\u00famero: <a href=\"http:\/\/raed.academy\/academicos\/dr-jose-antonio-segarra-torres\/\" target=\"_blank\" rel=\"noopener noreferrer\">Jos\u00e9 Antonio Segarra Torres<\/a><\/strong><br \/><a href=\"http:\/\/raed.academy\/wp-content\/uploads\/2016\/11\/La-empresa-social-compitiendo.pdf\" target=\"_blank\" rel=\"noopener noreferrer\">La empresa social compitiendo en el mercado: principios de buen gobierno<\/a><br \/>Discurso de contestaci\u00f3n: <a href=\"http:\/\/raed.academy\/academicos\/miguel-a-gallo-laguna-de-rins\/\" target=\"_blank\" rel=\"noopener noreferrer\">Miguel Angel Gallo Laguna de Rins<\/a><\/p><p><strong>Fecha: 08.11.2016<\/strong><strong>Ingreso como Acad\u00e9mico Correspondiente: <a href=\"http:\/\/raed.academy\/academicos\/dr-jorge-bachs-ferrer\/\" target=\"_blank\" rel=\"noopener noreferrer\">Jorge Bachs Ferrer<\/a><\/strong><br \/><a href=\"http:\/\/raed.academy\/wp-content\/uploads\/2016\/11\/La-empresa-social-compitiendo.pdf\" target=\"_blank\" rel=\"noopener noreferrer\">Incertidumbre y neurociencias: pilares en la adopci\u00f3n de decisiones<\/a><br \/>Discurso de contestaci\u00f3n: <a href=\"http:\/\/raed.academy\/academicos\/dr-jaime-gil-aluja\/\" target=\"_blank\" rel=\"noopener noreferrer\">Jaume Gil Aluja<\/a><\/p><p><strong>Fecha: 29.11.2016<\/strong><strong>Ingreso como Acad\u00e9mico de N\u00famero: <a href=\"http:\/\/raed.academy\/dr-jose-luis-nueno\/\" target=\"_blank\" rel=\"noopener noreferrer\">Jos\u00e9 Luis Nueno Iniesta<\/a><\/strong><br \/><a href=\"http:\/\/raed.academy\/wp-content\/uploads\/2016\/12\/Web_LibroRAED_Nueno48.pdf\" target=\"_blank\" rel=\"noopener noreferrer\">\u00bfPuede el marketing salvar al mundo?<\/a><br \/>Discurso de contestaci\u00f3n: <a href=\"http:\/\/raed.academy\/academicos\/miguel-a-gallo-laguna-de-rins\/\" target=\"_blank\" rel=\"noopener noreferrer\">Miguel \u00c1ngel Gallo Laguna de Rins<\/a><\/p><h3>DICIEMBRE 2016<\/h3><p><strong>Fecha: 19.12.2016<\/strong><strong>Los debates de la Real Academia Europea de Doctores<\/strong><br \/>Ciclo de conferencias: \u201cPersonajes de la historia\u201d<br \/>1\u00aa Conferencia: IV Centenario de la muerte de Miguel de Cervantes<br \/>Ponentes:<\/p><ul><li><a href=\"http:\/\/raed.academy\/academicos\/dr-xabier-anoveros-trias-de-bes\/\" target=\"_blank\" rel=\"noopener noreferrer\">Xabier A\u00f1overos<\/a>, Acad\u00e9mico de N\u00famero de RAED.<\/li><li><a href=\"http:\/\/raed.academy\/academicos\/dr-joan-francesc-pont-clemente\/\" target=\"_blank\" rel=\"noopener noreferrer\">Joan-Francesc Pont<\/a>, Acad\u00e9mico de N\u00famero de RAED.<\/li><li><a href=\"http:\/\/raed.academy\/academicos\/dr-ismail-serageldin\/\" target=\"_blank\" rel=\"noopener noreferrer\">Ismail Seregeldin<\/a>, PhD. Harvard University, Director de la Biblioteca de Alejandr\u00eda.<\/li><li>Jordi Gracia, Catedr\u00e1tico de Literatura Espa\u00f1ola, UB.<\/li><\/ul><p>Moderadora: <a href=\"http:\/\/raed.academy\/academicos\/rosalia-arteaga\/\" target=\"_blank\" rel=\"noopener noreferrer\">Rosal\u00eda Arteaga<\/a>, Dra. en Jurisprudencia y en antropolog\u00eda y expresidente Constitucional del Ecuador<\/p><p><strong>Fecha: 20.12.2016<\/strong><strong>Ingreso como Acad\u00e9micos de Honor<\/strong><\/p><ul><li><a href=\"http:\/\/raed.academy\/academicos\/dr-aaron-ciechanover\/\" target=\"_blank\" rel=\"noopener noreferrer\">Aaron Ciechanover<\/a>, PhD. En medicina universidad hebrea de Jerusal\u00e9n. Premio Nobel de Qu\u00edmica 2004.<\/li><li><a href=\"http:\/\/raed.academy\/academicos\/dr-josep-maria-gil-vernet-vila\/\" target=\"_blank\" rel=\"noopener noreferrer\">Josep Mari Gil- Vernet<\/a>, Doctor en medicina y cirug\u00eda. Catedr\u00e1tico em\u00e9rito de urolog\u00eda UB.<\/li><li><a href=\"http:\/\/raed.academy\/academicos\/dr-bjorn-nilsson\/\" target=\"_blank\" rel=\"noopener noreferrer\">Bj\u00f6rn O. Nilsson<\/a>, PhD en Bioqu\u00edmica. KTH Estocolmo. Presidente de la Real Academia Sueca de Ciencias de la Ingenier\u00eda.<\/li><li><a href=\"http:\/\/raed.academy\/academicos\/dr-ismail-serageldin\/\" target=\"_blank\" rel=\"noopener noreferrer\">Ismail Serageldin<\/a>, PhD. Harvard University Director de la Biblioteca de Alejandr\u00eda.<\/li><\/ul><p><strong>Fecha: 29.12.2016<\/strong><strong>Ingreso como Acad\u00e9mico de N\u00famero: <a href=\"http:\/\/raed.academy\/academicos\/dr-ferran-guedea-edo\/\" target=\"_blank\" rel=\"noopener noreferrer\">Ferran Guedea Edo<\/a><\/strong><br \/><a href=\"http:\/\/raed.academy\/wp-content\/uploads\/2017\/02\/WEB_RAED_LibroGuedea.pdf\" target=\"_blank\" rel=\"noopener noreferrer\">Calidad de vida de los pacientes afectos de c\u00e1ncer de pr\u00f3stata seg\u00fan el tratamiento realizado<\/a><br \/>Discurso de contestaci\u00f3n: <a href=\"http:\/\/raed.academy\/academicos\/dr-albert-biete-sola\/\" target=\"_blank\" rel=\"noopener noreferrer\">Albert Biete Sol\u00e0<\/a>RESUMEN DE ACTIVIDADES 201613 Ingresos como Acad\u00e9micos de N\u00famero1 Ingreso como Acad\u00e9mico de N\u00famero Europeo2 Ingresos como Acad\u00e9micos Correspondientes Nacionales1 Ingreso como Acad\u00e9mico Correspondiente Extranjero8 Ingresos como Acad\u00e9micos de Honor6 Sesiones Acad\u00e9micas de Secciones3 Debates Acad\u00e9micos20 Libros Publicados Colecci\u00f3n Real Academia Europea de Doctores5 Revistas Publicadas RAED Tribuna Plural2 Libros \"Historia de la Real Academia Europea de Doctores\": Castellano-Ingl\u00e9s y Catal\u00e1n-Franc\u00e9s<\/p><table class=\"tablaEventos\"><!-- Fin de previsionEventos --><!--Fin de 2016 --><\/table><\/div><p><!--Fin contenido central principal --><\/p><hr \/><div class=\"paginacion\"><a class=\"pgSiguiente\" href=\"http:\/\/raed.academy\/historial-2017\/\">ACTIVIDADES 2017 \u276f<\/a><a class=\"pgAnterior\" href=\"http:\/\/raed.academy\/historial-2015\/\">\u276e ACTIVIDADES 2015<\/a><\/div>","_et_gb_content_width":"","footnotes":""},"class_list":["post-39954","page","type-page","status-publish","hentry"],"yoast_head":"<!-- This site is optimized with the Yoast SEO plugin v27.5 - https:\/\/yoast.com\/product\/yoast-seo-wordpress\/ -->\n<title>Historial d&#039;activitats 2016 - Reial Acad\u00e8mia Europea de Doctors<\/title>\n<meta name=\"robots\" content=\"index, follow, max-snippet:-1, max-image-preview:large, max-video-preview:-1\" \/>\n<link rel=\"canonical\" href=\"https:\/\/raed.academy\/ca\/activitats\/historial-2016\/\" \/>\n<meta property=\"og:locale\" content=\"ca_ES\" \/>\n<meta property=\"og:type\" content=\"article\" \/>\n<meta property=\"og:title\" content=\"Historial d&#039;activitats 2016 - Reial Acad\u00e8mia Europea de Doctors\" \/>\n<meta property=\"og:description\" content=\"La RAED organitza i duu a terme una s\u00e8rie d&#039;activitats concentrades en un mes i mig que van comptar amb la implicaci\u00f3 activa de nombrosos acad\u00e8mics. Recepci\u00f3 de quatre acad\u00e8mics corresponents (Stavroula-Ina Piperaki per a Gr\u00e8cia, Stephen Zeff i David B. Wilkins per als Estats Units i Llu\u00eds Vicent Safont per a Andorra) Taula rodona [&hellip;]\" \/>\n<meta property=\"og:url\" content=\"https:\/\/raed.academy\/ca\/activitats\/historial-2016\/\" \/>\n<meta property=\"og:site_name\" content=\"Reial Acad\u00e8mia Europea de Doctors\" \/>\n<meta property=\"article:publisher\" content=\"http:\/\/fb.me\/raed.academy\" \/>\n<meta property=\"article:modified_time\" content=\"2019-06-03T15:56:36+00:00\" \/>\n<meta name=\"twitter:card\" content=\"summary_large_image\" \/>\n<meta name=\"twitter:site\" content=\"@raedacademy\" \/>\n<meta name=\"twitter:label1\" content=\"Est. reading time\" \/>\n\t<meta name=\"twitter:data1\" content=\"60 minutes\" \/>\n<script type=\"application\/ld+json\" class=\"yoast-schema-graph\">{\"@context\":\"https:\\\/\\\/schema.org\",\"@graph\":[{\"@type\":\"WebPage\",\"@id\":\"https:\\\/\\\/raed.academy\\\/ca\\\/activitats\\\/historial-2016\\\/\",\"url\":\"https:\\\/\\\/raed.academy\\\/ca\\\/activitats\\\/historial-2016\\\/\",\"name\":\"Historial d'activitats 2016 - Reial Acad\u00e8mia Europea de Doctors\",\"isPartOf\":{\"@id\":\"https:\\\/\\\/raed.academy\\\/ca\\\/#website\"},\"datePublished\":\"2018-01-17T09:58:29+00:00\",\"dateModified\":\"2019-06-03T15:56:36+00:00\",\"breadcrumb\":{\"@id\":\"https:\\\/\\\/raed.academy\\\/ca\\\/activitats\\\/historial-2016\\\/#breadcrumb\"},\"inLanguage\":\"ca-ES\",\"potentialAction\":[{\"@type\":\"ReadAction\",\"target\":[\"https:\\\/\\\/raed.academy\\\/ca\\\/activitats\\\/historial-2016\\\/\"]}]},{\"@type\":\"BreadcrumbList\",\"@id\":\"https:\\\/\\\/raed.academy\\\/ca\\\/activitats\\\/historial-2016\\\/#breadcrumb\",\"itemListElement\":[{\"@type\":\"ListItem\",\"position\":1,\"name\":\"Inicio\",\"item\":\"https:\\\/\\\/raed.academy\\\/ca\\\/\"},{\"@type\":\"ListItem\",\"position\":2,\"name\":\"Activitats\",\"item\":\"https:\\\/\\\/raed.academy\\\/ca\\\/activitats\\\/\"},{\"@type\":\"ListItem\",\"position\":3,\"name\":\"Historial d&#8217;activitats 2016\"}]},{\"@type\":\"WebSite\",\"@id\":\"https:\\\/\\\/raed.academy\\\/ca\\\/#website\",\"url\":\"https:\\\/\\\/raed.academy\\\/ca\\\/\",\"name\":\"Reial Acad\u00e8mia Europea de Doctors\",\"description\":\"Corporaci\u00f3n de derecho p\u00fablico de car\u00e1cter cient\u00edfico, t\u00e9cnico y art\u00edstico, que tiene por objeto la investigaci\u00f3n, el estudio, el fomento y la extensi\u00f3n del conocimiento en su sentido m\u00e1s amplio\",\"publisher\":{\"@id\":\"https:\\\/\\\/raed.academy\\\/ca\\\/#organization\"},\"potentialAction\":[{\"@type\":\"SearchAction\",\"target\":{\"@type\":\"EntryPoint\",\"urlTemplate\":\"https:\\\/\\\/raed.academy\\\/ca\\\/?s={search_term_string}\"},\"query-input\":{\"@type\":\"PropertyValueSpecification\",\"valueRequired\":true,\"valueName\":\"search_term_string\"}}],\"inLanguage\":\"ca-ES\"},{\"@type\":\"Organization\",\"@id\":\"https:\\\/\\\/raed.academy\\\/ca\\\/#organization\",\"name\":\"Real Academia Europea de Doctores\",\"url\":\"https:\\\/\\\/raed.academy\\\/ca\\\/\",\"logo\":{\"@type\":\"ImageObject\",\"inLanguage\":\"ca-ES\",\"@id\":\"https:\\\/\\\/raed.academy\\\/ca\\\/#\\\/schema\\\/logo\\\/image\\\/\",\"url\":\"https:\\\/\\\/raed.academy\\\/wp-content\\\/uploads\\\/2017\\\/01\\\/cropped-logo_raed.png\",\"contentUrl\":\"https:\\\/\\\/raed.academy\\\/wp-content\\\/uploads\\\/2017\\\/01\\\/cropped-logo_raed.png\",\"width\":512,\"height\":512,\"caption\":\"Real Academia Europea de Doctores\"},\"image\":{\"@id\":\"https:\\\/\\\/raed.academy\\\/ca\\\/#\\\/schema\\\/logo\\\/image\\\/\"},\"sameAs\":[\"http:\\\/\\\/fb.me\\\/raed.academy\",\"https:\\\/\\\/x.com\\\/raedacademy\",\"https:\\\/\\\/www.instagram.com\\\/raed.academy\\\/\",\"https:\\\/\\\/www.youtube.com\\\/channel\\\/UCUYQwW2KrdirNWihxMDObwg\"]}]}<\/script>\n<!-- \/ Yoast SEO plugin. -->","yoast_head_json":{"title":"Historial d'activitats 2016 - Reial Acad\u00e8mia Europea de Doctors","robots":{"index":"index","follow":"follow","max-snippet":"max-snippet:-1","max-image-preview":"max-image-preview:large","max-video-preview":"max-video-preview:-1"},"canonical":"https:\/\/raed.academy\/ca\/activitats\/historial-2016\/","og_locale":"ca_ES","og_type":"article","og_title":"Historial d'activitats 2016 - Reial Acad\u00e8mia Europea de Doctors","og_description":"La RAED organitza i duu a terme una s\u00e8rie d'activitats concentrades en un mes i mig que van comptar amb la implicaci\u00f3 activa de nombrosos acad\u00e8mics. Recepci\u00f3 de quatre acad\u00e8mics corresponents (Stavroula-Ina Piperaki per a Gr\u00e8cia, Stephen Zeff i David B. Wilkins per als Estats Units i Llu\u00eds Vicent Safont per a Andorra) Taula rodona [&hellip;]","og_url":"https:\/\/raed.academy\/ca\/activitats\/historial-2016\/","og_site_name":"Reial Acad\u00e8mia Europea de Doctors","article_publisher":"http:\/\/fb.me\/raed.academy","article_modified_time":"2019-06-03T15:56:36+00:00","twitter_card":"summary_large_image","twitter_site":"@raedacademy","twitter_misc":{"Est. reading time":"60 minutes"},"schema":{"@context":"https:\/\/schema.org","@graph":[{"@type":"WebPage","@id":"https:\/\/raed.academy\/ca\/activitats\/historial-2016\/","url":"https:\/\/raed.academy\/ca\/activitats\/historial-2016\/","name":"Historial d'activitats 2016 - Reial Acad\u00e8mia Europea de Doctors","isPartOf":{"@id":"https:\/\/raed.academy\/ca\/#website"},"datePublished":"2018-01-17T09:58:29+00:00","dateModified":"2019-06-03T15:56:36+00:00","breadcrumb":{"@id":"https:\/\/raed.academy\/ca\/activitats\/historial-2016\/#breadcrumb"},"inLanguage":"ca-ES","potentialAction":[{"@type":"ReadAction","target":["https:\/\/raed.academy\/ca\/activitats\/historial-2016\/"]}]},{"@type":"BreadcrumbList","@id":"https:\/\/raed.academy\/ca\/activitats\/historial-2016\/#breadcrumb","itemListElement":[{"@type":"ListItem","position":1,"name":"Inicio","item":"https:\/\/raed.academy\/ca\/"},{"@type":"ListItem","position":2,"name":"Activitats","item":"https:\/\/raed.academy\/ca\/activitats\/"},{"@type":"ListItem","position":3,"name":"Historial d&#8217;activitats 2016"}]},{"@type":"WebSite","@id":"https:\/\/raed.academy\/ca\/#website","url":"https:\/\/raed.academy\/ca\/","name":"Reial Acad\u00e8mia Europea de Doctors","description":"Corporaci\u00f3n de derecho p\u00fablico de car\u00e1cter cient\u00edfico, t\u00e9cnico y art\u00edstico, que tiene por objeto la investigaci\u00f3n, el estudio, el fomento y la extensi\u00f3n del conocimiento en su sentido m\u00e1s amplio","publisher":{"@id":"https:\/\/raed.academy\/ca\/#organization"},"potentialAction":[{"@type":"SearchAction","target":{"@type":"EntryPoint","urlTemplate":"https:\/\/raed.academy\/ca\/?s={search_term_string}"},"query-input":{"@type":"PropertyValueSpecification","valueRequired":true,"valueName":"search_term_string"}}],"inLanguage":"ca-ES"},{"@type":"Organization","@id":"https:\/\/raed.academy\/ca\/#organization","name":"Real Academia Europea de Doctores","url":"https:\/\/raed.academy\/ca\/","logo":{"@type":"ImageObject","inLanguage":"ca-ES","@id":"https:\/\/raed.academy\/ca\/#\/schema\/logo\/image\/","url":"https:\/\/raed.academy\/wp-content\/uploads\/2017\/01\/cropped-logo_raed.png","contentUrl":"https:\/\/raed.academy\/wp-content\/uploads\/2017\/01\/cropped-logo_raed.png","width":512,"height":512,"caption":"Real Academia Europea de Doctores"},"image":{"@id":"https:\/\/raed.academy\/ca\/#\/schema\/logo\/image\/"},"sameAs":["http:\/\/fb.me\/raed.academy","https:\/\/x.com\/raedacademy","https:\/\/www.instagram.com\/raed.academy\/","https:\/\/www.youtube.com\/channel\/UCUYQwW2KrdirNWihxMDObwg"]}]}},"_links":{"self":[{"href":"https:\/\/raed.academy\/ca\/wp-json\/wp\/v2\/pages\/39954","targetHints":{"allow":["GET"]}}],"collection":[{"href":"https:\/\/raed.academy\/ca\/wp-json\/wp\/v2\/pages"}],"about":[{"href":"https:\/\/raed.academy\/ca\/wp-json\/wp\/v2\/types\/page"}],"author":[{"embeddable":true,"href":"https:\/\/raed.academy\/ca\/wp-json\/wp\/v2\/users\/16"}],"replies":[{"embeddable":true,"href":"https:\/\/raed.academy\/ca\/wp-json\/wp\/v2\/comments?post=39954"}],"version-history":[{"count":0,"href":"https:\/\/raed.academy\/ca\/wp-json\/wp\/v2\/pages\/39954\/revisions"}],"up":[{"embeddable":true,"href":"https:\/\/raed.academy\/ca\/wp-json\/wp\/v2\/pages\/34041"}],"wp:attachment":[{"href":"https:\/\/raed.academy\/ca\/wp-json\/wp\/v2\/media?parent=39954"}],"curies":[{"name":"wp","href":"https:\/\/api.w.org\/{rel}","templated":true}]}}